{"id":56792,"date":"2025-01-16T18:42:18","date_gmt":"2025-01-16T17:42:18","guid":{"rendered":"https:\/\/www.insuco.com\/project\/diagnostic-de-capacites-des-organisations-communautaires-de-base-ocb-et-organisations-de-personnes-handicapees-oph-dans-le-cadre-du-projet-vil-nou-pi-bel-haiti\/"},"modified":"2025-01-16T19:24:45","modified_gmt":"2025-01-16T18:24:45","slug":"diagnostico-de-capacidades-de-organizaciones-comunitarias-de-base-ocb-organizaciones-de-personas-con-discapacidad-opd-como-parte-del-proyecto-vil-nou-pi-bel-haiti","status":"publish","type":"project","link":"https:\/\/www.insuco.com\/es\/project\/diagnostico-de-capacidades-de-organizaciones-comunitarias-de-base-ocb-organizaciones-de-personas-con-discapacidad-opd-como-parte-del-proyecto-vil-nou-pi-bel-haiti\/","title":{"rendered":"Diagn\u00f3stico de capacidades de Organizaciones Comunitarias de Base (OCB) Organizaciones de Personas con Discapacidad (OPD) como parte del proyecto Vil Nou Pi B\u00e9l &#8211; Haiti"},"content":{"rendered":"","protected":false},"excerpt":{"rendered":"","protected":false},"author":19,"featured_media":56787,"comment_status":"closed","ping_status":"closed","template":"","meta":{"_acf_changed":false,"_et_pb_use_builder":"","_et_pb_old_content":"","_et_gb_content_width":"","footnotes":""},"project_category":[264],"project_tag":[],"region":[141,206],"secteur":[157],"services":[177],"client":[183],"class_list":["post-56792","project","type-project","status-publish","has-post-thumbnail","hentry","project_category-secteurs-cooperation-aide-au-developpement-es","region-america-latina-el-caribe","region-haiti-es","secteur-cooperacion-apoyo-al-desarrollo","services-apoyo-al-desarrollo","client-ongs-sociedad-civil"],"acf":[],"yoast_head":"<!-- This site is optimized with the Yoast SEO plugin v26.0 - https:\/\/yoast.com\/wordpress\/plugins\/seo\/ -->\n<title>Diagn\u00f3stico de capacidades de Organizaciones Comunitarias de Base (OCB) Organizaciones de Personas con Discapacidad (OPD) como parte del proyecto Vil Nou Pi B\u00e9l - Haiti - Insuco<\/title>\n<meta name=\"robots\" content=\"index, follow, max-snippet:-1, max-image-preview:large, max-video-preview:-1\" \/>\n<link rel=\"canonical\" href=\"https:\/\/www.insuco.com\/es\/project\/diagnostico-de-capacidades-de-organizaciones-comunitarias-de-base-ocb-organizaciones-de-personas-con-discapacidad-opd-como-parte-del-proyecto-vil-nou-pi-bel-haiti\/\" \/>\n<meta property=\"og:locale\" content=\"es_ES\" \/>\n<meta property=\"og:type\" content=\"article\" \/>\n<meta property=\"og:title\" content=\"Diagn\u00f3stico de capacidades de Organizaciones Comunitarias de Base (OCB) Organizaciones de Personas con Discapacidad (OPD) como parte del proyecto Vil Nou Pi B\u00e9l - Haiti - Insuco\" \/>\n<meta property=\"og:url\" content=\"https:\/\/www.insuco.com\/es\/project\/diagnostico-de-capacidades-de-organizaciones-comunitarias-de-base-ocb-organizaciones-de-personas-con-discapacidad-opd-como-parte-del-proyecto-vil-nou-pi-bel-haiti\/\" \/>\n<meta property=\"og:site_name\" content=\"Insuco\" \/>\n<meta property=\"article:modified_time\" content=\"2025-01-16T18:24:45+00:00\" \/>\n<meta property=\"og:image\" content=\"https:\/\/www.insuco.com\/wp-content\/uploads\/2025\/01\/Diagnostic_de_capacites_des_Organisations_Communautaires_de_Base_OCB_et_Organisations_de_Personnes_Handicapees_OPH_dans_le_cadre_du_projet_Vil_Nou_Pi_Bel.jpg\" \/>\n\t<meta property=\"og:image:width\" content=\"1200\" \/>\n\t<meta property=\"og:image:height\" content=\"675\" \/>\n\t<meta property=\"og:image:type\" content=\"image\/jpeg\" \/>\n<meta name=\"twitter:card\" content=\"summary_large_image\" \/>\n<script type=\"application\/ld+json\" class=\"yoast-schema-graph\">{\"@context\":\"https:\/\/schema.org\",\"@graph\":[{\"@type\":\"WebPage\",\"@id\":\"https:\/\/www.insuco.com\/es\/project\/diagnostico-de-capacidades-de-organizaciones-comunitarias-de-base-ocb-organizaciones-de-personas-con-discapacidad-opd-como-parte-del-proyecto-vil-nou-pi-bel-haiti\/\",\"url\":\"https:\/\/www.insuco.com\/es\/project\/diagnostico-de-capacidades-de-organizaciones-comunitarias-de-base-ocb-organizaciones-de-personas-con-discapacidad-opd-como-parte-del-proyecto-vil-nou-pi-bel-haiti\/\",\"name\":\"Diagn\u00f3stico de capacidades de Organizaciones Comunitarias de Base (OCB) Organizaciones de Personas con Discapacidad (OPD) como parte del proyecto Vil Nou Pi B\u00e9l - Haiti - Insuco\",\"isPartOf\":{\"@id\":\"https:\/\/www.insuco.com\/es\/#website\"},\"primaryImageOfPage\":{\"@id\":\"https:\/\/www.insuco.com\/es\/project\/diagnostico-de-capacidades-de-organizaciones-comunitarias-de-base-ocb-organizaciones-de-personas-con-discapacidad-opd-como-parte-del-proyecto-vil-nou-pi-bel-haiti\/#primaryimage\"},\"image\":{\"@id\":\"https:\/\/www.insuco.com\/es\/project\/diagnostico-de-capacidades-de-organizaciones-comunitarias-de-base-ocb-organizaciones-de-personas-con-discapacidad-opd-como-parte-del-proyecto-vil-nou-pi-bel-haiti\/#primaryimage\"},\"thumbnailUrl\":\"https:\/\/www.insuco.com\/wp-content\/uploads\/2025\/01\/Diagnostic_de_capacites_des_Organisations_Communautaires_de_Base_OCB_et_Organisations_de_Personnes_Handicapees_OPH_dans_le_cadre_du_projet_Vil_Nou_Pi_Bel.jpg\",\"datePublished\":\"2025-01-16T17:42:18+00:00\",\"dateModified\":\"2025-01-16T18:24:45+00:00\",\"breadcrumb\":{\"@id\":\"https:\/\/www.insuco.com\/es\/project\/diagnostico-de-capacidades-de-organizaciones-comunitarias-de-base-ocb-organizaciones-de-personas-con-discapacidad-opd-como-parte-del-proyecto-vil-nou-pi-bel-haiti\/#breadcrumb\"},\"inLanguage\":\"es\",\"potentialAction\":[{\"@type\":\"ReadAction\",\"target\":[\"https:\/\/www.insuco.com\/es\/project\/diagnostico-de-capacidades-de-organizaciones-comunitarias-de-base-ocb-organizaciones-de-personas-con-discapacidad-opd-como-parte-del-proyecto-vil-nou-pi-bel-haiti\/\"]}]},{\"@type\":\"ImageObject\",\"inLanguage\":\"es\",\"@id\":\"https:\/\/www.insuco.com\/es\/project\/diagnostico-de-capacidades-de-organizaciones-comunitarias-de-base-ocb-organizaciones-de-personas-con-discapacidad-opd-como-parte-del-proyecto-vil-nou-pi-bel-haiti\/#primaryimage\",\"url\":\"https:\/\/www.insuco.com\/wp-content\/uploads\/2025\/01\/Diagnostic_de_capacites_des_Organisations_Communautaires_de_Base_OCB_et_Organisations_de_Personnes_Handicapees_OPH_dans_le_cadre_du_projet_Vil_Nou_Pi_Bel.jpg\",\"contentUrl\":\"https:\/\/www.insuco.com\/wp-content\/uploads\/2025\/01\/Diagnostic_de_capacites_des_Organisations_Communautaires_de_Base_OCB_et_Organisations_de_Personnes_Handicapees_OPH_dans_le_cadre_du_projet_Vil_Nou_Pi_Bel.jpg\",\"width\":1200,\"height\":675,\"caption\":\"Diagnostic_de_capacit\u00e9s_des_Organisations_Communautaires_de_Base_(OCB)_et_Organisations_de_Personnes_Handicap\u00e9es_(OPH)_dans_le_cadre_du_projet_Vil_Nou_Pi_B\u00e9l\"},{\"@type\":\"BreadcrumbList\",\"@id\":\"https:\/\/www.insuco.com\/es\/project\/diagnostico-de-capacidades-de-organizaciones-comunitarias-de-base-ocb-organizaciones-de-personas-con-discapacidad-opd-como-parte-del-proyecto-vil-nou-pi-bel-haiti\/#breadcrumb\",\"itemListElement\":[{\"@type\":\"ListItem\",\"position\":1,\"name\":\"Accueil\",\"item\":\"https:\/\/www.insuco.com\/es\/\"},{\"@type\":\"ListItem\",\"position\":2,\"name\":\"Proyectos\",\"item\":\"https:\/\/www.insuco.com\/es\/project\/\"},{\"@type\":\"ListItem\",\"position\":3,\"name\":\"Diagn\u00f3stico de capacidades de Organizaciones Comunitarias de Base (OCB) Organizaciones de Personas con Discapacidad (OPD) como parte del proyecto Vil Nou Pi B\u00e9l &#8211; Haiti\"}]},{\"@type\":\"WebSite\",\"@id\":\"https:\/\/www.insuco.com\/es\/#website\",\"url\":\"https:\/\/www.insuco.com\/es\/\",\"name\":\"Insuco\",\"description\":\"Local understanding for sustainable solutions\",\"potentialAction\":[{\"@type\":\"SearchAction\",\"target\":{\"@type\":\"EntryPoint\",\"urlTemplate\":\"https:\/\/www.insuco.com\/es\/?s={search_term_string}\"},\"query-input\":{\"@type\":\"PropertyValueSpecification\",\"valueRequired\":true,\"valueName\":\"search_term_string\"}}],\"inLanguage\":\"es\"}]}<\/script>\n<!-- \/ Yoast SEO plugin. -->","yoast_head_json":{"title":"Diagn\u00f3stico de capacidades de Organizaciones Comunitarias de Base (OCB) Organizaciones de Personas con Discapacidad (OPD) como parte del proyecto Vil Nou Pi B\u00e9l - Haiti - Insuco","robots":{"index":"index","follow":"follow","max-snippet":"max-snippet:-1","max-image-preview":"max-image-preview:large","max-video-preview":"max-video-preview:-1"},"canonical":"https:\/\/www.insuco.com\/es\/project\/diagnostico-de-capacidades-de-organizaciones-comunitarias-de-base-ocb-organizaciones-de-personas-con-discapacidad-opd-como-parte-del-proyecto-vil-nou-pi-bel-haiti\/","og_locale":"es_ES","og_type":"article","og_title":"Diagn\u00f3stico de capacidades de Organizaciones Comunitarias de Base (OCB) Organizaciones de Personas con Discapacidad (OPD) como parte del proyecto Vil Nou Pi B\u00e9l - Haiti - Insuco","og_url":"https:\/\/www.insuco.com\/es\/project\/diagnostico-de-capacidades-de-organizaciones-comunitarias-de-base-ocb-organizaciones-de-personas-con-discapacidad-opd-como-parte-del-proyecto-vil-nou-pi-bel-haiti\/","og_site_name":"Insuco","article_modified_time":"2025-01-16T18:24:45+00:00","og_image":[{"width":1200,"height":675,"url":"https:\/\/www.insuco.com\/wp-content\/uploads\/2025\/01\/Diagnostic_de_capacites_des_Organisations_Communautaires_de_Base_OCB_et_Organisations_de_Personnes_Handicapees_OPH_dans_le_cadre_du_projet_Vil_Nou_Pi_Bel.jpg","type":"image\/jpeg"}],"twitter_card":"summary_large_image","schema":{"@context":"https:\/\/schema.org","@graph":[{"@type":"WebPage","@id":"https:\/\/www.insuco.com\/es\/project\/diagnostico-de-capacidades-de-organizaciones-comunitarias-de-base-ocb-organizaciones-de-personas-con-discapacidad-opd-como-parte-del-proyecto-vil-nou-pi-bel-haiti\/","url":"https:\/\/www.insuco.com\/es\/project\/diagnostico-de-capacidades-de-organizaciones-comunitarias-de-base-ocb-organizaciones-de-personas-con-discapacidad-opd-como-parte-del-proyecto-vil-nou-pi-bel-haiti\/","name":"Diagn\u00f3stico de capacidades de Organizaciones Comunitarias de Base (OCB) Organizaciones de Personas con Discapacidad (OPD) como parte del proyecto Vil Nou Pi B\u00e9l - Haiti - Insuco","isPartOf":{"@id":"https:\/\/www.insuco.com\/es\/#website"},"primaryImageOfPage":{"@id":"https:\/\/www.insuco.com\/es\/project\/diagnostico-de-capacidades-de-organizaciones-comunitarias-de-base-ocb-organizaciones-de-personas-con-discapacidad-opd-como-parte-del-proyecto-vil-nou-pi-bel-haiti\/#primaryimage"},"image":{"@id":"https:\/\/www.insuco.com\/es\/project\/diagnostico-de-capacidades-de-organizaciones-comunitarias-de-base-ocb-organizaciones-de-personas-con-discapacidad-opd-como-parte-del-proyecto-vil-nou-pi-bel-haiti\/#primaryimage"},"thumbnailUrl":"https:\/\/www.insuco.com\/wp-content\/uploads\/2025\/01\/Diagnostic_de_capacites_des_Organisations_Communautaires_de_Base_OCB_et_Organisations_de_Personnes_Handicapees_OPH_dans_le_cadre_du_projet_Vil_Nou_Pi_Bel.jpg","datePublished":"2025-01-16T17:42:18+00:00","dateModified":"2025-01-16T18:24:45+00:00","breadcrumb":{"@id":"https:\/\/www.insuco.com\/es\/project\/diagnostico-de-capacidades-de-organizaciones-comunitarias-de-base-ocb-organizaciones-de-personas-con-discapacidad-opd-como-parte-del-proyecto-vil-nou-pi-bel-haiti\/#breadcrumb"},"inLanguage":"es","potentialAction":[{"@type":"ReadAction","target":["https:\/\/www.insuco.com\/es\/project\/diagnostico-de-capacidades-de-organizaciones-comunitarias-de-base-ocb-organizaciones-de-personas-con-discapacidad-opd-como-parte-del-proyecto-vil-nou-pi-bel-haiti\/"]}]},{"@type":"ImageObject","inLanguage":"es","@id":"https:\/\/www.insuco.com\/es\/project\/diagnostico-de-capacidades-de-organizaciones-comunitarias-de-base-ocb-organizaciones-de-personas-con-discapacidad-opd-como-parte-del-proyecto-vil-nou-pi-bel-haiti\/#primaryimage","url":"https:\/\/www.insuco.com\/wp-content\/uploads\/2025\/01\/Diagnostic_de_capacites_des_Organisations_Communautaires_de_Base_OCB_et_Organisations_de_Personnes_Handicapees_OPH_dans_le_cadre_du_projet_Vil_Nou_Pi_Bel.jpg","contentUrl":"https:\/\/www.insuco.com\/wp-content\/uploads\/2025\/01\/Diagnostic_de_capacites_des_Organisations_Communautaires_de_Base_OCB_et_Organisations_de_Personnes_Handicapees_OPH_dans_le_cadre_du_projet_Vil_Nou_Pi_Bel.jpg","width":1200,"height":675,"caption":"Diagnostic_de_capacit\u00e9s_des_Organisations_Communautaires_de_Base_(OCB)_et_Organisations_de_Personnes_Handicap\u00e9es_(OPH)_dans_le_cadre_du_projet_Vil_Nou_Pi_B\u00e9l"},{"@type":"BreadcrumbList","@id":"https:\/\/www.insuco.com\/es\/project\/diagnostico-de-capacidades-de-organizaciones-comunitarias-de-base-ocb-organizaciones-de-personas-con-discapacidad-opd-como-parte-del-proyecto-vil-nou-pi-bel-haiti\/#breadcrumb","itemListElement":[{"@type":"ListItem","position":1,"name":"Accueil","item":"https:\/\/www.insuco.com\/es\/"},{"@type":"ListItem","position":2,"name":"Proyectos","item":"https:\/\/www.insuco.com\/es\/project\/"},{"@type":"ListItem","position":3,"name":"Diagn\u00f3stico de capacidades de Organizaciones Comunitarias de Base (OCB) Organizaciones de Personas con Discapacidad (OPD) como parte del proyecto Vil Nou Pi B\u00e9l &#8211; Haiti"}]},{"@type":"WebSite","@id":"https:\/\/www.insuco.com\/es\/#website","url":"https:\/\/www.insuco.com\/es\/","name":"Insuco","description":"Local understanding for sustainable solutions","potentialAction":[{"@type":"SearchAction","target":{"@type":"EntryPoint","urlTemplate":"https:\/\/www.insuco.com\/es\/?s={search_term_string}"},"query-input":{"@type":"PropertyValueSpecification","valueRequired":true,"valueName":"search_term_string"}}],"inLanguage":"es"}]}},"_links":{"self":[{"href":"https:\/\/www.insuco.com\/es\/wp-json\/wp\/v2\/project\/56792","targetHints":{"allow":["GET"]}}],"collection":[{"href":"https:\/\/www.insuco.com\/es\/wp-json\/wp\/v2\/project"}],"about":[{"href":"https:\/\/www.insuco.com\/es\/wp-json\/wp\/v2\/types\/project"}],"author":[{"embeddable":true,"href":"https:\/\/www.insuco.com\/es\/wp-json\/wp\/v2\/users\/19"}],"replies":[{"embeddable":true,"href":"https:\/\/www.insuco.com\/es\/wp-json\/wp\/v2\/comments?post=56792"}],"version-history":[{"count":1,"href":"https:\/\/www.insuco.com\/es\/wp-json\/wp\/v2\/project\/56792\/revisions"}],"predecessor-version":[{"id":56797,"href":"https:\/\/www.insuco.com\/es\/wp-json\/wp\/v2\/project\/56792\/revisions\/56797"}],"wp:featuredmedia":[{"embeddable":true,"href":"https:\/\/www.insuco.com\/es\/wp-json\/wp\/v2\/media\/56787"}],"wp:attachment":[{"href":"https:\/\/www.insuco.com\/es\/wp-json\/wp\/v2\/media?parent=56792"}],"wp:term":[{"taxonomy":"project_category","embeddable":true,"href":"https:\/\/www.insuco.com\/es\/wp-json\/wp\/v2\/project_category?post=56792"},{"taxonomy":"project_tag","embeddable":true,"href":"https:\/\/www.insuco.com\/es\/wp-json\/wp\/v2\/project_tag?post=56792"},{"taxonomy":"region","embeddable":true,"href":"https:\/\/www.insuco.com\/es\/wp-json\/wp\/v2\/region?post=56792"},{"taxonomy":"secteur","embeddable":true,"href":"https:\/\/www.insuco.com\/es\/wp-json\/wp\/v2\/secteur?post=56792"},{"taxonomy":"services","embeddable":true,"href":"https:\/\/www.insuco.com\/es\/wp-json\/wp\/v2\/services?post=56792"},{"taxonomy":"client","embeddable":true,"href":"https:\/\/www.insuco.com\/es\/wp-json\/wp\/v2\/client?post=56792"}],"curies":[{"name":"wp","href":"https:\/\/api.w.org\/{rel}","templated":true}]}}