{"id":42170,"date":"2019-07-26T09:21:45","date_gmt":"2019-07-26T07:21:45","guid":{"rendered":"https:\/\/www.insuco.com\/project\/preparation-dun-cadre-de-gestion-environnementale-et-sociale-cges-pour-le-promogef-senegal\/"},"modified":"2024-02-12T16:56:24","modified_gmt":"2024-02-12T15:56:24","slug":"preparacion-de-un-marco-de-gestion-ambiental-y-social-para-promogef-senegal","status":"publish","type":"project","link":"https:\/\/www.insuco.com\/es\/project\/preparacion-de-un-marco-de-gestion-ambiental-y-social-para-promogef-senegal\/","title":{"rendered":"Preparaci\u00f3n de un Marco de Gesti\u00f3n Ambiental y Social para PROMOGEF \u2013 Senegal"},"content":{"rendered":"<p>[et_pb_section fb_built=\u00bb1&#8243; _builder_version=\u00bb4.18.0&#8243; use_background_color_gradient=\u00bbon\u00bb background_color_gradient_stops=\u00bbrgba(0,129,139,0.75) 0%|rgba(0,129,139,0.82) 100%\u00bb background_color_gradient_overlays_image=\u00bbon\u00bb background_color_gradient_start=\u00bbrgba(0,129,139,0.75)\u00bb background_color_gradient_end=\u00bbrgba(0,129,139,0.82)\u00bb background_image=\u00bbhttps:\/\/www.insuco.com\/wp-content\/uploads\/2022\/09\/projet-minier.jpg\u00bb custom_padding=\u00bb200px|0px|23px|0px|false|false\u00bb hover_enabled=\u00bb0&#8243; z_index_tablet=\u00bb500&#8243; locked=\u00bboff\u00bb global_colors_info=\u00bb{}\u00bb theme_builder_area=\u00bbpost_content\u00bb title_text=\u00bbprojet minier\u00bb sticky_enabled=\u00bb0&#8243;][et_pb_row _builder_version=\u00bb4.16&#8243; custom_padding=\u00bb27px|0px|0|0px|false|false\u00bb z_index_tablet=\u00bb500&#8243; locked=\u00bboff\u00bb global_colors_info=\u00bb{}\u00bb theme_builder_area=\u00bbpost_content\u00bb][et_pb_column type=\u00bb4_4&#8243; _builder_version=\u00bb4.16&#8243; custom_padding=\u00bb|||\u00bb global_colors_info=\u00bb{}\u00bb custom_padding__hover=\u00bb|||\u00bb theme_builder_area=\u00bbpost_content\u00bb][et_pb_text admin_label=\u00bbProjetsRecentsTitre2 ES\u00bb _builder_version=\u00bb3.25.4&#8243; header_font=\u00bb|300|||||||\u00bb header_text_color=\u00bb#ffffff\u00bb header_font_size=\u00bb70px\u00bb header_2_text_color=\u00bb#ffffff\u00bb header_2_font_size=\u00bb60px\u00bb custom_padding=\u00bb|||\u00bb animation_style=\u00bbslide\u00bb animation_direction=\u00bbright\u00bb animation_delay=\u00bb500ms\u00bb header_font_size_tablet=\u00bb\u00bb header_font_size_phone=\u00bb50px\u00bb header_font_size_last_edited=\u00bbon|phone\u00bb z_index_tablet=\u00bb500&#8243; global_module=\u00bb18623&#8243; saved_tabs=\u00bball\u00bb locked=\u00bbon\u00bb global_colors_info=\u00bb{}\u00bb header_2_text_color__hover_enabled=\u00bbon\u00bb header_2_text_color__hover=\u00bb#b1e3e3&#8243; theme_builder_area=\u00bbpost_content\u00bb]<\/p>\n<h1>Proyectos recientes y en curso<\/h1>\n<p>[\/et_pb_text][\/et_pb_column][\/et_pb_row][\/et_pb_section][et_pb_section fb_built=\u00bb1&#8243; _builder_version=\u00bb4.16&#8243; custom_padding=\u00bb21px|0px|47px|0px|false|false\u00bb global_colors_info=\u00bb{}\u00bb theme_builder_area=\u00bbpost_content\u00bb][et_pb_row use_custom_gutter=\u00bbon\u00bb gutter_width=\u00bb2&#8243; make_equal=\u00bbon\u00bb _builder_version=\u00bb4.16&#8243; custom_margin=\u00bb||\u00bb custom_padding=\u00bb||0px|||\u00bb global_colors_info=\u00bb{}\u00bb theme_builder_area=\u00bbpost_content\u00bb][et_pb_column type=\u00bb4_4&#8243; _builder_version=\u00bb4.16&#8243; custom_padding=\u00bb|||\u00bb custom_padding_tablet=\u00bb\u00bb custom_padding_phone=\u00bb|0px||\u00bb custom_padding_last_edited=\u00bbon|phone\u00bb global_colors_info=\u00bb{}\u00bb custom_padding__hover=\u00bb|||\u00bb theme_builder_area=\u00bbpost_content\u00bb][et_pb_text admin_label=\u00bbTitre long\u00bb _builder_version=\u00bb4.18.0&#8243; header_2_text_color=\u00bb#00818b\u00bb header_2_font_size=\u00bb40px\u00bb header_3_font=\u00bb|600|||||||\u00bb header_3_font_size=\u00bb25px\u00bb custom_margin=\u00bb||0px\u00bb custom_margin_tablet=\u00bb\u00bb custom_margin_phone=\u00bb||20px|\u00bb custom_margin_last_edited=\u00bbon|phone\u00bb custom_padding=\u00bb||0px|||\u00bb hover_enabled=\u00bb0&#8243; header_2_font_size_tablet=\u00bb\u00bb header_2_font_size_phone=\u00bb\u00bb header_2_font_size_last_edited=\u00bbon|phone\u00bb z_index_tablet=\u00bb500&#8243; global_colors_info=\u00bb{}\u00bb theme_builder_area=\u00bbpost_content\u00bb sticky_enabled=\u00bb0&#8243;]<\/p>\n<h2>Preparaci\u00f3n de un Marco de Gesti\u00f3n Ambiental y Social para el Programa de Modernizaci\u00f3n de la Gesti\u00f3n de la Tierra en Senegal (PROMOGEF)<\/h2>\n<p>[\/et_pb_text][et_pb_text admin_label=\u00bbClient \u00bb _builder_version=\u00bb4.18.0&#8243; text_font=\u00bbSource Sans Pro||||||||\u00bb text_text_color=\u00bb#000000&#8243; text_font_size=\u00bb23px\u00bb header_2_text_color=\u00bb#00818b\u00bb header_2_font_size=\u00bb40px\u00bb header_3_font=\u00bb|600|||||||\u00bb header_3_font_size=\u00bb25px\u00bb custom_margin=\u00bb0px||\u00bb custom_margin_tablet=\u00bb\u00bb custom_margin_phone=\u00bb||10px\u00bb custom_margin_last_edited=\u00bbon|phone\u00bb custom_padding=\u00bb0px|||||\u00bb hover_enabled=\u00bb0&#8243; header_2_font_size_tablet=\u00bb\u00bb header_2_font_size_phone=\u00bb\u00bb header_2_font_size_last_edited=\u00bbon|phone\u00bb z_index_tablet=\u00bb500&#8243; global_colors_info=\u00bb{}\u00bb theme_builder_area=\u00bbpost_content\u00bb sticky_enabled=\u00bb0&#8243;]<\/p>\n<p><strong>Cliente :\u00a0<\/strong>Direction G\u00e9n\u00e9rale des Imp\u00f4ts et Domaines du S\u00e9n\u00e9gal (DGID) bajo la financiaci\u00f3n de KfW<\/p>\n<p>[\/et_pb_text][\/et_pb_column][\/et_pb_row][et_pb_row column_structure=\u00bb2_5,3_5&#8243; use_custom_gutter=\u00bbon\u00bb gutter_width=\u00bb2&#8243; _builder_version=\u00bb4.16&#8243; custom_margin=\u00bb||\u00bb custom_padding=\u00bb||0px|||\u00bb global_colors_info=\u00bb{}\u00bb theme_builder_area=\u00bbpost_content\u00bb][et_pb_column type=\u00bb2_5&#8243; _builder_version=\u00bb4.16&#8243; background_color=\u00bbrgba(0,129,139,0.08)\u00bb custom_padding=\u00bb20px|20px|20px|20px\u00bb custom_padding_tablet=\u00bb\u00bb custom_padding_phone=\u00bb10px|10px|10px|10px\u00bb custom_padding_last_edited=\u00bbon|phone\u00bb global_colors_info=\u00bb{}\u00bb custom_padding__hover=\u00bb|||\u00bb theme_builder_area=\u00bbpost_content\u00bb][et_pb_text admin_label=\u00bbCatRegion2 ES\u00bb module_class=\u00bbcustom-taxonomy\u00bb _builder_version=\u00bb3.25.4&#8243; _dynamic_attributes=\u00bbcontent\u00bb text_font=\u00bb|700|||||||\u00bb header_font=\u00bb||||||||\u00bb header_2_font=\u00bb||||||||\u00bb header_2_text_color=\u00bb#00818b\u00bb header_2_font_size=\u00bb40px\u00bb header_3_font=\u00bb|600|||||||\u00bb header_3_font_size=\u00bb25px\u00bb custom_margin_tablet=\u00bb\u00bb custom_margin_phone=\u00bb||10px\u00bb custom_margin_last_edited=\u00bbon|phone\u00bb custom_padding=\u00bb|||||\u00bb header_2_font_size_tablet=\u00bb\u00bb header_2_font_size_phone=\u00bb40px\u00bb header_2_font_size_last_edited=\u00bbon|phone\u00bb global_module=\u00bb18625&#8243; saved_tabs=\u00bball\u00bb locked=\u00bbon\u00bb global_colors_info=\u00bb{}\u00bb theme_builder_area=\u00bbpost_content\u00bb]@ET-DC@eyJkeW5hbWljIjp0cnVlLCJjb250ZW50IjoicG9zdF9jYXRlZ29yaWVzIiwic2V0dGluZ3MiOnsiYmVmb3JlIjoiUmVnaW9uZXMgLyBQYVx1MDBlZHNlcyA6ICIsImFmdGVyIjoiIiwibGlua190b190ZXJtX3BhZ2UiOiJvbiIsInNlcGFyYXRvciI6IiIsImNhdGVnb3J5X3R5cGUiOiJyZWdpb24ifX0=@[\/et_pb_text][et_pb_text admin_label=\u00bbCatSecteur2 ES\u00bb module_class=\u00bbcustom-taxonomy\u00bb _builder_version=\u00bb3.25.4&#8243; _dynamic_attributes=\u00bbcontent\u00bb text_font=\u00bb|700|||||||\u00bb header_font=\u00bb||||||||\u00bb header_2_font=\u00bb||||||||\u00bb header_2_text_color=\u00bb#00818b\u00bb header_2_font_size=\u00bb40px\u00bb header_3_font=\u00bb|600|||||||\u00bb header_3_font_size=\u00bb25px\u00bb custom_margin_tablet=\u00bb\u00bb custom_margin_phone=\u00bb||10px\u00bb custom_margin_last_edited=\u00bbon|phone\u00bb custom_padding=\u00bb|||||\u00bb header_2_font_size_tablet=\u00bb\u00bb header_2_font_size_phone=\u00bb40px\u00bb header_2_font_size_last_edited=\u00bbon|phone\u00bb global_module=\u00bb18627&#8243; saved_tabs=\u00bball\u00bb locked=\u00bbon\u00bb global_colors_info=\u00bb{}\u00bb theme_builder_area=\u00bbpost_content\u00bb]@ET-DC@eyJkeW5hbWljIjp0cnVlLCJjb250ZW50IjoicG9zdF9jYXRlZ29yaWVzIiwic2V0dGluZ3MiOnsiYmVmb3JlIjoiU2VjdG9yZXMgOiAiLCJhZnRlciI6IiIsImxpbmtfdG9fdGVybV9wYWdlIjoib24iLCJzZXBhcmF0b3IiOiIiLCJjYXRlZ29yeV90eXBlIjoic2VjdGV1ciJ9fQ==@[\/et_pb_text][et_pb_text admin_label=\u00bbCatService2 ES\u00bb module_class=\u00bbcustom-taxonomy\u00bb _builder_version=\u00bb3.25.4&#8243; _dynamic_attributes=\u00bbcontent\u00bb text_font=\u00bb|700|||||||\u00bb header_font=\u00bb||||||||\u00bb header_2_font=\u00bb||||||||\u00bb header_2_text_color=\u00bb#00818b\u00bb header_2_font_size=\u00bb40px\u00bb header_3_font=\u00bb|600|||||||\u00bb header_3_font_size=\u00bb25px\u00bb custom_margin_tablet=\u00bb\u00bb custom_margin_phone=\u00bb||10px\u00bb custom_margin_last_edited=\u00bbon|phone\u00bb custom_padding=\u00bb|||||\u00bb header_2_font_size_tablet=\u00bb\u00bb header_2_font_size_phone=\u00bb40px\u00bb header_2_font_size_last_edited=\u00bbon|phone\u00bb global_module=\u00bb18629&#8243; saved_tabs=\u00bball\u00bb locked=\u00bbon\u00bb global_colors_info=\u00bb{}\u00bb theme_builder_area=\u00bbpost_content\u00bb]@ET-DC@eyJkeW5hbWljIjp0cnVlLCJjb250ZW50IjoicG9zdF9jYXRlZ29yaWVzIiwic2V0dGluZ3MiOnsiYmVmb3JlIjoiU2VydmljaW9zIDogIiwiYWZ0ZXIiOiIiLCJsaW5rX3RvX3Rlcm1fcGFnZSI6Im9uIiwic2VwYXJhdG9yIjoiIiwiY2F0ZWdvcnlfdHlwZSI6InNlcnZpY2VzIn19@[\/et_pb_text][et_pb_text admin_label=\u00bbCatClient2 ES\u00bb module_class=\u00bbcustom-taxonomy\u00bb _builder_version=\u00bb3.25.4&#8243; _dynamic_attributes=\u00bbcontent\u00bb text_font=\u00bb|700|||||||\u00bb header_font=\u00bb||||||||\u00bb header_2_font=\u00bb||||||||\u00bb header_2_text_color=\u00bb#00818b\u00bb header_2_font_size=\u00bb40px\u00bb header_3_font=\u00bb|600|||||||\u00bb header_3_font_size=\u00bb25px\u00bb custom_margin_tablet=\u00bb\u00bb custom_margin_phone=\u00bb||10px\u00bb custom_margin_last_edited=\u00bbon|phone\u00bb custom_padding=\u00bb|||||\u00bb header_2_font_size_tablet=\u00bb\u00bb header_2_font_size_phone=\u00bb40px\u00bb header_2_font_size_last_edited=\u00bbon|phone\u00bb global_module=\u00bb18631&#8243; saved_tabs=\u00bball\u00bb locked=\u00bbon\u00bb global_colors_info=\u00bb{}\u00bb theme_builder_area=\u00bbpost_content\u00bb]@ET-DC@eyJkeW5hbWljIjp0cnVlLCJjb250ZW50IjoicG9zdF9jYXRlZ29yaWVzIiwic2V0dGluZ3MiOnsiYmVmb3JlIjoiQ2F0ZWdvclx1MDBlZGEgZGUgY2xpZW50ZSA6ICIsImFmdGVyIjoiIiwibGlua190b190ZXJtX3BhZ2UiOiJvbiIsInNlcGFyYXRvciI6IiIsImNhdGVnb3J5X3R5cGUiOiJjbGllbnQifX0=@[\/et_pb_text][\/et_pb_column][et_pb_column type=\u00bb3_5&#8243; _builder_version=\u00bb4.16&#8243; custom_padding=\u00bb|||\u00bb custom_padding_tablet=\u00bb\u00bb custom_padding_phone=\u00bb\u00bb custom_padding_last_edited=\u00bbon|phone\u00bb global_colors_info=\u00bb{}\u00bb custom_padding__hover=\u00bb|||\u00bb theme_builder_area=\u00bbpost_content\u00bb][et_pb_post_title title=\u00bboff\u00bb meta=\u00bboff\u00bb admin_label=\u00bbImage\u00bb _builder_version=\u00bb4.16&#8243; custom_margin=\u00bb||22px|||\u00bb z_index_tablet=\u00bb500&#8243; locked=\u00bbon\u00bb global_colors_info=\u00bb{}\u00bb theme_builder_area=\u00bbpost_content\u00bb]<br \/>\n[\/et_pb_post_title][et_pb_text admin_label=\u00bbMissionTitre2 ES\u00bb _builder_version=\u00bb3.25.4&#8243; header_2_font=\u00bb|600|||||||\u00bb header_2_text_color=\u00bb#00818b\u00bb header_2_font_size=\u00bb40px\u00bb header_3_font=\u00bb|600|||||||\u00bb header_3_font_size=\u00bb25px\u00bb custom_margin=\u00bb||-2px|||\u00bb custom_padding=\u00bb|||||\u00bb header_2_font_size_tablet=\u00bb\u00bb header_2_font_size_phone=\u00bb\u00bb header_2_font_size_last_edited=\u00bbon|phone\u00bb z_index_tablet=\u00bb500&#8243; global_module=\u00bb18621&#8243; saved_tabs=\u00bball\u00bb locked=\u00bboff\u00bb global_colors_info=\u00bb{}\u00bb theme_builder_area=\u00bbpost_content\u00bb]<\/p>\n<h3>Misi\u00f3n:<\/h3>\n<p>[\/et_pb_text][et_pb_text admin_label=\u00bbMission texte\u00bb _builder_version=\u00bb4.18.0&#8243; header_2_font=\u00bb|600|||||||\u00bb header_2_text_color=\u00bb#00818b\u00bb header_2_font_size=\u00bb40px\u00bb header_3_font=\u00bb|600|||||||\u00bb header_3_font_size=\u00bb25px\u00bb custom_padding=\u00bb|||||\u00bb hover_enabled=\u00bb0&#8243; header_2_font_size_tablet=\u00bb\u00bb header_2_font_size_phone=\u00bb\u00bb header_2_font_size_last_edited=\u00bbon|phone\u00bb z_index_tablet=\u00bb500&#8243; global_colors_info=\u00bb{}\u00bb theme_builder_area=\u00bbpost_content\u00bb sticky_enabled=\u00bb0&#8243;]<\/p>\n<p>El principal objetivo del estudio era proporcionar directrices para garantizar que se tuvieran en cuenta todos los riesgos medioambientales y sociales que pudieran repercutir en el \u00e9xito de la ejecuci\u00f3n del Programa de Modernizaci\u00f3n de la Gesti\u00f3n de la Tierra en Senegal (PROMOGEF). El estudio se centr\u00f3 especialmente en las posibles repercusiones sobre los derechos humanos y los derechos sobre la tierra. Propusimos recomendaciones y medidas para mitigar o compensar estos impactos.<\/p>\n<p>\u200b<\/p>\n<p>[\/et_pb_text][et_pb_text admin_label=\u00bbResultatTitre2 ES\u00bb _builder_version=\u00bb3.25.4&#8243; header_2_font=\u00bb|600|||||||\u00bb header_2_text_color=\u00bb#00818b\u00bb header_2_font_size=\u00bb40px\u00bb header_3_font=\u00bb|600|||||||\u00bb header_3_font_size=\u00bb25px\u00bb custom_margin=\u00bb||-2px|||\u00bb custom_padding=\u00bb|||||\u00bb header_2_font_size_tablet=\u00bb\u00bb header_2_font_size_phone=\u00bb\u00bb header_2_font_size_last_edited=\u00bbon|phone\u00bb z_index_tablet=\u00bb500&#8243; global_module=\u00bb18618&#8243; saved_tabs=\u00bball\u00bb locked=\u00bboff\u00bb global_colors_info=\u00bb{}\u00bb theme_builder_area=\u00bbpost_content\u00bb]<\/p>\n<h3>Resultado:<\/h3>\n<p>[\/et_pb_text][et_pb_text admin_label=\u00bbR\u00e9sultat texte\u00bb _builder_version=\u00bb4.18.0&#8243; header_2_font=\u00bb|600|||||||\u00bb header_2_text_color=\u00bb#00818b\u00bb header_2_font_size=\u00bb40px\u00bb header_3_font=\u00bb|600|||||||\u00bb header_3_font_size=\u00bb25px\u00bb custom_padding=\u00bb|||||\u00bb hover_enabled=\u00bb0&#8243; header_2_font_size_tablet=\u00bb\u00bb header_2_font_size_phone=\u00bb\u00bb header_2_font_size_last_edited=\u00bbon|phone\u00bb z_index_tablet=\u00bb500&#8243; global_colors_info=\u00bb{}\u00bb theme_builder_area=\u00bbpost_content\u00bb sticky_enabled=\u00bb0&#8243;]<\/p>\n<p>Se prestaron los siguientes servicios al cliente:<\/p>\n<ul>\n<li>Desarrollo de un Marco de Compromiso de las Partes Interesadas para garantizar la participaci\u00f3n y la apropiaci\u00f3n de PROMOGEF por todas las partes interesadas;<\/li>\n<li>Desarrollo de un Marco de Gesti\u00f3n Medioambiental y Social para gestionar todos los riesgos e impactos medioambientales y sociales del Proyecto: actividades de construcci\u00f3n, cuestiones territoriales, gesti\u00f3n de conflictos, desplazamiento de comunidades locales, etc. Ha esbozado c\u00f3mo hacer frente a las posibles repercusiones negativas y propondr\u00e1 medidas para su aplicaci\u00f3n.<\/li>\n<\/ul>\n<p>\u200b<\/p>\n<p>[\/et_pb_text][\/et_pb_column][\/et_pb_row][\/et_pb_section][et_pb_section fb_built=\u00bb1&#8243; _builder_version=\u00bb4.16&#8243; background_color=\u00bbrgba(177,227,227,0.25)\u00bb custom_margin=\u00bb||-25px\u00bb custom_padding=\u00bb37px|0px|25px|0px|false|false\u00bb saved_tabs=\u00bball\u00bb locked=\u00bboff\u00bb global_colors_info=\u00bb{}\u00bb theme_builder_area=\u00bbpost_content\u00bb][et_pb_row _builder_version=\u00bb4.16&#8243; global_colors_info=\u00bb{}\u00bb theme_builder_area=\u00bbpost_content\u00bb][et_pb_column type=\u00bb4_4&#8243; _builder_version=\u00bb4.16&#8243; custom_padding=\u00bb|||\u00bb global_colors_info=\u00bb{}\u00bb custom_padding__hover=\u00bb|||\u00bb theme_builder_area=\u00bbpost_content\u00bb][et_pb_cta title=\u00bb\u00a1Cu\u00e9ntenos sobre su proyecto!\u00bb button_url=\u00bbhttps:\/\/www.insuco.com\/es\/contacto\u00bb button_text=\u00bbCont\u00e1ctenos\u00bb admin_label=\u00bbCTAProjet2 ES\u00bb _builder_version=\u00bb3.26&#8243; background_color=\u00bbrgba(89,175,181,0)\u00bb background_layout=\u00bblight\u00bb animation_style=\u00bbzoom\u00bb header_font_size_tablet=\u00bb\u00bb header_font_size_phone=\u00bb40px\u00bb header_font_size_last_edited=\u00bbon|phone\u00bb z_index_tablet=\u00bb500&#8243; global_module=\u00bb18616&#8243; saved_tabs=\u00bball\u00bb locked=\u00bbon\u00bb global_colors_info=\u00bb{}\u00bb theme_builder_area=\u00bbpost_content\u00bb]<\/p>\n<p>\u00bfQuiere hablar de su proyecto y sus retos? \u00bfQuiere saber m\u00e1s de Insuco y nuestras \u00e1reas de experticia? \u00bfQuiere agendar una cita?<\/p>\n<p>[\/et_pb_cta][\/et_pb_column][\/et_pb_row][\/et_pb_section]<\/p>\n","protected":false},"excerpt":{"rendered":"<p>Proyectos recientes y en curso Preparaci\u00f3n de un Marco de Gesti\u00f3n Ambiental y Social para el Programa de Modernizaci\u00f3n de la Gesti\u00f3n de la Tierra en Senegal (PROMOGEF)Cliente :\u00a0Direction G\u00e9n\u00e9rale des Imp\u00f4ts et Domaines du S\u00e9n\u00e9gal (DGID) bajo la financiaci\u00f3n de KfW Misi\u00f3n: El principal objetivo del estudio era proporcionar directrices para garantizar que se [&hellip;]<\/p>\n","protected":false},"author":9,"featured_media":40710,"comment_status":"open","ping_status":"closed","template":"","meta":{"_acf_changed":false,"_et_pb_use_builder":"on","_et_pb_old_content":"","_et_gb_content_width":"","footnotes":""},"project_category":[262,264,270,276],"project_tag":[562],"region":[106,140],"secteur":[157,163,155,167],"services":[177,109,173],"client":[179],"class_list":["post-42170","project","type-project","status-publish","has-post-thumbnail","hentry","project_category-secteurs-amenagement-du-territoire-es","project_category-secteurs-cooperation-aide-au-developpement-es","project_category-secteurs-infrastructures-es","project_category-secteurs-services-de-base-es","project_tag-anciens-projets-avec-builder-es","region-africa-es","region-senegal-es","secteur-cooperacion-apoyo-al-desarrollo","secteur-infraestructuras","secteur-ordenamiento-territorial","secteur-servicios-basicos","services-apoyo-al-desarrollo","services-estudios","services-gestion-social","client-agencias-de-cooperacion"],"acf":[],"yoast_head":"<!-- This site is optimized with the Yoast SEO plugin v26.0 - https:\/\/yoast.com\/wordpress\/plugins\/seo\/ -->\n<title>Preparaci\u00f3n de un Marco de Gesti\u00f3n Ambiental y Social para PROMOGEF \u2013 Senegal - Insuco<\/title>\n<meta name=\"robots\" content=\"index, follow, max-snippet:-1, max-image-preview:large, max-video-preview:-1\" \/>\n<link rel=\"canonical\" href=\"https:\/\/www.insuco.com\/es\/project\/preparacion-de-un-marco-de-gestion-ambiental-y-social-para-promogef-senegal\/\" \/>\n<meta property=\"og:locale\" content=\"es_ES\" \/>\n<meta property=\"og:type\" content=\"article\" \/>\n<meta property=\"og:title\" content=\"Preparaci\u00f3n de un Marco de Gesti\u00f3n Ambiental y Social para PROMOGEF \u2013 Senegal - Insuco\" \/>\n<meta property=\"og:description\" content=\"Proyectos recientes y en curso Preparaci\u00f3n de un Marco de Gesti\u00f3n Ambiental y Social para el Programa de Modernizaci\u00f3n de la Gesti\u00f3n de la Tierra en Senegal (PROMOGEF)Cliente :\u00a0Direction G\u00e9n\u00e9rale des Imp\u00f4ts et Domaines du S\u00e9n\u00e9gal (DGID) bajo la financiaci\u00f3n de KfW Misi\u00f3n: El principal objetivo del estudio era proporcionar directrices para garantizar que se [&hellip;]\" \/>\n<meta property=\"og:url\" content=\"https:\/\/www.insuco.com\/es\/project\/preparacion-de-un-marco-de-gestion-ambiental-y-social-para-promogef-senegal\/\" \/>\n<meta property=\"og:site_name\" content=\"Insuco\" \/>\n<meta property=\"article:modified_time\" content=\"2024-02-12T15:56:24+00:00\" \/>\n<meta property=\"og:image\" content=\"https:\/\/www.insuco.com\/wp-content\/uploads\/2022\/09\/projet-minier.jpg\" \/>\n\t<meta property=\"og:image:width\" content=\"770\" \/>\n\t<meta property=\"og:image:height\" content=\"513\" \/>\n\t<meta property=\"og:image:type\" content=\"image\/jpeg\" \/>\n<meta name=\"twitter:card\" content=\"summary_large_image\" \/>\n<meta name=\"twitter:label1\" content=\"Tiempo de lectura\" \/>\n\t<meta name=\"twitter:data1\" content=\"8 minutos\" \/>\n<script type=\"application\/ld+json\" class=\"yoast-schema-graph\">{\"@context\":\"https:\/\/schema.org\",\"@graph\":[{\"@type\":\"WebPage\",\"@id\":\"https:\/\/www.insuco.com\/es\/project\/preparacion-de-un-marco-de-gestion-ambiental-y-social-para-promogef-senegal\/\",\"url\":\"https:\/\/www.insuco.com\/es\/project\/preparacion-de-un-marco-de-gestion-ambiental-y-social-para-promogef-senegal\/\",\"name\":\"Preparaci\u00f3n de un Marco de Gesti\u00f3n Ambiental y Social para PROMOGEF \u2013 Senegal - Insuco\",\"isPartOf\":{\"@id\":\"https:\/\/www.insuco.com\/es\/#website\"},\"primaryImageOfPage\":{\"@id\":\"https:\/\/www.insuco.com\/es\/project\/preparacion-de-un-marco-de-gestion-ambiental-y-social-para-promogef-senegal\/#primaryimage\"},\"image\":{\"@id\":\"https:\/\/www.insuco.com\/es\/project\/preparacion-de-un-marco-de-gestion-ambiental-y-social-para-promogef-senegal\/#primaryimage\"},\"thumbnailUrl\":\"https:\/\/www.insuco.com\/wp-content\/uploads\/2022\/09\/projet-minier.jpg\",\"datePublished\":\"2019-07-26T07:21:45+00:00\",\"dateModified\":\"2024-02-12T15:56:24+00:00\",\"breadcrumb\":{\"@id\":\"https:\/\/www.insuco.com\/es\/project\/preparacion-de-un-marco-de-gestion-ambiental-y-social-para-promogef-senegal\/#breadcrumb\"},\"inLanguage\":\"es\",\"potentialAction\":[{\"@type\":\"ReadAction\",\"target\":[\"https:\/\/www.insuco.com\/es\/project\/preparacion-de-un-marco-de-gestion-ambiental-y-social-para-promogef-senegal\/\"]}]},{\"@type\":\"ImageObject\",\"inLanguage\":\"es\",\"@id\":\"https:\/\/www.insuco.com\/es\/project\/preparacion-de-un-marco-de-gestion-ambiental-y-social-para-promogef-senegal\/#primaryimage\",\"url\":\"https:\/\/www.insuco.com\/wp-content\/uploads\/2022\/09\/projet-minier.jpg\",\"contentUrl\":\"https:\/\/www.insuco.com\/wp-content\/uploads\/2022\/09\/projet-minier.jpg\",\"width\":770,\"height\":513},{\"@type\":\"BreadcrumbList\",\"@id\":\"https:\/\/www.insuco.com\/es\/project\/preparacion-de-un-marco-de-gestion-ambiental-y-social-para-promogef-senegal\/#breadcrumb\",\"itemListElement\":[{\"@type\":\"ListItem\",\"position\":1,\"name\":\"Accueil\",\"item\":\"https:\/\/www.insuco.com\/es\/\"},{\"@type\":\"ListItem\",\"position\":2,\"name\":\"Proyectos\",\"item\":\"https:\/\/www.insuco.com\/es\/project\/\"},{\"@type\":\"ListItem\",\"position\":3,\"name\":\"Preparaci\u00f3n de un Marco de Gesti\u00f3n Ambiental y Social para PROMOGEF \u2013 Senegal\"}]},{\"@type\":\"WebSite\",\"@id\":\"https:\/\/www.insuco.com\/es\/#website\",\"url\":\"https:\/\/www.insuco.com\/es\/\",\"name\":\"Insuco\",\"description\":\"Local understanding for sustainable solutions\",\"potentialAction\":[{\"@type\":\"SearchAction\",\"target\":{\"@type\":\"EntryPoint\",\"urlTemplate\":\"https:\/\/www.insuco.com\/es\/?s={search_term_string}\"},\"query-input\":{\"@type\":\"PropertyValueSpecification\",\"valueRequired\":true,\"valueName\":\"search_term_string\"}}],\"inLanguage\":\"es\"}]}<\/script>\n<!-- \/ Yoast SEO plugin. -->","yoast_head_json":{"title":"Preparaci\u00f3n de un Marco de Gesti\u00f3n Ambiental y Social para PROMOGEF \u2013 Senegal - Insuco","robots":{"index":"index","follow":"follow","max-snippet":"max-snippet:-1","max-image-preview":"max-image-preview:large","max-video-preview":"max-video-preview:-1"},"canonical":"https:\/\/www.insuco.com\/es\/project\/preparacion-de-un-marco-de-gestion-ambiental-y-social-para-promogef-senegal\/","og_locale":"es_ES","og_type":"article","og_title":"Preparaci\u00f3n de un Marco de Gesti\u00f3n Ambiental y Social para PROMOGEF \u2013 Senegal - Insuco","og_description":"Proyectos recientes y en curso Preparaci\u00f3n de un Marco de Gesti\u00f3n Ambiental y Social para el Programa de Modernizaci\u00f3n de la Gesti\u00f3n de la Tierra en Senegal (PROMOGEF)Cliente :\u00a0Direction G\u00e9n\u00e9rale des Imp\u00f4ts et Domaines du S\u00e9n\u00e9gal (DGID) bajo la financiaci\u00f3n de KfW Misi\u00f3n: El principal objetivo del estudio era proporcionar directrices para garantizar que se [&hellip;]","og_url":"https:\/\/www.insuco.com\/es\/project\/preparacion-de-un-marco-de-gestion-ambiental-y-social-para-promogef-senegal\/","og_site_name":"Insuco","article_modified_time":"2024-02-12T15:56:24+00:00","og_image":[{"width":770,"height":513,"url":"https:\/\/www.insuco.com\/wp-content\/uploads\/2022\/09\/projet-minier.jpg","type":"image\/jpeg"}],"twitter_card":"summary_large_image","twitter_misc":{"Tiempo de lectura":"8 minutos"},"schema":{"@context":"https:\/\/schema.org","@graph":[{"@type":"WebPage","@id":"https:\/\/www.insuco.com\/es\/project\/preparacion-de-un-marco-de-gestion-ambiental-y-social-para-promogef-senegal\/","url":"https:\/\/www.insuco.com\/es\/project\/preparacion-de-un-marco-de-gestion-ambiental-y-social-para-promogef-senegal\/","name":"Preparaci\u00f3n de un Marco de Gesti\u00f3n Ambiental y Social para PROMOGEF \u2013 Senegal - Insuco","isPartOf":{"@id":"https:\/\/www.insuco.com\/es\/#website"},"primaryImageOfPage":{"@id":"https:\/\/www.insuco.com\/es\/project\/preparacion-de-un-marco-de-gestion-ambiental-y-social-para-promogef-senegal\/#primaryimage"},"image":{"@id":"https:\/\/www.insuco.com\/es\/project\/preparacion-de-un-marco-de-gestion-ambiental-y-social-para-promogef-senegal\/#primaryimage"},"thumbnailUrl":"https:\/\/www.insuco.com\/wp-content\/uploads\/2022\/09\/projet-minier.jpg","datePublished":"2019-07-26T07:21:45+00:00","dateModified":"2024-02-12T15:56:24+00:00","breadcrumb":{"@id":"https:\/\/www.insuco.com\/es\/project\/preparacion-de-un-marco-de-gestion-ambiental-y-social-para-promogef-senegal\/#breadcrumb"},"inLanguage":"es","potentialAction":[{"@type":"ReadAction","target":["https:\/\/www.insuco.com\/es\/project\/preparacion-de-un-marco-de-gestion-ambiental-y-social-para-promogef-senegal\/"]}]},{"@type":"ImageObject","inLanguage":"es","@id":"https:\/\/www.insuco.com\/es\/project\/preparacion-de-un-marco-de-gestion-ambiental-y-social-para-promogef-senegal\/#primaryimage","url":"https:\/\/www.insuco.com\/wp-content\/uploads\/2022\/09\/projet-minier.jpg","contentUrl":"https:\/\/www.insuco.com\/wp-content\/uploads\/2022\/09\/projet-minier.jpg","width":770,"height":513},{"@type":"BreadcrumbList","@id":"https:\/\/www.insuco.com\/es\/project\/preparacion-de-un-marco-de-gestion-ambiental-y-social-para-promogef-senegal\/#breadcrumb","itemListElement":[{"@type":"ListItem","position":1,"name":"Accueil","item":"https:\/\/www.insuco.com\/es\/"},{"@type":"ListItem","position":2,"name":"Proyectos","item":"https:\/\/www.insuco.com\/es\/project\/"},{"@type":"ListItem","position":3,"name":"Preparaci\u00f3n de un Marco de Gesti\u00f3n Ambiental y Social para PROMOGEF \u2013 Senegal"}]},{"@type":"WebSite","@id":"https:\/\/www.insuco.com\/es\/#website","url":"https:\/\/www.insuco.com\/es\/","name":"Insuco","description":"Local understanding for sustainable solutions","potentialAction":[{"@type":"SearchAction","target":{"@type":"EntryPoint","urlTemplate":"https:\/\/www.insuco.com\/es\/?s={search_term_string}"},"query-input":{"@type":"PropertyValueSpecification","valueRequired":true,"valueName":"search_term_string"}}],"inLanguage":"es"}]}},"_links":{"self":[{"href":"https:\/\/www.insuco.com\/es\/wp-json\/wp\/v2\/project\/42170","targetHints":{"allow":["GET"]}}],"collection":[{"href":"https:\/\/www.insuco.com\/es\/wp-json\/wp\/v2\/project"}],"about":[{"href":"https:\/\/www.insuco.com\/es\/wp-json\/wp\/v2\/types\/project"}],"author":[{"embeddable":true,"href":"https:\/\/www.insuco.com\/es\/wp-json\/wp\/v2\/users\/9"}],"replies":[{"embeddable":true,"href":"https:\/\/www.insuco.com\/es\/wp-json\/wp\/v2\/comments?post=42170"}],"version-history":[{"count":3,"href":"https:\/\/www.insuco.com\/es\/wp-json\/wp\/v2\/project\/42170\/revisions"}],"predecessor-version":[{"id":42180,"href":"https:\/\/www.insuco.com\/es\/wp-json\/wp\/v2\/project\/42170\/revisions\/42180"}],"wp:featuredmedia":[{"embeddable":true,"href":"https:\/\/www.insuco.com\/es\/wp-json\/wp\/v2\/media\/40710"}],"wp:attachment":[{"href":"https:\/\/www.insuco.com\/es\/wp-json\/wp\/v2\/media?parent=42170"}],"wp:term":[{"taxonomy":"project_category","embeddable":true,"href":"https:\/\/www.insuco.com\/es\/wp-json\/wp\/v2\/project_category?post=42170"},{"taxonomy":"project_tag","embeddable":true,"href":"https:\/\/www.insuco.com\/es\/wp-json\/wp\/v2\/project_tag?post=42170"},{"taxonomy":"region","embeddable":true,"href":"https:\/\/www.insuco.com\/es\/wp-json\/wp\/v2\/region?post=42170"},{"taxonomy":"secteur","embeddable":true,"href":"https:\/\/www.insuco.com\/es\/wp-json\/wp\/v2\/secteur?post=42170"},{"taxonomy":"services","embeddable":true,"href":"https:\/\/www.insuco.com\/es\/wp-json\/wp\/v2\/services?post=42170"},{"taxonomy":"client","embeddable":true,"href":"https:\/\/www.insuco.com\/es\/wp-json\/wp\/v2\/client?post=42170"}],"curies":[{"name":"wp","href":"https:\/\/api.w.org\/{rel}","templated":true}]}}