{"id":39924,"date":"2019-07-26T09:07:13","date_gmt":"2019-07-26T07:07:13","guid":{"rendered":"https:\/\/www.insuco.com\/project\/conduite-dun-monitoring-socio-economique-burkina-faso\/"},"modified":"2024-02-12T16:56:31","modified_gmt":"2024-02-12T15:56:31","slug":"realizacion-de-un-monitoreo-socioeconomico-burkina-faso","status":"publish","type":"project","link":"https:\/\/www.insuco.com\/es\/project\/realizacion-de-un-monitoreo-socioeconomico-burkina-faso\/","title":{"rendered":"Realizaci\u00f3n de un monitoreo socioecon\u00f3mico &#8211; Burkina Faso"},"content":{"rendered":"<p>[et_pb_section fb_built=\u00bb1&#8243; _builder_version=\u00bb4.10.8&#8243; use_background_color_gradient=\u00bbon\u00bb background_color_gradient_start=\u00bbrgba(0,129,139,0.75)\u00bb background_color_gradient_end=\u00bbrgba(0,129,139,0.82)\u00bb background_color_gradient_overlays_image=\u00bbon\u00bb background_image=\u00bbhttps:\/\/www.insuco.com\/wp-content\/uploads\/2022\/07\/Hommes-et-Terre.jpg\u00bb custom_padding=\u00bb200px|0px|23px|0px|false|false\u00bb hover_enabled=\u00bb0&#8243; z_index_tablet=\u00bb500&#8243; locked=\u00bboff\u00bb global_colors_info=\u00bb{}\u00bb title_text=\u00bbHommes et Terre\u00bb sticky_enabled=\u00bb0&#8243;][et_pb_row _builder_version=\u00bb3.25&#8243; custom_padding=\u00bb27px|0px|0|0px|false|false\u00bb z_index_tablet=\u00bb500&#8243; locked=\u00bboff\u00bb global_colors_info=\u00bb{}\u00bb][et_pb_column type=\u00bb4_4&#8243; _builder_version=\u00bb3.25&#8243; custom_padding=\u00bb|||\u00bb global_colors_info=\u00bb{}\u00bb custom_padding__hover=\u00bb|||\u00bb][et_pb_text admin_label=\u00bbProjetsRecentsTitre2 ES\u00bb _builder_version=\u00bb3.25.4&#8243; header_font=\u00bb|300|||||||\u00bb header_text_color=\u00bb#ffffff\u00bb header_font_size=\u00bb70px\u00bb header_2_text_color=\u00bb#ffffff\u00bb header_2_font_size=\u00bb60px\u00bb custom_padding=\u00bb|||\u00bb animation_style=\u00bbslide\u00bb animation_direction=\u00bbright\u00bb animation_delay=\u00bb500ms\u00bb header_font_size_tablet=\u00bb\u00bb header_font_size_phone=\u00bb50px\u00bb header_font_size_last_edited=\u00bbon|phone\u00bb z_index_tablet=\u00bb500&#8243; global_module=\u00bb18623&#8243; saved_tabs=\u00bball\u00bb locked=\u00bbon\u00bb global_colors_info=\u00bb{}\u00bb header_2_text_color__hover_enabled=\u00bbon\u00bb header_2_text_color__hover=\u00bb#b1e3e3&#8243;]<\/p>\n<h1>Proyectos recientes y en curso<\/h1>\n<p>[\/et_pb_text][\/et_pb_column][\/et_pb_row][\/et_pb_section][et_pb_section fb_built=\u00bb1&#8243; _builder_version=\u00bb3.22.3&#8243; custom_padding=\u00bb21px|0px|47px|0px|false|false\u00bb global_colors_info=\u00bb{}\u00bb][et_pb_row use_custom_gutter=\u00bbon\u00bb gutter_width=\u00bb2&#8243; make_equal=\u00bbon\u00bb _builder_version=\u00bb3.25&#8243; custom_margin=\u00bb||\u00bb custom_padding=\u00bb||0px|||\u00bb global_colors_info=\u00bb{}\u00bb][et_pb_column type=\u00bb4_4&#8243; _builder_version=\u00bb3.25&#8243; custom_padding=\u00bb|||\u00bb custom_padding_tablet=\u00bb\u00bb custom_padding_phone=\u00bb|0px||\u00bb custom_padding_last_edited=\u00bbon|phone\u00bb global_colors_info=\u00bb{}\u00bb custom_padding__hover=\u00bb|||\u00bb][et_pb_text admin_label=\u00bbTitre long\u00bb _builder_version=\u00bb4.10.8&#8243; header_2_text_color=\u00bb#00818b\u00bb header_2_font_size=\u00bb40px\u00bb header_3_font=\u00bb|600|||||||\u00bb header_3_font_size=\u00bb25px\u00bb custom_margin=\u00bb||0px\u00bb custom_margin_tablet=\u00bb\u00bb custom_margin_phone=\u00bb||20px|\u00bb custom_margin_last_edited=\u00bbon|phone\u00bb custom_padding=\u00bb||0px|||\u00bb hover_enabled=\u00bb0&#8243; header_2_font_size_tablet=\u00bb\u00bb header_2_font_size_phone=\u00bb\u00bb header_2_font_size_last_edited=\u00bbon|phone\u00bb z_index_tablet=\u00bb500&#8243; global_colors_info=\u00bb{}\u00bb sticky_enabled=\u00bb0&#8243;]<\/p>\n<h2>\u200bRealizaci\u00f3n de un monitoreo socioecon\u00f3mico &#8211; Burkina Faso<\/h2>\n<p>[\/et_pb_text][et_pb_text admin_label=\u00bbClient \u00bb _builder_version=\u00bb4.10.8&#8243; text_font=\u00bbSource Sans Pro||||||||\u00bb text_text_color=\u00bb#000000&#8243; text_font_size=\u00bb23px\u00bb header_2_text_color=\u00bb#00818b\u00bb header_2_font_size=\u00bb40px\u00bb header_3_font=\u00bb|600|||||||\u00bb header_3_font_size=\u00bb25px\u00bb custom_margin=\u00bb0px||\u00bb custom_margin_tablet=\u00bb\u00bb custom_margin_phone=\u00bb||10px\u00bb custom_margin_last_edited=\u00bbon|phone\u00bb custom_padding=\u00bb0px|||||\u00bb hover_enabled=\u00bb0&#8243; header_2_font_size_tablet=\u00bb\u00bb header_2_font_size_phone=\u00bb\u00bb header_2_font_size_last_edited=\u00bbon|phone\u00bb z_index_tablet=\u00bb500&#8243; global_colors_info=\u00bb{}\u00bb sticky_enabled=\u00bb0&#8243;]<\/p>\n<p><strong>Cliente :<\/strong>Hommes et Terre<\/p>\n<p>[\/et_pb_text][\/et_pb_column][\/et_pb_row][et_pb_row column_structure=\u00bb2_5,3_5&#8243; use_custom_gutter=\u00bbon\u00bb gutter_width=\u00bb2&#8243; _builder_version=\u00bb3.25&#8243; custom_margin=\u00bb||\u00bb custom_padding=\u00bb||0px|||\u00bb global_colors_info=\u00bb{}\u00bb][et_pb_column type=\u00bb2_5&#8243; _builder_version=\u00bb3.25&#8243; background_color=\u00bbrgba(0,129,139,0.08)\u00bb custom_padding=\u00bb20px|20px|20px|20px\u00bb custom_padding_tablet=\u00bb\u00bb custom_padding_phone=\u00bb10px|10px|10px|10px\u00bb custom_padding_last_edited=\u00bbon|phone\u00bb global_colors_info=\u00bb{}\u00bb custom_padding__hover=\u00bb|||\u00bb][et_pb_text admin_label=\u00bbCatRegion2 ES\u00bb module_class=\u00bbcustom-taxonomy\u00bb _builder_version=\u00bb3.25.4&#8243; _dynamic_attributes=\u00bbcontent\u00bb text_font=\u00bb|700|||||||\u00bb header_font=\u00bb||||||||\u00bb header_2_font=\u00bb||||||||\u00bb header_2_text_color=\u00bb#00818b\u00bb header_2_font_size=\u00bb40px\u00bb header_3_font=\u00bb|600|||||||\u00bb header_3_font_size=\u00bb25px\u00bb custom_margin_tablet=\u00bb\u00bb custom_margin_phone=\u00bb||10px\u00bb custom_margin_last_edited=\u00bbon|phone\u00bb custom_padding=\u00bb|||||\u00bb header_2_font_size_tablet=\u00bb\u00bb header_2_font_size_phone=\u00bb40px\u00bb header_2_font_size_last_edited=\u00bbon|phone\u00bb global_module=\u00bb18625&#8243; saved_tabs=\u00bball\u00bb locked=\u00bbon\u00bb global_colors_info=\u00bb{}\u00bb]@ET-DC@eyJkeW5hbWljIjp0cnVlLCJjb250ZW50IjoicG9zdF9jYXRlZ29yaWVzIiwic2V0dGluZ3MiOnsiYmVmb3JlIjoiUmVnaW9uZXMgLyBQYVx1MDBlZHNlcyA6ICIsImFmdGVyIjoiIiwibGlua190b190ZXJtX3BhZ2UiOiJvbiIsInNlcGFyYXRvciI6IiIsImNhdGVnb3J5X3R5cGUiOiJyZWdpb24ifX0=@[\/et_pb_text][et_pb_text admin_label=\u00bbCatSecteur2 ES\u00bb module_class=\u00bbcustom-taxonomy\u00bb _builder_version=\u00bb3.25.4&#8243; _dynamic_attributes=\u00bbcontent\u00bb text_font=\u00bb|700|||||||\u00bb header_font=\u00bb||||||||\u00bb header_2_font=\u00bb||||||||\u00bb header_2_text_color=\u00bb#00818b\u00bb header_2_font_size=\u00bb40px\u00bb header_3_font=\u00bb|600|||||||\u00bb header_3_font_size=\u00bb25px\u00bb custom_margin_tablet=\u00bb\u00bb custom_margin_phone=\u00bb||10px\u00bb custom_margin_last_edited=\u00bbon|phone\u00bb custom_padding=\u00bb|||||\u00bb header_2_font_size_tablet=\u00bb\u00bb header_2_font_size_phone=\u00bb40px\u00bb header_2_font_size_last_edited=\u00bbon|phone\u00bb global_module=\u00bb18627&#8243; saved_tabs=\u00bball\u00bb locked=\u00bbon\u00bb global_colors_info=\u00bb{}\u00bb]@ET-DC@eyJkeW5hbWljIjp0cnVlLCJjb250ZW50IjoicG9zdF9jYXRlZ29yaWVzIiwic2V0dGluZ3MiOnsiYmVmb3JlIjoiU2VjdG9yZXMgOiAiLCJhZnRlciI6IiIsImxpbmtfdG9fdGVybV9wYWdlIjoib24iLCJzZXBhcmF0b3IiOiIiLCJjYXRlZ29yeV90eXBlIjoic2VjdGV1ciJ9fQ==@[\/et_pb_text][et_pb_text admin_label=\u00bbCatService2 ES\u00bb module_class=\u00bbcustom-taxonomy\u00bb _builder_version=\u00bb3.25.4&#8243; _dynamic_attributes=\u00bbcontent\u00bb text_font=\u00bb|700|||||||\u00bb header_font=\u00bb||||||||\u00bb header_2_font=\u00bb||||||||\u00bb header_2_text_color=\u00bb#00818b\u00bb header_2_font_size=\u00bb40px\u00bb header_3_font=\u00bb|600|||||||\u00bb header_3_font_size=\u00bb25px\u00bb custom_margin_tablet=\u00bb\u00bb custom_margin_phone=\u00bb||10px\u00bb custom_margin_last_edited=\u00bbon|phone\u00bb custom_padding=\u00bb|||||\u00bb header_2_font_size_tablet=\u00bb\u00bb header_2_font_size_phone=\u00bb40px\u00bb header_2_font_size_last_edited=\u00bbon|phone\u00bb global_module=\u00bb18629&#8243; saved_tabs=\u00bball\u00bb locked=\u00bbon\u00bb global_colors_info=\u00bb{}\u00bb]@ET-DC@eyJkeW5hbWljIjp0cnVlLCJjb250ZW50IjoicG9zdF9jYXRlZ29yaWVzIiwic2V0dGluZ3MiOnsiYmVmb3JlIjoiU2VydmljaW9zIDogIiwiYWZ0ZXIiOiIiLCJsaW5rX3RvX3Rlcm1fcGFnZSI6Im9uIiwic2VwYXJhdG9yIjoiIiwiY2F0ZWdvcnlfdHlwZSI6InNlcnZpY2VzIn19@[\/et_pb_text][et_pb_text admin_label=\u00bbCatClient2 ES\u00bb module_class=\u00bbcustom-taxonomy\u00bb _builder_version=\u00bb3.25.4&#8243; _dynamic_attributes=\u00bbcontent\u00bb text_font=\u00bb|700|||||||\u00bb header_font=\u00bb||||||||\u00bb header_2_font=\u00bb||||||||\u00bb header_2_text_color=\u00bb#00818b\u00bb header_2_font_size=\u00bb40px\u00bb header_3_font=\u00bb|600|||||||\u00bb header_3_font_size=\u00bb25px\u00bb custom_margin_tablet=\u00bb\u00bb custom_margin_phone=\u00bb||10px\u00bb custom_margin_last_edited=\u00bbon|phone\u00bb custom_padding=\u00bb|||||\u00bb header_2_font_size_tablet=\u00bb\u00bb header_2_font_size_phone=\u00bb40px\u00bb header_2_font_size_last_edited=\u00bbon|phone\u00bb global_module=\u00bb18631&#8243; saved_tabs=\u00bball\u00bb locked=\u00bbon\u00bb global_colors_info=\u00bb{}\u00bb]@ET-DC@eyJkeW5hbWljIjp0cnVlLCJjb250ZW50IjoicG9zdF9jYXRlZ29yaWVzIiwic2V0dGluZ3MiOnsiYmVmb3JlIjoiQ2F0ZWdvclx1MDBlZGEgZGUgY2xpZW50ZSA6ICIsImFmdGVyIjoiIiwibGlua190b190ZXJtX3BhZ2UiOiJvbiIsInNlcGFyYXRvciI6IiIsImNhdGVnb3J5X3R5cGUiOiJjbGllbnQifX0=@[\/et_pb_text][\/et_pb_column][et_pb_column type=\u00bb3_5&#8243; _builder_version=\u00bb3.25&#8243; custom_padding=\u00bb|||\u00bb custom_padding_tablet=\u00bb\u00bb custom_padding_phone=\u00bb\u00bb custom_padding_last_edited=\u00bbon|phone\u00bb global_colors_info=\u00bb{}\u00bb custom_padding__hover=\u00bb|||\u00bb][et_pb_post_title title=\u00bboff\u00bb meta=\u00bboff\u00bb admin_label=\u00bbImage\u00bb _builder_version=\u00bb3.22.7&#8243; custom_margin=\u00bb||22px|||\u00bb z_index_tablet=\u00bb500&#8243; locked=\u00bbon\u00bb global_colors_info=\u00bb{}\u00bb]<br \/>\n[\/et_pb_post_title][et_pb_text admin_label=\u00bbMissionTitre2 ES\u00bb _builder_version=\u00bb3.25.4&#8243; header_2_font=\u00bb|600|||||||\u00bb header_2_text_color=\u00bb#00818b\u00bb header_2_font_size=\u00bb40px\u00bb header_3_font=\u00bb|600|||||||\u00bb header_3_font_size=\u00bb25px\u00bb custom_margin=\u00bb||-2px|||\u00bb custom_padding=\u00bb|||||\u00bb header_2_font_size_tablet=\u00bb\u00bb header_2_font_size_phone=\u00bb\u00bb header_2_font_size_last_edited=\u00bbon|phone\u00bb z_index_tablet=\u00bb500&#8243; global_module=\u00bb18621&#8243; saved_tabs=\u00bball\u00bb locked=\u00bboff\u00bb global_colors_info=\u00bb{}\u00bb]<\/p>\n<h3>Misi\u00f3n:<\/h3>\n<p>[\/et_pb_text][et_pb_text admin_label=\u00bbMission texte\u00bb _builder_version=\u00bb4.10.8&#8243; header_2_font=\u00bb|600|||||||\u00bb header_2_text_color=\u00bb#00818b\u00bb header_2_font_size=\u00bb40px\u00bb header_3_font=\u00bb|600|||||||\u00bb header_3_font_size=\u00bb25px\u00bb custom_padding=\u00bb|||||\u00bb hover_enabled=\u00bb0&#8243; header_2_font_size_tablet=\u00bb\u00bb header_2_font_size_phone=\u00bb\u00bb header_2_font_size_last_edited=\u00bbon|phone\u00bb z_index_tablet=\u00bb500&#8243; global_colors_info=\u00bb{}\u00bb sticky_enabled=\u00bb0&#8243;]<\/p>\n<p>En el marco de un enfoque de mejora continua y para garantizar el \u00e9xito y la sostenibilidad de sus proyectos, Hommes et Terre (H&amp;T) ha querido complementar el seguimiento forestal realizado en septiembre de 2020 con un seguimiento socioecon\u00f3mico. Los estudios de seguimiento de los bosques se llevaron a cabo en algunos pueblos de varias regiones de Burkina Faso, a saber, el Sahel, la Meseta Central y el Centro-Norte, donde H&amp;T desarrolla su actividad.<\/p>\n<p>El objetivo principal de la misi\u00f3n era proporcionar apoyo t\u00e9cnico a Hommes et Terre para llevar a cabo el seguimiento socioecon\u00f3mico; con el fin de evaluar la representaci\u00f3n y la comprensi\u00f3n de las acciones de Hommes et Terre, en particular sobre la importancia del bosque, y los impactos socioecon\u00f3micos concretos del proyecto a dos niveles: (1) a nivel de las comunas y pueblos y (2) a nivel de los hogares con un enfoque particular en las mujeres<\/p>\n<p>La encuesta adopt\u00f3 la forma de 4 cuestionarios realizados a 4 poblaciones diferentes;<\/p>\n<ul>\n<li>Un formulario dirigido a un representante comunal de cada uno de los pueblos;<\/li>\n<li>Un formulario dirigido a un representante de la c\u00e9lula de la aldea de cada pueblo;<\/li>\n<li>Una hoja dirigida al cabeza de familia de una muestra de hogares en las aldeas de los sitios 19-20;<\/li>\n<li>Un formulario \u00abindividual\u00bb dedicado a una muestra de mujeres en los pueblos de los sitios 19-20<\/li>\n<\/ul>\n<p>L\u2019objectif principal de la mission a \u00e9t\u00e9 d\u2019apporter un soutien technique \u00e0 Hommes et Terre pour r\u00e9aliser le monitoring socio-\u00e9conomique afin d\u2019\u00e9valuer :<\/p>\n<ul>\n<li>La repr\u00e9sentation et la compr\u00e9hension des actions d\u2019Hommes et Terre, notamment sur l\u2019importance de la for\u00eat,<\/li>\n<li>Les impacts socio-\u00e9conomiques concrets du projet \u00e0 deux niveaux : (1) au niveau des communes et des villages et (2) au niveau des m\u00e9nages avec une attention particuli\u00e8re port\u00e9e sur les femmes.<\/li>\n<\/ul>\n<p>4 questionnaires ont ainsi \u00e9t\u00e9 administr\u00e9s \u00e0 4 populations cibles diff\u00e9rentes\u00a0:<\/p>\n<ul>\n<li>Une fiche d\u00e9di\u00e9e \u00e0 un repr\u00e9sentant communal de chacun des villages ;<\/li>\n<li>Une fiche d\u00e9di\u00e9e \u00e0 un repr\u00e9sentant de la cellule villageoise de chacun des villages ;<\/li>\n<li>Une fiche d\u00e9di\u00e9e au\/ \u00e0 la chef.fe de m\u00e9nage d\u2019un \u00e9chantillon de m\u00e9nage parmi les villages des sites 19-20 ;<\/li>\n<li>Une fiche dite \u00abindividuelle \u00bb d\u00e9di\u00e9e \u00e0 un \u00e9chantillon de femmes parmi les villages des sites 19-20.<\/li>\n<\/ul>\n<p>\u200b<\/p>\n<p>[\/et_pb_text][et_pb_text admin_label=\u00bbResultatTitre2 ES\u00bb _builder_version=\u00bb3.25.4&#8243; header_2_font=\u00bb|600|||||||\u00bb header_2_text_color=\u00bb#00818b\u00bb header_2_font_size=\u00bb40px\u00bb header_3_font=\u00bb|600|||||||\u00bb header_3_font_size=\u00bb25px\u00bb custom_margin=\u00bb||-2px|||\u00bb custom_padding=\u00bb|||||\u00bb header_2_font_size_tablet=\u00bb\u00bb header_2_font_size_phone=\u00bb\u00bb header_2_font_size_last_edited=\u00bbon|phone\u00bb z_index_tablet=\u00bb500&#8243; global_module=\u00bb18618&#8243; saved_tabs=\u00bball\u00bb locked=\u00bboff\u00bb global_colors_info=\u00bb{}\u00bb]<\/p>\n<h3>Resultado:<\/h3>\n<p>[\/et_pb_text][et_pb_text admin_label=\u00bbR\u00e9sultat texte\u00bb _builder_version=\u00bb4.10.8&#8243; header_2_font=\u00bb|600|||||||\u00bb header_2_text_color=\u00bb#00818b\u00bb header_2_font_size=\u00bb40px\u00bb header_3_font=\u00bb|600|||||||\u00bb header_3_font_size=\u00bb25px\u00bb custom_padding=\u00bb|||||\u00bb hover_enabled=\u00bb0&#8243; header_2_font_size_tablet=\u00bb\u00bb header_2_font_size_phone=\u00bb\u00bb header_2_font_size_last_edited=\u00bbon|phone\u00bb z_index_tablet=\u00bb500&#8243; global_colors_info=\u00bb{}\u00bb sticky_enabled=\u00bb0&#8243;]<\/p>\n<p>En concreto, Insuco era responsable de<\/p>\n<ul>\n<li>Apoyar la construcci\u00f3n de herramientas metodol\u00f3gicas y de recogida de datos;<\/li>\n<li>Formar a los equipos de entrevistadores sobre las herramientas de recogida de datos;<\/li>\n<li>Monitoreo de la aplicaci\u00f3n de la encuesta a distancia;<\/li>\n<li>Programaci\u00f3n del cuestionario y tratamiento de los datos mediante la herramienta electr\u00f3nica ONA\/ODK.<\/li>\n<\/ul>\n<p>Insuco proporcion\u00f3 los siguientes productos:<\/p>\n<ul>\n<li>Las herramientas revisadas y validadas por H&amp;T;<\/li>\n<li>La base de datos de Excel con los datos recogidos;<\/li>\n<li>Los datos se procesan seg\u00fan las necesidades de H&amp;T;<\/li>\n<li>Un protocolo para establecer la l\u00ednea de base socioecon\u00f3mica de los pueblos 20-21.<\/li>\n<\/ul>\n<p>[\/et_pb_text][\/et_pb_column][\/et_pb_row][\/et_pb_section][et_pb_section fb_built=\u00bb1&#8243; _builder_version=\u00bb3.22.7&#8243; background_color=\u00bbrgba(177,227,227,0.25)\u00bb custom_margin=\u00bb||-25px\u00bb custom_padding=\u00bb37px|0px|25px|0px|false|false\u00bb saved_tabs=\u00bball\u00bb locked=\u00bboff\u00bb global_colors_info=\u00bb{}\u00bb][et_pb_row _builder_version=\u00bb3.25&#8243; global_colors_info=\u00bb{}\u00bb][et_pb_column type=\u00bb4_4&#8243; _builder_version=\u00bb3.25&#8243; custom_padding=\u00bb|||\u00bb global_colors_info=\u00bb{}\u00bb custom_padding__hover=\u00bb|||\u00bb][et_pb_cta title=\u00bb\u00a1Cu\u00e9ntenos sobre su proyecto!\u00bb button_url=\u00bbhttps:\/\/www.insuco.com\/es\/contacto\u00bb button_text=\u00bbCont\u00e1ctenos\u00bb admin_label=\u00bbCTAProjet2 ES\u00bb _builder_version=\u00bb3.26&#8243; background_color=\u00bbrgba(89,175,181,0)\u00bb background_layout=\u00bblight\u00bb animation_style=\u00bbzoom\u00bb header_font_size_tablet=\u00bb\u00bb header_font_size_phone=\u00bb40px\u00bb header_font_size_last_edited=\u00bbon|phone\u00bb z_index_tablet=\u00bb500&#8243; global_module=\u00bb18616&#8243; saved_tabs=\u00bball\u00bb locked=\u00bbon\u00bb global_colors_info=\u00bb{}\u00bb]<\/p>\n<p>\u00bfQuiere hablar de su proyecto y sus retos? \u00bfQuiere saber m\u00e1s de Insuco y nuestras \u00e1reas de experticia? \u00bfQuiere agendar una cita?<\/p>\n<p>[\/et_pb_cta][\/et_pb_column][\/et_pb_row][\/et_pb_section]<\/p>\n","protected":false},"excerpt":{"rendered":"<p>Proyectos recientes y en curso \u200bRealizaci\u00f3n de un monitoreo socioecon\u00f3mico &#8211; Burkina FasoCliente :Hommes et Terre Misi\u00f3n: En el marco de un enfoque de mejora continua y para garantizar el \u00e9xito y la sostenibilidad de sus proyectos, Hommes et Terre (H&amp;T) ha querido complementar el seguimiento forestal realizado en septiembre de 2020 con un seguimiento [&hellip;]<\/p>\n","protected":false},"author":9,"featured_media":39919,"comment_status":"open","ping_status":"closed","template":"","meta":{"_acf_changed":false,"_et_pb_use_builder":"on","_et_pb_old_content":"","_et_gb_content_width":"","footnotes":""},"project_category":[274],"project_tag":[562],"region":[106,114],"secteur":[165],"services":[110],"client":[183],"class_list":["post-39924","project","type-project","status-publish","has-post-thumbnail","hentry","project_category-secteurs-ressources-naturelles-es","project_tag-anciens-projets-avec-builder-es","region-africa-es","region-burkina-faso-es","secteur-recursos-naturales","services-seguimiento-evaluacion","client-ongs-sociedad-civil"],"acf":[],"yoast_head":"<!-- This site is optimized with the Yoast SEO plugin v26.0 - https:\/\/yoast.com\/wordpress\/plugins\/seo\/ -->\n<title>Realizaci\u00f3n de un monitoreo socioecon\u00f3mico - Burkina Faso - Insuco<\/title>\n<meta name=\"robots\" content=\"index, follow, max-snippet:-1, max-image-preview:large, max-video-preview:-1\" \/>\n<link rel=\"canonical\" href=\"https:\/\/www.insuco.com\/es\/project\/realizacion-de-un-monitoreo-socioeconomico-burkina-faso\/\" \/>\n<meta property=\"og:locale\" content=\"es_ES\" \/>\n<meta property=\"og:type\" content=\"article\" \/>\n<meta property=\"og:title\" content=\"Realizaci\u00f3n de un monitoreo socioecon\u00f3mico - Burkina Faso - Insuco\" \/>\n<meta property=\"og:description\" content=\"Proyectos recientes y en curso \u200bRealizaci\u00f3n de un monitoreo socioecon\u00f3mico - Burkina FasoCliente :Hommes et Terre Misi\u00f3n: En el marco de un enfoque de mejora continua y para garantizar el \u00e9xito y la sostenibilidad de sus proyectos, Hommes et Terre (H&amp;T) ha querido complementar el seguimiento forestal realizado en septiembre de 2020 con un seguimiento [&hellip;]\" \/>\n<meta property=\"og:url\" content=\"https:\/\/www.insuco.com\/es\/project\/realizacion-de-un-monitoreo-socioeconomico-burkina-faso\/\" \/>\n<meta property=\"og:site_name\" content=\"Insuco\" \/>\n<meta property=\"article:modified_time\" content=\"2024-02-12T15:56:31+00:00\" \/>\n<meta property=\"og:image\" content=\"https:\/\/www.insuco.com\/wp-content\/uploads\/2022\/07\/Hommes-et-Terre.jpg\" \/>\n\t<meta property=\"og:image:width\" content=\"750\" \/>\n\t<meta property=\"og:image:height\" content=\"499\" \/>\n\t<meta property=\"og:image:type\" content=\"image\/jpeg\" \/>\n<meta name=\"twitter:card\" content=\"summary_large_image\" \/>\n<meta name=\"twitter:label1\" content=\"Tiempo de lectura\" \/>\n\t<meta name=\"twitter:data1\" content=\"9 minutos\" \/>\n<script type=\"application\/ld+json\" class=\"yoast-schema-graph\">{\"@context\":\"https:\/\/schema.org\",\"@graph\":[{\"@type\":\"WebPage\",\"@id\":\"https:\/\/www.insuco.com\/es\/project\/realizacion-de-un-monitoreo-socioeconomico-burkina-faso\/\",\"url\":\"https:\/\/www.insuco.com\/es\/project\/realizacion-de-un-monitoreo-socioeconomico-burkina-faso\/\",\"name\":\"Realizaci\u00f3n de un monitoreo socioecon\u00f3mico - Burkina Faso - Insuco\",\"isPartOf\":{\"@id\":\"https:\/\/www.insuco.com\/es\/#website\"},\"primaryImageOfPage\":{\"@id\":\"https:\/\/www.insuco.com\/es\/project\/realizacion-de-un-monitoreo-socioeconomico-burkina-faso\/#primaryimage\"},\"image\":{\"@id\":\"https:\/\/www.insuco.com\/es\/project\/realizacion-de-un-monitoreo-socioeconomico-burkina-faso\/#primaryimage\"},\"thumbnailUrl\":\"https:\/\/www.insuco.com\/wp-content\/uploads\/2022\/07\/Hommes-et-Terre.jpg\",\"datePublished\":\"2019-07-26T07:07:13+00:00\",\"dateModified\":\"2024-02-12T15:56:31+00:00\",\"breadcrumb\":{\"@id\":\"https:\/\/www.insuco.com\/es\/project\/realizacion-de-un-monitoreo-socioeconomico-burkina-faso\/#breadcrumb\"},\"inLanguage\":\"es\",\"potentialAction\":[{\"@type\":\"ReadAction\",\"target\":[\"https:\/\/www.insuco.com\/es\/project\/realizacion-de-un-monitoreo-socioeconomico-burkina-faso\/\"]}]},{\"@type\":\"ImageObject\",\"inLanguage\":\"es\",\"@id\":\"https:\/\/www.insuco.com\/es\/project\/realizacion-de-un-monitoreo-socioeconomico-burkina-faso\/#primaryimage\",\"url\":\"https:\/\/www.insuco.com\/wp-content\/uploads\/2022\/07\/Hommes-et-Terre.jpg\",\"contentUrl\":\"https:\/\/www.insuco.com\/wp-content\/uploads\/2022\/07\/Hommes-et-Terre.jpg\",\"width\":750,\"height\":499},{\"@type\":\"BreadcrumbList\",\"@id\":\"https:\/\/www.insuco.com\/es\/project\/realizacion-de-un-monitoreo-socioeconomico-burkina-faso\/#breadcrumb\",\"itemListElement\":[{\"@type\":\"ListItem\",\"position\":1,\"name\":\"Accueil\",\"item\":\"https:\/\/www.insuco.com\/es\/\"},{\"@type\":\"ListItem\",\"position\":2,\"name\":\"Proyectos\",\"item\":\"https:\/\/www.insuco.com\/es\/project\/\"},{\"@type\":\"ListItem\",\"position\":3,\"name\":\"Realizaci\u00f3n de un monitoreo socioecon\u00f3mico - Burkina Faso\"}]},{\"@type\":\"WebSite\",\"@id\":\"https:\/\/www.insuco.com\/es\/#website\",\"url\":\"https:\/\/www.insuco.com\/es\/\",\"name\":\"Insuco\",\"description\":\"Local understanding for sustainable solutions\",\"potentialAction\":[{\"@type\":\"SearchAction\",\"target\":{\"@type\":\"EntryPoint\",\"urlTemplate\":\"https:\/\/www.insuco.com\/es\/?s={search_term_string}\"},\"query-input\":{\"@type\":\"PropertyValueSpecification\",\"valueRequired\":true,\"valueName\":\"search_term_string\"}}],\"inLanguage\":\"es\"}]}<\/script>\n<!-- \/ Yoast SEO plugin. -->","yoast_head_json":{"title":"Realizaci\u00f3n de un monitoreo socioecon\u00f3mico - Burkina Faso - Insuco","robots":{"index":"index","follow":"follow","max-snippet":"max-snippet:-1","max-image-preview":"max-image-preview:large","max-video-preview":"max-video-preview:-1"},"canonical":"https:\/\/www.insuco.com\/es\/project\/realizacion-de-un-monitoreo-socioeconomico-burkina-faso\/","og_locale":"es_ES","og_type":"article","og_title":"Realizaci\u00f3n de un monitoreo socioecon\u00f3mico - Burkina Faso - Insuco","og_description":"Proyectos recientes y en curso \u200bRealizaci\u00f3n de un monitoreo socioecon\u00f3mico - Burkina FasoCliente :Hommes et Terre Misi\u00f3n: En el marco de un enfoque de mejora continua y para garantizar el \u00e9xito y la sostenibilidad de sus proyectos, Hommes et Terre (H&amp;T) ha querido complementar el seguimiento forestal realizado en septiembre de 2020 con un seguimiento [&hellip;]","og_url":"https:\/\/www.insuco.com\/es\/project\/realizacion-de-un-monitoreo-socioeconomico-burkina-faso\/","og_site_name":"Insuco","article_modified_time":"2024-02-12T15:56:31+00:00","og_image":[{"width":750,"height":499,"url":"https:\/\/www.insuco.com\/wp-content\/uploads\/2022\/07\/Hommes-et-Terre.jpg","type":"image\/jpeg"}],"twitter_card":"summary_large_image","twitter_misc":{"Tiempo de lectura":"9 minutos"},"schema":{"@context":"https:\/\/schema.org","@graph":[{"@type":"WebPage","@id":"https:\/\/www.insuco.com\/es\/project\/realizacion-de-un-monitoreo-socioeconomico-burkina-faso\/","url":"https:\/\/www.insuco.com\/es\/project\/realizacion-de-un-monitoreo-socioeconomico-burkina-faso\/","name":"Realizaci\u00f3n de un monitoreo socioecon\u00f3mico - Burkina Faso - Insuco","isPartOf":{"@id":"https:\/\/www.insuco.com\/es\/#website"},"primaryImageOfPage":{"@id":"https:\/\/www.insuco.com\/es\/project\/realizacion-de-un-monitoreo-socioeconomico-burkina-faso\/#primaryimage"},"image":{"@id":"https:\/\/www.insuco.com\/es\/project\/realizacion-de-un-monitoreo-socioeconomico-burkina-faso\/#primaryimage"},"thumbnailUrl":"https:\/\/www.insuco.com\/wp-content\/uploads\/2022\/07\/Hommes-et-Terre.jpg","datePublished":"2019-07-26T07:07:13+00:00","dateModified":"2024-02-12T15:56:31+00:00","breadcrumb":{"@id":"https:\/\/www.insuco.com\/es\/project\/realizacion-de-un-monitoreo-socioeconomico-burkina-faso\/#breadcrumb"},"inLanguage":"es","potentialAction":[{"@type":"ReadAction","target":["https:\/\/www.insuco.com\/es\/project\/realizacion-de-un-monitoreo-socioeconomico-burkina-faso\/"]}]},{"@type":"ImageObject","inLanguage":"es","@id":"https:\/\/www.insuco.com\/es\/project\/realizacion-de-un-monitoreo-socioeconomico-burkina-faso\/#primaryimage","url":"https:\/\/www.insuco.com\/wp-content\/uploads\/2022\/07\/Hommes-et-Terre.jpg","contentUrl":"https:\/\/www.insuco.com\/wp-content\/uploads\/2022\/07\/Hommes-et-Terre.jpg","width":750,"height":499},{"@type":"BreadcrumbList","@id":"https:\/\/www.insuco.com\/es\/project\/realizacion-de-un-monitoreo-socioeconomico-burkina-faso\/#breadcrumb","itemListElement":[{"@type":"ListItem","position":1,"name":"Accueil","item":"https:\/\/www.insuco.com\/es\/"},{"@type":"ListItem","position":2,"name":"Proyectos","item":"https:\/\/www.insuco.com\/es\/project\/"},{"@type":"ListItem","position":3,"name":"Realizaci\u00f3n de un monitoreo socioecon\u00f3mico - Burkina Faso"}]},{"@type":"WebSite","@id":"https:\/\/www.insuco.com\/es\/#website","url":"https:\/\/www.insuco.com\/es\/","name":"Insuco","description":"Local understanding for sustainable solutions","potentialAction":[{"@type":"SearchAction","target":{"@type":"EntryPoint","urlTemplate":"https:\/\/www.insuco.com\/es\/?s={search_term_string}"},"query-input":{"@type":"PropertyValueSpecification","valueRequired":true,"valueName":"search_term_string"}}],"inLanguage":"es"}]}},"_links":{"self":[{"href":"https:\/\/www.insuco.com\/es\/wp-json\/wp\/v2\/project\/39924","targetHints":{"allow":["GET"]}}],"collection":[{"href":"https:\/\/www.insuco.com\/es\/wp-json\/wp\/v2\/project"}],"about":[{"href":"https:\/\/www.insuco.com\/es\/wp-json\/wp\/v2\/types\/project"}],"author":[{"embeddable":true,"href":"https:\/\/www.insuco.com\/es\/wp-json\/wp\/v2\/users\/9"}],"replies":[{"embeddable":true,"href":"https:\/\/www.insuco.com\/es\/wp-json\/wp\/v2\/comments?post=39924"}],"version-history":[{"count":4,"href":"https:\/\/www.insuco.com\/es\/wp-json\/wp\/v2\/project\/39924\/revisions"}],"predecessor-version":[{"id":39933,"href":"https:\/\/www.insuco.com\/es\/wp-json\/wp\/v2\/project\/39924\/revisions\/39933"}],"wp:featuredmedia":[{"embeddable":true,"href":"https:\/\/www.insuco.com\/es\/wp-json\/wp\/v2\/media\/39919"}],"wp:attachment":[{"href":"https:\/\/www.insuco.com\/es\/wp-json\/wp\/v2\/media?parent=39924"}],"wp:term":[{"taxonomy":"project_category","embeddable":true,"href":"https:\/\/www.insuco.com\/es\/wp-json\/wp\/v2\/project_category?post=39924"},{"taxonomy":"project_tag","embeddable":true,"href":"https:\/\/www.insuco.com\/es\/wp-json\/wp\/v2\/project_tag?post=39924"},{"taxonomy":"region","embeddable":true,"href":"https:\/\/www.insuco.com\/es\/wp-json\/wp\/v2\/region?post=39924"},{"taxonomy":"secteur","embeddable":true,"href":"https:\/\/www.insuco.com\/es\/wp-json\/wp\/v2\/secteur?post=39924"},{"taxonomy":"services","embeddable":true,"href":"https:\/\/www.insuco.com\/es\/wp-json\/wp\/v2\/services?post=39924"},{"taxonomy":"client","embeddable":true,"href":"https:\/\/www.insuco.com\/es\/wp-json\/wp\/v2\/client?post=39924"}],"curies":[{"name":"wp","href":"https:\/\/api.w.org\/{rel}","templated":true}]}}