{"id":35316,"date":"2019-07-23T23:18:32","date_gmt":"2019-07-23T21:18:32","guid":{"rendered":"https:\/\/www.insuco.com\/?post_type=project&#038;p=35316"},"modified":"2024-02-12T16:57:15","modified_gmt":"2024-02-12T15:57:15","slug":"estudio-exploratorio-sobre-la-migracion-costera-en-la-region-de-menabe-madagascar","status":"publish","type":"project","link":"https:\/\/www.insuco.com\/es\/project\/estudio-exploratorio-sobre-la-migracion-costera-en-la-region-de-menabe-madagascar\/","title":{"rendered":"Estudio exploratorio sobre la migraci\u00f3n costera en la regi\u00f3n de Menabe &#8211; Madagascar"},"content":{"rendered":"<p>[et_pb_section fb_built=\u00bb1&#8243; _builder_version=\u00bb4.10.8&#8243; use_background_color_gradient=\u00bbon\u00bb background_color_gradient_start=\u00bbrgba(0,129,139,0.75)\u00bb background_color_gradient_end=\u00bbrgba(0,129,139,0.82)\u00bb background_color_gradient_overlays_image=\u00bbon\u00bb background_image=\u00bbhttps:\/\/www.insuco.com\/wp-content\/uploads\/2021\/12\/port-mada-omi.jpg\u00bb custom_padding=\u00bb200px|0px|23px|0px|false|false\u00bb hover_enabled=\u00bb0&#8243; locked=\u00bboff\u00bb global_colors_info=\u00bb{}\u00bb title_text=\u00bbport mada omi\u00bb sticky_enabled=\u00bb0&#8243;][et_pb_row _builder_version=\u00bb4.7.4&#8243; custom_padding=\u00bb27px|0px|0|0px|false|false\u00bb locked=\u00bboff\u00bb global_colors_info=\u00bb{}\u00bb][et_pb_column type=\u00bb4_4&#8243; _builder_version=\u00bb3.25&#8243; global_colors_info=\u00bb{}\u00bb custom_padding__hover=\u00bb|||\u00bb][et_pb_text admin_label=\u00bbProjRecentTitre2 FR\u00bb _builder_version=\u00bb4.10.8&#8243; header_font=\u00bb|300|||||||\u00bb header_text_color=\u00bb#ffffff\u00bb header_font_size=\u00bb70px\u00bb header_2_text_color=\u00bb#ffffff\u00bb header_2_font_size=\u00bb60px\u00bb custom_padding=\u00bb|||\u00bb animation_style=\u00bbslide\u00bb animation_direction=\u00bbright\u00bb animation_delay=\u00bb500ms\u00bb header_font_size_tablet=\u00bb\u00bb header_font_size_phone=\u00bb50px\u00bb header_font_size_last_edited=\u00bbon|phone\u00bb saved_tabs=\u00bball\u00bb locked=\u00bboff\u00bb global_colors_info=\u00bb{}\u00bb header_2_text_color__hover_enabled=\u00bbon\u00bb header_2_text_color__hover=\u00bb#b1e3e3&#8243;]<\/p>\n<h1>Projets r\u00e9cents ou en cours<\/h1>\n<p>[\/et_pb_text][\/et_pb_column][\/et_pb_row][\/et_pb_section][et_pb_section fb_built=\u00bb1&#8243; _builder_version=\u00bb4.10.8&#8243; custom_padding=\u00bb21px|0px|47px|0px|false|false\u00bb collapsed=\u00bboff\u00bb global_colors_info=\u00bb{}\u00bb][et_pb_row use_custom_gutter=\u00bbon\u00bb gutter_width=\u00bb2&#8243; make_equal=\u00bbon\u00bb _builder_version=\u00bb3.25&#8243; custom_margin=\u00bb||\u00bb custom_padding=\u00bb||0px|||\u00bb global_colors_info=\u00bb{}\u00bb][et_pb_column type=\u00bb4_4&#8243; _builder_version=\u00bb3.25&#8243; global_colors_info=\u00bb{}\u00bb custom_padding__hover=\u00bb|||\u00bb][et_pb_text admin_label=\u00bbTitre long\u00bb _builder_version=\u00bb4.10.8&#8243; header_2_text_color=\u00bb#00818b\u00bb header_2_font_size=\u00bb40px\u00bb header_3_font=\u00bb|600|||||||\u00bb header_3_font_size=\u00bb25px\u00bb custom_margin=\u00bb||0px\u00bb custom_margin_tablet=\u00bb\u00bb custom_margin_phone=\u00bb||20px|\u00bb custom_margin_last_edited=\u00bbon|phone\u00bb custom_padding=\u00bb||0px|||\u00bb hover_enabled=\u00bb0&#8243; header_2_font_size_tablet=\u00bb\u00bb header_2_font_size_phone=\u00bb\u00bb header_2_font_size_last_edited=\u00bbon|phone\u00bb global_colors_info=\u00bb{}\u00bb sticky_enabled=\u00bb0&#8243;]<\/p>\n<h2>R\u00e9alisation d\u2019une recherche multidisciplinaire portant sur la migration interne en lien avec les sujets d\u2019int\u00e9r\u00eats du projet \u00ab REAP :\u00a0 R\u00e9pondre aux menaces \u00e0 la paix et \u00e0 la coh\u00e9sion sociale li\u00e9es aux migrations non ma\u00eetris\u00e9es par l\u2019appui \u00e0 l\u2019autonomisation et \u00e0 la promotion des femmes \u00e0 Madagascar\u00bb<\/h2>\n<p>[\/et_pb_text][et_pb_text admin_label=\u00bbClient \u00bb _builder_version=\u00bb4.10.8&#8243; text_font=\u00bbSource Sans Pro||||||||\u00bb text_text_color=\u00bb#000000&#8243; text_font_size=\u00bb23px\u00bb header_2_text_color=\u00bb#00818b\u00bb header_2_font_size=\u00bb40px\u00bb header_3_font=\u00bb|600|||||||\u00bb header_3_font_size=\u00bb25px\u00bb custom_margin=\u00bb0px||\u00bb custom_margin_tablet=\u00bb\u00bb custom_margin_phone=\u00bb||10px\u00bb custom_margin_last_edited=\u00bbon|phone\u00bb custom_padding=\u00bb0px|||||\u00bb hover_enabled=\u00bb0&#8243; header_2_font_size_tablet=\u00bb\u00bb header_2_font_size_phone=\u00bb\u00bb header_2_font_size_last_edited=\u00bbon|phone\u00bb global_colors_info=\u00bb{}\u00bb sticky_enabled=\u00bb0&#8243;]<\/p>\n<p><strong>Client : <\/strong>Organisation Internationale pour les Migrations (OIM)<\/p>\n<p>[\/et_pb_text][\/et_pb_column][\/et_pb_row][et_pb_row column_structure=\u00bb2_5,3_5&#8243; use_custom_gutter=\u00bbon\u00bb gutter_width=\u00bb2&#8243; _builder_version=\u00bb3.26&#8243; custom_margin=\u00bb||\u00bb custom_padding=\u00bb||0px|||\u00bb global_colors_info=\u00bb{}\u00bb][et_pb_column type=\u00bb2_5&#8243; _builder_version=\u00bb3.26&#8243; background_color=\u00bbrgba(0,129,139,0.08);\u00bb custom_padding=\u00bb20px|20px|20px|20px|false|false\u00bb custom_padding_tablet=\u00bb\u00bb custom_padding_phone=\u00bb10px|10px|10px|10px|false|false\u00bb custom_padding_last_edited=\u00bbon|phone\u00bb global_colors_info=\u00bb{}\u00bb custom_padding__hover=\u00bb|||\u00bb][et_pb_text admin_label=\u00bbCatRegion2 FR\u00bb module_class=\u00bbcustom-taxonomy\u00bb _builder_version=\u00bb4.10.8&#8243; _dynamic_attributes=\u00bbcontent\u00bb text_font=\u00bb|700|||||||\u00bb header_font=\u00bb||||||||\u00bb header_2_font=\u00bb||||||||\u00bb header_2_text_color=\u00bb#00818b\u00bb header_2_font_size=\u00bb40px\u00bb header_3_font=\u00bb|600|||||||\u00bb header_3_font_size=\u00bb25px\u00bb custom_margin_tablet=\u00bb\u00bb custom_margin_phone=\u00bb||10px\u00bb custom_margin_last_edited=\u00bbon|phone\u00bb custom_padding=\u00bb|||||\u00bb header_2_font_size_tablet=\u00bb\u00bb header_2_font_size_phone=\u00bb40px\u00bb header_2_font_size_last_edited=\u00bbon|phone\u00bb saved_tabs=\u00bball\u00bb locked=\u00bboff\u00bb global_colors_info=\u00bb{}\u00bb]@ET-DC@eyJkeW5hbWljIjp0cnVlLCJjb250ZW50IjoicG9zdF9jYXRlZ29yaWVzIiwic2V0dGluZ3MiOnsiYmVmb3JlIjoiUlx1MDBlOWdpb24gXC8gUGF5cyA6ICIsImFmdGVyIjoiIiwibGlua190b190ZXJtX3BhZ2UiOiJvbiIsInNlcGFyYXRvciI6IiIsImNhdGVnb3J5X3R5cGUiOiJyZWdpb24ifX0=@[\/et_pb_text][et_pb_text admin_label=\u00bbCatSecteur2 FR\u00bb module_class=\u00bbcustom-taxonomy\u00bb _builder_version=\u00bb3.27.4&#8243; _dynamic_attributes=\u00bbcontent\u00bb text_font=\u00bb|700|||||||\u00bb header_font=\u00bb||||||||\u00bb header_2_font=\u00bb||||||||\u00bb header_2_text_color=\u00bb#00818b\u00bb header_2_font_size=\u00bb40px\u00bb header_3_font=\u00bb|600|||||||\u00bb header_3_font_size=\u00bb25px\u00bb custom_margin_tablet=\u00bb\u00bb custom_margin_phone=\u00bb||10px\u00bb custom_margin_last_edited=\u00bbon|phone\u00bb custom_padding=\u00bb|||||\u00bb header_2_font_size_tablet=\u00bb\u00bb header_2_font_size_phone=\u00bb40px\u00bb header_2_font_size_last_edited=\u00bbon|phone\u00bb saved_tabs=\u00bball\u00bb locked=\u00bbon\u00bb global_colors_info=\u00bb{}\u00bb]@ET-DC@eyJkeW5hbWljIjp0cnVlLCJjb250ZW50IjoicG9zdF9jYXRlZ29yaWVzIiwic2V0dGluZ3MiOnsiYmVmb3JlIjoiU2VjdGV1cnMgOiAiLCJhZnRlciI6IiIsImxpbmtfdG9fdGVybV9wYWdlIjoib24iLCJzZXBhcmF0b3IiOiIiLCJjYXRlZ29yeV90eXBlIjoic2VjdGV1ciJ9fQ==@[\/et_pb_text][et_pb_text admin_label=\u00bbCatService2 FR\u00bb module_class=\u00bbcustom-taxonomy\u00bb _builder_version=\u00bb3.27.4&#8243; _dynamic_attributes=\u00bbcontent\u00bb text_font=\u00bb|700|||||||\u00bb header_font=\u00bb||||||||\u00bb header_2_font=\u00bb||||||||\u00bb header_2_text_color=\u00bb#00818b\u00bb header_2_font_size=\u00bb40px\u00bb header_3_font=\u00bb|600|||||||\u00bb header_3_font_size=\u00bb25px\u00bb custom_margin_tablet=\u00bb\u00bb custom_margin_phone=\u00bb||10px\u00bb custom_margin_last_edited=\u00bbon|phone\u00bb custom_padding=\u00bb|||||\u00bb header_2_font_size_tablet=\u00bb\u00bb header_2_font_size_phone=\u00bb40px\u00bb header_2_font_size_last_edited=\u00bbon|phone\u00bb saved_tabs=\u00bball\u00bb locked=\u00bbon\u00bb global_colors_info=\u00bb{}\u00bb]@ET-DC@eyJkeW5hbWljIjp0cnVlLCJjb250ZW50IjoicG9zdF9jYXRlZ29yaWVzIiwic2V0dGluZ3MiOnsiYmVmb3JlIjoiU2VydmljZXMgOiAiLCJhZnRlciI6IiIsImxpbmtfdG9fdGVybV9wYWdlIjoib24iLCJzZXBhcmF0b3IiOiIiLCJjYXRlZ29yeV90eXBlIjoic2VydmljZXMifX0=@[\/et_pb_text][et_pb_text admin_label=\u00bbCatClient2 FR\u00bb module_class=\u00bbcustom-taxonomy\u00bb _builder_version=\u00bb3.27.4&#8243; _dynamic_attributes=\u00bbcontent\u00bb text_font=\u00bb|700|||||||\u00bb header_font=\u00bb||||||||\u00bb header_2_font=\u00bb||||||||\u00bb header_2_text_color=\u00bb#00818b\u00bb header_2_font_size=\u00bb40px\u00bb header_3_font=\u00bb|600|||||||\u00bb header_3_font_size=\u00bb25px\u00bb custom_margin_tablet=\u00bb\u00bb custom_margin_phone=\u00bb||10px\u00bb custom_margin_last_edited=\u00bbon|phone\u00bb custom_padding=\u00bb|||||\u00bb header_2_font_size_tablet=\u00bb\u00bb header_2_font_size_phone=\u00bb40px\u00bb header_2_font_size_last_edited=\u00bbon|phone\u00bb saved_tabs=\u00bball\u00bb locked=\u00bboff\u00bb global_colors_info=\u00bb{}\u00bb]@ET-DC@eyJkeW5hbWljIjp0cnVlLCJjb250ZW50IjoicG9zdF9jYXRlZ29yaWVzIiwic2V0dGluZ3MiOnsiYmVmb3JlIjoiQ2F0XHUwMGU5Z29yaWUgZGUgY2xpZW50IDogIiwiYWZ0ZXIiOiIiLCJsaW5rX3RvX3Rlcm1fcGFnZSI6Im9uIiwic2VwYXJhdG9yIjoiIiwiY2F0ZWdvcnlfdHlwZSI6ImNsaWVudCJ9fQ==@[\/et_pb_text][\/et_pb_column][et_pb_column type=\u00bb3_5&#8243; _builder_version=\u00bb3.25&#8243; global_colors_info=\u00bb{}\u00bb custom_padding__hover=\u00bb|||\u00bb][et_pb_post_title title=\u00bboff\u00bb meta=\u00bboff\u00bb admin_label=\u00bbImage\u00bb _builder_version=\u00bb3.22.7&#8243; custom_margin=\u00bb||22px|||\u00bb locked=\u00bbon\u00bb global_colors_info=\u00bb{}\u00bb][\/et_pb_post_title][et_pb_text admin_label=\u00bbMissionTitre2 FR\u00bb _builder_version=\u00bb3.27.4&#8243; header_2_font=\u00bb|600|||||||\u00bb header_2_text_color=\u00bb#00818b\u00bb header_2_font_size=\u00bb40px\u00bb header_3_font=\u00bb|600|||||||\u00bb header_3_font_size=\u00bb25px\u00bb custom_margin=\u00bb||-2px|||\u00bb custom_padding=\u00bb|||||\u00bb header_2_font_size_tablet=\u00bb\u00bb header_2_font_size_phone=\u00bb\u00bb header_2_font_size_last_edited=\u00bbon|phone\u00bb z_index_tablet=\u00bb500&#8243; saved_tabs=\u00bball\u00bb locked=\u00bbon\u00bb global_colors_info=\u00bb{}\u00bb]<\/p>\n<h3>Mission :<\/h3>\n<p>[\/et_pb_text][et_pb_text admin_label=\u00bbMission texte\u00bb _builder_version=\u00bb4.10.8&#8243; header_2_font=\u00bb|600|||||||\u00bb header_2_text_color=\u00bb#00818b\u00bb header_2_font_size=\u00bb40px\u00bb header_3_font=\u00bb|600|||||||\u00bb header_3_font_size=\u00bb25px\u00bb custom_padding=\u00bb|||||\u00bb hover_enabled=\u00bb0&#8243; header_2_font_size_tablet=\u00bb\u00bb header_2_font_size_phone=\u00bb\u00bb header_2_font_size_last_edited=\u00bbon|phone\u00bb global_colors_info=\u00bb{}\u00bb sticky_enabled=\u00bb0&#8243;]<\/p>\n<p>La mission consistait \u00e0 r\u00e9aliser une \u00e9tude exploratoire sur la migration c\u00f4ti\u00e8re dans la r\u00e9gion du Menabe pour \u00e9valuer l\u2019\u00e9volution du ph\u00e9nom\u00e8ne dans le temps, mieux comprendre la dynamique des impacts sur la bonne gestion des ressources marines et c\u00f4ti\u00e8res et les aspects de gouvernance et de coh\u00e9sion sociale associ\u00e9s, et ainsi mieux prendre en compte ce ph\u00e9nom\u00e8ne dans les diff\u00e9rents programmes et activit\u00e9s visant \u00e0 mieux g\u00e9rer ces aspects.<\/p>\n<p>[\/et_pb_text][et_pb_text admin_label=\u00bbResultatTitre2 FR\u00bb _builder_version=\u00bb3.27.4&#8243; header_2_font=\u00bb|600|||||||\u00bb header_2_text_color=\u00bb#00818b\u00bb header_2_font_size=\u00bb40px\u00bb header_3_font=\u00bb|600|||||||\u00bb header_3_font_size=\u00bb25px\u00bb custom_margin=\u00bb||-2px|||\u00bb custom_padding=\u00bb|||||\u00bb header_2_font_size_tablet=\u00bb\u00bb header_2_font_size_phone=\u00bb\u00bb header_2_font_size_last_edited=\u00bbon|phone\u00bb z_index_tablet=\u00bb500&#8243; saved_tabs=\u00bball\u00bb locked=\u00bbon\u00bb global_colors_info=\u00bb{}\u00bb]<\/p>\n<h3>R\u00e9sultat :<\/h3>\n<p>[\/et_pb_text][et_pb_text admin_label=\u00bbR\u00e9sultat texte\u00bb _builder_version=\u00bb4.10.8&#8243; header_2_font=\u00bb|600|||||||\u00bb header_2_text_color=\u00bb#00818b\u00bb header_2_font_size=\u00bb40px\u00bb header_3_font=\u00bb|600|||||||\u00bb header_3_font_size=\u00bb25px\u00bb custom_padding=\u00bb|||||\u00bb hover_enabled=\u00bb0&#8243; header_2_font_size_tablet=\u00bb\u00bb header_2_font_size_phone=\u00bb\u00bb header_2_font_size_last_edited=\u00bbon|phone\u00bb global_colors_info=\u00bb{}\u00bb sticky_enabled=\u00bb0&#8243;]<\/p>\n<p>Les services ci-apr\u00e8s ont \u00e9t\u00e9 fourni par Insuco\u00a0:\u00a0<\/p>\n<ul>\n<li>R\u00e9alisation d\u2019une \u00e9tude de cas pour qualifier la migration, les enjeux et les impacts associ\u00e9s<\/li>\n<li>R\u00e9aliser des consultations (entretiens et focus group) pour d\u00e9terminer les profils des migrants et cartographier la dynamique migratoire<\/li>\n<li>R\u00e9diger un document scientifique pr\u00e9liminaire (working paper)<\/li>\n<\/ul>\n<p>Les livrables suivant ont \u00e9t\u00e9 soumis par Insuco\u00a0:\u00a0<\/p>\n<ul>\n<li>Une note de cadrage\u00a0<\/li>\n<li>Un working paper \u2013 brouillon<\/li>\n<li>Un working paper \u2013 version final (apr\u00e8s revue du client)\u00a0<\/li>\n<\/ul>\n<p>[\/et_pb_text][\/et_pb_column][\/et_pb_row][\/et_pb_section][et_pb_section fb_built=\u00bb1&#8243; _builder_version=\u00bb3.22.7&#8243; background_color=\u00bbrgba(177,227,227,0.25)\u00bb custom_margin=\u00bb||-25px\u00bb custom_padding=\u00bb37px|0px|25px|0px|false|false\u00bb saved_tabs=\u00bball\u00bb locked=\u00bboff\u00bb collapsed=\u00bboff\u00bb global_colors_info=\u00bb{}\u00bb][et_pb_row _builder_version=\u00bb3.25&#8243; global_colors_info=\u00bb{}\u00bb][et_pb_column type=\u00bb4_4&#8243; _builder_version=\u00bb3.25&#8243; global_colors_info=\u00bb{}\u00bb custom_padding__hover=\u00bb|||\u00bb][et_pb_cta title=\u00bbParlez-nous de votre projet !\u00bb button_url=\u00bbhttps:\/\/www.insuco.com\/es\/contacto\/\u00bb button_text=\u00bbContactez-nous\u00bb admin_label=\u00bbCTAProjet2 FR\u00bb _builder_version=\u00bb3.25.4&#8243; background_color=\u00bbrgba(89,175,181,0)\u00bb background_layout=\u00bblight\u00bb animation_style=\u00bbzoom\u00bb header_font_size_tablet=\u00bb\u00bb header_font_size_phone=\u00bb40px\u00bb header_font_size_last_edited=\u00bbon|phone\u00bb z_index_tablet=\u00bb500&#8243; header_text_shadow_horizontal_length_tablet=\u00bb0px\u00bb header_text_shadow_vertical_length_tablet=\u00bb0px\u00bb header_text_shadow_blur_strength_tablet=\u00bb1px\u00bb body_text_shadow_horizontal_length_tablet=\u00bb0px\u00bb body_text_shadow_vertical_length_tablet=\u00bb0px\u00bb body_text_shadow_blur_strength_tablet=\u00bb1px\u00bb body_link_text_shadow_horizontal_length_tablet=\u00bb0px\u00bb body_link_text_shadow_vertical_length_tablet=\u00bb0px\u00bb body_link_text_shadow_blur_strength_tablet=\u00bb1px\u00bb body_ul_text_shadow_horizontal_length_tablet=\u00bb0px\u00bb body_ul_text_shadow_vertical_length_tablet=\u00bb0px\u00bb body_ul_text_shadow_blur_strength_tablet=\u00bb1px\u00bb body_ol_text_shadow_horizontal_length_tablet=\u00bb0px\u00bb body_ol_text_shadow_vertical_length_tablet=\u00bb0px\u00bb body_ol_text_shadow_blur_strength_tablet=\u00bb1px\u00bb body_quote_text_shadow_horizontal_length_tablet=\u00bb0px\u00bb body_quote_text_shadow_vertical_length_tablet=\u00bb0px\u00bb body_quote_text_shadow_blur_strength_tablet=\u00bb1px\u00bb button_text_shadow_horizontal_length_tablet=\u00bb0px\u00bb button_text_shadow_vertical_length_tablet=\u00bb0px\u00bb button_text_shadow_blur_strength_tablet=\u00bb1px\u00bb box_shadow_horizontal_tablet=\u00bb0px\u00bb box_shadow_vertical_tablet=\u00bb0px\u00bb box_shadow_blur_tablet=\u00bb40px\u00bb box_shadow_spread_tablet=\u00bb0px\u00bb box_shadow_horizontal_button_tablet=\u00bb0px\u00bb box_shadow_vertical_button_tablet=\u00bb0px\u00bb box_shadow_blur_button_tablet=\u00bb40px\u00bb box_shadow_spread_button_tablet=\u00bb0px\u00bb text_shadow_horizontal_length_tablet=\u00bb0px\u00bb text_shadow_vertical_length_tablet=\u00bb0px\u00bb text_shadow_blur_strength_tablet=\u00bb1px\u00bb saved_tabs=\u00bball\u00bb locked=\u00bbon\u00bb global_colors_info=\u00bb{}\u00bb]Vous souhaitez \u00e9changer sur votre projet et ses enjeux ? En savoir plus sur Insuco et nos expertises ? Nous rencontrer ?<br \/>\n[\/et_pb_cta][\/et_pb_column][\/et_pb_row][\/et_pb_section]<\/p>\n","protected":false},"excerpt":{"rendered":"<p>Projets r\u00e9cents ou en cours R\u00e9alisation d\u2019une recherche multidisciplinaire portant sur la migration interne en lien avec les sujets d\u2019int\u00e9r\u00eats du projet \u00ab REAP :\u00a0 R\u00e9pondre aux menaces \u00e0 la paix et \u00e0 la coh\u00e9sion sociale li\u00e9es aux migrations non ma\u00eetris\u00e9es par l\u2019appui \u00e0 l\u2019autonomisation et \u00e0 la promotion des femmes \u00e0 Madagascar\u00bbClient : Organisation [&hellip;]<\/p>\n","protected":false},"author":9,"featured_media":35290,"comment_status":"open","ping_status":"closed","template":"","meta":{"_acf_changed":false,"_et_pb_use_builder":"on","_et_pb_old_content":"","_et_gb_content_width":"","footnotes":""},"project_category":[264,274],"project_tag":[562],"region":[106,107],"secteur":[157,165],"services":[109,171],"client":[179],"class_list":["post-35316","project","type-project","status-publish","has-post-thumbnail","hentry","project_category-secteurs-cooperation-aide-au-developpement-es","project_category-secteurs-ressources-naturelles-es","project_tag-anciens-projets-avec-builder-es","region-africa-es","region-madagascar-es","secteur-cooperacion-apoyo-al-desarrollo","secteur-recursos-naturales","services-estudios","services-gestion-de-datos","client-agencias-de-cooperacion"],"acf":[],"yoast_head":"<!-- This site is optimized with the Yoast SEO plugin v26.0 - https:\/\/yoast.com\/wordpress\/plugins\/seo\/ -->\n<title>Estudio exploratorio sobre la migraci\u00f3n costera en la regi\u00f3n de Menabe - Madagascar - Insuco<\/title>\n<meta name=\"robots\" content=\"index, follow, max-snippet:-1, max-image-preview:large, max-video-preview:-1\" \/>\n<link rel=\"canonical\" href=\"https:\/\/www.insuco.com\/es\/project\/estudio-exploratorio-sobre-la-migracion-costera-en-la-region-de-menabe-madagascar\/\" \/>\n<meta property=\"og:locale\" content=\"es_ES\" \/>\n<meta property=\"og:type\" content=\"article\" \/>\n<meta property=\"og:title\" content=\"Estudio exploratorio sobre la migraci\u00f3n costera en la regi\u00f3n de Menabe - Madagascar - Insuco\" \/>\n<meta property=\"og:description\" content=\"Projets r\u00e9cents ou en cours R\u00e9alisation d\u2019une recherche multidisciplinaire portant sur la migration interne en lien avec les sujets d\u2019int\u00e9r\u00eats du projet \u00ab REAP :\u00a0 R\u00e9pondre aux menaces \u00e0 la paix et \u00e0 la coh\u00e9sion sociale li\u00e9es aux migrations non ma\u00eetris\u00e9es par l\u2019appui \u00e0 l\u2019autonomisation et \u00e0 la promotion des femmes \u00e0 Madagascar\u00bbClient : Organisation [&hellip;]\" \/>\n<meta property=\"og:url\" content=\"https:\/\/www.insuco.com\/es\/project\/estudio-exploratorio-sobre-la-migracion-costera-en-la-region-de-menabe-madagascar\/\" \/>\n<meta property=\"og:site_name\" content=\"Insuco\" \/>\n<meta property=\"article:modified_time\" content=\"2024-02-12T15:57:15+00:00\" \/>\n<meta property=\"og:image\" content=\"https:\/\/www.insuco.com\/wp-content\/uploads\/2021\/12\/mada-2-escaomi.jpg\" \/>\n\t<meta property=\"og:image:width\" content=\"700\" \/>\n\t<meta property=\"og:image:height\" content=\"525\" \/>\n\t<meta property=\"og:image:type\" content=\"image\/jpeg\" \/>\n<meta name=\"twitter:card\" content=\"summary_large_image\" \/>\n<meta name=\"twitter:label1\" content=\"Tiempo de lectura\" \/>\n\t<meta name=\"twitter:data1\" content=\"9 minutos\" \/>\n<script type=\"application\/ld+json\" class=\"yoast-schema-graph\">{\"@context\":\"https:\/\/schema.org\",\"@graph\":[{\"@type\":\"WebPage\",\"@id\":\"https:\/\/www.insuco.com\/es\/project\/estudio-exploratorio-sobre-la-migracion-costera-en-la-region-de-menabe-madagascar\/\",\"url\":\"https:\/\/www.insuco.com\/es\/project\/estudio-exploratorio-sobre-la-migracion-costera-en-la-region-de-menabe-madagascar\/\",\"name\":\"Estudio exploratorio sobre la migraci\u00f3n costera en la regi\u00f3n de Menabe - Madagascar - Insuco\",\"isPartOf\":{\"@id\":\"https:\/\/www.insuco.com\/es\/#website\"},\"primaryImageOfPage\":{\"@id\":\"https:\/\/www.insuco.com\/es\/project\/estudio-exploratorio-sobre-la-migracion-costera-en-la-region-de-menabe-madagascar\/#primaryimage\"},\"image\":{\"@id\":\"https:\/\/www.insuco.com\/es\/project\/estudio-exploratorio-sobre-la-migracion-costera-en-la-region-de-menabe-madagascar\/#primaryimage\"},\"thumbnailUrl\":\"https:\/\/www.insuco.com\/wp-content\/uploads\/2021\/12\/mada-2-escaomi.jpg\",\"datePublished\":\"2019-07-23T21:18:32+00:00\",\"dateModified\":\"2024-02-12T15:57:15+00:00\",\"breadcrumb\":{\"@id\":\"https:\/\/www.insuco.com\/es\/project\/estudio-exploratorio-sobre-la-migracion-costera-en-la-region-de-menabe-madagascar\/#breadcrumb\"},\"inLanguage\":\"es\",\"potentialAction\":[{\"@type\":\"ReadAction\",\"target\":[\"https:\/\/www.insuco.com\/es\/project\/estudio-exploratorio-sobre-la-migracion-costera-en-la-region-de-menabe-madagascar\/\"]}]},{\"@type\":\"ImageObject\",\"inLanguage\":\"es\",\"@id\":\"https:\/\/www.insuco.com\/es\/project\/estudio-exploratorio-sobre-la-migracion-costera-en-la-region-de-menabe-madagascar\/#primaryimage\",\"url\":\"https:\/\/www.insuco.com\/wp-content\/uploads\/2021\/12\/mada-2-escaomi.jpg\",\"contentUrl\":\"https:\/\/www.insuco.com\/wp-content\/uploads\/2021\/12\/mada-2-escaomi.jpg\",\"width\":700,\"height\":525},{\"@type\":\"BreadcrumbList\",\"@id\":\"https:\/\/www.insuco.com\/es\/project\/estudio-exploratorio-sobre-la-migracion-costera-en-la-region-de-menabe-madagascar\/#breadcrumb\",\"itemListElement\":[{\"@type\":\"ListItem\",\"position\":1,\"name\":\"Accueil\",\"item\":\"https:\/\/www.insuco.com\/es\/\"},{\"@type\":\"ListItem\",\"position\":2,\"name\":\"Proyectos\",\"item\":\"https:\/\/www.insuco.com\/es\/project\/\"},{\"@type\":\"ListItem\",\"position\":3,\"name\":\"Estudio exploratorio sobre la migraci\u00f3n costera en la regi\u00f3n de Menabe - Madagascar\"}]},{\"@type\":\"WebSite\",\"@id\":\"https:\/\/www.insuco.com\/es\/#website\",\"url\":\"https:\/\/www.insuco.com\/es\/\",\"name\":\"Insuco\",\"description\":\"Local understanding for sustainable solutions\",\"potentialAction\":[{\"@type\":\"SearchAction\",\"target\":{\"@type\":\"EntryPoint\",\"urlTemplate\":\"https:\/\/www.insuco.com\/es\/?s={search_term_string}\"},\"query-input\":{\"@type\":\"PropertyValueSpecification\",\"valueRequired\":true,\"valueName\":\"search_term_string\"}}],\"inLanguage\":\"es\"}]}<\/script>\n<!-- \/ Yoast SEO plugin. -->","yoast_head_json":{"title":"Estudio exploratorio sobre la migraci\u00f3n costera en la regi\u00f3n de Menabe - Madagascar - Insuco","robots":{"index":"index","follow":"follow","max-snippet":"max-snippet:-1","max-image-preview":"max-image-preview:large","max-video-preview":"max-video-preview:-1"},"canonical":"https:\/\/www.insuco.com\/es\/project\/estudio-exploratorio-sobre-la-migracion-costera-en-la-region-de-menabe-madagascar\/","og_locale":"es_ES","og_type":"article","og_title":"Estudio exploratorio sobre la migraci\u00f3n costera en la regi\u00f3n de Menabe - Madagascar - Insuco","og_description":"Projets r\u00e9cents ou en cours R\u00e9alisation d\u2019une recherche multidisciplinaire portant sur la migration interne en lien avec les sujets d\u2019int\u00e9r\u00eats du projet \u00ab REAP :\u00a0 R\u00e9pondre aux menaces \u00e0 la paix et \u00e0 la coh\u00e9sion sociale li\u00e9es aux migrations non ma\u00eetris\u00e9es par l\u2019appui \u00e0 l\u2019autonomisation et \u00e0 la promotion des femmes \u00e0 Madagascar\u00bbClient : Organisation [&hellip;]","og_url":"https:\/\/www.insuco.com\/es\/project\/estudio-exploratorio-sobre-la-migracion-costera-en-la-region-de-menabe-madagascar\/","og_site_name":"Insuco","article_modified_time":"2024-02-12T15:57:15+00:00","og_image":[{"width":700,"height":525,"url":"https:\/\/www.insuco.com\/wp-content\/uploads\/2021\/12\/mada-2-escaomi.jpg","type":"image\/jpeg"}],"twitter_card":"summary_large_image","twitter_misc":{"Tiempo de lectura":"9 minutos"},"schema":{"@context":"https:\/\/schema.org","@graph":[{"@type":"WebPage","@id":"https:\/\/www.insuco.com\/es\/project\/estudio-exploratorio-sobre-la-migracion-costera-en-la-region-de-menabe-madagascar\/","url":"https:\/\/www.insuco.com\/es\/project\/estudio-exploratorio-sobre-la-migracion-costera-en-la-region-de-menabe-madagascar\/","name":"Estudio exploratorio sobre la migraci\u00f3n costera en la regi\u00f3n de Menabe - Madagascar - Insuco","isPartOf":{"@id":"https:\/\/www.insuco.com\/es\/#website"},"primaryImageOfPage":{"@id":"https:\/\/www.insuco.com\/es\/project\/estudio-exploratorio-sobre-la-migracion-costera-en-la-region-de-menabe-madagascar\/#primaryimage"},"image":{"@id":"https:\/\/www.insuco.com\/es\/project\/estudio-exploratorio-sobre-la-migracion-costera-en-la-region-de-menabe-madagascar\/#primaryimage"},"thumbnailUrl":"https:\/\/www.insuco.com\/wp-content\/uploads\/2021\/12\/mada-2-escaomi.jpg","datePublished":"2019-07-23T21:18:32+00:00","dateModified":"2024-02-12T15:57:15+00:00","breadcrumb":{"@id":"https:\/\/www.insuco.com\/es\/project\/estudio-exploratorio-sobre-la-migracion-costera-en-la-region-de-menabe-madagascar\/#breadcrumb"},"inLanguage":"es","potentialAction":[{"@type":"ReadAction","target":["https:\/\/www.insuco.com\/es\/project\/estudio-exploratorio-sobre-la-migracion-costera-en-la-region-de-menabe-madagascar\/"]}]},{"@type":"ImageObject","inLanguage":"es","@id":"https:\/\/www.insuco.com\/es\/project\/estudio-exploratorio-sobre-la-migracion-costera-en-la-region-de-menabe-madagascar\/#primaryimage","url":"https:\/\/www.insuco.com\/wp-content\/uploads\/2021\/12\/mada-2-escaomi.jpg","contentUrl":"https:\/\/www.insuco.com\/wp-content\/uploads\/2021\/12\/mada-2-escaomi.jpg","width":700,"height":525},{"@type":"BreadcrumbList","@id":"https:\/\/www.insuco.com\/es\/project\/estudio-exploratorio-sobre-la-migracion-costera-en-la-region-de-menabe-madagascar\/#breadcrumb","itemListElement":[{"@type":"ListItem","position":1,"name":"Accueil","item":"https:\/\/www.insuco.com\/es\/"},{"@type":"ListItem","position":2,"name":"Proyectos","item":"https:\/\/www.insuco.com\/es\/project\/"},{"@type":"ListItem","position":3,"name":"Estudio exploratorio sobre la migraci\u00f3n costera en la regi\u00f3n de Menabe - Madagascar"}]},{"@type":"WebSite","@id":"https:\/\/www.insuco.com\/es\/#website","url":"https:\/\/www.insuco.com\/es\/","name":"Insuco","description":"Local understanding for sustainable solutions","potentialAction":[{"@type":"SearchAction","target":{"@type":"EntryPoint","urlTemplate":"https:\/\/www.insuco.com\/es\/?s={search_term_string}"},"query-input":{"@type":"PropertyValueSpecification","valueRequired":true,"valueName":"search_term_string"}}],"inLanguage":"es"}]}},"_links":{"self":[{"href":"https:\/\/www.insuco.com\/es\/wp-json\/wp\/v2\/project\/35316","targetHints":{"allow":["GET"]}}],"collection":[{"href":"https:\/\/www.insuco.com\/es\/wp-json\/wp\/v2\/project"}],"about":[{"href":"https:\/\/www.insuco.com\/es\/wp-json\/wp\/v2\/types\/project"}],"author":[{"embeddable":true,"href":"https:\/\/www.insuco.com\/es\/wp-json\/wp\/v2\/users\/9"}],"replies":[{"embeddable":true,"href":"https:\/\/www.insuco.com\/es\/wp-json\/wp\/v2\/comments?post=35316"}],"version-history":[{"count":10,"href":"https:\/\/www.insuco.com\/es\/wp-json\/wp\/v2\/project\/35316\/revisions"}],"predecessor-version":[{"id":49338,"href":"https:\/\/www.insuco.com\/es\/wp-json\/wp\/v2\/project\/35316\/revisions\/49338"}],"wp:featuredmedia":[{"embeddable":true,"href":"https:\/\/www.insuco.com\/es\/wp-json\/wp\/v2\/media\/35290"}],"wp:attachment":[{"href":"https:\/\/www.insuco.com\/es\/wp-json\/wp\/v2\/media?parent=35316"}],"wp:term":[{"taxonomy":"project_category","embeddable":true,"href":"https:\/\/www.insuco.com\/es\/wp-json\/wp\/v2\/project_category?post=35316"},{"taxonomy":"project_tag","embeddable":true,"href":"https:\/\/www.insuco.com\/es\/wp-json\/wp\/v2\/project_tag?post=35316"},{"taxonomy":"region","embeddable":true,"href":"https:\/\/www.insuco.com\/es\/wp-json\/wp\/v2\/region?post=35316"},{"taxonomy":"secteur","embeddable":true,"href":"https:\/\/www.insuco.com\/es\/wp-json\/wp\/v2\/secteur?post=35316"},{"taxonomy":"services","embeddable":true,"href":"https:\/\/www.insuco.com\/es\/wp-json\/wp\/v2\/services?post=35316"},{"taxonomy":"client","embeddable":true,"href":"https:\/\/www.insuco.com\/es\/wp-json\/wp\/v2\/client?post=35316"}],"curies":[{"name":"wp","href":"https:\/\/api.w.org\/{rel}","templated":true}]}}