{"id":28965,"date":"2020-10-23T23:02:56","date_gmt":"2020-10-23T21:02:56","guid":{"rendered":"https:\/\/www.insuco.com\/?post_type=project&#038;p=28965"},"modified":"2024-02-12T16:50:24","modified_gmt":"2024-02-12T15:50:24","slug":"evaluacion-del-programa-de-respuesta-por-la-crisis-humanitaria-de-los-migrantes-venezolanos-para-caritas-peru","status":"publish","type":"project","link":"https:\/\/www.insuco.com\/es\/project\/evaluacion-del-programa-de-respuesta-por-la-crisis-humanitaria-de-los-migrantes-venezolanos-para-caritas-peru\/","title":{"rendered":"Evaluaci\u00f3n del programa de respuesta por la crisis humanitaria de los migrantes venezolanos para Caritas &#8211; Per\u00fa"},"content":{"rendered":"<p>[et_pb_section fb_built=\u00bb1&#8243; _builder_version=\u00bb3.26&#8243; use_background_color_gradient=\u00bbon\u00bb background_color_gradient_start=\u00bbrgba(0,129,139,0.75)\u00bb background_color_gradient_end=\u00bbrgba(0,129,139,0.82)\u00bb background_color_gradient_overlays_image=\u00bbon\u00bb background_image=\u00bbhttps:\/\/www.insuco.com\/wp-content\/uploads\/2020\/07\/C\u00e1ritas_OK-1.jpg\u00bb custom_padding=\u00bb200px|0px|23px|0px|false|false\u00bb z_index_tablet=\u00bb500&#8243; locked=\u00bboff\u00bb][et_pb_row custom_padding=\u00bb27px|0px|0|0px|false|false\u00bb _builder_version=\u00bb3.25&#8243; z_index_tablet=\u00bb500&#8243; locked=\u00bboff\u00bb][et_pb_column type=\u00bb4_4&#8243; _builder_version=\u00bb3.25&#8243; custom_padding=\u00bb|||\u00bb custom_padding__hover=\u00bb|||\u00bb][et_pb_text admin_label=\u00bbProjetsRecentsTitre2 ES\u00bb _builder_version=\u00bb3.25.4&#8243; header_font=\u00bb|300|||||||\u00bb header_text_color=\u00bb#ffffff\u00bb header_font_size=\u00bb70px\u00bb header_2_text_color=\u00bb#ffffff\u00bb header_2_font_size=\u00bb60px\u00bb custom_padding=\u00bb|||\u00bb animation_style=\u00bbslide\u00bb animation_direction=\u00bbright\u00bb animation_delay=\u00bb500ms\u00bb z_index_tablet=\u00bb500&#8243; header_font_size_phone=\u00bb50px\u00bb header_font_size_last_edited=\u00bbon|phone\u00bb global_module=\u00bb18623&#8243; saved_tabs=\u00bball\u00bb locked=\u00bbon\u00bb header_2_text_color__hover_enabled=\u00bbon\u00bb header_2_text_color__hover=\u00bb#b1e3e3&#8243;]<\/p>\n<h1>Proyectos recientes y en curso<\/h1>\n<p>[\/et_pb_text][\/et_pb_column][\/et_pb_row][\/et_pb_section][et_pb_section fb_built=\u00bb1&#8243; _builder_version=\u00bb3.22.3&#8243; custom_padding=\u00bb21px|0px|47px|0px|false|false\u00bb][et_pb_row use_custom_gutter=\u00bbon\u00bb gutter_width=\u00bb2&#8243; custom_padding=\u00bb||0px|||\u00bb custom_margin=\u00bb||\u00bb make_equal=\u00bbon\u00bb _builder_version=\u00bb3.25&#8243;][et_pb_column type=\u00bb4_4&#8243; _builder_version=\u00bb3.25&#8243; custom_padding=\u00bb|||\u00bb custom_padding_phone=\u00bb|0px||\u00bb custom_padding_last_edited=\u00bbon|phone\u00bb custom_padding__hover=\u00bb|||\u00bb][et_pb_text admin_label=\u00bbTitre long\u00bb _builder_version=\u00bb3.26&#8243; header_2_text_color=\u00bb#00818b\u00bb header_2_font_size=\u00bb40px\u00bb header_3_font=\u00bb|600|||||||\u00bb header_3_font_size=\u00bb25px\u00bb custom_margin=\u00bb||0px\u00bb custom_margin_phone=\u00bb||20px|\u00bb custom_margin_last_edited=\u00bbon|phone\u00bb custom_padding=\u00bb||0px|||\u00bb z_index_tablet=\u00bb500&#8243; header_2_font_size_last_edited=\u00bbon|phone\u00bb]<\/p>\n<h2>Evaluaci\u00f3n del programa de respuesta a la emergencia por la crisis humanitaria de los migrantes venezolanos en Per\u00fa<\/h2>\n<p>[\/et_pb_text][et_pb_text admin_label=\u00bbClient \u00bb _builder_version=\u00bb3.26&#8243; text_font=\u00bbSource Sans Pro||||||||\u00bb text_text_color=\u00bb#000000&#8243; text_font_size=\u00bb23px\u00bb header_2_text_color=\u00bb#00818b\u00bb header_2_font_size=\u00bb40px\u00bb header_3_font=\u00bb|600|||||||\u00bb header_3_font_size=\u00bb25px\u00bb custom_margin=\u00bb0px||\u00bb custom_margin_phone=\u00bb||10px\u00bb custom_margin_last_edited=\u00bbon|phone\u00bb custom_padding=\u00bb0px|||||\u00bb z_index_tablet=\u00bb500&#8243; header_2_font_size_last_edited=\u00bbon|phone\u00bb]<\/p>\n<p><strong>Cliente : <\/strong>Caritas<\/p>\n<p>[\/et_pb_text][\/et_pb_column][\/et_pb_row][et_pb_row column_structure=\u00bb2_5,3_5&#8243; use_custom_gutter=\u00bbon\u00bb gutter_width=\u00bb2&#8243; custom_padding=\u00bb||0px|||\u00bb custom_margin=\u00bb||\u00bb _builder_version=\u00bb3.25&#8243;][et_pb_column type=\u00bb2_5&#8243; _builder_version=\u00bb3.25&#8243; background_color=\u00bbrgba(0,129,139,0.08)\u00bb custom_padding=\u00bb20px|20px|20px|20px\u00bb custom_padding_phone=\u00bb10px|10px|10px|10px\u00bb custom_padding_last_edited=\u00bbon|phone\u00bb custom_padding__hover=\u00bb|||\u00bb][et_pb_text admin_label=\u00bbCatRegion2 ES\u00bb module_class=\u00bbcustom-taxonomy\u00bb _builder_version=\u00bb3.25.4&#8243; _dynamic_attributes=\u00bbcontent\u00bb text_font=\u00bb|700|||||||\u00bb header_font=\u00bb||||||||\u00bb header_2_font=\u00bb||||||||\u00bb header_2_text_color=\u00bb#00818b\u00bb header_2_font_size=\u00bb40px\u00bb header_3_font=\u00bb|600|||||||\u00bb header_3_font_size=\u00bb25px\u00bb custom_margin_phone=\u00bb||10px\u00bb custom_margin_last_edited=\u00bbon|phone\u00bb custom_padding=\u00bb|||||\u00bb header_2_font_size_phone=\u00bb40px\u00bb header_2_font_size_last_edited=\u00bbon|phone\u00bb global_module=\u00bb18625&#8243; saved_tabs=\u00bball\u00bb locked=\u00bbon\u00bb]@ET-DC@eyJkeW5hbWljIjp0cnVlLCJjb250ZW50IjoicG9zdF9jYXRlZ29yaWVzIiwic2V0dGluZ3MiOnsiYmVmb3JlIjoiUmVnaW9uZXMgLyBQYVx1MDBlZHNlcyA6ICIsImFmdGVyIjoiIiwibGlua190b190ZXJtX3BhZ2UiOiJvbiIsInNlcGFyYXRvciI6IiIsImNhdGVnb3J5X3R5cGUiOiJyZWdpb24ifX0=@[\/et_pb_text][et_pb_text admin_label=\u00bbCatSecteur2 ES\u00bb module_class=\u00bbcustom-taxonomy\u00bb _builder_version=\u00bb3.25.4&#8243; _dynamic_attributes=\u00bbcontent\u00bb text_font=\u00bb|700|||||||\u00bb header_font=\u00bb||||||||\u00bb header_2_font=\u00bb||||||||\u00bb header_2_text_color=\u00bb#00818b\u00bb header_2_font_size=\u00bb40px\u00bb header_3_font=\u00bb|600|||||||\u00bb header_3_font_size=\u00bb25px\u00bb custom_margin_phone=\u00bb||10px\u00bb custom_margin_last_edited=\u00bbon|phone\u00bb custom_padding=\u00bb|||||\u00bb header_2_font_size_phone=\u00bb40px\u00bb header_2_font_size_last_edited=\u00bbon|phone\u00bb global_module=\u00bb18627&#8243; saved_tabs=\u00bball\u00bb locked=\u00bbon\u00bb]@ET-DC@eyJkeW5hbWljIjp0cnVlLCJjb250ZW50IjoicG9zdF9jYXRlZ29yaWVzIiwic2V0dGluZ3MiOnsiYmVmb3JlIjoiU2VjdG9yZXMgOiAiLCJhZnRlciI6IiIsImxpbmtfdG9fdGVybV9wYWdlIjoib24iLCJzZXBhcmF0b3IiOiIiLCJjYXRlZ29yeV90eXBlIjoic2VjdGV1ciJ9fQ==@[\/et_pb_text][et_pb_text admin_label=\u00bbCatService2 ES\u00bb module_class=\u00bbcustom-taxonomy\u00bb _builder_version=\u00bb3.25.4&#8243; _dynamic_attributes=\u00bbcontent\u00bb text_font=\u00bb|700|||||||\u00bb header_font=\u00bb||||||||\u00bb header_2_font=\u00bb||||||||\u00bb header_2_text_color=\u00bb#00818b\u00bb header_2_font_size=\u00bb40px\u00bb header_3_font=\u00bb|600|||||||\u00bb header_3_font_size=\u00bb25px\u00bb custom_margin_phone=\u00bb||10px\u00bb custom_margin_last_edited=\u00bbon|phone\u00bb custom_padding=\u00bb|||||\u00bb header_2_font_size_phone=\u00bb40px\u00bb header_2_font_size_last_edited=\u00bbon|phone\u00bb global_module=\u00bb18629&#8243; saved_tabs=\u00bball\u00bb locked=\u00bbon\u00bb]@ET-DC@eyJkeW5hbWljIjp0cnVlLCJjb250ZW50IjoicG9zdF9jYXRlZ29yaWVzIiwic2V0dGluZ3MiOnsiYmVmb3JlIjoiU2VydmljaW9zIDogIiwiYWZ0ZXIiOiIiLCJsaW5rX3RvX3Rlcm1fcGFnZSI6Im9uIiwic2VwYXJhdG9yIjoiIiwiY2F0ZWdvcnlfdHlwZSI6InNlcnZpY2VzIn19@[\/et_pb_text][et_pb_text admin_label=\u00bbCatClient2 ES\u00bb module_class=\u00bbcustom-taxonomy\u00bb _builder_version=\u00bb3.25.4&#8243; _dynamic_attributes=\u00bbcontent\u00bb text_font=\u00bb|700|||||||\u00bb header_font=\u00bb||||||||\u00bb header_2_font=\u00bb||||||||\u00bb header_2_text_color=\u00bb#00818b\u00bb header_2_font_size=\u00bb40px\u00bb header_3_font=\u00bb|600|||||||\u00bb header_3_font_size=\u00bb25px\u00bb custom_margin_phone=\u00bb||10px\u00bb custom_margin_last_edited=\u00bbon|phone\u00bb custom_padding=\u00bb|||||\u00bb header_2_font_size_phone=\u00bb40px\u00bb header_2_font_size_last_edited=\u00bbon|phone\u00bb global_module=\u00bb18631&#8243; saved_tabs=\u00bball\u00bb locked=\u00bbon\u00bb]@ET-DC@eyJkeW5hbWljIjp0cnVlLCJjb250ZW50IjoicG9zdF9jYXRlZ29yaWVzIiwic2V0dGluZ3MiOnsiYmVmb3JlIjoiQ2F0ZWdvclx1MDBlZGEgZGUgY2xpZW50ZSA6ICIsImFmdGVyIjoiIiwibGlua190b190ZXJtX3BhZ2UiOiJvbiIsInNlcGFyYXRvciI6IiIsImNhdGVnb3J5X3R5cGUiOiJjbGllbnQifX0=@[\/et_pb_text][\/et_pb_column][et_pb_column type=\u00bb3_5&#8243; _builder_version=\u00bb3.25&#8243; custom_padding=\u00bb|||\u00bb custom_padding_last_edited=\u00bbon|phone\u00bb custom_padding__hover=\u00bb|||\u00bb][et_pb_post_title title=\u00bboff\u00bb meta=\u00bboff\u00bb admin_label=\u00bbImage\u00bb _builder_version=\u00bb3.22.7&#8243; custom_margin=\u00bb||22px|||\u00bb z_index_tablet=\u00bb500&#8243; locked=\u00bbon\u00bb]<br \/>\n[\/et_pb_post_title][et_pb_text admin_label=\u00bbMissionTitre2 ES\u00bb _builder_version=\u00bb3.25.4&#8243; header_2_font=\u00bb|600|||||||\u00bb header_2_text_color=\u00bb#00818b\u00bb header_2_font_size=\u00bb40px\u00bb header_3_font=\u00bb|600|||||||\u00bb header_3_font_size=\u00bb25px\u00bb custom_margin=\u00bb||-2px|||\u00bb custom_padding=\u00bb|||||\u00bb z_index_tablet=\u00bb500&#8243; header_2_font_size_last_edited=\u00bbon|phone\u00bb global_module=\u00bb18621&#8243; saved_tabs=\u00bball\u00bb locked=\u00bboff\u00bb]<\/p>\n<h3>Misi\u00f3n:<\/h3>\n<p>[\/et_pb_text][et_pb_text admin_label=\u00bbMission texte\u00bb _builder_version=\u00bb3.26&#8243; header_2_font=\u00bb|600|||||||\u00bb header_2_text_color=\u00bb#00818b\u00bb header_2_font_size=\u00bb40px\u00bb header_3_font=\u00bb|600|||||||\u00bb header_3_font_size=\u00bb25px\u00bb custom_padding=\u00bb|||||\u00bb z_index_tablet=\u00bb500&#8243; header_2_font_size_last_edited=\u00bbon|phone\u00bb]<\/p>\n<p>El Per\u00fa es el segundo pa\u00eds, despu\u00e9s de Colombia, que ha recibido m\u00e1s inmigrantes venezolanos, durante los \u00faltimos 3 a\u00f1os debido a la crisis pol\u00edtica y econ\u00f3mica. Sin embargo, el pa\u00eds no se encontraba preparado para atender la demanda de servicios por parte de la comunidad de migrantes venezolanos, que de por s\u00ed, ya se encontraban en una situaci\u00f3n de vulnerabilidad en su pa\u00eds, \u00e9sta se increment\u00f3 a causa del proceso migratorio.<\/p>\n<p>El programa de respuesta ante la crisis de los migrantes venezolanos en el Per\u00fa implementado por C\u00e1ritas del Per\u00fa (CP) busca asegurar algunas condiciones b\u00e1sicas de calidad de vida en t\u00e9rminos de albergue, seguridad alimentaria seguridad legal, transferencias monetarias para gastos de salud, entre otros.\u00a0 Dicho programa ha trabajado en \u00e1reas urbanas en su mayor\u00eda, principalmente en las ciudades de Lima (Chosica y Lur\u00edn), Trujillo y Chiclayo.<\/p>\n<p>En este marco, Insuco ha sido mandatado para evaluar los resultados efectivos del programa.<\/p>\n<p>Debido al estado de cuarentena por el brote del COVID-19, se acord\u00f3 realizar el levantamiento de informaci\u00f3n empleando una metodolog\u00eda cualitativa virtual, es decir, las entrevistas semi-estructuradas, se realizaron a trav\u00e9s de llamadas virtuales o telef\u00f3nicas.<\/p>\n<p>Insuco implement\u00f3 las siguientes actividades:<\/p>\n<ul>\n<li>An\u00e1lisis de informaci\u00f3n secundaria del programa;<\/li>\n<li>Identificaci\u00f3n de variables de an\u00e1lisis para la evaluaci\u00f3n del programa;<\/li>\n<li>Identificaci\u00f3n de actores a entrevistar;<\/li>\n<li>Elaboraci\u00f3n de instrumentos y estrategia de recojo de informaci\u00f3n v\u00eda virtual;<\/li>\n<li>Recojo de informaci\u00f3n con actores relevantes para la evaluaci\u00f3n;<\/li>\n<li>Sistematizaci\u00f3n de informaci\u00f3n recolectada;<\/li>\n<li>Elaboraci\u00f3n de evaluaci\u00f3n del programa de acuerdo a las variables seleccionadas.<\/li>\n<\/ul>\n<p>[\/et_pb_text][et_pb_text admin_label=\u00bbResultatTitre2 ES\u00bb _builder_version=\u00bb3.25.4&#8243; header_2_font=\u00bb|600|||||||\u00bb header_2_text_color=\u00bb#00818b\u00bb header_2_font_size=\u00bb40px\u00bb header_3_font=\u00bb|600|||||||\u00bb header_3_font_size=\u00bb25px\u00bb custom_margin=\u00bb||-2px|||\u00bb custom_padding=\u00bb|||||\u00bb z_index_tablet=\u00bb500&#8243; header_2_font_size_last_edited=\u00bbon|phone\u00bb global_module=\u00bb18618&#8243; saved_tabs=\u00bball\u00bb locked=\u00bboff\u00bb]<\/p>\n<h3>Resultado:<\/h3>\n<p>[\/et_pb_text][et_pb_text admin_label=\u00bbR\u00e9sultat texte\u00bb _builder_version=\u00bb3.26&#8243; header_2_font=\u00bb|600|||||||\u00bb header_2_text_color=\u00bb#00818b\u00bb header_2_font_size=\u00bb40px\u00bb header_3_font=\u00bb|600|||||||\u00bb header_3_font_size=\u00bb25px\u00bb custom_padding=\u00bb|||||\u00bb z_index_tablet=\u00bb500&#8243; header_2_font_size_last_edited=\u00bbon|phone\u00bb]<\/p>\n<p>Insuco entreg\u00f3 los siguientes productos al cliente:<\/p>\n<ul>\n<li>Informe preliminar, en donde se explic\u00f3 la metodolog\u00eda, estrategia de recojo de informaci\u00f3n, entre otros;<\/li>\n<li>Gu\u00edas de entrevista por tipo de actor;<\/li>\n<li>Fichas de recojo de informaci\u00f3n por entrevistado;<\/li>\n<li>Audios de entrevistas;<\/li>\n<li>Matrices de sistematizaci\u00f3n;<\/li>\n<li>Informe final, en donde se realiza la evaluaci\u00f3n del programa con los insumos recolectados y analizados.<\/li>\n<\/ul>\n<p>[\/et_pb_text][\/et_pb_column][\/et_pb_row][\/et_pb_section][et_pb_section fb_built=\u00bb1&#8243; _builder_version=\u00bb3.22.7&#8243; background_color=\u00bbrgba(177,227,227,0.25)\u00bb custom_margin=\u00bb||-25px\u00bb custom_padding=\u00bb37px|0px|25px|0px|false|false\u00bb saved_tabs=\u00bball\u00bb locked=\u00bboff\u00bb][et_pb_row _builder_version=\u00bb3.25&#8243;][et_pb_column type=\u00bb4_4&#8243; _builder_version=\u00bb3.25&#8243; custom_padding=\u00bb|||\u00bb custom_padding__hover=\u00bb|||\u00bb][et_pb_cta title=\u00bb\u00a1Cu\u00e9ntenos sobre su proyecto!\u00bb button_url=\u00bbhttps:\/\/www.insuco.com\/es\/contacto\u00bb button_text=\u00bbCont\u00e1ctenos\u00bb admin_label=\u00bbCTAProjet2 ES\u00bb _builder_version=\u00bb3.26&#8243; background_color=\u00bbrgba(89,175,181,0)\u00bb background_layout=\u00bblight\u00bb animation_style=\u00bbzoom\u00bb z_index_tablet=\u00bb500&#8243; header_font_size_phone=\u00bb40px\u00bb header_font_size_last_edited=\u00bbon|phone\u00bb global_module=\u00bb18616&#8243; saved_tabs=\u00bball\u00bb locked=\u00bbon\u00bb]<\/p>\n<p>\u00bfQuiere hablar de su proyecto y sus retos? \u00bfQuiere saber m\u00e1s de Insuco y nuestras \u00e1reas de experticia? \u00bfQuiere agendar una cita?<\/p>\n<p>[\/et_pb_cta][\/et_pb_column][\/et_pb_row][\/et_pb_section]<\/p>\n","protected":false},"excerpt":{"rendered":"<p>Proyectos recientes y en curso Evaluaci\u00f3n del programa de respuesta a la emergencia por la crisis humanitaria de los migrantes venezolanos en Per\u00faCliente : Caritas Misi\u00f3n: El Per\u00fa es el segundo pa\u00eds, despu\u00e9s de Colombia, que ha recibido m\u00e1s inmigrantes venezolanos, durante los \u00faltimos 3 a\u00f1os debido a la crisis pol\u00edtica y econ\u00f3mica. Sin embargo, [&hellip;]<\/p>\n","protected":false},"author":9,"featured_media":28499,"comment_status":"closed","ping_status":"closed","template":"","meta":{"_acf_changed":false,"_et_pb_use_builder":"on","_et_pb_old_content":"","_et_gb_content_width":"","footnotes":""},"project_category":[],"project_tag":[562],"region":[141,208],"secteur":[157,167],"services":[109,110],"client":[183],"class_list":["post-28965","project","type-project","status-publish","has-post-thumbnail","hentry","project_tag-anciens-projets-avec-builder-es","region-america-latina-el-caribe","region-peru-es","secteur-cooperacion-apoyo-al-desarrollo","secteur-servicios-basicos","services-estudios","services-seguimiento-evaluacion","client-ongs-sociedad-civil"],"acf":[],"yoast_head":"<!-- This site is optimized with the Yoast SEO plugin v26.0 - https:\/\/yoast.com\/wordpress\/plugins\/seo\/ -->\n<title>Evaluaci\u00f3n del programa de respuesta por la crisis humanitaria de los migrantes venezolanos para Caritas - Per\u00fa - Insuco<\/title>\n<meta name=\"robots\" content=\"index, follow, max-snippet:-1, max-image-preview:large, max-video-preview:-1\" \/>\n<link rel=\"canonical\" href=\"https:\/\/www.insuco.com\/es\/project\/evaluacion-del-programa-de-respuesta-por-la-crisis-humanitaria-de-los-migrantes-venezolanos-para-caritas-peru\/\" \/>\n<meta property=\"og:locale\" content=\"es_ES\" \/>\n<meta property=\"og:type\" content=\"article\" \/>\n<meta property=\"og:title\" content=\"Evaluaci\u00f3n del programa de respuesta por la crisis humanitaria de los migrantes venezolanos para Caritas - Per\u00fa - Insuco\" \/>\n<meta property=\"og:description\" content=\"Proyectos recientes y en curso Evaluaci\u00f3n del programa de respuesta a la emergencia por la crisis humanitaria de los migrantes venezolanos en Per\u00faCliente : Caritas Misi\u00f3n: El Per\u00fa es el segundo pa\u00eds, despu\u00e9s de Colombia, que ha recibido m\u00e1s inmigrantes venezolanos, durante los \u00faltimos 3 a\u00f1os debido a la crisis pol\u00edtica y econ\u00f3mica. Sin embargo, [&hellip;]\" \/>\n<meta property=\"og:url\" content=\"https:\/\/www.insuco.com\/es\/project\/evaluacion-del-programa-de-respuesta-por-la-crisis-humanitaria-de-los-migrantes-venezolanos-para-caritas-peru\/\" \/>\n<meta property=\"og:site_name\" content=\"Insuco\" \/>\n<meta property=\"article:modified_time\" content=\"2024-02-12T15:50:24+00:00\" \/>\n<meta property=\"og:image\" content=\"https:\/\/www.insuco.com\/wp-content\/uploads\/2020\/07\/C\u00e1ritas_OK-1.jpg\" \/>\n\t<meta property=\"og:image:width\" content=\"1138\" \/>\n\t<meta property=\"og:image:height\" content=\"828\" \/>\n\t<meta property=\"og:image:type\" content=\"image\/jpeg\" \/>\n<meta name=\"twitter:card\" content=\"summary_large_image\" \/>\n<meta name=\"twitter:label1\" content=\"Tiempo de lectura\" \/>\n\t<meta name=\"twitter:data1\" content=\"8 minutos\" \/>\n<script type=\"application\/ld+json\" class=\"yoast-schema-graph\">{\"@context\":\"https:\/\/schema.org\",\"@graph\":[{\"@type\":\"WebPage\",\"@id\":\"https:\/\/www.insuco.com\/es\/project\/evaluacion-del-programa-de-respuesta-por-la-crisis-humanitaria-de-los-migrantes-venezolanos-para-caritas-peru\/\",\"url\":\"https:\/\/www.insuco.com\/es\/project\/evaluacion-del-programa-de-respuesta-por-la-crisis-humanitaria-de-los-migrantes-venezolanos-para-caritas-peru\/\",\"name\":\"Evaluaci\u00f3n del programa de respuesta por la crisis humanitaria de los migrantes venezolanos para Caritas - Per\u00fa - Insuco\",\"isPartOf\":{\"@id\":\"https:\/\/www.insuco.com\/es\/#website\"},\"primaryImageOfPage\":{\"@id\":\"https:\/\/www.insuco.com\/es\/project\/evaluacion-del-programa-de-respuesta-por-la-crisis-humanitaria-de-los-migrantes-venezolanos-para-caritas-peru\/#primaryimage\"},\"image\":{\"@id\":\"https:\/\/www.insuco.com\/es\/project\/evaluacion-del-programa-de-respuesta-por-la-crisis-humanitaria-de-los-migrantes-venezolanos-para-caritas-peru\/#primaryimage\"},\"thumbnailUrl\":\"https:\/\/www.insuco.com\/wp-content\/uploads\/2020\/07\/C\u00e1ritas_OK-1.jpg\",\"datePublished\":\"2020-10-23T21:02:56+00:00\",\"dateModified\":\"2024-02-12T15:50:24+00:00\",\"breadcrumb\":{\"@id\":\"https:\/\/www.insuco.com\/es\/project\/evaluacion-del-programa-de-respuesta-por-la-crisis-humanitaria-de-los-migrantes-venezolanos-para-caritas-peru\/#breadcrumb\"},\"inLanguage\":\"es\",\"potentialAction\":[{\"@type\":\"ReadAction\",\"target\":[\"https:\/\/www.insuco.com\/es\/project\/evaluacion-del-programa-de-respuesta-por-la-crisis-humanitaria-de-los-migrantes-venezolanos-para-caritas-peru\/\"]}]},{\"@type\":\"ImageObject\",\"inLanguage\":\"es\",\"@id\":\"https:\/\/www.insuco.com\/es\/project\/evaluacion-del-programa-de-respuesta-por-la-crisis-humanitaria-de-los-migrantes-venezolanos-para-caritas-peru\/#primaryimage\",\"url\":\"https:\/\/www.insuco.com\/wp-content\/uploads\/2020\/07\/C\u00e1ritas_OK-1.jpg\",\"contentUrl\":\"https:\/\/www.insuco.com\/wp-content\/uploads\/2020\/07\/C\u00e1ritas_OK-1.jpg\",\"width\":1138,\"height\":828},{\"@type\":\"BreadcrumbList\",\"@id\":\"https:\/\/www.insuco.com\/es\/project\/evaluacion-del-programa-de-respuesta-por-la-crisis-humanitaria-de-los-migrantes-venezolanos-para-caritas-peru\/#breadcrumb\",\"itemListElement\":[{\"@type\":\"ListItem\",\"position\":1,\"name\":\"Accueil\",\"item\":\"https:\/\/www.insuco.com\/es\/\"},{\"@type\":\"ListItem\",\"position\":2,\"name\":\"Proyectos\",\"item\":\"https:\/\/www.insuco.com\/es\/project\/\"},{\"@type\":\"ListItem\",\"position\":3,\"name\":\"Evaluaci\u00f3n del programa de respuesta por la crisis humanitaria de los migrantes venezolanos para Caritas - Per\u00fa\"}]},{\"@type\":\"WebSite\",\"@id\":\"https:\/\/www.insuco.com\/es\/#website\",\"url\":\"https:\/\/www.insuco.com\/es\/\",\"name\":\"Insuco\",\"description\":\"Local understanding for sustainable solutions\",\"potentialAction\":[{\"@type\":\"SearchAction\",\"target\":{\"@type\":\"EntryPoint\",\"urlTemplate\":\"https:\/\/www.insuco.com\/es\/?s={search_term_string}\"},\"query-input\":{\"@type\":\"PropertyValueSpecification\",\"valueRequired\":true,\"valueName\":\"search_term_string\"}}],\"inLanguage\":\"es\"}]}<\/script>\n<!-- \/ Yoast SEO plugin. -->","yoast_head_json":{"title":"Evaluaci\u00f3n del programa de respuesta por la crisis humanitaria de los migrantes venezolanos para Caritas - Per\u00fa - Insuco","robots":{"index":"index","follow":"follow","max-snippet":"max-snippet:-1","max-image-preview":"max-image-preview:large","max-video-preview":"max-video-preview:-1"},"canonical":"https:\/\/www.insuco.com\/es\/project\/evaluacion-del-programa-de-respuesta-por-la-crisis-humanitaria-de-los-migrantes-venezolanos-para-caritas-peru\/","og_locale":"es_ES","og_type":"article","og_title":"Evaluaci\u00f3n del programa de respuesta por la crisis humanitaria de los migrantes venezolanos para Caritas - Per\u00fa - Insuco","og_description":"Proyectos recientes y en curso Evaluaci\u00f3n del programa de respuesta a la emergencia por la crisis humanitaria de los migrantes venezolanos en Per\u00faCliente : Caritas Misi\u00f3n: El Per\u00fa es el segundo pa\u00eds, despu\u00e9s de Colombia, que ha recibido m\u00e1s inmigrantes venezolanos, durante los \u00faltimos 3 a\u00f1os debido a la crisis pol\u00edtica y econ\u00f3mica. Sin embargo, [&hellip;]","og_url":"https:\/\/www.insuco.com\/es\/project\/evaluacion-del-programa-de-respuesta-por-la-crisis-humanitaria-de-los-migrantes-venezolanos-para-caritas-peru\/","og_site_name":"Insuco","article_modified_time":"2024-02-12T15:50:24+00:00","og_image":[{"width":1138,"height":828,"url":"https:\/\/www.insuco.com\/wp-content\/uploads\/2020\/07\/C\u00e1ritas_OK-1.jpg","type":"image\/jpeg"}],"twitter_card":"summary_large_image","twitter_misc":{"Tiempo de lectura":"8 minutos"},"schema":{"@context":"https:\/\/schema.org","@graph":[{"@type":"WebPage","@id":"https:\/\/www.insuco.com\/es\/project\/evaluacion-del-programa-de-respuesta-por-la-crisis-humanitaria-de-los-migrantes-venezolanos-para-caritas-peru\/","url":"https:\/\/www.insuco.com\/es\/project\/evaluacion-del-programa-de-respuesta-por-la-crisis-humanitaria-de-los-migrantes-venezolanos-para-caritas-peru\/","name":"Evaluaci\u00f3n del programa de respuesta por la crisis humanitaria de los migrantes venezolanos para Caritas - Per\u00fa - Insuco","isPartOf":{"@id":"https:\/\/www.insuco.com\/es\/#website"},"primaryImageOfPage":{"@id":"https:\/\/www.insuco.com\/es\/project\/evaluacion-del-programa-de-respuesta-por-la-crisis-humanitaria-de-los-migrantes-venezolanos-para-caritas-peru\/#primaryimage"},"image":{"@id":"https:\/\/www.insuco.com\/es\/project\/evaluacion-del-programa-de-respuesta-por-la-crisis-humanitaria-de-los-migrantes-venezolanos-para-caritas-peru\/#primaryimage"},"thumbnailUrl":"https:\/\/www.insuco.com\/wp-content\/uploads\/2020\/07\/C\u00e1ritas_OK-1.jpg","datePublished":"2020-10-23T21:02:56+00:00","dateModified":"2024-02-12T15:50:24+00:00","breadcrumb":{"@id":"https:\/\/www.insuco.com\/es\/project\/evaluacion-del-programa-de-respuesta-por-la-crisis-humanitaria-de-los-migrantes-venezolanos-para-caritas-peru\/#breadcrumb"},"inLanguage":"es","potentialAction":[{"@type":"ReadAction","target":["https:\/\/www.insuco.com\/es\/project\/evaluacion-del-programa-de-respuesta-por-la-crisis-humanitaria-de-los-migrantes-venezolanos-para-caritas-peru\/"]}]},{"@type":"ImageObject","inLanguage":"es","@id":"https:\/\/www.insuco.com\/es\/project\/evaluacion-del-programa-de-respuesta-por-la-crisis-humanitaria-de-los-migrantes-venezolanos-para-caritas-peru\/#primaryimage","url":"https:\/\/www.insuco.com\/wp-content\/uploads\/2020\/07\/C\u00e1ritas_OK-1.jpg","contentUrl":"https:\/\/www.insuco.com\/wp-content\/uploads\/2020\/07\/C\u00e1ritas_OK-1.jpg","width":1138,"height":828},{"@type":"BreadcrumbList","@id":"https:\/\/www.insuco.com\/es\/project\/evaluacion-del-programa-de-respuesta-por-la-crisis-humanitaria-de-los-migrantes-venezolanos-para-caritas-peru\/#breadcrumb","itemListElement":[{"@type":"ListItem","position":1,"name":"Accueil","item":"https:\/\/www.insuco.com\/es\/"},{"@type":"ListItem","position":2,"name":"Proyectos","item":"https:\/\/www.insuco.com\/es\/project\/"},{"@type":"ListItem","position":3,"name":"Evaluaci\u00f3n del programa de respuesta por la crisis humanitaria de los migrantes venezolanos para Caritas - Per\u00fa"}]},{"@type":"WebSite","@id":"https:\/\/www.insuco.com\/es\/#website","url":"https:\/\/www.insuco.com\/es\/","name":"Insuco","description":"Local understanding for sustainable solutions","potentialAction":[{"@type":"SearchAction","target":{"@type":"EntryPoint","urlTemplate":"https:\/\/www.insuco.com\/es\/?s={search_term_string}"},"query-input":{"@type":"PropertyValueSpecification","valueRequired":true,"valueName":"search_term_string"}}],"inLanguage":"es"}]}},"_links":{"self":[{"href":"https:\/\/www.insuco.com\/es\/wp-json\/wp\/v2\/project\/28965","targetHints":{"allow":["GET"]}}],"collection":[{"href":"https:\/\/www.insuco.com\/es\/wp-json\/wp\/v2\/project"}],"about":[{"href":"https:\/\/www.insuco.com\/es\/wp-json\/wp\/v2\/types\/project"}],"author":[{"embeddable":true,"href":"https:\/\/www.insuco.com\/es\/wp-json\/wp\/v2\/users\/9"}],"replies":[{"embeddable":true,"href":"https:\/\/www.insuco.com\/es\/wp-json\/wp\/v2\/comments?post=28965"}],"version-history":[{"count":5,"href":"https:\/\/www.insuco.com\/es\/wp-json\/wp\/v2\/project\/28965\/revisions"}],"predecessor-version":[{"id":29101,"href":"https:\/\/www.insuco.com\/es\/wp-json\/wp\/v2\/project\/28965\/revisions\/29101"}],"wp:featuredmedia":[{"embeddable":true,"href":"https:\/\/www.insuco.com\/es\/wp-json\/wp\/v2\/media\/28499"}],"wp:attachment":[{"href":"https:\/\/www.insuco.com\/es\/wp-json\/wp\/v2\/media?parent=28965"}],"wp:term":[{"taxonomy":"project_category","embeddable":true,"href":"https:\/\/www.insuco.com\/es\/wp-json\/wp\/v2\/project_category?post=28965"},{"taxonomy":"project_tag","embeddable":true,"href":"https:\/\/www.insuco.com\/es\/wp-json\/wp\/v2\/project_tag?post=28965"},{"taxonomy":"region","embeddable":true,"href":"https:\/\/www.insuco.com\/es\/wp-json\/wp\/v2\/region?post=28965"},{"taxonomy":"secteur","embeddable":true,"href":"https:\/\/www.insuco.com\/es\/wp-json\/wp\/v2\/secteur?post=28965"},{"taxonomy":"services","embeddable":true,"href":"https:\/\/www.insuco.com\/es\/wp-json\/wp\/v2\/services?post=28965"},{"taxonomy":"client","embeddable":true,"href":"https:\/\/www.insuco.com\/es\/wp-json\/wp\/v2\/client?post=28965"}],"curies":[{"name":"wp","href":"https:\/\/api.w.org\/{rel}","templated":true}]}}