{"id":28131,"date":"2019-07-23T22:05:38","date_gmt":"2019-07-23T20:05:38","guid":{"rendered":"https:\/\/www.insuco.com\/?post_type=project&#038;p=28131"},"modified":"2024-02-12T16:57:44","modified_gmt":"2024-02-12T15:57:44","slug":"estudios-de-linea-de-base-del-proyecto-porto-novo-ciudad-verde-para-la-alcaldia-de-porto-novo-benin","status":"publish","type":"project","link":"https:\/\/www.insuco.com\/es\/project\/estudios-de-linea-de-base-del-proyecto-porto-novo-ciudad-verde-para-la-alcaldia-de-porto-novo-benin\/","title":{"rendered":"Estudios de l\u00ednea de base del proyecto Porto-Novo, ciudad verde, para la alcald\u00eda de Porto Novo \u2013 Ben\u00edn"},"content":{"rendered":"<p>[et_pb_section fb_built=\u00bb1&#8243; _builder_version=\u00bb3.26&#8243; use_background_color_gradient=\u00bbon\u00bb background_color_gradient_start=\u00bbrgba(0,129,139,0.75)\u00bb background_color_gradient_end=\u00bbrgba(0,129,139,0.82)\u00bb background_color_gradient_overlays_image=\u00bbon\u00bb background_image=\u00bbhttps:\/\/www.insuco.com\/wp-content\/uploads\/2020\/05\/benin.jpg\u00bb custom_padding=\u00bb200px|0px|23px|0px|false|false\u00bb z_index_tablet=\u00bb500&#8243; locked=\u00bboff\u00bb][et_pb_row custom_padding=\u00bb27px|0px|0|0px|false|false\u00bb _builder_version=\u00bb3.25&#8243; z_index_tablet=\u00bb500&#8243; locked=\u00bboff\u00bb][et_pb_column type=\u00bb4_4&#8243; _builder_version=\u00bb3.25&#8243; custom_padding=\u00bb|||\u00bb custom_padding__hover=\u00bb|||\u00bb][et_pb_text admin_label=\u00bbProjetsRecentsTitre2 ES\u00bb _builder_version=\u00bb3.25.4&#8243; header_font=\u00bb|300|||||||\u00bb header_text_color=\u00bb#ffffff\u00bb header_font_size=\u00bb70px\u00bb header_2_text_color=\u00bb#ffffff\u00bb header_2_font_size=\u00bb60px\u00bb custom_padding=\u00bb|||\u00bb animation_style=\u00bbslide\u00bb animation_direction=\u00bbright\u00bb animation_delay=\u00bb500ms\u00bb z_index_tablet=\u00bb500&#8243; header_font_size_phone=\u00bb50px\u00bb header_font_size_last_edited=\u00bbon|phone\u00bb global_module=\u00bb18623&#8243; saved_tabs=\u00bball\u00bb locked=\u00bbon\u00bb header_2_text_color__hover_enabled=\u00bbon\u00bb header_2_text_color__hover=\u00bb#b1e3e3&#8243;]<\/p>\n<h1>Proyectos recientes y en curso<\/h1>\n<p>[\/et_pb_text][\/et_pb_column][\/et_pb_row][\/et_pb_section][et_pb_section fb_built=\u00bb1&#8243; _builder_version=\u00bb3.22.3&#8243; custom_padding=\u00bb21px|0px|47px|0px|false|false\u00bb][et_pb_row use_custom_gutter=\u00bbon\u00bb gutter_width=\u00bb2&#8243; custom_padding=\u00bb||0px|||\u00bb custom_margin=\u00bb||\u00bb make_equal=\u00bbon\u00bb _builder_version=\u00bb3.25&#8243;][et_pb_column type=\u00bb4_4&#8243; _builder_version=\u00bb3.25&#8243; custom_padding=\u00bb|||\u00bb custom_padding_phone=\u00bb|0px||\u00bb custom_padding_last_edited=\u00bbon|phone\u00bb custom_padding__hover=\u00bb|||\u00bb][et_pb_text admin_label=\u00bbTitre long\u00bb _builder_version=\u00bb3.26&#8243; header_2_text_color=\u00bb#00818b\u00bb header_2_font_size=\u00bb40px\u00bb header_3_font=\u00bb|600|||||||\u00bb header_3_font_size=\u00bb25px\u00bb custom_margin=\u00bb||0px\u00bb custom_margin_phone=\u00bb||20px|\u00bb custom_margin_last_edited=\u00bbon|phone\u00bb custom_padding=\u00bb||0px|||\u00bb z_index_tablet=\u00bb500&#8243; header_2_font_size_last_edited=\u00bbon|phone\u00bb]<\/p>\n<h2>Realizaci\u00f3n de los estudios de l\u00ednea de base socioecon\u00f3micos, ambientales y antropol\u00f3gicos del Proyecto \u201cPorto-Novo, Ciudad Verde\u201d<\/h2>\n<p>[\/et_pb_text][et_pb_text admin_label=\u00bbClient \u00bb _builder_version=\u00bb3.26&#8243; text_font=\u00bbSource Sans Pro||||||||\u00bb text_text_color=\u00bb#000000&#8243; text_font_size=\u00bb23px\u00bb header_2_text_color=\u00bb#00818b\u00bb header_2_font_size=\u00bb40px\u00bb header_3_font=\u00bb|600|||||||\u00bb header_3_font_size=\u00bb25px\u00bb custom_margin=\u00bb0px||\u00bb custom_margin_phone=\u00bb||10px\u00bb custom_margin_last_edited=\u00bbon|phone\u00bb custom_padding=\u00bb0px|||||\u00bb z_index_tablet=\u00bb500&#8243; header_2_font_size_last_edited=\u00bbon|phone\u00bb]<\/p>\n<p><strong>Cliente :\u00a0<\/strong>Alcald\u00eda de Porto Novo, Proyecto financiado por la Agencia Francesa de Desarrollo (AFD)<\/p>\n<p>[\/et_pb_text][\/et_pb_column][\/et_pb_row][et_pb_row column_structure=\u00bb2_5,3_5&#8243; use_custom_gutter=\u00bbon\u00bb gutter_width=\u00bb2&#8243; custom_padding=\u00bb||0px|||\u00bb custom_margin=\u00bb||\u00bb _builder_version=\u00bb3.25&#8243;][et_pb_column type=\u00bb2_5&#8243; _builder_version=\u00bb3.25&#8243; background_color=\u00bbrgba(0,129,139,0.08)\u00bb custom_padding=\u00bb20px|20px|20px|20px\u00bb custom_padding_phone=\u00bb10px|10px|10px|10px\u00bb custom_padding_last_edited=\u00bbon|phone\u00bb custom_padding__hover=\u00bb|||\u00bb][et_pb_text admin_label=\u00bbCatRegion2 ES\u00bb module_class=\u00bbcustom-taxonomy\u00bb _builder_version=\u00bb3.25.4&#8243; _dynamic_attributes=\u00bbcontent\u00bb text_font=\u00bb|700|||||||\u00bb header_font=\u00bb||||||||\u00bb header_2_font=\u00bb||||||||\u00bb header_2_text_color=\u00bb#00818b\u00bb header_2_font_size=\u00bb40px\u00bb header_3_font=\u00bb|600|||||||\u00bb header_3_font_size=\u00bb25px\u00bb custom_margin_phone=\u00bb||10px\u00bb custom_margin_last_edited=\u00bbon|phone\u00bb custom_padding=\u00bb|||||\u00bb header_2_font_size_phone=\u00bb40px\u00bb header_2_font_size_last_edited=\u00bbon|phone\u00bb global_module=\u00bb18625&#8243; saved_tabs=\u00bball\u00bb locked=\u00bbon\u00bb]@ET-DC@eyJkeW5hbWljIjp0cnVlLCJjb250ZW50IjoicG9zdF9jYXRlZ29yaWVzIiwic2V0dGluZ3MiOnsiYmVmb3JlIjoiUmVnaW9uZXMgLyBQYVx1MDBlZHNlcyA6ICIsImFmdGVyIjoiIiwibGlua190b190ZXJtX3BhZ2UiOiJvbiIsInNlcGFyYXRvciI6IiIsImNhdGVnb3J5X3R5cGUiOiJyZWdpb24ifX0=@[\/et_pb_text][et_pb_text admin_label=\u00bbCatSecteur2 ES\u00bb module_class=\u00bbcustom-taxonomy\u00bb _builder_version=\u00bb3.25.4&#8243; _dynamic_attributes=\u00bbcontent\u00bb text_font=\u00bb|700|||||||\u00bb header_font=\u00bb||||||||\u00bb header_2_font=\u00bb||||||||\u00bb header_2_text_color=\u00bb#00818b\u00bb header_2_font_size=\u00bb40px\u00bb header_3_font=\u00bb|600|||||||\u00bb header_3_font_size=\u00bb25px\u00bb custom_margin_phone=\u00bb||10px\u00bb custom_margin_last_edited=\u00bbon|phone\u00bb custom_padding=\u00bb|||||\u00bb header_2_font_size_phone=\u00bb40px\u00bb header_2_font_size_last_edited=\u00bbon|phone\u00bb global_module=\u00bb18627&#8243; saved_tabs=\u00bball\u00bb locked=\u00bbon\u00bb]@ET-DC@eyJkeW5hbWljIjp0cnVlLCJjb250ZW50IjoicG9zdF9jYXRlZ29yaWVzIiwic2V0dGluZ3MiOnsiYmVmb3JlIjoiU2VjdG9yZXMgOiAiLCJhZnRlciI6IiIsImxpbmtfdG9fdGVybV9wYWdlIjoib24iLCJzZXBhcmF0b3IiOiIiLCJjYXRlZ29yeV90eXBlIjoic2VjdGV1ciJ9fQ==@[\/et_pb_text][et_pb_text admin_label=\u00bbCatService2 ES\u00bb module_class=\u00bbcustom-taxonomy\u00bb _builder_version=\u00bb3.25.4&#8243; _dynamic_attributes=\u00bbcontent\u00bb text_font=\u00bb|700|||||||\u00bb header_font=\u00bb||||||||\u00bb header_2_font=\u00bb||||||||\u00bb header_2_text_color=\u00bb#00818b\u00bb header_2_font_size=\u00bb40px\u00bb header_3_font=\u00bb|600|||||||\u00bb header_3_font_size=\u00bb25px\u00bb custom_margin_phone=\u00bb||10px\u00bb custom_margin_last_edited=\u00bbon|phone\u00bb custom_padding=\u00bb|||||\u00bb header_2_font_size_phone=\u00bb40px\u00bb header_2_font_size_last_edited=\u00bbon|phone\u00bb global_module=\u00bb18629&#8243; saved_tabs=\u00bball\u00bb locked=\u00bbon\u00bb]@ET-DC@eyJkeW5hbWljIjp0cnVlLCJjb250ZW50IjoicG9zdF9jYXRlZ29yaWVzIiwic2V0dGluZ3MiOnsiYmVmb3JlIjoiU2VydmljaW9zIDogIiwiYWZ0ZXIiOiIiLCJsaW5rX3RvX3Rlcm1fcGFnZSI6Im9uIiwic2VwYXJhdG9yIjoiIiwiY2F0ZWdvcnlfdHlwZSI6InNlcnZpY2VzIn19@[\/et_pb_text][et_pb_text admin_label=\u00bbCatClient2 ES\u00bb module_class=\u00bbcustom-taxonomy\u00bb _builder_version=\u00bb3.25.4&#8243; _dynamic_attributes=\u00bbcontent\u00bb text_font=\u00bb|700|||||||\u00bb header_font=\u00bb||||||||\u00bb header_2_font=\u00bb||||||||\u00bb header_2_text_color=\u00bb#00818b\u00bb header_2_font_size=\u00bb40px\u00bb header_3_font=\u00bb|600|||||||\u00bb header_3_font_size=\u00bb25px\u00bb custom_margin_phone=\u00bb||10px\u00bb custom_margin_last_edited=\u00bbon|phone\u00bb custom_padding=\u00bb|||||\u00bb header_2_font_size_phone=\u00bb40px\u00bb header_2_font_size_last_edited=\u00bbon|phone\u00bb global_module=\u00bb18631&#8243; saved_tabs=\u00bball\u00bb locked=\u00bbon\u00bb]@ET-DC@eyJkeW5hbWljIjp0cnVlLCJjb250ZW50IjoicG9zdF9jYXRlZ29yaWVzIiwic2V0dGluZ3MiOnsiYmVmb3JlIjoiQ2F0ZWdvclx1MDBlZGEgZGUgY2xpZW50ZSA6ICIsImFmdGVyIjoiIiwibGlua190b190ZXJtX3BhZ2UiOiJvbiIsInNlcGFyYXRvciI6IiIsImNhdGVnb3J5X3R5cGUiOiJjbGllbnQifX0=@[\/et_pb_text][\/et_pb_column][et_pb_column type=\u00bb3_5&#8243; _builder_version=\u00bb3.25&#8243; custom_padding=\u00bb|||\u00bb custom_padding_last_edited=\u00bbon|phone\u00bb custom_padding__hover=\u00bb|||\u00bb][et_pb_post_title title=\u00bboff\u00bb meta=\u00bboff\u00bb admin_label=\u00bbImage\u00bb _builder_version=\u00bb3.22.7&#8243; custom_margin=\u00bb||22px|||\u00bb z_index_tablet=\u00bb500&#8243; locked=\u00bbon\u00bb][\/et_pb_post_title][et_pb_text admin_label=\u00bbMissionTitre2 ES\u00bb _builder_version=\u00bb3.25.4&#8243; header_2_font=\u00bb|600|||||||\u00bb header_2_text_color=\u00bb#00818b\u00bb header_2_font_size=\u00bb40px\u00bb header_3_font=\u00bb|600|||||||\u00bb header_3_font_size=\u00bb25px\u00bb custom_margin=\u00bb||-2px|||\u00bb custom_padding=\u00bb|||||\u00bb z_index_tablet=\u00bb500&#8243; header_2_font_size_last_edited=\u00bbon|phone\u00bb global_module=\u00bb18621&#8243; saved_tabs=\u00bball\u00bb locked=\u00bboff\u00bb]<\/p>\n<h3>Misi\u00f3n:<\/h3>\n<p>[\/et_pb_text][et_pb_text admin_label=\u00bbMission texte\u00bb _builder_version=\u00bb3.26&#8243; header_2_font=\u00bb|600|||||||\u00bb header_2_text_color=\u00bb#00818b\u00bb header_2_font_size=\u00bb40px\u00bb header_3_font=\u00bb|600|||||||\u00bb header_3_font_size=\u00bb25px\u00bb custom_padding=\u00bb|||||\u00bb z_index_tablet=\u00bb500&#8243; header_2_font_size_last_edited=\u00bbon|phone\u00bb]<\/p>\n<p>Ben\u00edn firm\u00f3 la Convenci\u00f3n Ramsar sobre los Humedales en enero de 2000. Hoy en d\u00eda, el pa\u00eds cuenta con 4 sitios Ramsar, entre ellos el sitio 1018 del Valle Inferior del Ou\u00e9m\u00e9 \/ Laguna de Porto-Novo \/ Lago Nokou\u00e9, con una superficie de 91.600 hect\u00e1reas.<\/p>\n<p>La situaci\u00f3n particular de esta zona, debido a la fragilidad de sus ecosistemas, la riqueza que representa en t\u00e9rminos de biodiversidad biol\u00f3gica, as\u00ed como su importancia socioecon\u00f3mica para las poblaciones ribere\u00f1as que dependen de ella, exige que se realice un estudio antropol\u00f3gico y ambiental exhaustivo de todo el territorio de Porto Novo y sus ciudades perif\u00e9ricas. Los resultados del estudio permitir\u00e1n formular recomendaciones indispensables a las autoridades locales para el desarrollo de un sistema de protecci\u00f3n y valorizaci\u00f3n de los espacios naturales y patrimoniales del territorio del municipio.<\/p>\n<p>En este marco se ha encargado a Insuco la realizaci\u00f3n de los estudios de l\u00ednea de base socioecon\u00f3micos, ambientales y antropol\u00f3gicos del Proyecto <span>\u201cPorto-Novo, Ciudad Verde\u201d<\/span>, cuyos objetivos espec\u00edficos son los siguientes:<\/p>\n<ul>\n<li>Disponer de datos socioecon\u00f3micos de referencia sobre la ciudad de Porto-Novo;<\/li>\n<li>Disponer de datos socioecon\u00f3micos espec\u00edficos sobre la zona piloto del proyecto;<\/li>\n<li>Especificar el enfoque de <span>\u201cg\u00e9nero\u201d y \u201cdiscapacidad\u201d<\/span> del estudio sobre las personas con discapacidad que seguir\u00e1 este estudio.<\/li>\n<\/ul>\n<p>[\/et_pb_text][et_pb_text admin_label=\u00bbResultatTitre2 ES\u00bb _builder_version=\u00bb3.25.4&#8243; header_2_font=\u00bb|600|||||||\u00bb header_2_text_color=\u00bb#00818b\u00bb header_2_font_size=\u00bb40px\u00bb header_3_font=\u00bb|600|||||||\u00bb header_3_font_size=\u00bb25px\u00bb custom_margin=\u00bb||-2px|||\u00bb custom_padding=\u00bb|||||\u00bb z_index_tablet=\u00bb500&#8243; header_2_font_size_last_edited=\u00bbon|phone\u00bb global_module=\u00bb18618&#8243; saved_tabs=\u00bball\u00bb locked=\u00bboff\u00bb]<\/p>\n<h3>Resultado:<\/h3>\n<p>[\/et_pb_text][et_pb_text admin_label=\u00bbR\u00e9sultat texte\u00bb _builder_version=\u00bb3.26&#8243; header_2_font=\u00bb|600|||||||\u00bb header_2_text_color=\u00bb#00818b\u00bb header_2_font_size=\u00bb40px\u00bb header_3_font=\u00bb|600|||||||\u00bb header_3_font_size=\u00bb25px\u00bb custom_padding=\u00bb|||||\u00bb z_index_tablet=\u00bb500&#8243; header_2_font_size_last_edited=\u00bbon|phone\u00bb]<\/p>\n<p>Insuco entreg\u00f3 al cliente los siguientes productos:<\/p>\n<ul>\n<li>Desarrollo de estudios socioecon\u00f3micos, ambientales y antropol\u00f3gicos;<\/li>\n<li>Consulta con las partes interesadas;<\/li>\n<li>Producci\u00f3n de mapas integrados en los distintos informes.<\/li>\n<\/ul>\n<p>[\/et_pb_text][\/et_pb_column][\/et_pb_row][\/et_pb_section][et_pb_section fb_built=\u00bb1&#8243; _builder_version=\u00bb3.22.7&#8243; background_color=\u00bbrgba(177,227,227,0.25)\u00bb custom_margin=\u00bb||-25px\u00bb custom_padding=\u00bb37px|0px|25px|0px|false|false\u00bb saved_tabs=\u00bball\u00bb locked=\u00bboff\u00bb][et_pb_row _builder_version=\u00bb3.25&#8243;][et_pb_column type=\u00bb4_4&#8243; _builder_version=\u00bb3.25&#8243; custom_padding=\u00bb|||\u00bb custom_padding__hover=\u00bb|||\u00bb][et_pb_cta title=\u00bb\u00a1Cu\u00e9ntenos sobre su proyecto!\u00bb button_url=\u00bbhttps:\/\/www.insuco.com\/es\/contacto\u00bb button_text=\u00bbCont\u00e1ctenos\u00bb admin_label=\u00bbCTAProjet2 ES\u00bb _builder_version=\u00bb3.26&#8243; background_color=\u00bbrgba(89,175,181,0)\u00bb background_layout=\u00bblight\u00bb animation_style=\u00bbzoom\u00bb z_index_tablet=\u00bb500&#8243; header_font_size_phone=\u00bb40px\u00bb header_font_size_last_edited=\u00bbon|phone\u00bb global_module=\u00bb18616&#8243; saved_tabs=\u00bball\u00bb locked=\u00bbon\u00bb]<\/p>\n<p>\u00bfQuiere hablar de su proyecto y sus retos? \u00bfQuiere saber m\u00e1s de Insuco y nuestras \u00e1reas de experticia? \u00bfQuiere agendar una cita?<\/p>\n<p>[\/et_pb_cta][\/et_pb_column][\/et_pb_row][\/et_pb_section]<\/p>\n","protected":false},"excerpt":{"rendered":"<p>Proyectos recientes y en curso Realizaci\u00f3n de los estudios de l\u00ednea de base socioecon\u00f3micos, ambientales y antropol\u00f3gicos del Proyecto \u201cPorto-Novo, Ciudad Verde\u201dCliente :\u00a0Alcald\u00eda de Porto Novo, Proyecto financiado por la Agencia Francesa de Desarrollo (AFD)Misi\u00f3n: Ben\u00edn firm\u00f3 la Convenci\u00f3n Ramsar sobre los Humedales en enero de 2000. Hoy en d\u00eda, el pa\u00eds cuenta con 4 [&hellip;]<\/p>\n","protected":false},"author":9,"featured_media":28119,"comment_status":"open","ping_status":"closed","template":"","meta":{"_acf_changed":false,"_et_pb_use_builder":"on","_et_pb_old_content":"","_et_gb_content_width":"","footnotes":""},"project_category":[],"project_tag":[562],"region":[106,395],"secteur":[157,155],"services":[177,109],"client":[179,181],"class_list":["post-28131","project","type-project","status-publish","has-post-thumbnail","hentry","project_tag-anciens-projets-avec-builder-es","region-africa-es","region-benin-africa-es","secteur-cooperacion-apoyo-al-desarrollo","secteur-ordenamiento-territorial","services-apoyo-al-desarrollo","services-estudios","client-agencias-de-cooperacion","client-instituciones-publicas"],"acf":[],"yoast_head":"<!-- This site is optimized with the Yoast SEO plugin v26.0 - https:\/\/yoast.com\/wordpress\/plugins\/seo\/ -->\n<title>Estudios de l\u00ednea de base del proyecto Porto-Novo, ciudad verde, para la alcald\u00eda de Porto Novo \u2013 Ben\u00edn - Insuco<\/title>\n<meta name=\"robots\" content=\"index, follow, max-snippet:-1, max-image-preview:large, max-video-preview:-1\" \/>\n<link rel=\"canonical\" href=\"https:\/\/www.insuco.com\/es\/project\/estudios-de-linea-de-base-del-proyecto-porto-novo-ciudad-verde-para-la-alcaldia-de-porto-novo-benin\/\" \/>\n<meta property=\"og:locale\" content=\"es_ES\" \/>\n<meta property=\"og:type\" content=\"article\" \/>\n<meta property=\"og:title\" content=\"Estudios de l\u00ednea de base del proyecto Porto-Novo, ciudad verde, para la alcald\u00eda de Porto Novo \u2013 Ben\u00edn - Insuco\" \/>\n<meta property=\"og:description\" content=\"Proyectos recientes y en curso Realizaci\u00f3n de los estudios de l\u00ednea de base socioecon\u00f3micos, ambientales y antropol\u00f3gicos del Proyecto \u201cPorto-Novo, Ciudad Verde\u201dCliente :\u00a0Alcald\u00eda de Porto Novo, Proyecto financiado por la Agencia Francesa de Desarrollo (AFD)Misi\u00f3n: Ben\u00edn firm\u00f3 la Convenci\u00f3n Ramsar sobre los Humedales en enero de 2000. Hoy en d\u00eda, el pa\u00eds cuenta con 4 [&hellip;]\" \/>\n<meta property=\"og:url\" content=\"https:\/\/www.insuco.com\/es\/project\/estudios-de-linea-de-base-del-proyecto-porto-novo-ciudad-verde-para-la-alcaldia-de-porto-novo-benin\/\" \/>\n<meta property=\"og:site_name\" content=\"Insuco\" \/>\n<meta property=\"article:modified_time\" content=\"2024-02-12T15:57:44+00:00\" \/>\n<meta property=\"og:image\" content=\"https:\/\/www.insuco.com\/wp-content\/uploads\/2020\/05\/benin.jpg\" \/>\n\t<meta property=\"og:image:width\" content=\"3480\" \/>\n\t<meta property=\"og:image:height\" content=\"2123\" \/>\n\t<meta property=\"og:image:type\" content=\"image\/jpeg\" \/>\n<meta name=\"twitter:card\" content=\"summary_large_image\" \/>\n<meta name=\"twitter:label1\" content=\"Tiempo de lectura\" \/>\n\t<meta name=\"twitter:data1\" content=\"7 minutos\" \/>\n<script type=\"application\/ld+json\" class=\"yoast-schema-graph\">{\"@context\":\"https:\/\/schema.org\",\"@graph\":[{\"@type\":\"WebPage\",\"@id\":\"https:\/\/www.insuco.com\/es\/project\/estudios-de-linea-de-base-del-proyecto-porto-novo-ciudad-verde-para-la-alcaldia-de-porto-novo-benin\/\",\"url\":\"https:\/\/www.insuco.com\/es\/project\/estudios-de-linea-de-base-del-proyecto-porto-novo-ciudad-verde-para-la-alcaldia-de-porto-novo-benin\/\",\"name\":\"Estudios de l\u00ednea de base del proyecto Porto-Novo, ciudad verde, para la alcald\u00eda de Porto Novo \u2013 Ben\u00edn - Insuco\",\"isPartOf\":{\"@id\":\"https:\/\/www.insuco.com\/es\/#website\"},\"primaryImageOfPage\":{\"@id\":\"https:\/\/www.insuco.com\/es\/project\/estudios-de-linea-de-base-del-proyecto-porto-novo-ciudad-verde-para-la-alcaldia-de-porto-novo-benin\/#primaryimage\"},\"image\":{\"@id\":\"https:\/\/www.insuco.com\/es\/project\/estudios-de-linea-de-base-del-proyecto-porto-novo-ciudad-verde-para-la-alcaldia-de-porto-novo-benin\/#primaryimage\"},\"thumbnailUrl\":\"https:\/\/www.insuco.com\/wp-content\/uploads\/2020\/05\/benin.jpg\",\"datePublished\":\"2019-07-23T20:05:38+00:00\",\"dateModified\":\"2024-02-12T15:57:44+00:00\",\"breadcrumb\":{\"@id\":\"https:\/\/www.insuco.com\/es\/project\/estudios-de-linea-de-base-del-proyecto-porto-novo-ciudad-verde-para-la-alcaldia-de-porto-novo-benin\/#breadcrumb\"},\"inLanguage\":\"es\",\"potentialAction\":[{\"@type\":\"ReadAction\",\"target\":[\"https:\/\/www.insuco.com\/es\/project\/estudios-de-linea-de-base-del-proyecto-porto-novo-ciudad-verde-para-la-alcaldia-de-porto-novo-benin\/\"]}]},{\"@type\":\"ImageObject\",\"inLanguage\":\"es\",\"@id\":\"https:\/\/www.insuco.com\/es\/project\/estudios-de-linea-de-base-del-proyecto-porto-novo-ciudad-verde-para-la-alcaldia-de-porto-novo-benin\/#primaryimage\",\"url\":\"https:\/\/www.insuco.com\/wp-content\/uploads\/2020\/05\/benin.jpg\",\"contentUrl\":\"https:\/\/www.insuco.com\/wp-content\/uploads\/2020\/05\/benin.jpg\",\"width\":3480,\"height\":2123},{\"@type\":\"BreadcrumbList\",\"@id\":\"https:\/\/www.insuco.com\/es\/project\/estudios-de-linea-de-base-del-proyecto-porto-novo-ciudad-verde-para-la-alcaldia-de-porto-novo-benin\/#breadcrumb\",\"itemListElement\":[{\"@type\":\"ListItem\",\"position\":1,\"name\":\"Accueil\",\"item\":\"https:\/\/www.insuco.com\/es\/\"},{\"@type\":\"ListItem\",\"position\":2,\"name\":\"Proyectos\",\"item\":\"https:\/\/www.insuco.com\/es\/project\/\"},{\"@type\":\"ListItem\",\"position\":3,\"name\":\"Estudios de l\u00ednea de base del proyecto Porto-Novo, ciudad verde, para la alcald\u00eda de Porto Novo \u2013 Ben\u00edn\"}]},{\"@type\":\"WebSite\",\"@id\":\"https:\/\/www.insuco.com\/es\/#website\",\"url\":\"https:\/\/www.insuco.com\/es\/\",\"name\":\"Insuco\",\"description\":\"Local understanding for sustainable solutions\",\"potentialAction\":[{\"@type\":\"SearchAction\",\"target\":{\"@type\":\"EntryPoint\",\"urlTemplate\":\"https:\/\/www.insuco.com\/es\/?s={search_term_string}\"},\"query-input\":{\"@type\":\"PropertyValueSpecification\",\"valueRequired\":true,\"valueName\":\"search_term_string\"}}],\"inLanguage\":\"es\"}]}<\/script>\n<!-- \/ Yoast SEO plugin. -->","yoast_head_json":{"title":"Estudios de l\u00ednea de base del proyecto Porto-Novo, ciudad verde, para la alcald\u00eda de Porto Novo \u2013 Ben\u00edn - Insuco","robots":{"index":"index","follow":"follow","max-snippet":"max-snippet:-1","max-image-preview":"max-image-preview:large","max-video-preview":"max-video-preview:-1"},"canonical":"https:\/\/www.insuco.com\/es\/project\/estudios-de-linea-de-base-del-proyecto-porto-novo-ciudad-verde-para-la-alcaldia-de-porto-novo-benin\/","og_locale":"es_ES","og_type":"article","og_title":"Estudios de l\u00ednea de base del proyecto Porto-Novo, ciudad verde, para la alcald\u00eda de Porto Novo \u2013 Ben\u00edn - Insuco","og_description":"Proyectos recientes y en curso Realizaci\u00f3n de los estudios de l\u00ednea de base socioecon\u00f3micos, ambientales y antropol\u00f3gicos del Proyecto \u201cPorto-Novo, Ciudad Verde\u201dCliente :\u00a0Alcald\u00eda de Porto Novo, Proyecto financiado por la Agencia Francesa de Desarrollo (AFD)Misi\u00f3n: Ben\u00edn firm\u00f3 la Convenci\u00f3n Ramsar sobre los Humedales en enero de 2000. Hoy en d\u00eda, el pa\u00eds cuenta con 4 [&hellip;]","og_url":"https:\/\/www.insuco.com\/es\/project\/estudios-de-linea-de-base-del-proyecto-porto-novo-ciudad-verde-para-la-alcaldia-de-porto-novo-benin\/","og_site_name":"Insuco","article_modified_time":"2024-02-12T15:57:44+00:00","og_image":[{"width":3480,"height":2123,"url":"https:\/\/www.insuco.com\/wp-content\/uploads\/2020\/05\/benin.jpg","type":"image\/jpeg"}],"twitter_card":"summary_large_image","twitter_misc":{"Tiempo de lectura":"7 minutos"},"schema":{"@context":"https:\/\/schema.org","@graph":[{"@type":"WebPage","@id":"https:\/\/www.insuco.com\/es\/project\/estudios-de-linea-de-base-del-proyecto-porto-novo-ciudad-verde-para-la-alcaldia-de-porto-novo-benin\/","url":"https:\/\/www.insuco.com\/es\/project\/estudios-de-linea-de-base-del-proyecto-porto-novo-ciudad-verde-para-la-alcaldia-de-porto-novo-benin\/","name":"Estudios de l\u00ednea de base del proyecto Porto-Novo, ciudad verde, para la alcald\u00eda de Porto Novo \u2013 Ben\u00edn - Insuco","isPartOf":{"@id":"https:\/\/www.insuco.com\/es\/#website"},"primaryImageOfPage":{"@id":"https:\/\/www.insuco.com\/es\/project\/estudios-de-linea-de-base-del-proyecto-porto-novo-ciudad-verde-para-la-alcaldia-de-porto-novo-benin\/#primaryimage"},"image":{"@id":"https:\/\/www.insuco.com\/es\/project\/estudios-de-linea-de-base-del-proyecto-porto-novo-ciudad-verde-para-la-alcaldia-de-porto-novo-benin\/#primaryimage"},"thumbnailUrl":"https:\/\/www.insuco.com\/wp-content\/uploads\/2020\/05\/benin.jpg","datePublished":"2019-07-23T20:05:38+00:00","dateModified":"2024-02-12T15:57:44+00:00","breadcrumb":{"@id":"https:\/\/www.insuco.com\/es\/project\/estudios-de-linea-de-base-del-proyecto-porto-novo-ciudad-verde-para-la-alcaldia-de-porto-novo-benin\/#breadcrumb"},"inLanguage":"es","potentialAction":[{"@type":"ReadAction","target":["https:\/\/www.insuco.com\/es\/project\/estudios-de-linea-de-base-del-proyecto-porto-novo-ciudad-verde-para-la-alcaldia-de-porto-novo-benin\/"]}]},{"@type":"ImageObject","inLanguage":"es","@id":"https:\/\/www.insuco.com\/es\/project\/estudios-de-linea-de-base-del-proyecto-porto-novo-ciudad-verde-para-la-alcaldia-de-porto-novo-benin\/#primaryimage","url":"https:\/\/www.insuco.com\/wp-content\/uploads\/2020\/05\/benin.jpg","contentUrl":"https:\/\/www.insuco.com\/wp-content\/uploads\/2020\/05\/benin.jpg","width":3480,"height":2123},{"@type":"BreadcrumbList","@id":"https:\/\/www.insuco.com\/es\/project\/estudios-de-linea-de-base-del-proyecto-porto-novo-ciudad-verde-para-la-alcaldia-de-porto-novo-benin\/#breadcrumb","itemListElement":[{"@type":"ListItem","position":1,"name":"Accueil","item":"https:\/\/www.insuco.com\/es\/"},{"@type":"ListItem","position":2,"name":"Proyectos","item":"https:\/\/www.insuco.com\/es\/project\/"},{"@type":"ListItem","position":3,"name":"Estudios de l\u00ednea de base del proyecto Porto-Novo, ciudad verde, para la alcald\u00eda de Porto Novo \u2013 Ben\u00edn"}]},{"@type":"WebSite","@id":"https:\/\/www.insuco.com\/es\/#website","url":"https:\/\/www.insuco.com\/es\/","name":"Insuco","description":"Local understanding for sustainable solutions","potentialAction":[{"@type":"SearchAction","target":{"@type":"EntryPoint","urlTemplate":"https:\/\/www.insuco.com\/es\/?s={search_term_string}"},"query-input":{"@type":"PropertyValueSpecification","valueRequired":true,"valueName":"search_term_string"}}],"inLanguage":"es"}]}},"_links":{"self":[{"href":"https:\/\/www.insuco.com\/es\/wp-json\/wp\/v2\/project\/28131","targetHints":{"allow":["GET"]}}],"collection":[{"href":"https:\/\/www.insuco.com\/es\/wp-json\/wp\/v2\/project"}],"about":[{"href":"https:\/\/www.insuco.com\/es\/wp-json\/wp\/v2\/types\/project"}],"author":[{"embeddable":true,"href":"https:\/\/www.insuco.com\/es\/wp-json\/wp\/v2\/users\/9"}],"replies":[{"embeddable":true,"href":"https:\/\/www.insuco.com\/es\/wp-json\/wp\/v2\/comments?post=28131"}],"version-history":[{"count":10,"href":"https:\/\/www.insuco.com\/es\/wp-json\/wp\/v2\/project\/28131\/revisions"}],"predecessor-version":[{"id":29132,"href":"https:\/\/www.insuco.com\/es\/wp-json\/wp\/v2\/project\/28131\/revisions\/29132"}],"wp:featuredmedia":[{"embeddable":true,"href":"https:\/\/www.insuco.com\/es\/wp-json\/wp\/v2\/media\/28119"}],"wp:attachment":[{"href":"https:\/\/www.insuco.com\/es\/wp-json\/wp\/v2\/media?parent=28131"}],"wp:term":[{"taxonomy":"project_category","embeddable":true,"href":"https:\/\/www.insuco.com\/es\/wp-json\/wp\/v2\/project_category?post=28131"},{"taxonomy":"project_tag","embeddable":true,"href":"https:\/\/www.insuco.com\/es\/wp-json\/wp\/v2\/project_tag?post=28131"},{"taxonomy":"region","embeddable":true,"href":"https:\/\/www.insuco.com\/es\/wp-json\/wp\/v2\/region?post=28131"},{"taxonomy":"secteur","embeddable":true,"href":"https:\/\/www.insuco.com\/es\/wp-json\/wp\/v2\/secteur?post=28131"},{"taxonomy":"services","embeddable":true,"href":"https:\/\/www.insuco.com\/es\/wp-json\/wp\/v2\/services?post=28131"},{"taxonomy":"client","embeddable":true,"href":"https:\/\/www.insuco.com\/es\/wp-json\/wp\/v2\/client?post=28131"}],"curies":[{"name":"wp","href":"https:\/\/api.w.org\/{rel}","templated":true}]}}