{"id":28090,"date":"2020-05-29T07:12:56","date_gmt":"2020-05-29T05:12:56","guid":{"rendered":"https:\/\/www.insuco.com\/?post_type=project&#038;p=28090"},"modified":"2024-02-12T16:50:31","modified_gmt":"2024-02-12T15:50:31","slug":"dialogo-territorial-durante-el-covid-19-para-el-mme-colombia","status":"publish","type":"project","link":"https:\/\/www.insuco.com\/es\/project\/dialogo-territorial-durante-el-covid-19-para-el-mme-colombia\/","title":{"rendered":"Di\u00e1logo territorial durante el COVID-19 para el MME &#8211; Colombia"},"content":{"rendered":"<p>[et_pb_section fb_built=\u00bb1&#8243; _builder_version=\u00bb3.26&#8243; use_background_color_gradient=\u00bbon\u00bb background_color_gradient_start=\u00bbrgba(0,129,139,0.75)\u00bb background_color_gradient_end=\u00bbrgba(0,129,139,0.82)\u00bb background_color_gradient_overlays_image=\u00bbon\u00bb background_image=\u00bbhttps:\/\/www.insuco.com\/wp-content\/uploads\/2020\/05\/Memor\u00eda-Grafica-Webinar-MME-Insuco-Jueves-21-de-Mayo-2020.jpeg\u00bb custom_padding=\u00bb200px|0px|23px|0px|false|false\u00bb z_index_tablet=\u00bb500&#8243; locked=\u00bboff\u00bb][et_pb_row custom_padding=\u00bb27px|0px|0|0px|false|false\u00bb _builder_version=\u00bb3.25&#8243; z_index_tablet=\u00bb500&#8243; locked=\u00bboff\u00bb][et_pb_column type=\u00bb4_4&#8243; _builder_version=\u00bb3.25&#8243; custom_padding=\u00bb|||\u00bb custom_padding__hover=\u00bb|||\u00bb][et_pb_text admin_label=\u00bbProjetsRecentsTitre2 ES\u00bb _builder_version=\u00bb3.25.4&#8243; header_font=\u00bb|300|||||||\u00bb header_text_color=\u00bb#ffffff\u00bb header_font_size=\u00bb70px\u00bb header_2_text_color=\u00bb#ffffff\u00bb header_2_font_size=\u00bb60px\u00bb custom_padding=\u00bb|||\u00bb animation_style=\u00bbslide\u00bb animation_direction=\u00bbright\u00bb animation_delay=\u00bb500ms\u00bb z_index_tablet=\u00bb500&#8243; header_font_size_phone=\u00bb50px\u00bb header_font_size_last_edited=\u00bbon|phone\u00bb global_module=\u00bb18623&#8243; saved_tabs=\u00bball\u00bb locked=\u00bbon\u00bb header_2_text_color__hover_enabled=\u00bbon\u00bb header_2_text_color__hover=\u00bb#b1e3e3&#8243;]<\/p>\n<h1>Proyectos recientes y en curso<\/h1>\n<p>[\/et_pb_text][\/et_pb_column][\/et_pb_row][\/et_pb_section][et_pb_section fb_built=\u00bb1&#8243; _builder_version=\u00bb3.22.3&#8243; custom_padding=\u00bb21px|0px|47px|0px|false|false\u00bb][et_pb_row use_custom_gutter=\u00bbon\u00bb gutter_width=\u00bb2&#8243; custom_padding=\u00bb||0px|||\u00bb custom_margin=\u00bb||\u00bb make_equal=\u00bbon\u00bb _builder_version=\u00bb3.25&#8243;][et_pb_column type=\u00bb4_4&#8243; _builder_version=\u00bb3.25&#8243; custom_padding=\u00bb|||\u00bb custom_padding_phone=\u00bb|0px||\u00bb custom_padding_last_edited=\u00bbon|phone\u00bb custom_padding__hover=\u00bb|||\u00bb][et_pb_text admin_label=\u00bbTitre long\u00bb _builder_version=\u00bb3.26&#8243; header_2_text_color=\u00bb#00818b\u00bb header_2_font_size=\u00bb40px\u00bb header_3_font=\u00bb|600|||||||\u00bb header_3_font_size=\u00bb25px\u00bb custom_margin=\u00bb||0px\u00bb custom_margin_phone=\u00bb||20px|\u00bb custom_margin_last_edited=\u00bbon|phone\u00bb custom_padding=\u00bb||0px|||\u00bb z_index_tablet=\u00bb500&#8243; header_2_font_size_last_edited=\u00bbon|phone\u00bb]<\/p>\n<h2>Promoci\u00f3n y acompa\u00f1amiento del di\u00e1logo territorial durante la crisis sanitaria del COVID-19<\/h2>\n<p>[\/et_pb_text][et_pb_text admin_label=\u00bbClient \u00bb _builder_version=\u00bb3.26&#8243; text_font=\u00bbSource Sans Pro||||||||\u00bb text_text_color=\u00bb#000000&#8243; text_font_size=\u00bb23px\u00bb header_2_text_color=\u00bb#00818b\u00bb header_2_font_size=\u00bb40px\u00bb header_3_font=\u00bb|600|||||||\u00bb header_3_font_size=\u00bb25px\u00bb custom_margin=\u00bb0px||\u00bb custom_margin_phone=\u00bb||10px\u00bb custom_margin_last_edited=\u00bbon|phone\u00bb custom_padding=\u00bb0px|||||\u00bb z_index_tablet=\u00bb500&#8243; header_2_font_size_last_edited=\u00bbon|phone\u00bb]<\/p>\n<p><strong>Cliente :\u00a0<\/strong>Ministerio de Minas y Energ\u00eda (MME) de Colombia<\/p>\n<p>[\/et_pb_text][\/et_pb_column][\/et_pb_row][et_pb_row column_structure=\u00bb2_5,3_5&#8243; use_custom_gutter=\u00bbon\u00bb gutter_width=\u00bb2&#8243; custom_padding=\u00bb||0px|||\u00bb custom_margin=\u00bb||\u00bb _builder_version=\u00bb3.25&#8243;][et_pb_column type=\u00bb2_5&#8243; _builder_version=\u00bb3.25&#8243; background_color=\u00bbrgba(0,129,139,0.08)\u00bb custom_padding=\u00bb20px|20px|20px|20px\u00bb custom_padding_phone=\u00bb10px|10px|10px|10px\u00bb custom_padding_last_edited=\u00bbon|phone\u00bb custom_padding__hover=\u00bb|||\u00bb][et_pb_text admin_label=\u00bbCatRegion2 ES\u00bb module_class=\u00bbcustom-taxonomy\u00bb _builder_version=\u00bb3.25.4&#8243; _dynamic_attributes=\u00bbcontent\u00bb text_font=\u00bb|700|||||||\u00bb header_font=\u00bb||||||||\u00bb header_2_font=\u00bb||||||||\u00bb header_2_text_color=\u00bb#00818b\u00bb header_2_font_size=\u00bb40px\u00bb header_3_font=\u00bb|600|||||||\u00bb header_3_font_size=\u00bb25px\u00bb custom_margin_phone=\u00bb||10px\u00bb custom_margin_last_edited=\u00bbon|phone\u00bb custom_padding=\u00bb|||||\u00bb header_2_font_size_phone=\u00bb40px\u00bb header_2_font_size_last_edited=\u00bbon|phone\u00bb global_module=\u00bb18625&#8243; saved_tabs=\u00bball\u00bb locked=\u00bbon\u00bb]@ET-DC@eyJkeW5hbWljIjp0cnVlLCJjb250ZW50IjoicG9zdF9jYXRlZ29yaWVzIiwic2V0dGluZ3MiOnsiYmVmb3JlIjoiUmVnaW9uZXMgLyBQYVx1MDBlZHNlcyA6ICIsImFmdGVyIjoiIiwibGlua190b190ZXJtX3BhZ2UiOiJvbiIsInNlcGFyYXRvciI6IiIsImNhdGVnb3J5X3R5cGUiOiJyZWdpb24ifX0=@[\/et_pb_text][et_pb_text admin_label=\u00bbCatSecteur2 ES\u00bb module_class=\u00bbcustom-taxonomy\u00bb _builder_version=\u00bb3.25.4&#8243; _dynamic_attributes=\u00bbcontent\u00bb text_font=\u00bb|700|||||||\u00bb header_font=\u00bb||||||||\u00bb header_2_font=\u00bb||||||||\u00bb header_2_text_color=\u00bb#00818b\u00bb header_2_font_size=\u00bb40px\u00bb header_3_font=\u00bb|600|||||||\u00bb header_3_font_size=\u00bb25px\u00bb custom_margin_phone=\u00bb||10px\u00bb custom_margin_last_edited=\u00bbon|phone\u00bb custom_padding=\u00bb|||||\u00bb header_2_font_size_phone=\u00bb40px\u00bb header_2_font_size_last_edited=\u00bbon|phone\u00bb global_module=\u00bb18627&#8243; saved_tabs=\u00bball\u00bb locked=\u00bbon\u00bb]@ET-DC@eyJkeW5hbWljIjp0cnVlLCJjb250ZW50IjoicG9zdF9jYXRlZ29yaWVzIiwic2V0dGluZ3MiOnsiYmVmb3JlIjoiU2VjdG9yZXMgOiAiLCJhZnRlciI6IiIsImxpbmtfdG9fdGVybV9wYWdlIjoib24iLCJzZXBhcmF0b3IiOiIiLCJjYXRlZ29yeV90eXBlIjoic2VjdGV1ciJ9fQ==@[\/et_pb_text][et_pb_text admin_label=\u00bbCatService2 ES\u00bb module_class=\u00bbcustom-taxonomy\u00bb _builder_version=\u00bb3.25.4&#8243; _dynamic_attributes=\u00bbcontent\u00bb text_font=\u00bb|700|||||||\u00bb header_font=\u00bb||||||||\u00bb header_2_font=\u00bb||||||||\u00bb header_2_text_color=\u00bb#00818b\u00bb header_2_font_size=\u00bb40px\u00bb header_3_font=\u00bb|600|||||||\u00bb header_3_font_size=\u00bb25px\u00bb custom_margin_phone=\u00bb||10px\u00bb custom_margin_last_edited=\u00bbon|phone\u00bb custom_padding=\u00bb|||||\u00bb header_2_font_size_phone=\u00bb40px\u00bb header_2_font_size_last_edited=\u00bbon|phone\u00bb global_module=\u00bb18629&#8243; saved_tabs=\u00bball\u00bb locked=\u00bbon\u00bb]@ET-DC@eyJkeW5hbWljIjp0cnVlLCJjb250ZW50IjoicG9zdF9jYXRlZ29yaWVzIiwic2V0dGluZ3MiOnsiYmVmb3JlIjoiU2VydmljaW9zIDogIiwiYWZ0ZXIiOiIiLCJsaW5rX3RvX3Rlcm1fcGFnZSI6Im9uIiwic2VwYXJhdG9yIjoiIiwiY2F0ZWdvcnlfdHlwZSI6InNlcnZpY2VzIn19@[\/et_pb_text][et_pb_text admin_label=\u00bbCatClient2 ES\u00bb module_class=\u00bbcustom-taxonomy\u00bb _builder_version=\u00bb3.25.4&#8243; _dynamic_attributes=\u00bbcontent\u00bb text_font=\u00bb|700|||||||\u00bb header_font=\u00bb||||||||\u00bb header_2_font=\u00bb||||||||\u00bb header_2_text_color=\u00bb#00818b\u00bb header_2_font_size=\u00bb40px\u00bb header_3_font=\u00bb|600|||||||\u00bb header_3_font_size=\u00bb25px\u00bb custom_margin_phone=\u00bb||10px\u00bb custom_margin_last_edited=\u00bbon|phone\u00bb custom_padding=\u00bb|||||\u00bb header_2_font_size_phone=\u00bb40px\u00bb header_2_font_size_last_edited=\u00bbon|phone\u00bb global_module=\u00bb18631&#8243; saved_tabs=\u00bball\u00bb locked=\u00bbon\u00bb]@ET-DC@eyJkeW5hbWljIjp0cnVlLCJjb250ZW50IjoicG9zdF9jYXRlZ29yaWVzIiwic2V0dGluZ3MiOnsiYmVmb3JlIjoiQ2F0ZWdvclx1MDBlZGEgZGUgY2xpZW50ZSA6ICIsImFmdGVyIjoiIiwibGlua190b190ZXJtX3BhZ2UiOiJvbiIsInNlcGFyYXRvciI6IiIsImNhdGVnb3J5X3R5cGUiOiJjbGllbnQifX0=@[\/et_pb_text][\/et_pb_column][et_pb_column type=\u00bb3_5&#8243; _builder_version=\u00bb3.25&#8243; custom_padding=\u00bb|||\u00bb custom_padding_last_edited=\u00bbon|phone\u00bb custom_padding__hover=\u00bb|||\u00bb][et_pb_post_title title=\u00bboff\u00bb meta=\u00bboff\u00bb admin_label=\u00bbImage\u00bb _builder_version=\u00bb3.22.7&#8243; custom_margin=\u00bb||22px|||\u00bb z_index_tablet=\u00bb500&#8243; locked=\u00bbon\u00bb][\/et_pb_post_title][et_pb_text admin_label=\u00bbMissionTitre2 ES\u00bb _builder_version=\u00bb3.25.4&#8243; header_2_font=\u00bb|600|||||||\u00bb header_2_text_color=\u00bb#00818b\u00bb header_2_font_size=\u00bb40px\u00bb header_3_font=\u00bb|600|||||||\u00bb header_3_font_size=\u00bb25px\u00bb custom_margin=\u00bb||-2px|||\u00bb custom_padding=\u00bb|||||\u00bb z_index_tablet=\u00bb500&#8243; header_2_font_size_last_edited=\u00bbon|phone\u00bb global_module=\u00bb18621&#8243; saved_tabs=\u00bball\u00bb locked=\u00bboff\u00bb]<\/p>\n<h3>Misi\u00f3n:<\/h3>\n<p>[\/et_pb_text][et_pb_text admin_label=\u00bbMission texte\u00bb _builder_version=\u00bb3.26&#8243; header_2_font=\u00bb|600|||||||\u00bb header_2_text_color=\u00bb#00818b\u00bb header_2_font_size=\u00bb40px\u00bb header_3_font=\u00bb|600|||||||\u00bb header_3_font_size=\u00bb25px\u00bb custom_padding=\u00bb|||||\u00bb z_index_tablet=\u00bb500&#8243; header_2_font_size_last_edited=\u00bbon|phone\u00bb]<\/p>\n<p>La crisis sanitaria generada por el COVID-19 nos enfrent\u00f3 a una situaci\u00f3n in\u00e9dita, cuya superaci\u00f3n ha demandado esfuerzos multisectoriales conjuntos y apuestas innovadoras para devolver el dinamismo a los territorios y el bienestar a las comunidades. Por un lado, la contracci\u00f3n econ\u00f3mica y la incertidumbre frente al futuro incrementaron las expectativas de los actores sociales frente a los proyectos de gran impacto, particularmente del sector minero-energ\u00e9tico, y sus beneficios. Sin embargo, por otro lado, el aislamiento preventivo impuso una barrera a la implementaci\u00f3n de la estrategia de gesti\u00f3n del entorno \/ relacionamiento social de las empresas, limitando su capacidad de interlocuci\u00f3n con otros actores clave en el territorio y su contribuci\u00f3n a la superaci\u00f3n de la emergencia sanitaria.<\/p>\n<p>En este contexto, el Ministerio de Minas y Energ\u00eda de Colombia encarg\u00f3 a Insuco la implementaci\u00f3n del proyecto de <strong><em>Promoci\u00f3n y acompa\u00f1amiento del di\u00e1logo territorial durante el COVID-19<\/em><\/strong>, cuyo objetivo principal era: generar una plataforma de di\u00e1logo sobre los retos que impone el COVID-19 a la gesti\u00f3n territorial y formular lineamientos que faciliten el rol de las empresas en la gesti\u00f3n de la crisis sanitaria y en la recuperaci\u00f3n de los territorios donde operan.<\/p>\n<p>Insuco implement\u00f3 las siguientes actividades:<\/p>\n<ul>\n<li><strong>Realizaci\u00f3n de los encuentros virtuales: <\/strong>las discusiones virtuales tuvieron una duraci\u00f3n aproximada de una hora y media, y contaban con un espacio para el intercambio de ideas y reflexiones entre los participantes y los panelistas y la formulaci\u00f3n de preguntas. Se organizaron en total tres (3) Webinars, que abordaron los siguientes temas: <strong>tem\u00e1tica #1<\/strong> \u201c<em>Desaf\u00edos del di\u00e1logo territorial en tiempos de COVID-19. \u00bfC\u00f3mo enfrentarlos desde otra mirada de la gesti\u00f3n social?<\/em>\u201d; <strong>tem\u00e1tica #2<\/strong> \u201c<em>Reactivaci\u00f3n econ\u00f3mica post COVID-19, \u00bfcu\u00e1l ser\u00e1 el rol del sector minero-energ\u00e9tico?<\/em>\u201d;<strong> tem\u00e1tica #3 <\/strong>\u201c<em>En el marco del COVID-19, \u00bfc\u00f3mo participa el sector minero-energ\u00e9tico en la discusi\u00f3n sobre cambio clim\u00e1tico?<\/em>\u201d.<\/li>\n<li><strong>Sistematizaci\u00f3n y comunicaci\u00f3n de aprendizajes: <\/strong>las sesiones virtuales de reflexi\u00f3n y de acompa\u00f1amiento han sido acompa\u00f1adas de memorias gr\u00e1ficas y del desarrollo de una estrategia de comunicaci\u00f3n, difusi\u00f3n de los contenidos m\u00e1s destacados, y de socializaci\u00f3n de los resultados del proyecto.<\/li>\n<\/ul>\n<p>[\/et_pb_text][et_pb_text admin_label=\u00bbResultatTitre2 ES\u00bb _builder_version=\u00bb3.25.4&#8243; header_2_font=\u00bb|600|||||||\u00bb header_2_text_color=\u00bb#00818b\u00bb header_2_font_size=\u00bb40px\u00bb header_3_font=\u00bb|600|||||||\u00bb header_3_font_size=\u00bb25px\u00bb custom_margin=\u00bb||-2px|||\u00bb custom_padding=\u00bb|||||\u00bb z_index_tablet=\u00bb500&#8243; header_2_font_size_last_edited=\u00bbon|phone\u00bb global_module=\u00bb18618&#8243; saved_tabs=\u00bball\u00bb locked=\u00bboff\u00bb]<\/p>\n<h3>Resultado:<\/h3>\n<p>[\/et_pb_text][et_pb_text admin_label=\u00bbR\u00e9sultat texte\u00bb _builder_version=\u00bb3.26&#8243; header_2_font=\u00bb|600|||||||\u00bb header_2_text_color=\u00bb#00818b\u00bb header_2_font_size=\u00bb40px\u00bb header_3_font=\u00bb|600|||||||\u00bb header_3_font_size=\u00bb25px\u00bb custom_padding=\u00bb|||||\u00bb z_index_tablet=\u00bb500&#8243; header_2_font_size_last_edited=\u00bbon|phone\u00bb]<\/p>\n<p>Insuco entreg\u00f3 los siguientes productos:<\/p>\n<ul>\n<li>Memorias gr\u00e1ficas y grabaciones de los Webinars (organizados por medio de la plataforma <em>Crowdcast<\/em>);<\/li>\n<li>Piezas gr\u00e1ficas e infograf\u00edas que compilen las principales conclusiones de las sesiones virtuales.<\/li>\n<\/ul>\n<p>[\/et_pb_text][\/et_pb_column][\/et_pb_row][\/et_pb_section][et_pb_section fb_built=\u00bb1&#8243; _builder_version=\u00bb3.22.7&#8243; background_color=\u00bbrgba(177,227,227,0.25)\u00bb custom_margin=\u00bb||-25px\u00bb custom_padding=\u00bb37px|0px|25px|0px|false|false\u00bb saved_tabs=\u00bball\u00bb locked=\u00bboff\u00bb][et_pb_row _builder_version=\u00bb3.25&#8243;][et_pb_column type=\u00bb4_4&#8243; _builder_version=\u00bb3.25&#8243; custom_padding=\u00bb|||\u00bb custom_padding__hover=\u00bb|||\u00bb][et_pb_cta title=\u00bb\u00a1Cu\u00e9ntenos sobre su proyecto!\u00bb button_url=\u00bbhttps:\/\/www.insuco.com\/es\/contacto\u00bb button_text=\u00bbCont\u00e1ctenos\u00bb admin_label=\u00bbCTAProjet2 ES\u00bb _builder_version=\u00bb3.26&#8243; background_color=\u00bbrgba(89,175,181,0)\u00bb background_layout=\u00bblight\u00bb animation_style=\u00bbzoom\u00bb z_index_tablet=\u00bb500&#8243; header_font_size_phone=\u00bb40px\u00bb header_font_size_last_edited=\u00bbon|phone\u00bb global_module=\u00bb18616&#8243; saved_tabs=\u00bball\u00bb locked=\u00bbon\u00bb]<\/p>\n<p>\u00bfQuiere hablar de su proyecto y sus retos? \u00bfQuiere saber m\u00e1s de Insuco y nuestras \u00e1reas de experticia? \u00bfQuiere agendar una cita?<\/p>\n<p>[\/et_pb_cta][\/et_pb_column][\/et_pb_row][\/et_pb_section]<\/p>\n","protected":false},"excerpt":{"rendered":"<p>Proyectos recientes y en curso Promoci\u00f3n y acompa\u00f1amiento del di\u00e1logo territorial durante la crisis sanitaria del COVID-19Cliente :\u00a0Ministerio de Minas y Energ\u00eda (MME) de ColombiaMisi\u00f3n: La crisis sanitaria generada por el COVID-19 nos enfrent\u00f3 a una situaci\u00f3n in\u00e9dita, cuya superaci\u00f3n ha demandado esfuerzos multisectoriales conjuntos y apuestas innovadoras para devolver el dinamismo a los territorios [&hellip;]<\/p>\n","protected":false},"author":9,"featured_media":28085,"comment_status":"open","ping_status":"closed","template":"","meta":{"_acf_changed":false,"_et_pb_use_builder":"on","_et_pb_old_content":"","_et_gb_content_width":"","footnotes":""},"project_category":[],"project_tag":[562],"region":[141,145],"secteur":[159,108,161],"services":[175,173],"client":[181],"class_list":["post-28090","project","type-project","status-publish","has-post-thumbnail","hentry","project_tag-anciens-projets-avec-builder-es","region-america-latina-el-caribe","region-colombia-es","secteur-energia","secteur-mineria","secteur-petroleo-gas","services-estrategia-asesoramiento-formacion","services-gestion-social","client-instituciones-publicas"],"acf":[],"yoast_head":"<!-- This site is optimized with the Yoast SEO plugin v26.0 - https:\/\/yoast.com\/wordpress\/plugins\/seo\/ -->\n<title>Di\u00e1logo territorial durante el COVID-19 para el MME - Colombia - Insuco<\/title>\n<meta name=\"robots\" content=\"index, follow, max-snippet:-1, max-image-preview:large, max-video-preview:-1\" \/>\n<link rel=\"canonical\" href=\"https:\/\/www.insuco.com\/es\/project\/dialogo-territorial-durante-el-covid-19-para-el-mme-colombia\/\" \/>\n<meta property=\"og:locale\" content=\"es_ES\" \/>\n<meta property=\"og:type\" content=\"article\" \/>\n<meta property=\"og:title\" content=\"Di\u00e1logo territorial durante el COVID-19 para el MME - Colombia - Insuco\" \/>\n<meta property=\"og:description\" content=\"Proyectos recientes y en curso Promoci\u00f3n y acompa\u00f1amiento del di\u00e1logo territorial durante la crisis sanitaria del COVID-19Cliente :\u00a0Ministerio de Minas y Energ\u00eda (MME) de ColombiaMisi\u00f3n: La crisis sanitaria generada por el COVID-19 nos enfrent\u00f3 a una situaci\u00f3n in\u00e9dita, cuya superaci\u00f3n ha demandado esfuerzos multisectoriales conjuntos y apuestas innovadoras para devolver el dinamismo a los territorios [&hellip;]\" \/>\n<meta property=\"og:url\" content=\"https:\/\/www.insuco.com\/es\/project\/dialogo-territorial-durante-el-covid-19-para-el-mme-colombia\/\" \/>\n<meta property=\"og:site_name\" content=\"Insuco\" \/>\n<meta property=\"article:modified_time\" content=\"2024-02-12T15:50:31+00:00\" \/>\n<meta property=\"og:image\" content=\"https:\/\/www.insuco.com\/wp-content\/uploads\/2020\/05\/Memor\u00eda-Grafica-Webinar-MME-Insuco-Jueves-21-de-Mayo-2020.jpeg\" \/>\n\t<meta property=\"og:image:width\" content=\"1280\" \/>\n\t<meta property=\"og:image:height\" content=\"1259\" \/>\n\t<meta property=\"og:image:type\" content=\"image\/jpeg\" \/>\n<meta name=\"twitter:card\" content=\"summary_large_image\" \/>\n<meta name=\"twitter:label1\" content=\"Tiempo de lectura\" \/>\n\t<meta name=\"twitter:data1\" content=\"8 minutos\" \/>\n<script type=\"application\/ld+json\" class=\"yoast-schema-graph\">{\"@context\":\"https:\/\/schema.org\",\"@graph\":[{\"@type\":\"WebPage\",\"@id\":\"https:\/\/www.insuco.com\/es\/project\/dialogo-territorial-durante-el-covid-19-para-el-mme-colombia\/\",\"url\":\"https:\/\/www.insuco.com\/es\/project\/dialogo-territorial-durante-el-covid-19-para-el-mme-colombia\/\",\"name\":\"Di\u00e1logo territorial durante el COVID-19 para el MME - Colombia - Insuco\",\"isPartOf\":{\"@id\":\"https:\/\/www.insuco.com\/es\/#website\"},\"primaryImageOfPage\":{\"@id\":\"https:\/\/www.insuco.com\/es\/project\/dialogo-territorial-durante-el-covid-19-para-el-mme-colombia\/#primaryimage\"},\"image\":{\"@id\":\"https:\/\/www.insuco.com\/es\/project\/dialogo-territorial-durante-el-covid-19-para-el-mme-colombia\/#primaryimage\"},\"thumbnailUrl\":\"https:\/\/www.insuco.com\/wp-content\/uploads\/2020\/05\/Memor\u00eda-Grafica-Webinar-MME-Insuco-Jueves-21-de-Mayo-2020.jpeg\",\"datePublished\":\"2020-05-29T05:12:56+00:00\",\"dateModified\":\"2024-02-12T15:50:31+00:00\",\"breadcrumb\":{\"@id\":\"https:\/\/www.insuco.com\/es\/project\/dialogo-territorial-durante-el-covid-19-para-el-mme-colombia\/#breadcrumb\"},\"inLanguage\":\"es\",\"potentialAction\":[{\"@type\":\"ReadAction\",\"target\":[\"https:\/\/www.insuco.com\/es\/project\/dialogo-territorial-durante-el-covid-19-para-el-mme-colombia\/\"]}]},{\"@type\":\"ImageObject\",\"inLanguage\":\"es\",\"@id\":\"https:\/\/www.insuco.com\/es\/project\/dialogo-territorial-durante-el-covid-19-para-el-mme-colombia\/#primaryimage\",\"url\":\"https:\/\/www.insuco.com\/wp-content\/uploads\/2020\/05\/Memor\u00eda-Grafica-Webinar-MME-Insuco-Jueves-21-de-Mayo-2020.jpeg\",\"contentUrl\":\"https:\/\/www.insuco.com\/wp-content\/uploads\/2020\/05\/Memor\u00eda-Grafica-Webinar-MME-Insuco-Jueves-21-de-Mayo-2020.jpeg\",\"width\":1280,\"height\":1259},{\"@type\":\"BreadcrumbList\",\"@id\":\"https:\/\/www.insuco.com\/es\/project\/dialogo-territorial-durante-el-covid-19-para-el-mme-colombia\/#breadcrumb\",\"itemListElement\":[{\"@type\":\"ListItem\",\"position\":1,\"name\":\"Accueil\",\"item\":\"https:\/\/www.insuco.com\/es\/\"},{\"@type\":\"ListItem\",\"position\":2,\"name\":\"Proyectos\",\"item\":\"https:\/\/www.insuco.com\/es\/project\/\"},{\"@type\":\"ListItem\",\"position\":3,\"name\":\"Di\u00e1logo territorial durante el COVID-19 para el MME - Colombia\"}]},{\"@type\":\"WebSite\",\"@id\":\"https:\/\/www.insuco.com\/es\/#website\",\"url\":\"https:\/\/www.insuco.com\/es\/\",\"name\":\"Insuco\",\"description\":\"Local understanding for sustainable solutions\",\"potentialAction\":[{\"@type\":\"SearchAction\",\"target\":{\"@type\":\"EntryPoint\",\"urlTemplate\":\"https:\/\/www.insuco.com\/es\/?s={search_term_string}\"},\"query-input\":{\"@type\":\"PropertyValueSpecification\",\"valueRequired\":true,\"valueName\":\"search_term_string\"}}],\"inLanguage\":\"es\"}]}<\/script>\n<!-- \/ Yoast SEO plugin. -->","yoast_head_json":{"title":"Di\u00e1logo territorial durante el COVID-19 para el MME - Colombia - Insuco","robots":{"index":"index","follow":"follow","max-snippet":"max-snippet:-1","max-image-preview":"max-image-preview:large","max-video-preview":"max-video-preview:-1"},"canonical":"https:\/\/www.insuco.com\/es\/project\/dialogo-territorial-durante-el-covid-19-para-el-mme-colombia\/","og_locale":"es_ES","og_type":"article","og_title":"Di\u00e1logo territorial durante el COVID-19 para el MME - Colombia - Insuco","og_description":"Proyectos recientes y en curso Promoci\u00f3n y acompa\u00f1amiento del di\u00e1logo territorial durante la crisis sanitaria del COVID-19Cliente :\u00a0Ministerio de Minas y Energ\u00eda (MME) de ColombiaMisi\u00f3n: La crisis sanitaria generada por el COVID-19 nos enfrent\u00f3 a una situaci\u00f3n in\u00e9dita, cuya superaci\u00f3n ha demandado esfuerzos multisectoriales conjuntos y apuestas innovadoras para devolver el dinamismo a los territorios [&hellip;]","og_url":"https:\/\/www.insuco.com\/es\/project\/dialogo-territorial-durante-el-covid-19-para-el-mme-colombia\/","og_site_name":"Insuco","article_modified_time":"2024-02-12T15:50:31+00:00","og_image":[{"width":1280,"height":1259,"url":"https:\/\/www.insuco.com\/wp-content\/uploads\/2020\/05\/Memor\u00eda-Grafica-Webinar-MME-Insuco-Jueves-21-de-Mayo-2020.jpeg","type":"image\/jpeg"}],"twitter_card":"summary_large_image","twitter_misc":{"Tiempo de lectura":"8 minutos"},"schema":{"@context":"https:\/\/schema.org","@graph":[{"@type":"WebPage","@id":"https:\/\/www.insuco.com\/es\/project\/dialogo-territorial-durante-el-covid-19-para-el-mme-colombia\/","url":"https:\/\/www.insuco.com\/es\/project\/dialogo-territorial-durante-el-covid-19-para-el-mme-colombia\/","name":"Di\u00e1logo territorial durante el COVID-19 para el MME - Colombia - Insuco","isPartOf":{"@id":"https:\/\/www.insuco.com\/es\/#website"},"primaryImageOfPage":{"@id":"https:\/\/www.insuco.com\/es\/project\/dialogo-territorial-durante-el-covid-19-para-el-mme-colombia\/#primaryimage"},"image":{"@id":"https:\/\/www.insuco.com\/es\/project\/dialogo-territorial-durante-el-covid-19-para-el-mme-colombia\/#primaryimage"},"thumbnailUrl":"https:\/\/www.insuco.com\/wp-content\/uploads\/2020\/05\/Memor\u00eda-Grafica-Webinar-MME-Insuco-Jueves-21-de-Mayo-2020.jpeg","datePublished":"2020-05-29T05:12:56+00:00","dateModified":"2024-02-12T15:50:31+00:00","breadcrumb":{"@id":"https:\/\/www.insuco.com\/es\/project\/dialogo-territorial-durante-el-covid-19-para-el-mme-colombia\/#breadcrumb"},"inLanguage":"es","potentialAction":[{"@type":"ReadAction","target":["https:\/\/www.insuco.com\/es\/project\/dialogo-territorial-durante-el-covid-19-para-el-mme-colombia\/"]}]},{"@type":"ImageObject","inLanguage":"es","@id":"https:\/\/www.insuco.com\/es\/project\/dialogo-territorial-durante-el-covid-19-para-el-mme-colombia\/#primaryimage","url":"https:\/\/www.insuco.com\/wp-content\/uploads\/2020\/05\/Memor\u00eda-Grafica-Webinar-MME-Insuco-Jueves-21-de-Mayo-2020.jpeg","contentUrl":"https:\/\/www.insuco.com\/wp-content\/uploads\/2020\/05\/Memor\u00eda-Grafica-Webinar-MME-Insuco-Jueves-21-de-Mayo-2020.jpeg","width":1280,"height":1259},{"@type":"BreadcrumbList","@id":"https:\/\/www.insuco.com\/es\/project\/dialogo-territorial-durante-el-covid-19-para-el-mme-colombia\/#breadcrumb","itemListElement":[{"@type":"ListItem","position":1,"name":"Accueil","item":"https:\/\/www.insuco.com\/es\/"},{"@type":"ListItem","position":2,"name":"Proyectos","item":"https:\/\/www.insuco.com\/es\/project\/"},{"@type":"ListItem","position":3,"name":"Di\u00e1logo territorial durante el COVID-19 para el MME - Colombia"}]},{"@type":"WebSite","@id":"https:\/\/www.insuco.com\/es\/#website","url":"https:\/\/www.insuco.com\/es\/","name":"Insuco","description":"Local understanding for sustainable solutions","potentialAction":[{"@type":"SearchAction","target":{"@type":"EntryPoint","urlTemplate":"https:\/\/www.insuco.com\/es\/?s={search_term_string}"},"query-input":{"@type":"PropertyValueSpecification","valueRequired":true,"valueName":"search_term_string"}}],"inLanguage":"es"}]}},"_links":{"self":[{"href":"https:\/\/www.insuco.com\/es\/wp-json\/wp\/v2\/project\/28090","targetHints":{"allow":["GET"]}}],"collection":[{"href":"https:\/\/www.insuco.com\/es\/wp-json\/wp\/v2\/project"}],"about":[{"href":"https:\/\/www.insuco.com\/es\/wp-json\/wp\/v2\/types\/project"}],"author":[{"embeddable":true,"href":"https:\/\/www.insuco.com\/es\/wp-json\/wp\/v2\/users\/9"}],"replies":[{"embeddable":true,"href":"https:\/\/www.insuco.com\/es\/wp-json\/wp\/v2\/comments?post=28090"}],"version-history":[{"count":7,"href":"https:\/\/www.insuco.com\/es\/wp-json\/wp\/v2\/project\/28090\/revisions"}],"predecessor-version":[{"id":29110,"href":"https:\/\/www.insuco.com\/es\/wp-json\/wp\/v2\/project\/28090\/revisions\/29110"}],"wp:featuredmedia":[{"embeddable":true,"href":"https:\/\/www.insuco.com\/es\/wp-json\/wp\/v2\/media\/28085"}],"wp:attachment":[{"href":"https:\/\/www.insuco.com\/es\/wp-json\/wp\/v2\/media?parent=28090"}],"wp:term":[{"taxonomy":"project_category","embeddable":true,"href":"https:\/\/www.insuco.com\/es\/wp-json\/wp\/v2\/project_category?post=28090"},{"taxonomy":"project_tag","embeddable":true,"href":"https:\/\/www.insuco.com\/es\/wp-json\/wp\/v2\/project_tag?post=28090"},{"taxonomy":"region","embeddable":true,"href":"https:\/\/www.insuco.com\/es\/wp-json\/wp\/v2\/region?post=28090"},{"taxonomy":"secteur","embeddable":true,"href":"https:\/\/www.insuco.com\/es\/wp-json\/wp\/v2\/secteur?post=28090"},{"taxonomy":"services","embeddable":true,"href":"https:\/\/www.insuco.com\/es\/wp-json\/wp\/v2\/services?post=28090"},{"taxonomy":"client","embeddable":true,"href":"https:\/\/www.insuco.com\/es\/wp-json\/wp\/v2\/client?post=28090"}],"curies":[{"name":"wp","href":"https:\/\/api.w.org\/{rel}","templated":true}]}}