{"id":21398,"date":"2018-07-23T21:58:03","date_gmt":"2018-07-23T19:58:03","guid":{"rendered":"https:\/\/www.insuco.com\/?post_type=project&#038;p=21398"},"modified":"2024-08-07T10:05:49","modified_gmt":"2024-08-07T08:05:49","slug":"plan-de-gestion-de-los-grupos-de-interes-y-eis-para-una-terminal-portuaria-en-san-pedro-costa-de-marfil","status":"publish","type":"project","link":"https:\/\/www.insuco.com\/es\/project\/plan-de-gestion-de-los-grupos-de-interes-y-eis-para-una-terminal-portuaria-en-san-pedro-costa-de-marfil\/","title":{"rendered":"Plan de Gesti\u00f3n de los Grupos de Inter\u00e9s y EIS para una terminal portuaria en San-P\u00e9dro &#8211; Costa de Marfil"},"content":{"rendered":"<p>[et_pb_section fb_built=\u00bb1&#8243; _builder_version=\u00bb3.22.7&#8243; use_background_color_gradient=\u00bbon\u00bb background_color_gradient_start=\u00bbrgba(0,129,139,0.75)\u00bb background_color_gradient_end=\u00bbrgba(0,129,139,0.82)\u00bb background_color_gradient_overlays_image=\u00bbon\u00bb background_image=\u00bbhttps:\/\/www.insuco.com\/wp-content\/uploads\/2019\/06\/insuco-sgs-cote-ivoire-terminal.jpg\u00bb custom_padding=\u00bb200px|0px|23px|0px|false|false\u00bb z_index_tablet=\u00bb500&#8243;][et_pb_row custom_padding=\u00bb27px|0px|0|0px|false|false\u00bb _builder_version=\u00bb3.25&#8243; locked=\u00bbon\u00bb][et_pb_column type=\u00bb4_4&#8243; _builder_version=\u00bb3.25&#8243; custom_padding=\u00bb|||\u00bb custom_padding__hover=\u00bb|||\u00bb][et_pb_text admin_label=\u00bbProjets r\u00e9cents ou en cours\u00bb _builder_version=\u00bb3.22.7&#8243; header_font=\u00bb|300|||||||\u00bb header_text_color=\u00bb#ffffff\u00bb header_font_size=\u00bb70px\u00bb header_2_text_color=\u00bb#ffffff\u00bb header_2_font_size=\u00bb60px\u00bb custom_padding=\u00bb|||\u00bb animation_style=\u00bbslide\u00bb animation_direction=\u00bbright\u00bb animation_delay=\u00bb500ms\u00bb z_index_tablet=\u00bb500&#8243; header_font_size_phone=\u00bb50px\u00bb header_font_size_last_edited=\u00bbon|phone\u00bb header_2_text_color__hover_enabled=\u00bbon\u00bb header_2_text_color__hover=\u00bb#b1e3e3&#8243;]<\/p>\n<h1>Projets r\u00e9cents ou en cours<\/h1>\n<p>[\/et_pb_text][\/et_pb_column][\/et_pb_row][\/et_pb_section][et_pb_section fb_built=\u00bb1&#8243; _builder_version=\u00bb3.22.3&#8243; custom_padding=\u00bb21px|0px|47px|0px|false|false\u00bb][et_pb_row use_custom_gutter=\u00bbon\u00bb gutter_width=\u00bb2&#8243; custom_padding=\u00bb||0px|||\u00bb custom_margin=\u00bb||\u00bb make_equal=\u00bbon\u00bb _builder_version=\u00bb3.25&#8243;][et_pb_column type=\u00bb4_4&#8243; _builder_version=\u00bb3.25&#8243; custom_padding=\u00bb|||\u00bb custom_padding_phone=\u00bb|0px||\u00bb custom_padding_last_edited=\u00bbon|phone\u00bb custom_padding__hover=\u00bb|||\u00bb][et_pb_text admin_label=\u00bbTitre long\u00bb _builder_version=\u00bb3.22.7&#8243; header_2_text_color=\u00bb#00818b\u00bb header_2_font_size=\u00bb40px\u00bb header_3_font=\u00bb|600|||||||\u00bb header_3_font_size=\u00bb25px\u00bb custom_margin=\u00bb||0px\u00bb custom_margin_phone=\u00bb||20px|\u00bb custom_margin_last_edited=\u00bbon|phone\u00bb custom_padding=\u00bb||0px|||\u00bb z_index_tablet=\u00bb500&#8243; header_2_font_size_last_edited=\u00bbon|phone\u00bb]<\/p>\n<h2>Elaboration du Plan d\u2019Engagement des Parties Prenantes (PEPP) et de l\u2019Etude d\u2019Impact Social (EIS) du Terminal Industriel Polyvalent de San-P\u00e9dro <\/h2>\n<p>[\/et_pb_text][et_pb_text admin_label=\u00bbClient \u00bb _builder_version=\u00bb3.22.7&#8243; text_font=\u00bbSource Sans Pro||||||||\u00bb text_text_color=\u00bb#000000&#8243; text_font_size=\u00bb23px\u00bb header_2_text_color=\u00bb#00818b\u00bb header_2_font_size=\u00bb40px\u00bb header_3_font=\u00bb|600|||||||\u00bb header_3_font_size=\u00bb25px\u00bb custom_margin=\u00bb0px||\u00bb custom_margin_phone=\u00bb||10px\u00bb custom_margin_last_edited=\u00bbon|phone\u00bb custom_padding=\u00bb0px|||||\u00bb z_index_tablet=\u00bb500&#8243; header_2_font_size_last_edited=\u00bbon|phone\u00bb]<\/p>\n<p><strong>Client : <\/strong>SGS<\/p>\n<p>[\/et_pb_text][\/et_pb_column][\/et_pb_row][et_pb_row column_structure=\u00bb2_5,3_5&#8243; use_custom_gutter=\u00bbon\u00bb gutter_width=\u00bb2&#8243; custom_padding=\u00bb||0px|||\u00bb custom_margin=\u00bb||\u00bb _builder_version=\u00bb3.25&#8243;][et_pb_column type=\u00bb2_5&#8243; _builder_version=\u00bb3.25&#8243; background_color=\u00bbrgba(0,129,139,0.08)\u00bb custom_padding=\u00bb20px|20px|20px|20px\u00bb custom_padding_phone=\u00bb10px|10px|10px|10px\u00bb custom_padding_last_edited=\u00bbon|phone\u00bb custom_padding__hover=\u00bb|||\u00bb][et_pb_text module_class=\u00bbcustom-taxonomy\u00bb _builder_version=\u00bb3.25.4&#8243; _dynamic_attributes=\u00bbcontent\u00bb text_font=\u00bb|700|||||||\u00bb header_font=\u00bb||||||||\u00bb header_2_font=\u00bb||||||||\u00bb header_2_text_color=\u00bb#00818b\u00bb header_2_font_size=\u00bb40px\u00bb header_3_font=\u00bb|600|||||||\u00bb header_3_font_size=\u00bb25px\u00bb custom_margin_phone=\u00bb||10px\u00bb custom_margin_last_edited=\u00bbon|phone\u00bb custom_padding=\u00bb|||||\u00bb header_2_font_size_phone=\u00bb40px\u00bb header_2_font_size_last_edited=\u00bbon|phone\u00bb global_module=\u00bb15831&#8243; saved_tabs=\u00bball\u00bb locked=\u00bboff\u00bb]@ET-DC@eyJkeW5hbWljIjp0cnVlLCJjb250ZW50IjoicG9zdF9jYXRlZ29yaWVzIiwic2V0dGluZ3MiOnsiYmVmb3JlIjoiUlx1MDBlOWdpb24gXC8gUGF5cyA6ICIsImFmdGVyIjoiIiwibGlua190b190ZXJtX3BhZ2UiOiJvbiIsInNlcGFyYXRvciI6IiIsImNhdGVnb3J5X3R5cGUiOiJyZWdpb24ifX0=@[\/et_pb_text][et_pb_text module_class=\u00bbcustom-taxonomy\u00bb _builder_version=\u00bb3.25.4&#8243; _dynamic_attributes=\u00bbcontent\u00bb text_font=\u00bb|700|||||||\u00bb header_font=\u00bb||||||||\u00bb header_2_font=\u00bb||||||||\u00bb header_2_text_color=\u00bb#00818b\u00bb header_2_font_size=\u00bb40px\u00bb header_3_font=\u00bb|600|||||||\u00bb header_3_font_size=\u00bb25px\u00bb custom_margin_phone=\u00bb||10px\u00bb custom_margin_last_edited=\u00bbon|phone\u00bb custom_padding=\u00bb|||||\u00bb header_2_font_size_phone=\u00bb40px\u00bb header_2_font_size_last_edited=\u00bbon|phone\u00bb global_module=\u00bb15833&#8243; saved_tabs=\u00bball\u00bb locked=\u00bboff\u00bb]<\/p>\n<p>@ET-DC@eyJkeW5hbWljIjp0cnVlLCJjb250ZW50IjoicG9zdF9jYXRlZ29yaWVzIiwic2V0dGluZ3MiOnsiYmVmb3JlIjoiU2VjdGV1cnMgOiAiLCJhZnRlciI6IiIsImxpbmtfdG9fdGVybV9wYWdlIjoib24iLCJzZXBhcmF0b3IiOiIiLCJjYXRlZ29yeV90eXBlIjoic2VjdGV1ciJ9fQ==@<\/p>\n<p>[\/et_pb_text][et_pb_text module_class=\u00bbcustom-taxonomy\u00bb _builder_version=\u00bb3.25.4&#8243; _dynamic_attributes=\u00bbcontent\u00bb text_font=\u00bb|700|||||||\u00bb header_font=\u00bb||||||||\u00bb header_2_font=\u00bb||||||||\u00bb header_2_text_color=\u00bb#00818b\u00bb header_2_font_size=\u00bb40px\u00bb header_3_font=\u00bb|600|||||||\u00bb header_3_font_size=\u00bb25px\u00bb custom_margin_phone=\u00bb||10px\u00bb custom_margin_last_edited=\u00bbon|phone\u00bb custom_padding=\u00bb|||||\u00bb header_2_font_size_phone=\u00bb40px\u00bb header_2_font_size_last_edited=\u00bbon|phone\u00bb global_module=\u00bb15834&#8243; saved_tabs=\u00bball\u00bb locked=\u00bboff\u00bb]<\/p>\n<p>@ET-DC@eyJkeW5hbWljIjp0cnVlLCJjb250ZW50IjoicG9zdF9jYXRlZ29yaWVzIiwic2V0dGluZ3MiOnsiYmVmb3JlIjoiU2VydmljZXMgOiAiLCJhZnRlciI6IiIsImxpbmtfdG9fdGVybV9wYWdlIjoib24iLCJzZXBhcmF0b3IiOiIiLCJjYXRlZ29yeV90eXBlIjoic2VydmljZXMifX0=@<\/p>\n<p>[\/et_pb_text][et_pb_text module_class=\u00bbcustom-taxonomy\u00bb _builder_version=\u00bb3.25.4&#8243; _dynamic_attributes=\u00bbcontent\u00bb text_font=\u00bb|700|||||||\u00bb header_font=\u00bb||||||||\u00bb header_2_font=\u00bb||||||||\u00bb header_2_text_color=\u00bb#00818b\u00bb header_2_font_size=\u00bb40px\u00bb header_3_font=\u00bb|600|||||||\u00bb header_3_font_size=\u00bb25px\u00bb custom_margin_phone=\u00bb||10px\u00bb custom_margin_last_edited=\u00bbon|phone\u00bb custom_padding=\u00bb|||||\u00bb header_2_font_size_phone=\u00bb40px\u00bb header_2_font_size_last_edited=\u00bbon|phone\u00bb global_module=\u00bb15844&#8243; saved_tabs=\u00bball\u00bb locked=\u00bboff\u00bb]<\/p>\n<p>@ET-DC@eyJkeW5hbWljIjp0cnVlLCJjb250ZW50IjoicG9zdF9jYXRlZ29yaWVzIiwic2V0dGluZ3MiOnsiYmVmb3JlIjoiQ2F0XHUwMGU5Z29yaWUgZGUgY2xpZW50cyA6ICIsImFmdGVyIjoiIiwibGlua190b190ZXJtX3BhZ2UiOiJvbiIsInNlcGFyYXRvciI6IiIsImNhdGVnb3J5X3R5cGUiOiJjbGllbnQifX0=@<\/p>\n<p>[\/et_pb_text][\/et_pb_column][et_pb_column type=\u00bb3_5&#8243; _builder_version=\u00bb3.25&#8243; custom_padding=\u00bb|||\u00bb custom_padding_last_edited=\u00bbon|phone\u00bb custom_padding__hover=\u00bb|||\u00bb][et_pb_post_title title=\u00bboff\u00bb meta=\u00bboff\u00bb admin_label=\u00bbImage\u00bb _builder_version=\u00bb3.22.7&#8243; custom_margin=\u00bb||22px|||\u00bb z_index_tablet=\u00bb500&#8243; locked=\u00bbon\u00bb][\/et_pb_post_title][et_pb_text admin_label=\u00bbMission titre\u00bb _builder_version=\u00bb3.22.7&#8243; header_2_font=\u00bb|600|||||||\u00bb header_2_text_color=\u00bb#00818b\u00bb header_2_font_size=\u00bb40px\u00bb header_3_font=\u00bb|600|||||||\u00bb header_3_font_size=\u00bb25px\u00bb custom_margin=\u00bb||-2px|||\u00bb custom_padding=\u00bb|||||\u00bb z_index_tablet=\u00bb500&#8243; header_2_font_size_last_edited=\u00bbon|phone\u00bb locked=\u00bbon\u00bb]<\/p>\n<h3>Mission :<\/h3>\n<p>[\/et_pb_text][et_pb_text admin_label=\u00bbMission texte\u00bb _builder_version=\u00bb3.22.7&#8243; header_2_font=\u00bb|600|||||||\u00bb header_2_text_color=\u00bb#00818b\u00bb header_2_font_size=\u00bb40px\u00bb header_3_font=\u00bb|600|||||||\u00bb header_3_font_size=\u00bb25px\u00bb custom_padding=\u00bb|||||\u00bb z_index_tablet=\u00bb500&#8243; header_2_font_size_last_edited=\u00bbon|phone\u00bb]<\/p>\n<p>La mission a consist\u00e9 \u00e0 conduire des consultations pour recueillir le point de vue des diff\u00e9rentes parties prenantes sur le Terminal Industriel Polyvalent de San-P\u00e9dro (TIPSP). Cela a permis de cartographier les parties prenantes du projet et d\u2019\u00e9tablir un Plan d\u2019Engagement des Parties Prenantes (PEPP). \u00c9galement, les consultations ont permis d\u2019identifier et d\u2019\u00e9valuer les impacts sociaux du projet, de d\u00e9terminer des mesures d\u2019att\u00e9nuation des impacts n\u00e9gatifs \/ bonification des impacts positifs, et de proposer un Plan de Gestion Social (PGS) pour les mettre en \u0153uvre, compil\u00e9s au sein d\u2019un rapport d\u2019Etude d\u2019Impact Social (EIS).<\/p>\n<p>[\/et_pb_text][et_pb_text admin_label=\u00bbR\u00e9sultat titre\u00bb _builder_version=\u00bb3.22.7&#8243; header_2_font=\u00bb|600|||||||\u00bb header_2_text_color=\u00bb#00818b\u00bb header_2_font_size=\u00bb40px\u00bb header_3_font=\u00bb|600|||||||\u00bb header_3_font_size=\u00bb25px\u00bb custom_margin=\u00bb||-2px|||\u00bb custom_padding=\u00bb|||||\u00bb z_index_tablet=\u00bb500&#8243; header_2_font_size_last_edited=\u00bbon|phone\u00bb locked=\u00bbon\u00bb]<\/p>\n<h3>R\u00e9sultat :<\/h3>\n<p>[\/et_pb_text][et_pb_text admin_label=\u00bbR\u00e9sultat texte\u00bb _builder_version=\u00bb3.22.7&#8243; header_2_font=\u00bb|600|||||||\u00bb header_2_text_color=\u00bb#00818b\u00bb header_2_font_size=\u00bb40px\u00bb header_3_font=\u00bb|600|||||||\u00bb header_3_font_size=\u00bb25px\u00bb custom_padding=\u00bb|||||\u00bb z_index_tablet=\u00bb500&#8243; header_2_font_size_last_edited=\u00bbon|phone\u00bb]<\/p>\n<p>Les livrables suivants ont \u00e9t\u00e9 remis au client :<\/p>\n<ul>\n<li>Un Plan d\u2019Engagement des Parties Prenantes (PEPP)<\/li>\n<li>Une Etude d\u2019Impact Social (EIS) incluant le Plan de Gestion Social (PGS)<\/li>\n<li>Les comptes rendus des consultations publiques<\/li>\n<\/ul>\n<p>[\/et_pb_text][\/et_pb_column][\/et_pb_row][\/et_pb_section][et_pb_section fb_built=\u00bb1&#8243; _builder_version=\u00bb3.22.7&#8243; background_color=\u00bbrgba(177,227,227,0.25)\u00bb custom_margin=\u00bb||-25px\u00bb custom_padding=\u00bb37px|0px|25px|0px|false|false\u00bb global_module=\u00bb1466&#8243; saved_tabs=\u00bball\u00bb locked=\u00bboff\u00bb][et_pb_row _builder_version=\u00bb3.25&#8243;][et_pb_column type=\u00bb4_4&#8243; _builder_version=\u00bb3.25&#8243; custom_padding=\u00bb|||\u00bb custom_padding__hover=\u00bb|||\u00bb][et_pb_cta title=\u00bbTell us about your project!\u00bb button_url=\u00bbhttps:\/\/www.insuco.com\/en\/contact\u00bb button_text=\u00bbContact-us\u00bb _builder_version=\u00bb3.22.7&#8243; background_color=\u00bbrgba(89,175,181,0)\u00bb background_layout=\u00bblight\u00bb animation_style=\u00bbzoom\u00bb z_index_tablet=\u00bb500&#8243; header_font_size_phone=\u00bb40px\u00bb header_font_size_last_edited=\u00bbon|phone\u00bb locked=\u00bboff\u00bb]<\/p>\n<p>You want to discuss your project and its challenges? Learn more about Insuco and our expertise? Meet us ?<\/p>\n<p>[\/et_pb_cta][\/et_pb_column][\/et_pb_row][\/et_pb_section]<\/p>\n","protected":false},"excerpt":{"rendered":"<p>Projets r\u00e9cents ou en cours Elaboration du Plan d\u2019Engagement des Parties Prenantes (PEPP) et de l\u2019Etude d\u2019Impact Social (EIS) du Terminal Industriel Polyvalent de San-P\u00e9dro Client : SGS Mission : La mission a consist\u00e9 \u00e0 conduire des consultations pour recueillir le point de vue des diff\u00e9rentes parties prenantes sur le Terminal Industriel Polyvalent de San-P\u00e9dro [&hellip;]<\/p>\n","protected":false},"author":1,"featured_media":15928,"comment_status":"open","ping_status":"closed","template":"","meta":{"_acf_changed":false,"_et_pb_use_builder":"on","_et_pb_old_content":"","_et_gb_content_width":"","footnotes":""},"project_category":[],"project_tag":[562],"region":[106,117],"secteur":[163],"services":[109,173],"client":[111],"class_list":["post-21398","project","type-project","status-publish","has-post-thumbnail","hentry","project_tag-anciens-projets-avec-builder-es","region-africa-es","region-costa-de-marfil","secteur-infraestructuras","services-estudios","services-gestion-social","client-empresas-de-consultoria"],"acf":[],"yoast_head":"<!-- This site is optimized with the Yoast SEO plugin v26.0 - https:\/\/yoast.com\/wordpress\/plugins\/seo\/ -->\n<title>Plan de Gesti\u00f3n de los Grupos de Inter\u00e9s y EIS para una terminal portuaria en San-P\u00e9dro - Costa de Marfil - Insuco<\/title>\n<meta name=\"robots\" content=\"index, follow, max-snippet:-1, max-image-preview:large, max-video-preview:-1\" \/>\n<link rel=\"canonical\" href=\"https:\/\/www.insuco.com\/es\/project\/plan-de-gestion-de-los-grupos-de-interes-y-eis-para-una-terminal-portuaria-en-san-pedro-costa-de-marfil\/\" \/>\n<meta property=\"og:locale\" content=\"es_ES\" \/>\n<meta property=\"og:type\" content=\"article\" \/>\n<meta property=\"og:title\" content=\"Plan de Gesti\u00f3n de los Grupos de Inter\u00e9s y EIS para una terminal portuaria en San-P\u00e9dro - Costa de Marfil - Insuco\" \/>\n<meta property=\"og:description\" content=\"Projets r\u00e9cents ou en cours Elaboration du Plan d\u2019Engagement des Parties Prenantes (PEPP) et de l\u2019Etude d\u2019Impact Social (EIS) du Terminal Industriel Polyvalent de San-P\u00e9dro Client : SGS Mission : La mission a consist\u00e9 \u00e0 conduire des consultations pour recueillir le point de vue des diff\u00e9rentes parties prenantes sur le Terminal Industriel Polyvalent de San-P\u00e9dro [&hellip;]\" \/>\n<meta property=\"og:url\" content=\"https:\/\/www.insuco.com\/es\/project\/plan-de-gestion-de-los-grupos-de-interes-y-eis-para-una-terminal-portuaria-en-san-pedro-costa-de-marfil\/\" \/>\n<meta property=\"og:site_name\" content=\"Insuco\" \/>\n<meta property=\"article:modified_time\" content=\"2024-08-07T08:05:49+00:00\" \/>\n<meta property=\"og:image\" content=\"https:\/\/www.insuco.com\/wp-content\/uploads\/2019\/06\/insuco-sgs-cote-ivoire-terminal.jpg\" \/>\n\t<meta property=\"og:image:width\" content=\"753\" \/>\n\t<meta property=\"og:image:height\" content=\"300\" \/>\n\t<meta property=\"og:image:type\" content=\"image\/jpeg\" \/>\n<meta name=\"twitter:card\" content=\"summary_large_image\" \/>\n<meta name=\"twitter:label1\" content=\"Tiempo de lectura\" \/>\n\t<meta name=\"twitter:data1\" content=\"6 minutos\" \/>\n<script type=\"application\/ld+json\" class=\"yoast-schema-graph\">{\"@context\":\"https:\/\/schema.org\",\"@graph\":[{\"@type\":\"WebPage\",\"@id\":\"https:\/\/www.insuco.com\/es\/project\/plan-de-gestion-de-los-grupos-de-interes-y-eis-para-una-terminal-portuaria-en-san-pedro-costa-de-marfil\/\",\"url\":\"https:\/\/www.insuco.com\/es\/project\/plan-de-gestion-de-los-grupos-de-interes-y-eis-para-una-terminal-portuaria-en-san-pedro-costa-de-marfil\/\",\"name\":\"Plan de Gesti\u00f3n de los Grupos de Inter\u00e9s y EIS para una terminal portuaria en San-P\u00e9dro - Costa de Marfil - Insuco\",\"isPartOf\":{\"@id\":\"https:\/\/www.insuco.com\/es\/#website\"},\"primaryImageOfPage\":{\"@id\":\"https:\/\/www.insuco.com\/es\/project\/plan-de-gestion-de-los-grupos-de-interes-y-eis-para-una-terminal-portuaria-en-san-pedro-costa-de-marfil\/#primaryimage\"},\"image\":{\"@id\":\"https:\/\/www.insuco.com\/es\/project\/plan-de-gestion-de-los-grupos-de-interes-y-eis-para-una-terminal-portuaria-en-san-pedro-costa-de-marfil\/#primaryimage\"},\"thumbnailUrl\":\"https:\/\/www.insuco.com\/wp-content\/uploads\/2019\/06\/insuco-sgs-cote-ivoire-terminal.jpg\",\"datePublished\":\"2018-07-23T19:58:03+00:00\",\"dateModified\":\"2024-08-07T08:05:49+00:00\",\"breadcrumb\":{\"@id\":\"https:\/\/www.insuco.com\/es\/project\/plan-de-gestion-de-los-grupos-de-interes-y-eis-para-una-terminal-portuaria-en-san-pedro-costa-de-marfil\/#breadcrumb\"},\"inLanguage\":\"es\",\"potentialAction\":[{\"@type\":\"ReadAction\",\"target\":[\"https:\/\/www.insuco.com\/es\/project\/plan-de-gestion-de-los-grupos-de-interes-y-eis-para-una-terminal-portuaria-en-san-pedro-costa-de-marfil\/\"]}]},{\"@type\":\"ImageObject\",\"inLanguage\":\"es\",\"@id\":\"https:\/\/www.insuco.com\/es\/project\/plan-de-gestion-de-los-grupos-de-interes-y-eis-para-una-terminal-portuaria-en-san-pedro-costa-de-marfil\/#primaryimage\",\"url\":\"https:\/\/www.insuco.com\/wp-content\/uploads\/2019\/06\/insuco-sgs-cote-ivoire-terminal.jpg\",\"contentUrl\":\"https:\/\/www.insuco.com\/wp-content\/uploads\/2019\/06\/insuco-sgs-cote-ivoire-terminal.jpg\",\"width\":753,\"height\":300},{\"@type\":\"BreadcrumbList\",\"@id\":\"https:\/\/www.insuco.com\/es\/project\/plan-de-gestion-de-los-grupos-de-interes-y-eis-para-una-terminal-portuaria-en-san-pedro-costa-de-marfil\/#breadcrumb\",\"itemListElement\":[{\"@type\":\"ListItem\",\"position\":1,\"name\":\"Accueil\",\"item\":\"https:\/\/www.insuco.com\/es\/\"},{\"@type\":\"ListItem\",\"position\":2,\"name\":\"Proyectos\",\"item\":\"https:\/\/www.insuco.com\/es\/project\/\"},{\"@type\":\"ListItem\",\"position\":3,\"name\":\"Plan de Gesti\u00f3n de los Grupos de Inter\u00e9s y EIS para una terminal portuaria en San-P\u00e9dro &#8211; Costa de Marfil\"}]},{\"@type\":\"WebSite\",\"@id\":\"https:\/\/www.insuco.com\/es\/#website\",\"url\":\"https:\/\/www.insuco.com\/es\/\",\"name\":\"Insuco\",\"description\":\"Local understanding for sustainable solutions\",\"potentialAction\":[{\"@type\":\"SearchAction\",\"target\":{\"@type\":\"EntryPoint\",\"urlTemplate\":\"https:\/\/www.insuco.com\/es\/?s={search_term_string}\"},\"query-input\":{\"@type\":\"PropertyValueSpecification\",\"valueRequired\":true,\"valueName\":\"search_term_string\"}}],\"inLanguage\":\"es\"}]}<\/script>\n<!-- \/ Yoast SEO plugin. -->","yoast_head_json":{"title":"Plan de Gesti\u00f3n de los Grupos de Inter\u00e9s y EIS para una terminal portuaria en San-P\u00e9dro - Costa de Marfil - Insuco","robots":{"index":"index","follow":"follow","max-snippet":"max-snippet:-1","max-image-preview":"max-image-preview:large","max-video-preview":"max-video-preview:-1"},"canonical":"https:\/\/www.insuco.com\/es\/project\/plan-de-gestion-de-los-grupos-de-interes-y-eis-para-una-terminal-portuaria-en-san-pedro-costa-de-marfil\/","og_locale":"es_ES","og_type":"article","og_title":"Plan de Gesti\u00f3n de los Grupos de Inter\u00e9s y EIS para una terminal portuaria en San-P\u00e9dro - Costa de Marfil - Insuco","og_description":"Projets r\u00e9cents ou en cours Elaboration du Plan d\u2019Engagement des Parties Prenantes (PEPP) et de l\u2019Etude d\u2019Impact Social (EIS) du Terminal Industriel Polyvalent de San-P\u00e9dro Client : SGS Mission : La mission a consist\u00e9 \u00e0 conduire des consultations pour recueillir le point de vue des diff\u00e9rentes parties prenantes sur le Terminal Industriel Polyvalent de San-P\u00e9dro [&hellip;]","og_url":"https:\/\/www.insuco.com\/es\/project\/plan-de-gestion-de-los-grupos-de-interes-y-eis-para-una-terminal-portuaria-en-san-pedro-costa-de-marfil\/","og_site_name":"Insuco","article_modified_time":"2024-08-07T08:05:49+00:00","og_image":[{"width":753,"height":300,"url":"https:\/\/www.insuco.com\/wp-content\/uploads\/2019\/06\/insuco-sgs-cote-ivoire-terminal.jpg","type":"image\/jpeg"}],"twitter_card":"summary_large_image","twitter_misc":{"Tiempo de lectura":"6 minutos"},"schema":{"@context":"https:\/\/schema.org","@graph":[{"@type":"WebPage","@id":"https:\/\/www.insuco.com\/es\/project\/plan-de-gestion-de-los-grupos-de-interes-y-eis-para-una-terminal-portuaria-en-san-pedro-costa-de-marfil\/","url":"https:\/\/www.insuco.com\/es\/project\/plan-de-gestion-de-los-grupos-de-interes-y-eis-para-una-terminal-portuaria-en-san-pedro-costa-de-marfil\/","name":"Plan de Gesti\u00f3n de los Grupos de Inter\u00e9s y EIS para una terminal portuaria en San-P\u00e9dro - Costa de Marfil - Insuco","isPartOf":{"@id":"https:\/\/www.insuco.com\/es\/#website"},"primaryImageOfPage":{"@id":"https:\/\/www.insuco.com\/es\/project\/plan-de-gestion-de-los-grupos-de-interes-y-eis-para-una-terminal-portuaria-en-san-pedro-costa-de-marfil\/#primaryimage"},"image":{"@id":"https:\/\/www.insuco.com\/es\/project\/plan-de-gestion-de-los-grupos-de-interes-y-eis-para-una-terminal-portuaria-en-san-pedro-costa-de-marfil\/#primaryimage"},"thumbnailUrl":"https:\/\/www.insuco.com\/wp-content\/uploads\/2019\/06\/insuco-sgs-cote-ivoire-terminal.jpg","datePublished":"2018-07-23T19:58:03+00:00","dateModified":"2024-08-07T08:05:49+00:00","breadcrumb":{"@id":"https:\/\/www.insuco.com\/es\/project\/plan-de-gestion-de-los-grupos-de-interes-y-eis-para-una-terminal-portuaria-en-san-pedro-costa-de-marfil\/#breadcrumb"},"inLanguage":"es","potentialAction":[{"@type":"ReadAction","target":["https:\/\/www.insuco.com\/es\/project\/plan-de-gestion-de-los-grupos-de-interes-y-eis-para-una-terminal-portuaria-en-san-pedro-costa-de-marfil\/"]}]},{"@type":"ImageObject","inLanguage":"es","@id":"https:\/\/www.insuco.com\/es\/project\/plan-de-gestion-de-los-grupos-de-interes-y-eis-para-una-terminal-portuaria-en-san-pedro-costa-de-marfil\/#primaryimage","url":"https:\/\/www.insuco.com\/wp-content\/uploads\/2019\/06\/insuco-sgs-cote-ivoire-terminal.jpg","contentUrl":"https:\/\/www.insuco.com\/wp-content\/uploads\/2019\/06\/insuco-sgs-cote-ivoire-terminal.jpg","width":753,"height":300},{"@type":"BreadcrumbList","@id":"https:\/\/www.insuco.com\/es\/project\/plan-de-gestion-de-los-grupos-de-interes-y-eis-para-una-terminal-portuaria-en-san-pedro-costa-de-marfil\/#breadcrumb","itemListElement":[{"@type":"ListItem","position":1,"name":"Accueil","item":"https:\/\/www.insuco.com\/es\/"},{"@type":"ListItem","position":2,"name":"Proyectos","item":"https:\/\/www.insuco.com\/es\/project\/"},{"@type":"ListItem","position":3,"name":"Plan de Gesti\u00f3n de los Grupos de Inter\u00e9s y EIS para una terminal portuaria en San-P\u00e9dro &#8211; Costa de Marfil"}]},{"@type":"WebSite","@id":"https:\/\/www.insuco.com\/es\/#website","url":"https:\/\/www.insuco.com\/es\/","name":"Insuco","description":"Local understanding for sustainable solutions","potentialAction":[{"@type":"SearchAction","target":{"@type":"EntryPoint","urlTemplate":"https:\/\/www.insuco.com\/es\/?s={search_term_string}"},"query-input":{"@type":"PropertyValueSpecification","valueRequired":true,"valueName":"search_term_string"}}],"inLanguage":"es"}]}},"_links":{"self":[{"href":"https:\/\/www.insuco.com\/es\/wp-json\/wp\/v2\/project\/21398","targetHints":{"allow":["GET"]}}],"collection":[{"href":"https:\/\/www.insuco.com\/es\/wp-json\/wp\/v2\/project"}],"about":[{"href":"https:\/\/www.insuco.com\/es\/wp-json\/wp\/v2\/types\/project"}],"author":[{"embeddable":true,"href":"https:\/\/www.insuco.com\/es\/wp-json\/wp\/v2\/users\/1"}],"replies":[{"embeddable":true,"href":"https:\/\/www.insuco.com\/es\/wp-json\/wp\/v2\/comments?post=21398"}],"version-history":[{"count":3,"href":"https:\/\/www.insuco.com\/es\/wp-json\/wp\/v2\/project\/21398\/revisions"}],"predecessor-version":[{"id":53095,"href":"https:\/\/www.insuco.com\/es\/wp-json\/wp\/v2\/project\/21398\/revisions\/53095"}],"wp:featuredmedia":[{"embeddable":true,"href":"https:\/\/www.insuco.com\/es\/wp-json\/wp\/v2\/media\/15928"}],"wp:attachment":[{"href":"https:\/\/www.insuco.com\/es\/wp-json\/wp\/v2\/media?parent=21398"}],"wp:term":[{"taxonomy":"project_category","embeddable":true,"href":"https:\/\/www.insuco.com\/es\/wp-json\/wp\/v2\/project_category?post=21398"},{"taxonomy":"project_tag","embeddable":true,"href":"https:\/\/www.insuco.com\/es\/wp-json\/wp\/v2\/project_tag?post=21398"},{"taxonomy":"region","embeddable":true,"href":"https:\/\/www.insuco.com\/es\/wp-json\/wp\/v2\/region?post=21398"},{"taxonomy":"secteur","embeddable":true,"href":"https:\/\/www.insuco.com\/es\/wp-json\/wp\/v2\/secteur?post=21398"},{"taxonomy":"services","embeddable":true,"href":"https:\/\/www.insuco.com\/es\/wp-json\/wp\/v2\/services?post=21398"},{"taxonomy":"client","embeddable":true,"href":"https:\/\/www.insuco.com\/es\/wp-json\/wp\/v2\/client?post=21398"}],"curies":[{"name":"wp","href":"https:\/\/api.w.org\/{rel}","templated":true}]}}