{"id":21179,"date":"2018-07-23T11:12:27","date_gmt":"2018-07-23T09:12:27","guid":{"rendered":"https:\/\/www.insuco.com\/?post_type=project&#038;p=21179"},"modified":"2024-08-07T10:05:32","modified_gmt":"2024-08-07T08:05:32","slug":"estudio-sobre-el-enfoque-territorial-en-los-procesos-de-dialogo-comunidades-empresas-estado-chile-colombia-ecuador","status":"publish","type":"project","link":"https:\/\/www.insuco.com\/es\/project\/estudio-sobre-el-enfoque-territorial-en-los-procesos-de-dialogo-comunidades-empresas-estado-chile-colombia-ecuador\/","title":{"rendered":"Estudio sobre el enfoque territorial en los procesos de di\u00e1logo Comunidades-Empresas-Estado &#8211; Chile, Colombia, Ecuador"},"content":{"rendered":"<p>[et_pb_section fb_built=\u00bb1&#8243; _builder_version=\u00bb3.22.7&#8243; use_background_color_gradient=\u00bbon\u00bb background_color_gradient_start=\u00bbrgba(0,129,139,0.75)\u00bb background_color_gradient_end=\u00bbrgba(0,129,139,0.82)\u00bb background_color_gradient_overlays_image=\u00bbon\u00bb background_image=\u00bbhttps:\/\/www.insuco.com\/wp-content\/uploads\/2019\/06\/Insuco-RIMISP-enfoque-territorial.jpg\u00bb custom_padding=\u00bb200px|0px|23px|0px|false|false\u00bb z_index_tablet=\u00bb500&#8243;][et_pb_row custom_padding=\u00bb27px|0px|0|0px|false|false\u00bb _builder_version=\u00bb3.25&#8243; locked=\u00bbon\u00bb][et_pb_column type=\u00bb4_4&#8243; _builder_version=\u00bb3.25&#8243; custom_padding=\u00bb|||\u00bb custom_padding__hover=\u00bb|||\u00bb][et_pb_text admin_label=\u00bbProjets r\u00e9cents ou en cours\u00bb _builder_version=\u00bb3.22.7&#8243; header_font=\u00bb|300|||||||\u00bb header_text_color=\u00bb#ffffff\u00bb header_font_size=\u00bb70px\u00bb header_2_text_color=\u00bb#ffffff\u00bb header_2_font_size=\u00bb60px\u00bb custom_padding=\u00bb|||\u00bb animation_style=\u00bbslide\u00bb animation_direction=\u00bbright\u00bb animation_delay=\u00bb500ms\u00bb z_index_tablet=\u00bb500&#8243; header_font_size_phone=\u00bb50px\u00bb header_font_size_last_edited=\u00bbon|phone\u00bb header_2_text_color__hover_enabled=\u00bbon\u00bb header_2_text_color__hover=\u00bb#b1e3e3&#8243;]<\/p>\n<h1>Projets r\u00e9cents ou en cours<\/h1>\n<p>[\/et_pb_text][\/et_pb_column][\/et_pb_row][\/et_pb_section][et_pb_section fb_built=\u00bb1&#8243; _builder_version=\u00bb3.22.3&#8243; custom_padding=\u00bb21px|0px|47px|0px|false|false\u00bb][et_pb_row use_custom_gutter=\u00bbon\u00bb gutter_width=\u00bb2&#8243; custom_padding=\u00bb||0px|||\u00bb custom_margin=\u00bb||\u00bb make_equal=\u00bbon\u00bb _builder_version=\u00bb3.25&#8243;][et_pb_column type=\u00bb4_4&#8243; _builder_version=\u00bb3.25&#8243; custom_padding=\u00bb|||\u00bb custom_padding_phone=\u00bb|0px||\u00bb custom_padding_last_edited=\u00bbon|phone\u00bb custom_padding__hover=\u00bb|||\u00bb][et_pb_text admin_label=\u00bbTitre long\u00bb _builder_version=\u00bb3.22.7&#8243; header_2_text_color=\u00bb#00818b\u00bb header_2_font_size=\u00bb40px\u00bb header_3_font=\u00bb|600|||||||\u00bb header_3_font_size=\u00bb25px\u00bb custom_margin=\u00bb||0px\u00bb custom_margin_phone=\u00bb||20px|\u00bb custom_margin_last_edited=\u00bbon|phone\u00bb custom_padding=\u00bb||0px|||\u00bb z_index_tablet=\u00bb500&#8243; header_2_font_size_last_edited=\u00bbon|phone\u00bb]<\/p>\n<h2>Production d\u2019un document de travail \u00ab Tendances et exp\u00e9riences dans les relations Communaut\u00e9s-Entreprises-Etat. Perspectives qui renforcent le dialogue territorial. \u00bb<\/h2>\n<p>[\/et_pb_text][et_pb_text admin_label=\u00bbClient \u00bb _builder_version=\u00bb3.22.7&#8243; text_font=\u00bbSource Sans Pro||||||||\u00bb text_text_color=\u00bb#000000&#8243; text_font_size=\u00bb23px\u00bb header_2_text_color=\u00bb#00818b\u00bb header_2_font_size=\u00bb40px\u00bb header_3_font=\u00bb|600|||||||\u00bb header_3_font_size=\u00bb25px\u00bb custom_margin=\u00bb0px||\u00bb custom_margin_phone=\u00bb||10px\u00bb custom_margin_last_edited=\u00bbon|phone\u00bb custom_padding=\u00bb0px|||||\u00bb z_index_tablet=\u00bb500&#8243; header_2_font_size_last_edited=\u00bbon|phone\u00bb]<\/p>\n<p><strong>Client : <\/strong>RIMISP, Centre Latinoam\u00e9ricain pour le D\u00e9veloppement Rural<strong><br \/><\/strong><\/p>\n<p>[\/et_pb_text][\/et_pb_column][\/et_pb_row][et_pb_row use_custom_gutter=\u00bbon\u00bb gutter_width=\u00bb2&#8243; custom_padding=\u00bb||0px|||\u00bb custom_margin=\u00bb||\u00bb _builder_version=\u00bb3.25&#8243; column_structure=\u00bb2_5,3_5&#8243;][et_pb_column type=\u00bb2_5&#8243; _builder_version=\u00bb3.25&#8243; background_color=\u00bbrgba(0,129,139,0.08)\u00bb custom_padding=\u00bb20px|20px|20px|20px\u00bb custom_padding_phone=\u00bb10px|10px|10px|10px\u00bb custom_padding_last_edited=\u00bbon|phone\u00bb custom_padding__hover=\u00bb|||\u00bb][et_pb_text admin_label=\u00bbCatRegion2 FR\u00bb module_class=\u00bbcustom-taxonomy\u00bb _builder_version=\u00bb3.25.4&#8243; _dynamic_attributes=\u00bbcontent\u00bb text_font=\u00bb|700|||||||\u00bb header_font=\u00bb||||||||\u00bb header_2_font=\u00bb||||||||\u00bb header_2_text_color=\u00bb#00818b\u00bb header_2_font_size=\u00bb40px\u00bb header_3_font=\u00bb|600|||||||\u00bb header_3_font_size=\u00bb25px\u00bb custom_margin_phone=\u00bb||10px\u00bb custom_margin_last_edited=\u00bbon|phone\u00bb custom_padding=\u00bb|||||\u00bb header_2_font_size_phone=\u00bb40px\u00bb header_2_font_size_last_edited=\u00bbon|phone\u00bb saved_tabs=\u00bball\u00bb locked=\u00bboff\u00bb global_module=\u00bb18581&#8243;]@ET-DC@eyJkeW5hbWljIjp0cnVlLCJjb250ZW50IjoicG9zdF9jYXRlZ29yaWVzIiwic2V0dGluZ3MiOnsiYmVmb3JlIjoiUmVnaW9uIFwvIFBheXMgOiAiLCJhZnRlciI6IiIsImxpbmtfdG9fdGVybV9wYWdlIjoib24iLCJzZXBhcmF0b3IiOiIiLCJjYXRlZ29yeV90eXBlIjoicmVnaW9uIn19@[\/et_pb_text][et_pb_text admin_label=\u00bbCatSecteur2 FR\u00bb module_class=\u00bbcustom-taxonomy\u00bb _builder_version=\u00bb3.25.4&#8243; _dynamic_attributes=\u00bbcontent\u00bb text_font=\u00bb|700|||||||\u00bb header_font=\u00bb||||||||\u00bb header_2_font=\u00bb||||||||\u00bb header_2_text_color=\u00bb#00818b\u00bb header_2_font_size=\u00bb40px\u00bb header_3_font=\u00bb|600|||||||\u00bb header_3_font_size=\u00bb25px\u00bb custom_margin_phone=\u00bb||10px\u00bb custom_margin_last_edited=\u00bbon|phone\u00bb custom_padding=\u00bb|||||\u00bb header_2_font_size_phone=\u00bb40px\u00bb header_2_font_size_last_edited=\u00bbon|phone\u00bb saved_tabs=\u00bball\u00bb locked=\u00bboff\u00bb global_module=\u00bb18583&#8243;]@ET-DC@eyJkeW5hbWljIjp0cnVlLCJjb250ZW50IjoicG9zdF9jYXRlZ29yaWVzIiwic2V0dGluZ3MiOnsiYmVmb3JlIjoiU2VjdGV1cnMgOiAiLCJhZnRlciI6IiIsImxpbmtfdG9fdGVybV9wYWdlIjoib24iLCJzZXBhcmF0b3IiOiIiLCJjYXRlZ29yeV90eXBlIjoic2VjdGV1ciJ9fQ==@[\/et_pb_text][et_pb_text admin_label=\u00bbCatService2 FR\u00bb module_class=\u00bbcustom-taxonomy\u00bb _builder_version=\u00bb3.25.4&#8243; _dynamic_attributes=\u00bbcontent\u00bb text_font=\u00bb|700|||||||\u00bb header_font=\u00bb||||||||\u00bb header_2_font=\u00bb||||||||\u00bb header_2_text_color=\u00bb#00818b\u00bb header_2_font_size=\u00bb40px\u00bb header_3_font=\u00bb|600|||||||\u00bb header_3_font_size=\u00bb25px\u00bb custom_margin_phone=\u00bb||10px\u00bb custom_margin_last_edited=\u00bbon|phone\u00bb custom_padding=\u00bb|||||\u00bb header_2_font_size_phone=\u00bb40px\u00bb header_2_font_size_last_edited=\u00bbon|phone\u00bb saved_tabs=\u00bball\u00bb locked=\u00bboff\u00bb global_module=\u00bb18586&#8243;]@ET-DC@eyJkeW5hbWljIjp0cnVlLCJjb250ZW50IjoicG9zdF9jYXRlZ29yaWVzIiwic2V0dGluZ3MiOnsiYmVmb3JlIjoiU2VydmljZXMgOiAiLCJhZnRlciI6IiIsImxpbmtfdG9fdGVybV9wYWdlIjoib24iLCJzZXBhcmF0b3IiOiIiLCJjYXRlZ29yeV90eXBlIjoic2VydmljZXMifX0=@[\/et_pb_text][et_pb_text admin_label=\u00bbCatClient2 FR\u00bb module_class=\u00bbcustom-taxonomy\u00bb _builder_version=\u00bb3.25.4&#8243; _dynamic_attributes=\u00bbcontent\u00bb text_font=\u00bb|700|||||||\u00bb header_font=\u00bb||||||||\u00bb header_2_font=\u00bb||||||||\u00bb header_2_text_color=\u00bb#00818b\u00bb header_2_font_size=\u00bb40px\u00bb header_3_font=\u00bb|600|||||||\u00bb header_3_font_size=\u00bb25px\u00bb custom_margin_phone=\u00bb||10px\u00bb custom_margin_last_edited=\u00bbon|phone\u00bb custom_padding=\u00bb|||||\u00bb header_2_font_size_phone=\u00bb40px\u00bb header_2_font_size_last_edited=\u00bbon|phone\u00bb saved_tabs=\u00bball\u00bb locked=\u00bboff\u00bb global_module=\u00bb18588&#8243;]@ET-DC@eyJkeW5hbWljIjp0cnVlLCJjb250ZW50IjoicG9zdF9jYXRlZ29yaWVzIiwic2V0dGluZ3MiOnsiYmVmb3JlIjoiQ2F0ZWdvcmllIGRlIGNsaWVudCA6ICIsImFmdGVyIjoiIiwibGlua190b190ZXJtX3BhZ2UiOiJvbiIsInNlcGFyYXRvciI6IiIsImNhdGVnb3J5X3R5cGUiOiJjbGllbnQifX0=@[\/et_pb_text][\/et_pb_column][et_pb_column type=\u00bb3_5&#8243; _builder_version=\u00bb3.25&#8243; custom_padding=\u00bb|||\u00bb custom_padding_last_edited=\u00bbon|phone\u00bb custom_padding__hover=\u00bb|||\u00bb][et_pb_post_title title=\u00bboff\u00bb meta=\u00bboff\u00bb admin_label=\u00bbImage\u00bb _builder_version=\u00bb3.22.7&#8243; custom_margin=\u00bb||22px|||\u00bb z_index_tablet=\u00bb500&#8243; locked=\u00bbon\u00bb][\/et_pb_post_title][et_pb_text admin_label=\u00bbMission titre\u00bb _builder_version=\u00bb3.22.7&#8243; header_2_font=\u00bb|600|||||||\u00bb header_2_text_color=\u00bb#00818b\u00bb header_2_font_size=\u00bb40px\u00bb header_3_font=\u00bb|600|||||||\u00bb header_3_font_size=\u00bb25px\u00bb custom_margin=\u00bb||-2px|||\u00bb custom_padding=\u00bb|||||\u00bb z_index_tablet=\u00bb500&#8243; header_2_font_size_last_edited=\u00bbon|phone\u00bb locked=\u00bbon\u00bb]<\/p>\n<h3>Mission :<\/h3>\n<p>[\/et_pb_text][et_pb_text admin_label=\u00bbMission texte\u00bb _builder_version=\u00bb3.22.7&#8243; header_2_font=\u00bb|600|||||||\u00bb header_2_text_color=\u00bb#00818b\u00bb header_2_font_size=\u00bb40px\u00bb header_3_font=\u00bb|600|||||||\u00bb header_3_font_size=\u00bb25px\u00bb custom_padding=\u00bb|||||\u00bb z_index_tablet=\u00bb500&#8243; header_2_font_size_last_edited=\u00bbon|phone\u00bb]<\/p>\n<p>La mission consistait \u00e0 \u00e9laborer un document de travail qui permette de g\u00e9n\u00e9rer une r\u00e9flexion et souligner diff\u00e9rentes questions entre RIMISP et ses partenaires, sur le sujet des processus de dialogue territorial et de la participation effective du secteur priv\u00e9 de fort impact dans ces processus. Les objectifs \u00e9taient ainsi de :<\/p>\n<ul>\n<li>Produire un cadre conceptuel et d\u2019analyse qui permette d\u2019aborder ces processus et de souligner diff\u00e9rentes questions pour de futures propositions ou projets de recherche<\/li>\n<li>Identifier des enseignements \u00e0 partir d\u2019une revue de la litt\u00e9rature existante, de l\u2019exp\u00e9rience d\u2019Insuco dans la facilitation de ces processus sur le territoire, et formalisation de diff\u00e9rents cas d\u2019\u00e9tudes<\/li>\n<li>D\u00e9terminer quel pourrait \u00eatre le r\u00f4le de RIMISP dans l\u2019analyse et accompagnement \u00e9ventuel de ces processus de dialogue<\/li>\n<\/ul>\n<p>[\/et_pb_text][et_pb_text admin_label=\u00bbR\u00e9sultat titre\u00bb _builder_version=\u00bb3.22.7&#8243; header_2_font=\u00bb|600|||||||\u00bb header_2_text_color=\u00bb#00818b\u00bb header_2_font_size=\u00bb40px\u00bb header_3_font=\u00bb|600|||||||\u00bb header_3_font_size=\u00bb25px\u00bb custom_margin=\u00bb||-2px|||\u00bb custom_padding=\u00bb|||||\u00bb z_index_tablet=\u00bb500&#8243; header_2_font_size_last_edited=\u00bbon|phone\u00bb locked=\u00bbon\u00bb]<\/p>\n<h3>R\u00e9sultat :<\/h3>\n<p>[\/et_pb_text][et_pb_text admin_label=\u00bbR\u00e9sultat texte\u00bb _builder_version=\u00bb3.22.7&#8243; header_2_font=\u00bb|600|||||||\u00bb header_2_text_color=\u00bb#00818b\u00bb header_2_font_size=\u00bb40px\u00bb header_3_font=\u00bb|600|||||||\u00bb header_3_font_size=\u00bb25px\u00bb custom_padding=\u00bb|||||\u00bb z_index_tablet=\u00bb500&#8243; header_2_font_size_last_edited=\u00bbon|phone\u00bb]<\/p>\n<p>En collaboration avec RIMISP, Insuco a produit un document de travail d\u00e9taill\u00e9, dans lequel sont pr\u00e9sent\u00e9s une r\u00e9flexion et des cas d\u2019\u00e9tudes qui illustrent le besoin de promouvoir un dialogue permettant de passer d\u2019une \u00ab approche transactionnelle \u00bb \u00e0 une \u00ab approche transformationnelle \u00bb, d\u00e9passant les questions de simple conformit\u00e9 juridique dans la gestion des conflits socio-environnementaux, ainsi qu\u2019un contexte et diff\u00e9rentes typologies de conflits entre entreprises et communaut\u00e9s. Ce document aspire \u00e0 g\u00e9n\u00e9rer des premi\u00e8res r\u00e9flexions sur les processus de dialogue territorial et \u00e0 souligner des questions pour de futures recherches, permettant d\u2019alimenter avec de nouvelles approches la r\u00e9flexion en cours sur l\u2019efficacit\u00e9 de ces processus en Am\u00e9rique Latine.<\/p>\n<p>[\/et_pb_text][\/et_pb_column][\/et_pb_row][\/et_pb_section][et_pb_section fb_built=\u00bb1&#8243; _builder_version=\u00bb3.22.7&#8243; background_color=\u00bbrgba(177,227,227,0.25)\u00bb custom_margin=\u00bb||-25px\u00bb custom_padding=\u00bb37px|0px|25px|0px|false|false\u00bb global_module=\u00bb1466&#8243; saved_tabs=\u00bball\u00bb locked=\u00bboff\u00bb][et_pb_row _builder_version=\u00bb3.25&#8243;][et_pb_column type=\u00bb4_4&#8243; _builder_version=\u00bb3.25&#8243; custom_padding=\u00bb|||\u00bb custom_padding__hover=\u00bb|||\u00bb][et_pb_cta title=\u00bbParlez-nous de votre projet !\u00bb button_url=\u00bbhttps:\/\/www.insuco.com\/contact\u00bb button_text=\u00bbContactez-nous\u00bb _builder_version=\u00bb3.26&#8243; background_color=\u00bbrgba(89,175,181,0)\u00bb background_layout=\u00bblight\u00bb animation_style=\u00bbzoom\u00bb z_index_tablet=\u00bb500&#8243; header_font_size_phone=\u00bb40px\u00bb header_font_size_last_edited=\u00bbon|phone\u00bb locked=\u00bboff\u00bb]<\/p>\n<p>Vous souhaitez \u00e9changer sur votre projet et ses enjeux ? En savoir plus sur Insuco et nos expertises ? Nous rencontrer ?<\/p>\n<p>[\/et_pb_cta][\/et_pb_column][\/et_pb_row][\/et_pb_section]<\/p>\n","protected":false},"excerpt":{"rendered":"<p>Projets r\u00e9cents ou en cours Production d\u2019un document de travail \u00ab Tendances et exp\u00e9riences dans les relations Communaut\u00e9s-Entreprises-Etat. Perspectives qui renforcent le dialogue territorial. \u00bb Client : RIMISP, Centre Latinoam\u00e9ricain pour le D\u00e9veloppement Rural Mission : La mission consistait \u00e0 \u00e9laborer un document de travail qui permette de g\u00e9n\u00e9rer une r\u00e9flexion et souligner diff\u00e9rentes questions [&hellip;]<\/p>\n","protected":false},"author":1,"featured_media":15645,"comment_status":"open","ping_status":"closed","template":"","meta":{"_acf_changed":false,"_et_pb_use_builder":"on","_et_pb_old_content":"","_et_gb_content_width":"","footnotes":""},"project_category":[322],"project_tag":[562],"region":[141,144,145,148],"secteur":[157],"services":[109],"client":[183],"class_list":["post-21179","project","type-project","status-publish","has-post-thumbnail","hentry","project_category-services-gestion-sociale-territoriale-es","project_tag-anciens-projets-avec-builder-es","region-america-latina-el-caribe","region-chile-es","region-colombia-es","region-ecuador-es","secteur-cooperacion-apoyo-al-desarrollo","services-estudios","client-ongs-sociedad-civil"],"acf":[],"yoast_head":"<!-- This site is optimized with the Yoast SEO plugin v26.0 - https:\/\/yoast.com\/wordpress\/plugins\/seo\/ -->\n<title>Estudio sobre el enfoque territorial en los procesos de di\u00e1logo Comunidades-Empresas-Estado - Chile, Colombia, Ecuador - Insuco<\/title>\n<meta name=\"robots\" content=\"index, follow, max-snippet:-1, max-image-preview:large, max-video-preview:-1\" \/>\n<link rel=\"canonical\" href=\"https:\/\/www.insuco.com\/es\/project\/estudio-sobre-el-enfoque-territorial-en-los-procesos-de-dialogo-comunidades-empresas-estado-chile-colombia-ecuador\/\" \/>\n<meta property=\"og:locale\" content=\"es_ES\" \/>\n<meta property=\"og:type\" content=\"article\" \/>\n<meta property=\"og:title\" content=\"Estudio sobre el enfoque territorial en los procesos de di\u00e1logo Comunidades-Empresas-Estado - Chile, Colombia, Ecuador - Insuco\" \/>\n<meta property=\"og:description\" content=\"Projets r\u00e9cents ou en cours Production d\u2019un document de travail \u00ab Tendances et exp\u00e9riences dans les relations Communaut\u00e9s-Entreprises-Etat. Perspectives qui renforcent le dialogue territorial. \u00bb Client : RIMISP, Centre Latinoam\u00e9ricain pour le D\u00e9veloppement Rural Mission : La mission consistait \u00e0 \u00e9laborer un document de travail qui permette de g\u00e9n\u00e9rer une r\u00e9flexion et souligner diff\u00e9rentes questions [&hellip;]\" \/>\n<meta property=\"og:url\" content=\"https:\/\/www.insuco.com\/es\/project\/estudio-sobre-el-enfoque-territorial-en-los-procesos-de-dialogo-comunidades-empresas-estado-chile-colombia-ecuador\/\" \/>\n<meta property=\"og:site_name\" content=\"Insuco\" \/>\n<meta property=\"article:modified_time\" content=\"2024-08-07T08:05:32+00:00\" \/>\n<meta property=\"og:image\" content=\"https:\/\/www.insuco.com\/wp-content\/uploads\/2019\/06\/Insuco-RIMISP-enfoque-territorial.jpg\" \/>\n\t<meta property=\"og:image:width\" content=\"753\" \/>\n\t<meta property=\"og:image:height\" content=\"300\" \/>\n\t<meta property=\"og:image:type\" content=\"image\/jpeg\" \/>\n<meta name=\"twitter:card\" content=\"summary_large_image\" \/>\n<meta name=\"twitter:label1\" content=\"Tiempo de lectura\" \/>\n\t<meta name=\"twitter:data1\" content=\"7 minutos\" \/>\n<script type=\"application\/ld+json\" class=\"yoast-schema-graph\">{\"@context\":\"https:\/\/schema.org\",\"@graph\":[{\"@type\":\"WebPage\",\"@id\":\"https:\/\/www.insuco.com\/es\/project\/estudio-sobre-el-enfoque-territorial-en-los-procesos-de-dialogo-comunidades-empresas-estado-chile-colombia-ecuador\/\",\"url\":\"https:\/\/www.insuco.com\/es\/project\/estudio-sobre-el-enfoque-territorial-en-los-procesos-de-dialogo-comunidades-empresas-estado-chile-colombia-ecuador\/\",\"name\":\"Estudio sobre el enfoque territorial en los procesos de di\u00e1logo Comunidades-Empresas-Estado - Chile, Colombia, Ecuador - Insuco\",\"isPartOf\":{\"@id\":\"https:\/\/www.insuco.com\/es\/#website\"},\"primaryImageOfPage\":{\"@id\":\"https:\/\/www.insuco.com\/es\/project\/estudio-sobre-el-enfoque-territorial-en-los-procesos-de-dialogo-comunidades-empresas-estado-chile-colombia-ecuador\/#primaryimage\"},\"image\":{\"@id\":\"https:\/\/www.insuco.com\/es\/project\/estudio-sobre-el-enfoque-territorial-en-los-procesos-de-dialogo-comunidades-empresas-estado-chile-colombia-ecuador\/#primaryimage\"},\"thumbnailUrl\":\"https:\/\/www.insuco.com\/wp-content\/uploads\/2019\/06\/Insuco-RIMISP-enfoque-territorial.jpg\",\"datePublished\":\"2018-07-23T09:12:27+00:00\",\"dateModified\":\"2024-08-07T08:05:32+00:00\",\"breadcrumb\":{\"@id\":\"https:\/\/www.insuco.com\/es\/project\/estudio-sobre-el-enfoque-territorial-en-los-procesos-de-dialogo-comunidades-empresas-estado-chile-colombia-ecuador\/#breadcrumb\"},\"inLanguage\":\"es\",\"potentialAction\":[{\"@type\":\"ReadAction\",\"target\":[\"https:\/\/www.insuco.com\/es\/project\/estudio-sobre-el-enfoque-territorial-en-los-procesos-de-dialogo-comunidades-empresas-estado-chile-colombia-ecuador\/\"]}]},{\"@type\":\"ImageObject\",\"inLanguage\":\"es\",\"@id\":\"https:\/\/www.insuco.com\/es\/project\/estudio-sobre-el-enfoque-territorial-en-los-procesos-de-dialogo-comunidades-empresas-estado-chile-colombia-ecuador\/#primaryimage\",\"url\":\"https:\/\/www.insuco.com\/wp-content\/uploads\/2019\/06\/Insuco-RIMISP-enfoque-territorial.jpg\",\"contentUrl\":\"https:\/\/www.insuco.com\/wp-content\/uploads\/2019\/06\/Insuco-RIMISP-enfoque-territorial.jpg\",\"width\":753,\"height\":300},{\"@type\":\"BreadcrumbList\",\"@id\":\"https:\/\/www.insuco.com\/es\/project\/estudio-sobre-el-enfoque-territorial-en-los-procesos-de-dialogo-comunidades-empresas-estado-chile-colombia-ecuador\/#breadcrumb\",\"itemListElement\":[{\"@type\":\"ListItem\",\"position\":1,\"name\":\"Accueil\",\"item\":\"https:\/\/www.insuco.com\/es\/\"},{\"@type\":\"ListItem\",\"position\":2,\"name\":\"Proyectos\",\"item\":\"https:\/\/www.insuco.com\/es\/project\/\"},{\"@type\":\"ListItem\",\"position\":3,\"name\":\"Estudio sobre el enfoque territorial en los procesos de di\u00e1logo Comunidades-Empresas-Estado &#8211; Chile, Colombia, Ecuador\"}]},{\"@type\":\"WebSite\",\"@id\":\"https:\/\/www.insuco.com\/es\/#website\",\"url\":\"https:\/\/www.insuco.com\/es\/\",\"name\":\"Insuco\",\"description\":\"Local understanding for sustainable solutions\",\"potentialAction\":[{\"@type\":\"SearchAction\",\"target\":{\"@type\":\"EntryPoint\",\"urlTemplate\":\"https:\/\/www.insuco.com\/es\/?s={search_term_string}\"},\"query-input\":{\"@type\":\"PropertyValueSpecification\",\"valueRequired\":true,\"valueName\":\"search_term_string\"}}],\"inLanguage\":\"es\"}]}<\/script>\n<!-- \/ Yoast SEO plugin. -->","yoast_head_json":{"title":"Estudio sobre el enfoque territorial en los procesos de di\u00e1logo Comunidades-Empresas-Estado - Chile, Colombia, Ecuador - Insuco","robots":{"index":"index","follow":"follow","max-snippet":"max-snippet:-1","max-image-preview":"max-image-preview:large","max-video-preview":"max-video-preview:-1"},"canonical":"https:\/\/www.insuco.com\/es\/project\/estudio-sobre-el-enfoque-territorial-en-los-procesos-de-dialogo-comunidades-empresas-estado-chile-colombia-ecuador\/","og_locale":"es_ES","og_type":"article","og_title":"Estudio sobre el enfoque territorial en los procesos de di\u00e1logo Comunidades-Empresas-Estado - Chile, Colombia, Ecuador - Insuco","og_description":"Projets r\u00e9cents ou en cours Production d\u2019un document de travail \u00ab Tendances et exp\u00e9riences dans les relations Communaut\u00e9s-Entreprises-Etat. Perspectives qui renforcent le dialogue territorial. \u00bb Client : RIMISP, Centre Latinoam\u00e9ricain pour le D\u00e9veloppement Rural Mission : La mission consistait \u00e0 \u00e9laborer un document de travail qui permette de g\u00e9n\u00e9rer une r\u00e9flexion et souligner diff\u00e9rentes questions [&hellip;]","og_url":"https:\/\/www.insuco.com\/es\/project\/estudio-sobre-el-enfoque-territorial-en-los-procesos-de-dialogo-comunidades-empresas-estado-chile-colombia-ecuador\/","og_site_name":"Insuco","article_modified_time":"2024-08-07T08:05:32+00:00","og_image":[{"width":753,"height":300,"url":"https:\/\/www.insuco.com\/wp-content\/uploads\/2019\/06\/Insuco-RIMISP-enfoque-territorial.jpg","type":"image\/jpeg"}],"twitter_card":"summary_large_image","twitter_misc":{"Tiempo de lectura":"7 minutos"},"schema":{"@context":"https:\/\/schema.org","@graph":[{"@type":"WebPage","@id":"https:\/\/www.insuco.com\/es\/project\/estudio-sobre-el-enfoque-territorial-en-los-procesos-de-dialogo-comunidades-empresas-estado-chile-colombia-ecuador\/","url":"https:\/\/www.insuco.com\/es\/project\/estudio-sobre-el-enfoque-territorial-en-los-procesos-de-dialogo-comunidades-empresas-estado-chile-colombia-ecuador\/","name":"Estudio sobre el enfoque territorial en los procesos de di\u00e1logo Comunidades-Empresas-Estado - Chile, Colombia, Ecuador - Insuco","isPartOf":{"@id":"https:\/\/www.insuco.com\/es\/#website"},"primaryImageOfPage":{"@id":"https:\/\/www.insuco.com\/es\/project\/estudio-sobre-el-enfoque-territorial-en-los-procesos-de-dialogo-comunidades-empresas-estado-chile-colombia-ecuador\/#primaryimage"},"image":{"@id":"https:\/\/www.insuco.com\/es\/project\/estudio-sobre-el-enfoque-territorial-en-los-procesos-de-dialogo-comunidades-empresas-estado-chile-colombia-ecuador\/#primaryimage"},"thumbnailUrl":"https:\/\/www.insuco.com\/wp-content\/uploads\/2019\/06\/Insuco-RIMISP-enfoque-territorial.jpg","datePublished":"2018-07-23T09:12:27+00:00","dateModified":"2024-08-07T08:05:32+00:00","breadcrumb":{"@id":"https:\/\/www.insuco.com\/es\/project\/estudio-sobre-el-enfoque-territorial-en-los-procesos-de-dialogo-comunidades-empresas-estado-chile-colombia-ecuador\/#breadcrumb"},"inLanguage":"es","potentialAction":[{"@type":"ReadAction","target":["https:\/\/www.insuco.com\/es\/project\/estudio-sobre-el-enfoque-territorial-en-los-procesos-de-dialogo-comunidades-empresas-estado-chile-colombia-ecuador\/"]}]},{"@type":"ImageObject","inLanguage":"es","@id":"https:\/\/www.insuco.com\/es\/project\/estudio-sobre-el-enfoque-territorial-en-los-procesos-de-dialogo-comunidades-empresas-estado-chile-colombia-ecuador\/#primaryimage","url":"https:\/\/www.insuco.com\/wp-content\/uploads\/2019\/06\/Insuco-RIMISP-enfoque-territorial.jpg","contentUrl":"https:\/\/www.insuco.com\/wp-content\/uploads\/2019\/06\/Insuco-RIMISP-enfoque-territorial.jpg","width":753,"height":300},{"@type":"BreadcrumbList","@id":"https:\/\/www.insuco.com\/es\/project\/estudio-sobre-el-enfoque-territorial-en-los-procesos-de-dialogo-comunidades-empresas-estado-chile-colombia-ecuador\/#breadcrumb","itemListElement":[{"@type":"ListItem","position":1,"name":"Accueil","item":"https:\/\/www.insuco.com\/es\/"},{"@type":"ListItem","position":2,"name":"Proyectos","item":"https:\/\/www.insuco.com\/es\/project\/"},{"@type":"ListItem","position":3,"name":"Estudio sobre el enfoque territorial en los procesos de di\u00e1logo Comunidades-Empresas-Estado &#8211; Chile, Colombia, Ecuador"}]},{"@type":"WebSite","@id":"https:\/\/www.insuco.com\/es\/#website","url":"https:\/\/www.insuco.com\/es\/","name":"Insuco","description":"Local understanding for sustainable solutions","potentialAction":[{"@type":"SearchAction","target":{"@type":"EntryPoint","urlTemplate":"https:\/\/www.insuco.com\/es\/?s={search_term_string}"},"query-input":{"@type":"PropertyValueSpecification","valueRequired":true,"valueName":"search_term_string"}}],"inLanguage":"es"}]}},"_links":{"self":[{"href":"https:\/\/www.insuco.com\/es\/wp-json\/wp\/v2\/project\/21179","targetHints":{"allow":["GET"]}}],"collection":[{"href":"https:\/\/www.insuco.com\/es\/wp-json\/wp\/v2\/project"}],"about":[{"href":"https:\/\/www.insuco.com\/es\/wp-json\/wp\/v2\/types\/project"}],"author":[{"embeddable":true,"href":"https:\/\/www.insuco.com\/es\/wp-json\/wp\/v2\/users\/1"}],"replies":[{"embeddable":true,"href":"https:\/\/www.insuco.com\/es\/wp-json\/wp\/v2\/comments?post=21179"}],"version-history":[{"count":4,"href":"https:\/\/www.insuco.com\/es\/wp-json\/wp\/v2\/project\/21179\/revisions"}],"predecessor-version":[{"id":53084,"href":"https:\/\/www.insuco.com\/es\/wp-json\/wp\/v2\/project\/21179\/revisions\/53084"}],"wp:featuredmedia":[{"embeddable":true,"href":"https:\/\/www.insuco.com\/es\/wp-json\/wp\/v2\/media\/15645"}],"wp:attachment":[{"href":"https:\/\/www.insuco.com\/es\/wp-json\/wp\/v2\/media?parent=21179"}],"wp:term":[{"taxonomy":"project_category","embeddable":true,"href":"https:\/\/www.insuco.com\/es\/wp-json\/wp\/v2\/project_category?post=21179"},{"taxonomy":"project_tag","embeddable":true,"href":"https:\/\/www.insuco.com\/es\/wp-json\/wp\/v2\/project_tag?post=21179"},{"taxonomy":"region","embeddable":true,"href":"https:\/\/www.insuco.com\/es\/wp-json\/wp\/v2\/region?post=21179"},{"taxonomy":"secteur","embeddable":true,"href":"https:\/\/www.insuco.com\/es\/wp-json\/wp\/v2\/secteur?post=21179"},{"taxonomy":"services","embeddable":true,"href":"https:\/\/www.insuco.com\/es\/wp-json\/wp\/v2\/services?post=21179"},{"taxonomy":"client","embeddable":true,"href":"https:\/\/www.insuco.com\/es\/wp-json\/wp\/v2\/client?post=21179"}],"curies":[{"name":"wp","href":"https:\/\/api.w.org\/{rel}","templated":true}]}}