{"id":21075,"date":"2018-07-22T22:27:08","date_gmt":"2018-07-22T20:27:08","guid":{"rendered":"https:\/\/www.insuco.com\/?post_type=project&#038;p=21075"},"modified":"2024-02-12T17:06:05","modified_gmt":"2024-02-12T16:06:05","slug":"elaboracion-de-un-marco-de-gestion-ambiental-y-social-para-la-afd-senegal","status":"publish","type":"project","link":"https:\/\/www.insuco.com\/es\/project\/elaboracion-de-un-marco-de-gestion-ambiental-y-social-para-la-afd-senegal\/","title":{"rendered":"Elaboraci\u00f3n de un Marco de Gesti\u00f3n Ambiental y Social para la AFD &#8211; Senegal"},"content":{"rendered":"<p>[et_pb_section fb_built=\u00bb1&#8243; _builder_version=\u00bb3.26&#8243; use_background_color_gradient=\u00bbon\u00bb background_color_gradient_start=\u00bbrgba(0,129,139,0.75)\u00bb background_color_gradient_end=\u00bbrgba(0,129,139,0.82)\u00bb background_color_gradient_overlays_image=\u00bbon\u00bb background_image=\u00bbhttps:\/\/www.insuco.com\/wp-content\/uploads\/2019\/06\/Insuco-CGES-AFD-Senegal.jpg\u00bb custom_padding=\u00bb200px|0px|23px|0px|false|false\u00bb z_index_tablet=\u00bb500&#8243; locked=\u00bboff\u00bb][et_pb_row custom_padding=\u00bb27px|0px|0|0px|false|false\u00bb _builder_version=\u00bb3.25&#8243; z_index_tablet=\u00bb500&#8243; locked=\u00bboff\u00bb][et_pb_column type=\u00bb4_4&#8243; _builder_version=\u00bb3.25&#8243; custom_padding=\u00bb|||\u00bb custom_padding__hover=\u00bb|||\u00bb][et_pb_text admin_label=\u00bbProjetsRecentsTitre2 ES\u00bb _builder_version=\u00bb3.25.4&#8243; header_font=\u00bb|300|||||||\u00bb header_text_color=\u00bb#ffffff\u00bb header_font_size=\u00bb70px\u00bb header_2_text_color=\u00bb#ffffff\u00bb header_2_font_size=\u00bb60px\u00bb custom_padding=\u00bb|||\u00bb animation_style=\u00bbslide\u00bb animation_direction=\u00bbright\u00bb animation_delay=\u00bb500ms\u00bb z_index_tablet=\u00bb500&#8243; header_font_size_phone=\u00bb50px\u00bb header_font_size_last_edited=\u00bbon|phone\u00bb global_module=\u00bb18623&#8243; saved_tabs=\u00bball\u00bb locked=\u00bbon\u00bb header_2_text_color__hover_enabled=\u00bbon\u00bb header_2_text_color__hover=\u00bb#b1e3e3&#8243;]<\/p>\n<h1>Proyectos recientes y en curso<\/h1>\n<p>[\/et_pb_text][\/et_pb_column][\/et_pb_row][\/et_pb_section][et_pb_section fb_built=\u00bb1&#8243; _builder_version=\u00bb3.22.3&#8243; custom_padding=\u00bb21px|0px|47px|0px|false|false\u00bb][et_pb_row use_custom_gutter=\u00bbon\u00bb gutter_width=\u00bb2&#8243; custom_padding=\u00bb||0px|||\u00bb custom_margin=\u00bb||\u00bb make_equal=\u00bbon\u00bb _builder_version=\u00bb3.25&#8243;][et_pb_column type=\u00bb4_4&#8243; _builder_version=\u00bb3.25&#8243; custom_padding=\u00bb|||\u00bb custom_padding_phone=\u00bb|0px||\u00bb custom_padding_last_edited=\u00bbon|phone\u00bb custom_padding__hover=\u00bb|||\u00bb][et_pb_text admin_label=\u00bbTitre long\u00bb _builder_version=\u00bb3.26&#8243; header_2_text_color=\u00bb#00818b\u00bb header_2_font_size=\u00bb40px\u00bb header_3_font=\u00bb|600|||||||\u00bb header_3_font_size=\u00bb25px\u00bb custom_margin=\u00bb||0px\u00bb custom_margin_phone=\u00bb||20px|\u00bb custom_margin_last_edited=\u00bbon|phone\u00bb custom_padding=\u00bb||0px|||\u00bb z_index_tablet=\u00bb500&#8243; header_2_font_size_last_edited=\u00bbon|phone\u00bb]<\/p>\n<h2>Elaboraci\u00f3n del Marco de Gesti\u00f3n Ambiental y Social y del Marco de Pol\u00edtica para el Reasentamiento del programa de modernizaci\u00f3n y fortalecimiento de la red el\u00e9ctrica en Senegal<\/h2>\n<p>[\/et_pb_text][et_pb_text admin_label=\u00bbClient \u00bb _builder_version=\u00bb3.26&#8243; text_font=\u00bbSource Sans Pro||||||||\u00bb text_text_color=\u00bb#000000&#8243; text_font_size=\u00bb23px\u00bb header_2_text_color=\u00bb#00818b\u00bb header_2_font_size=\u00bb40px\u00bb header_3_font=\u00bb|600|||||||\u00bb header_3_font_size=\u00bb25px\u00bb custom_margin=\u00bb0px||\u00bb custom_margin_phone=\u00bb||10px\u00bb custom_margin_last_edited=\u00bbon|phone\u00bb custom_padding=\u00bb0px|||||\u00bb z_index_tablet=\u00bb500&#8243; header_2_font_size_last_edited=\u00bbon|phone\u00bb]<\/p>\n<p><strong>Cliente : <\/strong>Agencia Francesa de Desarrollo (AFD)\u200b<\/p>\n<p>[\/et_pb_text][\/et_pb_column][\/et_pb_row][et_pb_row column_structure=\u00bb2_5,3_5&#8243; use_custom_gutter=\u00bbon\u00bb gutter_width=\u00bb2&#8243; custom_padding=\u00bb||0px|||\u00bb custom_margin=\u00bb||\u00bb _builder_version=\u00bb3.25&#8243;][et_pb_column type=\u00bb2_5&#8243; _builder_version=\u00bb3.25&#8243; background_color=\u00bbrgba(0,129,139,0.08)\u00bb custom_padding=\u00bb20px|20px|20px|20px\u00bb custom_padding_phone=\u00bb10px|10px|10px|10px\u00bb custom_padding_last_edited=\u00bbon|phone\u00bb custom_padding__hover=\u00bb|||\u00bb][et_pb_text admin_label=\u00bbCatRegion2 ES\u00bb module_class=\u00bbcustom-taxonomy\u00bb _builder_version=\u00bb3.25.4&#8243; _dynamic_attributes=\u00bbcontent\u00bb text_font=\u00bb|700|||||||\u00bb header_font=\u00bb||||||||\u00bb header_2_font=\u00bb||||||||\u00bb header_2_text_color=\u00bb#00818b\u00bb header_2_font_size=\u00bb40px\u00bb header_3_font=\u00bb|600|||||||\u00bb header_3_font_size=\u00bb25px\u00bb custom_margin_phone=\u00bb||10px\u00bb custom_margin_last_edited=\u00bbon|phone\u00bb custom_padding=\u00bb|||||\u00bb header_2_font_size_phone=\u00bb40px\u00bb header_2_font_size_last_edited=\u00bbon|phone\u00bb global_module=\u00bb18625&#8243; saved_tabs=\u00bball\u00bb locked=\u00bbon\u00bb]@ET-DC@eyJkeW5hbWljIjp0cnVlLCJjb250ZW50IjoicG9zdF9jYXRlZ29yaWVzIiwic2V0dGluZ3MiOnsiYmVmb3JlIjoiUmVnaW9uZXMgLyBQYVx1MDBlZHNlcyA6ICIsImFmdGVyIjoiIiwibGlua190b190ZXJtX3BhZ2UiOiJvbiIsInNlcGFyYXRvciI6IiIsImNhdGVnb3J5X3R5cGUiOiJyZWdpb24ifX0=@[\/et_pb_text][et_pb_text admin_label=\u00bbCatSecteur2 ES\u00bb module_class=\u00bbcustom-taxonomy\u00bb _builder_version=\u00bb3.25.4&#8243; _dynamic_attributes=\u00bbcontent\u00bb text_font=\u00bb|700|||||||\u00bb header_font=\u00bb||||||||\u00bb header_2_font=\u00bb||||||||\u00bb header_2_text_color=\u00bb#00818b\u00bb header_2_font_size=\u00bb40px\u00bb header_3_font=\u00bb|600|||||||\u00bb header_3_font_size=\u00bb25px\u00bb custom_margin_phone=\u00bb||10px\u00bb custom_margin_last_edited=\u00bbon|phone\u00bb custom_padding=\u00bb|||||\u00bb header_2_font_size_phone=\u00bb40px\u00bb header_2_font_size_last_edited=\u00bbon|phone\u00bb global_module=\u00bb18627&#8243; saved_tabs=\u00bball\u00bb locked=\u00bbon\u00bb]@ET-DC@eyJkeW5hbWljIjp0cnVlLCJjb250ZW50IjoicG9zdF9jYXRlZ29yaWVzIiwic2V0dGluZ3MiOnsiYmVmb3JlIjoiU2VjdG9yZXMgOiAiLCJhZnRlciI6IiIsImxpbmtfdG9fdGVybV9wYWdlIjoib24iLCJzZXBhcmF0b3IiOiIiLCJjYXRlZ29yeV90eXBlIjoic2VjdGV1ciJ9fQ==@[\/et_pb_text][et_pb_text admin_label=\u00bbCatService2 ES\u00bb module_class=\u00bbcustom-taxonomy\u00bb _builder_version=\u00bb3.25.4&#8243; _dynamic_attributes=\u00bbcontent\u00bb text_font=\u00bb|700|||||||\u00bb header_font=\u00bb||||||||\u00bb header_2_font=\u00bb||||||||\u00bb header_2_text_color=\u00bb#00818b\u00bb header_2_font_size=\u00bb40px\u00bb header_3_font=\u00bb|600|||||||\u00bb header_3_font_size=\u00bb25px\u00bb custom_margin_phone=\u00bb||10px\u00bb custom_margin_last_edited=\u00bbon|phone\u00bb custom_padding=\u00bb|||||\u00bb header_2_font_size_phone=\u00bb40px\u00bb header_2_font_size_last_edited=\u00bbon|phone\u00bb global_module=\u00bb18629&#8243; saved_tabs=\u00bball\u00bb locked=\u00bbon\u00bb]@ET-DC@eyJkeW5hbWljIjp0cnVlLCJjb250ZW50IjoicG9zdF9jYXRlZ29yaWVzIiwic2V0dGluZ3MiOnsiYmVmb3JlIjoiU2VydmljaW9zIDogIiwiYWZ0ZXIiOiIiLCJsaW5rX3RvX3Rlcm1fcGFnZSI6Im9uIiwic2VwYXJhdG9yIjoiIiwiY2F0ZWdvcnlfdHlwZSI6InNlcnZpY2VzIn19@[\/et_pb_text][et_pb_text admin_label=\u00bbCatClient2 ES\u00bb module_class=\u00bbcustom-taxonomy\u00bb _builder_version=\u00bb3.25.4&#8243; _dynamic_attributes=\u00bbcontent\u00bb text_font=\u00bb|700|||||||\u00bb header_font=\u00bb||||||||\u00bb header_2_font=\u00bb||||||||\u00bb header_2_text_color=\u00bb#00818b\u00bb header_2_font_size=\u00bb40px\u00bb header_3_font=\u00bb|600|||||||\u00bb header_3_font_size=\u00bb25px\u00bb custom_margin_phone=\u00bb||10px\u00bb custom_margin_last_edited=\u00bbon|phone\u00bb custom_padding=\u00bb|||||\u00bb header_2_font_size_phone=\u00bb40px\u00bb header_2_font_size_last_edited=\u00bbon|phone\u00bb global_module=\u00bb18631&#8243; saved_tabs=\u00bball\u00bb locked=\u00bbon\u00bb]@ET-DC@eyJkeW5hbWljIjp0cnVlLCJjb250ZW50IjoicG9zdF9jYXRlZ29yaWVzIiwic2V0dGluZ3MiOnsiYmVmb3JlIjoiQ2F0ZWdvclx1MDBlZGEgZGUgY2xpZW50ZSA6ICIsImFmdGVyIjoiIiwibGlua190b190ZXJtX3BhZ2UiOiJvbiIsInNlcGFyYXRvciI6IiIsImNhdGVnb3J5X3R5cGUiOiJjbGllbnQifX0=@[\/et_pb_text][\/et_pb_column][et_pb_column type=\u00bb3_5&#8243; _builder_version=\u00bb3.25&#8243; custom_padding=\u00bb|||\u00bb custom_padding_last_edited=\u00bbon|phone\u00bb custom_padding__hover=\u00bb|||\u00bb][et_pb_post_title title=\u00bboff\u00bb meta=\u00bboff\u00bb admin_label=\u00bbImage\u00bb _builder_version=\u00bb3.22.7&#8243; custom_margin=\u00bb||22px|||\u00bb z_index_tablet=\u00bb500&#8243; locked=\u00bbon\u00bb]<br \/>\n[\/et_pb_post_title][et_pb_text admin_label=\u00bbMissionTitre2 ES\u00bb _builder_version=\u00bb3.25.4&#8243; header_2_font=\u00bb|600|||||||\u00bb header_2_text_color=\u00bb#00818b\u00bb header_2_font_size=\u00bb40px\u00bb header_3_font=\u00bb|600|||||||\u00bb header_3_font_size=\u00bb25px\u00bb custom_margin=\u00bb||-2px|||\u00bb custom_padding=\u00bb|||||\u00bb z_index_tablet=\u00bb500&#8243; header_2_font_size_last_edited=\u00bbon|phone\u00bb global_module=\u00bb18621&#8243; saved_tabs=\u00bball\u00bb locked=\u00bbon\u00bb]<\/p>\n<h3>Misi\u00f3n :<\/h3>\n<p>[\/et_pb_text][et_pb_text admin_label=\u00bbMission texte\u00bb _builder_version=\u00bb3.26&#8243; header_2_font=\u00bb|600|||||||\u00bb header_2_text_color=\u00bb#00818b\u00bb header_2_font_size=\u00bb40px\u00bb header_3_font=\u00bb|600|||||||\u00bb header_3_font_size=\u00bb25px\u00bb custom_padding=\u00bb|||||\u00bb z_index_tablet=\u00bb500&#8243; header_2_font_size_last_edited=\u00bbon|phone\u00bb]<\/p>\n<p>En el contexto del programa de modernizaci\u00f3n y fortalecimiento de la red el\u00e9ctrica en Senegal, la misi\u00f3n de Insuco consisti\u00f3 en producir el Marco de Gesti\u00f3n Ambiental y Social, as\u00ed como el Marco de Pol\u00edtica para el Reasentamiento para todos los sitios del programa, cualquiera que sea su tipo y ubicaci\u00f3n en el territorio senegal\u00e9s. Un an\u00e1lisis de la gesti\u00f3n de desechos en todos los sitios de la Senelec (Empresa nacional de electricidad de Senegal) tambi\u00e9n se realiz\u00f3, lo que permiti\u00f3 desarrollar un Plan de Acci\u00f3n Desechos.<\/p>\n<p>[\/et_pb_text][et_pb_text admin_label=\u00bbResultatTitre2 ES\u00bb _builder_version=\u00bb3.25.4&#8243; header_2_font=\u00bb|600|||||||\u00bb header_2_text_color=\u00bb#00818b\u00bb header_2_font_size=\u00bb40px\u00bb header_3_font=\u00bb|600|||||||\u00bb header_3_font_size=\u00bb25px\u00bb custom_margin=\u00bb||-2px|||\u00bb custom_padding=\u00bb|||||\u00bb z_index_tablet=\u00bb500&#8243; header_2_font_size_last_edited=\u00bbon|phone\u00bb global_module=\u00bb18618&#8243; saved_tabs=\u00bball\u00bb locked=\u00bbon\u00bb]<\/p>\n<h3>Resultado :<\/h3>\n<p>[\/et_pb_text][et_pb_text admin_label=\u00bbR\u00e9sultat texte\u00bb _builder_version=\u00bb3.26&#8243; header_2_font=\u00bb|600|||||||\u00bb header_2_text_color=\u00bb#00818b\u00bb header_2_font_size=\u00bb40px\u00bb header_3_font=\u00bb|600|||||||\u00bb header_3_font_size=\u00bb25px\u00bb custom_padding=\u00bb|||||\u00bb z_index_tablet=\u00bb500&#8243; header_2_font_size_last_edited=\u00bbon|phone\u00bb]<\/p>\n<p>Despu\u00e9s de realizar una revisi\u00f3n legal y de la documentaci\u00f3n, as\u00ed como encuestas y encuentros con actores locales, los siguientes productos se entregaron a la AFD:<\/p>\n<ul>\n<li>Un Marco de Gesti\u00f3n Ambiental y Social<\/li>\n<li>Un Marco de Pol\u00edtica para el Reasentamiento<\/li>\n<li>Un an\u00e1lisis de la situaci\u00f3n en cuanto a la gesti\u00f3n de desechos<\/li>\n<\/ul>\n<p>[\/et_pb_text][\/et_pb_column][\/et_pb_row][\/et_pb_section][et_pb_section fb_built=\u00bb1&#8243; _builder_version=\u00bb3.22.7&#8243; background_color=\u00bbrgba(177,227,227,0.25)\u00bb custom_margin=\u00bb||-25px\u00bb custom_padding=\u00bb37px|0px|25px|0px|false|false\u00bb saved_tabs=\u00bball\u00bb locked=\u00bboff\u00bb][et_pb_row _builder_version=\u00bb3.25&#8243;][et_pb_column type=\u00bb4_4&#8243; _builder_version=\u00bb3.25&#8243; custom_padding=\u00bb|||\u00bb custom_padding__hover=\u00bb|||\u00bb][et_pb_cta title=\u00bb\u00a1Cu\u00e9ntanos sobre tu proyecto!\u00bb button_url=\u00bbhttps:\/\/www.insuco.com\/es\/contacto\u00bb button_text=\u00bbCont\u00e1ctenos\u00bb admin_label=\u00bbCTAProjet2 ES\u00bb _builder_version=\u00bb3.25.4&#8243; background_color=\u00bbrgba(89,175,181,0)\u00bb background_layout=\u00bblight\u00bb animation_style=\u00bbzoom\u00bb z_index_tablet=\u00bb500&#8243; header_font_size_phone=\u00bb40px\u00bb header_font_size_last_edited=\u00bbon|phone\u00bb global_module=\u00bb18616&#8243; saved_tabs=\u00bball\u00bb locked=\u00bbon\u00bb]<\/p>\n<p>\u00bfQuieres discutir tu proyecto y sus retos? Aprenda mas sobre Insuco y nuestra experiencia? \u00bfPara conocernos?<\/p>\n<p>[\/et_pb_cta][\/et_pb_column][\/et_pb_row][\/et_pb_section]<\/p>\n","protected":false},"excerpt":{"rendered":"<p>Proyectos recientes y en curso Elaboraci\u00f3n del Marco de Gesti\u00f3n Ambiental y Social y del Marco de Pol\u00edtica para el Reasentamiento del programa de modernizaci\u00f3n y fortalecimiento de la red el\u00e9ctrica en Senegal Cliente : Agencia Francesa de Desarrollo (AFD)\u200b Misi\u00f3n : En el contexto del programa de modernizaci\u00f3n y fortalecimiento de la red el\u00e9ctrica [&hellip;]<\/p>\n","protected":false},"author":1,"featured_media":15547,"comment_status":"open","ping_status":"closed","template":"","meta":{"_acf_changed":false,"_et_pb_use_builder":"on","_et_pb_old_content":"","_et_gb_content_width":"","footnotes":""},"project_category":[276],"project_tag":[562],"region":[106,140],"secteur":[157,159],"services":[109,173],"client":[179],"class_list":["post-21075","project","type-project","status-publish","has-post-thumbnail","hentry","project_category-secteurs-services-de-base-es","project_tag-anciens-projets-avec-builder-es","region-africa-es","region-senegal-es","secteur-cooperacion-apoyo-al-desarrollo","secteur-energia","services-estudios","services-gestion-social","client-agencias-de-cooperacion"],"acf":[],"yoast_head":"<!-- This site is optimized with the Yoast SEO plugin v26.0 - https:\/\/yoast.com\/wordpress\/plugins\/seo\/ -->\n<title>Elaboraci\u00f3n de un Marco de Gesti\u00f3n Ambiental y Social para la AFD - Senegal - Insuco<\/title>\n<meta name=\"robots\" content=\"index, follow, max-snippet:-1, max-image-preview:large, max-video-preview:-1\" \/>\n<link rel=\"canonical\" href=\"https:\/\/www.insuco.com\/es\/project\/elaboracion-de-un-marco-de-gestion-ambiental-y-social-para-la-afd-senegal\/\" \/>\n<meta property=\"og:locale\" content=\"es_ES\" \/>\n<meta property=\"og:type\" content=\"article\" \/>\n<meta property=\"og:title\" content=\"Elaboraci\u00f3n de un Marco de Gesti\u00f3n Ambiental y Social para la AFD - Senegal - Insuco\" \/>\n<meta property=\"og:description\" content=\"Proyectos recientes y en curso Elaboraci\u00f3n del Marco de Gesti\u00f3n Ambiental y Social y del Marco de Pol\u00edtica para el Reasentamiento del programa de modernizaci\u00f3n y fortalecimiento de la red el\u00e9ctrica en Senegal Cliente : Agencia Francesa de Desarrollo (AFD)\u200b Misi\u00f3n : En el contexto del programa de modernizaci\u00f3n y fortalecimiento de la red el\u00e9ctrica [&hellip;]\" \/>\n<meta property=\"og:url\" content=\"https:\/\/www.insuco.com\/es\/project\/elaboracion-de-un-marco-de-gestion-ambiental-y-social-para-la-afd-senegal\/\" \/>\n<meta property=\"og:site_name\" content=\"Insuco\" \/>\n<meta property=\"article:modified_time\" content=\"2024-02-12T16:06:05+00:00\" \/>\n<meta property=\"og:image\" content=\"https:\/\/www.insuco.com\/wp-content\/uploads\/2019\/06\/Insuco-CGES-AFD-Senegal.jpg\" \/>\n\t<meta property=\"og:image:width\" content=\"753\" \/>\n\t<meta property=\"og:image:height\" content=\"300\" \/>\n\t<meta property=\"og:image:type\" content=\"image\/jpeg\" \/>\n<meta name=\"twitter:card\" content=\"summary_large_image\" \/>\n<meta name=\"twitter:label1\" content=\"Tiempo de lectura\" \/>\n\t<meta name=\"twitter:data1\" content=\"7 minutos\" \/>\n<script type=\"application\/ld+json\" class=\"yoast-schema-graph\">{\"@context\":\"https:\/\/schema.org\",\"@graph\":[{\"@type\":\"WebPage\",\"@id\":\"https:\/\/www.insuco.com\/es\/project\/elaboracion-de-un-marco-de-gestion-ambiental-y-social-para-la-afd-senegal\/\",\"url\":\"https:\/\/www.insuco.com\/es\/project\/elaboracion-de-un-marco-de-gestion-ambiental-y-social-para-la-afd-senegal\/\",\"name\":\"Elaboraci\u00f3n de un Marco de Gesti\u00f3n Ambiental y Social para la AFD - Senegal - Insuco\",\"isPartOf\":{\"@id\":\"https:\/\/www.insuco.com\/es\/#website\"},\"primaryImageOfPage\":{\"@id\":\"https:\/\/www.insuco.com\/es\/project\/elaboracion-de-un-marco-de-gestion-ambiental-y-social-para-la-afd-senegal\/#primaryimage\"},\"image\":{\"@id\":\"https:\/\/www.insuco.com\/es\/project\/elaboracion-de-un-marco-de-gestion-ambiental-y-social-para-la-afd-senegal\/#primaryimage\"},\"thumbnailUrl\":\"https:\/\/www.insuco.com\/wp-content\/uploads\/2019\/06\/Insuco-CGES-AFD-Senegal.jpg\",\"datePublished\":\"2018-07-22T20:27:08+00:00\",\"dateModified\":\"2024-02-12T16:06:05+00:00\",\"breadcrumb\":{\"@id\":\"https:\/\/www.insuco.com\/es\/project\/elaboracion-de-un-marco-de-gestion-ambiental-y-social-para-la-afd-senegal\/#breadcrumb\"},\"inLanguage\":\"es\",\"potentialAction\":[{\"@type\":\"ReadAction\",\"target\":[\"https:\/\/www.insuco.com\/es\/project\/elaboracion-de-un-marco-de-gestion-ambiental-y-social-para-la-afd-senegal\/\"]}]},{\"@type\":\"ImageObject\",\"inLanguage\":\"es\",\"@id\":\"https:\/\/www.insuco.com\/es\/project\/elaboracion-de-un-marco-de-gestion-ambiental-y-social-para-la-afd-senegal\/#primaryimage\",\"url\":\"https:\/\/www.insuco.com\/wp-content\/uploads\/2019\/06\/Insuco-CGES-AFD-Senegal.jpg\",\"contentUrl\":\"https:\/\/www.insuco.com\/wp-content\/uploads\/2019\/06\/Insuco-CGES-AFD-Senegal.jpg\",\"width\":753,\"height\":300},{\"@type\":\"BreadcrumbList\",\"@id\":\"https:\/\/www.insuco.com\/es\/project\/elaboracion-de-un-marco-de-gestion-ambiental-y-social-para-la-afd-senegal\/#breadcrumb\",\"itemListElement\":[{\"@type\":\"ListItem\",\"position\":1,\"name\":\"Accueil\",\"item\":\"https:\/\/www.insuco.com\/es\/\"},{\"@type\":\"ListItem\",\"position\":2,\"name\":\"Proyectos\",\"item\":\"https:\/\/www.insuco.com\/es\/project\/\"},{\"@type\":\"ListItem\",\"position\":3,\"name\":\"Elaboraci\u00f3n de un Marco de Gesti\u00f3n Ambiental y Social para la AFD - Senegal\"}]},{\"@type\":\"WebSite\",\"@id\":\"https:\/\/www.insuco.com\/es\/#website\",\"url\":\"https:\/\/www.insuco.com\/es\/\",\"name\":\"Insuco\",\"description\":\"Local understanding for sustainable solutions\",\"potentialAction\":[{\"@type\":\"SearchAction\",\"target\":{\"@type\":\"EntryPoint\",\"urlTemplate\":\"https:\/\/www.insuco.com\/es\/?s={search_term_string}\"},\"query-input\":{\"@type\":\"PropertyValueSpecification\",\"valueRequired\":true,\"valueName\":\"search_term_string\"}}],\"inLanguage\":\"es\"}]}<\/script>\n<!-- \/ Yoast SEO plugin. -->","yoast_head_json":{"title":"Elaboraci\u00f3n de un Marco de Gesti\u00f3n Ambiental y Social para la AFD - Senegal - Insuco","robots":{"index":"index","follow":"follow","max-snippet":"max-snippet:-1","max-image-preview":"max-image-preview:large","max-video-preview":"max-video-preview:-1"},"canonical":"https:\/\/www.insuco.com\/es\/project\/elaboracion-de-un-marco-de-gestion-ambiental-y-social-para-la-afd-senegal\/","og_locale":"es_ES","og_type":"article","og_title":"Elaboraci\u00f3n de un Marco de Gesti\u00f3n Ambiental y Social para la AFD - Senegal - Insuco","og_description":"Proyectos recientes y en curso Elaboraci\u00f3n del Marco de Gesti\u00f3n Ambiental y Social y del Marco de Pol\u00edtica para el Reasentamiento del programa de modernizaci\u00f3n y fortalecimiento de la red el\u00e9ctrica en Senegal Cliente : Agencia Francesa de Desarrollo (AFD)\u200b Misi\u00f3n : En el contexto del programa de modernizaci\u00f3n y fortalecimiento de la red el\u00e9ctrica [&hellip;]","og_url":"https:\/\/www.insuco.com\/es\/project\/elaboracion-de-un-marco-de-gestion-ambiental-y-social-para-la-afd-senegal\/","og_site_name":"Insuco","article_modified_time":"2024-02-12T16:06:05+00:00","og_image":[{"width":753,"height":300,"url":"https:\/\/www.insuco.com\/wp-content\/uploads\/2019\/06\/Insuco-CGES-AFD-Senegal.jpg","type":"image\/jpeg"}],"twitter_card":"summary_large_image","twitter_misc":{"Tiempo de lectura":"7 minutos"},"schema":{"@context":"https:\/\/schema.org","@graph":[{"@type":"WebPage","@id":"https:\/\/www.insuco.com\/es\/project\/elaboracion-de-un-marco-de-gestion-ambiental-y-social-para-la-afd-senegal\/","url":"https:\/\/www.insuco.com\/es\/project\/elaboracion-de-un-marco-de-gestion-ambiental-y-social-para-la-afd-senegal\/","name":"Elaboraci\u00f3n de un Marco de Gesti\u00f3n Ambiental y Social para la AFD - Senegal - Insuco","isPartOf":{"@id":"https:\/\/www.insuco.com\/es\/#website"},"primaryImageOfPage":{"@id":"https:\/\/www.insuco.com\/es\/project\/elaboracion-de-un-marco-de-gestion-ambiental-y-social-para-la-afd-senegal\/#primaryimage"},"image":{"@id":"https:\/\/www.insuco.com\/es\/project\/elaboracion-de-un-marco-de-gestion-ambiental-y-social-para-la-afd-senegal\/#primaryimage"},"thumbnailUrl":"https:\/\/www.insuco.com\/wp-content\/uploads\/2019\/06\/Insuco-CGES-AFD-Senegal.jpg","datePublished":"2018-07-22T20:27:08+00:00","dateModified":"2024-02-12T16:06:05+00:00","breadcrumb":{"@id":"https:\/\/www.insuco.com\/es\/project\/elaboracion-de-un-marco-de-gestion-ambiental-y-social-para-la-afd-senegal\/#breadcrumb"},"inLanguage":"es","potentialAction":[{"@type":"ReadAction","target":["https:\/\/www.insuco.com\/es\/project\/elaboracion-de-un-marco-de-gestion-ambiental-y-social-para-la-afd-senegal\/"]}]},{"@type":"ImageObject","inLanguage":"es","@id":"https:\/\/www.insuco.com\/es\/project\/elaboracion-de-un-marco-de-gestion-ambiental-y-social-para-la-afd-senegal\/#primaryimage","url":"https:\/\/www.insuco.com\/wp-content\/uploads\/2019\/06\/Insuco-CGES-AFD-Senegal.jpg","contentUrl":"https:\/\/www.insuco.com\/wp-content\/uploads\/2019\/06\/Insuco-CGES-AFD-Senegal.jpg","width":753,"height":300},{"@type":"BreadcrumbList","@id":"https:\/\/www.insuco.com\/es\/project\/elaboracion-de-un-marco-de-gestion-ambiental-y-social-para-la-afd-senegal\/#breadcrumb","itemListElement":[{"@type":"ListItem","position":1,"name":"Accueil","item":"https:\/\/www.insuco.com\/es\/"},{"@type":"ListItem","position":2,"name":"Proyectos","item":"https:\/\/www.insuco.com\/es\/project\/"},{"@type":"ListItem","position":3,"name":"Elaboraci\u00f3n de un Marco de Gesti\u00f3n Ambiental y Social para la AFD - Senegal"}]},{"@type":"WebSite","@id":"https:\/\/www.insuco.com\/es\/#website","url":"https:\/\/www.insuco.com\/es\/","name":"Insuco","description":"Local understanding for sustainable solutions","potentialAction":[{"@type":"SearchAction","target":{"@type":"EntryPoint","urlTemplate":"https:\/\/www.insuco.com\/es\/?s={search_term_string}"},"query-input":{"@type":"PropertyValueSpecification","valueRequired":true,"valueName":"search_term_string"}}],"inLanguage":"es"}]}},"_links":{"self":[{"href":"https:\/\/www.insuco.com\/es\/wp-json\/wp\/v2\/project\/21075","targetHints":{"allow":["GET"]}}],"collection":[{"href":"https:\/\/www.insuco.com\/es\/wp-json\/wp\/v2\/project"}],"about":[{"href":"https:\/\/www.insuco.com\/es\/wp-json\/wp\/v2\/types\/project"}],"author":[{"embeddable":true,"href":"https:\/\/www.insuco.com\/es\/wp-json\/wp\/v2\/users\/1"}],"replies":[{"embeddable":true,"href":"https:\/\/www.insuco.com\/es\/wp-json\/wp\/v2\/comments?post=21075"}],"version-history":[{"count":4,"href":"https:\/\/www.insuco.com\/es\/wp-json\/wp\/v2\/project\/21075\/revisions"}],"predecessor-version":[{"id":21087,"href":"https:\/\/www.insuco.com\/es\/wp-json\/wp\/v2\/project\/21075\/revisions\/21087"}],"wp:featuredmedia":[{"embeddable":true,"href":"https:\/\/www.insuco.com\/es\/wp-json\/wp\/v2\/media\/15547"}],"wp:attachment":[{"href":"https:\/\/www.insuco.com\/es\/wp-json\/wp\/v2\/media?parent=21075"}],"wp:term":[{"taxonomy":"project_category","embeddable":true,"href":"https:\/\/www.insuco.com\/es\/wp-json\/wp\/v2\/project_category?post=21075"},{"taxonomy":"project_tag","embeddable":true,"href":"https:\/\/www.insuco.com\/es\/wp-json\/wp\/v2\/project_tag?post=21075"},{"taxonomy":"region","embeddable":true,"href":"https:\/\/www.insuco.com\/es\/wp-json\/wp\/v2\/region?post=21075"},{"taxonomy":"secteur","embeddable":true,"href":"https:\/\/www.insuco.com\/es\/wp-json\/wp\/v2\/secteur?post=21075"},{"taxonomy":"services","embeddable":true,"href":"https:\/\/www.insuco.com\/es\/wp-json\/wp\/v2\/services?post=21075"},{"taxonomy":"client","embeddable":true,"href":"https:\/\/www.insuco.com\/es\/wp-json\/wp\/v2\/client?post=21075"}],"curies":[{"name":"wp","href":"https:\/\/api.w.org\/{rel}","templated":true}]}}