{"id":18935,"date":"2019-07-12T13:50:42","date_gmt":"2019-07-12T11:50:42","guid":{"rendered":"https:\/\/www.insuco.com\/?post_type=project&#038;p=18935"},"modified":"2024-08-07T10:06:18","modified_gmt":"2024-08-07T08:06:18","slug":"evaluacion-social-de-la-gestion-de-tierras-en-el-medio-rural-para-el-afor","status":"publish","type":"project","link":"https:\/\/www.insuco.com\/es\/project\/evaluacion-social-de-la-gestion-de-tierras-en-el-medio-rural-para-el-afor\/","title":{"rendered":"Evaluaci\u00f3n social de la gesti\u00f3n de tierras en el medio rural para el AFOR &#8211; Costa de Marfil"},"content":{"rendered":"<p>[et_pb_section fb_built=\u00bb1&#8243; _builder_version=\u00bb3.26&#8243; use_background_color_gradient=\u00bbon\u00bb background_color_gradient_start=\u00bbrgba(0,129,139,0.75)\u00bb background_color_gradient_end=\u00bbrgba(0,129,139,0.82)\u00bb background_color_gradient_overlays_image=\u00bbon\u00bb background_image=\u00bbhttps:\/\/www.insuco.com\/wp-content\/uploads\/2019\/07\/Insuco-Cote-Ivoire-AFOR.jpg\u00bb custom_padding=\u00bb200px|0px|23px|0px|false|false\u00bb locked=\u00bboff\u00bb][et_pb_row custom_padding=\u00bb27px|0px|0|0px|false|false\u00bb _builder_version=\u00bb3.25&#8243; locked=\u00bboff\u00bb][et_pb_column type=\u00bb4_4&#8243; _builder_version=\u00bb3.25&#8243; custom_padding__hover=\u00bb|||\u00bb][et_pb_text admin_label=\u00bbProjRecentTitre2 FR\u00bb _builder_version=\u00bb3.26&#8243; header_font=\u00bb|300|||||||\u00bb header_text_color=\u00bb#ffffff\u00bb header_font_size=\u00bb70px\u00bb header_2_text_color=\u00bb#ffffff\u00bb header_2_font_size=\u00bb60px\u00bb custom_padding=\u00bb|||\u00bb animation_style=\u00bbslide\u00bb animation_direction=\u00bbright\u00bb animation_delay=\u00bb500ms\u00bb z_index_tablet=\u00bb500&#8243; header_font_size_phone=\u00bb50px\u00bb header_font_size_last_edited=\u00bbon|phone\u00bb global_module=\u00bb18594&#8243; saved_tabs=\u00bball\u00bb locked=\u00bboff\u00bb header_2_text_color__hover_enabled=\u00bbon\u00bb header_2_text_color__hover=\u00bb#b1e3e3&#8243;]<\/p>\n<h1>Projets r\u00e9cents ou en cours<\/h1>\n<p>[\/et_pb_text][\/et_pb_column][\/et_pb_row][\/et_pb_section][et_pb_section fb_built=\u00bb1&#8243; _builder_version=\u00bb3.22.3&#8243; custom_padding=\u00bb21px|0px|47px|0px|false|false\u00bb][et_pb_row use_custom_gutter=\u00bbon\u00bb gutter_width=\u00bb2&#8243; custom_padding=\u00bb||0px|||\u00bb custom_margin=\u00bb||\u00bb make_equal=\u00bbon\u00bb _builder_version=\u00bb3.25&#8243;][et_pb_column type=\u00bb4_4&#8243; _builder_version=\u00bb3.25&#8243; custom_padding__hover=\u00bb|||\u00bb][et_pb_text admin_label=\u00bbTitre long\u00bb _builder_version=\u00bb3.26&#8243; header_2_text_color=\u00bb#00818b\u00bb header_2_font_size=\u00bb40px\u00bb header_3_font=\u00bb|600|||||||\u00bb header_3_font_size=\u00bb25px\u00bb custom_margin=\u00bb||0px\u00bb custom_margin_phone=\u00bb||20px|\u00bb custom_margin_last_edited=\u00bbon|phone\u00bb custom_padding=\u00bb||0px|||\u00bb header_2_font_size_last_edited=\u00bbon|phone\u00bb]<\/p>\n<h2>Evaluation sociale de la composante 2 du projet d\u2019appui au foncier rural dans 6 r\u00e9gions de C\u00f4te d\u2019Ivoire<\/h2>\n<p>[\/et_pb_text][et_pb_text admin_label=\u00bbClient \u00bb _builder_version=\u00bb3.26&#8243; text_font=\u00bbSource Sans Pro||||||||\u00bb text_text_color=\u00bb#000000&#8243; text_font_size=\u00bb23px\u00bb header_2_text_color=\u00bb#00818b\u00bb header_2_font_size=\u00bb40px\u00bb header_3_font=\u00bb|600|||||||\u00bb header_3_font_size=\u00bb25px\u00bb custom_margin=\u00bb0px||\u00bb custom_margin_phone=\u00bb||10px\u00bb custom_margin_last_edited=\u00bbon|phone\u00bb custom_padding=\u00bb0px|||||\u00bb header_2_font_size_last_edited=\u00bbon|phone\u00bb]<\/p>\n<p><strong>Client : <\/strong>Agence Fonci\u00e8re Rurale (AFOR), du Minist\u00e8re de l\u2019Agriculture et du D\u00e9veloppement Durable<\/p>\n<p>[\/et_pb_text][\/et_pb_column][\/et_pb_row][et_pb_row column_structure=\u00bb2_5,3_5&#8243; use_custom_gutter=\u00bbon\u00bb gutter_width=\u00bb2&#8243; custom_padding=\u00bb||0px|||\u00bb custom_margin=\u00bb||\u00bb _builder_version=\u00bb3.26&#8243;][et_pb_column type=\u00bb2_5&#8243; _builder_version=\u00bb3.26&#8243; background_color=\u00bbrgba(0,129,139,0.08);\u00bb custom_padding=\u00bb20px|20px|20px|20px|false|false\u00bb custom_padding_phone=\u00bb10px|10px|10px|10px|false|false\u00bb custom_padding_last_edited=\u00bbon|phone\u00bb custom_padding__hover=\u00bb|||\u00bb][et_pb_text admin_label=\u00bbCatRegion2 FR\u00bb module_class=\u00bbcustom-taxonomy\u00bb _builder_version=\u00bb3.25.4&#8243; _dynamic_attributes=\u00bbcontent\u00bb text_font=\u00bb|700|||||||\u00bb header_font=\u00bb||||||||\u00bb header_2_font=\u00bb||||||||\u00bb header_2_text_color=\u00bb#00818b\u00bb header_2_font_size=\u00bb40px\u00bb header_3_font=\u00bb|600|||||||\u00bb header_3_font_size=\u00bb25px\u00bb custom_margin_phone=\u00bb||10px\u00bb custom_margin_last_edited=\u00bbon|phone\u00bb custom_padding=\u00bb|||||\u00bb header_2_font_size_phone=\u00bb40px\u00bb header_2_font_size_last_edited=\u00bbon|phone\u00bb global_module=\u00bb18581&#8243; saved_tabs=\u00bball\u00bb locked=\u00bboff\u00bb]@ET-DC@eyJkeW5hbWljIjp0cnVlLCJjb250ZW50IjoicG9zdF9jYXRlZ29yaWVzIiwic2V0dGluZ3MiOnsiYmVmb3JlIjoiUmVnaW9uIFwvIFBheXMgOiAiLCJhZnRlciI6IiIsImxpbmtfdG9fdGVybV9wYWdlIjoib24iLCJzZXBhcmF0b3IiOiIiLCJjYXRlZ29yeV90eXBlIjoicmVnaW9uIn19@[\/et_pb_text][et_pb_text admin_label=\u00bbCatSecteur2 FR\u00bb module_class=\u00bbcustom-taxonomy\u00bb _builder_version=\u00bb3.25.4&#8243; _dynamic_attributes=\u00bbcontent\u00bb text_font=\u00bb|700|||||||\u00bb header_font=\u00bb||||||||\u00bb header_2_font=\u00bb||||||||\u00bb header_2_text_color=\u00bb#00818b\u00bb header_2_font_size=\u00bb40px\u00bb header_3_font=\u00bb|600|||||||\u00bb header_3_font_size=\u00bb25px\u00bb custom_margin_phone=\u00bb||10px\u00bb custom_margin_last_edited=\u00bbon|phone\u00bb custom_padding=\u00bb|||||\u00bb header_2_font_size_phone=\u00bb40px\u00bb header_2_font_size_last_edited=\u00bbon|phone\u00bb global_module=\u00bb18583&#8243; saved_tabs=\u00bball\u00bb locked=\u00bboff\u00bb]@ET-DC@eyJkeW5hbWljIjp0cnVlLCJjb250ZW50IjoicG9zdF9jYXRlZ29yaWVzIiwic2V0dGluZ3MiOnsiYmVmb3JlIjoiU2VjdGV1cnMgOiAiLCJhZnRlciI6IiIsImxpbmtfdG9fdGVybV9wYWdlIjoib24iLCJzZXBhcmF0b3IiOiIiLCJjYXRlZ29yeV90eXBlIjoic2VjdGV1ciJ9fQ==@[\/et_pb_text][et_pb_text admin_label=\u00bbCatService2 FR\u00bb module_class=\u00bbcustom-taxonomy\u00bb _builder_version=\u00bb3.25.4&#8243; _dynamic_attributes=\u00bbcontent\u00bb text_font=\u00bb|700|||||||\u00bb header_font=\u00bb||||||||\u00bb header_2_font=\u00bb||||||||\u00bb header_2_text_color=\u00bb#00818b\u00bb header_2_font_size=\u00bb40px\u00bb header_3_font=\u00bb|600|||||||\u00bb header_3_font_size=\u00bb25px\u00bb custom_margin_phone=\u00bb||10px\u00bb custom_margin_last_edited=\u00bbon|phone\u00bb custom_padding=\u00bb|||||\u00bb header_2_font_size_phone=\u00bb40px\u00bb header_2_font_size_last_edited=\u00bbon|phone\u00bb global_module=\u00bb18586&#8243; saved_tabs=\u00bball\u00bb locked=\u00bboff\u00bb]@ET-DC@eyJkeW5hbWljIjp0cnVlLCJjb250ZW50IjoicG9zdF9jYXRlZ29yaWVzIiwic2V0dGluZ3MiOnsiYmVmb3JlIjoiU2VydmljZXMgOiAiLCJhZnRlciI6IiIsImxpbmtfdG9fdGVybV9wYWdlIjoib24iLCJzZXBhcmF0b3IiOiIiLCJjYXRlZ29yeV90eXBlIjoic2VydmljZXMifX0=@[\/et_pb_text][et_pb_text admin_label=\u00bbCatClient2 FR\u00bb module_class=\u00bbcustom-taxonomy\u00bb _builder_version=\u00bb3.25.4&#8243; _dynamic_attributes=\u00bbcontent\u00bb text_font=\u00bb|700|||||||\u00bb header_font=\u00bb||||||||\u00bb header_2_font=\u00bb||||||||\u00bb header_2_text_color=\u00bb#00818b\u00bb header_2_font_size=\u00bb40px\u00bb header_3_font=\u00bb|600|||||||\u00bb header_3_font_size=\u00bb25px\u00bb custom_margin_phone=\u00bb||10px\u00bb custom_margin_last_edited=\u00bbon|phone\u00bb custom_padding=\u00bb|||||\u00bb header_2_font_size_phone=\u00bb40px\u00bb header_2_font_size_last_edited=\u00bbon|phone\u00bb global_module=\u00bb18588&#8243; saved_tabs=\u00bball\u00bb locked=\u00bboff\u00bb]@ET-DC@eyJkeW5hbWljIjp0cnVlLCJjb250ZW50IjoicG9zdF9jYXRlZ29yaWVzIiwic2V0dGluZ3MiOnsiYmVmb3JlIjoiQ2F0ZWdvcmllIGRlIGNsaWVudCA6ICIsImFmdGVyIjoiIiwibGlua190b190ZXJtX3BhZ2UiOiJvbiIsInNlcGFyYXRvciI6IiIsImNhdGVnb3J5X3R5cGUiOiJjbGllbnQifX0=@[\/et_pb_text][\/et_pb_column][et_pb_column type=\u00bb3_5&#8243; _builder_version=\u00bb3.25&#8243; custom_padding__hover=\u00bb|||\u00bb][et_pb_post_title title=\u00bboff\u00bb meta=\u00bboff\u00bb admin_label=\u00bbImage\u00bb _builder_version=\u00bb3.22.7&#8243; custom_margin=\u00bb||22px|||\u00bb locked=\u00bbon\u00bb][\/et_pb_post_title][et_pb_text admin_label=\u00bbMissionTitre2 FR\u00bb _builder_version=\u00bb3.25.4&#8243; header_2_font=\u00bb|600|||||||\u00bb header_2_text_color=\u00bb#00818b\u00bb header_2_font_size=\u00bb40px\u00bb header_3_font=\u00bb|600|||||||\u00bb header_3_font_size=\u00bb25px\u00bb custom_margin=\u00bb||-2px|||\u00bb custom_padding=\u00bb|||||\u00bb z_index_tablet=\u00bb500&#8243; header_2_font_size_last_edited=\u00bbon|phone\u00bb global_module=\u00bb18590&#8243; saved_tabs=\u00bball\u00bb locked=\u00bbon\u00bb]<\/p>\n<h3>Mission :<\/h3>\n<p>[\/et_pb_text][et_pb_text admin_label=\u00bbMission texte\u00bb _builder_version=\u00bb3.26&#8243; header_2_font=\u00bb|600|||||||\u00bb header_2_text_color=\u00bb#00818b\u00bb header_2_font_size=\u00bb40px\u00bb header_3_font=\u00bb|600|||||||\u00bb header_3_font_size=\u00bb25px\u00bb custom_padding=\u00bb|||||\u00bb header_2_font_size_last_edited=\u00bbon|phone\u00bb]<\/p>\n<p>L\u2019objectif g\u00e9n\u00e9ral de l\u2019\u00e9tude \u00e9tait d&#8217;identifier, analyser et caract\u00e9riser les risques sociaux (conflits fonciers, pertes induites de sources de production ou subsistance) associ\u00e9s \u00e0 la composante 2 du projet d\u2019appui au foncier rural (appui \u00e0 la mise en \u0153uvre du Programme National de S\u00e9curit\u00e9 Fonci\u00e8re Rurale &#8211; PNSFR), dans 6 r\u00e9gions cibl\u00e9es (Agn\u00e9by Tiassa, Bafing, Ind\u00e9ni\u00e9 Djuablin, M\u00e9, N\u2019zi et Sud Como\u00e9). De fa\u00e7on sp\u00e9cifique, il s\u2019agissait de d\u00e9crire, d\u2019une part, les caract\u00e9ristiques socio-fonci\u00e8res des zones d\u2019intervention du projet, et d\u2019autre part, les accords et arrangements fonciers entre les diff\u00e9rentes communaut\u00e9s, leurs modalit\u00e9s pratiques et les risques \u00e9ventuels de remise en question. L\u2019objectif final de l\u2019\u00e9tude \u00e9tait de proposer un plan d\u2019actions pr\u00e9sentant les diff\u00e9rentes mesures susceptibles de pr\u00e9venir, veiller, et g\u00e9rer chaque type de risques, accompagn\u00e9 d\u2019un budget estimatif.<\/p>\n<p>[\/et_pb_text][et_pb_text admin_label=\u00bbResultatTitre2 FR\u00bb _builder_version=\u00bb3.25.4&#8243; header_2_font=\u00bb|600|||||||\u00bb header_2_text_color=\u00bb#00818b\u00bb header_2_font_size=\u00bb40px\u00bb header_3_font=\u00bb|600|||||||\u00bb header_3_font_size=\u00bb25px\u00bb custom_margin=\u00bb||-2px|||\u00bb custom_padding=\u00bb|||||\u00bb z_index_tablet=\u00bb500&#8243; header_2_font_size_last_edited=\u00bbon|phone\u00bb global_module=\u00bb18591&#8243; saved_tabs=\u00bball\u00bb locked=\u00bbon\u00bb]<\/p>\n<h3>R\u00e9sultat :<\/h3>\n<p>[\/et_pb_text][et_pb_text admin_label=\u00bbR\u00e9sultat texte\u00bb _builder_version=\u00bb3.26&#8243; header_2_font=\u00bb|600|||||||\u00bb header_2_text_color=\u00bb#00818b\u00bb header_2_font_size=\u00bb40px\u00bb header_3_font=\u00bb|600|||||||\u00bb header_3_font_size=\u00bb25px\u00bb custom_padding=\u00bb|||||\u00bb header_2_font_size_last_edited=\u00bbon|phone\u00bb]<\/p>\n<p>Les livrables suivants ont \u00e9t\u00e9 remis \u00e0 l\u2019AFOR\u00a0:<\/p>\n<ul>\n<li>Un rapport de d\u00e9marrage pr\u00e9sentant et d\u00e9crivant la m\u00e9thodologie, les outils et instruments de collecte des donn\u00e9es et le plan d\u2019intervention des experts<\/li>\n<li>Une note m\u00e9thodologique sur les r\u00e9sultats interm\u00e9diaires et les donn\u00e9es \u00e0 compl\u00e9ter<\/li>\n<li>Un Plan d\u2019Engagement des Parties Prenantes (PEPP)<\/li>\n<li>Un rapport d\u2019Etude d\u2019Impact Social (EIS)<\/li>\n<li>Un Plan de Gestion Social (PGS)<\/li>\n<li>Un M\u00e9canisme de Gestion des Plaintes (MGP)<\/li>\n<\/ul>\n<p>[\/et_pb_text][\/et_pb_column][\/et_pb_row][\/et_pb_section][et_pb_section fb_built=\u00bb1&#8243; _builder_version=\u00bb3.22.7&#8243; background_color=\u00bbrgba(177,227,227,0.25)\u00bb custom_margin=\u00bb||-25px\u00bb custom_padding=\u00bb37px|0px|25px|0px|false|false\u00bb saved_tabs=\u00bball\u00bb locked=\u00bboff\u00bb][et_pb_row _builder_version=\u00bb3.25&#8243;][et_pb_column type=\u00bb4_4&#8243; _builder_version=\u00bb3.25&#8243; custom_padding__hover=\u00bb|||\u00bb][et_pb_cta title=\u00bbParlez-nous de votre projet !\u00bb button_url=\u00bbhttps:\/\/www.insuco.com\/contact\u00bb button_text=\u00bbContactez-nous\u00bb admin_label=\u00bbCTAProjet2 FR\u00bb _builder_version=\u00bb3.25.4&#8243; background_color=\u00bbrgba(89,175,181,0)\u00bb background_layout=\u00bblight\u00bb animation_style=\u00bbzoom\u00bb z_index_tablet=\u00bb500&#8243; header_font_size_phone=\u00bb40px\u00bb header_font_size_last_edited=\u00bbon|phone\u00bb header_text_shadow_horizontal_length_tablet=\u00bb0px\u00bb header_text_shadow_vertical_length_tablet=\u00bb0px\u00bb header_text_shadow_blur_strength_tablet=\u00bb1px\u00bb body_text_shadow_horizontal_length_tablet=\u00bb0px\u00bb body_text_shadow_vertical_length_tablet=\u00bb0px\u00bb body_text_shadow_blur_strength_tablet=\u00bb1px\u00bb body_link_text_shadow_horizontal_length_tablet=\u00bb0px\u00bb body_link_text_shadow_vertical_length_tablet=\u00bb0px\u00bb body_link_text_shadow_blur_strength_tablet=\u00bb1px\u00bb body_ul_text_shadow_horizontal_length_tablet=\u00bb0px\u00bb body_ul_text_shadow_vertical_length_tablet=\u00bb0px\u00bb body_ul_text_shadow_blur_strength_tablet=\u00bb1px\u00bb body_ol_text_shadow_horizontal_length_tablet=\u00bb0px\u00bb body_ol_text_shadow_vertical_length_tablet=\u00bb0px\u00bb body_ol_text_shadow_blur_strength_tablet=\u00bb1px\u00bb body_quote_text_shadow_horizontal_length_tablet=\u00bb0px\u00bb body_quote_text_shadow_vertical_length_tablet=\u00bb0px\u00bb body_quote_text_shadow_blur_strength_tablet=\u00bb1px\u00bb button_text_shadow_horizontal_length_tablet=\u00bb0px\u00bb button_text_shadow_vertical_length_tablet=\u00bb0px\u00bb button_text_shadow_blur_strength_tablet=\u00bb1px\u00bb box_shadow_horizontal_tablet=\u00bb0px\u00bb box_shadow_vertical_tablet=\u00bb0px\u00bb box_shadow_blur_tablet=\u00bb40px\u00bb box_shadow_spread_tablet=\u00bb0px\u00bb box_shadow_horizontal_button_tablet=\u00bb0px\u00bb box_shadow_vertical_button_tablet=\u00bb0px\u00bb box_shadow_blur_button_tablet=\u00bb40px\u00bb box_shadow_spread_button_tablet=\u00bb0px\u00bb text_shadow_horizontal_length_tablet=\u00bb0px\u00bb text_shadow_vertical_length_tablet=\u00bb0px\u00bb text_shadow_blur_strength_tablet=\u00bb1px\u00bb global_module=\u00bb18592&#8243; saved_tabs=\u00bball\u00bb locked=\u00bbon\u00bb]<\/p>\n<p>Vous souhaitez \u00e9changer sur votre projet et ses enjeux ? En savoir plus sur Insuco et nos expertises ? Nous rencontrer ?<\/p>\n<p>[\/et_pb_cta][\/et_pb_column][\/et_pb_row][\/et_pb_section]<\/p>\n","protected":false},"excerpt":{"rendered":"<p>Projets r\u00e9cents ou en cours Evaluation sociale de la composante 2 du projet d\u2019appui au foncier rural dans 6 r\u00e9gions de C\u00f4te d\u2019IvoireClient : Agence Fonci\u00e8re Rurale (AFOR), du Minist\u00e8re de l\u2019Agriculture et du D\u00e9veloppement DurableMission : L\u2019objectif g\u00e9n\u00e9ral de l\u2019\u00e9tude \u00e9tait d&#8217;identifier, analyser et caract\u00e9riser les risques sociaux (conflits fonciers, pertes induites de sources [&hellip;]<\/p>\n","protected":false},"author":1,"featured_media":18929,"comment_status":"open","ping_status":"closed","template":"","meta":{"_acf_changed":false,"_et_pb_use_builder":"on","_et_pb_old_content":"","_et_gb_content_width":"","footnotes":""},"project_category":[300],"project_tag":[562],"region":[106,117],"secteur":[153,155],"services":[109,173],"client":[181],"class_list":["post-18935","project","type-project","status-publish","has-post-thumbnail","hentry","project_category-services-etudes-du-foncier-es","project_tag-anciens-projets-avec-builder-es","region-africa-es","region-costa-de-marfil","secteur-agricultura-agro-industria","secteur-ordenamiento-territorial","services-estudios","services-gestion-social","client-instituciones-publicas"],"acf":[],"yoast_head":"<!-- This site is optimized with the Yoast SEO plugin v26.0 - https:\/\/yoast.com\/wordpress\/plugins\/seo\/ -->\n<title>Evaluaci\u00f3n social de la gesti\u00f3n de tierras en el medio rural para el AFOR - Costa de Marfil - Insuco<\/title>\n<meta name=\"robots\" content=\"index, follow, max-snippet:-1, max-image-preview:large, max-video-preview:-1\" \/>\n<link rel=\"canonical\" href=\"https:\/\/www.insuco.com\/es\/project\/evaluacion-social-de-la-gestion-de-tierras-en-el-medio-rural-para-el-afor\/\" \/>\n<meta property=\"og:locale\" content=\"es_ES\" \/>\n<meta property=\"og:type\" content=\"article\" \/>\n<meta property=\"og:title\" content=\"Evaluaci\u00f3n social de la gesti\u00f3n de tierras en el medio rural para el AFOR - Costa de Marfil - Insuco\" \/>\n<meta property=\"og:description\" content=\"Projets r\u00e9cents ou en cours Evaluation sociale de la composante 2 du projet d\u2019appui au foncier rural dans 6 r\u00e9gions de C\u00f4te d\u2019IvoireClient : Agence Fonci\u00e8re Rurale (AFOR), du Minist\u00e8re de l\u2019Agriculture et du D\u00e9veloppement DurableMission : L\u2019objectif g\u00e9n\u00e9ral de l\u2019\u00e9tude \u00e9tait d&#039;identifier, analyser et caract\u00e9riser les risques sociaux (conflits fonciers, pertes induites de sources [&hellip;]\" \/>\n<meta property=\"og:url\" content=\"https:\/\/www.insuco.com\/es\/project\/evaluacion-social-de-la-gestion-de-tierras-en-el-medio-rural-para-el-afor\/\" \/>\n<meta property=\"og:site_name\" content=\"Insuco\" \/>\n<meta property=\"article:modified_time\" content=\"2024-08-07T08:06:18+00:00\" \/>\n<meta property=\"og:image\" content=\"https:\/\/www.insuco.com\/wp-content\/uploads\/2019\/07\/Insuco-Cote-Ivoire-AFOR.jpg\" \/>\n\t<meta property=\"og:image:width\" content=\"753\" \/>\n\t<meta property=\"og:image:height\" content=\"300\" \/>\n\t<meta property=\"og:image:type\" content=\"image\/jpeg\" \/>\n<meta name=\"twitter:card\" content=\"summary_large_image\" \/>\n<meta name=\"twitter:label1\" content=\"Tiempo de lectura\" \/>\n\t<meta name=\"twitter:data1\" content=\"8 minutos\" \/>\n<script type=\"application\/ld+json\" class=\"yoast-schema-graph\">{\"@context\":\"https:\/\/schema.org\",\"@graph\":[{\"@type\":\"WebPage\",\"@id\":\"https:\/\/www.insuco.com\/es\/project\/evaluacion-social-de-la-gestion-de-tierras-en-el-medio-rural-para-el-afor\/\",\"url\":\"https:\/\/www.insuco.com\/es\/project\/evaluacion-social-de-la-gestion-de-tierras-en-el-medio-rural-para-el-afor\/\",\"name\":\"Evaluaci\u00f3n social de la gesti\u00f3n de tierras en el medio rural para el AFOR - Costa de Marfil - Insuco\",\"isPartOf\":{\"@id\":\"https:\/\/www.insuco.com\/es\/#website\"},\"primaryImageOfPage\":{\"@id\":\"https:\/\/www.insuco.com\/es\/project\/evaluacion-social-de-la-gestion-de-tierras-en-el-medio-rural-para-el-afor\/#primaryimage\"},\"image\":{\"@id\":\"https:\/\/www.insuco.com\/es\/project\/evaluacion-social-de-la-gestion-de-tierras-en-el-medio-rural-para-el-afor\/#primaryimage\"},\"thumbnailUrl\":\"https:\/\/www.insuco.com\/wp-content\/uploads\/2019\/07\/Insuco-Cote-Ivoire-AFOR.jpg\",\"datePublished\":\"2019-07-12T11:50:42+00:00\",\"dateModified\":\"2024-08-07T08:06:18+00:00\",\"breadcrumb\":{\"@id\":\"https:\/\/www.insuco.com\/es\/project\/evaluacion-social-de-la-gestion-de-tierras-en-el-medio-rural-para-el-afor\/#breadcrumb\"},\"inLanguage\":\"es\",\"potentialAction\":[{\"@type\":\"ReadAction\",\"target\":[\"https:\/\/www.insuco.com\/es\/project\/evaluacion-social-de-la-gestion-de-tierras-en-el-medio-rural-para-el-afor\/\"]}]},{\"@type\":\"ImageObject\",\"inLanguage\":\"es\",\"@id\":\"https:\/\/www.insuco.com\/es\/project\/evaluacion-social-de-la-gestion-de-tierras-en-el-medio-rural-para-el-afor\/#primaryimage\",\"url\":\"https:\/\/www.insuco.com\/wp-content\/uploads\/2019\/07\/Insuco-Cote-Ivoire-AFOR.jpg\",\"contentUrl\":\"https:\/\/www.insuco.com\/wp-content\/uploads\/2019\/07\/Insuco-Cote-Ivoire-AFOR.jpg\",\"width\":753,\"height\":300},{\"@type\":\"BreadcrumbList\",\"@id\":\"https:\/\/www.insuco.com\/es\/project\/evaluacion-social-de-la-gestion-de-tierras-en-el-medio-rural-para-el-afor\/#breadcrumb\",\"itemListElement\":[{\"@type\":\"ListItem\",\"position\":1,\"name\":\"Accueil\",\"item\":\"https:\/\/www.insuco.com\/es\/\"},{\"@type\":\"ListItem\",\"position\":2,\"name\":\"Proyectos\",\"item\":\"https:\/\/www.insuco.com\/es\/project\/\"},{\"@type\":\"ListItem\",\"position\":3,\"name\":\"Evaluaci\u00f3n social de la gesti\u00f3n de tierras en el medio rural para el AFOR &#8211; Costa de Marfil\"}]},{\"@type\":\"WebSite\",\"@id\":\"https:\/\/www.insuco.com\/es\/#website\",\"url\":\"https:\/\/www.insuco.com\/es\/\",\"name\":\"Insuco\",\"description\":\"Local understanding for sustainable solutions\",\"potentialAction\":[{\"@type\":\"SearchAction\",\"target\":{\"@type\":\"EntryPoint\",\"urlTemplate\":\"https:\/\/www.insuco.com\/es\/?s={search_term_string}\"},\"query-input\":{\"@type\":\"PropertyValueSpecification\",\"valueRequired\":true,\"valueName\":\"search_term_string\"}}],\"inLanguage\":\"es\"}]}<\/script>\n<!-- \/ Yoast SEO plugin. -->","yoast_head_json":{"title":"Evaluaci\u00f3n social de la gesti\u00f3n de tierras en el medio rural para el AFOR - Costa de Marfil - Insuco","robots":{"index":"index","follow":"follow","max-snippet":"max-snippet:-1","max-image-preview":"max-image-preview:large","max-video-preview":"max-video-preview:-1"},"canonical":"https:\/\/www.insuco.com\/es\/project\/evaluacion-social-de-la-gestion-de-tierras-en-el-medio-rural-para-el-afor\/","og_locale":"es_ES","og_type":"article","og_title":"Evaluaci\u00f3n social de la gesti\u00f3n de tierras en el medio rural para el AFOR - Costa de Marfil - Insuco","og_description":"Projets r\u00e9cents ou en cours Evaluation sociale de la composante 2 du projet d\u2019appui au foncier rural dans 6 r\u00e9gions de C\u00f4te d\u2019IvoireClient : Agence Fonci\u00e8re Rurale (AFOR), du Minist\u00e8re de l\u2019Agriculture et du D\u00e9veloppement DurableMission : L\u2019objectif g\u00e9n\u00e9ral de l\u2019\u00e9tude \u00e9tait d'identifier, analyser et caract\u00e9riser les risques sociaux (conflits fonciers, pertes induites de sources [&hellip;]","og_url":"https:\/\/www.insuco.com\/es\/project\/evaluacion-social-de-la-gestion-de-tierras-en-el-medio-rural-para-el-afor\/","og_site_name":"Insuco","article_modified_time":"2024-08-07T08:06:18+00:00","og_image":[{"width":753,"height":300,"url":"https:\/\/www.insuco.com\/wp-content\/uploads\/2019\/07\/Insuco-Cote-Ivoire-AFOR.jpg","type":"image\/jpeg"}],"twitter_card":"summary_large_image","twitter_misc":{"Tiempo de lectura":"8 minutos"},"schema":{"@context":"https:\/\/schema.org","@graph":[{"@type":"WebPage","@id":"https:\/\/www.insuco.com\/es\/project\/evaluacion-social-de-la-gestion-de-tierras-en-el-medio-rural-para-el-afor\/","url":"https:\/\/www.insuco.com\/es\/project\/evaluacion-social-de-la-gestion-de-tierras-en-el-medio-rural-para-el-afor\/","name":"Evaluaci\u00f3n social de la gesti\u00f3n de tierras en el medio rural para el AFOR - Costa de Marfil - Insuco","isPartOf":{"@id":"https:\/\/www.insuco.com\/es\/#website"},"primaryImageOfPage":{"@id":"https:\/\/www.insuco.com\/es\/project\/evaluacion-social-de-la-gestion-de-tierras-en-el-medio-rural-para-el-afor\/#primaryimage"},"image":{"@id":"https:\/\/www.insuco.com\/es\/project\/evaluacion-social-de-la-gestion-de-tierras-en-el-medio-rural-para-el-afor\/#primaryimage"},"thumbnailUrl":"https:\/\/www.insuco.com\/wp-content\/uploads\/2019\/07\/Insuco-Cote-Ivoire-AFOR.jpg","datePublished":"2019-07-12T11:50:42+00:00","dateModified":"2024-08-07T08:06:18+00:00","breadcrumb":{"@id":"https:\/\/www.insuco.com\/es\/project\/evaluacion-social-de-la-gestion-de-tierras-en-el-medio-rural-para-el-afor\/#breadcrumb"},"inLanguage":"es","potentialAction":[{"@type":"ReadAction","target":["https:\/\/www.insuco.com\/es\/project\/evaluacion-social-de-la-gestion-de-tierras-en-el-medio-rural-para-el-afor\/"]}]},{"@type":"ImageObject","inLanguage":"es","@id":"https:\/\/www.insuco.com\/es\/project\/evaluacion-social-de-la-gestion-de-tierras-en-el-medio-rural-para-el-afor\/#primaryimage","url":"https:\/\/www.insuco.com\/wp-content\/uploads\/2019\/07\/Insuco-Cote-Ivoire-AFOR.jpg","contentUrl":"https:\/\/www.insuco.com\/wp-content\/uploads\/2019\/07\/Insuco-Cote-Ivoire-AFOR.jpg","width":753,"height":300},{"@type":"BreadcrumbList","@id":"https:\/\/www.insuco.com\/es\/project\/evaluacion-social-de-la-gestion-de-tierras-en-el-medio-rural-para-el-afor\/#breadcrumb","itemListElement":[{"@type":"ListItem","position":1,"name":"Accueil","item":"https:\/\/www.insuco.com\/es\/"},{"@type":"ListItem","position":2,"name":"Proyectos","item":"https:\/\/www.insuco.com\/es\/project\/"},{"@type":"ListItem","position":3,"name":"Evaluaci\u00f3n social de la gesti\u00f3n de tierras en el medio rural para el AFOR &#8211; Costa de Marfil"}]},{"@type":"WebSite","@id":"https:\/\/www.insuco.com\/es\/#website","url":"https:\/\/www.insuco.com\/es\/","name":"Insuco","description":"Local understanding for sustainable solutions","potentialAction":[{"@type":"SearchAction","target":{"@type":"EntryPoint","urlTemplate":"https:\/\/www.insuco.com\/es\/?s={search_term_string}"},"query-input":{"@type":"PropertyValueSpecification","valueRequired":true,"valueName":"search_term_string"}}],"inLanguage":"es"}]}},"_links":{"self":[{"href":"https:\/\/www.insuco.com\/es\/wp-json\/wp\/v2\/project\/18935","targetHints":{"allow":["GET"]}}],"collection":[{"href":"https:\/\/www.insuco.com\/es\/wp-json\/wp\/v2\/project"}],"about":[{"href":"https:\/\/www.insuco.com\/es\/wp-json\/wp\/v2\/types\/project"}],"author":[{"embeddable":true,"href":"https:\/\/www.insuco.com\/es\/wp-json\/wp\/v2\/users\/1"}],"replies":[{"embeddable":true,"href":"https:\/\/www.insuco.com\/es\/wp-json\/wp\/v2\/comments?post=18935"}],"version-history":[{"count":5,"href":"https:\/\/www.insuco.com\/es\/wp-json\/wp\/v2\/project\/18935\/revisions"}],"predecessor-version":[{"id":53112,"href":"https:\/\/www.insuco.com\/es\/wp-json\/wp\/v2\/project\/18935\/revisions\/53112"}],"wp:featuredmedia":[{"embeddable":true,"href":"https:\/\/www.insuco.com\/es\/wp-json\/wp\/v2\/media\/18929"}],"wp:attachment":[{"href":"https:\/\/www.insuco.com\/es\/wp-json\/wp\/v2\/media?parent=18935"}],"wp:term":[{"taxonomy":"project_category","embeddable":true,"href":"https:\/\/www.insuco.com\/es\/wp-json\/wp\/v2\/project_category?post=18935"},{"taxonomy":"project_tag","embeddable":true,"href":"https:\/\/www.insuco.com\/es\/wp-json\/wp\/v2\/project_tag?post=18935"},{"taxonomy":"region","embeddable":true,"href":"https:\/\/www.insuco.com\/es\/wp-json\/wp\/v2\/region?post=18935"},{"taxonomy":"secteur","embeddable":true,"href":"https:\/\/www.insuco.com\/es\/wp-json\/wp\/v2\/secteur?post=18935"},{"taxonomy":"services","embeddable":true,"href":"https:\/\/www.insuco.com\/es\/wp-json\/wp\/v2\/services?post=18935"},{"taxonomy":"client","embeddable":true,"href":"https:\/\/www.insuco.com\/es\/wp-json\/wp\/v2\/client?post=18935"}],"curies":[{"name":"wp","href":"https:\/\/api.w.org\/{rel}","templated":true}]}}