{"id":18782,"date":"2019-07-11T16:47:02","date_gmt":"2019-07-11T14:47:02","guid":{"rendered":"https:\/\/www.insuco.com\/?post_type=project&#038;p=18782"},"modified":"2024-08-07T10:05:55","modified_gmt":"2024-08-07T08:05:55","slug":"marco-de-politica-para-el-reasentamiento-y-par-para-el-proyecto-presu-en-bangui","status":"publish","type":"project","link":"https:\/\/www.insuco.com\/es\/project\/marco-de-politica-para-el-reasentamiento-y-par-para-el-proyecto-presu-en-bangui\/","title":{"rendered":"Marco de Pol\u00edtica para el Reasentamiento y PAR para el proyecto PRESU en Bangui &#8211; Rep\u00fablica Centroafricana"},"content":{"rendered":"<p>[et_pb_section fb_built=\u00bb1&#8243; _builder_version=\u00bb3.25.4&#8243; use_background_color_gradient=\u00bbon\u00bb background_color_gradient_start=\u00bbrgba(0,129,139,0.75)\u00bb background_color_gradient_end=\u00bbrgba(0,129,139,0.82)\u00bb background_color_gradient_overlays_image=\u00bbon\u00bb background_image=\u00bbhttps:\/\/www.insuco.com\/wp-content\/uploads\/2019\/07\/RCA-AGETIP-AFD-Bangui.jpg\u00bb custom_padding=\u00bb200px|0px|23px|0px|false|false\u00bb z_index_tablet=\u00bb500&#8243; box_shadow_horizontal_tablet=\u00bb0px\u00bb box_shadow_vertical_tablet=\u00bb0px\u00bb box_shadow_blur_tablet=\u00bb40px\u00bb box_shadow_spread_tablet=\u00bb0px\u00bb locked=\u00bboff\u00bb][et_pb_row custom_padding=\u00bb27px|0px|0|0px|false|false\u00bb _builder_version=\u00bb3.25&#8243; z_index_tablet=\u00bb500&#8243; locked=\u00bboff\u00bb][et_pb_column type=\u00bb4_4&#8243; _builder_version=\u00bb3.25&#8243; custom_padding=\u00bb|||\u00bb custom_padding__hover=\u00bb|||\u00bb][et_pb_text admin_label=\u00bbProjRecentTitre2 FR\u00bb _builder_version=\u00bb3.26&#8243; header_font=\u00bb|300|||||||\u00bb header_text_color=\u00bb#ffffff\u00bb header_font_size=\u00bb70px\u00bb header_2_text_color=\u00bb#ffffff\u00bb header_2_font_size=\u00bb60px\u00bb custom_padding=\u00bb|||\u00bb animation_style=\u00bbslide\u00bb animation_direction=\u00bbright\u00bb animation_delay=\u00bb500ms\u00bb z_index_tablet=\u00bb500&#8243; header_font_size_phone=\u00bb50px\u00bb header_font_size_last_edited=\u00bbon|phone\u00bb global_module=\u00bb18594&#8243; saved_tabs=\u00bball\u00bb locked=\u00bboff\u00bb header_2_text_color__hover_enabled=\u00bbon\u00bb header_2_text_color__hover=\u00bb#b1e3e3&#8243;]<\/p>\n<h1>Projets r\u00e9cents ou en cours<\/h1>\n<p>[\/et_pb_text][\/et_pb_column][\/et_pb_row][\/et_pb_section][et_pb_section fb_built=\u00bb1&#8243; _builder_version=\u00bb3.22.3&#8243; custom_padding=\u00bb21px|0px|47px|0px|false|false\u00bb][et_pb_row use_custom_gutter=\u00bbon\u00bb gutter_width=\u00bb2&#8243; custom_padding=\u00bb||0px|||\u00bb custom_margin=\u00bb||\u00bb make_equal=\u00bbon\u00bb _builder_version=\u00bb3.25&#8243;][et_pb_column type=\u00bb4_4&#8243; _builder_version=\u00bb3.25&#8243; custom_padding=\u00bb|||\u00bb custom_padding_phone=\u00bb|0px||\u00bb custom_padding_last_edited=\u00bbon|phone\u00bb custom_padding__hover=\u00bb|||\u00bb][et_pb_text admin_label=\u00bbTitre long\u00bb _builder_version=\u00bb3.25.4&#8243; header_2_text_color=\u00bb#00818b\u00bb header_2_font_size=\u00bb40px\u00bb header_3_font=\u00bb|600|||||||\u00bb header_3_font_size=\u00bb25px\u00bb custom_margin=\u00bb||0px\u00bb custom_margin_phone=\u00bb||20px|\u00bb custom_margin_last_edited=\u00bbon|phone\u00bb custom_padding=\u00bb||0px|||\u00bb z_index_tablet=\u00bb500&#8243; text_text_shadow_horizontal_length_tablet=\u00bb0px\u00bb text_text_shadow_vertical_length_tablet=\u00bb0px\u00bb text_text_shadow_blur_strength_tablet=\u00bb1px\u00bb link_text_shadow_horizontal_length_tablet=\u00bb0px\u00bb link_text_shadow_vertical_length_tablet=\u00bb0px\u00bb link_text_shadow_blur_strength_tablet=\u00bb1px\u00bb ul_text_shadow_horizontal_length_tablet=\u00bb0px\u00bb ul_text_shadow_vertical_length_tablet=\u00bb0px\u00bb ul_text_shadow_blur_strength_tablet=\u00bb1px\u00bb ol_text_shadow_horizontal_length_tablet=\u00bb0px\u00bb ol_text_shadow_vertical_length_tablet=\u00bb0px\u00bb ol_text_shadow_blur_strength_tablet=\u00bb1px\u00bb quote_text_shadow_horizontal_length_tablet=\u00bb0px\u00bb quote_text_shadow_vertical_length_tablet=\u00bb0px\u00bb quote_text_shadow_blur_strength_tablet=\u00bb1px\u00bb header_text_shadow_horizontal_length_tablet=\u00bb0px\u00bb header_text_shadow_vertical_length_tablet=\u00bb0px\u00bb header_text_shadow_blur_strength_tablet=\u00bb1px\u00bb header_2_font_size_last_edited=\u00bbon|phone\u00bb header_2_text_shadow_horizontal_length_tablet=\u00bb0px\u00bb header_2_text_shadow_vertical_length_tablet=\u00bb0px\u00bb header_2_text_shadow_blur_strength_tablet=\u00bb1px\u00bb header_3_text_shadow_horizontal_length_tablet=\u00bb0px\u00bb header_3_text_shadow_vertical_length_tablet=\u00bb0px\u00bb header_3_text_shadow_blur_strength_tablet=\u00bb1px\u00bb header_4_text_shadow_horizontal_length_tablet=\u00bb0px\u00bb header_4_text_shadow_vertical_length_tablet=\u00bb0px\u00bb header_4_text_shadow_blur_strength_tablet=\u00bb1px\u00bb header_5_text_shadow_horizontal_length_tablet=\u00bb0px\u00bb header_5_text_shadow_vertical_length_tablet=\u00bb0px\u00bb header_5_text_shadow_blur_strength_tablet=\u00bb1px\u00bb header_6_text_shadow_horizontal_length_tablet=\u00bb0px\u00bb header_6_text_shadow_vertical_length_tablet=\u00bb0px\u00bb header_6_text_shadow_blur_strength_tablet=\u00bb1px\u00bb box_shadow_horizontal_tablet=\u00bb0px\u00bb box_shadow_vertical_tablet=\u00bb0px\u00bb box_shadow_blur_tablet=\u00bb40px\u00bb box_shadow_spread_tablet=\u00bb0px\u00bb]<\/p>\n<h2>R\u00e9alisation du Cadre de Politique de R\u00e9installation (CPR) du PRESU et du Plan d\u2019Action de R\u00e9installation (PAR) de l\u2019Avenue Idriss Deby \u00e0 Bangui<\/h2>\n<p>[\/et_pb_text][et_pb_text admin_label=\u00bbClient \u00bb _builder_version=\u00bb3.25.4&#8243; text_font=\u00bbSource Sans Pro||||||||\u00bb text_text_color=\u00bb#000000&#8243; text_font_size=\u00bb23px\u00bb header_2_text_color=\u00bb#00818b\u00bb header_2_font_size=\u00bb40px\u00bb header_3_font=\u00bb|600|||||||\u00bb header_3_font_size=\u00bb25px\u00bb custom_margin=\u00bb0px||\u00bb custom_margin_phone=\u00bb||10px\u00bb custom_margin_last_edited=\u00bbon|phone\u00bb custom_padding=\u00bb0px|||||\u00bb z_index_tablet=\u00bb500&#8243; text_text_shadow_horizontal_length_tablet=\u00bb0px\u00bb text_text_shadow_vertical_length_tablet=\u00bb0px\u00bb text_text_shadow_blur_strength_tablet=\u00bb1px\u00bb link_text_shadow_horizontal_length_tablet=\u00bb0px\u00bb link_text_shadow_vertical_length_tablet=\u00bb0px\u00bb link_text_shadow_blur_strength_tablet=\u00bb1px\u00bb ul_text_shadow_horizontal_length_tablet=\u00bb0px\u00bb ul_text_shadow_vertical_length_tablet=\u00bb0px\u00bb ul_text_shadow_blur_strength_tablet=\u00bb1px\u00bb ol_text_shadow_horizontal_length_tablet=\u00bb0px\u00bb ol_text_shadow_vertical_length_tablet=\u00bb0px\u00bb ol_text_shadow_blur_strength_tablet=\u00bb1px\u00bb quote_text_shadow_horizontal_length_tablet=\u00bb0px\u00bb quote_text_shadow_vertical_length_tablet=\u00bb0px\u00bb quote_text_shadow_blur_strength_tablet=\u00bb1px\u00bb header_text_shadow_horizontal_length_tablet=\u00bb0px\u00bb header_text_shadow_vertical_length_tablet=\u00bb0px\u00bb header_text_shadow_blur_strength_tablet=\u00bb1px\u00bb header_2_font_size_last_edited=\u00bbon|phone\u00bb header_2_text_shadow_horizontal_length_tablet=\u00bb0px\u00bb header_2_text_shadow_vertical_length_tablet=\u00bb0px\u00bb header_2_text_shadow_blur_strength_tablet=\u00bb1px\u00bb header_3_text_shadow_horizontal_length_tablet=\u00bb0px\u00bb header_3_text_shadow_vertical_length_tablet=\u00bb0px\u00bb header_3_text_shadow_blur_strength_tablet=\u00bb1px\u00bb header_4_text_shadow_horizontal_length_tablet=\u00bb0px\u00bb header_4_text_shadow_vertical_length_tablet=\u00bb0px\u00bb header_4_text_shadow_blur_strength_tablet=\u00bb1px\u00bb header_5_text_shadow_horizontal_length_tablet=\u00bb0px\u00bb header_5_text_shadow_vertical_length_tablet=\u00bb0px\u00bb header_5_text_shadow_blur_strength_tablet=\u00bb1px\u00bb header_6_text_shadow_horizontal_length_tablet=\u00bb0px\u00bb header_6_text_shadow_vertical_length_tablet=\u00bb0px\u00bb header_6_text_shadow_blur_strength_tablet=\u00bb1px\u00bb box_shadow_horizontal_tablet=\u00bb0px\u00bb box_shadow_vertical_tablet=\u00bb0px\u00bb box_shadow_blur_tablet=\u00bb40px\u00bb box_shadow_spread_tablet=\u00bb0px\u00bb]<\/p>\n<p><strong>Client : <\/strong>AGETIP CAF, sur financement de l\u2019Agence Fran\u00e7aise de D\u00e9veloppement (AFD)<\/p>\n<p>[\/et_pb_text][\/et_pb_column][\/et_pb_row][et_pb_row column_structure=\u00bb2_5,3_5&#8243; use_custom_gutter=\u00bbon\u00bb gutter_width=\u00bb2&#8243; custom_padding=\u00bb||0px|||\u00bb custom_margin=\u00bb||\u00bb _builder_version=\u00bb3.25&#8243;][et_pb_column type=\u00bb2_5&#8243; _builder_version=\u00bb3.25&#8243; background_color=\u00bbrgba(0,129,139,0.08)\u00bb custom_padding=\u00bb20px|20px|20px|20px\u00bb custom_padding_phone=\u00bb10px|10px|10px|10px\u00bb custom_padding_last_edited=\u00bbon|phone\u00bb custom_padding__hover=\u00bb|||\u00bb][et_pb_text admin_label=\u00bbCatRegion2 FR\u00bb module_class=\u00bbcustom-taxonomy\u00bb _builder_version=\u00bb3.26&#8243; _dynamic_attributes=\u00bbcontent\u00bb text_font=\u00bb|700|||||||\u00bb header_font=\u00bb||||||||\u00bb header_2_font=\u00bb||||||||\u00bb header_2_text_color=\u00bb#00818b\u00bb header_2_font_size=\u00bb40px\u00bb header_3_font=\u00bb|600|||||||\u00bb header_3_font_size=\u00bb25px\u00bb custom_margin_phone=\u00bb||10px\u00bb custom_margin_last_edited=\u00bbon|phone\u00bb custom_padding=\u00bb|||||\u00bb header_2_font_size_phone=\u00bb40px\u00bb header_2_font_size_last_edited=\u00bbon|phone\u00bb global_module=\u00bb18581&#8243; saved_tabs=\u00bball\u00bb locked=\u00bboff\u00bb]@ET-DC@eyJkeW5hbWljIjp0cnVlLCJjb250ZW50IjoicG9zdF9jYXRlZ29yaWVzIiwic2V0dGluZ3MiOnsiYmVmb3JlIjoiUlx1MDBlOWdpb24gXC8gUGF5cyA6ICIsImFmdGVyIjoiIiwibGlua190b190ZXJtX3BhZ2UiOiJvbiIsInNlcGFyYXRvciI6IiIsImNhdGVnb3J5X3R5cGUiOiJyZWdpb24ifX0=@[\/et_pb_text][et_pb_text admin_label=\u00bbCatSecteur2 FR\u00bb module_class=\u00bbcustom-taxonomy\u00bb _builder_version=\u00bb3.25.4&#8243; _dynamic_attributes=\u00bbcontent\u00bb text_font=\u00bb|700|||||||\u00bb header_font=\u00bb||||||||\u00bb header_2_font=\u00bb||||||||\u00bb header_2_text_color=\u00bb#00818b\u00bb header_2_font_size=\u00bb40px\u00bb header_3_font=\u00bb|600|||||||\u00bb header_3_font_size=\u00bb25px\u00bb custom_margin_phone=\u00bb||10px\u00bb custom_margin_last_edited=\u00bbon|phone\u00bb custom_padding=\u00bb|||||\u00bb header_2_font_size_phone=\u00bb40px\u00bb header_2_font_size_last_edited=\u00bbon|phone\u00bb global_module=\u00bb18583&#8243; saved_tabs=\u00bball\u00bb locked=\u00bboff\u00bb]@ET-DC@eyJkeW5hbWljIjp0cnVlLCJjb250ZW50IjoicG9zdF9jYXRlZ29yaWVzIiwic2V0dGluZ3MiOnsiYmVmb3JlIjoiU2VjdGV1cnMgOiAiLCJhZnRlciI6IiIsImxpbmtfdG9fdGVybV9wYWdlIjoib24iLCJzZXBhcmF0b3IiOiIiLCJjYXRlZ29yeV90eXBlIjoic2VjdGV1ciJ9fQ==@[\/et_pb_text][et_pb_text admin_label=\u00bbCatService2 FR\u00bb module_class=\u00bbcustom-taxonomy\u00bb _builder_version=\u00bb3.25.4&#8243; _dynamic_attributes=\u00bbcontent\u00bb text_font=\u00bb|700|||||||\u00bb header_font=\u00bb||||||||\u00bb header_2_font=\u00bb||||||||\u00bb header_2_text_color=\u00bb#00818b\u00bb header_2_font_size=\u00bb40px\u00bb header_3_font=\u00bb|600|||||||\u00bb header_3_font_size=\u00bb25px\u00bb custom_margin_phone=\u00bb||10px\u00bb custom_margin_last_edited=\u00bbon|phone\u00bb custom_padding=\u00bb|||||\u00bb header_2_font_size_phone=\u00bb40px\u00bb header_2_font_size_last_edited=\u00bbon|phone\u00bb global_module=\u00bb18586&#8243; saved_tabs=\u00bball\u00bb locked=\u00bboff\u00bb]@ET-DC@eyJkeW5hbWljIjp0cnVlLCJjb250ZW50IjoicG9zdF9jYXRlZ29yaWVzIiwic2V0dGluZ3MiOnsiYmVmb3JlIjoiU2VydmljZXMgOiAiLCJhZnRlciI6IiIsImxpbmtfdG9fdGVybV9wYWdlIjoib24iLCJzZXBhcmF0b3IiOiIiLCJjYXRlZ29yeV90eXBlIjoic2VydmljZXMifX0=@[\/et_pb_text][et_pb_text admin_label=\u00bbCatClient2 FR\u00bb module_class=\u00bbcustom-taxonomy\u00bb _builder_version=\u00bb3.26&#8243; _dynamic_attributes=\u00bbcontent\u00bb text_font=\u00bb|700|||||||\u00bb header_font=\u00bb||||||||\u00bb header_2_font=\u00bb||||||||\u00bb header_2_text_color=\u00bb#00818b\u00bb header_2_font_size=\u00bb40px\u00bb header_3_font=\u00bb|600|||||||\u00bb header_3_font_size=\u00bb25px\u00bb custom_margin_phone=\u00bb||10px\u00bb custom_margin_last_edited=\u00bbon|phone\u00bb custom_padding=\u00bb|||||\u00bb header_2_font_size_phone=\u00bb40px\u00bb header_2_font_size_last_edited=\u00bbon|phone\u00bb global_module=\u00bb18588&#8243; saved_tabs=\u00bball\u00bb locked=\u00bboff\u00bb]@ET-DC@eyJkeW5hbWljIjp0cnVlLCJjb250ZW50IjoicG9zdF9jYXRlZ29yaWVzIiwic2V0dGluZ3MiOnsiYmVmb3JlIjoiQ2F0XHUwMGU5Z29yaWUgZGUgY2xpZW50IDogIiwiYWZ0ZXIiOiIiLCJsaW5rX3RvX3Rlcm1fcGFnZSI6Im9uIiwic2VwYXJhdG9yIjoiIiwiY2F0ZWdvcnlfdHlwZSI6ImNsaWVudCJ9fQ==@[\/et_pb_text][\/et_pb_column][et_pb_column type=\u00bb3_5&#8243; _builder_version=\u00bb3.25&#8243; custom_padding=\u00bb|||\u00bb custom_padding_last_edited=\u00bbon|phone\u00bb custom_padding__hover=\u00bb|||\u00bb][et_pb_post_title title=\u00bboff\u00bb meta=\u00bboff\u00bb admin_label=\u00bbImage\u00bb _builder_version=\u00bb3.22.7&#8243; custom_margin=\u00bb||22px|||\u00bb z_index_tablet=\u00bb500&#8243; locked=\u00bbon\u00bb][\/et_pb_post_title][et_pb_text admin_label=\u00bbMissionTitre2 FR\u00bb _builder_version=\u00bb3.25.4&#8243; header_2_font=\u00bb|600|||||||\u00bb header_2_text_color=\u00bb#00818b\u00bb header_2_font_size=\u00bb40px\u00bb header_3_font=\u00bb|600|||||||\u00bb header_3_font_size=\u00bb25px\u00bb custom_margin=\u00bb||-2px|||\u00bb custom_padding=\u00bb|||||\u00bb z_index_tablet=\u00bb500&#8243; header_2_font_size_last_edited=\u00bbon|phone\u00bb global_module=\u00bb18590&#8243; saved_tabs=\u00bball\u00bb locked=\u00bbon\u00bb]<\/p>\n<h3>Mission :<\/h3>\n<p>[\/et_pb_text][et_pb_text admin_label=\u00bbMission texte\u00bb _builder_version=\u00bb3.25.4&#8243; header_2_font=\u00bb|600|||||||\u00bb header_2_text_color=\u00bb#00818b\u00bb header_2_font_size=\u00bb40px\u00bb header_3_font=\u00bb|600|||||||\u00bb header_3_font_size=\u00bb25px\u00bb custom_padding=\u00bb|||||\u00bb z_index_tablet=\u00bb500&#8243; text_text_shadow_horizontal_length_tablet=\u00bb0px\u00bb text_text_shadow_vertical_length_tablet=\u00bb0px\u00bb text_text_shadow_blur_strength_tablet=\u00bb1px\u00bb link_text_shadow_horizontal_length_tablet=\u00bb0px\u00bb link_text_shadow_vertical_length_tablet=\u00bb0px\u00bb link_text_shadow_blur_strength_tablet=\u00bb1px\u00bb ul_text_shadow_horizontal_length_tablet=\u00bb0px\u00bb ul_text_shadow_vertical_length_tablet=\u00bb0px\u00bb ul_text_shadow_blur_strength_tablet=\u00bb1px\u00bb ol_text_shadow_horizontal_length_tablet=\u00bb0px\u00bb ol_text_shadow_vertical_length_tablet=\u00bb0px\u00bb ol_text_shadow_blur_strength_tablet=\u00bb1px\u00bb quote_text_shadow_horizontal_length_tablet=\u00bb0px\u00bb quote_text_shadow_vertical_length_tablet=\u00bb0px\u00bb quote_text_shadow_blur_strength_tablet=\u00bb1px\u00bb header_text_shadow_horizontal_length_tablet=\u00bb0px\u00bb header_text_shadow_vertical_length_tablet=\u00bb0px\u00bb header_text_shadow_blur_strength_tablet=\u00bb1px\u00bb header_2_font_size_last_edited=\u00bbon|phone\u00bb header_2_text_shadow_horizontal_length_tablet=\u00bb0px\u00bb header_2_text_shadow_vertical_length_tablet=\u00bb0px\u00bb header_2_text_shadow_blur_strength_tablet=\u00bb1px\u00bb header_3_text_shadow_horizontal_length_tablet=\u00bb0px\u00bb header_3_text_shadow_vertical_length_tablet=\u00bb0px\u00bb header_3_text_shadow_blur_strength_tablet=\u00bb1px\u00bb header_4_text_shadow_horizontal_length_tablet=\u00bb0px\u00bb header_4_text_shadow_vertical_length_tablet=\u00bb0px\u00bb header_4_text_shadow_blur_strength_tablet=\u00bb1px\u00bb header_5_text_shadow_horizontal_length_tablet=\u00bb0px\u00bb header_5_text_shadow_vertical_length_tablet=\u00bb0px\u00bb header_5_text_shadow_blur_strength_tablet=\u00bb1px\u00bb header_6_text_shadow_horizontal_length_tablet=\u00bb0px\u00bb header_6_text_shadow_vertical_length_tablet=\u00bb0px\u00bb header_6_text_shadow_blur_strength_tablet=\u00bb1px\u00bb box_shadow_horizontal_tablet=\u00bb0px\u00bb box_shadow_vertical_tablet=\u00bb0px\u00bb box_shadow_blur_tablet=\u00bb40px\u00bb box_shadow_spread_tablet=\u00bb0px\u00bb]<\/p>\n<p>Le Projet de Reconstruction Economique et Social en milieu Urbain (PRESU), financ\u00e9 par l\u2019Agence Fran\u00e7aise de D\u00e9veloppement (AFD) et dont la ma\u00eetrise d\u2019ouvrage \u00e9tait assur\u00e9e par le Minist\u00e8re de l\u2019Urbanisme, de la Ville et de l\u2019Habitat (MUVH) via l\u2019Agence d\u2019Ex\u00e9cution des Travaux d\u2019Int\u00e9r\u00eat Public en Centrafrique (AGETIP CAF), est un projet d\u00e9velopp\u00e9 \u00e0 Bangui et plus pr\u00e9cis\u00e9ment dans les quartiers de Sara\/Yakit\u00e9, du KM5 (3\u00e8me arrondissement) et Miskine (5\u00e8me arrondissement). Il a pour objectif d\u2019am\u00e9liorer l\u2019environnement urbain de ces quartiers d\u00e9favoris\u00e9s et de favoriser la coh\u00e9sion sociale et \u00e9conomique des m\u00e9nages, en am\u00e9liorant l\u2019int\u00e9gration des quartiers susmentionn\u00e9s et en r\u00e9alisant un rattrapage en \u00e9quipements et services de base.<\/p>\n<p>Pour ce faire, le PRESU pr\u00e9voyait d\u2019intervenir notamment dans la r\u00e9habilitation d\u2019axes de voirie, la r\u00e9habilitation d\u2019\u00e9quipement existants et la construction d\u2019\u00e9quipements de proximit\u00e9. Certaines de ces interventions concernaient des emplacements \u00e0 la situation fonci\u00e8re \u00e9tablie, alors que d\u2019autres pr\u00e9sentaient une situation fonci\u00e8re incertaine. <\/p>\n<p>De ce fait, un Cadre de Politique de R\u00e9installation (CPR) s\u2019av\u00e9rait n\u00e9cessaire pour le projet PRESU, ainsi qu\u2019un Plan d\u2019Action de R\u00e9installation (PAR) concernant sp\u00e9cifiquement l\u2019Avenue Idriss Deby, qui devait faire l\u2019objet de d\u00e9placements involontaires \u00e0 tr\u00e8s court terme.<\/p>\n<p>Ainsi, la mission a notamment consist\u00e9 en la r\u00e9alisation d\u2019une revue l\u00e9gale et r\u00e9glementaire, l\u2019identification de la zone d\u2019\u00e9tude pour chacun des quartiers, l\u2019engagement des parties prenantes, la d\u00e9finition des co\u00fbts de compensation, la r\u00e9alisation du recensement des biens et des personnes affect\u00e9es par quartier et le calcul des montants de compensation pour chacune des personnes affect\u00e9es par le projet (PAP).<\/p>\n<p>[\/et_pb_text][et_pb_text admin_label=\u00bbResultatTitre2 FR\u00bb _builder_version=\u00bb3.25.4&#8243; header_2_font=\u00bb|600|||||||\u00bb header_2_text_color=\u00bb#00818b\u00bb header_2_font_size=\u00bb40px\u00bb header_3_font=\u00bb|600|||||||\u00bb header_3_font_size=\u00bb25px\u00bb custom_margin=\u00bb||-2px|||\u00bb custom_padding=\u00bb|||||\u00bb z_index_tablet=\u00bb500&#8243; header_2_font_size_last_edited=\u00bbon|phone\u00bb global_module=\u00bb18591&#8243; saved_tabs=\u00bball\u00bb locked=\u00bbon\u00bb]<\/p>\n<h3>R\u00e9sultat :<\/h3>\n<p>[\/et_pb_text][et_pb_text admin_label=\u00bbR\u00e9sultat texte\u00bb _builder_version=\u00bb3.26&#8243; header_2_font=\u00bb|600|||||||\u00bb header_2_text_color=\u00bb#00818b\u00bb header_2_font_size=\u00bb40px\u00bb header_3_font=\u00bb|600|||||||\u00bb header_3_font_size=\u00bb25px\u00bb custom_padding=\u00bb|||||\u00bb z_index_tablet=\u00bb500&#8243; text_text_shadow_horizontal_length_tablet=\u00bb0px\u00bb text_text_shadow_vertical_length_tablet=\u00bb0px\u00bb text_text_shadow_blur_strength_tablet=\u00bb1px\u00bb link_text_shadow_horizontal_length_tablet=\u00bb0px\u00bb link_text_shadow_vertical_length_tablet=\u00bb0px\u00bb link_text_shadow_blur_strength_tablet=\u00bb1px\u00bb ul_text_shadow_horizontal_length_tablet=\u00bb0px\u00bb ul_text_shadow_vertical_length_tablet=\u00bb0px\u00bb ul_text_shadow_blur_strength_tablet=\u00bb1px\u00bb ol_text_shadow_horizontal_length_tablet=\u00bb0px\u00bb ol_text_shadow_vertical_length_tablet=\u00bb0px\u00bb ol_text_shadow_blur_strength_tablet=\u00bb1px\u00bb quote_text_shadow_horizontal_length_tablet=\u00bb0px\u00bb quote_text_shadow_vertical_length_tablet=\u00bb0px\u00bb quote_text_shadow_blur_strength_tablet=\u00bb1px\u00bb header_text_shadow_horizontal_length_tablet=\u00bb0px\u00bb header_text_shadow_vertical_length_tablet=\u00bb0px\u00bb header_text_shadow_blur_strength_tablet=\u00bb1px\u00bb header_2_font_size_last_edited=\u00bbon|phone\u00bb header_2_text_shadow_horizontal_length_tablet=\u00bb0px\u00bb header_2_text_shadow_vertical_length_tablet=\u00bb0px\u00bb header_2_text_shadow_blur_strength_tablet=\u00bb1px\u00bb header_3_text_shadow_horizontal_length_tablet=\u00bb0px\u00bb header_3_text_shadow_vertical_length_tablet=\u00bb0px\u00bb header_3_text_shadow_blur_strength_tablet=\u00bb1px\u00bb header_4_text_shadow_horizontal_length_tablet=\u00bb0px\u00bb header_4_text_shadow_vertical_length_tablet=\u00bb0px\u00bb header_4_text_shadow_blur_strength_tablet=\u00bb1px\u00bb header_5_text_shadow_horizontal_length_tablet=\u00bb0px\u00bb header_5_text_shadow_vertical_length_tablet=\u00bb0px\u00bb header_5_text_shadow_blur_strength_tablet=\u00bb1px\u00bb header_6_text_shadow_horizontal_length_tablet=\u00bb0px\u00bb header_6_text_shadow_vertical_length_tablet=\u00bb0px\u00bb header_6_text_shadow_blur_strength_tablet=\u00bb1px\u00bb box_shadow_horizontal_tablet=\u00bb0px\u00bb box_shadow_vertical_tablet=\u00bb0px\u00bb box_shadow_blur_tablet=\u00bb40px\u00bb box_shadow_spread_tablet=\u00bb0px\u00bb]<\/p>\n<p>Les livrables suivant ont \u00e9t\u00e9 produits dans le cadre de cette \u00e9tude\u00a0:<\/p>\n<ul>\n<li>La liste provisoire des PAP et de l\u2019annonce publique de la date butoir<\/li>\n<li>Le CPR accompagn\u00e9 de sa synth\u00e8se et des Termes de R\u00e9f\u00e9rence de la mise en \u0153uvre du PAR<\/li>\n<li>Le PAR pour l\u2019avenue Idriss Deby<\/li>\n<li>La lettre d\u2019engagement entre l\u2019AGETIP CAF, le Minist\u00e8re de l\u2019Urbanisme de la Ville et de l\u2019Habitat, et Le Comit\u00e9 de suivi de l\u2019am\u00e9nagement de l\u2019avenue Idriss Deby<\/li>\n<li>La base de donn\u00e9es concernant les PAP recens\u00e9s<\/li>\n<\/ul>\n<p>[\/et_pb_text][\/et_pb_column][\/et_pb_row][\/et_pb_section][et_pb_section fb_built=\u00bb1&#8243; _builder_version=\u00bb3.22.7&#8243; background_color=\u00bbrgba(177,227,227,0.25)\u00bb custom_margin=\u00bb||-25px\u00bb custom_padding=\u00bb37px|0px|25px|0px|false|false\u00bb saved_tabs=\u00bball\u00bb locked=\u00bboff\u00bb][et_pb_row _builder_version=\u00bb3.25&#8243;][et_pb_column type=\u00bb4_4&#8243; _builder_version=\u00bb3.25&#8243; custom_padding=\u00bb|||\u00bb custom_padding__hover=\u00bb|||\u00bb][et_pb_cta title=\u00bbParlez-nous de votre projet !\u00bb button_url=\u00bbhttps:\/\/www.insuco.com\/contact\u00bb button_text=\u00bbContactez-nous\u00bb admin_label=\u00bbCTAProjet2 FR\u00bb _builder_version=\u00bb3.25.4&#8243; background_color=\u00bbrgba(89,175,181,0)\u00bb background_layout=\u00bblight\u00bb animation_style=\u00bbzoom\u00bb z_index_tablet=\u00bb500&#8243; header_font_size_phone=\u00bb40px\u00bb header_font_size_last_edited=\u00bbon|phone\u00bb header_text_shadow_horizontal_length_tablet=\u00bb0px\u00bb header_text_shadow_vertical_length_tablet=\u00bb0px\u00bb header_text_shadow_blur_strength_tablet=\u00bb1px\u00bb body_text_shadow_horizontal_length_tablet=\u00bb0px\u00bb body_text_shadow_vertical_length_tablet=\u00bb0px\u00bb body_text_shadow_blur_strength_tablet=\u00bb1px\u00bb body_link_text_shadow_horizontal_length_tablet=\u00bb0px\u00bb body_link_text_shadow_vertical_length_tablet=\u00bb0px\u00bb body_link_text_shadow_blur_strength_tablet=\u00bb1px\u00bb body_ul_text_shadow_horizontal_length_tablet=\u00bb0px\u00bb body_ul_text_shadow_vertical_length_tablet=\u00bb0px\u00bb body_ul_text_shadow_blur_strength_tablet=\u00bb1px\u00bb body_ol_text_shadow_horizontal_length_tablet=\u00bb0px\u00bb body_ol_text_shadow_vertical_length_tablet=\u00bb0px\u00bb body_ol_text_shadow_blur_strength_tablet=\u00bb1px\u00bb body_quote_text_shadow_horizontal_length_tablet=\u00bb0px\u00bb body_quote_text_shadow_vertical_length_tablet=\u00bb0px\u00bb body_quote_text_shadow_blur_strength_tablet=\u00bb1px\u00bb button_text_shadow_horizontal_length_tablet=\u00bb0px\u00bb button_text_shadow_vertical_length_tablet=\u00bb0px\u00bb button_text_shadow_blur_strength_tablet=\u00bb1px\u00bb box_shadow_horizontal_tablet=\u00bb0px\u00bb box_shadow_vertical_tablet=\u00bb0px\u00bb box_shadow_blur_tablet=\u00bb40px\u00bb box_shadow_spread_tablet=\u00bb0px\u00bb box_shadow_horizontal_button_tablet=\u00bb0px\u00bb box_shadow_vertical_button_tablet=\u00bb0px\u00bb box_shadow_blur_button_tablet=\u00bb40px\u00bb box_shadow_spread_button_tablet=\u00bb0px\u00bb text_shadow_horizontal_length_tablet=\u00bb0px\u00bb text_shadow_vertical_length_tablet=\u00bb0px\u00bb text_shadow_blur_strength_tablet=\u00bb1px\u00bb global_module=\u00bb18592&#8243; saved_tabs=\u00bball\u00bb locked=\u00bbon\u00bb]<\/p>\n<p>Vous souhaitez \u00e9changer sur votre projet et ses enjeux ? En savoir plus sur Insuco et nos expertises ? Nous rencontrer ?<\/p>\n<p>[\/et_pb_cta][\/et_pb_column][\/et_pb_row][\/et_pb_section]<\/p>\n","protected":false},"excerpt":{"rendered":"<p>Projets r\u00e9cents ou en cours R\u00e9alisation du Cadre de Politique de R\u00e9installation (CPR) du PRESU et du Plan d\u2019Action de R\u00e9installation (PAR) de l\u2019Avenue Idriss Deby \u00e0 BanguiClient : AGETIP CAF, sur financement de l\u2019Agence Fran\u00e7aise de D\u00e9veloppement (AFD)Mission : Le Projet de Reconstruction Economique et Social en milieu Urbain (PRESU), financ\u00e9 par l\u2019Agence Fran\u00e7aise [&hellip;]<\/p>\n","protected":false},"author":1,"featured_media":18777,"comment_status":"open","ping_status":"closed","template":"","meta":{"_acf_changed":false,"_et_pb_use_builder":"on","_et_pb_old_content":"","_et_gb_content_width":"","footnotes":""},"project_category":[320],"project_tag":[562],"region":[106,137],"secteur":[157,163,155,167],"services":[173],"client":[179,181],"class_list":["post-18782","project","type-project","status-publish","has-post-thumbnail","hentry","project_category-services-gestion-des-reinstallations-es","project_tag-anciens-projets-avec-builder-es","region-africa-es","region-republica-centro-africana","secteur-cooperacion-apoyo-al-desarrollo","secteur-infraestructuras","secteur-ordenamiento-territorial","secteur-servicios-basicos","services-gestion-social","client-agencias-de-cooperacion","client-instituciones-publicas"],"acf":[],"yoast_head":"<!-- This site is optimized with the Yoast SEO plugin v26.0 - https:\/\/yoast.com\/wordpress\/plugins\/seo\/ -->\n<title>Marco de Pol\u00edtica para el Reasentamiento y PAR para el proyecto PRESU en Bangui - Rep\u00fablica Centroafricana - Insuco<\/title>\n<meta name=\"robots\" content=\"index, follow, max-snippet:-1, max-image-preview:large, max-video-preview:-1\" \/>\n<link rel=\"canonical\" href=\"https:\/\/www.insuco.com\/es\/project\/marco-de-politica-para-el-reasentamiento-y-par-para-el-proyecto-presu-en-bangui\/\" \/>\n<meta property=\"og:locale\" content=\"es_ES\" \/>\n<meta property=\"og:type\" content=\"article\" \/>\n<meta property=\"og:title\" content=\"Marco de Pol\u00edtica para el Reasentamiento y PAR para el proyecto PRESU en Bangui - Rep\u00fablica Centroafricana - Insuco\" \/>\n<meta property=\"og:description\" content=\"Projets r\u00e9cents ou en cours R\u00e9alisation du Cadre de Politique de R\u00e9installation (CPR) du PRESU et du Plan d\u2019Action de R\u00e9installation (PAR) de l\u2019Avenue Idriss Deby \u00e0 BanguiClient : AGETIP CAF, sur financement de l\u2019Agence Fran\u00e7aise de D\u00e9veloppement (AFD)Mission : Le Projet de Reconstruction Economique et Social en milieu Urbain (PRESU), financ\u00e9 par l\u2019Agence Fran\u00e7aise [&hellip;]\" \/>\n<meta property=\"og:url\" content=\"https:\/\/www.insuco.com\/es\/project\/marco-de-politica-para-el-reasentamiento-y-par-para-el-proyecto-presu-en-bangui\/\" \/>\n<meta property=\"og:site_name\" content=\"Insuco\" \/>\n<meta property=\"article:modified_time\" content=\"2024-08-07T08:05:55+00:00\" \/>\n<meta property=\"og:image\" content=\"https:\/\/www.insuco.com\/wp-content\/uploads\/2019\/07\/RCA-AGETIP-AFD-Bangui.jpg\" \/>\n\t<meta property=\"og:image:width\" content=\"753\" \/>\n\t<meta property=\"og:image:height\" content=\"300\" \/>\n\t<meta property=\"og:image:type\" content=\"image\/jpeg\" \/>\n<meta name=\"twitter:card\" content=\"summary_large_image\" \/>\n<meta name=\"twitter:label1\" content=\"Tiempo de lectura\" \/>\n\t<meta name=\"twitter:data1\" content=\"14 minutos\" \/>\n<script type=\"application\/ld+json\" class=\"yoast-schema-graph\">{\"@context\":\"https:\/\/schema.org\",\"@graph\":[{\"@type\":\"WebPage\",\"@id\":\"https:\/\/www.insuco.com\/es\/project\/marco-de-politica-para-el-reasentamiento-y-par-para-el-proyecto-presu-en-bangui\/\",\"url\":\"https:\/\/www.insuco.com\/es\/project\/marco-de-politica-para-el-reasentamiento-y-par-para-el-proyecto-presu-en-bangui\/\",\"name\":\"Marco de Pol\u00edtica para el Reasentamiento y PAR para el proyecto PRESU en Bangui - Rep\u00fablica Centroafricana - Insuco\",\"isPartOf\":{\"@id\":\"https:\/\/www.insuco.com\/es\/#website\"},\"primaryImageOfPage\":{\"@id\":\"https:\/\/www.insuco.com\/es\/project\/marco-de-politica-para-el-reasentamiento-y-par-para-el-proyecto-presu-en-bangui\/#primaryimage\"},\"image\":{\"@id\":\"https:\/\/www.insuco.com\/es\/project\/marco-de-politica-para-el-reasentamiento-y-par-para-el-proyecto-presu-en-bangui\/#primaryimage\"},\"thumbnailUrl\":\"https:\/\/www.insuco.com\/wp-content\/uploads\/2019\/07\/RCA-AGETIP-AFD-Bangui.jpg\",\"datePublished\":\"2019-07-11T14:47:02+00:00\",\"dateModified\":\"2024-08-07T08:05:55+00:00\",\"breadcrumb\":{\"@id\":\"https:\/\/www.insuco.com\/es\/project\/marco-de-politica-para-el-reasentamiento-y-par-para-el-proyecto-presu-en-bangui\/#breadcrumb\"},\"inLanguage\":\"es\",\"potentialAction\":[{\"@type\":\"ReadAction\",\"target\":[\"https:\/\/www.insuco.com\/es\/project\/marco-de-politica-para-el-reasentamiento-y-par-para-el-proyecto-presu-en-bangui\/\"]}]},{\"@type\":\"ImageObject\",\"inLanguage\":\"es\",\"@id\":\"https:\/\/www.insuco.com\/es\/project\/marco-de-politica-para-el-reasentamiento-y-par-para-el-proyecto-presu-en-bangui\/#primaryimage\",\"url\":\"https:\/\/www.insuco.com\/wp-content\/uploads\/2019\/07\/RCA-AGETIP-AFD-Bangui.jpg\",\"contentUrl\":\"https:\/\/www.insuco.com\/wp-content\/uploads\/2019\/07\/RCA-AGETIP-AFD-Bangui.jpg\",\"width\":753,\"height\":300},{\"@type\":\"BreadcrumbList\",\"@id\":\"https:\/\/www.insuco.com\/es\/project\/marco-de-politica-para-el-reasentamiento-y-par-para-el-proyecto-presu-en-bangui\/#breadcrumb\",\"itemListElement\":[{\"@type\":\"ListItem\",\"position\":1,\"name\":\"Accueil\",\"item\":\"https:\/\/www.insuco.com\/es\/\"},{\"@type\":\"ListItem\",\"position\":2,\"name\":\"Proyectos\",\"item\":\"https:\/\/www.insuco.com\/es\/project\/\"},{\"@type\":\"ListItem\",\"position\":3,\"name\":\"Marco de Pol\u00edtica para el Reasentamiento y PAR para el proyecto PRESU en Bangui &#8211; Rep\u00fablica Centroafricana\"}]},{\"@type\":\"WebSite\",\"@id\":\"https:\/\/www.insuco.com\/es\/#website\",\"url\":\"https:\/\/www.insuco.com\/es\/\",\"name\":\"Insuco\",\"description\":\"Local understanding for sustainable solutions\",\"potentialAction\":[{\"@type\":\"SearchAction\",\"target\":{\"@type\":\"EntryPoint\",\"urlTemplate\":\"https:\/\/www.insuco.com\/es\/?s={search_term_string}\"},\"query-input\":{\"@type\":\"PropertyValueSpecification\",\"valueRequired\":true,\"valueName\":\"search_term_string\"}}],\"inLanguage\":\"es\"}]}<\/script>\n<!-- \/ Yoast SEO plugin. -->","yoast_head_json":{"title":"Marco de Pol\u00edtica para el Reasentamiento y PAR para el proyecto PRESU en Bangui - Rep\u00fablica Centroafricana - Insuco","robots":{"index":"index","follow":"follow","max-snippet":"max-snippet:-1","max-image-preview":"max-image-preview:large","max-video-preview":"max-video-preview:-1"},"canonical":"https:\/\/www.insuco.com\/es\/project\/marco-de-politica-para-el-reasentamiento-y-par-para-el-proyecto-presu-en-bangui\/","og_locale":"es_ES","og_type":"article","og_title":"Marco de Pol\u00edtica para el Reasentamiento y PAR para el proyecto PRESU en Bangui - Rep\u00fablica Centroafricana - Insuco","og_description":"Projets r\u00e9cents ou en cours R\u00e9alisation du Cadre de Politique de R\u00e9installation (CPR) du PRESU et du Plan d\u2019Action de R\u00e9installation (PAR) de l\u2019Avenue Idriss Deby \u00e0 BanguiClient : AGETIP CAF, sur financement de l\u2019Agence Fran\u00e7aise de D\u00e9veloppement (AFD)Mission : Le Projet de Reconstruction Economique et Social en milieu Urbain (PRESU), financ\u00e9 par l\u2019Agence Fran\u00e7aise [&hellip;]","og_url":"https:\/\/www.insuco.com\/es\/project\/marco-de-politica-para-el-reasentamiento-y-par-para-el-proyecto-presu-en-bangui\/","og_site_name":"Insuco","article_modified_time":"2024-08-07T08:05:55+00:00","og_image":[{"width":753,"height":300,"url":"https:\/\/www.insuco.com\/wp-content\/uploads\/2019\/07\/RCA-AGETIP-AFD-Bangui.jpg","type":"image\/jpeg"}],"twitter_card":"summary_large_image","twitter_misc":{"Tiempo de lectura":"14 minutos"},"schema":{"@context":"https:\/\/schema.org","@graph":[{"@type":"WebPage","@id":"https:\/\/www.insuco.com\/es\/project\/marco-de-politica-para-el-reasentamiento-y-par-para-el-proyecto-presu-en-bangui\/","url":"https:\/\/www.insuco.com\/es\/project\/marco-de-politica-para-el-reasentamiento-y-par-para-el-proyecto-presu-en-bangui\/","name":"Marco de Pol\u00edtica para el Reasentamiento y PAR para el proyecto PRESU en Bangui - Rep\u00fablica Centroafricana - Insuco","isPartOf":{"@id":"https:\/\/www.insuco.com\/es\/#website"},"primaryImageOfPage":{"@id":"https:\/\/www.insuco.com\/es\/project\/marco-de-politica-para-el-reasentamiento-y-par-para-el-proyecto-presu-en-bangui\/#primaryimage"},"image":{"@id":"https:\/\/www.insuco.com\/es\/project\/marco-de-politica-para-el-reasentamiento-y-par-para-el-proyecto-presu-en-bangui\/#primaryimage"},"thumbnailUrl":"https:\/\/www.insuco.com\/wp-content\/uploads\/2019\/07\/RCA-AGETIP-AFD-Bangui.jpg","datePublished":"2019-07-11T14:47:02+00:00","dateModified":"2024-08-07T08:05:55+00:00","breadcrumb":{"@id":"https:\/\/www.insuco.com\/es\/project\/marco-de-politica-para-el-reasentamiento-y-par-para-el-proyecto-presu-en-bangui\/#breadcrumb"},"inLanguage":"es","potentialAction":[{"@type":"ReadAction","target":["https:\/\/www.insuco.com\/es\/project\/marco-de-politica-para-el-reasentamiento-y-par-para-el-proyecto-presu-en-bangui\/"]}]},{"@type":"ImageObject","inLanguage":"es","@id":"https:\/\/www.insuco.com\/es\/project\/marco-de-politica-para-el-reasentamiento-y-par-para-el-proyecto-presu-en-bangui\/#primaryimage","url":"https:\/\/www.insuco.com\/wp-content\/uploads\/2019\/07\/RCA-AGETIP-AFD-Bangui.jpg","contentUrl":"https:\/\/www.insuco.com\/wp-content\/uploads\/2019\/07\/RCA-AGETIP-AFD-Bangui.jpg","width":753,"height":300},{"@type":"BreadcrumbList","@id":"https:\/\/www.insuco.com\/es\/project\/marco-de-politica-para-el-reasentamiento-y-par-para-el-proyecto-presu-en-bangui\/#breadcrumb","itemListElement":[{"@type":"ListItem","position":1,"name":"Accueil","item":"https:\/\/www.insuco.com\/es\/"},{"@type":"ListItem","position":2,"name":"Proyectos","item":"https:\/\/www.insuco.com\/es\/project\/"},{"@type":"ListItem","position":3,"name":"Marco de Pol\u00edtica para el Reasentamiento y PAR para el proyecto PRESU en Bangui &#8211; Rep\u00fablica Centroafricana"}]},{"@type":"WebSite","@id":"https:\/\/www.insuco.com\/es\/#website","url":"https:\/\/www.insuco.com\/es\/","name":"Insuco","description":"Local understanding for sustainable solutions","potentialAction":[{"@type":"SearchAction","target":{"@type":"EntryPoint","urlTemplate":"https:\/\/www.insuco.com\/es\/?s={search_term_string}"},"query-input":{"@type":"PropertyValueSpecification","valueRequired":true,"valueName":"search_term_string"}}],"inLanguage":"es"}]}},"_links":{"self":[{"href":"https:\/\/www.insuco.com\/es\/wp-json\/wp\/v2\/project\/18782","targetHints":{"allow":["GET"]}}],"collection":[{"href":"https:\/\/www.insuco.com\/es\/wp-json\/wp\/v2\/project"}],"about":[{"href":"https:\/\/www.insuco.com\/es\/wp-json\/wp\/v2\/types\/project"}],"author":[{"embeddable":true,"href":"https:\/\/www.insuco.com\/es\/wp-json\/wp\/v2\/users\/1"}],"replies":[{"embeddable":true,"href":"https:\/\/www.insuco.com\/es\/wp-json\/wp\/v2\/comments?post=18782"}],"version-history":[{"count":6,"href":"https:\/\/www.insuco.com\/es\/wp-json\/wp\/v2\/project\/18782\/revisions"}],"predecessor-version":[{"id":53100,"href":"https:\/\/www.insuco.com\/es\/wp-json\/wp\/v2\/project\/18782\/revisions\/53100"}],"wp:featuredmedia":[{"embeddable":true,"href":"https:\/\/www.insuco.com\/es\/wp-json\/wp\/v2\/media\/18777"}],"wp:attachment":[{"href":"https:\/\/www.insuco.com\/es\/wp-json\/wp\/v2\/media?parent=18782"}],"wp:term":[{"taxonomy":"project_category","embeddable":true,"href":"https:\/\/www.insuco.com\/es\/wp-json\/wp\/v2\/project_category?post=18782"},{"taxonomy":"project_tag","embeddable":true,"href":"https:\/\/www.insuco.com\/es\/wp-json\/wp\/v2\/project_tag?post=18782"},{"taxonomy":"region","embeddable":true,"href":"https:\/\/www.insuco.com\/es\/wp-json\/wp\/v2\/region?post=18782"},{"taxonomy":"secteur","embeddable":true,"href":"https:\/\/www.insuco.com\/es\/wp-json\/wp\/v2\/secteur?post=18782"},{"taxonomy":"services","embeddable":true,"href":"https:\/\/www.insuco.com\/es\/wp-json\/wp\/v2\/services?post=18782"},{"taxonomy":"client","embeddable":true,"href":"https:\/\/www.insuco.com\/es\/wp-json\/wp\/v2\/client?post=18782"}],"curies":[{"name":"wp","href":"https:\/\/api.w.org\/{rel}","templated":true}]}}