{"id":22146,"date":"2019-07-30T17:10:27","date_gmt":"2019-07-30T15:10:27","guid":{"rendered":"https:\/\/www.insuco.com\/?page_id=22146"},"modified":"2024-08-07T09:58:13","modified_gmt":"2024-08-07T07:58:13","slug":"investigacion-desarrollo","status":"publish","type":"page","link":"https:\/\/www.insuco.com\/es\/investigacion-desarrollo\/","title":{"rendered":"Investigaci\u00f3n y Desarrollo"},"content":{"rendered":"<p>[et_pb_section fb_built=\u00bb1&#8243; _builder_version=\u00bb4.16&#8243; use_background_color_gradient=\u00bbon\u00bb background_color_gradient_stops=\u00bb#00818b 0%|rgba(0,129,139,0.99) 100%\u00bb background_color_gradient_overlays_image=\u00bbon\u00bb background_color_gradient_start=\u00bb#00818b\u00bb background_color_gradient_end=\u00bbrgba(0,129,139,0.99)\u00bb background_image=\u00bbhttps:\/\/www.insuco.com\/wp-content\/uploads\/2019\/04\/insuco-slider2.jpg\u00bb custom_padding=\u00bb65px|0px|23px|0px|false|false\u00bb global_colors_info=\u00bb{}\u00bb][et_pb_row _builder_version=\u00bb4.16&#8243; custom_padding=\u00bb27px|0px|0|0px|false|false\u00bb global_colors_info=\u00bb{}\u00bb][et_pb_column type=\u00bb4_4&#8243; _builder_version=\u00bb4.16&#8243; custom_padding=\u00bb|||\u00bb global_colors_info=\u00bb{}\u00bb custom_padding__hover=\u00bb|||\u00bb][et_pb_text _builder_version=\u00bb4.16&#8243; header_font=\u00bb|300|||||||\u00bb header_text_color=\u00bb#ffffff\u00bb header_font_size=\u00bb70px\u00bb header_2_font=\u00bb||||||||\u00bb header_2_text_color=\u00bb#ffffff\u00bb header_2_font_size=\u00bb60px\u00bb custom_padding=\u00bb|||\u00bb animation_style=\u00bbslide\u00bb animation_direction=\u00bbright\u00bb animation_delay=\u00bb500ms\u00bb header_font_size_tablet=\u00bb\u00bb header_font_size_phone=\u00bb50px\u00bb header_font_size_last_edited=\u00bbon|phone\u00bb global_colors_info=\u00bb{}\u00bb header_2_text_color__hover_enabled=\u00bbon\u00bb header_2_text_color__hover=\u00bb#b1e3e3&#8243;]<\/p>\n<h1>\u00bfQui\u00e9nes somos?<\/h1>\n<p>[\/et_pb_text][\/et_pb_column][\/et_pb_row][\/et_pb_section][et_pb_section fb_built=\u00bb1&#8243; fullwidth=\u00bbon\u00bb disabled_on=\u00bbon|on|on\u00bb _builder_version=\u00bb4.16&#8243; disabled=\u00bbon\u00bb global_colors_info=\u00bb{}\u00bb][et_pb_fullwidth_menu menu_id=\u00bb31&#8243; fullwidth_menu=\u00bboff\u00bb active_link_color=\u00bb#00818b\u00bb _builder_version=\u00bb3.22.7&#8243; menu_font=\u00bb||||||||\u00bb menu_font_size=\u00bb16px\u00bb background_color=\u00bbrgba(0,129,139,0.12)\u00bb custom_margin=\u00bb||\u00bb custom_padding=\u00bb||\u00bb global_module=\u00bb1256&#8243; saved_tabs=\u00bball\u00bb global_colors_info=\u00bb{}\u00bb][\/et_pb_fullwidth_menu][\/et_pb_section][et_pb_section fb_built=\u00bb1&#8243; _builder_version=\u00bb4.16&#8243; custom_padding=\u00bb21px|0px|37px|0px|false|false\u00bb global_colors_info=\u00bb{}\u00bb][et_pb_row _builder_version=\u00bb4.16&#8243; custom_padding=\u00bb||0px|||\u00bb global_colors_info=\u00bb{}\u00bb][et_pb_column type=\u00bb4_4&#8243; _builder_version=\u00bb4.16&#8243; custom_padding=\u00bb|||\u00bb global_colors_info=\u00bb{}\u00bb custom_padding__hover=\u00bb|||\u00bb][et_pb_text _builder_version=\u00bb4.16&#8243; header_font=\u00bb||||||||\u00bb header_2_font=\u00bb||||||||\u00bb header_2_text_color=\u00bb#00818b\u00bb header_2_font_size=\u00bb55px\u00bb custom_padding=\u00bb0px|||||\u00bb header_2_font_size_tablet=\u00bb\u00bb header_2_font_size_phone=\u00bb40px\u00bb header_2_font_size_last_edited=\u00bbon|phone\u00bb global_colors_info=\u00bb{}\u00bb]<\/p>\n<h2>Investigaci\u00f3n y Desarrollo <\/h2>\n<p>[\/et_pb_text][\/et_pb_column][\/et_pb_row][et_pb_row column_structure=\u00bb1_2,1_2&#8243; _builder_version=\u00bb4.16&#8243; custom_padding=\u00bb||0px|||\u00bb global_colors_info=\u00bb{}\u00bb][et_pb_column type=\u00bb1_2&#8243; _builder_version=\u00bb4.16&#8243; custom_padding=\u00bb|||\u00bb global_colors_info=\u00bb{}\u00bb custom_padding__hover=\u00bb|||\u00bb][et_pb_text _builder_version=\u00bb4.16&#8243; header_font=\u00bb||||||||\u00bb header_2_font=\u00bb||||||||\u00bb header_2_text_color=\u00bb#00818b\u00bb header_2_font_size=\u00bb55px\u00bb custom_padding=\u00bb0px|||||\u00bb header_2_font_size_tablet=\u00bb\u00bb header_2_font_size_phone=\u00bb40px\u00bb header_2_font_size_last_edited=\u00bbon|phone\u00bb global_colors_info=\u00bb{}\u00bb]<\/p>\n<h3>Principios<\/h3>\n<p>[\/et_pb_text][\/et_pb_column][et_pb_column type=\u00bb1_2&#8243; _builder_version=\u00bb4.16&#8243; custom_padding=\u00bb|||\u00bb global_colors_info=\u00bb{}\u00bb custom_padding__hover=\u00bb|||\u00bb][\/et_pb_column][\/et_pb_row][et_pb_row column_structure=\u00bb1_4,1_4,1_2&#8243; use_custom_gutter=\u00bbon\u00bb gutter_width=\u00bb2&#8243; _builder_version=\u00bb4.16&#8243; custom_padding=\u00bb0px||34px|||\u00bb global_colors_info=\u00bb{}\u00bb][et_pb_column type=\u00bb1_4&#8243; _builder_version=\u00bb4.16&#8243; custom_padding=\u00bb|||\u00bb global_colors_info=\u00bb{}\u00bb custom_padding__hover=\u00bb|||\u00bb][et_pb_text _builder_version=\u00bb4.16&#8243; header_font=\u00bb||||||||\u00bb header_2_font=\u00bb||||||||\u00bb header_2_text_color=\u00bb#00818b\u00bb header_2_font_size=\u00bb55px\u00bb custom_padding=\u00bb0px|||||\u00bb header_2_font_size_tablet=\u00bb\u00bb header_2_font_size_phone=\u00bb40px\u00bb header_2_font_size_last_edited=\u00bbon|phone\u00bb global_colors_info=\u00bb{}\u00bb]<\/p>\n<p>La Investigaci\u00f3n y Desarrollo forma parte del ADN de Insuco, que cuenta con investigadores de alto nivel en sus equipos fundadores.<\/p>\n<p>Nuestro enfoque experimental, centrado en la investigaci\u00f3n aplicada y fuerza impulsora de la innovaci\u00f3n, se nutre de nuestra experiencia y trabajos, que compartimos a trav\u00e9s de diversas publicaciones cient\u00edficas y ponencias en simposios nacionales e internacionales.<\/p>\n<p>[\/et_pb_text][\/et_pb_column][et_pb_column type=\u00bb1_4&#8243; _builder_version=\u00bb4.16&#8243; custom_padding=\u00bb|||\u00bb global_colors_info=\u00bb{}\u00bb custom_padding__hover=\u00bb|||\u00bb][et_pb_text _builder_version=\u00bb4.16&#8243; header_font=\u00bb||||||||\u00bb header_2_font=\u00bb||||||||\u00bb header_2_text_color=\u00bb#00818b\u00bb header_2_font_size=\u00bb55px\u00bb custom_padding=\u00bb0px|||||\u00bb header_2_font_size_tablet=\u00bb\u00bb header_2_font_size_phone=\u00bb40px\u00bb header_2_font_size_last_edited=\u00bbon|phone\u00bb global_colors_info=\u00bb{}\u00bb]<\/p>\n<p>Nuestro enfoque de I+D es fundamental dado que nos permite enriquecer nuestros an\u00e1lisis, herramientas y pr\u00e1cticas, de forma transversal, y estimular las interacciones entre las diferentes disciplinas compartidas por nuestros equipos.<\/p>\n<p>Insuco pone este enfoque al servicio de sus clientes y aliados, ofreci\u00e9ndoles nuevos productos, adaptados a la evoluci\u00f3n de las pr\u00e1cticas y a las exigencias del terreno.<\/p>\n<p>[\/et_pb_text][\/et_pb_column][et_pb_column type=\u00bb1_2&#8243; _builder_version=\u00bb4.16&#8243; custom_padding=\u00bb|||\u00bb global_colors_info=\u00bb{}\u00bb custom_padding__hover=\u00bb|||\u00bb][et_pb_image src=\u00bbhttps:\/\/www.insuco.com\/wp-content\/uploads\/2019\/05\/Photo-Marie-carte-e1576616056896.jpg\u00bb align_tablet=\u00bbcenter\u00bb align_phone=\u00bb\u00bb align_last_edited=\u00bbon|desktop\u00bb _builder_version=\u00bb4.16&#8243; global_colors_info=\u00bb{}\u00bb][\/et_pb_image][\/et_pb_column][\/et_pb_row][\/et_pb_section][et_pb_section fb_built=\u00bb1&#8243; module_id=\u00bbvision\u00bb _builder_version=\u00bb4.16&#8243; background_color=\u00bbrgba(177,227,227,0.24)\u00bb custom_padding=\u00bb80px|0px|79px|0px|false|false\u00bb global_colors_info=\u00bb{}\u00bb][et_pb_row _builder_version=\u00bb4.16&#8243; custom_padding=\u00bb0px|||||\u00bb global_colors_info=\u00bb{}\u00bb][et_pb_column type=\u00bb4_4&#8243; _builder_version=\u00bb4.16&#8243; custom_padding=\u00bb|||\u00bb global_colors_info=\u00bb{}\u00bb custom_padding__hover=\u00bb|||\u00bb][et_pb_text _builder_version=\u00bb4.16&#8243; text_font=\u00bb||||||||\u00bb text_font_size=\u00bb20px\u00bb header_font=\u00bb||||||||\u00bb header_2_font=\u00bb||||||||\u00bb header_2_text_color=\u00bb#00818b\u00bb header_2_font_size=\u00bb55px\u00bb text_orientation=\u00bbcenter\u00bb custom_padding=\u00bb0px|||||\u00bb header_2_font_size_tablet=\u00bb\u00bb header_2_font_size_phone=\u00bb40px\u00bb header_2_font_size_last_edited=\u00bbon|phone\u00bb global_colors_info=\u00bb{}\u00bb]<\/p>\n<p>Nuestro enfoque retoma 4 ejes principales:<\/p>\n<p>[\/et_pb_text][\/et_pb_column][\/et_pb_row][et_pb_row column_structure=\u00bb1_4,1_4,1_4,1_4&#8243; use_custom_gutter=\u00bbon\u00bb gutter_width=\u00bb2&#8243; _builder_version=\u00bb4.16&#8243; width=\u00bb100%\u00bb custom_padding=\u00bb||0px|||\u00bb global_colors_info=\u00bb{}\u00bb][et_pb_column type=\u00bb1_4&#8243; _builder_version=\u00bb4.16&#8243; custom_padding=\u00bb|||\u00bb global_colors_info=\u00bb{}\u00bb custom_padding__hover=\u00bb|||\u00bb][et_pb_blurb title=\u00bbDesarrollo \u00bb use_icon=\u00bbon\u00bb font_icon=\u00bb&#xe035;||divi||400&#8243; image_icon_width=\u00bb42px\u00bb content_max_width=\u00bb300px\u00bb _builder_version=\u00bb4.16&#8243; header_level=\u00bbh2&#8243; header_font=\u00bb||||||||\u00bb header_text_align=\u00bbcenter\u00bb header_text_color=\u00bb#00818b\u00bb header_font_size=\u00bb27px\u00bb text_orientation=\u00bbcenter\u00bb icon_font_size=\u00bb42px\u00bb global_colors_info=\u00bb{}\u00bb]<\/p>\n<p>Desarrollar permanentemente nuestras herramientas y procesos, adapt\u00e1ndolos a los contextos de estudio e innovando para satisfacer las necesidades de nuestros clientes<\/p>\n<p>[\/et_pb_blurb][\/et_pb_column][et_pb_column type=\u00bb1_4&#8243; _builder_version=\u00bb4.16&#8243; custom_padding=\u00bb|||\u00bb global_colors_info=\u00bb{}\u00bb custom_padding__hover=\u00bb|||\u00bb][et_pb_blurb title=\u00bbCapitalizaci\u00f3n\u00bb use_icon=\u00bbon\u00bb font_icon=\u00bb&#x6c;||divi||400&#8243; image_icon_width=\u00bb42px\u00bb content_max_width=\u00bb300px\u00bb _builder_version=\u00bb4.16&#8243; header_level=\u00bbh2&#8243; header_font=\u00bb||||||||\u00bb header_text_align=\u00bbcenter\u00bb header_text_color=\u00bb#00818b\u00bb header_font_size=\u00bb27px\u00bb body_font=\u00bb||||||||\u00bb text_orientation=\u00bbcenter\u00bb icon_font_size=\u00bb42px\u00bb global_colors_info=\u00bb{}\u00bb]<\/p>\n<p>Capitalizar sobre esas gestiones y sus evoluciones a trav\u00e9s de publicaciones, notas de campo y retroalimentaci\u00f3n, para compartir innovaciones exitosas<\/p>\n<p>[\/et_pb_blurb][\/et_pb_column][et_pb_column type=\u00bb1_4&#8243; _builder_version=\u00bb4.16&#8243; custom_padding=\u00bb|||\u00bb global_colors_info=\u00bb{}\u00bb custom_padding__hover=\u00bb|||\u00bb][et_pb_blurb title=\u00bbCentralizaci\u00f3n\u00bb use_icon=\u00bbon\u00bb font_icon=\u00bb&#x5c;||divi||400&#8243; image_icon_width=\u00bb42px\u00bb content_max_width=\u00bb300px\u00bb _builder_version=\u00bb4.16&#8243; header_level=\u00bbh2&#8243; header_font=\u00bb||||||||\u00bb header_text_align=\u00bbcenter\u00bb header_text_color=\u00bb#00818b\u00bb header_font_size=\u00bb27px\u00bb body_font=\u00bb||||||||\u00bb text_orientation=\u00bbcenter\u00bb icon_font_size=\u00bb42px\u00bb global_colors_info=\u00bb{}\u00bb]<\/p>\n<p>Centralizar los datos y establecer un sistema completo de documentaci\u00f3n, que incluya la documentaci\u00f3n legal por pa\u00eds, as\u00ed como art\u00edculos y libros cient\u00edficos sobre la totalidad de las disciplinas que abordamos<\/p>\n<p>[\/et_pb_blurb][\/et_pb_column][et_pb_column type=\u00bb1_4&#8243; _builder_version=\u00bb4.16&#8243; custom_padding=\u00bb|||\u00bb global_colors_info=\u00bb{}\u00bb custom_padding__hover=\u00bb|||\u00bb][et_pb_blurb title=\u00bbMonitoreo\u00bb use_icon=\u00bbon\u00bb font_icon=\u00bb&#xe02d;||divi||400&#8243; image_icon_width=\u00bb42px\u00bb content_max_width=\u00bb300px\u00bb _builder_version=\u00bb4.16&#8243; header_level=\u00bbh2&#8243; header_font=\u00bb||||||||\u00bb header_text_align=\u00bbcenter\u00bb header_text_color=\u00bb#00818b\u00bb header_font_size=\u00bb27px\u00bb body_font=\u00bb||||||||\u00bb text_orientation=\u00bbcenter\u00bb icon_font_size=\u00bb42px\u00bb global_colors_info=\u00bb{}\u00bb]<\/p>\n<p>Realizar un monitoreo continuo con el objetivo de promover mejores pr\u00e1cticas dentro de Insuco.<\/p>\n<p>[\/et_pb_blurb][\/et_pb_column][\/et_pb_row][\/et_pb_section][et_pb_section fb_built=\u00bb1&#8243; module_id=\u00bbvision\u00bb _builder_version=\u00bb4.16&#8243; background_color=\u00bbrgba(255,255,255,0.24)\u00bb custom_padding=\u00bb71px|0px|62px|0px|false|false\u00bb global_colors_info=\u00bb{}\u00bb][et_pb_row column_structure=\u00bb1_3,2_3&#8243; _builder_version=\u00bb4.16&#8243; custom_padding=\u00bb0px||13px|||\u00bb global_colors_info=\u00bb{}\u00bb][et_pb_column type=\u00bb1_3&#8243; _builder_version=\u00bb4.16&#8243; custom_padding=\u00bb|||\u00bb global_colors_info=\u00bb{}\u00bb custom_padding__hover=\u00bb|||\u00bb][et_pb_image src=\u00bbhttps:\/\/www.insuco.com\/wp-content\/uploads\/2019\/05\/logo-ifsra.jpg\u00bb align_tablet=\u00bbcenter\u00bb align_phone=\u00bb\u00bb align_last_edited=\u00bbon|desktop\u00bb _builder_version=\u00bb4.16&#8243; global_colors_info=\u00bb{}\u00bb][\/et_pb_image][\/et_pb_column][et_pb_column type=\u00bb2_3&#8243; _builder_version=\u00bb4.16&#8243; custom_padding=\u00bb|||\u00bb global_colors_info=\u00bb{}\u00bb custom_padding__hover=\u00bb|||\u00bb][et_pb_text _builder_version=\u00bb4.16&#8243; text_font=\u00bb||||||||\u00bb header_font=\u00bb||||||||\u00bb header_2_font=\u00bb||||||||\u00bb header_2_text_color=\u00bb#00818b\u00bb header_2_font_size=\u00bb55px\u00bb custom_margin=\u00bb10px||\u00bb custom_padding=\u00bb0px|||||\u00bb header_2_font_size_tablet=\u00bb\u00bb header_2_font_size_phone=\u00bb40px\u00bb header_2_font_size_last_edited=\u00bbon|phone\u00bb global_colors_info=\u00bb{}\u00bb]<\/p>\n<h3>Institute For Social Research in Africa<\/h3>\n<p>Insuco promueve la investigaci\u00f3n social en \u00c1frica y la cooperaci\u00f3n Sur-Sur, a trav\u00e9s del IFSRA (Institute For Social Research in Africa). El IFSRA re\u00fane a investigadores impulsados por el deseo de crear sinergias entre sus respectivos campos de experticia en ciencias sociales y traducir estas en aplicaciones \u00fatiles en el terreno. <\/p>\n<p>[\/et_pb_text][et_pb_button button_url=\u00bbhttps:\/\/ifsra.org\/es\/\u00bb url_new_window=\u00bbon\u00bb button_text=\u00bbVisitar la p\u00e1gina del IFSRA\u00bb _builder_version=\u00bb4.16&#8243; global_colors_info=\u00bb{}\u00bb][\/et_pb_button][\/et_pb_column][\/et_pb_row][\/et_pb_section][et_pb_section fb_built=\u00bb1&#8243; module_id=\u00bbvision\u00bb _builder_version=\u00bb4.16&#8243; background_color=\u00bbrgba(177,227,227,0.24)\u00bb custom_padding=\u00bb80px|0px|89px|0px|false|false\u00bb global_colors_info=\u00bb{}\u00bb][et_pb_row _builder_version=\u00bb4.16&#8243; custom_padding=\u00bb0px|||||\u00bb global_colors_info=\u00bb{}\u00bb][et_pb_column type=\u00bb4_4&#8243; _builder_version=\u00bb4.16&#8243; custom_padding=\u00bb|||\u00bb global_colors_info=\u00bb{}\u00bb custom_padding__hover=\u00bb|||\u00bb][et_pb_text _builder_version=\u00bb4.16&#8243; text_font=\u00bb||||||||\u00bb text_font_size=\u00bb20px\u00bb header_font=\u00bb||||||||\u00bb header_2_font=\u00bb||||||||\u00bb header_2_text_color=\u00bb#00818b\u00bb header_2_font_size=\u00bb55px\u00bb text_orientation=\u00bbcenter\u00bb custom_padding=\u00bb0px|||||\u00bb header_2_font_size_tablet=\u00bb\u00bb header_2_font_size_phone=\u00bb40px\u00bb header_2_font_size_last_edited=\u00bbon|phone\u00bb global_colors_info=\u00bb{}\u00bb]<\/p>\n<p>Las actividades del IFSRA se organizan en torno a 5 pilares:<\/p>\n<p>[\/et_pb_text][\/et_pb_column][\/et_pb_row][et_pb_row column_structure=\u00bb1_2,1_2&#8243; use_custom_gutter=\u00bbon\u00bb gutter_width=\u00bb2&#8243; _builder_version=\u00bb4.16&#8243; width=\u00bb45%\u00bb custom_padding=\u00bb||0px|||\u00bb global_colors_info=\u00bb{}\u00bb][et_pb_column type=\u00bb1_2&#8243; _builder_version=\u00bb4.16&#8243; custom_padding=\u00bb|||\u00bb global_colors_info=\u00bb{}\u00bb custom_padding__hover=\u00bb|||\u00bb][et_pb_blurb title=\u00bbProyectos de investigaci\u00f3n\u00bb use_icon=\u00bbon\u00bb font_icon=\u00bb&#x55;||divi||400&#8243; image_icon_width=\u00bb42px\u00bb content_max_width=\u00bb300px\u00bb _builder_version=\u00bb4.16&#8243; header_level=\u00bbh2&#8243; header_font=\u00bb||||||||\u00bb header_text_align=\u00bbcenter\u00bb header_text_color=\u00bb#00818b\u00bb header_font_size=\u00bb27px\u00bb text_orientation=\u00bbcenter\u00bb icon_font_size=\u00bb42px\u00bb global_colors_info=\u00bb{}\u00bb]<\/p>\n<p>Desarrollar proyectos de investigaci\u00f3n con universidades del Norte y del Sur<\/p>\n<p>[\/et_pb_blurb][\/et_pb_column][et_pb_column type=\u00bb1_2&#8243; _builder_version=\u00bb4.16&#8243; custom_padding=\u00bb|||\u00bb global_colors_info=\u00bb{}\u00bb custom_padding__hover=\u00bb|||\u00bb][et_pb_blurb title=\u00bbEstudios espec\u00edficos\u00bb use_icon=\u00bbon\u00bb font_icon=\u00bb&#xe005;||divi||400&#8243; image_icon_width=\u00bb42px\u00bb content_max_width=\u00bb300px\u00bb _builder_version=\u00bb4.16&#8243; header_level=\u00bbh2&#8243; header_font=\u00bb||||||||\u00bb header_text_align=\u00bbcenter\u00bb header_text_color=\u00bb#00818b\u00bb header_font_size=\u00bb27px\u00bb body_font=\u00bb||||||||\u00bb text_orientation=\u00bbcenter\u00bb icon_font_size=\u00bb42px\u00bb global_colors_info=\u00bb{}\u00bb]<\/p>\n<p>Profundizar los temas en materia de ciencias sociales mediante el desarrollo de estudios espec\u00edficos en \u00c1frica<\/p>\n<p>[\/et_pb_blurb][\/et_pb_column][\/et_pb_row][et_pb_row column_structure=\u00bb1_3,1_3,1_3&#8243; use_custom_gutter=\u00bbon\u00bb gutter_width=\u00bb2&#8243; _builder_version=\u00bb4.16&#8243; width=\u00bb100%\u00bb custom_padding=\u00bb||0px|||\u00bb global_colors_info=\u00bb{}\u00bb][et_pb_column type=\u00bb1_3&#8243; _builder_version=\u00bb4.16&#8243; custom_padding=\u00bb|||\u00bb global_colors_info=\u00bb{}\u00bb custom_padding__hover=\u00bb|||\u00bb][et_pb_blurb title=\u00bbValorizaci\u00f3n cient\u00edfica\u00bb use_icon=\u00bbon\u00bb font_icon=\u00bb&#x69;||divi||400&#8243; image_icon_width=\u00bb42px\u00bb content_max_width=\u00bb300px\u00bb _builder_version=\u00bb4.16&#8243; header_level=\u00bbh2&#8243; header_font=\u00bb||||||||\u00bb header_text_align=\u00bbcenter\u00bb header_text_color=\u00bb#00818b\u00bb header_font_size=\u00bb27px\u00bb body_font=\u00bb||||||||\u00bb text_orientation=\u00bbcenter\u00bb icon_font_size=\u00bb42px\u00bb global_colors_info=\u00bb{}\u00bb]<\/p>\n<p>Promover la valorizaci\u00f3n acad\u00e9mica de los estudios realizados por Insuco y el IFSRA, a trav\u00e9s de la elaboraci\u00f3n de art\u00edculos y la participaci\u00f3n en congresos internacionales<\/p>\n<p>[\/et_pb_blurb][\/et_pb_column][et_pb_column type=\u00bb1_3&#8243; _builder_version=\u00bb4.16&#8243; custom_padding=\u00bb|||\u00bb global_colors_info=\u00bb{}\u00bb custom_padding__hover=\u00bb|||\u00bb][et_pb_blurb title=\u00bbDesarrollo de capacidades\u00bb use_icon=\u00bbon\u00bb font_icon=\u00bb&#xe0e9;||divi||400&#8243; image_icon_width=\u00bb42px\u00bb content_max_width=\u00bb300px\u00bb _builder_version=\u00bb4.16&#8243; header_level=\u00bbh2&#8243; header_font=\u00bb||||||||\u00bb header_text_align=\u00bbcenter\u00bb header_text_color=\u00bb#00818b\u00bb header_font_size=\u00bb27px\u00bb body_font=\u00bb||||||||\u00bb text_orientation=\u00bbcenter\u00bb icon_font_size=\u00bb42px\u00bb global_colors_info=\u00bb{}\u00bb]<\/p>\n<p>Desarrollo de capacidades por medio de cursos dictados en universidades africanas, junto con la recepci\u00f3n y supervisi\u00f3n de estudiantes<\/p>\n<p>[\/et_pb_blurb][\/et_pb_column][et_pb_column type=\u00bb1_3&#8243; _builder_version=\u00bb4.16&#8243; custom_padding=\u00bb|||\u00bb global_colors_info=\u00bb{}\u00bb custom_padding__hover=\u00bb|||\u00bb][et_pb_blurb title=\u00bbDivulgaci\u00f3n de la ciencia \u00bb use_icon=\u00bbon\u00bb font_icon=\u00bb&#xe07f;||divi||400&#8243; image_icon_width=\u00bb42px\u00bb content_max_width=\u00bb300px\u00bb _builder_version=\u00bb4.16&#8243; header_level=\u00bbh2&#8243; header_font=\u00bb||||||||\u00bb header_text_align=\u00bbcenter\u00bb header_text_color=\u00bb#00818b\u00bb header_font_size=\u00bb27px\u00bb body_font=\u00bb||||||||\u00bb text_orientation=\u00bbcenter\u00bb icon_font_size=\u00bb42px\u00bb global_colors_info=\u00bb{}\u00bb]<\/p>\n<p>Fomentar la difusi\u00f3n de la ciencia mediante la organizaci\u00f3n, en los pa\u00edses africanos, de conferencias dirigidas a un p\u00fablico general<\/p>\n<p>[\/et_pb_blurb][\/et_pb_column][\/et_pb_row][\/et_pb_section][et_pb_section fb_built=\u00bb1&#8243; _builder_version=\u00bb4.16&#8243; custom_padding=\u00bb41px|0px|56px|0px|false|false\u00bb global_colors_info=\u00bb{}\u00bb][et_pb_row _builder_version=\u00bb4.16&#8243; custom_padding=\u00bb||0px|||\u00bb global_colors_info=\u00bb{}\u00bb][et_pb_column type=\u00bb4_4&#8243; _builder_version=\u00bb4.16&#8243; custom_padding=\u00bb|||\u00bb global_colors_info=\u00bb{}\u00bb custom_padding__hover=\u00bb|||\u00bb][et_pb_text _builder_version=\u00bb4.16&#8243; text_font=\u00bb||||||||\u00bb text_font_size=\u00bb20px\u00bb header_font=\u00bb||||||||\u00bb header_2_font=\u00bb||||||||\u00bb header_2_text_color=\u00bb#00818b\u00bb header_2_font_size=\u00bb55px\u00bb header_4_font=\u00bb|600|||||||\u00bb header_4_text_color=\u00bb#00818b\u00bb header_4_font_size=\u00bb21px\u00bb custom_padding=\u00bb0px|||||\u00bb header_2_font_size_tablet=\u00bb\u00bb header_2_font_size_phone=\u00bb40px\u00bb header_2_font_size_last_edited=\u00bbon|phone\u00bb global_colors_info=\u00bb{}\u00bb]<\/p>\n<h3>Publicaciones<\/h3>\n<h4>Publicaciones en revistas o libros cient\u00edficos<\/h4>\n<p>[\/et_pb_text][\/et_pb_column][\/et_pb_row][et_pb_row column_structure=\u00bb1_2,1_2&#8243; use_custom_gutter=\u00bbon\u00bb gutter_width=\u00bb2&#8243; module_class=\u00bbpasdespacesouscolonne\u00bb _builder_version=\u00bb4.16&#8243; custom_padding=\u00bb18px|||||\u00bb global_colors_info=\u00bb{}\u00bb][et_pb_column type=\u00bb1_2&#8243; _builder_version=\u00bb4.16&#8243; custom_padding=\u00bb|||\u00bb global_colors_info=\u00bb{}\u00bb custom_padding__hover=\u00bb|||\u00bb][et_pb_toggle title=\u00bbReconciling standards and the operational needs of mining projects in Africa: Examples from Guinea.\u00bb open_toggle_background_color=\u00bbrgba(0,0,0,0)\u00bb closed_toggle_text_color=\u00bb#545454&#8243; closed_toggle_background_color=\u00bbrgba(0,0,0,0)\u00bb icon_color=\u00bb#00818b\u00bb open_icon_color=\u00bb#00818b\u00bb _builder_version=\u00bb4.16&#8243; title_font=\u00bbOpen Sans||||||||\u00bb title_font_size=\u00bb14px\u00bb title_letter_spacing=\u00bb1px\u00bb title_line_height=\u00bb1.3em\u00bb body_font=\u00bb||||||||\u00bb body_text_color=\u00bb#6d6d6d\u00bb body_font_size=\u00bb14px\u00bb custom_margin=\u00bb||30px\u00bb global_colors_info=\u00bb{}\u00bb]Rey P., Mazalto M., Jeanne I. 2020. The Extractive Industries and Society.  <\/p>\n<p style=\"text-align: right;\"><a href=\"https:\/\/www.sciencedirect.com\/science\/article\/pii\/S2214790X20302896?dgcid=author\" target=\"_blank\" rel=\"noopener noreferrer\">Leer la publicaci\u00f3n<\/a><\/p>\n<p>[\/et_pb_toggle][et_pb_toggle title=\u00bbQuand le d\u00e9veloppement des territoires miniers brouille les fronti\u00e8res entre les secteurs public et priv\u00e9. Cas du secteur minier en Afrique de l\u2019Ouest. \u00bb open_toggle_background_color=\u00bbrgba(0,0,0,0)\u00bb closed_toggle_text_color=\u00bb#545454&#8243; closed_toggle_background_color=\u00bbrgba(0,0,0,0)\u00bb icon_color=\u00bb#00818b\u00bb open_icon_color=\u00bb#00818b\u00bb _builder_version=\u00bb4.16&#8243; title_font=\u00bbOpen Sans||||||||\u00bb title_font_size=\u00bb14px\u00bb title_letter_spacing=\u00bb1px\u00bb title_line_height=\u00bb1.3em\u00bb body_font=\u00bb||||||||\u00bb body_text_color=\u00bb#6d6d6d\u00bb body_font_size=\u00bb14px\u00bb custom_margin=\u00bb||30px\u00bb global_colors_info=\u00bb{}\u00bb]Rey P., Mazalto M. 2020. Mondes en Developpement, n\u00b0 189, pp. 81-97.  <\/p>\n<p style=\"text-align: right;\"><a href=\"https:\/\/www.researchgate.net\/publication\/340080313_Quand_le_developpement_des_territoires_miniers_brouille_les_frontieres_entre_les_secteurs_public_et_prive_Cas_du_secteur_minier_en_Afrique_de_l'Ouest\/link\/5e838393299bf130796daf79\/download\" target=\"_blank\" rel=\"noopener noreferre noreferrer\">Leer la publicaci\u00f3n<\/a><\/p>\n<p>[\/et_pb_toggle][et_pb_toggle title=\u00bbQuelle collaboration public-priv\u00e9 pour l\u2019int\u00e9gration d\u2019un projet minier \u00e0 son territoire? \u00c9tudes de cas en Afrique de l\u2019Ouest.  \u00bb open_toggle_background_color=\u00bbrgba(0,0,0,0)\u00bb closed_toggle_text_color=\u00bb#545454&#8243; closed_toggle_background_color=\u00bbrgba(0,0,0,0)\u00bb icon_color=\u00bb#00818b\u00bb open_icon_color=\u00bb#00818b\u00bb _builder_version=\u00bb4.16&#8243; title_font=\u00bbOpen Sans||||||||\u00bb title_font_size=\u00bb14px\u00bb title_letter_spacing=\u00bb1px\u00bb title_line_height=\u00bb1.3em\u00bb body_font=\u00bb||||||||\u00bb body_text_color=\u00bb#6d6d6d\u00bb body_font_size=\u00bb14px\u00bb custom_margin=\u00bb||30px\u00bb global_colors_info=\u00bb{}\u00bb]Rey P., Mazalto M. 2020. Revista OPERA, n\u00b026, pp. 55-76.  <\/p>\n<p style=\"text-align: right;\"><a href=\"https:\/\/revistas.uexternado.edu.co\/index.php\/opera\/issue\/view\/573\" target=\"_blank\" rel=\"noopener noreferrer\">Leer la publicaci\u00f3n<\/a><\/p>\n<p>[\/et_pb_toggle][et_pb_toggle title=\u00bbGold panning and the Covid-19 pandemic in south-western Burkina Faso. \u00bb open_toggle_background_color=\u00bbrgba(0,0,0,0)\u00bb closed_toggle_text_color=\u00bb#545454&#8243; closed_toggle_background_color=\u00bbrgba(0,0,0,0)\u00bb icon_color=\u00bb#00818b\u00bb open_icon_color=\u00bb#00818b\u00bb _builder_version=\u00bb4.16&#8243; title_font=\u00bbOpen Sans||||||||\u00bb title_font_size=\u00bb14px\u00bb title_letter_spacing=\u00bb1px\u00bb title_line_height=\u00bb1.3em\u00bb body_font=\u00bb||||||||\u00bb body_text_color=\u00bb#6d6d6d\u00bb body_font_size=\u00bb14px\u00bb custom_margin=\u00bb||30px\u00bb global_colors_info=\u00bb{}\u00bb]Ou\u00e9draogo, A. 2020. Article du blog Gold Matters.  <\/p>\n<p style=\"text-align: right;\"><a href=\"http:\/\/gold-matters.org\/?p=911\" target=\"_blank\" rel=\"noopener noreferrer\">Leer la publicaci\u00f3n<\/a><\/p>\n<p>[\/et_pb_toggle][et_pb_toggle title=\u00bbMiradas cruzadas sobre el enfoque territorial de la responsabilidad social, la gobernanza y la sostenibilidad.\u00bb open_toggle_background_color=\u00bbrgba(0,0,0,0)\u00bb closed_toggle_text_color=\u00bb#545454&#8243; closed_toggle_background_color=\u00bbrgba(0,0,0,0)\u00bb icon_color=\u00bb#00818b\u00bb open_icon_color=\u00bb#00818b\u00bb _builder_version=\u00bb4.16&#8243; title_font=\u00bbOpen Sans||||||||\u00bb title_font_size=\u00bb14px\u00bb title_letter_spacing=\u00bb1px\u00bb title_line_height=\u00bb1.3em\u00bb body_font=\u00bb||||||||\u00bb body_text_color=\u00bb#6d6d6d\u00bb body_font_size=\u00bb14px\u00bb custom_margin=\u00bb||30px\u00bb global_colors_info=\u00bb{}\u00bb]Calvo G., P\u00e9rez Hoyos O., Romero Amaya M. 2020. Revista OPERA, n\u00b026, pp. 3-14.  <\/p>\n<p style=\"text-align: right;\"><a href=\"https:\/\/revistas.uexternado.edu.co\/index.php\/opera\/issue\/view\/573\" target=\"_blank\" rel=\"noopener noreferrer\">Leer la publicaci\u00f3n<\/a><\/p>\n<p>[\/et_pb_toggle][et_pb_toggle title=\u00bbLe mythe de l\u2019autosuffisance en riz en Guin\u00e9e. Le paradoxe des politiques face aux strat\u00e9gies locales. \u00bb open_toggle_background_color=\u00bbrgba(0,0,0,0)\u00bb closed_toggle_text_color=\u00bb#545454&#8243; closed_toggle_background_color=\u00bbrgba(0,0,0,0)\u00bb icon_color=\u00bb#00818b\u00bb open_icon_color=\u00bb#00818b\u00bb _builder_version=\u00bb4.16&#8243; title_font=\u00bbOpen Sans||||||||\u00bb title_font_size=\u00bb14px\u00bb title_letter_spacing=\u00bb1px\u00bb title_line_height=\u00bb1.3em\u00bb body_font=\u00bb||||||||\u00bb body_text_color=\u00bb#6d6d6d\u00bb body_font_size=\u00bb14px\u00bb custom_margin=\u00bb||30px\u00bb global_colors_info=\u00bb{}\u00bb]<\/p>\n<p>Rey P., R\u00e9tif M., 2017. Les Cahiers d\u2019Outre-Mer, n\u00b0275, pp. 93-114. <\/p>\n<p style=\"text-align: right;\"><a href=\"https:\/\/journals.openedition.org\/com\/8054\" target=\"_blank\" rel=\"noopener noreferrer\">Leer la publicaci\u00f3n<\/a><\/p>\n<p>[\/et_pb_toggle][et_pb_toggle title=\u00bbDes \u00ab puits burkinab\u00e8 \u00bb en Haute-Guin\u00e9e : processus et enjeux de la circulation de savoirs techniques dans le secteur minier artisanal.\u00bb open_toggle_background_color=\u00bbrgba(0,0,0,0)\u00bb closed_toggle_text_color=\u00bb#545454&#8243; closed_toggle_background_color=\u00bbrgba(0,0,0,0)\u00bb icon_color=\u00bb#00818b\u00bb open_icon_color=\u00bb#00818b\u00bb _builder_version=\u00bb4.16&#8243; title_font=\u00bbOpen Sans||||||||\u00bb title_font_size=\u00bb14px\u00bb title_letter_spacing=\u00bb1px\u00bb title_line_height=\u00bb1.3em\u00bb body_font=\u00bb||||||||\u00bb body_text_color=\u00bb#6d6d6d\u00bb body_font_size=\u00bb14px\u00bb custom_margin=\u00bb||30px\u00bb global_colors_info=\u00bb{}\u00bb]<\/p>\n<p>Lanzano, C., Arnaldi, L., 2017 in Jankowski F., Lewandowski S. et al. (eds), Circulation des savoirs et espaces d\u2019apprentissage au Sud, Autrepart n\u00b082, Presse de Science Po, pp. 87-107.<\/p>\n<p style=\"text-align: right;\"><a href=\"https:\/\/www.cairn.info\/revue-autrepart.htm\" target=\"_blank\" rel=\"noopener noreferrer\">Leer la publicaci\u00f3n<\/a><\/p>\n<p>[\/et_pb_toggle][et_pb_toggle title=\u00bbLa riziculture en Guin\u00e9e Maritime : strat\u00e9gies \u00e9conomiques des m\u00e9nages et financement de l\u2019agriculture.\u00bb open_toggle_background_color=\u00bbrgba(0,0,0,0)\u00bb closed_toggle_text_color=\u00bb#545454&#8243; closed_toggle_background_color=\u00bbrgba(0,0,0,0)\u00bb icon_color=\u00bb#00818b\u00bb open_icon_color=\u00bb#00818b\u00bb _builder_version=\u00bb4.16&#8243; title_font=\u00bbOpen Sans||||||||\u00bb title_font_size=\u00bb14px\u00bb title_letter_spacing=\u00bb1px\u00bb title_line_height=\u00bb1.3em\u00bb body_font=\u00bb||||||||\u00bb body_text_color=\u00bb#6d6d6d\u00bb body_font_size=\u00bb14px\u00bb custom_margin=\u00bb||30px\u00bb global_colors_info=\u00bb{}\u00bb]<\/p>\n<p>Rey, P. 2017. Techniques Financi\u00e8res et D\u00e9veloppement, n\u00b0124, pp. 97-105. <\/p>\n<p style=\"text-align: right;\"><a href=\"https:\/\/www.cairn.info\/revue-techniques-financieres-et-developpement-2016-3-p-97.htm\" target=\"_blank\" rel=\"noopener noreferrer\">Leer la publicaci\u00f3n<\/a><\/p>\n<p>[\/et_pb_toggle][et_pb_toggle title=\u00bbLa reconnaissance des droits fonciers coutumiers au Burkina Faso : un processus de changement social.\u00bb open_toggle_background_color=\u00bbrgba(0,0,0,0)\u00bb closed_toggle_text_color=\u00bb#545454&#8243; closed_toggle_background_color=\u00bbrgba(0,0,0,0)\u00bb icon_color=\u00bb#00818b\u00bb open_icon_color=\u00bb#00818b\u00bb _builder_version=\u00bb4.16&#8243; title_font=\u00bbOpen Sans||||||||\u00bb title_font_size=\u00bb14px\u00bb title_letter_spacing=\u00bb1px\u00bb title_line_height=\u00bb1.3em\u00bb body_font=\u00bb||||||||\u00bb body_text_color=\u00bb#6d6d6d\u00bb body_font_size=\u00bb14px\u00bb custom_margin=\u00bb||30px\u00bb global_colors_info=\u00bb{}\u00bb]<\/p>\n<p>Hochet, P. 2017. Regards sur le foncier, Comit\u00e9 technique \u00ab Foncier  d\u00e9veloppement \u00bb, n\u00b02, pp. 80-89. <\/p>\n<p style=\"text-align: right;\"><a href=\"http:\/\/www.foncier-developpement.fr\/wp-content\/uploads\/Regards-sur-le-foncier_2-1.pdf\" target=\"_blank\" rel=\"noopener noreferrer\">Leer la publicaci\u00f3n<\/a><\/p>\n<p>[\/et_pb_toggle][et_pb_toggle title=\u00bbMobilit\u00e9 interne et acc\u00e8s aux ressources naturelles dans l\u2019Ouest du Burkina Faso. Les paradoxes multiples du concept de minorit\u00e9.  \u00bb open_toggle_background_color=\u00bbrgba(0,0,0,0)\u00bb closed_toggle_text_color=\u00bb#545454&#8243; closed_toggle_background_color=\u00bbrgba(0,0,0,0)\u00bb icon_color=\u00bb#00818b\u00bb open_icon_color=\u00bb#00818b\u00bb _builder_version=\u00bb4.16&#8243; title_font=\u00bbOpen Sans||||||||\u00bb title_font_size=\u00bb14px\u00bb title_letter_spacing=\u00bb1px\u00bb title_line_height=\u00bb1.3em\u00bb body_font=\u00bb||||||||\u00bb body_text_color=\u00bb#6d6d6d\u00bb body_font_size=\u00bb14px\u00bb custom_margin=\u00bb||30px\u00bb global_colors_info=\u00bb{}\u00bb]<\/p>\n<p>Arnaldi, L., Hochet, P. 2017 in Mobility and Minorities, Nova Collectanea Africana, Cagliari : Aracne.<\/p>\n<p style=\"text-align: right;\"><a href=\"http:\/\/www.aracneeditrice.it\/index.php\/pubblicazione.html?item=9788854893405\" target=\"_blank\" rel=\"noopener noreferrer\">Leer la publicaci\u00f3n<\/a><\/p>\n<p>[\/et_pb_toggle][\/et_pb_column][et_pb_column type=\u00bb1_2&#8243; _builder_version=\u00bb4.16&#8243; custom_padding=\u00bb|||\u00bb global_colors_info=\u00bb{}\u00bb custom_padding__hover=\u00bb|||\u00bb][et_pb_toggle title=\u00bbLa g\u00e9ographie des pouvoirs, bifurcation ou simple ouverture des fronti\u00e8res disciplinaires\u202f ? \u00bb open_toggle_background_color=\u00bbrgba(0,0,0,0)\u00bb closed_toggle_text_color=\u00bb#545454&#8243; closed_toggle_background_color=\u00bbrgba(0,0,0,0)\u00bb icon_color=\u00bb#00818b\u00bb open_icon_color=\u00bb#00818b\u00bb _builder_version=\u00bb4.16&#8243; title_font=\u00bbOpen Sans||||||||\u00bb title_font_size=\u00bb14px\u00bb title_letter_spacing=\u00bb1px\u00bb title_line_height=\u00bb1.3em\u00bb body_font=\u00bb||||||||\u00bb body_text_color=\u00bb#6d6d6d\u00bb body_font_size=\u00bb14px\u00bb custom_margin=\u00bb||30px\u00bb global_colors_info=\u00bb{}\u00bb]Rey, P. 2021. in Yemmafouo Aristide, Tsayem Demaze Mo\u00efse (Ed.), De la g\u00e9ographie physique \u00e0 la g\u00e9ographie socio environnementale Bifurquer pour r\u00e9pondre aux d\u00e9fis du d\u00e9veloppement L\u2019Harmattan, pp. 497\u2013520.  <\/p>\n<p style=\"text-align: right;\"><a href=\"=author\" target=\"_blank\" rel=\"noopener noreferrer\">Leer la publicaci\u00f3n<\/a><\/p>\n<p>[\/et_pb_toggle][et_pb_toggle title=\u00bbWho owns the mud? Valuable leftovers, sociotechnical innovation and changing relations of production in artisanal gold mining (Burkina Faso).  \u00bb open_toggle_background_color=\u00bbrgba(0,0,0,0)\u00bb closed_toggle_text_color=\u00bb#545454&#8243; closed_toggle_background_color=\u00bbrgba(0,0,0,0)\u00bb icon_color=\u00bb#00818b\u00bb open_icon_color=\u00bb#00818b\u00bb _builder_version=\u00bb4.16&#8243; title_font=\u00bbOpen Sans||||||||\u00bb title_font_size=\u00bb14px\u00bb title_letter_spacing=\u00bb1px\u00bb title_line_height=\u00bb1.3em\u00bb body_font=\u00bb||||||||\u00bb body_text_color=\u00bb#6d6d6d\u00bb body_font_size=\u00bb14px\u00bb custom_margin=\u00bb||30px\u00bb global_colors_info=\u00bb{}\u00bb]Lanzano, C., Arnaldi di Balme, L. 2021. Journal of Agrarian Change, n\u00b021\/3, pp. 433-458.  <\/p>\n<p style=\"text-align: right;\"><a href=\"https:\/\/onlinelibrary.wiley.com\/doi\/full\/10.1111\/joac.12412=author\" target=\"_blank\" rel=\"noopener noreferrer\">Leer la publicaci\u00f3n<\/a><\/p>\n<p>[\/et_pb_toggle][et_pb_toggle title=\u00bbTransforming Matters: Sustaining Gold Lifeways in Artisanal and Small-scale Mining.\u00bb open_toggle_background_color=\u00bbrgba(0,0,0,0)\u00bb closed_toggle_text_color=\u00bb#545454&#8243; closed_toggle_background_color=\u00bbrgba(0,0,0,0)\u00bb icon_color=\u00bb#00818b\u00bb open_icon_color=\u00bb#00818b\u00bb _builder_version=\u00bb4.16&#8243; title_font=\u00bbOpen Sans||||||||\u00bb title_font_size=\u00bb14px\u00bb title_letter_spacing=\u00bb1px\u00bb title_line_height=\u00bb1.3em\u00bb body_font=\u00bb||||||||\u00bb body_text_color=\u00bb#6d6d6d\u00bb body_font_size=\u00bb14px\u00bb custom_margin=\u00bb||30px\u00bb global_colors_info=\u00bb{}\u00bb]Fisher E., Luning S., D\u2019Angelo L., Araujo C. H. X., Arnaldi de Balme L., Calvimontes J., van de Camp E., da Costa Ferreira L., Lanzano C., Massaro L., Ou\u00e9draogo A., Pereira Mello J., Pijpers R. J., Obodai Proven\u00e7al N., Resende de Moraes R., Sawadogo Ch., de Theije M., de Tomi G., Tuhumwire M., Twongyirwe R. 2021. Current Opinion in Environmental Sustainability, n\u00b049, pp. 190-200. <\/p>\n<p style=\"text-align: right;\"><a href=\"https:\/\/www.sciencedirect.com\/science\/journal\/18773435=author\" target=\"_blank\" rel=\"noopener noreferrer\">Leer la publicaci\u00f3n<\/a><\/p>\n<p>[\/et_pb_toggle][et_pb_toggle title=\u00bbDe l\u2019\u00ab empowerment \u00bb des femmes lobi sur les sites d\u2019orpaillage dans le Sud-Ouest du Burkina Faso.\u00bb open_toggle_background_color=\u00bbrgba(0,0,0,0)\u00bb closed_toggle_text_color=\u00bb#545454&#8243; closed_toggle_background_color=\u00bbrgba(0,0,0,0)\u00bb icon_color=\u00bb#00818b\u00bb open_icon_color=\u00bb#00818b\u00bb _builder_version=\u00bb4.16&#8243; title_font=\u00bbOpen Sans||||||||\u00bb title_font_size=\u00bb14px\u00bb title_letter_spacing=\u00bb1px\u00bb title_line_height=\u00bb1.3em\u00bb body_font=\u00bb||||||||\u00bb body_text_color=\u00bb#6d6d6d\u00bb body_font_size=\u00bb14px\u00bb custom_margin=\u00bb||30px\u00bb global_colors_info=\u00bb{}\u00bb]Ou\u00e9draogo, A. 2020. Militance. Pour la connaissance des soci\u00e9t\u00e9s du Sud-Ouest du Burkina Faso. Hommage \u00e0 Madeleine P\u00e8re. Coordonn\u00e9 par Yamba Bidima, Mich\u00e8le Cros et Quentin M\u00e9gret, L\u2019Harmattan, pp. 171-180.     <\/p>\n<p style=\"text-align: right;\"><a href=\"https:\/\/www.editions-harmattan.fr\/index.asp?navig=catalogue&amp;obj=livre&amp;no=67463\" target=\"_blank\" rel=\"noopener noreferrer\">Leer la publicaci\u00f3n<\/a><\/p>\n<p>[\/et_pb_toggle][et_pb_toggle title=\u00bbLes d\u00e9tentrices de hangars de traitement de l\u2019or face \u00e0 la technique de cyanuration (sud-ouest du Burkina Faso).\u00bb open_toggle_background_color=\u00bbrgba(0,0,0,0)\u00bb closed_toggle_text_color=\u00bb#545454&#8243; closed_toggle_background_color=\u00bbrgba(0,0,0,0)\u00bb icon_color=\u00bb#00818b\u00bb open_icon_color=\u00bb#00818b\u00bb _builder_version=\u00bb4.16&#8243; title_font=\u00bbOpen Sans||||||||\u00bb title_font_size=\u00bb14px\u00bb title_letter_spacing=\u00bb1px\u00bb title_line_height=\u00bb1.3em\u00bb body_font=\u00bb||||||||\u00bb body_text_color=\u00bb#6d6d6d\u00bb body_font_size=\u00bb14px\u00bb custom_margin=\u00bb||30px\u00bb global_colors_info=\u00bb{}\u00bb]Ou\u00e9draogo, A. 2020. Journal des Africanistes. Tome 90, Fascicule 1, pp. 158-179.   <\/p>\n<p style=\"text-align: right;\"><a href=\"https:\/\/journals.openedition.org\/africanistes\/9528\" target=\"_blank\" rel=\"noopener noreferrer\">Leer la publicaci\u00f3n<\/a><\/p>\n<p>[\/et_pb_toggle][et_pb_toggle title=\u00bbLes r\u00e9gimes fonciers appliqu\u00e9s aux espaces irrigu\u00e9s dans les pays du Sahel s\u00e9curisent-ils les d\u00e9tenteurs de droits l\u00e9gitimes ?\u00bb open_toggle_background_color=\u00bbrgba(0,0,0,0)\u00bb closed_toggle_text_color=\u00bb#545454&#8243; closed_toggle_background_color=\u00bbrgba(0,0,0,0)\u00bb icon_color=\u00bb#00818b\u00bb open_icon_color=\u00bb#00818b\u00bb _builder_version=\u00bb4.16&#8243; title_font=\u00bbOpen Sans||||||||\u00bb title_font_size=\u00bb14px\u00bb title_letter_spacing=\u00bb1px\u00bb title_line_height=\u00bb1.3em\u00bb body_font=\u00bb||||||||\u00bb body_text_color=\u00bb#6d6d6d\u00bb body_font_size=\u00bb14px\u00bb custom_margin=\u00bb||30px\u00bb global_colors_info=\u00bb{}\u00bb]Hochet P. 2020. Encadr\u00e9 10.2, pp. 162-163, Chapitre 10 de l&#8217;ouvrage \u00abQuelles agricultures irrigu\u00e9es pour demain\u00bb. Coordination \u00e9ditoriale: Brelle F., Bouarfa S. et Coulon C.   <\/p>\n<p style=\"text-align: right;\"><a href=\"https:\/\/www.quae.com\/produit\/1614\/9782759231324\/quelles-agricultures-irriguees-demain\" target=\"_blank\" rel=\"noopener noreferrer\">Leer la publicaci\u00f3n<\/a><\/p>\n<p>[\/et_pb_toggle][et_pb_toggle title=\u00bbUrban and regional planning: when mining companies take on the Government\u2019s role.\u00bb open_toggle_background_color=\u00bbrgba(0,0,0,0)\u00bb closed_toggle_text_color=\u00bb#545454&#8243; closed_toggle_background_color=\u00bbrgba(0,0,0,0)\u00bb icon_color=\u00bb#00818b\u00bb open_icon_color=\u00bb#00818b\u00bb _builder_version=\u00bb4.16&#8243; title_font=\u00bbOpen Sans||||||||\u00bb title_font_size=\u00bb14px\u00bb title_letter_spacing=\u00bb1px\u00bb title_line_height=\u00bb1.3em\u00bb body_font=\u00bb||||||||\u00bb body_text_color=\u00bb#6d6d6d\u00bb body_font_size=\u00bb14px\u00bb custom_margin=\u00bb||30px\u00bb global_colors_info=\u00bb{}\u00bb]<\/p>\n<p>Rey, P., Weber, A. 2017 in Nunes Silva C. (dir), Local Government and Urban Governance Citizen Responsive Innovations in Europe and Africa, Palgrave Macmillan editions, UK, pp. 171-190.<\/p>\n<p style=\"text-align: right;\"><a href=\"https:\/\/link.springer.com\/chapter\/10.1057\/978-1-349-95109-3_7\" target=\"_blank\" rel=\"noopener noreferrer\">Leer la publicaci\u00f3n<\/a><\/p>\n<p>[\/et_pb_toggle][et_pb_toggle title=\u00bbFrom Social Responsibility towards Corporate Territorial Responsibility. \u00bb open_toggle_background_color=\u00bbrgba(0,0,0,0)\u00bb closed_toggle_text_color=\u00bb#545454&#8243; closed_toggle_background_color=\u00bbrgba(0,0,0,0)\u00bb icon_color=\u00bb#00818b\u00bb open_icon_color=\u00bb#00818b\u00bb _builder_version=\u00bb4.16&#8243; title_font=\u00bbOpen Sans||||||||\u00bb title_font_size=\u00bb14px\u00bb title_letter_spacing=\u00bb1px\u00bb title_line_height=\u00bb1.3em\u00bb body_font=\u00bb||||||||\u00bb body_text_color=\u00bb#6d6d6d\u00bb body_font_size=\u00bb14px\u00bb custom_margin=\u00bb||30px\u00bb global_colors_info=\u00bb{}\u00bb]<\/p>\n<p>Calvo, G., Carvallo, P. 2016. Proceedings of the 3rd International Conference on Social Responsibility in Mining, Srmining 2015, Antofagasta, Chile. <\/p>\n<p style=\"text-align: right;\">Leer la publicaci\u00f3n <a href=\"https:\/\/ifsra.org\/wp-content\/uploads\/2018\/06\/CALVO_CARVALLO_Article-SRMINING-20150706.pdf\" target=\"_blank\" rel=\"noopener noreferrer\">en ingl\u00e9s<\/a> o <a href=\"https:\/\/ifsra.org\/wp-content\/uploads\/2018\/06\/Articulo-RTE_SRmining-VF_Esp.pdf\" target=\"_blank\" rel=\"noopener noreferrer\">en espa\u00f1ol<\/a><\/p>\n<p>[\/et_pb_toggle][et_pb_toggle title=\u00bbLocal governance to the test of time: National policies, local powers and mining strategies in Guinea.\u00bb open_toggle_background_color=\u00bbrgba(0,0,0,0)\u00bb closed_toggle_text_color=\u00bb#545454&#8243; closed_toggle_background_color=\u00bbrgba(0,0,0,0)\u00bb icon_color=\u00bb#00818b\u00bb open_icon_color=\u00bb#00818b\u00bb _builder_version=\u00bb4.16&#8243; title_font=\u00bbOpen Sans||||||||\u00bb title_font_size=\u00bb14px\u00bb title_letter_spacing=\u00bb1px\u00bb title_line_height=\u00bb1.3em\u00bb body_font=\u00bb||||||||\u00bb body_text_color=\u00bb#6d6d6d\u00bb body_font_size=\u00bb14px\u00bb custom_margin=\u00bb||30px\u00bb global_colors_info=\u00bb{}\u00bb]<\/p>\n<p>Rey, P. 2016. Stichproben \u2013 Vienna Journal of African Studies, pp. 87-110. <\/p>\n<p style=\"text-align: right;\"><a href=\"https:\/\/www.hsozkult.de\/journal\/id\/zeitschriftenausgaben-10225?language=en\" target=\"_blank\" rel=\"noopener noreferrer\">Leer la publicaci\u00f3n<\/a><\/p>\n<p>[\/et_pb_toggle][et_pb_toggle title=\u00bbEbola en Guin\u00e9e : violences historiques et r\u00e9gimes de doute. \u00bb open_toggle_background_color=\u00bbrgba(0,0,0,0)\u00bb closed_toggle_text_color=\u00bb#545454&#8243; closed_toggle_background_color=\u00bbrgba(0,0,0,0)\u00bb icon_color=\u00bb#00818b\u00bb open_icon_color=\u00bb#00818b\u00bb _builder_version=\u00bb4.16&#8243; title_font=\u00bbOpen Sans||||||||\u00bb title_font_size=\u00bb14px\u00bb title_letter_spacing=\u00bb1px\u00bb title_line_height=\u00bb1.3em\u00bb body_font=\u00bb||||||||\u00bb body_text_color=\u00bb#6d6d6d\u00bb body_font_size=\u00bb14px\u00bb custom_margin=\u00bb||30px\u00bb global_colors_info=\u00bb{}\u00bb]<\/p>\n<p>Fribault, M. 2015. Anthropologie et Sant\u00e9, n\u00b011. <\/p>\n<p style=\"text-align: right;\"><a href=\"https:\/\/journals.openedition.org\/anthropologiesante\/1761\" target=\"_blank\" rel=\"noopener noreferrer\">Leer la publicaci\u00f3n<\/a><\/p>\n<p>[\/et_pb_toggle][et_pb_toggle title=\u00bbMission d\u2019\u00e9valuation du potentiel arch\u00e9ologique en Guin\u00e9e Maritime.\u00bb open_toggle_background_color=\u00bbrgba(0,0,0,0)\u00bb closed_toggle_text_color=\u00bb#545454&#8243; closed_toggle_background_color=\u00bbrgba(0,0,0,0)\u00bb icon_color=\u00bb#00818b\u00bb open_icon_color=\u00bb#00818b\u00bb _builder_version=\u00bb4.16&#8243; title_font=\u00bbOpen Sans||||||||\u00bb title_font_size=\u00bb14px\u00bb title_letter_spacing=\u00bb1px\u00bb title_line_height=\u00bb1.3em\u00bb body_font=\u00bb||||||||\u00bb body_text_color=\u00bb#6d6d6d\u00bb body_font_size=\u00bb14px\u00bb custom_margin=\u00bb||30px\u00bb global_colors_info=\u00bb{}\u00bb]<\/p>\n<p>Pollarolo, L. 2014. SLSA Rapport annuel 2014, pp. 123-128. <\/p>\n<p>[\/et_pb_toggle][\/et_pb_column][\/et_pb_row][et_pb_row _builder_version=\u00bb4.16&#8243; custom_padding=\u00bb||34px|||\u00bb global_colors_info=\u00bb{}\u00bb][et_pb_column type=\u00bb4_4&#8243; _builder_version=\u00bb4.16&#8243; custom_padding=\u00bb|||\u00bb global_colors_info=\u00bb{}\u00bb custom_padding__hover=\u00bb|||\u00bb][et_pb_text _builder_version=\u00bb4.16&#8243; text_font=\u00bb||||||||\u00bb text_font_size=\u00bb20px\u00bb header_font=\u00bb||||||||\u00bb header_2_font=\u00bb||||||||\u00bb header_2_text_color=\u00bb#00818b\u00bb header_2_font_size=\u00bb55px\u00bb header_4_font=\u00bb|600|||||||\u00bb header_4_text_color=\u00bb#00818b\u00bb header_4_font_size=\u00bb21px\u00bb custom_padding=\u00bb0px|||||\u00bb header_2_font_size_tablet=\u00bb\u00bb header_2_font_size_phone=\u00bb40px\u00bb header_2_font_size_last_edited=\u00bbon|phone\u00bb global_colors_info=\u00bb{}\u00bb]<\/p>\n<h4>Ponencias en simposios y conferencias<\/h4>\n<p>[\/et_pb_text][\/et_pb_column][\/et_pb_row][et_pb_row column_structure=\u00bb1_2,1_2&#8243; use_custom_gutter=\u00bbon\u00bb gutter_width=\u00bb2&#8243; module_class=\u00bbpasdespacesouscolonne\u00bb _builder_version=\u00bb4.16&#8243; custom_padding=\u00bb18px|||||\u00bb global_colors_info=\u00bb{}\u00bb][et_pb_column type=\u00bb1_2&#8243; _builder_version=\u00bb4.16&#8243; custom_padding=\u00bb|||\u00bb global_colors_info=\u00bb{}\u00bb custom_padding__hover=\u00bb|||\u00bb][et_pb_toggle title=\u00bbStakeholders\u2019 engagement in large-scale infrastructure: a way of local governance in territorial planification. Examples in Guinea.  \u00bb open_toggle_background_color=\u00bbrgba(0,0,0,0)\u00bb closed_toggle_text_color=\u00bb#545454&#8243; closed_toggle_background_color=\u00bbrgba(0,0,0,0)\u00bb icon_color=\u00bb#00818b\u00bb open_icon_color=\u00bb#00818b\u00bb _builder_version=\u00bb4.16&#8243; title_font=\u00bbOpen Sans||||||||\u00bb title_font_size=\u00bb14px\u00bb title_letter_spacing=\u00bb1px\u00bb title_line_height=\u00bb1.3em\u00bb body_font=\u00bb||||||||\u00bb body_text_color=\u00bb#6d6d6d\u00bb body_font_size=\u00bb14px\u00bb custom_margin=\u00bb||30px\u00bb global_colors_info=\u00bb{}\u00bb]Rey, P., Petitpierre, M. 2021. Organis\u00e9 par la Commission Geography of Governance de l\u2019Union G\u00e9ographique Internationale et l\u2019Universit\u00e9 Adam Mickiewicz, Poznan, Pologne, sur le sujet \u00ab New challenges of local governance in times of uncertainty and complexity \u00bb.[\/et_pb_toggle][et_pb_toggle title=\u00bbPandemic ethnography. Remotely and collaboratively investigating African dryland communities\u2019 experiences with Covid-19. \u00bb open_toggle_background_color=\u00bbrgba(0,0,0,0)\u00bb closed_toggle_text_color=\u00bb#545454&#8243; closed_toggle_background_color=\u00bbrgba(0,0,0,0)\u00bb icon_color=\u00bb#00818b\u00bb open_icon_color=\u00bb#00818b\u00bb _builder_version=\u00bb4.16&#8243; title_font=\u00bbOpen Sans||||||||\u00bb title_font_size=\u00bb14px\u00bb title_letter_spacing=\u00bb1px\u00bb title_line_height=\u00bb1.3em\u00bb body_font=\u00bb||||||||\u00bb body_text_color=\u00bb#6d6d6d\u00bb body_font_size=\u00bb14px\u00bb custom_margin=\u00bb||30px\u00bb global_colors_info=\u00bb{}\u00bb]Roque de Pinho, J. 2020. Organis\u00e9 par la African Studies Association. 63\u00e8me Conf\u00e9rence annuelle de l\u2019African Studies Association.[\/et_pb_toggle][et_pb_toggle title=\u00bbMining development and territory building in West Africa.\u00bb open_toggle_background_color=\u00bbrgba(0,0,0,0)\u00bb closed_toggle_text_color=\u00bb#545454&#8243; closed_toggle_background_color=\u00bbrgba(0,0,0,0)\u00bb icon_color=\u00bb#00818b\u00bb open_icon_color=\u00bb#00818b\u00bb _builder_version=\u00bb4.16&#8243; title_font=\u00bbOpen Sans||||||||\u00bb title_font_size=\u00bb14px\u00bb title_letter_spacing=\u00bb1px\u00bb title_line_height=\u00bb1.3em\u00bb body_font=\u00bb||||||||\u00bb body_text_color=\u00bb#6d6d6d\u00bb body_font_size=\u00bb14px\u00bb custom_margin=\u00bb||30px\u00bb global_colors_info=\u00bb{}\u00bb]<\/p>\n<p>Rey, P. 2018. Organis\u00e9 par l\u2019Universit\u00e9 Savoie Mont-Blanc, l\u2019Universit\u00e9 de Lorraine et l\u2019Universit\u00e9 du Qu\u00e9bec \u00e0 Montr\u00e9al : Trajectoires socio-environnementales des territoires miniers. Colloque International TRAMIN2018, Chamb\u00e9ry, France.  <\/p>\n<p>[\/et_pb_toggle][et_pb_toggle title=\u00bbPresidential elections in times of Covid-19. The case of Uganda.  \u00bb open_toggle_background_color=\u00bbrgba(0,0,0,0)\u00bb closed_toggle_text_color=\u00bb#545454&#8243; closed_toggle_background_color=\u00bbrgba(0,0,0,0)\u00bb icon_color=\u00bb#00818b\u00bb open_icon_color=\u00bb#00818b\u00bb _builder_version=\u00bb4.16&#8243; title_font=\u00bbOpen Sans||||||||\u00bb title_font_size=\u00bb14px\u00bb title_letter_spacing=\u00bb1px\u00bb title_line_height=\u00bb1.3em\u00bb body_font=\u00bb||||||||\u00bb body_text_color=\u00bb#6d6d6d\u00bb body_font_size=\u00bb14px\u00bb custom_margin=\u00bb||30px\u00bb global_colors_info=\u00bb{}\u00bb]<\/p>\n<p><span>Tallio, V. 20 novembre 2020. Organis\u00e9 par la African Studies Association. 63\u00e8me Conf\u00e9rence annuelle de l\u2019African Studies Association.  <\/span><\/p>\n<p>[\/et_pb_toggle][et_pb_toggle title=\u00bbTour d\u2019horizon en Asie et Afrique.\u00bb open_toggle_background_color=\u00bbrgba(0,0,0,0)\u00bb closed_toggle_text_color=\u00bb#545454&#8243; closed_toggle_background_color=\u00bbrgba(0,0,0,0)\u00bb icon_color=\u00bb#00818b\u00bb open_icon_color=\u00bb#00818b\u00bb _builder_version=\u00bb4.16&#8243; title_font=\u00bbOpen Sans||||||||\u00bb title_font_size=\u00bb14px\u00bb title_letter_spacing=\u00bb1px\u00bb title_line_height=\u00bb1.3em\u00bb body_font=\u00bb||||||||\u00bb body_text_color=\u00bb#6d6d6d\u00bb body_font_size=\u00bb14px\u00bb custom_margin=\u00bb||30px\u00bb global_colors_info=\u00bb{}\u00bb]<\/p>\n<p><span>Rey, P. 2019. Organis\u00e9 par l\u2019Etat-Major sp\u00e9cialis\u00e9 pour l\u2019Outre-Mer et l\u2019Etranger:  <\/span>L\u2019Interculturalit\u00e9 Op\u00e9rationnelle.<span> Paris, France.<\/span><\/p>\n<p>[\/et_pb_toggle][et_pb_toggle title=\u00bbPolitiques de Melkisation et enjeux fonciers au Maroc. \u00bb open_toggle_background_color=\u00bbrgba(0,0,0,0)\u00bb closed_toggle_text_color=\u00bb#545454&#8243; closed_toggle_background_color=\u00bbrgba(0,0,0,0)\u00bb icon_color=\u00bb#00818b\u00bb open_icon_color=\u00bb#00818b\u00bb _builder_version=\u00bb4.16&#8243; title_font=\u00bbOpen Sans||||||||\u00bb title_font_size=\u00bb14px\u00bb title_letter_spacing=\u00bb1px\u00bb title_line_height=\u00bb1.3em\u00bb body_font=\u00bb||||||||\u00bb body_text_color=\u00bb#6d6d6d\u00bb body_font_size=\u00bb14px\u00bb custom_margin=\u00bb||30px\u00bb global_colors_info=\u00bb{}\u00bb]<\/p>\n<p><span>Rey, P., Buchon D. 2019. Organis\u00e9 par le Secr\u00e9tariat International Francophone pour l\u2019Evaluation Environnementale:  <\/span>Evaluation environnementale et enjeux fonciers<em>.<\/em><span> 22e Colloque International en Evaluation Environnementale, Cotonou, B\u00e9nin.<\/span><\/p>\n<p>[\/et_pb_toggle][et_pb_toggle title=\u00bbLes grossesses sur les sites aurif\u00e8res du Sud-ouest du Burkina Faso : Perceptions, gestion et cons\u00e9quences. \u00bb open_toggle_background_color=\u00bbrgba(0,0,0,0)\u00bb closed_toggle_text_color=\u00bb#545454&#8243; closed_toggle_background_color=\u00bbrgba(0,0,0,0)\u00bb icon_color=\u00bb#00818b\u00bb open_icon_color=\u00bb#00818b\u00bb _builder_version=\u00bb4.16&#8243; title_font=\u00bbOpen Sans||||||||\u00bb title_font_size=\u00bb14px\u00bb title_letter_spacing=\u00bb1px\u00bb title_line_height=\u00bb1.3em\u00bb body_font=\u00bb||||||||\u00bb body_text_color=\u00bb#6d6d6d\u00bb body_font_size=\u00bb14px\u00bb custom_margin=\u00bb||30px\u00bb global_colors_info=\u00bb{}\u00bb]<\/p>\n<p><span>Ouedraogo, A. 2019. Organis\u00e9 par le Centre d\u2019Etudes Africaines de l\u2019Universit\u00e9 d\u2019Edimbourg:  <\/span>Connexions et Ruptures en Afrique<span>.<br \/>\n8e Conf\u00e9rence Europ\u00e9enne sur les Etudes Africaines (ECAS2019), Edimbourg, Ecosse. <\/span><\/p>\n<p>[\/et_pb_toggle][et_pb_toggle title=\u00bbT\u00e3ngpogse: women of the hill. Construction of a social status on the South-West gold mining sites (Burkina Faso).  \u00bb open_toggle_background_color=\u00bbrgba(0,0,0,0)\u00bb closed_toggle_text_color=\u00bb#545454&#8243; closed_toggle_background_color=\u00bbrgba(0,0,0,0)\u00bb icon_color=\u00bb#00818b\u00bb open_icon_color=\u00bb#00818b\u00bb _builder_version=\u00bb4.16&#8243; title_font=\u00bbOpen Sans||||||||\u00bb title_font_size=\u00bb14px\u00bb title_letter_spacing=\u00bb1px\u00bb title_line_height=\u00bb1.3em\u00bb body_font=\u00bb||||||||\u00bb body_text_color=\u00bb#6d6d6d\u00bb body_font_size=\u00bb14px\u00bb custom_margin=\u00bb||30px\u00bb global_colors_info=\u00bb{}\u00bb]<\/p>\n<p>Poster scientifique. Ouedraogo, A. 2018. Organis\u00e9 par l\u2019Universit\u00e9 Savoie Mont-Blanc, l\u2019Universit\u00e9 de Lorraine et l\u2019Universit\u00e9 du Qu\u00e9bec \u00e0 Montr\u00e9al : Trajectoires socio-environnementales des territoires miniers. Colloque International TRAMIN2018, Chamb\u00e9ry, France.   <\/p>\n<p>[\/et_pb_toggle][et_pb_toggle title=\u00bbL\u2019importance de la gestion de l\u2019information socio\u00e9conomique pour la mise en \u0153uvre de processus de Responsabilit\u00e9 Territoriale des Entreprises (RTE). \u00bb open_toggle_background_color=\u00bbrgba(0,0,0,0)\u00bb closed_toggle_text_color=\u00bb#545454&#8243; closed_toggle_background_color=\u00bbrgba(0,0,0,0)\u00bb icon_color=\u00bb#00818b\u00bb open_icon_color=\u00bb#00818b\u00bb _builder_version=\u00bb4.16&#8243; title_font=\u00bbOpen Sans||||||||\u00bb title_font_size=\u00bb14px\u00bb title_letter_spacing=\u00bb1px\u00bb title_line_height=\u00bb1.3em\u00bb body_font=\u00bb||||||||\u00bb body_text_color=\u00bb#6d6d6d\u00bb body_font_size=\u00bb14px\u00bb custom_margin=\u00bb||30px\u00bb global_colors_info=\u00bb{}\u00bb]<\/p>\n<p>Arratibel, H. 2018. Organis\u00e9 par l\u2019Universit\u00e9 Javeriana : Simposio sobre Sostenibilidad y Empresa. Bogot\u00e1, Colombie.  <\/p>\n<p>[\/et_pb_toggle][et_pb_toggle title=\u00bbAction Collective et Gestion Territoriale dans les territoires accueillant des projets industriels \u00e0 fort impact. \u00bb open_toggle_background_color=\u00bbrgba(0,0,0,0)\u00bb closed_toggle_text_color=\u00bb#545454&#8243; closed_toggle_background_color=\u00bbrgba(0,0,0,0)\u00bb icon_color=\u00bb#00818b\u00bb open_icon_color=\u00bb#00818b\u00bb _builder_version=\u00bb4.16&#8243; title_font=\u00bbOpen Sans||||||||\u00bb title_font_size=\u00bb14px\u00bb title_letter_spacing=\u00bb1px\u00bb title_line_height=\u00bb1.3em\u00bb body_font=\u00bb||||||||\u00bb body_text_color=\u00bb#6d6d6d\u00bb body_font_size=\u00bb14px\u00bb custom_margin=\u00bb||30px\u00bb global_colors_info=\u00bb{}\u00bb]<\/p>\n<p>Calvo, G. 2018. Forum Origine, Diversit\u00e9 et Territoires : Regards sur les Territoires en Transition. Turin, Italie.  <\/p>\n<p>[\/et_pb_toggle][et_pb_toggle title=\u00bbHybrid natural-cultural Guinean ritual sites and mining company heritagization. \u00bb open_toggle_background_color=\u00bbrgba(0,0,0,0)\u00bb closed_toggle_text_color=\u00bb#545454&#8243; closed_toggle_background_color=\u00bbrgba(0,0,0,0)\u00bb icon_color=\u00bb#00818b\u00bb open_icon_color=\u00bb#00818b\u00bb _builder_version=\u00bb4.16&#8243; title_font=\u00bbOpen Sans||||||||\u00bb title_font_size=\u00bb14px\u00bb title_letter_spacing=\u00bb1px\u00bb title_line_height=\u00bb1.3em\u00bb body_font=\u00bb||||||||\u00bb body_text_color=\u00bb#6d6d6d\u00bb body_font_size=\u00bb14px\u00bb custom_margin=\u00bb||30px\u00bb global_colors_info=\u00bb{}\u00bb]<\/p>\n<p>Fribault M. 2018. Organis\u00e9 par l\u2019Universit\u00e9 de Zhejiang et l\u2019Association of Critical Heritage Studies (ACHS): Heritage Across Borders. 4\u00e8me Conf\u00e9rence biennale ACHS, Hanghzou, Chine.  <\/p>\n<p>[\/et_pb_toggle][et_pb_toggle title=\u00bbBetween pragmatical analogism and technical naturalism: how to paradoxically produce cultural heritage? Imagining an exhibition from a fieldwork experiment in the republic of Guinea. \u00bb open_toggle_background_color=\u00bbrgba(0,0,0,0)\u00bb closed_toggle_text_color=\u00bb#545454&#8243; closed_toggle_background_color=\u00bbrgba(0,0,0,0)\u00bb icon_color=\u00bb#00818b\u00bb open_icon_color=\u00bb#00818b\u00bb _builder_version=\u00bb4.16&#8243; title_font=\u00bbOpen Sans||||||||\u00bb title_font_size=\u00bb14px\u00bb title_letter_spacing=\u00bb1px\u00bb title_line_height=\u00bb1.3em\u00bb body_font=\u00bb||||||||\u00bb body_text_color=\u00bb#6d6d6d\u00bb body_font_size=\u00bb14px\u00bb custom_margin=\u00bb||30px\u00bb global_colors_info=\u00bb{}\u00bb]<\/p>\n<p>Fribault M. et Schoni D. 2018. Organis\u00e9 par l\u2019IUAES (International Union of Anthropological and Ethnological Sciences): World (of) encounters: the past, present and future of Anthropological knowledge. 18i\u00e8me Congr\u00e8s Mondial, Florianopolis, Br\u00e9sil.  <\/p>\n<p>[\/et_pb_toggle][et_pb_toggle title=\u00bbWhat feelings for ritual officiants in contexts of mining heritagization process? \u00bb open_toggle_background_color=\u00bbrgba(0,0,0,0)\u00bb closed_toggle_text_color=\u00bb#545454&#8243; closed_toggle_background_color=\u00bbrgba(0,0,0,0)\u00bb icon_color=\u00bb#00818b\u00bb open_icon_color=\u00bb#00818b\u00bb _builder_version=\u00bb4.16&#8243; title_font=\u00bbOpen Sans||||||||\u00bb title_font_size=\u00bb14px\u00bb title_letter_spacing=\u00bb1px\u00bb title_line_height=\u00bb1.3em\u00bb body_font=\u00bb||||||||\u00bb body_text_color=\u00bb#6d6d6d\u00bb body_font_size=\u00bb14px\u00bb custom_margin=\u00bb||30px\u00bb global_colors_info=\u00bb{}\u00bb]<\/p>\n<p>Exposition photo. Fribault M. 2018. Organis\u00e9 par l\u2019IUAES (International Union of Anthropological and Ethnological Sciences): World (of) encounters: the past, present and future of Anthropological knowledge. 18\u00e8me Congr\u00e8s mondial, Florianopolis, Br\u00e9sil.   <\/p>\n<p>[\/et_pb_toggle][et_pb_toggle title=\u00bbCe que nous apprennent les modalit\u00e9s de gestion des conflits des soci\u00e9t\u00e9s littorales de Guin\u00e9e. Iniquit\u00e9, consensus et conceptions locales de la justice. \u00bb open_toggle_background_color=\u00bbrgba(0,0,0,0)\u00bb closed_toggle_text_color=\u00bb#545454&#8243; closed_toggle_background_color=\u00bbrgba(0,0,0,0)\u00bb icon_color=\u00bb#00818b\u00bb open_icon_color=\u00bb#00818b\u00bb _builder_version=\u00bb4.16&#8243; title_font=\u00bbOpen Sans||||||||\u00bb title_font_size=\u00bb14px\u00bb title_letter_spacing=\u00bb1px\u00bb title_line_height=\u00bb1.3em\u00bb body_font=\u00bb||||||||\u00bb body_text_color=\u00bb#6d6d6d\u00bb body_font_size=\u00bb14px\u00bb custom_margin=\u00bb||30px\u00bb global_colors_info=\u00bb{}\u00bb]<\/p>\n<p>Rey, P. 2018. Organis\u00e9 par la Chaire UNESCO pour la Culture de la Paix et l\u2019Universit\u00e9 F\u00e9lix Houphou\u00ebt Boigny : M\u00e9canismes endog\u00e8nes de pr\u00e9vention, gestion et r\u00e9solution des conflits. Abidjan, C\u00f4te d\u2019Ivoire.  <\/p>\n<p>[\/et_pb_toggle][et_pb_toggle title=\u00bbDe l\u2019empowerment au f\u00e9minin sur les sites aurif\u00e8res du Sud-Ouest du Burkina : Les d\u00e9tentrices de hangars du traitement de l\u2019or. \u00bb open_toggle_background_color=\u00bbrgba(0,0,0,0)\u00bb closed_toggle_text_color=\u00bb#545454&#8243; closed_toggle_background_color=\u00bbrgba(0,0,0,0)\u00bb icon_color=\u00bb#00818b\u00bb open_icon_color=\u00bb#00818b\u00bb _builder_version=\u00bb4.16&#8243; title_font=\u00bbOpen Sans||||||||\u00bb title_font_size=\u00bb14px\u00bb title_letter_spacing=\u00bb1px\u00bb title_line_height=\u00bb1.3em\u00bb body_font=\u00bb||||||||\u00bb body_text_color=\u00bb#6d6d6d\u00bb body_font_size=\u00bb14px\u00bb custom_margin=\u00bb||30px\u00bb global_colors_info=\u00bb{}\u00bb]<\/p>\n<p>Ouedraogo A. 2018. Organis\u00e9 par l\u2019Universit\u00e9 d\u2019Aix-Marseille et en parall\u00e8le des 5i\u00e8mes Rencontres des Etudes Africaines en France (REAF) : Les Afriques en d\u00e9bats. 4\u00e8mes Rencontres des Jeunes Chercheurs en Etudes Africaines (JCEA). Marseille, France.   <\/p>\n<p>[\/et_pb_toggle][et_pb_toggle title=\u00bbL\u2019am\u00e9nagement du territoire \u00e0 travers la collaboration public\/priv\u00e9 dans le cadre du d\u00e9veloppement de projets miniers en Afrique de l\u2019Ouest.\u00bb open_toggle_background_color=\u00bbrgba(0,0,0,0)\u00bb closed_toggle_text_color=\u00bb#545454&#8243; closed_toggle_background_color=\u00bbrgba(0,0,0,0)\u00bb icon_color=\u00bb#00818b\u00bb open_icon_color=\u00bb#00818b\u00bb _builder_version=\u00bb4.16&#8243; title_font=\u00bbOpen Sans||||||||\u00bb title_font_size=\u00bb14px\u00bb title_letter_spacing=\u00bb1px\u00bb title_line_height=\u00bb1.3em\u00bb body_font=\u00bb||||||||\u00bb body_text_color=\u00bb#6d6d6d\u00bb body_font_size=\u00bb14px\u00bb custom_margin=\u00bb||30px\u00bb global_colors_info=\u00bb{}\u00bb]<\/p>\n<p>Rey, P. 2018. Organis\u00e9 par le METIS, l\u2019UMR CREM, l\u2019UMR IDEES, et le NIMEC : Les acteurs \u00e9conomiques et la r\u00e9gionalisation. 55\u00e8me colloque de l\u2019Association de Science R\u00e9gionale de Langue Fran\u00e7aise (ASRDLF). Caen, France.   <\/p>\n<p>[\/et_pb_toggle][et_pb_toggle title=\u00bbAm\u00e9nagement du territoire en milieu rural : D\u00e9possession fonci\u00e8re ou strat\u00e9gie en faveur d\u2019une gestion durable des ressources dans la zone pastorale Tapoa-Boopo ? (R\u00e9gion de l\u2019Est du Burkina Faso). \u00bb open_toggle_background_color=\u00bbrgba(0,0,0,0)\u00bb closed_toggle_text_color=\u00bb#545454&#8243; closed_toggle_background_color=\u00bbrgba(0,0,0,0)\u00bb icon_color=\u00bb#00818b\u00bb open_icon_color=\u00bb#00818b\u00bb _builder_version=\u00bb4.16&#8243; title_font=\u00bbOpen Sans||||||||\u00bb title_font_size=\u00bb14px\u00bb title_letter_spacing=\u00bb1px\u00bb title_line_height=\u00bb1.3em\u00bb body_font=\u00bb||||||||\u00bb body_text_color=\u00bb#6d6d6d\u00bb body_font_size=\u00bb14px\u00bb custom_margin=\u00bb||30px\u00bb global_colors_info=\u00bb{}\u00bb]<\/p>\n<p>Kambire Y. 2018. Organis\u00e9 par la Chaire UNESCO \u00ab D\u00e9fis partages du d\u00e9veloppement : savoir, comprendre, agir \u00bb et l\u2019Universit\u00e9 G\u00e9n\u00e9ral Lansana Conte de Sonfonio-Conakry : Probl\u00e9matique fonci\u00e8re et perspective de d\u00e9veloppement durable : quels d\u00e9fis pour l\u2019Afrique ? Journ\u00e9e d\u2019\u00e9tude internationale, Conakry, Guin\u00e9e.  <\/p>\n<p>[\/et_pb_toggle][\/et_pb_column][et_pb_column type=\u00bb1_2&#8243; _builder_version=\u00bb4.16&#8243; custom_padding=\u00bb|||\u00bb global_colors_info=\u00bb{}\u00bb custom_padding__hover=\u00bb|||\u00bb][et_pb_toggle title=\u00bbFirst-class and second-class city dwellers ? Disparity of urban governance in the context of expropriations in Conakry. \u00bb open_toggle_background_color=\u00bbrgba(0,0,0,0)\u00bb closed_toggle_text_color=\u00bb#545454&#8243; closed_toggle_background_color=\u00bbrgba(0,0,0,0)\u00bb icon_color=\u00bb#00818b\u00bb open_icon_color=\u00bb#00818b\u00bb _builder_version=\u00bb4.16&#8243; title_font=\u00bbOpen Sans||||||||\u00bb title_font_size=\u00bb14px\u00bb title_letter_spacing=\u00bb1px\u00bb title_line_height=\u00bb1.3em\u00bb body_font=\u00bb||||||||\u00bb body_text_color=\u00bb#6d6d6d\u00bb body_font_size=\u00bb14px\u00bb custom_margin=\u00bb||30px\u00bb global_colors_info=\u00bb{}\u00bb]Rey, P., Petitpierre, M. 2020. Organis\u00e9 par l\u2019European Regional Science Association (ERSA), sur le sujet \u00ab Spatial Challenges for the New World \u00bb.[\/et_pb_toggle][et_pb_toggle title=\u00bbThe Invisible Black Swan: How COVID-19 changed the World? The situation of Burkina Faso and West Africa. \u00bb open_toggle_background_color=\u00bbrgba(0,0,0,0)\u00bb closed_toggle_text_color=\u00bb#545454&#8243; closed_toggle_background_color=\u00bbrgba(0,0,0,0)\u00bb icon_color=\u00bb#00818b\u00bb open_icon_color=\u00bb#00818b\u00bb _builder_version=\u00bb4.16&#8243; title_font=\u00bbOpen Sans||||||||\u00bb title_font_size=\u00bb14px\u00bb title_letter_spacing=\u00bb1px\u00bb title_line_height=\u00bb1.3em\u00bb body_font=\u00bb||||||||\u00bb body_text_color=\u00bb#6d6d6d\u00bb body_font_size=\u00bb14px\u00bb custom_margin=\u00bb||30px\u00bb global_colors_info=\u00bb{}\u00bb]Tallio, V. 4 d\u00e9cembre 2020. Sommet virtuel 2020 Africa Think Tank.[\/et_pb_toggle][et_pb_toggle title=\u00bbL\u2019int\u00e9gration sociale dans la planification environementale.\u00bb open_toggle_background_color=\u00bbrgba(0,0,0,0)\u00bb closed_toggle_text_color=\u00bb#545454&#8243; closed_toggle_background_color=\u00bbrgba(0,0,0,0)\u00bb icon_color=\u00bb#00818b\u00bb open_icon_color=\u00bb#00818b\u00bb _builder_version=\u00bb4.16&#8243; title_font=\u00bbOpen Sans||||||||\u00bb title_font_size=\u00bb14px\u00bb title_letter_spacing=\u00bb1px\u00bb title_line_height=\u00bb1.3em\u00bb body_font=\u00bb||||||||\u00bb body_text_color=\u00bb#6d6d6d\u00bb body_font_size=\u00bb14px\u00bb custom_margin=\u00bb||30px\u00bb global_colors_info=\u00bb{}\u00bb]<\/p>\n<p><span>Levrel, A., Nicot, M., et Tallio, V. 27 novembre 2020. Colloque international \u00ab Dialogues et savoir-faire : construction des connaissances autour des enjeux et d\u00e9fis \u00e9cologiques \u00e0 Madagascar et dans l\u2019Oc\u00e9an Indien \u00bb, Universit\u00e9 d\u2019Antsiranana, Madagascar. <\/span><\/p>\n<p>[\/et_pb_toggle][et_pb_toggle title=\u00bbEnjeux du foncier en Afrique: un \u00e9tat des lieux. \u00bb open_toggle_background_color=\u00bbrgba(0,0,0,0)\u00bb closed_toggle_text_color=\u00bb#545454&#8243; closed_toggle_background_color=\u00bbrgba(0,0,0,0)\u00bb icon_color=\u00bb#00818b\u00bb open_icon_color=\u00bb#00818b\u00bb _builder_version=\u00bb4.16&#8243; title_font=\u00bbOpen Sans||||||||\u00bb title_font_size=\u00bb14px\u00bb title_letter_spacing=\u00bb1px\u00bb title_line_height=\u00bb1.3em\u00bb body_font=\u00bb||||||||\u00bb body_text_color=\u00bb#6d6d6d\u00bb body_font_size=\u00bb14px\u00bb custom_margin=\u00bb||30px\u00bb global_colors_info=\u00bb{}\u00bb]<\/p>\n<p><span>Hochet, P. 2019. Organis\u00e9 par le Secr\u00e9tariat International Francophone pour l\u2019Evaluation Environnementale:  <\/span>Evaluation environnementale et enjeux fonciers.<span> 22e Colloque International en Evaluation Environnementale, Cotonou, B\u00e9nin.<\/span><\/p>\n<p>[\/et_pb_toggle][et_pb_toggle title=\u00bbEtudes fonci\u00e8res et besoins l\u00e9gaux: quelles pratiques pour une vraie int\u00e9gration d\u2019un projet \u00e0 son territoire ? \u00bb open_toggle_background_color=\u00bbrgba(0,0,0,0)\u00bb closed_toggle_text_color=\u00bb#545454&#8243; closed_toggle_background_color=\u00bbrgba(0,0,0,0)\u00bb icon_color=\u00bb#00818b\u00bb open_icon_color=\u00bb#00818b\u00bb _builder_version=\u00bb4.16&#8243; title_font=\u00bbOpen Sans||||||||\u00bb title_font_size=\u00bb14px\u00bb title_letter_spacing=\u00bb1px\u00bb title_line_height=\u00bb1.3em\u00bb body_font=\u00bb||||||||\u00bb body_text_color=\u00bb#6d6d6d\u00bb body_font_size=\u00bb14px\u00bb custom_margin=\u00bb||30px\u00bb global_colors_info=\u00bb{}\u00bb]<\/p>\n<p><span>Rey, P., Jeanne I. 2019. Organis\u00e9 par le Secr\u00e9tariat International Francophone pour l\u2019Evaluation Environnementale:  <\/span>Evaluation environnementale et enjeux fonciers<em>.<\/em><span> 22e Colloque International en Evaluation Environnementale, Cotonou, B\u00e9nin.<\/span><\/p>\n<p>[\/et_pb_toggle][et_pb_toggle title=\u00bbGouvernance locale et urbaine: tendances, d\u00e9fis et innovations \u00e0 l\u2019heure de la mondialisation.\u00bb open_toggle_background_color=\u00bbrgba(0,0,0,0)\u00bb closed_toggle_text_color=\u00bb#545454&#8243; closed_toggle_background_color=\u00bbrgba(0,0,0,0)\u00bb icon_color=\u00bb#00818b\u00bb open_icon_color=\u00bb#00818b\u00bb _builder_version=\u00bb4.16&#8243; title_font=\u00bbOpen Sans||||||||\u00bb title_font_size=\u00bb14px\u00bb title_letter_spacing=\u00bb1px\u00bb title_line_height=\u00bb1.3em\u00bb body_font=\u00bb||||||||\u00bb body_text_color=\u00bb#6d6d6d\u00bb body_font_size=\u00bb14px\u00bb custom_margin=\u00bb||30px\u00bb global_colors_info=\u00bb{}\u00bb]<\/p>\n<p><span>Rey, P., Petitpierre, M. 2019. Organis\u00e9 par la Commission Geography of Governance de l\u2019Union G\u00e9ographique Internationale et l\u2019Universit\u00e9 du Cap-Vert. Praia, Cap-Vert.  <\/span><\/p>\n<p>[\/et_pb_toggle][et_pb_toggle title=\u00bbFirst evidence of Middle Stone Age in Guinea, West Africa. \u00bb open_toggle_background_color=\u00bbrgba(0,0,0,0)\u00bb closed_toggle_text_color=\u00bb#545454&#8243; closed_toggle_background_color=\u00bbrgba(0,0,0,0)\u00bb icon_color=\u00bb#00818b\u00bb open_icon_color=\u00bb#00818b\u00bb _builder_version=\u00bb4.16&#8243; title_font=\u00bbOpen Sans||||||||\u00bb title_font_size=\u00bb14px\u00bb title_letter_spacing=\u00bb1px\u00bb title_line_height=\u00bb1.3em\u00bb body_font=\u00bb||||||||\u00bb body_text_color=\u00bb#6d6d6d\u00bb body_font_size=\u00bb14px\u00bb custom_margin=\u00bb||30px\u00bb global_colors_info=\u00bb{}\u00bb]<\/p>\n<p>Pollarolo, L. 2016. Organis\u00e9 par le SAfA (Society of Africanist Archaeologists): Middle Stone Age\/Later Stone Age in subsaharian areas. Toulouse, France.  <\/p>\n<p>[\/et_pb_toggle][et_pb_toggle title=\u00bbLe secret comme s\u00e9cr\u00e9tion ou le r\u00e9cit paradoxal d\u2019un \u00ab patrimoine vivant \u00bb. \u00bb open_toggle_background_color=\u00bbrgba(0,0,0,0)\u00bb closed_toggle_text_color=\u00bb#545454&#8243; closed_toggle_background_color=\u00bbrgba(0,0,0,0)\u00bb icon_color=\u00bb#00818b\u00bb open_icon_color=\u00bb#00818b\u00bb _builder_version=\u00bb4.16&#8243; title_font=\u00bbOpen Sans||||||||\u00bb title_font_size=\u00bb14px\u00bb title_letter_spacing=\u00bb1px\u00bb title_line_height=\u00bb1.3em\u00bb body_font=\u00bb||||||||\u00bb body_text_color=\u00bb#6d6d6d\u00bb body_font_size=\u00bb14px\u00bb custom_margin=\u00bb||30px\u00bb global_colors_info=\u00bb{}\u00bb]<\/p>\n<p>Fribault, M., Schoeni, D. 2016. Organis\u00e9 par l\u2019Universit\u00e9 du Qu\u00e9bec \u00e0 Montr\u00e9al et l\u2019ACHS (Association of Critical Heritage Studies) : Le patrimoine, \u00e7a change quoi ? Montr\u00e9al, Canada.  <\/p>\n<p>[\/et_pb_toggle][et_pb_toggle title=\u00bbPenser l\u2019am\u00e9nagement du territoire et le lien urbain-rural dans le cadre du d\u00e9veloppement de projets miniers en Afrique de l\u2019Ouest.\u00bb open_toggle_background_color=\u00bbrgba(0,0,0,0)\u00bb closed_toggle_text_color=\u00bb#545454&#8243; closed_toggle_background_color=\u00bbrgba(0,0,0,0)\u00bb icon_color=\u00bb#00818b\u00bb open_icon_color=\u00bb#00818b\u00bb _builder_version=\u00bb4.16&#8243; title_font=\u00bbOpen Sans||||||||\u00bb title_font_size=\u00bb14px\u00bb title_letter_spacing=\u00bb1px\u00bb title_line_height=\u00bb1.3em\u00bb body_font=\u00bb||||||||\u00bb body_text_color=\u00bb#6d6d6d\u00bb body_font_size=\u00bb14px\u00bb custom_margin=\u00bb||30px\u00bb global_colors_info=\u00bb{}\u00bb]<\/p>\n<p>Rey, P. 2016. Organis\u00e9 par l\u2019Universit\u00e9 de Toulouse et l\u2019UMR Dynamiques rurales : La Renaissance rurale d\u2019un si\u00e8cle \u00e0 l\u2019autre ? Toulouse, France.  <\/p>\n<p>[\/et_pb_toggle][et_pb_toggle title=\u00bbSustainable cities in mining context in West Africa: how to involve different stakeholders on a common project? \u00bb open_toggle_background_color=\u00bbrgba(0,0,0,0)\u00bb closed_toggle_text_color=\u00bb#545454&#8243; closed_toggle_background_color=\u00bbrgba(0,0,0,0)\u00bb icon_color=\u00bb#00818b\u00bb open_icon_color=\u00bb#00818b\u00bb _builder_version=\u00bb4.16&#8243; title_font=\u00bbOpen Sans||||||||\u00bb title_font_size=\u00bb14px\u00bb title_letter_spacing=\u00bb1px\u00bb title_line_height=\u00bb1.3em\u00bb body_font=\u00bb||||||||\u00bb body_text_color=\u00bb#6d6d6d\u00bb body_font_size=\u00bb14px\u00bb custom_margin=\u00bb||30px\u00bb global_colors_info=\u00bb{}\u00bb]<\/p>\n<p>Rey, P., Weber, A. 2016. Organis\u00e9 par l\u2019Universit\u00e9 d\u2019Utrecht et l\u2019IDS (International Development Studies): Large-scale land acquisition in the context of urban sprawl and climate change: Linking the Rural and the Urban. Utrecht, Pays bas.  <\/p>\n<p>[\/et_pb_toggle][et_pb_toggle title=\u00bbEbola en Guin\u00e9e, l\u2019exp\u00e9rience d\u2019une crise sociale : des r\u00e9gimes de doutes et des r\u00e9ticences \u00e0 des actions d\u2019autosensibilisation informelle communautaires.\u00bb open_toggle_background_color=\u00bbrgba(0,0,0,0)\u00bb closed_toggle_text_color=\u00bb#545454&#8243; closed_toggle_background_color=\u00bbrgba(0,0,0,0)\u00bb icon_color=\u00bb#00818b\u00bb open_icon_color=\u00bb#00818b\u00bb _builder_version=\u00bb4.16&#8243; title_font=\u00bbOpen Sans||||||||\u00bb title_font_size=\u00bb14px\u00bb title_letter_spacing=\u00bb1px\u00bb title_line_height=\u00bb1.3em\u00bb body_font=\u00bb||||||||\u00bb body_text_color=\u00bb#6d6d6d\u00bb body_font_size=\u00bb14px\u00bb custom_margin=\u00bb||30px\u00bb global_colors_info=\u00bb{}\u00bb]<\/p>\n<p>Fribault, M. 2015. Organis\u00e9 par l\u2019IRD et le CRCF (Centre R\u00e9gional de Recherche et de Formation \u00e0 la prise en charge de Fann) : Epid\u00e9mie d\u2019Ebola en Afrique de l\u2019Ouest, approches ethnosociales compar\u00e9es. Dakar, S\u00e9n\u00e9gal.  <\/p>\n<p>[\/et_pb_toggle][et_pb_toggle title=\u00bbInnovations techniques, r\u00e9gulation, conflit. Regards crois\u00e9s sur l\u2019extraction artisanale au Burkina Faso et en Guin\u00e9e.  \u00bb open_toggle_background_color=\u00bbrgba(0,0,0,0)\u00bb closed_toggle_text_color=\u00bb#545454&#8243; closed_toggle_background_color=\u00bbrgba(0,0,0,0)\u00bb icon_color=\u00bb#00818b\u00bb open_icon_color=\u00bb#00818b\u00bb _builder_version=\u00bb4.16&#8243; title_font=\u00bbOpen Sans||||||||\u00bb title_font_size=\u00bb14px\u00bb title_letter_spacing=\u00bb1px\u00bb title_line_height=\u00bb1.3em\u00bb body_font=\u00bb||||||||\u00bb body_text_color=\u00bb#6d6d6d\u00bb body_font_size=\u00bb14px\u00bb custom_margin=\u00bb||30px\u00bb global_colors_info=\u00bb{}\u00bb]<\/p>\n<p>Arnaldi, L. 2015. Organis\u00e9 par l\u2019ISSP (Institut Sup\u00e9rieur des Sciences de la Population) et l\u2019Universit\u00e9 de Ouagadougou : Acc\u00e8s aux ressources en Afrique de l\u2019Ouest. Quelles durabilit\u00e9s pour quelles conflictualit\u00e9s ? Ouagadougou, Burkina Faso.   <\/p>\n<p>[\/et_pb_toggle][et_pb_toggle title=\u00bbNouvelles formes de penser et faire de la Responsabilit\u00e9 Sociale des Entreprises dans le secteur p\u00e9trolier.\u00bb open_toggle_background_color=\u00bbrgba(0,0,0,0)\u00bb closed_toggle_text_color=\u00bb#545454&#8243; closed_toggle_background_color=\u00bbrgba(0,0,0,0)\u00bb icon_color=\u00bb#00818b\u00bb open_icon_color=\u00bb#00818b\u00bb _builder_version=\u00bb4.16&#8243; title_font=\u00bbOpen Sans||||||||\u00bb title_font_size=\u00bb14px\u00bb title_letter_spacing=\u00bb1px\u00bb title_line_height=\u00bb1.3em\u00bb body_font=\u00bb||||||||\u00bb body_text_color=\u00bb#6d6d6d\u00bb body_font_size=\u00bb14px\u00bb custom_margin=\u00bb||30px\u00bb global_colors_info=\u00bb{}\u00bb]<\/p>\n<p>Calvo, G. 2015. Organis\u00e9 par l\u2019Association Equatorienne des Industries d\u2019Hydrocarbures : Nouvelles formes de penser et faire de la Responsabilit\u00e9 Sociale des Entreprises. Quito, Equateur.  <\/p>\n<p>[\/et_pb_toggle][et_pb_toggle title=\u00bbWhen mining companies take on the Government\u2019s role. Risks and contributions of public-private collaboration in urban and regional management.  \u00bb open_toggle_background_color=\u00bbrgba(0,0,0,0)\u00bb closed_toggle_text_color=\u00bb#545454&#8243; closed_toggle_background_color=\u00bbrgba(0,0,0,0)\u00bb icon_color=\u00bb#00818b\u00bb open_icon_color=\u00bb#00818b\u00bb _builder_version=\u00bb4.16&#8243; title_font=\u00bbOpen Sans||||||||\u00bb title_font_size=\u00bb14px\u00bb title_letter_spacing=\u00bb1px\u00bb title_line_height=\u00bb1.3em\u00bb body_font=\u00bb||||||||\u00bb body_text_color=\u00bb#6d6d6d\u00bb body_font_size=\u00bb14px\u00bb custom_margin=\u00bb||30px\u00bb global_colors_info=\u00bb{}\u00bb]<\/p>\n<p>Rey, P., Weber, A. 2015. Organis\u00e9 par l\u2019Institut de G\u00e9ographie et de Planification Spatiale (Universit\u00e9 de Lisbonne) : Local Government and Urban Governance: Citizen Responsive Innovations in Europe and in Africa. Lisbonne, Portugal.  <\/p>\n<p>[\/et_pb_toggle][et_pb_toggle title=\u00bbCorporate Social Responsibility and Patrimonialization of Localized Cultural Practices in West Africa. \u00bb open_toggle_background_color=\u00bbrgba(0,0,0,0)\u00bb closed_toggle_text_color=\u00bb#545454&#8243; closed_toggle_background_color=\u00bbrgba(0,0,0,0)\u00bb icon_color=\u00bb#00818b\u00bb open_icon_color=\u00bb#00818b\u00bb _builder_version=\u00bb4.16&#8243; title_font=\u00bbOpen Sans||||||||\u00bb title_font_size=\u00bb14px\u00bb title_letter_spacing=\u00bb1px\u00bb title_line_height=\u00bb1.3em\u00bb body_font=\u00bb||||||||\u00bb body_text_color=\u00bb#6d6d6d\u00bb body_font_size=\u00bb14px\u00bb custom_margin=\u00bb||30px\u00bb global_colors_info=\u00bb{}\u00bb]<\/p>\n<p>Rey, P., Fribault, M. 2014. Organis\u00e9 par the Institute of Cultural Anthropology and Development Sociology (Universit\u00e9 de Leiden): From Corporate Paternalism to Corporate Social Responsibility (CSR): Mining, History and Heritage. Leiden Pays Bas.  <\/p>\n<p>[\/et_pb_toggle][et_pb_toggle title=\u00bbLa gestion sociale dans le secteur p\u00e9trolier. \u00bb open_toggle_background_color=\u00bbrgba(0,0,0,0)\u00bb closed_toggle_text_color=\u00bb#545454&#8243; closed_toggle_background_color=\u00bbrgba(0,0,0,0)\u00bb icon_color=\u00bb#00818b\u00bb open_icon_color=\u00bb#00818b\u00bb _builder_version=\u00bb4.16&#8243; title_font=\u00bbOpen Sans||||||||\u00bb title_font_size=\u00bb14px\u00bb title_letter_spacing=\u00bb1px\u00bb title_line_height=\u00bb1.3em\u00bb body_font=\u00bb||||||||\u00bb body_text_color=\u00bb#6d6d6d\u00bb body_font_size=\u00bb14px\u00bb custom_margin=\u00bb||30px\u00bb global_colors_info=\u00bb{}\u00bb]<\/p>\n<p>Calvo, G. 2014. Organis\u00e9 par Universit\u00e9 de l\u2019Externado, Bogot\u00e1 : Responsabilit\u00e9 Sociale des Entreprises dans le secteur p\u00e9trolier. Bogot\u00e1, Colombie.  <\/p>\n<p>[\/et_pb_toggle][et_pb_toggle title=\u00bbLes contours d\u2019une op\u00e9ration de titularisation fonci\u00e8re promue par l\u2019industrie mini\u00e8re. Emergence d\u2019une question fonci\u00e8re et strat\u00e9gies locales d\u2019affirmation des droits (Guin\u00e9e Maritime). \u00bb open_toggle_background_color=\u00bbrgba(0,0,0,0)\u00bb closed_toggle_text_color=\u00bb#545454&#8243; closed_toggle_background_color=\u00bbrgba(0,0,0,0)\u00bb icon_color=\u00bb#00818b\u00bb open_icon_color=\u00bb#00818b\u00bb _builder_version=\u00bb4.16&#8243; title_font=\u00bbOpen Sans||||||||\u00bb title_font_size=\u00bb14px\u00bb title_letter_spacing=\u00bb1px\u00bb title_line_height=\u00bb1.3em\u00bb body_font=\u00bb||||||||\u00bb body_text_color=\u00bb#6d6d6d\u00bb body_font_size=\u00bb14px\u00bb custom_margin=\u00bb||30px\u00bb global_colors_info=\u00bb{}\u00bb]<\/p>\n<p>Arnaldi, L. 2012. Organis\u00e9 par l\u2019ASAI (Association pour les \u00e9tudes Africaines en Italie) : Colloque international d\u2019Etudes africaines. Pavia, Italie.  <\/p>\n<p>[\/et_pb_toggle][\/et_pb_column][\/et_pb_row][\/et_pb_section][et_pb_section fb_built=\u00bb1&#8243; _builder_version=\u00bb4.16&#8243; background_color=\u00bbrgba(177,227,227,0.25)\u00bb custom_padding=\u00bb0|0px|0|0px|false|false\u00bb global_colors_info=\u00bb{}\u00bb][et_pb_row column_structure=\u00bb1_2,1_2&#8243; use_custom_gutter=\u00bbon\u00bb gutter_width=\u00bb1&#8243; make_equal=\u00bbon\u00bb module_class=\u00bb et_pb_row_fullwidth\u00bb _builder_version=\u00bb4.16&#8243; background_color=\u00bb#00818b\u00bb use_background_color_gradient=\u00bbon\u00bb background_color_gradient_overlays_image=\u00bbon\u00bb width=\u00bb100%\u00bb width_tablet=\u00bb100%\u00bb width_phone=\u00bb\u00bb width_last_edited=\u00bbon|desktop\u00bb max_width=\u00bb100%\u00bb max_width_tablet=\u00bb100%\u00bb max_width_phone=\u00bb\u00bb max_width_last_edited=\u00bbon|desktop\u00bb custom_padding=\u00bb0|0px|0|0px|false|false\u00bb make_fullwidth=\u00bbon\u00bb global_colors_info=\u00bb{}\u00bb][et_pb_column type=\u00bb1_2&#8243; _builder_version=\u00bb4.16&#8243; background_color=\u00bb#b1e3e3&#8243; custom_padding=\u00bb50px||50px|\u00bb global_colors_info=\u00bb{}\u00bb custom_padding__hover=\u00bb|||\u00bb][et_pb_cta title=\u00bb\u00bfEn qu\u00e9 podemos ayudarlo?\u00bb button_url=\u00bbhttps:\/\/www.insuco.com\/es\/servicios\/\u00bb button_text=\u00bbDescubra nuestros servicios\u00bb _builder_version=\u00bb3.26&#8243; header_font=\u00bb||||||||\u00bb header_font_size=\u00bb34px\u00bb body_font=\u00bb||||||||\u00bb body_text_color=\u00bb#545454&#8243; background_color=\u00bbrgba(89,175,181,0)\u00bb background_layout=\u00bblight\u00bb max_width=\u00bb600px\u00bb module_alignment=\u00bbcenter\u00bb animation_style=\u00bbslide\u00bb link_option_url=\u00bb#\u00bb saved_tabs=\u00bball\u00bb global_colors_info=\u00bb{}\u00bb]<\/p>\n<p>A trav\u00e9s de enfoques efectivos basados en nuestro profundo conocimiento de los desaf\u00edos de nuestros clientes y de los contextos locales, proveemos soporte a los actores privados, p\u00fablicos y de la sociedad civil en sus diferentes problem\u00e1ticas.<\/p>\n<p>[\/et_pb_cta][\/et_pb_column][et_pb_column type=\u00bb1_2&#8243; _builder_version=\u00bb4.16&#8243; background_color=\u00bbrgba(0,129,139,0)\u00bb use_background_color_gradient=\u00bbon\u00bb background_color_gradient_stops=\u00bbrgba(0,129,139,0.69) 0%|rgba(0,129,139,0.58) 100%\u00bb background_color_gradient_overlays_image=\u00bbon\u00bb background_color_gradient_start=\u00bbrgba(0,129,139,0.69)\u00bb background_color_gradient_end=\u00bbrgba(0,129,139,0.58)\u00bb background_image=\u00bbhttps:\/\/www.insuco.com\/wp-content\/uploads\/2019\/04\/Siguiri-II.jpg\u00bb custom_padding=\u00bb50px||50px|\u00bb global_colors_info=\u00bb{}\u00bb custom_padding__hover=\u00bb|||\u00bb][et_pb_cta title=\u00bbNuestros sectores de intervenci\u00f3n\u00bb button_url=\u00bbhttps:\/\/www.insuco.com\/es\/sectores\/\u00bb button_text=\u00bbDescubra nuestros sectores\u00bb _builder_version=\u00bb4.18.0&#8243; header_font=\u00bb||||||||\u00bb header_text_color=\u00bb#ffffff\u00bb header_font_size=\u00bb34px\u00bb body_font=\u00bb||||||||\u00bb body_text_color=\u00bb#ffffff\u00bb background_color=\u00bbrgba(89,175,181,0)\u00bb custom_button=\u00bbon\u00bb button_bg_color=\u00bb#59afb5&#8243; button_border_color=\u00bb#59afb5&#8243; button_font=\u00bb||||||||\u00bb background_layout=\u00bblight\u00bb max_width=\u00bb600px\u00bb module_alignment=\u00bbcenter\u00bb animation_style=\u00bbzoom\u00bb link_option_url=\u00bbhttps:\/\/www.insuco.com\/es\/sectores\/\u00bb saved_tabs=\u00bball\u00bb global_colors_info=\u00bb{}\u00bb]<\/p>\n<p>Asesoramos actores de diversos sectores en su comprensi\u00f3n de los retos sociales y contextos locales. Durante 13 a\u00f1os, casi 350 organizaciones han confiado en nosotros. <\/p>\n<p>[\/et_pb_cta][\/et_pb_column][\/et_pb_row][\/et_pb_section][et_pb_section fb_built=\u00bb1&#8243; fullwidth=\u00bbon\u00bb _builder_version=\u00bb4.16&#8243; module_alignment=\u00bbcenter\u00bb custom_margin=\u00bb||\u00bb custom_padding=\u00bb0|0px|0px|0px|false|false\u00bb box_shadow_style=\u00bbpreset3&#8243; global_colors_info=\u00bb{}\u00bb][et_pb_fullwidth_portfolio show_date=\u00bboff\u00bb zoom_icon_color=\u00bb#00818b\u00bb hover_overlay_color=\u00bbrgba(255,255,255,0.83)\u00bb hover_icon=\u00bb&#xe050;||divi||400&#8243; _builder_version=\u00bb4.16&#8243; title_font=\u00bb||||||||\u00bb title_font_size=\u00bb21px\u00bb caption_font=\u00bb||||||||\u00bb auto=\u00bbon\u00bb auto_speed=\u00bb5000&#8243; global_colors_info=\u00bb{}\u00bb][\/et_pb_fullwidth_portfolio][\/et_pb_section][et_pb_section fb_built=\u00bb1&#8243; _builder_version=\u00bb4.16&#8243; background_color=\u00bb#00818b\u00bb custom_padding=\u00bb78px|||||\u00bb global_colors_info=\u00bb{}\u00bb][et_pb_row _builder_version=\u00bb4.16&#8243; custom_padding=\u00bb0|0px|1px|0px|false|false\u00bb global_colors_info=\u00bb{}\u00bb][et_pb_column type=\u00bb4_4&#8243; _builder_version=\u00bb4.16&#8243; custom_padding=\u00bb|||\u00bb global_colors_info=\u00bb{}\u00bb custom_padding__hover=\u00bb|||\u00bb][et_pb_text _builder_version=\u00bb4.16&#8243; header_font=\u00bb||||||||\u00bb header_2_font=\u00bb||||||||\u00bb header_2_text_align=\u00bbcenter\u00bb header_2_text_color=\u00bb#ffffff\u00bb header_2_font_size=\u00bb34px\u00bb header_2_font_size_tablet=\u00bb\u00bb header_2_font_size_phone=\u00bb30px\u00bb header_2_font_size_last_edited=\u00bbon|phone\u00bb global_colors_info=\u00bb{}\u00bb]<\/p>\n<h2>Descubra nuestros proyectos<\/h2>\n<p>[\/et_pb_text][et_pb_button button_url=\u00bbhttps:\/\/www.insuco.com\/es\/proyectos-recientes-y-en-curso\/\u00bb button_text=\u00bbTodos nuestros proyectos\u00bb button_alignment=\u00bbcenter\u00bb _builder_version=\u00bb4.16&#8243; custom_button=\u00bbon\u00bb button_bg_color=\u00bb#59afb5&#8243; button_border_color=\u00bb#59afb5&#8243; button_font=\u00bb||||||||\u00bb custom_margin=\u00bb30px|50px|30px|50px\u00bb global_colors_info=\u00bb{}\u00bb][\/et_pb_button][\/et_pb_column][\/et_pb_row][\/et_pb_section]<\/p>\n","protected":false},"excerpt":{"rendered":"<p>\u00bfQui\u00e9nes somos?Investigaci\u00f3n y Desarrollo PrincipiosLa Investigaci\u00f3n y Desarrollo forma parte del ADN de Insuco, que cuenta con investigadores de alto nivel en sus equipos fundadores. Nuestro enfoque experimental, centrado en la investigaci\u00f3n aplicada y fuerza impulsora de la innovaci\u00f3n, se nutre de nuestra experiencia y trabajos, que compartimos a trav\u00e9s de diversas publicaciones cient\u00edficas y [&hellip;]<\/p>\n","protected":false},"author":1,"featured_media":0,"parent":0,"menu_order":0,"comment_status":"closed","ping_status":"closed","template":"","meta":{"_acf_changed":false,"_et_pb_use_builder":"on","_et_pb_old_content":"","_et_gb_content_width":"","footnotes":""},"class_list":["post-22146","page","type-page","status-publish","hentry"],"acf":[],"yoast_head":"<!-- This site is optimized with the Yoast SEO plugin v26.0 - https:\/\/yoast.com\/wordpress\/plugins\/seo\/ -->\n<title>Investigaci\u00f3n y Desarrollo - Insuco<\/title>\n<meta name=\"robots\" content=\"index, follow, max-snippet:-1, max-image-preview:large, max-video-preview:-1\" \/>\n<link rel=\"canonical\" href=\"https:\/\/www.insuco.com\/es\/investigacion-desarrollo\/\" \/>\n<meta property=\"og:locale\" content=\"es_ES\" \/>\n<meta property=\"og:type\" content=\"article\" \/>\n<meta property=\"og:title\" content=\"Investigaci\u00f3n y Desarrollo - Insuco\" \/>\n<meta property=\"og:description\" content=\"\u00bfQui\u00e9nes somos?Investigaci\u00f3n y Desarrollo PrincipiosLa Investigaci\u00f3n y Desarrollo forma parte del ADN de Insuco, que cuenta con investigadores de alto nivel en sus equipos fundadores. Nuestro enfoque experimental, centrado en la investigaci\u00f3n aplicada y fuerza impulsora de la innovaci\u00f3n, se nutre de nuestra experiencia y trabajos, que compartimos a trav\u00e9s de diversas publicaciones cient\u00edficas y [&hellip;]\" \/>\n<meta property=\"og:url\" content=\"https:\/\/www.insuco.com\/es\/investigacion-desarrollo\/\" \/>\n<meta property=\"og:site_name\" content=\"Insuco\" \/>\n<meta property=\"article:modified_time\" content=\"2024-08-07T07:58:13+00:00\" \/>\n<meta name=\"twitter:card\" content=\"summary_large_image\" \/>\n<meta name=\"twitter:label1\" content=\"Tiempo de lectura\" \/>\n\t<meta name=\"twitter:data1\" content=\"45 minutos\" \/>\n<script type=\"application\/ld+json\" class=\"yoast-schema-graph\">{\"@context\":\"https:\/\/schema.org\",\"@graph\":[{\"@type\":\"WebPage\",\"@id\":\"https:\/\/www.insuco.com\/es\/investigacion-desarrollo\/\",\"url\":\"https:\/\/www.insuco.com\/es\/investigacion-desarrollo\/\",\"name\":\"Investigaci\u00f3n y Desarrollo - Insuco\",\"isPartOf\":{\"@id\":\"https:\/\/www.insuco.com\/es\/#website\"},\"datePublished\":\"2019-07-30T15:10:27+00:00\",\"dateModified\":\"2024-08-07T07:58:13+00:00\",\"breadcrumb\":{\"@id\":\"https:\/\/www.insuco.com\/es\/investigacion-desarrollo\/#breadcrumb\"},\"inLanguage\":\"es\",\"potentialAction\":[{\"@type\":\"ReadAction\",\"target\":[\"https:\/\/www.insuco.com\/es\/investigacion-desarrollo\/\"]}]},{\"@type\":\"BreadcrumbList\",\"@id\":\"https:\/\/www.insuco.com\/es\/investigacion-desarrollo\/#breadcrumb\",\"itemListElement\":[{\"@type\":\"ListItem\",\"position\":1,\"name\":\"Accueil\",\"item\":\"https:\/\/www.insuco.com\/es\/\"},{\"@type\":\"ListItem\",\"position\":2,\"name\":\"Investigaci\u00f3n y Desarrollo\"}]},{\"@type\":\"WebSite\",\"@id\":\"https:\/\/www.insuco.com\/es\/#website\",\"url\":\"https:\/\/www.insuco.com\/es\/\",\"name\":\"Insuco\",\"description\":\"Local understanding for sustainable solutions\",\"potentialAction\":[{\"@type\":\"SearchAction\",\"target\":{\"@type\":\"EntryPoint\",\"urlTemplate\":\"https:\/\/www.insuco.com\/es\/?s={search_term_string}\"},\"query-input\":{\"@type\":\"PropertyValueSpecification\",\"valueRequired\":true,\"valueName\":\"search_term_string\"}}],\"inLanguage\":\"es\"}]}<\/script>\n<!-- \/ Yoast SEO plugin. -->","yoast_head_json":{"title":"Investigaci\u00f3n y Desarrollo - Insuco","robots":{"index":"index","follow":"follow","max-snippet":"max-snippet:-1","max-image-preview":"max-image-preview:large","max-video-preview":"max-video-preview:-1"},"canonical":"https:\/\/www.insuco.com\/es\/investigacion-desarrollo\/","og_locale":"es_ES","og_type":"article","og_title":"Investigaci\u00f3n y Desarrollo - Insuco","og_description":"\u00bfQui\u00e9nes somos?Investigaci\u00f3n y Desarrollo PrincipiosLa Investigaci\u00f3n y Desarrollo forma parte del ADN de Insuco, que cuenta con investigadores de alto nivel en sus equipos fundadores. Nuestro enfoque experimental, centrado en la investigaci\u00f3n aplicada y fuerza impulsora de la innovaci\u00f3n, se nutre de nuestra experiencia y trabajos, que compartimos a trav\u00e9s de diversas publicaciones cient\u00edficas y [&hellip;]","og_url":"https:\/\/www.insuco.com\/es\/investigacion-desarrollo\/","og_site_name":"Insuco","article_modified_time":"2024-08-07T07:58:13+00:00","twitter_card":"summary_large_image","twitter_misc":{"Tiempo de lectura":"45 minutos"},"schema":{"@context":"https:\/\/schema.org","@graph":[{"@type":"WebPage","@id":"https:\/\/www.insuco.com\/es\/investigacion-desarrollo\/","url":"https:\/\/www.insuco.com\/es\/investigacion-desarrollo\/","name":"Investigaci\u00f3n y Desarrollo - Insuco","isPartOf":{"@id":"https:\/\/www.insuco.com\/es\/#website"},"datePublished":"2019-07-30T15:10:27+00:00","dateModified":"2024-08-07T07:58:13+00:00","breadcrumb":{"@id":"https:\/\/www.insuco.com\/es\/investigacion-desarrollo\/#breadcrumb"},"inLanguage":"es","potentialAction":[{"@type":"ReadAction","target":["https:\/\/www.insuco.com\/es\/investigacion-desarrollo\/"]}]},{"@type":"BreadcrumbList","@id":"https:\/\/www.insuco.com\/es\/investigacion-desarrollo\/#breadcrumb","itemListElement":[{"@type":"ListItem","position":1,"name":"Accueil","item":"https:\/\/www.insuco.com\/es\/"},{"@type":"ListItem","position":2,"name":"Investigaci\u00f3n y Desarrollo"}]},{"@type":"WebSite","@id":"https:\/\/www.insuco.com\/es\/#website","url":"https:\/\/www.insuco.com\/es\/","name":"Insuco","description":"Local understanding for sustainable solutions","potentialAction":[{"@type":"SearchAction","target":{"@type":"EntryPoint","urlTemplate":"https:\/\/www.insuco.com\/es\/?s={search_term_string}"},"query-input":{"@type":"PropertyValueSpecification","valueRequired":true,"valueName":"search_term_string"}}],"inLanguage":"es"}]}},"_links":{"self":[{"href":"https:\/\/www.insuco.com\/es\/wp-json\/wp\/v2\/pages\/22146","targetHints":{"allow":["GET"]}}],"collection":[{"href":"https:\/\/www.insuco.com\/es\/wp-json\/wp\/v2\/pages"}],"about":[{"href":"https:\/\/www.insuco.com\/es\/wp-json\/wp\/v2\/types\/page"}],"author":[{"embeddable":true,"href":"https:\/\/www.insuco.com\/es\/wp-json\/wp\/v2\/users\/1"}],"replies":[{"embeddable":true,"href":"https:\/\/www.insuco.com\/es\/wp-json\/wp\/v2\/comments?post=22146"}],"version-history":[{"count":36,"href":"https:\/\/www.insuco.com\/es\/wp-json\/wp\/v2\/pages\/22146\/revisions"}],"predecessor-version":[{"id":52810,"href":"https:\/\/www.insuco.com\/es\/wp-json\/wp\/v2\/pages\/22146\/revisions\/52810"}],"wp:attachment":[{"href":"https:\/\/www.insuco.com\/es\/wp-json\/wp\/v2\/media?parent=22146"}],"curies":[{"name":"wp","href":"https:\/\/api.w.org\/{rel}","templated":true}]}}