{"id":20750,"date":"2018-07-22T10:41:27","date_gmt":"2018-07-22T08:41:27","guid":{"rendered":"https:\/\/www.insuco.com\/?post_type=project&#038;p=20750"},"modified":"2024-08-07T10:04:26","modified_gmt":"2024-08-07T08:04:26","slug":"training-on-denominations-of-origin-colombia","status":"publish","type":"project","link":"https:\/\/www.insuco.com\/en\/project\/training-on-denominations-of-origin-colombia\/","title":{"rendered":"Training on denominations of origin &#8211; Colombia"},"content":{"rendered":"<p>[et_pb_section fb_built=&#8221;1&#8243; _builder_version=&#8221;3.22.7&#8243; use_background_color_gradient=&#8221;on&#8221; background_color_gradient_start=&#8221;rgba(0,129,139,0.75)&#8221; background_color_gradient_end=&#8221;rgba(0,129,139,0.82)&#8221; background_color_gradient_overlays_image=&#8221;on&#8221; background_image=&#8221;https:\/\/www.insuco.com\/wp-content\/uploads\/2019\/06\/Insuco-Swisscontact-Colombia-Capacitacion-DO.jpg&#8221; custom_padding=&#8221;200px|0px|23px|0px|false|false&#8221; z_index_tablet=&#8221;500&#8243;][et_pb_row custom_padding=&#8221;27px|0px|0|0px|false|false&#8221; _builder_version=&#8221;3.25&#8243; locked=&#8221;on&#8221;][et_pb_column type=&#8221;4_4&#8243; _builder_version=&#8221;3.25&#8243; custom_padding=&#8221;|||&#8221; custom_padding__hover=&#8221;|||&#8221;][et_pb_text admin_label=&#8221;Projets r\u00e9cents ou en cours&#8221; _builder_version=&#8221;3.22.7&#8243; header_font=&#8221;|300|||||||&#8221; header_text_color=&#8221;#ffffff&#8221; header_font_size=&#8221;70px&#8221; header_2_text_color=&#8221;#ffffff&#8221; header_2_font_size=&#8221;60px&#8221; custom_padding=&#8221;|||&#8221; animation_style=&#8221;slide&#8221; animation_direction=&#8221;right&#8221; animation_delay=&#8221;500ms&#8221; z_index_tablet=&#8221;500&#8243; header_font_size_phone=&#8221;50px&#8221; header_font_size_last_edited=&#8221;on|phone&#8221; header_2_text_color__hover_enabled=&#8221;on&#8221; header_2_text_color__hover=&#8221;#b1e3e3&#8243;]<\/p>\n<h1>Projets r\u00e9cents ou en cours<\/h1>\n<p>[\/et_pb_text][\/et_pb_column][\/et_pb_row][\/et_pb_section][et_pb_section fb_built=&#8221;1&#8243; _builder_version=&#8221;3.22.3&#8243; custom_padding=&#8221;21px|0px|47px|0px|false|false&#8221;][et_pb_row use_custom_gutter=&#8221;on&#8221; gutter_width=&#8221;2&#8243; custom_padding=&#8221;||0px|||&#8221; custom_margin=&#8221;||&#8221; make_equal=&#8221;on&#8221; _builder_version=&#8221;3.25&#8243;][et_pb_column type=&#8221;4_4&#8243; _builder_version=&#8221;3.25&#8243; custom_padding=&#8221;|||&#8221; custom_padding_phone=&#8221;|0px||&#8221; custom_padding_last_edited=&#8221;on|phone&#8221; custom_padding__hover=&#8221;|||&#8221;][et_pb_text admin_label=&#8221;Titre long&#8221; _builder_version=&#8221;3.22.7&#8243; header_2_text_color=&#8221;#00818b&#8221; header_2_font_size=&#8221;40px&#8221; header_3_font=&#8221;|600|||||||&#8221; header_3_font_size=&#8221;25px&#8221; custom_margin=&#8221;||0px&#8221; custom_margin_phone=&#8221;||20px|&#8221; custom_margin_last_edited=&#8221;on|phone&#8221; custom_padding=&#8221;||0px|||&#8221; z_index_tablet=&#8221;500&#8243; header_2_font_size_last_edited=&#8221;on|phone&#8221;]<\/p>\n<h2>Formation th\u00e9orique et pratique sur les appellations d\u2019origine et labels de qualit\u00e9, r\u00e9alis\u00e9e \u00e0 Carmen de Viboral, Antioquia<\/h2>\n<p>[\/et_pb_text][et_pb_text admin_label=&#8221;Client &#8221; _builder_version=&#8221;3.22.7&#8243; text_font=&#8221;Source Sans Pro||||||||&#8221; text_text_color=&#8221;#000000&#8243; text_font_size=&#8221;23px&#8221; header_2_text_color=&#8221;#00818b&#8221; header_2_font_size=&#8221;40px&#8221; header_3_font=&#8221;|600|||||||&#8221; header_3_font_size=&#8221;25px&#8221; custom_margin=&#8221;0px||&#8221; custom_margin_phone=&#8221;||10px&#8221; custom_margin_last_edited=&#8221;on|phone&#8221; custom_padding=&#8221;0px|||||&#8221; z_index_tablet=&#8221;500&#8243; header_2_font_size_last_edited=&#8221;on|phone&#8221;]<\/p>\n<p><strong>Client : <\/strong>Projet Colombo-Suisse de Propri\u00e9t\u00e9 Intellectuelle (COLIPRI), Swisscontact<\/p>\n<p>[\/et_pb_text][\/et_pb_column][\/et_pb_row][et_pb_row use_custom_gutter=&#8221;on&#8221; gutter_width=&#8221;2&#8243; custom_padding=&#8221;||0px|||&#8221; custom_margin=&#8221;||&#8221; _builder_version=&#8221;3.25&#8243; column_structure=&#8221;2_5,3_5&#8243;][et_pb_column type=&#8221;2_5&#8243; _builder_version=&#8221;3.25&#8243; background_color=&#8221;rgba(0,129,139,0.08)&#8221; custom_padding=&#8221;20px|20px|20px|20px&#8221; custom_padding_phone=&#8221;10px|10px|10px|10px&#8221; custom_padding_last_edited=&#8221;on|phone&#8221; custom_padding__hover=&#8221;|||&#8221;][et_pb_text admin_label=&#8221;CatRegion2 FR&#8221; module_class=&#8221;custom-taxonomy&#8221; _builder_version=&#8221;3.25.4&#8243; _dynamic_attributes=&#8221;content&#8221; text_font=&#8221;|700|||||||&#8221; header_font=&#8221;||||||||&#8221; header_2_font=&#8221;||||||||&#8221; header_2_text_color=&#8221;#00818b&#8221; header_2_font_size=&#8221;40px&#8221; header_3_font=&#8221;|600|||||||&#8221; header_3_font_size=&#8221;25px&#8221; custom_margin_phone=&#8221;||10px&#8221; custom_margin_last_edited=&#8221;on|phone&#8221; custom_padding=&#8221;|||||&#8221; header_2_font_size_phone=&#8221;40px&#8221; header_2_font_size_last_edited=&#8221;on|phone&#8221; saved_tabs=&#8221;all&#8221; locked=&#8221;off&#8221; global_module=&#8221;18581&#8243;]@ET-DC@eyJkeW5hbWljIjp0cnVlLCJjb250ZW50IjoicG9zdF9jYXRlZ29yaWVzIiwic2V0dGluZ3MiOnsiYmVmb3JlIjoiUmVnaW9uIFwvIFBheXMgOiAiLCJhZnRlciI6IiIsImxpbmtfdG9fdGVybV9wYWdlIjoib24iLCJzZXBhcmF0b3IiOiIiLCJjYXRlZ29yeV90eXBlIjoicmVnaW9uIn19@[\/et_pb_text][et_pb_text admin_label=&#8221;CatSecteur2 FR&#8221; module_class=&#8221;custom-taxonomy&#8221; _builder_version=&#8221;3.25.4&#8243; _dynamic_attributes=&#8221;content&#8221; text_font=&#8221;|700|||||||&#8221; header_font=&#8221;||||||||&#8221; header_2_font=&#8221;||||||||&#8221; header_2_text_color=&#8221;#00818b&#8221; header_2_font_size=&#8221;40px&#8221; header_3_font=&#8221;|600|||||||&#8221; header_3_font_size=&#8221;25px&#8221; custom_margin_phone=&#8221;||10px&#8221; custom_margin_last_edited=&#8221;on|phone&#8221; custom_padding=&#8221;|||||&#8221; header_2_font_size_phone=&#8221;40px&#8221; header_2_font_size_last_edited=&#8221;on|phone&#8221; saved_tabs=&#8221;all&#8221; locked=&#8221;off&#8221; global_module=&#8221;18583&#8243;]@ET-DC@eyJkeW5hbWljIjp0cnVlLCJjb250ZW50IjoicG9zdF9jYXRlZ29yaWVzIiwic2V0dGluZ3MiOnsiYmVmb3JlIjoiU2VjdGV1cnMgOiAiLCJhZnRlciI6IiIsImxpbmtfdG9fdGVybV9wYWdlIjoib24iLCJzZXBhcmF0b3IiOiIiLCJjYXRlZ29yeV90eXBlIjoic2VjdGV1ciJ9fQ==@[\/et_pb_text][et_pb_text admin_label=&#8221;CatService2 FR&#8221; module_class=&#8221;custom-taxonomy&#8221; _builder_version=&#8221;3.25.4&#8243; _dynamic_attributes=&#8221;content&#8221; text_font=&#8221;|700|||||||&#8221; header_font=&#8221;||||||||&#8221; header_2_font=&#8221;||||||||&#8221; header_2_text_color=&#8221;#00818b&#8221; header_2_font_size=&#8221;40px&#8221; header_3_font=&#8221;|600|||||||&#8221; header_3_font_size=&#8221;25px&#8221; custom_margin_phone=&#8221;||10px&#8221; custom_margin_last_edited=&#8221;on|phone&#8221; custom_padding=&#8221;|||||&#8221; header_2_font_size_phone=&#8221;40px&#8221; header_2_font_size_last_edited=&#8221;on|phone&#8221; saved_tabs=&#8221;all&#8221; locked=&#8221;off&#8221; global_module=&#8221;18586&#8243;]@ET-DC@eyJkeW5hbWljIjp0cnVlLCJjb250ZW50IjoicG9zdF9jYXRlZ29yaWVzIiwic2V0dGluZ3MiOnsiYmVmb3JlIjoiU2VydmljZXMgOiAiLCJhZnRlciI6IiIsImxpbmtfdG9fdGVybV9wYWdlIjoib24iLCJzZXBhcmF0b3IiOiIiLCJjYXRlZ29yeV90eXBlIjoic2VydmljZXMifX0=@[\/et_pb_text][et_pb_text admin_label=&#8221;CatClient2 FR&#8221; module_class=&#8221;custom-taxonomy&#8221; _builder_version=&#8221;3.25.4&#8243; _dynamic_attributes=&#8221;content&#8221; text_font=&#8221;|700|||||||&#8221; header_font=&#8221;||||||||&#8221; header_2_font=&#8221;||||||||&#8221; header_2_text_color=&#8221;#00818b&#8221; header_2_font_size=&#8221;40px&#8221; header_3_font=&#8221;|600|||||||&#8221; header_3_font_size=&#8221;25px&#8221; custom_margin_phone=&#8221;||10px&#8221; custom_margin_last_edited=&#8221;on|phone&#8221; custom_padding=&#8221;|||||&#8221; header_2_font_size_phone=&#8221;40px&#8221; header_2_font_size_last_edited=&#8221;on|phone&#8221; saved_tabs=&#8221;all&#8221; locked=&#8221;off&#8221; global_module=&#8221;18588&#8243;]@ET-DC@eyJkeW5hbWljIjp0cnVlLCJjb250ZW50IjoicG9zdF9jYXRlZ29yaWVzIiwic2V0dGluZ3MiOnsiYmVmb3JlIjoiQ2F0ZWdvcmllIGRlIGNsaWVudCA6ICIsImFmdGVyIjoiIiwibGlua190b190ZXJtX3BhZ2UiOiJvbiIsInNlcGFyYXRvciI6IiIsImNhdGVnb3J5X3R5cGUiOiJjbGllbnQifX0=@[\/et_pb_text][\/et_pb_column][et_pb_column type=&#8221;3_5&#8243; _builder_version=&#8221;3.25&#8243; custom_padding=&#8221;|||&#8221; custom_padding_last_edited=&#8221;on|phone&#8221; custom_padding__hover=&#8221;|||&#8221;][et_pb_post_title title=&#8221;off&#8221; meta=&#8221;off&#8221; admin_label=&#8221;Image&#8221; _builder_version=&#8221;3.22.7&#8243; custom_margin=&#8221;||22px|||&#8221; z_index_tablet=&#8221;500&#8243; locked=&#8221;on&#8221;][\/et_pb_post_title][et_pb_text admin_label=&#8221;Mission titre&#8221; _builder_version=&#8221;3.22.7&#8243; header_2_font=&#8221;|600|||||||&#8221; header_2_text_color=&#8221;#00818b&#8221; header_2_font_size=&#8221;40px&#8221; header_3_font=&#8221;|600|||||||&#8221; header_3_font_size=&#8221;25px&#8221; custom_margin=&#8221;||-2px|||&#8221; custom_padding=&#8221;|||||&#8221; z_index_tablet=&#8221;500&#8243; header_2_font_size_last_edited=&#8221;on|phone&#8221; locked=&#8221;on&#8221;]<\/p>\n<h3>Mission :<\/h3>\n<p>[\/et_pb_text][et_pb_text admin_label=&#8221;Mission texte&#8221; _builder_version=&#8221;3.22.7&#8243; header_2_font=&#8221;|600|||||||&#8221; header_2_text_color=&#8221;#00818b&#8221; header_2_font_size=&#8221;40px&#8221; header_3_font=&#8221;|600|||||||&#8221; header_3_font_size=&#8221;25px&#8221; custom_padding=&#8221;|||||&#8221; z_index_tablet=&#8221;500&#8243; header_2_font_size_last_edited=&#8221;on|phone&#8221;]<\/p>\n<p>Apr\u00e8s le succ\u00e8s en 2016 d\u2019une premi\u00e8re formation sur les d\u00e9marches de certification et leur impact socio\u00e9conomique, Swisscontact a sollicit\u00e9 Insuco pour mettre en \u0153uvre une deuxi\u00e8me session de formation, destin\u00e9e au secteur priv\u00e9, public et acad\u00e9mique et abordant les d\u00e9fis et opportunit\u00e9s de la mise en place des appellations d\u2019origine sur des produits artisanaux et agroalimentaires en Colombie.<\/p>\n<p>[\/et_pb_text][et_pb_text admin_label=&#8221;R\u00e9sultat titre&#8221; _builder_version=&#8221;3.22.7&#8243; header_2_font=&#8221;|600|||||||&#8221; header_2_text_color=&#8221;#00818b&#8221; header_2_font_size=&#8221;40px&#8221; header_3_font=&#8221;|600|||||||&#8221; header_3_font_size=&#8221;25px&#8221; custom_margin=&#8221;||-2px|||&#8221; custom_padding=&#8221;|||||&#8221; z_index_tablet=&#8221;500&#8243; header_2_font_size_last_edited=&#8221;on|phone&#8221; locked=&#8221;on&#8221;]<\/p>\n<h3>R\u00e9sultat :<\/h3>\n<p>[\/et_pb_text][et_pb_text admin_label=&#8221;R\u00e9sultat texte&#8221; _builder_version=&#8221;3.22.7&#8243; header_2_font=&#8221;|600|||||||&#8221; header_2_text_color=&#8221;#00818b&#8221; header_2_font_size=&#8221;40px&#8221; header_3_font=&#8221;|600|||||||&#8221; header_3_font_size=&#8221;25px&#8221; custom_padding=&#8221;|||||&#8221; z_index_tablet=&#8221;500&#8243; header_2_font_size_last_edited=&#8221;on|phone&#8221;]<\/p>\n<p>Insuco a d\u00e9velopp\u00e9 et mis en \u0153uvre un programme de formation d\u2019une dur\u00e9e d\u2019une semaine \u00e0 Carmen de Viboral, dans le d\u00e9partement d\u2019Antioquia, en Colombie. La formation a r\u00e9uni plus de 30 acteurs nationaux et internationaux et a notamment permis la r\u00e9alisation d\u2019ateliers pratiques sur un cas d\u2019artisanat typique de la r\u00e9gion poss\u00e9dant une d\u00e9nomination d\u2019origine.<\/p>\n<p>[\/et_pb_text][\/et_pb_column][\/et_pb_row][\/et_pb_section][et_pb_section fb_built=&#8221;1&#8243; _builder_version=&#8221;3.22.7&#8243; background_color=&#8221;rgba(177,227,227,0.25)&#8221; custom_margin=&#8221;||-25px&#8221; custom_padding=&#8221;37px|0px|25px|0px|false|false&#8221; global_module=&#8221;1466&#8243; saved_tabs=&#8221;all&#8221; locked=&#8221;off&#8221;][et_pb_row _builder_version=&#8221;3.25&#8243;][et_pb_column type=&#8221;4_4&#8243; _builder_version=&#8221;3.25&#8243; custom_padding=&#8221;|||&#8221; custom_padding__hover=&#8221;|||&#8221;][et_pb_cta title=&#8221;Parlez-nous de votre projet !&#8221; button_url=&#8221;https:\/\/www.insuco.com\/contact&#8221; button_text=&#8221;Contactez-nous&#8221; _builder_version=&#8221;3.26&#8243; background_color=&#8221;rgba(89,175,181,0)&#8221; background_layout=&#8221;light&#8221; animation_style=&#8221;zoom&#8221; z_index_tablet=&#8221;500&#8243; header_font_size_phone=&#8221;40px&#8221; header_font_size_last_edited=&#8221;on|phone&#8221; locked=&#8221;off&#8221;]<\/p>\n<p>Vous souhaitez \u00e9changer sur votre projet et ses enjeux ? En savoir plus sur Insuco et nos expertises ? Nous rencontrer ?<\/p>\n<p>[\/et_pb_cta][\/et_pb_column][\/et_pb_row][\/et_pb_section]<\/p>\n","protected":false},"excerpt":{"rendered":"<p>Projets r\u00e9cents ou en cours Formation th\u00e9orique et pratique sur les appellations d\u2019origine et labels de qualit\u00e9, r\u00e9alis\u00e9e \u00e0 Carmen de Viboral, Antioquia Client : Projet Colombo-Suisse de Propri\u00e9t\u00e9 Intellectuelle (COLIPRI), Swisscontact Mission : Apr\u00e8s le succ\u00e8s en 2016 d\u2019une premi\u00e8re formation sur les d\u00e9marches de certification et leur impact socio\u00e9conomique, Swisscontact a sollicit\u00e9 Insuco [&hellip;]<\/p>\n","protected":false},"author":1,"featured_media":15650,"comment_status":"open","ping_status":"closed","template":"","meta":{"_acf_changed":false,"_et_pb_use_builder":"on","_et_pb_old_content":"","_et_gb_content_width":"","footnotes":""},"project_category":[311,333],"project_tag":[561],"region":[146,142],"secteur":[152,156],"services":[176,174],"client":[182],"class_list":["post-20750","project","type-project","status-publish","has-post-thumbnail","hentry","project_category-services-formations-dediees-en","project_category-services-valorisation-des-patrimoines-locaux-en","project_tag-anciens-projets-avec-builder-en","region-colombia-en","region-latin-america-the-caribbean","secteur-agriculture-agro-industry","secteur-cooperation-development-support","services-development-support","services-strategy-consulting-training","client-ngos-civil-society"],"acf":[],"yoast_head":"<!-- This site is optimized with the Yoast SEO plugin v26.0 - https:\/\/yoast.com\/wordpress\/plugins\/seo\/ -->\n<title>Training on denominations of origin - Colombia - Insuco<\/title>\n<meta name=\"robots\" content=\"index, follow, max-snippet:-1, max-image-preview:large, max-video-preview:-1\" \/>\n<link rel=\"canonical\" href=\"https:\/\/www.insuco.com\/en\/project\/training-on-denominations-of-origin-colombia\/\" \/>\n<meta property=\"og:locale\" content=\"en_US\" \/>\n<meta property=\"og:type\" content=\"article\" \/>\n<meta property=\"og:title\" content=\"Training on denominations of origin - Colombia - Insuco\" \/>\n<meta property=\"og:description\" content=\"Projets r\u00e9cents ou en cours Formation th\u00e9orique et pratique sur les appellations d\u2019origine et labels de qualit\u00e9, r\u00e9alis\u00e9e \u00e0 Carmen de Viboral, Antioquia Client : Projet Colombo-Suisse de Propri\u00e9t\u00e9 Intellectuelle (COLIPRI), Swisscontact Mission : Apr\u00e8s le succ\u00e8s en 2016 d\u2019une premi\u00e8re formation sur les d\u00e9marches de certification et leur impact socio\u00e9conomique, Swisscontact a sollicit\u00e9 Insuco [&hellip;]\" \/>\n<meta property=\"og:url\" content=\"https:\/\/www.insuco.com\/en\/project\/training-on-denominations-of-origin-colombia\/\" \/>\n<meta property=\"og:site_name\" content=\"Insuco\" \/>\n<meta property=\"article:modified_time\" content=\"2024-08-07T08:04:26+00:00\" \/>\n<meta property=\"og:image\" content=\"https:\/\/www.insuco.com\/wp-content\/uploads\/2019\/06\/Insuco-Swisscontact-Colombia-Capacitacion-DO.jpg\" \/>\n\t<meta property=\"og:image:width\" content=\"753\" \/>\n\t<meta property=\"og:image:height\" content=\"300\" \/>\n\t<meta property=\"og:image:type\" content=\"image\/jpeg\" \/>\n<meta name=\"twitter:card\" content=\"summary_large_image\" \/>\n<meta name=\"twitter:label1\" content=\"Est. reading time\" \/>\n\t<meta name=\"twitter:data1\" content=\"6 minutes\" \/>\n<script type=\"application\/ld+json\" class=\"yoast-schema-graph\">{\"@context\":\"https:\/\/schema.org\",\"@graph\":[{\"@type\":\"WebPage\",\"@id\":\"https:\/\/www.insuco.com\/en\/project\/training-on-denominations-of-origin-colombia\/\",\"url\":\"https:\/\/www.insuco.com\/en\/project\/training-on-denominations-of-origin-colombia\/\",\"name\":\"Training on denominations of origin - Colombia - Insuco\",\"isPartOf\":{\"@id\":\"https:\/\/www.insuco.com\/en\/#website\"},\"primaryImageOfPage\":{\"@id\":\"https:\/\/www.insuco.com\/en\/project\/training-on-denominations-of-origin-colombia\/#primaryimage\"},\"image\":{\"@id\":\"https:\/\/www.insuco.com\/en\/project\/training-on-denominations-of-origin-colombia\/#primaryimage\"},\"thumbnailUrl\":\"https:\/\/www.insuco.com\/wp-content\/uploads\/2019\/06\/Insuco-Swisscontact-Colombia-Capacitacion-DO.jpg\",\"datePublished\":\"2018-07-22T08:41:27+00:00\",\"dateModified\":\"2024-08-07T08:04:26+00:00\",\"breadcrumb\":{\"@id\":\"https:\/\/www.insuco.com\/en\/project\/training-on-denominations-of-origin-colombia\/#breadcrumb\"},\"inLanguage\":\"en-US\",\"potentialAction\":[{\"@type\":\"ReadAction\",\"target\":[\"https:\/\/www.insuco.com\/en\/project\/training-on-denominations-of-origin-colombia\/\"]}]},{\"@type\":\"ImageObject\",\"inLanguage\":\"en-US\",\"@id\":\"https:\/\/www.insuco.com\/en\/project\/training-on-denominations-of-origin-colombia\/#primaryimage\",\"url\":\"https:\/\/www.insuco.com\/wp-content\/uploads\/2019\/06\/Insuco-Swisscontact-Colombia-Capacitacion-DO.jpg\",\"contentUrl\":\"https:\/\/www.insuco.com\/wp-content\/uploads\/2019\/06\/Insuco-Swisscontact-Colombia-Capacitacion-DO.jpg\",\"width\":753,\"height\":300},{\"@type\":\"BreadcrumbList\",\"@id\":\"https:\/\/www.insuco.com\/en\/project\/training-on-denominations-of-origin-colombia\/#breadcrumb\",\"itemListElement\":[{\"@type\":\"ListItem\",\"position\":1,\"name\":\"Accueil\",\"item\":\"https:\/\/www.insuco.com\/en\/\"},{\"@type\":\"ListItem\",\"position\":2,\"name\":\"Projects\",\"item\":\"https:\/\/www.insuco.com\/en\/project\/\"},{\"@type\":\"ListItem\",\"position\":3,\"name\":\"Training on denominations of origin &#8211; Colombia\"}]},{\"@type\":\"WebSite\",\"@id\":\"https:\/\/www.insuco.com\/en\/#website\",\"url\":\"https:\/\/www.insuco.com\/en\/\",\"name\":\"Insuco\",\"description\":\"Local understanding for sustainable solutions\",\"potentialAction\":[{\"@type\":\"SearchAction\",\"target\":{\"@type\":\"EntryPoint\",\"urlTemplate\":\"https:\/\/www.insuco.com\/en\/?s={search_term_string}\"},\"query-input\":{\"@type\":\"PropertyValueSpecification\",\"valueRequired\":true,\"valueName\":\"search_term_string\"}}],\"inLanguage\":\"en-US\"}]}<\/script>\n<!-- \/ Yoast SEO plugin. -->","yoast_head_json":{"title":"Training on denominations of origin - Colombia - Insuco","robots":{"index":"index","follow":"follow","max-snippet":"max-snippet:-1","max-image-preview":"max-image-preview:large","max-video-preview":"max-video-preview:-1"},"canonical":"https:\/\/www.insuco.com\/en\/project\/training-on-denominations-of-origin-colombia\/","og_locale":"en_US","og_type":"article","og_title":"Training on denominations of origin - Colombia - Insuco","og_description":"Projets r\u00e9cents ou en cours Formation th\u00e9orique et pratique sur les appellations d\u2019origine et labels de qualit\u00e9, r\u00e9alis\u00e9e \u00e0 Carmen de Viboral, Antioquia Client : Projet Colombo-Suisse de Propri\u00e9t\u00e9 Intellectuelle (COLIPRI), Swisscontact Mission : Apr\u00e8s le succ\u00e8s en 2016 d\u2019une premi\u00e8re formation sur les d\u00e9marches de certification et leur impact socio\u00e9conomique, Swisscontact a sollicit\u00e9 Insuco [&hellip;]","og_url":"https:\/\/www.insuco.com\/en\/project\/training-on-denominations-of-origin-colombia\/","og_site_name":"Insuco","article_modified_time":"2024-08-07T08:04:26+00:00","og_image":[{"width":753,"height":300,"url":"https:\/\/www.insuco.com\/wp-content\/uploads\/2019\/06\/Insuco-Swisscontact-Colombia-Capacitacion-DO.jpg","type":"image\/jpeg"}],"twitter_card":"summary_large_image","twitter_misc":{"Est. reading time":"6 minutes"},"schema":{"@context":"https:\/\/schema.org","@graph":[{"@type":"WebPage","@id":"https:\/\/www.insuco.com\/en\/project\/training-on-denominations-of-origin-colombia\/","url":"https:\/\/www.insuco.com\/en\/project\/training-on-denominations-of-origin-colombia\/","name":"Training on denominations of origin - Colombia - Insuco","isPartOf":{"@id":"https:\/\/www.insuco.com\/en\/#website"},"primaryImageOfPage":{"@id":"https:\/\/www.insuco.com\/en\/project\/training-on-denominations-of-origin-colombia\/#primaryimage"},"image":{"@id":"https:\/\/www.insuco.com\/en\/project\/training-on-denominations-of-origin-colombia\/#primaryimage"},"thumbnailUrl":"https:\/\/www.insuco.com\/wp-content\/uploads\/2019\/06\/Insuco-Swisscontact-Colombia-Capacitacion-DO.jpg","datePublished":"2018-07-22T08:41:27+00:00","dateModified":"2024-08-07T08:04:26+00:00","breadcrumb":{"@id":"https:\/\/www.insuco.com\/en\/project\/training-on-denominations-of-origin-colombia\/#breadcrumb"},"inLanguage":"en-US","potentialAction":[{"@type":"ReadAction","target":["https:\/\/www.insuco.com\/en\/project\/training-on-denominations-of-origin-colombia\/"]}]},{"@type":"ImageObject","inLanguage":"en-US","@id":"https:\/\/www.insuco.com\/en\/project\/training-on-denominations-of-origin-colombia\/#primaryimage","url":"https:\/\/www.insuco.com\/wp-content\/uploads\/2019\/06\/Insuco-Swisscontact-Colombia-Capacitacion-DO.jpg","contentUrl":"https:\/\/www.insuco.com\/wp-content\/uploads\/2019\/06\/Insuco-Swisscontact-Colombia-Capacitacion-DO.jpg","width":753,"height":300},{"@type":"BreadcrumbList","@id":"https:\/\/www.insuco.com\/en\/project\/training-on-denominations-of-origin-colombia\/#breadcrumb","itemListElement":[{"@type":"ListItem","position":1,"name":"Accueil","item":"https:\/\/www.insuco.com\/en\/"},{"@type":"ListItem","position":2,"name":"Projects","item":"https:\/\/www.insuco.com\/en\/project\/"},{"@type":"ListItem","position":3,"name":"Training on denominations of origin &#8211; Colombia"}]},{"@type":"WebSite","@id":"https:\/\/www.insuco.com\/en\/#website","url":"https:\/\/www.insuco.com\/en\/","name":"Insuco","description":"Local understanding for sustainable solutions","potentialAction":[{"@type":"SearchAction","target":{"@type":"EntryPoint","urlTemplate":"https:\/\/www.insuco.com\/en\/?s={search_term_string}"},"query-input":{"@type":"PropertyValueSpecification","valueRequired":true,"valueName":"search_term_string"}}],"inLanguage":"en-US"}]}},"_links":{"self":[{"href":"https:\/\/www.insuco.com\/en\/wp-json\/wp\/v2\/project\/20750","targetHints":{"allow":["GET"]}}],"collection":[{"href":"https:\/\/www.insuco.com\/en\/wp-json\/wp\/v2\/project"}],"about":[{"href":"https:\/\/www.insuco.com\/en\/wp-json\/wp\/v2\/types\/project"}],"author":[{"embeddable":true,"href":"https:\/\/www.insuco.com\/en\/wp-json\/wp\/v2\/users\/1"}],"replies":[{"embeddable":true,"href":"https:\/\/www.insuco.com\/en\/wp-json\/wp\/v2\/comments?post=20750"}],"version-history":[{"count":4,"href":"https:\/\/www.insuco.com\/en\/wp-json\/wp\/v2\/project\/20750\/revisions"}],"predecessor-version":[{"id":53032,"href":"https:\/\/www.insuco.com\/en\/wp-json\/wp\/v2\/project\/20750\/revisions\/53032"}],"wp:featuredmedia":[{"embeddable":true,"href":"https:\/\/www.insuco.com\/en\/wp-json\/wp\/v2\/media\/15650"}],"wp:attachment":[{"href":"https:\/\/www.insuco.com\/en\/wp-json\/wp\/v2\/media?parent=20750"}],"wp:term":[{"taxonomy":"project_category","embeddable":true,"href":"https:\/\/www.insuco.com\/en\/wp-json\/wp\/v2\/project_category?post=20750"},{"taxonomy":"project_tag","embeddable":true,"href":"https:\/\/www.insuco.com\/en\/wp-json\/wp\/v2\/project_tag?post=20750"},{"taxonomy":"region","embeddable":true,"href":"https:\/\/www.insuco.com\/en\/wp-json\/wp\/v2\/region?post=20750"},{"taxonomy":"secteur","embeddable":true,"href":"https:\/\/www.insuco.com\/en\/wp-json\/wp\/v2\/secteur?post=20750"},{"taxonomy":"services","embeddable":true,"href":"https:\/\/www.insuco.com\/en\/wp-json\/wp\/v2\/services?post=20750"},{"taxonomy":"client","embeddable":true,"href":"https:\/\/www.insuco.com\/en\/wp-json\/wp\/v2\/client?post=20750"}],"curies":[{"name":"wp","href":"https:\/\/api.w.org\/{rel}","templated":true}]}}