{"id":20062,"date":"2018-07-16T14:51:55","date_gmt":"2018-07-16T12:51:55","guid":{"rendered":"https:\/\/www.insuco.com\/?post_type=project&#038;p=20062"},"modified":"2024-08-07T10:02:58","modified_gmt":"2024-08-07T08:02:58","slug":"training-on-labeling-initiatives-colombia","status":"publish","type":"project","link":"https:\/\/www.insuco.com\/en\/project\/training-on-labeling-initiatives-colombia\/","title":{"rendered":"Training on labeling initiatives &#8211; Colombia"},"content":{"rendered":"<p>[et_pb_section fb_built=&#8221;1&#8243; _builder_version=&#8221;3.22.7&#8243; use_background_color_gradient=&#8221;on&#8221; background_color_gradient_start=&#8221;rgba(0,129,139,0.75)&#8221; background_color_gradient_end=&#8221;rgba(0,129,139,0.82)&#8221; background_color_gradient_overlays_image=&#8221;on&#8221; background_image=&#8221;https:\/\/www.insuco.com\/wp-content\/uploads\/2019\/06\/SWISSCONTACT-ARTESANIAS-Colombia.jpg&#8221; custom_padding=&#8221;200px|0px|23px|0px|false|false&#8221; z_index_tablet=&#8221;500&#8243;][et_pb_row custom_padding=&#8221;27px|0px|0|0px|false|false&#8221; _builder_version=&#8221;3.25&#8243; locked=&#8221;on&#8221;][et_pb_column type=&#8221;4_4&#8243; _builder_version=&#8221;3.25&#8243; custom_padding=&#8221;|||&#8221; custom_padding__hover=&#8221;|||&#8221;][et_pb_text admin_label=&#8221;Projets r\u00e9cents ou en cours&#8221; _builder_version=&#8221;3.22.7&#8243; header_font=&#8221;|300|||||||&#8221; header_text_color=&#8221;#ffffff&#8221; header_font_size=&#8221;70px&#8221; header_2_text_color=&#8221;#ffffff&#8221; header_2_font_size=&#8221;60px&#8221; custom_padding=&#8221;|||&#8221; animation_style=&#8221;slide&#8221; animation_direction=&#8221;right&#8221; animation_delay=&#8221;500ms&#8221; z_index_tablet=&#8221;500&#8243; header_font_size_phone=&#8221;50px&#8221; header_font_size_last_edited=&#8221;on|phone&#8221; header_2_text_color__hover_enabled=&#8221;on&#8221; header_2_text_color__hover=&#8221;#b1e3e3&#8243;]<\/p>\n<h1>Projets r\u00e9cents ou en cours<\/h1>\n<p>[\/et_pb_text][\/et_pb_column][\/et_pb_row][\/et_pb_section][et_pb_section fb_built=&#8221;1&#8243; _builder_version=&#8221;3.22.3&#8243; custom_padding=&#8221;21px|0px|47px|0px|false|false&#8221;][et_pb_row use_custom_gutter=&#8221;on&#8221; gutter_width=&#8221;2&#8243; custom_padding=&#8221;||0px|||&#8221; custom_margin=&#8221;||&#8221; make_equal=&#8221;on&#8221; _builder_version=&#8221;3.25&#8243;][et_pb_column type=&#8221;4_4&#8243; _builder_version=&#8221;3.25&#8243; custom_padding=&#8221;|||&#8221; custom_padding_phone=&#8221;|0px||&#8221; custom_padding_last_edited=&#8221;on|phone&#8221; custom_padding__hover=&#8221;|||&#8221;][et_pb_text admin_label=&#8221;Titre long&#8221; _builder_version=&#8221;3.22.7&#8243; header_2_text_color=&#8221;#00818b&#8221; header_2_font_size=&#8221;40px&#8221; header_3_font=&#8221;|600|||||||&#8221; header_3_font_size=&#8221;25px&#8221; custom_margin=&#8221;||0px&#8221; custom_margin_phone=&#8221;||20px|&#8221; custom_margin_last_edited=&#8221;on|phone&#8221; custom_padding=&#8221;||0px|||&#8221; z_index_tablet=&#8221;500&#8243; header_2_font_size_last_edited=&#8221;on|phone&#8221;]<\/p>\n<h2>Formation pour des acteurs publics et priv\u00e9s sur l\u2019adoption de signes distinctifs de qualit\u00e9 et d\u2019origine et l\u2019impact social des d\u00e9marches de certification<\/h2>\n<p>[\/et_pb_text][et_pb_text admin_label=&#8221;Client &#8221; _builder_version=&#8221;3.22.7&#8243; text_font=&#8221;Source Sans Pro||||||||&#8221; text_text_color=&#8221;#000000&#8243; text_font_size=&#8221;23px&#8221; header_2_text_color=&#8221;#00818b&#8221; header_2_font_size=&#8221;40px&#8221; header_3_font=&#8221;|600|||||||&#8221; header_3_font_size=&#8221;25px&#8221; custom_margin=&#8221;0px||&#8221; custom_margin_phone=&#8221;||10px&#8221; custom_margin_last_edited=&#8221;on|phone&#8221; custom_padding=&#8221;0px|||||&#8221; z_index_tablet=&#8221;500&#8243; header_2_font_size_last_edited=&#8221;on|phone&#8221;]<\/p>\n<p><strong>Client : <\/strong>Swisscontact et Artesan\u00edas de Colombia, en collaboration avec le projet Colipri<\/p>\n<p>[\/et_pb_text][\/et_pb_column][\/et_pb_row][et_pb_row use_custom_gutter=&#8221;on&#8221; gutter_width=&#8221;2&#8243; custom_padding=&#8221;||0px|||&#8221; custom_margin=&#8221;||&#8221; _builder_version=&#8221;3.25&#8243; column_structure=&#8221;2_5,3_5&#8243;][et_pb_column type=&#8221;2_5&#8243; _builder_version=&#8221;3.25&#8243; background_color=&#8221;rgba(0,129,139,0.08)&#8221; custom_padding=&#8221;20px|20px|20px|20px&#8221; custom_padding_phone=&#8221;10px|10px|10px|10px&#8221; custom_padding_last_edited=&#8221;on|phone&#8221; custom_padding__hover=&#8221;|||&#8221;][et_pb_text admin_label=&#8221;CatRegion2 FR&#8221; module_class=&#8221;custom-taxonomy&#8221; _builder_version=&#8221;3.25.4&#8243; _dynamic_attributes=&#8221;content&#8221; text_font=&#8221;|700|||||||&#8221; header_font=&#8221;||||||||&#8221; header_2_font=&#8221;||||||||&#8221; header_2_text_color=&#8221;#00818b&#8221; header_2_font_size=&#8221;40px&#8221; header_3_font=&#8221;|600|||||||&#8221; header_3_font_size=&#8221;25px&#8221; custom_margin_phone=&#8221;||10px&#8221; custom_margin_last_edited=&#8221;on|phone&#8221; custom_padding=&#8221;|||||&#8221; header_2_font_size_phone=&#8221;40px&#8221; header_2_font_size_last_edited=&#8221;on|phone&#8221; saved_tabs=&#8221;all&#8221; locked=&#8221;off&#8221; global_module=&#8221;18581&#8243;]@ET-DC@eyJkeW5hbWljIjp0cnVlLCJjb250ZW50IjoicG9zdF9jYXRlZ29yaWVzIiwic2V0dGluZ3MiOnsiYmVmb3JlIjoiUmVnaW9uIFwvIFBheXMgOiAiLCJhZnRlciI6IiIsImxpbmtfdG9fdGVybV9wYWdlIjoib24iLCJzZXBhcmF0b3IiOiIiLCJjYXRlZ29yeV90eXBlIjoicmVnaW9uIn19@[\/et_pb_text][et_pb_text admin_label=&#8221;CatSecteur2 FR&#8221; module_class=&#8221;custom-taxonomy&#8221; _builder_version=&#8221;3.25.4&#8243; _dynamic_attributes=&#8221;content&#8221; text_font=&#8221;|700|||||||&#8221; header_font=&#8221;||||||||&#8221; header_2_font=&#8221;||||||||&#8221; header_2_text_color=&#8221;#00818b&#8221; header_2_font_size=&#8221;40px&#8221; header_3_font=&#8221;|600|||||||&#8221; header_3_font_size=&#8221;25px&#8221; custom_margin_phone=&#8221;||10px&#8221; custom_margin_last_edited=&#8221;on|phone&#8221; custom_padding=&#8221;|||||&#8221; header_2_font_size_phone=&#8221;40px&#8221; header_2_font_size_last_edited=&#8221;on|phone&#8221; saved_tabs=&#8221;all&#8221; locked=&#8221;off&#8221; global_module=&#8221;18583&#8243;]@ET-DC@eyJkeW5hbWljIjp0cnVlLCJjb250ZW50IjoicG9zdF9jYXRlZ29yaWVzIiwic2V0dGluZ3MiOnsiYmVmb3JlIjoiU2VjdGV1cnMgOiAiLCJhZnRlciI6IiIsImxpbmtfdG9fdGVybV9wYWdlIjoib24iLCJzZXBhcmF0b3IiOiIiLCJjYXRlZ29yeV90eXBlIjoic2VjdGV1ciJ9fQ==@[\/et_pb_text][et_pb_text admin_label=&#8221;CatService2 FR&#8221; module_class=&#8221;custom-taxonomy&#8221; _builder_version=&#8221;3.25.4&#8243; _dynamic_attributes=&#8221;content&#8221; text_font=&#8221;|700|||||||&#8221; header_font=&#8221;||||||||&#8221; header_2_font=&#8221;||||||||&#8221; header_2_text_color=&#8221;#00818b&#8221; header_2_font_size=&#8221;40px&#8221; header_3_font=&#8221;|600|||||||&#8221; header_3_font_size=&#8221;25px&#8221; custom_margin_phone=&#8221;||10px&#8221; custom_margin_last_edited=&#8221;on|phone&#8221; custom_padding=&#8221;|||||&#8221; header_2_font_size_phone=&#8221;40px&#8221; header_2_font_size_last_edited=&#8221;on|phone&#8221; saved_tabs=&#8221;all&#8221; locked=&#8221;off&#8221; global_module=&#8221;18586&#8243;]@ET-DC@eyJkeW5hbWljIjp0cnVlLCJjb250ZW50IjoicG9zdF9jYXRlZ29yaWVzIiwic2V0dGluZ3MiOnsiYmVmb3JlIjoiU2VydmljZXMgOiAiLCJhZnRlciI6IiIsImxpbmtfdG9fdGVybV9wYWdlIjoib24iLCJzZXBhcmF0b3IiOiIiLCJjYXRlZ29yeV90eXBlIjoic2VydmljZXMifX0=@[\/et_pb_text][et_pb_text admin_label=&#8221;CatClient2 FR&#8221; module_class=&#8221;custom-taxonomy&#8221; _builder_version=&#8221;3.25.4&#8243; _dynamic_attributes=&#8221;content&#8221; text_font=&#8221;|700|||||||&#8221; header_font=&#8221;||||||||&#8221; header_2_font=&#8221;||||||||&#8221; header_2_text_color=&#8221;#00818b&#8221; header_2_font_size=&#8221;40px&#8221; header_3_font=&#8221;|600|||||||&#8221; header_3_font_size=&#8221;25px&#8221; custom_margin_phone=&#8221;||10px&#8221; custom_margin_last_edited=&#8221;on|phone&#8221; custom_padding=&#8221;|||||&#8221; header_2_font_size_phone=&#8221;40px&#8221; header_2_font_size_last_edited=&#8221;on|phone&#8221; saved_tabs=&#8221;all&#8221; locked=&#8221;off&#8221; global_module=&#8221;18588&#8243;]@ET-DC@eyJkeW5hbWljIjp0cnVlLCJjb250ZW50IjoicG9zdF9jYXRlZ29yaWVzIiwic2V0dGluZ3MiOnsiYmVmb3JlIjoiQ2F0ZWdvcmllIGRlIGNsaWVudCA6ICIsImFmdGVyIjoiIiwibGlua190b190ZXJtX3BhZ2UiOiJvbiIsInNlcGFyYXRvciI6IiIsImNhdGVnb3J5X3R5cGUiOiJjbGllbnQifX0=@[\/et_pb_text][\/et_pb_column][et_pb_column type=&#8221;3_5&#8243; _builder_version=&#8221;3.25&#8243; custom_padding=&#8221;|||&#8221; custom_padding_last_edited=&#8221;on|phone&#8221; custom_padding__hover=&#8221;|||&#8221;][et_pb_post_title title=&#8221;off&#8221; meta=&#8221;off&#8221; admin_label=&#8221;Image&#8221; _builder_version=&#8221;3.22.7&#8243; custom_margin=&#8221;||22px|||&#8221; z_index_tablet=&#8221;500&#8243; locked=&#8221;on&#8221;][\/et_pb_post_title][et_pb_text admin_label=&#8221;Mission titre&#8221; _builder_version=&#8221;3.22.7&#8243; header_2_font=&#8221;|600|||||||&#8221; header_2_text_color=&#8221;#00818b&#8221; header_2_font_size=&#8221;40px&#8221; header_3_font=&#8221;|600|||||||&#8221; header_3_font_size=&#8221;25px&#8221; custom_margin=&#8221;||-2px|||&#8221; custom_padding=&#8221;|||||&#8221; z_index_tablet=&#8221;500&#8243; header_2_font_size_last_edited=&#8221;on|phone&#8221; locked=&#8221;on&#8221;]<\/p>\n<h3>Mission :<\/h3>\n<p>[\/et_pb_text][et_pb_text admin_label=&#8221;Mission texte&#8221; _builder_version=&#8221;3.22.7&#8243; header_2_font=&#8221;|600|||||||&#8221; header_2_text_color=&#8221;#00818b&#8221; header_2_font_size=&#8221;40px&#8221; header_3_font=&#8221;|600|||||||&#8221; header_3_font_size=&#8221;25px&#8221; custom_padding=&#8221;|||||&#8221; z_index_tablet=&#8221;500&#8243; header_2_font_size_last_edited=&#8221;on|phone&#8221;]<\/p>\n<p>Identifiant le riche capital socioculturel du pays et ses savoirs-faires locaux en mati\u00e8re d\u2019artisanat et de patrimoine agroalimentaire, Swisscontact et Artesan\u00edas de Colombia ont interrog\u00e9 Insuco sur la possibilit\u00e9 de r\u00e9aliser une formation destin\u00e9e aux fonctionnaires publics ainsi qu\u2019\u00e0 un ensemble d\u2019acteurs locaux sur les signes distinctifs de qualit\u00e9 et d\u2019origine comme facteurs de d\u00e9veloppement territorial, ainsi que sur les m\u00e9canismes permettant de maximiser leur impact social.<\/p>\n<p>[\/et_pb_text][et_pb_text admin_label=&#8221;R\u00e9sultat titre&#8221; _builder_version=&#8221;3.22.7&#8243; header_2_font=&#8221;|600|||||||&#8221; header_2_text_color=&#8221;#00818b&#8221; header_2_font_size=&#8221;40px&#8221; header_3_font=&#8221;|600|||||||&#8221; header_3_font_size=&#8221;25px&#8221; custom_margin=&#8221;||-2px|||&#8221; custom_padding=&#8221;|||||&#8221; z_index_tablet=&#8221;500&#8243; header_2_font_size_last_edited=&#8221;on|phone&#8221; locked=&#8221;on&#8221;]<\/p>\n<h3>R\u00e9sultat :<\/h3>\n<p>[\/et_pb_text][et_pb_text admin_label=&#8221;R\u00e9sultat texte&#8221; _builder_version=&#8221;3.22.7&#8243; header_2_font=&#8221;|600|||||||&#8221; header_2_text_color=&#8221;#00818b&#8221; header_2_font_size=&#8221;40px&#8221; header_3_font=&#8221;|600|||||||&#8221; header_3_font_size=&#8221;25px&#8221; custom_padding=&#8221;|||||&#8221; z_index_tablet=&#8221;500&#8243; header_2_font_size_last_edited=&#8221;on|phone&#8221;]<\/p>\n<p>Insuco a d\u00e9velopp\u00e9 et mis en \u0153uvre un programme de formation d\u2019une dur\u00e9e d\u2019une semaine, ayant r\u00e9uni plus d\u2019une trentaine d\u2019acteurs nationaux et internationaux. Ce programme a notamment donn\u00e9 lieu \u00e0 la r\u00e9alisation d\u2019ateliers pratiques dans le d\u00e9partement de Boyac\u00e1, ainsi qu\u2019\u00e0 l\u2019organisation en cl\u00f4ture de la formation d\u2019un s\u00e9minaire public en partenariat avec l\u2019Universit\u00e9 de Los Andes, qui a rassembl\u00e9 plus de 70 participants.<\/p>\n<p>[\/et_pb_text][\/et_pb_column][\/et_pb_row][\/et_pb_section][et_pb_section fb_built=&#8221;1&#8243; _builder_version=&#8221;3.22.7&#8243; background_color=&#8221;rgba(177,227,227,0.25)&#8221; custom_margin=&#8221;||-25px&#8221; custom_padding=&#8221;37px|0px|25px|0px|false|false&#8221; global_module=&#8221;1466&#8243; saved_tabs=&#8221;all&#8221; locked=&#8221;off&#8221;][et_pb_row _builder_version=&#8221;3.25&#8243;][et_pb_column type=&#8221;4_4&#8243; _builder_version=&#8221;3.25&#8243; custom_padding=&#8221;|||&#8221; custom_padding__hover=&#8221;|||&#8221;][et_pb_cta title=&#8221;Parlez-nous de votre projet !&#8221; button_url=&#8221;https:\/\/www.insuco.com\/contact&#8221; button_text=&#8221;Contactez-nous&#8221; _builder_version=&#8221;3.26&#8243; background_color=&#8221;rgba(89,175,181,0)&#8221; background_layout=&#8221;light&#8221; animation_style=&#8221;zoom&#8221; z_index_tablet=&#8221;500&#8243; header_font_size_phone=&#8221;40px&#8221; header_font_size_last_edited=&#8221;on|phone&#8221; locked=&#8221;off&#8221;]<\/p>\n<p>Vous souhaitez \u00e9changer sur votre projet et ses enjeux ? En savoir plus sur Insuco et nos expertises ? Nous rencontrer ?<\/p>\n<p>[\/et_pb_cta][\/et_pb_column][\/et_pb_row][\/et_pb_section]<\/p>\n","protected":false},"excerpt":{"rendered":"<p>Projets r\u00e9cents ou en cours Formation pour des acteurs publics et priv\u00e9s sur l\u2019adoption de signes distinctifs de qualit\u00e9 et d\u2019origine et l\u2019impact social des d\u00e9marches de certification Client : Swisscontact et Artesan\u00edas de Colombia, en collaboration avec le projet Colipri Mission : Identifiant le riche capital socioculturel du pays et ses savoirs-faires locaux en [&hellip;]<\/p>\n","protected":false},"author":1,"featured_media":15809,"comment_status":"open","ping_status":"closed","template":"","meta":{"_acf_changed":false,"_et_pb_use_builder":"on","_et_pb_old_content":"","_et_gb_content_width":"","footnotes":""},"project_category":[],"project_tag":[561],"region":[146,142],"secteur":[152,156],"services":[176,174],"client":[182,180],"class_list":["post-20062","project","type-project","status-publish","has-post-thumbnail","hentry","project_tag-anciens-projets-avec-builder-en","region-colombia-en","region-latin-america-the-caribbean","secteur-agriculture-agro-industry","secteur-cooperation-development-support","services-development-support","services-strategy-consulting-training","client-ngos-civil-society","client-public-institutions"],"acf":[],"yoast_head":"<!-- This site is optimized with the Yoast SEO plugin v26.0 - https:\/\/yoast.com\/wordpress\/plugins\/seo\/ -->\n<title>Training on labeling initiatives - Colombia - Insuco<\/title>\n<meta name=\"robots\" content=\"index, follow, max-snippet:-1, max-image-preview:large, max-video-preview:-1\" \/>\n<link rel=\"canonical\" href=\"https:\/\/www.insuco.com\/en\/project\/training-on-labeling-initiatives-colombia\/\" \/>\n<meta property=\"og:locale\" content=\"en_US\" \/>\n<meta property=\"og:type\" content=\"article\" \/>\n<meta property=\"og:title\" content=\"Training on labeling initiatives - Colombia - Insuco\" \/>\n<meta property=\"og:description\" content=\"Projets r\u00e9cents ou en cours Formation pour des acteurs publics et priv\u00e9s sur l\u2019adoption de signes distinctifs de qualit\u00e9 et d\u2019origine et l\u2019impact social des d\u00e9marches de certification Client : Swisscontact et Artesan\u00edas de Colombia, en collaboration avec le projet Colipri Mission : Identifiant le riche capital socioculturel du pays et ses savoirs-faires locaux en [&hellip;]\" \/>\n<meta property=\"og:url\" content=\"https:\/\/www.insuco.com\/en\/project\/training-on-labeling-initiatives-colombia\/\" \/>\n<meta property=\"og:site_name\" content=\"Insuco\" \/>\n<meta property=\"article:modified_time\" content=\"2024-08-07T08:02:58+00:00\" \/>\n<meta property=\"og:image\" content=\"https:\/\/www.insuco.com\/wp-content\/uploads\/2019\/06\/SWISSCONTACT-ARTESANIAS-Colombia.jpg\" \/>\n\t<meta property=\"og:image:width\" content=\"753\" \/>\n\t<meta property=\"og:image:height\" content=\"300\" \/>\n\t<meta property=\"og:image:type\" content=\"image\/jpeg\" \/>\n<meta name=\"twitter:card\" content=\"summary_large_image\" \/>\n<meta name=\"twitter:label1\" content=\"Est. reading time\" \/>\n\t<meta name=\"twitter:data1\" content=\"7 minutes\" \/>\n<script type=\"application\/ld+json\" class=\"yoast-schema-graph\">{\"@context\":\"https:\/\/schema.org\",\"@graph\":[{\"@type\":\"WebPage\",\"@id\":\"https:\/\/www.insuco.com\/en\/project\/training-on-labeling-initiatives-colombia\/\",\"url\":\"https:\/\/www.insuco.com\/en\/project\/training-on-labeling-initiatives-colombia\/\",\"name\":\"Training on labeling initiatives - Colombia - Insuco\",\"isPartOf\":{\"@id\":\"https:\/\/www.insuco.com\/en\/#website\"},\"primaryImageOfPage\":{\"@id\":\"https:\/\/www.insuco.com\/en\/project\/training-on-labeling-initiatives-colombia\/#primaryimage\"},\"image\":{\"@id\":\"https:\/\/www.insuco.com\/en\/project\/training-on-labeling-initiatives-colombia\/#primaryimage\"},\"thumbnailUrl\":\"https:\/\/www.insuco.com\/wp-content\/uploads\/2019\/06\/SWISSCONTACT-ARTESANIAS-Colombia.jpg\",\"datePublished\":\"2018-07-16T12:51:55+00:00\",\"dateModified\":\"2024-08-07T08:02:58+00:00\",\"breadcrumb\":{\"@id\":\"https:\/\/www.insuco.com\/en\/project\/training-on-labeling-initiatives-colombia\/#breadcrumb\"},\"inLanguage\":\"en-US\",\"potentialAction\":[{\"@type\":\"ReadAction\",\"target\":[\"https:\/\/www.insuco.com\/en\/project\/training-on-labeling-initiatives-colombia\/\"]}]},{\"@type\":\"ImageObject\",\"inLanguage\":\"en-US\",\"@id\":\"https:\/\/www.insuco.com\/en\/project\/training-on-labeling-initiatives-colombia\/#primaryimage\",\"url\":\"https:\/\/www.insuco.com\/wp-content\/uploads\/2019\/06\/SWISSCONTACT-ARTESANIAS-Colombia.jpg\",\"contentUrl\":\"https:\/\/www.insuco.com\/wp-content\/uploads\/2019\/06\/SWISSCONTACT-ARTESANIAS-Colombia.jpg\",\"width\":753,\"height\":300},{\"@type\":\"BreadcrumbList\",\"@id\":\"https:\/\/www.insuco.com\/en\/project\/training-on-labeling-initiatives-colombia\/#breadcrumb\",\"itemListElement\":[{\"@type\":\"ListItem\",\"position\":1,\"name\":\"Accueil\",\"item\":\"https:\/\/www.insuco.com\/en\/\"},{\"@type\":\"ListItem\",\"position\":2,\"name\":\"Projects\",\"item\":\"https:\/\/www.insuco.com\/en\/project\/\"},{\"@type\":\"ListItem\",\"position\":3,\"name\":\"Training on labeling initiatives &#8211; Colombia\"}]},{\"@type\":\"WebSite\",\"@id\":\"https:\/\/www.insuco.com\/en\/#website\",\"url\":\"https:\/\/www.insuco.com\/en\/\",\"name\":\"Insuco\",\"description\":\"Local understanding for sustainable solutions\",\"potentialAction\":[{\"@type\":\"SearchAction\",\"target\":{\"@type\":\"EntryPoint\",\"urlTemplate\":\"https:\/\/www.insuco.com\/en\/?s={search_term_string}\"},\"query-input\":{\"@type\":\"PropertyValueSpecification\",\"valueRequired\":true,\"valueName\":\"search_term_string\"}}],\"inLanguage\":\"en-US\"}]}<\/script>\n<!-- \/ Yoast SEO plugin. -->","yoast_head_json":{"title":"Training on labeling initiatives - Colombia - Insuco","robots":{"index":"index","follow":"follow","max-snippet":"max-snippet:-1","max-image-preview":"max-image-preview:large","max-video-preview":"max-video-preview:-1"},"canonical":"https:\/\/www.insuco.com\/en\/project\/training-on-labeling-initiatives-colombia\/","og_locale":"en_US","og_type":"article","og_title":"Training on labeling initiatives - Colombia - Insuco","og_description":"Projets r\u00e9cents ou en cours Formation pour des acteurs publics et priv\u00e9s sur l\u2019adoption de signes distinctifs de qualit\u00e9 et d\u2019origine et l\u2019impact social des d\u00e9marches de certification Client : Swisscontact et Artesan\u00edas de Colombia, en collaboration avec le projet Colipri Mission : Identifiant le riche capital socioculturel du pays et ses savoirs-faires locaux en [&hellip;]","og_url":"https:\/\/www.insuco.com\/en\/project\/training-on-labeling-initiatives-colombia\/","og_site_name":"Insuco","article_modified_time":"2024-08-07T08:02:58+00:00","og_image":[{"width":753,"height":300,"url":"https:\/\/www.insuco.com\/wp-content\/uploads\/2019\/06\/SWISSCONTACT-ARTESANIAS-Colombia.jpg","type":"image\/jpeg"}],"twitter_card":"summary_large_image","twitter_misc":{"Est. reading time":"7 minutes"},"schema":{"@context":"https:\/\/schema.org","@graph":[{"@type":"WebPage","@id":"https:\/\/www.insuco.com\/en\/project\/training-on-labeling-initiatives-colombia\/","url":"https:\/\/www.insuco.com\/en\/project\/training-on-labeling-initiatives-colombia\/","name":"Training on labeling initiatives - Colombia - Insuco","isPartOf":{"@id":"https:\/\/www.insuco.com\/en\/#website"},"primaryImageOfPage":{"@id":"https:\/\/www.insuco.com\/en\/project\/training-on-labeling-initiatives-colombia\/#primaryimage"},"image":{"@id":"https:\/\/www.insuco.com\/en\/project\/training-on-labeling-initiatives-colombia\/#primaryimage"},"thumbnailUrl":"https:\/\/www.insuco.com\/wp-content\/uploads\/2019\/06\/SWISSCONTACT-ARTESANIAS-Colombia.jpg","datePublished":"2018-07-16T12:51:55+00:00","dateModified":"2024-08-07T08:02:58+00:00","breadcrumb":{"@id":"https:\/\/www.insuco.com\/en\/project\/training-on-labeling-initiatives-colombia\/#breadcrumb"},"inLanguage":"en-US","potentialAction":[{"@type":"ReadAction","target":["https:\/\/www.insuco.com\/en\/project\/training-on-labeling-initiatives-colombia\/"]}]},{"@type":"ImageObject","inLanguage":"en-US","@id":"https:\/\/www.insuco.com\/en\/project\/training-on-labeling-initiatives-colombia\/#primaryimage","url":"https:\/\/www.insuco.com\/wp-content\/uploads\/2019\/06\/SWISSCONTACT-ARTESANIAS-Colombia.jpg","contentUrl":"https:\/\/www.insuco.com\/wp-content\/uploads\/2019\/06\/SWISSCONTACT-ARTESANIAS-Colombia.jpg","width":753,"height":300},{"@type":"BreadcrumbList","@id":"https:\/\/www.insuco.com\/en\/project\/training-on-labeling-initiatives-colombia\/#breadcrumb","itemListElement":[{"@type":"ListItem","position":1,"name":"Accueil","item":"https:\/\/www.insuco.com\/en\/"},{"@type":"ListItem","position":2,"name":"Projects","item":"https:\/\/www.insuco.com\/en\/project\/"},{"@type":"ListItem","position":3,"name":"Training on labeling initiatives &#8211; Colombia"}]},{"@type":"WebSite","@id":"https:\/\/www.insuco.com\/en\/#website","url":"https:\/\/www.insuco.com\/en\/","name":"Insuco","description":"Local understanding for sustainable solutions","potentialAction":[{"@type":"SearchAction","target":{"@type":"EntryPoint","urlTemplate":"https:\/\/www.insuco.com\/en\/?s={search_term_string}"},"query-input":{"@type":"PropertyValueSpecification","valueRequired":true,"valueName":"search_term_string"}}],"inLanguage":"en-US"}]}},"_links":{"self":[{"href":"https:\/\/www.insuco.com\/en\/wp-json\/wp\/v2\/project\/20062","targetHints":{"allow":["GET"]}}],"collection":[{"href":"https:\/\/www.insuco.com\/en\/wp-json\/wp\/v2\/project"}],"about":[{"href":"https:\/\/www.insuco.com\/en\/wp-json\/wp\/v2\/types\/project"}],"author":[{"embeddable":true,"href":"https:\/\/www.insuco.com\/en\/wp-json\/wp\/v2\/users\/1"}],"replies":[{"embeddable":true,"href":"https:\/\/www.insuco.com\/en\/wp-json\/wp\/v2\/comments?post=20062"}],"version-history":[{"count":5,"href":"https:\/\/www.insuco.com\/en\/wp-json\/wp\/v2\/project\/20062\/revisions"}],"predecessor-version":[{"id":52967,"href":"https:\/\/www.insuco.com\/en\/wp-json\/wp\/v2\/project\/20062\/revisions\/52967"}],"wp:featuredmedia":[{"embeddable":true,"href":"https:\/\/www.insuco.com\/en\/wp-json\/wp\/v2\/media\/15809"}],"wp:attachment":[{"href":"https:\/\/www.insuco.com\/en\/wp-json\/wp\/v2\/media?parent=20062"}],"wp:term":[{"taxonomy":"project_category","embeddable":true,"href":"https:\/\/www.insuco.com\/en\/wp-json\/wp\/v2\/project_category?post=20062"},{"taxonomy":"project_tag","embeddable":true,"href":"https:\/\/www.insuco.com\/en\/wp-json\/wp\/v2\/project_tag?post=20062"},{"taxonomy":"region","embeddable":true,"href":"https:\/\/www.insuco.com\/en\/wp-json\/wp\/v2\/region?post=20062"},{"taxonomy":"secteur","embeddable":true,"href":"https:\/\/www.insuco.com\/en\/wp-json\/wp\/v2\/secteur?post=20062"},{"taxonomy":"services","embeddable":true,"href":"https:\/\/www.insuco.com\/en\/wp-json\/wp\/v2\/services?post=20062"},{"taxonomy":"client","embeddable":true,"href":"https:\/\/www.insuco.com\/en\/wp-json\/wp\/v2\/client?post=20062"}],"curies":[{"name":"wp","href":"https:\/\/api.w.org\/{rel}","templated":true}]}}