{"id":18936,"date":"2019-07-12T13:49:07","date_gmt":"2019-07-12T11:49:07","guid":{"rendered":"https:\/\/www.insuco.com\/?post_type=project&#038;p=18936"},"modified":"2024-08-07T10:06:17","modified_gmt":"2024-08-07T08:06:17","slug":"social-evaluation-of-land-tenure-in-rural-areas-for-the-afor","status":"publish","type":"project","link":"https:\/\/www.insuco.com\/en\/project\/social-evaluation-of-land-tenure-in-rural-areas-for-the-afor\/","title":{"rendered":"Social evaluation of land tenure in rural areas for the AFOR &#8211; Ivory Coast"},"content":{"rendered":"<p>[et_pb_section fb_built=&#8221;1&#8243; _builder_version=&#8221;3.26&#8243; use_background_color_gradient=&#8221;on&#8221; background_color_gradient_start=&#8221;rgba(0,129,139,0.75)&#8221; background_color_gradient_end=&#8221;rgba(0,129,139,0.82)&#8221; background_color_gradient_overlays_image=&#8221;on&#8221; background_image=&#8221;https:\/\/www.insuco.com\/wp-content\/uploads\/2019\/07\/Insuco-Cote-Ivoire-AFOR.jpg&#8221; custom_padding=&#8221;200px|0px|23px|0px|false|false&#8221; locked=&#8221;off&#8221;][et_pb_row custom_padding=&#8221;27px|0px|0|0px|false|false&#8221; _builder_version=&#8221;3.25&#8243; locked=&#8221;off&#8221;][et_pb_column type=&#8221;4_4&#8243; _builder_version=&#8221;3.25&#8243; custom_padding__hover=&#8221;|||&#8221;][et_pb_text admin_label=&#8221;ProjRecentTitre2 FR&#8221; _builder_version=&#8221;3.26&#8243; header_font=&#8221;|300|||||||&#8221; header_text_color=&#8221;#ffffff&#8221; header_font_size=&#8221;70px&#8221; header_2_text_color=&#8221;#ffffff&#8221; header_2_font_size=&#8221;60px&#8221; custom_padding=&#8221;|||&#8221; animation_style=&#8221;slide&#8221; animation_direction=&#8221;right&#8221; animation_delay=&#8221;500ms&#8221; z_index_tablet=&#8221;500&#8243; header_font_size_phone=&#8221;50px&#8221; header_font_size_last_edited=&#8221;on|phone&#8221; global_module=&#8221;18594&#8243; saved_tabs=&#8221;all&#8221; locked=&#8221;off&#8221; header_2_text_color__hover_enabled=&#8221;on&#8221; header_2_text_color__hover=&#8221;#b1e3e3&#8243;]<\/p>\n<h1>Projets r\u00e9cents ou en cours<\/h1>\n<p>[\/et_pb_text][\/et_pb_column][\/et_pb_row][\/et_pb_section][et_pb_section fb_built=&#8221;1&#8243; _builder_version=&#8221;3.22.3&#8243; custom_padding=&#8221;21px|0px|47px|0px|false|false&#8221;][et_pb_row use_custom_gutter=&#8221;on&#8221; gutter_width=&#8221;2&#8243; custom_padding=&#8221;||0px|||&#8221; custom_margin=&#8221;||&#8221; make_equal=&#8221;on&#8221; _builder_version=&#8221;3.25&#8243;][et_pb_column type=&#8221;4_4&#8243; _builder_version=&#8221;3.25&#8243; custom_padding__hover=&#8221;|||&#8221;][et_pb_text admin_label=&#8221;Titre long&#8221; _builder_version=&#8221;3.26&#8243; header_2_text_color=&#8221;#00818b&#8221; header_2_font_size=&#8221;40px&#8221; header_3_font=&#8221;|600|||||||&#8221; header_3_font_size=&#8221;25px&#8221; custom_margin=&#8221;||0px&#8221; custom_margin_phone=&#8221;||20px|&#8221; custom_margin_last_edited=&#8221;on|phone&#8221; custom_padding=&#8221;||0px|||&#8221; header_2_font_size_last_edited=&#8221;on|phone&#8221;]<\/p>\n<h2>Evaluation sociale de la composante 2 du projet d\u2019appui au foncier rural dans 6 r\u00e9gions de C\u00f4te d\u2019Ivoire<\/h2>\n<p>[\/et_pb_text][et_pb_text admin_label=&#8221;Client &#8221; _builder_version=&#8221;3.26&#8243; text_font=&#8221;Source Sans Pro||||||||&#8221; text_text_color=&#8221;#000000&#8243; text_font_size=&#8221;23px&#8221; header_2_text_color=&#8221;#00818b&#8221; header_2_font_size=&#8221;40px&#8221; header_3_font=&#8221;|600|||||||&#8221; header_3_font_size=&#8221;25px&#8221; custom_margin=&#8221;0px||&#8221; custom_margin_phone=&#8221;||10px&#8221; custom_margin_last_edited=&#8221;on|phone&#8221; custom_padding=&#8221;0px|||||&#8221; header_2_font_size_last_edited=&#8221;on|phone&#8221;]<\/p>\n<p><strong>Client : <\/strong>Agence Fonci\u00e8re Rurale (AFOR), du Minist\u00e8re de l\u2019Agriculture et du D\u00e9veloppement Durable<\/p>\n<p>[\/et_pb_text][\/et_pb_column][\/et_pb_row][et_pb_row column_structure=&#8221;2_5,3_5&#8243; use_custom_gutter=&#8221;on&#8221; gutter_width=&#8221;2&#8243; custom_padding=&#8221;||0px|||&#8221; custom_margin=&#8221;||&#8221; _builder_version=&#8221;3.26&#8243;][et_pb_column type=&#8221;2_5&#8243; _builder_version=&#8221;3.26&#8243; background_color=&#8221;rgba(0,129,139,0.08);&#8221; custom_padding=&#8221;20px|20px|20px|20px|false|false&#8221; custom_padding_phone=&#8221;10px|10px|10px|10px|false|false&#8221; custom_padding_last_edited=&#8221;on|phone&#8221; custom_padding__hover=&#8221;|||&#8221;][et_pb_text admin_label=&#8221;CatRegion2 FR&#8221; module_class=&#8221;custom-taxonomy&#8221; _builder_version=&#8221;3.25.4&#8243; _dynamic_attributes=&#8221;content&#8221; text_font=&#8221;|700|||||||&#8221; header_font=&#8221;||||||||&#8221; header_2_font=&#8221;||||||||&#8221; header_2_text_color=&#8221;#00818b&#8221; header_2_font_size=&#8221;40px&#8221; header_3_font=&#8221;|600|||||||&#8221; header_3_font_size=&#8221;25px&#8221; custom_margin_phone=&#8221;||10px&#8221; custom_margin_last_edited=&#8221;on|phone&#8221; custom_padding=&#8221;|||||&#8221; header_2_font_size_phone=&#8221;40px&#8221; header_2_font_size_last_edited=&#8221;on|phone&#8221; global_module=&#8221;18581&#8243; saved_tabs=&#8221;all&#8221; locked=&#8221;off&#8221;]@ET-DC@eyJkeW5hbWljIjp0cnVlLCJjb250ZW50IjoicG9zdF9jYXRlZ29yaWVzIiwic2V0dGluZ3MiOnsiYmVmb3JlIjoiUmVnaW9uIFwvIFBheXMgOiAiLCJhZnRlciI6IiIsImxpbmtfdG9fdGVybV9wYWdlIjoib24iLCJzZXBhcmF0b3IiOiIiLCJjYXRlZ29yeV90eXBlIjoicmVnaW9uIn19@[\/et_pb_text][et_pb_text admin_label=&#8221;CatSecteur2 FR&#8221; module_class=&#8221;custom-taxonomy&#8221; _builder_version=&#8221;3.25.4&#8243; _dynamic_attributes=&#8221;content&#8221; text_font=&#8221;|700|||||||&#8221; header_font=&#8221;||||||||&#8221; header_2_font=&#8221;||||||||&#8221; header_2_text_color=&#8221;#00818b&#8221; header_2_font_size=&#8221;40px&#8221; header_3_font=&#8221;|600|||||||&#8221; header_3_font_size=&#8221;25px&#8221; custom_margin_phone=&#8221;||10px&#8221; custom_margin_last_edited=&#8221;on|phone&#8221; custom_padding=&#8221;|||||&#8221; header_2_font_size_phone=&#8221;40px&#8221; header_2_font_size_last_edited=&#8221;on|phone&#8221; global_module=&#8221;18583&#8243; saved_tabs=&#8221;all&#8221; locked=&#8221;off&#8221;]@ET-DC@eyJkeW5hbWljIjp0cnVlLCJjb250ZW50IjoicG9zdF9jYXRlZ29yaWVzIiwic2V0dGluZ3MiOnsiYmVmb3JlIjoiU2VjdGV1cnMgOiAiLCJhZnRlciI6IiIsImxpbmtfdG9fdGVybV9wYWdlIjoib24iLCJzZXBhcmF0b3IiOiIiLCJjYXRlZ29yeV90eXBlIjoic2VjdGV1ciJ9fQ==@[\/et_pb_text][et_pb_text admin_label=&#8221;CatService2 FR&#8221; module_class=&#8221;custom-taxonomy&#8221; _builder_version=&#8221;3.25.4&#8243; _dynamic_attributes=&#8221;content&#8221; text_font=&#8221;|700|||||||&#8221; header_font=&#8221;||||||||&#8221; header_2_font=&#8221;||||||||&#8221; header_2_text_color=&#8221;#00818b&#8221; header_2_font_size=&#8221;40px&#8221; header_3_font=&#8221;|600|||||||&#8221; header_3_font_size=&#8221;25px&#8221; custom_margin_phone=&#8221;||10px&#8221; custom_margin_last_edited=&#8221;on|phone&#8221; custom_padding=&#8221;|||||&#8221; header_2_font_size_phone=&#8221;40px&#8221; header_2_font_size_last_edited=&#8221;on|phone&#8221; global_module=&#8221;18586&#8243; saved_tabs=&#8221;all&#8221; locked=&#8221;off&#8221;]@ET-DC@eyJkeW5hbWljIjp0cnVlLCJjb250ZW50IjoicG9zdF9jYXRlZ29yaWVzIiwic2V0dGluZ3MiOnsiYmVmb3JlIjoiU2VydmljZXMgOiAiLCJhZnRlciI6IiIsImxpbmtfdG9fdGVybV9wYWdlIjoib24iLCJzZXBhcmF0b3IiOiIiLCJjYXRlZ29yeV90eXBlIjoic2VydmljZXMifX0=@[\/et_pb_text][et_pb_text admin_label=&#8221;CatClient2 FR&#8221; module_class=&#8221;custom-taxonomy&#8221; _builder_version=&#8221;3.25.4&#8243; _dynamic_attributes=&#8221;content&#8221; text_font=&#8221;|700|||||||&#8221; header_font=&#8221;||||||||&#8221; header_2_font=&#8221;||||||||&#8221; header_2_text_color=&#8221;#00818b&#8221; header_2_font_size=&#8221;40px&#8221; header_3_font=&#8221;|600|||||||&#8221; header_3_font_size=&#8221;25px&#8221; custom_margin_phone=&#8221;||10px&#8221; custom_margin_last_edited=&#8221;on|phone&#8221; custom_padding=&#8221;|||||&#8221; header_2_font_size_phone=&#8221;40px&#8221; header_2_font_size_last_edited=&#8221;on|phone&#8221; global_module=&#8221;18588&#8243; saved_tabs=&#8221;all&#8221; locked=&#8221;off&#8221;]@ET-DC@eyJkeW5hbWljIjp0cnVlLCJjb250ZW50IjoicG9zdF9jYXRlZ29yaWVzIiwic2V0dGluZ3MiOnsiYmVmb3JlIjoiQ2F0ZWdvcmllIGRlIGNsaWVudCA6ICIsImFmdGVyIjoiIiwibGlua190b190ZXJtX3BhZ2UiOiJvbiIsInNlcGFyYXRvciI6IiIsImNhdGVnb3J5X3R5cGUiOiJjbGllbnQifX0=@[\/et_pb_text][\/et_pb_column][et_pb_column type=&#8221;3_5&#8243; _builder_version=&#8221;3.25&#8243; custom_padding__hover=&#8221;|||&#8221;][et_pb_post_title title=&#8221;off&#8221; meta=&#8221;off&#8221; admin_label=&#8221;Image&#8221; _builder_version=&#8221;3.22.7&#8243; custom_margin=&#8221;||22px|||&#8221; locked=&#8221;on&#8221;][\/et_pb_post_title][et_pb_text admin_label=&#8221;MissionTitre2 FR&#8221; _builder_version=&#8221;3.25.4&#8243; header_2_font=&#8221;|600|||||||&#8221; header_2_text_color=&#8221;#00818b&#8221; header_2_font_size=&#8221;40px&#8221; header_3_font=&#8221;|600|||||||&#8221; header_3_font_size=&#8221;25px&#8221; custom_margin=&#8221;||-2px|||&#8221; custom_padding=&#8221;|||||&#8221; z_index_tablet=&#8221;500&#8243; header_2_font_size_last_edited=&#8221;on|phone&#8221; global_module=&#8221;18590&#8243; saved_tabs=&#8221;all&#8221; locked=&#8221;on&#8221;]<\/p>\n<h3>Mission :<\/h3>\n<p>[\/et_pb_text][et_pb_text admin_label=&#8221;Mission texte&#8221; _builder_version=&#8221;3.26&#8243; header_2_font=&#8221;|600|||||||&#8221; header_2_text_color=&#8221;#00818b&#8221; header_2_font_size=&#8221;40px&#8221; header_3_font=&#8221;|600|||||||&#8221; header_3_font_size=&#8221;25px&#8221; custom_padding=&#8221;|||||&#8221; header_2_font_size_last_edited=&#8221;on|phone&#8221;]<\/p>\n<p>L\u2019objectif g\u00e9n\u00e9ral de l\u2019\u00e9tude \u00e9tait d&#8217;identifier, analyser et caract\u00e9riser les risques sociaux (conflits fonciers, pertes induites de sources de production ou subsistance) associ\u00e9s \u00e0 la composante 2 du projet d\u2019appui au foncier rural (appui \u00e0 la mise en \u0153uvre du Programme National de S\u00e9curit\u00e9 Fonci\u00e8re Rurale &#8211; PNSFR), dans 6 r\u00e9gions cibl\u00e9es (Agn\u00e9by Tiassa, Bafing, Ind\u00e9ni\u00e9 Djuablin, M\u00e9, N\u2019zi et Sud Como\u00e9). De fa\u00e7on sp\u00e9cifique, il s\u2019agissait de d\u00e9crire, d\u2019une part, les caract\u00e9ristiques socio-fonci\u00e8res des zones d\u2019intervention du projet, et d\u2019autre part, les accords et arrangements fonciers entre les diff\u00e9rentes communaut\u00e9s, leurs modalit\u00e9s pratiques et les risques \u00e9ventuels de remise en question. L\u2019objectif final de l\u2019\u00e9tude \u00e9tait de proposer un plan d\u2019actions pr\u00e9sentant les diff\u00e9rentes mesures susceptibles de pr\u00e9venir, veiller, et g\u00e9rer chaque type de risques, accompagn\u00e9 d\u2019un budget estimatif.<\/p>\n<p>[\/et_pb_text][et_pb_text admin_label=&#8221;ResultatTitre2 FR&#8221; _builder_version=&#8221;3.25.4&#8243; header_2_font=&#8221;|600|||||||&#8221; header_2_text_color=&#8221;#00818b&#8221; header_2_font_size=&#8221;40px&#8221; header_3_font=&#8221;|600|||||||&#8221; header_3_font_size=&#8221;25px&#8221; custom_margin=&#8221;||-2px|||&#8221; custom_padding=&#8221;|||||&#8221; z_index_tablet=&#8221;500&#8243; header_2_font_size_last_edited=&#8221;on|phone&#8221; global_module=&#8221;18591&#8243; saved_tabs=&#8221;all&#8221; locked=&#8221;on&#8221;]<\/p>\n<h3>R\u00e9sultat :<\/h3>\n<p>[\/et_pb_text][et_pb_text admin_label=&#8221;R\u00e9sultat texte&#8221; _builder_version=&#8221;3.26&#8243; header_2_font=&#8221;|600|||||||&#8221; header_2_text_color=&#8221;#00818b&#8221; header_2_font_size=&#8221;40px&#8221; header_3_font=&#8221;|600|||||||&#8221; header_3_font_size=&#8221;25px&#8221; custom_padding=&#8221;|||||&#8221; header_2_font_size_last_edited=&#8221;on|phone&#8221;]<\/p>\n<p>Les livrables suivants ont \u00e9t\u00e9 remis \u00e0 l\u2019AFOR\u00a0:<\/p>\n<ul>\n<li>Un rapport de d\u00e9marrage pr\u00e9sentant et d\u00e9crivant la m\u00e9thodologie, les outils et instruments de collecte des donn\u00e9es et le plan d\u2019intervention des experts<\/li>\n<li>Une note m\u00e9thodologique sur les r\u00e9sultats interm\u00e9diaires et les donn\u00e9es \u00e0 compl\u00e9ter<\/li>\n<li>Un Plan d\u2019Engagement des Parties Prenantes (PEPP)<\/li>\n<li>Un rapport d\u2019Etude d\u2019Impact Social (EIS)<\/li>\n<li>Un Plan de Gestion Social (PGS)<\/li>\n<li>Un M\u00e9canisme de Gestion des Plaintes (MGP)<\/li>\n<\/ul>\n<p>[\/et_pb_text][\/et_pb_column][\/et_pb_row][\/et_pb_section][et_pb_section fb_built=&#8221;1&#8243; _builder_version=&#8221;3.22.7&#8243; background_color=&#8221;rgba(177,227,227,0.25)&#8221; custom_margin=&#8221;||-25px&#8221; custom_padding=&#8221;37px|0px|25px|0px|false|false&#8221; saved_tabs=&#8221;all&#8221; locked=&#8221;off&#8221;][et_pb_row _builder_version=&#8221;3.25&#8243;][et_pb_column type=&#8221;4_4&#8243; _builder_version=&#8221;3.25&#8243; custom_padding__hover=&#8221;|||&#8221;][et_pb_cta title=&#8221;Parlez-nous de votre projet !&#8221; button_url=&#8221;https:\/\/www.insuco.com\/contact&#8221; button_text=&#8221;Contactez-nous&#8221; admin_label=&#8221;CTAProjet2 FR&#8221; _builder_version=&#8221;3.25.4&#8243; background_color=&#8221;rgba(89,175,181,0)&#8221; background_layout=&#8221;light&#8221; animation_style=&#8221;zoom&#8221; z_index_tablet=&#8221;500&#8243; header_font_size_phone=&#8221;40px&#8221; header_font_size_last_edited=&#8221;on|phone&#8221; header_text_shadow_horizontal_length_tablet=&#8221;0px&#8221; header_text_shadow_vertical_length_tablet=&#8221;0px&#8221; header_text_shadow_blur_strength_tablet=&#8221;1px&#8221; body_text_shadow_horizontal_length_tablet=&#8221;0px&#8221; body_text_shadow_vertical_length_tablet=&#8221;0px&#8221; body_text_shadow_blur_strength_tablet=&#8221;1px&#8221; body_link_text_shadow_horizontal_length_tablet=&#8221;0px&#8221; body_link_text_shadow_vertical_length_tablet=&#8221;0px&#8221; body_link_text_shadow_blur_strength_tablet=&#8221;1px&#8221; body_ul_text_shadow_horizontal_length_tablet=&#8221;0px&#8221; body_ul_text_shadow_vertical_length_tablet=&#8221;0px&#8221; body_ul_text_shadow_blur_strength_tablet=&#8221;1px&#8221; body_ol_text_shadow_horizontal_length_tablet=&#8221;0px&#8221; body_ol_text_shadow_vertical_length_tablet=&#8221;0px&#8221; body_ol_text_shadow_blur_strength_tablet=&#8221;1px&#8221; body_quote_text_shadow_horizontal_length_tablet=&#8221;0px&#8221; body_quote_text_shadow_vertical_length_tablet=&#8221;0px&#8221; body_quote_text_shadow_blur_strength_tablet=&#8221;1px&#8221; button_text_shadow_horizontal_length_tablet=&#8221;0px&#8221; button_text_shadow_vertical_length_tablet=&#8221;0px&#8221; button_text_shadow_blur_strength_tablet=&#8221;1px&#8221; box_shadow_horizontal_tablet=&#8221;0px&#8221; box_shadow_vertical_tablet=&#8221;0px&#8221; box_shadow_blur_tablet=&#8221;40px&#8221; box_shadow_spread_tablet=&#8221;0px&#8221; box_shadow_horizontal_button_tablet=&#8221;0px&#8221; box_shadow_vertical_button_tablet=&#8221;0px&#8221; box_shadow_blur_button_tablet=&#8221;40px&#8221; box_shadow_spread_button_tablet=&#8221;0px&#8221; text_shadow_horizontal_length_tablet=&#8221;0px&#8221; text_shadow_vertical_length_tablet=&#8221;0px&#8221; text_shadow_blur_strength_tablet=&#8221;1px&#8221; global_module=&#8221;18592&#8243; saved_tabs=&#8221;all&#8221; locked=&#8221;on&#8221;]<\/p>\n<p>Vous souhaitez \u00e9changer sur votre projet et ses enjeux ? En savoir plus sur Insuco et nos expertises ? Nous rencontrer ?<\/p>\n<p>[\/et_pb_cta][\/et_pb_column][\/et_pb_row][\/et_pb_section]<\/p>\n","protected":false},"excerpt":{"rendered":"<p>Projets r\u00e9cents ou en cours Evaluation sociale de la composante 2 du projet d\u2019appui au foncier rural dans 6 r\u00e9gions de C\u00f4te d\u2019IvoireClient : Agence Fonci\u00e8re Rurale (AFOR), du Minist\u00e8re de l\u2019Agriculture et du D\u00e9veloppement DurableMission : L\u2019objectif g\u00e9n\u00e9ral de l\u2019\u00e9tude \u00e9tait d&#8217;identifier, analyser et caract\u00e9riser les risques sociaux (conflits fonciers, pertes induites de sources [&hellip;]<\/p>\n","protected":false},"author":1,"featured_media":18928,"comment_status":"open","ping_status":"closed","template":"","meta":{"_acf_changed":false,"_et_pb_use_builder":"on","_et_pb_old_content":"","_et_gb_content_width":"","footnotes":""},"project_category":[299],"project_tag":[561],"region":[99,118],"secteur":[152,154],"services":[172,102],"client":[180],"class_list":["post-18936","project","type-project","status-publish","has-post-thumbnail","hentry","project_category-services-etudes-du-foncier-en","project_tag-anciens-projets-avec-builder-en","region-africa-en","region-ivory-coast","secteur-agriculture-agro-industry","secteur-land-use-planning","services-social-management","services-studies","client-public-institutions"],"acf":[],"yoast_head":"<!-- This site is optimized with the Yoast SEO plugin v26.0 - https:\/\/yoast.com\/wordpress\/plugins\/seo\/ -->\n<title>Social evaluation of land tenure in rural areas for the AFOR - Ivory Coast - Insuco<\/title>\n<meta name=\"robots\" content=\"index, follow, max-snippet:-1, max-image-preview:large, max-video-preview:-1\" \/>\n<link rel=\"canonical\" href=\"https:\/\/www.insuco.com\/en\/project\/social-evaluation-of-land-tenure-in-rural-areas-for-the-afor\/\" \/>\n<meta property=\"og:locale\" content=\"en_US\" \/>\n<meta property=\"og:type\" content=\"article\" \/>\n<meta property=\"og:title\" content=\"Social evaluation of land tenure in rural areas for the AFOR - Ivory Coast - Insuco\" \/>\n<meta property=\"og:description\" content=\"Projets r\u00e9cents ou en cours Evaluation sociale de la composante 2 du projet d\u2019appui au foncier rural dans 6 r\u00e9gions de C\u00f4te d\u2019IvoireClient : Agence Fonci\u00e8re Rurale (AFOR), du Minist\u00e8re de l\u2019Agriculture et du D\u00e9veloppement DurableMission : L\u2019objectif g\u00e9n\u00e9ral de l\u2019\u00e9tude \u00e9tait d&#039;identifier, analyser et caract\u00e9riser les risques sociaux (conflits fonciers, pertes induites de sources [&hellip;]\" \/>\n<meta property=\"og:url\" content=\"https:\/\/www.insuco.com\/en\/project\/social-evaluation-of-land-tenure-in-rural-areas-for-the-afor\/\" \/>\n<meta property=\"og:site_name\" content=\"Insuco\" \/>\n<meta property=\"article:modified_time\" content=\"2024-08-07T08:06:17+00:00\" \/>\n<meta property=\"og:image\" content=\"https:\/\/www.insuco.com\/wp-content\/uploads\/2019\/07\/Insuco-Cote-Ivoire-AFOR.jpg\" \/>\n\t<meta property=\"og:image:width\" content=\"753\" \/>\n\t<meta property=\"og:image:height\" content=\"300\" \/>\n\t<meta property=\"og:image:type\" content=\"image\/jpeg\" \/>\n<meta name=\"twitter:card\" content=\"summary_large_image\" \/>\n<meta name=\"twitter:label1\" content=\"Est. reading time\" \/>\n\t<meta name=\"twitter:data1\" content=\"8 minutes\" \/>\n<script type=\"application\/ld+json\" class=\"yoast-schema-graph\">{\"@context\":\"https:\/\/schema.org\",\"@graph\":[{\"@type\":\"WebPage\",\"@id\":\"https:\/\/www.insuco.com\/en\/project\/social-evaluation-of-land-tenure-in-rural-areas-for-the-afor\/\",\"url\":\"https:\/\/www.insuco.com\/en\/project\/social-evaluation-of-land-tenure-in-rural-areas-for-the-afor\/\",\"name\":\"Social evaluation of land tenure in rural areas for the AFOR - Ivory Coast - Insuco\",\"isPartOf\":{\"@id\":\"https:\/\/www.insuco.com\/en\/#website\"},\"primaryImageOfPage\":{\"@id\":\"https:\/\/www.insuco.com\/en\/project\/social-evaluation-of-land-tenure-in-rural-areas-for-the-afor\/#primaryimage\"},\"image\":{\"@id\":\"https:\/\/www.insuco.com\/en\/project\/social-evaluation-of-land-tenure-in-rural-areas-for-the-afor\/#primaryimage\"},\"thumbnailUrl\":\"https:\/\/www.insuco.com\/wp-content\/uploads\/2019\/07\/Insuco-Cote-Ivoire-AFOR.jpg\",\"datePublished\":\"2019-07-12T11:49:07+00:00\",\"dateModified\":\"2024-08-07T08:06:17+00:00\",\"breadcrumb\":{\"@id\":\"https:\/\/www.insuco.com\/en\/project\/social-evaluation-of-land-tenure-in-rural-areas-for-the-afor\/#breadcrumb\"},\"inLanguage\":\"en-US\",\"potentialAction\":[{\"@type\":\"ReadAction\",\"target\":[\"https:\/\/www.insuco.com\/en\/project\/social-evaluation-of-land-tenure-in-rural-areas-for-the-afor\/\"]}]},{\"@type\":\"ImageObject\",\"inLanguage\":\"en-US\",\"@id\":\"https:\/\/www.insuco.com\/en\/project\/social-evaluation-of-land-tenure-in-rural-areas-for-the-afor\/#primaryimage\",\"url\":\"https:\/\/www.insuco.com\/wp-content\/uploads\/2019\/07\/Insuco-Cote-Ivoire-AFOR.jpg\",\"contentUrl\":\"https:\/\/www.insuco.com\/wp-content\/uploads\/2019\/07\/Insuco-Cote-Ivoire-AFOR.jpg\",\"width\":753,\"height\":300},{\"@type\":\"BreadcrumbList\",\"@id\":\"https:\/\/www.insuco.com\/en\/project\/social-evaluation-of-land-tenure-in-rural-areas-for-the-afor\/#breadcrumb\",\"itemListElement\":[{\"@type\":\"ListItem\",\"position\":1,\"name\":\"Accueil\",\"item\":\"https:\/\/www.insuco.com\/en\/\"},{\"@type\":\"ListItem\",\"position\":2,\"name\":\"Projects\",\"item\":\"https:\/\/www.insuco.com\/en\/project\/\"},{\"@type\":\"ListItem\",\"position\":3,\"name\":\"Social evaluation of land tenure in rural areas for the AFOR &#8211; Ivory Coast\"}]},{\"@type\":\"WebSite\",\"@id\":\"https:\/\/www.insuco.com\/en\/#website\",\"url\":\"https:\/\/www.insuco.com\/en\/\",\"name\":\"Insuco\",\"description\":\"Local understanding for sustainable solutions\",\"potentialAction\":[{\"@type\":\"SearchAction\",\"target\":{\"@type\":\"EntryPoint\",\"urlTemplate\":\"https:\/\/www.insuco.com\/en\/?s={search_term_string}\"},\"query-input\":{\"@type\":\"PropertyValueSpecification\",\"valueRequired\":true,\"valueName\":\"search_term_string\"}}],\"inLanguage\":\"en-US\"}]}<\/script>\n<!-- \/ Yoast SEO plugin. -->","yoast_head_json":{"title":"Social evaluation of land tenure in rural areas for the AFOR - Ivory Coast - Insuco","robots":{"index":"index","follow":"follow","max-snippet":"max-snippet:-1","max-image-preview":"max-image-preview:large","max-video-preview":"max-video-preview:-1"},"canonical":"https:\/\/www.insuco.com\/en\/project\/social-evaluation-of-land-tenure-in-rural-areas-for-the-afor\/","og_locale":"en_US","og_type":"article","og_title":"Social evaluation of land tenure in rural areas for the AFOR - Ivory Coast - Insuco","og_description":"Projets r\u00e9cents ou en cours Evaluation sociale de la composante 2 du projet d\u2019appui au foncier rural dans 6 r\u00e9gions de C\u00f4te d\u2019IvoireClient : Agence Fonci\u00e8re Rurale (AFOR), du Minist\u00e8re de l\u2019Agriculture et du D\u00e9veloppement DurableMission : L\u2019objectif g\u00e9n\u00e9ral de l\u2019\u00e9tude \u00e9tait d'identifier, analyser et caract\u00e9riser les risques sociaux (conflits fonciers, pertes induites de sources [&hellip;]","og_url":"https:\/\/www.insuco.com\/en\/project\/social-evaluation-of-land-tenure-in-rural-areas-for-the-afor\/","og_site_name":"Insuco","article_modified_time":"2024-08-07T08:06:17+00:00","og_image":[{"width":753,"height":300,"url":"https:\/\/www.insuco.com\/wp-content\/uploads\/2019\/07\/Insuco-Cote-Ivoire-AFOR.jpg","type":"image\/jpeg"}],"twitter_card":"summary_large_image","twitter_misc":{"Est. reading time":"8 minutes"},"schema":{"@context":"https:\/\/schema.org","@graph":[{"@type":"WebPage","@id":"https:\/\/www.insuco.com\/en\/project\/social-evaluation-of-land-tenure-in-rural-areas-for-the-afor\/","url":"https:\/\/www.insuco.com\/en\/project\/social-evaluation-of-land-tenure-in-rural-areas-for-the-afor\/","name":"Social evaluation of land tenure in rural areas for the AFOR - Ivory Coast - Insuco","isPartOf":{"@id":"https:\/\/www.insuco.com\/en\/#website"},"primaryImageOfPage":{"@id":"https:\/\/www.insuco.com\/en\/project\/social-evaluation-of-land-tenure-in-rural-areas-for-the-afor\/#primaryimage"},"image":{"@id":"https:\/\/www.insuco.com\/en\/project\/social-evaluation-of-land-tenure-in-rural-areas-for-the-afor\/#primaryimage"},"thumbnailUrl":"https:\/\/www.insuco.com\/wp-content\/uploads\/2019\/07\/Insuco-Cote-Ivoire-AFOR.jpg","datePublished":"2019-07-12T11:49:07+00:00","dateModified":"2024-08-07T08:06:17+00:00","breadcrumb":{"@id":"https:\/\/www.insuco.com\/en\/project\/social-evaluation-of-land-tenure-in-rural-areas-for-the-afor\/#breadcrumb"},"inLanguage":"en-US","potentialAction":[{"@type":"ReadAction","target":["https:\/\/www.insuco.com\/en\/project\/social-evaluation-of-land-tenure-in-rural-areas-for-the-afor\/"]}]},{"@type":"ImageObject","inLanguage":"en-US","@id":"https:\/\/www.insuco.com\/en\/project\/social-evaluation-of-land-tenure-in-rural-areas-for-the-afor\/#primaryimage","url":"https:\/\/www.insuco.com\/wp-content\/uploads\/2019\/07\/Insuco-Cote-Ivoire-AFOR.jpg","contentUrl":"https:\/\/www.insuco.com\/wp-content\/uploads\/2019\/07\/Insuco-Cote-Ivoire-AFOR.jpg","width":753,"height":300},{"@type":"BreadcrumbList","@id":"https:\/\/www.insuco.com\/en\/project\/social-evaluation-of-land-tenure-in-rural-areas-for-the-afor\/#breadcrumb","itemListElement":[{"@type":"ListItem","position":1,"name":"Accueil","item":"https:\/\/www.insuco.com\/en\/"},{"@type":"ListItem","position":2,"name":"Projects","item":"https:\/\/www.insuco.com\/en\/project\/"},{"@type":"ListItem","position":3,"name":"Social evaluation of land tenure in rural areas for the AFOR &#8211; Ivory Coast"}]},{"@type":"WebSite","@id":"https:\/\/www.insuco.com\/en\/#website","url":"https:\/\/www.insuco.com\/en\/","name":"Insuco","description":"Local understanding for sustainable solutions","potentialAction":[{"@type":"SearchAction","target":{"@type":"EntryPoint","urlTemplate":"https:\/\/www.insuco.com\/en\/?s={search_term_string}"},"query-input":{"@type":"PropertyValueSpecification","valueRequired":true,"valueName":"search_term_string"}}],"inLanguage":"en-US"}]}},"_links":{"self":[{"href":"https:\/\/www.insuco.com\/en\/wp-json\/wp\/v2\/project\/18936","targetHints":{"allow":["GET"]}}],"collection":[{"href":"https:\/\/www.insuco.com\/en\/wp-json\/wp\/v2\/project"}],"about":[{"href":"https:\/\/www.insuco.com\/en\/wp-json\/wp\/v2\/types\/project"}],"author":[{"embeddable":true,"href":"https:\/\/www.insuco.com\/en\/wp-json\/wp\/v2\/users\/1"}],"replies":[{"embeddable":true,"href":"https:\/\/www.insuco.com\/en\/wp-json\/wp\/v2\/comments?post=18936"}],"version-history":[{"count":4,"href":"https:\/\/www.insuco.com\/en\/wp-json\/wp\/v2\/project\/18936\/revisions"}],"predecessor-version":[{"id":53111,"href":"https:\/\/www.insuco.com\/en\/wp-json\/wp\/v2\/project\/18936\/revisions\/53111"}],"wp:featuredmedia":[{"embeddable":true,"href":"https:\/\/www.insuco.com\/en\/wp-json\/wp\/v2\/media\/18928"}],"wp:attachment":[{"href":"https:\/\/www.insuco.com\/en\/wp-json\/wp\/v2\/media?parent=18936"}],"wp:term":[{"taxonomy":"project_category","embeddable":true,"href":"https:\/\/www.insuco.com\/en\/wp-json\/wp\/v2\/project_category?post=18936"},{"taxonomy":"project_tag","embeddable":true,"href":"https:\/\/www.insuco.com\/en\/wp-json\/wp\/v2\/project_tag?post=18936"},{"taxonomy":"region","embeddable":true,"href":"https:\/\/www.insuco.com\/en\/wp-json\/wp\/v2\/region?post=18936"},{"taxonomy":"secteur","embeddable":true,"href":"https:\/\/www.insuco.com\/en\/wp-json\/wp\/v2\/secteur?post=18936"},{"taxonomy":"services","embeddable":true,"href":"https:\/\/www.insuco.com\/en\/wp-json\/wp\/v2\/services?post=18936"},{"taxonomy":"client","embeddable":true,"href":"https:\/\/www.insuco.com\/en\/wp-json\/wp\/v2\/client?post=18936"}],"curies":[{"name":"wp","href":"https:\/\/api.w.org\/{rel}","templated":true}]}}