{"id":17230,"date":"2019-04-02T16:29:35","date_gmt":"2019-04-02T14:29:35","guid":{"rendered":"https:\/\/www.insuco.com\/news\/"},"modified":"2019-07-05T16:51:18","modified_gmt":"2019-07-05T14:51:18","slug":"news","status":"publish","type":"page","link":"https:\/\/www.insuco.com\/en\/news\/","title":{"rendered":"News"},"content":{"rendered":"<p>[et_pb_section bb_built=&#8221;1&#8243; _builder_version=&#8221;3.22.7&#8243; use_background_color_gradient=&#8221;on&#8221; background_color_gradient_start=&#8221;#00818b&#8221; background_color_gradient_end=&#8221;rgba(0,129,139,0.99)&#8221; background_color_gradient_overlays_image=&#8221;on&#8221; background_image=&#8221;https:\/\/www.insuco.com\/wp-content\/uploads\/2019\/04\/insuco-slider2.jpg&#8221; custom_padding=&#8221;65px|0px|23px|0px|false|false&#8221; next_background_color=&#8221;#ffffff&#8221;][et_pb_row custom_padding=&#8221;27px|0px|0|0px|false|false&#8221; _builder_version=&#8221;3.22.7&#8243;][et_pb_column type=&#8221;4_4&#8243; _builder_version=&#8221;3.0.47&#8243; custom_padding__hover=&#8221;|||&#8221; custom_padding=&#8221;|||&#8221;][et_pb_text _builder_version=&#8221;3.22.7&#8243; header_font=&#8221;|300|||||||&#8221; header_text_color=&#8221;#ffffff&#8221; header_font_size=&#8221;70px&#8221; header_font_size_phone=&#8221;50px&#8221; header_font_size_last_edited=&#8221;on|phone&#8221; header_2_text_color=&#8221;#ffffff&#8221; header_2_font_size=&#8221;60px&#8221; custom_padding=&#8221;|||&#8221; animation_style=&#8221;slide&#8221; animation_direction=&#8221;right&#8221; animation_delay=&#8221;500ms&#8221; z_index_tablet=&#8221;500&#8243; header_2_text_color__hover_enabled=&#8221;on&#8221; header_2_text_color__hover=&#8221;#b1e3e3&#8243;]<\/p>\n<h1>News<\/h1>\n<p>[\/et_pb_text][\/et_pb_column][\/et_pb_row][\/et_pb_section][et_pb_section bb_built=&#8221;1&#8243; _builder_version=&#8221;3.22.7&#8243; custom_padding=&#8221;21px|0px|37px|0px|false|false&#8221; prev_background_color=&#8221;#000000&#8243;][et_pb_row custom_padding=&#8221;||29px|||&#8221; _builder_version=&#8221;3.22.7&#8243;][et_pb_column type=&#8221;4_4&#8243; _builder_version=&#8221;3.0.47&#8243; custom_padding__hover=&#8221;|||&#8221; custom_padding=&#8221;|||&#8221;][et_pb_tabs active_tab_background_color=&#8221;#00818b&#8221; inactive_tab_background_color=&#8221;#ffffff&#8221; disabled_on=&#8221;on|on|on&#8221; module_class=&#8221;filtre-blog&#8221; _builder_version=&#8221;3.22.7&#8243; tab_font=&#8221;|||on|||||&#8221; tab_font_size=&#8221;13px&#8221; tab_letter_spacing=&#8221;1px&#8221; tab_line_height=&#8221;2.1em&#8221; body_font=&#8221;||||||||&#8221; body_text_color=&#8221;rgba(0,0,0,0)&#8221; border_width_all=&#8221;0px&#8221; border_style_all=&#8221;solid&#8221; custom_padding=&#8221;|0px||0px&#8221; border_style=&#8221;solid&#8221; disabled=&#8221;on&#8221;][et_pb_tab title=&#8221;Nouvelles d&#8217;insuco&#8221; _builder_version=&#8221;3.22.7&#8243; tab_font=&#8221;||||&#8221; body_font=&#8221;||||&#8221;][et_pb_section global_module=\"13363\"][\/et_pb_section][\/et_pb_tab][et_pb_tab title=&#8221;Regards d\u2019experts&#8221; _builder_version=&#8221;3.22.7&#8243; tab_font=&#8221;||||&#8221; body_font=&#8221;||||&#8221;][et_pb_section global_module=\"13400\"][\/et_pb_section][\/et_pb_tab][et_pb_tab title=&#8221;Cas clients&#8221; _builder_version=&#8221;3.22.7&#8243; tab_font=&#8221;||||&#8221; body_font=&#8221;||||&#8221;][et_pb_section global_module=\"13404\"][\/et_pb_section][\/et_pb_tab][\/et_pb_tabs][et_pb_code _builder_version=&#8221;3.25.4&#8243; z_index_tablet=&#8221;500&#8243;][et_pb_section global_module=\"17235\"][\/et_pb_section][\/et_pb_code][\/et_pb_column][\/et_pb_row][\/et_pb_section]<\/p>\n","protected":false},"excerpt":{"rendered":"<p>News <div class=\"et_pb_row et_pb_row_0 et_pb_row_fullwidth et_pb_gutters2\">\n\t\t\t\t<div class=\"et_pb_column et_pb_column_4_4 et_pb_column_0  et_pb_css_mix_blend_mode_passthrough et-last-child\">\n\t\t\t\t\n\t\t\t\t\n\t\t\t\t\n\t\t\t\t\n\t\t\t\t<div class=\"et_pb_module et_pb_blog_0 et_pb_blog_grid_wrapper et_pb_bg_layout_light\">\n\t\t\t\t\t<div class=\"et_pb_blog_grid clearfix \">\n\t\t\t\t\t\n\t\t\t\t\t\n\t\t\t\t\t\n\t\t\t\t\t\n\t\t\t\t\t<div class=\"et_pb_ajax_pagination_container\">\n\t\t\t\t\t\t<div class=\"et_pb_salvattore_content\" data-columns>\n\t\t\t<article id=\"post-58757\" class=\"et_pb_post clearfix et_pb_blog_item_0_0 post-58757 post type-post status-publish format-standard has-post-thumbnail hentry category-on-the-front-page\">\n\n\t\t\t\t<div class=\"et_pb_image_container\"><a href=\"https:\/\/www.insuco.com\/en\/insuco-adopts-ai-use-policy\/\" class=\"entry-featured-image-url\"><img loading=\"lazy\" decoding=\"async\" src=\"https:\/\/www.insuco.com\/wp-content\/uploads\/2025\/12\/AI4AI_visuel_ext1-400x250.jpg\" alt=\"Insuco adopts an Artificial Intelligence Usage Policy\" class=\"\" srcset=\"https:\/\/www.insuco.com\/wp-content\/uploads\/2025\/12\/AI4AI_visuel_ext1.jpg 479w, https:\/\/www.insuco.com\/wp-content\/uploads\/2025\/12\/AI4AI_visuel_ext1-400x250.jpg 480w \" sizes=\"(max-width:479px) 479px, 100vw \"  width=\"400\" height=\"250\" \/><\/a><\/div>\n\t\t\t\t\t\t\t\t\t\t\t\t\t\t<h2 class=\"entry-title\">\n\t\t\t\t\t\t\t\t\t\t\t\t\t<a href=\"https:\/\/www.insuco.com\/en\/insuco-adopts-ai-use-policy\/\">Insuco adopts an Artificial Intelligence Usage Policy<\/a>\n\t\t\t\t\t\t\t\t\t\t\t<\/h2>\n\t\t\t\t\n\t\t\t\t\t<p class=\"post-meta\"><span class=\"published\">Dec 2025<\/span><\/p><div class=\"post-content\"><div class=\"post-content-inner\"><p>As a research and advisory firm specialised in social sciences, we produce analyses and recommendations every day, drawing on cross-checked data collection, field observations, qualitative interviews and documentary reviews. It is therefore natural for us to turn to...<\/p>\n<\/div><\/div>\t\t\t\n\t\t\t<\/article>\n\t\t\t\t\n\t\t\t<article id=\"post-58458\" class=\"et_pb_post clearfix et_pb_blog_item_0_1 post-58458 post type-post status-publish format-standard has-post-thumbnail hentry category-news-from-insuco\">\n\n\t\t\t\t<div class=\"et_pb_image_container\"><a href=\"https:\/\/www.insuco.com\/en\/women-leadership-mining-sector-in-ecuador\/\" class=\"entry-featured-image-url\"><img loading=\"lazy\" decoding=\"async\" src=\"https:\/\/www.insuco.com\/wp-content\/uploads\/2025\/11\/1760737646687-400x250.jpg\" alt=\"Strengthening Women Leadership to Drive a More Sustainable Mining Sector in Ecuador\" class=\"\" srcset=\"https:\/\/www.insuco.com\/wp-content\/uploads\/2025\/11\/1760737646687.jpg 479w, https:\/\/www.insuco.com\/wp-content\/uploads\/2025\/11\/1760737646687-400x250.jpg 480w \" sizes=\"(max-width:479px) 479px, 100vw \"  width=\"400\" height=\"250\" \/><\/a><\/div>\n\t\t\t\t\t\t\t\t\t\t\t\t\t\t<h2 class=\"entry-title\">\n\t\t\t\t\t\t\t\t\t\t\t\t\t<a href=\"https:\/\/www.insuco.com\/en\/women-leadership-mining-sector-in-ecuador\/\">Strengthening Women Leadership to Drive a More Sustainable Mining Sector in Ecuador<\/a>\n\t\t\t\t\t\t\t\t\t\t\t<\/h2>\n\t\t\t\t\n\t\t\t\t\t<p class=\"post-meta\"><span class=\"published\">Nov 2025<\/span><\/p><div class=\"post-content\"><div class=\"post-content-inner\"><p>Insuco Ecuador, in a consortium with Universidad UTE, has officially launched the \"Training Programme to Strengthen and Promote the Positioning of Women as Leaders in the Ecuadorian Mining Sector\". This initiative is a crucial step towards transforming the sector into...<\/p>\n<\/div><\/div>\t\t\t\n\t\t\t<\/article>\n\t\t\t\t\n\t\t\t<article id=\"post-58271\" class=\"et_pb_post clearfix et_pb_blog_item_0_2 post-58271 post type-post status-publish format-standard has-post-thumbnail hentry category-news-from-insuco category-on-the-front-page\">\n\n\t\t\t\t<div class=\"et_pb_image_container\"><a href=\"https:\/\/www.insuco.com\/en\/integrating-social-performance-in-mining-margot-petitpierre-insuco-asia-general-director-at-imarc-2025-sydney-australia\/\" class=\"entry-featured-image-url\"><img loading=\"lazy\" decoding=\"async\" src=\"https:\/\/www.insuco.com\/wp-content\/uploads\/2025\/10\/Margot_IMARC_2-1-400x250.jpg\" alt=\"Integrating Social Performance in Mining: Margot Petitpierre, Insuco Asia General Director at IMARC 2025, Sydney &#8211; Australia\" class=\"\" srcset=\"https:\/\/www.insuco.com\/wp-content\/uploads\/2025\/10\/Margot_IMARC_2-1.jpg 479w, https:\/\/www.insuco.com\/wp-content\/uploads\/2025\/10\/Margot_IMARC_2-1-400x250.jpg 480w \" sizes=\"(max-width:479px) 479px, 100vw \"  width=\"400\" height=\"250\" \/><\/a><\/div>\n\t\t\t\t\t\t\t\t\t\t\t\t\t\t<h2 class=\"entry-title\">\n\t\t\t\t\t\t\t\t\t\t\t\t\t<a href=\"https:\/\/www.insuco.com\/en\/integrating-social-performance-in-mining-margot-petitpierre-insuco-asia-general-director-at-imarc-2025-sydney-australia\/\">Integrating Social Performance in Mining: Margot Petitpierre, Insuco Asia General Director at IMARC 2025, Sydney &#8211; Australia<\/a>\n\t\t\t\t\t\t\t\t\t\t\t<\/h2>\n\t\t\t\t\n\t\t\t\t\t<p class=\"post-meta\"><span class=\"published\">Oct 2025<\/span><\/p><div class=\"post-content\"><div class=\"post-content-inner\"><p>Margot had the privilege of taking part in IMARC 2025 (International Mining and Resources Conference) in Sydney for the first time, from 23\u201325 October.\u00a0 The event provided a valuable platform to meet and exchange ideas with a diverse array of industry leaders on the...<\/p>\n<\/div><\/div>\t\t\t\n\t\t\t<\/article>\n\t\t\t\t\n\t\t\t<article id=\"post-58294\" class=\"et_pb_post clearfix et_pb_blog_item_0_3 post-58294 post type-post status-publish format-standard has-post-thumbnail hentry category-news-from-insuco\">\n\n\t\t\t\t<div class=\"et_pb_image_container\"><a href=\"https:\/\/www.insuco.com\/en\/applying-esg-principles-in-africas-extractive-sector-insights-from-the-world-power-to-x-summit-in-marrakech-maroc\/\" class=\"entry-featured-image-url\"><img loading=\"lazy\" decoding=\"async\" src=\"https:\/\/www.insuco.com\/wp-content\/uploads\/2025\/11\/PTXSummitMarrakech_Pix0-400x250.jpg\" alt=\"Applying ESG Principles in Africa\u2019s Extractive Sector \u2014 Insights from the World Power-to-X Summit in Marrakech &#8211; Morocco\" class=\"\" srcset=\"https:\/\/www.insuco.com\/wp-content\/uploads\/2025\/11\/PTXSummitMarrakech_Pix0.jpg 479w, https:\/\/www.insuco.com\/wp-content\/uploads\/2025\/11\/PTXSummitMarrakech_Pix0-400x250.jpg 480w \" sizes=\"(max-width:479px) 479px, 100vw \"  width=\"400\" height=\"250\" \/><\/a><\/div>\n\t\t\t\t\t\t\t\t\t\t\t\t\t\t<h2 class=\"entry-title\">\n\t\t\t\t\t\t\t\t\t\t\t\t\t<a href=\"https:\/\/www.insuco.com\/en\/applying-esg-principles-in-africas-extractive-sector-insights-from-the-world-power-to-x-summit-in-marrakech-maroc\/\">Applying ESG Principles in Africa\u2019s Extractive Sector \u2014 Insights from the World Power-to-X Summit in Marrakech &#8211; Morocco<\/a>\n\t\t\t\t\t\t\t\t\t\t\t<\/h2>\n\t\t\t\t\n\t\t\t\t\t<p class=\"post-meta\"><span class=\"published\">Oct 2025<\/span><\/p><div class=\"post-content\"><div class=\"post-content-inner\"><p>Mariem Dkhil, Director of Insuco North Africa, and Pascal Rey, CEO, participated in the World Power-to-X Summit 2025 in Marrakech, where they shared our Environmental, Social, and Governance (ESG) expertise. Upon the invitation of the Moroccan Ministry of Energy...<\/p>\n<\/div><\/div>\t\t\t\n\t\t\t<\/article>\n\t\t\t\t\n\t\t\t<article id=\"post-58474\" class=\"et_pb_post clearfix et_pb_blog_item_0_4 post-58474 post type-post status-publish format-standard has-post-thumbnail hentry category-news-from-insuco category-on-the-front-page\">\n\n\t\t\t\t<div class=\"et_pb_image_container\"><a href=\"https:\/\/www.insuco.com\/en\/insuco-at-perumin-37\/\" class=\"entry-featured-image-url\"><img loading=\"lazy\" decoding=\"async\" src=\"https:\/\/www.insuco.com\/wp-content\/uploads\/2025\/11\/Insuco-en-PERUMIN37-400x250.png\" alt=\"Insuco at PERUMIN 37: Driving the Conversation on Sustainable Mining\" class=\"\" srcset=\"https:\/\/www.insuco.com\/wp-content\/uploads\/2025\/11\/Insuco-en-PERUMIN37.png 479w, https:\/\/www.insuco.com\/wp-content\/uploads\/2025\/11\/Insuco-en-PERUMIN37-400x250.png 480w \" sizes=\"(max-width:479px) 479px, 100vw \"  width=\"400\" height=\"250\" \/><\/a><\/div>\n\t\t\t\t\t\t\t\t\t\t\t\t\t\t<h2 class=\"entry-title\">\n\t\t\t\t\t\t\t\t\t\t\t\t\t<a href=\"https:\/\/www.insuco.com\/en\/insuco-at-perumin-37\/\">Insuco at PERUMIN 37: Driving the Conversation on Sustainable Mining<\/a>\n\t\t\t\t\t\t\t\t\t\t\t<\/h2>\n\t\t\t\t\n\t\t\t\t\t<p class=\"post-meta\"><span class=\"published\">Sep 2025<\/span><\/p><div class=\"post-content\"><div class=\"post-content-inner\"><p>We were present at PERUMIN 37, the most important mining convention in Peru and one of the most relevant in the Latin American region. This key forum is a vital space for discussion and reflection on the challenges and opportunities shaping the present and future of...<\/p>\n<\/div><\/div>\t\t\t\n\t\t\t<\/article>\n\t\t\t\t\n\t\t\t<article id=\"post-58318\" class=\"et_pb_post clearfix et_pb_blog_item_0_5 post-58318 post type-post status-publish format-standard has-post-thumbnail hentry category-news-from-insuco\">\n\n\t\t\t\t<div class=\"et_pb_image_container\"><a href=\"https:\/\/www.insuco.com\/en\/our-francophone-experts-seminar-a-rich-exchange-of-methodological-innovations-france\/\" class=\"entry-featured-image-url\"><img loading=\"lazy\" decoding=\"async\" src=\"https:\/\/www.insuco.com\/wp-content\/uploads\/2025\/11\/ExpertsSeminar_0825_Pix0_lite-400x250.jpg\" alt=\"Our Francophone Experts Seminar: A Rich Exchange of Methodological Innovations &#8211; France\" class=\"\" srcset=\"https:\/\/www.insuco.com\/wp-content\/uploads\/2025\/11\/ExpertsSeminar_0825_Pix0_lite.jpg 479w, https:\/\/www.insuco.com\/wp-content\/uploads\/2025\/11\/ExpertsSeminar_0825_Pix0_lite-400x250.jpg 480w \" sizes=\"(max-width:479px) 479px, 100vw \"  width=\"400\" height=\"250\" \/><\/a><\/div>\n\t\t\t\t\t\t\t\t\t\t\t\t\t\t<h2 class=\"entry-title\">\n\t\t\t\t\t\t\t\t\t\t\t\t\t<a href=\"https:\/\/www.insuco.com\/en\/our-francophone-experts-seminar-a-rich-exchange-of-methodological-innovations-france\/\">Our Francophone Experts Seminar: A Rich Exchange of Methodological Innovations &#8211; France<\/a>\n\t\t\t\t\t\t\t\t\t\t\t<\/h2>\n\t\t\t\t\n\t\t\t\t\t<p class=\"post-meta\"><span class=\"published\">Sep 2025<\/span><\/p><div class=\"post-content\"><div class=\"post-content-inner\"><p>In late August, we were delighted to gather a significant number of our Francophone experts for an intensive seminar. This extended \"family\" includes highly valued collaborators, some of whom have worked with us with dedication and rigour for nearly 15 years. Their...<\/p>\n<\/div><\/div>\t\t\t\n\t\t\t<\/article>\n\t\t\t\t\n\t\t\t<article id=\"post-58324\" class=\"et_pb_post clearfix et_pb_blog_item_0_6 post-58324 post type-post status-publish format-standard has-post-thumbnail hentry category-news-from-insuco\">\n\n\t\t\t\t<div class=\"et_pb_image_container\"><a href=\"https:\/\/www.insuco.com\/en\/insuco-ouagadougou-celebrates-10th-anniversary-burkina-faso\/\" class=\"entry-featured-image-url\"><img loading=\"lazy\" decoding=\"async\" src=\"https:\/\/www.insuco.com\/wp-content\/uploads\/2025\/11\/Group-photo-1-400x250.jpg\" alt=\"Insuco Ouagadougou Celebrates 10th Anniversary! &#8211; Burkina Faso\" class=\"\" srcset=\"https:\/\/www.insuco.com\/wp-content\/uploads\/2025\/11\/Group-photo-1.jpg 479w, https:\/\/www.insuco.com\/wp-content\/uploads\/2025\/11\/Group-photo-1-400x250.jpg 480w \" sizes=\"(max-width:479px) 479px, 100vw \"  width=\"400\" height=\"250\" \/><\/a><\/div>\n\t\t\t\t\t\t\t\t\t\t\t\t\t\t<h2 class=\"entry-title\">\n\t\t\t\t\t\t\t\t\t\t\t\t\t<a href=\"https:\/\/www.insuco.com\/en\/insuco-ouagadougou-celebrates-10th-anniversary-burkina-faso\/\">Insuco Ouagadougou Celebrates 10th Anniversary! &#8211; Burkina Faso<\/a>\n\t\t\t\t\t\t\t\t\t\t\t<\/h2>\n\t\t\t\t\n\t\t\t\t\t<p class=\"post-meta\"><span class=\"published\">Jul 2025<\/span><\/p><div class=\"post-content\"><div class=\"post-content-inner\"><p>Insuco's Sahel office in Ouagadougou celebrated its 10th anniversary on 10 July with a memorable event that blended a festive atmosphere with moments of solemn reflection. The milestone celebration brought together the Insuco teams, partners, and key stakeholders. The...<\/p>\n<\/div><\/div>\t\t\t\n\t\t\t<\/article>\n\t\t\t\t\n\t\t\t<article id=\"post-58482\" class=\"et_pb_post clearfix et_pb_blog_item_0_7 post-58482 post type-post status-publish format-standard has-post-thumbnail hentry category-news-from-insuco category-on-the-front-page\">\n\n\t\t\t\t<div class=\"et_pb_image_container\"><a href=\"https:\/\/www.insuco.com\/en\/responsible-closure-territorial-value\/\" class=\"entry-featured-image-url\"><img loading=\"lazy\" decoding=\"async\" src=\"https:\/\/www.insuco.com\/wp-content\/uploads\/2025\/11\/1755017005541-400x250.jpg\" alt=\"Responsible Closure: From End-of-Project to Long-Term Territorial Value\" class=\"\" srcset=\"https:\/\/www.insuco.com\/wp-content\/uploads\/2025\/11\/1755017005541.jpg 479w, https:\/\/www.insuco.com\/wp-content\/uploads\/2025\/11\/1755017005541-400x250.jpg 480w \" sizes=\"(max-width:479px) 479px, 100vw \"  width=\"400\" height=\"250\" \/><\/a><\/div>\n\t\t\t\t\t\t\t\t\t\t\t\t\t\t<h2 class=\"entry-title\">\n\t\t\t\t\t\t\t\t\t\t\t\t\t<a href=\"https:\/\/www.insuco.com\/en\/responsible-closure-territorial-value\/\">Responsible Closure: From End-of-Project to Long-Term Territorial Value<\/a>\n\t\t\t\t\t\t\t\t\t\t\t<\/h2>\n\t\t\t\t\n\t\t\t\t\t<p class=\"post-meta\"><span class=\"published\">Jul 2025<\/span><\/p><div class=\"post-content\"><div class=\"post-content-inner\"><p>Guillen Calvo, Insuco General Director for Latin America and the Caribbean, and Arianna Espinosa Oliver, our Regional Director for Colombia, Mexico, and Central America, were recently honoured to co-host a dialogue on responsible closures and exits of extractive...<\/p>\n<\/div><\/div>\t\t\t\n\t\t\t<\/article>\n\t\t\t\t\n\t\t\t<article id=\"post-58380\" class=\"et_pb_post clearfix et_pb_blog_item_0_8 post-58380 post type-post status-publish format-standard has-post-thumbnail hentry category-news-from-insuco\">\n\n\t\t\t\t<div class=\"et_pb_image_container\"><a href=\"https:\/\/www.insuco.com\/en\/insuco-asia-seminar-bridging-cultures-to-consolidate-regional-capacity-in-the-east-cambodia\/\" class=\"entry-featured-image-url\"><img loading=\"lazy\" decoding=\"async\" src=\"https:\/\/www.insuco.com\/wp-content\/uploads\/2025\/11\/Reach_Presentation_20250707_Lite-400x250.jpg\" alt=\"Insuco Asia Seminar: Bridging Cultures to Consolidate Regional Capacity in the East &#8211; Cambodia\" class=\"\" srcset=\"https:\/\/www.insuco.com\/wp-content\/uploads\/2025\/11\/Reach_Presentation_20250707_Lite.jpg 479w, https:\/\/www.insuco.com\/wp-content\/uploads\/2025\/11\/Reach_Presentation_20250707_Lite-400x250.jpg 480w \" sizes=\"(max-width:479px) 479px, 100vw \"  width=\"400\" height=\"250\" \/><\/a><\/div>\n\t\t\t\t\t\t\t\t\t\t\t\t\t\t<h2 class=\"entry-title\">\n\t\t\t\t\t\t\t\t\t\t\t\t\t<a href=\"https:\/\/www.insuco.com\/en\/insuco-asia-seminar-bridging-cultures-to-consolidate-regional-capacity-in-the-east-cambodia\/\">Insuco Asia Seminar: Bridging Cultures to Consolidate Regional Capacity in the East &#8211; Cambodia<\/a>\n\t\t\t\t\t\t\t\t\t\t\t<\/h2>\n\t\t\t\t\n\t\t\t\t\t<p class=\"post-meta\"><span class=\"published\">Jun 2025<\/span><\/p><div class=\"post-content\"><div class=\"post-content-inner\"><p>In July, Insuco\u2019s Asia-Pacific and Middle East &amp; Central Asia teams convened in Phnom Penh for their first intensive and inspiring regional seminar. The gathering underscored Insuco's commitment to its intercultural DNA. With the team comprising 14 people from 8...<\/p>\n<\/div><\/div>\t\t\t\n\t\t\t<\/article>\n\t\t\t\t\n\t\t\t<article id=\"post-51764\" class=\"et_pb_post clearfix et_pb_blog_item_0_9 post-51764 post type-post status-publish format-standard has-post-thumbnail hentry category-news-from-insuco\">\n\n\t\t\t\t<div class=\"et_pb_image_container\"><a href=\"https:\/\/www.insuco.com\/en\/unforgettable-experience-at-the-lac-seminars-peru\/\" class=\"entry-featured-image-url\"><img loading=\"lazy\" decoding=\"async\" src=\"https:\/\/www.insuco.com\/wp-content\/uploads\/2024\/06\/Funny_Seminario_peru_2024-InsuConnect-Size-400x250.jpg\" alt=\"Unforgettable Experience at the LAC Seminars &#8211; Peru\" class=\"\" srcset=\"https:\/\/www.insuco.com\/wp-content\/uploads\/2024\/06\/Funny_Seminario_peru_2024-InsuConnect-Size-scaled.jpg 479w, https:\/\/www.insuco.com\/wp-content\/uploads\/2024\/06\/Funny_Seminario_peru_2024-InsuConnect-Size-400x250.jpg 480w \" sizes=\"(max-width:479px) 479px, 100vw \"  width=\"400\" height=\"250\" \/><\/a><\/div>\n\t\t\t\t\t\t\t\t\t\t\t\t\t\t<h2 class=\"entry-title\">\n\t\t\t\t\t\t\t\t\t\t\t\t\t<a href=\"https:\/\/www.insuco.com\/en\/unforgettable-experience-at-the-lac-seminars-peru\/\">Unforgettable Experience at the LAC Seminars &#8211; Peru<\/a>\n\t\t\t\t\t\t\t\t\t\t\t<\/h2>\n\t\t\t\t\n\t\t\t\t\t<p class=\"post-meta\"><span class=\"published\">May 2024<\/span><\/p><div class=\"post-content\"><div class=\"post-content-inner\"><p>We are excited to share the highlights of our Latin America and the Caribbean Seminar series in Peru, held from 20 \u2013 27 May 2024. This event seamlessly blended productive discussions, team bonding, and memorable experiences, embodying the spirit of Insuco. Bringing...<\/p>\n<\/div><\/div>\t\t\t\n\t\t\t<\/article>\n\t\t\t\t\n\t\t\t<article id=\"post-50707\" class=\"et_pb_post clearfix et_pb_blog_item_0_10 post-50707 post type-post status-publish format-standard has-post-thumbnail hentry category-news-from-insuco\">\n\n\t\t\t\t<div class=\"et_pb_image_container\"><a href=\"https:\/\/www.insuco.com\/en\/terristories\/\" class=\"entry-featured-image-url\"><img loading=\"lazy\" decoding=\"async\" src=\"https:\/\/www.insuco.com\/wp-content\/uploads\/2024\/04\/Terristories.jpg\" alt=\"TerriStories\u00ae &#8211; Training for the Project Management Unit of the Communal Landscape Management Project for REDD+ (PGPC\/REDD+)\" class=\"\" srcset=\"https:\/\/www.insuco.com\/wp-content\/uploads\/2024\/04\/Terristories.jpg 479w, https:\/\/www.insuco.com\/wp-content\/uploads\/2024\/04\/Terristories.jpg 480w \" sizes=\"(max-width:479px) 479px, 100vw \"  width=\"400\" height=\"250\" \/><\/a><\/div>\n\t\t\t\t\t\t\t\t\t\t\t\t\t\t<h2 class=\"entry-title\">\n\t\t\t\t\t\t\t\t\t\t\t\t\t<a href=\"https:\/\/www.insuco.com\/en\/terristories\/\">TerriStories\u00ae &#8211; Training for the Project Management Unit of the Communal Landscape Management Project for REDD+ (PGPC\/REDD+)<\/a>\n\t\t\t\t\t\t\t\t\t\t\t<\/h2>\n\t\t\t\t\n\t\t\t\t\t<p class=\"post-meta\"><span class=\"published\">Apr 2024<\/span><\/p><div class=\"post-content\"><div class=\"post-content-inner\"><p>Conducting a socio-land tenure diagnosis and participatory land use planning around conservation areas in 30 intervention communes of the Communal Landscape Management Project for REDD+ (PGPC\/REDD+).<\/p>\n<\/div><\/div>\t\t\t\n\t\t\t<\/article>\n\t\t\t\t\n\t\t\t<article id=\"post-51295\" class=\"et_pb_post clearfix et_pb_blog_item_0_11 post-51295 post type-post status-publish format-standard has-post-thumbnail hentry category-news-from-insuco\">\n\n\t\t\t\t<div class=\"et_pb_image_container\"><a href=\"https:\/\/www.insuco.com\/en\/insuco-technical-seminar-in-lome-strengthening-collaboration-and-innovation\/\" class=\"entry-featured-image-url\"><img loading=\"lazy\" decoding=\"async\" src=\"https:\/\/www.insuco.com\/wp-content\/uploads\/2024\/05\/Photo-groupe-au-Togo-400x250.jpg\" alt=\"Insuco Technical Seminar in Lom\u00e9: Strengthening Collaboration and Innovation\" class=\"\" srcset=\"https:\/\/www.insuco.com\/wp-content\/uploads\/2024\/05\/Photo-groupe-au-Togo-scaled.jpg 479w, https:\/\/www.insuco.com\/wp-content\/uploads\/2024\/05\/Photo-groupe-au-Togo-400x250.jpg 480w \" sizes=\"(max-width:479px) 479px, 100vw \"  width=\"400\" height=\"250\" \/><\/a><\/div>\n\t\t\t\t\t\t\t\t\t\t\t\t\t\t<h2 class=\"entry-title\">\n\t\t\t\t\t\t\t\t\t\t\t\t\t<a href=\"https:\/\/www.insuco.com\/en\/insuco-technical-seminar-in-lome-strengthening-collaboration-and-innovation\/\">Insuco Technical Seminar in Lom\u00e9: Strengthening Collaboration and Innovation<\/a>\n\t\t\t\t\t\t\t\t\t\t\t<\/h2>\n\t\t\t\t\n\t\t\t\t\t<p class=\"post-meta\"><span class=\"published\">Mar 2024<\/span><\/p><div class=\"post-content\"><div class=\"post-content-inner\"><p>rom 20th to 29th March 2024, Insuco held its annual technical seminar in Lom\u00e9, bringing together general directors, country directors, and technical directors from Africa, Asia, and Latin America. This ten-day event was a fantastic opportunity to share best practices, improve our procedures, and undertake in-depth technical training. Our goal: to strengthen our intervention strategy in Africa.<\/p>\n<\/div><\/div>\t\t\t\n\t\t\t<\/article>\n\t\t\t\t\n\t\t\t<article id=\"post-49699\" class=\"et_pb_post clearfix et_pb_blog_item_0_12 post-49699 post type-post status-publish format-standard has-post-thumbnail hentry category-news-from-insuco\">\n\n\t\t\t\t<div class=\"et_pb_image_container\"><a href=\"https:\/\/www.insuco.com\/en\/collection-of-primary-quantitative-information-in-the-municipalities-of-becerril-la-jagua-de-ibirico-and-el-paso-colombia\/\" class=\"entry-featured-image-url\"><img loading=\"lazy\" decoding=\"async\" src=\"https:\/\/www.insuco.com\/wp-content\/uploads\/2024\/02\/IMG_7251-400x250.jpeg\" alt=\"Collection of primary quantitative information in the municipalities of Becerril, La Jagua de Ibirico and El Paso, Colombia\" class=\"\" srcset=\"https:\/\/www.insuco.com\/wp-content\/uploads\/2024\/02\/IMG_7251-scaled.jpeg 479w, https:\/\/www.insuco.com\/wp-content\/uploads\/2024\/02\/IMG_7251-400x250.jpeg 480w \" sizes=\"(max-width:479px) 479px, 100vw \"  width=\"400\" height=\"250\" \/><\/a><\/div>\n\t\t\t\t\t\t\t\t\t\t\t\t\t\t<h2 class=\"entry-title\">\n\t\t\t\t\t\t\t\t\t\t\t\t\t<a href=\"https:\/\/www.insuco.com\/en\/collection-of-primary-quantitative-information-in-the-municipalities-of-becerril-la-jagua-de-ibirico-and-el-paso-colombia\/\">Collection of primary quantitative information in the municipalities of Becerril, La Jagua de Ibirico and El Paso, Colombia<\/a>\n\t\t\t\t\t\t\t\t\t\t\t<\/h2>\n\t\t\t\t\n\t\t\t\t\t<p class=\"post-meta\"><span class=\"published\">Feb 2024<\/span><\/p><div class=\"post-content\"><div class=\"post-content-inner\"><p> Thanks to our Territorial Transformation Observatories (OTT), and in collaboration with the C\u00e9sar Development and Peace Programme (PDPC) and with the support of the Ford Foundation, through Insuco Colombia, we have successfully...<\/p>\n<\/div><\/div>\t\t\t\n\t\t\t<\/article>\n\t\t\t\t\n\t\t\t<article id=\"post-47811\" class=\"et_pb_post clearfix et_pb_blog_item_0_13 post-47811 post type-post status-publish format-standard has-post-thumbnail hentry category-news-from-insuco tag-anciens-articles-avec-builder-en\">\n\n\t\t\t\t<div class=\"et_pb_image_container\"><a href=\"https:\/\/www.insuco.com\/en\/general-direction-of-insuco-group-2023-seminar-in-camboda\/\" class=\"entry-featured-image-url\"><img loading=\"lazy\" decoding=\"async\" src=\"https:\/\/www.insuco.com\/wp-content\/uploads\/2023\/12\/Comite-de-direction-scaled-e1701877386115-400x250.jpg\" alt=\"General Direction of Insuco Group\u00a02023 Seminar in Camboda\" class=\"\" srcset=\"https:\/\/www.insuco.com\/wp-content\/uploads\/2023\/12\/Comite-de-direction-scaled-e1701877386115.jpg 479w, https:\/\/www.insuco.com\/wp-content\/uploads\/2023\/12\/Comite-de-direction-scaled-e1701877386115-400x250.jpg 480w \" sizes=\"(max-width:479px) 479px, 100vw \"  width=\"400\" height=\"250\" \/><\/a><\/div>\n\t\t\t\t\t\t\t\t\t\t\t\t\t\t<h2 class=\"entry-title\">\n\t\t\t\t\t\t\t\t\t\t\t\t\t<a href=\"https:\/\/www.insuco.com\/en\/general-direction-of-insuco-group-2023-seminar-in-camboda\/\">General Direction of Insuco Group\u00a02023 Seminar in Camboda<\/a>\n\t\t\t\t\t\t\t\t\t\t\t<\/h2>\n\t\t\t\t\n\t\t\t\t\t<p class=\"post-meta\"><span class=\"published\">Oct 2023<\/span><\/p><div class=\"post-content\"><div class=\"post-content-inner\"><p>The General Direction of Insuco Group together with the regional Human Resources responsibles had a seminar in Cambodia from 9 to 17 October.<\/p>\n<\/div><\/div>\t\t\t\n\t\t\t<\/article>\n\t\t\t\t\n\t\t\t<article id=\"post-46069\" class=\"et_pb_post clearfix et_pb_blog_item_0_14 post-46069 post type-post status-publish format-standard has-post-thumbnail hentry category-news-from-insuco tag-anciens-articles-avec-builder-en\">\n\n\t\t\t\t<div class=\"et_pb_image_container\"><a href=\"https:\/\/www.insuco.com\/en\/finance-seminar-africa-2023-in-togo\/\" class=\"entry-featured-image-url\"><img loading=\"lazy\" decoding=\"async\" src=\"https:\/\/www.insuco.com\/wp-content\/uploads\/2023\/09\/IMG-20230915-WA0009-400x250.jpg\" alt=\"Finance Seminar Africa 2023 in Togo\" class=\"\" srcset=\"https:\/\/www.insuco.com\/wp-content\/uploads\/2023\/09\/IMG-20230915-WA0009.jpg 479w, https:\/\/www.insuco.com\/wp-content\/uploads\/2023\/09\/IMG-20230915-WA0009-400x250.jpg 480w \" sizes=\"(max-width:479px) 479px, 100vw \"  width=\"400\" height=\"250\" \/><\/a><\/div>\n\t\t\t\t\t\t\t\t\t\t\t\t\t\t<h2 class=\"entry-title\">\n\t\t\t\t\t\t\t\t\t\t\t\t\t<a href=\"https:\/\/www.insuco.com\/en\/finance-seminar-africa-2023-in-togo\/\">Finance Seminar Africa 2023 in Togo<\/a>\n\t\t\t\t\t\t\t\t\t\t\t<\/h2>\n\t\t\t\t\n\t\t\t\t\t<p class=\"post-meta\"><span class=\"published\">Sep 2023<\/span><\/p><div class=\"post-content\"><div class=\"post-content-inner\"><p>This week, Insuco honored its African administrative and financial team at an Accounting and Administration Seminar held in Lom\u00e9 for our administrative and financial managers from all our offices on the continent.<\/p>\n<\/div><\/div>\t\t\t\n\t\t\t<\/article>\n\t\t\t\t\n\t\t\t<article id=\"post-45688\" class=\"et_pb_post clearfix et_pb_blog_item_0_15 post-45688 post type-post status-publish format-standard has-post-thumbnail hentry category-news-from-insuco tag-anciens-articles-avec-builder-en\">\n\n\t\t\t\t<div class=\"et_pb_image_container\"><a href=\"https:\/\/www.insuco.com\/en\/seminar-for-our-consultants\/\" class=\"entry-featured-image-url\"><img loading=\"lazy\" decoding=\"async\" src=\"https:\/\/www.insuco.com\/wp-content\/uploads\/2023\/09\/Seeminaire-retouchee-400x250.jpg\" alt=\"Seminar for our consultants &#8211; August 2023\" class=\"\" srcset=\"https:\/\/www.insuco.com\/wp-content\/uploads\/2023\/09\/Seeminaire-retouchee.jpg 479w, https:\/\/www.insuco.com\/wp-content\/uploads\/2023\/09\/Seeminaire-retouchee-400x250.jpg 480w \" sizes=\"(max-width:479px) 479px, 100vw \"  width=\"400\" height=\"250\" \/><\/a><\/div>\n\t\t\t\t\t\t\t\t\t\t\t\t\t\t<h2 class=\"entry-title\">\n\t\t\t\t\t\t\t\t\t\t\t\t\t<a href=\"https:\/\/www.insuco.com\/en\/seminar-for-our-consultants\/\">Seminar for our consultants &#8211; August 2023<\/a>\n\t\t\t\t\t\t\t\t\t\t\t<\/h2>\n\t\t\t\t\n\t\t\t\t\t<p class=\"post-meta\"><span class=\"published\">Sep 2023<\/span><\/p><div class=\"post-content\"><div class=\"post-content-inner\"><p>We organized the 2023 technical seminar for our French-speaking consultants, bringing together our INSUCO experts in a wonderful setting in south France.<\/p>\n<\/div><\/div>\t\t\t\n\t\t\t<\/article>\n\t\t\t\t\n\t\t\t<article id=\"post-45364\" class=\"et_pb_post clearfix et_pb_blog_item_0_16 post-45364 post type-post status-publish format-standard has-post-thumbnail hentry category-news-from-insuco tag-anciens-articles-avec-builder-en\">\n\n\t\t\t\t<div class=\"et_pb_image_container\"><a href=\"https:\/\/www.insuco.com\/en\/latin-america-and-caribbean-seminar-in-ecuador\/\" class=\"entry-featured-image-url\"><img loading=\"lazy\" decoding=\"async\" src=\"https:\/\/www.insuco.com\/wp-content\/uploads\/2023\/08\/MG_6667-scaled-e1692184730115-400x250.jpg\" alt=\"Latin America and Caribbean seminar in Ecuador in July 2023\" class=\"\" srcset=\"https:\/\/www.insuco.com\/wp-content\/uploads\/2023\/08\/MG_6667-scaled-e1692184730115.jpg 479w, https:\/\/www.insuco.com\/wp-content\/uploads\/2023\/08\/MG_6667-scaled-e1692184730115-400x250.jpg 480w \" sizes=\"(max-width:479px) 479px, 100vw \"  width=\"400\" height=\"250\" \/><\/a><\/div>\n\t\t\t\t\t\t\t\t\t\t\t\t\t\t<h2 class=\"entry-title\">\n\t\t\t\t\t\t\t\t\t\t\t\t\t<a href=\"https:\/\/www.insuco.com\/en\/latin-america-and-caribbean-seminar-in-ecuador\/\">Latin America and Caribbean seminar in Ecuador in July 2023<\/a>\n\t\t\t\t\t\t\t\t\t\t\t<\/h2>\n\t\t\t\t\n\t\t\t\t\t<p class=\"post-meta\"><span class=\"published\">Jul 2023<\/span><\/p><div class=\"post-content\"><div class=\"post-content-inner\"><p>We organized the LAC 2023 technical seminar for the 5 INSUCO offices in Latin America and the Caribbean in Ecuador.<\/p>\n<\/div><\/div>\t\t\t\n\t\t\t<\/article>\n\t\t\t\t\n\t\t\t<article id=\"post-44466\" class=\"et_pb_post clearfix et_pb_blog_item_0_17 post-44466 post type-post status-publish format-standard has-post-thumbnail hentry category-news-from-insuco tag-anciens-articles-avec-builder-en\">\n\n\t\t\t\t<div class=\"et_pb_image_container\"><a href=\"https:\/\/www.insuco.com\/en\/insuco-has-several-adaptive-continuous-learning-systems-in-place-for-its-teams\/\" class=\"entry-featured-image-url\"><img loading=\"lazy\" decoding=\"async\" src=\"https:\/\/www.insuco.com\/wp-content\/uploads\/2023\/06\/1685527247407formation-400x250.jpeg\" alt=\"Insuco has several adaptive continuous learning systems in place for its teams\" class=\"\" srcset=\"https:\/\/www.insuco.com\/wp-content\/uploads\/2023\/06\/1685527247407formation.jpeg 479w, https:\/\/www.insuco.com\/wp-content\/uploads\/2023\/06\/1685527247407formation-400x250.jpeg 480w \" sizes=\"(max-width:479px) 479px, 100vw \"  width=\"400\" height=\"250\" \/><\/a><\/div>\n\t\t\t\t\t\t\t\t\t\t\t\t\t\t<h2 class=\"entry-title\">\n\t\t\t\t\t\t\t\t\t\t\t\t\t<a href=\"https:\/\/www.insuco.com\/en\/insuco-has-several-adaptive-continuous-learning-systems-in-place-for-its-teams\/\">Insuco has several adaptive continuous learning systems in place for its teams<\/a>\n\t\t\t\t\t\t\t\t\t\t\t<\/h2>\n\t\t\t\t\n\t\t\t\t\t<p class=\"post-meta\"><span class=\"published\">Jun 2023<\/span><\/p><div class=\"post-content\"><div class=\"post-content-inner\"><p>Avec l\u2019av\u00e8nement de l\u2019IA, investir dans la formation nous para\u00eet encore plus crucial pour amorcer les \u00e9volutions culturelles&#8230;<\/p>\n<\/div><\/div>\t\t\t\n\t\t\t<\/article>\n\t\t\t\t\n\t\t\t<article id=\"post-44455\" class=\"et_pb_post clearfix et_pb_blog_item_0_18 post-44455 post type-post status-publish format-standard has-post-thumbnail hentry category-news-from-insuco tag-anciens-articles-avec-builder-en\">\n\n\t\t\t\t<div class=\"et_pb_image_container\"><a href=\"https:\/\/www.insuco.com\/en\/paloma-breumier-appointed-as-technical-director-at-insuco-togo\/\" class=\"entry-featured-image-url\"><img loading=\"lazy\" decoding=\"async\" src=\"https:\/\/www.insuco.com\/wp-content\/uploads\/2023\/06\/paloma-400x250.jpeg\" alt=\"Paloma Breumier appointed as Technical Director at Insuco Togo\" class=\"\" srcset=\"https:\/\/www.insuco.com\/wp-content\/uploads\/2023\/06\/paloma.jpeg 479w, https:\/\/www.insuco.com\/wp-content\/uploads\/2023\/06\/paloma-400x250.jpeg 480w \" sizes=\"(max-width:479px) 479px, 100vw \"  width=\"400\" height=\"250\" \/><\/a><\/div>\n\t\t\t\t\t\t\t\t\t\t\t\t\t\t<h2 class=\"entry-title\">\n\t\t\t\t\t\t\t\t\t\t\t\t\t<a href=\"https:\/\/www.insuco.com\/en\/paloma-breumier-appointed-as-technical-director-at-insuco-togo\/\">Paloma Breumier appointed as Technical Director at Insuco Togo<\/a>\n\t\t\t\t\t\t\t\t\t\t\t<\/h2>\n\t\t\t\t\n\t\t\t\t\t<p class=\"post-meta\"><span class=\"published\">Jun 2023<\/span><\/p><div class=\"post-content\"><div class=\"post-content-inner\"><p>Paloma Breumier, apr\u00e8s voir occup\u00e9 le poste de Charg\u00e9e de projet puis de Directrice Technique Zone 2 du bureau Insuco\u00a0au Burkina Faso&#8230;<\/p>\n<\/div><\/div>\t\t\t\n\t\t\t<\/article>\n\t\t\t\t\n\t\t\t<article id=\"post-45375\" class=\"et_pb_post clearfix et_pb_blog_item_0_19 post-45375 post type-post status-publish format-standard has-post-thumbnail hentry category-news-from-insuco tag-anciens-articles-avec-builder-en\">\n\n\t\t\t\t<div class=\"et_pb_image_container\"><a href=\"https:\/\/www.insuco.com\/en\/technical-seminar-in-madagascar\/\" class=\"entry-featured-image-url\"><img loading=\"lazy\" decoding=\"async\" src=\"https:\/\/www.insuco.com\/wp-content\/uploads\/2023\/08\/DSC_0812-400x250.jpg\" alt=\"Technical seminar in Madagascar\" class=\"\" srcset=\"https:\/\/www.insuco.com\/wp-content\/uploads\/2023\/08\/DSC_0812-scaled.jpg 479w, https:\/\/www.insuco.com\/wp-content\/uploads\/2023\/08\/DSC_0812-400x250.jpg 480w \" sizes=\"(max-width:479px) 479px, 100vw \"  width=\"400\" height=\"250\" \/><\/a><\/div>\n\t\t\t\t\t\t\t\t\t\t\t\t\t\t<h2 class=\"entry-title\">\n\t\t\t\t\t\t\t\t\t\t\t\t\t<a href=\"https:\/\/www.insuco.com\/en\/technical-seminar-in-madagascar\/\">Technical seminar in Madagascar<\/a>\n\t\t\t\t\t\t\t\t\t\t\t<\/h2>\n\t\t\t\t\n\t\t\t\t\t<p class=\"post-meta\"><span class=\"published\">Mar 2023<\/span><\/p><div class=\"post-content\"><div class=\"post-content-inner\"><p>We organized a technical seminar in Madagascar in March 2023, bringing together INSUCO offices in Africa and Asia.<\/p>\n<\/div><\/div>\t\t\t\n\t\t\t<\/article>\n\t\t\t\t\n\t\t\t<article id=\"post-42980\" class=\"et_pb_post clearfix et_pb_blog_item_0_20 post-42980 post type-post status-publish format-standard has-post-thumbnail hentry category-news-from-insuco tag-anciens-articles-avec-builder-en\">\n\n\t\t\t\t<div class=\"et_pb_image_container\"><a href=\"https:\/\/www.insuco.com\/en\/arianna-espinosa-appointed-country-director-of-insuco-in-colombia\/\" class=\"entry-featured-image-url\"><img loading=\"lazy\" decoding=\"async\" src=\"https:\/\/www.insuco.com\/wp-content\/uploads\/2023\/03\/Foto-Arianna-Espinosa-2-400x250.jpeg\" alt=\"Arianna Espinosa appointed Country Director of Insuco in Colombia\" class=\"\" srcset=\"https:\/\/www.insuco.com\/wp-content\/uploads\/2023\/03\/Foto-Arianna-Espinosa-2.jpeg 479w, https:\/\/www.insuco.com\/wp-content\/uploads\/2023\/03\/Foto-Arianna-Espinosa-2-400x250.jpeg 480w \" sizes=\"(max-width:479px) 479px, 100vw \"  width=\"400\" height=\"250\" \/><\/a><\/div>\n\t\t\t\t\t\t\t\t\t\t\t\t\t\t<h2 class=\"entry-title\">\n\t\t\t\t\t\t\t\t\t\t\t\t\t<a href=\"https:\/\/www.insuco.com\/en\/arianna-espinosa-appointed-country-director-of-insuco-in-colombia\/\">Arianna Espinosa appointed Country Director of Insuco in Colombia<\/a>\n\t\t\t\t\t\t\t\t\t\t\t<\/h2>\n\t\t\t\t\n\t\t\t\t\t<p class=\"post-meta\"><span class=\"published\">Mar 2023<\/span><\/p><div class=\"post-content\"><div class=\"post-content-inner\"><p>Welcome to Arianna Espinosa, our new Country Director of Insuco Colombia&#8230;<\/p>\n<\/div><\/div>\t\t\t\n\t\t\t<\/article>\n\t\t\t\t\n\t\t\t<article id=\"post-42831\" class=\"et_pb_post clearfix et_pb_blog_item_0_21 post-42831 post type-post status-publish format-standard has-post-thumbnail hentry category-news-from-insuco category-on-the-front-page tag-anciens-articles-avec-builder-en\">\n\n\t\t\t\t<div class=\"et_pb_image_container\"><a href=\"https:\/\/www.insuco.com\/en\/fao-mobilizes-insuco-in-the-framework-of-the-project-a-partnership-for-marine-and-coastal-governance-and-fisheries-management-for-sustainable-blue-growth\/\" class=\"entry-featured-image-url\"><img loading=\"lazy\" decoding=\"async\" src=\"https:\/\/www.insuco.com\/wp-content\/uploads\/2023\/03\/FAO_Mada_PAP_Locaux_Localisation_Baies_Zoom_20230124-400x250.jpeg\" alt=\"FAO mobilizes Insuco in the framework of the project &#8220;A partnership for marine and coastal governance and fisheries management for sustainable blue growth&#8221;\" class=\"\" srcset=\"https:\/\/www.insuco.com\/wp-content\/uploads\/2023\/03\/FAO_Mada_PAP_Locaux_Localisation_Baies_Zoom_20230124.jpeg 479w, https:\/\/www.insuco.com\/wp-content\/uploads\/2023\/03\/FAO_Mada_PAP_Locaux_Localisation_Baies_Zoom_20230124-400x250.jpeg 480w \" sizes=\"(max-width:479px) 479px, 100vw \"  width=\"400\" height=\"250\" \/><\/a><\/div>\n\t\t\t\t\t\t\t\t\t\t\t\t\t\t<h2 class=\"entry-title\">\n\t\t\t\t\t\t\t\t\t\t\t\t\t<a href=\"https:\/\/www.insuco.com\/en\/fao-mobilizes-insuco-in-the-framework-of-the-project-a-partnership-for-marine-and-coastal-governance-and-fisheries-management-for-sustainable-blue-growth\/\">FAO mobilizes Insuco in the framework of the project &#8220;A partnership for marine and coastal governance and fisheries management for sustainable blue growth&#8221;<\/a>\n\t\t\t\t\t\t\t\t\t\t\t<\/h2>\n\t\t\t\t\n\t\t\t\t\t<p class=\"post-meta\"><span class=\"published\">Mar 2023<\/span><\/p><div class=\"post-content\"><div class=\"post-content-inner\"><p>FAO mobilizes Insuco to initiate dialogue and engage stakeholders&#8230;<\/p>\n<\/div><\/div>\t\t\t\n\t\t\t<\/article>\n\t\t\t\t\n\t\t\t<article id=\"post-42708\" class=\"et_pb_post clearfix et_pb_blog_item_0_22 post-42708 post type-post status-publish format-standard has-post-thumbnail hentry category-news-from-insuco tag-anciens-articles-avec-builder-en\">\n\n\t\t\t\t<div class=\"et_pb_image_container\"><a href=\"https:\/\/www.insuco.com\/en\/marco-alves-appointed-country-director-of-insuco-in-burkina-faso\/\" class=\"entry-featured-image-url\"><img loading=\"lazy\" decoding=\"async\" src=\"https:\/\/www.insuco.com\/wp-content\/uploads\/2023\/02\/alves-400x250.jpg\" alt=\"Marco Alves appointed Country Director of Insuco in Burkina Faso\" class=\"\" srcset=\"https:\/\/www.insuco.com\/wp-content\/uploads\/2023\/02\/alves.jpg 479w, https:\/\/www.insuco.com\/wp-content\/uploads\/2023\/02\/alves-400x250.jpg 480w \" sizes=\"(max-width:479px) 479px, 100vw \"  width=\"400\" height=\"250\" \/><\/a><\/div>\n\t\t\t\t\t\t\t\t\t\t\t\t\t\t<h2 class=\"entry-title\">\n\t\t\t\t\t\t\t\t\t\t\t\t\t<a href=\"https:\/\/www.insuco.com\/en\/marco-alves-appointed-country-director-of-insuco-in-burkina-faso\/\">Marco Alves appointed Country Director of Insuco in Burkina Faso<\/a>\n\t\t\t\t\t\t\t\t\t\t\t<\/h2>\n\t\t\t\t\n\t\t\t\t\t<p class=\"post-meta\"><span class=\"published\">Feb 2023<\/span><\/p><div class=\"post-content\"><div class=\"post-content-inner\"><p>Welcome to Marco Alves, our new Country Director in Burkina Faso&#8230;<\/p>\n<\/div><\/div>\t\t\t\n\t\t\t<\/article>\n\t\t\t\t\n\t\t\t<article id=\"post-42474\" class=\"et_pb_post clearfix et_pb_blog_item_0_23 post-42474 post type-post status-publish format-standard has-post-thumbnail hentry category-news-from-insuco tag-anciens-articles-avec-builder-en\">\n\n\t\t\t\t<div class=\"et_pb_image_container\"><a href=\"https:\/\/www.insuco.com\/en\/need-assessment-of-cbos-and-dpos-for-care-haiti\/\" class=\"entry-featured-image-url\"><img loading=\"lazy\" decoding=\"async\" src=\"https:\/\/www.insuco.com\/wp-content\/uploads\/2023\/01\/Diagnostic-des-capacite\u0301s-des-OCB-et-OPH-pour-Care-Hai\u0308ti-400x250.jpg\" alt=\"Need assessment of CBOs and DPOs for Care Ha\u00efti\" class=\"\" srcset=\"https:\/\/www.insuco.com\/wp-content\/uploads\/2023\/01\/Diagnostic-des-capacite\u0301s-des-OCB-et-OPH-pour-Care-Hai\u0308ti.jpg 479w, https:\/\/www.insuco.com\/wp-content\/uploads\/2023\/01\/Diagnostic-des-capacite\u0301s-des-OCB-et-OPH-pour-Care-Hai\u0308ti-400x250.jpg 480w \" sizes=\"(max-width:479px) 479px, 100vw \"  width=\"400\" height=\"250\" \/><\/a><\/div>\n\t\t\t\t\t\t\t\t\t\t\t\t\t\t<h2 class=\"entry-title\">\n\t\t\t\t\t\t\t\t\t\t\t\t\t<a href=\"https:\/\/www.insuco.com\/en\/need-assessment-of-cbos-and-dpos-for-care-haiti\/\">Need assessment of CBOs and DPOs for Care Ha\u00efti<\/a>\n\t\t\t\t\t\t\t\t\t\t\t<\/h2>\n\t\t\t\t\n\t\t\t\t\t<p class=\"post-meta\"><span class=\"published\">Jan 2023<\/span><\/p><div class=\"post-content\"><div class=\"post-content-inner\"><p>Care Haiti and group URD carried out the Vil Nou Pi B\u00e9l project in J\u00e9r\u00e9mie, between\u00a0&#8230;<\/p>\n<\/div><\/div>\t\t\t\n\t\t\t<\/article>\n\t\t\t\t\n\t\t\t<article id=\"post-42421\" class=\"et_pb_post clearfix et_pb_blog_item_0_24 post-42421 post type-post status-publish format-standard has-post-thumbnail hentry category-news-from-insuco tag-anciens-articles-avec-builder-en\">\n\n\t\t\t\t<div class=\"et_pb_image_container\"><a href=\"https:\/\/www.insuco.com\/en\/jean-laurent-lherisson-is-appointed-to-the-position-of-deputy-country-director-haiti\/\" class=\"entry-featured-image-url\"><img loading=\"lazy\" decoding=\"async\" src=\"https:\/\/www.insuco.com\/wp-content\/uploads\/2019\/10\/JeanLaurentLherisson-400x250.jpg\" alt=\"Jean-Laurent Lh\u00e9risson is appointed to the position of Deputy Country Director Ha\u00efti\" class=\"\" srcset=\"https:\/\/www.insuco.com\/wp-content\/uploads\/2019\/10\/JeanLaurentLherisson-e1678977527988.jpg 479w, https:\/\/www.insuco.com\/wp-content\/uploads\/2019\/10\/JeanLaurentLherisson-400x250.jpg 480w \" sizes=\"(max-width:479px) 479px, 100vw \"  width=\"400\" height=\"250\" \/><\/a><\/div>\n\t\t\t\t\t\t\t\t\t\t\t\t\t\t<h2 class=\"entry-title\">\n\t\t\t\t\t\t\t\t\t\t\t\t\t<a href=\"https:\/\/www.insuco.com\/en\/jean-laurent-lherisson-is-appointed-to-the-position-of-deputy-country-director-haiti\/\">Jean-Laurent Lh\u00e9risson is appointed to the position of Deputy Country Director Ha\u00efti<\/a>\n\t\t\t\t\t\t\t\t\t\t\t<\/h2>\n\t\t\t\t\n\t\t\t\t\t<p class=\"post-meta\"><span class=\"published\">Jan 2023<\/span><\/p><div class=\"post-content\"><div class=\"post-content-inner\"><p>\u00a0Congratulations to Jean-Laurent Lh\u00e9risson&#8230;<\/p>\n<\/div><\/div>\t\t\t\n\t\t\t<\/article>\n\t\t\t\t\n\t\t\t<article id=\"post-42280\" class=\"et_pb_post clearfix et_pb_blog_item_0_25 post-42280 post type-post status-publish format-standard has-post-thumbnail hentry category-news-from-insuco tag-anciens-articles-avec-builder-en\">\n\n\t\t\t\t<div class=\"et_pb_image_container\"><a href=\"https:\/\/www.insuco.com\/en\/presentation-of-the-first-atlas-and-diagnosis-of-the-menabe-region-at-the-blue-economy-cluster-madagascar\/\" class=\"entry-featured-image-url\"><img loading=\"lazy\" decoding=\"async\" src=\"https:\/\/www.insuco.com\/wp-content\/uploads\/2023\/01\/Photo_groupe_fin_atelier_091222.jpeg-400x250.jpg\" alt=\"Presentation of the first Atlas and Diagnosis of the Menabe region at the Blue Economy Cluster &#8211; Madagascar\" class=\"\" srcset=\"https:\/\/www.insuco.com\/wp-content\/uploads\/2023\/01\/Photo_groupe_fin_atelier_091222.jpeg.jpg 479w, https:\/\/www.insuco.com\/wp-content\/uploads\/2023\/01\/Photo_groupe_fin_atelier_091222.jpeg-400x250.jpg 480w \" sizes=\"(max-width:479px) 479px, 100vw \"  width=\"400\" height=\"250\" \/><\/a><\/div>\n\t\t\t\t\t\t\t\t\t\t\t\t\t\t<h2 class=\"entry-title\">\n\t\t\t\t\t\t\t\t\t\t\t\t\t<a href=\"https:\/\/www.insuco.com\/en\/presentation-of-the-first-atlas-and-diagnosis-of-the-menabe-region-at-the-blue-economy-cluster-madagascar\/\">Presentation of the first Atlas and Diagnosis of the Menabe region at the Blue Economy Cluster &#8211; Madagascar<\/a>\n\t\t\t\t\t\t\t\t\t\t\t<\/h2>\n\t\t\t\t\n\t\t\t\t\t<p class=\"post-meta\"><span class=\"published\">Jan 2023<\/span><\/p><div class=\"post-content\"><div class=\"post-content-inner\"><p>As part of the USAID HayTao programme, Insuco Madagascar presented the first Atlas and Diagnosis of the Menabe region&#8230;<\/p>\n<\/div><\/div>\t\t\t\n\t\t\t<\/article>\n\t\t\t\t\n\t\t\t<article id=\"post-41730\" class=\"et_pb_post clearfix et_pb_blog_item_0_26 post-41730 post type-post status-publish format-standard has-post-thumbnail hentry category-news-from-insuco tag-anciens-articles-avec-builder-en\">\n\n\t\t\t\t<div class=\"et_pb_image_container\"><a href=\"https:\/\/www.insuco.com\/en\/elaboration-of-the-childrens-situation-report-sitan-for-unicef-in-benin\/\" class=\"entry-featured-image-url\"><img loading=\"lazy\" decoding=\"async\" src=\"https:\/\/www.insuco.com\/wp-content\/uploads\/2022\/12\/provoost-400x250.jpg\" alt=\"Elaboration of the Children\u2019s Situation Report (SitAn) for UNICEF in Benin\" class=\"\" srcset=\"https:\/\/www.insuco.com\/wp-content\/uploads\/2022\/12\/provoost.jpg 479w, https:\/\/www.insuco.com\/wp-content\/uploads\/2022\/12\/provoost-400x250.jpg 480w \" sizes=\"(max-width:479px) 479px, 100vw \"  width=\"400\" height=\"250\" \/><\/a><\/div>\n\t\t\t\t\t\t\t\t\t\t\t\t\t\t<h2 class=\"entry-title\">\n\t\t\t\t\t\t\t\t\t\t\t\t\t<a href=\"https:\/\/www.insuco.com\/en\/elaboration-of-the-childrens-situation-report-sitan-for-unicef-in-benin\/\">Elaboration of the Children\u2019s Situation Report (SitAn) for UNICEF in Benin<\/a>\n\t\t\t\t\t\t\t\t\t\t\t<\/h2>\n\t\t\t\t\n\t\t\t\t\t<p class=\"post-meta\"><span class=\"published\">Dec 2022<\/span><\/p><div class=\"post-content\"><div class=\"post-content-inner\"><p>The Children\u2019s Situation Analysis (SitAn) is a regular study conducted by UNICEF&#8230;<\/p>\n<\/div><\/div>\t\t\t\n\t\t\t<\/article>\n\t\t\t\t\n\t\t\t<article id=\"post-41594\" class=\"et_pb_post clearfix et_pb_blog_item_0_27 post-41594 post type-post status-publish format-standard has-post-thumbnail hentry category-news-from-insuco tag-anciens-articles-avec-builder-en\">\n\n\t\t\t\t<div class=\"et_pb_image_container\"><a href=\"https:\/\/www.insuco.com\/en\/insuco-organized-from-22-to-26-november-a-training-integration-session-in-conakry-guinea\/\" class=\"entry-featured-image-url\"><img loading=\"lazy\" decoding=\"async\" src=\"https:\/\/www.insuco.com\/wp-content\/uploads\/2022\/11\/formation-1-400x250.jpeg\" alt=\"Insuco organized from 21 to 26 November a training\/integration session in Conakry, Guinea\" class=\"\" srcset=\"https:\/\/www.insuco.com\/wp-content\/uploads\/2022\/11\/formation-1.jpeg 479w, https:\/\/www.insuco.com\/wp-content\/uploads\/2022\/11\/formation-1-400x250.jpeg 480w \" sizes=\"(max-width:479px) 479px, 100vw \"  width=\"400\" height=\"250\" \/><\/a><\/div>\n\t\t\t\t\t\t\t\t\t\t\t\t\t\t<h2 class=\"entry-title\">\n\t\t\t\t\t\t\t\t\t\t\t\t\t<a href=\"https:\/\/www.insuco.com\/en\/insuco-organized-from-22-to-26-november-a-training-integration-session-in-conakry-guinea\/\">Insuco organized from 21 to 26 November a training\/integration session in Conakry, Guinea<\/a>\n\t\t\t\t\t\t\t\t\t\t\t<\/h2>\n\t\t\t\t\n\t\t\t\t\t<p class=\"post-meta\"><span class=\"published\">Nov 2022<\/span><\/p><div class=\"post-content\"><div class=\"post-content-inner\"><p>Insuco organized a training\/integration session at its Permanent Representation in Conakry&#8230;<\/p>\n<\/div><\/div>\t\t\t\n\t\t\t<\/article>\n\t\t\t\t\n\t\t\t<article id=\"post-41556\" class=\"et_pb_post clearfix et_pb_blog_item_0_28 post-41556 post type-post status-publish format-standard has-post-thumbnail hentry category-news-from-insuco tag-anciens-articles-avec-builder-en\">\n\n\t\t\t\t<div class=\"et_pb_image_container\"><a href=\"https:\/\/www.insuco.com\/en\/participation-of-pascal-rey-ceo-of-the-insuco-group-at-the-guinea-mines-symposium\/\" class=\"entry-featured-image-url\"><img loading=\"lazy\" decoding=\"async\" src=\"https:\/\/www.insuco.com\/wp-content\/uploads\/2022\/11\/pascal-2-400x250.jpg\" alt=\"Participation of Pascal Rey, CEO of the INSUCO Group, at the Guinea Mines Symposium\" class=\"\" srcset=\"https:\/\/www.insuco.com\/wp-content\/uploads\/2022\/11\/pascal-2.jpg 479w, https:\/\/www.insuco.com\/wp-content\/uploads\/2022\/11\/pascal-2-400x250.jpg 480w \" sizes=\"(max-width:479px) 479px, 100vw \"  width=\"400\" height=\"250\" \/><\/a><\/div>\n\t\t\t\t\t\t\t\t\t\t\t\t\t\t<h2 class=\"entry-title\">\n\t\t\t\t\t\t\t\t\t\t\t\t\t<a href=\"https:\/\/www.insuco.com\/en\/participation-of-pascal-rey-ceo-of-the-insuco-group-at-the-guinea-mines-symposium\/\">Participation of Pascal Rey, CEO of the INSUCO Group, at the Guinea Mines Symposium<\/a>\n\t\t\t\t\t\t\t\t\t\t\t<\/h2>\n\t\t\t\t\n\t\t\t\t\t<p class=\"post-meta\"><span class=\"published\">Nov 2022<\/span><\/p><div class=\"post-content\"><div class=\"post-content-inner\"><p>Pascal Rey, CEO of INSUCO Group, was invited by the Guinea Ministry of Mines and Geology&#8230;<\/p>\n<\/div><\/div>\t\t\t\n\t\t\t<\/article>\n\t\t\t\t\n\t\t\t<article id=\"post-41508\" class=\"et_pb_post clearfix et_pb_blog_item_0_29 post-41508 post type-post status-publish format-standard has-post-thumbnail hentry category-news-from-insuco tag-anciens-articles-avec-builder-en\">\n\n\t\t\t\t<div class=\"et_pb_image_container\"><a href=\"https:\/\/www.insuco.com\/en\/elaboration-of-the-livelihood-restoration-plan-lrp-in-abidjan-for-the-duval-group\/\" class=\"entry-featured-image-url\"><img loading=\"lazy\" decoding=\"async\" src=\"https:\/\/www.insuco.com\/wp-content\/uploads\/2022\/11\/daval-1-400x250.jpg\" alt=\"Elaboration of the Livelihood Restoration Plan (LRP) in Abidjan for the Duval Group\" class=\"\" srcset=\"https:\/\/www.insuco.com\/wp-content\/uploads\/2022\/11\/daval-1.jpg 479w, https:\/\/www.insuco.com\/wp-content\/uploads\/2022\/11\/daval-1-400x250.jpg 480w \" sizes=\"(max-width:479px) 479px, 100vw \"  width=\"400\" height=\"250\" \/><\/a><\/div>\n\t\t\t\t\t\t\t\t\t\t\t\t\t\t<h2 class=\"entry-title\">\n\t\t\t\t\t\t\t\t\t\t\t\t\t<a href=\"https:\/\/www.insuco.com\/en\/elaboration-of-the-livelihood-restoration-plan-lrp-in-abidjan-for-the-duval-group\/\">Elaboration of the Livelihood Restoration Plan (LRP) in Abidjan for the Duval Group<\/a>\n\t\t\t\t\t\t\t\t\t\t\t<\/h2>\n\t\t\t\t\n\t\t\t\t\t<p class=\"post-meta\"><span class=\"published\">Nov 2022<\/span><\/p><div class=\"post-content\"><div class=\"post-content-inner\"><p>Minimising the social impact of the development of a real estate project in an urban environment&#8230;<\/p>\n<\/div><\/div>\t\t\t\n\t\t\t<\/article>\n\t\t\t\t\n\t\t\t<article id=\"post-41451\" class=\"et_pb_post clearfix et_pb_blog_item_0_30 post-41451 post type-post status-publish format-standard has-post-thumbnail hentry category-news-from-insuco tag-anciens-articles-avec-builder-en\">\n\n\t\t\t\t<div class=\"et_pb_image_container\"><a href=\"https:\/\/www.insuco.com\/en\/pascal-rey-ceo-of-the-insuco-group-was-invited-by-the-guinean-government-to-intervene-in-the-land-general-states\/\" class=\"entry-featured-image-url\"><img loading=\"lazy\" decoding=\"async\" src=\"https:\/\/www.insuco.com\/wp-content\/uploads\/2022\/11\/etats-generaux-400x250.jpg\" alt=\"Pascal Rey, CEO of the Insuco group, was invited by the Guinean government to intervene in the Land General States\" class=\"\" srcset=\"https:\/\/www.insuco.com\/wp-content\/uploads\/2022\/11\/etats-generaux-scaled.jpg 479w, https:\/\/www.insuco.com\/wp-content\/uploads\/2022\/11\/etats-generaux-400x250.jpg 480w \" sizes=\"(max-width:479px) 479px, 100vw \"  width=\"400\" height=\"250\" \/><\/a><\/div>\n\t\t\t\t\t\t\t\t\t\t\t\t\t\t<h2 class=\"entry-title\">\n\t\t\t\t\t\t\t\t\t\t\t\t\t<a href=\"https:\/\/www.insuco.com\/en\/pascal-rey-ceo-of-the-insuco-group-was-invited-by-the-guinean-government-to-intervene-in-the-land-general-states\/\">Pascal Rey, CEO of the Insuco group, was invited by the Guinean government to intervene in the Land General States<\/a>\n\t\t\t\t\t\t\t\t\t\t\t<\/h2>\n\t\t\t\t\n\t\t\t\t\t<p class=\"post-meta\"><span class=\"published\">Nov 2022<\/span><\/p><div class=\"post-content\"><div class=\"post-content-inner\"><p>Pascal Rey was invited by the Guinean government&#8230;<\/p>\n<\/div><\/div>\t\t\t\n\t\t\t<\/article>\n\t\t\t\t\n\t\t\t<article id=\"post-41432\" class=\"et_pb_post clearfix et_pb_blog_item_0_31 post-41432 post type-post status-publish format-standard has-post-thumbnail hentry category-news-from-insuco tag-anciens-articles-avec-builder-en\">\n\n\t\t\t\t<div class=\"et_pb_image_container\"><a href=\"https:\/\/www.insuco.com\/en\/guillen-calvo-general-director-latin-america-caribbean-met-with-h-e-mockbul-ali-obe-his-majestys-ambassador-to-the-dominican-republic-and-non-resident-ambassador-to-the-republic-of-hait\/\" class=\"entry-featured-image-url\"><img loading=\"lazy\" decoding=\"async\" src=\"https:\/\/www.insuco.com\/wp-content\/uploads\/2022\/11\/guillen-400x250.jpeg\" alt=\"Guillen Calvo, General Director Latin America \/ Caribbean, met with H.E. Mockbul Ali OBE, His Majesty\u2019s Ambassador to the Dominican Republic and Non-Resident Ambassador to the Republic of Haiti\" class=\"\" srcset=\"https:\/\/www.insuco.com\/wp-content\/uploads\/2022\/11\/guillen.jpeg 479w, https:\/\/www.insuco.com\/wp-content\/uploads\/2022\/11\/guillen-400x250.jpeg 480w \" sizes=\"(max-width:479px) 479px, 100vw \"  width=\"400\" height=\"250\" \/><\/a><\/div>\n\t\t\t\t\t\t\t\t\t\t\t\t\t\t<h2 class=\"entry-title\">\n\t\t\t\t\t\t\t\t\t\t\t\t\t<a href=\"https:\/\/www.insuco.com\/en\/guillen-calvo-general-director-latin-america-caribbean-met-with-h-e-mockbul-ali-obe-his-majestys-ambassador-to-the-dominican-republic-and-non-resident-ambassador-to-the-republic-of-hait\/\">Guillen Calvo, General Director Latin America \/ Caribbean, met with H.E. Mockbul Ali OBE, His Majesty\u2019s Ambassador to the Dominican Republic and Non-Resident Ambassador to the Republic of Haiti<\/a>\n\t\t\t\t\t\t\t\t\t\t\t<\/h2>\n\t\t\t\t\n\t\t\t\t\t<p class=\"post-meta\"><span class=\"published\">Nov 2022<\/span><\/p><div class=\"post-content\"><div class=\"post-content-inner\"><p>As part of Guillen Calvo\u2019s visit to the Dominican Republic&#8230;<\/p>\n<\/div><\/div>\t\t\t\n\t\t\t<\/article>\n\t\t\t\t\n\t\t\t<article id=\"post-41378\" class=\"et_pb_post clearfix et_pb_blog_item_0_32 post-41378 post type-post status-publish format-standard has-post-thumbnail hentry category-news-from-insuco tag-anciens-articles-avec-builder-en\">\n\n\t\t\t\t<div class=\"et_pb_image_container\"><a href=\"https:\/\/www.insuco.com\/en\/valeria-arcos-hervas-country-director-ecuador-will-lead-a-panel-at-the-second-esg-sustainability-forum\/\" class=\"entry-featured-image-url\"><img loading=\"lazy\" decoding=\"async\" src=\"https:\/\/www.insuco.com\/wp-content\/uploads\/2022\/11\/equateur-400x250.jpeg\" alt=\"Valeria Arcos Hervas, Country Director Ecuador , will lead a panel at the second ESG &#038; SUSTAINABILITY Forum\" class=\"\" srcset=\"https:\/\/www.insuco.com\/wp-content\/uploads\/2022\/11\/equateur.jpeg 479w, https:\/\/www.insuco.com\/wp-content\/uploads\/2022\/11\/equateur-400x250.jpeg 480w \" sizes=\"(max-width:479px) 479px, 100vw \"  width=\"400\" height=\"250\" \/><\/a><\/div>\n\t\t\t\t\t\t\t\t\t\t\t\t\t\t<h2 class=\"entry-title\">\n\t\t\t\t\t\t\t\t\t\t\t\t\t<a href=\"https:\/\/www.insuco.com\/en\/valeria-arcos-hervas-country-director-ecuador-will-lead-a-panel-at-the-second-esg-sustainability-forum\/\">Valeria Arcos Hervas, Country Director Ecuador , will lead a panel at the second ESG &#038; SUSTAINABILITY Forum<\/a>\n\t\t\t\t\t\t\t\t\t\t\t<\/h2>\n\t\t\t\t\n\t\t\t\t\t<p class=\"post-meta\"><span class=\"published\">Nov 2022<\/span><\/p><div class=\"post-content\"><div class=\"post-content-inner\"><p>Valeria Arcos Hervas, Country Director Ecuador , will lead the panel&#8230;<\/p>\n<\/div><\/div>\t\t\t\n\t\t\t<\/article>\n\t\t\t\t\n\t\t\t<article id=\"post-41297\" class=\"et_pb_post clearfix et_pb_blog_item_0_33 post-41297 post type-post status-publish format-standard has-post-thumbnail hentry category-news-from-insuco tag-anciens-articles-avec-builder-en\">\n\n\t\t\t\t<div class=\"et_pb_image_container\"><a href=\"https:\/\/www.insuco.com\/en\/insuco-guineas-intervention-for-the-enabel-green-economy-project-in-the-kindia-region\/\" class=\"entry-featured-image-url\"><img loading=\"lazy\" decoding=\"async\" src=\"https:\/\/www.insuco.com\/wp-content\/uploads\/2022\/11\/gangan-400x250.jpg\" alt=\"INSUCO Guinea\u2019s intervention for the Enabel Green Economy project in the Kindia Region\" class=\"\" srcset=\"https:\/\/www.insuco.com\/wp-content\/uploads\/2022\/11\/gangan.jpg 479w, https:\/\/www.insuco.com\/wp-content\/uploads\/2022\/11\/gangan-400x250.jpg 480w \" sizes=\"(max-width:479px) 479px, 100vw \"  width=\"400\" height=\"250\" \/><\/a><\/div>\n\t\t\t\t\t\t\t\t\t\t\t\t\t\t<h2 class=\"entry-title\">\n\t\t\t\t\t\t\t\t\t\t\t\t\t<a href=\"https:\/\/www.insuco.com\/en\/insuco-guineas-intervention-for-the-enabel-green-economy-project-in-the-kindia-region\/\">INSUCO Guinea\u2019s intervention for the Enabel Green Economy project in the Kindia Region<\/a>\n\t\t\t\t\t\t\t\t\t\t\t<\/h2>\n\t\t\t\t\n\t\t\t\t\t<p class=\"post-meta\"><span class=\"published\">Nov 2022<\/span><\/p><div class=\"post-content\"><div class=\"post-content-inner\"><p>INSUCO Guinea intervened in October 2022 for the Green Economy of Enabel project funded by the Kingdom of Belgium&#8230;<\/p>\n<\/div><\/div>\t\t\t\n\t\t\t<\/article>\n\t\t\t\t\n\t\t\t<article id=\"post-41264\" class=\"et_pb_post clearfix et_pb_blog_item_0_34 post-41264 post type-post status-publish format-standard has-post-thumbnail hentry category-news-from-insuco tag-anciens-articles-avec-builder-en\">\n\n\t\t\t\t<div class=\"et_pb_image_container\"><a href=\"https:\/\/www.insuco.com\/en\/smg-2022-in-conakry-insuco-provided-a-training-on-environmental-and-social-standards-in-the-mining-sector\/\" class=\"entry-featured-image-url\"><img loading=\"lazy\" decoding=\"async\" src=\"https:\/\/www.insuco.com\/wp-content\/uploads\/2022\/11\/minier-1-400x250.jpg\" alt=\"SMG 2022 in Conakry: Insuco provided a training on environmental and social standards in the mining sector\" class=\"\" srcset=\"https:\/\/www.insuco.com\/wp-content\/uploads\/2022\/11\/minier-1.jpg 479w, https:\/\/www.insuco.com\/wp-content\/uploads\/2022\/11\/minier-1-400x250.jpg 480w \" sizes=\"(max-width:479px) 479px, 100vw \"  width=\"400\" height=\"250\" \/><\/a><\/div>\n\t\t\t\t\t\t\t\t\t\t\t\t\t\t<h2 class=\"entry-title\">\n\t\t\t\t\t\t\t\t\t\t\t\t\t<a href=\"https:\/\/www.insuco.com\/en\/smg-2022-in-conakry-insuco-provided-a-training-on-environmental-and-social-standards-in-the-mining-sector\/\">SMG 2022 in Conakry: Insuco provided a training on environmental and social standards in the mining sector<\/a>\n\t\t\t\t\t\t\t\t\t\t\t<\/h2>\n\t\t\t\t\n\t\t\t\t\t<p class=\"post-meta\"><span class=\"published\">Nov 2022<\/span><\/p><div class=\"post-content\"><div class=\"post-content-inner\"><p>As part of the mining symposium in Conakry, with more than 120 projects&#8230;<\/p>\n<\/div><\/div>\t\t\t\n\t\t\t<\/article>\n\t\t\t\t\n\t\t\t<article id=\"post-41181\" class=\"et_pb_post clearfix et_pb_blog_item_0_35 post-41181 post type-post status-publish format-standard has-post-thumbnail hentry category-news-from-insuco tag-anciens-articles-avec-builder-en\">\n\n\t\t\t\t<div class=\"et_pb_image_container\"><a href=\"https:\/\/www.insuco.com\/en\/margot-petitpierre-general-manager-asia-participated-in-an-exclusive-event-organised-by-the-ccifc-and-britcham-in-phnom-penh\/\" class=\"entry-featured-image-url\"><img loading=\"lazy\" decoding=\"async\" src=\"https:\/\/www.insuco.com\/wp-content\/uploads\/2022\/11\/Britcham-400x250.png\" alt=\"Margot Petitpierre, General Manager Asia, participated in an exclusive event organised by the CCIFC and BritCham in Phnom Penh\" class=\"\" srcset=\"https:\/\/www.insuco.com\/wp-content\/uploads\/2022\/11\/Britcham.png 479w, https:\/\/www.insuco.com\/wp-content\/uploads\/2022\/11\/Britcham-400x250.png 480w \" sizes=\"(max-width:479px) 479px, 100vw \"  width=\"400\" height=\"250\" \/><\/a><\/div>\n\t\t\t\t\t\t\t\t\t\t\t\t\t\t<h2 class=\"entry-title\">\n\t\t\t\t\t\t\t\t\t\t\t\t\t<a href=\"https:\/\/www.insuco.com\/en\/margot-petitpierre-general-manager-asia-participated-in-an-exclusive-event-organised-by-the-ccifc-and-britcham-in-phnom-penh\/\">Margot Petitpierre, General Manager Asia, participated in an exclusive event organised by the CCIFC and BritCham in Phnom Penh<\/a>\n\t\t\t\t\t\t\t\t\t\t\t<\/h2>\n\t\t\t\t\n\t\t\t\t\t<p class=\"post-meta\"><span class=\"published\">Nov 2022<\/span><\/p><div class=\"post-content\"><div class=\"post-content-inner\"><p>Margot Petitpierre, General Manager Asia, participated in an exclusive event organised on October 27, 2022 by the French Chamber of Commerce and Industry in Cambodia (CCIFC)&#8230;<\/p>\n<\/div><\/div>\t\t\t\n\t\t\t<\/article>\n\t\t\t\t\n\t\t\t<article id=\"post-41150\" class=\"et_pb_post clearfix et_pb_blog_item_0_36 post-41150 post type-post status-publish format-standard has-post-thumbnail hentry category-news-from-insuco tag-anciens-articles-avec-builder-en\">\n\n\t\t\t\t<div class=\"et_pb_image_container\"><a href=\"https:\/\/www.insuco.com\/en\/insuco-brings-a-new-view-on-the-precarious-neighbourhoods-of-antananarivo\/\" class=\"entry-featured-image-url\"><img loading=\"lazy\" decoding=\"async\" src=\"https:\/\/www.insuco.com\/wp-content\/uploads\/2022\/11\/WhatsApp_Image_2022-11-02_at_13.53.58-400x250.jpeg\" alt=\"Insuco brings a new view on the precarious neighbourhoods of Antananarivo\" class=\"\" srcset=\"https:\/\/www.insuco.com\/wp-content\/uploads\/2022\/11\/WhatsApp_Image_2022-11-02_at_13.53.58.jpeg 479w, https:\/\/www.insuco.com\/wp-content\/uploads\/2022\/11\/WhatsApp_Image_2022-11-02_at_13.53.58-400x250.jpeg 480w \" sizes=\"(max-width:479px) 479px, 100vw \"  width=\"400\" height=\"250\" \/><\/a><\/div>\n\t\t\t\t\t\t\t\t\t\t\t\t\t\t<h2 class=\"entry-title\">\n\t\t\t\t\t\t\t\t\t\t\t\t\t<a href=\"https:\/\/www.insuco.com\/en\/insuco-brings-a-new-view-on-the-precarious-neighbourhoods-of-antananarivo\/\">Insuco brings a new view on the precarious neighbourhoods of Antananarivo<\/a>\n\t\t\t\t\t\t\t\t\t\t\t<\/h2>\n\t\t\t\t\n\t\t\t\t\t<p class=\"post-meta\"><span class=\"published\">Nov 2022<\/span><\/p><div class=\"post-content\"><div class=\"post-content-inner\"><p>As part of the implementation of the &#8220;Dignified Housing for All&#8221; project, the Cota design office and the Abb\u00e9 Pierre Foundation have asked Insuco to support the AFM&#8230;<\/p>\n<\/div><\/div>\t\t\t\n\t\t\t<\/article>\n\t\t\t\t\n\t\t\t<article id=\"post-41115\" class=\"et_pb_post clearfix et_pb_blog_item_0_37 post-41115 post type-post status-publish format-standard has-post-thumbnail hentry category-news-from-insuco tag-anciens-articles-avec-builder-en\">\n\n\t\t\t\t<div class=\"et_pb_image_container\"><a href=\"https:\/\/www.insuco.com\/en\/helene-cheron-kientega-is-appointed-executive-director-africa\/\" class=\"entry-featured-image-url\"><img loading=\"lazy\" decoding=\"async\" src=\"https:\/\/www.insuco.com\/wp-content\/uploads\/2022\/11\/Helene-1-news-400x250.jpg\" alt=\"HELENE CHERON-KIENTEGA is appointed Executive Director Africa\" class=\"\" srcset=\"https:\/\/www.insuco.com\/wp-content\/uploads\/2022\/11\/Helene-1-news.jpg 479w, https:\/\/www.insuco.com\/wp-content\/uploads\/2022\/11\/Helene-1-news-400x250.jpg 480w \" sizes=\"(max-width:479px) 479px, 100vw \"  width=\"400\" height=\"250\" \/><\/a><\/div>\n\t\t\t\t\t\t\t\t\t\t\t\t\t\t<h2 class=\"entry-title\">\n\t\t\t\t\t\t\t\t\t\t\t\t\t<a href=\"https:\/\/www.insuco.com\/en\/helene-cheron-kientega-is-appointed-executive-director-africa\/\">HELENE CHERON-KIENTEGA is appointed Executive Director Africa<\/a>\n\t\t\t\t\t\t\t\t\t\t\t<\/h2>\n\t\t\t\t\n\t\t\t\t\t<p class=\"post-meta\"><span class=\"published\">Nov 2022<\/span><\/p><div class=\"post-content\"><div class=\"post-content-inner\"><p>Congratulations to H\u00e9l\u00e8ne Ch\u00e9ron-Kient\u00e9ga who will take on the new role of Executive Director Africa&#8230;<\/p>\n<\/div><\/div>\t\t\t\n\t\t\t<\/article>\n\t\t\t\t\n\t\t\t<article id=\"post-40907\" class=\"et_pb_post clearfix et_pb_blog_item_0_38 post-40907 post type-post status-publish format-standard has-post-thumbnail hentry category-news-from-insuco tag-anciens-articles-avec-builder-en\">\n\n\t\t\t\t<div class=\"et_pb_image_container\"><a href=\"https:\/\/www.insuco.com\/en\/insuco-cambodia-the-latest-addition-to-the-group\/\" class=\"entry-featured-image-url\"><img loading=\"lazy\" decoding=\"async\" src=\"https:\/\/www.insuco.com\/wp-content\/uploads\/2022\/10\/bureau-cambodge-400x250.jpg\" alt=\"INSUCO Cambodia: the latest addition to the Group!\" class=\"\" srcset=\"https:\/\/www.insuco.com\/wp-content\/uploads\/2022\/10\/bureau-cambodge.jpg 479w, https:\/\/www.insuco.com\/wp-content\/uploads\/2022\/10\/bureau-cambodge-400x250.jpg 480w \" sizes=\"(max-width:479px) 479px, 100vw \"  width=\"400\" height=\"250\" \/><\/a><\/div>\n\t\t\t\t\t\t\t\t\t\t\t\t\t\t<h2 class=\"entry-title\">\n\t\t\t\t\t\t\t\t\t\t\t\t\t<a href=\"https:\/\/www.insuco.com\/en\/insuco-cambodia-the-latest-addition-to-the-group\/\">INSUCO Cambodia: the latest addition to the Group!<\/a>\n\t\t\t\t\t\t\t\t\t\t\t<\/h2>\n\t\t\t\t\n\t\t\t\t\t<p class=\"post-meta\"><span class=\"published\">Oct 2022<\/span><\/p><div class=\"post-content\"><div class=\"post-content-inner\"><p>We are very pleased to announce that our first Asian office opened in Phnom Penh\u00a0&#8230;<\/p>\n<\/div><\/div>\t\t\t\n\t\t\t<\/article>\n\t\t\t\t\n\t\t\t<article id=\"post-40852\" class=\"et_pb_post clearfix et_pb_blog_item_0_39 post-40852 post type-post status-publish format-standard has-post-thumbnail hentry category-news-from-insuco tag-anciens-articles-avec-builder-en\">\n\n\t\t\t\t<div class=\"et_pb_image_container\"><a href=\"https:\/\/www.insuco.com\/en\/nsuco-intervened-in-a-process-of-participatory-diagnosis-and-planning-of-forest-spaces-in-burkina-faso\/\" class=\"entry-featured-image-url\"><img loading=\"lazy\" decoding=\"async\" src=\"https:\/\/www.insuco.com\/wp-content\/uploads\/2022\/10\/BF-Foret-1-400x250.jpg\" alt=\"Insuco intervened in a process of participatory diagnosis and planning of forest spaces in Burkina Faso\" class=\"\" srcset=\"https:\/\/www.insuco.com\/wp-content\/uploads\/2022\/10\/BF-Foret-1.jpg 479w, https:\/\/www.insuco.com\/wp-content\/uploads\/2022\/10\/BF-Foret-1-400x250.jpg 480w \" sizes=\"(max-width:479px) 479px, 100vw \"  width=\"400\" height=\"250\" \/><\/a><\/div>\n\t\t\t\t\t\t\t\t\t\t\t\t\t\t<h2 class=\"entry-title\">\n\t\t\t\t\t\t\t\t\t\t\t\t\t<a href=\"https:\/\/www.insuco.com\/en\/nsuco-intervened-in-a-process-of-participatory-diagnosis-and-planning-of-forest-spaces-in-burkina-faso\/\">Insuco intervened in a process of participatory diagnosis and planning of forest spaces in Burkina Faso<\/a>\n\t\t\t\t\t\t\t\t\t\t\t<\/h2>\n\t\t\t\t\n\t\t\t\t\t<p class=\"post-meta\"><span class=\"published\">Oct 2022<\/span><\/p><div class=\"post-content\"><div class=\"post-content-inner\"><p>Do you know that in Burkina Faso the forest represents around 25% of the national territory&#8230;<\/p>\n<\/div><\/div>\t\t\t\n\t\t\t<\/article>\n\t\t\t\t\n\t\t\t<article id=\"post-40830\" class=\"et_pb_post clearfix et_pb_blog_item_0_40 post-40830 post type-post status-publish format-standard has-post-thumbnail hentry category-news-from-insuco tag-anciens-articles-avec-builder-en\">\n\n\t\t\t\t<div class=\"et_pb_image_container\"><a href=\"https:\/\/www.insuco.com\/en\/guillen-calvo-director-latin-america-and-caribbean-of-insuco-participated-in-a-round-table-on-mining-and-territorial-development-at-the-perumin-mining-convention\/\" class=\"entry-featured-image-url\"><img loading=\"lazy\" decoding=\"async\" src=\"https:\/\/www.insuco.com\/wp-content\/uploads\/2022\/10\/guillen-1-400x250.jpg\" alt=\"Guill\u00e9n Calvo, Director Latin America and Caribbean of INSUCO, participated in a round table on mining and territorial development at the PERUMIN mining convention\" class=\"\" srcset=\"https:\/\/www.insuco.com\/wp-content\/uploads\/2022\/10\/guillen-1.jpg 479w, https:\/\/www.insuco.com\/wp-content\/uploads\/2022\/10\/guillen-1-400x250.jpg 480w \" sizes=\"(max-width:479px) 479px, 100vw \"  width=\"400\" height=\"250\" \/><\/a><\/div>\n\t\t\t\t\t\t\t\t\t\t\t\t\t\t<h2 class=\"entry-title\">\n\t\t\t\t\t\t\t\t\t\t\t\t\t<a href=\"https:\/\/www.insuco.com\/en\/guillen-calvo-director-latin-america-and-caribbean-of-insuco-participated-in-a-round-table-on-mining-and-territorial-development-at-the-perumin-mining-convention\/\">Guill\u00e9n Calvo, Director Latin America and Caribbean of INSUCO, participated in a round table on mining and territorial development at the PERUMIN mining convention<\/a>\n\t\t\t\t\t\t\t\t\t\t\t<\/h2>\n\t\t\t\t\n\t\t\t\t\t<p class=\"post-meta\"><span class=\"published\">Oct 2022<\/span><\/p><div class=\"post-content\"><div class=\"post-content-inner\"><p>Guillen Calvo, INSUCO\u2019s Latin America and Caribbean Director, participated in PERUMIN Mining Convention&#8230;<\/p>\n<\/div><\/div>\t\t\t\n\t\t\t<\/article>\n\t\t\t\t\n\t\t\t<article id=\"post-40809\" class=\"et_pb_post clearfix et_pb_blog_item_0_41 post-40809 post type-post status-publish format-standard has-post-thumbnail hentry category-news-from-insuco tag-anciens-articles-avec-builder-en\">\n\n\t\t\t\t<div class=\"et_pb_image_container\"><a href=\"https:\/\/www.insuco.com\/en\/insuco-haiti-conducted-a-diagnostic-on-the-capacity-building-process-of-the-vil-nou-pi-bel-project\/\" class=\"entry-featured-image-url\"><img loading=\"lazy\" decoding=\"async\" src=\"https:\/\/www.insuco.com\/wp-content\/uploads\/2022\/10\/Haiti-400x250.jpg\" alt=\"Insuco Haiti conducted a diagnostic on the capacity building process of the Vil Nou Pi B\u00e8l project\" class=\"\" srcset=\"https:\/\/www.insuco.com\/wp-content\/uploads\/2022\/10\/Haiti.jpg 479w, https:\/\/www.insuco.com\/wp-content\/uploads\/2022\/10\/Haiti-400x250.jpg 480w \" sizes=\"(max-width:479px) 479px, 100vw \"  width=\"400\" height=\"250\" \/><\/a><\/div>\n\t\t\t\t\t\t\t\t\t\t\t\t\t\t<h2 class=\"entry-title\">\n\t\t\t\t\t\t\t\t\t\t\t\t\t<a href=\"https:\/\/www.insuco.com\/en\/insuco-haiti-conducted-a-diagnostic-on-the-capacity-building-process-of-the-vil-nou-pi-bel-project\/\">Insuco Haiti conducted a diagnostic on the capacity building process of the Vil Nou Pi B\u00e8l project<\/a>\n\t\t\t\t\t\t\t\t\t\t\t<\/h2>\n\t\t\t\t\n\t\t\t\t\t<p class=\"post-meta\"><span class=\"published\">Oct 2022<\/span><\/p><div class=\"post-content\"><div class=\"post-content-inner\"><p>Insuco Haiti carried out a mission to J\u00e9r\u00e9mie as part of the capacity diagnosis of local Civil Society Organizations&#8230;<\/p>\n<\/div><\/div>\t\t\t\n\t\t\t<\/article>\n\t\t\t\t\n\t\t\t<article id=\"post-40741\" class=\"et_pb_post clearfix et_pb_blog_item_0_42 post-40741 post type-post status-publish format-standard has-post-thumbnail hentry category-news-from-insuco category-nouvelles-dinsuco tag-anciens-articles-avec-builder-en\">\n\n\t\t\t\t<div class=\"et_pb_image_container\"><a href=\"https:\/\/www.insuco.com\/en\/insuco-supports-the-emergence-of-new-dynamics-at-the-national-csr-show-in-madagascar\/\" class=\"entry-featured-image-url\"><img loading=\"lazy\" decoding=\"async\" src=\"https:\/\/www.insuco.com\/wp-content\/uploads\/2022\/09\/7e_edition_salon-400x250.jpeg\" alt=\"INSUCO supports the emergence of new dynamics at the national CSR show in Madagascar\" class=\"\" srcset=\"https:\/\/www.insuco.com\/wp-content\/uploads\/2022\/09\/7e_edition_salon.jpeg 479w, https:\/\/www.insuco.com\/wp-content\/uploads\/2022\/09\/7e_edition_salon-400x250.jpeg 480w \" sizes=\"(max-width:479px) 479px, 100vw \"  width=\"400\" height=\"250\" \/><\/a><\/div>\n\t\t\t\t\t\t\t\t\t\t\t\t\t\t<h2 class=\"entry-title\">\n\t\t\t\t\t\t\t\t\t\t\t\t\t<a href=\"https:\/\/www.insuco.com\/en\/insuco-supports-the-emergence-of-new-dynamics-at-the-national-csr-show-in-madagascar\/\">INSUCO supports the emergence of new dynamics at the national CSR show in Madagascar<\/a>\n\t\t\t\t\t\t\t\t\t\t\t<\/h2>\n\t\t\t\t\n\t\t\t\t\t<p class=\"post-meta\"><span class=\"published\">Sep 2022<\/span><\/p><div class=\"post-content\"><div class=\"post-content-inner\"><p>Insuco supports companies and funders in the social sustainability of their activities and investments&#8230;<\/p>\n<\/div><\/div>\t\t\t\n\t\t\t<\/article>\n\t\t\t\t\n\t\t\t<article id=\"post-40678\" class=\"et_pb_post clearfix et_pb_blog_item_0_43 post-40678 post type-post status-publish format-standard has-post-thumbnail hentry category-news-from-insuco tag-anciens-articles-avec-builder-en\">\n\n\t\t\t\t<div class=\"et_pb_image_container\"><a href=\"https:\/\/www.insuco.com\/en\/insuco-is-mobilized-on-the-implementation-of-the-resettlement-action-plan-of-boulevard-du-port-vridi-petit-bassam-in-abidjan-ivory-coast\/\" class=\"entry-featured-image-url\"><img loading=\"lazy\" decoding=\"async\" src=\"https:\/\/www.insuco.com\/wp-content\/uploads\/2022\/09\/Abidjan-400x250.jpg\" alt=\"INSUCO is mobilized on the implementation of the Resettlement Action Plan of Boulevard du Port- Vridi &#8211; Petit Bassam in Abidjan &#8211; Ivory Coast\" class=\"\" srcset=\"https:\/\/www.insuco.com\/wp-content\/uploads\/2022\/09\/Abidjan.jpg 479w, https:\/\/www.insuco.com\/wp-content\/uploads\/2022\/09\/Abidjan-400x250.jpg 480w \" sizes=\"(max-width:479px) 479px, 100vw \"  width=\"400\" height=\"250\" \/><\/a><\/div>\n\t\t\t\t\t\t\t\t\t\t\t\t\t\t<h2 class=\"entry-title\">\n\t\t\t\t\t\t\t\t\t\t\t\t\t<a href=\"https:\/\/www.insuco.com\/en\/insuco-is-mobilized-on-the-implementation-of-the-resettlement-action-plan-of-boulevard-du-port-vridi-petit-bassam-in-abidjan-ivory-coast\/\">INSUCO is mobilized on the implementation of the Resettlement Action Plan of Boulevard du Port- Vridi &#8211; Petit Bassam in Abidjan &#8211; Ivory Coast<\/a>\n\t\t\t\t\t\t\t\t\t\t\t<\/h2>\n\t\t\t\t\n\t\t\t\t\t<p class=\"post-meta\"><span class=\"published\">Sep 2022<\/span><\/p><div class=\"post-content\"><div class=\"post-content-inner\"><p>Insuco Burkina Faso, with its Ivorian partner SEM International, has been working since July 2022&#8230;<\/p>\n<\/div><\/div>\t\t\t\n\t\t\t<\/article>\n\t\t\t\t\n\t\t\t<article id=\"post-40598\" class=\"et_pb_post clearfix et_pb_blog_item_0_44 post-40598 post type-post status-publish format-standard has-post-thumbnail hentry category-news-from-insuco tag-anciens-articles-avec-builder-en\">\n\n\t\t\t\t<div class=\"et_pb_image_container\"><a href=\"https:\/\/www.insuco.com\/en\/insuco-conducted-environmental-and-social-impact-studies-for-a-project-to-build-and-operate-photovoltaic-power-plants-in-benin\/\" class=\"entry-featured-image-url\"><img loading=\"lazy\" decoding=\"async\" src=\"https:\/\/www.insuco.com\/wp-content\/uploads\/2022\/09\/Benin-2-400x250.png\" alt=\"INSUCO conducted environmental and social impact studies for a project to build and operate photovoltaic power plants in Benin\" class=\"\" srcset=\"https:\/\/www.insuco.com\/wp-content\/uploads\/2022\/09\/Benin-2.png 479w, https:\/\/www.insuco.com\/wp-content\/uploads\/2022\/09\/Benin-2-400x250.png 480w \" sizes=\"(max-width:479px) 479px, 100vw \"  width=\"400\" height=\"250\" \/><\/a><\/div>\n\t\t\t\t\t\t\t\t\t\t\t\t\t\t<h2 class=\"entry-title\">\n\t\t\t\t\t\t\t\t\t\t\t\t\t<a href=\"https:\/\/www.insuco.com\/en\/insuco-conducted-environmental-and-social-impact-studies-for-a-project-to-build-and-operate-photovoltaic-power-plants-in-benin\/\">INSUCO conducted environmental and social impact studies for a project to build and operate photovoltaic power plants in Benin<\/a>\n\t\t\t\t\t\t\t\t\t\t\t<\/h2>\n\t\t\t\t\n\t\t\t\t\t<p class=\"post-meta\"><span class=\"published\">Sep 2022<\/span><\/p><div class=\"post-content\"><div class=\"post-content-inner\"><p>Insuco was mobilized to carry out four environmental and social impact studies&#8230;<\/p>\n<\/div><\/div>\t\t\t\n\t\t\t<\/article>\n\t\t\t\t\n\t\t\t<article id=\"post-40433\" class=\"et_pb_post clearfix et_pb_blog_item_0_45 post-40433 post type-post status-publish format-standard has-post-thumbnail hentry category-news-from-insuco tag-anciens-articles-avec-builder-en\">\n\n\t\t\t\t<div class=\"et_pb_image_container\"><a href=\"https:\/\/www.insuco.com\/en\/giselle-deno-is-appointed-country-director-in-the-dominican-republic\/\" class=\"entry-featured-image-url\"><img loading=\"lazy\" decoding=\"async\" src=\"https:\/\/www.insuco.com\/wp-content\/uploads\/2022\/09\/DENO_Giselle_Photo-2-400x250.jpg\" alt=\"GISELLE DE\u00d1O is appointed  Country Director in the Dominican Republic\" class=\"\" srcset=\"https:\/\/www.insuco.com\/wp-content\/uploads\/2022\/09\/DENO_Giselle_Photo-2.jpg 479w, https:\/\/www.insuco.com\/wp-content\/uploads\/2022\/09\/DENO_Giselle_Photo-2-400x250.jpg 480w \" sizes=\"(max-width:479px) 479px, 100vw \"  width=\"400\" height=\"250\" \/><\/a><\/div>\n\t\t\t\t\t\t\t\t\t\t\t\t\t\t<h2 class=\"entry-title\">\n\t\t\t\t\t\t\t\t\t\t\t\t\t<a href=\"https:\/\/www.insuco.com\/en\/giselle-deno-is-appointed-country-director-in-the-dominican-republic\/\">GISELLE DE\u00d1O is appointed  Country Director in the Dominican Republic<\/a>\n\t\t\t\t\t\t\t\t\t\t\t<\/h2>\n\t\t\t\t\n\t\t\t\t\t<p class=\"post-meta\"><span class=\"published\">Sep 2022<\/span><\/p><div class=\"post-content\"><div class=\"post-content-inner\"><p>Congratulations to Giselle De\u00f1o who will take on the\u00a0new role of Country Director in the Dominican Republic&#8230;<\/p>\n<\/div><\/div>\t\t\t\n\t\t\t<\/article>\n\t\t\t\t\n\t\t\t<article id=\"post-40413\" class=\"et_pb_post clearfix et_pb_blog_item_0_46 post-40413 post type-post status-publish format-standard has-post-thumbnail hentry category-news-from-insuco tag-anciens-articles-avec-builder-en\">\n\n\t\t\t\t<div class=\"et_pb_image_container\"><a href=\"https:\/\/www.insuco.com\/en\/ccaroline-lemesre-is-appointed-country-director-guinea\/\" class=\"entry-featured-image-url\"><img loading=\"lazy\" decoding=\"async\" src=\"https:\/\/www.insuco.com\/wp-content\/uploads\/2022\/09\/Caroline-Lemesre-1-1-400x250.jpg\" alt=\"CAROLINE LEMESRE is appointed Country Director Guinea\" class=\"\" srcset=\"https:\/\/www.insuco.com\/wp-content\/uploads\/2022\/09\/Caroline-Lemesre-1-1.jpg 479w, https:\/\/www.insuco.com\/wp-content\/uploads\/2022\/09\/Caroline-Lemesre-1-1-400x250.jpg 480w \" sizes=\"(max-width:479px) 479px, 100vw \"  width=\"400\" height=\"250\" \/><\/a><\/div>\n\t\t\t\t\t\t\t\t\t\t\t\t\t\t<h2 class=\"entry-title\">\n\t\t\t\t\t\t\t\t\t\t\t\t\t<a href=\"https:\/\/www.insuco.com\/en\/ccaroline-lemesre-is-appointed-country-director-guinea\/\">CAROLINE LEMESRE is appointed Country Director Guinea<\/a>\n\t\t\t\t\t\t\t\t\t\t\t<\/h2>\n\t\t\t\t\n\t\t\t\t\t<p class=\"post-meta\"><span class=\"published\">Sep 2022<\/span><\/p><div class=\"post-content\"><div class=\"post-content-inner\"><p>We welcome Caroline Lemesre, our new INSUCO Country Director in Guinea&#8230;<\/p>\n<\/div><\/div>\t\t\t\n\t\t\t<\/article>\n\t\t\t\t\n\t\t\t<article id=\"post-40299\" class=\"et_pb_post clearfix et_pb_blog_item_0_47 post-40299 post type-post status-publish format-standard has-post-thumbnail hentry category-news-from-insuco tag-anciens-articles-avec-builder-en\">\n\n\t\t\t\t<div class=\"et_pb_image_container\"><a href=\"https:\/\/www.insuco.com\/en\/baptiste-dolidon-is-appointed-country-director-in-gabon\/\" class=\"entry-featured-image-url\"><img loading=\"lazy\" decoding=\"async\" src=\"https:\/\/www.insuco.com\/wp-content\/uploads\/2022\/09\/portrait-paysage-BD-Gabon1-400x250.jpg\" alt=\"BAPTISTE DOLIDON is appointed Country Director in Gabon\" class=\"\" srcset=\"https:\/\/www.insuco.com\/wp-content\/uploads\/2022\/09\/portrait-paysage-BD-Gabon1.jpg 479w, https:\/\/www.insuco.com\/wp-content\/uploads\/2022\/09\/portrait-paysage-BD-Gabon1-400x250.jpg 480w \" sizes=\"(max-width:479px) 479px, 100vw \"  width=\"400\" height=\"250\" \/><\/a><\/div>\n\t\t\t\t\t\t\t\t\t\t\t\t\t\t<h2 class=\"entry-title\">\n\t\t\t\t\t\t\t\t\t\t\t\t\t<a href=\"https:\/\/www.insuco.com\/en\/baptiste-dolidon-is-appointed-country-director-in-gabon\/\">BAPTISTE DOLIDON is appointed Country Director in Gabon<\/a>\n\t\t\t\t\t\t\t\t\t\t\t<\/h2>\n\t\t\t\t\n\t\t\t\t\t<p class=\"post-meta\"><span class=\"published\">Sep 2022<\/span><\/p><div class=\"post-content\"><div class=\"post-content-inner\"><p>We welcome BAPTISTE DOLIDON who has been appointed Country Director in Gabon&#8230;<\/p>\n<\/div><\/div>\t\t\t\n\t\t\t<\/article>\n\t\t\t\t\n\t\t\t<article id=\"post-40266\" class=\"et_pb_post clearfix et_pb_blog_item_0_48 post-40266 post type-post status-publish format-standard has-post-thumbnail hentry category-news-from-insuco tag-anciens-articles-avec-builder-en\">\n\n\t\t\t\t<div class=\"et_pb_image_container\"><a href=\"https:\/\/www.insuco.com\/en\/margot-petitpierre-is-taking-the-position-of-general-manager-asia-of-insuco\/\" class=\"entry-featured-image-url\"><img loading=\"lazy\" decoding=\"async\" src=\"https:\/\/www.insuco.com\/wp-content\/uploads\/2022\/09\/margot-400x250.jpg\" alt=\"MARGOT PETITPIERRE is taking the position of  General Manager Asia of INSUCO\" class=\"\" srcset=\"https:\/\/www.insuco.com\/wp-content\/uploads\/2022\/09\/margot-scaled.jpg 479w, https:\/\/www.insuco.com\/wp-content\/uploads\/2022\/09\/margot-400x250.jpg 480w \" sizes=\"(max-width:479px) 479px, 100vw \"  width=\"400\" height=\"250\" \/><\/a><\/div>\n\t\t\t\t\t\t\t\t\t\t\t\t\t\t<h2 class=\"entry-title\">\n\t\t\t\t\t\t\t\t\t\t\t\t\t<a href=\"https:\/\/www.insuco.com\/en\/margot-petitpierre-is-taking-the-position-of-general-manager-asia-of-insuco\/\">MARGOT PETITPIERRE is taking the position of  General Manager Asia of INSUCO<\/a>\n\t\t\t\t\t\t\t\t\t\t\t<\/h2>\n\t\t\t\t\n\t\t\t\t\t<p class=\"post-meta\"><span class=\"published\">Sep 2022<\/span><\/p><div class=\"post-content\"><div class=\"post-content-inner\"><p>Insuco is growing! Congratulations to MARGOT PETITPIERRE who is taking the position of\u00a0General Manager Asia&#8230;<\/p>\n<\/div><\/div>\t\t\t\n\t\t\t<\/article>\n\t\t\t\t\n\t\t\t<article id=\"post-40248\" class=\"et_pb_post clearfix et_pb_blog_item_0_49 post-40248 post type-post status-publish format-standard has-post-thumbnail hentry category-news-from-insuco tag-anciens-articles-avec-builder-en\">\n\n\t\t\t\t<div class=\"et_pb_image_container\"><a href=\"https:\/\/www.insuco.com\/en\/earning-more-without-fishing-more-the-challenges-of-the-loky-manambato-protected-area-fishermen\/\" class=\"entry-featured-image-url\"><img loading=\"lazy\" decoding=\"async\" src=\"https:\/\/www.insuco.com\/wp-content\/uploads\/2022\/09\/peche-400x250.jpg\" alt=\"Earning more without fishing more, the challenges of the Loky Manambato Protected Area fishermen\" class=\"\" srcset=\"https:\/\/www.insuco.com\/wp-content\/uploads\/2022\/09\/peche.jpg 479w, https:\/\/www.insuco.com\/wp-content\/uploads\/2022\/09\/peche-400x250.jpg 480w \" sizes=\"(max-width:479px) 479px, 100vw \"  width=\"400\" height=\"250\" \/><\/a><\/div>\n\t\t\t\t\t\t\t\t\t\t\t\t\t\t<h2 class=\"entry-title\">\n\t\t\t\t\t\t\t\t\t\t\t\t\t<a href=\"https:\/\/www.insuco.com\/en\/earning-more-without-fishing-more-the-challenges-of-the-loky-manambato-protected-area-fishermen\/\">Earning more without fishing more, the challenges of the Loky Manambato Protected Area fishermen<\/a>\n\t\t\t\t\t\t\t\t\t\t\t<\/h2>\n\t\t\t\t\n\t\t\t\t\t<p class=\"post-meta\"><span class=\"published\">Sep 2022<\/span><\/p><div class=\"post-content\"><div class=\"post-content-inner\"><p>Sahanala used the services of INSUCO to take stock of the octopus, cicada and fish lines&#8230;<\/p>\n<\/div><\/div>\t\t\t\n\t\t\t<\/article>\n\t\t\t\t\n\t\t\t<article id=\"post-40225\" class=\"et_pb_post clearfix et_pb_blog_item_0_50 post-40225 post type-post status-publish format-standard has-post-thumbnail hentry category-news-from-insuco tag-anciens-articles-avec-builder-en\">\n\n\t\t\t\t<div class=\"et_pb_image_container\"><a href=\"https:\/\/www.insuco.com\/en\/presentation-in-ecuador-of-the-results-of-the-first-phase-of-the-project-on-transparent-governance-and-the-social-benefits-generated-in-industries-exploiting-non-renewable-natural-resourcespresentatio\/\" class=\"entry-featured-image-url\"><img loading=\"lazy\" decoding=\"async\" src=\"https:\/\/www.insuco.com\/wp-content\/uploads\/2022\/09\/Equateur-2-400x250.jpeg\" alt=\"Presentation in Ecuador of the results of the first phase of the project on Transparent Governance and the social benefits generated in industries exploiting non-renewable natural resources\" class=\"\" srcset=\"https:\/\/www.insuco.com\/wp-content\/uploads\/2022\/09\/Equateur-2.jpeg 479w, https:\/\/www.insuco.com\/wp-content\/uploads\/2022\/09\/Equateur-2-400x250.jpeg 480w \" sizes=\"(max-width:479px) 479px, 100vw \"  width=\"400\" height=\"250\" \/><\/a><\/div>\n\t\t\t\t\t\t\t\t\t\t\t\t\t\t<h2 class=\"entry-title\">\n\t\t\t\t\t\t\t\t\t\t\t\t\t<a href=\"https:\/\/www.insuco.com\/en\/presentation-in-ecuador-of-the-results-of-the-first-phase-of-the-project-on-transparent-governance-and-the-social-benefits-generated-in-industries-exploiting-non-renewable-natural-resourcespresentatio\/\">Presentation in Ecuador of the results of the first phase of the project on Transparent Governance and the social benefits generated in industries exploiting non-renewable natural resources<\/a>\n\t\t\t\t\t\t\t\t\t\t\t<\/h2>\n\t\t\t\t\n\t\t\t\t\t<p class=\"post-meta\"><span class=\"published\">Sep 2022<\/span><\/p><div class=\"post-content\"><div class=\"post-content-inner\"><p>Last August, at the invitation of the Ecuadorian Chamber of Mines, INSUCO presented the results of the first phase of capacity building to GADs&#8230;<\/p>\n<\/div><\/div>\t\t\t\n\t\t\t<\/article>\n\t\t\t\t\n\t\t\t<article id=\"post-40204\" class=\"et_pb_post clearfix et_pb_blog_item_0_51 post-40204 post type-post status-publish format-standard has-post-thumbnail hentry category-news-from-insuco tag-anciens-articles-avec-builder-en\">\n\n\t\t\t\t<div class=\"et_pb_image_container\"><a href=\"https:\/\/www.insuco.com\/en\/insuco-organized-from-29-to-31-august-a-seminar-with-the-core-of-its-french-speaking-consultants\/\" class=\"entry-featured-image-url\"><img loading=\"lazy\" decoding=\"async\" src=\"https:\/\/www.insuco.com\/wp-content\/uploads\/2022\/09\/seminaire-3-400x250.jpg\" alt=\"INSUCO organized from 29 to 31 August a seminar with the core of its French-speaking consultants\" class=\"\" srcset=\"https:\/\/www.insuco.com\/wp-content\/uploads\/2022\/09\/seminaire-3.jpg 479w, https:\/\/www.insuco.com\/wp-content\/uploads\/2022\/09\/seminaire-3-400x250.jpg 480w \" sizes=\"(max-width:479px) 479px, 100vw \"  width=\"400\" height=\"250\" \/><\/a><\/div>\n\t\t\t\t\t\t\t\t\t\t\t\t\t\t<h2 class=\"entry-title\">\n\t\t\t\t\t\t\t\t\t\t\t\t\t<a href=\"https:\/\/www.insuco.com\/en\/insuco-organized-from-29-to-31-august-a-seminar-with-the-core-of-its-french-speaking-consultants\/\">INSUCO organized from 29 to 31 August a seminar with the core of its French-speaking consultants<\/a>\n\t\t\t\t\t\t\t\t\t\t\t<\/h2>\n\t\t\t\t\n\t\t\t\t\t<p class=\"post-meta\"><span class=\"published\">Sep 2022<\/span><\/p><div class=\"post-content\"><div class=\"post-content-inner\"><p>Insuco organized last week a 3-day seminar in the south of France&#8230;<\/p>\n<\/div><\/div>\t\t\t\n\t\t\t<\/article>\n\t\t\t\t\n\t\t\t<article id=\"post-40179\" class=\"et_pb_post clearfix et_pb_blog_item_0_52 post-40179 post type-post status-publish format-standard has-post-thumbnail hentry category-news-from-insuco tag-anciens-articles-avec-builder-en\">\n\n\t\t\t\t<div class=\"et_pb_image_container\"><a href=\"https:\/\/www.insuco.com\/en\/insuco-haiti-collaborates-with-the-consortium-initiative-developpement-and-medecins-du-monde-canada-to-realize-a-capitalization-of-the-forsnut-project\/\" class=\"entry-featured-image-url\"><img loading=\"lazy\" decoding=\"async\" src=\"https:\/\/www.insuco.com\/wp-content\/uploads\/2022\/09\/Daniel-400x250.jpg\" alt=\"INSUCO Haiti collaborates with the consortium Initiative D\u00e9veloppement and M\u00e9decins du Monde Canada to realize a capitalization of the FORSNUT project\" class=\"\" srcset=\"https:\/\/www.insuco.com\/wp-content\/uploads\/2022\/09\/Daniel.jpg 479w, https:\/\/www.insuco.com\/wp-content\/uploads\/2022\/09\/Daniel-400x250.jpg 480w \" sizes=\"(max-width:479px) 479px, 100vw \"  width=\"400\" height=\"250\" \/><\/a><\/div>\n\t\t\t\t\t\t\t\t\t\t\t\t\t\t<h2 class=\"entry-title\">\n\t\t\t\t\t\t\t\t\t\t\t\t\t<a href=\"https:\/\/www.insuco.com\/en\/insuco-haiti-collaborates-with-the-consortium-initiative-developpement-and-medecins-du-monde-canada-to-realize-a-capitalization-of-the-forsnut-project\/\">INSUCO Haiti collaborates with the consortium Initiative D\u00e9veloppement and M\u00e9decins du Monde Canada to realize a capitalization of the FORSNUT project<\/a>\n\t\t\t\t\t\t\t\t\t\t\t<\/h2>\n\t\t\t\t\n\t\t\t\t\t<p class=\"post-meta\"><span class=\"published\">Sep 2022<\/span><\/p><div class=\"post-content\"><div class=\"post-content-inner\"><p>INSUCO Haiti is pleased to work with the consortium Initiative Developpement (ID) and M\u00e9decins du Monde Canada&#8230;<\/p>\n<\/div><\/div>\t\t\t\n\t\t\t<\/article>\n\t\t\t\t\n\t\t\t<article id=\"post-40159\" class=\"et_pb_post clearfix et_pb_blog_item_0_53 post-40159 post type-post status-publish format-standard has-post-thumbnail hentry category-news-from-insuco tag-anciens-articles-avec-builder-en\">\n\n\t\t\t\t<div class=\"et_pb_image_container\"><a href=\"https:\/\/www.insuco.com\/en\/completion-of-an-environmental-and-social-audit-for-the-geothermal-exploration-project-in-the-lac-assal-region-of-djibouti\/\" class=\"entry-featured-image-url\"><img loading=\"lazy\" decoding=\"async\" src=\"https:\/\/www.insuco.com\/wp-content\/uploads\/2022\/09\/djibouti-400x250.jpg\" alt=\"Completion of an environmental and social audit for the geothermal exploration project in the Lac Assal region of Djibouti\" class=\"\" srcset=\"https:\/\/www.insuco.com\/wp-content\/uploads\/2022\/09\/djibouti.jpg 479w, https:\/\/www.insuco.com\/wp-content\/uploads\/2022\/09\/djibouti-400x250.jpg 480w \" sizes=\"(max-width:479px) 479px, 100vw \"  width=\"400\" height=\"250\" \/><\/a><\/div>\n\t\t\t\t\t\t\t\t\t\t\t\t\t\t<h2 class=\"entry-title\">\n\t\t\t\t\t\t\t\t\t\t\t\t\t<a href=\"https:\/\/www.insuco.com\/en\/completion-of-an-environmental-and-social-audit-for-the-geothermal-exploration-project-in-the-lac-assal-region-of-djibouti\/\">Completion of an environmental and social audit for the geothermal exploration project in the Lac Assal region of Djibouti<\/a>\n\t\t\t\t\t\t\t\t\t\t\t<\/h2>\n\t\t\t\t\n\t\t\t\t\t<p class=\"post-meta\"><span class=\"published\">Sep 2022<\/span><\/p><div class=\"post-content\"><div class=\"post-content-inner\"><p>The Insuco Djibouti team recently carried out an Environmental and Social Audit&#8230;<\/p>\n<\/div><\/div>\t\t\t\n\t\t\t<\/article>\n\t\t\t\t\n\t\t\t<article id=\"post-40122\" class=\"et_pb_post clearfix et_pb_blog_item_0_54 post-40122 post type-post status-publish format-standard has-post-thumbnail hentry category-news-from-insuco tag-anciens-articles-avec-builder-en\">\n\n\t\t\t\t<div class=\"et_pb_image_container\"><a href=\"https:\/\/www.insuco.com\/en\/towards-the-development-of-urban-market-spaces-in-antananarivo-madagascar\/\" class=\"entry-featured-image-url\"><img loading=\"lazy\" decoding=\"async\" src=\"https:\/\/www.insuco.com\/wp-content\/uploads\/2022\/08\/marche-2-400x250.png\" alt=\"Towards the development of urban market spaces in Antananarivo &#8211; Madagascar\" class=\"\" srcset=\"https:\/\/www.insuco.com\/wp-content\/uploads\/2022\/08\/marche-2.png 479w, https:\/\/www.insuco.com\/wp-content\/uploads\/2022\/08\/marche-2-400x250.png 480w \" sizes=\"(max-width:479px) 479px, 100vw \"  width=\"400\" height=\"250\" \/><\/a><\/div>\n\t\t\t\t\t\t\t\t\t\t\t\t\t\t<h2 class=\"entry-title\">\n\t\t\t\t\t\t\t\t\t\t\t\t\t<a href=\"https:\/\/www.insuco.com\/en\/towards-the-development-of-urban-market-spaces-in-antananarivo-madagascar\/\">Towards the development of urban market spaces in Antananarivo &#8211; Madagascar<\/a>\n\t\t\t\t\t\t\t\t\t\t\t<\/h2>\n\t\t\t\t\n\t\t\t\t\t<p class=\"post-meta\"><span class=\"published\">Aug 2022<\/span><\/p><div class=\"post-content\"><div class=\"post-content-inner\"><p>In 1930, the markets of Antananarivo, whose first organizations&#8230;<\/p>\n<\/div><\/div>\t\t\t\n\t\t\t<\/article>\n\t\t\t\t\n\t\t\t<article id=\"post-40097\" class=\"et_pb_post clearfix et_pb_blog_item_0_55 post-40097 post type-post status-publish format-standard has-post-thumbnail hentry category-news-from-insuco tag-anciens-articles-avec-builder-en\">\n\n\t\t\t\t<div class=\"et_pb_image_container\"><a href=\"https:\/\/www.insuco.com\/en\/looking-for-real-alternatives-to-bad-fishing-practices-in-antongil-bay\/\" class=\"entry-featured-image-url\"><img loading=\"lazy\" decoding=\"async\" src=\"https:\/\/www.insuco.com\/wp-content\/uploads\/2022\/08\/IMG-20220823-WA0011-400x250.jpg\" alt=\"Looking for real alternatives to bad fishing practices in Antongil Bay\" class=\"\" srcset=\"https:\/\/www.insuco.com\/wp-content\/uploads\/2022\/08\/IMG-20220823-WA0011.jpg 479w, https:\/\/www.insuco.com\/wp-content\/uploads\/2022\/08\/IMG-20220823-WA0011-400x250.jpg 480w \" sizes=\"(max-width:479px) 479px, 100vw \"  width=\"400\" height=\"250\" \/><\/a><\/div>\n\t\t\t\t\t\t\t\t\t\t\t\t\t\t<h2 class=\"entry-title\">\n\t\t\t\t\t\t\t\t\t\t\t\t\t<a href=\"https:\/\/www.insuco.com\/en\/looking-for-real-alternatives-to-bad-fishing-practices-in-antongil-bay\/\">Looking for real alternatives to bad fishing practices in Antongil Bay<\/a>\n\t\t\t\t\t\t\t\t\t\t\t<\/h2>\n\t\t\t\t\n\t\t\t\t\t<p class=\"post-meta\"><span class=\"published\">Aug 2022<\/span><\/p><div class=\"post-content\"><div class=\"post-content-inner\"><p>As part of the Swiofish2 programme and the implementation of Concerted Fisheries Management Plan (PACP)&#8230;<\/p>\n<\/div><\/div>\t\t\t\n\t\t\t<\/article>\n\t\t\t\t\n\t\t\t<article id=\"post-39498\" class=\"et_pb_post clearfix et_pb_blog_item_0_56 post-39498 post type-post status-publish format-standard has-post-thumbnail hentry category-news-from-insuco tag-anciens-articles-avec-builder-en\">\n\n\t\t\t\t<div class=\"et_pb_image_container\"><a href=\"https:\/\/www.insuco.com\/en\/mission-to-les-cayes-and-jeremie\/\" class=\"entry-featured-image-url\"><img loading=\"lazy\" decoding=\"async\" src=\"https:\/\/www.insuco.com\/wp-content\/uploads\/2022\/06\/Expertise-france-1-400x250.jpg\" alt=\"Mission to Les Cayes and J\u00e9r\u00e9mie\" class=\"\" srcset=\"https:\/\/www.insuco.com\/wp-content\/uploads\/2022\/06\/Expertise-france-1.jpg 479w, https:\/\/www.insuco.com\/wp-content\/uploads\/2022\/06\/Expertise-france-1-400x250.jpg 480w \" sizes=\"(max-width:479px) 479px, 100vw \"  width=\"400\" height=\"250\" \/><\/a><\/div>\n\t\t\t\t\t\t\t\t\t\t\t\t\t\t<h2 class=\"entry-title\">\n\t\t\t\t\t\t\t\t\t\t\t\t\t<a href=\"https:\/\/www.insuco.com\/en\/mission-to-les-cayes-and-jeremie\/\">Mission to Les Cayes and J\u00e9r\u00e9mie<\/a>\n\t\t\t\t\t\t\t\t\t\t\t<\/h2>\n\t\t\t\t\n\t\t\t\t\t<p class=\"post-meta\"><span class=\"published\">Jun 2022<\/span><\/p><div class=\"post-content\"><div class=\"post-content-inner\"><p>INSUCO Haiti conducted a mission to Les Cayes and J\u00e9r\u00e9mie to study the&#8230;<\/p>\n<\/div><\/div>\t\t\t\n\t\t\t<\/article>\n\t\t\t\t\n\t\t\t<article id=\"post-39479\" class=\"et_pb_post clearfix et_pb_blog_item_0_57 post-39479 post type-post status-publish format-standard has-post-thumbnail hentry category-news-from-insuco tag-anciens-articles-avec-builder-en\">\n\n\t\t\t\t<div class=\"et_pb_image_container\"><a href=\"https:\/\/www.insuco.com\/en\/copper-gold-symposium-2022\/\" class=\"entry-featured-image-url\"><img loading=\"lazy\" decoding=\"async\" src=\"https:\/\/www.insuco.com\/wp-content\/uploads\/2022\/06\/GuillenGCS-400x250.jpeg\" alt=\"Copper Gold Symposium 2022\" class=\"\" srcset=\"https:\/\/www.insuco.com\/wp-content\/uploads\/2022\/06\/GuillenGCS.jpeg 479w, https:\/\/www.insuco.com\/wp-content\/uploads\/2022\/06\/GuillenGCS-400x250.jpeg 480w \" sizes=\"(max-width:479px) 479px, 100vw \"  width=\"400\" height=\"250\" \/><\/a><\/div>\n\t\t\t\t\t\t\t\t\t\t\t\t\t\t<h2 class=\"entry-title\">\n\t\t\t\t\t\t\t\t\t\t\t\t\t<a href=\"https:\/\/www.insuco.com\/en\/copper-gold-symposium-2022\/\">Copper Gold Symposium 2022<\/a>\n\t\t\t\t\t\t\t\t\t\t\t<\/h2>\n\t\t\t\t\n\t\t\t\t\t<p class=\"post-meta\"><span class=\"published\">Jun 2022<\/span><\/p><div class=\"post-content\"><div class=\"post-content-inner\"><p>Committed to sharing our experience and promoting the territorial&#8230;<\/p>\n<\/div><\/div>\t\t\t\n\t\t\t<\/article>\n\t\t\t\t\n\t\t\t<article id=\"post-39431\" class=\"et_pb_post clearfix et_pb_blog_item_0_58 post-39431 post type-post status-publish format-standard has-post-thumbnail hentry category-news-from-insuco tag-anciens-articles-avec-builder-en\">\n\n\t\t\t\t<div class=\"et_pb_image_container\"><a href=\"https:\/\/www.insuco.com\/en\/visite-de-canopy-a-insuco-haiti\/\" class=\"entry-featured-image-url\"><img loading=\"lazy\" decoding=\"async\" src=\"https:\/\/www.insuco.com\/wp-content\/uploads\/2022\/06\/Visite-canopy2-400x250.jpg\" alt=\"Canopy Energy visits Insuco Haiti\" class=\"\" srcset=\"https:\/\/www.insuco.com\/wp-content\/uploads\/2022\/06\/Visite-canopy2.jpg 479w, https:\/\/www.insuco.com\/wp-content\/uploads\/2022\/06\/Visite-canopy2-400x250.jpg 480w \" sizes=\"(max-width:479px) 479px, 100vw \"  width=\"400\" height=\"250\" \/><\/a><\/div>\n\t\t\t\t\t\t\t\t\t\t\t\t\t\t<h2 class=\"entry-title\">\n\t\t\t\t\t\t\t\t\t\t\t\t\t<a href=\"https:\/\/www.insuco.com\/en\/visite-de-canopy-a-insuco-haiti\/\">Canopy Energy visits Insuco Haiti<\/a>\n\t\t\t\t\t\t\t\t\t\t\t<\/h2>\n\t\t\t\t\n\t\t\t\t\t<p class=\"post-meta\"><span class=\"published\">Jun 2022<\/span><\/p><div class=\"post-content\"><div class=\"post-content-inner\"><p>The INSUCO Haiti team is delighted to welcome Guillaume Fouch\u00e8res&#8230;<\/p>\n<\/div><\/div>\t\t\t\n\t\t\t<\/article>\n\t\t\t\t\n\t\t\t<article id=\"post-39415\" class=\"et_pb_post clearfix et_pb_blog_item_0_59 post-39415 post type-post status-publish format-standard has-post-thumbnail hentry category-news-from-insuco tag-anciens-articles-avec-builder-en\">\n\n\t\t\t\t<div class=\"et_pb_image_container\"><a href=\"https:\/\/www.insuco.com\/en\/insuco-haiti-a-realise-une-mission-a-cite-soleil\/\" class=\"entry-featured-image-url\"><img loading=\"lazy\" decoding=\"async\" src=\"https:\/\/www.insuco.com\/wp-content\/uploads\/2022\/06\/wineco-1-400x250.jpg\" alt=\"NSUCO Haiti carried out a mission in Cit\u00e9 Soleil\" class=\"\" srcset=\"https:\/\/www.insuco.com\/wp-content\/uploads\/2022\/06\/wineco-1.jpg 479w, https:\/\/www.insuco.com\/wp-content\/uploads\/2022\/06\/wineco-1-400x250.jpg 480w \" sizes=\"(max-width:479px) 479px, 100vw \"  width=\"400\" height=\"250\" \/><\/a><\/div>\n\t\t\t\t\t\t\t\t\t\t\t\t\t\t<h2 class=\"entry-title\">\n\t\t\t\t\t\t\t\t\t\t\t\t\t<a href=\"https:\/\/www.insuco.com\/en\/insuco-haiti-a-realise-une-mission-a-cite-soleil\/\">NSUCO Haiti carried out a mission in Cit\u00e9 Soleil<\/a>\n\t\t\t\t\t\t\t\t\t\t\t<\/h2>\n\t\t\t\t\n\t\t\t\t\t<p class=\"post-meta\"><span class=\"published\">Jun 2022<\/span><\/p><div class=\"post-content\"><div class=\"post-content-inner\"><p>INSUCO Haiti carried out a mission in Cit\u00e9 Soleil as part of the gender&#8230;<\/p>\n<\/div><\/div>\t\t\t\n\t\t\t<\/article>\n\t\t\t\t\n\t\t\t<article id=\"post-39395\" class=\"et_pb_post clearfix et_pb_blog_item_0_60 post-39395 post type-post status-publish format-standard has-post-thumbnail hentry category-news-from-insuco tag-anciens-articles-avec-builder-en\">\n\n\t\t\t\t<div class=\"et_pb_image_container\"><a href=\"https:\/\/www.insuco.com\/en\/a-new-look-at-access-to-information-what-do-international-mineral-certifications-offer\/\" class=\"entry-featured-image-url\"><img loading=\"lazy\" decoding=\"async\" src=\"https:\/\/www.insuco.com\/wp-content\/uploads\/2022\/06\/MINSUS-400x250.jpg\" alt=\"&#8220;A new look at access to information: What do international mineral certifications offer? &#8220;\" class=\"\" srcset=\"https:\/\/www.insuco.com\/wp-content\/uploads\/2022\/06\/MINSUS.jpg 479w, https:\/\/www.insuco.com\/wp-content\/uploads\/2022\/06\/MINSUS-400x250.jpg 480w \" sizes=\"(max-width:479px) 479px, 100vw \"  width=\"400\" height=\"250\" \/><\/a><\/div>\n\t\t\t\t\t\t\t\t\t\t\t\t\t\t<h2 class=\"entry-title\">\n\t\t\t\t\t\t\t\t\t\t\t\t\t<a href=\"https:\/\/www.insuco.com\/en\/a-new-look-at-access-to-information-what-do-international-mineral-certifications-offer\/\">&#8220;A new look at access to information: What do international mineral certifications offer? &#8220;<\/a>\n\t\t\t\t\t\t\t\t\t\t\t<\/h2>\n\t\t\t\t\n\t\t\t\t\t<p class=\"post-meta\"><span class=\"published\">Jun 2022<\/span><\/p><div class=\"post-content\"><div class=\"post-content-inner\"><p>We continue adding to the objective of strengthening voluntary&#8230;<\/p>\n<\/div><\/div>\t\t\t\n\t\t\t<\/article>\n\t\t\t\t\n\t\t\t<article id=\"post-39364\" class=\"et_pb_post clearfix et_pb_blog_item_0_61 post-39364 post type-post status-publish format-standard has-post-thumbnail hentry category-news-from-insuco tag-anciens-articles-avec-builder-en\">\n\n\t\t\t\t<div class=\"et_pb_image_container\"><a href=\"https:\/\/www.insuco.com\/en\/the-second-season-is-here\/\" class=\"entry-featured-image-url\"><img loading=\"lazy\" decoding=\"async\" src=\"https:\/\/www.insuco.com\/wp-content\/uploads\/2022\/06\/temporada-2-ep-1-400x250.jpg\" alt=\"The second season is here!\" class=\"\" srcset=\"https:\/\/www.insuco.com\/wp-content\/uploads\/2022\/06\/temporada-2-ep-1.jpg 479w, https:\/\/www.insuco.com\/wp-content\/uploads\/2022\/06\/temporada-2-ep-1-400x250.jpg 480w \" sizes=\"(max-width:479px) 479px, 100vw \"  width=\"400\" height=\"250\" \/><\/a><\/div>\n\t\t\t\t\t\t\t\t\t\t\t\t\t\t<h2 class=\"entry-title\">\n\t\t\t\t\t\t\t\t\t\t\t\t\t<a href=\"https:\/\/www.insuco.com\/en\/the-second-season-is-here\/\">The second season is here!<\/a>\n\t\t\t\t\t\t\t\t\t\t\t<\/h2>\n\t\t\t\t\n\t\t\t\t\t<p class=\"post-meta\"><span class=\"published\">Jun 2022<\/span><\/p><div class=\"post-content\"><div class=\"post-content-inner\"><p>INSUCO, with the support of the Ford Foundation and in collaboration&#8230;<\/p>\n<\/div><\/div>\t\t\t\n\t\t\t<\/article>\n\t\t\t\t\n\t\t\t<article id=\"post-39336\" class=\"et_pb_post clearfix et_pb_blog_item_0_62 post-39336 post type-post status-publish format-standard has-post-thumbnail hentry category-news-from-insuco tag-anciens-articles-avec-builder-en\">\n\n\t\t\t\t<div class=\"et_pb_image_container\"><a href=\"https:\/\/www.insuco.com\/en\/maritime-spatial-planning\/\" class=\"entry-featured-image-url\"><img loading=\"lazy\" decoding=\"async\" src=\"https:\/\/www.insuco.com\/wp-content\/uploads\/2022\/06\/Carte_Menabe-400x250.png\" alt=\"Maritime Spatial Planning\" class=\"\" srcset=\"https:\/\/www.insuco.com\/wp-content\/uploads\/2022\/06\/Carte_Menabe.png 479w, https:\/\/www.insuco.com\/wp-content\/uploads\/2022\/06\/Carte_Menabe-400x250.png 480w \" sizes=\"(max-width:479px) 479px, 100vw \"  width=\"400\" height=\"250\" \/><\/a><\/div>\n\t\t\t\t\t\t\t\t\t\t\t\t\t\t<h2 class=\"entry-title\">\n\t\t\t\t\t\t\t\t\t\t\t\t\t<a href=\"https:\/\/www.insuco.com\/en\/maritime-spatial-planning\/\">Maritime Spatial Planning<\/a>\n\t\t\t\t\t\t\t\t\t\t\t<\/h2>\n\t\t\t\t\n\t\t\t\t\t<p class=\"post-meta\"><span class=\"published\">Jun 2022<\/span><\/p><div class=\"post-content\"><div class=\"post-content-inner\"><p>On more than 5000 km of coastline, Madagascar is now adopting&#8230;<\/p>\n<\/div><\/div>\t\t\t\n\t\t\t<\/article>\n\t\t\t\t\n\t\t\t<article id=\"post-38983\" class=\"et_pb_post clearfix et_pb_blog_item_0_63 post-38983 post type-post status-publish format-standard has-post-thumbnail hentry category-news-from-insuco tag-anciens-articles-avec-builder-en\">\n\n\t\t\t\t<div class=\"et_pb_image_container\"><a href=\"https:\/\/www.insuco.com\/en\/gender-equity\/\" class=\"entry-featured-image-url\"><img loading=\"lazy\" decoding=\"async\" src=\"https:\/\/www.insuco.com\/wp-content\/uploads\/2022\/06\/equite-genre-2-400x250.jpg\" alt=\"Gender equity\" class=\"\" srcset=\"https:\/\/www.insuco.com\/wp-content\/uploads\/2022\/06\/equite-genre-2.jpg 479w, https:\/\/www.insuco.com\/wp-content\/uploads\/2022\/06\/equite-genre-2-400x250.jpg 480w \" sizes=\"(max-width:479px) 479px, 100vw \"  width=\"400\" height=\"250\" \/><\/a><\/div>\n\t\t\t\t\t\t\t\t\t\t\t\t\t\t<h2 class=\"entry-title\">\n\t\t\t\t\t\t\t\t\t\t\t\t\t<a href=\"https:\/\/www.insuco.com\/en\/gender-equity\/\">Gender equity<\/a>\n\t\t\t\t\t\t\t\t\t\t\t<\/h2>\n\t\t\t\t\n\t\t\t\t\t<p class=\"post-meta\"><span class=\"published\">Jun 2022<\/span><\/p><div class=\"post-content\"><div class=\"post-content-inner\"><p>Gender equity must go beyond discourse: we rescue this phrase from&#8230;<\/p>\n<\/div><\/div>\t\t\t\n\t\t\t<\/article>\n\t\t\t\t\n\t\t\t<article id=\"post-38965\" class=\"et_pb_post clearfix et_pb_blog_item_0_64 post-38965 post type-post status-publish format-standard has-post-thumbnail hentry category-news-from-insuco tag-anciens-articles-avec-builder-en\">\n\n\t\t\t\t<div class=\"et_pb_image_container\"><a href=\"https:\/\/www.insuco.com\/en\/homage-to-orlando-jorge-mera\/\" class=\"entry-featured-image-url\"><img loading=\"lazy\" decoding=\"async\" src=\"https:\/\/www.insuco.com\/wp-content\/uploads\/2022\/06\/Condoleance-192x250.jpg\" alt=\"Homage to Orlando Jorge Mera\" class=\"\" srcset=\"https:\/\/www.insuco.com\/wp-content\/uploads\/2022\/06\/Condoleance.jpg 479w, https:\/\/www.insuco.com\/wp-content\/uploads\/2022\/06\/Condoleance-192x250.jpg 480w \" sizes=\"(max-width:479px) 479px, 100vw \"  width=\"400\" height=\"250\" \/><\/a><\/div>\n\t\t\t\t\t\t\t\t\t\t\t\t\t\t<h2 class=\"entry-title\">\n\t\t\t\t\t\t\t\t\t\t\t\t\t<a href=\"https:\/\/www.insuco.com\/en\/homage-to-orlando-jorge-mera\/\">Homage to Orlando Jorge Mera<\/a>\n\t\t\t\t\t\t\t\t\t\t\t<\/h2>\n\t\t\t\t\n\t\t\t\t\t<p class=\"post-meta\"><span class=\"published\">Jun 2022<\/span><\/p><div class=\"post-content\"><div class=\"post-content-inner\"><p>On behalf of the entire INSUCO family, we mourn the tragic death of&#8230;<\/p>\n<\/div><\/div>\t\t\t\n\t\t\t<\/article>\n\t\t\t\t\n\t\t\t<article id=\"post-38946\" class=\"et_pb_post clearfix et_pb_blog_item_0_65 post-38946 post type-post status-publish format-standard has-post-thumbnail hentry category-news-from-insuco tag-anciens-articles-avec-builder-en\">\n\n\t\t\t\t<div class=\"et_pb_image_container\"><a href=\"https:\/\/www.insuco.com\/en\/technical-collaboration-between-insuco-and-the-technical-secretariat-of-the-extractive-industries-transparency-initiative-eiti-ecuador-for-the-preparation-of-the-first-country-report\/\" class=\"entry-featured-image-url\"><img loading=\"lazy\" decoding=\"async\" src=\"https:\/\/www.insuco.com\/wp-content\/uploads\/2022\/06\/EITI-400x250.png\" alt=\"Technical collaboration between INSUCO and the Technical Secretariat of the Extractive Industries Transparency Initiative (EITI) Ecuador for the preparation of the first country report\" class=\"\" srcset=\"https:\/\/www.insuco.com\/wp-content\/uploads\/2022\/06\/EITI.png 479w, https:\/\/www.insuco.com\/wp-content\/uploads\/2022\/06\/EITI-400x250.png 480w \" sizes=\"(max-width:479px) 479px, 100vw \"  width=\"400\" height=\"250\" \/><\/a><\/div>\n\t\t\t\t\t\t\t\t\t\t\t\t\t\t<h2 class=\"entry-title\">\n\t\t\t\t\t\t\t\t\t\t\t\t\t<a href=\"https:\/\/www.insuco.com\/en\/technical-collaboration-between-insuco-and-the-technical-secretariat-of-the-extractive-industries-transparency-initiative-eiti-ecuador-for-the-preparation-of-the-first-country-report\/\">Technical collaboration between INSUCO and the Technical Secretariat of the Extractive Industries Transparency Initiative (EITI) Ecuador for the preparation of the first country report<\/a>\n\t\t\t\t\t\t\t\t\t\t\t<\/h2>\n\t\t\t\t\n\t\t\t\t\t<p class=\"post-meta\"><span class=\"published\">Jun 2022<\/span><\/p><div class=\"post-content\"><div class=\"post-content-inner\"><p>In the framework of the Extractive Industries Transparency Initiative, the&#8230;<\/p>\n<\/div><\/div>\t\t\t\n\t\t\t<\/article>\n\t\t\t\t\n\t\t\t<article id=\"post-38928\" class=\"et_pb_post clearfix et_pb_blog_item_0_66 post-38928 post type-post status-publish format-standard has-post-thumbnail hentry category-news-from-insuco tag-anciens-articles-avec-builder-en\">\n\n\t\t\t\t<div class=\"et_pb_image_container\"><a href=\"https:\/\/www.insuco.com\/en\/workshops-for-supias-women\/\" class=\"entry-featured-image-url\"><img loading=\"lazy\" decoding=\"async\" src=\"https:\/\/www.insuco.com\/wp-content\/uploads\/2022\/06\/BID-Genero-400x250.jpg\" alt=\"Workshops for Supia\u2019s women\" class=\"\" srcset=\"https:\/\/www.insuco.com\/wp-content\/uploads\/2022\/06\/BID-Genero.jpg 479w, https:\/\/www.insuco.com\/wp-content\/uploads\/2022\/06\/BID-Genero-400x250.jpg 480w \" sizes=\"(max-width:479px) 479px, 100vw \"  width=\"400\" height=\"250\" \/><\/a><\/div>\n\t\t\t\t\t\t\t\t\t\t\t\t\t\t<h2 class=\"entry-title\">\n\t\t\t\t\t\t\t\t\t\t\t\t\t<a href=\"https:\/\/www.insuco.com\/en\/workshops-for-supias-women\/\">Workshops for Supia\u2019s women<\/a>\n\t\t\t\t\t\t\t\t\t\t\t<\/h2>\n\t\t\t\t\n\t\t\t\t\t<p class=\"post-meta\"><span class=\"published\">Jun 2022<\/span><\/p><div class=\"post-content\"><div class=\"post-content-inner\"><p>The cycle of economic empowerment workshops carried out with women&#8230;<\/p>\n<\/div><\/div>\t\t\t\n\t\t\t<\/article>\n\t\t\t\t\n\t\t\t<article id=\"post-38909\" class=\"et_pb_post clearfix et_pb_blog_item_0_67 post-38909 post type-post status-publish format-standard has-post-thumbnail hentry category-news-from-insuco tag-anciens-articles-avec-builder-en\">\n\n\t\t\t\t<div class=\"et_pb_image_container\"><a href=\"https:\/\/www.insuco.com\/en\/cooperation-agreement-with-the-national-school-of-architecture-in-rabat\/\" class=\"entry-featured-image-url\"><img loading=\"lazy\" decoding=\"async\" src=\"https:\/\/www.insuco.com\/wp-content\/uploads\/2022\/06\/peter-rabat-400x250.jpg\" alt=\"Cooperation agreement with the National School of Architecture in Rabat\" class=\"\" srcset=\"https:\/\/www.insuco.com\/wp-content\/uploads\/2022\/06\/peter-rabat.jpg 479w, https:\/\/www.insuco.com\/wp-content\/uploads\/2022\/06\/peter-rabat-400x250.jpg 480w \" sizes=\"(max-width:479px) 479px, 100vw \"  width=\"400\" height=\"250\" \/><\/a><\/div>\n\t\t\t\t\t\t\t\t\t\t\t\t\t\t<h2 class=\"entry-title\">\n\t\t\t\t\t\t\t\t\t\t\t\t\t<a href=\"https:\/\/www.insuco.com\/en\/cooperation-agreement-with-the-national-school-of-architecture-in-rabat\/\">Cooperation agreement with the National School of Architecture in Rabat<\/a>\n\t\t\t\t\t\t\t\t\t\t\t<\/h2>\n\t\t\t\t\n\t\t\t\t\t<p class=\"post-meta\"><span class=\"published\">Jun 2022<\/span><\/p><div class=\"post-content\"><div class=\"post-content-inner\"><p>On May 31, INSUCO and the National School of Architecture in Rabat&#8230;<\/p>\n<\/div><\/div>\t\t\t\n\t\t\t<\/article>\n\t\t\t\t\n\t\t\t<article id=\"post-38885\" class=\"et_pb_post clearfix et_pb_blog_item_0_68 post-38885 post type-post status-publish format-standard has-post-thumbnail hentry category-news-from-insuco tag-anciens-articles-avec-builder-en\">\n\n\t\t\t\t<div class=\"et_pb_image_container\"><a href=\"https:\/\/www.insuco.com\/en\/insuco-begins-its-activities-from-canada\/\" class=\"entry-featured-image-url\"><img loading=\"lazy\" decoding=\"async\" src=\"https:\/\/www.insuco.com\/wp-content\/uploads\/2022\/06\/Diana-04-400x250.png\" alt=\"INSUCO begins its activities from Canada\" class=\"\" srcset=\"https:\/\/www.insuco.com\/wp-content\/uploads\/2022\/06\/Diana-04.png 479w, https:\/\/www.insuco.com\/wp-content\/uploads\/2022\/06\/Diana-04-400x250.png 480w \" sizes=\"(max-width:479px) 479px, 100vw \"  width=\"400\" height=\"250\" \/><\/a><\/div>\n\t\t\t\t\t\t\t\t\t\t\t\t\t\t<h2 class=\"entry-title\">\n\t\t\t\t\t\t\t\t\t\t\t\t\t<a href=\"https:\/\/www.insuco.com\/en\/insuco-begins-its-activities-from-canada\/\">INSUCO begins its activities from Canada<\/a>\n\t\t\t\t\t\t\t\t\t\t\t<\/h2>\n\t\t\t\t\n\t\t\t\t\t<p class=\"post-meta\"><span class=\"published\">May 2022<\/span><\/p><div class=\"post-content\"><div class=\"post-content-inner\"><p>INSUCO begins its activities from Canada with the arrival of Diana M\u00e9ndez del Aguila&#8230;<\/p>\n<\/div><\/div>\t\t\t\n\t\t\t<\/article>\n\t\t\t\t\n\t\t\t<article id=\"post-38865\" class=\"et_pb_post clearfix et_pb_blog_item_0_69 post-38865 post type-post status-publish format-standard has-post-thumbnail hentry category-news-from-insuco tag-anciens-articles-avec-builder-en\">\n\n\t\t\t\t<div class=\"et_pb_image_container\"><a href=\"https:\/\/www.insuco.com\/en\/environmental-and-social-impact-assessment-djibouti\/\" class=\"entry-featured-image-url\"><img loading=\"lazy\" decoding=\"async\" src=\"https:\/\/www.insuco.com\/wp-content\/uploads\/2022\/06\/Dji-1-400x250.jpg\" alt=\"Environmental and Social Impact Assessment Djibouti\" class=\"\" srcset=\"https:\/\/www.insuco.com\/wp-content\/uploads\/2022\/06\/Dji-1.jpg 479w, https:\/\/www.insuco.com\/wp-content\/uploads\/2022\/06\/Dji-1-400x250.jpg 480w \" sizes=\"(max-width:479px) 479px, 100vw \"  width=\"400\" height=\"250\" \/><\/a><\/div>\n\t\t\t\t\t\t\t\t\t\t\t\t\t\t<h2 class=\"entry-title\">\n\t\t\t\t\t\t\t\t\t\t\t\t\t<a href=\"https:\/\/www.insuco.com\/en\/environmental-and-social-impact-assessment-djibouti\/\">Environmental and Social Impact Assessment Djibouti<\/a>\n\t\t\t\t\t\t\t\t\t\t\t<\/h2>\n\t\t\t\t\n\t\t\t\t\t<p class=\"post-meta\"><span class=\"published\">May 2022<\/span><\/p><div class=\"post-content\"><div class=\"post-content-inner\"><p>The INSUCO Djibouti team conducted the update of the Environmental and&#8230;<\/p>\n<\/div><\/div>\t\t\t\n\t\t\t<\/article>\n\t\t\t\t\n\t\t\t<article id=\"post-38831\" class=\"et_pb_post clearfix et_pb_blog_item_0_70 post-38831 post type-post status-publish format-standard has-post-thumbnail hentry category-news-from-insuco tag-anciens-articles-avec-builder-en\">\n\n\t\t\t\t<div class=\"et_pb_image_container\"><a href=\"https:\/\/www.insuco.com\/en\/insuco-is-growing\/\" class=\"entry-featured-image-url\"><img loading=\"lazy\" decoding=\"async\" src=\"https:\/\/www.insuco.com\/wp-content\/uploads\/2022\/06\/Modele-presentation-nouvelle-recrue-04-400x250.png\" alt=\"Insuco is growing!\" class=\"\" srcset=\"https:\/\/www.insuco.com\/wp-content\/uploads\/2022\/06\/Modele-presentation-nouvelle-recrue-04.png 479w, https:\/\/www.insuco.com\/wp-content\/uploads\/2022\/06\/Modele-presentation-nouvelle-recrue-04-400x250.png 480w \" sizes=\"(max-width:479px) 479px, 100vw \"  width=\"400\" height=\"250\" \/><\/a><\/div>\n\t\t\t\t\t\t\t\t\t\t\t\t\t\t<h2 class=\"entry-title\">\n\t\t\t\t\t\t\t\t\t\t\t\t\t<a href=\"https:\/\/www.insuco.com\/en\/insuco-is-growing\/\">Insuco is growing!<\/a>\n\t\t\t\t\t\t\t\t\t\t\t<\/h2>\n\t\t\t\t\n\t\t\t\t\t<p class=\"post-meta\"><span class=\"published\">May 2022<\/span><\/p><div class=\"post-content\"><div class=\"post-content-inner\"><p>We would like to welcome Luc\u00eda \u00c1vila as our new Country Director at&#8230;<\/p>\n<\/div><\/div>\t\t\t\n\t\t\t<\/article>\n\t\t\t\t\n\t\t\t<article id=\"post-38848\" class=\"et_pb_post clearfix et_pb_blog_item_0_71 post-38848 post type-post status-publish format-standard has-post-thumbnail hentry category-news-from-insuco tag-anciens-articles-avec-builder-en\">\n\n\t\t\t\t<div class=\"et_pb_image_container\"><a href=\"https:\/\/www.insuco.com\/en\/human-rights-assessment-and-accompaniment-to-close-the-gaps-insuco-dp-world\/\" class=\"entry-featured-image-url\"><img loading=\"lazy\" decoding=\"async\" src=\"https:\/\/www.insuco.com\/wp-content\/uploads\/2022\/06\/Reunion-de-lanzamiento_DP-World-INSUCO-400x250.jpeg\" alt=\"Human rights assessment and accompaniment to close the gaps INSUCO &#8211; DP WORLD\" class=\"\" srcset=\"https:\/\/www.insuco.com\/wp-content\/uploads\/2022\/06\/Reunion-de-lanzamiento_DP-World-INSUCO.jpeg 479w, https:\/\/www.insuco.com\/wp-content\/uploads\/2022\/06\/Reunion-de-lanzamiento_DP-World-INSUCO-400x250.jpeg 480w \" sizes=\"(max-width:479px) 479px, 100vw \"  width=\"400\" height=\"250\" \/><\/a><\/div>\n\t\t\t\t\t\t\t\t\t\t\t\t\t\t<h2 class=\"entry-title\">\n\t\t\t\t\t\t\t\t\t\t\t\t\t<a href=\"https:\/\/www.insuco.com\/en\/human-rights-assessment-and-accompaniment-to-close-the-gaps-insuco-dp-world\/\">Human rights assessment and accompaniment to close the gaps INSUCO &#8211; DP WORLD<\/a>\n\t\t\t\t\t\t\t\t\t\t\t<\/h2>\n\t\t\t\t\n\t\t\t\t\t<p class=\"post-meta\"><span class=\"published\">May 2022<\/span><\/p><div class=\"post-content\"><div class=\"post-content-inner\"><p>Having concluded the Human Rights Audit for DP World in 2021, which&#8230;<\/p>\n<\/div><\/div>\t\t\t\n\t\t\t<\/article>\n\t\t\t\t\n\t\t\t<article id=\"post-38533\" class=\"et_pb_post clearfix et_pb_blog_item_0_72 post-38533 post type-post status-publish format-standard has-post-thumbnail hentry category-news-from-insuco tag-anciens-articles-avec-builder-en\">\n\n\t\t\t\t<div class=\"et_pb_image_container\"><a href=\"https:\/\/www.insuco.com\/en\/participatory-consultation-in-haiti\/\" class=\"entry-featured-image-url\"><img loading=\"lazy\" decoding=\"async\" src=\"https:\/\/www.insuco.com\/wp-content\/uploads\/2022\/05\/HAITI-400x250.jpg\" alt=\"Participatory consultation in Haiti\" class=\"\" srcset=\"https:\/\/www.insuco.com\/wp-content\/uploads\/2022\/05\/HAITI.jpg 479w, https:\/\/www.insuco.com\/wp-content\/uploads\/2022\/05\/HAITI-400x250.jpg 480w \" sizes=\"(max-width:479px) 479px, 100vw \"  width=\"400\" height=\"250\" \/><\/a><\/div>\n\t\t\t\t\t\t\t\t\t\t\t\t\t\t<h2 class=\"entry-title\">\n\t\t\t\t\t\t\t\t\t\t\t\t\t<a href=\"https:\/\/www.insuco.com\/en\/participatory-consultation-in-haiti\/\">Participatory consultation in Haiti<\/a>\n\t\t\t\t\t\t\t\t\t\t\t<\/h2>\n\t\t\t\t\n\t\t\t\t\t<p class=\"post-meta\"><span class=\"published\">May 2022<\/span><\/p><div class=\"post-content\"><div class=\"post-content-inner\"><p>Insuco Haiti is leading the participatory consultation activities for the project&#8230;<\/p>\n<\/div><\/div>\t\t\t\n\t\t\t<\/article>\n\t\t\t\t\n\t\t\t<article id=\"post-38561\" class=\"et_pb_post clearfix et_pb_blog_item_0_73 post-38561 post type-post status-publish format-standard has-post-thumbnail hentry category-news-from-insuco tag-anciens-articles-avec-builder-en\">\n\n\t\t\t\t<div class=\"et_pb_image_container\"><a href=\"https:\/\/www.insuco.com\/en\/podcast-enlace-territorial-episode-2\/\" class=\"entry-featured-image-url\"><img loading=\"lazy\" decoding=\"async\" src=\"https:\/\/www.insuco.com\/wp-content\/uploads\/2022\/05\/ep-2-400x250.jpg\" alt=\"Podcast Enlace Territorial : Episode 2\" class=\"\" srcset=\"https:\/\/www.insuco.com\/wp-content\/uploads\/2022\/05\/ep-2.jpg 479w, https:\/\/www.insuco.com\/wp-content\/uploads\/2022\/05\/ep-2-400x250.jpg 480w \" sizes=\"(max-width:479px) 479px, 100vw \"  width=\"400\" height=\"250\" \/><\/a><\/div>\n\t\t\t\t\t\t\t\t\t\t\t\t\t\t<h2 class=\"entry-title\">\n\t\t\t\t\t\t\t\t\t\t\t\t\t<a href=\"https:\/\/www.insuco.com\/en\/podcast-enlace-territorial-episode-2\/\">Podcast Enlace Territorial : Episode 2<\/a>\n\t\t\t\t\t\t\t\t\t\t\t<\/h2>\n\t\t\t\t\n\t\t\t\t\t<p class=\"post-meta\"><span class=\"published\">May 2022<\/span><\/p><div class=\"post-content\"><div class=\"post-content-inner\"><p>At INSUCO, with the support of the Ford Foundation and in collaboration&#8230;<\/p>\n<\/div><\/div>\t\t\t\n\t\t\t<\/article>\n\t\t\t\t\n\t\t\t<article id=\"post-38517\" class=\"et_pb_post clearfix et_pb_blog_item_0_74 post-38517 post type-post status-publish format-standard has-post-thumbnail hentry category-news-from-insuco tag-anciens-articles-avec-builder-en\">\n\n\t\t\t\t<div class=\"et_pb_image_container\"><a href=\"https:\/\/www.insuco.com\/en\/acp-sustainability-congress\/\" class=\"entry-featured-image-url\"><img loading=\"lazy\" decoding=\"async\" src=\"https:\/\/www.insuco.com\/wp-content\/uploads\/2022\/05\/julie-acp-400x250.jpg\" alt=\"ACP Sustainability Congress\" class=\"\" srcset=\"https:\/\/www.insuco.com\/wp-content\/uploads\/2022\/05\/julie-acp.jpg 479w, https:\/\/www.insuco.com\/wp-content\/uploads\/2022\/05\/julie-acp-400x250.jpg 480w \" sizes=\"(max-width:479px) 479px, 100vw \"  width=\"400\" height=\"250\" \/><\/a><\/div>\n\t\t\t\t\t\t\t\t\t\t\t\t\t\t<h2 class=\"entry-title\">\n\t\t\t\t\t\t\t\t\t\t\t\t\t<a href=\"https:\/\/www.insuco.com\/en\/acp-sustainability-congress\/\">ACP Sustainability Congress<\/a>\n\t\t\t\t\t\t\t\t\t\t\t<\/h2>\n\t\t\t\t\n\t\t\t\t\t<p class=\"post-meta\"><span class=\"published\">May 2022<\/span><\/p><div class=\"post-content\"><div class=\"post-content-inner\"><p>Julie Hern\u00e1ndez, country director of INSUCO Colombia, participated&#8230;<\/p>\n<\/div><\/div>\t\t\t\n\t\t\t<\/article>\n\t\t\t\t\n\t\t\t<article id=\"post-38501\" class=\"et_pb_post clearfix et_pb_blog_item_0_75 post-38501 post type-post status-publish format-standard has-post-thumbnail hentry category-news-from-insuco tag-anciens-articles-avec-builder-en\">\n\n\t\t\t\t<div class=\"et_pb_image_container\"><a href=\"https:\/\/www.insuco.com\/en\/workshops-on-gender-equity-in-supia\/\" class=\"entry-featured-image-url\"><img loading=\"lazy\" decoding=\"async\" src=\"https:\/\/www.insuco.com\/wp-content\/uploads\/2022\/05\/collective-400x250.png\" alt=\"Workshops on gender equity in Sup\u00eda\" class=\"\" srcset=\"https:\/\/www.insuco.com\/wp-content\/uploads\/2022\/05\/collective.png 479w, https:\/\/www.insuco.com\/wp-content\/uploads\/2022\/05\/collective-400x250.png 480w \" sizes=\"(max-width:479px) 479px, 100vw \"  width=\"400\" height=\"250\" \/><\/a><\/div>\n\t\t\t\t\t\t\t\t\t\t\t\t\t\t<h2 class=\"entry-title\">\n\t\t\t\t\t\t\t\t\t\t\t\t\t<a href=\"https:\/\/www.insuco.com\/en\/workshops-on-gender-equity-in-supia\/\">Workshops on gender equity in Sup\u00eda<\/a>\n\t\t\t\t\t\t\t\t\t\t\t<\/h2>\n\t\t\t\t\n\t\t\t\t\t<p class=\"post-meta\"><span class=\"published\">May 2022<\/span><\/p><div class=\"post-content\"><div class=\"post-content-inner\"><p>Women leaders in mining and energy territories are generators of&#8230;<\/p>\n<\/div><\/div>\t\t\t\n\t\t\t<\/article>\n\t\t\t\t\n\t\t\t<article id=\"post-38483\" class=\"et_pb_post clearfix et_pb_blog_item_0_76 post-38483 post type-post status-publish format-standard has-post-thumbnail hentry category-news-from-insuco tag-anciens-articles-avec-builder-en\">\n\n\t\t\t\t<div class=\"et_pb_image_container\"><a href=\"https:\/\/www.insuco.com\/en\/kala-tanta-project\/\" class=\"entry-featured-image-url\"><img loading=\"lazy\" decoding=\"async\" src=\"https:\/\/www.insuco.com\/wp-content\/uploads\/2022\/05\/VISITA-PANADERIa-400x250.png\" alt=\"Kala Tanta Project\" class=\"\" srcset=\"https:\/\/www.insuco.com\/wp-content\/uploads\/2022\/05\/VISITA-PANADERIa.png 479w, https:\/\/www.insuco.com\/wp-content\/uploads\/2022\/05\/VISITA-PANADERIa-400x250.png 480w \" sizes=\"(max-width:479px) 479px, 100vw \"  width=\"400\" height=\"250\" \/><\/a><\/div>\n\t\t\t\t\t\t\t\t\t\t\t\t\t\t<h2 class=\"entry-title\">\n\t\t\t\t\t\t\t\t\t\t\t\t\t<a href=\"https:\/\/www.insuco.com\/en\/kala-tanta-project\/\">Kala Tanta Project<\/a>\n\t\t\t\t\t\t\t\t\t\t\t<\/h2>\n\t\t\t\t\n\t\t\t\t\t<p class=\"post-meta\"><span class=\"published\">May 2022<\/span><\/p><div class=\"post-content\"><div class=\"post-content-inner\"><p>As part of the commitment to accompany processes of strengthening&#8230;<\/p>\n<\/div><\/div>\t\t\t\n\t\t\t<\/article>\n\t\t\t\t\n\t\t\t<article id=\"post-38467\" class=\"et_pb_post clearfix et_pb_blog_item_0_77 post-38467 post type-post status-publish format-standard has-post-thumbnail hentry category-news-from-insuco tag-anciens-articles-avec-builder-en\">\n\n\t\t\t\t<div class=\"et_pb_image_container\"><a href=\"https:\/\/www.insuco.com\/en\/insuco-in-morocco\/\" class=\"entry-featured-image-url\"><img loading=\"lazy\" decoding=\"async\" src=\"https:\/\/www.insuco.com\/wp-content\/uploads\/2022\/05\/Maroc-400x250.jpeg\" alt=\"INSUCO in Morocco\" class=\"\" srcset=\"https:\/\/www.insuco.com\/wp-content\/uploads\/2022\/05\/Maroc.jpeg 479w, https:\/\/www.insuco.com\/wp-content\/uploads\/2022\/05\/Maroc-400x250.jpeg 480w \" sizes=\"(max-width:479px) 479px, 100vw \"  width=\"400\" height=\"250\" \/><\/a><\/div>\n\t\t\t\t\t\t\t\t\t\t\t\t\t\t<h2 class=\"entry-title\">\n\t\t\t\t\t\t\t\t\t\t\t\t\t<a href=\"https:\/\/www.insuco.com\/en\/insuco-in-morocco\/\">INSUCO in Morocco<\/a>\n\t\t\t\t\t\t\t\t\t\t\t<\/h2>\n\t\t\t\t\n\t\t\t\t\t<p class=\"post-meta\"><span class=\"published\">May 2022<\/span><\/p><div class=\"post-content\"><div class=\"post-content-inner\"><p>In the perspective of developing INSUCO&#8217;s services in Morocco and&#8230;<\/p>\n<\/div><\/div>\t\t\t\n\t\t\t<\/article>\n\t\t\t\t\n\t\t\t<article id=\"post-38438\" class=\"et_pb_post clearfix et_pb_blog_item_0_78 post-38438 post type-post status-publish format-standard has-post-thumbnail hentry category-news-from-insuco tag-anciens-articles-avec-builder-en\">\n\n\t\t\t\t<div class=\"et_pb_image_container\"><a href=\"https:\/\/www.insuco.com\/en\/insuco-colombia-visits-the-department-of-cesar\/\" class=\"entry-featured-image-url\"><img loading=\"lazy\" decoding=\"async\" src=\"https:\/\/www.insuco.com\/wp-content\/uploads\/2022\/05\/cesar-400x250.jpg\" alt=\"Insuco Colombia visits the department of Cesar\" class=\"\" srcset=\"https:\/\/www.insuco.com\/wp-content\/uploads\/2022\/05\/cesar.jpg 479w, https:\/\/www.insuco.com\/wp-content\/uploads\/2022\/05\/cesar-400x250.jpg 480w \" sizes=\"(max-width:479px) 479px, 100vw \"  width=\"400\" height=\"250\" \/><\/a><\/div>\n\t\t\t\t\t\t\t\t\t\t\t\t\t\t<h2 class=\"entry-title\">\n\t\t\t\t\t\t\t\t\t\t\t\t\t<a href=\"https:\/\/www.insuco.com\/en\/insuco-colombia-visits-the-department-of-cesar\/\">Insuco Colombia visits the department of Cesar<\/a>\n\t\t\t\t\t\t\t\t\t\t\t<\/h2>\n\t\t\t\t\n\t\t\t\t\t<p class=\"post-meta\"><span class=\"published\">May 2022<\/span><\/p><div class=\"post-content\"><div class=\"post-content-inner\"><p>Julie Hern\u00e1ndez, Country Director at INSUCO Colombia, Guillen Calvo&#8230;<\/p>\n<\/div><\/div>\t\t\t\n\t\t\t<\/article>\n\t\t\t\t\n\t\t\t<article id=\"post-38409\" class=\"et_pb_post clearfix et_pb_blog_item_0_79 post-38409 post type-post status-publish format-standard has-post-thumbnail hentry category-news-from-insuco tag-anciens-articles-avec-builder-en\">\n\n\t\t\t\t<div class=\"et_pb_image_container\"><a href=\"https:\/\/www.insuco.com\/en\/podcast-enlace-territorial-episode-3\/\" class=\"entry-featured-image-url\"><img loading=\"lazy\" decoding=\"async\" src=\"https:\/\/www.insuco.com\/wp-content\/uploads\/2022\/05\/ep-400x250.jpg\" alt=\"Podcast Enlace Territorial : Episode 3\" class=\"\" srcset=\"https:\/\/www.insuco.com\/wp-content\/uploads\/2022\/05\/ep.jpg 479w, https:\/\/www.insuco.com\/wp-content\/uploads\/2022\/05\/ep-400x250.jpg 480w \" sizes=\"(max-width:479px) 479px, 100vw \"  width=\"400\" height=\"250\" \/><\/a><\/div>\n\t\t\t\t\t\t\t\t\t\t\t\t\t\t<h2 class=\"entry-title\">\n\t\t\t\t\t\t\t\t\t\t\t\t\t<a href=\"https:\/\/www.insuco.com\/en\/podcast-enlace-territorial-episode-3\/\">Podcast Enlace Territorial : Episode 3<\/a>\n\t\t\t\t\t\t\t\t\t\t\t<\/h2>\n\t\t\t\t\n\t\t\t\t\t<p class=\"post-meta\"><span class=\"published\">Apr 2022<\/span><\/p><div class=\"post-content\"><div class=\"post-content-inner\"><p>At INSUCO, with the support of the Ford Foundation and in collaboration with&#8230;<\/p>\n<\/div><\/div>\t\t\t\n\t\t\t<\/article>\n\t\t\t\t\n\t\t\t<article id=\"post-38381\" class=\"et_pb_post clearfix et_pb_blog_item_0_80 post-38381 post type-post status-publish format-standard has-post-thumbnail hentry category-news-from-insuco tag-anciens-articles-avec-builder-en\">\n\n\t\t\t\t<div class=\"et_pb_image_container\"><a href=\"https:\/\/www.insuco.com\/en\/podcast-enlace-territorial-episode-4-2\/\" class=\"entry-featured-image-url\"><img loading=\"lazy\" decoding=\"async\" src=\"https:\/\/www.insuco.com\/wp-content\/uploads\/2022\/05\/ep-4-2-400x250.jpg\" alt=\"Podcast Enlace Territorial : Episode 4\" class=\"\" srcset=\"https:\/\/www.insuco.com\/wp-content\/uploads\/2022\/05\/ep-4-2.jpg 479w, https:\/\/www.insuco.com\/wp-content\/uploads\/2022\/05\/ep-4-2-400x250.jpg 480w \" sizes=\"(max-width:479px) 479px, 100vw \"  width=\"400\" height=\"250\" \/><\/a><\/div>\n\t\t\t\t\t\t\t\t\t\t\t\t\t\t<h2 class=\"entry-title\">\n\t\t\t\t\t\t\t\t\t\t\t\t\t<a href=\"https:\/\/www.insuco.com\/en\/podcast-enlace-territorial-episode-4-2\/\">Podcast Enlace Territorial : Episode 4<\/a>\n\t\t\t\t\t\t\t\t\t\t\t<\/h2>\n\t\t\t\t\n\t\t\t\t\t<p class=\"post-meta\"><span class=\"published\">Apr 2022<\/span><\/p><div class=\"post-content\"><div class=\"post-content-inner\"><p>At INSUCO, with the support of the Ford Foundation and in collaboration with&#8230;<\/p>\n<\/div><\/div>\t\t\t\n\t\t\t<\/article>\n\t\t\t\t\n\t\t\t<article id=\"post-38195\" class=\"et_pb_post clearfix et_pb_blog_item_0_81 post-38195 post type-post status-publish format-standard has-post-thumbnail hentry category-news-from-insuco tag-anciens-articles-avec-builder-en\">\n\n\t\t\t\t<div class=\"et_pb_image_container\"><a href=\"https:\/\/www.insuco.com\/en\/article-memento-insuco-madagascar\/\" class=\"entry-featured-image-url\"><img loading=\"lazy\" decoding=\"async\" src=\"https:\/\/www.insuco.com\/wp-content\/uploads\/2022\/04\/Memento-514-87_page-0001-400x250.jpg\" alt=\"Article M\u00e9mento INSUCO\u00a0Madagascar\" class=\"\" srcset=\"https:\/\/www.insuco.com\/wp-content\/uploads\/2022\/04\/Memento-514-87_page-0001.jpg 479w, https:\/\/www.insuco.com\/wp-content\/uploads\/2022\/04\/Memento-514-87_page-0001-400x250.jpg 480w \" sizes=\"(max-width:479px) 479px, 100vw \"  width=\"400\" height=\"250\" \/><\/a><\/div>\n\t\t\t\t\t\t\t\t\t\t\t\t\t\t<h2 class=\"entry-title\">\n\t\t\t\t\t\t\t\t\t\t\t\t\t<a href=\"https:\/\/www.insuco.com\/en\/article-memento-insuco-madagascar\/\">Article M\u00e9mento INSUCO\u00a0Madagascar<\/a>\n\t\t\t\t\t\t\t\t\t\t\t<\/h2>\n\t\t\t\t\n\t\t\t\t\t<p class=\"post-meta\"><span class=\"published\">Apr 2022<\/span><\/p><div class=\"post-content\"><div class=\"post-content-inner\"><p>M\u00e9mento Magazine invited INSUCO Madagascar to present its vision&#8230;<\/p>\n<\/div><\/div>\t\t\t\n\t\t\t<\/article>\n\t\t\t\t\n\t\t\t<article id=\"post-38165\" class=\"et_pb_post clearfix et_pb_blog_item_0_82 post-38165 post type-post status-publish format-standard has-post-thumbnail hentry category-news-from-insuco tag-anciens-articles-avec-builder-en\">\n\n\t\t\t\t<div class=\"et_pb_image_container\"><a href=\"https:\/\/www.insuco.com\/en\/podcast-enlace-territorial-episode-4\/\" class=\"entry-featured-image-url\"><img loading=\"lazy\" decoding=\"async\" src=\"https:\/\/www.insuco.com\/wp-content\/uploads\/2022\/04\/ep-4-2-400x250.jpg\" alt=\"Podcast Enlace Territorial : Episode 4\" class=\"\" srcset=\"https:\/\/www.insuco.com\/wp-content\/uploads\/2022\/04\/ep-4-2.jpg 479w, https:\/\/www.insuco.com\/wp-content\/uploads\/2022\/04\/ep-4-2-400x250.jpg 480w \" sizes=\"(max-width:479px) 479px, 100vw \"  width=\"400\" height=\"250\" \/><\/a><\/div>\n\t\t\t\t\t\t\t\t\t\t\t\t\t\t<h2 class=\"entry-title\">\n\t\t\t\t\t\t\t\t\t\t\t\t\t<a href=\"https:\/\/www.insuco.com\/en\/podcast-enlace-territorial-episode-4\/\">Podcast Enlace Territorial : Episode 4<\/a>\n\t\t\t\t\t\t\t\t\t\t\t<\/h2>\n\t\t\t\t\n\t\t\t\t\t<p class=\"post-meta\"><span class=\"published\">Apr 2022<\/span><\/p><div class=\"post-content\"><div class=\"post-content-inner\"><p>At INSUCO, with the support of the Ford Foundation and in collaboration&#8230;<\/p>\n<\/div><\/div>\t\t\t\n\t\t\t<\/article>\n\t\t\t\t\n\t\t\t<article id=\"post-37752\" class=\"et_pb_post clearfix et_pb_blog_item_0_83 post-37752 post type-post status-publish format-standard has-post-thumbnail hentry category-news-from-insuco tag-anciens-articles-avec-builder-en\">\n\n\t\t\t\t<div class=\"et_pb_image_container\"><a href=\"https:\/\/www.insuco.com\/en\/enlace-territorial-podcast-episode-5\/\" class=\"entry-featured-image-url\"><img loading=\"lazy\" decoding=\"async\" src=\"https:\/\/www.insuco.com\/wp-content\/uploads\/2022\/04\/ep5-400x250.jpg\" alt=\"Enlace Territorial Podcast: Episode 5\" class=\"\" srcset=\"https:\/\/www.insuco.com\/wp-content\/uploads\/2022\/04\/ep5.jpg 479w, https:\/\/www.insuco.com\/wp-content\/uploads\/2022\/04\/ep5-400x250.jpg 480w \" sizes=\"(max-width:479px) 479px, 100vw \"  width=\"400\" height=\"250\" \/><\/a><\/div>\n\t\t\t\t\t\t\t\t\t\t\t\t\t\t<h2 class=\"entry-title\">\n\t\t\t\t\t\t\t\t\t\t\t\t\t<a href=\"https:\/\/www.insuco.com\/en\/enlace-territorial-podcast-episode-5\/\">Enlace Territorial Podcast: Episode 5<\/a>\n\t\t\t\t\t\t\t\t\t\t\t<\/h2>\n\t\t\t\t\n\t\t\t\t\t<p class=\"post-meta\"><span class=\"published\">Apr 2022<\/span><\/p><div class=\"post-content\"><div class=\"post-content-inner\"><p>At INSUCO, with the support of the Ford Foundation and in collaboration&#8230;<\/p>\n<\/div><\/div>\t\t\t\n\t\t\t<\/article>\n\t\t\t\t\n\t\t\t<article id=\"post-37389\" class=\"et_pb_post clearfix et_pb_blog_item_0_84 post-37389 post type-post status-publish format-standard has-post-thumbnail hentry category-news-from-insuco tag-anciens-articles-avec-builder-en\">\n\n\t\t\t\t<div class=\"et_pb_image_container\"><a href=\"https:\/\/www.insuco.com\/en\/insuco-ifsra-training-for-mines-paristechch\/\" class=\"entry-featured-image-url\"><img loading=\"lazy\" decoding=\"async\" src=\"https:\/\/www.insuco.com\/wp-content\/uploads\/2022\/04\/IFSRA-PARISTECH-1-400x250.png\" alt=\"Insuco (IFSRA) training for MINES ParisTech\" class=\"\" srcset=\"https:\/\/www.insuco.com\/wp-content\/uploads\/2022\/04\/IFSRA-PARISTECH-1.png 479w, https:\/\/www.insuco.com\/wp-content\/uploads\/2022\/04\/IFSRA-PARISTECH-1-400x250.png 480w \" sizes=\"(max-width:479px) 479px, 100vw \"  width=\"400\" height=\"250\" \/><\/a><\/div>\n\t\t\t\t\t\t\t\t\t\t\t\t\t\t<h2 class=\"entry-title\">\n\t\t\t\t\t\t\t\t\t\t\t\t\t<a href=\"https:\/\/www.insuco.com\/en\/insuco-ifsra-training-for-mines-paristechch\/\">Insuco (IFSRA) training for MINES ParisTech<\/a>\n\t\t\t\t\t\t\t\t\t\t\t<\/h2>\n\t\t\t\t\n\t\t\t\t\t<p class=\"post-meta\"><span class=\"published\">Apr 2022<\/span><\/p><div class=\"post-content\"><div class=\"post-content-inner\"><p>Through IFSRA-Institute for Social Research in Africa, INSUCO&#8230;<\/p>\n<\/div><\/div>\t\t\t\n\t\t\t<\/article>\n\t\t\t\t\n\t\t\t<article id=\"post-37724\" class=\"et_pb_post clearfix et_pb_blog_item_0_85 post-37724 post type-post status-publish format-standard has-post-thumbnail hentry category-news-from-insuco tag-anciens-articles-avec-builder-en\">\n\n\t\t\t\t<div class=\"et_pb_image_container\"><a href=\"https:\/\/www.insuco.com\/en\/regional-development-vision-of-cajamarca-2030-citizen-contributions\/\" class=\"entry-featured-image-url\"><img loading=\"lazy\" decoding=\"async\" src=\"https:\/\/www.insuco.com\/wp-content\/uploads\/2022\/04\/Foto-presentacion-LinkedIn-400x250.jpg\" alt=\"&#8220;Regional Development Vision of #Cajamarca 2030: Citizen Contributions&#8221;\" class=\"\" srcset=\"https:\/\/www.insuco.com\/wp-content\/uploads\/2022\/04\/Foto-presentacion-LinkedIn.jpg 479w, https:\/\/www.insuco.com\/wp-content\/uploads\/2022\/04\/Foto-presentacion-LinkedIn-400x250.jpg 480w \" sizes=\"(max-width:479px) 479px, 100vw \"  width=\"400\" height=\"250\" \/><\/a><\/div>\n\t\t\t\t\t\t\t\t\t\t\t\t\t\t<h2 class=\"entry-title\">\n\t\t\t\t\t\t\t\t\t\t\t\t\t<a href=\"https:\/\/www.insuco.com\/en\/regional-development-vision-of-cajamarca-2030-citizen-contributions\/\">&#8220;Regional Development Vision of #Cajamarca 2030: Citizen Contributions&#8221;<\/a>\n\t\t\t\t\t\t\t\t\t\t\t<\/h2>\n\t\t\t\t\n\t\t\t\t\t<p class=\"post-meta\"><span class=\"published\">Apr 2022<\/span><\/p><div class=\"post-content\"><div class=\"post-content-inner\"><p>On 5 April, INSUCO accompanied the Regional Government of Cajamarca&#8230;<\/p>\n<\/div><\/div>\t\t\t\n\t\t\t<\/article>\n\t\t\t\t\n\t\t\t<article id=\"post-37690\" class=\"et_pb_post clearfix et_pb_blog_item_0_86 post-37690 post type-post status-publish format-standard has-post-thumbnail hentry category-news-from-insuco tag-anciens-articles-avec-builder-en\">\n\n\t\t\t\t<div class=\"et_pb_image_container\"><a href=\"https:\/\/www.insuco.com\/en\/enlace-territorial-podcast-episode-5-2\/\" class=\"entry-featured-image-url\"><img loading=\"lazy\" decoding=\"async\" src=\"https:\/\/www.insuco.com\/wp-content\/uploads\/2022\/04\/ep-4-400x250.jpg\" alt=\"Enlace Territorial Podcast: Episode 5\" class=\"\" srcset=\"https:\/\/www.insuco.com\/wp-content\/uploads\/2022\/04\/ep-4.jpg 479w, https:\/\/www.insuco.com\/wp-content\/uploads\/2022\/04\/ep-4-400x250.jpg 480w \" sizes=\"(max-width:479px) 479px, 100vw \"  width=\"400\" height=\"250\" \/><\/a><\/div>\n\t\t\t\t\t\t\t\t\t\t\t\t\t\t<h2 class=\"entry-title\">\n\t\t\t\t\t\t\t\t\t\t\t\t\t<a href=\"https:\/\/www.insuco.com\/en\/enlace-territorial-podcast-episode-5-2\/\">Enlace Territorial Podcast: Episode 5<\/a>\n\t\t\t\t\t\t\t\t\t\t\t<\/h2>\n\t\t\t\t\n\t\t\t\t\t<p class=\"post-meta\"><span class=\"published\">Apr 2022<\/span><\/p><div class=\"post-content\"><div class=\"post-content-inner\"><p>At INSUCO, with the support of the Ford Foundation and in collaboration&#8230;<\/p>\n<\/div><\/div>\t\t\t\n\t\t\t<\/article>\n\t\t\t\t\n\t\t\t<article id=\"post-37658\" class=\"et_pb_post clearfix et_pb_blog_item_0_87 post-37658 post type-post status-publish format-standard has-post-thumbnail hentry category-news-from-insuco tag-anciens-articles-avec-builder-en\">\n\n\t\t\t\t<div class=\"et_pb_image_container\"><a href=\"https:\/\/www.insuco.com\/en\/enlace-territorial-podcast-episode-6-part-1-2\/\" class=\"entry-featured-image-url\"><img loading=\"lazy\" decoding=\"async\" src=\"https:\/\/www.insuco.com\/wp-content\/uploads\/2022\/04\/EP-3-Pod-cast-400x250.jpg\" alt=\"Enlace Territorial Podcast: Episode 6 part 1\" class=\"\" srcset=\"https:\/\/www.insuco.com\/wp-content\/uploads\/2022\/04\/EP-3-Pod-cast.jpg 479w, https:\/\/www.insuco.com\/wp-content\/uploads\/2022\/04\/EP-3-Pod-cast-400x250.jpg 480w \" sizes=\"(max-width:479px) 479px, 100vw \"  width=\"400\" height=\"250\" \/><\/a><\/div>\n\t\t\t\t\t\t\t\t\t\t\t\t\t\t<h2 class=\"entry-title\">\n\t\t\t\t\t\t\t\t\t\t\t\t\t<a href=\"https:\/\/www.insuco.com\/en\/enlace-territorial-podcast-episode-6-part-1-2\/\">Enlace Territorial Podcast: Episode 6 part 1<\/a>\n\t\t\t\t\t\t\t\t\t\t\t<\/h2>\n\t\t\t\t\n\t\t\t\t\t<p class=\"post-meta\"><span class=\"published\">Apr 2022<\/span><\/p><div class=\"post-content\"><div class=\"post-content-inner\"><p>At INSUCO, with the support of the Ford Foundation and in collaboration&#8230;<\/p>\n<\/div><\/div>\t\t\t\n\t\t\t<\/article>\n\t\t\t\t\n\t\t\t<article id=\"post-37627\" class=\"et_pb_post clearfix et_pb_blog_item_0_88 post-37627 post type-post status-publish format-standard has-post-thumbnail hentry category-news-from-insuco tag-anciens-articles-avec-builder-en\">\n\n\t\t\t\t<div class=\"et_pb_image_container\"><a href=\"https:\/\/www.insuco.com\/en\/workshop-building-gender-equality-and-equity-together\/\" class=\"entry-featured-image-url\"><img loading=\"lazy\" decoding=\"async\" src=\"https:\/\/www.insuco.com\/wp-content\/uploads\/2022\/04\/acaire-400x250.png\" alt=\"Workshop: Building gender equality and equity together\" class=\"\" srcset=\"https:\/\/www.insuco.com\/wp-content\/uploads\/2022\/04\/acaire.png 479w, https:\/\/www.insuco.com\/wp-content\/uploads\/2022\/04\/acaire-400x250.png 480w \" sizes=\"(max-width:479px) 479px, 100vw \"  width=\"400\" height=\"250\" \/><\/a><\/div>\n\t\t\t\t\t\t\t\t\t\t\t\t\t\t<h2 class=\"entry-title\">\n\t\t\t\t\t\t\t\t\t\t\t\t\t<a href=\"https:\/\/www.insuco.com\/en\/workshop-building-gender-equality-and-equity-together\/\">Workshop: Building gender equality and equity together<\/a>\n\t\t\t\t\t\t\t\t\t\t\t<\/h2>\n\t\t\t\t\n\t\t\t\t\t<p class=\"post-meta\"><span class=\"published\">Apr 2022<\/span><\/p><div class=\"post-content\"><div class=\"post-content-inner\"><p>The Thermal Districts Project, Acaire and CIDARE, invite you to participate&#8230;<\/p>\n<\/div><\/div>\t\t\t\n\t\t\t<\/article>\n\t\t\t\t\n\t\t\t<article id=\"post-37516\" class=\"et_pb_post clearfix et_pb_blog_item_0_89 post-37516 post type-post status-publish format-standard has-post-thumbnail hentry category-news-from-insuco tag-anciens-articles-avec-builder-en\">\n\n\t\t\t\t<div class=\"et_pb_image_container\"><a href=\"https:\/\/www.insuco.com\/en\/enlace-territorial-podcast-episode-6-part-1\/\" class=\"entry-featured-image-url\"><img loading=\"lazy\" decoding=\"async\" src=\"https:\/\/www.insuco.com\/wp-content\/uploads\/2022\/04\/ep-2-pod-Cast-400x250.jpg\" alt=\"Enlace Territorial Podcast: Episode 6 part 1\" class=\"\" srcset=\"https:\/\/www.insuco.com\/wp-content\/uploads\/2022\/04\/ep-2-pod-Cast.jpg 479w, https:\/\/www.insuco.com\/wp-content\/uploads\/2022\/04\/ep-2-pod-Cast-400x250.jpg 480w \" sizes=\"(max-width:479px) 479px, 100vw \"  width=\"400\" height=\"250\" \/><\/a><\/div>\n\t\t\t\t\t\t\t\t\t\t\t\t\t\t<h2 class=\"entry-title\">\n\t\t\t\t\t\t\t\t\t\t\t\t\t<a href=\"https:\/\/www.insuco.com\/en\/enlace-territorial-podcast-episode-6-part-1\/\">Enlace Territorial Podcast: Episode 6 part 1<\/a>\n\t\t\t\t\t\t\t\t\t\t\t<\/h2>\n\t\t\t\t\n\t\t\t\t\t<p class=\"post-meta\"><span class=\"published\">Mar 2022<\/span><\/p><div class=\"post-content\"><div class=\"post-content-inner\"><p>At INSUCO, with the support of the Ford Foundation and in collaboration&#8230;<\/p>\n<\/div><\/div>\t\t\t\n\t\t\t<\/article>\n\t\t\t\t\n\t\t\t<article id=\"post-37483\" class=\"et_pb_post clearfix et_pb_blog_item_0_90 post-37483 post type-post status-publish format-standard has-post-thumbnail hentry category-news-from-insuco tag-anciens-articles-avec-builder-en\">\n\n\t\t\t\t<div class=\"et_pb_image_container\"><a href=\"https:\/\/www.insuco.com\/en\/enlace-territorial-podcast-episode-6-part-2\/\" class=\"entry-featured-image-url\"><img loading=\"lazy\" decoding=\"async\" src=\"https:\/\/www.insuco.com\/wp-content\/uploads\/2022\/04\/EP-1-Pod-cast-400x250.jpg\" alt=\"Enlace Territorial Podcast: Episode 6 part 2\" class=\"\" srcset=\"https:\/\/www.insuco.com\/wp-content\/uploads\/2022\/04\/EP-1-Pod-cast.jpg 479w, https:\/\/www.insuco.com\/wp-content\/uploads\/2022\/04\/EP-1-Pod-cast-400x250.jpg 480w \" sizes=\"(max-width:479px) 479px, 100vw \"  width=\"400\" height=\"250\" \/><\/a><\/div>\n\t\t\t\t\t\t\t\t\t\t\t\t\t\t<h2 class=\"entry-title\">\n\t\t\t\t\t\t\t\t\t\t\t\t\t<a href=\"https:\/\/www.insuco.com\/en\/enlace-territorial-podcast-episode-6-part-2\/\">Enlace Territorial Podcast: Episode 6 part 2<\/a>\n\t\t\t\t\t\t\t\t\t\t\t<\/h2>\n\t\t\t\t\n\t\t\t\t\t<p class=\"post-meta\"><span class=\"published\">Mar 2022<\/span><\/p><div class=\"post-content\"><div class=\"post-content-inner\"><p>At INSUCO, with the support of the Ford Foundation and in collaboration&#8230;<\/p>\n<\/div><\/div>\t\t\t\n\t\t\t<\/article>\n\t\t\t\t\n\t\t\t<article id=\"post-37455\" class=\"et_pb_post clearfix et_pb_blog_item_0_91 post-37455 post type-post status-publish format-standard has-post-thumbnail hentry category-news-from-insuco tag-anciens-articles-avec-builder-en\">\n\n\t\t\t\t<div class=\"et_pb_image_container\"><a href=\"https:\/\/www.insuco.com\/en\/gad-los-encuentros-announces-results-of-the-working-tables\/\" class=\"entry-featured-image-url\"><img loading=\"lazy\" decoding=\"async\" src=\"https:\/\/www.insuco.com\/wp-content\/uploads\/2022\/04\/gad1-400x250.jpg\" alt=\"GAD Los Encuentros Announces Results of the Working Tables\" class=\"\" srcset=\"https:\/\/www.insuco.com\/wp-content\/uploads\/2022\/04\/gad1.jpg 479w, https:\/\/www.insuco.com\/wp-content\/uploads\/2022\/04\/gad1-400x250.jpg 480w \" sizes=\"(max-width:479px) 479px, 100vw \"  width=\"400\" height=\"250\" \/><\/a><\/div>\n\t\t\t\t\t\t\t\t\t\t\t\t\t\t<h2 class=\"entry-title\">\n\t\t\t\t\t\t\t\t\t\t\t\t\t<a href=\"https:\/\/www.insuco.com\/en\/gad-los-encuentros-announces-results-of-the-working-tables\/\">GAD Los Encuentros Announces Results of the Working Tables<\/a>\n\t\t\t\t\t\t\t\t\t\t\t<\/h2>\n\t\t\t\t\n\t\t\t\t\t<p class=\"post-meta\"><span class=\"published\">Mar 2022<\/span><\/p><div class=\"post-content\"><div class=\"post-content-inner\"><p>INSUCO has participated in designing and accompanying the multi-stakeholder&#8230;<\/p>\n<\/div><\/div>\t\t\t\n\t\t\t<\/article>\n\t\t\t\t\n\t\t\t<article id=\"post-37423\" class=\"et_pb_post clearfix et_pb_blog_item_0_92 post-37423 post type-post status-publish format-standard has-post-thumbnail hentry category-news-from-insuco tag-anciens-articles-avec-builder-en\">\n\n\t\t\t\t<div class=\"et_pb_image_container\"><a href=\"https:\/\/www.insuco.com\/en\/insuco-for-the-peace\/\" class=\"entry-featured-image-url\"><img loading=\"lazy\" decoding=\"async\" src=\"https:\/\/www.insuco.com\/wp-content\/uploads\/2022\/04\/Peace-1-400x250.png\" alt=\"Insuco for the peace\" class=\"\" srcset=\"https:\/\/www.insuco.com\/wp-content\/uploads\/2022\/04\/Peace-1.png 479w, https:\/\/www.insuco.com\/wp-content\/uploads\/2022\/04\/Peace-1-400x250.png 480w \" sizes=\"(max-width:479px) 479px, 100vw \"  width=\"400\" height=\"250\" \/><\/a><\/div>\n\t\t\t\t\t\t\t\t\t\t\t\t\t\t<h2 class=\"entry-title\">\n\t\t\t\t\t\t\t\t\t\t\t\t\t<a href=\"https:\/\/www.insuco.com\/en\/insuco-for-the-peace\/\">Insuco for the peace<\/a>\n\t\t\t\t\t\t\t\t\t\t\t<\/h2>\n\t\t\t\t\n\t\t\t\t\t<p class=\"post-meta\"><span class=\"published\">Mar 2022<\/span><\/p><div class=\"post-content\"><div class=\"post-content-inner\"><p>Insuco&#8217;s mission is to create links between stakeholders in a territory&#8230;<\/p>\n<\/div><\/div>\t\t\t\n\t\t\t<\/article>\n\t\t\t\t\n\t\t\t<article id=\"post-37597\" class=\"et_pb_post clearfix et_pb_blog_item_0_93 post-37597 post type-post status-publish format-standard has-post-thumbnail hentry category-news-from-insuco tag-anciens-articles-avec-builder-en\">\n\n\t\t\t\t<div class=\"et_pb_image_container\"><a href=\"https:\/\/www.insuco.com\/en\/cajamarcas-regional-development-vision-2030-citizen-contributions\/\" class=\"entry-featured-image-url\"><img loading=\"lazy\" decoding=\"async\" src=\"https:\/\/www.insuco.com\/wp-content\/uploads\/2022\/04\/Invitacion-al-Conversatorio-Virtual-VDRC-400x250.png\" alt=\"Cajamarca&#8217;s Regional Development Vision 2030 &#8211; Citizen Contributions\" class=\"\" srcset=\"https:\/\/www.insuco.com\/wp-content\/uploads\/2022\/04\/Invitacion-al-Conversatorio-Virtual-VDRC.png 479w, https:\/\/www.insuco.com\/wp-content\/uploads\/2022\/04\/Invitacion-al-Conversatorio-Virtual-VDRC-400x250.png 480w \" sizes=\"(max-width:479px) 479px, 100vw \"  width=\"400\" height=\"250\" \/><\/a><\/div>\n\t\t\t\t\t\t\t\t\t\t\t\t\t\t<h2 class=\"entry-title\">\n\t\t\t\t\t\t\t\t\t\t\t\t\t<a href=\"https:\/\/www.insuco.com\/en\/cajamarcas-regional-development-vision-2030-citizen-contributions\/\">Cajamarca&#8217;s Regional Development Vision 2030 &#8211; Citizen Contributions<\/a>\n\t\t\t\t\t\t\t\t\t\t\t<\/h2>\n\t\t\t\t\n\t\t\t\t\t<p class=\"post-meta\"><span class=\"published\">Mar 2022<\/span><\/p><div class=\"post-content\"><div class=\"post-content-inner\"><p>From Insuco we are pleased to support the Regional Government of Cajamarca&#8230;<\/p>\n<\/div><\/div>\t\t\t\n\t\t\t<\/article>\n\t\t\t\t\n\t\t\t<article id=\"post-37571\" class=\"et_pb_post clearfix et_pb_blog_item_0_94 post-37571 post type-post status-publish format-standard has-post-thumbnail hentry category-news-from-insuco tag-anciens-articles-avec-builder-en\">\n\n\t\t\t\t<div class=\"et_pb_image_container\"><a href=\"https:\/\/www.insuco.com\/en\/international-womens-rights-day\/\" class=\"entry-featured-image-url\"><img loading=\"lazy\" decoding=\"async\" src=\"https:\/\/www.insuco.com\/wp-content\/uploads\/2022\/04\/mujer-400x250.jpg\" alt=\"International Women&#8217;s Rights Day\" class=\"\" srcset=\"https:\/\/www.insuco.com\/wp-content\/uploads\/2022\/04\/mujer.jpg 479w, https:\/\/www.insuco.com\/wp-content\/uploads\/2022\/04\/mujer-400x250.jpg 480w \" sizes=\"(max-width:479px) 479px, 100vw \"  width=\"400\" height=\"250\" \/><\/a><\/div>\n\t\t\t\t\t\t\t\t\t\t\t\t\t\t<h2 class=\"entry-title\">\n\t\t\t\t\t\t\t\t\t\t\t\t\t<a href=\"https:\/\/www.insuco.com\/en\/international-womens-rights-day\/\">International Women&#8217;s Rights Day<\/a>\n\t\t\t\t\t\t\t\t\t\t\t<\/h2>\n\t\t\t\t\n\t\t\t\t\t<p class=\"post-meta\"><span class=\"published\">Mar 2022<\/span><\/p><div class=\"post-content\"><div class=\"post-content-inner\"><p>We would like to add our voice, on International Women&#8217;s Rights Day&#8230;<\/p>\n<\/div><\/div>\t\t\t\n\t\t\t<\/article>\n\t\t\t\t\n\t\t\t<article id=\"post-37545\" class=\"et_pb_post clearfix et_pb_blog_item_0_95 post-37545 post type-post status-publish format-standard has-post-thumbnail hentry category-news-from-insuco tag-anciens-articles-avec-builder-en\">\n\n\t\t\t\t<div class=\"et_pb_image_container\"><a href=\"https:\/\/www.insuco.com\/en\/fight-against-the-pandemic-madagascar\/\" class=\"entry-featured-image-url\"><img loading=\"lazy\" decoding=\"async\" src=\"https:\/\/www.insuco.com\/wp-content\/uploads\/2022\/04\/oim-mada-mar-394x250.jpg\" alt=\"Fight against the pandemic Madagascar\" class=\"\" srcset=\"https:\/\/www.insuco.com\/wp-content\/uploads\/2022\/04\/oim-mada-mar.jpg 479w, https:\/\/www.insuco.com\/wp-content\/uploads\/2022\/04\/oim-mada-mar-394x250.jpg 480w \" sizes=\"(max-width:479px) 479px, 100vw \"  width=\"400\" height=\"250\" \/><\/a><\/div>\n\t\t\t\t\t\t\t\t\t\t\t\t\t\t<h2 class=\"entry-title\">\n\t\t\t\t\t\t\t\t\t\t\t\t\t<a href=\"https:\/\/www.insuco.com\/en\/fight-against-the-pandemic-madagascar\/\">Fight against the pandemic Madagascar<\/a>\n\t\t\t\t\t\t\t\t\t\t\t<\/h2>\n\t\t\t\t\n\t\t\t\t\t<p class=\"post-meta\"><span class=\"published\">Mar 2022<\/span><\/p><div class=\"post-content\"><div class=\"post-content-inner\"><p>Since November 2021, through the CAP-MADAGASCAR project, UNDP&#8230;<\/p>\n<\/div><\/div>\t\t\t\n\t\t\t<\/article>\n\t\t\t\t\n\t\t\t<article id=\"post-37048\" class=\"et_pb_post clearfix et_pb_blog_item_0_96 post-37048 post type-post status-publish format-standard has-post-thumbnail hentry category-news-from-insuco tag-anciens-articles-avec-builder-en\">\n\n\t\t\t\t<div class=\"et_pb_image_container\"><a href=\"https:\/\/www.insuco.com\/en\/insuco-management-seminar-in-the-dominican-republic\/\" class=\"entry-featured-image-url\"><img loading=\"lazy\" decoding=\"async\" src=\"https:\/\/www.insuco.com\/wp-content\/uploads\/2022\/02\/rep-dom-seminaire-400x250.png\" alt=\"INSUCO Management Seminar in the Dominican Republic\" class=\"\" srcset=\"https:\/\/www.insuco.com\/wp-content\/uploads\/2022\/02\/rep-dom-seminaire.png 479w, https:\/\/www.insuco.com\/wp-content\/uploads\/2022\/02\/rep-dom-seminaire-400x250.png 480w \" sizes=\"(max-width:479px) 479px, 100vw \"  width=\"400\" height=\"250\" \/><\/a><\/div>\n\t\t\t\t\t\t\t\t\t\t\t\t\t\t<h2 class=\"entry-title\">\n\t\t\t\t\t\t\t\t\t\t\t\t\t<a href=\"https:\/\/www.insuco.com\/en\/insuco-management-seminar-in-the-dominican-republic\/\">INSUCO Management Seminar in the Dominican Republic<\/a>\n\t\t\t\t\t\t\t\t\t\t\t<\/h2>\n\t\t\t\t\n\t\t\t\t\t<p class=\"post-meta\"><span class=\"published\">Feb 2022<\/span><\/p><div class=\"post-content\"><div class=\"post-content-inner\"><p>We find ourselves in a context that involves more and more challenges and&#8230;<\/p>\n<\/div><\/div>\t\t\t\n\t\t\t<\/article>\n\t\t\t\t\n\t\t\t<article id=\"post-37019\" class=\"et_pb_post clearfix et_pb_blog_item_0_97 post-37019 post type-post status-publish format-standard has-post-thumbnail hentry category-news-from-insuco tag-anciens-articles-avec-builder-en\">\n\n\t\t\t\t<div class=\"et_pb_image_container\"><a href=\"https:\/\/www.insuco.com\/en\/meeting-in-paris-with-the-president-of-madagascar\/\" class=\"entry-featured-image-url\"><img loading=\"lazy\" decoding=\"async\" src=\"https:\/\/www.insuco.com\/wp-content\/uploads\/2022\/02\/mada-pres-pascal-400x250.jpg\" alt=\"Meeting in Paris with the President of Madagascar\" class=\"\" srcset=\"https:\/\/www.insuco.com\/wp-content\/uploads\/2022\/02\/mada-pres-pascal.jpg 479w, https:\/\/www.insuco.com\/wp-content\/uploads\/2022\/02\/mada-pres-pascal-400x250.jpg 480w \" sizes=\"(max-width:479px) 479px, 100vw \"  width=\"400\" height=\"250\" \/><\/a><\/div>\n\t\t\t\t\t\t\t\t\t\t\t\t\t\t<h2 class=\"entry-title\">\n\t\t\t\t\t\t\t\t\t\t\t\t\t<a href=\"https:\/\/www.insuco.com\/en\/meeting-in-paris-with-the-president-of-madagascar\/\">Meeting in Paris with the President of Madagascar<\/a>\n\t\t\t\t\t\t\t\t\t\t\t<\/h2>\n\t\t\t\t\n\t\t\t\t\t<p class=\"post-meta\"><span class=\"published\">Feb 2022<\/span><\/p><div class=\"post-content\"><div class=\"post-content-inner\"><p>On Friday 18th February, Pascal Rey, CEO of INSUCO met the President&#8230;<\/p>\n<\/div><\/div>\t\t\t\n\t\t\t<\/article>\n\t\t\t\t\n\t\t\t<article id=\"post-36991\" class=\"et_pb_post clearfix et_pb_blog_item_0_98 post-36991 post type-post status-publish format-standard has-post-thumbnail hentry category-news-from-insuco tag-anciens-articles-avec-builder-en\">\n\n\t\t\t\t<div class=\"et_pb_image_container\"><a href=\"https:\/\/www.insuco.com\/en\/episode-6-part-2-now-available\/\" class=\"entry-featured-image-url\"><img loading=\"lazy\" decoding=\"async\" src=\"https:\/\/www.insuco.com\/wp-content\/uploads\/2022\/02\/ep6p2-400x250.jpg\" alt=\"Episode 6, part 2, now available!\" class=\"\" srcset=\"https:\/\/www.insuco.com\/wp-content\/uploads\/2022\/02\/ep6p2.jpg 479w, https:\/\/www.insuco.com\/wp-content\/uploads\/2022\/02\/ep6p2-400x250.jpg 480w \" sizes=\"(max-width:479px) 479px, 100vw \"  width=\"400\" height=\"250\" \/><\/a><\/div>\n\t\t\t\t\t\t\t\t\t\t\t\t\t\t<h2 class=\"entry-title\">\n\t\t\t\t\t\t\t\t\t\t\t\t\t<a href=\"https:\/\/www.insuco.com\/en\/episode-6-part-2-now-available\/\">Episode 6, part 2, now available!<\/a>\n\t\t\t\t\t\t\t\t\t\t\t<\/h2>\n\t\t\t\t\n\t\t\t\t\t<p class=\"post-meta\"><span class=\"published\">Feb 2022<\/span><\/p><div class=\"post-content\"><div class=\"post-content-inner\"><p>INSUCO, with the support of the Ford Foundation and in collaboration with ICSI&#8230;<\/p>\n<\/div><\/div>\t\t\t\n\t\t\t<\/article>\n\t\t\t\t\n\t\t\t<article id=\"post-36963\" class=\"et_pb_post clearfix et_pb_blog_item_0_99 post-36963 post type-post status-publish format-standard has-post-thumbnail hentry category-news-from-insuco tag-anciens-articles-avec-builder-en\">\n\n\t\t\t\t<div class=\"et_pb_image_container\"><a href=\"https:\/\/www.insuco.com\/en\/third-edition-of-ecomof\/\" class=\"entry-featured-image-url\"><img loading=\"lazy\" decoding=\"async\" src=\"https:\/\/www.insuco.com\/wp-content\/uploads\/2022\/02\/pascal-Ecomof-400x250.jpg\" alt=\"Third edition of ECOMOF\" class=\"\" srcset=\"https:\/\/www.insuco.com\/wp-content\/uploads\/2022\/02\/pascal-Ecomof.jpg 479w, https:\/\/www.insuco.com\/wp-content\/uploads\/2022\/02\/pascal-Ecomof-400x250.jpg 480w \" sizes=\"(max-width:479px) 479px, 100vw \"  width=\"400\" height=\"250\" \/><\/a><\/div>\n\t\t\t\t\t\t\t\t\t\t\t\t\t\t<h2 class=\"entry-title\">\n\t\t\t\t\t\t\t\t\t\t\t\t\t<a href=\"https:\/\/www.insuco.com\/en\/third-edition-of-ecomof\/\">Third edition of ECOMOF<\/a>\n\t\t\t\t\t\t\t\t\t\t\t<\/h2>\n\t\t\t\t\n\t\t\t\t\t<p class=\"post-meta\"><span class=\"published\">Feb 2022<\/span><\/p><div class=\"post-content\"><div class=\"post-content-inner\"><p>We are honoured to have participated in the third edition of ECOMOF which&#8230;<\/p>\n<\/div><\/div>\t\t\t\n\t\t\t<\/article>\n\t\t\t\t\n\t\t\t<article id=\"post-36935\" class=\"et_pb_post clearfix et_pb_blog_item_0_100 post-36935 post type-post status-publish format-standard has-post-thumbnail hentry category-news-from-insuco tag-anciens-articles-avec-builder-en\">\n\n\t\t\t\t<div class=\"et_pb_image_container\"><a href=\"https:\/\/www.insuco.com\/en\/realization-of-an-environmental-and-social-impact-assessment-esia-of-the-algaculture-project-in-the-atsimo-andrefana-region\/\" class=\"entry-featured-image-url\"><img loading=\"lazy\" decoding=\"async\" src=\"https:\/\/www.insuco.com\/wp-content\/uploads\/2022\/02\/ocean-2-madaesc-400x250.jpg\" alt=\"Realization of an Environmental and Social Impact Assessment (ESIA) of the algaculture project in the Atsimo &#8211; Andrefana region\" class=\"\" srcset=\"https:\/\/www.insuco.com\/wp-content\/uploads\/2022\/02\/ocean-2-madaesc.jpg 479w, https:\/\/www.insuco.com\/wp-content\/uploads\/2022\/02\/ocean-2-madaesc-400x250.jpg 480w \" sizes=\"(max-width:479px) 479px, 100vw \"  width=\"400\" height=\"250\" \/><\/a><\/div>\n\t\t\t\t\t\t\t\t\t\t\t\t\t\t<h2 class=\"entry-title\">\n\t\t\t\t\t\t\t\t\t\t\t\t\t<a href=\"https:\/\/www.insuco.com\/en\/realization-of-an-environmental-and-social-impact-assessment-esia-of-the-algaculture-project-in-the-atsimo-andrefana-region\/\">Realization of an Environmental and Social Impact Assessment (ESIA) of the algaculture project in the Atsimo &#8211; Andrefana region<\/a>\n\t\t\t\t\t\t\t\t\t\t\t<\/h2>\n\t\t\t\t\n\t\t\t\t\t<p class=\"post-meta\"><span class=\"published\">Feb 2022<\/span><\/p><div class=\"post-content\"><div class=\"post-content-inner\"><p>Aquaculture is one of the solutions to overexploitation of natural resources&#8230;<\/p>\n<\/div><\/div>\t\t\t\n\t\t\t<\/article>\n\t\t\t\t\n\t\t\t<article id=\"post-36907\" class=\"et_pb_post clearfix et_pb_blog_item_0_101 post-36907 post type-post status-publish format-standard has-post-thumbnail hentry category-news-from-insuco tag-anciens-articles-avec-builder-en\">\n\n\t\t\t\t<div class=\"et_pb_image_container\"><a href=\"https:\/\/www.insuco.com\/en\/episode-6-part-1-now-available\/\" class=\"entry-featured-image-url\"><img loading=\"lazy\" decoding=\"async\" src=\"https:\/\/www.insuco.com\/wp-content\/uploads\/2022\/02\/Ep-6-400x250.jpg\" alt=\"Episode 6, part 1, now available!\" class=\"\" srcset=\"https:\/\/www.insuco.com\/wp-content\/uploads\/2022\/02\/Ep-6.jpg 479w, https:\/\/www.insuco.com\/wp-content\/uploads\/2022\/02\/Ep-6-400x250.jpg 480w \" sizes=\"(max-width:479px) 479px, 100vw \"  width=\"400\" height=\"250\" \/><\/a><\/div>\n\t\t\t\t\t\t\t\t\t\t\t\t\t\t<h2 class=\"entry-title\">\n\t\t\t\t\t\t\t\t\t\t\t\t\t<a href=\"https:\/\/www.insuco.com\/en\/episode-6-part-1-now-available\/\">Episode 6, part 1, now available!<\/a>\n\t\t\t\t\t\t\t\t\t\t\t<\/h2>\n\t\t\t\t\n\t\t\t\t\t<p class=\"post-meta\"><span class=\"published\">Feb 2022<\/span><\/p><div class=\"post-content\"><div class=\"post-content-inner\"><p>INSUCO, with the support of the Ford Foundation and in collaboration with ICSI&#8230;<\/p>\n<\/div><\/div>\t\t\t\n\t\t\t<\/article>\n\t\t\t\t\n\t\t\t<article id=\"post-36878\" class=\"et_pb_post clearfix et_pb_blog_item_0_102 post-36878 post type-post status-publish format-standard has-post-thumbnail hentry category-news-from-insuco tag-anciens-articles-avec-builder-en\">\n\n\t\t\t\t<div class=\"et_pb_image_container\"><a href=\"https:\/\/www.insuco.com\/en\/carbon-capture\/\" class=\"entry-featured-image-url\"><img loading=\"lazy\" decoding=\"async\" src=\"https:\/\/www.insuco.com\/wp-content\/uploads\/2022\/02\/Carbono-400x250.png\" alt=\"Carbon capture\" class=\"\" srcset=\"https:\/\/www.insuco.com\/wp-content\/uploads\/2022\/02\/Carbono.png 479w, https:\/\/www.insuco.com\/wp-content\/uploads\/2022\/02\/Carbono-400x250.png 480w \" sizes=\"(max-width:479px) 479px, 100vw \"  width=\"400\" height=\"250\" \/><\/a><\/div>\n\t\t\t\t\t\t\t\t\t\t\t\t\t\t<h2 class=\"entry-title\">\n\t\t\t\t\t\t\t\t\t\t\t\t\t<a href=\"https:\/\/www.insuco.com\/en\/carbon-capture\/\">Carbon capture<\/a>\n\t\t\t\t\t\t\t\t\t\t\t<\/h2>\n\t\t\t\t\n\t\t\t\t\t<p class=\"post-meta\"><span class=\"published\">Feb 2022<\/span><\/p><div class=\"post-content\"><div class=\"post-content-inner\"><p>To end the year 2021, in the month of December, Guill\u00e9n Calvo regional director&#8230;<\/p>\n<\/div><\/div>\t\t\t\n\t\t\t<\/article>\n\t\t\t\t\n\t\t\t<article id=\"post-36844\" class=\"et_pb_post clearfix et_pb_blog_item_0_103 post-36844 post type-post status-publish format-standard has-post-thumbnail hentry category-news-from-insuco tag-anciens-articles-avec-builder-en\">\n\n\t\t\t\t<div class=\"et_pb_image_container\"><a href=\"https:\/\/www.insuco.com\/en\/preparation-of-land-acquisition-and-resettlement-plan-in-compliance-with-international-standards-for-sewerage-project-in-guayaquil-emapag-afd\/\" class=\"entry-featured-image-url\"><img loading=\"lazy\" decoding=\"async\" src=\"https:\/\/www.insuco.com\/wp-content\/uploads\/2022\/02\/ec2-400x250.jpg\" alt=\"Preparation of land acquisition and resettlement plan in compliance with international standards for sewerage project in Guayaquil (EMAPAG-AFD)\" class=\"\" srcset=\"https:\/\/www.insuco.com\/wp-content\/uploads\/2022\/02\/ec2.jpg 479w, https:\/\/www.insuco.com\/wp-content\/uploads\/2022\/02\/ec2-400x250.jpg 480w \" sizes=\"(max-width:479px) 479px, 100vw \"  width=\"400\" height=\"250\" \/><\/a><\/div>\n\t\t\t\t\t\t\t\t\t\t\t\t\t\t<h2 class=\"entry-title\">\n\t\t\t\t\t\t\t\t\t\t\t\t\t<a href=\"https:\/\/www.insuco.com\/en\/preparation-of-land-acquisition-and-resettlement-plan-in-compliance-with-international-standards-for-sewerage-project-in-guayaquil-emapag-afd\/\">Preparation of land acquisition and resettlement plan in compliance with international standards for sewerage project in Guayaquil (EMAPAG-AFD)<\/a>\n\t\t\t\t\t\t\t\t\t\t\t<\/h2>\n\t\t\t\t\n\t\t\t\t\t<p class=\"post-meta\"><span class=\"published\">Feb 2022<\/span><\/p><div class=\"post-content\"><div class=\"post-content-inner\"><p>Within the framework of urban development in optimal conditions for&#8230;<\/p>\n<\/div><\/div>\t\t\t\n\t\t\t<\/article>\n\t\t\t\t\n\t\t\t<article id=\"post-36804\" class=\"et_pb_post clearfix et_pb_blog_item_0_104 post-36804 post type-post status-publish format-standard has-post-thumbnail hentry category-news-from-insuco tag-anciens-articles-avec-builder-en\">\n\n\t\t\t\t<div class=\"et_pb_image_container\"><a href=\"https:\/\/www.insuco.com\/en\/insuco-technical-assistant-to-the-project-reinventing-the-lake-city-of-ganvie\/\" class=\"entry-featured-image-url\"><img loading=\"lazy\" decoding=\"async\" src=\"https:\/\/www.insuco.com\/wp-content\/uploads\/2022\/02\/BeninBK-400x250.jpg\" alt=\"Insuco, technical assistant to the project &#8220;Reinventing the Lake City of Ganvi\u00e9&#8221;\" class=\"\" srcset=\"https:\/\/www.insuco.com\/wp-content\/uploads\/2022\/02\/BeninBK.jpg 479w, https:\/\/www.insuco.com\/wp-content\/uploads\/2022\/02\/BeninBK-400x250.jpg 480w \" sizes=\"(max-width:479px) 479px, 100vw \"  width=\"400\" height=\"250\" \/><\/a><\/div>\n\t\t\t\t\t\t\t\t\t\t\t\t\t\t<h2 class=\"entry-title\">\n\t\t\t\t\t\t\t\t\t\t\t\t\t<a href=\"https:\/\/www.insuco.com\/en\/insuco-technical-assistant-to-the-project-reinventing-the-lake-city-of-ganvie\/\">Insuco, technical assistant to the project &#8220;Reinventing the Lake City of Ganvi\u00e9&#8221;<\/a>\n\t\t\t\t\t\t\t\t\t\t\t<\/h2>\n\t\t\t\t\n\t\t\t\t\t<p class=\"post-meta\"><span class=\"published\">Feb 2022<\/span><\/p><div class=\"post-content\"><div class=\"post-content-inner\"><p>Insuco Burkina Faso and its Beninese partner IRC Consulting are starting&#8230;<\/p>\n<\/div><\/div>\t\t\t\n\t\t\t<\/article>\n\t\t\t\t\n\t\t\t<article id=\"post-35995\" class=\"et_pb_post clearfix et_pb_blog_item_0_105 post-35995 post type-post status-publish format-standard has-post-thumbnail hentry category-news-from-insuco tag-anciens-articles-avec-builder-en\">\n\n\t\t\t\t<div class=\"et_pb_image_container\"><a href=\"https:\/\/www.insuco.com\/en\/episode-5-now-available\/\" class=\"entry-featured-image-url\"><img loading=\"lazy\" decoding=\"async\" src=\"https:\/\/www.insuco.com\/wp-content\/uploads\/2022\/01\/ep5podcast-400x250.jpeg\" alt=\"Episode 5 now available!\" class=\"\" srcset=\"https:\/\/www.insuco.com\/wp-content\/uploads\/2022\/01\/ep5podcast.jpeg 479w, https:\/\/www.insuco.com\/wp-content\/uploads\/2022\/01\/ep5podcast-400x250.jpeg 480w \" sizes=\"(max-width:479px) 479px, 100vw \"  width=\"400\" height=\"250\" \/><\/a><\/div>\n\t\t\t\t\t\t\t\t\t\t\t\t\t\t<h2 class=\"entry-title\">\n\t\t\t\t\t\t\t\t\t\t\t\t\t<a href=\"https:\/\/www.insuco.com\/en\/episode-5-now-available\/\">Episode 5 now available!<\/a>\n\t\t\t\t\t\t\t\t\t\t\t<\/h2>\n\t\t\t\t\n\t\t\t\t\t<p class=\"post-meta\"><span class=\"published\">Jan 2022<\/span><\/p><div class=\"post-content\"><div class=\"post-content-inner\"><p>Insuco, with the support of the Ford Foundation and in collaboration with ICSI&#8230;<\/p>\n<\/div><\/div>\t\t\t\n\t\t\t<\/article>\n\t\t\t\t\n\t\t\t<article id=\"post-35977\" class=\"et_pb_post clearfix et_pb_blog_item_0_106 post-35977 post type-post status-publish format-standard has-post-thumbnail hentry category-news-from-insuco tag-anciens-articles-avec-builder-en\">\n\n\t\t\t\t<div class=\"et_pb_image_container\"><a href=\"https:\/\/www.insuco.com\/en\/final-evaluation-of-the-protana-project-for-fert\/\" class=\"entry-featured-image-url\"><img loading=\"lazy\" decoding=\"async\" src=\"https:\/\/www.insuco.com\/wp-content\/uploads\/2022\/01\/Focus_Presidents_des_unions_esc-400x250.jpg\" alt=\"Final evaluation of the ProTana project for Fert\" class=\"\" srcset=\"https:\/\/www.insuco.com\/wp-content\/uploads\/2022\/01\/Focus_Presidents_des_unions_esc.jpg 479w, https:\/\/www.insuco.com\/wp-content\/uploads\/2022\/01\/Focus_Presidents_des_unions_esc-400x250.jpg 480w \" sizes=\"(max-width:479px) 479px, 100vw \"  width=\"400\" height=\"250\" \/><\/a><\/div>\n\t\t\t\t\t\t\t\t\t\t\t\t\t\t<h2 class=\"entry-title\">\n\t\t\t\t\t\t\t\t\t\t\t\t\t<a href=\"https:\/\/www.insuco.com\/en\/final-evaluation-of-the-protana-project-for-fert\/\">Final evaluation of the ProTana project for Fert<\/a>\n\t\t\t\t\t\t\t\t\t\t\t<\/h2>\n\t\t\t\t\n\t\t\t\t\t<p class=\"post-meta\"><span class=\"published\">Jan 2022<\/span><\/p><div class=\"post-content\"><div class=\"post-content-inner\"><p>In 2013, a study by the Indian Ocean Commission indicated that&#8230;<\/p>\n<\/div><\/div>\t\t\t\n\t\t\t<\/article>\n\t\t\t\t\n\t\t\t<article id=\"post-35945\" class=\"et_pb_post clearfix et_pb_blog_item_0_107 post-35945 post type-post status-publish format-standard has-post-thumbnail hentry category-news-from-insuco tag-anciens-articles-avec-builder-en\">\n\n\t\t\t\t<div class=\"et_pb_image_container\"><a href=\"https:\/\/www.insuco.com\/en\/final-evaluation-of-the-citizen-participation-and-consultation-through-makon\/\" class=\"entry-featured-image-url\"><img loading=\"lazy\" decoding=\"async\" src=\"https:\/\/www.insuco.com\/wp-content\/uploads\/2022\/01\/illustration-Haiti-AfdEsc-400x250.png\" alt=\"Final evaluation of the &#8220;Citizen Participation and Consultation through Mak\u00f2n&#8221;\" class=\"\" srcset=\"https:\/\/www.insuco.com\/wp-content\/uploads\/2022\/01\/illustration-Haiti-AfdEsc.png 479w, https:\/\/www.insuco.com\/wp-content\/uploads\/2022\/01\/illustration-Haiti-AfdEsc-400x250.png 480w \" sizes=\"(max-width:479px) 479px, 100vw \"  width=\"400\" height=\"250\" \/><\/a><\/div>\n\t\t\t\t\t\t\t\t\t\t\t\t\t\t<h2 class=\"entry-title\">\n\t\t\t\t\t\t\t\t\t\t\t\t\t<a href=\"https:\/\/www.insuco.com\/en\/final-evaluation-of-the-citizen-participation-and-consultation-through-makon\/\">Final evaluation of the &#8220;Citizen Participation and Consultation through Mak\u00f2n&#8221;<\/a>\n\t\t\t\t\t\t\t\t\t\t\t<\/h2>\n\t\t\t\t\n\t\t\t\t\t<p class=\"post-meta\"><span class=\"published\">Jan 2022<\/span><\/p><div class=\"post-content\"><div class=\"post-content-inner\"><p>Insuco Haiti has carried out the final evaluation of the &#8220;Citizen Participation&#8230;<\/p>\n<\/div><\/div>\t\t\t\n\t\t\t<\/article>\n\t\t\t\t\n\t\t\t<article id=\"post-35786\" class=\"et_pb_post clearfix et_pb_blog_item_0_108 post-35786 post type-post status-publish format-standard has-post-thumbnail hentry category-news-from-insuco tag-anciens-articles-avec-builder-en\">\n\n\t\t\t\t<div class=\"et_pb_image_container\"><a href=\"https:\/\/www.insuco.com\/en\/best-wishes-for-2022\/\" class=\"entry-featured-image-url\"><img loading=\"lazy\" decoding=\"async\" src=\"https:\/\/www.insuco.com\/wp-content\/uploads\/2022\/01\/foto-fetes-de-fin-dannees-esc-400x250.png\" alt=\"Best wishes for 2022!\" class=\"\" srcset=\"https:\/\/www.insuco.com\/wp-content\/uploads\/2022\/01\/foto-fetes-de-fin-dannees-esc.png 479w, https:\/\/www.insuco.com\/wp-content\/uploads\/2022\/01\/foto-fetes-de-fin-dannees-esc-400x250.png 480w \" sizes=\"(max-width:479px) 479px, 100vw \"  width=\"400\" height=\"250\" \/><\/a><\/div>\n\t\t\t\t\t\t\t\t\t\t\t\t\t\t<h2 class=\"entry-title\">\n\t\t\t\t\t\t\t\t\t\t\t\t\t<a href=\"https:\/\/www.insuco.com\/en\/best-wishes-for-2022\/\">Best wishes for 2022!<\/a>\n\t\t\t\t\t\t\t\t\t\t\t<\/h2>\n\t\t\t\t\n\t\t\t\t\t<p class=\"post-meta\"><span class=\"published\">Jan 2022<\/span><\/p><div class=\"post-content\"><div class=\"post-content-inner\"><p>It is with great pleasure that all of the Insuco teams wish you happiness&#8230;<\/p>\n<\/div><\/div>\t\t\t\n\t\t\t<\/article>\n\t\t\t\t\n\t\t\t<article id=\"post-35761\" class=\"et_pb_post clearfix et_pb_blog_item_0_109 post-35761 post type-post status-publish format-standard has-post-thumbnail hentry category-news-from-insuco tag-anciens-articles-avec-builder-en\">\n\n\t\t\t\t<div class=\"et_pb_image_container\"><a href=\"https:\/\/www.insuco.com\/en\/evaluation-study-of-the-programme-dappui-a-la-creation-demplois-et-de-revenus-durables-pacerd\/\" class=\"entry-featured-image-url\"><img loading=\"lazy\" decoding=\"async\" src=\"https:\/\/www.insuco.com\/wp-content\/uploads\/2022\/01\/haiti-pacerd-1esc--400x250.jpg\" alt=\"Evaluation study of the Programme d&#8217;Appui \u00e0 la Cr\u00e9ation d&#8217;Emplois et de Revenus Durables (PACERD)\" class=\"\" srcset=\"https:\/\/www.insuco.com\/wp-content\/uploads\/2022\/01\/haiti-pacerd-1esc-.jpg 479w, https:\/\/www.insuco.com\/wp-content\/uploads\/2022\/01\/haiti-pacerd-1esc--400x250.jpg 480w \" sizes=\"(max-width:479px) 479px, 100vw \"  width=\"400\" height=\"250\" \/><\/a><\/div>\n\t\t\t\t\t\t\t\t\t\t\t\t\t\t<h2 class=\"entry-title\">\n\t\t\t\t\t\t\t\t\t\t\t\t\t<a href=\"https:\/\/www.insuco.com\/en\/evaluation-study-of-the-programme-dappui-a-la-creation-demplois-et-de-revenus-durables-pacerd\/\">Evaluation study of the Programme d&#8217;Appui \u00e0 la Cr\u00e9ation d&#8217;Emplois et de Revenus Durables (PACERD)<\/a>\n\t\t\t\t\t\t\t\t\t\t\t<\/h2>\n\t\t\t\t\n\t\t\t\t\t<p class=\"post-meta\"><span class=\"published\">Jan 2022<\/span><\/p><div class=\"post-content\"><div class=\"post-content-inner\"><p>Insuco Haiti is finalising an external evaluation study of the Programme&#8230;<\/p>\n<\/div><\/div>\t\t\t\n\t\t\t<\/article>\n\t\t\t\t\n\t\t\t<article id=\"post-35579\" class=\"et_pb_post clearfix et_pb_blog_item_0_110 post-35579 post type-post status-publish format-standard has-post-thumbnail hentry category-news-from-insuco tag-anciens-articles-avec-builder-en\">\n\n\t\t\t\t<div class=\"et_pb_image_container\"><a href=\"https:\/\/www.insuco.com\/en\/training-workshop-for-african-insucos-team-in-burkina-faso\/\" class=\"entry-featured-image-url\"><img loading=\"lazy\" decoding=\"async\" src=\"https:\/\/www.insuco.com\/wp-content\/uploads\/2021\/12\/formacion-afr-esc-400x250.jpg\" alt=\"Training workshop for African Insuco\u2019s Team in Burkina Faso\" class=\"\" srcset=\"https:\/\/www.insuco.com\/wp-content\/uploads\/2021\/12\/formacion-afr-esc.jpg 479w, https:\/\/www.insuco.com\/wp-content\/uploads\/2021\/12\/formacion-afr-esc-400x250.jpg 480w \" sizes=\"(max-width:479px) 479px, 100vw \"  width=\"400\" height=\"250\" \/><\/a><\/div>\n\t\t\t\t\t\t\t\t\t\t\t\t\t\t<h2 class=\"entry-title\">\n\t\t\t\t\t\t\t\t\t\t\t\t\t<a href=\"https:\/\/www.insuco.com\/en\/training-workshop-for-african-insucos-team-in-burkina-faso\/\">Training workshop for African Insuco\u2019s Team in Burkina Faso<\/a>\n\t\t\t\t\t\t\t\t\t\t\t<\/h2>\n\t\t\t\t\n\t\t\t\t\t<p class=\"post-meta\"><span class=\"published\">Dec 2021<\/span><\/p><div class=\"post-content\"><div class=\"post-content-inner\"><p>At the end of the year, the Insuco office in Burkina Faso welcomed&#8230;<\/p>\n<\/div><\/div>\t\t\t\n\t\t\t<\/article>\n\t\t\t\t\n\t\t\t<article id=\"post-35539\" class=\"et_pb_post clearfix et_pb_blog_item_0_111 post-35539 post type-post status-publish format-standard has-post-thumbnail hentry category-news-from-insuco tag-anciens-articles-avec-builder-en\">\n\n\t\t\t\t<div class=\"et_pb_image_container\"><a href=\"https:\/\/www.insuco.com\/en\/partnership-with-woman-in-mining-ecuador\/\" class=\"entry-featured-image-url\"><img loading=\"lazy\" decoding=\"async\" src=\"https:\/\/www.insuco.com\/wp-content\/uploads\/2021\/12\/wim-insuco-esc-400x250.jpg\" alt=\"Partnership with Woman in Mining Ecuador\" class=\"\" srcset=\"https:\/\/www.insuco.com\/wp-content\/uploads\/2021\/12\/wim-insuco-esc.jpg 479w, https:\/\/www.insuco.com\/wp-content\/uploads\/2021\/12\/wim-insuco-esc-400x250.jpg 480w \" sizes=\"(max-width:479px) 479px, 100vw \"  width=\"400\" height=\"250\" \/><\/a><\/div>\n\t\t\t\t\t\t\t\t\t\t\t\t\t\t<h2 class=\"entry-title\">\n\t\t\t\t\t\t\t\t\t\t\t\t\t<a href=\"https:\/\/www.insuco.com\/en\/partnership-with-woman-in-mining-ecuador\/\">Partnership with Woman in Mining Ecuador<\/a>\n\t\t\t\t\t\t\t\t\t\t\t<\/h2>\n\t\t\t\t\n\t\t\t\t\t<p class=\"post-meta\"><span class=\"published\">Dec 2021<\/span><\/p><div class=\"post-content\"><div class=\"post-content-inner\"><p>We are very pleased to announce that, since the last quarter of 2021&#8230;<\/p>\n<\/div><\/div>\t\t\t\n\t\t\t<\/article>\n\t\t\t\t\n\t\t\t<article id=\"post-35503\" class=\"et_pb_post clearfix et_pb_blog_item_0_112 post-35503 post type-post status-publish format-standard has-post-thumbnail hentry category-news-from-insuco tag-anciens-articles-avec-builder-en\">\n\n\t\t\t\t<div class=\"et_pb_image_container\"><a href=\"https:\/\/www.insuco.com\/en\/insuco-haiti-on-radio-vibration-in-trou-du-nord\/\" class=\"entry-featured-image-url\"><img loading=\"lazy\" decoding=\"async\" src=\"https:\/\/www.insuco.com\/wp-content\/uploads\/2021\/12\/Radio-400x250.png\" alt=\"Insuco Haiti on Radio Vibration in Trou du Nord\" class=\"\" srcset=\"https:\/\/www.insuco.com\/wp-content\/uploads\/2021\/12\/Radio.png 479w, https:\/\/www.insuco.com\/wp-content\/uploads\/2021\/12\/Radio-400x250.png 480w \" sizes=\"(max-width:479px) 479px, 100vw \"  width=\"400\" height=\"250\" \/><\/a><\/div>\n\t\t\t\t\t\t\t\t\t\t\t\t\t\t<h2 class=\"entry-title\">\n\t\t\t\t\t\t\t\t\t\t\t\t\t<a href=\"https:\/\/www.insuco.com\/en\/insuco-haiti-on-radio-vibration-in-trou-du-nord\/\">Insuco Haiti on Radio Vibration in Trou du Nord<\/a>\n\t\t\t\t\t\t\t\t\t\t\t<\/h2>\n\t\t\t\t\n\t\t\t\t\t<p class=\"post-meta\"><span class=\"published\">Dec 2021<\/span><\/p><div class=\"post-content\"><div class=\"post-content-inner\"><p>In the framework of the feasibility study for the &#8220;Poto Mitan&#8221; programme&#8230;<\/p>\n<\/div><\/div>\t\t\t\n\t\t\t<\/article>\n\t\t\t\t\n\t\t\t<article id=\"post-35433\" class=\"et_pb_post clearfix et_pb_blog_item_0_113 post-35433 post type-post status-publish format-standard has-post-thumbnail hentry category-news-from-insuco tag-anciens-articles-avec-builder-en\">\n\n\t\t\t\t<div class=\"et_pb_image_container\"><a href=\"https:\/\/www.insuco.com\/en\/strategic-collaboration-agreement-with-conacado\/\" class=\"entry-featured-image-url\"><img loading=\"lazy\" decoding=\"async\" src=\"https:\/\/www.insuco.com\/wp-content\/uploads\/2021\/12\/INSUCO-CONACADOesc-400x250.jpeg\" alt=\"Strategic collaboration agreement with CONACADO\" class=\"\" srcset=\"https:\/\/www.insuco.com\/wp-content\/uploads\/2021\/12\/INSUCO-CONACADOesc.jpeg 479w, https:\/\/www.insuco.com\/wp-content\/uploads\/2021\/12\/INSUCO-CONACADOesc-400x250.jpeg 480w \" sizes=\"(max-width:479px) 479px, 100vw \"  width=\"400\" height=\"250\" \/><\/a><\/div>\n\t\t\t\t\t\t\t\t\t\t\t\t\t\t<h2 class=\"entry-title\">\n\t\t\t\t\t\t\t\t\t\t\t\t\t<a href=\"https:\/\/www.insuco.com\/en\/strategic-collaboration-agreement-with-conacado\/\">Strategic collaboration agreement with CONACADO<\/a>\n\t\t\t\t\t\t\t\t\t\t\t<\/h2>\n\t\t\t\t\n\t\t\t\t\t<p class=\"post-meta\"><span class=\"published\">Dec 2021<\/span><\/p><div class=\"post-content\"><div class=\"post-content-inner\"><p>Accompanying the development of our activities in the Dominican&#8230;<\/p>\n<\/div><\/div>\t\t\t\n\t\t\t<\/article>\n\t\t\t\t\n\t\t\t<article id=\"post-35400\" class=\"et_pb_post clearfix et_pb_blog_item_0_114 post-35400 post type-post status-publish format-standard has-post-thumbnail hentry category-news-from-insuco tag-anciens-articles-avec-builder-en\">\n\n\t\t\t\t<div class=\"et_pb_image_container\"><a href=\"https:\/\/www.insuco.com\/en\/insuco-peru-conducts-human-rights-audit\/\" class=\"entry-featured-image-url\"><img loading=\"lazy\" decoding=\"async\" src=\"https:\/\/www.insuco.com\/wp-content\/uploads\/2021\/12\/dpperu-esc-400x250.png\" alt=\"Insuco Peru conducts human rights audit\" class=\"\" srcset=\"https:\/\/www.insuco.com\/wp-content\/uploads\/2021\/12\/dpperu-esc.png 479w, https:\/\/www.insuco.com\/wp-content\/uploads\/2021\/12\/dpperu-esc-400x250.png 480w \" sizes=\"(max-width:479px) 479px, 100vw \"  width=\"400\" height=\"250\" \/><\/a><\/div>\n\t\t\t\t\t\t\t\t\t\t\t\t\t\t<h2 class=\"entry-title\">\n\t\t\t\t\t\t\t\t\t\t\t\t\t<a href=\"https:\/\/www.insuco.com\/en\/insuco-peru-conducts-human-rights-audit\/\">Insuco Peru conducts human rights audit<\/a>\n\t\t\t\t\t\t\t\t\t\t\t<\/h2>\n\t\t\t\t\n\t\t\t\t\t<p class=\"post-meta\"><span class=\"published\">Dec 2021<\/span><\/p><div class=\"post-content\"><div class=\"post-content-inner\"><p>In recent months, INSUCO Peru has carried out a human rights&#8230;<\/p>\n<\/div><\/div>\t\t\t\n\t\t\t<\/article>\n\t\t\t\t\n\t\t\t<article id=\"post-35376\" class=\"et_pb_post clearfix et_pb_blog_item_0_115 post-35376 post type-post status-publish format-standard has-post-thumbnail hentry category-news-from-insuco tag-anciens-articles-avec-builder-en\">\n\n\t\t\t\t<div class=\"et_pb_image_container\"><a href=\"https:\/\/www.insuco.com\/en\/gis-capacity-building-at-insuco-guinea\/\" class=\"entry-featured-image-url\"><img loading=\"lazy\" decoding=\"async\" src=\"https:\/\/www.insuco.com\/wp-content\/uploads\/2021\/12\/esca-2-400x250.jpeg\" alt=\"GIS capacity building at Insuco Guinea\" class=\"\" srcset=\"https:\/\/www.insuco.com\/wp-content\/uploads\/2021\/12\/esca-2.jpeg 479w, https:\/\/www.insuco.com\/wp-content\/uploads\/2021\/12\/esca-2-400x250.jpeg 480w \" sizes=\"(max-width:479px) 479px, 100vw \"  width=\"400\" height=\"250\" \/><\/a><\/div>\n\t\t\t\t\t\t\t\t\t\t\t\t\t\t<h2 class=\"entry-title\">\n\t\t\t\t\t\t\t\t\t\t\t\t\t<a href=\"https:\/\/www.insuco.com\/en\/gis-capacity-building-at-insuco-guinea\/\">GIS capacity building at Insuco Guinea<\/a>\n\t\t\t\t\t\t\t\t\t\t\t<\/h2>\n\t\t\t\t\n\t\t\t\t\t<p class=\"post-meta\"><span class=\"published\">Dec 2021<\/span><\/p><div class=\"post-content\"><div class=\"post-content-inner\"><p>As part of our field surveys (inventories and socio-economic studies)&#8230;<\/p>\n<\/div><\/div>\t\t\t\n\t\t\t<\/article>\n\t\t\t\t\n\t\t\t<article id=\"post-35344\" class=\"et_pb_post clearfix et_pb_blog_item_0_116 post-35344 post type-post status-publish format-standard has-post-thumbnail hentry category-news-from-insuco tag-anciens-articles-avec-builder-en\">\n\n\t\t\t\t<div class=\"et_pb_image_container\"><a href=\"https:\/\/www.insuco.com\/en\/insuco-celebrates-france-week-in-santo-domingo\/\" class=\"entry-featured-image-url\"><img loading=\"lazy\" decoding=\"async\" src=\"https:\/\/www.insuco.com\/wp-content\/uploads\/2021\/12\/esca-400x250.jpeg\" alt=\"Insuco celebrates France week in Santo Domingo\" class=\"\" srcset=\"https:\/\/www.insuco.com\/wp-content\/uploads\/2021\/12\/esca.jpeg 479w, https:\/\/www.insuco.com\/wp-content\/uploads\/2021\/12\/esca-400x250.jpeg 480w \" sizes=\"(max-width:479px) 479px, 100vw \"  width=\"400\" height=\"250\" \/><\/a><\/div>\n\t\t\t\t\t\t\t\t\t\t\t\t\t\t<h2 class=\"entry-title\">\n\t\t\t\t\t\t\t\t\t\t\t\t\t<a href=\"https:\/\/www.insuco.com\/en\/insuco-celebrates-france-week-in-santo-domingo\/\">Insuco celebrates France week in Santo Domingo<\/a>\n\t\t\t\t\t\t\t\t\t\t\t<\/h2>\n\t\t\t\t\n\t\t\t\t\t<p class=\"post-meta\"><span class=\"published\">Dec 2021<\/span><\/p><div class=\"post-content\"><div class=\"post-content-inner\"><p>We are honoured to have participated in the celebration of the France&#8230;<\/p>\n<\/div><\/div>\t\t\t\n\t\t\t<\/article>\n\t\t\t\t\n\t\t\t<article id=\"post-35031\" class=\"et_pb_post clearfix et_pb_blog_item_0_117 post-35031 post type-post status-publish format-standard has-post-thumbnail hentry category-news-from-insuco tag-anciens-articles-avec-builder-en\">\n\n\t\t\t\t<div class=\"et_pb_image_container\"><a href=\"https:\/\/www.insuco.com\/en\/first-business-expo-congress-logistics-environment-oil-ecuamazonia-2021\/\" class=\"entry-featured-image-url\"><img loading=\"lazy\" decoding=\"async\" src=\"https:\/\/www.insuco.com\/wp-content\/uploads\/2021\/12\/ECUA-1-400x250.jpg\" alt=\"First business expo-congress: logistics, environment &#038; oil, ecuamazon\u00eda 2021\" class=\"\" srcset=\"https:\/\/www.insuco.com\/wp-content\/uploads\/2021\/12\/ECUA-1.jpg 479w, https:\/\/www.insuco.com\/wp-content\/uploads\/2021\/12\/ECUA-1-400x250.jpg 480w \" sizes=\"(max-width:479px) 479px, 100vw \"  width=\"400\" height=\"250\" \/><\/a><\/div>\n\t\t\t\t\t\t\t\t\t\t\t\t\t\t<h2 class=\"entry-title\">\n\t\t\t\t\t\t\t\t\t\t\t\t\t<a href=\"https:\/\/www.insuco.com\/en\/first-business-expo-congress-logistics-environment-oil-ecuamazonia-2021\/\">First business expo-congress: logistics, environment &#038; oil, ecuamazon\u00eda 2021<\/a>\n\t\t\t\t\t\t\t\t\t\t\t<\/h2>\n\t\t\t\t\n\t\t\t\t\t<p class=\"post-meta\"><span class=\"published\">Dec 2021<\/span><\/p><div class=\"post-content\"><div class=\"post-content-inner\"><p>The Chamber of Heavy Transport of Orellana, one of the main actors&#8230;<\/p>\n<\/div><\/div>\t\t\t\n\t\t\t<\/article>\n\t\t\t\t\n\t\t\t<article id=\"post-35000\" class=\"et_pb_post clearfix et_pb_blog_item_0_118 post-35000 post type-post status-publish format-standard has-post-thumbnail hentry category-news-from-insuco tag-anciens-articles-avec-builder-en\">\n\n\t\t\t\t<div class=\"et_pb_image_container\"><a href=\"https:\/\/www.insuco.com\/en\/step-2-role-playing-for-redd-in-burkina-action\/\" class=\"entry-featured-image-url\"><img loading=\"lazy\" decoding=\"async\" src=\"https:\/\/www.insuco.com\/wp-content\/uploads\/2021\/12\/esca-2-400x250.jpg\" alt=\"Step 2. Role-playing for REDD+ in Burkina: ACTION\" class=\"\" srcset=\"https:\/\/www.insuco.com\/wp-content\/uploads\/2021\/12\/esca-2.jpg 479w, https:\/\/www.insuco.com\/wp-content\/uploads\/2021\/12\/esca-2-400x250.jpg 480w \" sizes=\"(max-width:479px) 479px, 100vw \"  width=\"400\" height=\"250\" \/><\/a><\/div>\n\t\t\t\t\t\t\t\t\t\t\t\t\t\t<h2 class=\"entry-title\">\n\t\t\t\t\t\t\t\t\t\t\t\t\t<a href=\"https:\/\/www.insuco.com\/en\/step-2-role-playing-for-redd-in-burkina-action\/\">Step 2. Role-playing for REDD+ in Burkina: ACTION<\/a>\n\t\t\t\t\t\t\t\t\t\t\t<\/h2>\n\t\t\t\t\n\t\t\t\t\t<p class=\"post-meta\"><span class=\"published\">Dec 2021<\/span><\/p><div class=\"post-content\"><div class=\"post-content-inner\"><p>As part of its project for the Forest Investment Programme (PIF), the Insuco&#8230;<\/p>\n<\/div><\/div>\t\t\t\n\t\t\t<\/article>\n\t\t\t\t\n\t\t\t<article id=\"post-34928\" class=\"et_pb_post clearfix et_pb_blog_item_0_119 post-34928 post type-post status-publish format-standard has-post-thumbnail hentry category-news-from-insuco tag-anciens-articles-avec-builder-en\">\n\n\t\t\t\t<div class=\"et_pb_image_container\"><a href=\"https:\/\/www.insuco.com\/en\/choiseul-africa-business-forum\/\" class=\"entry-featured-image-url\"><img loading=\"lazy\" decoding=\"async\" src=\"https:\/\/www.insuco.com\/wp-content\/uploads\/2021\/11\/pascesc-400x250.jpg\" alt=\"Choiseul Africa Business Forum\" class=\"\" srcset=\"https:\/\/www.insuco.com\/wp-content\/uploads\/2021\/11\/pascesc.jpg 479w, https:\/\/www.insuco.com\/wp-content\/uploads\/2021\/11\/pascesc-400x250.jpg 480w \" sizes=\"(max-width:479px) 479px, 100vw \"  width=\"400\" height=\"250\" \/><\/a><\/div>\n\t\t\t\t\t\t\t\t\t\t\t\t\t\t<h2 class=\"entry-title\">\n\t\t\t\t\t\t\t\t\t\t\t\t\t<a href=\"https:\/\/www.insuco.com\/en\/choiseul-africa-business-forum\/\">Choiseul Africa Business Forum<\/a>\n\t\t\t\t\t\t\t\t\t\t\t<\/h2>\n\t\t\t\t\n\t\t\t\t\t<p class=\"post-meta\"><span class=\"published\">Nov 2021<\/span><\/p><div class=\"post-content\"><div class=\"post-content-inner\"><p>We are honored to have participated in the 2021 edition of the Choiseul&#8230;<\/p>\n<\/div><\/div>\t\t\t\n\t\t\t<\/article>\n\t\t\t\t\n\t\t\t<article id=\"post-34903\" class=\"et_pb_post clearfix et_pb_blog_item_0_120 post-34903 post type-post status-publish format-standard has-post-thumbnail hentry category-news-from-insuco tag-anciens-articles-avec-builder-en\">\n\n\t\t\t\t<div class=\"et_pb_image_container\"><a href=\"https:\/\/www.insuco.com\/en\/episode-4-now-available\/\" class=\"entry-featured-image-url\"><img loading=\"lazy\" decoding=\"async\" src=\"https:\/\/www.insuco.com\/wp-content\/uploads\/2021\/11\/ep-4-esc-400x250.jpg\" alt=\"Episode 4 now available!\" class=\"\" srcset=\"https:\/\/www.insuco.com\/wp-content\/uploads\/2021\/11\/ep-4-esc.jpg 479w, https:\/\/www.insuco.com\/wp-content\/uploads\/2021\/11\/ep-4-esc-400x250.jpg 480w \" sizes=\"(max-width:479px) 479px, 100vw \"  width=\"400\" height=\"250\" \/><\/a><\/div>\n\t\t\t\t\t\t\t\t\t\t\t\t\t\t<h2 class=\"entry-title\">\n\t\t\t\t\t\t\t\t\t\t\t\t\t<a href=\"https:\/\/www.insuco.com\/en\/episode-4-now-available\/\">Episode 4 now available!<\/a>\n\t\t\t\t\t\t\t\t\t\t\t<\/h2>\n\t\t\t\t\n\t\t\t\t\t<p class=\"post-meta\"><span class=\"published\">Nov 2021<\/span><\/p><div class=\"post-content\"><div class=\"post-content-inner\"><p>Insuco, with the support of the Ford Foundation and in collaboration with ICSI&#8230;<\/p>\n<\/div><\/div>\t\t\t\n\t\t\t<\/article>\n\t\t\t\t\n\t\t\t<article id=\"post-34872\" class=\"et_pb_post clearfix et_pb_blog_item_0_121 post-34872 post type-post status-publish format-standard has-post-thumbnail hentry category-news-from-insuco tag-anciens-articles-avec-builder-en\">\n\n\t\t\t\t<div class=\"et_pb_image_container\"><a href=\"https:\/\/www.insuco.com\/en\/multi-actor-dialogue-and-collective-action-for-territorial-transformation\/\" class=\"entry-featured-image-url\"><img loading=\"lazy\" decoding=\"async\" src=\"https:\/\/www.insuco.com\/wp-content\/uploads\/2021\/11\/guillen-esc-400x250.jpeg\" alt=\"&#8220;Multi-actor dialogue and collective action for territorial transformation&#8221;\" class=\"\" srcset=\"https:\/\/www.insuco.com\/wp-content\/uploads\/2021\/11\/guillen-esc.jpeg 479w, https:\/\/www.insuco.com\/wp-content\/uploads\/2021\/11\/guillen-esc-400x250.jpeg 480w \" sizes=\"(max-width:479px) 479px, 100vw \"  width=\"400\" height=\"250\" \/><\/a><\/div>\n\t\t\t\t\t\t\t\t\t\t\t\t\t\t<h2 class=\"entry-title\">\n\t\t\t\t\t\t\t\t\t\t\t\t\t<a href=\"https:\/\/www.insuco.com\/en\/multi-actor-dialogue-and-collective-action-for-territorial-transformation\/\">&#8220;Multi-actor dialogue and collective action for territorial transformation&#8221;<\/a>\n\t\t\t\t\t\t\t\t\t\t\t<\/h2>\n\t\t\t\t\n\t\t\t\t\t<p class=\"post-meta\"><span class=\"published\">Nov 2021<\/span><\/p><div class=\"post-content\"><div class=\"post-content-inner\"><p>Guillen Calvo, INSUCO&#8217;s General Director for Latin America and the Caribbean&#8230;<\/p>\n<\/div><\/div>\t\t\t\n\t\t\t<\/article>\n\t\t\t\t\n\t\t\t<article id=\"post-34835\" class=\"et_pb_post clearfix et_pb_blog_item_0_122 post-34835 post type-post status-publish format-standard has-post-thumbnail hentry category-news-from-insuco tag-anciens-articles-avec-builder-en\">\n\n\t\t\t\t<div class=\"et_pb_image_container\"><a href=\"https:\/\/www.insuco.com\/en\/gender-equality-guidelines-of-the-colombian-ministry-of-mines-and-energy-phase-ii\/\" class=\"entry-featured-image-url\"><img loading=\"lazy\" decoding=\"async\" src=\"https:\/\/www.insuco.com\/wp-content\/uploads\/2021\/11\/esc-1-infografia-400x250.jpg\" alt=\"Gender Equality Guidelines of the Colombian Ministry of Mines and Energy Phase II\" class=\"\" srcset=\"https:\/\/www.insuco.com\/wp-content\/uploads\/2021\/11\/esc-1-infografia.jpg 479w, https:\/\/www.insuco.com\/wp-content\/uploads\/2021\/11\/esc-1-infografia-400x250.jpg 480w \" sizes=\"(max-width:479px) 479px, 100vw \"  width=\"400\" height=\"250\" \/><\/a><\/div>\n\t\t\t\t\t\t\t\t\t\t\t\t\t\t<h2 class=\"entry-title\">\n\t\t\t\t\t\t\t\t\t\t\t\t\t<a href=\"https:\/\/www.insuco.com\/en\/gender-equality-guidelines-of-the-colombian-ministry-of-mines-and-energy-phase-ii\/\">Gender Equality Guidelines of the Colombian Ministry of Mines and Energy Phase II<\/a>\n\t\t\t\t\t\t\t\t\t\t\t<\/h2>\n\t\t\t\t\n\t\t\t\t\t<p class=\"post-meta\"><span class=\"published\">Nov 2021<\/span><\/p><div class=\"post-content\"><div class=\"post-content-inner\"><p>The mining and energy sector continues to mobilize in favor of gender equity&#8230;<\/p>\n<\/div><\/div>\t\t\t\n\t\t\t<\/article>\n\t\t\t\t\n\t\t\t<article id=\"post-34802\" class=\"et_pb_post clearfix et_pb_blog_item_0_123 post-34802 post type-post status-publish format-standard has-post-thumbnail hentry category-news-from-insuco tag-anciens-articles-avec-builder-en\">\n\n\t\t\t\t<div class=\"et_pb_image_container\"><a href=\"https:\/\/www.insuco.com\/en\/insuco-participated-in-the-9th-edition-of-the-mining-and-petroleum-days-of-mali-2021\/\" class=\"entry-featured-image-url\"><img loading=\"lazy\" decoding=\"async\" src=\"https:\/\/www.insuco.com\/wp-content\/uploads\/2021\/11\/esc-mali-400x250.jpg\" alt=\"Insuco participated in the 9th edition of the Mining and Petroleum Days of Mali 2021\" class=\"\" srcset=\"https:\/\/www.insuco.com\/wp-content\/uploads\/2021\/11\/esc-mali.jpg 479w, https:\/\/www.insuco.com\/wp-content\/uploads\/2021\/11\/esc-mali-400x250.jpg 480w \" sizes=\"(max-width:479px) 479px, 100vw \"  width=\"400\" height=\"250\" \/><\/a><\/div>\n\t\t\t\t\t\t\t\t\t\t\t\t\t\t<h2 class=\"entry-title\">\n\t\t\t\t\t\t\t\t\t\t\t\t\t<a href=\"https:\/\/www.insuco.com\/en\/insuco-participated-in-the-9th-edition-of-the-mining-and-petroleum-days-of-mali-2021\/\">Insuco participated in the 9th edition of the Mining and Petroleum Days of Mali 2021<\/a>\n\t\t\t\t\t\t\t\t\t\t\t<\/h2>\n\t\t\t\t\n\t\t\t\t\t<p class=\"post-meta\"><span class=\"published\">Nov 2021<\/span><\/p><div class=\"post-content\"><div class=\"post-content-inner\"><p>We are honored to have participated in the 9th edition of the Mining and Petroleum&#8230;<\/p>\n<\/div><\/div>\t\t\t\n\t\t\t<\/article>\n\t\t\t\t\n\t\t\t<article id=\"post-34690\" class=\"et_pb_post clearfix et_pb_blog_item_0_124 post-34690 post type-post status-publish format-standard has-post-thumbnail hentry category-news-from-insuco tag-anciens-articles-avec-builder-en\">\n\n\t\t\t\t<div class=\"et_pb_image_container\"><a href=\"https:\/\/www.insuco.com\/en\/colombia-gold-symposium-2021-cgs2021\/\" class=\"entry-featured-image-url\"><img loading=\"lazy\" decoding=\"async\" src=\"https:\/\/www.insuco.com\/wp-content\/uploads\/2021\/11\/pag-1-400x250.jpeg\" alt=\"Colombia Gold Symposium 2021 (CGS2021)\" class=\"\" srcset=\"https:\/\/www.insuco.com\/wp-content\/uploads\/2021\/11\/pag-1.jpeg 479w, https:\/\/www.insuco.com\/wp-content\/uploads\/2021\/11\/pag-1-400x250.jpeg 480w \" sizes=\"(max-width:479px) 479px, 100vw \"  width=\"400\" height=\"250\" \/><\/a><\/div>\n\t\t\t\t\t\t\t\t\t\t\t\t\t\t<h2 class=\"entry-title\">\n\t\t\t\t\t\t\t\t\t\t\t\t\t<a href=\"https:\/\/www.insuco.com\/en\/colombia-gold-symposium-2021-cgs2021\/\">Colombia Gold Symposium 2021 (CGS2021)<\/a>\n\t\t\t\t\t\t\t\t\t\t\t<\/h2>\n\t\t\t\t\n\t\t\t\t\t<p class=\"post-meta\"><span class=\"published\">Nov 2021<\/span><\/p><div class=\"post-content\"><div class=\"post-content-inner\"><p>Guill\u00e9n Calvo, Insuco&#8217;s General Director for Latin America and the Caribbean&#8230;<\/p>\n<\/div><\/div>\t\t\t\n\t\t\t<\/article>\n\t\t\t\t\n\t\t\t<article id=\"post-34640\" class=\"et_pb_post clearfix et_pb_blog_item_0_125 post-34640 post type-post status-publish format-standard has-post-thumbnail hentry category-news-from-insuco tag-anciens-articles-avec-builder-en\">\n\n\t\t\t\t<div class=\"et_pb_image_container\"><a href=\"https:\/\/www.insuco.com\/en\/social-survey-in-guinea-for-a-power-line-project\/\" class=\"entry-featured-image-url\"><img loading=\"lazy\" decoding=\"async\" src=\"https:\/\/www.insuco.com\/wp-content\/uploads\/2021\/11\/ESC-4-394x250.jpg\" alt=\"Social Survey in Guinea for a Power Line Project\" class=\"\" srcset=\"https:\/\/www.insuco.com\/wp-content\/uploads\/2021\/11\/ESC-4.jpg 479w, https:\/\/www.insuco.com\/wp-content\/uploads\/2021\/11\/ESC-4-394x250.jpg 480w \" sizes=\"(max-width:479px) 479px, 100vw \"  width=\"400\" height=\"250\" \/><\/a><\/div>\n\t\t\t\t\t\t\t\t\t\t\t\t\t\t<h2 class=\"entry-title\">\n\t\t\t\t\t\t\t\t\t\t\t\t\t<a href=\"https:\/\/www.insuco.com\/en\/social-survey-in-guinea-for-a-power-line-project\/\">Social Survey in Guinea for a Power Line Project<\/a>\n\t\t\t\t\t\t\t\t\t\t\t<\/h2>\n\t\t\t\t\n\t\t\t\t\t<p class=\"post-meta\"><span class=\"published\">Nov 2021<\/span><\/p><div class=\"post-content\"><div class=\"post-content-inner\"><p>Insuco conducts its social studies in accordance with national and international&#8230;<\/p>\n<\/div><\/div>\t\t\t\n\t\t\t<\/article>\n\t\t\t\t\n\t\t\t<article id=\"post-34564\" class=\"et_pb_post clearfix et_pb_blog_item_0_126 post-34564 post type-post status-publish format-standard has-post-thumbnail hentry category-news-from-insuco tag-anciens-articles-avec-builder-en\">\n\n\t\t\t\t<div class=\"et_pb_image_container\"><a href=\"https:\/\/www.insuco.com\/en\/environmental-and-social-impact-studies-in-benin\/\" class=\"entry-featured-image-url\"><img loading=\"lazy\" decoding=\"async\" src=\"https:\/\/www.insuco.com\/wp-content\/uploads\/2021\/11\/imagen-1-afdnbenin.jpg\" alt=\"Environmental and social impact studies in Benin\" class=\"\" srcset=\"https:\/\/www.insuco.com\/wp-content\/uploads\/2021\/11\/imagen-1-afdnbenin.jpg 479w, https:\/\/www.insuco.com\/wp-content\/uploads\/2021\/11\/imagen-1-afdnbenin.jpg 480w \" sizes=\"(max-width:479px) 479px, 100vw \"  width=\"400\" height=\"250\" \/><\/a><\/div>\n\t\t\t\t\t\t\t\t\t\t\t\t\t\t<h2 class=\"entry-title\">\n\t\t\t\t\t\t\t\t\t\t\t\t\t<a href=\"https:\/\/www.insuco.com\/en\/environmental-and-social-impact-studies-in-benin\/\">Environmental and social impact studies in Benin<\/a>\n\t\t\t\t\t\t\t\t\t\t\t<\/h2>\n\t\t\t\t\n\t\t\t\t\t<p class=\"post-meta\"><span class=\"published\">Nov 2021<\/span><\/p><div class=\"post-content\"><div class=\"post-content-inner\"><p>As Benin welcomes the 26 works of art returned by France, Insuco&#8230;<\/p>\n<\/div><\/div>\t\t\t\n\t\t\t<\/article>\n\t\t\t\t\n\t\t\t<article id=\"post-34594\" class=\"et_pb_post clearfix et_pb_blog_item_0_127 post-34594 post type-post status-publish format-standard has-post-thumbnail hentry category-news-from-insuco tag-anciens-articles-avec-builder-en\">\n\n\t\t\t\t<div class=\"et_pb_image_container\"><a href=\"https:\/\/www.insuco.com\/en\/episode-3-now-available\/\" class=\"entry-featured-image-url\"><img loading=\"lazy\" decoding=\"async\" src=\"https:\/\/www.insuco.com\/wp-content\/uploads\/2021\/11\/WhatsApp-Image-2021-11-12-at-12.00.24-PM-400x250.jpeg\" alt=\"Episode 3 now available!\u00a0\" class=\"\" srcset=\"https:\/\/www.insuco.com\/wp-content\/uploads\/2021\/11\/WhatsApp-Image-2021-11-12-at-12.00.24-PM.jpeg 479w, https:\/\/www.insuco.com\/wp-content\/uploads\/2021\/11\/WhatsApp-Image-2021-11-12-at-12.00.24-PM-400x250.jpeg 480w \" sizes=\"(max-width:479px) 479px, 100vw \"  width=\"400\" height=\"250\" \/><\/a><\/div>\n\t\t\t\t\t\t\t\t\t\t\t\t\t\t<h2 class=\"entry-title\">\n\t\t\t\t\t\t\t\t\t\t\t\t\t<a href=\"https:\/\/www.insuco.com\/en\/episode-3-now-available\/\">Episode 3 now available!\u00a0<\/a>\n\t\t\t\t\t\t\t\t\t\t\t<\/h2>\n\t\t\t\t\n\t\t\t\t\t<p class=\"post-meta\"><span class=\"published\">Nov 2021<\/span><\/p><div class=\"post-content\"><div class=\"post-content-inner\"><p>Insuco, with the support of the Ford Foundation and in collaboration with the #ICSI (Insuco&#8230;<\/p>\n<\/div><\/div>\t\t\t\n\t\t\t<\/article>\n\t\t\t\t\n\t\t\t<article id=\"post-34237\" class=\"et_pb_post clearfix et_pb_blog_item_0_128 post-34237 post type-post status-publish format-standard has-post-thumbnail hentry category-news-from-insuco tag-anciens-articles-avec-builder-en\">\n\n\t\t\t\t<div class=\"et_pb_image_container\"><a href=\"https:\/\/www.insuco.com\/en\/insuco-innovates-role-playing-games-for-redd\/\" class=\"entry-featured-image-url\"><img loading=\"lazy\" decoding=\"async\" src=\"https:\/\/www.insuco.com\/wp-content\/uploads\/2021\/11\/burkinaesc-400x250.jpg\" alt=\"Insuco innovates: role-playing games for REDD+\" class=\"\" srcset=\"https:\/\/www.insuco.com\/wp-content\/uploads\/2021\/11\/burkinaesc.jpg 479w, https:\/\/www.insuco.com\/wp-content\/uploads\/2021\/11\/burkinaesc-400x250.jpg 480w \" sizes=\"(max-width:479px) 479px, 100vw \"  width=\"400\" height=\"250\" \/><\/a><\/div>\n\t\t\t\t\t\t\t\t\t\t\t\t\t\t<h2 class=\"entry-title\">\n\t\t\t\t\t\t\t\t\t\t\t\t\t<a href=\"https:\/\/www.insuco.com\/en\/insuco-innovates-role-playing-games-for-redd\/\">Insuco innovates: role-playing games for REDD+<\/a>\n\t\t\t\t\t\t\t\t\t\t\t<\/h2>\n\t\t\t\t\n\t\t\t\t\t<p class=\"post-meta\"><span class=\"published\">Nov 2021<\/span><\/p><div class=\"post-content\"><div class=\"post-content-inner\"><p>As part of the Forest Investment Program (PIF) activities in Burkina Faso&#8230;<\/p>\n<\/div><\/div>\t\t\t\n\t\t\t<\/article>\n\t\t\t\t\n\t\t\t<article id=\"post-34163\" class=\"et_pb_post clearfix et_pb_blog_item_0_129 post-34163 post type-post status-publish format-standard has-post-thumbnail hentry category-news-from-insuco tag-anciens-articles-avec-builder-en\">\n\n\t\t\t\t<div class=\"et_pb_image_container\"><a href=\"https:\/\/www.insuco.com\/en\/condolences\/\" class=\"entry-featured-image-url\"><img loading=\"lazy\" decoding=\"async\" src=\"https:\/\/www.insuco.com\/wp-content\/uploads\/2021\/11\/NOTA-DE-PESAR_esc-400x250.jpg\" alt=\"Condolences\" class=\"\" srcset=\"https:\/\/www.insuco.com\/wp-content\/uploads\/2021\/11\/NOTA-DE-PESAR_esc.jpg 479w, https:\/\/www.insuco.com\/wp-content\/uploads\/2021\/11\/NOTA-DE-PESAR_esc-400x250.jpg 480w \" sizes=\"(max-width:479px) 479px, 100vw \"  width=\"400\" height=\"250\" \/><\/a><\/div>\n\t\t\t\t\t\t\t\t\t\t\t\t\t\t<h2 class=\"entry-title\">\n\t\t\t\t\t\t\t\t\t\t\t\t\t<a href=\"https:\/\/www.insuco.com\/en\/condolences\/\">Condolences<\/a>\n\t\t\t\t\t\t\t\t\t\t\t<\/h2>\n\t\t\t\t\n\t\t\t\t\t<p class=\"post-meta\"><span class=\"published\">Oct 2021<\/span><\/p><div class=\"post-content\"><div class=\"post-content-inner\"><p>The INSUCO team expresses its heartfelt condolences for the death of&#8230;<\/p>\n<\/div><\/div>\t\t\t\n\t\t\t<\/article>\n\t\t\t\t\n\t\t\t<article id=\"post-34210\" class=\"et_pb_post clearfix et_pb_blog_item_0_130 post-34210 post type-post status-publish format-standard has-post-thumbnail hentry category-news-from-insuco tag-anciens-articles-avec-builder-en\">\n\n\t\t\t\t<div class=\"et_pb_image_container\"><a href=\"https:\/\/www.insuco.com\/en\/episode-2-now-available\/\" class=\"entry-featured-image-url\"><img loading=\"lazy\" decoding=\"async\" src=\"https:\/\/www.insuco.com\/wp-content\/uploads\/2021\/11\/ep-2esc-400x250.jpg\" alt=\"Episode 2 now available!\" class=\"\" srcset=\"https:\/\/www.insuco.com\/wp-content\/uploads\/2021\/11\/ep-2esc.jpg 479w, https:\/\/www.insuco.com\/wp-content\/uploads\/2021\/11\/ep-2esc-400x250.jpg 480w \" sizes=\"(max-width:479px) 479px, 100vw \"  width=\"400\" height=\"250\" \/><\/a><\/div>\n\t\t\t\t\t\t\t\t\t\t\t\t\t\t<h2 class=\"entry-title\">\n\t\t\t\t\t\t\t\t\t\t\t\t\t<a href=\"https:\/\/www.insuco.com\/en\/episode-2-now-available\/\">Episode 2 now available!<\/a>\n\t\t\t\t\t\t\t\t\t\t\t<\/h2>\n\t\t\t\t\n\t\t\t\t\t<p class=\"post-meta\"><span class=\"published\">Oct 2021<\/span><\/p><div class=\"post-content\"><div class=\"post-content-inner\"><p>Insuco, with the support of the Ford Foundation and in collaboration with the ICSI&#8230;<\/p>\n<\/div><\/div>\t\t\t\n\t\t\t<\/article>\n\t\t\t\t\n\t\t\t<article id=\"post-34112\" class=\"et_pb_post clearfix et_pb_blog_item_0_131 post-34112 post type-post status-publish format-standard has-post-thumbnail hentry category-news-from-insuco tag-anciens-articles-avec-builder-en\">\n\n\t\t\t\t<div class=\"et_pb_image_container\"><a href=\"https:\/\/www.insuco.com\/en\/ifsras-first-doctorate\/\" class=\"entry-featured-image-url\"><img loading=\"lazy\" decoding=\"async\" src=\"https:\/\/www.insuco.com\/wp-content\/uploads\/2021\/10\/avis_soutenance_A.OUEDRAOGO_e-400x250.jpg\" alt=\"IFSRA&#8217;s first doctorate\" class=\"\" srcset=\"https:\/\/www.insuco.com\/wp-content\/uploads\/2021\/10\/avis_soutenance_A.OUEDRAOGO_e.jpg 479w, https:\/\/www.insuco.com\/wp-content\/uploads\/2021\/10\/avis_soutenance_A.OUEDRAOGO_e-400x250.jpg 480w \" sizes=\"(max-width:479px) 479px, 100vw \"  width=\"400\" height=\"250\" \/><\/a><\/div>\n\t\t\t\t\t\t\t\t\t\t\t\t\t\t<h2 class=\"entry-title\">\n\t\t\t\t\t\t\t\t\t\t\t\t\t<a href=\"https:\/\/www.insuco.com\/en\/ifsras-first-doctorate\/\">IFSRA&#8217;s first doctorate<\/a>\n\t\t\t\t\t\t\t\t\t\t\t<\/h2>\n\t\t\t\t\n\t\t\t\t\t<p class=\"post-meta\"><span class=\"published\">Oct 2021<\/span><\/p><div class=\"post-content\"><div class=\"post-content-inner\"><p>We are pleased to announce that Aliz\u00e9ta Ou\u00e9draogo has been awarded the degree&#8230;<\/p>\n<\/div><\/div>\t\t\t\n\t\t\t<\/article>\n\t\t\t\t\n\t\t\t<article id=\"post-34035\" class=\"et_pb_post clearfix et_pb_blog_item_0_132 post-34035 post type-post status-publish format-standard has-post-thumbnail hentry category-news-from-insuco tag-anciens-articles-avec-builder-en\">\n\n\t\t\t\t<div class=\"et_pb_image_container\"><a href=\"https:\/\/www.insuco.com\/en\/episode-1-now-available\/\" class=\"entry-featured-image-url\"><img loading=\"lazy\" decoding=\"async\" src=\"https:\/\/www.insuco.com\/wp-content\/uploads\/2021\/10\/Episode-1-podcast-esc-400x250.jpg\" alt=\"Episode 1 now available!\" class=\"\" srcset=\"https:\/\/www.insuco.com\/wp-content\/uploads\/2021\/10\/Episode-1-podcast-esc.jpg 479w, https:\/\/www.insuco.com\/wp-content\/uploads\/2021\/10\/Episode-1-podcast-esc-400x250.jpg 480w \" sizes=\"(max-width:479px) 479px, 100vw \"  width=\"400\" height=\"250\" \/><\/a><\/div>\n\t\t\t\t\t\t\t\t\t\t\t\t\t\t<h2 class=\"entry-title\">\n\t\t\t\t\t\t\t\t\t\t\t\t\t<a href=\"https:\/\/www.insuco.com\/en\/episode-1-now-available\/\">Episode 1 now available!<\/a>\n\t\t\t\t\t\t\t\t\t\t\t<\/h2>\n\t\t\t\t\n\t\t\t\t\t<p class=\"post-meta\"><span class=\"published\">Oct 2021<\/span><\/p><div class=\"post-content\"><div class=\"post-content-inner\"><p>Insuco, with the support of the Ford Foundation and in collaboration with ICSI&#8230;<\/p>\n<\/div><\/div>\t\t\t\n\t\t\t<\/article>\n\t\t\t\t\n\t\t\t<article id=\"post-33987\" class=\"et_pb_post clearfix et_pb_blog_item_0_133 post-33987 post type-post status-publish format-standard has-post-thumbnail hentry category-news-from-insuco tag-anciens-articles-avec-builder-en\">\n\n\t\t\t\t<div class=\"et_pb_image_container\"><a href=\"https:\/\/www.insuco.com\/en\/new-office-in-quito\/\" class=\"entry-featured-image-url\"><img loading=\"lazy\" decoding=\"async\" src=\"https:\/\/www.insuco.com\/wp-content\/uploads\/2021\/10\/ECUA-6-400x250.jpg\" alt=\"New office in Quito\" class=\"\" srcset=\"https:\/\/www.insuco.com\/wp-content\/uploads\/2021\/10\/ECUA-6.jpg 479w, https:\/\/www.insuco.com\/wp-content\/uploads\/2021\/10\/ECUA-6-400x250.jpg 480w \" sizes=\"(max-width:479px) 479px, 100vw \"  width=\"400\" height=\"250\" \/><\/a><\/div>\n\t\t\t\t\t\t\t\t\t\t\t\t\t\t<h2 class=\"entry-title\">\n\t\t\t\t\t\t\t\t\t\t\t\t\t<a href=\"https:\/\/www.insuco.com\/en\/new-office-in-quito\/\">New office in Quito<\/a>\n\t\t\t\t\t\t\t\t\t\t\t<\/h2>\n\t\t\t\t\n\t\t\t\t\t<p class=\"post-meta\"><span class=\"published\">Oct 2021<\/span><\/p><div class=\"post-content\"><div class=\"post-content-inner\"><p>INSUCO Ecuador opens its new office in Quito, located on the 12th floor of&#8230;<\/p>\n<\/div><\/div>\t\t\t\n\t\t\t<\/article>\n\t\t\t\t\n\t\t\t<article id=\"post-33953\" class=\"et_pb_post clearfix et_pb_blog_item_0_134 post-33953 post type-post status-publish format-standard has-post-thumbnail hentry category-news-from-insuco tag-anciens-articles-avec-builder-en\">\n\n\t\t\t\t<div class=\"et_pb_image_container\"><a href=\"https:\/\/www.insuco.com\/en\/baseline-study-between-maneah-and-linsan-in-guinea\/\" class=\"entry-featured-image-url\"><img loading=\"lazy\" decoding=\"async\" src=\"https:\/\/www.insuco.com\/wp-content\/uploads\/2021\/10\/fotopres-400x250.jpeg\" alt=\"Baseline Study between Maneah and Linsan in Guinea\" class=\"\" srcset=\"https:\/\/www.insuco.com\/wp-content\/uploads\/2021\/10\/fotopres.jpeg 479w, https:\/\/www.insuco.com\/wp-content\/uploads\/2021\/10\/fotopres-400x250.jpeg 480w \" sizes=\"(max-width:479px) 479px, 100vw \"  width=\"400\" height=\"250\" \/><\/a><\/div>\n\t\t\t\t\t\t\t\t\t\t\t\t\t\t<h2 class=\"entry-title\">\n\t\t\t\t\t\t\t\t\t\t\t\t\t<a href=\"https:\/\/www.insuco.com\/en\/baseline-study-between-maneah-and-linsan-in-guinea\/\">Baseline Study between Maneah and Linsan in Guinea<\/a>\n\t\t\t\t\t\t\t\t\t\t\t<\/h2>\n\t\t\t\t\n\t\t\t\t\t<p class=\"post-meta\"><span class=\"published\">Oct 2021<\/span><\/p><div class=\"post-content\"><div class=\"post-content-inner\"><p>Our teams in Conakry had the opportunity to participate in a field day with teams&#8230;<\/p>\n<\/div><\/div>\t\t\t\n\t\t\t<\/article>\n\t\t\t\t\n\t\t\t<article id=\"post-33903\" class=\"et_pb_post clearfix et_pb_blog_item_0_135 post-33903 post type-post status-publish format-standard has-post-thumbnail hentry category-news-from-insuco tag-anciens-articles-avec-builder-en\">\n\n\t\t\t\t<div class=\"et_pb_image_container\"><a href=\"https:\/\/www.insuco.com\/en\/technical-training-in-haiti\/\" class=\"entry-featured-image-url\"><img loading=\"lazy\" decoding=\"async\" src=\"https:\/\/www.insuco.com\/wp-content\/uploads\/2021\/10\/haiti-post-400x250.png\" alt=\"Technical Training in Haiti\" class=\"\" srcset=\"https:\/\/www.insuco.com\/wp-content\/uploads\/2021\/10\/haiti-post.png 479w, https:\/\/www.insuco.com\/wp-content\/uploads\/2021\/10\/haiti-post-400x250.png 480w \" sizes=\"(max-width:479px) 479px, 100vw \"  width=\"400\" height=\"250\" \/><\/a><\/div>\n\t\t\t\t\t\t\t\t\t\t\t\t\t\t<h2 class=\"entry-title\">\n\t\t\t\t\t\t\t\t\t\t\t\t\t<a href=\"https:\/\/www.insuco.com\/en\/technical-training-in-haiti\/\">Technical Training in Haiti<\/a>\n\t\t\t\t\t\t\t\t\t\t\t<\/h2>\n\t\t\t\t\n\t\t\t\t\t<p class=\"post-meta\"><span class=\"published\">Oct 2021<\/span><\/p><div class=\"post-content\"><div class=\"post-content-inner\"><p>Within the framework of the support program to the transport sector, and more&#8230;<\/p>\n<\/div><\/div>\t\t\t\n\t\t\t<\/article>\n\t\t\t\t\n\t\t\t<article id=\"post-33678\" class=\"et_pb_post clearfix et_pb_blog_item_0_136 post-33678 post type-post status-publish format-standard has-post-thumbnail hentry category-news-from-insuco tag-anciens-articles-avec-builder-en\">\n\n\t\t\t\t<div class=\"et_pb_image_container\"><a href=\"https:\/\/www.insuco.com\/en\/launch-of-the-podcast-enlace-territorial\/\" class=\"entry-featured-image-url\"><img loading=\"lazy\" decoding=\"async\" src=\"https:\/\/www.insuco.com\/wp-content\/uploads\/2021\/10\/Publi-lanzamiento-400x250.jpg\" alt=\"Launch of the podcast: &#8220;Enlace Territorial&#8221;\" class=\"\" srcset=\"https:\/\/www.insuco.com\/wp-content\/uploads\/2021\/10\/Publi-lanzamiento.jpg 479w, https:\/\/www.insuco.com\/wp-content\/uploads\/2021\/10\/Publi-lanzamiento-400x250.jpg 480w \" sizes=\"(max-width:479px) 479px, 100vw \"  width=\"400\" height=\"250\" \/><\/a><\/div>\n\t\t\t\t\t\t\t\t\t\t\t\t\t\t<h2 class=\"entry-title\">\n\t\t\t\t\t\t\t\t\t\t\t\t\t<a href=\"https:\/\/www.insuco.com\/en\/launch-of-the-podcast-enlace-territorial\/\">Launch of the podcast: &#8220;Enlace Territorial&#8221;<\/a>\n\t\t\t\t\t\t\t\t\t\t\t<\/h2>\n\t\t\t\t\n\t\t\t\t\t<p class=\"post-meta\"><span class=\"published\">Oct 2021<\/span><\/p><div class=\"post-content\"><div class=\"post-content-inner\"><p>The territories of Latin America and the Caribbean are undergoing constant&#8230;..<\/p>\n<\/div><\/div>\t\t\t\n\t\t\t<\/article>\n\t\t\t\t\n\t\t\t<article id=\"post-33709\" class=\"et_pb_post clearfix et_pb_blog_item_0_137 post-33709 post type-post status-publish format-standard has-post-thumbnail hentry category-news-from-insuco tag-anciens-articles-avec-builder-en\">\n\n\t\t\t\t<div class=\"et_pb_image_container\"><a href=\"https:\/\/www.insuco.com\/en\/exploratory-research-on-coastal-migration-in-madagascar\/\" class=\"entry-featured-image-url\"><img loading=\"lazy\" decoding=\"async\" src=\"https:\/\/www.insuco.com\/wp-content\/uploads\/2021\/10\/Nino-pez-400x250.jpg\" alt=\"Exploratory research on coastal migration in Madagascar\" class=\"\" srcset=\"https:\/\/www.insuco.com\/wp-content\/uploads\/2021\/10\/Nino-pez.jpg 479w, https:\/\/www.insuco.com\/wp-content\/uploads\/2021\/10\/Nino-pez-400x250.jpg 480w \" sizes=\"(max-width:479px) 479px, 100vw \"  width=\"400\" height=\"250\" \/><\/a><\/div>\n\t\t\t\t\t\t\t\t\t\t\t\t\t\t<h2 class=\"entry-title\">\n\t\t\t\t\t\t\t\t\t\t\t\t\t<a href=\"https:\/\/www.insuco.com\/en\/exploratory-research-on-coastal-migration-in-madagascar\/\">Exploratory research on coastal migration in Madagascar<\/a>\n\t\t\t\t\t\t\t\t\t\t\t<\/h2>\n\t\t\t\t\n\t\t\t\t\t<p class=\"post-meta\"><span class=\"published\">Oct 2021<\/span><\/p><div class=\"post-content\"><div class=\"post-content-inner\"><p>For island countries such as Madagascar, taking into account&#8230;<\/p>\n<\/div><\/div>\t\t\t\n\t\t\t<\/article>\n\t\t\t\t\n\t\t\t<article id=\"post-33617\" class=\"et_pb_post clearfix et_pb_blog_item_0_138 post-33617 post type-post status-publish format-standard has-post-thumbnail hentry category-news-from-insuco tag-anciens-articles-avec-builder-en\">\n\n\t\t\t\t<div class=\"et_pb_image_container\"><a href=\"https:\/\/www.insuco.com\/en\/a-new-collaborator-joins-us-in-madagascar\/\" class=\"entry-featured-image-url\"><img loading=\"lazy\" decoding=\"async\" src=\"https:\/\/www.insuco.com\/wp-content\/uploads\/2021\/10\/Foto-Linkedin-Publication-400x250.jpg\" alt=\"A new collaborator joins us in Madagascar\" class=\"\" srcset=\"https:\/\/www.insuco.com\/wp-content\/uploads\/2021\/10\/Foto-Linkedin-Publication-scaled.jpg 479w, https:\/\/www.insuco.com\/wp-content\/uploads\/2021\/10\/Foto-Linkedin-Publication-400x250.jpg 480w \" sizes=\"(max-width:479px) 479px, 100vw \"  width=\"400\" height=\"250\" \/><\/a><\/div>\n\t\t\t\t\t\t\t\t\t\t\t\t\t\t<h2 class=\"entry-title\">\n\t\t\t\t\t\t\t\t\t\t\t\t\t<a href=\"https:\/\/www.insuco.com\/en\/a-new-collaborator-joins-us-in-madagascar\/\">A new collaborator joins us in Madagascar<\/a>\n\t\t\t\t\t\t\t\t\t\t\t<\/h2>\n\t\t\t\t\n\t\t\t\t\t<p class=\"post-meta\"><span class=\"published\">Oct 2021<\/span><\/p><div class=\"post-content\"><div class=\"post-content-inner\"><p>Insuco in Madagascar is growing again! We would like to welcome our&#8230;<\/p>\n<\/div><\/div>\t\t\t\n\t\t\t<\/article>\n\t\t\t\t\n\t\t\t<article id=\"post-33798\" class=\"et_pb_post clearfix et_pb_blog_item_0_139 post-33798 post type-post status-publish format-standard has-post-thumbnail hentry category-news-from-insuco tag-anciens-articles-avec-builder-en\">\n\n\t\t\t\t<div class=\"et_pb_image_container\"><a href=\"https:\/\/www.insuco.com\/en\/launch-of-the-insuco-center-for-social-innovation-icsi\/\" class=\"entry-featured-image-url\"><img loading=\"lazy\" decoding=\"async\" src=\"https:\/\/www.insuco.com\/wp-content\/uploads\/2021\/10\/Webinar-4-1-400x250.jpg\" alt=\"Launch of the Insuco Center for Social Innovation (ICSI)\" class=\"\" srcset=\"https:\/\/www.insuco.com\/wp-content\/uploads\/2021\/10\/Webinar-4-1.jpg 479w, https:\/\/www.insuco.com\/wp-content\/uploads\/2021\/10\/Webinar-4-1-400x250.jpg 480w \" sizes=\"(max-width:479px) 479px, 100vw \"  width=\"400\" height=\"250\" \/><\/a><\/div>\n\t\t\t\t\t\t\t\t\t\t\t\t\t\t<h2 class=\"entry-title\">\n\t\t\t\t\t\t\t\t\t\t\t\t\t<a href=\"https:\/\/www.insuco.com\/en\/launch-of-the-insuco-center-for-social-innovation-icsi\/\">Launch of the Insuco Center for Social Innovation (ICSI)<\/a>\n\t\t\t\t\t\t\t\t\t\t\t<\/h2>\n\t\t\t\t\n\t\t\t\t\t<p class=\"post-meta\"><span class=\"published\">Sep 2021<\/span><\/p><div class=\"post-content\"><div class=\"post-content-inner\"><p>News On the occasion of the launch of the Insuco Center for Social Innovation (ICSI), INSUCO Latin America and the Caribbean invites you to participate in the Webinar: Cultural revolution in the mining-energy sector? Transforming realities through the inclusion of...<\/p>\n<\/div><\/div>\t\t\t\n\t\t\t<\/article>\n\t\t\t\t\n\t\t\t<article id=\"post-33448\" class=\"et_pb_post clearfix et_pb_blog_item_0_140 post-33448 post type-post status-publish format-standard has-post-thumbnail hentry category-news-from-insuco tag-anciens-articles-avec-builder-en\">\n\n\t\t\t\t<div class=\"et_pb_image_container\"><a href=\"https:\/\/www.insuco.com\/en\/insuco-conducted-inventories-for-the-development-of-a-resettlement-action-plan-rap-in-plaisance-alongside-national-road-1-in-haiti\/\" class=\"entry-featured-image-url\"><img loading=\"lazy\" decoding=\"async\" src=\"https:\/\/www.insuco.com\/wp-content\/uploads\/2021\/09\/Image2-web-400x250.jpg\" alt=\"Insuco conducted inventories for the development of a Resettlement Action Plan (RAP) in Plaisance alongside National Road 1 in Haiti\" class=\"\" srcset=\"https:\/\/www.insuco.com\/wp-content\/uploads\/2021\/09\/Image2-web.jpg 479w, https:\/\/www.insuco.com\/wp-content\/uploads\/2021\/09\/Image2-web-400x250.jpg 480w \" sizes=\"(max-width:479px) 479px, 100vw \"  width=\"400\" height=\"250\" \/><\/a><\/div>\n\t\t\t\t\t\t\t\t\t\t\t\t\t\t<h2 class=\"entry-title\">\n\t\t\t\t\t\t\t\t\t\t\t\t\t<a href=\"https:\/\/www.insuco.com\/en\/insuco-conducted-inventories-for-the-development-of-a-resettlement-action-plan-rap-in-plaisance-alongside-national-road-1-in-haiti\/\">Insuco conducted inventories for the development of a Resettlement Action Plan (RAP) in Plaisance alongside National Road 1 in Haiti<\/a>\n\t\t\t\t\t\t\t\t\t\t\t<\/h2>\n\t\t\t\t\n\t\t\t\t\t<p class=\"post-meta\"><span class=\"published\">Sep 2021<\/span><\/p><div class=\"post-content\"><div class=\"post-content-inner\"><p>Alice Delmon (Technical Director), Yumi Burger (Project Manager)&#8230;<\/p>\n<\/div><\/div>\t\t\t\n\t\t\t<\/article>\n\t\t\t\t\n\t\t\t<article id=\"post-33378\" class=\"et_pb_post clearfix et_pb_blog_item_0_141 post-33378 post type-post status-publish format-standard has-post-thumbnail hentry category-news-from-insuco tag-anciens-articles-avec-builder-en\">\n\n\t\t\t\t<div class=\"et_pb_image_container\"><a href=\"https:\/\/www.insuco.com\/en\/publication-employment-informality-and-womens-well-being-in-the-mining-and-energy-sector-in-times-of-pandemic\/\" class=\"entry-featured-image-url\"><img loading=\"lazy\" decoding=\"async\" src=\"https:\/\/www.insuco.com\/wp-content\/uploads\/2021\/09\/Couverture_web-3-400x250.jpg\" alt=\"Publication: Employment, informality, and women&#8217;s well-being in the mining and energy sector in times of pandemic\" class=\"\" srcset=\"https:\/\/www.insuco.com\/wp-content\/uploads\/2021\/09\/Couverture_web-3.jpg 479w, https:\/\/www.insuco.com\/wp-content\/uploads\/2021\/09\/Couverture_web-3-400x250.jpg 480w \" sizes=\"(max-width:479px) 479px, 100vw \"  width=\"400\" height=\"250\" \/><\/a><\/div>\n\t\t\t\t\t\t\t\t\t\t\t\t\t\t<h2 class=\"entry-title\">\n\t\t\t\t\t\t\t\t\t\t\t\t\t<a href=\"https:\/\/www.insuco.com\/en\/publication-employment-informality-and-womens-well-being-in-the-mining-and-energy-sector-in-times-of-pandemic\/\">Publication: Employment, informality, and women&#8217;s well-being in the mining and energy sector in times of pandemic<\/a>\n\t\t\t\t\t\t\t\t\t\t\t<\/h2>\n\t\t\t\t\n\t\t\t\t\t<p class=\"post-meta\"><span class=\"published\">Sep 2021<\/span><\/p><div class=\"post-content\"><div class=\"post-content-inner\"><p>We are pleased to announce the publication&#8230;<\/p>\n<\/div><\/div>\t\t\t\n\t\t\t<\/article>\n\t\t\t\t\n\t\t\t<article id=\"post-33334\" class=\"et_pb_post clearfix et_pb_blog_item_0_142 post-33334 post type-post status-publish format-standard has-post-thumbnail hentry category-news-from-insuco tag-anciens-articles-avec-builder-en\">\n\n\t\t\t\t<div class=\"et_pb_image_container\"><a href=\"https:\/\/www.insuco.com\/en\/technical-assistance-in-social-management-for-bhp-in-ecuador\/\" class=\"entry-featured-image-url\"><img loading=\"lazy\" decoding=\"async\" src=\"https:\/\/www.insuco.com\/wp-content\/uploads\/2021\/08\/BHP-4-400x250.jpg\" alt=\"Technical assistance in social management for BHP in Ecuador\" class=\"\" srcset=\"https:\/\/www.insuco.com\/wp-content\/uploads\/2021\/08\/BHP-4.jpg 479w, https:\/\/www.insuco.com\/wp-content\/uploads\/2021\/08\/BHP-4-400x250.jpg 480w \" sizes=\"(max-width:479px) 479px, 100vw \"  width=\"400\" height=\"250\" \/><\/a><\/div>\n\t\t\t\t\t\t\t\t\t\t\t\t\t\t<h2 class=\"entry-title\">\n\t\t\t\t\t\t\t\t\t\t\t\t\t<a href=\"https:\/\/www.insuco.com\/en\/technical-assistance-in-social-management-for-bhp-in-ecuador\/\">Technical assistance in social management for BHP in Ecuador<\/a>\n\t\t\t\t\t\t\t\t\t\t\t<\/h2>\n\t\t\t\t\n\t\t\t\t\t<p class=\"post-meta\"><span class=\"published\">Aug 2021<\/span><\/p><div class=\"post-content\"><div class=\"post-content-inner\"><p>Between November 2019 and June 2021, Insuco implemented&#8230;<\/p>\n<\/div><\/div>\t\t\t\n\t\t\t<\/article>\n\t\t\t\t\n\t\t\t<article id=\"post-33280\" class=\"et_pb_post clearfix et_pb_blog_item_0_143 post-33280 post type-post status-publish format-standard has-post-thumbnail hentry category-news-from-insuco tag-anciens-articles-avec-builder-en\">\n\n\t\t\t\t<div class=\"et_pb_image_container\"><a href=\"https:\/\/www.insuco.com\/en\/baseline-study-for-the-project-implemented-by-cesal-in-haiti\/\" class=\"entry-featured-image-url\"><img loading=\"lazy\" decoding=\"async\" src=\"https:\/\/www.insuco.com\/wp-content\/uploads\/2021\/08\/CESAL-web-400x250.jpg\" alt=\"Baseline study for the project implemented by CESAL in Haiti\" class=\"\" srcset=\"https:\/\/www.insuco.com\/wp-content\/uploads\/2021\/08\/CESAL-web.jpg 479w, https:\/\/www.insuco.com\/wp-content\/uploads\/2021\/08\/CESAL-web-400x250.jpg 480w \" sizes=\"(max-width:479px) 479px, 100vw \"  width=\"400\" height=\"250\" \/><\/a><\/div>\n\t\t\t\t\t\t\t\t\t\t\t\t\t\t<h2 class=\"entry-title\">\n\t\t\t\t\t\t\t\t\t\t\t\t\t<a href=\"https:\/\/www.insuco.com\/en\/baseline-study-for-the-project-implemented-by-cesal-in-haiti\/\">Baseline study for the project implemented by CESAL in Haiti<\/a>\n\t\t\t\t\t\t\t\t\t\t\t<\/h2>\n\t\t\t\t\n\t\t\t\t\t<p class=\"post-meta\"><span class=\"published\">Aug 2021<\/span><\/p><div class=\"post-content\"><div class=\"post-content-inner\"><p>From 02 to 06 August 2021, Jhon-Vanley Aladin&#8230;<\/p>\n<\/div><\/div>\t\t\t\n\t\t\t<\/article>\n\t\t\t\t\n\t\t\t<article id=\"post-33154\" class=\"et_pb_post clearfix et_pb_blog_item_0_144 post-33154 post type-post status-publish format-standard has-post-thumbnail hentry category-news-from-insuco tag-anciens-articles-avec-builder-en\">\n\n\t\t\t\t<div class=\"et_pb_image_container\"><a href=\"https:\/\/www.insuco.com\/en\/insuco-and-its-partners-conducted-an-environmental-and-social-strategic-assessment-of-transport-sector-reform-in-dominican-republic\/\" class=\"entry-featured-image-url\"><img loading=\"lazy\" decoding=\"async\" src=\"https:\/\/www.insuco.com\/wp-content\/uploads\/2020\/12\/Couv-400x250.jpeg\" alt=\"Insuco and its partners conducted an Environmental and Social Strategic Assessment of transport sector reform in Dominican Republic\" class=\"\" srcset=\"https:\/\/www.insuco.com\/wp-content\/uploads\/2020\/12\/Couv.jpeg 479w, https:\/\/www.insuco.com\/wp-content\/uploads\/2020\/12\/Couv-400x250.jpeg 480w \" sizes=\"(max-width:479px) 479px, 100vw \"  width=\"400\" height=\"250\" \/><\/a><\/div>\n\t\t\t\t\t\t\t\t\t\t\t\t\t\t<h2 class=\"entry-title\">\n\t\t\t\t\t\t\t\t\t\t\t\t\t<a href=\"https:\/\/www.insuco.com\/en\/insuco-and-its-partners-conducted-an-environmental-and-social-strategic-assessment-of-transport-sector-reform-in-dominican-republic\/\">Insuco and its partners conducted an Environmental and Social Strategic Assessment of transport sector reform in Dominican Republic<\/a>\n\t\t\t\t\t\t\t\t\t\t\t<\/h2>\n\t\t\t\t\n\t\t\t\t\t<p class=\"post-meta\"><span class=\"published\">Aug 2021<\/span><\/p><div class=\"post-content\"><div class=\"post-content-inner\"><p>The transport sector in Dominican Republic&#8230;<\/p>\n<\/div><\/div>\t\t\t\n\t\t\t<\/article>\n\t\t\t\t\n\t\t\t<article id=\"post-32940\" class=\"et_pb_post clearfix et_pb_blog_item_0_145 post-32940 post type-post status-publish format-standard has-post-thumbnail hentry category-news-from-insuco tag-anciens-articles-avec-builder-en\">\n\n\t\t\t\t<div class=\"et_pb_image_container\"><a href=\"https:\/\/www.insuco.com\/en\/we-celebrate-the-best-practices-of-mining-and-energy-companies-in-terms-of-gender-equality-in-colombia\/\" class=\"entry-featured-image-url\"><img loading=\"lazy\" decoding=\"async\" src=\"https:\/\/www.insuco.com\/wp-content\/uploads\/2021\/08\/Couverture1-400x250.jpg\" alt=\"We celebrate the best practices of mining and energy companies in terms of gender equality in Colombia\" class=\"\" srcset=\"https:\/\/www.insuco.com\/wp-content\/uploads\/2021\/08\/Couverture1.jpg 479w, https:\/\/www.insuco.com\/wp-content\/uploads\/2021\/08\/Couverture1-400x250.jpg 480w \" sizes=\"(max-width:479px) 479px, 100vw \"  width=\"400\" height=\"250\" \/><\/a><\/div>\n\t\t\t\t\t\t\t\t\t\t\t\t\t\t<h2 class=\"entry-title\">\n\t\t\t\t\t\t\t\t\t\t\t\t\t<a href=\"https:\/\/www.insuco.com\/en\/we-celebrate-the-best-practices-of-mining-and-energy-companies-in-terms-of-gender-equality-in-colombia\/\">We celebrate the best practices of mining and energy companies in terms of gender equality in Colombia<\/a>\n\t\t\t\t\t\t\t\t\t\t\t<\/h2>\n\t\t\t\t\n\t\t\t\t\t<p class=\"post-meta\"><span class=\"published\">Aug 2021<\/span><\/p><div class=\"post-content\"><div class=\"post-content-inner\"><p>We are pleased to announce the publication&#8230;<\/p>\n<\/div><\/div>\t\t\t\n\t\t\t<\/article>\n\t\t\t\t\n\t\t\t<article id=\"post-32864\" class=\"et_pb_post clearfix et_pb_blog_item_0_146 post-32864 post type-post status-publish format-standard has-post-thumbnail hentry category-news-from-insuco tag-anciens-articles-avec-builder-en\">\n\n\t\t\t\t<div class=\"et_pb_image_container\"><a href=\"https:\/\/www.insuco.com\/en\/insuco-participates-in-the-debate-around-ecological-transition-in-madagascar\/\" class=\"entry-featured-image-url\"><img loading=\"lazy\" decoding=\"async\" src=\"https:\/\/www.insuco.com\/wp-content\/uploads\/2021\/07\/Margaux-web-400x250.jpg\" alt=\"Insuco participates in the debate around ecological transition in Madagascar\" class=\"\" srcset=\"https:\/\/www.insuco.com\/wp-content\/uploads\/2021\/07\/Margaux-web.jpg 479w, https:\/\/www.insuco.com\/wp-content\/uploads\/2021\/07\/Margaux-web-400x250.jpg 480w \" sizes=\"(max-width:479px) 479px, 100vw \"  width=\"400\" height=\"250\" \/><\/a><\/div>\n\t\t\t\t\t\t\t\t\t\t\t\t\t\t<h2 class=\"entry-title\">\n\t\t\t\t\t\t\t\t\t\t\t\t\t<a href=\"https:\/\/www.insuco.com\/en\/insuco-participates-in-the-debate-around-ecological-transition-in-madagascar\/\">Insuco participates in the debate around ecological transition in Madagascar<\/a>\n\t\t\t\t\t\t\t\t\t\t\t<\/h2>\n\t\t\t\t\n\t\t\t\t\t<p class=\"post-meta\"><span class=\"published\">Jul 2021<\/span><\/p><div class=\"post-content\"><div class=\"post-content-inner\"><p>Margaux Nicot, Technical Director of Insuco Madagascar&#8230;<\/p>\n<\/div><\/div>\t\t\t\n\t\t\t<\/article>\n\t\t\t\t\n\t\t\t<article id=\"post-32822\" class=\"et_pb_post clearfix et_pb_blog_item_0_147 post-32822 post type-post status-publish format-standard has-post-thumbnail hentry category-news-from-insuco tag-anciens-articles-avec-builder-en\">\n\n\t\t\t\t<div class=\"et_pb_image_container\"><a href=\"https:\/\/www.insuco.com\/en\/our-new-offices-in-dominican-republic\/\" class=\"entry-featured-image-url\"><img loading=\"lazy\" decoding=\"async\" src=\"https:\/\/www.insuco.com\/wp-content\/uploads\/2021\/07\/Bureau-RD-1-wb-400x250.jpeg\" alt=\"Our new offices in Dominican Republic\" class=\"\" srcset=\"https:\/\/www.insuco.com\/wp-content\/uploads\/2021\/07\/Bureau-RD-1-wb.jpeg 479w, https:\/\/www.insuco.com\/wp-content\/uploads\/2021\/07\/Bureau-RD-1-wb-400x250.jpeg 480w \" sizes=\"(max-width:479px) 479px, 100vw \"  width=\"400\" height=\"250\" \/><\/a><\/div>\n\t\t\t\t\t\t\t\t\t\t\t\t\t\t<h2 class=\"entry-title\">\n\t\t\t\t\t\t\t\t\t\t\t\t\t<a href=\"https:\/\/www.insuco.com\/en\/our-new-offices-in-dominican-republic\/\">Our new offices in Dominican Republic<\/a>\n\t\t\t\t\t\t\t\t\t\t\t<\/h2>\n\t\t\t\t\n\t\t\t\t\t<p class=\"post-meta\"><span class=\"published\">Jul 2021<\/span><\/p><div class=\"post-content\"><div class=\"post-content-inner\"><p>Insuco Dominican Republic has now a new office&#8230;<\/p>\n<\/div><\/div>\t\t\t\n\t\t\t<\/article>\n\t\t\t\t\n\t\t\t<article id=\"post-32599\" class=\"et_pb_post clearfix et_pb_blog_item_0_148 post-32599 post type-post status-publish format-standard has-post-thumbnail hentry category-news-from-insuco tag-anciens-articles-avec-builder-en\">\n\n\t\t\t\t<div class=\"et_pb_image_container\"><a href=\"https:\/\/www.insuco.com\/en\/new-challenges-of-local-governance-in-times-of-uncertainty-and-complexity\/\" class=\"entry-featured-image-url\"><img loading=\"lazy\" decoding=\"async\" src=\"https:\/\/www.insuco.com\/wp-content\/uploads\/2021\/06\/IGU-web-400x250.jpg\" alt=\"New challenges of local governance in times of uncertainty and complexity\" class=\"\" srcset=\"https:\/\/www.insuco.com\/wp-content\/uploads\/2021\/06\/IGU-web.jpg 479w, https:\/\/www.insuco.com\/wp-content\/uploads\/2021\/06\/IGU-web-400x250.jpg 480w \" sizes=\"(max-width:479px) 479px, 100vw \"  width=\"400\" height=\"250\" \/><\/a><\/div>\n\t\t\t\t\t\t\t\t\t\t\t\t\t\t<h2 class=\"entry-title\">\n\t\t\t\t\t\t\t\t\t\t\t\t\t<a href=\"https:\/\/www.insuco.com\/en\/new-challenges-of-local-governance-in-times-of-uncertainty-and-complexity\/\">New challenges of local governance in times of uncertainty and complexity<\/a>\n\t\t\t\t\t\t\t\t\t\t\t<\/h2>\n\t\t\t\t\n\t\t\t\t\t<p class=\"post-meta\"><span class=\"published\">Jun 2021<\/span><\/p><div class=\"post-content\"><div class=\"post-content-inner\"><p>Pascal Rey, CEO of Insuco, and Margot Petitpierre, Country Director of Insuco in Guinea&#8230;<\/p>\n<\/div><\/div>\t\t\t\n\t\t\t<\/article>\n\t\t\t\t\n\t\t\t<article id=\"post-32555\" class=\"et_pb_post clearfix et_pb_blog_item_0_149 post-32555 post type-post status-publish format-standard has-post-thumbnail hentry category-news-from-insuco tag-anciens-articles-avec-builder-en\">\n\n\t\t\t\t<div class=\"et_pb_image_container\"><a href=\"https:\/\/www.insuco.com\/en\/insuco-participates-in-the-cinnamon-value-chain-development-on-the-east-coast-of-madagascar\/\" class=\"entry-featured-image-url\"><img loading=\"lazy\" decoding=\"async\" src=\"https:\/\/www.insuco.com\/wp-content\/uploads\/2021\/06\/CASEF1-site-381x250.jpg\" alt=\"Insuco participates in the cinnamon value chain development on the east coast of Madagascar\" class=\"\" srcset=\"https:\/\/www.insuco.com\/wp-content\/uploads\/2021\/06\/CASEF1-site.jpg 479w, https:\/\/www.insuco.com\/wp-content\/uploads\/2021\/06\/CASEF1-site-381x250.jpg 480w \" sizes=\"(max-width:479px) 479px, 100vw \"  width=\"400\" height=\"250\" \/><\/a><\/div>\n\t\t\t\t\t\t\t\t\t\t\t\t\t\t<h2 class=\"entry-title\">\n\t\t\t\t\t\t\t\t\t\t\t\t\t<a href=\"https:\/\/www.insuco.com\/en\/insuco-participates-in-the-cinnamon-value-chain-development-on-the-east-coast-of-madagascar\/\">Insuco participates in the cinnamon value chain development on the east coast of Madagascar<\/a>\n\t\t\t\t\t\t\t\t\t\t\t<\/h2>\n\t\t\t\t\n\t\t\t\t\t<p class=\"post-meta\"><span class=\"published\">Jun 2021<\/span><\/p><div class=\"post-content\"><div class=\"post-content-inner\"><p>Since 2018, the Insuco-Cirad-CTHT consortium&#8230;<\/p>\n<\/div><\/div>\t\t\t\n\t\t\t<\/article>\n\t\t\t\t\n\t\t\t<article id=\"post-32514\" class=\"et_pb_post clearfix et_pb_blog_item_0_150 post-32514 post type-post status-publish format-standard has-post-thumbnail hentry category-news-from-insuco tag-anciens-articles-avec-builder-en\">\n\n\t\t\t\t<div class=\"et_pb_image_container\"><a href=\"https:\/\/www.insuco.com\/en\/diagnosis-of-the-needs-of-microentrepreneurs-in-a-post-covid-context-in-peru\/\" class=\"entry-featured-image-url\"><img loading=\"lazy\" decoding=\"async\" src=\"https:\/\/www.insuco.com\/wp-content\/uploads\/2021\/03\/Care-1-400x250.jpg\" alt=\"Diagnosis of the needs of microentrepreneurs in a post-COVID context in Peru\" class=\"\" srcset=\"https:\/\/www.insuco.com\/wp-content\/uploads\/2021\/03\/Care-1.jpg 479w, https:\/\/www.insuco.com\/wp-content\/uploads\/2021\/03\/Care-1-400x250.jpg 480w \" sizes=\"(max-width:479px) 479px, 100vw \"  width=\"400\" height=\"250\" \/><\/a><\/div>\n\t\t\t\t\t\t\t\t\t\t\t\t\t\t<h2 class=\"entry-title\">\n\t\t\t\t\t\t\t\t\t\t\t\t\t<a href=\"https:\/\/www.insuco.com\/en\/diagnosis-of-the-needs-of-microentrepreneurs-in-a-post-covid-context-in-peru\/\">Diagnosis of the needs of microentrepreneurs in a post-COVID context in Peru<\/a>\n\t\t\t\t\t\t\t\t\t\t\t<\/h2>\n\t\t\t\t\n\t\t\t\t\t<p class=\"post-meta\"><span class=\"published\">Jun 2021<\/span><\/p><div class=\"post-content\"><div class=\"post-content-inner\"><p>In early 2021, Insuco Peru collaborated to the development&#8230;<\/p>\n<\/div><\/div>\t\t\t\n\t\t\t<\/article>\n\t\t\t\t\n\t\t\t<article id=\"post-32481\" class=\"et_pb_post clearfix et_pb_blog_item_0_151 post-32481 post type-post status-publish format-standard has-post-thumbnail hentry category-news-from-insuco tag-anciens-articles-avec-builder-en\">\n\n\t\t\t\t<div class=\"et_pb_image_container\"><a href=\"https:\/\/www.insuco.com\/en\/towards-integrated-waste-management-in-conakry\/\" class=\"entry-featured-image-url\"><img loading=\"lazy\" decoding=\"async\" src=\"https:\/\/www.insuco.com\/wp-content\/uploads\/2021\/06\/Conakry-400x250.jpg\" alt=\"Towards integrated waste management in Conakry!\" class=\"\" srcset=\"https:\/\/www.insuco.com\/wp-content\/uploads\/2021\/06\/Conakry.jpg 479w, https:\/\/www.insuco.com\/wp-content\/uploads\/2021\/06\/Conakry-400x250.jpg 480w \" sizes=\"(max-width:479px) 479px, 100vw \"  width=\"400\" height=\"250\" \/><\/a><\/div>\n\t\t\t\t\t\t\t\t\t\t\t\t\t\t<h2 class=\"entry-title\">\n\t\t\t\t\t\t\t\t\t\t\t\t\t<a href=\"https:\/\/www.insuco.com\/en\/towards-integrated-waste-management-in-conakry\/\">Towards integrated waste management in Conakry!<\/a>\n\t\t\t\t\t\t\t\t\t\t\t<\/h2>\n\t\t\t\t\n\t\t\t\t\t<p class=\"post-meta\"><span class=\"published\">Jun 2021<\/span><\/p><div class=\"post-content\"><div class=\"post-content-inner\"><p>Insuco participated in the Final Restitution Workshop of the Feasibility Study&#8230;<\/p>\n<\/div><\/div>\t\t\t\n\t\t\t<\/article>\n\t\t\t\t\n\t\t\t<article id=\"post-32426\" class=\"et_pb_post clearfix et_pb_blog_item_0_152 post-32426 post type-post status-publish format-standard has-post-thumbnail hentry category-news-from-insuco tag-anciens-articles-avec-builder-en\">\n\n\t\t\t\t<div class=\"et_pb_image_container\"><a href=\"https:\/\/www.insuco.com\/en\/territorial-dialogue-and-working-groups-at-los-encuentros-ecuador\/\" class=\"entry-featured-image-url\"><img loading=\"lazy\" decoding=\"async\" src=\"https:\/\/www.insuco.com\/wp-content\/uploads\/2021\/06\/Lundin3-400x250.jpg\" alt=\"Territorial Dialogue and Working Groups at Los Encuentros, Ecuador\" class=\"\" srcset=\"https:\/\/www.insuco.com\/wp-content\/uploads\/2021\/06\/Lundin3.jpg 479w, https:\/\/www.insuco.com\/wp-content\/uploads\/2021\/06\/Lundin3-400x250.jpg 480w \" sizes=\"(max-width:479px) 479px, 100vw \"  width=\"400\" height=\"250\" \/><\/a><\/div>\n\t\t\t\t\t\t\t\t\t\t\t\t\t\t<h2 class=\"entry-title\">\n\t\t\t\t\t\t\t\t\t\t\t\t\t<a href=\"https:\/\/www.insuco.com\/en\/territorial-dialogue-and-working-groups-at-los-encuentros-ecuador\/\">Territorial Dialogue and Working Groups at Los Encuentros, Ecuador<\/a>\n\t\t\t\t\t\t\t\t\t\t\t<\/h2>\n\t\t\t\t\n\t\t\t\t\t<p class=\"post-meta\"><span class=\"published\">Jun 2021<\/span><\/p><div class=\"post-content\"><div class=\"post-content-inner\"><p>Although the COVID-19 pandemic abruptly interrupted the activities&#8230;<\/p>\n<\/div><\/div>\t\t\t\n\t\t\t<\/article>\n\t\t\t\t\n\t\t\t<article id=\"post-32311\" class=\"et_pb_post clearfix et_pb_blog_item_0_153 post-32311 post type-post status-publish format-standard has-post-thumbnail hentry category-news-from-insuco tag-anciens-articles-avec-builder-en\">\n\n\t\t\t\t<div class=\"et_pb_image_container\"><a href=\"https:\/\/www.insuco.com\/en\/territorial-social-management-with-curimining-in-ecuador\/\" class=\"entry-featured-image-url\"><img loading=\"lazy\" decoding=\"async\" src=\"https:\/\/www.insuco.com\/wp-content\/uploads\/2021\/05\/Curimining-400x250.jpeg\" alt=\"Territorial social management with Curimining in Ecuador\" class=\"\" srcset=\"https:\/\/www.insuco.com\/wp-content\/uploads\/2021\/05\/Curimining.jpeg 479w, https:\/\/www.insuco.com\/wp-content\/uploads\/2021\/05\/Curimining-400x250.jpeg 480w \" sizes=\"(max-width:479px) 479px, 100vw \"  width=\"400\" height=\"250\" \/><\/a><\/div>\n\t\t\t\t\t\t\t\t\t\t\t\t\t\t<h2 class=\"entry-title\">\n\t\t\t\t\t\t\t\t\t\t\t\t\t<a href=\"https:\/\/www.insuco.com\/en\/territorial-social-management-with-curimining-in-ecuador\/\">Territorial social management with Curimining in Ecuador<\/a>\n\t\t\t\t\t\t\t\t\t\t\t<\/h2>\n\t\t\t\t\n\t\t\t\t\t<p class=\"post-meta\"><span class=\"published\">Jun 2021<\/span><\/p><div class=\"post-content\"><div class=\"post-content-inner\"><p>At the beginning of the year 2021, Insuco Ecuador&#8230;<\/p>\n<\/div><\/div>\t\t\t\n\t\t\t<\/article>\n\t\t\t\t\n\t\t\t<article id=\"post-31729\" class=\"et_pb_post clearfix et_pb_blog_item_0_154 post-31729 post type-post status-publish format-standard has-post-thumbnail hentry category-news-from-insuco tag-anciens-articles-avec-builder-en\">\n\n\t\t\t\t<div class=\"et_pb_image_container\"><a href=\"https:\/\/www.insuco.com\/en\/two-new-project-managers-join-us-in-madagascar\/\" class=\"entry-featured-image-url\"><img loading=\"lazy\" decoding=\"async\" src=\"https:\/\/www.insuco.com\/wp-content\/uploads\/2021\/05\/mada-400x250.jpeg\" alt=\"Two new Project Managers join us in Madagascar\" class=\"\" srcset=\"https:\/\/www.insuco.com\/wp-content\/uploads\/2021\/05\/mada.jpeg 479w, https:\/\/www.insuco.com\/wp-content\/uploads\/2021\/05\/mada-400x250.jpeg 480w \" sizes=\"(max-width:479px) 479px, 100vw \"  width=\"400\" height=\"250\" \/><\/a><\/div>\n\t\t\t\t\t\t\t\t\t\t\t\t\t\t<h2 class=\"entry-title\">\n\t\t\t\t\t\t\t\t\t\t\t\t\t<a href=\"https:\/\/www.insuco.com\/en\/two-new-project-managers-join-us-in-madagascar\/\">Two new Project Managers join us in Madagascar<\/a>\n\t\t\t\t\t\t\t\t\t\t\t<\/h2>\n\t\t\t\t\n\t\t\t\t\t<p class=\"post-meta\"><span class=\"published\">May 2021<\/span><\/p><div class=\"post-content\"><div class=\"post-content-inner\"><p>The Insuco Madagascar team is growing&#8230;<\/p>\n<\/div><\/div>\t\t\t\n\t\t\t<\/article>\n\t\t\t\t\n\t\t\t<article id=\"post-31665\" class=\"et_pb_post clearfix et_pb_blog_item_0_155 post-31665 post type-post status-publish format-standard has-post-thumbnail hentry category-news-from-insuco tag-anciens-articles-avec-builder-en\">\n\n\t\t\t\t<div class=\"et_pb_image_container\"><a href=\"https:\/\/www.insuco.com\/en\/the-gm-for-latin-america-and-the-caribbeans-mission-in-guatemala\/\" class=\"entry-featured-image-url\"><img loading=\"lazy\" decoding=\"async\" src=\"https:\/\/www.insuco.com\/wp-content\/uploads\/2021\/05\/Guatemala1-400x250.jpg\" alt=\"The GM for Latin America and the Caribbean\u2019s mission in Guatemala\" class=\"\" srcset=\"https:\/\/www.insuco.com\/wp-content\/uploads\/2021\/05\/Guatemala1.jpg 479w, https:\/\/www.insuco.com\/wp-content\/uploads\/2021\/05\/Guatemala1-400x250.jpg 480w \" sizes=\"(max-width:479px) 479px, 100vw \"  width=\"400\" height=\"250\" \/><\/a><\/div>\n\t\t\t\t\t\t\t\t\t\t\t\t\t\t<h2 class=\"entry-title\">\n\t\t\t\t\t\t\t\t\t\t\t\t\t<a href=\"https:\/\/www.insuco.com\/en\/the-gm-for-latin-america-and-the-caribbeans-mission-in-guatemala\/\">The GM for Latin America and the Caribbean\u2019s mission in Guatemala<\/a>\n\t\t\t\t\t\t\t\t\t\t\t<\/h2>\n\t\t\t\t\n\t\t\t\t\t<p class=\"post-meta\"><span class=\"published\">May 2021<\/span><\/p><div class=\"post-content\"><div class=\"post-content-inner\"><p>Guill\u00e9n Calvo, General Manager for Latin America and the Caribbean&#8230;<\/p>\n<\/div><\/div>\t\t\t\n\t\t\t<\/article>\n\t\t\t\t\n\t\t\t<article id=\"post-31646\" class=\"et_pb_post clearfix et_pb_blog_item_0_156 post-31646 post type-post status-publish format-standard has-post-thumbnail hentry category-news-from-insuco tag-anciens-articles-avec-builder-en\">\n\n\t\t\t\t<div class=\"et_pb_image_container\"><a href=\"https:\/\/www.insuco.com\/en\/launch-of-the-environmental-and-social-due-diligence-project-for-the-management-of-madidi-park-in-bolivia-in-partnership-with-cep-and-promoted-by-kfw\/\" class=\"entry-featured-image-url\"><img loading=\"lazy\" decoding=\"async\" src=\"https:\/\/www.insuco.com\/wp-content\/uploads\/2021\/05\/Madidi-400x250.jpg\" alt=\"Launch of the Environmental and Social Due Diligence project for the management of Madidi Park in Bolivia, in partnership with CEP and promoted by KfW\" class=\"\" srcset=\"https:\/\/www.insuco.com\/wp-content\/uploads\/2021\/05\/Madidi.jpg 479w, https:\/\/www.insuco.com\/wp-content\/uploads\/2021\/05\/Madidi-400x250.jpg 480w \" sizes=\"(max-width:479px) 479px, 100vw \"  width=\"400\" height=\"250\" \/><\/a><\/div>\n\t\t\t\t\t\t\t\t\t\t\t\t\t\t<h2 class=\"entry-title\">\n\t\t\t\t\t\t\t\t\t\t\t\t\t<a href=\"https:\/\/www.insuco.com\/en\/launch-of-the-environmental-and-social-due-diligence-project-for-the-management-of-madidi-park-in-bolivia-in-partnership-with-cep-and-promoted-by-kfw\/\">Launch of the Environmental and Social Due Diligence project for the management of Madidi Park in Bolivia, in partnership with CEP and promoted by KfW<\/a>\n\t\t\t\t\t\t\t\t\t\t\t<\/h2>\n\t\t\t\t\n\t\t\t\t\t<p class=\"post-meta\"><span class=\"published\">May 2021<\/span><\/p><div class=\"post-content\"><div class=\"post-content-inner\"><p>On March 15, 2021&#8230;<\/p>\n<\/div><\/div>\t\t\t\n\t\t\t<\/article>\n\t\t\t\t\n\t\t\t<article id=\"post-31364\" class=\"et_pb_post clearfix et_pb_blog_item_0_157 post-31364 post type-post status-publish format-standard has-post-thumbnail hentry category-news-from-insuco tag-anciens-articles-avec-builder-en\">\n\n\t\t\t\t<div class=\"et_pb_image_container\"><a href=\"https:\/\/www.insuco.com\/en\/insuco-haiti-completed-an-evaluation-study-for-pms-on-its-social-microfinance-program\/\" class=\"entry-featured-image-url\"><img loading=\"lazy\" decoding=\"async\" src=\"https:\/\/www.insuco.com\/wp-content\/uploads\/2021\/03\/PMS-396x250.jpg\" alt=\"Insuco Haiti completed an evaluation study for PMS on its social microfinance program\" class=\"\" srcset=\"https:\/\/www.insuco.com\/wp-content\/uploads\/2021\/03\/PMS.jpg 479w, https:\/\/www.insuco.com\/wp-content\/uploads\/2021\/03\/PMS-396x250.jpg 480w \" sizes=\"(max-width:479px) 479px, 100vw \"  width=\"400\" height=\"250\" \/><\/a><\/div>\n\t\t\t\t\t\t\t\t\t\t\t\t\t\t<h2 class=\"entry-title\">\n\t\t\t\t\t\t\t\t\t\t\t\t\t<a href=\"https:\/\/www.insuco.com\/en\/insuco-haiti-completed-an-evaluation-study-for-pms-on-its-social-microfinance-program\/\">Insuco Haiti completed an evaluation study for PMS on its social microfinance program<\/a>\n\t\t\t\t\t\t\t\t\t\t\t<\/h2>\n\t\t\t\t\n\t\t\t\t\t<p class=\"post-meta\"><span class=\"published\">Mar 2021<\/span><\/p><div class=\"post-content\"><div class=\"post-content-inner\"><p>Annamaria Serra, Country Director of Insuco Haiti&#8230;<\/p>\n<\/div><\/div>\t\t\t\n\t\t\t<\/article>\n\t\t\t\t\n\t\t\t<article id=\"post-31344\" class=\"et_pb_post clearfix et_pb_blog_item_0_158 post-31344 post type-post status-publish format-standard has-post-thumbnail hentry category-news-from-insuco tag-anciens-articles-avec-builder-en\">\n\n\t\t\t\t<div class=\"et_pb_image_container\"><a href=\"https:\/\/www.insuco.com\/en\/insucos-ceo-participates-in-the-second-seminar-on-the-governance-of-mining-projects\/\" class=\"entry-featured-image-url\"><img loading=\"lazy\" decoding=\"async\" src=\"https:\/\/www.insuco.com\/wp-content\/uploads\/2021\/03\/formation-risque-400x250.jpg\" alt=\"Insuco&#8217;s CEO participates in the second seminar on the governance of mining projects\" class=\"\" srcset=\"https:\/\/www.insuco.com\/wp-content\/uploads\/2021\/03\/formation-risque.jpg 479w, https:\/\/www.insuco.com\/wp-content\/uploads\/2021\/03\/formation-risque-400x250.jpg 480w \" sizes=\"(max-width:479px) 479px, 100vw \"  width=\"400\" height=\"250\" \/><\/a><\/div>\n\t\t\t\t\t\t\t\t\t\t\t\t\t\t<h2 class=\"entry-title\">\n\t\t\t\t\t\t\t\t\t\t\t\t\t<a href=\"https:\/\/www.insuco.com\/en\/insucos-ceo-participates-in-the-second-seminar-on-the-governance-of-mining-projects\/\">Insuco&#8217;s CEO participates in the second seminar on the governance of mining projects<\/a>\n\t\t\t\t\t\t\t\t\t\t\t<\/h2>\n\t\t\t\t\n\t\t\t\t\t<p class=\"post-meta\"><span class=\"published\">Mar 2021<\/span><\/p><div class=\"post-content\"><div class=\"post-content-inner\"><p>On Monday, March 29, 2021, Pascal Rey&#8230;<\/p>\n<\/div><\/div>\t\t\t\n\t\t\t<\/article>\n\t\t\t\t\n\t\t\t<article id=\"post-31226\" class=\"et_pb_post clearfix et_pb_blog_item_0_159 post-31226 post type-post status-publish format-standard has-post-thumbnail hentry category-news-from-insuco tag-anciens-articles-avec-builder-en\">\n\n\t\t\t\t<div class=\"et_pb_image_container\"><a href=\"https:\/\/www.insuco.com\/en\/publication-sectoral-gender-study-for-the-mining-energy-sector-in-colombia\/\" class=\"entry-featured-image-url\"><img loading=\"lazy\" decoding=\"async\" src=\"https:\/\/www.insuco.com\/wp-content\/uploads\/2021\/03\/BID_Genre-400x250.jpg\" alt=\"Publication: Sectoral Gender Study for the Mining-Energy Sector in Colombia\" class=\"\" srcset=\"https:\/\/www.insuco.com\/wp-content\/uploads\/2021\/03\/BID_Genre.jpg 479w, https:\/\/www.insuco.com\/wp-content\/uploads\/2021\/03\/BID_Genre-400x250.jpg 480w \" sizes=\"(max-width:479px) 479px, 100vw \"  width=\"400\" height=\"250\" \/><\/a><\/div>\n\t\t\t\t\t\t\t\t\t\t\t\t\t\t<h2 class=\"entry-title\">\n\t\t\t\t\t\t\t\t\t\t\t\t\t<a href=\"https:\/\/www.insuco.com\/en\/publication-sectoral-gender-study-for-the-mining-energy-sector-in-colombia\/\">Publication: Sectoral Gender Study for the Mining-Energy Sector in Colombia<\/a>\n\t\t\t\t\t\t\t\t\t\t\t<\/h2>\n\t\t\t\t\n\t\t\t\t\t<p class=\"post-meta\"><span class=\"published\">Mar 2021<\/span><\/p><div class=\"post-content\"><div class=\"post-content-inner\"><p>We are pleased to announce the publication&#8230;<\/p>\n<\/div><\/div>\t\t\t\n\t\t\t<\/article>\n\t\t\t\t\n\t\t\t<article id=\"post-31180\" class=\"et_pb_post clearfix et_pb_blog_item_0_160 post-31180 post type-post status-publish format-standard has-post-thumbnail hentry category-news-from-insuco tag-anciens-articles-avec-builder-en\">\n\n\t\t\t\t<div class=\"et_pb_image_container\"><a href=\"https:\/\/www.insuco.com\/en\/the-gm-for-latin-america-and-the-caribbean-visits-the-dominican-republic\/\" class=\"entry-featured-image-url\"><img loading=\"lazy\" decoding=\"async\" src=\"https:\/\/www.insuco.com\/wp-content\/uploads\/2021\/03\/Cotui-400x250.jpeg\" alt=\"The GM for Latin America and the Caribbean visits the Dominican Republic\" class=\"\" srcset=\"https:\/\/www.insuco.com\/wp-content\/uploads\/2021\/03\/Cotui.jpeg 479w, https:\/\/www.insuco.com\/wp-content\/uploads\/2021\/03\/Cotui-400x250.jpeg 480w \" sizes=\"(max-width:479px) 479px, 100vw \"  width=\"400\" height=\"250\" \/><\/a><\/div>\n\t\t\t\t\t\t\t\t\t\t\t\t\t\t<h2 class=\"entry-title\">\n\t\t\t\t\t\t\t\t\t\t\t\t\t<a href=\"https:\/\/www.insuco.com\/en\/the-gm-for-latin-america-and-the-caribbean-visits-the-dominican-republic\/\">The GM for Latin America and the Caribbean visits the Dominican Republic<\/a>\n\t\t\t\t\t\t\t\t\t\t\t<\/h2>\n\t\t\t\t\n\t\t\t\t\t<p class=\"post-meta\"><span class=\"published\">Mar 2021<\/span><\/p><div class=\"post-content\"><div class=\"post-content-inner\"><p>Guill\u00e9n Calvo, GM for Latin America and the Caribbean&#8230;<\/p>\n<\/div><\/div>\t\t\t\n\t\t\t<\/article>\n\t\t\t\t\n\t\t\t<article id=\"post-30759\" class=\"et_pb_post clearfix et_pb_blog_item_0_161 post-30759 post type-post status-publish format-standard has-post-thumbnail hentry category-news-from-insuco tag-anciens-articles-avec-builder-en\">\n\n\t\t\t\t<div class=\"et_pb_image_container\"><a href=\"https:\/\/www.insuco.com\/en\/we-celebrate-the-international-womens-day-8ofmarch\/\" class=\"entry-featured-image-url\"><img loading=\"lazy\" decoding=\"async\" src=\"https:\/\/www.insuco.com\/wp-content\/uploads\/2021\/03\/Julie-BID-G\u00e9nero-400x250.jpeg\" alt=\"We celebrate the International Women\u2019s Day #8ofMarch\" class=\"\" srcset=\"https:\/\/www.insuco.com\/wp-content\/uploads\/2021\/03\/Julie-BID-G\u00e9nero.jpeg 479w, https:\/\/www.insuco.com\/wp-content\/uploads\/2021\/03\/Julie-BID-G\u00e9nero-400x250.jpeg 480w \" sizes=\"(max-width:479px) 479px, 100vw \"  width=\"400\" height=\"250\" \/><\/a><\/div>\n\t\t\t\t\t\t\t\t\t\t\t\t\t\t<h2 class=\"entry-title\">\n\t\t\t\t\t\t\t\t\t\t\t\t\t<a href=\"https:\/\/www.insuco.com\/en\/we-celebrate-the-international-womens-day-8ofmarch\/\">We celebrate the International Women\u2019s Day #8ofMarch<\/a>\n\t\t\t\t\t\t\t\t\t\t\t<\/h2>\n\t\t\t\t\n\t\t\t\t\t<p class=\"post-meta\"><span class=\"published\">Mar 2021<\/span><\/p><div class=\"post-content\"><div class=\"post-content-inner\"><p>We began the celebrations&#8230;<\/p>\n<\/div><\/div>\t\t\t\n\t\t\t<\/article>\n\t\t\t\t\n\t\t\t<article id=\"post-30683\" class=\"et_pb_post clearfix et_pb_blog_item_0_162 post-30683 post type-post status-publish format-standard has-post-thumbnail hentry category-news-from-insuco tag-anciens-articles-avec-builder-en\">\n\n\t\t\t\t<div class=\"et_pb_image_container\"><a href=\"https:\/\/www.insuco.com\/en\/insuco-and-ulula-join-forces-to-tackle-together-the-challenges-of-social-management-in-times-of-covid-19\/\" class=\"entry-featured-image-url\"><img loading=\"lazy\" decoding=\"async\" src=\"https:\/\/www.insuco.com\/wp-content\/uploads\/2021\/02\/Image-400x250.jpeg\" alt=\"Insuco and Ulula join forces to tackle together the challenges of social management in times of COVID-19\" class=\"\" srcset=\"https:\/\/www.insuco.com\/wp-content\/uploads\/2021\/02\/Image.jpeg 479w, https:\/\/www.insuco.com\/wp-content\/uploads\/2021\/02\/Image-400x250.jpeg 480w \" sizes=\"(max-width:479px) 479px, 100vw \"  width=\"400\" height=\"250\" \/><\/a><\/div>\n\t\t\t\t\t\t\t\t\t\t\t\t\t\t<h2 class=\"entry-title\">\n\t\t\t\t\t\t\t\t\t\t\t\t\t<a href=\"https:\/\/www.insuco.com\/en\/insuco-and-ulula-join-forces-to-tackle-together-the-challenges-of-social-management-in-times-of-covid-19\/\">Insuco and Ulula join forces to tackle together the challenges of social management in times of COVID-19<\/a>\n\t\t\t\t\t\t\t\t\t\t\t<\/h2>\n\t\t\t\t\n\t\t\t\t\t<p class=\"post-meta\"><span class=\"published\">Feb 2021<\/span><\/p><div class=\"post-content\"><div class=\"post-content-inner\"><p>The current context&#8230;<\/p>\n<\/div><\/div>\t\t\t\n\t\t\t<\/article>\n\t\t\t\t\n\t\t\t<article id=\"post-30630\" class=\"et_pb_post clearfix et_pb_blog_item_0_163 post-30630 post type-post status-publish format-standard has-post-thumbnail hentry category-news-from-insuco tag-anciens-articles-avec-builder-en\">\n\n\t\t\t\t<div class=\"et_pb_image_container\"><a href=\"https:\/\/www.insuco.com\/en\/peter-hochet-participated-in-the-capacity-building-workshop-on-the-ifc-performance-standards-organized-by-the-rse-ped-network-watch-the-video\/\" class=\"entry-featured-image-url\"><img loading=\"lazy\" decoding=\"async\" src=\"https:\/\/www.insuco.com\/wp-content\/uploads\/2020\/12\/Invitation-\u00e9v\u00e8nement-Peter-400x250.jpg\" alt=\"Peter Hochet participated in the capacity building workshop on the IFC Performance Standards organized by the RSE &#038; PED network \u2013 watch the video!\" class=\"\" srcset=\"https:\/\/www.insuco.com\/wp-content\/uploads\/2020\/12\/Invitation-\u00e9v\u00e8nement-Peter.jpg 479w, https:\/\/www.insuco.com\/wp-content\/uploads\/2020\/12\/Invitation-\u00e9v\u00e8nement-Peter-400x250.jpg 480w \" sizes=\"(max-width:479px) 479px, 100vw \"  width=\"400\" height=\"250\" \/><\/a><\/div>\n\t\t\t\t\t\t\t\t\t\t\t\t\t\t<h2 class=\"entry-title\">\n\t\t\t\t\t\t\t\t\t\t\t\t\t<a href=\"https:\/\/www.insuco.com\/en\/peter-hochet-participated-in-the-capacity-building-workshop-on-the-ifc-performance-standards-organized-by-the-rse-ped-network-watch-the-video\/\">Peter Hochet participated in the capacity building workshop on the IFC Performance Standards organized by the RSE &#038; PED network \u2013 watch the video!<\/a>\n\t\t\t\t\t\t\t\t\t\t\t<\/h2>\n\t\t\t\t\n\t\t\t\t\t<p class=\"post-meta\"><span class=\"published\">Feb 2021<\/span><\/p><div class=\"post-content\"><div class=\"post-content-inner\"><p>The RSE &#038; PED network, with the support of Proparco&#8230;<\/p>\n<\/div><\/div>\t\t\t\n\t\t\t<\/article>\n\t\t\t\t\n\t\t\t<article id=\"post-30550\" class=\"et_pb_post clearfix et_pb_blog_item_0_164 post-30550 post type-post status-publish format-standard has-post-thumbnail hentry category-news-from-insuco tag-anciens-articles-avec-builder-en\">\n\n\t\t\t\t<div class=\"et_pb_image_container\"><a href=\"https:\/\/www.insuco.com\/en\/insuco-wishes-you-all-the-best-for-the-year-2021-and-celebrates-its-10th-anniversary\/\" class=\"entry-featured-image-url\"><img loading=\"lazy\" decoding=\"async\" src=\"https:\/\/www.insuco.com\/wp-content\/uploads\/2021\/01\/Meilleurs-voeux-10-ans-d\u00e9j\u00e0-400x250.jpg\" alt=\"Insuco wishes you all the best for the year 2021 and celebrates its 10th anniversary!\" class=\"\" srcset=\"https:\/\/www.insuco.com\/wp-content\/uploads\/2021\/01\/Meilleurs-voeux-10-ans-d\u00e9j\u00e0.jpg 479w, https:\/\/www.insuco.com\/wp-content\/uploads\/2021\/01\/Meilleurs-voeux-10-ans-d\u00e9j\u00e0-400x250.jpg 480w \" sizes=\"(max-width:479px) 479px, 100vw \"  width=\"400\" height=\"250\" \/><\/a><\/div>\n\t\t\t\t\t\t\t\t\t\t\t\t\t\t<h2 class=\"entry-title\">\n\t\t\t\t\t\t\t\t\t\t\t\t\t<a href=\"https:\/\/www.insuco.com\/en\/insuco-wishes-you-all-the-best-for-the-year-2021-and-celebrates-its-10th-anniversary\/\">Insuco wishes you all the best for the year 2021 and celebrates its 10th anniversary!<\/a>\n\t\t\t\t\t\t\t\t\t\t\t<\/h2>\n\t\t\t\t\n\t\t\t\t\t<p class=\"post-meta\"><span class=\"published\">Jan 2021<\/span><\/p><div class=\"post-content\"><div class=\"post-content-inner\"><p>It is with great pleasure&#8230;<\/p>\n<\/div><\/div>\t\t\t\n\t\t\t<\/article>\n\t\t\t\t\n\t\t\t<article id=\"post-30531\" class=\"et_pb_post clearfix et_pb_blog_item_0_165 post-30531 post type-post status-publish format-standard has-post-thumbnail hentry category-news-from-insuco tag-anciens-articles-avec-builder-en\">\n\n\t\t\t\t<div class=\"et_pb_image_container\"><a href=\"https:\/\/www.insuco.com\/en\/pascal-guillen-and-peter-gave-a-training-session-at-the-french-senate-on-the-environmental-and-social-issues-of-the-reform-of-the-french-mining-code\/\" class=\"entry-featured-image-url\"><img loading=\"lazy\" decoding=\"async\" src=\"https:\/\/www.insuco.com\/wp-content\/uploads\/2021\/01\/S\u00e9nat-400x250.jpeg\" alt=\"Pascal, Guill\u00e9n and Peter gave a training session at the French Senate on the environmental and social issues of the reform of the French Mining Code\" class=\"\" srcset=\"https:\/\/www.insuco.com\/wp-content\/uploads\/2021\/01\/S\u00e9nat.jpeg 479w, https:\/\/www.insuco.com\/wp-content\/uploads\/2021\/01\/S\u00e9nat-400x250.jpeg 480w \" sizes=\"(max-width:479px) 479px, 100vw \"  width=\"400\" height=\"250\" \/><\/a><\/div>\n\t\t\t\t\t\t\t\t\t\t\t\t\t\t<h2 class=\"entry-title\">\n\t\t\t\t\t\t\t\t\t\t\t\t\t<a href=\"https:\/\/www.insuco.com\/en\/pascal-guillen-and-peter-gave-a-training-session-at-the-french-senate-on-the-environmental-and-social-issues-of-the-reform-of-the-french-mining-code\/\">Pascal, Guill\u00e9n and Peter gave a training session at the French Senate on the environmental and social issues of the reform of the French Mining Code<\/a>\n\t\t\t\t\t\t\t\t\t\t\t<\/h2>\n\t\t\t\t\n\t\t\t\t\t<p class=\"post-meta\"><span class=\"published\">Jan 2021<\/span><\/p><div class=\"post-content\"><div class=\"post-content-inner\"><p>Pascal Rey, Guill\u00e9n Calvo and Peter Hochet&#8230;<\/p>\n<\/div><\/div>\t\t\t\n\t\t\t<\/article>\n\t\t\t\t\n\t\t\t<article id=\"post-30347\" class=\"et_pb_post clearfix et_pb_blog_item_0_166 post-30347 post type-post status-publish format-standard has-post-thumbnail hentry category-news-from-insuco category-on-the-front-page tag-anciens-articles-avec-builder-en\">\n\n\t\t\t\t<div class=\"et_pb_image_container\"><a href=\"https:\/\/www.insuco.com\/en\/intervention-of-virginie-ifsra-director-on-tv5-monde\/\" class=\"entry-featured-image-url\"><img loading=\"lazy\" decoding=\"async\" src=\"https:\/\/www.insuco.com\/wp-content\/uploads\/2021\/01\/Virginie-TV5-Monde-1-400x250.png\" alt=\"Intervention of Virginie, IFSRA Director, on TV5 Monde\" class=\"\" srcset=\"https:\/\/www.insuco.com\/wp-content\/uploads\/2021\/01\/Virginie-TV5-Monde-1.png 479w, https:\/\/www.insuco.com\/wp-content\/uploads\/2021\/01\/Virginie-TV5-Monde-1-400x250.png 480w \" sizes=\"(max-width:479px) 479px, 100vw \"  width=\"400\" height=\"250\" \/><\/a><\/div>\n\t\t\t\t\t\t\t\t\t\t\t\t\t\t<h2 class=\"entry-title\">\n\t\t\t\t\t\t\t\t\t\t\t\t\t<a href=\"https:\/\/www.insuco.com\/en\/intervention-of-virginie-ifsra-director-on-tv5-monde\/\">Intervention of Virginie, IFSRA Director, on TV5 Monde<\/a>\n\t\t\t\t\t\t\t\t\t\t\t<\/h2>\n\t\t\t\t\n\t\t\t\t\t<p class=\"post-meta\"><span class=\"published\">Jan 2021<\/span><\/p><div class=\"post-content\"><div class=\"post-content-inner\"><p>Wednesday, January 13th, 2021&#8230;<\/p>\n<\/div><\/div>\t\t\t\n\t\t\t<\/article>\n\t\t\t\t\n\t\t\t<article id=\"post-30281\" class=\"et_pb_post clearfix et_pb_blog_item_0_167 post-30281 post type-post status-publish format-standard has-post-thumbnail hentry category-news-from-insuco tag-anciens-articles-avec-builder-en\">\n\n\t\t\t\t<div class=\"et_pb_image_container\"><a href=\"https:\/\/www.insuco.com\/en\/insuco-guinea-participated-in-the-workshop-organized-by-the-guinean-chamber-of-mines\/\" class=\"entry-featured-image-url\"><img loading=\"lazy\" decoding=\"async\" src=\"https:\/\/www.insuco.com\/wp-content\/uploads\/2021\/01\/4-400x250.jpg\" alt=\"Insuco Guinea participated in the workshop organized by the Guinean Chamber of Mines\" class=\"\" srcset=\"https:\/\/www.insuco.com\/wp-content\/uploads\/2021\/01\/4.jpg 479w, https:\/\/www.insuco.com\/wp-content\/uploads\/2021\/01\/4-400x250.jpg 480w \" sizes=\"(max-width:479px) 479px, 100vw \"  width=\"400\" height=\"250\" \/><\/a><\/div>\n\t\t\t\t\t\t\t\t\t\t\t\t\t\t<h2 class=\"entry-title\">\n\t\t\t\t\t\t\t\t\t\t\t\t\t<a href=\"https:\/\/www.insuco.com\/en\/insuco-guinea-participated-in-the-workshop-organized-by-the-guinean-chamber-of-mines\/\">Insuco Guinea participated in the workshop organized by the Guinean Chamber of Mines<\/a>\n\t\t\t\t\t\t\t\t\t\t\t<\/h2>\n\t\t\t\t\n\t\t\t\t\t<p class=\"post-meta\"><span class=\"published\">Jan 2021<\/span><\/p><div class=\"post-content\"><div class=\"post-content-inner\"><p>Tuesday, January 12th, 2021&#8230;<\/p>\n<\/div><\/div>\t\t\t\n\t\t\t<\/article>\n\t\t\t\t\n\t\t\t<article id=\"post-30061\" class=\"et_pb_post clearfix et_pb_blog_item_0_168 post-30061 post type-post status-publish format-standard has-post-thumbnail hentry category-news-from-insuco tag-anciens-articles-avec-builder-en\">\n\n\t\t\t\t<div class=\"et_pb_image_container\"><a href=\"https:\/\/www.insuco.com\/en\/experiencias-significativas-2020-gender-equality-in-the-mining-and-energy-sector-in-colombia\/\" class=\"entry-featured-image-url\"><img loading=\"lazy\" decoding=\"async\" src=\"https:\/\/www.insuco.com\/wp-content\/uploads\/2020\/12\/Invitaci\u00f3n-Experiencias-Significativas-2020-400x250.jpg\" alt=\"Experiencias Significativas 2020 &#8211; Gender Equality in the Mining and Energy Sector in Colombia\" class=\"\" srcset=\"https:\/\/www.insuco.com\/wp-content\/uploads\/2020\/12\/Invitaci\u00f3n-Experiencias-Significativas-2020.jpg 479w, https:\/\/www.insuco.com\/wp-content\/uploads\/2020\/12\/Invitaci\u00f3n-Experiencias-Significativas-2020-400x250.jpg 480w \" sizes=\"(max-width:479px) 479px, 100vw \"  width=\"400\" height=\"250\" \/><\/a><\/div>\n\t\t\t\t\t\t\t\t\t\t\t\t\t\t<h2 class=\"entry-title\">\n\t\t\t\t\t\t\t\t\t\t\t\t\t<a href=\"https:\/\/www.insuco.com\/en\/experiencias-significativas-2020-gender-equality-in-the-mining-and-energy-sector-in-colombia\/\">Experiencias Significativas 2020 &#8211; Gender Equality in the Mining and Energy Sector in Colombia<\/a>\n\t\t\t\t\t\t\t\t\t\t\t<\/h2>\n\t\t\t\t\n\t\t\t\t\t<p class=\"post-meta\"><span class=\"published\">Dec 2020<\/span><\/p><div class=\"post-content\"><div class=\"post-content-inner\"><p>Within the framework of the event&#8230;<\/p>\n<\/div><\/div>\t\t\t\n\t\t\t<\/article>\n\t\t\t\t\n\t\t\t<article id=\"post-29954\" class=\"et_pb_post clearfix et_pb_blog_item_0_169 post-29954 post type-post status-publish format-standard has-post-thumbnail hentry category-news-from-insuco tag-anciens-articles-avec-builder-en\">\n\n\t\t\t\t<div class=\"et_pb_image_container\"><a href=\"https:\/\/www.insuco.com\/en\/opening-of-our-new-offices-in-dominican-republic\/\" class=\"entry-featured-image-url\"><img loading=\"lazy\" decoding=\"async\" src=\"https:\/\/www.insuco.com\/wp-content\/uploads\/2020\/11\/Bureaux_RepDom_Exterieur-400x250.jpg\" alt=\"Opening of our new offices in Dominican Republic!\" class=\"\" srcset=\"https:\/\/www.insuco.com\/wp-content\/uploads\/2020\/11\/Bureaux_RepDom_Exterieur.jpg 479w, https:\/\/www.insuco.com\/wp-content\/uploads\/2020\/11\/Bureaux_RepDom_Exterieur-400x250.jpg 480w \" sizes=\"(max-width:479px) 479px, 100vw \"  width=\"400\" height=\"250\" \/><\/a><\/div>\n\t\t\t\t\t\t\t\t\t\t\t\t\t\t<h2 class=\"entry-title\">\n\t\t\t\t\t\t\t\t\t\t\t\t\t<a href=\"https:\/\/www.insuco.com\/en\/opening-of-our-new-offices-in-dominican-republic\/\">Opening of our new offices in Dominican Republic!<\/a>\n\t\t\t\t\t\t\t\t\t\t\t<\/h2>\n\t\t\t\t\n\t\t\t\t\t<p class=\"post-meta\"><span class=\"published\">Dec 2020<\/span><\/p><div class=\"post-content\"><div class=\"post-content-inner\"><p>We are very pleased to announce&#8230;<\/p>\n<\/div><\/div>\t\t\t\n\t\t\t<\/article>\n\t\t\t\t\n\t\t\t<article id=\"post-29838\" class=\"et_pb_post clearfix et_pb_blog_item_0_170 post-29838 post type-post status-publish format-standard has-post-thumbnail hentry category-news-from-insuco tag-anciens-articles-avec-builder-en\">\n\n\t\t\t\t<div class=\"et_pb_image_container\"><a href=\"https:\/\/www.insuco.com\/en\/peter-hochet-participated-in-the-capacity-building-workshop-on-the-ifc-performance-standards-organized-by-the-rse-ped-network\/\" class=\"entry-featured-image-url\"><img loading=\"lazy\" decoding=\"async\" src=\"https:\/\/www.insuco.com\/wp-content\/uploads\/2020\/12\/WhatsApp-Image-2020-12-02-at-15.50.37-1-400x250.jpeg\" alt=\"Peter Hochet participated in the capacity building workshop on the IFC Performance Standards organized by the RSE &#038; PED network\" class=\"\" srcset=\"https:\/\/www.insuco.com\/wp-content\/uploads\/2020\/12\/WhatsApp-Image-2020-12-02-at-15.50.37-1.jpeg 479w, https:\/\/www.insuco.com\/wp-content\/uploads\/2020\/12\/WhatsApp-Image-2020-12-02-at-15.50.37-1-400x250.jpeg 480w \" sizes=\"(max-width:479px) 479px, 100vw \"  width=\"400\" height=\"250\" \/><\/a><\/div>\n\t\t\t\t\t\t\t\t\t\t\t\t\t\t<h2 class=\"entry-title\">\n\t\t\t\t\t\t\t\t\t\t\t\t\t<a href=\"https:\/\/www.insuco.com\/en\/peter-hochet-participated-in-the-capacity-building-workshop-on-the-ifc-performance-standards-organized-by-the-rse-ped-network\/\">Peter Hochet participated in the capacity building workshop on the IFC Performance Standards organized by the RSE &#038; PED network<\/a>\n\t\t\t\t\t\t\t\t\t\t\t<\/h2>\n\t\t\t\t\n\t\t\t\t\t<p class=\"post-meta\"><span class=\"published\">Dec 2020<\/span><\/p><div class=\"post-content\"><div class=\"post-content-inner\"><p>The RSE &#038; PED network, with the support of Proparco&#8230;<\/p>\n<\/div><\/div>\t\t\t\n\t\t\t<\/article>\n\t\t\t\t\n\t\t\t<article id=\"post-29737\" class=\"et_pb_post clearfix et_pb_blog_item_0_171 post-29737 post type-post status-publish format-standard has-post-thumbnail hentry category-news-from-insuco tag-anciens-articles-avec-builder-en\">\n\n\t\t\t\t<div class=\"et_pb_image_container\"><a href=\"https:\/\/www.insuco.com\/en\/training-on-gis-of-the-chamber-of-mines-of-guinea\/\" class=\"entry-featured-image-url\"><img loading=\"lazy\" decoding=\"async\" src=\"https:\/\/www.insuco.com\/wp-content\/uploads\/2020\/12\/2-1-400x250.jpg\" alt=\"Training on GIS of the Chamber of Mines of Guinea\" class=\"\" srcset=\"https:\/\/www.insuco.com\/wp-content\/uploads\/2020\/12\/2-1.jpg 479w, https:\/\/www.insuco.com\/wp-content\/uploads\/2020\/12\/2-1-400x250.jpg 480w \" sizes=\"(max-width:479px) 479px, 100vw \"  width=\"400\" height=\"250\" \/><\/a><\/div>\n\t\t\t\t\t\t\t\t\t\t\t\t\t\t<h2 class=\"entry-title\">\n\t\t\t\t\t\t\t\t\t\t\t\t\t<a href=\"https:\/\/www.insuco.com\/en\/training-on-gis-of-the-chamber-of-mines-of-guinea\/\">Training on GIS of the Chamber of Mines of Guinea<\/a>\n\t\t\t\t\t\t\t\t\t\t\t<\/h2>\n\t\t\t\t\n\t\t\t\t\t<p class=\"post-meta\"><span class=\"published\">Dec 2020<\/span><\/p><div class=\"post-content\"><div class=\"post-content-inner\"><p>Insuco Guinea&#8230;<\/p>\n<\/div><\/div>\t\t\t\n\t\t\t<\/article>\n\t\t\t\t\n\t\t\t<article id=\"post-29692\" class=\"et_pb_post clearfix et_pb_blog_item_0_172 post-29692 post type-post status-publish format-standard has-post-thumbnail hentry category-news-from-insuco tag-anciens-articles-avec-builder-en\">\n\n\t\t\t\t<div class=\"et_pb_image_container\"><a href=\"https:\/\/www.insuco.com\/en\/insuco-and-ifsra-participate-in-the-debate-around-the-challenges-of-natural-resources-management-in-madagascar\/\" class=\"entry-featured-image-url\"><img loading=\"lazy\" decoding=\"async\" src=\"https:\/\/www.insuco.com\/wp-content\/uploads\/2020\/12\/WhatsApp-Image-2020-12-03-at-08.04.50-400x250.jpeg\" alt=\"Insuco and IFSRA participate in the debate around the challenges of natural resources management in Madagascar\" class=\"\" srcset=\"https:\/\/www.insuco.com\/wp-content\/uploads\/2020\/12\/WhatsApp-Image-2020-12-03-at-08.04.50.jpeg 479w, https:\/\/www.insuco.com\/wp-content\/uploads\/2020\/12\/WhatsApp-Image-2020-12-03-at-08.04.50-400x250.jpeg 480w \" sizes=\"(max-width:479px) 479px, 100vw \"  width=\"400\" height=\"250\" \/><\/a><\/div>\n\t\t\t\t\t\t\t\t\t\t\t\t\t\t<h2 class=\"entry-title\">\n\t\t\t\t\t\t\t\t\t\t\t\t\t<a href=\"https:\/\/www.insuco.com\/en\/insuco-and-ifsra-participate-in-the-debate-around-the-challenges-of-natural-resources-management-in-madagascar\/\">Insuco and IFSRA participate in the debate around the challenges of natural resources management in Madagascar<\/a>\n\t\t\t\t\t\t\t\t\t\t\t<\/h2>\n\t\t\t\t\n\t\t\t\t\t<p class=\"post-meta\"><span class=\"published\">Dec 2020<\/span><\/p><div class=\"post-content\"><div class=\"post-content-inner\"><p>Adrian Levrel and Margaux Nicot&#8230;<\/p>\n<\/div><\/div>\t\t\t\n\t\t\t<\/article>\n\t\t\t\t\n\t\t\t<article id=\"post-29861\" class=\"et_pb_post clearfix et_pb_blog_item_0_173 post-29861 post type-post status-publish format-standard has-post-thumbnail hentry category-news-from-insuco tag-anciens-articles-avec-builder-en\">\n\n\t\t\t\t<div class=\"et_pb_image_container\"><a href=\"https:\/\/www.insuco.com\/en\/pascal-and-guillen-are-visiting-the-dominican-republic-and-haiti\/\" class=\"entry-featured-image-url\"><img loading=\"lazy\" decoding=\"async\" src=\"https:\/\/www.insuco.com\/wp-content\/uploads\/2020\/12\/Equipe-Ha\u00efti_Novembre-2020-400x250.jpeg\" alt=\"Pascal and Guill\u00e9n are visiting the Dominican Republic and Haiti\" class=\"\" srcset=\"https:\/\/www.insuco.com\/wp-content\/uploads\/2020\/12\/Equipe-Ha\u00efti_Novembre-2020.jpeg 479w, https:\/\/www.insuco.com\/wp-content\/uploads\/2020\/12\/Equipe-Ha\u00efti_Novembre-2020-400x250.jpeg 480w \" sizes=\"(max-width:479px) 479px, 100vw \"  width=\"400\" height=\"250\" \/><\/a><\/div>\n\t\t\t\t\t\t\t\t\t\t\t\t\t\t<h2 class=\"entry-title\">\n\t\t\t\t\t\t\t\t\t\t\t\t\t<a href=\"https:\/\/www.insuco.com\/en\/pascal-and-guillen-are-visiting-the-dominican-republic-and-haiti\/\">Pascal and Guill\u00e9n are visiting the Dominican Republic and Haiti<\/a>\n\t\t\t\t\t\t\t\t\t\t\t<\/h2>\n\t\t\t\t\n\t\t\t\t\t<p class=\"post-meta\"><span class=\"published\">Nov 2020<\/span><\/p><div class=\"post-content\"><div class=\"post-content-inner\"><p>After a few days in Dominican Republic &#8230;<\/p>\n<\/div><\/div>\t\t\t\n\t\t\t<\/article>\n\t\t\t\t\n\t\t\t<article id=\"post-29900\" class=\"et_pb_post clearfix et_pb_blog_item_0_174 post-29900 post type-post status-publish format-standard has-post-thumbnail hentry category-news-from-insuco tag-anciens-articles-avec-builder-en\">\n\n\t\t\t\t<div class=\"et_pb_image_container\"><a href=\"https:\/\/www.insuco.com\/en\/launch-of-the-advisory-committee-energia-que-transforma-in-partnership-with-the-colombian-ministry-of-mining-and-energy-and-idb\/\" class=\"entry-featured-image-url\"><img loading=\"lazy\" decoding=\"async\" src=\"https:\/\/www.insuco.com\/wp-content\/uploads\/2020\/12\/1-2-400x250.jpg\" alt=\"Launch of the Advisory Committee Energ\u00eda Que Transforma, in partnership with the Colombian Ministry of Mining and Energy and IDB\" class=\"\" srcset=\"https:\/\/www.insuco.com\/wp-content\/uploads\/2020\/12\/1-2.jpg 479w, https:\/\/www.insuco.com\/wp-content\/uploads\/2020\/12\/1-2-400x250.jpg 480w \" sizes=\"(max-width:479px) 479px, 100vw \"  width=\"400\" height=\"250\" \/><\/a><\/div>\n\t\t\t\t\t\t\t\t\t\t\t\t\t\t<h2 class=\"entry-title\">\n\t\t\t\t\t\t\t\t\t\t\t\t\t<a href=\"https:\/\/www.insuco.com\/en\/launch-of-the-advisory-committee-energia-que-transforma-in-partnership-with-the-colombian-ministry-of-mining-and-energy-and-idb\/\">Launch of the Advisory Committee Energ\u00eda Que Transforma, in partnership with the Colombian Ministry of Mining and Energy and IDB<\/a>\n\t\t\t\t\t\t\t\t\t\t\t<\/h2>\n\t\t\t\t\n\t\t\t\t\t<p class=\"post-meta\"><span class=\"published\">Nov 2020<\/span><\/p><div class=\"post-content\"><div class=\"post-content-inner\"><p>Last Thursday, November 26th&#8230;<\/p>\n<\/div><\/div>\t\t\t\n\t\t\t<\/article>\n\t\t\t\t\n\t\t\t<article id=\"post-29357\" class=\"et_pb_post clearfix et_pb_blog_item_0_175 post-29357 post type-post status-publish format-standard has-post-thumbnail hentry category-news-from-insuco tag-anciens-articles-avec-builder-en\">\n\n\t\t\t\t<div class=\"et_pb_image_container\"><a href=\"https:\/\/www.insuco.com\/en\/observatories-of-territorial-transformations-an-interview-with-the-project-director\/\" class=\"entry-featured-image-url\"><img loading=\"lazy\" decoding=\"async\" src=\"https:\/\/www.insuco.com\/wp-content\/uploads\/2020\/11\/Imagen-400x250.jpg\" alt=\"Observatories of Territorial Transformations: an interview with the Project Director\" class=\"\" srcset=\"https:\/\/www.insuco.com\/wp-content\/uploads\/2020\/11\/Imagen.jpg 479w, https:\/\/www.insuco.com\/wp-content\/uploads\/2020\/11\/Imagen-400x250.jpg 480w \" sizes=\"(max-width:479px) 479px, 100vw \"  width=\"400\" height=\"250\" \/><\/a><\/div>\n\t\t\t\t\t\t\t\t\t\t\t\t\t\t<h2 class=\"entry-title\">\n\t\t\t\t\t\t\t\t\t\t\t\t\t<a href=\"https:\/\/www.insuco.com\/en\/observatories-of-territorial-transformations-an-interview-with-the-project-director\/\">Observatories of Territorial Transformations: an interview with the Project Director<\/a>\n\t\t\t\t\t\t\t\t\t\t\t<\/h2>\n\t\t\t\t\n\t\t\t\t\t<p class=\"post-meta\"><span class=\"published\">Nov 2020<\/span><\/p><div class=\"post-content\"><div class=\"post-content-inner\"><p>The Observatories of Territorial Transformation (OTT) Project&#8230;<\/p>\n<\/div><\/div>\t\t\t\n\t\t\t<\/article>\n\t\t\t\t\n\t\t\t<article id=\"post-29054\" class=\"et_pb_post clearfix et_pb_blog_item_0_176 post-29054 post type-post status-publish format-standard has-post-thumbnail hentry category-news-from-insuco category-on-the-front-page tag-anciens-articles-avec-builder-en\">\n\n\t\t\t\t<div class=\"et_pb_image_container\"><a href=\"https:\/\/www.insuco.com\/en\/publication-study-of-the-impact-of-the-security-crisis-on-land-tenure-dynamics-in-the-lake-chad-region\/\" class=\"entry-featured-image-url\"><img loading=\"lazy\" decoding=\"async\" src=\"https:\/\/www.insuco.com\/wp-content\/uploads\/2020\/11\/Image-site-web-400x250.jpg\" alt=\"Publication: Study of the impact of the security crisis on land tenure dynamics in the Lake Chad region\" class=\"\" srcset=\"https:\/\/www.insuco.com\/wp-content\/uploads\/2020\/11\/Image-site-web.jpg 479w, https:\/\/www.insuco.com\/wp-content\/uploads\/2020\/11\/Image-site-web-400x250.jpg 480w \" sizes=\"(max-width:479px) 479px, 100vw \"  width=\"400\" height=\"250\" \/><\/a><\/div>\n\t\t\t\t\t\t\t\t\t\t\t\t\t\t<h2 class=\"entry-title\">\n\t\t\t\t\t\t\t\t\t\t\t\t\t<a href=\"https:\/\/www.insuco.com\/en\/publication-study-of-the-impact-of-the-security-crisis-on-land-tenure-dynamics-in-the-lake-chad-region\/\">Publication: Study of the impact of the security crisis on land tenure dynamics in the Lake Chad region<\/a>\n\t\t\t\t\t\t\t\t\t\t\t<\/h2>\n\t\t\t\t\n\t\t\t\t\t<p class=\"post-meta\"><span class=\"published\">Nov 2020<\/span><\/p><div class=\"post-content\"><div class=\"post-content-inner\"><p>We are pleased to announce the publication of the study&#8230;<\/p>\n<\/div><\/div>\t\t\t\n\t\t\t<\/article>\n\t\t\t\t\n\t\t\t<article id=\"post-28809\" class=\"et_pb_post clearfix et_pb_blog_item_0_177 post-28809 post type-post status-publish format-standard has-post-thumbnail hentry category-news-from-insuco tag-anciens-articles-avec-builder-en\">\n\n\t\t\t\t<div class=\"et_pb_image_container\"><a href=\"https:\/\/www.insuco.com\/en\/insuco-guinea-participated-in-the-restitution-of-the-environmental-and-social-strategic-assessment-of-the-occupation-by-mining-infrastructures-of-the-guinean-coastal-zone-in-conakry\/\" class=\"entry-featured-image-url\"><img loading=\"lazy\" decoding=\"async\" src=\"https:\/\/www.insuco.com\/wp-content\/uploads\/2020\/09\/119907327_3472401772821817_2792090767366032107_o-400x250.jpg\" alt=\"Insuco Guinea participated in the restitution of the Environmental and Social Strategic Assessment of the occupation by mining infrastructures of the Guinean coastal zone in Conakry\" class=\"\" srcset=\"https:\/\/www.insuco.com\/wp-content\/uploads\/2020\/09\/119907327_3472401772821817_2792090767366032107_o.jpg 479w, https:\/\/www.insuco.com\/wp-content\/uploads\/2020\/09\/119907327_3472401772821817_2792090767366032107_o-400x250.jpg 480w \" sizes=\"(max-width:479px) 479px, 100vw \"  width=\"400\" height=\"250\" \/><\/a><\/div>\n\t\t\t\t\t\t\t\t\t\t\t\t\t\t<h2 class=\"entry-title\">\n\t\t\t\t\t\t\t\t\t\t\t\t\t<a href=\"https:\/\/www.insuco.com\/en\/insuco-guinea-participated-in-the-restitution-of-the-environmental-and-social-strategic-assessment-of-the-occupation-by-mining-infrastructures-of-the-guinean-coastal-zone-in-conakry\/\">Insuco Guinea participated in the restitution of the Environmental and Social Strategic Assessment of the occupation by mining infrastructures of the Guinean coastal zone in Conakry<\/a>\n\t\t\t\t\t\t\t\t\t\t\t<\/h2>\n\t\t\t\t\n\t\t\t\t\t<p class=\"post-meta\"><span class=\"published\">Sep 2020<\/span><\/p><div class=\"post-content\"><div class=\"post-content-inner\"><p>Last 17th of September, Insuco Guinea&#8230;<\/p>\n<\/div><\/div>\t\t\t\n\t\t\t<\/article>\n\t\t\t\t\n\t\t\t<article id=\"post-28739\" class=\"et_pb_post clearfix et_pb_blog_item_0_178 post-28739 post type-post status-publish format-standard has-post-thumbnail hentry category-news-from-insuco tag-anciens-articles-avec-builder-en\">\n\n\t\t\t\t<div class=\"et_pb_image_container\"><a href=\"https:\/\/www.insuco.com\/en\/gender-equality-guidelines-of-the-colombian-ministry-of-mines-and-energy\/\" class=\"entry-featured-image-url\"><img loading=\"lazy\" decoding=\"async\" src=\"https:\/\/www.insuco.com\/wp-content\/uploads\/2020\/09\/Imagen1-400x250.jpg\" alt=\"Gender Equality Guidelines of the Colombian Ministry of Mines and Energy\" class=\"\" srcset=\"https:\/\/www.insuco.com\/wp-content\/uploads\/2020\/09\/Imagen1.jpg 479w, https:\/\/www.insuco.com\/wp-content\/uploads\/2020\/09\/Imagen1-400x250.jpg 480w \" sizes=\"(max-width:479px) 479px, 100vw \"  width=\"400\" height=\"250\" \/><\/a><\/div>\n\t\t\t\t\t\t\t\t\t\t\t\t\t\t<h2 class=\"entry-title\">\n\t\t\t\t\t\t\t\t\t\t\t\t\t<a href=\"https:\/\/www.insuco.com\/en\/gender-equality-guidelines-of-the-colombian-ministry-of-mines-and-energy\/\">Gender Equality Guidelines of the Colombian Ministry of Mines and Energy<\/a>\n\t\t\t\t\t\t\t\t\t\t\t<\/h2>\n\t\t\t\t\n\t\t\t\t\t<p class=\"post-meta\"><span class=\"published\">Sep 2020<\/span><\/p><div class=\"post-content\"><div class=\"post-content-inner\"><p>Wednesday, September 23, more than 80 companies and unions&#8230;<\/p>\n<\/div><\/div>\t\t\t\n\t\t\t<\/article>\n\t\t\t\t\n\t\t\t<article id=\"post-28591\" class=\"et_pb_post clearfix et_pb_blog_item_0_179 post-28591 post type-post status-publish format-standard has-post-thumbnail hentry category-news-from-insuco tag-anciens-articles-avec-builder-en\">\n\n\t\t\t\t<div class=\"et_pb_image_container\"><a href=\"https:\/\/www.insuco.com\/en\/observatories-of-territorial-transformations-new-website\/\" class=\"entry-featured-image-url\"><img loading=\"lazy\" decoding=\"async\" src=\"https:\/\/www.insuco.com\/wp-content\/uploads\/2020\/08\/OTTweb-400x250.png\" alt=\"Observatories of Territorial Transformations new website\" class=\"\" srcset=\"https:\/\/www.insuco.com\/wp-content\/uploads\/2020\/08\/OTTweb.png 479w, https:\/\/www.insuco.com\/wp-content\/uploads\/2020\/08\/OTTweb-400x250.png 480w \" sizes=\"(max-width:479px) 479px, 100vw \"  width=\"400\" height=\"250\" \/><\/a><\/div>\n\t\t\t\t\t\t\t\t\t\t\t\t\t\t<h2 class=\"entry-title\">\n\t\t\t\t\t\t\t\t\t\t\t\t\t<a href=\"https:\/\/www.insuco.com\/en\/observatories-of-territorial-transformations-new-website\/\">Observatories of Territorial Transformations new website<\/a>\n\t\t\t\t\t\t\t\t\t\t\t<\/h2>\n\t\t\t\t\n\t\t\t\t\t<p class=\"post-meta\"><span class=\"published\">Aug 2020<\/span><\/p><div class=\"post-content\"><div class=\"post-content-inner\"><p>The Observatories of Territorial Transformations&#8230;<\/p>\n<\/div><\/div>\t\t\t\n\t\t\t<\/article>\n\t\t\t\t\n\t\t\t<article id=\"post-28392\" class=\"et_pb_post clearfix et_pb_blog_item_0_180 post-28392 post type-post status-publish format-standard has-post-thumbnail hentry category-news-from-insuco tag-anciens-articles-avec-builder-en\">\n\n\t\t\t\t<div class=\"et_pb_image_container\"><a href=\"https:\/\/www.insuco.com\/en\/distanciados-no-aislados\/\" class=\"entry-featured-image-url\"><img loading=\"lazy\" decoding=\"async\" src=\"https:\/\/www.insuco.com\/wp-content\/uploads\/2020\/06\/Servicios-COVID-1-400x250.jpg\" alt=\"Distanciados, No Aislados\" class=\"\" srcset=\"https:\/\/www.insuco.com\/wp-content\/uploads\/2020\/06\/Servicios-COVID-1.jpg 479w, https:\/\/www.insuco.com\/wp-content\/uploads\/2020\/06\/Servicios-COVID-1-400x250.jpg 480w \" sizes=\"(max-width:479px) 479px, 100vw \"  width=\"400\" height=\"250\" \/><\/a><\/div>\n\t\t\t\t\t\t\t\t\t\t\t\t\t\t<h2 class=\"entry-title\">\n\t\t\t\t\t\t\t\t\t\t\t\t\t<a href=\"https:\/\/www.insuco.com\/en\/distanciados-no-aislados\/\">Distanciados, No Aislados<\/a>\n\t\t\t\t\t\t\t\t\t\t\t<\/h2>\n\t\t\t\t\n\t\t\t\t\t<p class=\"post-meta\"><span class=\"published\">Jun 2020<\/span><\/p><div class=\"post-content\"><div class=\"post-content-inner\"><p>We are pleased to announce the launch of our brand-new website&#8230;<\/p>\n<\/div><\/div>\t\t\t\n\t\t\t<\/article>\n\t\t\t\t\n\t\t\t<article id=\"post-27007\" class=\"et_pb_post clearfix et_pb_blog_item_0_181 post-27007 post type-post status-publish format-standard has-post-thumbnail hentry category-news-from-insuco tag-anciens-articles-avec-builder-en\">\n\n\t\t\t\t<div class=\"et_pb_image_container\"><a href=\"https:\/\/www.insuco.com\/en\/innovative-alliances-in-territories-in-times-of-covid-19\/\" class=\"entry-featured-image-url\"><img loading=\"lazy\" decoding=\"async\" src=\"https:\/\/www.insuco.com\/wp-content\/uploads\/2020\/05\/0001-400x250.jpg\" alt=\"Innovative alliances in territories in times of Covid-19\" class=\"\" srcset=\"https:\/\/www.insuco.com\/wp-content\/uploads\/2020\/05\/0001.jpg 479w, https:\/\/www.insuco.com\/wp-content\/uploads\/2020\/05\/0001-400x250.jpg 480w \" sizes=\"(max-width:479px) 479px, 100vw \"  width=\"400\" height=\"250\" \/><\/a><\/div>\n\t\t\t\t\t\t\t\t\t\t\t\t\t\t<h2 class=\"entry-title\">\n\t\t\t\t\t\t\t\t\t\t\t\t\t<a href=\"https:\/\/www.insuco.com\/en\/innovative-alliances-in-territories-in-times-of-covid-19\/\">Innovative alliances in territories in times of Covid-19<\/a>\n\t\t\t\t\t\t\t\t\t\t\t<\/h2>\n\t\t\t\t\n\t\t\t\t\t<p class=\"post-meta\"><span class=\"published\">May 2020<\/span><\/p><div class=\"post-content\"><div class=\"post-content-inner\"><p>On Thursday April 23rd 2020, Insuco, Jaime Arteaga &#038; Asociados and the Colombian Mining Association&#8230;<\/p>\n<\/div><\/div>\t\t\t\n\t\t\t<\/article>\n\t\t\t\t\n\t\t\t<article id=\"post-27119\" class=\"et_pb_post clearfix et_pb_blog_item_0_182 post-27119 post type-post status-publish format-standard has-post-thumbnail hentry category-news-from-insuco tag-anciens-articles-avec-builder-en\">\n\n\t\t\t\t<div class=\"et_pb_image_container\"><a href=\"https:\/\/www.insuco.com\/en\/the-challenges-of-territorial-dialogue-in-times-of-covid-19-how-to-address-them-through-another-approach-of-social-management\/\" class=\"entry-featured-image-url\"><img loading=\"lazy\" decoding=\"async\" src=\"https:\/\/www.insuco.com\/wp-content\/uploads\/2020\/04\/Ja-Insuco_Reflexiones-pdf.jpg\" alt=\"The challenges of territorial dialogue in times of Covid-19: how to address them through another approach of social management?\" class=\"\" srcset=\"https:\/\/www.insuco.com\/wp-content\/uploads\/2020\/04\/Ja-Insuco_Reflexiones-pdf.jpg 479w, https:\/\/www.insuco.com\/wp-content\/uploads\/2020\/04\/Ja-Insuco_Reflexiones-pdf.jpg 480w \" sizes=\"(max-width:479px) 479px, 100vw \"  width=\"400\" height=\"250\" \/><\/a><\/div>\n\t\t\t\t\t\t\t\t\t\t\t\t\t\t<h2 class=\"entry-title\">\n\t\t\t\t\t\t\t\t\t\t\t\t\t<a href=\"https:\/\/www.insuco.com\/en\/the-challenges-of-territorial-dialogue-in-times-of-covid-19-how-to-address-them-through-another-approach-of-social-management\/\">The challenges of territorial dialogue in times of Covid-19: how to address them through another approach of social management?<\/a>\n\t\t\t\t\t\t\t\t\t\t\t<\/h2>\n\t\t\t\t\n\t\t\t\t\t<p class=\"post-meta\"><span class=\"published\">Apr 2020<\/span><\/p><div class=\"post-content\"><div class=\"post-content-inner\"><p>On Friday April 3rd 2020, Insuco, Jaime Arteaga &#038; Asociados and the Colombian Mining Association&#8230;<\/p>\n<\/div><\/div>\t\t\t\n\t\t\t<\/article>\n\t\t\t\t\n\t\t\t<article id=\"post-26441\" class=\"et_pb_post clearfix et_pb_blog_item_0_183 post-26441 post type-post status-publish format-standard has-post-thumbnail hentry category-news-from-insuco tag-anciens-articles-avec-builder-en\">\n\n\t\t\t\t<div class=\"et_pb_image_container\"><a href=\"https:\/\/www.insuco.com\/en\/insuco-lac-teams-gathered-in-bogota-and-medellin-colombia\/\" class=\"entry-featured-image-url\"><img loading=\"lazy\" decoding=\"async\" src=\"https:\/\/www.insuco.com\/wp-content\/uploads\/2020\/02\/Grupo-Cocorna2-400x250.jpeg\" alt=\"Insuco LAC teams gathered in Bogota and Medellin, Colombia\" class=\"\" srcset=\"https:\/\/www.insuco.com\/wp-content\/uploads\/2020\/02\/Grupo-Cocorna2.jpeg 479w, https:\/\/www.insuco.com\/wp-content\/uploads\/2020\/02\/Grupo-Cocorna2-400x250.jpeg 480w \" sizes=\"(max-width:479px) 479px, 100vw \"  width=\"400\" height=\"250\" \/><\/a><\/div>\n\t\t\t\t\t\t\t\t\t\t\t\t\t\t<h2 class=\"entry-title\">\n\t\t\t\t\t\t\t\t\t\t\t\t\t<a href=\"https:\/\/www.insuco.com\/en\/insuco-lac-teams-gathered-in-bogota-and-medellin-colombia\/\">Insuco LAC teams gathered in Bogota and Medellin, Colombia<\/a>\n\t\t\t\t\t\t\t\t\t\t\t<\/h2>\n\t\t\t\t\n\t\t\t\t\t<p class=\"post-meta\"><span class=\"published\">Mar 2020<\/span><\/p><div class=\"post-content\"><div class=\"post-content-inner\"><p>The teams of our offices in the LAC region&#8230;<\/p>\n<\/div><\/div>\t\t\t\n\t\t\t<\/article>\n\t\t\t\t\n\t\t\t<article id=\"post-26137\" class=\"et_pb_post clearfix et_pb_blog_item_0_184 post-26137 post type-post status-publish format-standard has-post-thumbnail hentry category-news-from-insuco tag-anciens-articles-avec-builder-en\">\n\n\t\t\t\t<div class=\"et_pb_image_container\"><a href=\"https:\/\/www.insuco.com\/en\/publication-what-irrigated-agriculture-for-the-future\/\" class=\"entry-featured-image-url\"><img loading=\"lazy\" decoding=\"async\" src=\"https:\/\/www.insuco.com\/wp-content\/uploads\/2020\/02\/image-couverture-publication-agriculture-irriguee-fevrier-2020-cut-320x250.jpg\" alt=\"Publication: What irrigated agriculture for the future?\" class=\"\" srcset=\"https:\/\/www.insuco.com\/wp-content\/uploads\/2020\/02\/image-couverture-publication-agriculture-irriguee-fevrier-2020-cut.jpg 479w, https:\/\/www.insuco.com\/wp-content\/uploads\/2020\/02\/image-couverture-publication-agriculture-irriguee-fevrier-2020-cut-320x250.jpg 480w \" sizes=\"(max-width:479px) 479px, 100vw \"  width=\"400\" height=\"250\" \/><\/a><\/div>\n\t\t\t\t\t\t\t\t\t\t\t\t\t\t<h2 class=\"entry-title\">\n\t\t\t\t\t\t\t\t\t\t\t\t\t<a href=\"https:\/\/www.insuco.com\/en\/publication-what-irrigated-agriculture-for-the-future\/\">Publication: What irrigated agriculture for the future?<\/a>\n\t\t\t\t\t\t\t\t\t\t\t<\/h2>\n\t\t\t\t\n\t\t\t\t\t<p class=\"post-meta\"><span class=\"published\">Feb 2020<\/span><\/p><div class=\"post-content\"><div class=\"post-content-inner\"><p>We are pleased to announce the publication of the book&#8230;<\/p>\n<\/div><\/div>\t\t\t\n\t\t\t<\/article>\n\t\t\t\t\n\t\t\t<article id=\"post-25865\" class=\"et_pb_post clearfix et_pb_blog_item_0_185 post-25865 post type-post status-publish format-standard has-post-thumbnail hentry category-news-from-insuco category-on-the-front-page tag-anciens-articles-avec-builder-en\">\n\n\t\t\t\t<div class=\"et_pb_image_container\"><a href=\"https:\/\/www.insuco.com\/en\/launch-of-the-observatories-of-territorial-transformations\/\" class=\"entry-featured-image-url\"><img loading=\"lazy\" decoding=\"async\" src=\"https:\/\/www.insuco.com\/wp-content\/uploads\/2020\/02\/1-1-400x250.jpg\" alt=\"Launch of the Observatories of Territorial Transformations\" class=\"\" srcset=\"https:\/\/www.insuco.com\/wp-content\/uploads\/2020\/02\/1-1.jpg 479w, https:\/\/www.insuco.com\/wp-content\/uploads\/2020\/02\/1-1-400x250.jpg 480w \" sizes=\"(max-width:479px) 479px, 100vw \"  width=\"400\" height=\"250\" \/><\/a><\/div>\n\t\t\t\t\t\t\t\t\t\t\t\t\t\t<h2 class=\"entry-title\">\n\t\t\t\t\t\t\t\t\t\t\t\t\t<a href=\"https:\/\/www.insuco.com\/en\/launch-of-the-observatories-of-territorial-transformations\/\">Launch of the Observatories of Territorial Transformations<\/a>\n\t\t\t\t\t\t\t\t\t\t\t<\/h2>\n\t\t\t\t\n\t\t\t\t\t<p class=\"post-meta\"><span class=\"published\">Feb 2020<\/span><\/p><div class=\"post-content\"><div class=\"post-content-inner\"><p>With the participation of representatives of the mining-energy and construction sectors&#8230;<\/p>\n<\/div><\/div>\t\t\t\n\t\t\t<\/article>\n\t\t\t\t\n\t\t\t<article id=\"post-29928\" class=\"et_pb_post clearfix et_pb_blog_item_0_186 post-29928 post type-post status-publish format-standard has-post-thumbnail hentry category-news-from-insuco tag-anciens-articles-avec-builder-en\">\n\n\t\t\t\t<div class=\"et_pb_image_container\"><a href=\"https:\/\/www.insuco.com\/en\/opening-of-our-new-office-in-peru\/\" class=\"entry-featured-image-url\"><img loading=\"lazy\" decoding=\"async\" src=\"https:\/\/www.insuco.com\/wp-content\/uploads\/2020\/12\/1-3-400x250.jpg\" alt=\"Opening of our new office in Peru!\" class=\"\" srcset=\"https:\/\/www.insuco.com\/wp-content\/uploads\/2020\/12\/1-3.jpg 479w, https:\/\/www.insuco.com\/wp-content\/uploads\/2020\/12\/1-3-400x250.jpg 480w \" sizes=\"(max-width:479px) 479px, 100vw \"  width=\"400\" height=\"250\" \/><\/a><\/div>\n\t\t\t\t\t\t\t\t\t\t\t\t\t\t<h2 class=\"entry-title\">\n\t\t\t\t\t\t\t\t\t\t\t\t\t<a href=\"https:\/\/www.insuco.com\/en\/opening-of-our-new-office-in-peru\/\">Opening of our new office in Peru!<\/a>\n\t\t\t\t\t\t\t\t\t\t\t<\/h2>\n\t\t\t\t\n\t\t\t\t\t<p class=\"post-meta\"><span class=\"published\">Jan 2020<\/span><\/p><div class=\"post-content\"><div class=\"post-content-inner\"><p>We are very pleased to announce&#8230;<\/p>\n<\/div><\/div>\t\t\t\n\t\t\t<\/article>\n\t\t\t\t\n\t\t\t<article id=\"post-25253\" class=\"et_pb_post clearfix et_pb_blog_item_0_187 post-25253 post type-post status-publish format-standard has-post-thumbnail hentry category-on-the-front-page tag-anciens-articles-avec-builder-en\">\n\n\t\t\t\t<div class=\"et_pb_image_container\"><a href=\"https:\/\/www.insuco.com\/en\/pascal-rey-ceo-of-insuco-and-associate-researcher-at-ifsra-participated-in-the-third-edition-of-the-annual-conference-on-interculturality-organized-by-emsome-in-paris-france\/\" class=\"entry-featured-image-url\"><img loading=\"lazy\" decoding=\"async\" src=\"https:\/\/www.insuco.com\/wp-content\/uploads\/2019\/12\/2-web-400x250.jpg\" alt=\"Pascal Rey, CEO of Insuco and associate researcher at IFSRA, participated in the third edition of the annual conference on interculturality organized by EMSOME in Paris, France\" class=\"\" srcset=\"https:\/\/www.insuco.com\/wp-content\/uploads\/2019\/12\/2-web.jpg 479w, https:\/\/www.insuco.com\/wp-content\/uploads\/2019\/12\/2-web-400x250.jpg 480w \" sizes=\"(max-width:479px) 479px, 100vw \"  width=\"400\" height=\"250\" \/><\/a><\/div>\n\t\t\t\t\t\t\t\t\t\t\t\t\t\t<h2 class=\"entry-title\">\n\t\t\t\t\t\t\t\t\t\t\t\t\t<a href=\"https:\/\/www.insuco.com\/en\/pascal-rey-ceo-of-insuco-and-associate-researcher-at-ifsra-participated-in-the-third-edition-of-the-annual-conference-on-interculturality-organized-by-emsome-in-paris-france\/\">Pascal Rey, CEO of Insuco and associate researcher at IFSRA, participated in the third edition of the annual conference on interculturality organized by EMSOME in Paris, France<\/a>\n\t\t\t\t\t\t\t\t\t\t\t<\/h2>\n\t\t\t\t\n\t\t\t\t\t<p class=\"post-meta\"><span class=\"published\">Dec 2019<\/span><\/p><div class=\"post-content\"><div class=\"post-content-inner\"><p>Last 27th of November, Pascal Rey had the pleasure to participate in the third edition of the annual conference on interculturality, organized in Paris by EMSOME&#8230;<\/p>\n<\/div><\/div>\t\t\t\n\t\t\t<\/article>\n\t\t\t\t\n\t\t\t<article id=\"post-24507\" class=\"et_pb_post clearfix et_pb_blog_item_0_188 post-24507 post type-post status-publish format-standard has-post-thumbnail hentry category-news-from-insuco tag-anciens-articles-avec-builder-en\">\n\n\t\t\t\t<div class=\"et_pb_image_container\"><a href=\"https:\/\/www.insuco.com\/en\/insuco-presented-its-experience-regarding-social-compliance-and-project-management-to-the-madagascar-chamber-of-mines\/\" class=\"entry-featured-image-url\"><img loading=\"lazy\" decoding=\"async\" src=\"https:\/\/www.insuco.com\/wp-content\/uploads\/2019\/10\/1-400x250.jpeg\" alt=\"Insuco presented its experience regarding social compliance and project management to the Madagascar Chamber of Mines\" class=\"\" srcset=\"https:\/\/www.insuco.com\/wp-content\/uploads\/2019\/10\/1.jpeg 479w, https:\/\/www.insuco.com\/wp-content\/uploads\/2019\/10\/1-400x250.jpeg 480w \" sizes=\"(max-width:479px) 479px, 100vw \"  width=\"400\" height=\"250\" \/><\/a><\/div>\n\t\t\t\t\t\t\t\t\t\t\t\t\t\t<h2 class=\"entry-title\">\n\t\t\t\t\t\t\t\t\t\t\t\t\t<a href=\"https:\/\/www.insuco.com\/en\/insuco-presented-its-experience-regarding-social-compliance-and-project-management-to-the-madagascar-chamber-of-mines\/\">Insuco presented its experience regarding social compliance and project management to the Madagascar Chamber of Mines<\/a>\n\t\t\t\t\t\t\t\t\t\t\t<\/h2>\n\t\t\t\t\n\t\t\t\t\t<p class=\"post-meta\"><span class=\"published\">Oct 2019<\/span><\/p><div class=\"post-content\"><div class=\"post-content-inner\"><p>We were very happy to welcome members of the Madagascar Chamber of Mines &#8230;<\/p>\n<\/div><\/div>\t\t\t\n\t\t\t<\/article>\n\t\t\t\t\n\t\t\t<article id=\"post-24423\" class=\"et_pb_post clearfix et_pb_blog_item_0_189 post-24423 post type-post status-publish format-standard has-post-thumbnail hentry category-on-the-front-page tag-anciens-articles-avec-builder-en\">\n\n\t\t\t\t<div class=\"et_pb_image_container\"><a href=\"https:\/\/www.insuco.com\/en\/iinsuco-participated-in-the-sustainable-mining-2019-international-congress\/\" class=\"entry-featured-image-url\"><img loading=\"lazy\" decoding=\"async\" src=\"https:\/\/www.insuco.com\/wp-content\/uploads\/2019\/10\/sustainablemining1-400x250.jpg\" alt=\"Insuco participated in the Sustainable Mining 2019 International Congress\" class=\"\" srcset=\"https:\/\/www.insuco.com\/wp-content\/uploads\/2019\/10\/sustainablemining1.jpg 479w, https:\/\/www.insuco.com\/wp-content\/uploads\/2019\/10\/sustainablemining1-400x250.jpg 480w \" sizes=\"(max-width:479px) 479px, 100vw \"  width=\"400\" height=\"250\" \/><\/a><\/div>\n\t\t\t\t\t\t\t\t\t\t\t\t\t\t<h2 class=\"entry-title\">\n\t\t\t\t\t\t\t\t\t\t\t\t\t<a href=\"https:\/\/www.insuco.com\/en\/iinsuco-participated-in-the-sustainable-mining-2019-international-congress\/\">Insuco participated in the Sustainable Mining 2019 International Congress<\/a>\n\t\t\t\t\t\t\t\t\t\t\t<\/h2>\n\t\t\t\t\n\t\t\t\t\t<p class=\"post-meta\"><span class=\"published\">Oct 2019<\/span><\/p><div class=\"post-content\"><div class=\"post-content-inner\"><p>We were very pleased to participate in the Sustainable Mining 2019 International Congress &#8230;<\/p>\n<\/div><\/div>\t\t\t\n\t\t\t<\/article>\n\t\t\t\t\n\t\t\t<article id=\"post-24373\" class=\"et_pb_post clearfix et_pb_blog_item_0_190 post-24373 post type-post status-publish format-standard has-post-thumbnail hentry category-news-from-insuco tag-anciens-articles-avec-builder-en\">\n\n\t\t\t\t<div class=\"et_pb_image_container\"><a href=\"https:\/\/www.insuco.com\/en\/insuco-participated-in-the-22nd-session-of-the-international-annual-conference-organised-by-the-international-francophone-secretariat-for-environmental-assessment-sifee-in-cotonou-benin\/\" class=\"entry-featured-image-url\"><img loading=\"lazy\" decoding=\"async\" src=\"https:\/\/www.insuco.com\/wp-content\/uploads\/2019\/09\/photo1retouchesinternet-400x250.jpg\" alt=\"Insuco participated in the 22nd session of the international annual conference organised by the International Francophone Secretariat for Environmental Assessment (SIFEE) in Cotonou, Benin\" class=\"\" srcset=\"https:\/\/www.insuco.com\/wp-content\/uploads\/2019\/09\/photo1retouchesinternet.jpg 479w, https:\/\/www.insuco.com\/wp-content\/uploads\/2019\/09\/photo1retouchesinternet-400x250.jpg 480w \" sizes=\"(max-width:479px) 479px, 100vw \"  width=\"400\" height=\"250\" \/><\/a><\/div>\n\t\t\t\t\t\t\t\t\t\t\t\t\t\t<h2 class=\"entry-title\">\n\t\t\t\t\t\t\t\t\t\t\t\t\t<a href=\"https:\/\/www.insuco.com\/en\/insuco-participated-in-the-22nd-session-of-the-international-annual-conference-organised-by-the-international-francophone-secretariat-for-environmental-assessment-sifee-in-cotonou-benin\/\">Insuco participated in the 22nd session of the international annual conference organised by the International Francophone Secretariat for Environmental Assessment (SIFEE) in Cotonou, Benin<\/a>\n\t\t\t\t\t\t\t\t\t\t\t<\/h2>\n\t\t\t\t\n\t\t\t\t\t<p class=\"post-meta\"><span class=\"published\">Sep 2019<\/span><\/p><div class=\"post-content\"><div class=\"post-content-inner\"><p>The Insuco team had the great honor to be part of the 22nd international annual conference organized by the SIFEE&#8230;<\/p>\n<\/div><\/div>\t\t\t\n\t\t\t<\/article>\n\t\t\t\t\n\t\t\t<article id=\"post-24323\" class=\"et_pb_post clearfix et_pb_blog_item_0_191 post-24323 post type-post status-publish format-standard has-post-thumbnail hentry category-news-from-insuco tag-anciens-articles-avec-builder-en\">\n\n\t\t\t\t<div class=\"et_pb_image_container\"><a href=\"https:\/\/www.insuco.com\/en\/insuco-participated-in-the-2019-annual-conference-of-the-igu-commission-on-geography-of-governance-in-praia-cape-verde\/\" class=\"entry-featured-image-url\"><img loading=\"lazy\" decoding=\"async\" src=\"https:\/\/www.insuco.com\/wp-content\/uploads\/2019\/09\/photoweb-400x250.jpg\" alt=\"Insuco participated in the 2019 annual conference of the IGU Commission on Geography of Governance in Praia, Cape Verde\" class=\"\" srcset=\"https:\/\/www.insuco.com\/wp-content\/uploads\/2019\/09\/photoweb.jpg 479w, https:\/\/www.insuco.com\/wp-content\/uploads\/2019\/09\/photoweb-400x250.jpg 480w \" sizes=\"(max-width:479px) 479px, 100vw \"  width=\"400\" height=\"250\" \/><\/a><\/div>\n\t\t\t\t\t\t\t\t\t\t\t\t\t\t<h2 class=\"entry-title\">\n\t\t\t\t\t\t\t\t\t\t\t\t\t<a href=\"https:\/\/www.insuco.com\/en\/insuco-participated-in-the-2019-annual-conference-of-the-igu-commission-on-geography-of-governance-in-praia-cape-verde\/\">Insuco participated in the 2019 annual conference of the IGU Commission on Geography of Governance in Praia, Cape Verde<\/a>\n\t\t\t\t\t\t\t\t\t\t\t<\/h2>\n\t\t\t\t\n\t\t\t\t\t<p class=\"post-meta\"><span class=\"published\">Sep 2019<\/span><\/p><div class=\"post-content\"><div class=\"post-content-inner\"><p>We were honoured and very happy to participate in the 2019 annual conference of the IGU Commission on Geography of Governance&#8230;<\/p>\n<\/div><\/div>\t\t\t\n\t\t\t<\/article>\n\t\t\t\t\n\t\t\t<article id=\"post-22793\" class=\"et_pb_post clearfix et_pb_blog_item_0_192 post-22793 post type-post status-publish format-standard has-post-thumbnail hentry category-news-from-insuco tag-anciens-articles-avec-builder-en\">\n\n\t\t\t\t<div class=\"et_pb_image_container\"><a href=\"https:\/\/www.insuco.com\/en\/insuco-and-fao-djibouti-co-organised-a-workshop-to-present-a-study-focusing-on-the-djibouti-agricultural-sector\/\" class=\"entry-featured-image-url\"><img loading=\"lazy\" decoding=\"async\" src=\"https:\/\/www.insuco.com\/wp-content\/uploads\/2019\/08\/Insuco-FAO-Djibouti-3-400x250.jpg\" alt=\"Insuco and FAO Djibouti co-organised a workshop to present a study focusing on the Djibouti agricultural sector\" class=\"\" srcset=\"https:\/\/www.insuco.com\/wp-content\/uploads\/2019\/08\/Insuco-FAO-Djibouti-3.jpg 479w, https:\/\/www.insuco.com\/wp-content\/uploads\/2019\/08\/Insuco-FAO-Djibouti-3-400x250.jpg 480w \" sizes=\"(max-width:479px) 479px, 100vw \"  width=\"400\" height=\"250\" \/><\/a><\/div>\n\t\t\t\t\t\t\t\t\t\t\t\t\t\t<h2 class=\"entry-title\">\n\t\t\t\t\t\t\t\t\t\t\t\t\t<a href=\"https:\/\/www.insuco.com\/en\/insuco-and-fao-djibouti-co-organised-a-workshop-to-present-a-study-focusing-on-the-djibouti-agricultural-sector\/\">Insuco and FAO Djibouti co-organised a workshop to present a study focusing on the Djibouti agricultural sector<\/a>\n\t\t\t\t\t\t\t\t\t\t\t<\/h2>\n\t\t\t\t\n\t\t\t\t\t<p class=\"post-meta\"><span class=\"published\">Jul 2019<\/span><\/p><div class=\"post-content\"><div class=\"post-content-inner\"><p>We are pleased to have organised with the FAO Djibouti a conference to present the results of a study we implemented across the five regions of the country&#8230;<\/p>\n<\/div><\/div>\t\t\t\n\t\t\t<\/article>\n\t\t\t\t\n\t\t\t<article id=\"post-22758\" class=\"et_pb_post clearfix et_pb_blog_item_0_193 post-22758 post type-post status-publish format-standard has-post-thumbnail hentry category-news-from-insuco tag-anciens-articles-avec-builder-en\">\n\n\t\t\t\t<div class=\"et_pb_image_container\"><a href=\"https:\/\/www.insuco.com\/en\/insuco-participated-in-a-workshop-about-the-obtention-of-the-social-license-to-operate-for-large-investments-in-madagascar\/\" class=\"entry-featured-image-url\"><img loading=\"lazy\" decoding=\"async\" src=\"https:\/\/www.insuco.com\/wp-content\/uploads\/2019\/08\/1562241190301-400x250.jpeg\" alt=\"Insuco participated in a workshop about the obtention of the social license to operate for large investments in Madagascar\" class=\"\" srcset=\"https:\/\/www.insuco.com\/wp-content\/uploads\/2019\/08\/1562241190301.jpeg 479w, https:\/\/www.insuco.com\/wp-content\/uploads\/2019\/08\/1562241190301-400x250.jpeg 480w \" sizes=\"(max-width:479px) 479px, 100vw \"  width=\"400\" height=\"250\" \/><\/a><\/div>\n\t\t\t\t\t\t\t\t\t\t\t\t\t\t<h2 class=\"entry-title\">\n\t\t\t\t\t\t\t\t\t\t\t\t\t<a href=\"https:\/\/www.insuco.com\/en\/insuco-participated-in-a-workshop-about-the-obtention-of-the-social-license-to-operate-for-large-investments-in-madagascar\/\">Insuco participated in a workshop about the obtention of the social license to operate for large investments in Madagascar<\/a>\n\t\t\t\t\t\t\t\t\t\t\t<\/h2>\n\t\t\t\t\n\t\t\t\t\t<p class=\"post-meta\"><span class=\"published\">Jul 2019<\/span><\/p><div class=\"post-content\"><div class=\"post-content-inner\"><p>We were very happy to participate in the workshop \u201cSocial license to operate for large investments in Madagascar\u201d..<\/p>\n<\/div><\/div>\t\t\t\n\t\t\t<\/article>\n\t\t\t\t\n\t\t\t<article id=\"post-22730\" class=\"et_pb_post clearfix et_pb_blog_item_0_194 post-22730 post type-post status-publish format-standard has-post-thumbnail hentry category-news-from-insuco tag-anciens-articles-avec-builder-en\">\n\n\t\t\t\t<div class=\"et_pb_image_container\"><a href=\"https:\/\/www.insuco.com\/en\/insuco-organised-a-conference-about-guinea-social-organisation\/\" class=\"entry-featured-image-url\"><img loading=\"lazy\" decoding=\"async\" src=\"https:\/\/www.insuco.com\/wp-content\/uploads\/2019\/08\/Insuco-Guinea-CCFG-conference-02-400x250.jpg\" alt=\"Insuco organised a conference about Guinea social organisation\" class=\"\" srcset=\"https:\/\/www.insuco.com\/wp-content\/uploads\/2019\/08\/Insuco-Guinea-CCFG-conference-02.jpg 479w, https:\/\/www.insuco.com\/wp-content\/uploads\/2019\/08\/Insuco-Guinea-CCFG-conference-02-400x250.jpg 480w \" sizes=\"(max-width:479px) 479px, 100vw \"  width=\"400\" height=\"250\" \/><\/a><\/div>\n\t\t\t\t\t\t\t\t\t\t\t\t\t\t<h2 class=\"entry-title\">\n\t\t\t\t\t\t\t\t\t\t\t\t\t<a href=\"https:\/\/www.insuco.com\/en\/insuco-organised-a-conference-about-guinea-social-organisation\/\">Insuco organised a conference about Guinea social organisation<\/a>\n\t\t\t\t\t\t\t\t\t\t\t<\/h2>\n\t\t\t\t\n\t\t\t\t\t<p class=\"post-meta\"><span class=\"published\">Jun 2019<\/span><\/p><div class=\"post-content\"><div class=\"post-content-inner\"><p>We organised a conference on the 25th of June 2019 in Conakry, in collaboration with the French-Guinean Cultural Centre (CCFG)&#8230;<\/p>\n<\/div><\/div>\t\t\t\n\t\t\t<\/article>\n\t\t\t\t\n\t\t\t<article id=\"post-22671\" class=\"et_pb_post clearfix et_pb_blog_item_0_195 post-22671 post type-post status-publish format-standard has-post-thumbnail hentry category-news-from-insuco tag-anciens-articles-avec-builder-en\">\n\n\t\t\t\t<div class=\"et_pb_image_container\"><a href=\"https:\/\/www.insuco.com\/en\/insuco-participated-in-an-event-focusing-on-the-hotel-industry-and-sustainable-development-in-africa\/\" class=\"entry-featured-image-url\"><img loading=\"lazy\" decoding=\"async\" src=\"https:\/\/www.insuco.com\/wp-content\/uploads\/2019\/08\/Proparco-Hotelerie-Durable-01-400x250.jpg\" alt=\"Insuco participated in an event focusing on the hotel industry and sustainable development in Africa\" class=\"\" srcset=\"https:\/\/www.insuco.com\/wp-content\/uploads\/2019\/08\/Proparco-Hotelerie-Durable-01.jpg 479w, https:\/\/www.insuco.com\/wp-content\/uploads\/2019\/08\/Proparco-Hotelerie-Durable-01-400x250.jpg 480w \" sizes=\"(max-width:479px) 479px, 100vw \"  width=\"400\" height=\"250\" \/><\/a><\/div>\n\t\t\t\t\t\t\t\t\t\t\t\t\t\t<h2 class=\"entry-title\">\n\t\t\t\t\t\t\t\t\t\t\t\t\t<a href=\"https:\/\/www.insuco.com\/en\/insuco-participated-in-an-event-focusing-on-the-hotel-industry-and-sustainable-development-in-africa\/\">Insuco participated in an event focusing on the hotel industry and sustainable development in Africa<\/a>\n\t\t\t\t\t\t\t\t\t\t\t<\/h2>\n\t\t\t\t\n\t\t\t\t\t<p class=\"post-meta\"><span class=\"published\">Jun 2019<\/span><\/p><div class=\"post-content\"><div class=\"post-content-inner\"><p>We were very happy to participate in the event organised by Proparco about the hotel industry and sustainable development in Africa&#8230;<\/p>\n<\/div><\/div>\t\t\t\n\t\t\t<\/article>\n\t\t\t\t\n\t\t\t<article id=\"post-17126\" class=\"et_pb_post clearfix et_pb_blog_item_0_196 post-17126 post type-post status-publish format-standard has-post-thumbnail hentry category-news-from-insuco tag-anciens-articles-avec-builder-en\">\n\n\t\t\t\t<div class=\"et_pb_image_container\"><a href=\"https:\/\/www.insuco.com\/en\/insuco-facilitated-a-training-session-in-colombia-about-territorial-development\/\" class=\"entry-featured-image-url\"><img loading=\"lazy\" decoding=\"async\" src=\"https:\/\/www.insuco.com\/wp-content\/uploads\/2019\/05\/insuco-manizales-territorial-development-400x250.jpg\" alt=\"Insuco facilitated a training session in Colombia about territorial development\" class=\"\" srcset=\"https:\/\/www.insuco.com\/wp-content\/uploads\/2019\/05\/insuco-manizales-territorial-development.jpg 479w, https:\/\/www.insuco.com\/wp-content\/uploads\/2019\/05\/insuco-manizales-territorial-development-400x250.jpg 480w \" sizes=\"(max-width:479px) 479px, 100vw \"  width=\"400\" height=\"250\" \/><\/a><\/div>\n\t\t\t\t\t\t\t\t\t\t\t\t\t\t<h2 class=\"entry-title\">\n\t\t\t\t\t\t\t\t\t\t\t\t\t<a href=\"https:\/\/www.insuco.com\/en\/insuco-facilitated-a-training-session-in-colombia-about-territorial-development\/\">Insuco facilitated a training session in Colombia about territorial development<\/a>\n\t\t\t\t\t\t\t\t\t\t\t<\/h2>\n\t\t\t\t\n\t\t\t\t\t<p class=\"post-meta\"><span class=\"published\">May 2019<\/span><\/p><div class=\"post-content\"><div class=\"post-content-inner\"><p>Guill\u00e9n Calvo (Insuco General Manager for Latin America), was one of the speakers in the training organised by Vivo Cuenca Corporation&#8230;<\/p>\n<\/div><\/div>\t\t\t\n\t\t\t<\/article>\n\t\t\t\t\n\t\t\t<article id=\"post-17134\" class=\"et_pb_post clearfix et_pb_blog_item_0_197 post-17134 post type-post status-publish format-standard has-post-thumbnail hentry category-news-from-insuco tag-anciens-articles-avec-builder-en\">\n\n\t\t\t\t<div class=\"et_pb_image_container\"><a href=\"https:\/\/www.insuco.com\/en\/insuco-participated-in-the-national-mining-congress-in-colombia\/\" class=\"entry-featured-image-url\"><img loading=\"lazy\" decoding=\"async\" src=\"https:\/\/www.insuco.com\/wp-content\/uploads\/2019\/06\/201905_Insuco-Congreso-Mineria-01-400x250.jpg\" alt=\"Insuco participated in the National Mining Congress in Colombia\" class=\"\" srcset=\"https:\/\/www.insuco.com\/wp-content\/uploads\/2019\/06\/201905_Insuco-Congreso-Mineria-01.jpg 479w, https:\/\/www.insuco.com\/wp-content\/uploads\/2019\/06\/201905_Insuco-Congreso-Mineria-01-400x250.jpg 480w \" sizes=\"(max-width:479px) 479px, 100vw \"  width=\"400\" height=\"250\" \/><\/a><\/div>\n\t\t\t\t\t\t\t\t\t\t\t\t\t\t<h2 class=\"entry-title\">\n\t\t\t\t\t\t\t\t\t\t\t\t\t<a href=\"https:\/\/www.insuco.com\/en\/insuco-participated-in-the-national-mining-congress-in-colombia\/\">Insuco participated in the National Mining Congress in Colombia<\/a>\n\t\t\t\t\t\t\t\t\t\t\t<\/h2>\n\t\t\t\t\n\t\t\t\t\t<p class=\"post-meta\"><span class=\"published\">May 2019<\/span><\/p><div class=\"post-content\"><div class=\"post-content-inner\"><p>Guill\u00e9n Calvo (Insuco General Manager for Latin America) participated in the National Mining Congress, that was held from 09 to 10 May 2019&#8230;<\/p>\n<\/div><\/div>\t\t\t\n\t\t\t<\/article>\n\t\t\t\t\n\t\t\t<article id=\"post-17136\" class=\"et_pb_post clearfix et_pb_blog_item_0_198 post-17136 post type-post status-publish format-standard has-post-thumbnail hentry category-news-from-insuco tag-anciens-articles-avec-builder-en\">\n\n\t\t\t\t<div class=\"et_pb_image_container\"><a href=\"https:\/\/www.insuco.com\/en\/guillen-calvo-participated-in-the-graduation-ceremony-of-a-programme-to-strengthen-young-people-capacities-in-los-encuentros\/\" class=\"entry-featured-image-url\"><img loading=\"lazy\" decoding=\"async\" src=\"https:\/\/www.insuco.com\/wp-content\/uploads\/2019\/06\/201904_Insuco-Liderar-Ford-Young-Programme-400x250.jpg\" alt=\"Guill\u00e9n Calvo participated in the graduation ceremony of a programme to strengthen young people capacities in Los Encuentros\" class=\"\" srcset=\"https:\/\/www.insuco.com\/wp-content\/uploads\/2019\/06\/201904_Insuco-Liderar-Ford-Young-Programme.jpg 479w, https:\/\/www.insuco.com\/wp-content\/uploads\/2019\/06\/201904_Insuco-Liderar-Ford-Young-Programme-400x250.jpg 480w \" sizes=\"(max-width:479px) 479px, 100vw \"  width=\"400\" height=\"250\" \/><\/a><\/div>\n\t\t\t\t\t\t\t\t\t\t\t\t\t\t<h2 class=\"entry-title\">\n\t\t\t\t\t\t\t\t\t\t\t\t\t<a href=\"https:\/\/www.insuco.com\/en\/guillen-calvo-participated-in-the-graduation-ceremony-of-a-programme-to-strengthen-young-people-capacities-in-los-encuentros\/\">Guill\u00e9n Calvo participated in the graduation ceremony of a programme to strengthen young people capacities in Los Encuentros<\/a>\n\t\t\t\t\t\t\t\t\t\t\t<\/h2>\n\t\t\t\t\n\t\t\t\t\t<p class=\"post-meta\"><span class=\"published\">Apr 2019<\/span><\/p><div class=\"post-content\"><div class=\"post-content-inner\"><p>We are proud to have contributed to supporting the young people of Los Encuentros, Ecuador, together with Liderar, Ford Foundation and Lundin Gold&#8230;<\/p>\n<\/div><\/div>\t\t\t\n\t\t\t<\/article>\n\t\t\t\t\n\t\t\t<article id=\"post-17145\" class=\"et_pb_post clearfix et_pb_blog_item_0_199 post-17145 post type-post status-publish format-standard has-post-thumbnail hentry category-news-from-insuco\">\n\n\t\t\t\t<div class=\"et_pb_image_container\"><a href=\"https:\/\/www.insuco.com\/en\/insuco-participated-in-the-6th-guinea-mining-symposium\/\" class=\"entry-featured-image-url\"><img loading=\"lazy\" decoding=\"async\" src=\"https:\/\/www.insuco.com\/wp-content\/uploads\/2019\/06\/201904_Insuco-SMG-Guinee-03-400x250.jpg\" alt=\"Insuco participated in the 6th Guinea Mining Symposium\" class=\"\" srcset=\"https:\/\/www.insuco.com\/wp-content\/uploads\/2019\/06\/201904_Insuco-SMG-Guinee-03.jpg 479w, https:\/\/www.insuco.com\/wp-content\/uploads\/2019\/06\/201904_Insuco-SMG-Guinee-03-400x250.jpg 480w \" sizes=\"(max-width:479px) 479px, 100vw \"  width=\"400\" height=\"250\" \/><\/a><\/div>\n\t\t\t\t\t\t\t\t\t\t\t\t\t\t<h2 class=\"entry-title\">\n\t\t\t\t\t\t\t\t\t\t\t\t\t<a href=\"https:\/\/www.insuco.com\/en\/insuco-participated-in-the-6th-guinea-mining-symposium\/\">Insuco participated in the 6th Guinea Mining Symposium<\/a>\n\t\t\t\t\t\t\t\t\t\t\t<\/h2>\n\t\t\t\t\n\t\t\t\t\t<p class=\"post-meta\"><span class=\"published\">Apr 2019<\/span><\/p><div class=\"post-content\"><div class=\"post-content-inner\"><p>We are honoured to have participated in the 6th Guinea Mining Symposium, organised by the Ministry of Mines &#038; Geology and AME Trade&#8230;<\/p>\n<\/div><\/div>\t\t\t\n\t\t\t<\/article>\n\t\t\t\t\n\t\t\t<article id=\"post-17147\" class=\"et_pb_post clearfix et_pb_blog_item_0_200 post-17147 post type-post status-publish format-standard has-post-thumbnail hentry category-news-from-insuco\">\n\n\t\t\t\t<div class=\"et_pb_image_container\"><a href=\"https:\/\/www.insuco.com\/en\/insuco-colombia-co-organised-a-workshop-with-the-canadian-embassy-and-borealis\/\" class=\"entry-featured-image-url\"><img loading=\"lazy\" decoding=\"async\" src=\"https:\/\/www.insuco.com\/wp-content\/uploads\/2019\/06\/201903_insuco-PQR-business-conduct-01-400x250.jpg\" alt=\"Insuco Colombia co-organised a workshop with the Canadian Embassy and Bor\u00e9alis\" class=\"\" srcset=\"https:\/\/www.insuco.com\/wp-content\/uploads\/2019\/06\/201903_insuco-PQR-business-conduct-01.jpg 479w, https:\/\/www.insuco.com\/wp-content\/uploads\/2019\/06\/201903_insuco-PQR-business-conduct-01-400x250.jpg 480w \" sizes=\"(max-width:479px) 479px, 100vw \"  width=\"400\" height=\"250\" \/><\/a><\/div>\n\t\t\t\t\t\t\t\t\t\t\t\t\t\t<h2 class=\"entry-title\">\n\t\t\t\t\t\t\t\t\t\t\t\t\t<a href=\"https:\/\/www.insuco.com\/en\/insuco-colombia-co-organised-a-workshop-with-the-canadian-embassy-and-borealis\/\">Insuco Colombia co-organised a workshop with the Canadian Embassy and Bor\u00e9alis<\/a>\n\t\t\t\t\t\t\t\t\t\t\t<\/h2>\n\t\t\t\t\n\t\t\t\t\t<p class=\"post-meta\"><span class=\"published\">Mar 2019<\/span><\/p><div class=\"post-content\"><div class=\"post-content-inner\"><p>Our Colombian office co-organised on the 29th of March 2019 a workshop together with the Canadian Embassy and Bor\u00e9alis&#8230;<\/p>\n<\/div><\/div>\t\t\t\n\t\t\t<\/article>\n\t\t\t\t\n\t\t\t<article id=\"post-17152\" class=\"et_pb_post clearfix et_pb_blog_item_0_201 post-17152 post type-post status-publish format-standard has-post-thumbnail hentry category-news-from-insuco\">\n\n\t\t\t\t<div class=\"et_pb_image_container\"><a href=\"https:\/\/www.insuco.com\/en\/insuco-at-pdac-2019\/\" class=\"entry-featured-image-url\"><img loading=\"lazy\" decoding=\"async\" src=\"https:\/\/www.insuco.com\/wp-content\/uploads\/2019\/06\/201903_Insuco-PDAC-01-400x250.jpg\" alt=\"Insuco at PDAC 2019\" class=\"\" srcset=\"https:\/\/www.insuco.com\/wp-content\/uploads\/2019\/06\/201903_Insuco-PDAC-01.jpg 479w, https:\/\/www.insuco.com\/wp-content\/uploads\/2019\/06\/201903_Insuco-PDAC-01-400x250.jpg 480w \" sizes=\"(max-width:479px) 479px, 100vw \"  width=\"400\" height=\"250\" \/><\/a><\/div>\n\t\t\t\t\t\t\t\t\t\t\t\t\t\t<h2 class=\"entry-title\">\n\t\t\t\t\t\t\t\t\t\t\t\t\t<a href=\"https:\/\/www.insuco.com\/en\/insuco-at-pdac-2019\/\">Insuco at PDAC 2019<\/a>\n\t\t\t\t\t\t\t\t\t\t\t<\/h2>\n\t\t\t\t\n\t\t\t\t\t<p class=\"post-meta\"><span class=\"published\">Mar 2019<\/span><\/p><div class=\"post-content\"><div class=\"post-content-inner\"><p>Guill\u00e9n Calvo (Insuco General Manager for Latin America) represented Insuco at PDAC 2019, that was held&#8230;<\/p>\n<\/div><\/div>\t\t\t\n\t\t\t<\/article>\n\t\t\t\t\n\t\t\t<article id=\"post-17154\" class=\"et_pb_post clearfix et_pb_blog_item_0_202 post-17154 post type-post status-publish format-standard has-post-thumbnail hentry category-news-from-insuco tag-anciens-articles-avec-builder-en\">\n\n\t\t\t\t<div class=\"et_pb_image_container\"><a href=\"https:\/\/www.insuco.com\/en\/insuco-guinea-participated-in-a-public-debate-regarding-resettlement-processes\/\" class=\"entry-featured-image-url\"><img loading=\"lazy\" decoding=\"async\" src=\"https:\/\/www.insuco.com\/wp-content\/uploads\/2019\/06\/201902_Debat-public-Guinee-400x250.jpg\" alt=\"Insuco Guinea participated in a public debate regarding resettlement processes\" class=\"\" srcset=\"https:\/\/www.insuco.com\/wp-content\/uploads\/2019\/06\/201902_Debat-public-Guinee.jpg 479w, https:\/\/www.insuco.com\/wp-content\/uploads\/2019\/06\/201902_Debat-public-Guinee-400x250.jpg 480w \" sizes=\"(max-width:479px) 479px, 100vw \"  width=\"400\" height=\"250\" \/><\/a><\/div>\n\t\t\t\t\t\t\t\t\t\t\t\t\t\t<h2 class=\"entry-title\">\n\t\t\t\t\t\t\t\t\t\t\t\t\t<a href=\"https:\/\/www.insuco.com\/en\/insuco-guinea-participated-in-a-public-debate-regarding-resettlement-processes\/\">Insuco Guinea participated in a public debate regarding resettlement processes<\/a>\n\t\t\t\t\t\t\t\t\t\t\t<\/h2>\n\t\t\t\t\n\t\t\t\t\t<p class=\"post-meta\"><span class=\"published\">Feb 2019<\/span><\/p><div class=\"post-content\"><div class=\"post-content-inner\"><p>Insuco Guinea participated on the 07th of February 2019 in a public debate organised by the collective of civil society organisations&#8230;<\/p>\n<\/div><\/div>\t\t\t\n\t\t\t<\/article>\n\t\t\t\t\n\t\t\t<article id=\"post-17156\" class=\"et_pb_post clearfix et_pb_blog_item_0_203 post-17156 post type-post status-publish format-standard has-post-thumbnail hentry category-news-from-insuco tag-anciens-articles-avec-builder-en\">\n\n\t\t\t\t<div class=\"et_pb_image_container\"><a href=\"https:\/\/www.insuco.com\/en\/ifsra-co-organised-a-workshop-together-with-the-inss\/\" class=\"entry-featured-image-url\"><img loading=\"lazy\" decoding=\"async\" src=\"https:\/\/www.insuco.com\/wp-content\/uploads\/2019\/06\/201902_IFSRA-Insuco-Mining-INSS-400x250.jpg\" alt=\"IFSRA co-organised a workshop together with the INSS\" class=\"\" srcset=\"https:\/\/www.insuco.com\/wp-content\/uploads\/2019\/06\/201902_IFSRA-Insuco-Mining-INSS.jpg 479w, https:\/\/www.insuco.com\/wp-content\/uploads\/2019\/06\/201902_IFSRA-Insuco-Mining-INSS-400x250.jpg 480w \" sizes=\"(max-width:479px) 479px, 100vw \"  width=\"400\" height=\"250\" \/><\/a><\/div>\n\t\t\t\t\t\t\t\t\t\t\t\t\t\t<h2 class=\"entry-title\">\n\t\t\t\t\t\t\t\t\t\t\t\t\t<a href=\"https:\/\/www.insuco.com\/en\/ifsra-co-organised-a-workshop-together-with-the-inss\/\">IFSRA co-organised a workshop together with the INSS<\/a>\n\t\t\t\t\t\t\t\t\t\t\t<\/h2>\n\t\t\t\t\n\t\t\t\t\t<p class=\"post-meta\"><span class=\"published\">Feb 2019<\/span><\/p><div class=\"post-content\"><div class=\"post-content-inner\"><p>Our team from IFSRA (Institute For Social Research in Africa) co-organised on the 14th of February 2019 a workshop&#8230;<\/p>\n<\/div><\/div>\t\t\t\n\t\t\t<\/article>\n\t\t\t\t\n\t\t\t<article id=\"post-17167\" class=\"et_pb_post clearfix et_pb_blog_item_0_204 post-17167 post type-post status-publish format-standard has-post-thumbnail hentry category-news-from-insuco tag-anciens-articles-avec-builder-en\">\n\n\t\t\t\t<div class=\"et_pb_image_container\"><a href=\"https:\/\/www.insuco.com\/en\/the-teams-of-our-offices-in-africa-gathered-in-ouagadougou\/\" class=\"entry-featured-image-url\"><img loading=\"lazy\" decoding=\"async\" src=\"https:\/\/www.insuco.com\/wp-content\/uploads\/2019\/06\/201902_insuco-sustainability-seminar-africa-400x250.jpg\" alt=\"The teams of our offices in Africa gathered in Ouagadougou\" class=\"\" srcset=\"https:\/\/www.insuco.com\/wp-content\/uploads\/2019\/06\/201902_insuco-sustainability-seminar-africa.jpg 479w, https:\/\/www.insuco.com\/wp-content\/uploads\/2019\/06\/201902_insuco-sustainability-seminar-africa-400x250.jpg 480w \" sizes=\"(max-width:479px) 479px, 100vw \"  width=\"400\" height=\"250\" \/><\/a><\/div>\n\t\t\t\t\t\t\t\t\t\t\t\t\t\t<h2 class=\"entry-title\">\n\t\t\t\t\t\t\t\t\t\t\t\t\t<a href=\"https:\/\/www.insuco.com\/en\/the-teams-of-our-offices-in-africa-gathered-in-ouagadougou\/\">The teams of our offices in Africa gathered in Ouagadougou<\/a>\n\t\t\t\t\t\t\t\t\t\t\t<\/h2>\n\t\t\t\t\n\t\t\t\t\t<p class=\"post-meta\"><span class=\"published\">Feb 2019<\/span><\/p><div class=\"post-content\"><div class=\"post-content-inner\"><p>The teams of our different offices in Africa (Guinea, Burkina Faso, Djibouti, Madagascar) were brought together for a one-week working&#8230;<\/p>\n<\/div><\/div>\t\t\t\n\t\t\t<\/article>\n\t\t\t\t\n\t\t\t<article id=\"post-17169\" class=\"et_pb_post clearfix et_pb_blog_item_0_205 post-17169 post type-post status-publish format-standard has-post-thumbnail hentry category-news-from-insuco tag-anciens-articles-avec-builder-en\">\n\n\t\t\t\t<div class=\"et_pb_image_container\"><a href=\"https:\/\/www.insuco.com\/en\/insuco-latin-america-organised-a-workshop-about-territorial-dialogue\/\" class=\"entry-featured-image-url\"><img loading=\"lazy\" decoding=\"async\" src=\"https:\/\/www.insuco.com\/wp-content\/uploads\/2019\/06\/201811_Insuco-workshop-territorial-dialogue-1-400x250.jpg\" alt=\"Insuco Latin America organised a workshop about territorial dialogue\" class=\"\" srcset=\"https:\/\/www.insuco.com\/wp-content\/uploads\/2019\/06\/201811_Insuco-workshop-territorial-dialogue-1.jpg 479w, https:\/\/www.insuco.com\/wp-content\/uploads\/2019\/06\/201811_Insuco-workshop-territorial-dialogue-1-400x250.jpg 480w \" sizes=\"(max-width:479px) 479px, 100vw \"  width=\"400\" height=\"250\" \/><\/a><\/div>\n\t\t\t\t\t\t\t\t\t\t\t\t\t\t<h2 class=\"entry-title\">\n\t\t\t\t\t\t\t\t\t\t\t\t\t<a href=\"https:\/\/www.insuco.com\/en\/insuco-latin-america-organised-a-workshop-about-territorial-dialogue\/\">Insuco Latin America organised a workshop about territorial dialogue<\/a>\n\t\t\t\t\t\t\t\t\t\t\t<\/h2>\n\t\t\t\t\n\t\t\t\t\t<p class=\"post-meta\"><span class=\"published\">Nov 2018<\/span><\/p><div class=\"post-content\"><div class=\"post-content-inner\"><p>Our teams from Colombia and Ecuador co-organised on the 13th of November 2018 a workshop in Bogot\u00e1, to discuss challenges&#8230;<\/p>\n<\/div><\/div>\t\t\t\n\t\t\t<\/article>\n\t\t\t\t\n\t\t\t<article id=\"post-17176\" class=\"et_pb_post clearfix et_pb_blog_item_0_206 post-17176 post type-post status-publish format-standard has-post-thumbnail hentry category-news-from-insuco tag-anciens-articles-avec-builder-en\">\n\n\t\t\t\t<div class=\"et_pb_image_container\"><a href=\"https:\/\/www.insuco.com\/en\/insuco-colombia-participated-in-a-workshop-about-territorial-development-and-cultural-identity\/\" class=\"entry-featured-image-url\"><img loading=\"lazy\" decoding=\"async\" src=\"https:\/\/www.insuco.com\/wp-content\/uploads\/2019\/06\/201811_insuco-territorios-desarrollo-biocultural-400x250.jpg\" alt=\"Insuco Colombia participated in a workshop about territorial development and cultural identity\" class=\"\" srcset=\"https:\/\/www.insuco.com\/wp-content\/uploads\/2019\/06\/201811_insuco-territorios-desarrollo-biocultural.jpg 479w, https:\/\/www.insuco.com\/wp-content\/uploads\/2019\/06\/201811_insuco-territorios-desarrollo-biocultural-400x250.jpg 480w \" sizes=\"(max-width:479px) 479px, 100vw \"  width=\"400\" height=\"250\" \/><\/a><\/div>\n\t\t\t\t\t\t\t\t\t\t\t\t\t\t<h2 class=\"entry-title\">\n\t\t\t\t\t\t\t\t\t\t\t\t\t<a href=\"https:\/\/www.insuco.com\/en\/insuco-colombia-participated-in-a-workshop-about-territorial-development-and-cultural-identity\/\">Insuco Colombia participated in a workshop about territorial development and cultural identity<\/a>\n\t\t\t\t\t\t\t\t\t\t\t<\/h2>\n\t\t\t\t\n\t\t\t\t\t<p class=\"post-meta\"><span class=\"published\">Nov 2018<\/span><\/p><div class=\"post-content\"><div class=\"post-content-inner\"><p>Our Colombian team participated on the 16th of November 2018 in a workshop between Colombia and Bolivia, focusing on&#8230;<\/p>\n<\/div><\/div>\t\t\t\n\t\t\t<\/article>\n\t\t\t\t\n\t\t\t<article id=\"post-17178\" class=\"et_pb_post clearfix et_pb_blog_item_0_207 post-17178 post type-post status-publish format-standard has-post-thumbnail hentry category-news-from-insuco tag-anciens-articles-avec-builder-en\">\n\n\t\t\t\t<div class=\"et_pb_image_container\"><a href=\"https:\/\/www.insuco.com\/en\/haizea-arratibel-participated-in-the-symposium-sustainability-and-companies\/\" class=\"entry-featured-image-url\"><img loading=\"lazy\" decoding=\"async\" src=\"https:\/\/www.insuco.com\/wp-content\/uploads\/2019\/06\/201810_insuco-socioeconomico-responsabilidad-territorial-corporativa-400x250.jpg\" alt=\"Haizea Arratibel participated in the Symposium Sustainability and Companies\" class=\"\" srcset=\"https:\/\/www.insuco.com\/wp-content\/uploads\/2019\/06\/201810_insuco-socioeconomico-responsabilidad-territorial-corporativa.jpg 479w, https:\/\/www.insuco.com\/wp-content\/uploads\/2019\/06\/201810_insuco-socioeconomico-responsabilidad-territorial-corporativa-400x250.jpg 480w \" sizes=\"(max-width:479px) 479px, 100vw \"  width=\"400\" height=\"250\" \/><\/a><\/div>\n\t\t\t\t\t\t\t\t\t\t\t\t\t\t<h2 class=\"entry-title\">\n\t\t\t\t\t\t\t\t\t\t\t\t\t<a href=\"https:\/\/www.insuco.com\/en\/haizea-arratibel-participated-in-the-symposium-sustainability-and-companies\/\">Haizea Arratibel participated in the Symposium Sustainability and Companies<\/a>\n\t\t\t\t\t\t\t\t\t\t\t<\/h2>\n\t\t\t\t\n\t\t\t\t\t<p class=\"post-meta\"><span class=\"published\">Oct 2018<\/span><\/p><div class=\"post-content\"><div class=\"post-content-inner\"><p>Haizea Arratibel (Project Coordinator for Insuco Colombia) participated on the 11th of October 2018 in the Symposium Sustainability and Companies&#8230;<\/p>\n<\/div><\/div>\t\t\t\n\t\t\t<\/article>\n\t\t\t\t\n\t\t\t<article id=\"post-17180\" class=\"et_pb_post clearfix et_pb_blog_item_0_208 post-17180 post type-post status-publish format-standard has-post-thumbnail hentry category-news-from-insuco tag-anciens-articles-avec-builder-en\">\n\n\t\t\t\t<div class=\"et_pb_image_container\"><a href=\"https:\/\/www.insuco.com\/en\/pascal-rey-and-alizeta-ouedraogo-participated-in-the-conference-tramin2018\/\" class=\"entry-featured-image-url\"><img loading=\"lazy\" decoding=\"async\" src=\"https:\/\/www.insuco.com\/wp-content\/uploads\/2019\/06\/201810_insuco-mines-territoires-social-afrique-400x250.jpg\" alt=\"Pascal Rey and Aliz\u00e8ta Ouedraogo participated in the Conference TRAMIN2018\" class=\"\" srcset=\"https:\/\/www.insuco.com\/wp-content\/uploads\/2019\/06\/201810_insuco-mines-territoires-social-afrique.jpg 479w, https:\/\/www.insuco.com\/wp-content\/uploads\/2019\/06\/201810_insuco-mines-territoires-social-afrique-400x250.jpg 480w \" sizes=\"(max-width:479px) 479px, 100vw \"  width=\"400\" height=\"250\" \/><\/a><\/div>\n\t\t\t\t\t\t\t\t\t\t\t\t\t\t<h2 class=\"entry-title\">\n\t\t\t\t\t\t\t\t\t\t\t\t\t<a href=\"https:\/\/www.insuco.com\/en\/pascal-rey-and-alizeta-ouedraogo-participated-in-the-conference-tramin2018\/\">Pascal Rey and Aliz\u00e8ta Ouedraogo participated in the Conference TRAMIN2018<\/a>\n\t\t\t\t\t\t\t\t\t\t\t<\/h2>\n\t\t\t\t\n\t\t\t\t\t<p class=\"post-meta\"><span class=\"published\">Oct 2018<\/span><\/p><div class=\"post-content\"><div class=\"post-content-inner\"><p>Pascal Rey (CEO of Insuco) and Aliz\u00e8ta Ouedraogo (Project Assistant\/Socio-anthropologist for Insuco Burkina Faso)&#8230;<\/p>\n<\/div><\/div>\t\t\t\n\t\t\t<\/article>\n\t\t\t\t\n\t\t\t<article id=\"post-17191\" class=\"et_pb_post clearfix et_pb_blog_item_0_209 post-17191 post type-post status-publish format-standard has-post-thumbnail hentry category-news-from-insuco tag-anciens-articles-avec-builder-en\">\n\n\t\t\t\t<div class=\"et_pb_image_container\"><a href=\"https:\/\/www.insuco.com\/en\/insuco-colombia-organised-a-round-table-about-socioeconomic-data-management-for-high-impact-projects\/\" class=\"entry-featured-image-url\"><img loading=\"lazy\" decoding=\"async\" src=\"https:\/\/www.insuco.com\/wp-content\/uploads\/2019\/06\/201809_insuco-socioeconomic-data-social-management-400x250.jpg\" alt=\"Insuco Colombia organised a round table about socioeconomic data management for high impact projects\" class=\"\" srcset=\"https:\/\/www.insuco.com\/wp-content\/uploads\/2019\/06\/201809_insuco-socioeconomic-data-social-management.jpg 479w, https:\/\/www.insuco.com\/wp-content\/uploads\/2019\/06\/201809_insuco-socioeconomic-data-social-management-400x250.jpg 480w \" sizes=\"(max-width:479px) 479px, 100vw \"  width=\"400\" height=\"250\" \/><\/a><\/div>\n\t\t\t\t\t\t\t\t\t\t\t\t\t\t<h2 class=\"entry-title\">\n\t\t\t\t\t\t\t\t\t\t\t\t\t<a href=\"https:\/\/www.insuco.com\/en\/insuco-colombia-organised-a-round-table-about-socioeconomic-data-management-for-high-impact-projects\/\">Insuco Colombia organised a round table about socioeconomic data management for high impact projects<\/a>\n\t\t\t\t\t\t\t\t\t\t\t<\/h2>\n\t\t\t\t\n\t\t\t\t\t<p class=\"post-meta\"><span class=\"published\">Sep 2018<\/span><\/p><div class=\"post-content\"><div class=\"post-content-inner\"><p>Our team from Colombia organised a round table on the 11th of September 2018 in Bogot\u00e1, entitled \u201cbenefits and challenges in the management&#8230;<\/p>\n<\/div><\/div>\t\t\t\n\t\t\t<\/article>\n\t\t\t\t\n\t\t\t<article id=\"post-17193\" class=\"et_pb_post clearfix et_pb_blog_item_0_210 post-17193 post type-post status-publish format-standard has-post-thumbnail hentry category-news-from-insuco tag-anciens-articles-avec-builder-en\">\n\n\t\t\t\t<div class=\"et_pb_image_container\"><a href=\"https:\/\/www.insuco.com\/en\/guillen-calvo-participated-in-the-forum-origin-diversity-and-territories\/\" class=\"entry-featured-image-url\"><img loading=\"lazy\" decoding=\"async\" src=\"https:\/\/www.insuco.com\/wp-content\/uploads\/2019\/06\/201809_insuco-origen-diversidad-territorios-extraccion-400x250.jpg\" alt=\"Guill\u00e9n Calvo participated in the Forum Origin, Diversity and Territories\" class=\"\" srcset=\"https:\/\/www.insuco.com\/wp-content\/uploads\/2019\/06\/201809_insuco-origen-diversidad-territorios-extraccion.jpg 479w, https:\/\/www.insuco.com\/wp-content\/uploads\/2019\/06\/201809_insuco-origen-diversidad-territorios-extraccion-400x250.jpg 480w \" sizes=\"(max-width:479px) 479px, 100vw \"  width=\"400\" height=\"250\" \/><\/a><\/div>\n\t\t\t\t\t\t\t\t\t\t\t\t\t\t<h2 class=\"entry-title\">\n\t\t\t\t\t\t\t\t\t\t\t\t\t<a href=\"https:\/\/www.insuco.com\/en\/guillen-calvo-participated-in-the-forum-origin-diversity-and-territories\/\">Guill\u00e9n Calvo participated in the Forum Origin, Diversity and Territories<\/a>\n\t\t\t\t\t\t\t\t\t\t\t<\/h2>\n\t\t\t\t\n\t\t\t\t\t<p class=\"post-meta\"><span class=\"published\">Sep 2018<\/span><\/p><div class=\"post-content\"><div class=\"post-content-inner\"><p>Guill\u00e9n Calvo (Insuco General Manager for Latin America and President of the International NGO Diversity &#038; Development)&#8230;<\/p>\n<\/div><\/div>\t\t\t\n\t\t\t<\/article>\n\t\t\t\t\n\t\t\t<article id=\"post-17200\" class=\"et_pb_post clearfix et_pb_blog_item_0_211 post-17200 post type-post status-publish format-standard has-post-thumbnail hentry category-news-from-insuco tag-anciens-articles-avec-builder-en\">\n\n\t\t\t\t<div class=\"et_pb_image_container\"><a href=\"https:\/\/www.insuco.com\/en\/insuco-ecuador-co-organised-a-workshop-about-innovations-in-social-management\/\" class=\"entry-featured-image-url\"><img loading=\"lazy\" decoding=\"async\" src=\"https:\/\/www.insuco.com\/wp-content\/uploads\/2019\/06\/201808_insuco-social-management-innovations-extractive-400x250.jpg\" alt=\"Insuco Ecuador co-organised a workshop about innovations in social management\" class=\"\" srcset=\"https:\/\/www.insuco.com\/wp-content\/uploads\/2019\/06\/201808_insuco-social-management-innovations-extractive.jpg 479w, https:\/\/www.insuco.com\/wp-content\/uploads\/2019\/06\/201808_insuco-social-management-innovations-extractive-400x250.jpg 480w \" sizes=\"(max-width:479px) 479px, 100vw \"  width=\"400\" height=\"250\" \/><\/a><\/div>\n\t\t\t\t\t\t\t\t\t\t\t\t\t\t<h2 class=\"entry-title\">\n\t\t\t\t\t\t\t\t\t\t\t\t\t<a href=\"https:\/\/www.insuco.com\/en\/insuco-ecuador-co-organised-a-workshop-about-innovations-in-social-management\/\">Insuco Ecuador co-organised a workshop about innovations in social management<\/a>\n\t\t\t\t\t\t\t\t\t\t\t<\/h2>\n\t\t\t\t\n\t\t\t\t\t<p class=\"post-meta\"><span class=\"published\">Aug 2018<\/span><\/p><div class=\"post-content\"><div class=\"post-content-inner\"><p>Our team from Ecuador co-organised a workshop on the 29th of August 2018, together with the Canadian Embassy and Lundin Gold&#8230;<\/p>\n<\/div><\/div>\t\t\t\n\t\t\t<\/article>\n\t\t\t\t\n\t\t\t<article id=\"post-17202\" class=\"et_pb_post clearfix et_pb_blog_item_0_212 post-17202 post type-post status-publish format-standard has-post-thumbnail hentry category-news-from-insuco tag-anciens-articles-avec-builder-en\">\n\n\t\t\t\t<div class=\"et_pb_image_container\"><a href=\"https:\/\/www.insuco.com\/en\/alizeta-ouedraogo-participated-in-the-4th-meeting-of-young-researchers-in-african-studies\/\" class=\"entry-featured-image-url\"><img loading=\"lazy\" decoding=\"async\" src=\"https:\/\/www.insuco.com\/wp-content\/uploads\/2019\/06\/201807_insuco-gold-mining-gender-research-400x250.jpg\" alt=\"Aliz\u00e8ta Ouedraogo participated in the 4th meeting of Young Researchers in African Studies\" class=\"\" srcset=\"https:\/\/www.insuco.com\/wp-content\/uploads\/2019\/06\/201807_insuco-gold-mining-gender-research.jpg 479w, https:\/\/www.insuco.com\/wp-content\/uploads\/2019\/06\/201807_insuco-gold-mining-gender-research-400x250.jpg 480w \" sizes=\"(max-width:479px) 479px, 100vw \"  width=\"400\" height=\"250\" \/><\/a><\/div>\n\t\t\t\t\t\t\t\t\t\t\t\t\t\t<h2 class=\"entry-title\">\n\t\t\t\t\t\t\t\t\t\t\t\t\t<a href=\"https:\/\/www.insuco.com\/en\/alizeta-ouedraogo-participated-in-the-4th-meeting-of-young-researchers-in-african-studies\/\">Aliz\u00e8ta Ouedraogo participated in the 4th meeting of Young Researchers in African Studies<\/a>\n\t\t\t\t\t\t\t\t\t\t\t<\/h2>\n\t\t\t\t\n\t\t\t\t\t<p class=\"post-meta\"><span class=\"published\">Jul 2018<\/span><\/p><div class=\"post-content\"><div class=\"post-content-inner\"><p>From 09 to 12 July 2018, Aliz\u00e8ta Ouedraogo (Project Assistant\/Socio-anthropologist for Insuco Burkina Faso) participated in the 4th meeting&#8230;<\/p>\n<\/div><\/div>\t\t\t\n\t\t\t<\/article>\n\t\t\t\t\n\t\t\t<article id=\"post-17204\" class=\"et_pb_post clearfix et_pb_blog_item_0_213 post-17204 post type-post status-publish format-standard has-post-thumbnail hentry category-news-from-insuco tag-anciens-articles-avec-builder-en\">\n\n\t\t\t\t<div class=\"et_pb_image_container\"><a href=\"https:\/\/www.insuco.com\/en\/peter-hochet-co-animated-a-workshop-on-resettlement-best-practices\/\" class=\"entry-featured-image-url\"><img loading=\"lazy\" decoding=\"async\" src=\"https:\/\/www.insuco.com\/wp-content\/uploads\/2019\/06\/201807_insuco-resettlement-mining-practices-400x250.jpg\" alt=\"Peter Hochet co-animated a workshop on resettlement best practices\" class=\"\" srcset=\"https:\/\/www.insuco.com\/wp-content\/uploads\/2019\/06\/201807_insuco-resettlement-mining-practices.jpg 479w, https:\/\/www.insuco.com\/wp-content\/uploads\/2019\/06\/201807_insuco-resettlement-mining-practices-400x250.jpg 480w \" sizes=\"(max-width:479px) 479px, 100vw \"  width=\"400\" height=\"250\" \/><\/a><\/div>\n\t\t\t\t\t\t\t\t\t\t\t\t\t\t<h2 class=\"entry-title\">\n\t\t\t\t\t\t\t\t\t\t\t\t\t<a href=\"https:\/\/www.insuco.com\/en\/peter-hochet-co-animated-a-workshop-on-resettlement-best-practices\/\">Peter Hochet co-animated a workshop on resettlement best practices<\/a>\n\t\t\t\t\t\t\t\t\t\t\t<\/h2>\n\t\t\t\t\n\t\t\t\t\t<p class=\"post-meta\"><span class=\"published\">Jul 2018<\/span><\/p><div class=\"post-content\"><div class=\"post-content-inner\"><p>Peter Hochet (Insuco General Manager for Africa) co-animated from 09 to 11 July 2018 a workshop to capitalise on best practices&#8230;<\/p>\n<\/div><\/div>\t\t\t\n\t\t\t<\/article>\n\t\t\t\t\n\t\t\t<article id=\"post-17215\" class=\"et_pb_post clearfix et_pb_blog_item_0_214 post-17215 post type-post status-publish format-standard has-post-thumbnail hentry category-news-from-insuco tag-anciens-articles-avec-builder-en\">\n\n\t\t\t\t<div class=\"et_pb_image_container\"><a href=\"https:\/\/www.insuco.com\/en\/training-workshop-in-insuco-burkina-faso-regarding-participatory-mapping-methodologies\/\" class=\"entry-featured-image-url\"><img loading=\"lazy\" decoding=\"async\" src=\"https:\/\/www.insuco.com\/wp-content\/uploads\/2019\/06\/201807_insuco-participatory-mapping-innovations-400x250.jpg\" alt=\"Training workshop in Insuco Burkina Faso regarding participatory mapping methodologies\" class=\"\" srcset=\"https:\/\/www.insuco.com\/wp-content\/uploads\/2019\/06\/201807_insuco-participatory-mapping-innovations.jpg 479w, https:\/\/www.insuco.com\/wp-content\/uploads\/2019\/06\/201807_insuco-participatory-mapping-innovations-400x250.jpg 480w \" sizes=\"(max-width:479px) 479px, 100vw \"  width=\"400\" height=\"250\" \/><\/a><\/div>\n\t\t\t\t\t\t\t\t\t\t\t\t\t\t<h2 class=\"entry-title\">\n\t\t\t\t\t\t\t\t\t\t\t\t\t<a href=\"https:\/\/www.insuco.com\/en\/training-workshop-in-insuco-burkina-faso-regarding-participatory-mapping-methodologies\/\">Training workshop in Insuco Burkina Faso regarding participatory mapping methodologies<\/a>\n\t\t\t\t\t\t\t\t\t\t\t<\/h2>\n\t\t\t\t\n\t\t\t\t\t<p class=\"post-meta\"><span class=\"published\">Jul 2018<\/span><\/p><div class=\"post-content\"><div class=\"post-content-inner\"><p>A training workshop focusing on participatory mapping methodologies was organised on the 17th and 18th of July 2018&#8230;<\/p>\n<\/div><\/div>\t\t\t\n\t\t\t<\/article>\n\t\t\t\t\n\t\t\t<article id=\"post-17217\" class=\"et_pb_post clearfix et_pb_blog_item_0_215 post-17217 post type-post status-publish format-standard has-post-thumbnail hentry category-news-from-insuco tag-anciens-articles-avec-builder-en\">\n\n\t\t\t\t<div class=\"et_pb_image_container\"><a href=\"https:\/\/www.insuco.com\/en\/insuco-and-ifsra-workshop-for-a-joint-publication-regarding-social-safeguard-international-standards\/\" class=\"entry-featured-image-url\"><img loading=\"lazy\" decoding=\"async\" src=\"https:\/\/www.insuco.com\/wp-content\/uploads\/2019\/06\/201807_insuco-social-safeguards-norms-400x250.jpg\" alt=\"Insuco and IFSRA Workshop for a joint publication regarding social safeguard international standards\" class=\"\" srcset=\"https:\/\/www.insuco.com\/wp-content\/uploads\/2019\/06\/201807_insuco-social-safeguards-norms.jpg 479w, https:\/\/www.insuco.com\/wp-content\/uploads\/2019\/06\/201807_insuco-social-safeguards-norms-400x250.jpg 480w \" sizes=\"(max-width:479px) 479px, 100vw \"  width=\"400\" height=\"250\" \/><\/a><\/div>\n\t\t\t\t\t\t\t\t\t\t\t\t\t\t<h2 class=\"entry-title\">\n\t\t\t\t\t\t\t\t\t\t\t\t\t<a href=\"https:\/\/www.insuco.com\/en\/insuco-and-ifsra-workshop-for-a-joint-publication-regarding-social-safeguard-international-standards\/\">Insuco and IFSRA Workshop for a joint publication regarding social safeguard international standards<\/a>\n\t\t\t\t\t\t\t\t\t\t\t<\/h2>\n\t\t\t\t\n\t\t\t\t\t<p class=\"post-meta\"><span class=\"published\">Jul 2018<\/span><\/p><div class=\"post-content\"><div class=\"post-content-inner\"><p>On the 19th and 20th of July 2018, experts and researchers from Insuco and IFSRA (Institute For Social Research in Africa)&#8230;<\/p>\n<\/div><\/div>\t\t\t\n\t\t\t<\/article>\n\t\t\t\t\n\t\t\t<article id=\"post-17338\" class=\"et_pb_post clearfix et_pb_blog_item_0_216 post-17338 post type-post status-publish format-standard has-post-thumbnail hentry category-news-from-insuco tag-anciens-articles-avec-builder-en\">\n\n\t\t\t\t<div class=\"et_pb_image_container\"><a href=\"https:\/\/www.insuco.com\/en\/guillen-calvo-led-a-panel-discussion-about-the-role-of-the-private-sector-in-territorial-development-processes\/\" class=\"entry-featured-image-url\"><img loading=\"lazy\" decoding=\"async\" src=\"https:\/\/www.insuco.com\/wp-content\/uploads\/2019\/06\/201806_insuco-private-territorial-development-400x250.jpg\" alt=\"Guill\u00e9n Calvo led a panel discussion about the role of the private sector in territorial development processes\" class=\"\" srcset=\"https:\/\/www.insuco.com\/wp-content\/uploads\/2019\/06\/201806_insuco-private-territorial-development.jpg 479w, https:\/\/www.insuco.com\/wp-content\/uploads\/2019\/06\/201806_insuco-private-territorial-development-400x250.jpg 480w \" sizes=\"(max-width:479px) 479px, 100vw \"  width=\"400\" height=\"250\" \/><\/a><\/div>\n\t\t\t\t\t\t\t\t\t\t\t\t\t\t<h2 class=\"entry-title\">\n\t\t\t\t\t\t\t\t\t\t\t\t\t<a href=\"https:\/\/www.insuco.com\/en\/guillen-calvo-led-a-panel-discussion-about-the-role-of-the-private-sector-in-territorial-development-processes\/\">Guill\u00e9n Calvo led a panel discussion about the role of the private sector in territorial development processes<\/a>\n\t\t\t\t\t\t\t\t\t\t\t<\/h2>\n\t\t\t\t\n\t\t\t\t\t<p class=\"post-meta\"><span class=\"published\">Jun 2018<\/span><\/p><div class=\"post-content\"><div class=\"post-content-inner\"><p>Guill\u00e9n Calvo (Insuco General Manager for Latin America) led on the 1st of June 2018 a roundtable discussion about the role of the private sector&#8230;<\/p>\n<\/div><\/div>\t\t\t\n\t\t\t<\/article>\n\t\t\t\t\n\t\t\t<article id=\"post-17340\" class=\"et_pb_post clearfix et_pb_blog_item_0_217 post-17340 post type-post status-publish format-standard has-post-thumbnail hentry category-news-from-insuco tag-anciens-articles-avec-builder-en\">\n\n\t\t\t\t<div class=\"et_pb_image_container\"><a href=\"https:\/\/www.insuco.com\/en\/yeri-kambire-participated-in-the-international-workshop-of-unesco-chair-shared-development-challenges-generate-knowledge-understanding-and-action\/\" class=\"entry-featured-image-url\"><img loading=\"lazy\" decoding=\"async\" src=\"https:\/\/www.insuco.com\/wp-content\/uploads\/2019\/06\/201806_insuco-unesco-foncier-ressources-naturelles-400x250.jpg\" alt=\"Yeri Kambir\u00e9 participated in the International Workshop of UNESCO Chair &#8220;Shared Development Challenges: generate knowledge, understanding and action&#8221;\" class=\"\" srcset=\"https:\/\/www.insuco.com\/wp-content\/uploads\/2019\/06\/201806_insuco-unesco-foncier-ressources-naturelles.jpg 479w, https:\/\/www.insuco.com\/wp-content\/uploads\/2019\/06\/201806_insuco-unesco-foncier-ressources-naturelles-400x250.jpg 480w \" sizes=\"(max-width:479px) 479px, 100vw \"  width=\"400\" height=\"250\" \/><\/a><\/div>\n\t\t\t\t\t\t\t\t\t\t\t\t\t\t<h2 class=\"entry-title\">\n\t\t\t\t\t\t\t\t\t\t\t\t\t<a href=\"https:\/\/www.insuco.com\/en\/yeri-kambire-participated-in-the-international-workshop-of-unesco-chair-shared-development-challenges-generate-knowledge-understanding-and-action\/\">Yeri Kambir\u00e9 participated in the International Workshop of UNESCO Chair &#8220;Shared Development Challenges: generate knowledge, understanding and action&#8221;<\/a>\n\t\t\t\t\t\t\t\t\t\t\t<\/h2>\n\t\t\t\t\n\t\t\t\t\t<p class=\"post-meta\"><span class=\"published\">Jun 2018<\/span><\/p><div class=\"post-content\"><div class=\"post-content-inner\"><p>Yeri Kambir\u00e9 (Project Assistant for Insuco Burkina Faso) participated on the 04th of June 2018 in the International Workshop of UNESCO Chair&#8230;<\/p>\n<\/div><\/div>\t\t\t\n\t\t\t<\/article>\n\t\t\t\t\n\t\t\t<article id=\"post-17342\" class=\"et_pb_post clearfix et_pb_blog_item_0_218 post-17342 post type-post status-publish format-standard has-post-thumbnail hentry category-news-from-insuco tag-anciens-articles-avec-builder-en\">\n\n\t\t\t\t<div class=\"et_pb_image_container\"><a href=\"https:\/\/www.insuco.com\/en\/insuco-participated-and-led-the-evaluation-of-a-csr-joint-project-in-colombia\/\" class=\"entry-featured-image-url\"><img loading=\"lazy\" decoding=\"async\" src=\"https:\/\/www.insuco.com\/wp-content\/uploads\/2019\/06\/201806_insuco-csr-colombia-evaluation-400x250.jpg\" alt=\"Insuco participated and led the evaluation of a CSR joint project in Colombia\" class=\"\" srcset=\"https:\/\/www.insuco.com\/wp-content\/uploads\/2019\/06\/201806_insuco-csr-colombia-evaluation.jpg 479w, https:\/\/www.insuco.com\/wp-content\/uploads\/2019\/06\/201806_insuco-csr-colombia-evaluation-400x250.jpg 480w \" sizes=\"(max-width:479px) 479px, 100vw \"  width=\"400\" height=\"250\" \/><\/a><\/div>\n\t\t\t\t\t\t\t\t\t\t\t\t\t\t<h2 class=\"entry-title\">\n\t\t\t\t\t\t\t\t\t\t\t\t\t<a href=\"https:\/\/www.insuco.com\/en\/insuco-participated-and-led-the-evaluation-of-a-csr-joint-project-in-colombia\/\">Insuco participated and led the evaluation of a CSR joint project in Colombia<\/a>\n\t\t\t\t\t\t\t\t\t\t\t<\/h2>\n\t\t\t\t\n\t\t\t\t\t<p class=\"post-meta\"><span class=\"published\">Jun 2018<\/span><\/p><div class=\"post-content\"><div class=\"post-content-inner\"><p>Insuco is proud to have participated in a CSR joint initiative between the members of the French Colombian Chamber of Commerce and Industry&#8230;<\/p>\n<\/div><\/div>\t\t\t\n\t\t\t<\/article>\n\t\t\t\t\n\t\t\t<article id=\"post-17353\" class=\"et_pb_post clearfix et_pb_blog_item_0_219 post-17353 post type-post status-publish format-standard has-post-thumbnail hentry category-news-from-insuco tag-anciens-articles-avec-builder-en\">\n\n\t\t\t\t<div class=\"et_pb_image_container\"><a href=\"https:\/\/www.insuco.com\/en\/pascal-rey-participated-in-the-international-conference-on-sahel-and-west-africa-mining\/\" class=\"entry-featured-image-url\"><img loading=\"lazy\" decoding=\"async\" src=\"https:\/\/www.insuco.com\/wp-content\/uploads\/2019\/06\/201805_Londres-400x250.jpg\" alt=\"Pascal Rey participated in the International Conference on Sahel and West Africa Mining\" class=\"\" srcset=\"https:\/\/www.insuco.com\/wp-content\/uploads\/2019\/06\/201805_Londres.jpg 479w, https:\/\/www.insuco.com\/wp-content\/uploads\/2019\/06\/201805_Londres-400x250.jpg 480w \" sizes=\"(max-width:479px) 479px, 100vw \"  width=\"400\" height=\"250\" \/><\/a><\/div>\n\t\t\t\t\t\t\t\t\t\t\t\t\t\t<h2 class=\"entry-title\">\n\t\t\t\t\t\t\t\t\t\t\t\t\t<a href=\"https:\/\/www.insuco.com\/en\/pascal-rey-participated-in-the-international-conference-on-sahel-and-west-africa-mining\/\">Pascal Rey participated in the International Conference on Sahel and West Africa Mining<\/a>\n\t\t\t\t\t\t\t\t\t\t\t<\/h2>\n\t\t\t\t\n\t\t\t\t\t<p class=\"post-meta\"><span class=\"published\">May 2018<\/span><\/p><div class=\"post-content\"><div class=\"post-content-inner\"><p>Pascal Rey (CEO of Insuco) participated from 08 to 09 May 2018 in the International Conference on Mining and Minerals in the Western&#8230;<\/p>\n<\/div><\/div>\t\t\t\n\t\t\t<\/article>\n\t\t\t\t\n\t\t\t<article id=\"post-17355\" class=\"et_pb_post clearfix et_pb_blog_item_0_220 post-17355 post type-post status-publish format-standard has-post-thumbnail hentry category-news-from-insuco tag-anciens-articles-avec-builder-en\">\n\n\t\t\t\t<div class=\"et_pb_image_container\"><a href=\"https:\/\/www.insuco.com\/en\/insuco-organised-a-workshop-with-the-idb-about-data-management-in-the-context-of-large-infrastructure-projects\/\" class=\"entry-featured-image-url\"><img loading=\"lazy\" decoding=\"async\" src=\"https:\/\/www.insuco.com\/wp-content\/uploads\/2019\/06\/201805_Insuco-BID-IMS-Haiti-Infrastructures-400x250.jpg\" alt=\"Insuco organised a workshop with the IDB about data management in the context of large infrastructure projects\" class=\"\" srcset=\"https:\/\/www.insuco.com\/wp-content\/uploads\/2019\/06\/201805_Insuco-BID-IMS-Haiti-Infrastructures.jpg 479w, https:\/\/www.insuco.com\/wp-content\/uploads\/2019\/06\/201805_Insuco-BID-IMS-Haiti-Infrastructures-400x250.jpg 480w \" sizes=\"(max-width:479px) 479px, 100vw \"  width=\"400\" height=\"250\" \/><\/a><\/div>\n\t\t\t\t\t\t\t\t\t\t\t\t\t\t<h2 class=\"entry-title\">\n\t\t\t\t\t\t\t\t\t\t\t\t\t<a href=\"https:\/\/www.insuco.com\/en\/insuco-organised-a-workshop-with-the-idb-about-data-management-in-the-context-of-large-infrastructure-projects\/\">Insuco organised a workshop with the IDB about data management in the context of large infrastructure projects<\/a>\n\t\t\t\t\t\t\t\t\t\t\t<\/h2>\n\t\t\t\t\n\t\t\t\t\t<p class=\"post-meta\"><span class=\"published\">May 2018<\/span><\/p><div class=\"post-content\"><div class=\"post-content-inner\"><p>Insuco organised on the 16th of May 2018 a workshop with the Inter-American Development Bank (IDB) in Haiti, focused on innovative practices&#8230;<\/p>\n<\/div><\/div>\t\t\t\n\t\t\t<\/article>\n\t\t\t\t\n\t\t\t<article id=\"post-17362\" class=\"et_pb_post clearfix et_pb_blog_item_0_221 post-17362 post type-post status-publish format-standard has-post-thumbnail hentry category-news-from-insuco tag-anciens-articles-avec-builder-en\">\n\n\t\t\t\t<div class=\"et_pb_image_container\"><a href=\"https:\/\/www.insuco.com\/en\/guillen-calvo-and-jhuliana-macas-participated-in-ifc-sustainability-exchange\/\" class=\"entry-featured-image-url\"><img loading=\"lazy\" decoding=\"async\" src=\"https:\/\/www.insuco.com\/wp-content\/uploads\/2019\/06\/201805_IFC-Washington-400x250.jpg\" alt=\"Guill\u00e9n Calvo and Jhuliana Macas participated in IFC Sustainability Exchange\" class=\"\" srcset=\"https:\/\/www.insuco.com\/wp-content\/uploads\/2019\/06\/201805_IFC-Washington.jpg 479w, https:\/\/www.insuco.com\/wp-content\/uploads\/2019\/06\/201805_IFC-Washington-400x250.jpg 480w \" sizes=\"(max-width:479px) 479px, 100vw \"  width=\"400\" height=\"250\" \/><\/a><\/div>\n\t\t\t\t\t\t\t\t\t\t\t\t\t\t<h2 class=\"entry-title\">\n\t\t\t\t\t\t\t\t\t\t\t\t\t<a href=\"https:\/\/www.insuco.com\/en\/guillen-calvo-and-jhuliana-macas-participated-in-ifc-sustainability-exchange\/\">Guill\u00e9n Calvo and Jhuliana Macas participated in IFC Sustainability Exchange<\/a>\n\t\t\t\t\t\t\t\t\t\t\t<\/h2>\n\t\t\t\t\n\t\t\t\t\t<p class=\"post-meta\"><span class=\"published\">May 2018<\/span><\/p><div class=\"post-content\"><div class=\"post-content-inner\"><p>Guill\u00e9n Calvo (Insuco General Manager for Latin America) and Jhuliana Macas (local leader and Project Manager for Insuco Ecuador)&#8230;<\/p>\n<\/div><\/div>\t\t\t\n\t\t\t<\/article>\n\t\t\t\t\n\t\t\t<article id=\"post-17364\" class=\"et_pb_post clearfix et_pb_blog_item_0_222 post-17364 post type-post status-publish format-standard has-post-thumbnail hentry category-news-from-insuco tag-anciens-articles-avec-builder-en\">\n\n\t\t\t\t<div class=\"et_pb_image_container\"><a href=\"https:\/\/www.insuco.com\/en\/guillen-calvo-presented-the-approach-developed-for-fruta-del-norte-project-regarding-social-participation-and-corporate-territorial-responsibility\/\" class=\"entry-featured-image-url\"><img loading=\"lazy\" decoding=\"async\" src=\"https:\/\/www.insuco.com\/wp-content\/uploads\/2019\/06\/201804_Insuco-Lundin-Gold-Expominas-Ecuador-400x250.jpg\" alt=\"Guill\u00e9n Calvo presented the approach developed for Fruta del Norte project regarding Social Participation and Corporate Territorial Responsibility\" class=\"\" srcset=\"https:\/\/www.insuco.com\/wp-content\/uploads\/2019\/06\/201804_Insuco-Lundin-Gold-Expominas-Ecuador.jpg 479w, https:\/\/www.insuco.com\/wp-content\/uploads\/2019\/06\/201804_Insuco-Lundin-Gold-Expominas-Ecuador-400x250.jpg 480w \" sizes=\"(max-width:479px) 479px, 100vw \"  width=\"400\" height=\"250\" \/><\/a><\/div>\n\t\t\t\t\t\t\t\t\t\t\t\t\t\t<h2 class=\"entry-title\">\n\t\t\t\t\t\t\t\t\t\t\t\t\t<a href=\"https:\/\/www.insuco.com\/en\/guillen-calvo-presented-the-approach-developed-for-fruta-del-norte-project-regarding-social-participation-and-corporate-territorial-responsibility\/\">Guill\u00e9n Calvo presented the approach developed for Fruta del Norte project regarding Social Participation and Corporate Territorial Responsibility<\/a>\n\t\t\t\t\t\t\t\t\t\t\t<\/h2>\n\t\t\t\t\n\t\t\t\t\t<p class=\"post-meta\"><span class=\"published\">Apr 2018<\/span><\/p><div class=\"post-content\"><div class=\"post-content-inner\"><p>Guill\u00e9n Calvo (Insuco General Manager for Latin America) presented together with Winer Bravo (CSR and Community Affairs Manager&#8230;<\/p>\n<\/div><\/div>\t\t\t\n\t\t\t<\/article>\n\t\t\t\t\n\t\t\t<article id=\"post-17366\" class=\"et_pb_post clearfix et_pb_blog_item_0_223 post-17366 post type-post status-publish format-standard has-post-thumbnail hentry category-news-from-insuco tag-anciens-articles-avec-builder-en\">\n\n\t\t\t\t<div class=\"et_pb_image_container\"><a href=\"https:\/\/www.insuco.com\/en\/patricio-carvallo-participated-in-the-first-international-ecuador-mining-forum\/\" class=\"entry-featured-image-url\"><img loading=\"lazy\" decoding=\"async\" src=\"https:\/\/www.insuco.com\/wp-content\/uploads\/2019\/06\/201804_Insuco-Ecuador-Minero-Foro-Internacional-400x250.jpg\" alt=\"Patricio Carvallo participated in the first International Ecuador Mining Forum\" class=\"\" srcset=\"https:\/\/www.insuco.com\/wp-content\/uploads\/2019\/06\/201804_Insuco-Ecuador-Minero-Foro-Internacional.jpg 479w, https:\/\/www.insuco.com\/wp-content\/uploads\/2019\/06\/201804_Insuco-Ecuador-Minero-Foro-Internacional-400x250.jpg 480w \" sizes=\"(max-width:479px) 479px, 100vw \"  width=\"400\" height=\"250\" \/><\/a><\/div>\n\t\t\t\t\t\t\t\t\t\t\t\t\t\t<h2 class=\"entry-title\">\n\t\t\t\t\t\t\t\t\t\t\t\t\t<a href=\"https:\/\/www.insuco.com\/en\/patricio-carvallo-participated-in-the-first-international-ecuador-mining-forum\/\">Patricio Carvallo participated in the first International Ecuador Mining Forum<\/a>\n\t\t\t\t\t\t\t\t\t\t\t<\/h2>\n\t\t\t\t\n\t\t\t\t\t<p class=\"post-meta\"><span class=\"published\">Apr 2018<\/span><\/p><div class=\"post-content\"><div class=\"post-content-inner\"><p>Patricio Carvallo (Insuco Country Director for Ecuador) participated on the 04th of April 2018 in the first International Ecuador Mining Forum&#8230;<\/p>\n<\/div><\/div>\t\t\t\n\t\t\t<\/article>\n\t\t\t\t\n\t\t\t<article id=\"post-17377\" class=\"et_pb_post clearfix et_pb_blog_item_0_224 post-17377 post type-post status-publish format-standard has-post-thumbnail hentry category-news-from-insuco tag-anciens-articles-avec-builder-en\">\n\n\t\t\t\t<div class=\"et_pb_image_container\"><a href=\"https:\/\/www.insuco.com\/en\/development-and-monitoring-of-three-employment-centres-for-guinea-alumina-corporation-gac\/\" class=\"entry-featured-image-url\"><img loading=\"lazy\" decoding=\"async\" src=\"https:\/\/www.insuco.com\/wp-content\/uploads\/2019\/06\/201804_Insuco-GAC-Boke\u0301-Kamsar-400x250.jpg\" alt=\"Development and monitoring of three employment centres for Guinea Alumina Corporation (GAC)\" class=\"\" srcset=\"https:\/\/www.insuco.com\/wp-content\/uploads\/2019\/06\/201804_Insuco-GAC-Boke\u0301-Kamsar.jpg 479w, https:\/\/www.insuco.com\/wp-content\/uploads\/2019\/06\/201804_Insuco-GAC-Boke\u0301-Kamsar-400x250.jpg 480w \" sizes=\"(max-width:479px) 479px, 100vw \"  width=\"400\" height=\"250\" \/><\/a><\/div>\n\t\t\t\t\t\t\t\t\t\t\t\t\t\t<h2 class=\"entry-title\">\n\t\t\t\t\t\t\t\t\t\t\t\t\t<a href=\"https:\/\/www.insuco.com\/en\/development-and-monitoring-of-three-employment-centres-for-guinea-alumina-corporation-gac\/\">Development and monitoring of three employment centres for Guinea Alumina Corporation (GAC)<\/a>\n\t\t\t\t\t\t\t\t\t\t\t<\/h2>\n\t\t\t\t\n\t\t\t\t\t<p class=\"post-meta\"><span class=\"published\">Apr 2018<\/span><\/p><div class=\"post-content\"><div class=\"post-content-inner\"><p>In the context of the development of its extractive project in Bok\u00e9 area, EGA-GAC established three recruitment centres&#8230;<\/p>\n<\/div><\/div>\t\t\t\n\t\t\t<\/article>\n\t\t\t\t\n\t\t\t<article id=\"post-17379\" class=\"et_pb_post clearfix et_pb_blog_item_0_225 post-17379 post type-post status-publish format-standard has-post-thumbnail hentry category-news-from-insuco tag-anciens-articles-avec-builder-en\">\n\n\t\t\t\t<div class=\"et_pb_image_container\"><a href=\"https:\/\/www.insuco.com\/en\/caroline-amrom-participated-in-the-6th-mozambique-mining-oil-gas-and-energy-conference\/\" class=\"entry-featured-image-url\"><img loading=\"lazy\" decoding=\"async\" src=\"https:\/\/www.insuco.com\/wp-content\/uploads\/2019\/06\/201804_MMEC-Mining-Energy-Oil-Mozambique-400x250.jpg\" alt=\"Caroline Amrom participated in the 6th Mozambique Mining, Oil &#038; Gas and Energy Conference\" class=\"\" srcset=\"https:\/\/www.insuco.com\/wp-content\/uploads\/2019\/06\/201804_MMEC-Mining-Energy-Oil-Mozambique.jpg 479w, https:\/\/www.insuco.com\/wp-content\/uploads\/2019\/06\/201804_MMEC-Mining-Energy-Oil-Mozambique-400x250.jpg 480w \" sizes=\"(max-width:479px) 479px, 100vw \"  width=\"400\" height=\"250\" \/><\/a><\/div>\n\t\t\t\t\t\t\t\t\t\t\t\t\t\t<h2 class=\"entry-title\">\n\t\t\t\t\t\t\t\t\t\t\t\t\t<a href=\"https:\/\/www.insuco.com\/en\/caroline-amrom-participated-in-the-6th-mozambique-mining-oil-gas-and-energy-conference\/\">Caroline Amrom participated in the 6th Mozambique Mining, Oil &#038; Gas and Energy Conference<\/a>\n\t\t\t\t\t\t\t\t\t\t\t<\/h2>\n\t\t\t\t\n\t\t\t\t\t<p class=\"post-meta\"><span class=\"published\">Apr 2018<\/span><\/p><div class=\"post-content\"><div class=\"post-content-inner\"><p>Caroline Amrom (Insuco Country Director for Djibouti) participated from 25 to 26 April 2018 in the 6th MMEC&#8230;<\/p>\n<\/div><\/div>\t\t\t\n\t\t\t<\/article>\n\t\t\t\t\n\t\t\t<article id=\"post-17386\" class=\"et_pb_post clearfix et_pb_blog_item_0_226 post-17386 post type-post status-publish format-standard has-post-thumbnail hentry category-news-from-insuco tag-anciens-articles-avec-builder-en\">\n\n\t\t\t\t<div class=\"et_pb_image_container\"><a href=\"https:\/\/www.insuco.com\/en\/patricio-carvallo-participated-in-the-iii-world-summit-of-regions-on-food-security-and-sovereignty\/\" class=\"entry-featured-image-url\"><img loading=\"lazy\" decoding=\"async\" src=\"https:\/\/www.insuco.com\/wp-content\/uploads\/2019\/06\/201804_Insuco-Ecuador-Cumbre-Cero-Hambre-400x250.jpg\" alt=\"Patricio Carvallo participated in the III World Summit of Regions on Food Security and Sovereignty\" class=\"\" srcset=\"https:\/\/www.insuco.com\/wp-content\/uploads\/2019\/06\/201804_Insuco-Ecuador-Cumbre-Cero-Hambre.jpg 479w, https:\/\/www.insuco.com\/wp-content\/uploads\/2019\/06\/201804_Insuco-Ecuador-Cumbre-Cero-Hambre-400x250.jpg 480w \" sizes=\"(max-width:479px) 479px, 100vw \"  width=\"400\" height=\"250\" \/><\/a><\/div>\n\t\t\t\t\t\t\t\t\t\t\t\t\t\t<h2 class=\"entry-title\">\n\t\t\t\t\t\t\t\t\t\t\t\t\t<a href=\"https:\/\/www.insuco.com\/en\/patricio-carvallo-participated-in-the-iii-world-summit-of-regions-on-food-security-and-sovereignty\/\">Patricio Carvallo participated in the III World Summit of Regions on Food Security and Sovereignty<\/a>\n\t\t\t\t\t\t\t\t\t\t\t<\/h2>\n\t\t\t\t\n\t\t\t\t\t<p class=\"post-meta\"><span class=\"published\">Apr 2018<\/span><\/p><div class=\"post-content\"><div class=\"post-content-inner\"><p>Patricio Carvallo (Insuco Country Director for Ecuador) participated from 27 to 28 April 2018 in the III World Summit of Regions&#8230;<\/p>\n<\/div><\/div>\t\t\t\n\t\t\t<\/article>\n\t\t\t\t\n\t\t\t<article id=\"post-17388\" class=\"et_pb_post clearfix et_pb_blog_item_0_227 post-17388 post type-post status-publish format-standard has-post-thumbnail hentry category-news-from-insuco tag-anciens-articles-avec-builder-en\">\n\n\t\t\t\t<div class=\"et_pb_image_container\"><a href=\"https:\/\/www.insuco.com\/en\/guillen-calvo-participated-in-a-workshop-on-social-investment-and-csr\/\" class=\"entry-featured-image-url\"><img loading=\"lazy\" decoding=\"async\" src=\"https:\/\/www.insuco.com\/wp-content\/uploads\/2019\/06\/201803_Insuco-Inversion-Social-RSE-CSR-400x250.jpg\" alt=\"Guill\u00e9n Calvo participated in a workshop on Social Investment and CSR\" class=\"\" srcset=\"https:\/\/www.insuco.com\/wp-content\/uploads\/2019\/06\/201803_Insuco-Inversion-Social-RSE-CSR.jpg 479w, https:\/\/www.insuco.com\/wp-content\/uploads\/2019\/06\/201803_Insuco-Inversion-Social-RSE-CSR-400x250.jpg 480w \" sizes=\"(max-width:479px) 479px, 100vw \"  width=\"400\" height=\"250\" \/><\/a><\/div>\n\t\t\t\t\t\t\t\t\t\t\t\t\t\t<h2 class=\"entry-title\">\n\t\t\t\t\t\t\t\t\t\t\t\t\t<a href=\"https:\/\/www.insuco.com\/en\/guillen-calvo-participated-in-a-workshop-on-social-investment-and-csr\/\">Guill\u00e9n Calvo participated in a workshop on Social Investment and CSR<\/a>\n\t\t\t\t\t\t\t\t\t\t\t<\/h2>\n\t\t\t\t\n\t\t\t\t\t<p class=\"post-meta\"><span class=\"published\">Mar 2018<\/span><\/p><div class=\"post-content\"><div class=\"post-content-inner\"><p>Guill\u00e9n Calvo (Insuco General Manager for Latin America) participated on the 14th of March 2018 in a workshop organised by Gran Tierra Energy&#8230;<\/p>\n<\/div><\/div>\t\t\t\n\t\t\t<\/article>\n\t\t\t\t\n\t\t\t<article id=\"post-17390\" class=\"et_pb_post clearfix et_pb_blog_item_0_228 post-17390 post type-post status-publish format-standard has-post-thumbnail hentry category-news-from-insuco tag-anciens-articles-avec-builder-en\">\n\n\t\t\t\t<div class=\"et_pb_image_container\"><a href=\"https:\/\/www.insuco.com\/en\/marie-mazalto-presented-the-results-of-the-study-about-norms-and-practices-of-resettlement-in-guinea\/\" class=\"entry-featured-image-url\"><img loading=\"lazy\" decoding=\"async\" src=\"https:\/\/www.insuco.com\/wp-content\/uploads\/2019\/06\/201803_Insuco-GIZ-Reinstallation-Guinee-400x250.jpg\" alt=\"Marie Mazalto presented the results of the study about norms and practices of resettlement in Guinea\" class=\"\" srcset=\"https:\/\/www.insuco.com\/wp-content\/uploads\/2019\/06\/201803_Insuco-GIZ-Reinstallation-Guinee.jpg 479w, https:\/\/www.insuco.com\/wp-content\/uploads\/2019\/06\/201803_Insuco-GIZ-Reinstallation-Guinee-400x250.jpg 480w \" sizes=\"(max-width:479px) 479px, 100vw \"  width=\"400\" height=\"250\" \/><\/a><\/div>\n\t\t\t\t\t\t\t\t\t\t\t\t\t\t<h2 class=\"entry-title\">\n\t\t\t\t\t\t\t\t\t\t\t\t\t<a href=\"https:\/\/www.insuco.com\/en\/marie-mazalto-presented-the-results-of-the-study-about-norms-and-practices-of-resettlement-in-guinea\/\">Marie Mazalto presented the results of the study about norms and practices of resettlement in Guinea<\/a>\n\t\t\t\t\t\t\t\t\t\t\t<\/h2>\n\t\t\t\t\n\t\t\t\t\t<p class=\"post-meta\"><span class=\"published\">Mar 2018<\/span><\/p><div class=\"post-content\"><div class=\"post-content-inner\"><p>Following the realisation of a study about the \u201cNorms and practices of expropriation, compensation, relocation and resettlement of communities affected by mining projects in the bauxite region of Guinea\u201d&#8230;<\/p>\n<\/div><\/div>\t\t\t\n\t\t\t<\/article>\n\t\t\t\t\n\t\t\t<article id=\"post-17401\" class=\"et_pb_post clearfix et_pb_blog_item_0_229 post-17401 post type-post status-publish format-standard has-post-thumbnail hentry category-news-from-insuco tag-anciens-articles-avec-builder-en\">\n\n\t\t\t\t<div class=\"et_pb_image_container\"><a href=\"https:\/\/www.insuco.com\/en\/insuco-teams-gathered-in-ouagadougou-burkina-faso\/\" class=\"entry-featured-image-url\"><img loading=\"lazy\" decoding=\"async\" src=\"https:\/\/www.insuco.com\/wp-content\/uploads\/2019\/06\/201802_Insuco-global-teams-burkina-faso-400x250.jpg\" alt=\"Insuco teams gathered in Ouagadougou, Burkina Faso\" class=\"\" srcset=\"https:\/\/www.insuco.com\/wp-content\/uploads\/2019\/06\/201802_Insuco-global-teams-burkina-faso.jpg 479w, https:\/\/www.insuco.com\/wp-content\/uploads\/2019\/06\/201802_Insuco-global-teams-burkina-faso-400x250.jpg 480w \" sizes=\"(max-width:479px) 479px, 100vw \"  width=\"400\" height=\"250\" \/><\/a><\/div>\n\t\t\t\t\t\t\t\t\t\t\t\t\t\t<h2 class=\"entry-title\">\n\t\t\t\t\t\t\t\t\t\t\t\t\t<a href=\"https:\/\/www.insuco.com\/en\/insuco-teams-gathered-in-ouagadougou-burkina-faso\/\">Insuco teams gathered in Ouagadougou, Burkina Faso<\/a>\n\t\t\t\t\t\t\t\t\t\t\t<\/h2>\n\t\t\t\t\n\t\t\t\t\t<p class=\"post-meta\"><span class=\"published\">Feb 2018<\/span><\/p><div class=\"post-content\"><div class=\"post-content-inner\"><p>The teams of our different offices around the world (Guinea, Burkina Faso, Djibouti, Colombia, Ecuador, Haiti) gathered in Ouagadougou&#8230;<\/p>\n<\/div><\/div>\t\t\t\n\t\t\t<\/article>\n\t\t\t\t\n\t\t\t<article id=\"post-17403\" class=\"et_pb_post clearfix et_pb_blog_item_0_230 post-17403 post type-post status-publish format-standard has-post-thumbnail hentry category-news-from-insuco tag-anciens-articles-avec-builder-en\">\n\n\t\t\t\t<div class=\"et_pb_image_container\"><a href=\"https:\/\/www.insuco.com\/en\/laura-estrada-and-cristina-consuegra-presented-in-expoartesanias-the-guide-developed-to-assess-the-conditions-and-impacts-of-denominations-of-origin-in-colombia\/\" class=\"entry-featured-image-url\"><img loading=\"lazy\" decoding=\"async\" src=\"https:\/\/www.insuco.com\/wp-content\/uploads\/2019\/06\/201712_Insuco-Denominaciones-Origen-Colombia-400x250.jpg\" alt=\"Laura Estrada and Cristina Consuegra presented in Expoartesan\u00edas the Guide developed to assess the Conditions and Impacts of Denominations of Origin in Colombia\" class=\"\" srcset=\"https:\/\/www.insuco.com\/wp-content\/uploads\/2019\/06\/201712_Insuco-Denominaciones-Origen-Colombia.jpg 479w, https:\/\/www.insuco.com\/wp-content\/uploads\/2019\/06\/201712_Insuco-Denominaciones-Origen-Colombia-400x250.jpg 480w \" sizes=\"(max-width:479px) 479px, 100vw \"  width=\"400\" height=\"250\" \/><\/a><\/div>\n\t\t\t\t\t\t\t\t\t\t\t\t\t\t<h2 class=\"entry-title\">\n\t\t\t\t\t\t\t\t\t\t\t\t\t<a href=\"https:\/\/www.insuco.com\/en\/laura-estrada-and-cristina-consuegra-presented-in-expoartesanias-the-guide-developed-to-assess-the-conditions-and-impacts-of-denominations-of-origin-in-colombia\/\">Laura Estrada and Cristina Consuegra presented in Expoartesan\u00edas the Guide developed to assess the Conditions and Impacts of Denominations of Origin in Colombia<\/a>\n\t\t\t\t\t\t\t\t\t\t\t<\/h2>\n\t\t\t\t\n\t\t\t\t\t<p class=\"post-meta\"><span class=\"published\">Dec 2017<\/span><\/p><div class=\"post-content\"><div class=\"post-content-inner\"><p>Laura Estrada (Technical Director for Insuco Colombia) and Cristina Consuegra (Consultant for Insuco) presented on the 18th of December 2017&#8230;<\/p>\n<\/div><\/div>\t\t\t\n\t\t\t<\/article>\n\t\t\t\t\n\t\t\t<article id=\"post-17410\" class=\"et_pb_post clearfix et_pb_blog_item_0_231 post-17410 post type-post status-publish format-standard has-post-thumbnail hentry category-news-from-insuco tag-anciens-articles-avec-builder-en\">\n\n\t\t\t\t<div class=\"et_pb_image_container\"><a href=\"https:\/\/www.insuco.com\/en\/pascal-rey-and-guillen-calvo-participated-in-surimep-congress-in-paramaribo-suriname\/\" class=\"entry-featured-image-url\"><img loading=\"lazy\" decoding=\"async\" src=\"https:\/\/www.insuco.com\/wp-content\/uploads\/2019\/06\/201711_SURIMEP-Insuco-Mining-Energy-Petroleum-400x250.jpg\" alt=\"Pascal Rey and Guill\u00e9n Calvo participated in SURIMEP Congress in Paramaribo, Suriname\" class=\"\" srcset=\"https:\/\/www.insuco.com\/wp-content\/uploads\/2019\/06\/201711_SURIMEP-Insuco-Mining-Energy-Petroleum.jpg 479w, https:\/\/www.insuco.com\/wp-content\/uploads\/2019\/06\/201711_SURIMEP-Insuco-Mining-Energy-Petroleum-400x250.jpg 480w \" sizes=\"(max-width:479px) 479px, 100vw \"  width=\"400\" height=\"250\" \/><\/a><\/div>\n\t\t\t\t\t\t\t\t\t\t\t\t\t\t<h2 class=\"entry-title\">\n\t\t\t\t\t\t\t\t\t\t\t\t\t<a href=\"https:\/\/www.insuco.com\/en\/pascal-rey-and-guillen-calvo-participated-in-surimep-congress-in-paramaribo-suriname\/\">Pascal Rey and Guill\u00e9n Calvo participated in SURIMEP Congress in Paramaribo, Suriname<\/a>\n\t\t\t\t\t\t\t\t\t\t\t<\/h2>\n\t\t\t\t\n\t\t\t\t\t<p class=\"post-meta\"><span class=\"published\">Nov 2017<\/span><\/p><div class=\"post-content\"><div class=\"post-content-inner\"><p>Pascal Rey (CEO Insuco) and Guill\u00e9n Calvo (Insuco General Manager for Latin America) participated from 01 to 03 November 2017 in SURIMEP Congress&#8230;<\/p>\n<\/div><\/div>\t\t\t\n\t\t\t<\/article>\n\t\t\t\t\n\t\t\t<article id=\"post-17412\" class=\"et_pb_post clearfix et_pb_blog_item_0_232 post-17412 post type-post status-publish format-standard has-post-thumbnail hentry category-news-from-insuco tag-anciens-articles-avec-builder-en\">\n\n\t\t\t\t<div class=\"et_pb_image_container\"><a href=\"https:\/\/www.insuco.com\/en\/pascal-rey-led-a-presentation-about-interculturality-integration-within-military-action\/\" class=\"entry-featured-image-url\"><img loading=\"lazy\" decoding=\"async\" src=\"https:\/\/www.insuco.com\/wp-content\/uploads\/2019\/06\/201711_INSUCO-ENSOME-Interculturalite-Action-Militaire-400x250.jpg\" alt=\"Pascal Rey led a presentation about interculturality integration within military action\" class=\"\" srcset=\"https:\/\/www.insuco.com\/wp-content\/uploads\/2019\/06\/201711_INSUCO-ENSOME-Interculturalite-Action-Militaire.jpg 479w, https:\/\/www.insuco.com\/wp-content\/uploads\/2019\/06\/201711_INSUCO-ENSOME-Interculturalite-Action-Militaire-400x250.jpg 480w \" sizes=\"(max-width:479px) 479px, 100vw \"  width=\"400\" height=\"250\" \/><\/a><\/div>\n\t\t\t\t\t\t\t\t\t\t\t\t\t\t<h2 class=\"entry-title\">\n\t\t\t\t\t\t\t\t\t\t\t\t\t<a href=\"https:\/\/www.insuco.com\/en\/pascal-rey-led-a-presentation-about-interculturality-integration-within-military-action\/\">Pascal Rey led a presentation about interculturality integration within military action<\/a>\n\t\t\t\t\t\t\t\t\t\t\t<\/h2>\n\t\t\t\t\n\t\t\t\t\t<p class=\"post-meta\"><span class=\"published\">Nov 2017<\/span><\/p><div class=\"post-content\"><div class=\"post-content-inner\"><p>Pascal Rey (CEO Insuco) participated on the 23rd of November 2017 in Paris in an internal symposium of the ENSOME (Specialised Military Force for overseas territories and foreign countries)&#8230;<\/p>\n<\/div><\/div>\t\t\t\n\t\t\t<\/article>\n\t\t\t\t\n\t\t\t<article id=\"post-17414\" class=\"et_pb_post clearfix et_pb_blog_item_0_233 post-17414 post type-post status-publish format-standard has-post-thumbnail hentry category-news-from-insuco category-on-the-front-page tag-anciens-articles-avec-builder-en\">\n\n\t\t\t\t<div class=\"et_pb_image_container\"><a href=\"https:\/\/www.insuco.com\/en\/dany-la-noe-participated-in-the-6th-international-bauxite-alumina-symposium\/\" class=\"entry-featured-image-url\"><img loading=\"lazy\" decoding=\"async\" src=\"https:\/\/www.insuco.com\/wp-content\/uploads\/2019\/06\/Ibaas-logo5_d400-400x202.png\" alt=\"Dany La No\u00eb participated in the 6th International Bauxite-Alumina Symposium\" class=\"\" srcset=\"https:\/\/www.insuco.com\/wp-content\/uploads\/2019\/06\/Ibaas-logo5_d400.png 479w, https:\/\/www.insuco.com\/wp-content\/uploads\/2019\/06\/Ibaas-logo5_d400-400x202.png 480w \" sizes=\"(max-width:479px) 479px, 100vw \"  width=\"400\" height=\"250\" \/><\/a><\/div>\n\t\t\t\t\t\t\t\t\t\t\t\t\t\t<h2 class=\"entry-title\">\n\t\t\t\t\t\t\t\t\t\t\t\t\t<a href=\"https:\/\/www.insuco.com\/en\/dany-la-noe-participated-in-the-6th-international-bauxite-alumina-symposium\/\">Dany La No\u00eb participated in the 6th International Bauxite-Alumina Symposium<\/a>\n\t\t\t\t\t\t\t\t\t\t\t<\/h2>\n\t\t\t\t\n\t\t\t\t\t<p class=\"post-meta\"><span class=\"published\">Sep 2017<\/span><\/p><div class=\"post-content\"><div class=\"post-content-inner\"><p>Dany La No\u00eb (Insuco General Manager for Guinea) participated on the 22th of September 2017 in the 6th International Bauxite-Alumina symposium of IBAAS-CAMEN, organised in Conakry, Guinea.<\/p>\n<\/div><\/div>\t\t\t\n\t\t\t<\/article>\n\t\t\t\t\n\t\t\t<article id=\"post-17425\" class=\"et_pb_post clearfix et_pb_blog_item_0_234 post-17425 post type-post status-publish format-standard has-post-thumbnail hentry category-news-from-insuco tag-anciens-articles-avec-builder-en\">\n\n\t\t\t\t<div class=\"et_pb_image_container\"><a href=\"https:\/\/www.insuco.com\/en\/peter-hochet-participated-in-the-week-of-mining-activities-in-west-africa\/\" class=\"entry-featured-image-url\"><img loading=\"lazy\" decoding=\"async\" src=\"https:\/\/www.insuco.com\/wp-content\/uploads\/2019\/06\/LOGO-SAMAO-OK-FRANCAIS-e1475165022371-400x250.jpg\" alt=\"Peter Hochet participated in the Week of Mining Activities in West Africa\" class=\"\" srcset=\"https:\/\/www.insuco.com\/wp-content\/uploads\/2019\/06\/LOGO-SAMAO-OK-FRANCAIS-e1475165022371.jpg 479w, https:\/\/www.insuco.com\/wp-content\/uploads\/2019\/06\/LOGO-SAMAO-OK-FRANCAIS-e1475165022371-400x250.jpg 480w \" sizes=\"(max-width:479px) 479px, 100vw \"  width=\"400\" height=\"250\" \/><\/a><\/div>\n\t\t\t\t\t\t\t\t\t\t\t\t\t\t<h2 class=\"entry-title\">\n\t\t\t\t\t\t\t\t\t\t\t\t\t<a href=\"https:\/\/www.insuco.com\/en\/peter-hochet-participated-in-the-week-of-mining-activities-in-west-africa\/\">Peter Hochet participated in the Week of Mining Activities in West Africa<\/a>\n\t\t\t\t\t\t\t\t\t\t\t<\/h2>\n\t\t\t\t\n\t\t\t\t\t<p class=\"post-meta\"><span class=\"published\">Sep 2017<\/span><\/p><div class=\"post-content\"><div class=\"post-content-inner\"><p>Peter Hochet (Insuco General Manager for Burkina Faso) participated on the 28th and 29th of September 2017 in the Week of Mining Activities in West Africa, in Ouagadougou, Burkina Faso.<\/p>\n<\/div><\/div>\t\t\t\n\t\t\t<\/article>\n\t\t\t\t\n\t\t\t<article id=\"post-17427\" class=\"et_pb_post clearfix et_pb_blog_item_0_235 post-17427 post type-post status-publish format-standard has-post-thumbnail hentry category-news-from-insuco tag-anciens-articles-avec-builder-en\">\n\n\t\t\t\t<div class=\"et_pb_image_container\"><a href=\"https:\/\/www.insuco.com\/en\/peter-hochet-participated-in-a-workshop-about-terristories-method\/\" class=\"entry-featured-image-url\"><img loading=\"lazy\" decoding=\"async\" src=\"https:\/\/www.insuco.com\/wp-content\/uploads\/2019\/06\/no-image-400x250.jpg\" alt=\"Peter Hochet participated in a workshop about TerriStories\u00ae method\" class=\"\" srcset=\"https:\/\/www.insuco.com\/wp-content\/uploads\/2019\/06\/no-image.jpg 479w, https:\/\/www.insuco.com\/wp-content\/uploads\/2019\/06\/no-image-400x250.jpg 480w \" sizes=\"(max-width:479px) 479px, 100vw \"  width=\"400\" height=\"250\" \/><\/a><\/div>\n\t\t\t\t\t\t\t\t\t\t\t\t\t\t<h2 class=\"entry-title\">\n\t\t\t\t\t\t\t\t\t\t\t\t\t<a href=\"https:\/\/www.insuco.com\/en\/peter-hochet-participated-in-a-workshop-about-terristories-method\/\">Peter Hochet participated in a workshop about TerriStories\u00ae method<\/a>\n\t\t\t\t\t\t\t\t\t\t\t<\/h2>\n\t\t\t\t\n\t\t\t\t\t<p class=\"post-meta\"><span class=\"published\">Jul 2017<\/span><\/p><div class=\"post-content\"><div class=\"post-content-inner\"><p>From the 03rd to the 04th of July 2017, Peter Hochet (Insuco General Manager for Burkina Faso) participated in a methodological workshop focusing on the method&#8230;<\/p>\n<\/div><\/div>\t\t\t\n\t\t\t<\/article>\n\t\t\t\t\n\t\t\t<article id=\"post-17434\" class=\"et_pb_post clearfix et_pb_blog_item_0_236 post-17434 post type-post status-publish format-standard has-post-thumbnail hentry category-news-from-insuco tag-anciens-articles-avec-builder-en\">\n\n\t\t\t\t<div class=\"et_pb_image_container\"><a href=\"https:\/\/www.insuco.com\/en\/guillen-calvo-and-lauriane-remy-participated-in-the-annual-ifcs-sustainability-exchange-in-cartagena-de-indias-colombia\/\" class=\"entry-featured-image-url\"><img loading=\"lazy\" decoding=\"async\" src=\"https:\/\/www.insuco.com\/wp-content\/uploads\/2019\/06\/201706_ifc-sustainability-exchange-infrastructures-natural-resources-colombia-400x250.jpg\" alt=\"Guill\u00e9n Calvo and Lauriane Remy participated in the annual IFC\u2019s Sustainability Exchange in Cartagena de Indias, Colombia\" class=\"\" srcset=\"https:\/\/www.insuco.com\/wp-content\/uploads\/2019\/06\/201706_ifc-sustainability-exchange-infrastructures-natural-resources-colombia.jpg 479w, https:\/\/www.insuco.com\/wp-content\/uploads\/2019\/06\/201706_ifc-sustainability-exchange-infrastructures-natural-resources-colombia-400x250.jpg 480w \" sizes=\"(max-width:479px) 479px, 100vw \"  width=\"400\" height=\"250\" \/><\/a><\/div>\n\t\t\t\t\t\t\t\t\t\t\t\t\t\t<h2 class=\"entry-title\">\n\t\t\t\t\t\t\t\t\t\t\t\t\t<a href=\"https:\/\/www.insuco.com\/en\/guillen-calvo-and-lauriane-remy-participated-in-the-annual-ifcs-sustainability-exchange-in-cartagena-de-indias-colombia\/\">Guill\u00e9n Calvo and Lauriane Remy participated in the annual IFC\u2019s Sustainability Exchange in Cartagena de Indias, Colombia<\/a>\n\t\t\t\t\t\t\t\t\t\t\t<\/h2>\n\t\t\t\t\n\t\t\t\t\t<p class=\"post-meta\"><span class=\"published\">Jun 2017<\/span><\/p><div class=\"post-content\"><div class=\"post-content-inner\"><p>Guill\u00e9n Calvo (Insuco General Manager for Latin America) and Lauriane Remy (Project Coordinator) participated on the 7th and 8th of June 2017 in the annual IFC\u2019s Sustainability Exchange&#8230;<\/p>\n<\/div><\/div>\t\t\t\n\t\t\t<\/article>\n\t\t\t\t\n\t\t\t<article id=\"post-17436\" class=\"et_pb_post clearfix et_pb_blog_item_0_237 post-17436 post type-post status-publish format-standard has-post-thumbnail hentry category-news-from-insuco tag-anciens-articles-avec-builder-en\">\n\n\t\t\t\t<div class=\"et_pb_image_container\"><a href=\"https:\/\/www.insuco.com\/en\/guillen-calvo-led-a-presentation-in-bogota-about-territorial-approach-in-corporate-social-responsibility\/\" class=\"entry-featured-image-url\"><img loading=\"lazy\" decoding=\"async\" src=\"https:\/\/www.insuco.com\/wp-content\/uploads\/2019\/06\/201706_enfoque-territorial-RSE-colombia-400x250.jpg\" alt=\"Guill\u00e9n Calvo led a presentation in Bogot\u00e1 about territorial approach in Corporate Social Responsibility\" class=\"\" srcset=\"https:\/\/www.insuco.com\/wp-content\/uploads\/2019\/06\/201706_enfoque-territorial-RSE-colombia.jpg 479w, https:\/\/www.insuco.com\/wp-content\/uploads\/2019\/06\/201706_enfoque-territorial-RSE-colombia-400x250.jpg 480w \" sizes=\"(max-width:479px) 479px, 100vw \"  width=\"400\" height=\"250\" \/><\/a><\/div>\n\t\t\t\t\t\t\t\t\t\t\t\t\t\t<h2 class=\"entry-title\">\n\t\t\t\t\t\t\t\t\t\t\t\t\t<a href=\"https:\/\/www.insuco.com\/en\/guillen-calvo-led-a-presentation-in-bogota-about-territorial-approach-in-corporate-social-responsibility\/\">Guill\u00e9n Calvo led a presentation in Bogot\u00e1 about territorial approach in Corporate Social Responsibility<\/a>\n\t\t\t\t\t\t\t\t\t\t\t<\/h2>\n\t\t\t\t\n\t\t\t\t\t<p class=\"post-meta\"><span class=\"published\">Jun 2017<\/span><\/p><div class=\"post-content\"><div class=\"post-content-inner\"><p>Guill\u00e9n Calvo (Insuco General Manager for Latin America) participated in a conference on the 11th of June 2017 in the EAN University, Bogot\u00e1&#8230;<\/p>\n<\/div><\/div>\t\t\t\n\t\t\t<\/article>\n\t\t\t\t\n\t\t\t<article id=\"post-17438\" class=\"et_pb_post clearfix et_pb_blog_item_0_238 post-17438 post type-post status-publish format-standard has-post-thumbnail hentry category-news-from-insuco tag-anciens-articles-avec-builder-en\">\n\n\t\t\t\t<div class=\"et_pb_image_container\"><a href=\"https:\/\/www.insuco.com\/en\/insuco-opened-new-offices-in-ecuador\/\" class=\"entry-featured-image-url\"><img loading=\"lazy\" decoding=\"async\" src=\"https:\/\/www.insuco.com\/wp-content\/uploads\/2019\/06\/201706_inauguracion-oficinas-insuco-ecuador-400x250.jpg\" alt=\"Insuco opened new offices in Ecuador\" class=\"\" srcset=\"https:\/\/www.insuco.com\/wp-content\/uploads\/2019\/06\/201706_inauguracion-oficinas-insuco-ecuador.jpg 479w, https:\/\/www.insuco.com\/wp-content\/uploads\/2019\/06\/201706_inauguracion-oficinas-insuco-ecuador-400x250.jpg 480w \" sizes=\"(max-width:479px) 479px, 100vw \"  width=\"400\" height=\"250\" \/><\/a><\/div>\n\t\t\t\t\t\t\t\t\t\t\t\t\t\t<h2 class=\"entry-title\">\n\t\t\t\t\t\t\t\t\t\t\t\t\t<a href=\"https:\/\/www.insuco.com\/en\/insuco-opened-new-offices-in-ecuador\/\">Insuco opened new offices in Ecuador<\/a>\n\t\t\t\t\t\t\t\t\t\t\t<\/h2>\n\t\t\t\t\n\t\t\t\t\t<p class=\"post-meta\"><span class=\"published\">Jun 2017<\/span><\/p><div class=\"post-content\"><div class=\"post-content-inner\"><p>In the context of the ongoing collaboration between Insuco and Lundin Gold, and in particular the technical assistance for the social management of the Fruta Del Norte project&#8230;<\/p>\n<\/div><\/div>\t\t\t\n\t\t\t<\/article>\n\t\t\t\t\n\t\t\t<article id=\"post-17449\" class=\"et_pb_post clearfix et_pb_blog_item_0_239 post-17449 post type-post status-publish format-standard has-post-thumbnail hentry category-news-from-insuco tag-anciens-articles-avec-builder-en\">\n\n\t\t\t\t<div class=\"et_pb_image_container\"><a href=\"https:\/\/www.insuco.com\/en\/peter-hochet-led-a-presentation-about-irrigated-land-tenure-in-nogent-sur-marne-france\/\" class=\"entry-featured-image-url\"><img loading=\"lazy\" decoding=\"async\" src=\"https:\/\/www.insuco.com\/wp-content\/uploads\/2019\/06\/201705_Insuco-Foncier-Irrigue-Sahel-400x250.jpg\" alt=\"Peter Hochet led a presentation about irrigated land tenure in Nogent-sur-Marne, France\" class=\"\" srcset=\"https:\/\/www.insuco.com\/wp-content\/uploads\/2019\/06\/201705_Insuco-Foncier-Irrigue-Sahel.jpg 479w, https:\/\/www.insuco.com\/wp-content\/uploads\/2019\/06\/201705_Insuco-Foncier-Irrigue-Sahel-400x250.jpg 480w \" sizes=\"(max-width:479px) 479px, 100vw \"  width=\"400\" height=\"250\" \/><\/a><\/div>\n\t\t\t\t\t\t\t\t\t\t\t\t\t\t<h2 class=\"entry-title\">\n\t\t\t\t\t\t\t\t\t\t\t\t\t<a href=\"https:\/\/www.insuco.com\/en\/peter-hochet-led-a-presentation-about-irrigated-land-tenure-in-nogent-sur-marne-france\/\">Peter Hochet led a presentation about irrigated land tenure in Nogent-sur-Marne, France<\/a>\n\t\t\t\t\t\t\t\t\t\t\t<\/h2>\n\t\t\t\t\n\t\t\t\t\t<p class=\"post-meta\"><span class=\"published\">May 2017<\/span><\/p><div class=\"post-content\"><div class=\"post-content-inner\"><p>Peter Hochet (Insuco General Manager for Burkina Faso) participated in the workshop entitled \u201cLand rights issues and development models in the context of irrigated perimeters&#8221;&#8230;<\/p>\n<\/div><\/div>\t\t\t\n\t\t\t<\/article>\n\t\t\t\t\n\t\t\t<article id=\"post-17451\" class=\"et_pb_post clearfix et_pb_blog_item_0_240 post-17451 post type-post status-publish format-standard has-post-thumbnail hentry category-news-from-insuco tag-anciens-articles-avec-builder-en\">\n\n\t\t\t\t<div class=\"et_pb_image_container\"><a href=\"https:\/\/www.insuco.com\/en\/guillen-calvo-represented-insuco-in-the-event-corporate-social-responsibility-a-key-factor-for-competitiveness\/\" class=\"entry-featured-image-url\"><img loading=\"lazy\" decoding=\"async\" src=\"https:\/\/www.insuco.com\/wp-content\/uploads\/2019\/06\/201705_dialogo-rse-competitividad-bucaramanga-400x250.jpg\" alt=\"Guill\u00e9n Calvo represented Insuco in the event \u201cCorporate Social Responsibility, a key factor for competitiveness\u201d\" class=\"\" srcset=\"https:\/\/www.insuco.com\/wp-content\/uploads\/2019\/06\/201705_dialogo-rse-competitividad-bucaramanga.jpg 479w, https:\/\/www.insuco.com\/wp-content\/uploads\/2019\/06\/201705_dialogo-rse-competitividad-bucaramanga-400x250.jpg 480w \" sizes=\"(max-width:479px) 479px, 100vw \"  width=\"400\" height=\"250\" \/><\/a><\/div>\n\t\t\t\t\t\t\t\t\t\t\t\t\t\t<h2 class=\"entry-title\">\n\t\t\t\t\t\t\t\t\t\t\t\t\t<a href=\"https:\/\/www.insuco.com\/en\/guillen-calvo-represented-insuco-in-the-event-corporate-social-responsibility-a-key-factor-for-competitiveness\/\">Guill\u00e9n Calvo represented Insuco in the event \u201cCorporate Social Responsibility, a key factor for competitiveness\u201d<\/a>\n\t\t\t\t\t\t\t\t\t\t\t<\/h2>\n\t\t\t\t\n\t\t\t\t\t<p class=\"post-meta\"><span class=\"published\">May 2017<\/span><\/p><div class=\"post-content\"><div class=\"post-content-inner\"><p>On the 04th of May 2017, Guill\u00e9n Calvo (Insuco General Manager for Latin America) led a presentation within a dialogue entitled \u201cCorporate Social Responsibility (CSR)&#8230;<\/p>\n<\/div><\/div>\t\t\t\n\t\t\t<\/article>\n\t\t\t\t\n\t\t\t<article id=\"post-17458\" class=\"et_pb_post clearfix et_pb_blog_item_0_241 post-17458 post type-post status-publish format-standard has-post-thumbnail hentry category-news-from-insuco tag-anciens-articles-avec-builder-en\">\n\n\t\t\t\t<div class=\"et_pb_image_container\"><a href=\"https:\/\/www.insuco.com\/en\/pascal-rey-participated-in-the-italian-french-journee-detude-colloquium-of-philosophy-and-global-affairs\/\" class=\"entry-featured-image-url\"><img loading=\"lazy\" decoding=\"async\" src=\"https:\/\/www.insuco.com\/wp-content\/uploads\/2019\/06\/201705_justice-models-sustainability-catania-400x250.jpg\" alt=\"Pascal Rey participated in the Italian-French Journ\u00e9e d\u2019Etude \u201cColloquium of Philosophy and Global Affairs\u201d\" class=\"\" srcset=\"https:\/\/www.insuco.com\/wp-content\/uploads\/2019\/06\/201705_justice-models-sustainability-catania.jpg 479w, https:\/\/www.insuco.com\/wp-content\/uploads\/2019\/06\/201705_justice-models-sustainability-catania-400x250.jpg 480w \" sizes=\"(max-width:479px) 479px, 100vw \"  width=\"400\" height=\"250\" \/><\/a><\/div>\n\t\t\t\t\t\t\t\t\t\t\t\t\t\t<h2 class=\"entry-title\">\n\t\t\t\t\t\t\t\t\t\t\t\t\t<a href=\"https:\/\/www.insuco.com\/en\/pascal-rey-participated-in-the-italian-french-journee-detude-colloquium-of-philosophy-and-global-affairs\/\">Pascal Rey participated in the Italian-French Journ\u00e9e d\u2019Etude \u201cColloquium of Philosophy and Global Affairs\u201d<\/a>\n\t\t\t\t\t\t\t\t\t\t\t<\/h2>\n\t\t\t\t\n\t\t\t\t\t<p class=\"post-meta\"><span class=\"published\">May 2017<\/span><\/p><div class=\"post-content\"><div class=\"post-content-inner\"><p>Pascal Rey (CEO of Insuco and Co-Founder of the IFSRA), participated on the 05th of May in the Italian-French Journ\u00e9e d\u2019Etude \u201cColloquium of Philosophy and Global Affairs\u201d&#8230;<\/p>\n<\/div><\/div>\t\t\t\n\t\t\t<\/article>\n\t\t\t\t\n\t\t\t<article id=\"post-17460\" class=\"et_pb_post clearfix et_pb_blog_item_0_242 post-17460 post type-post status-publish format-standard has-post-thumbnail hentry category-news-from-insuco tag-anciens-articles-avec-builder-en\">\n\n\t\t\t\t<div class=\"et_pb_image_container\"><a href=\"https:\/\/www.insuco.com\/en\/pascal-rey-and-dany-la-noe-participated-in-the-guinea-mines-symposium-in-conakry\/\" class=\"entry-featured-image-url\"><img loading=\"lazy\" decoding=\"async\" src=\"https:\/\/www.insuco.com\/wp-content\/uploads\/2019\/06\/201705_symposium-mines-sustainable-social-mining-guinea-400x250.jpg\" alt=\"Pascal Rey and Dany La No\u00eb participated in the Guinea Mines Symposium in Conakry\" class=\"\" srcset=\"https:\/\/www.insuco.com\/wp-content\/uploads\/2019\/06\/201705_symposium-mines-sustainable-social-mining-guinea.jpg 479w, https:\/\/www.insuco.com\/wp-content\/uploads\/2019\/06\/201705_symposium-mines-sustainable-social-mining-guinea-400x250.jpg 480w \" sizes=\"(max-width:479px) 479px, 100vw \"  width=\"400\" height=\"250\" \/><\/a><\/div>\n\t\t\t\t\t\t\t\t\t\t\t\t\t\t<h2 class=\"entry-title\">\n\t\t\t\t\t\t\t\t\t\t\t\t\t<a href=\"https:\/\/www.insuco.com\/en\/pascal-rey-and-dany-la-noe-participated-in-the-guinea-mines-symposium-in-conakry\/\">Pascal Rey and Dany La No\u00eb participated in the Guinea Mines Symposium in Conakry<\/a>\n\t\t\t\t\t\t\t\t\t\t\t<\/h2>\n\t\t\t\t\n\t\t\t\t\t<p class=\"post-meta\"><span class=\"published\">May 2017<\/span><\/p><div class=\"post-content\"><div class=\"post-content-inner\"><p>From the 09th to the 11th of May 2017, Pascal Rey (CEO Insuco) and Dany La No\u00eb (Insuco General Manager for Guinea) participated in the Guinea Mines Symposium&#8230;<\/p>\n<\/div><\/div>\t\t\t\n\t\t\t<\/article>\n\t\t\t\t\n\t\t\t<article id=\"post-17462\" class=\"et_pb_post clearfix et_pb_blog_item_0_243 post-17462 post type-post status-publish format-standard has-post-thumbnail hentry category-news-from-insuco tag-anciens-articles-avec-builder-en\">\n\n\t\t\t\t<div class=\"et_pb_image_container\"><a href=\"https:\/\/www.insuco.com\/en\/guillen-calvo-led-a-roundtable-about-the-territorial-approach-in-corporate-social-responsibility-csr\/\" class=\"entry-featured-image-url\"><img loading=\"lazy\" decoding=\"async\" src=\"https:\/\/www.insuco.com\/wp-content\/uploads\/2019\/06\/201704_construyendo-pais-rse-francia-colombia-400x250.jpg\" alt=\"Guill\u00e9n Calvo led a roundtable about the territorial approach in Corporate Social Responsibility (CSR)\" class=\"\" srcset=\"https:\/\/www.insuco.com\/wp-content\/uploads\/2019\/06\/201704_construyendo-pais-rse-francia-colombia.jpg 479w, https:\/\/www.insuco.com\/wp-content\/uploads\/2019\/06\/201704_construyendo-pais-rse-francia-colombia-400x250.jpg 480w \" sizes=\"(max-width:479px) 479px, 100vw \"  width=\"400\" height=\"250\" \/><\/a><\/div>\n\t\t\t\t\t\t\t\t\t\t\t\t\t\t<h2 class=\"entry-title\">\n\t\t\t\t\t\t\t\t\t\t\t\t\t<a href=\"https:\/\/www.insuco.com\/en\/guillen-calvo-led-a-roundtable-about-the-territorial-approach-in-corporate-social-responsibility-csr\/\">Guill\u00e9n Calvo led a roundtable about the territorial approach in Corporate Social Responsibility (CSR)<\/a>\n\t\t\t\t\t\t\t\t\t\t\t<\/h2>\n\t\t\t\t\n\t\t\t\t\t<p class=\"post-meta\"><span class=\"published\">Apr 2017<\/span><\/p><div class=\"post-content\"><div class=\"post-content-inner\"><p>Guill\u00e9n Calvo (Insuco General Manager for Latin America) led a roundtable on the 26th and 27th of April 2017, respectively in Bogot\u00e1 and Medell\u00edn, in the context of the event \u201c\u00a1Contruyendo Pa\u00eds!&#8230;<\/p>\n<\/div><\/div>\t\t\t\n\t\t\t<\/article>\n\t\t\t\t\n\t\t\t<article id=\"post-17473\" class=\"et_pb_post clearfix et_pb_blog_item_0_244 post-17473 post type-post status-publish format-standard has-post-thumbnail hentry category-news-from-insuco tag-anciens-articles-avec-builder-en\">\n\n\t\t\t\t<div class=\"et_pb_image_container\"><a href=\"https:\/\/www.insuco.com\/en\/guillen-calvo-led-a-dialogue-about-achievements-insights-and-challenges-of-different-experiences-regarding-reconciliation-in-colombia\/\" class=\"entry-featured-image-url\"><img loading=\"lazy\" decoding=\"async\" src=\"https:\/\/www.insuco.com\/wp-content\/uploads\/2019\/06\/201704_dialogo-reconciliacion-bogota-filbo-400x250.jpg\" alt=\"Guill\u00e9n Calvo led a dialogue about achievements, insights and challenges of different experiences regarding reconciliation in Colombia\" class=\"\" srcset=\"https:\/\/www.insuco.com\/wp-content\/uploads\/2019\/06\/201704_dialogo-reconciliacion-bogota-filbo.jpg 479w, https:\/\/www.insuco.com\/wp-content\/uploads\/2019\/06\/201704_dialogo-reconciliacion-bogota-filbo-400x250.jpg 480w \" sizes=\"(max-width:479px) 479px, 100vw \"  width=\"400\" height=\"250\" \/><\/a><\/div>\n\t\t\t\t\t\t\t\t\t\t\t\t\t\t<h2 class=\"entry-title\">\n\t\t\t\t\t\t\t\t\t\t\t\t\t<a href=\"https:\/\/www.insuco.com\/en\/guillen-calvo-led-a-dialogue-about-achievements-insights-and-challenges-of-different-experiences-regarding-reconciliation-in-colombia\/\">Guill\u00e9n Calvo led a dialogue about achievements, insights and challenges of different experiences regarding reconciliation in Colombia<\/a>\n\t\t\t\t\t\t\t\t\t\t\t<\/h2>\n\t\t\t\t\n\t\t\t\t\t<p class=\"post-meta\"><span class=\"published\">Apr 2017<\/span><\/p><div class=\"post-content\"><div class=\"post-content-inner\"><p>In the context of the French Colombian year, Guill\u00e9n Calvo (Insuco General Manager for Latin America) led a dialogue on the 26th of April 2017 about successful experiences regarding&#8230;<\/p>\n<\/div><\/div>\t\t\t\n\t\t\t<\/article>\n\t\t\t\t\n\t\t\t<article id=\"post-17475\" class=\"et_pb_post clearfix et_pb_blog_item_0_245 post-17475 post type-post status-publish format-standard has-post-thumbnail hentry category-news-from-insuco tag-anciens-articles-avec-builder-en\">\n\n\t\t\t\t<div class=\"et_pb_image_container\"><a href=\"https:\/\/www.insuco.com\/en\/peter-hochet-led-a-presentation-about-securing-land-rights-and-participatory-processes-in-washington-dc\/\" class=\"entry-featured-image-url\"><img loading=\"lazy\" decoding=\"async\" src=\"https:\/\/www.insuco.com\/wp-content\/uploads\/2019\/06\/no-image-400x250.jpg\" alt=\"Peter Hochet led a presentation about securing land rights and participatory processes in Washington DC\" class=\"\" srcset=\"https:\/\/www.insuco.com\/wp-content\/uploads\/2019\/06\/no-image.jpg 479w, https:\/\/www.insuco.com\/wp-content\/uploads\/2019\/06\/no-image-400x250.jpg 480w \" sizes=\"(max-width:479px) 479px, 100vw \"  width=\"400\" height=\"250\" \/><\/a><\/div>\n\t\t\t\t\t\t\t\t\t\t\t\t\t\t<h2 class=\"entry-title\">\n\t\t\t\t\t\t\t\t\t\t\t\t\t<a href=\"https:\/\/www.insuco.com\/en\/peter-hochet-led-a-presentation-about-securing-land-rights-and-participatory-processes-in-washington-dc\/\">Peter Hochet led a presentation about securing land rights and participatory processes in Washington DC<\/a>\n\t\t\t\t\t\t\t\t\t\t\t<\/h2>\n\t\t\t\t\n\t\t\t\t\t<p class=\"post-meta\"><span class=\"published\">Mar 2017<\/span><\/p><div class=\"post-content\"><div class=\"post-content-inner\"><p>Peter Hochet (Insuco General Manager for Burkina Faso) participated in the Annual \u201cLand and Poverty Conference\u201d organised by the World Bank, that took place in Washington DC&#8230;<\/p>\n<\/div><\/div>\t\t\t\n\t\t\t<\/article>\n\t\t\t\t\n\t\t\t<article id=\"post-17482\" class=\"et_pb_post clearfix et_pb_blog_item_0_246 post-17482 post type-post status-publish format-standard has-post-thumbnail hentry category-news-from-insuco tag-anciens-articles-avec-builder-en\">\n\n\t\t\t\t<div class=\"et_pb_image_container\"><a href=\"https:\/\/www.insuco.com\/en\/the-world-bank-joined-the-approach-developed-by-insuco-and-the-cirad-in-the-context-of-the-forest-investment-program-in-burkina-faso\/\" class=\"entry-featured-image-url\"><img loading=\"lazy\" decoding=\"async\" src=\"https:\/\/www.insuco.com\/wp-content\/uploads\/2019\/06\/no-image-400x250.jpg\" alt=\"The World Bank joined the approach developed by Insuco and the CIRAD, in the context of the Forest Investment Program in Burkina Faso\" class=\"\" srcset=\"https:\/\/www.insuco.com\/wp-content\/uploads\/2019\/06\/no-image.jpg 479w, https:\/\/www.insuco.com\/wp-content\/uploads\/2019\/06\/no-image-400x250.jpg 480w \" sizes=\"(max-width:479px) 479px, 100vw \"  width=\"400\" height=\"250\" \/><\/a><\/div>\n\t\t\t\t\t\t\t\t\t\t\t\t\t\t<h2 class=\"entry-title\">\n\t\t\t\t\t\t\t\t\t\t\t\t\t<a href=\"https:\/\/www.insuco.com\/en\/the-world-bank-joined-the-approach-developed-by-insuco-and-the-cirad-in-the-context-of-the-forest-investment-program-in-burkina-faso\/\">The World Bank joined the approach developed by Insuco and the CIRAD, in the context of the Forest Investment Program in Burkina Faso<\/a>\n\t\t\t\t\t\t\t\t\t\t\t<\/h2>\n\t\t\t\t\n\t\t\t\t\t<p class=\"post-meta\"><span class=\"published\">Mar 2017<\/span><\/p><div class=\"post-content\"><div class=\"post-content-inner\"><p>In March 2017, the World Bank joined the approach developed by Insuco and the CIRAD (French Agricultural Research Centre for International Development), in the context of the Forest Investment Program (FIP)&#8230;<\/p>\n<\/div><\/div>\t\t\t\n\t\t\t<\/article>\n\t\t\t\t\n\t\t\t<article id=\"post-17484\" class=\"et_pb_post clearfix et_pb_blog_item_0_247 post-17484 post type-post status-publish format-standard has-post-thumbnail hentry category-news-from-insuco tag-anciens-articles-avec-builder-en\">\n\n\t\t\t\t<div class=\"et_pb_image_container\"><a href=\"https:\/\/www.insuco.com\/en\/guillen-calvo-gave-a-lecture-in-the-master-of-social-responsibility-and-sustainability-of-the-externado-university-colombia\/\" class=\"entry-featured-image-url\"><img loading=\"lazy\" decoding=\"async\" src=\"https:\/\/www.insuco.com\/wp-content\/uploads\/2019\/06\/no-image-400x250.jpg\" alt=\"Guill\u00e9n Calvo gave a lecture in the Master of Social Responsibility and Sustainability, of the Externado University, Colombia\" class=\"\" srcset=\"https:\/\/www.insuco.com\/wp-content\/uploads\/2019\/06\/no-image.jpg 479w, https:\/\/www.insuco.com\/wp-content\/uploads\/2019\/06\/no-image-400x250.jpg 480w \" sizes=\"(max-width:479px) 479px, 100vw \"  width=\"400\" height=\"250\" \/><\/a><\/div>\n\t\t\t\t\t\t\t\t\t\t\t\t\t\t<h2 class=\"entry-title\">\n\t\t\t\t\t\t\t\t\t\t\t\t\t<a href=\"https:\/\/www.insuco.com\/en\/guillen-calvo-gave-a-lecture-in-the-master-of-social-responsibility-and-sustainability-of-the-externado-university-colombia\/\">Guill\u00e9n Calvo gave a lecture in the Master of Social Responsibility and Sustainability, of the Externado University, Colombia<\/a>\n\t\t\t\t\t\t\t\t\t\t\t<\/h2>\n\t\t\t\t\n\t\t\t\t\t<p class=\"post-meta\"><span class=\"published\">Mar 2017<\/span><\/p><div class=\"post-content\"><div class=\"post-content-inner\"><p>Guill\u00e9n Calvo (Insuco General Manager for Latin America) gave four courses between March and June 2017 within the specialization unit \u201cSocial Management of Extractive projects\u201d&#8230;<\/p>\n<\/div><\/div>\t\t\t\n\t\t\t<\/article>\n\t\t\t\t\n\t\t\t<article id=\"post-17486\" class=\"et_pb_post clearfix et_pb_blog_item_0_248 post-17486 post type-post status-publish format-standard has-post-thumbnail hentry category-news-from-insuco tag-anciens-articles-avec-builder-en\">\n\n\t\t\t\t<div class=\"et_pb_image_container\"><a href=\"https:\/\/www.insuco.com\/en\/guillen-calvo-led-a-dialogue-about-the-private-sector-function-within-territorial-development-processes\/\" class=\"entry-featured-image-url\"><img loading=\"lazy\" decoding=\"async\" src=\"https:\/\/www.insuco.com\/wp-content\/uploads\/2019\/06\/201703_transparencia-por-colombia-desarrollo-territorial-privado-extractivo-400x250.jpg\" alt=\"Guill\u00e9n Calvo led a dialogue about the private sector function within territorial development processes\" class=\"\" srcset=\"https:\/\/www.insuco.com\/wp-content\/uploads\/2019\/06\/201703_transparencia-por-colombia-desarrollo-territorial-privado-extractivo.jpg 479w, https:\/\/www.insuco.com\/wp-content\/uploads\/2019\/06\/201703_transparencia-por-colombia-desarrollo-territorial-privado-extractivo-400x250.jpg 480w \" sizes=\"(max-width:479px) 479px, 100vw \"  width=\"400\" height=\"250\" \/><\/a><\/div>\n\t\t\t\t\t\t\t\t\t\t\t\t\t\t<h2 class=\"entry-title\">\n\t\t\t\t\t\t\t\t\t\t\t\t\t<a href=\"https:\/\/www.insuco.com\/en\/guillen-calvo-led-a-dialogue-about-the-private-sector-function-within-territorial-development-processes\/\">Guill\u00e9n Calvo led a dialogue about the private sector function within territorial development processes<\/a>\n\t\t\t\t\t\t\t\t\t\t\t<\/h2>\n\t\t\t\t\n\t\t\t\t\t<p class=\"post-meta\"><span class=\"published\">Mar 2017<\/span><\/p><div class=\"post-content\"><div class=\"post-content-inner\"><p>In the context of the French Colombian year, Insuco co-organised an event entitled \u201cTowards a new democratic dialogue? Progresses and challenges in France and Colombia&#8230;<\/p>\n<\/div><\/div>\t\t\t\n\t\t\t<\/article>\n\t\t\t\t\n\t\t\t<article id=\"post-17497\" class=\"et_pb_post clearfix et_pb_blog_item_0_249 post-17497 post type-post status-publish format-standard has-post-thumbnail hentry category-news-from-insuco tag-anciens-articles-avec-builder-en\">\n\n\t\t\t\t<div class=\"et_pb_image_container\"><a href=\"https:\/\/www.insuco.com\/en\/insuco-opened-a-new-office-in-djibouti\/\" class=\"entry-featured-image-url\"><img loading=\"lazy\" decoding=\"async\" src=\"https:\/\/www.insuco.com\/wp-content\/uploads\/2019\/06\/201702_insuco-bureaux-djibouti-400x250.jpg\" alt=\"Insuco opened a new office in Djibouti\" class=\"\" srcset=\"https:\/\/www.insuco.com\/wp-content\/uploads\/2019\/06\/201702_insuco-bureaux-djibouti.jpg 479w, https:\/\/www.insuco.com\/wp-content\/uploads\/2019\/06\/201702_insuco-bureaux-djibouti-400x250.jpg 480w \" sizes=\"(max-width:479px) 479px, 100vw \"  width=\"400\" height=\"250\" \/><\/a><\/div>\n\t\t\t\t\t\t\t\t\t\t\t\t\t\t<h2 class=\"entry-title\">\n\t\t\t\t\t\t\t\t\t\t\t\t\t<a href=\"https:\/\/www.insuco.com\/en\/insuco-opened-a-new-office-in-djibouti\/\">Insuco opened a new office in Djibouti<\/a>\n\t\t\t\t\t\t\t\t\t\t\t<\/h2>\n\t\t\t\t\n\t\t\t\t\t<p class=\"post-meta\"><span class=\"published\">Feb 2017<\/span><\/p><div class=\"post-content\"><div class=\"post-content-inner\"><p>After a first year with important activity in Djibouti for the United Nations, the government, funders and private entities, Insuco opened a new office in Djibouti&#8230;<\/p>\n<\/div><\/div>\t\t\t\n\t\t\t<\/article>\n\t\t\t\t\n\t\t\t<article id=\"post-17499\" class=\"et_pb_post clearfix et_pb_blog_item_0_250 post-17499 post type-post status-publish format-standard has-post-thumbnail hentry category-news-from-insuco tag-anciens-articles-avec-builder-en\">\n\n\t\t\t\t<div class=\"et_pb_image_container\"><a href=\"https:\/\/www.insuco.com\/en\/guillen-calvo-participated-in-the-first-regionalisation-congress-in-manizales-colombia\/\" class=\"entry-featured-image-url\"><img loading=\"lazy\" decoding=\"async\" src=\"https:\/\/www.insuco.com\/wp-content\/uploads\/2019\/06\/no-image-400x250.jpg\" alt=\"Guill\u00e9n Calvo participated in the first Regionalisation Congress in Manizales, Colombia\" class=\"\" srcset=\"https:\/\/www.insuco.com\/wp-content\/uploads\/2019\/06\/no-image.jpg 479w, https:\/\/www.insuco.com\/wp-content\/uploads\/2019\/06\/no-image-400x250.jpg 480w \" sizes=\"(max-width:479px) 479px, 100vw \"  width=\"400\" height=\"250\" \/><\/a><\/div>\n\t\t\t\t\t\t\t\t\t\t\t\t\t\t<h2 class=\"entry-title\">\n\t\t\t\t\t\t\t\t\t\t\t\t\t<a href=\"https:\/\/www.insuco.com\/en\/guillen-calvo-participated-in-the-first-regionalisation-congress-in-manizales-colombia\/\">Guill\u00e9n Calvo participated in the first Regionalisation Congress in Manizales, Colombia<\/a>\n\t\t\t\t\t\t\t\t\t\t\t<\/h2>\n\t\t\t\t\n\t\t\t\t\t<p class=\"post-meta\"><span class=\"published\">Oct 2016<\/span><\/p><div class=\"post-content\"><div class=\"post-content-inner\"><p>On the 06th of October 2016, Guill\u00e9n Calvo (Insuco General Manager for Latin America) participated in the First Regionalisation Congress organised with the Caldas University&#8230;<\/p>\n<\/div><\/div>\t\t\t\n\t\t\t<\/article>\n\t\t\t\t\n\t\t\t<article id=\"post-17506\" class=\"et_pb_post clearfix et_pb_blog_item_0_251 post-17506 post type-post status-publish format-standard has-post-thumbnail hentry category-news-from-insuco tag-anciens-articles-avec-builder-en\">\n\n\t\t\t\t<div class=\"et_pb_image_container\"><a href=\"https:\/\/www.insuco.com\/en\/article-by-pascal-rey-published-in-vienna-journal-of-african-studies-stichproben\/\" class=\"entry-featured-image-url\"><img loading=\"lazy\" decoding=\"async\" src=\"https:\/\/www.insuco.com\/wp-content\/uploads\/2019\/06\/no-image-400x250.jpg\" alt=\"Article by Pascal Rey published in Vienna Journal of African Studies Stichproben\" class=\"\" srcset=\"https:\/\/www.insuco.com\/wp-content\/uploads\/2019\/06\/no-image.jpg 479w, https:\/\/www.insuco.com\/wp-content\/uploads\/2019\/06\/no-image-400x250.jpg 480w \" sizes=\"(max-width:479px) 479px, 100vw \"  width=\"400\" height=\"250\" \/><\/a><\/div>\n\t\t\t\t\t\t\t\t\t\t\t\t\t\t<h2 class=\"entry-title\">\n\t\t\t\t\t\t\t\t\t\t\t\t\t<a href=\"https:\/\/www.insuco.com\/en\/article-by-pascal-rey-published-in-vienna-journal-of-african-studies-stichproben\/\">Article by Pascal Rey published in Vienna Journal of African Studies Stichproben<\/a>\n\t\t\t\t\t\t\t\t\t\t\t<\/h2>\n\t\t\t\t\n\t\t\t\t\t<p class=\"post-meta\"><span class=\"published\">Sep 2016<\/span><\/p><div class=\"post-content\"><div class=\"post-content-inner\"><p>Pascal Rey (Insuco CEO) has published an article on power history in Guinea and changes involved by the development of the mining sector in the Vienna Journal&#8230;<\/p>\n<\/div><\/div>\t\t\t\n\t\t\t<\/article>\n\t\t\t\t\n\t\t\t<article id=\"post-17508\" class=\"et_pb_post clearfix et_pb_blog_item_0_252 post-17508 post type-post status-publish format-standard has-post-thumbnail hentry category-news-from-insuco tag-anciens-articles-avec-builder-en\">\n\n\t\t\t\t<div class=\"et_pb_image_container\"><a href=\"https:\/\/www.insuco.com\/en\/peter-hochet-assisted-to-a-meeting-with-the-steering-group-of-the-fpa-project-in-burkina-faso\/\" class=\"entry-featured-image-url\"><img loading=\"lazy\" decoding=\"async\" src=\"https:\/\/www.insuco.com\/wp-content\/uploads\/2019\/06\/no-image-400x250.jpg\" alt=\"Peter Hochet assisted to a meeting with the steering group of the FPA Project in Burkina Faso\" class=\"\" srcset=\"https:\/\/www.insuco.com\/wp-content\/uploads\/2019\/06\/no-image.jpg 479w, https:\/\/www.insuco.com\/wp-content\/uploads\/2019\/06\/no-image-400x250.jpg 480w \" sizes=\"(max-width:479px) 479px, 100vw \"  width=\"400\" height=\"250\" \/><\/a><\/div>\n\t\t\t\t\t\t\t\t\t\t\t\t\t\t<h2 class=\"entry-title\">\n\t\t\t\t\t\t\t\t\t\t\t\t\t<a href=\"https:\/\/www.insuco.com\/en\/peter-hochet-assisted-to-a-meeting-with-the-steering-group-of-the-fpa-project-in-burkina-faso\/\">Peter Hochet assisted to a meeting with the steering group of the FPA Project in Burkina Faso<\/a>\n\t\t\t\t\t\t\t\t\t\t\t<\/h2>\n\t\t\t\t\n\t\t\t\t\t<p class=\"post-meta\"><span class=\"published\">Jun 2016<\/span><\/p><div class=\"post-content\"><div class=\"post-content-inner\"><p>June 24th 2016 Peter Hochet (General Manager Burkina Faso, INSUCO) assisted to a meeting with the steering committee of the FPA project that the Italian association&#8230;<\/p>\n<\/div><\/div>\t\t\t\n\t\t\t<\/article>\n\t\t\t\t\n\t\t\t<article id=\"post-17510\" class=\"et_pb_post clearfix et_pb_blog_item_0_253 post-17510 post type-post status-publish format-standard has-post-thumbnail hentry category-news-from-insuco tag-anciens-articles-avec-builder-en\">\n\n\t\t\t\t<div class=\"et_pb_image_container\"><a href=\"https:\/\/www.insuco.com\/en\/mathieu-fribault-took-part-in-the-association-of-critical-heritage-studies-bi-annual-conference\/\" class=\"entry-featured-image-url\"><img loading=\"lazy\" decoding=\"async\" src=\"https:\/\/www.insuco.com\/wp-content\/uploads\/2019\/06\/no-image-400x250.jpg\" alt=\"Mathieu Fribault took part in the Association of Critical Heritage Studies Bi-annual Conference\" class=\"\" srcset=\"https:\/\/www.insuco.com\/wp-content\/uploads\/2019\/06\/no-image.jpg 479w, https:\/\/www.insuco.com\/wp-content\/uploads\/2019\/06\/no-image-400x250.jpg 480w \" sizes=\"(max-width:479px) 479px, 100vw \"  width=\"400\" height=\"250\" \/><\/a><\/div>\n\t\t\t\t\t\t\t\t\t\t\t\t\t\t<h2 class=\"entry-title\">\n\t\t\t\t\t\t\t\t\t\t\t\t\t<a href=\"https:\/\/www.insuco.com\/en\/mathieu-fribault-took-part-in-the-association-of-critical-heritage-studies-bi-annual-conference\/\">Mathieu Fribault took part in the Association of Critical Heritage Studies Bi-annual Conference<\/a>\n\t\t\t\t\t\t\t\t\t\t\t<\/h2>\n\t\t\t\t\n\t\t\t\t\t<p class=\"post-meta\"><span class=\"published\">Jun 2016<\/span><\/p><div class=\"post-content\"><div class=\"post-content-inner\"><p>During the Bi-annual Conference of the Association of Critical Heritage Studies, that was held in Montreal from 3rd to 8th of June 2016, and that focused on the theme&#8230;<\/p>\n<\/div><\/div>\t\t\t\n\t\t\t<\/article>\n\t\t\t\t\n\t\t\t<article id=\"post-17521\" class=\"et_pb_post clearfix et_pb_blog_item_0_254 post-17521 post type-post status-publish format-standard has-post-thumbnail hentry category-news-from-insuco tag-anciens-articles-avec-builder-en\">\n\n\t\t\t\t<div class=\"et_pb_image_container\"><a href=\"https:\/\/www.insuco.com\/en\/pascal-rey-and-anais-weber-participated-in-landac-international-conference\/\" class=\"entry-featured-image-url\"><img loading=\"lazy\" decoding=\"async\" src=\"https:\/\/www.insuco.com\/wp-content\/uploads\/2019\/06\/201606_Insuco-Landac-Land-Acquisition-Urban-Planning-400x250.jpg\" alt=\"Pascal Rey and Ana\u00efs Weber participated in LANDac International Conference\" class=\"\" srcset=\"https:\/\/www.insuco.com\/wp-content\/uploads\/2019\/06\/201606_Insuco-Landac-Land-Acquisition-Urban-Planning.jpg 479w, https:\/\/www.insuco.com\/wp-content\/uploads\/2019\/06\/201606_Insuco-Landac-Land-Acquisition-Urban-Planning-400x250.jpg 480w \" sizes=\"(max-width:479px) 479px, 100vw \"  width=\"400\" height=\"250\" \/><\/a><\/div>\n\t\t\t\t\t\t\t\t\t\t\t\t\t\t<h2 class=\"entry-title\">\n\t\t\t\t\t\t\t\t\t\t\t\t\t<a href=\"https:\/\/www.insuco.com\/en\/pascal-rey-and-anais-weber-participated-in-landac-international-conference\/\">Pascal Rey and Ana\u00efs Weber participated in LANDac International Conference<\/a>\n\t\t\t\t\t\t\t\t\t\t\t<\/h2>\n\t\t\t\t\n\t\t\t\t\t<p class=\"post-meta\"><span class=\"published\">Jun 2016<\/span><\/p><div class=\"post-content\"><div class=\"post-content-inner\"><p>Pascal Rey (CEO Insuco) and Ana\u00efs Weber (Project Director) participated from the 30th of June to the 01st of July 2016 in LANDac International Conference in Ultrecht University&#8230;<\/p>\n<\/div><\/div>\t\t\t\n\t\t\t<\/article>\n\t\t\t\t\n\t\t\t<article id=\"post-17523\" class=\"et_pb_post clearfix et_pb_blog_item_0_255 post-17523 post type-post status-publish format-standard has-post-thumbnail hentry category-news-from-insuco tag-anciens-articles-avec-builder-en\">\n\n\t\t\t\t<div class=\"et_pb_image_container\"><a href=\"https:\/\/www.insuco.com\/en\/houcine-dahmane-and-mathilde-lhour-attended-to-the-ceremony-restitution-of-the-archaeological-items-discovered-by-luca-pollarolo-in-the-cbg-mining-project\/\" class=\"entry-featured-image-url\"><img loading=\"lazy\" decoding=\"async\" src=\"https:\/\/www.insuco.com\/wp-content\/uploads\/2019\/06\/IMG_20160511_105512-400x250.jpg\" alt=\"Houcine Dahmane and Mathilde L\u2019Hour attended to the ceremony restitution of the archaeological items discovered by Luca Pollarolo in the CBG mining project\" class=\"\" srcset=\"https:\/\/www.insuco.com\/wp-content\/uploads\/2019\/06\/IMG_20160511_105512.jpg 479w, https:\/\/www.insuco.com\/wp-content\/uploads\/2019\/06\/IMG_20160511_105512-400x250.jpg 480w \" sizes=\"(max-width:479px) 479px, 100vw \"  width=\"400\" height=\"250\" \/><\/a><\/div>\n\t\t\t\t\t\t\t\t\t\t\t\t\t\t<h2 class=\"entry-title\">\n\t\t\t\t\t\t\t\t\t\t\t\t\t<a href=\"https:\/\/www.insuco.com\/en\/houcine-dahmane-and-mathilde-lhour-attended-to-the-ceremony-restitution-of-the-archaeological-items-discovered-by-luca-pollarolo-in-the-cbg-mining-project\/\">Houcine Dahmane and Mathilde L\u2019Hour attended to the ceremony restitution of the archaeological items discovered by Luca Pollarolo in the CBG mining project<\/a>\n\t\t\t\t\t\t\t\t\t\t\t<\/h2>\n\t\t\t\t\n\t\t\t\t\t<p class=\"post-meta\"><span class=\"published\">May 2016<\/span><\/p><div class=\"post-content\"><div class=\"post-content-inner\"><p>May 11th, Houcine Dahmane (General Manager Africa INSUCO) and Mathilde L\u2019Hour (Technical Director) attended at Museum Sandervalia of Conakry to the restitution ceremony&#8230;<\/p>\n<\/div><\/div>\t\t\t\n\t\t\t<\/article>\n\t\t\t\t\n\t\t\t<article id=\"post-17530\" class=\"et_pb_post clearfix et_pb_blog_item_0_256 post-17530 post type-post status-publish format-standard has-post-thumbnail hentry category-news-from-insuco tag-anciens-articles-avec-builder-en\">\n\n\t\t\t\t<div class=\"et_pb_image_container\"><a href=\"https:\/\/www.insuco.com\/en\/luidi-arnaldi-di-balme-delivered-a-training-workshop-with-the-iisd\/\" class=\"entry-featured-image-url\"><img loading=\"lazy\" decoding=\"async\" src=\"https:\/\/www.insuco.com\/wp-content\/uploads\/2019\/06\/DSC_2869-400x250.jpg\" alt=\"Luidi Arnaldi di Balme delivered a training workshop with the IISD\" class=\"\" srcset=\"https:\/\/www.insuco.com\/wp-content\/uploads\/2019\/06\/DSC_2869.jpg 479w, https:\/\/www.insuco.com\/wp-content\/uploads\/2019\/06\/DSC_2869-400x250.jpg 480w \" sizes=\"(max-width:479px) 479px, 100vw \"  width=\"400\" height=\"250\" \/><\/a><\/div>\n\t\t\t\t\t\t\t\t\t\t\t\t\t\t<h2 class=\"entry-title\">\n\t\t\t\t\t\t\t\t\t\t\t\t\t<a href=\"https:\/\/www.insuco.com\/en\/luidi-arnaldi-di-balme-delivered-a-training-workshop-with-the-iisd\/\">Luidi Arnaldi di Balme delivered a training workshop with the IISD<\/a>\n\t\t\t\t\t\t\t\t\t\t\t<\/h2>\n\t\t\t\t\n\t\t\t\t\t<p class=\"post-meta\"><span class=\"published\">Apr 2016<\/span><\/p><div class=\"post-content\"><div class=\"post-content-inner\"><p>On the 14th and 15th of April 2016, Luigi Arnaldi di Balme delivered a training workshop in Ouagadougou with the International Institute for Sustainable Development (IISD)&#8230;<\/p>\n<\/div><\/div>\t\t\t\n\t\t\t<\/article>\n\t\t\t\t\n\t\t\t<article id=\"post-17532\" class=\"et_pb_post clearfix et_pb_blog_item_0_257 post-17532 post type-post status-publish format-standard has-post-thumbnail hentry category-news-from-insuco tag-anciens-articles-avec-builder-en\">\n\n\t\t\t\t<div class=\"et_pb_image_container\"><a href=\"https:\/\/www.insuco.com\/en\/peter-hochet-led-a-round-table-discussion-on-gold-panning-at-the-french-institute-in-ouagadougou\/\" class=\"entry-featured-image-url\"><img loading=\"lazy\" decoding=\"async\" src=\"https:\/\/www.insuco.com\/wp-content\/uploads\/2019\/06\/no-image-400x250.jpg\" alt=\"Peter Hochet led a round table discussion on gold panning at the French Institute in Ouagadougou\" class=\"\" srcset=\"https:\/\/www.insuco.com\/wp-content\/uploads\/2019\/06\/no-image.jpg 479w, https:\/\/www.insuco.com\/wp-content\/uploads\/2019\/06\/no-image-400x250.jpg 480w \" sizes=\"(max-width:479px) 479px, 100vw \"  width=\"400\" height=\"250\" \/><\/a><\/div>\n\t\t\t\t\t\t\t\t\t\t\t\t\t\t<h2 class=\"entry-title\">\n\t\t\t\t\t\t\t\t\t\t\t\t\t<a href=\"https:\/\/www.insuco.com\/en\/peter-hochet-led-a-round-table-discussion-on-gold-panning-at-the-french-institute-in-ouagadougou\/\">Peter Hochet led a round table discussion on gold panning at the French Institute in Ouagadougou<\/a>\n\t\t\t\t\t\t\t\t\t\t\t<\/h2>\n\t\t\t\t\n\t\t\t\t\t<p class=\"post-meta\"><span class=\"published\">Apr 2016<\/span><\/p><div class=\"post-content\"><div class=\"post-content-inner\"><p>On the 27th of April 2016, Peter Hochet, General Manager for Burkina Faso, led a \u201cMaquis des Sciences\u201d round table discussion at the French Institute in Ouagadougou&#8230;<\/p>\n<\/div><\/div>\t\t\t\n\t\t\t<\/article>\n\t\t\t\t\n\t\t\t<article id=\"post-17534\" class=\"et_pb_post clearfix et_pb_blog_item_0_258 post-17534 post type-post status-publish format-standard has-post-thumbnail hentry category-news-from-insuco tag-anciens-articles-avec-builder-en\">\n\n\t\t\t\t<div class=\"et_pb_image_container\"><a href=\"https:\/\/www.insuco.com\/en\/pascal-rey-and-damien-buchon-organised-a-csr-forum-in-djibouti\/\" class=\"entry-featured-image-url\"><img loading=\"lazy\" decoding=\"async\" src=\"https:\/\/www.insuco.com\/wp-content\/uploads\/2019\/06\/FullSizeRender3-400x250.jpg\" alt=\"Pascal Rey and Damien Buchon organised a CSR forum in Djibouti\" class=\"\" srcset=\"https:\/\/www.insuco.com\/wp-content\/uploads\/2019\/06\/FullSizeRender3.jpg 479w, https:\/\/www.insuco.com\/wp-content\/uploads\/2019\/06\/FullSizeRender3-400x250.jpg 480w \" sizes=\"(max-width:479px) 479px, 100vw \"  width=\"400\" height=\"250\" \/><\/a><\/div>\n\t\t\t\t\t\t\t\t\t\t\t\t\t\t<h2 class=\"entry-title\">\n\t\t\t\t\t\t\t\t\t\t\t\t\t<a href=\"https:\/\/www.insuco.com\/en\/pascal-rey-and-damien-buchon-organised-a-csr-forum-in-djibouti\/\">Pascal Rey and Damien Buchon organised a CSR forum in Djibouti<\/a>\n\t\t\t\t\t\t\t\t\t\t\t<\/h2>\n\t\t\t\t\n\t\t\t\t\t<p class=\"post-meta\"><span class=\"published\">Feb 2016<\/span><\/p><div class=\"post-content\"><div class=\"post-content-inner\"><p>In the second week of February 2016, Pascal Rey (INSUCO CEO) and Damien Buchon (INSUCO Project Manager) organised a two-day CSR forum, which was held at the Palais du Peuple in Djibouti.<\/p>\n<\/div><\/div>\t\t\t\n\t\t\t<\/article>\n\t\t\t\t\n\t\t\t<article id=\"post-17545\" class=\"et_pb_post clearfix et_pb_blog_item_0_259 post-17545 post type-post status-publish format-standard has-post-thumbnail hentry category-news-from-insuco tag-anciens-articles-avec-builder-en\">\n\n\t\t\t\t<div class=\"et_pb_image_container\"><a href=\"https:\/\/www.insuco.com\/en\/guillen-calvo-particpated-in-the-international-conference-sr-mining-2015-held-in-antofagasta-chile\/\" class=\"entry-featured-image-url\"><img loading=\"lazy\" decoding=\"async\" src=\"https:\/\/www.insuco.com\/wp-content\/uploads\/2019\/06\/guillen-400x250.jpg\" alt=\"Guill\u00e9n Calvo, particpated in the international conference SR Mining 2015 held in Antofagasta, Chile\" class=\"\" srcset=\"https:\/\/www.insuco.com\/wp-content\/uploads\/2019\/06\/guillen.jpg 479w, https:\/\/www.insuco.com\/wp-content\/uploads\/2019\/06\/guillen-400x250.jpg 480w \" sizes=\"(max-width:479px) 479px, 100vw \"  width=\"400\" height=\"250\" \/><\/a><\/div>\n\t\t\t\t\t\t\t\t\t\t\t\t\t\t<h2 class=\"entry-title\">\n\t\t\t\t\t\t\t\t\t\t\t\t\t<a href=\"https:\/\/www.insuco.com\/en\/guillen-calvo-particpated-in-the-international-conference-sr-mining-2015-held-in-antofagasta-chile\/\">Guill\u00e9n Calvo, particpated in the international conference SR Mining 2015 held in Antofagasta, Chile<\/a>\n\t\t\t\t\t\t\t\t\t\t\t<\/h2>\n\t\t\t\t\n\t\t\t\t\t<p class=\"post-meta\"><span class=\"published\">Nov 2015<\/span><\/p><div class=\"post-content\"><div class=\"post-content-inner\"><p>Guill\u00e9n Calvo, INSUCO director general for Latin America, participated in the third international conference of social responsibility in the mining sector (SRMining)&#8230;<\/p>\n<\/div><\/div>\t\t\t\n\t\t\t<\/article>\n\t\t\t\t\n\t\t\t<article id=\"post-17547\" class=\"et_pb_post clearfix et_pb_blog_item_0_260 post-17547 post type-post status-publish format-standard has-post-thumbnail hentry category-news-from-insuco tag-anciens-articles-avec-builder-en\">\n\n\t\t\t\t<div class=\"et_pb_image_container\"><a href=\"https:\/\/www.insuco.com\/en\/insuco-colombia-announced-a-new-partnership-with-borealis\/\" class=\"entry-featured-image-url\"><img loading=\"lazy\" decoding=\"async\" src=\"https:\/\/www.insuco.com\/wp-content\/uploads\/2019\/06\/breve8_0-400x250.jpg\" alt=\"Insuco Colombia announced a new partnership with Bor\u00e9alis\" class=\"\" srcset=\"https:\/\/www.insuco.com\/wp-content\/uploads\/2019\/06\/breve8_0.jpg 479w, https:\/\/www.insuco.com\/wp-content\/uploads\/2019\/06\/breve8_0-400x250.jpg 480w \" sizes=\"(max-width:479px) 479px, 100vw \"  width=\"400\" height=\"250\" \/><\/a><\/div>\n\t\t\t\t\t\t\t\t\t\t\t\t\t\t<h2 class=\"entry-title\">\n\t\t\t\t\t\t\t\t\t\t\t\t\t<a href=\"https:\/\/www.insuco.com\/en\/insuco-colombia-announced-a-new-partnership-with-borealis\/\">Insuco Colombia announced a new partnership with Bor\u00e9alis<\/a>\n\t\t\t\t\t\t\t\t\t\t\t<\/h2>\n\t\t\t\t\n\t\t\t\t\t<p class=\"post-meta\"><span class=\"published\">Jun 2015<\/span><\/p><div class=\"post-content\"><div class=\"post-content-inner\"><p>Insuco Colombia announced a new partnership with Bor\u00e9alis, a Canadian firm who offers industry-leading CSR technological services and software that help minimize&#8230;<\/p>\n<\/div><\/div>\t\t\t\n\t\t\t<\/article>\n\t\t\t\t\n\t\t\t<article id=\"post-17554\" class=\"et_pb_post clearfix et_pb_blog_item_0_261 post-17554 post type-post status-publish format-standard has-post-thumbnail hentry category-news-from-insuco tag-anciens-articles-avec-builder-en\">\n\n\t\t\t\t<div class=\"et_pb_image_container\"><a href=\"https:\/\/www.insuco.com\/en\/pascal-rey-made-a-presentation-in-conakry-on-land-tenure-in-the-context-of-the-dpdda-project-usaid\/\" class=\"entry-featured-image-url\"><img loading=\"lazy\" decoding=\"async\" src=\"https:\/\/www.insuco.com\/wp-content\/uploads\/2019\/06\/breve7-400x250.jpg\" alt=\"Pascal Rey made a presentation in Conakry on land tenure in the context of the DPDDA project (USAID)\" class=\"\" srcset=\"https:\/\/www.insuco.com\/wp-content\/uploads\/2019\/06\/breve7.jpg 479w, https:\/\/www.insuco.com\/wp-content\/uploads\/2019\/06\/breve7-400x250.jpg 480w \" sizes=\"(max-width:479px) 479px, 100vw \"  width=\"400\" height=\"250\" \/><\/a><\/div>\n\t\t\t\t\t\t\t\t\t\t\t\t\t\t<h2 class=\"entry-title\">\n\t\t\t\t\t\t\t\t\t\t\t\t\t<a href=\"https:\/\/www.insuco.com\/en\/pascal-rey-made-a-presentation-in-conakry-on-land-tenure-in-the-context-of-the-dpdda-project-usaid\/\">Pascal Rey made a presentation in Conakry on land tenure in the context of the DPDDA project (USAID)<\/a>\n\t\t\t\t\t\t\t\t\t\t\t<\/h2>\n\t\t\t\t\n\t\t\t\t\t<p class=\"post-meta\"><span class=\"published\">Jun 2015<\/span><\/p><div class=\"post-content\"><div class=\"post-content-inner\"><p>On 16 June Pascal Rey (MD INSUCO) gave a presentation in Conakry on the main principles of land tenure in Guinea in the context of the DPDDA project&#8230;<\/p>\n<\/div><\/div>\t\t\t\n\t\t\t<\/article>\n\t\t\t\t\n\t\t\t<article id=\"post-17556\" class=\"et_pb_post clearfix et_pb_blog_item_0_262 post-17556 post type-post status-publish format-standard has-post-thumbnail hentry category-news-from-insuco tag-anciens-articles-avec-builder-en\">\n\n\t\t\t\t<div class=\"et_pb_image_container\"><a href=\"https:\/\/www.insuco.com\/en\/insuco-participated-in-developing-a-practical-guide-on-mining-aimed-at-local-communities\/\" class=\"entry-featured-image-url\"><img loading=\"lazy\" decoding=\"async\" src=\"https:\/\/www.insuco.com\/wp-content\/uploads\/2019\/06\/bre\u0300ve6-400x250.jpg\" alt=\"INSUCO participated in developing a practical guide on mining aimed at local communities\" class=\"\" srcset=\"https:\/\/www.insuco.com\/wp-content\/uploads\/2019\/06\/bre\u0300ve6.jpg 479w, https:\/\/www.insuco.com\/wp-content\/uploads\/2019\/06\/bre\u0300ve6-400x250.jpg 480w \" sizes=\"(max-width:479px) 479px, 100vw \"  width=\"400\" height=\"250\" \/><\/a><\/div>\n\t\t\t\t\t\t\t\t\t\t\t\t\t\t<h2 class=\"entry-title\">\n\t\t\t\t\t\t\t\t\t\t\t\t\t<a href=\"https:\/\/www.insuco.com\/en\/insuco-participated-in-developing-a-practical-guide-on-mining-aimed-at-local-communities\/\">INSUCO participated in developing a practical guide on mining aimed at local communities<\/a>\n\t\t\t\t\t\t\t\t\t\t\t<\/h2>\n\t\t\t\t\n\t\t\t\t\t<p class=\"post-meta\"><span class=\"published\">Jun 2015<\/span><\/p><div class=\"post-content\"><div class=\"post-content-inner\"><p>Under the auspices of the American Bar Association (ABA ROLI), 10 INSUCO experts participated in writing a practical guide for civil society and local authorities to promote development&#8230;<\/p>\n<\/div><\/div>\t\t\t\n\t\t\t<\/article>\n\t\t\t\t\n\t\t\t<article id=\"post-17558\" class=\"et_pb_post clearfix et_pb_blog_item_0_263 post-17558 post type-post status-publish format-standard has-post-thumbnail hentry category-news-from-insuco tag-anciens-articles-avec-builder-en\">\n\n\t\t\t\t<div class=\"et_pb_image_container\"><a href=\"https:\/\/www.insuco.com\/en\/mathieu-fribault-participated-in-the-ebodakar-symposium-on-the-fight-against-the-ebola-virus\/\" class=\"entry-featured-image-url\"><img loading=\"lazy\" decoding=\"async\" src=\"https:\/\/www.insuco.com\/wp-content\/uploads\/2019\/06\/DSC_0499_02-381x250.jpg\" alt=\"Mathieu Fribault participated in the Ebodakar symposium on the fight against the Ebola Virus\" class=\"\" srcset=\"https:\/\/www.insuco.com\/wp-content\/uploads\/2019\/06\/DSC_0499_02.jpg 479w, https:\/\/www.insuco.com\/wp-content\/uploads\/2019\/06\/DSC_0499_02-381x250.jpg 480w \" sizes=\"(max-width:479px) 479px, 100vw \"  width=\"400\" height=\"250\" \/><\/a><\/div>\n\t\t\t\t\t\t\t\t\t\t\t\t\t\t<h2 class=\"entry-title\">\n\t\t\t\t\t\t\t\t\t\t\t\t\t<a href=\"https:\/\/www.insuco.com\/en\/mathieu-fribault-participated-in-the-ebodakar-symposium-on-the-fight-against-the-ebola-virus\/\">Mathieu Fribault participated in the Ebodakar symposium on the fight against the Ebola Virus<\/a>\n\t\t\t\t\t\t\t\t\t\t\t<\/h2>\n\t\t\t\t\n\t\t\t\t\t<p class=\"post-meta\"><span class=\"published\">May 2015<\/span><\/p><div class=\"post-content\"><div class=\"post-content-inner\"><p>Mathieu Fribault (Project Director) presented the study carried out by INSUCO on raising awareness about Ebola in Guinea, a project funded by the European Union&#8230;<\/p>\n<\/div><\/div>\t\t\t\n\t\t\t<\/article>\n\t\t\t\t\n\t\t\t<article id=\"post-17569\" class=\"et_pb_post clearfix et_pb_blog_item_0_264 post-17569 post type-post status-publish format-standard has-post-thumbnail hentry category-news-from-insuco tag-anciens-articles-avec-builder-en\">\n\n\t\t\t\t<div class=\"et_pb_image_container\"><a href=\"https:\/\/www.insuco.com\/en\/participation-of-peter-hochet-and-luigi-arnaldi-in-the-csr-forum-meeting-in-ouagadougou\/\" class=\"entry-featured-image-url\"><img loading=\"lazy\" decoding=\"async\" src=\"https:\/\/www.insuco.com\/wp-content\/uploads\/2019\/06\/Sans-titre-400x250.jpg\" alt=\"Participation of Peter Hochet and Luigi Arnaldi in the CSR Forum meeting in Ouagadougou\" class=\"\" srcset=\"https:\/\/www.insuco.com\/wp-content\/uploads\/2019\/06\/Sans-titre.jpg 479w, https:\/\/www.insuco.com\/wp-content\/uploads\/2019\/06\/Sans-titre-400x250.jpg 480w \" sizes=\"(max-width:479px) 479px, 100vw \"  width=\"400\" height=\"250\" \/><\/a><\/div>\n\t\t\t\t\t\t\t\t\t\t\t\t\t\t<h2 class=\"entry-title\">\n\t\t\t\t\t\t\t\t\t\t\t\t\t<a href=\"https:\/\/www.insuco.com\/en\/participation-of-peter-hochet-and-luigi-arnaldi-in-the-csr-forum-meeting-in-ouagadougou\/\">Participation of Peter Hochet and Luigi Arnaldi in the CSR Forum meeting in Ouagadougou<\/a>\n\t\t\t\t\t\t\t\t\t\t\t<\/h2>\n\t\t\t\t\n\t\t\t\t\t<p class=\"post-meta\"><span class=\"published\">May 2015<\/span><\/p><div class=\"post-content\"><div class=\"post-content-inner\"><p>On 26 May 2015, Peter Hochet (Project Director) and Luigi Arnaldi Di Balme (Project Director) coordinated a working session during the CSR Forum meeting in Ouagadougou&#8230;<\/p>\n<\/div><\/div>\t\t\t\n\t\t\t<\/article>\n\t\t\t\t\n\t\t\t<article id=\"post-17571\" class=\"et_pb_post clearfix et_pb_blog_item_0_265 post-17571 post type-post status-publish format-standard has-post-thumbnail hentry category-news-from-insuco tag-anciens-articles-avec-builder-en\">\n\n\t\t\t\t<div class=\"et_pb_image_container\"><a href=\"https:\/\/www.insuco.com\/en\/guillen-calvo-gave-a-lecture-in-the-social-responsability-and-sustainability-master-degree-of-the-externado-university-colombia\/\" class=\"entry-featured-image-url\"><img loading=\"lazy\" decoding=\"async\" src=\"https:\/\/www.insuco.com\/wp-content\/uploads\/2019\/06\/no-image-400x250.jpg\" alt=\"Guill\u00e9n Calvo gave a lecture in the Social Responsability and Sustainability Master Degree, of the Externado University, Colombia\" class=\"\" srcset=\"https:\/\/www.insuco.com\/wp-content\/uploads\/2019\/06\/no-image.jpg 479w, https:\/\/www.insuco.com\/wp-content\/uploads\/2019\/06\/no-image-400x250.jpg 480w \" sizes=\"(max-width:479px) 479px, 100vw \"  width=\"400\" height=\"250\" \/><\/a><\/div>\n\t\t\t\t\t\t\t\t\t\t\t\t\t\t<h2 class=\"entry-title\">\n\t\t\t\t\t\t\t\t\t\t\t\t\t<a href=\"https:\/\/www.insuco.com\/en\/guillen-calvo-gave-a-lecture-in-the-social-responsability-and-sustainability-master-degree-of-the-externado-university-colombia\/\">Guill\u00e9n Calvo gave a lecture in the Social Responsability and Sustainability Master Degree, of the Externado University, Colombia<\/a>\n\t\t\t\t\t\t\t\t\t\t\t<\/h2>\n\t\t\t\t\n\t\t\t\t\t<p class=\"post-meta\"><span class=\"published\">Apr 2015<\/span><\/p><div class=\"post-content\"><div class=\"post-content-inner\"><p>Guill\u00e9n Calvo (General Director for Latin America) has been invited to gave three courses between march and april 2015&#8230;<\/p>\n<\/div><\/div>\t\t\t\n\t\t\t<\/article>\n\t\t\t\t\n\t\t\t<article id=\"post-17578\" class=\"et_pb_post clearfix et_pb_blog_item_0_266 post-17578 post type-post status-publish format-standard has-post-thumbnail hentry category-news-from-insuco tag-anciens-articles-avec-builder-en\">\n\n\t\t\t\t<div class=\"et_pb_image_container\"><a href=\"https:\/\/www.insuco.com\/en\/pascal-rey-and-anais-weber-participated-in-the-international-symposium-in-lisbon\/\" class=\"entry-featured-image-url\"><img loading=\"lazy\" decoding=\"async\" src=\"https:\/\/www.insuco.com\/wp-content\/uploads\/2019\/06\/no-image-400x250.jpg\" alt=\"Pascal Rey and Ana\u00efs Weber participated in the International Symposium in Lisbon\" class=\"\" srcset=\"https:\/\/www.insuco.com\/wp-content\/uploads\/2019\/06\/no-image.jpg 479w, https:\/\/www.insuco.com\/wp-content\/uploads\/2019\/06\/no-image-400x250.jpg 480w \" sizes=\"(max-width:479px) 479px, 100vw \"  width=\"400\" height=\"250\" \/><\/a><\/div>\n\t\t\t\t\t\t\t\t\t\t\t\t\t\t<h2 class=\"entry-title\">\n\t\t\t\t\t\t\t\t\t\t\t\t\t<a href=\"https:\/\/www.insuco.com\/en\/pascal-rey-and-anais-weber-participated-in-the-international-symposium-in-lisbon\/\">Pascal Rey and Ana\u00efs Weber participated in the International Symposium in Lisbon<\/a>\n\t\t\t\t\t\t\t\t\t\t\t<\/h2>\n\t\t\t\t\n\t\t\t\t\t<p class=\"post-meta\"><span class=\"published\">Apr 2015<\/span><\/p><div class=\"post-content\"><div class=\"post-content-inner\"><p>On 9 and 10 April, Pascal Rey (MD INSUCO) and Ana\u00efs Weber (Project Director) participated in the Symposium on \u201cLocal Government and Urban Governance&#8230;<\/p>\n<\/div><\/div>\t\t\t\n\t\t\t<\/article>\n\t\t\t\t\n\t\t\t<article id=\"post-17580\" class=\"et_pb_post clearfix et_pb_blog_item_0_267 post-17580 post type-post status-publish format-standard has-post-thumbnail hentry category-news-from-insuco tag-anciens-articles-avec-builder-en\">\n\n\t\t\t\t<div class=\"et_pb_image_container\"><a href=\"https:\/\/www.insuco.com\/en\/pascal-rey-gave-a-lecture-on-csr-in-mining-sector\/\" class=\"entry-featured-image-url\"><img loading=\"lazy\" decoding=\"async\" src=\"https:\/\/www.insuco.com\/wp-content\/uploads\/2019\/06\/no-image-400x250.jpg\" alt=\"Pascal Rey gave a lecture on CSR in mining sector\" class=\"\" srcset=\"https:\/\/www.insuco.com\/wp-content\/uploads\/2019\/06\/no-image.jpg 479w, https:\/\/www.insuco.com\/wp-content\/uploads\/2019\/06\/no-image-400x250.jpg 480w \" sizes=\"(max-width:479px) 479px, 100vw \"  width=\"400\" height=\"250\" \/><\/a><\/div>\n\t\t\t\t\t\t\t\t\t\t\t\t\t\t<h2 class=\"entry-title\">\n\t\t\t\t\t\t\t\t\t\t\t\t\t<a href=\"https:\/\/www.insuco.com\/en\/pascal-rey-gave-a-lecture-on-csr-in-mining-sector\/\">Pascal Rey gave a lecture on CSR in mining sector<\/a>\n\t\t\t\t\t\t\t\t\t\t\t<\/h2>\n\t\t\t\t\n\t\t\t\t\t<p class=\"post-meta\"><span class=\"published\">Mar 2015<\/span><\/p><div class=\"post-content\"><div class=\"post-content-inner\"><p>During the second week of March 2015, Pascal Rey (MD INSUCO) gave a lecture on CSR in the mining sector in developing countries as part of the Master\u2019s in \u201cLocal Development\u201d&#8230;<\/p>\n<\/div><\/div>\t\t\t\n\t\t\t<\/article>\n\t\t\t\t\n\t\t\t<article id=\"post-17582\" class=\"et_pb_post clearfix et_pb_blog_item_0_268 post-17582 post type-post status-publish format-standard has-post-thumbnail hentry category-news-from-insuco tag-anciens-articles-avec-builder-en\">\n\n\t\t\t\t<div class=\"et_pb_image_container\"><a href=\"https:\/\/www.insuco.com\/en\/pascal-rey-and-mathieu-fribault-to-publish-a-chapter-in-a-collective-volume-on-the-history-of-the-mining-sector-and-cultural-heritage\/\" class=\"entry-featured-image-url\"><img loading=\"lazy\" decoding=\"async\" src=\"https:\/\/www.insuco.com\/wp-content\/uploads\/2019\/06\/no-image-400x250.jpg\" alt=\"Pascal Rey and Mathieu Fribault to publish a chapter in a collective volume on the history of the mining sector and cultural heritage\" class=\"\" srcset=\"https:\/\/www.insuco.com\/wp-content\/uploads\/2019\/06\/no-image.jpg 479w, https:\/\/www.insuco.com\/wp-content\/uploads\/2019\/06\/no-image-400x250.jpg 480w \" sizes=\"(max-width:479px) 479px, 100vw \"  width=\"400\" height=\"250\" \/><\/a><\/div>\n\t\t\t\t\t\t\t\t\t\t\t\t\t\t<h2 class=\"entry-title\">\n\t\t\t\t\t\t\t\t\t\t\t\t\t<a href=\"https:\/\/www.insuco.com\/en\/pascal-rey-and-mathieu-fribault-to-publish-a-chapter-in-a-collective-volume-on-the-history-of-the-mining-sector-and-cultural-heritage\/\">Pascal Rey and Mathieu Fribault to publish a chapter in a collective volume on the history of the mining sector and cultural heritage<\/a>\n\t\t\t\t\t\t\t\t\t\t\t<\/h2>\n\t\t\t\t\n\t\t\t\t\t<p class=\"post-meta\"><span class=\"published\">Nov 2014<\/span><\/p><div class=\"post-content\"><div class=\"post-content-inner\"><p>November 2014: Mathieu Fribault (Scientific Director at Insuco) and Pascal Rey (Managing Director at Insuco) are to publish a chapter in a collective volume on the history of the mining&#8230;<\/p>\n<\/div><\/div>\t\t\t\n\t\t\t<\/article>\n\t\t\t\t\n\t\t\t<article id=\"post-17593\" class=\"et_pb_post clearfix et_pb_blog_item_0_269 post-17593 post type-post status-publish format-standard has-post-thumbnail hentry category-news-from-insuco tag-anciens-articles-avec-builder-en\">\n\n\t\t\t\t<div class=\"et_pb_image_container\"><a href=\"https:\/\/www.insuco.com\/en\/article-by-luigi-arnaldi-di-balme-and-cristiano-lanzano-published-in-etude-recit\/\" class=\"entry-featured-image-url\"><img loading=\"lazy\" decoding=\"async\" src=\"https:\/\/www.insuco.com\/wp-content\/uploads\/2019\/06\/breve5-400x250.jpg\" alt=\"Article by Luigi Arnaldi di Balme and Cristiano Lanzano published in Etude RECIT\" class=\"\" srcset=\"https:\/\/www.insuco.com\/wp-content\/uploads\/2019\/06\/breve5.jpg 479w, https:\/\/www.insuco.com\/wp-content\/uploads\/2019\/06\/breve5-400x250.jpg 480w \" sizes=\"(max-width:479px) 479px, 100vw \"  width=\"400\" height=\"250\" \/><\/a><\/div>\n\t\t\t\t\t\t\t\t\t\t\t\t\t\t<h2 class=\"entry-title\">\n\t\t\t\t\t\t\t\t\t\t\t\t\t<a href=\"https:\/\/www.insuco.com\/en\/article-by-luigi-arnaldi-di-balme-and-cristiano-lanzano-published-in-etude-recit\/\">Article by Luigi Arnaldi di Balme and Cristiano Lanzano published in Etude RECIT<\/a>\n\t\t\t\t\t\t\t\t\t\t\t<\/h2>\n\t\t\t\t\n\t\t\t\t\t<p class=\"post-meta\"><span class=\"published\">Oct 2014<\/span><\/p><div class=\"post-content\"><div class=\"post-content-inner\"><p>October 2014: Luigi Arnaldi di Balme (Insuco Project Director) and Cristiano Lanzano (Consultant at Insuco) published an article in Etude RECIT&#8230;<\/p>\n<\/div><\/div>\t\t\t\n\t\t\t<\/article>\n\t\t\t\t\n\t\t\t<article id=\"post-17595\" class=\"et_pb_post clearfix et_pb_blog_item_0_270 post-17595 post type-post status-publish format-standard has-post-thumbnail hentry category-news-from-insuco tag-anciens-articles-avec-builder-en\">\n\n\t\t\t\t<div class=\"et_pb_image_container\"><a href=\"https:\/\/www.insuco.com\/en\/guillen-calvo-gave-a-lecture-on-csr-to-the-colombian-oil-agency\/\" class=\"entry-featured-image-url\"><img loading=\"lazy\" decoding=\"async\" src=\"https:\/\/www.insuco.com\/wp-content\/uploads\/2019\/06\/no-image-400x250.jpg\" alt=\"Guillen Calvo gave a lecture on CSR to the Colombian oil agency\" class=\"\" srcset=\"https:\/\/www.insuco.com\/wp-content\/uploads\/2019\/06\/no-image.jpg 479w, https:\/\/www.insuco.com\/wp-content\/uploads\/2019\/06\/no-image-400x250.jpg 480w \" sizes=\"(max-width:479px) 479px, 100vw \"  width=\"400\" height=\"250\" \/><\/a><\/div>\n\t\t\t\t\t\t\t\t\t\t\t\t\t\t<h2 class=\"entry-title\">\n\t\t\t\t\t\t\t\t\t\t\t\t\t<a href=\"https:\/\/www.insuco.com\/en\/guillen-calvo-gave-a-lecture-on-csr-to-the-colombian-oil-agency\/\">Guillen Calvo gave a lecture on CSR to the Colombian oil agency<\/a>\n\t\t\t\t\t\t\t\t\t\t\t<\/h2>\n\t\t\t\t\n\t\t\t\t\t<p class=\"post-meta\"><span class=\"published\">Oct 2014<\/span><\/p><div class=\"post-content\"><div class=\"post-content-inner\"><p>Guillen Calvo (Managing Director at Insuco Latin America) gave a lecture on social management in the oil industry to representatives of the oil sector&#8230;<\/p>\n<\/div><\/div>\t\t\t\n\t\t\t<\/article>\n\t\t\t\t\n\t\t\t<article id=\"post-17602\" class=\"et_pb_post clearfix et_pb_blog_item_0_271 post-17602 post type-post status-publish format-standard has-post-thumbnail hentry category-news-from-insuco tag-anciens-articles-avec-builder-en\">\n\n\t\t\t\t<div class=\"et_pb_image_container\"><a href=\"https:\/\/www.insuco.com\/en\/pascal-rey-invited-to-the-university-of-leiden\/\" class=\"entry-featured-image-url\"><img loading=\"lazy\" decoding=\"async\" src=\"https:\/\/www.insuco.com\/wp-content\/uploads\/2019\/06\/no-image-400x250.jpg\" alt=\"Pascal Rey invited to the University of Leiden\" class=\"\" srcset=\"https:\/\/www.insuco.com\/wp-content\/uploads\/2019\/06\/no-image.jpg 479w, https:\/\/www.insuco.com\/wp-content\/uploads\/2019\/06\/no-image-400x250.jpg 480w \" sizes=\"(max-width:479px) 479px, 100vw \"  width=\"400\" height=\"250\" \/><\/a><\/div>\n\t\t\t\t\t\t\t\t\t\t\t\t\t\t<h2 class=\"entry-title\">\n\t\t\t\t\t\t\t\t\t\t\t\t\t<a href=\"https:\/\/www.insuco.com\/en\/pascal-rey-invited-to-the-university-of-leiden\/\">Pascal Rey invited to the University of Leiden<\/a>\n\t\t\t\t\t\t\t\t\t\t\t<\/h2>\n\t\t\t\t\n\t\t\t\t\t<p class=\"post-meta\"><span class=\"published\">May 2014<\/span><\/p><div class=\"post-content\"><div class=\"post-content-inner\"><p>8 and 9 May 2014: Pascal Rey (Managing Director at Insuco) was invited to present his work at the conference entitled \u201cFrom Corporate Paternalism to Corporate Social Responsibility&#8230;<\/p>\n<\/div><\/div>\t\t\t\n\t\t\t<\/article>\n\t\t\t\t\n\t\t\t<article id=\"post-17604\" class=\"et_pb_post clearfix et_pb_blog_item_0_272 post-17604 post type-post status-publish format-standard has-post-thumbnail hentry category-news-from-insuco tag-anciens-articles-avec-builder-en\">\n\n\t\t\t\t<div class=\"et_pb_image_container\"><a href=\"https:\/\/www.insuco.com\/en\/article-by-luigi-arnaldi-di-balme-and-cristiano-lanzano-published-in-politique-africaine\/\" class=\"entry-featured-image-url\"><img loading=\"lazy\" decoding=\"async\" src=\"https:\/\/www.insuco.com\/wp-content\/uploads\/2019\/06\/bre\u0300ve2-400x250.jpg\" alt=\"Article by Luigi Arnaldi di Balme and Cristiano Lanzano published in Politique Africaine\" class=\"\" srcset=\"https:\/\/www.insuco.com\/wp-content\/uploads\/2019\/06\/bre\u0300ve2.jpg 479w, https:\/\/www.insuco.com\/wp-content\/uploads\/2019\/06\/bre\u0300ve2-400x250.jpg 480w \" sizes=\"(max-width:479px) 479px, 100vw \"  width=\"400\" height=\"250\" \/><\/a><\/div>\n\t\t\t\t\t\t\t\t\t\t\t\t\t\t<h2 class=\"entry-title\">\n\t\t\t\t\t\t\t\t\t\t\t\t\t<a href=\"https:\/\/www.insuco.com\/en\/article-by-luigi-arnaldi-di-balme-and-cristiano-lanzano-published-in-politique-africaine\/\">Article by Luigi Arnaldi di Balme and Cristiano Lanzano published in Politique Africaine<\/a>\n\t\t\t\t\t\t\t\t\t\t\t<\/h2>\n\t\t\t\t\n\t\t\t\t\t<p class=\"post-meta\"><span class=\"published\">Dec 2013<\/span><\/p><div class=\"post-content\"><div class=\"post-content-inner\"><p>December 2013: Luigi Arnaldi di Balme (Insuco Project Director) and Cristiano Lanzano (Consultant at Insuco) have published an article on artisanal gold mining&#8230;<\/p>\n<\/div><\/div>\t\t\t\n\t\t\t<\/article>\n\t\t\t\t\n\t\t\t<article id=\"post-17606\" class=\"et_pb_post clearfix et_pb_blog_item_0_273 post-17606 post type-post status-publish format-standard has-post-thumbnail hentry category-news-from-insuco tag-anciens-articles-avec-builder-en\">\n\n\t\t\t\t<div class=\"et_pb_image_container\"><a href=\"https:\/\/www.insuco.com\/en\/pascal-rey-was-invited-to-make-a-presentation-at-the-jmp-in-bamako\/\" class=\"entry-featured-image-url\"><img loading=\"lazy\" decoding=\"async\" src=\"https:\/\/www.insuco.com\/wp-content\/uploads\/2019\/06\/Bre\u0300ve1-400x250.jpg\" alt=\"Pascal Rey was invited to make a presentation at the JMP in Bamako\" class=\"\" srcset=\"https:\/\/www.insuco.com\/wp-content\/uploads\/2019\/06\/Bre\u0300ve1.jpg 479w, https:\/\/www.insuco.com\/wp-content\/uploads\/2019\/06\/Bre\u0300ve1-400x250.jpg 480w \" sizes=\"(max-width:479px) 479px, 100vw \"  width=\"400\" height=\"250\" \/><\/a><\/div>\n\t\t\t\t\t\t\t\t\t\t\t\t\t\t<h2 class=\"entry-title\">\n\t\t\t\t\t\t\t\t\t\t\t\t\t<a href=\"https:\/\/www.insuco.com\/en\/pascal-rey-was-invited-to-make-a-presentation-at-the-jmp-in-bamako\/\">Pascal Rey was invited to make a presentation at the JMP in Bamako<\/a>\n\t\t\t\t\t\t\t\t\t\t\t<\/h2>\n\t\t\t\t\n\t\t\t\t\t<p class=\"post-meta\"><span class=\"published\">Nov 2013<\/span><\/p><div class=\"post-content\"><div class=\"post-content-inner\"><p>11 to 15 November 2013: Pascal Rey (Managing Director at Insuco) was invited to make a presentation regarding the Malian mining sector at the Journ\u00e9es Mini\u00e8re et P\u00e9troli\u00e8res&#8230;<\/p>\n<\/div><\/div>\t\t\t\n\t\t\t<\/article>\n\t\t\t\t<\/div><div><div class=\"pagination clearfix\">\n\t<div class=\"alignleft\"><\/div>\n\t<div class=\"alignright\"><\/div>\n<\/div><\/div><\/div>\n\t\t\t\t\t<\/div>\n\t\t\t\t\t \n\t\t\t\t<\/div>\n\t\t\t<\/div>\n\t\t\t\t\n\t\t\t\t\n\t\t\t\t\n\t\t\t\t\n\t\t\t<\/div><div class=\"et_pb_section et_pb_section_1 et_section_regular\" >\n\t\t\t\t\n\t\t\t\t\n\t\t\t\t\n\t\t\t\t\n\t\t\t\t\n\t\t\t\t\n\t\t\t\t\n\t\t\t\t\n\t\t\t\t\n\t\t\t<\/div><div class=\"et_pb_section et_pb_section_2 et_section_regular\" >\n\t\t\t\t\n\t\t\t\t\n\t\t\t\t\n\t\t\t\t\n\t\t\t\t\n\t\t\t\t\n\t\t\t\t\n\t\t\t\t\n\t\t\t\t\n\t\t\t<\/div><div class=\"et_pb_row et_pb_row_1 et_pb_row_fullwidth et_pb_gutters2\">\n\t\t\t\t<div class=\"et_pb_column et_pb_column_4_4 et_pb_column_1  et_pb_css_mix_blend_mode_passthrough et-last-child\">\n\t\t\t\t\n\t\t\t\t\n\t\t\t\t\n\t\t\t\t\n\t\t\t\t<div class=\"et_pb_module et_pb_blog_1 et_pb_blog_grid_wrapper et_pb_bg_layout_light\">\n\t\t\t\t\t<div class=\"et_pb_blog_grid clearfix \">\n\t\t\t\t\t\n\t\t\t\t\t\n\t\t\t\t\t\n\t\t\t\t\t\n\t\t\t\t\t<div class=\"et_pb_ajax_pagination_container\">\n\t\t\t\t\t\t<div class=\"et_pb_salvattore_content\" data-columns>\n\t\t\t<article id=\"post-58757\" class=\"et_pb_post clearfix et_pb_blog_item_1_0 post-58757 post type-post status-publish format-standard has-post-thumbnail hentry category-on-the-front-page\">\n\n\t\t\t\t<div class=\"et_pb_image_container\"><a href=\"https:\/\/www.insuco.com\/en\/insuco-adopts-ai-use-policy\/\" class=\"entry-featured-image-url\"><img loading=\"lazy\" decoding=\"async\" src=\"https:\/\/www.insuco.com\/wp-content\/uploads\/2025\/12\/AI4AI_visuel_ext1-400x250.jpg\" alt=\"Insuco adopts an Artificial Intelligence Usage Policy\" class=\"\" srcset=\"https:\/\/www.insuco.com\/wp-content\/uploads\/2025\/12\/AI4AI_visuel_ext1.jpg 479w, https:\/\/www.insuco.com\/wp-content\/uploads\/2025\/12\/AI4AI_visuel_ext1-400x250.jpg 480w \" sizes=\"(max-width:479px) 479px, 100vw \"  width=\"400\" height=\"250\" \/><\/a><\/div>\n\t\t\t\t\t\t\t\t\t\t\t\t\t\t<h2 class=\"entry-title\">\n\t\t\t\t\t\t\t\t\t\t\t\t\t<a href=\"https:\/\/www.insuco.com\/en\/insuco-adopts-ai-use-policy\/\">Insuco adopts an Artificial Intelligence Usage Policy<\/a>\n\t\t\t\t\t\t\t\t\t\t\t<\/h2>\n\t\t\t\t\n\t\t\t\t\t<p class=\"post-meta\"><span class=\"published\">Dec 2025<\/span><\/p><div class=\"post-content\"><div class=\"post-content-inner\"><p>As a research and advisory firm specialised in social sciences, we produce analyses and recommendations every day, drawing on cross-checked data collection, field observations, qualitative interviews and documentary reviews. It is therefore natural for us to turn to...<\/p>\n<\/div><\/div>\t\t\t\n\t\t\t<\/article>\n\t\t\t\t\n\t\t\t<article id=\"post-58458\" class=\"et_pb_post clearfix et_pb_blog_item_1_1 post-58458 post type-post status-publish format-standard has-post-thumbnail hentry category-news-from-insuco\">\n\n\t\t\t\t<div class=\"et_pb_image_container\"><a href=\"https:\/\/www.insuco.com\/en\/women-leadership-mining-sector-in-ecuador\/\" class=\"entry-featured-image-url\"><img loading=\"lazy\" decoding=\"async\" src=\"https:\/\/www.insuco.com\/wp-content\/uploads\/2025\/11\/1760737646687-400x250.jpg\" alt=\"Strengthening Women Leadership to Drive a More Sustainable Mining Sector in Ecuador\" class=\"\" srcset=\"https:\/\/www.insuco.com\/wp-content\/uploads\/2025\/11\/1760737646687.jpg 479w, https:\/\/www.insuco.com\/wp-content\/uploads\/2025\/11\/1760737646687-400x250.jpg 480w \" sizes=\"(max-width:479px) 479px, 100vw \"  width=\"400\" height=\"250\" \/><\/a><\/div>\n\t\t\t\t\t\t\t\t\t\t\t\t\t\t<h2 class=\"entry-title\">\n\t\t\t\t\t\t\t\t\t\t\t\t\t<a href=\"https:\/\/www.insuco.com\/en\/women-leadership-mining-sector-in-ecuador\/\">Strengthening Women Leadership to Drive a More Sustainable Mining Sector in Ecuador<\/a>\n\t\t\t\t\t\t\t\t\t\t\t<\/h2>\n\t\t\t\t\n\t\t\t\t\t<p class=\"post-meta\"><span class=\"published\">Nov 2025<\/span><\/p><div class=\"post-content\"><div class=\"post-content-inner\"><p>Insuco Ecuador, in a consortium with Universidad UTE, has officially launched the \"Training Programme to Strengthen and Promote the Positioning of Women as Leaders in the Ecuadorian Mining Sector\". This initiative is a crucial step towards transforming the sector into...<\/p>\n<\/div><\/div>\t\t\t\n\t\t\t<\/article>\n\t\t\t\t\n\t\t\t<article id=\"post-58271\" class=\"et_pb_post clearfix et_pb_blog_item_1_2 post-58271 post type-post status-publish format-standard has-post-thumbnail hentry category-news-from-insuco category-on-the-front-page\">\n\n\t\t\t\t<div class=\"et_pb_image_container\"><a href=\"https:\/\/www.insuco.com\/en\/integrating-social-performance-in-mining-margot-petitpierre-insuco-asia-general-director-at-imarc-2025-sydney-australia\/\" class=\"entry-featured-image-url\"><img loading=\"lazy\" decoding=\"async\" src=\"https:\/\/www.insuco.com\/wp-content\/uploads\/2025\/10\/Margot_IMARC_2-1-400x250.jpg\" alt=\"Integrating Social Performance in Mining: Margot Petitpierre, Insuco Asia General Director at IMARC 2025, Sydney &#8211; Australia\" class=\"\" srcset=\"https:\/\/www.insuco.com\/wp-content\/uploads\/2025\/10\/Margot_IMARC_2-1.jpg 479w, https:\/\/www.insuco.com\/wp-content\/uploads\/2025\/10\/Margot_IMARC_2-1-400x250.jpg 480w \" sizes=\"(max-width:479px) 479px, 100vw \"  width=\"400\" height=\"250\" \/><\/a><\/div>\n\t\t\t\t\t\t\t\t\t\t\t\t\t\t<h2 class=\"entry-title\">\n\t\t\t\t\t\t\t\t\t\t\t\t\t<a href=\"https:\/\/www.insuco.com\/en\/integrating-social-performance-in-mining-margot-petitpierre-insuco-asia-general-director-at-imarc-2025-sydney-australia\/\">Integrating Social Performance in Mining: Margot Petitpierre, Insuco Asia General Director at IMARC 2025, Sydney &#8211; Australia<\/a>\n\t\t\t\t\t\t\t\t\t\t\t<\/h2>\n\t\t\t\t\n\t\t\t\t\t<p class=\"post-meta\"><span class=\"published\">Oct 2025<\/span><\/p><div class=\"post-content\"><div class=\"post-content-inner\"><p>Margot had the privilege of taking part in IMARC 2025 (International Mining and Resources Conference) in Sydney for the first time, from 23\u201325 October.\u00a0 The event provided a valuable platform to meet and exchange ideas with a diverse array of industry leaders on the...<\/p>\n<\/div><\/div>\t\t\t\n\t\t\t<\/article>\n\t\t\t\t\n\t\t\t<article id=\"post-58294\" class=\"et_pb_post clearfix et_pb_blog_item_1_3 post-58294 post type-post status-publish format-standard has-post-thumbnail hentry category-news-from-insuco\">\n\n\t\t\t\t<div class=\"et_pb_image_container\"><a href=\"https:\/\/www.insuco.com\/en\/applying-esg-principles-in-africas-extractive-sector-insights-from-the-world-power-to-x-summit-in-marrakech-maroc\/\" class=\"entry-featured-image-url\"><img loading=\"lazy\" decoding=\"async\" src=\"https:\/\/www.insuco.com\/wp-content\/uploads\/2025\/11\/PTXSummitMarrakech_Pix0-400x250.jpg\" alt=\"Applying ESG Principles in Africa\u2019s Extractive Sector \u2014 Insights from the World Power-to-X Summit in Marrakech &#8211; Morocco\" class=\"\" srcset=\"https:\/\/www.insuco.com\/wp-content\/uploads\/2025\/11\/PTXSummitMarrakech_Pix0.jpg 479w, https:\/\/www.insuco.com\/wp-content\/uploads\/2025\/11\/PTXSummitMarrakech_Pix0-400x250.jpg 480w \" sizes=\"(max-width:479px) 479px, 100vw \"  width=\"400\" height=\"250\" \/><\/a><\/div>\n\t\t\t\t\t\t\t\t\t\t\t\t\t\t<h2 class=\"entry-title\">\n\t\t\t\t\t\t\t\t\t\t\t\t\t<a href=\"https:\/\/www.insuco.com\/en\/applying-esg-principles-in-africas-extractive-sector-insights-from-the-world-power-to-x-summit-in-marrakech-maroc\/\">Applying ESG Principles in Africa\u2019s Extractive Sector \u2014 Insights from the World Power-to-X Summit in Marrakech &#8211; Morocco<\/a>\n\t\t\t\t\t\t\t\t\t\t\t<\/h2>\n\t\t\t\t\n\t\t\t\t\t<p class=\"post-meta\"><span class=\"published\">Oct 2025<\/span><\/p><div class=\"post-content\"><div class=\"post-content-inner\"><p>Mariem Dkhil, Director of Insuco North Africa, and Pascal Rey, CEO, participated in the World Power-to-X Summit 2025 in Marrakech, where they shared our Environmental, Social, and Governance (ESG) expertise. Upon the invitation of the Moroccan Ministry of Energy...<\/p>\n<\/div><\/div>\t\t\t\n\t\t\t<\/article>\n\t\t\t\t\n\t\t\t<article id=\"post-58474\" class=\"et_pb_post clearfix et_pb_blog_item_1_4 post-58474 post type-post status-publish format-standard has-post-thumbnail hentry category-news-from-insuco category-on-the-front-page\">\n\n\t\t\t\t<div class=\"et_pb_image_container\"><a href=\"https:\/\/www.insuco.com\/en\/insuco-at-perumin-37\/\" class=\"entry-featured-image-url\"><img loading=\"lazy\" decoding=\"async\" src=\"https:\/\/www.insuco.com\/wp-content\/uploads\/2025\/11\/Insuco-en-PERUMIN37-400x250.png\" alt=\"Insuco at PERUMIN 37: Driving the Conversation on Sustainable Mining\" class=\"\" srcset=\"https:\/\/www.insuco.com\/wp-content\/uploads\/2025\/11\/Insuco-en-PERUMIN37.png 479w, https:\/\/www.insuco.com\/wp-content\/uploads\/2025\/11\/Insuco-en-PERUMIN37-400x250.png 480w \" sizes=\"(max-width:479px) 479px, 100vw \"  width=\"400\" height=\"250\" \/><\/a><\/div>\n\t\t\t\t\t\t\t\t\t\t\t\t\t\t<h2 class=\"entry-title\">\n\t\t\t\t\t\t\t\t\t\t\t\t\t<a href=\"https:\/\/www.insuco.com\/en\/insuco-at-perumin-37\/\">Insuco at PERUMIN 37: Driving the Conversation on Sustainable Mining<\/a>\n\t\t\t\t\t\t\t\t\t\t\t<\/h2>\n\t\t\t\t\n\t\t\t\t\t<p class=\"post-meta\"><span class=\"published\">Sep 2025<\/span><\/p><div class=\"post-content\"><div class=\"post-content-inner\"><p>We were present at PERUMIN 37, the most important mining convention in Peru and one of the most relevant in the Latin American region. This key forum is a vital space for discussion and reflection on the challenges and opportunities shaping the present and future of...<\/p>\n<\/div><\/div>\t\t\t\n\t\t\t<\/article>\n\t\t\t\t\n\t\t\t<article id=\"post-58318\" class=\"et_pb_post clearfix et_pb_blog_item_1_5 post-58318 post type-post status-publish format-standard has-post-thumbnail hentry category-news-from-insuco\">\n\n\t\t\t\t<div class=\"et_pb_image_container\"><a href=\"https:\/\/www.insuco.com\/en\/our-francophone-experts-seminar-a-rich-exchange-of-methodological-innovations-france\/\" class=\"entry-featured-image-url\"><img loading=\"lazy\" decoding=\"async\" src=\"https:\/\/www.insuco.com\/wp-content\/uploads\/2025\/11\/ExpertsSeminar_0825_Pix0_lite-400x250.jpg\" alt=\"Our Francophone Experts Seminar: A Rich Exchange of Methodological Innovations &#8211; France\" class=\"\" srcset=\"https:\/\/www.insuco.com\/wp-content\/uploads\/2025\/11\/ExpertsSeminar_0825_Pix0_lite.jpg 479w, https:\/\/www.insuco.com\/wp-content\/uploads\/2025\/11\/ExpertsSeminar_0825_Pix0_lite-400x250.jpg 480w \" sizes=\"(max-width:479px) 479px, 100vw \"  width=\"400\" height=\"250\" \/><\/a><\/div>\n\t\t\t\t\t\t\t\t\t\t\t\t\t\t<h2 class=\"entry-title\">\n\t\t\t\t\t\t\t\t\t\t\t\t\t<a href=\"https:\/\/www.insuco.com\/en\/our-francophone-experts-seminar-a-rich-exchange-of-methodological-innovations-france\/\">Our Francophone Experts Seminar: A Rich Exchange of Methodological Innovations &#8211; France<\/a>\n\t\t\t\t\t\t\t\t\t\t\t<\/h2>\n\t\t\t\t\n\t\t\t\t\t<p class=\"post-meta\"><span class=\"published\">Sep 2025<\/span><\/p><div class=\"post-content\"><div class=\"post-content-inner\"><p>In late August, we were delighted to gather a significant number of our Francophone experts for an intensive seminar. This extended \"family\" includes highly valued collaborators, some of whom have worked with us with dedication and rigour for nearly 15 years. Their...<\/p>\n<\/div><\/div>\t\t\t\n\t\t\t<\/article>\n\t\t\t\t\n\t\t\t<article id=\"post-58324\" class=\"et_pb_post clearfix et_pb_blog_item_1_6 post-58324 post type-post status-publish format-standard has-post-thumbnail hentry category-news-from-insuco\">\n\n\t\t\t\t<div class=\"et_pb_image_container\"><a href=\"https:\/\/www.insuco.com\/en\/insuco-ouagadougou-celebrates-10th-anniversary-burkina-faso\/\" class=\"entry-featured-image-url\"><img loading=\"lazy\" decoding=\"async\" src=\"https:\/\/www.insuco.com\/wp-content\/uploads\/2025\/11\/Group-photo-1-400x250.jpg\" alt=\"Insuco Ouagadougou Celebrates 10th Anniversary! &#8211; Burkina Faso\" class=\"\" srcset=\"https:\/\/www.insuco.com\/wp-content\/uploads\/2025\/11\/Group-photo-1.jpg 479w, https:\/\/www.insuco.com\/wp-content\/uploads\/2025\/11\/Group-photo-1-400x250.jpg 480w \" sizes=\"(max-width:479px) 479px, 100vw \"  width=\"400\" height=\"250\" \/><\/a><\/div>\n\t\t\t\t\t\t\t\t\t\t\t\t\t\t<h2 class=\"entry-title\">\n\t\t\t\t\t\t\t\t\t\t\t\t\t<a href=\"https:\/\/www.insuco.com\/en\/insuco-ouagadougou-celebrates-10th-anniversary-burkina-faso\/\">Insuco Ouagadougou Celebrates 10th Anniversary! &#8211; Burkina Faso<\/a>\n\t\t\t\t\t\t\t\t\t\t\t<\/h2>\n\t\t\t\t\n\t\t\t\t\t<p class=\"post-meta\"><span class=\"published\">Jul 2025<\/span><\/p><div class=\"post-content\"><div class=\"post-content-inner\"><p>Insuco's Sahel office in Ouagadougou celebrated its 10th anniversary on 10 July with a memorable event that blended a festive atmosphere with moments of solemn reflection. The milestone celebration brought together the Insuco teams, partners, and key stakeholders. The...<\/p>\n<\/div><\/div>\t\t\t\n\t\t\t<\/article>\n\t\t\t\t\n\t\t\t<article id=\"post-58482\" class=\"et_pb_post clearfix et_pb_blog_item_1_7 post-58482 post type-post status-publish format-standard has-post-thumbnail hentry category-news-from-insuco category-on-the-front-page\">\n\n\t\t\t\t<div class=\"et_pb_image_container\"><a href=\"https:\/\/www.insuco.com\/en\/responsible-closure-territorial-value\/\" class=\"entry-featured-image-url\"><img loading=\"lazy\" decoding=\"async\" src=\"https:\/\/www.insuco.com\/wp-content\/uploads\/2025\/11\/1755017005541-400x250.jpg\" alt=\"Responsible Closure: From End-of-Project to Long-Term Territorial Value\" class=\"\" srcset=\"https:\/\/www.insuco.com\/wp-content\/uploads\/2025\/11\/1755017005541.jpg 479w, https:\/\/www.insuco.com\/wp-content\/uploads\/2025\/11\/1755017005541-400x250.jpg 480w \" sizes=\"(max-width:479px) 479px, 100vw \"  width=\"400\" height=\"250\" \/><\/a><\/div>\n\t\t\t\t\t\t\t\t\t\t\t\t\t\t<h2 class=\"entry-title\">\n\t\t\t\t\t\t\t\t\t\t\t\t\t<a href=\"https:\/\/www.insuco.com\/en\/responsible-closure-territorial-value\/\">Responsible Closure: From End-of-Project to Long-Term Territorial Value<\/a>\n\t\t\t\t\t\t\t\t\t\t\t<\/h2>\n\t\t\t\t\n\t\t\t\t\t<p class=\"post-meta\"><span class=\"published\">Jul 2025<\/span><\/p><div class=\"post-content\"><div class=\"post-content-inner\"><p>Guillen Calvo, Insuco General Director for Latin America and the Caribbean, and Arianna Espinosa Oliver, our Regional Director for Colombia, Mexico, and Central America, were recently honoured to co-host a dialogue on responsible closures and exits of extractive...<\/p>\n<\/div><\/div>\t\t\t\n\t\t\t<\/article>\n\t\t\t\t\n\t\t\t<article id=\"post-58380\" class=\"et_pb_post clearfix et_pb_blog_item_1_8 post-58380 post type-post status-publish format-standard has-post-thumbnail hentry category-news-from-insuco\">\n\n\t\t\t\t<div class=\"et_pb_image_container\"><a href=\"https:\/\/www.insuco.com\/en\/insuco-asia-seminar-bridging-cultures-to-consolidate-regional-capacity-in-the-east-cambodia\/\" class=\"entry-featured-image-url\"><img loading=\"lazy\" decoding=\"async\" src=\"https:\/\/www.insuco.com\/wp-content\/uploads\/2025\/11\/Reach_Presentation_20250707_Lite-400x250.jpg\" alt=\"Insuco Asia Seminar: Bridging Cultures to Consolidate Regional Capacity in the East &#8211; Cambodia\" class=\"\" srcset=\"https:\/\/www.insuco.com\/wp-content\/uploads\/2025\/11\/Reach_Presentation_20250707_Lite.jpg 479w, https:\/\/www.insuco.com\/wp-content\/uploads\/2025\/11\/Reach_Presentation_20250707_Lite-400x250.jpg 480w \" sizes=\"(max-width:479px) 479px, 100vw \"  width=\"400\" height=\"250\" \/><\/a><\/div>\n\t\t\t\t\t\t\t\t\t\t\t\t\t\t<h2 class=\"entry-title\">\n\t\t\t\t\t\t\t\t\t\t\t\t\t<a href=\"https:\/\/www.insuco.com\/en\/insuco-asia-seminar-bridging-cultures-to-consolidate-regional-capacity-in-the-east-cambodia\/\">Insuco Asia Seminar: Bridging Cultures to Consolidate Regional Capacity in the East &#8211; Cambodia<\/a>\n\t\t\t\t\t\t\t\t\t\t\t<\/h2>\n\t\t\t\t\n\t\t\t\t\t<p class=\"post-meta\"><span class=\"published\">Jun 2025<\/span><\/p><div class=\"post-content\"><div class=\"post-content-inner\"><p>In July, Insuco\u2019s Asia-Pacific and Middle East &amp; Central Asia teams convened in Phnom Penh for their first intensive and inspiring regional seminar. The gathering underscored Insuco's commitment to its intercultural DNA. With the team comprising 14 people from 8...<\/p>\n<\/div><\/div>\t\t\t\n\t\t\t<\/article>\n\t\t\t\t\n\t\t\t<article id=\"post-51764\" class=\"et_pb_post clearfix et_pb_blog_item_1_9 post-51764 post type-post status-publish format-standard has-post-thumbnail hentry category-news-from-insuco\">\n\n\t\t\t\t<div class=\"et_pb_image_container\"><a href=\"https:\/\/www.insuco.com\/en\/unforgettable-experience-at-the-lac-seminars-peru\/\" class=\"entry-featured-image-url\"><img loading=\"lazy\" decoding=\"async\" src=\"https:\/\/www.insuco.com\/wp-content\/uploads\/2024\/06\/Funny_Seminario_peru_2024-InsuConnect-Size-400x250.jpg\" alt=\"Unforgettable Experience at the LAC Seminars &#8211; Peru\" class=\"\" srcset=\"https:\/\/www.insuco.com\/wp-content\/uploads\/2024\/06\/Funny_Seminario_peru_2024-InsuConnect-Size-scaled.jpg 479w, https:\/\/www.insuco.com\/wp-content\/uploads\/2024\/06\/Funny_Seminario_peru_2024-InsuConnect-Size-400x250.jpg 480w \" sizes=\"(max-width:479px) 479px, 100vw \"  width=\"400\" height=\"250\" \/><\/a><\/div>\n\t\t\t\t\t\t\t\t\t\t\t\t\t\t<h2 class=\"entry-title\">\n\t\t\t\t\t\t\t\t\t\t\t\t\t<a href=\"https:\/\/www.insuco.com\/en\/unforgettable-experience-at-the-lac-seminars-peru\/\">Unforgettable Experience at the LAC Seminars &#8211; Peru<\/a>\n\t\t\t\t\t\t\t\t\t\t\t<\/h2>\n\t\t\t\t\n\t\t\t\t\t<p class=\"post-meta\"><span class=\"published\">May 2024<\/span><\/p><div class=\"post-content\"><div class=\"post-content-inner\"><p>We are excited to share the highlights of our Latin America and the Caribbean Seminar series in Peru, held from 20 \u2013 27 May 2024. This event seamlessly blended productive discussions, team bonding, and memorable experiences, embodying the spirit of Insuco. Bringing...<\/p>\n<\/div><\/div>\t\t\t\n\t\t\t<\/article>\n\t\t\t\t\n\t\t\t<article id=\"post-50707\" class=\"et_pb_post clearfix et_pb_blog_item_1_10 post-50707 post type-post status-publish format-standard has-post-thumbnail hentry category-news-from-insuco\">\n\n\t\t\t\t<div class=\"et_pb_image_container\"><a href=\"https:\/\/www.insuco.com\/en\/terristories\/\" class=\"entry-featured-image-url\"><img loading=\"lazy\" decoding=\"async\" src=\"https:\/\/www.insuco.com\/wp-content\/uploads\/2024\/04\/Terristories.jpg\" alt=\"TerriStories\u00ae &#8211; Training for the Project Management Unit of the Communal Landscape Management Project for REDD+ (PGPC\/REDD+)\" class=\"\" srcset=\"https:\/\/www.insuco.com\/wp-content\/uploads\/2024\/04\/Terristories.jpg 479w, https:\/\/www.insuco.com\/wp-content\/uploads\/2024\/04\/Terristories.jpg 480w \" sizes=\"(max-width:479px) 479px, 100vw \"  width=\"400\" height=\"250\" \/><\/a><\/div>\n\t\t\t\t\t\t\t\t\t\t\t\t\t\t<h2 class=\"entry-title\">\n\t\t\t\t\t\t\t\t\t\t\t\t\t<a href=\"https:\/\/www.insuco.com\/en\/terristories\/\">TerriStories\u00ae &#8211; Training for the Project Management Unit of the Communal Landscape Management Project for REDD+ (PGPC\/REDD+)<\/a>\n\t\t\t\t\t\t\t\t\t\t\t<\/h2>\n\t\t\t\t\n\t\t\t\t\t<p class=\"post-meta\"><span class=\"published\">Apr 2024<\/span><\/p><div class=\"post-content\"><div class=\"post-content-inner\"><p>Conducting a socio-land tenure diagnosis and participatory land use planning around conservation areas in 30 intervention communes of the Communal Landscape Management Project for REDD+ (PGPC\/REDD+).<\/p>\n<\/div><\/div>\t\t\t\n\t\t\t<\/article>\n\t\t\t\t\n\t\t\t<article id=\"post-51295\" class=\"et_pb_post clearfix et_pb_blog_item_1_11 post-51295 post type-post status-publish format-standard has-post-thumbnail hentry category-news-from-insuco\">\n\n\t\t\t\t<div class=\"et_pb_image_container\"><a href=\"https:\/\/www.insuco.com\/en\/insuco-technical-seminar-in-lome-strengthening-collaboration-and-innovation\/\" class=\"entry-featured-image-url\"><img loading=\"lazy\" decoding=\"async\" src=\"https:\/\/www.insuco.com\/wp-content\/uploads\/2024\/05\/Photo-groupe-au-Togo-400x250.jpg\" alt=\"Insuco Technical Seminar in Lom\u00e9: Strengthening Collaboration and Innovation\" class=\"\" srcset=\"https:\/\/www.insuco.com\/wp-content\/uploads\/2024\/05\/Photo-groupe-au-Togo-scaled.jpg 479w, https:\/\/www.insuco.com\/wp-content\/uploads\/2024\/05\/Photo-groupe-au-Togo-400x250.jpg 480w \" sizes=\"(max-width:479px) 479px, 100vw \"  width=\"400\" height=\"250\" \/><\/a><\/div>\n\t\t\t\t\t\t\t\t\t\t\t\t\t\t<h2 class=\"entry-title\">\n\t\t\t\t\t\t\t\t\t\t\t\t\t<a href=\"https:\/\/www.insuco.com\/en\/insuco-technical-seminar-in-lome-strengthening-collaboration-and-innovation\/\">Insuco Technical Seminar in Lom\u00e9: Strengthening Collaboration and Innovation<\/a>\n\t\t\t\t\t\t\t\t\t\t\t<\/h2>\n\t\t\t\t\n\t\t\t\t\t<p class=\"post-meta\"><span class=\"published\">Mar 2024<\/span><\/p><div class=\"post-content\"><div class=\"post-content-inner\"><p>rom 20th to 29th March 2024, Insuco held its annual technical seminar in Lom\u00e9, bringing together general directors, country directors, and technical directors from Africa, Asia, and Latin America. This ten-day event was a fantastic opportunity to share best practices, improve our procedures, and undertake in-depth technical training. Our goal: to strengthen our intervention strategy in Africa.<\/p>\n<\/div><\/div>\t\t\t\n\t\t\t<\/article>\n\t\t\t\t\n\t\t\t<article id=\"post-49699\" class=\"et_pb_post clearfix et_pb_blog_item_1_12 post-49699 post type-post status-publish format-standard has-post-thumbnail hentry category-news-from-insuco\">\n\n\t\t\t\t<div class=\"et_pb_image_container\"><a href=\"https:\/\/www.insuco.com\/en\/collection-of-primary-quantitative-information-in-the-municipalities-of-becerril-la-jagua-de-ibirico-and-el-paso-colombia\/\" class=\"entry-featured-image-url\"><img loading=\"lazy\" decoding=\"async\" src=\"https:\/\/www.insuco.com\/wp-content\/uploads\/2024\/02\/IMG_7251-400x250.jpeg\" alt=\"Collection of primary quantitative information in the municipalities of Becerril, La Jagua de Ibirico and El Paso, Colombia\" class=\"\" srcset=\"https:\/\/www.insuco.com\/wp-content\/uploads\/2024\/02\/IMG_7251-scaled.jpeg 479w, https:\/\/www.insuco.com\/wp-content\/uploads\/2024\/02\/IMG_7251-400x250.jpeg 480w \" sizes=\"(max-width:479px) 479px, 100vw \"  width=\"400\" height=\"250\" \/><\/a><\/div>\n\t\t\t\t\t\t\t\t\t\t\t\t\t\t<h2 class=\"entry-title\">\n\t\t\t\t\t\t\t\t\t\t\t\t\t<a href=\"https:\/\/www.insuco.com\/en\/collection-of-primary-quantitative-information-in-the-municipalities-of-becerril-la-jagua-de-ibirico-and-el-paso-colombia\/\">Collection of primary quantitative information in the municipalities of Becerril, La Jagua de Ibirico and El Paso, Colombia<\/a>\n\t\t\t\t\t\t\t\t\t\t\t<\/h2>\n\t\t\t\t\n\t\t\t\t\t<p class=\"post-meta\"><span class=\"published\">Feb 2024<\/span><\/p><div class=\"post-content\"><div class=\"post-content-inner\"><p> Thanks to our Territorial Transformation Observatories (OTT), and in collaboration with the C\u00e9sar Development and Peace Programme (PDPC) and with the support of the Ford Foundation, through Insuco Colombia, we have successfully...<\/p>\n<\/div><\/div>\t\t\t\n\t\t\t<\/article>\n\t\t\t\t\n\t\t\t<article id=\"post-47811\" class=\"et_pb_post clearfix et_pb_blog_item_1_13 post-47811 post type-post status-publish format-standard has-post-thumbnail hentry category-news-from-insuco tag-anciens-articles-avec-builder-en\">\n\n\t\t\t\t<div class=\"et_pb_image_container\"><a href=\"https:\/\/www.insuco.com\/en\/general-direction-of-insuco-group-2023-seminar-in-camboda\/\" class=\"entry-featured-image-url\"><img loading=\"lazy\" decoding=\"async\" src=\"https:\/\/www.insuco.com\/wp-content\/uploads\/2023\/12\/Comite-de-direction-scaled-e1701877386115-400x250.jpg\" alt=\"General Direction of Insuco Group\u00a02023 Seminar in Camboda\" class=\"\" srcset=\"https:\/\/www.insuco.com\/wp-content\/uploads\/2023\/12\/Comite-de-direction-scaled-e1701877386115.jpg 479w, https:\/\/www.insuco.com\/wp-content\/uploads\/2023\/12\/Comite-de-direction-scaled-e1701877386115-400x250.jpg 480w \" sizes=\"(max-width:479px) 479px, 100vw \"  width=\"400\" height=\"250\" \/><\/a><\/div>\n\t\t\t\t\t\t\t\t\t\t\t\t\t\t<h2 class=\"entry-title\">\n\t\t\t\t\t\t\t\t\t\t\t\t\t<a href=\"https:\/\/www.insuco.com\/en\/general-direction-of-insuco-group-2023-seminar-in-camboda\/\">General Direction of Insuco Group\u00a02023 Seminar in Camboda<\/a>\n\t\t\t\t\t\t\t\t\t\t\t<\/h2>\n\t\t\t\t\n\t\t\t\t\t<p class=\"post-meta\"><span class=\"published\">Oct 2023<\/span><\/p><div class=\"post-content\"><div class=\"post-content-inner\"><p>The General Direction of Insuco Group together with the regional Human Resources responsibles had a seminar in Cambodia from 9 to 17 October.<\/p>\n<\/div><\/div>\t\t\t\n\t\t\t<\/article>\n\t\t\t\t\n\t\t\t<article id=\"post-46069\" class=\"et_pb_post clearfix et_pb_blog_item_1_14 post-46069 post type-post status-publish format-standard has-post-thumbnail hentry category-news-from-insuco tag-anciens-articles-avec-builder-en\">\n\n\t\t\t\t<div class=\"et_pb_image_container\"><a href=\"https:\/\/www.insuco.com\/en\/finance-seminar-africa-2023-in-togo\/\" class=\"entry-featured-image-url\"><img loading=\"lazy\" decoding=\"async\" src=\"https:\/\/www.insuco.com\/wp-content\/uploads\/2023\/09\/IMG-20230915-WA0009-400x250.jpg\" alt=\"Finance Seminar Africa 2023 in Togo\" class=\"\" srcset=\"https:\/\/www.insuco.com\/wp-content\/uploads\/2023\/09\/IMG-20230915-WA0009.jpg 479w, https:\/\/www.insuco.com\/wp-content\/uploads\/2023\/09\/IMG-20230915-WA0009-400x250.jpg 480w \" sizes=\"(max-width:479px) 479px, 100vw \"  width=\"400\" height=\"250\" \/><\/a><\/div>\n\t\t\t\t\t\t\t\t\t\t\t\t\t\t<h2 class=\"entry-title\">\n\t\t\t\t\t\t\t\t\t\t\t\t\t<a href=\"https:\/\/www.insuco.com\/en\/finance-seminar-africa-2023-in-togo\/\">Finance Seminar Africa 2023 in Togo<\/a>\n\t\t\t\t\t\t\t\t\t\t\t<\/h2>\n\t\t\t\t\n\t\t\t\t\t<p class=\"post-meta\"><span class=\"published\">Sep 2023<\/span><\/p><div class=\"post-content\"><div class=\"post-content-inner\"><p>This week, Insuco honored its African administrative and financial team at an Accounting and Administration Seminar held in Lom\u00e9 for our administrative and financial managers from all our offices on the continent.<\/p>\n<\/div><\/div>\t\t\t\n\t\t\t<\/article>\n\t\t\t\t\n\t\t\t<article id=\"post-45688\" class=\"et_pb_post clearfix et_pb_blog_item_1_15 post-45688 post type-post status-publish format-standard has-post-thumbnail hentry category-news-from-insuco tag-anciens-articles-avec-builder-en\">\n\n\t\t\t\t<div class=\"et_pb_image_container\"><a href=\"https:\/\/www.insuco.com\/en\/seminar-for-our-consultants\/\" class=\"entry-featured-image-url\"><img loading=\"lazy\" decoding=\"async\" src=\"https:\/\/www.insuco.com\/wp-content\/uploads\/2023\/09\/Seeminaire-retouchee-400x250.jpg\" alt=\"Seminar for our consultants &#8211; August 2023\" class=\"\" srcset=\"https:\/\/www.insuco.com\/wp-content\/uploads\/2023\/09\/Seeminaire-retouchee.jpg 479w, https:\/\/www.insuco.com\/wp-content\/uploads\/2023\/09\/Seeminaire-retouchee-400x250.jpg 480w \" sizes=\"(max-width:479px) 479px, 100vw \"  width=\"400\" height=\"250\" \/><\/a><\/div>\n\t\t\t\t\t\t\t\t\t\t\t\t\t\t<h2 class=\"entry-title\">\n\t\t\t\t\t\t\t\t\t\t\t\t\t<a href=\"https:\/\/www.insuco.com\/en\/seminar-for-our-consultants\/\">Seminar for our consultants &#8211; August 2023<\/a>\n\t\t\t\t\t\t\t\t\t\t\t<\/h2>\n\t\t\t\t\n\t\t\t\t\t<p class=\"post-meta\"><span class=\"published\">Sep 2023<\/span><\/p><div class=\"post-content\"><div class=\"post-content-inner\"><p>We organized the 2023 technical seminar for our French-speaking consultants, bringing together our INSUCO experts in a wonderful setting in south France.<\/p>\n<\/div><\/div>\t\t\t\n\t\t\t<\/article>\n\t\t\t\t\n\t\t\t<article id=\"post-45364\" class=\"et_pb_post clearfix et_pb_blog_item_1_16 post-45364 post type-post status-publish format-standard has-post-thumbnail hentry category-news-from-insuco tag-anciens-articles-avec-builder-en\">\n\n\t\t\t\t<div class=\"et_pb_image_container\"><a href=\"https:\/\/www.insuco.com\/en\/latin-america-and-caribbean-seminar-in-ecuador\/\" class=\"entry-featured-image-url\"><img loading=\"lazy\" decoding=\"async\" src=\"https:\/\/www.insuco.com\/wp-content\/uploads\/2023\/08\/MG_6667-scaled-e1692184730115-400x250.jpg\" alt=\"Latin America and Caribbean seminar in Ecuador in July 2023\" class=\"\" srcset=\"https:\/\/www.insuco.com\/wp-content\/uploads\/2023\/08\/MG_6667-scaled-e1692184730115.jpg 479w, https:\/\/www.insuco.com\/wp-content\/uploads\/2023\/08\/MG_6667-scaled-e1692184730115-400x250.jpg 480w \" sizes=\"(max-width:479px) 479px, 100vw \"  width=\"400\" height=\"250\" \/><\/a><\/div>\n\t\t\t\t\t\t\t\t\t\t\t\t\t\t<h2 class=\"entry-title\">\n\t\t\t\t\t\t\t\t\t\t\t\t\t<a href=\"https:\/\/www.insuco.com\/en\/latin-america-and-caribbean-seminar-in-ecuador\/\">Latin America and Caribbean seminar in Ecuador in July 2023<\/a>\n\t\t\t\t\t\t\t\t\t\t\t<\/h2>\n\t\t\t\t\n\t\t\t\t\t<p class=\"post-meta\"><span class=\"published\">Jul 2023<\/span><\/p><div class=\"post-content\"><div class=\"post-content-inner\"><p>We organized the LAC 2023 technical seminar for the 5 INSUCO offices in Latin America and the Caribbean in Ecuador.<\/p>\n<\/div><\/div>\t\t\t\n\t\t\t<\/article>\n\t\t\t\t\n\t\t\t<article id=\"post-44466\" class=\"et_pb_post clearfix et_pb_blog_item_1_17 post-44466 post type-post status-publish format-standard has-post-thumbnail hentry category-news-from-insuco tag-anciens-articles-avec-builder-en\">\n\n\t\t\t\t<div class=\"et_pb_image_container\"><a href=\"https:\/\/www.insuco.com\/en\/insuco-has-several-adaptive-continuous-learning-systems-in-place-for-its-teams\/\" class=\"entry-featured-image-url\"><img loading=\"lazy\" decoding=\"async\" src=\"https:\/\/www.insuco.com\/wp-content\/uploads\/2023\/06\/1685527247407formation-400x250.jpeg\" alt=\"Insuco has several adaptive continuous learning systems in place for its teams\" class=\"\" srcset=\"https:\/\/www.insuco.com\/wp-content\/uploads\/2023\/06\/1685527247407formation.jpeg 479w, https:\/\/www.insuco.com\/wp-content\/uploads\/2023\/06\/1685527247407formation-400x250.jpeg 480w \" sizes=\"(max-width:479px) 479px, 100vw \"  width=\"400\" height=\"250\" \/><\/a><\/div>\n\t\t\t\t\t\t\t\t\t\t\t\t\t\t<h2 class=\"entry-title\">\n\t\t\t\t\t\t\t\t\t\t\t\t\t<a href=\"https:\/\/www.insuco.com\/en\/insuco-has-several-adaptive-continuous-learning-systems-in-place-for-its-teams\/\">Insuco has several adaptive continuous learning systems in place for its teams<\/a>\n\t\t\t\t\t\t\t\t\t\t\t<\/h2>\n\t\t\t\t\n\t\t\t\t\t<p class=\"post-meta\"><span class=\"published\">Jun 2023<\/span><\/p><div class=\"post-content\"><div class=\"post-content-inner\"><p>Avec l\u2019av\u00e8nement de l\u2019IA, investir dans la formation nous para\u00eet encore plus crucial pour amorcer les \u00e9volutions culturelles&#8230;<\/p>\n<\/div><\/div>\t\t\t\n\t\t\t<\/article>\n\t\t\t\t\n\t\t\t<article id=\"post-44455\" class=\"et_pb_post clearfix et_pb_blog_item_1_18 post-44455 post type-post status-publish format-standard has-post-thumbnail hentry category-news-from-insuco tag-anciens-articles-avec-builder-en\">\n\n\t\t\t\t<div class=\"et_pb_image_container\"><a href=\"https:\/\/www.insuco.com\/en\/paloma-breumier-appointed-as-technical-director-at-insuco-togo\/\" class=\"entry-featured-image-url\"><img loading=\"lazy\" decoding=\"async\" src=\"https:\/\/www.insuco.com\/wp-content\/uploads\/2023\/06\/paloma-400x250.jpeg\" alt=\"Paloma Breumier appointed as Technical Director at Insuco Togo\" class=\"\" srcset=\"https:\/\/www.insuco.com\/wp-content\/uploads\/2023\/06\/paloma.jpeg 479w, https:\/\/www.insuco.com\/wp-content\/uploads\/2023\/06\/paloma-400x250.jpeg 480w \" sizes=\"(max-width:479px) 479px, 100vw \"  width=\"400\" height=\"250\" \/><\/a><\/div>\n\t\t\t\t\t\t\t\t\t\t\t\t\t\t<h2 class=\"entry-title\">\n\t\t\t\t\t\t\t\t\t\t\t\t\t<a href=\"https:\/\/www.insuco.com\/en\/paloma-breumier-appointed-as-technical-director-at-insuco-togo\/\">Paloma Breumier appointed as Technical Director at Insuco Togo<\/a>\n\t\t\t\t\t\t\t\t\t\t\t<\/h2>\n\t\t\t\t\n\t\t\t\t\t<p class=\"post-meta\"><span class=\"published\">Jun 2023<\/span><\/p><div class=\"post-content\"><div class=\"post-content-inner\"><p>Paloma Breumier, apr\u00e8s voir occup\u00e9 le poste de Charg\u00e9e de projet puis de Directrice Technique Zone 2 du bureau Insuco\u00a0au Burkina Faso&#8230;<\/p>\n<\/div><\/div>\t\t\t\n\t\t\t<\/article>\n\t\t\t\t\n\t\t\t<article id=\"post-45375\" class=\"et_pb_post clearfix et_pb_blog_item_1_19 post-45375 post type-post status-publish format-standard has-post-thumbnail hentry category-news-from-insuco tag-anciens-articles-avec-builder-en\">\n\n\t\t\t\t<div class=\"et_pb_image_container\"><a href=\"https:\/\/www.insuco.com\/en\/technical-seminar-in-madagascar\/\" class=\"entry-featured-image-url\"><img loading=\"lazy\" decoding=\"async\" src=\"https:\/\/www.insuco.com\/wp-content\/uploads\/2023\/08\/DSC_0812-400x250.jpg\" alt=\"Technical seminar in Madagascar\" class=\"\" srcset=\"https:\/\/www.insuco.com\/wp-content\/uploads\/2023\/08\/DSC_0812-scaled.jpg 479w, https:\/\/www.insuco.com\/wp-content\/uploads\/2023\/08\/DSC_0812-400x250.jpg 480w \" sizes=\"(max-width:479px) 479px, 100vw \"  width=\"400\" height=\"250\" \/><\/a><\/div>\n\t\t\t\t\t\t\t\t\t\t\t\t\t\t<h2 class=\"entry-title\">\n\t\t\t\t\t\t\t\t\t\t\t\t\t<a href=\"https:\/\/www.insuco.com\/en\/technical-seminar-in-madagascar\/\">Technical seminar in Madagascar<\/a>\n\t\t\t\t\t\t\t\t\t\t\t<\/h2>\n\t\t\t\t\n\t\t\t\t\t<p class=\"post-meta\"><span class=\"published\">Mar 2023<\/span><\/p><div class=\"post-content\"><div class=\"post-content-inner\"><p>We organized a technical seminar in Madagascar in March 2023, bringing together INSUCO offices in Africa and Asia.<\/p>\n<\/div><\/div>\t\t\t\n\t\t\t<\/article>\n\t\t\t\t\n\t\t\t<article id=\"post-42980\" class=\"et_pb_post clearfix et_pb_blog_item_1_20 post-42980 post type-post status-publish format-standard has-post-thumbnail hentry category-news-from-insuco tag-anciens-articles-avec-builder-en\">\n\n\t\t\t\t<div class=\"et_pb_image_container\"><a href=\"https:\/\/www.insuco.com\/en\/arianna-espinosa-appointed-country-director-of-insuco-in-colombia\/\" class=\"entry-featured-image-url\"><img loading=\"lazy\" decoding=\"async\" src=\"https:\/\/www.insuco.com\/wp-content\/uploads\/2023\/03\/Foto-Arianna-Espinosa-2-400x250.jpeg\" alt=\"Arianna Espinosa appointed Country Director of Insuco in Colombia\" class=\"\" srcset=\"https:\/\/www.insuco.com\/wp-content\/uploads\/2023\/03\/Foto-Arianna-Espinosa-2.jpeg 479w, https:\/\/www.insuco.com\/wp-content\/uploads\/2023\/03\/Foto-Arianna-Espinosa-2-400x250.jpeg 480w \" sizes=\"(max-width:479px) 479px, 100vw \"  width=\"400\" height=\"250\" \/><\/a><\/div>\n\t\t\t\t\t\t\t\t\t\t\t\t\t\t<h2 class=\"entry-title\">\n\t\t\t\t\t\t\t\t\t\t\t\t\t<a href=\"https:\/\/www.insuco.com\/en\/arianna-espinosa-appointed-country-director-of-insuco-in-colombia\/\">Arianna Espinosa appointed Country Director of Insuco in Colombia<\/a>\n\t\t\t\t\t\t\t\t\t\t\t<\/h2>\n\t\t\t\t\n\t\t\t\t\t<p class=\"post-meta\"><span class=\"published\">Mar 2023<\/span><\/p><div class=\"post-content\"><div class=\"post-content-inner\"><p>Welcome to Arianna Espinosa, our new Country Director of Insuco Colombia&#8230;<\/p>\n<\/div><\/div>\t\t\t\n\t\t\t<\/article>\n\t\t\t\t\n\t\t\t<article id=\"post-42831\" class=\"et_pb_post clearfix et_pb_blog_item_1_21 post-42831 post type-post status-publish format-standard has-post-thumbnail hentry category-news-from-insuco category-on-the-front-page tag-anciens-articles-avec-builder-en\">\n\n\t\t\t\t<div class=\"et_pb_image_container\"><a href=\"https:\/\/www.insuco.com\/en\/fao-mobilizes-insuco-in-the-framework-of-the-project-a-partnership-for-marine-and-coastal-governance-and-fisheries-management-for-sustainable-blue-growth\/\" class=\"entry-featured-image-url\"><img loading=\"lazy\" decoding=\"async\" src=\"https:\/\/www.insuco.com\/wp-content\/uploads\/2023\/03\/FAO_Mada_PAP_Locaux_Localisation_Baies_Zoom_20230124-400x250.jpeg\" alt=\"FAO mobilizes Insuco in the framework of the project &#8220;A partnership for marine and coastal governance and fisheries management for sustainable blue growth&#8221;\" class=\"\" srcset=\"https:\/\/www.insuco.com\/wp-content\/uploads\/2023\/03\/FAO_Mada_PAP_Locaux_Localisation_Baies_Zoom_20230124.jpeg 479w, https:\/\/www.insuco.com\/wp-content\/uploads\/2023\/03\/FAO_Mada_PAP_Locaux_Localisation_Baies_Zoom_20230124-400x250.jpeg 480w \" sizes=\"(max-width:479px) 479px, 100vw \"  width=\"400\" height=\"250\" \/><\/a><\/div>\n\t\t\t\t\t\t\t\t\t\t\t\t\t\t<h2 class=\"entry-title\">\n\t\t\t\t\t\t\t\t\t\t\t\t\t<a href=\"https:\/\/www.insuco.com\/en\/fao-mobilizes-insuco-in-the-framework-of-the-project-a-partnership-for-marine-and-coastal-governance-and-fisheries-management-for-sustainable-blue-growth\/\">FAO mobilizes Insuco in the framework of the project &#8220;A partnership for marine and coastal governance and fisheries management for sustainable blue growth&#8221;<\/a>\n\t\t\t\t\t\t\t\t\t\t\t<\/h2>\n\t\t\t\t\n\t\t\t\t\t<p class=\"post-meta\"><span class=\"published\">Mar 2023<\/span><\/p><div class=\"post-content\"><div class=\"post-content-inner\"><p>FAO mobilizes Insuco to initiate dialogue and engage stakeholders&#8230;<\/p>\n<\/div><\/div>\t\t\t\n\t\t\t<\/article>\n\t\t\t\t\n\t\t\t<article id=\"post-42708\" class=\"et_pb_post clearfix et_pb_blog_item_1_22 post-42708 post type-post status-publish format-standard has-post-thumbnail hentry category-news-from-insuco tag-anciens-articles-avec-builder-en\">\n\n\t\t\t\t<div class=\"et_pb_image_container\"><a href=\"https:\/\/www.insuco.com\/en\/marco-alves-appointed-country-director-of-insuco-in-burkina-faso\/\" class=\"entry-featured-image-url\"><img loading=\"lazy\" decoding=\"async\" src=\"https:\/\/www.insuco.com\/wp-content\/uploads\/2023\/02\/alves-400x250.jpg\" alt=\"Marco Alves appointed Country Director of Insuco in Burkina Faso\" class=\"\" srcset=\"https:\/\/www.insuco.com\/wp-content\/uploads\/2023\/02\/alves.jpg 479w, https:\/\/www.insuco.com\/wp-content\/uploads\/2023\/02\/alves-400x250.jpg 480w \" sizes=\"(max-width:479px) 479px, 100vw \"  width=\"400\" height=\"250\" \/><\/a><\/div>\n\t\t\t\t\t\t\t\t\t\t\t\t\t\t<h2 class=\"entry-title\">\n\t\t\t\t\t\t\t\t\t\t\t\t\t<a href=\"https:\/\/www.insuco.com\/en\/marco-alves-appointed-country-director-of-insuco-in-burkina-faso\/\">Marco Alves appointed Country Director of Insuco in Burkina Faso<\/a>\n\t\t\t\t\t\t\t\t\t\t\t<\/h2>\n\t\t\t\t\n\t\t\t\t\t<p class=\"post-meta\"><span class=\"published\">Feb 2023<\/span><\/p><div class=\"post-content\"><div class=\"post-content-inner\"><p>Welcome to Marco Alves, our new Country Director in Burkina Faso&#8230;<\/p>\n<\/div><\/div>\t\t\t\n\t\t\t<\/article>\n\t\t\t\t\n\t\t\t<article id=\"post-42474\" class=\"et_pb_post clearfix et_pb_blog_item_1_23 post-42474 post type-post status-publish format-standard has-post-thumbnail hentry category-news-from-insuco tag-anciens-articles-avec-builder-en\">\n\n\t\t\t\t<div class=\"et_pb_image_container\"><a href=\"https:\/\/www.insuco.com\/en\/need-assessment-of-cbos-and-dpos-for-care-haiti\/\" class=\"entry-featured-image-url\"><img loading=\"lazy\" decoding=\"async\" src=\"https:\/\/www.insuco.com\/wp-content\/uploads\/2023\/01\/Diagnostic-des-capacite\u0301s-des-OCB-et-OPH-pour-Care-Hai\u0308ti-400x250.jpg\" alt=\"Need assessment of CBOs and DPOs for Care Ha\u00efti\" class=\"\" srcset=\"https:\/\/www.insuco.com\/wp-content\/uploads\/2023\/01\/Diagnostic-des-capacite\u0301s-des-OCB-et-OPH-pour-Care-Hai\u0308ti.jpg 479w, https:\/\/www.insuco.com\/wp-content\/uploads\/2023\/01\/Diagnostic-des-capacite\u0301s-des-OCB-et-OPH-pour-Care-Hai\u0308ti-400x250.jpg 480w \" sizes=\"(max-width:479px) 479px, 100vw \"  width=\"400\" height=\"250\" \/><\/a><\/div>\n\t\t\t\t\t\t\t\t\t\t\t\t\t\t<h2 class=\"entry-title\">\n\t\t\t\t\t\t\t\t\t\t\t\t\t<a href=\"https:\/\/www.insuco.com\/en\/need-assessment-of-cbos-and-dpos-for-care-haiti\/\">Need assessment of CBOs and DPOs for Care Ha\u00efti<\/a>\n\t\t\t\t\t\t\t\t\t\t\t<\/h2>\n\t\t\t\t\n\t\t\t\t\t<p class=\"post-meta\"><span class=\"published\">Jan 2023<\/span><\/p><div class=\"post-content\"><div class=\"post-content-inner\"><p>Care Haiti and group URD carried out the Vil Nou Pi B\u00e9l project in J\u00e9r\u00e9mie, between\u00a0&#8230;<\/p>\n<\/div><\/div>\t\t\t\n\t\t\t<\/article>\n\t\t\t\t\n\t\t\t<article id=\"post-42421\" class=\"et_pb_post clearfix et_pb_blog_item_1_24 post-42421 post type-post status-publish format-standard has-post-thumbnail hentry category-news-from-insuco tag-anciens-articles-avec-builder-en\">\n\n\t\t\t\t<div class=\"et_pb_image_container\"><a href=\"https:\/\/www.insuco.com\/en\/jean-laurent-lherisson-is-appointed-to-the-position-of-deputy-country-director-haiti\/\" class=\"entry-featured-image-url\"><img loading=\"lazy\" decoding=\"async\" src=\"https:\/\/www.insuco.com\/wp-content\/uploads\/2019\/10\/JeanLaurentLherisson-400x250.jpg\" alt=\"Jean-Laurent Lh\u00e9risson is appointed to the position of Deputy Country Director Ha\u00efti\" class=\"\" srcset=\"https:\/\/www.insuco.com\/wp-content\/uploads\/2019\/10\/JeanLaurentLherisson-e1678977527988.jpg 479w, https:\/\/www.insuco.com\/wp-content\/uploads\/2019\/10\/JeanLaurentLherisson-400x250.jpg 480w \" sizes=\"(max-width:479px) 479px, 100vw \"  width=\"400\" height=\"250\" \/><\/a><\/div>\n\t\t\t\t\t\t\t\t\t\t\t\t\t\t<h2 class=\"entry-title\">\n\t\t\t\t\t\t\t\t\t\t\t\t\t<a href=\"https:\/\/www.insuco.com\/en\/jean-laurent-lherisson-is-appointed-to-the-position-of-deputy-country-director-haiti\/\">Jean-Laurent Lh\u00e9risson is appointed to the position of Deputy Country Director Ha\u00efti<\/a>\n\t\t\t\t\t\t\t\t\t\t\t<\/h2>\n\t\t\t\t\n\t\t\t\t\t<p class=\"post-meta\"><span class=\"published\">Jan 2023<\/span><\/p><div class=\"post-content\"><div class=\"post-content-inner\"><p>\u00a0Congratulations to Jean-Laurent Lh\u00e9risson&#8230;<\/p>\n<\/div><\/div>\t\t\t\n\t\t\t<\/article>\n\t\t\t\t\n\t\t\t<article id=\"post-42280\" class=\"et_pb_post clearfix et_pb_blog_item_1_25 post-42280 post type-post status-publish format-standard has-post-thumbnail hentry category-news-from-insuco tag-anciens-articles-avec-builder-en\">\n\n\t\t\t\t<div class=\"et_pb_image_container\"><a href=\"https:\/\/www.insuco.com\/en\/presentation-of-the-first-atlas-and-diagnosis-of-the-menabe-region-at-the-blue-economy-cluster-madagascar\/\" class=\"entry-featured-image-url\"><img loading=\"lazy\" decoding=\"async\" src=\"https:\/\/www.insuco.com\/wp-content\/uploads\/2023\/01\/Photo_groupe_fin_atelier_091222.jpeg-400x250.jpg\" alt=\"Presentation of the first Atlas and Diagnosis of the Menabe region at the Blue Economy Cluster &#8211; Madagascar\" class=\"\" srcset=\"https:\/\/www.insuco.com\/wp-content\/uploads\/2023\/01\/Photo_groupe_fin_atelier_091222.jpeg.jpg 479w, https:\/\/www.insuco.com\/wp-content\/uploads\/2023\/01\/Photo_groupe_fin_atelier_091222.jpeg-400x250.jpg 480w \" sizes=\"(max-width:479px) 479px, 100vw \"  width=\"400\" height=\"250\" \/><\/a><\/div>\n\t\t\t\t\t\t\t\t\t\t\t\t\t\t<h2 class=\"entry-title\">\n\t\t\t\t\t\t\t\t\t\t\t\t\t<a href=\"https:\/\/www.insuco.com\/en\/presentation-of-the-first-atlas-and-diagnosis-of-the-menabe-region-at-the-blue-economy-cluster-madagascar\/\">Presentation of the first Atlas and Diagnosis of the Menabe region at the Blue Economy Cluster &#8211; Madagascar<\/a>\n\t\t\t\t\t\t\t\t\t\t\t<\/h2>\n\t\t\t\t\n\t\t\t\t\t<p class=\"post-meta\"><span class=\"published\">Jan 2023<\/span><\/p><div class=\"post-content\"><div class=\"post-content-inner\"><p>As part of the USAID HayTao programme, Insuco Madagascar presented the first Atlas and Diagnosis of the Menabe region&#8230;<\/p>\n<\/div><\/div>\t\t\t\n\t\t\t<\/article>\n\t\t\t\t\n\t\t\t<article id=\"post-41730\" class=\"et_pb_post clearfix et_pb_blog_item_1_26 post-41730 post type-post status-publish format-standard has-post-thumbnail hentry category-news-from-insuco tag-anciens-articles-avec-builder-en\">\n\n\t\t\t\t<div class=\"et_pb_image_container\"><a href=\"https:\/\/www.insuco.com\/en\/elaboration-of-the-childrens-situation-report-sitan-for-unicef-in-benin\/\" class=\"entry-featured-image-url\"><img loading=\"lazy\" decoding=\"async\" src=\"https:\/\/www.insuco.com\/wp-content\/uploads\/2022\/12\/provoost-400x250.jpg\" alt=\"Elaboration of the Children\u2019s Situation Report (SitAn) for UNICEF in Benin\" class=\"\" srcset=\"https:\/\/www.insuco.com\/wp-content\/uploads\/2022\/12\/provoost.jpg 479w, https:\/\/www.insuco.com\/wp-content\/uploads\/2022\/12\/provoost-400x250.jpg 480w \" sizes=\"(max-width:479px) 479px, 100vw \"  width=\"400\" height=\"250\" \/><\/a><\/div>\n\t\t\t\t\t\t\t\t\t\t\t\t\t\t<h2 class=\"entry-title\">\n\t\t\t\t\t\t\t\t\t\t\t\t\t<a href=\"https:\/\/www.insuco.com\/en\/elaboration-of-the-childrens-situation-report-sitan-for-unicef-in-benin\/\">Elaboration of the Children\u2019s Situation Report (SitAn) for UNICEF in Benin<\/a>\n\t\t\t\t\t\t\t\t\t\t\t<\/h2>\n\t\t\t\t\n\t\t\t\t\t<p class=\"post-meta\"><span class=\"published\">Dec 2022<\/span><\/p><div class=\"post-content\"><div class=\"post-content-inner\"><p>The Children\u2019s Situation Analysis (SitAn) is a regular study conducted by UNICEF&#8230;<\/p>\n<\/div><\/div>\t\t\t\n\t\t\t<\/article>\n\t\t\t\t\n\t\t\t<article id=\"post-41594\" class=\"et_pb_post clearfix et_pb_blog_item_1_27 post-41594 post type-post status-publish format-standard has-post-thumbnail hentry category-news-from-insuco tag-anciens-articles-avec-builder-en\">\n\n\t\t\t\t<div class=\"et_pb_image_container\"><a href=\"https:\/\/www.insuco.com\/en\/insuco-organized-from-22-to-26-november-a-training-integration-session-in-conakry-guinea\/\" class=\"entry-featured-image-url\"><img loading=\"lazy\" decoding=\"async\" src=\"https:\/\/www.insuco.com\/wp-content\/uploads\/2022\/11\/formation-1-400x250.jpeg\" alt=\"Insuco organized from 21 to 26 November a training\/integration session in Conakry, Guinea\" class=\"\" srcset=\"https:\/\/www.insuco.com\/wp-content\/uploads\/2022\/11\/formation-1.jpeg 479w, https:\/\/www.insuco.com\/wp-content\/uploads\/2022\/11\/formation-1-400x250.jpeg 480w \" sizes=\"(max-width:479px) 479px, 100vw \"  width=\"400\" height=\"250\" \/><\/a><\/div>\n\t\t\t\t\t\t\t\t\t\t\t\t\t\t<h2 class=\"entry-title\">\n\t\t\t\t\t\t\t\t\t\t\t\t\t<a href=\"https:\/\/www.insuco.com\/en\/insuco-organized-from-22-to-26-november-a-training-integration-session-in-conakry-guinea\/\">Insuco organized from 21 to 26 November a training\/integration session in Conakry, Guinea<\/a>\n\t\t\t\t\t\t\t\t\t\t\t<\/h2>\n\t\t\t\t\n\t\t\t\t\t<p class=\"post-meta\"><span class=\"published\">Nov 2022<\/span><\/p><div class=\"post-content\"><div class=\"post-content-inner\"><p>Insuco organized a training\/integration session at its Permanent Representation in Conakry&#8230;<\/p>\n<\/div><\/div>\t\t\t\n\t\t\t<\/article>\n\t\t\t\t\n\t\t\t<article id=\"post-41556\" class=\"et_pb_post clearfix et_pb_blog_item_1_28 post-41556 post type-post status-publish format-standard has-post-thumbnail hentry category-news-from-insuco tag-anciens-articles-avec-builder-en\">\n\n\t\t\t\t<div class=\"et_pb_image_container\"><a href=\"https:\/\/www.insuco.com\/en\/participation-of-pascal-rey-ceo-of-the-insuco-group-at-the-guinea-mines-symposium\/\" class=\"entry-featured-image-url\"><img loading=\"lazy\" decoding=\"async\" src=\"https:\/\/www.insuco.com\/wp-content\/uploads\/2022\/11\/pascal-2-400x250.jpg\" alt=\"Participation of Pascal Rey, CEO of the INSUCO Group, at the Guinea Mines Symposium\" class=\"\" srcset=\"https:\/\/www.insuco.com\/wp-content\/uploads\/2022\/11\/pascal-2.jpg 479w, https:\/\/www.insuco.com\/wp-content\/uploads\/2022\/11\/pascal-2-400x250.jpg 480w \" sizes=\"(max-width:479px) 479px, 100vw \"  width=\"400\" height=\"250\" \/><\/a><\/div>\n\t\t\t\t\t\t\t\t\t\t\t\t\t\t<h2 class=\"entry-title\">\n\t\t\t\t\t\t\t\t\t\t\t\t\t<a href=\"https:\/\/www.insuco.com\/en\/participation-of-pascal-rey-ceo-of-the-insuco-group-at-the-guinea-mines-symposium\/\">Participation of Pascal Rey, CEO of the INSUCO Group, at the Guinea Mines Symposium<\/a>\n\t\t\t\t\t\t\t\t\t\t\t<\/h2>\n\t\t\t\t\n\t\t\t\t\t<p class=\"post-meta\"><span class=\"published\">Nov 2022<\/span><\/p><div class=\"post-content\"><div class=\"post-content-inner\"><p>Pascal Rey, CEO of INSUCO Group, was invited by the Guinea Ministry of Mines and Geology&#8230;<\/p>\n<\/div><\/div>\t\t\t\n\t\t\t<\/article>\n\t\t\t\t\n\t\t\t<article id=\"post-41508\" class=\"et_pb_post clearfix et_pb_blog_item_1_29 post-41508 post type-post status-publish format-standard has-post-thumbnail hentry category-news-from-insuco tag-anciens-articles-avec-builder-en\">\n\n\t\t\t\t<div class=\"et_pb_image_container\"><a href=\"https:\/\/www.insuco.com\/en\/elaboration-of-the-livelihood-restoration-plan-lrp-in-abidjan-for-the-duval-group\/\" class=\"entry-featured-image-url\"><img loading=\"lazy\" decoding=\"async\" src=\"https:\/\/www.insuco.com\/wp-content\/uploads\/2022\/11\/daval-1-400x250.jpg\" alt=\"Elaboration of the Livelihood Restoration Plan (LRP) in Abidjan for the Duval Group\" class=\"\" srcset=\"https:\/\/www.insuco.com\/wp-content\/uploads\/2022\/11\/daval-1.jpg 479w, https:\/\/www.insuco.com\/wp-content\/uploads\/2022\/11\/daval-1-400x250.jpg 480w \" sizes=\"(max-width:479px) 479px, 100vw \"  width=\"400\" height=\"250\" \/><\/a><\/div>\n\t\t\t\t\t\t\t\t\t\t\t\t\t\t<h2 class=\"entry-title\">\n\t\t\t\t\t\t\t\t\t\t\t\t\t<a href=\"https:\/\/www.insuco.com\/en\/elaboration-of-the-livelihood-restoration-plan-lrp-in-abidjan-for-the-duval-group\/\">Elaboration of the Livelihood Restoration Plan (LRP) in Abidjan for the Duval Group<\/a>\n\t\t\t\t\t\t\t\t\t\t\t<\/h2>\n\t\t\t\t\n\t\t\t\t\t<p class=\"post-meta\"><span class=\"published\">Nov 2022<\/span><\/p><div class=\"post-content\"><div class=\"post-content-inner\"><p>Minimising the social impact of the development of a real estate project in an urban environment&#8230;<\/p>\n<\/div><\/div>\t\t\t\n\t\t\t<\/article>\n\t\t\t\t\n\t\t\t<article id=\"post-41451\" class=\"et_pb_post clearfix et_pb_blog_item_1_30 post-41451 post type-post status-publish format-standard has-post-thumbnail hentry category-news-from-insuco tag-anciens-articles-avec-builder-en\">\n\n\t\t\t\t<div class=\"et_pb_image_container\"><a href=\"https:\/\/www.insuco.com\/en\/pascal-rey-ceo-of-the-insuco-group-was-invited-by-the-guinean-government-to-intervene-in-the-land-general-states\/\" class=\"entry-featured-image-url\"><img loading=\"lazy\" decoding=\"async\" src=\"https:\/\/www.insuco.com\/wp-content\/uploads\/2022\/11\/etats-generaux-400x250.jpg\" alt=\"Pascal Rey, CEO of the Insuco group, was invited by the Guinean government to intervene in the Land General States\" class=\"\" srcset=\"https:\/\/www.insuco.com\/wp-content\/uploads\/2022\/11\/etats-generaux-scaled.jpg 479w, https:\/\/www.insuco.com\/wp-content\/uploads\/2022\/11\/etats-generaux-400x250.jpg 480w \" sizes=\"(max-width:479px) 479px, 100vw \"  width=\"400\" height=\"250\" \/><\/a><\/div>\n\t\t\t\t\t\t\t\t\t\t\t\t\t\t<h2 class=\"entry-title\">\n\t\t\t\t\t\t\t\t\t\t\t\t\t<a href=\"https:\/\/www.insuco.com\/en\/pascal-rey-ceo-of-the-insuco-group-was-invited-by-the-guinean-government-to-intervene-in-the-land-general-states\/\">Pascal Rey, CEO of the Insuco group, was invited by the Guinean government to intervene in the Land General States<\/a>\n\t\t\t\t\t\t\t\t\t\t\t<\/h2>\n\t\t\t\t\n\t\t\t\t\t<p class=\"post-meta\"><span class=\"published\">Nov 2022<\/span><\/p><div class=\"post-content\"><div class=\"post-content-inner\"><p>Pascal Rey was invited by the Guinean government&#8230;<\/p>\n<\/div><\/div>\t\t\t\n\t\t\t<\/article>\n\t\t\t\t\n\t\t\t<article id=\"post-41432\" class=\"et_pb_post clearfix et_pb_blog_item_1_31 post-41432 post type-post status-publish format-standard has-post-thumbnail hentry category-news-from-insuco tag-anciens-articles-avec-builder-en\">\n\n\t\t\t\t<div class=\"et_pb_image_container\"><a href=\"https:\/\/www.insuco.com\/en\/guillen-calvo-general-director-latin-america-caribbean-met-with-h-e-mockbul-ali-obe-his-majestys-ambassador-to-the-dominican-republic-and-non-resident-ambassador-to-the-republic-of-hait\/\" class=\"entry-featured-image-url\"><img loading=\"lazy\" decoding=\"async\" src=\"https:\/\/www.insuco.com\/wp-content\/uploads\/2022\/11\/guillen-400x250.jpeg\" alt=\"Guillen Calvo, General Director Latin America \/ Caribbean, met with H.E. Mockbul Ali OBE, His Majesty\u2019s Ambassador to the Dominican Republic and Non-Resident Ambassador to the Republic of Haiti\" class=\"\" srcset=\"https:\/\/www.insuco.com\/wp-content\/uploads\/2022\/11\/guillen.jpeg 479w, https:\/\/www.insuco.com\/wp-content\/uploads\/2022\/11\/guillen-400x250.jpeg 480w \" sizes=\"(max-width:479px) 479px, 100vw \"  width=\"400\" height=\"250\" \/><\/a><\/div>\n\t\t\t\t\t\t\t\t\t\t\t\t\t\t<h2 class=\"entry-title\">\n\t\t\t\t\t\t\t\t\t\t\t\t\t<a href=\"https:\/\/www.insuco.com\/en\/guillen-calvo-general-director-latin-america-caribbean-met-with-h-e-mockbul-ali-obe-his-majestys-ambassador-to-the-dominican-republic-and-non-resident-ambassador-to-the-republic-of-hait\/\">Guillen Calvo, General Director Latin America \/ Caribbean, met with H.E. Mockbul Ali OBE, His Majesty\u2019s Ambassador to the Dominican Republic and Non-Resident Ambassador to the Republic of Haiti<\/a>\n\t\t\t\t\t\t\t\t\t\t\t<\/h2>\n\t\t\t\t\n\t\t\t\t\t<p class=\"post-meta\"><span class=\"published\">Nov 2022<\/span><\/p><div class=\"post-content\"><div class=\"post-content-inner\"><p>As part of Guillen Calvo\u2019s visit to the Dominican Republic&#8230;<\/p>\n<\/div><\/div>\t\t\t\n\t\t\t<\/article>\n\t\t\t\t\n\t\t\t<article id=\"post-41378\" class=\"et_pb_post clearfix et_pb_blog_item_1_32 post-41378 post type-post status-publish format-standard has-post-thumbnail hentry category-news-from-insuco tag-anciens-articles-avec-builder-en\">\n\n\t\t\t\t<div class=\"et_pb_image_container\"><a href=\"https:\/\/www.insuco.com\/en\/valeria-arcos-hervas-country-director-ecuador-will-lead-a-panel-at-the-second-esg-sustainability-forum\/\" class=\"entry-featured-image-url\"><img loading=\"lazy\" decoding=\"async\" src=\"https:\/\/www.insuco.com\/wp-content\/uploads\/2022\/11\/equateur-400x250.jpeg\" alt=\"Valeria Arcos Hervas, Country Director Ecuador , will lead a panel at the second ESG &#038; SUSTAINABILITY Forum\" class=\"\" srcset=\"https:\/\/www.insuco.com\/wp-content\/uploads\/2022\/11\/equateur.jpeg 479w, https:\/\/www.insuco.com\/wp-content\/uploads\/2022\/11\/equateur-400x250.jpeg 480w \" sizes=\"(max-width:479px) 479px, 100vw \"  width=\"400\" height=\"250\" \/><\/a><\/div>\n\t\t\t\t\t\t\t\t\t\t\t\t\t\t<h2 class=\"entry-title\">\n\t\t\t\t\t\t\t\t\t\t\t\t\t<a href=\"https:\/\/www.insuco.com\/en\/valeria-arcos-hervas-country-director-ecuador-will-lead-a-panel-at-the-second-esg-sustainability-forum\/\">Valeria Arcos Hervas, Country Director Ecuador , will lead a panel at the second ESG &#038; SUSTAINABILITY Forum<\/a>\n\t\t\t\t\t\t\t\t\t\t\t<\/h2>\n\t\t\t\t\n\t\t\t\t\t<p class=\"post-meta\"><span class=\"published\">Nov 2022<\/span><\/p><div class=\"post-content\"><div class=\"post-content-inner\"><p>Valeria Arcos Hervas, Country Director Ecuador , will lead the panel&#8230;<\/p>\n<\/div><\/div>\t\t\t\n\t\t\t<\/article>\n\t\t\t\t\n\t\t\t<article id=\"post-41297\" class=\"et_pb_post clearfix et_pb_blog_item_1_33 post-41297 post type-post status-publish format-standard has-post-thumbnail hentry category-news-from-insuco tag-anciens-articles-avec-builder-en\">\n\n\t\t\t\t<div class=\"et_pb_image_container\"><a href=\"https:\/\/www.insuco.com\/en\/insuco-guineas-intervention-for-the-enabel-green-economy-project-in-the-kindia-region\/\" class=\"entry-featured-image-url\"><img loading=\"lazy\" decoding=\"async\" src=\"https:\/\/www.insuco.com\/wp-content\/uploads\/2022\/11\/gangan-400x250.jpg\" alt=\"INSUCO Guinea\u2019s intervention for the Enabel Green Economy project in the Kindia Region\" class=\"\" srcset=\"https:\/\/www.insuco.com\/wp-content\/uploads\/2022\/11\/gangan.jpg 479w, https:\/\/www.insuco.com\/wp-content\/uploads\/2022\/11\/gangan-400x250.jpg 480w \" sizes=\"(max-width:479px) 479px, 100vw \"  width=\"400\" height=\"250\" \/><\/a><\/div>\n\t\t\t\t\t\t\t\t\t\t\t\t\t\t<h2 class=\"entry-title\">\n\t\t\t\t\t\t\t\t\t\t\t\t\t<a href=\"https:\/\/www.insuco.com\/en\/insuco-guineas-intervention-for-the-enabel-green-economy-project-in-the-kindia-region\/\">INSUCO Guinea\u2019s intervention for the Enabel Green Economy project in the Kindia Region<\/a>\n\t\t\t\t\t\t\t\t\t\t\t<\/h2>\n\t\t\t\t\n\t\t\t\t\t<p class=\"post-meta\"><span class=\"published\">Nov 2022<\/span><\/p><div class=\"post-content\"><div class=\"post-content-inner\"><p>INSUCO Guinea intervened in October 2022 for the Green Economy of Enabel project funded by the Kingdom of Belgium&#8230;<\/p>\n<\/div><\/div>\t\t\t\n\t\t\t<\/article>\n\t\t\t\t\n\t\t\t<article id=\"post-41264\" class=\"et_pb_post clearfix et_pb_blog_item_1_34 post-41264 post type-post status-publish format-standard has-post-thumbnail hentry category-news-from-insuco tag-anciens-articles-avec-builder-en\">\n\n\t\t\t\t<div class=\"et_pb_image_container\"><a href=\"https:\/\/www.insuco.com\/en\/smg-2022-in-conakry-insuco-provided-a-training-on-environmental-and-social-standards-in-the-mining-sector\/\" class=\"entry-featured-image-url\"><img loading=\"lazy\" decoding=\"async\" src=\"https:\/\/www.insuco.com\/wp-content\/uploads\/2022\/11\/minier-1-400x250.jpg\" alt=\"SMG 2022 in Conakry: Insuco provided a training on environmental and social standards in the mining sector\" class=\"\" srcset=\"https:\/\/www.insuco.com\/wp-content\/uploads\/2022\/11\/minier-1.jpg 479w, https:\/\/www.insuco.com\/wp-content\/uploads\/2022\/11\/minier-1-400x250.jpg 480w \" sizes=\"(max-width:479px) 479px, 100vw \"  width=\"400\" height=\"250\" \/><\/a><\/div>\n\t\t\t\t\t\t\t\t\t\t\t\t\t\t<h2 class=\"entry-title\">\n\t\t\t\t\t\t\t\t\t\t\t\t\t<a href=\"https:\/\/www.insuco.com\/en\/smg-2022-in-conakry-insuco-provided-a-training-on-environmental-and-social-standards-in-the-mining-sector\/\">SMG 2022 in Conakry: Insuco provided a training on environmental and social standards in the mining sector<\/a>\n\t\t\t\t\t\t\t\t\t\t\t<\/h2>\n\t\t\t\t\n\t\t\t\t\t<p class=\"post-meta\"><span class=\"published\">Nov 2022<\/span><\/p><div class=\"post-content\"><div class=\"post-content-inner\"><p>As part of the mining symposium in Conakry, with more than 120 projects&#8230;<\/p>\n<\/div><\/div>\t\t\t\n\t\t\t<\/article>\n\t\t\t\t\n\t\t\t<article id=\"post-41181\" class=\"et_pb_post clearfix et_pb_blog_item_1_35 post-41181 post type-post status-publish format-standard has-post-thumbnail hentry category-news-from-insuco tag-anciens-articles-avec-builder-en\">\n\n\t\t\t\t<div class=\"et_pb_image_container\"><a href=\"https:\/\/www.insuco.com\/en\/margot-petitpierre-general-manager-asia-participated-in-an-exclusive-event-organised-by-the-ccifc-and-britcham-in-phnom-penh\/\" class=\"entry-featured-image-url\"><img loading=\"lazy\" decoding=\"async\" src=\"https:\/\/www.insuco.com\/wp-content\/uploads\/2022\/11\/Britcham-400x250.png\" alt=\"Margot Petitpierre, General Manager Asia, participated in an exclusive event organised by the CCIFC and BritCham in Phnom Penh\" class=\"\" srcset=\"https:\/\/www.insuco.com\/wp-content\/uploads\/2022\/11\/Britcham.png 479w, https:\/\/www.insuco.com\/wp-content\/uploads\/2022\/11\/Britcham-400x250.png 480w \" sizes=\"(max-width:479px) 479px, 100vw \"  width=\"400\" height=\"250\" \/><\/a><\/div>\n\t\t\t\t\t\t\t\t\t\t\t\t\t\t<h2 class=\"entry-title\">\n\t\t\t\t\t\t\t\t\t\t\t\t\t<a href=\"https:\/\/www.insuco.com\/en\/margot-petitpierre-general-manager-asia-participated-in-an-exclusive-event-organised-by-the-ccifc-and-britcham-in-phnom-penh\/\">Margot Petitpierre, General Manager Asia, participated in an exclusive event organised by the CCIFC and BritCham in Phnom Penh<\/a>\n\t\t\t\t\t\t\t\t\t\t\t<\/h2>\n\t\t\t\t\n\t\t\t\t\t<p class=\"post-meta\"><span class=\"published\">Nov 2022<\/span><\/p><div class=\"post-content\"><div class=\"post-content-inner\"><p>Margot Petitpierre, General Manager Asia, participated in an exclusive event organised on October 27, 2022 by the French Chamber of Commerce and Industry in Cambodia (CCIFC)&#8230;<\/p>\n<\/div><\/div>\t\t\t\n\t\t\t<\/article>\n\t\t\t\t\n\t\t\t<article id=\"post-41150\" class=\"et_pb_post clearfix et_pb_blog_item_1_36 post-41150 post type-post status-publish format-standard has-post-thumbnail hentry category-news-from-insuco tag-anciens-articles-avec-builder-en\">\n\n\t\t\t\t<div class=\"et_pb_image_container\"><a href=\"https:\/\/www.insuco.com\/en\/insuco-brings-a-new-view-on-the-precarious-neighbourhoods-of-antananarivo\/\" class=\"entry-featured-image-url\"><img loading=\"lazy\" decoding=\"async\" src=\"https:\/\/www.insuco.com\/wp-content\/uploads\/2022\/11\/WhatsApp_Image_2022-11-02_at_13.53.58-400x250.jpeg\" alt=\"Insuco brings a new view on the precarious neighbourhoods of Antananarivo\" class=\"\" srcset=\"https:\/\/www.insuco.com\/wp-content\/uploads\/2022\/11\/WhatsApp_Image_2022-11-02_at_13.53.58.jpeg 479w, https:\/\/www.insuco.com\/wp-content\/uploads\/2022\/11\/WhatsApp_Image_2022-11-02_at_13.53.58-400x250.jpeg 480w \" sizes=\"(max-width:479px) 479px, 100vw \"  width=\"400\" height=\"250\" \/><\/a><\/div>\n\t\t\t\t\t\t\t\t\t\t\t\t\t\t<h2 class=\"entry-title\">\n\t\t\t\t\t\t\t\t\t\t\t\t\t<a href=\"https:\/\/www.insuco.com\/en\/insuco-brings-a-new-view-on-the-precarious-neighbourhoods-of-antananarivo\/\">Insuco brings a new view on the precarious neighbourhoods of Antananarivo<\/a>\n\t\t\t\t\t\t\t\t\t\t\t<\/h2>\n\t\t\t\t\n\t\t\t\t\t<p class=\"post-meta\"><span class=\"published\">Nov 2022<\/span><\/p><div class=\"post-content\"><div class=\"post-content-inner\"><p>As part of the implementation of the &#8220;Dignified Housing for All&#8221; project, the Cota design office and the Abb\u00e9 Pierre Foundation have asked Insuco to support the AFM&#8230;<\/p>\n<\/div><\/div>\t\t\t\n\t\t\t<\/article>\n\t\t\t\t\n\t\t\t<article id=\"post-41115\" class=\"et_pb_post clearfix et_pb_blog_item_1_37 post-41115 post type-post status-publish format-standard has-post-thumbnail hentry category-news-from-insuco tag-anciens-articles-avec-builder-en\">\n\n\t\t\t\t<div class=\"et_pb_image_container\"><a href=\"https:\/\/www.insuco.com\/en\/helene-cheron-kientega-is-appointed-executive-director-africa\/\" class=\"entry-featured-image-url\"><img loading=\"lazy\" decoding=\"async\" src=\"https:\/\/www.insuco.com\/wp-content\/uploads\/2022\/11\/Helene-1-news-400x250.jpg\" alt=\"HELENE CHERON-KIENTEGA is appointed Executive Director Africa\" class=\"\" srcset=\"https:\/\/www.insuco.com\/wp-content\/uploads\/2022\/11\/Helene-1-news.jpg 479w, https:\/\/www.insuco.com\/wp-content\/uploads\/2022\/11\/Helene-1-news-400x250.jpg 480w \" sizes=\"(max-width:479px) 479px, 100vw \"  width=\"400\" height=\"250\" \/><\/a><\/div>\n\t\t\t\t\t\t\t\t\t\t\t\t\t\t<h2 class=\"entry-title\">\n\t\t\t\t\t\t\t\t\t\t\t\t\t<a href=\"https:\/\/www.insuco.com\/en\/helene-cheron-kientega-is-appointed-executive-director-africa\/\">HELENE CHERON-KIENTEGA is appointed Executive Director Africa<\/a>\n\t\t\t\t\t\t\t\t\t\t\t<\/h2>\n\t\t\t\t\n\t\t\t\t\t<p class=\"post-meta\"><span class=\"published\">Nov 2022<\/span><\/p><div class=\"post-content\"><div class=\"post-content-inner\"><p>Congratulations to H\u00e9l\u00e8ne Ch\u00e9ron-Kient\u00e9ga who will take on the new role of Executive Director Africa&#8230;<\/p>\n<\/div><\/div>\t\t\t\n\t\t\t<\/article>\n\t\t\t\t\n\t\t\t<article id=\"post-40907\" class=\"et_pb_post clearfix et_pb_blog_item_1_38 post-40907 post type-post status-publish format-standard has-post-thumbnail hentry category-news-from-insuco tag-anciens-articles-avec-builder-en\">\n\n\t\t\t\t<div class=\"et_pb_image_container\"><a href=\"https:\/\/www.insuco.com\/en\/insuco-cambodia-the-latest-addition-to-the-group\/\" class=\"entry-featured-image-url\"><img loading=\"lazy\" decoding=\"async\" src=\"https:\/\/www.insuco.com\/wp-content\/uploads\/2022\/10\/bureau-cambodge-400x250.jpg\" alt=\"INSUCO Cambodia: the latest addition to the Group!\" class=\"\" srcset=\"https:\/\/www.insuco.com\/wp-content\/uploads\/2022\/10\/bureau-cambodge.jpg 479w, https:\/\/www.insuco.com\/wp-content\/uploads\/2022\/10\/bureau-cambodge-400x250.jpg 480w \" sizes=\"(max-width:479px) 479px, 100vw \"  width=\"400\" height=\"250\" \/><\/a><\/div>\n\t\t\t\t\t\t\t\t\t\t\t\t\t\t<h2 class=\"entry-title\">\n\t\t\t\t\t\t\t\t\t\t\t\t\t<a href=\"https:\/\/www.insuco.com\/en\/insuco-cambodia-the-latest-addition-to-the-group\/\">INSUCO Cambodia: the latest addition to the Group!<\/a>\n\t\t\t\t\t\t\t\t\t\t\t<\/h2>\n\t\t\t\t\n\t\t\t\t\t<p class=\"post-meta\"><span class=\"published\">Oct 2022<\/span><\/p><div class=\"post-content\"><div class=\"post-content-inner\"><p>We are very pleased to announce that our first Asian office opened in Phnom Penh\u00a0&#8230;<\/p>\n<\/div><\/div>\t\t\t\n\t\t\t<\/article>\n\t\t\t\t\n\t\t\t<article id=\"post-40852\" class=\"et_pb_post clearfix et_pb_blog_item_1_39 post-40852 post type-post status-publish format-standard has-post-thumbnail hentry category-news-from-insuco tag-anciens-articles-avec-builder-en\">\n\n\t\t\t\t<div class=\"et_pb_image_container\"><a href=\"https:\/\/www.insuco.com\/en\/nsuco-intervened-in-a-process-of-participatory-diagnosis-and-planning-of-forest-spaces-in-burkina-faso\/\" class=\"entry-featured-image-url\"><img loading=\"lazy\" decoding=\"async\" src=\"https:\/\/www.insuco.com\/wp-content\/uploads\/2022\/10\/BF-Foret-1-400x250.jpg\" alt=\"Insuco intervened in a process of participatory diagnosis and planning of forest spaces in Burkina Faso\" class=\"\" srcset=\"https:\/\/www.insuco.com\/wp-content\/uploads\/2022\/10\/BF-Foret-1.jpg 479w, https:\/\/www.insuco.com\/wp-content\/uploads\/2022\/10\/BF-Foret-1-400x250.jpg 480w \" sizes=\"(max-width:479px) 479px, 100vw \"  width=\"400\" height=\"250\" \/><\/a><\/div>\n\t\t\t\t\t\t\t\t\t\t\t\t\t\t<h2 class=\"entry-title\">\n\t\t\t\t\t\t\t\t\t\t\t\t\t<a href=\"https:\/\/www.insuco.com\/en\/nsuco-intervened-in-a-process-of-participatory-diagnosis-and-planning-of-forest-spaces-in-burkina-faso\/\">Insuco intervened in a process of participatory diagnosis and planning of forest spaces in Burkina Faso<\/a>\n\t\t\t\t\t\t\t\t\t\t\t<\/h2>\n\t\t\t\t\n\t\t\t\t\t<p class=\"post-meta\"><span class=\"published\">Oct 2022<\/span><\/p><div class=\"post-content\"><div class=\"post-content-inner\"><p>Do you know that in Burkina Faso the forest represents around 25% of the national territory&#8230;<\/p>\n<\/div><\/div>\t\t\t\n\t\t\t<\/article>\n\t\t\t\t\n\t\t\t<article id=\"post-40830\" class=\"et_pb_post clearfix et_pb_blog_item_1_40 post-40830 post type-post status-publish format-standard has-post-thumbnail hentry category-news-from-insuco tag-anciens-articles-avec-builder-en\">\n\n\t\t\t\t<div class=\"et_pb_image_container\"><a href=\"https:\/\/www.insuco.com\/en\/guillen-calvo-director-latin-america-and-caribbean-of-insuco-participated-in-a-round-table-on-mining-and-territorial-development-at-the-perumin-mining-convention\/\" class=\"entry-featured-image-url\"><img loading=\"lazy\" decoding=\"async\" src=\"https:\/\/www.insuco.com\/wp-content\/uploads\/2022\/10\/guillen-1-400x250.jpg\" alt=\"Guill\u00e9n Calvo, Director Latin America and Caribbean of INSUCO, participated in a round table on mining and territorial development at the PERUMIN mining convention\" class=\"\" srcset=\"https:\/\/www.insuco.com\/wp-content\/uploads\/2022\/10\/guillen-1.jpg 479w, https:\/\/www.insuco.com\/wp-content\/uploads\/2022\/10\/guillen-1-400x250.jpg 480w \" sizes=\"(max-width:479px) 479px, 100vw \"  width=\"400\" height=\"250\" \/><\/a><\/div>\n\t\t\t\t\t\t\t\t\t\t\t\t\t\t<h2 class=\"entry-title\">\n\t\t\t\t\t\t\t\t\t\t\t\t\t<a href=\"https:\/\/www.insuco.com\/en\/guillen-calvo-director-latin-america-and-caribbean-of-insuco-participated-in-a-round-table-on-mining-and-territorial-development-at-the-perumin-mining-convention\/\">Guill\u00e9n Calvo, Director Latin America and Caribbean of INSUCO, participated in a round table on mining and territorial development at the PERUMIN mining convention<\/a>\n\t\t\t\t\t\t\t\t\t\t\t<\/h2>\n\t\t\t\t\n\t\t\t\t\t<p class=\"post-meta\"><span class=\"published\">Oct 2022<\/span><\/p><div class=\"post-content\"><div class=\"post-content-inner\"><p>Guillen Calvo, INSUCO\u2019s Latin America and Caribbean Director, participated in PERUMIN Mining Convention&#8230;<\/p>\n<\/div><\/div>\t\t\t\n\t\t\t<\/article>\n\t\t\t\t\n\t\t\t<article id=\"post-40809\" class=\"et_pb_post clearfix et_pb_blog_item_1_41 post-40809 post type-post status-publish format-standard has-post-thumbnail hentry category-news-from-insuco tag-anciens-articles-avec-builder-en\">\n\n\t\t\t\t<div class=\"et_pb_image_container\"><a href=\"https:\/\/www.insuco.com\/en\/insuco-haiti-conducted-a-diagnostic-on-the-capacity-building-process-of-the-vil-nou-pi-bel-project\/\" class=\"entry-featured-image-url\"><img loading=\"lazy\" decoding=\"async\" src=\"https:\/\/www.insuco.com\/wp-content\/uploads\/2022\/10\/Haiti-400x250.jpg\" alt=\"Insuco Haiti conducted a diagnostic on the capacity building process of the Vil Nou Pi B\u00e8l project\" class=\"\" srcset=\"https:\/\/www.insuco.com\/wp-content\/uploads\/2022\/10\/Haiti.jpg 479w, https:\/\/www.insuco.com\/wp-content\/uploads\/2022\/10\/Haiti-400x250.jpg 480w \" sizes=\"(max-width:479px) 479px, 100vw \"  width=\"400\" height=\"250\" \/><\/a><\/div>\n\t\t\t\t\t\t\t\t\t\t\t\t\t\t<h2 class=\"entry-title\">\n\t\t\t\t\t\t\t\t\t\t\t\t\t<a href=\"https:\/\/www.insuco.com\/en\/insuco-haiti-conducted-a-diagnostic-on-the-capacity-building-process-of-the-vil-nou-pi-bel-project\/\">Insuco Haiti conducted a diagnostic on the capacity building process of the Vil Nou Pi B\u00e8l project<\/a>\n\t\t\t\t\t\t\t\t\t\t\t<\/h2>\n\t\t\t\t\n\t\t\t\t\t<p class=\"post-meta\"><span class=\"published\">Oct 2022<\/span><\/p><div class=\"post-content\"><div class=\"post-content-inner\"><p>Insuco Haiti carried out a mission to J\u00e9r\u00e9mie as part of the capacity diagnosis of local Civil Society Organizations&#8230;<\/p>\n<\/div><\/div>\t\t\t\n\t\t\t<\/article>\n\t\t\t\t\n\t\t\t<article id=\"post-40741\" class=\"et_pb_post clearfix et_pb_blog_item_1_42 post-40741 post type-post status-publish format-standard has-post-thumbnail hentry category-news-from-insuco category-nouvelles-dinsuco tag-anciens-articles-avec-builder-en\">\n\n\t\t\t\t<div class=\"et_pb_image_container\"><a href=\"https:\/\/www.insuco.com\/en\/insuco-supports-the-emergence-of-new-dynamics-at-the-national-csr-show-in-madagascar\/\" class=\"entry-featured-image-url\"><img loading=\"lazy\" decoding=\"async\" src=\"https:\/\/www.insuco.com\/wp-content\/uploads\/2022\/09\/7e_edition_salon-400x250.jpeg\" alt=\"INSUCO supports the emergence of new dynamics at the national CSR show in Madagascar\" class=\"\" srcset=\"https:\/\/www.insuco.com\/wp-content\/uploads\/2022\/09\/7e_edition_salon.jpeg 479w, https:\/\/www.insuco.com\/wp-content\/uploads\/2022\/09\/7e_edition_salon-400x250.jpeg 480w \" sizes=\"(max-width:479px) 479px, 100vw \"  width=\"400\" height=\"250\" \/><\/a><\/div>\n\t\t\t\t\t\t\t\t\t\t\t\t\t\t<h2 class=\"entry-title\">\n\t\t\t\t\t\t\t\t\t\t\t\t\t<a href=\"https:\/\/www.insuco.com\/en\/insuco-supports-the-emergence-of-new-dynamics-at-the-national-csr-show-in-madagascar\/\">INSUCO supports the emergence of new dynamics at the national CSR show in Madagascar<\/a>\n\t\t\t\t\t\t\t\t\t\t\t<\/h2>\n\t\t\t\t\n\t\t\t\t\t<p class=\"post-meta\"><span class=\"published\">Sep 2022<\/span><\/p><div class=\"post-content\"><div class=\"post-content-inner\"><p>Insuco supports companies and funders in the social sustainability of their activities and investments&#8230;<\/p>\n<\/div><\/div>\t\t\t\n\t\t\t<\/article>\n\t\t\t\t\n\t\t\t<article id=\"post-40678\" class=\"et_pb_post clearfix et_pb_blog_item_1_43 post-40678 post type-post status-publish format-standard has-post-thumbnail hentry category-news-from-insuco tag-anciens-articles-avec-builder-en\">\n\n\t\t\t\t<div class=\"et_pb_image_container\"><a href=\"https:\/\/www.insuco.com\/en\/insuco-is-mobilized-on-the-implementation-of-the-resettlement-action-plan-of-boulevard-du-port-vridi-petit-bassam-in-abidjan-ivory-coast\/\" class=\"entry-featured-image-url\"><img loading=\"lazy\" decoding=\"async\" src=\"https:\/\/www.insuco.com\/wp-content\/uploads\/2022\/09\/Abidjan-400x250.jpg\" alt=\"INSUCO is mobilized on the implementation of the Resettlement Action Plan of Boulevard du Port- Vridi &#8211; Petit Bassam in Abidjan &#8211; Ivory Coast\" class=\"\" srcset=\"https:\/\/www.insuco.com\/wp-content\/uploads\/2022\/09\/Abidjan.jpg 479w, https:\/\/www.insuco.com\/wp-content\/uploads\/2022\/09\/Abidjan-400x250.jpg 480w \" sizes=\"(max-width:479px) 479px, 100vw \"  width=\"400\" height=\"250\" \/><\/a><\/div>\n\t\t\t\t\t\t\t\t\t\t\t\t\t\t<h2 class=\"entry-title\">\n\t\t\t\t\t\t\t\t\t\t\t\t\t<a href=\"https:\/\/www.insuco.com\/en\/insuco-is-mobilized-on-the-implementation-of-the-resettlement-action-plan-of-boulevard-du-port-vridi-petit-bassam-in-abidjan-ivory-coast\/\">INSUCO is mobilized on the implementation of the Resettlement Action Plan of Boulevard du Port- Vridi &#8211; Petit Bassam in Abidjan &#8211; Ivory Coast<\/a>\n\t\t\t\t\t\t\t\t\t\t\t<\/h2>\n\t\t\t\t\n\t\t\t\t\t<p class=\"post-meta\"><span class=\"published\">Sep 2022<\/span><\/p><div class=\"post-content\"><div class=\"post-content-inner\"><p>Insuco Burkina Faso, with its Ivorian partner SEM International, has been working since July 2022&#8230;<\/p>\n<\/div><\/div>\t\t\t\n\t\t\t<\/article>\n\t\t\t\t\n\t\t\t<article id=\"post-40598\" class=\"et_pb_post clearfix et_pb_blog_item_1_44 post-40598 post type-post status-publish format-standard has-post-thumbnail hentry category-news-from-insuco tag-anciens-articles-avec-builder-en\">\n\n\t\t\t\t<div class=\"et_pb_image_container\"><a href=\"https:\/\/www.insuco.com\/en\/insuco-conducted-environmental-and-social-impact-studies-for-a-project-to-build-and-operate-photovoltaic-power-plants-in-benin\/\" class=\"entry-featured-image-url\"><img loading=\"lazy\" decoding=\"async\" src=\"https:\/\/www.insuco.com\/wp-content\/uploads\/2022\/09\/Benin-2-400x250.png\" alt=\"INSUCO conducted environmental and social impact studies for a project to build and operate photovoltaic power plants in Benin\" class=\"\" srcset=\"https:\/\/www.insuco.com\/wp-content\/uploads\/2022\/09\/Benin-2.png 479w, https:\/\/www.insuco.com\/wp-content\/uploads\/2022\/09\/Benin-2-400x250.png 480w \" sizes=\"(max-width:479px) 479px, 100vw \"  width=\"400\" height=\"250\" \/><\/a><\/div>\n\t\t\t\t\t\t\t\t\t\t\t\t\t\t<h2 class=\"entry-title\">\n\t\t\t\t\t\t\t\t\t\t\t\t\t<a href=\"https:\/\/www.insuco.com\/en\/insuco-conducted-environmental-and-social-impact-studies-for-a-project-to-build-and-operate-photovoltaic-power-plants-in-benin\/\">INSUCO conducted environmental and social impact studies for a project to build and operate photovoltaic power plants in Benin<\/a>\n\t\t\t\t\t\t\t\t\t\t\t<\/h2>\n\t\t\t\t\n\t\t\t\t\t<p class=\"post-meta\"><span class=\"published\">Sep 2022<\/span><\/p><div class=\"post-content\"><div class=\"post-content-inner\"><p>Insuco was mobilized to carry out four environmental and social impact studies&#8230;<\/p>\n<\/div><\/div>\t\t\t\n\t\t\t<\/article>\n\t\t\t\t\n\t\t\t<article id=\"post-40433\" class=\"et_pb_post clearfix et_pb_blog_item_1_45 post-40433 post type-post status-publish format-standard has-post-thumbnail hentry category-news-from-insuco tag-anciens-articles-avec-builder-en\">\n\n\t\t\t\t<div class=\"et_pb_image_container\"><a href=\"https:\/\/www.insuco.com\/en\/giselle-deno-is-appointed-country-director-in-the-dominican-republic\/\" class=\"entry-featured-image-url\"><img loading=\"lazy\" decoding=\"async\" src=\"https:\/\/www.insuco.com\/wp-content\/uploads\/2022\/09\/DENO_Giselle_Photo-2-400x250.jpg\" alt=\"GISELLE DE\u00d1O is appointed  Country Director in the Dominican Republic\" class=\"\" srcset=\"https:\/\/www.insuco.com\/wp-content\/uploads\/2022\/09\/DENO_Giselle_Photo-2.jpg 479w, https:\/\/www.insuco.com\/wp-content\/uploads\/2022\/09\/DENO_Giselle_Photo-2-400x250.jpg 480w \" sizes=\"(max-width:479px) 479px, 100vw \"  width=\"400\" height=\"250\" \/><\/a><\/div>\n\t\t\t\t\t\t\t\t\t\t\t\t\t\t<h2 class=\"entry-title\">\n\t\t\t\t\t\t\t\t\t\t\t\t\t<a href=\"https:\/\/www.insuco.com\/en\/giselle-deno-is-appointed-country-director-in-the-dominican-republic\/\">GISELLE DE\u00d1O is appointed  Country Director in the Dominican Republic<\/a>\n\t\t\t\t\t\t\t\t\t\t\t<\/h2>\n\t\t\t\t\n\t\t\t\t\t<p class=\"post-meta\"><span class=\"published\">Sep 2022<\/span><\/p><div class=\"post-content\"><div class=\"post-content-inner\"><p>Congratulations to Giselle De\u00f1o who will take on the\u00a0new role of Country Director in the Dominican Republic&#8230;<\/p>\n<\/div><\/div>\t\t\t\n\t\t\t<\/article>\n\t\t\t\t\n\t\t\t<article id=\"post-40413\" class=\"et_pb_post clearfix et_pb_blog_item_1_46 post-40413 post type-post status-publish format-standard has-post-thumbnail hentry category-news-from-insuco tag-anciens-articles-avec-builder-en\">\n\n\t\t\t\t<div class=\"et_pb_image_container\"><a href=\"https:\/\/www.insuco.com\/en\/ccaroline-lemesre-is-appointed-country-director-guinea\/\" class=\"entry-featured-image-url\"><img loading=\"lazy\" decoding=\"async\" src=\"https:\/\/www.insuco.com\/wp-content\/uploads\/2022\/09\/Caroline-Lemesre-1-1-400x250.jpg\" alt=\"CAROLINE LEMESRE is appointed Country Director Guinea\" class=\"\" srcset=\"https:\/\/www.insuco.com\/wp-content\/uploads\/2022\/09\/Caroline-Lemesre-1-1.jpg 479w, https:\/\/www.insuco.com\/wp-content\/uploads\/2022\/09\/Caroline-Lemesre-1-1-400x250.jpg 480w \" sizes=\"(max-width:479px) 479px, 100vw \"  width=\"400\" height=\"250\" \/><\/a><\/div>\n\t\t\t\t\t\t\t\t\t\t\t\t\t\t<h2 class=\"entry-title\">\n\t\t\t\t\t\t\t\t\t\t\t\t\t<a href=\"https:\/\/www.insuco.com\/en\/ccaroline-lemesre-is-appointed-country-director-guinea\/\">CAROLINE LEMESRE is appointed Country Director Guinea<\/a>\n\t\t\t\t\t\t\t\t\t\t\t<\/h2>\n\t\t\t\t\n\t\t\t\t\t<p class=\"post-meta\"><span class=\"published\">Sep 2022<\/span><\/p><div class=\"post-content\"><div class=\"post-content-inner\"><p>We welcome Caroline Lemesre, our new INSUCO Country Director in Guinea&#8230;<\/p>\n<\/div><\/div>\t\t\t\n\t\t\t<\/article>\n\t\t\t\t\n\t\t\t<article id=\"post-40299\" class=\"et_pb_post clearfix et_pb_blog_item_1_47 post-40299 post type-post status-publish format-standard has-post-thumbnail hentry category-news-from-insuco tag-anciens-articles-avec-builder-en\">\n\n\t\t\t\t<div class=\"et_pb_image_container\"><a href=\"https:\/\/www.insuco.com\/en\/baptiste-dolidon-is-appointed-country-director-in-gabon\/\" class=\"entry-featured-image-url\"><img loading=\"lazy\" decoding=\"async\" src=\"https:\/\/www.insuco.com\/wp-content\/uploads\/2022\/09\/portrait-paysage-BD-Gabon1-400x250.jpg\" alt=\"BAPTISTE DOLIDON is appointed Country Director in Gabon\" class=\"\" srcset=\"https:\/\/www.insuco.com\/wp-content\/uploads\/2022\/09\/portrait-paysage-BD-Gabon1.jpg 479w, https:\/\/www.insuco.com\/wp-content\/uploads\/2022\/09\/portrait-paysage-BD-Gabon1-400x250.jpg 480w \" sizes=\"(max-width:479px) 479px, 100vw \"  width=\"400\" height=\"250\" \/><\/a><\/div>\n\t\t\t\t\t\t\t\t\t\t\t\t\t\t<h2 class=\"entry-title\">\n\t\t\t\t\t\t\t\t\t\t\t\t\t<a href=\"https:\/\/www.insuco.com\/en\/baptiste-dolidon-is-appointed-country-director-in-gabon\/\">BAPTISTE DOLIDON is appointed Country Director in Gabon<\/a>\n\t\t\t\t\t\t\t\t\t\t\t<\/h2>\n\t\t\t\t\n\t\t\t\t\t<p class=\"post-meta\"><span class=\"published\">Sep 2022<\/span><\/p><div class=\"post-content\"><div class=\"post-content-inner\"><p>We welcome BAPTISTE DOLIDON who has been appointed Country Director in Gabon&#8230;<\/p>\n<\/div><\/div>\t\t\t\n\t\t\t<\/article>\n\t\t\t\t\n\t\t\t<article id=\"post-40266\" class=\"et_pb_post clearfix et_pb_blog_item_1_48 post-40266 post type-post status-publish format-standard has-post-thumbnail hentry category-news-from-insuco tag-anciens-articles-avec-builder-en\">\n\n\t\t\t\t<div class=\"et_pb_image_container\"><a href=\"https:\/\/www.insuco.com\/en\/margot-petitpierre-is-taking-the-position-of-general-manager-asia-of-insuco\/\" class=\"entry-featured-image-url\"><img loading=\"lazy\" decoding=\"async\" src=\"https:\/\/www.insuco.com\/wp-content\/uploads\/2022\/09\/margot-400x250.jpg\" alt=\"MARGOT PETITPIERRE is taking the position of  General Manager Asia of INSUCO\" class=\"\" srcset=\"https:\/\/www.insuco.com\/wp-content\/uploads\/2022\/09\/margot-scaled.jpg 479w, https:\/\/www.insuco.com\/wp-content\/uploads\/2022\/09\/margot-400x250.jpg 480w \" sizes=\"(max-width:479px) 479px, 100vw \"  width=\"400\" height=\"250\" \/><\/a><\/div>\n\t\t\t\t\t\t\t\t\t\t\t\t\t\t<h2 class=\"entry-title\">\n\t\t\t\t\t\t\t\t\t\t\t\t\t<a href=\"https:\/\/www.insuco.com\/en\/margot-petitpierre-is-taking-the-position-of-general-manager-asia-of-insuco\/\">MARGOT PETITPIERRE is taking the position of  General Manager Asia of INSUCO<\/a>\n\t\t\t\t\t\t\t\t\t\t\t<\/h2>\n\t\t\t\t\n\t\t\t\t\t<p class=\"post-meta\"><span class=\"published\">Sep 2022<\/span><\/p><div class=\"post-content\"><div class=\"post-content-inner\"><p>Insuco is growing! Congratulations to MARGOT PETITPIERRE who is taking the position of\u00a0General Manager Asia&#8230;<\/p>\n<\/div><\/div>\t\t\t\n\t\t\t<\/article>\n\t\t\t\t\n\t\t\t<article id=\"post-40248\" class=\"et_pb_post clearfix et_pb_blog_item_1_49 post-40248 post type-post status-publish format-standard has-post-thumbnail hentry category-news-from-insuco tag-anciens-articles-avec-builder-en\">\n\n\t\t\t\t<div class=\"et_pb_image_container\"><a href=\"https:\/\/www.insuco.com\/en\/earning-more-without-fishing-more-the-challenges-of-the-loky-manambato-protected-area-fishermen\/\" class=\"entry-featured-image-url\"><img loading=\"lazy\" decoding=\"async\" src=\"https:\/\/www.insuco.com\/wp-content\/uploads\/2022\/09\/peche-400x250.jpg\" alt=\"Earning more without fishing more, the challenges of the Loky Manambato Protected Area fishermen\" class=\"\" srcset=\"https:\/\/www.insuco.com\/wp-content\/uploads\/2022\/09\/peche.jpg 479w, https:\/\/www.insuco.com\/wp-content\/uploads\/2022\/09\/peche-400x250.jpg 480w \" sizes=\"(max-width:479px) 479px, 100vw \"  width=\"400\" height=\"250\" \/><\/a><\/div>\n\t\t\t\t\t\t\t\t\t\t\t\t\t\t<h2 class=\"entry-title\">\n\t\t\t\t\t\t\t\t\t\t\t\t\t<a href=\"https:\/\/www.insuco.com\/en\/earning-more-without-fishing-more-the-challenges-of-the-loky-manambato-protected-area-fishermen\/\">Earning more without fishing more, the challenges of the Loky Manambato Protected Area fishermen<\/a>\n\t\t\t\t\t\t\t\t\t\t\t<\/h2>\n\t\t\t\t\n\t\t\t\t\t<p class=\"post-meta\"><span class=\"published\">Sep 2022<\/span><\/p><div class=\"post-content\"><div class=\"post-content-inner\"><p>Sahanala used the services of INSUCO to take stock of the octopus, cicada and fish lines&#8230;<\/p>\n<\/div><\/div>\t\t\t\n\t\t\t<\/article>\n\t\t\t\t\n\t\t\t<article id=\"post-40225\" class=\"et_pb_post clearfix et_pb_blog_item_1_50 post-40225 post type-post status-publish format-standard has-post-thumbnail hentry category-news-from-insuco tag-anciens-articles-avec-builder-en\">\n\n\t\t\t\t<div class=\"et_pb_image_container\"><a href=\"https:\/\/www.insuco.com\/en\/presentation-in-ecuador-of-the-results-of-the-first-phase-of-the-project-on-transparent-governance-and-the-social-benefits-generated-in-industries-exploiting-non-renewable-natural-resourcespresentatio\/\" class=\"entry-featured-image-url\"><img loading=\"lazy\" decoding=\"async\" src=\"https:\/\/www.insuco.com\/wp-content\/uploads\/2022\/09\/Equateur-2-400x250.jpeg\" alt=\"Presentation in Ecuador of the results of the first phase of the project on Transparent Governance and the social benefits generated in industries exploiting non-renewable natural resources\" class=\"\" srcset=\"https:\/\/www.insuco.com\/wp-content\/uploads\/2022\/09\/Equateur-2.jpeg 479w, https:\/\/www.insuco.com\/wp-content\/uploads\/2022\/09\/Equateur-2-400x250.jpeg 480w \" sizes=\"(max-width:479px) 479px, 100vw \"  width=\"400\" height=\"250\" \/><\/a><\/div>\n\t\t\t\t\t\t\t\t\t\t\t\t\t\t<h2 class=\"entry-title\">\n\t\t\t\t\t\t\t\t\t\t\t\t\t<a href=\"https:\/\/www.insuco.com\/en\/presentation-in-ecuador-of-the-results-of-the-first-phase-of-the-project-on-transparent-governance-and-the-social-benefits-generated-in-industries-exploiting-non-renewable-natural-resourcespresentatio\/\">Presentation in Ecuador of the results of the first phase of the project on Transparent Governance and the social benefits generated in industries exploiting non-renewable natural resources<\/a>\n\t\t\t\t\t\t\t\t\t\t\t<\/h2>\n\t\t\t\t\n\t\t\t\t\t<p class=\"post-meta\"><span class=\"published\">Sep 2022<\/span><\/p><div class=\"post-content\"><div class=\"post-content-inner\"><p>Last August, at the invitation of the Ecuadorian Chamber of Mines, INSUCO presented the results of the first phase of capacity building to GADs&#8230;<\/p>\n<\/div><\/div>\t\t\t\n\t\t\t<\/article>\n\t\t\t\t\n\t\t\t<article id=\"post-40204\" class=\"et_pb_post clearfix et_pb_blog_item_1_51 post-40204 post type-post status-publish format-standard has-post-thumbnail hentry category-news-from-insuco tag-anciens-articles-avec-builder-en\">\n\n\t\t\t\t<div class=\"et_pb_image_container\"><a href=\"https:\/\/www.insuco.com\/en\/insuco-organized-from-29-to-31-august-a-seminar-with-the-core-of-its-french-speaking-consultants\/\" class=\"entry-featured-image-url\"><img loading=\"lazy\" decoding=\"async\" src=\"https:\/\/www.insuco.com\/wp-content\/uploads\/2022\/09\/seminaire-3-400x250.jpg\" alt=\"INSUCO organized from 29 to 31 August a seminar with the core of its French-speaking consultants\" class=\"\" srcset=\"https:\/\/www.insuco.com\/wp-content\/uploads\/2022\/09\/seminaire-3.jpg 479w, https:\/\/www.insuco.com\/wp-content\/uploads\/2022\/09\/seminaire-3-400x250.jpg 480w \" sizes=\"(max-width:479px) 479px, 100vw \"  width=\"400\" height=\"250\" \/><\/a><\/div>\n\t\t\t\t\t\t\t\t\t\t\t\t\t\t<h2 class=\"entry-title\">\n\t\t\t\t\t\t\t\t\t\t\t\t\t<a href=\"https:\/\/www.insuco.com\/en\/insuco-organized-from-29-to-31-august-a-seminar-with-the-core-of-its-french-speaking-consultants\/\">INSUCO organized from 29 to 31 August a seminar with the core of its French-speaking consultants<\/a>\n\t\t\t\t\t\t\t\t\t\t\t<\/h2>\n\t\t\t\t\n\t\t\t\t\t<p class=\"post-meta\"><span class=\"published\">Sep 2022<\/span><\/p><div class=\"post-content\"><div class=\"post-content-inner\"><p>Insuco organized last week a 3-day seminar in the south of France&#8230;<\/p>\n<\/div><\/div>\t\t\t\n\t\t\t<\/article>\n\t\t\t\t\n\t\t\t<article id=\"post-40179\" class=\"et_pb_post clearfix et_pb_blog_item_1_52 post-40179 post type-post status-publish format-standard has-post-thumbnail hentry category-news-from-insuco tag-anciens-articles-avec-builder-en\">\n\n\t\t\t\t<div class=\"et_pb_image_container\"><a href=\"https:\/\/www.insuco.com\/en\/insuco-haiti-collaborates-with-the-consortium-initiative-developpement-and-medecins-du-monde-canada-to-realize-a-capitalization-of-the-forsnut-project\/\" class=\"entry-featured-image-url\"><img loading=\"lazy\" decoding=\"async\" src=\"https:\/\/www.insuco.com\/wp-content\/uploads\/2022\/09\/Daniel-400x250.jpg\" alt=\"INSUCO Haiti collaborates with the consortium Initiative D\u00e9veloppement and M\u00e9decins du Monde Canada to realize a capitalization of the FORSNUT project\" class=\"\" srcset=\"https:\/\/www.insuco.com\/wp-content\/uploads\/2022\/09\/Daniel.jpg 479w, https:\/\/www.insuco.com\/wp-content\/uploads\/2022\/09\/Daniel-400x250.jpg 480w \" sizes=\"(max-width:479px) 479px, 100vw \"  width=\"400\" height=\"250\" \/><\/a><\/div>\n\t\t\t\t\t\t\t\t\t\t\t\t\t\t<h2 class=\"entry-title\">\n\t\t\t\t\t\t\t\t\t\t\t\t\t<a href=\"https:\/\/www.insuco.com\/en\/insuco-haiti-collaborates-with-the-consortium-initiative-developpement-and-medecins-du-monde-canada-to-realize-a-capitalization-of-the-forsnut-project\/\">INSUCO Haiti collaborates with the consortium Initiative D\u00e9veloppement and M\u00e9decins du Monde Canada to realize a capitalization of the FORSNUT project<\/a>\n\t\t\t\t\t\t\t\t\t\t\t<\/h2>\n\t\t\t\t\n\t\t\t\t\t<p class=\"post-meta\"><span class=\"published\">Sep 2022<\/span><\/p><div class=\"post-content\"><div class=\"post-content-inner\"><p>INSUCO Haiti is pleased to work with the consortium Initiative Developpement (ID) and M\u00e9decins du Monde Canada&#8230;<\/p>\n<\/div><\/div>\t\t\t\n\t\t\t<\/article>\n\t\t\t\t\n\t\t\t<article id=\"post-40159\" class=\"et_pb_post clearfix et_pb_blog_item_1_53 post-40159 post type-post status-publish format-standard has-post-thumbnail hentry category-news-from-insuco tag-anciens-articles-avec-builder-en\">\n\n\t\t\t\t<div class=\"et_pb_image_container\"><a href=\"https:\/\/www.insuco.com\/en\/completion-of-an-environmental-and-social-audit-for-the-geothermal-exploration-project-in-the-lac-assal-region-of-djibouti\/\" class=\"entry-featured-image-url\"><img loading=\"lazy\" decoding=\"async\" src=\"https:\/\/www.insuco.com\/wp-content\/uploads\/2022\/09\/djibouti-400x250.jpg\" alt=\"Completion of an environmental and social audit for the geothermal exploration project in the Lac Assal region of Djibouti\" class=\"\" srcset=\"https:\/\/www.insuco.com\/wp-content\/uploads\/2022\/09\/djibouti.jpg 479w, https:\/\/www.insuco.com\/wp-content\/uploads\/2022\/09\/djibouti-400x250.jpg 480w \" sizes=\"(max-width:479px) 479px, 100vw \"  width=\"400\" height=\"250\" \/><\/a><\/div>\n\t\t\t\t\t\t\t\t\t\t\t\t\t\t<h2 class=\"entry-title\">\n\t\t\t\t\t\t\t\t\t\t\t\t\t<a href=\"https:\/\/www.insuco.com\/en\/completion-of-an-environmental-and-social-audit-for-the-geothermal-exploration-project-in-the-lac-assal-region-of-djibouti\/\">Completion of an environmental and social audit for the geothermal exploration project in the Lac Assal region of Djibouti<\/a>\n\t\t\t\t\t\t\t\t\t\t\t<\/h2>\n\t\t\t\t\n\t\t\t\t\t<p class=\"post-meta\"><span class=\"published\">Sep 2022<\/span><\/p><div class=\"post-content\"><div class=\"post-content-inner\"><p>The Insuco Djibouti team recently carried out an Environmental and Social Audit&#8230;<\/p>\n<\/div><\/div>\t\t\t\n\t\t\t<\/article>\n\t\t\t\t\n\t\t\t<article id=\"post-40122\" class=\"et_pb_post clearfix et_pb_blog_item_1_54 post-40122 post type-post status-publish format-standard has-post-thumbnail hentry category-news-from-insuco tag-anciens-articles-avec-builder-en\">\n\n\t\t\t\t<div class=\"et_pb_image_container\"><a href=\"https:\/\/www.insuco.com\/en\/towards-the-development-of-urban-market-spaces-in-antananarivo-madagascar\/\" class=\"entry-featured-image-url\"><img loading=\"lazy\" decoding=\"async\" src=\"https:\/\/www.insuco.com\/wp-content\/uploads\/2022\/08\/marche-2-400x250.png\" alt=\"Towards the development of urban market spaces in Antananarivo &#8211; Madagascar\" class=\"\" srcset=\"https:\/\/www.insuco.com\/wp-content\/uploads\/2022\/08\/marche-2.png 479w, https:\/\/www.insuco.com\/wp-content\/uploads\/2022\/08\/marche-2-400x250.png 480w \" sizes=\"(max-width:479px) 479px, 100vw \"  width=\"400\" height=\"250\" \/><\/a><\/div>\n\t\t\t\t\t\t\t\t\t\t\t\t\t\t<h2 class=\"entry-title\">\n\t\t\t\t\t\t\t\t\t\t\t\t\t<a href=\"https:\/\/www.insuco.com\/en\/towards-the-development-of-urban-market-spaces-in-antananarivo-madagascar\/\">Towards the development of urban market spaces in Antananarivo &#8211; Madagascar<\/a>\n\t\t\t\t\t\t\t\t\t\t\t<\/h2>\n\t\t\t\t\n\t\t\t\t\t<p class=\"post-meta\"><span class=\"published\">Aug 2022<\/span><\/p><div class=\"post-content\"><div class=\"post-content-inner\"><p>In 1930, the markets of Antananarivo, whose first organizations&#8230;<\/p>\n<\/div><\/div>\t\t\t\n\t\t\t<\/article>\n\t\t\t\t\n\t\t\t<article id=\"post-40097\" class=\"et_pb_post clearfix et_pb_blog_item_1_55 post-40097 post type-post status-publish format-standard has-post-thumbnail hentry category-news-from-insuco tag-anciens-articles-avec-builder-en\">\n\n\t\t\t\t<div class=\"et_pb_image_container\"><a href=\"https:\/\/www.insuco.com\/en\/looking-for-real-alternatives-to-bad-fishing-practices-in-antongil-bay\/\" class=\"entry-featured-image-url\"><img loading=\"lazy\" decoding=\"async\" src=\"https:\/\/www.insuco.com\/wp-content\/uploads\/2022\/08\/IMG-20220823-WA0011-400x250.jpg\" alt=\"Looking for real alternatives to bad fishing practices in Antongil Bay\" class=\"\" srcset=\"https:\/\/www.insuco.com\/wp-content\/uploads\/2022\/08\/IMG-20220823-WA0011.jpg 479w, https:\/\/www.insuco.com\/wp-content\/uploads\/2022\/08\/IMG-20220823-WA0011-400x250.jpg 480w \" sizes=\"(max-width:479px) 479px, 100vw \"  width=\"400\" height=\"250\" \/><\/a><\/div>\n\t\t\t\t\t\t\t\t\t\t\t\t\t\t<h2 class=\"entry-title\">\n\t\t\t\t\t\t\t\t\t\t\t\t\t<a href=\"https:\/\/www.insuco.com\/en\/looking-for-real-alternatives-to-bad-fishing-practices-in-antongil-bay\/\">Looking for real alternatives to bad fishing practices in Antongil Bay<\/a>\n\t\t\t\t\t\t\t\t\t\t\t<\/h2>\n\t\t\t\t\n\t\t\t\t\t<p class=\"post-meta\"><span class=\"published\">Aug 2022<\/span><\/p><div class=\"post-content\"><div class=\"post-content-inner\"><p>As part of the Swiofish2 programme and the implementation of Concerted Fisheries Management Plan (PACP)&#8230;<\/p>\n<\/div><\/div>\t\t\t\n\t\t\t<\/article>\n\t\t\t\t\n\t\t\t<article id=\"post-39498\" class=\"et_pb_post clearfix et_pb_blog_item_1_56 post-39498 post type-post status-publish format-standard has-post-thumbnail hentry category-news-from-insuco tag-anciens-articles-avec-builder-en\">\n\n\t\t\t\t<div class=\"et_pb_image_container\"><a href=\"https:\/\/www.insuco.com\/en\/mission-to-les-cayes-and-jeremie\/\" class=\"entry-featured-image-url\"><img loading=\"lazy\" decoding=\"async\" src=\"https:\/\/www.insuco.com\/wp-content\/uploads\/2022\/06\/Expertise-france-1-400x250.jpg\" alt=\"Mission to Les Cayes and J\u00e9r\u00e9mie\" class=\"\" srcset=\"https:\/\/www.insuco.com\/wp-content\/uploads\/2022\/06\/Expertise-france-1.jpg 479w, https:\/\/www.insuco.com\/wp-content\/uploads\/2022\/06\/Expertise-france-1-400x250.jpg 480w \" sizes=\"(max-width:479px) 479px, 100vw \"  width=\"400\" height=\"250\" \/><\/a><\/div>\n\t\t\t\t\t\t\t\t\t\t\t\t\t\t<h2 class=\"entry-title\">\n\t\t\t\t\t\t\t\t\t\t\t\t\t<a href=\"https:\/\/www.insuco.com\/en\/mission-to-les-cayes-and-jeremie\/\">Mission to Les Cayes and J\u00e9r\u00e9mie<\/a>\n\t\t\t\t\t\t\t\t\t\t\t<\/h2>\n\t\t\t\t\n\t\t\t\t\t<p class=\"post-meta\"><span class=\"published\">Jun 2022<\/span><\/p><div class=\"post-content\"><div class=\"post-content-inner\"><p>INSUCO Haiti conducted a mission to Les Cayes and J\u00e9r\u00e9mie to study the&#8230;<\/p>\n<\/div><\/div>\t\t\t\n\t\t\t<\/article>\n\t\t\t\t\n\t\t\t<article id=\"post-39479\" class=\"et_pb_post clearfix et_pb_blog_item_1_57 post-39479 post type-post status-publish format-standard has-post-thumbnail hentry category-news-from-insuco tag-anciens-articles-avec-builder-en\">\n\n\t\t\t\t<div class=\"et_pb_image_container\"><a href=\"https:\/\/www.insuco.com\/en\/copper-gold-symposium-2022\/\" class=\"entry-featured-image-url\"><img loading=\"lazy\" decoding=\"async\" src=\"https:\/\/www.insuco.com\/wp-content\/uploads\/2022\/06\/GuillenGCS-400x250.jpeg\" alt=\"Copper Gold Symposium 2022\" class=\"\" srcset=\"https:\/\/www.insuco.com\/wp-content\/uploads\/2022\/06\/GuillenGCS.jpeg 479w, https:\/\/www.insuco.com\/wp-content\/uploads\/2022\/06\/GuillenGCS-400x250.jpeg 480w \" sizes=\"(max-width:479px) 479px, 100vw \"  width=\"400\" height=\"250\" \/><\/a><\/div>\n\t\t\t\t\t\t\t\t\t\t\t\t\t\t<h2 class=\"entry-title\">\n\t\t\t\t\t\t\t\t\t\t\t\t\t<a href=\"https:\/\/www.insuco.com\/en\/copper-gold-symposium-2022\/\">Copper Gold Symposium 2022<\/a>\n\t\t\t\t\t\t\t\t\t\t\t<\/h2>\n\t\t\t\t\n\t\t\t\t\t<p class=\"post-meta\"><span class=\"published\">Jun 2022<\/span><\/p><div class=\"post-content\"><div class=\"post-content-inner\"><p>Committed to sharing our experience and promoting the territorial&#8230;<\/p>\n<\/div><\/div>\t\t\t\n\t\t\t<\/article>\n\t\t\t\t\n\t\t\t<article id=\"post-39431\" class=\"et_pb_post clearfix et_pb_blog_item_1_58 post-39431 post type-post status-publish format-standard has-post-thumbnail hentry category-news-from-insuco tag-anciens-articles-avec-builder-en\">\n\n\t\t\t\t<div class=\"et_pb_image_container\"><a href=\"https:\/\/www.insuco.com\/en\/visite-de-canopy-a-insuco-haiti\/\" class=\"entry-featured-image-url\"><img loading=\"lazy\" decoding=\"async\" src=\"https:\/\/www.insuco.com\/wp-content\/uploads\/2022\/06\/Visite-canopy2-400x250.jpg\" alt=\"Canopy Energy visits Insuco Haiti\" class=\"\" srcset=\"https:\/\/www.insuco.com\/wp-content\/uploads\/2022\/06\/Visite-canopy2.jpg 479w, https:\/\/www.insuco.com\/wp-content\/uploads\/2022\/06\/Visite-canopy2-400x250.jpg 480w \" sizes=\"(max-width:479px) 479px, 100vw \"  width=\"400\" height=\"250\" \/><\/a><\/div>\n\t\t\t\t\t\t\t\t\t\t\t\t\t\t<h2 class=\"entry-title\">\n\t\t\t\t\t\t\t\t\t\t\t\t\t<a href=\"https:\/\/www.insuco.com\/en\/visite-de-canopy-a-insuco-haiti\/\">Canopy Energy visits Insuco Haiti<\/a>\n\t\t\t\t\t\t\t\t\t\t\t<\/h2>\n\t\t\t\t\n\t\t\t\t\t<p class=\"post-meta\"><span class=\"published\">Jun 2022<\/span><\/p><div class=\"post-content\"><div class=\"post-content-inner\"><p>The INSUCO Haiti team is delighted to welcome Guillaume Fouch\u00e8res&#8230;<\/p>\n<\/div><\/div>\t\t\t\n\t\t\t<\/article>\n\t\t\t\t\n\t\t\t<article id=\"post-39415\" class=\"et_pb_post clearfix et_pb_blog_item_1_59 post-39415 post type-post status-publish format-standard has-post-thumbnail hentry category-news-from-insuco tag-anciens-articles-avec-builder-en\">\n\n\t\t\t\t<div class=\"et_pb_image_container\"><a href=\"https:\/\/www.insuco.com\/en\/insuco-haiti-a-realise-une-mission-a-cite-soleil\/\" class=\"entry-featured-image-url\"><img loading=\"lazy\" decoding=\"async\" src=\"https:\/\/www.insuco.com\/wp-content\/uploads\/2022\/06\/wineco-1-400x250.jpg\" alt=\"NSUCO Haiti carried out a mission in Cit\u00e9 Soleil\" class=\"\" srcset=\"https:\/\/www.insuco.com\/wp-content\/uploads\/2022\/06\/wineco-1.jpg 479w, https:\/\/www.insuco.com\/wp-content\/uploads\/2022\/06\/wineco-1-400x250.jpg 480w \" sizes=\"(max-width:479px) 479px, 100vw \"  width=\"400\" height=\"250\" \/><\/a><\/div>\n\t\t\t\t\t\t\t\t\t\t\t\t\t\t<h2 class=\"entry-title\">\n\t\t\t\t\t\t\t\t\t\t\t\t\t<a href=\"https:\/\/www.insuco.com\/en\/insuco-haiti-a-realise-une-mission-a-cite-soleil\/\">NSUCO Haiti carried out a mission in Cit\u00e9 Soleil<\/a>\n\t\t\t\t\t\t\t\t\t\t\t<\/h2>\n\t\t\t\t\n\t\t\t\t\t<p class=\"post-meta\"><span class=\"published\">Jun 2022<\/span><\/p><div class=\"post-content\"><div class=\"post-content-inner\"><p>INSUCO Haiti carried out a mission in Cit\u00e9 Soleil as part of the gender&#8230;<\/p>\n<\/div><\/div>\t\t\t\n\t\t\t<\/article>\n\t\t\t\t\n\t\t\t<article id=\"post-39395\" class=\"et_pb_post clearfix et_pb_blog_item_1_60 post-39395 post type-post status-publish format-standard has-post-thumbnail hentry category-news-from-insuco tag-anciens-articles-avec-builder-en\">\n\n\t\t\t\t<div class=\"et_pb_image_container\"><a href=\"https:\/\/www.insuco.com\/en\/a-new-look-at-access-to-information-what-do-international-mineral-certifications-offer\/\" class=\"entry-featured-image-url\"><img loading=\"lazy\" decoding=\"async\" src=\"https:\/\/www.insuco.com\/wp-content\/uploads\/2022\/06\/MINSUS-400x250.jpg\" alt=\"&#8220;A new look at access to information: What do international mineral certifications offer? &#8220;\" class=\"\" srcset=\"https:\/\/www.insuco.com\/wp-content\/uploads\/2022\/06\/MINSUS.jpg 479w, https:\/\/www.insuco.com\/wp-content\/uploads\/2022\/06\/MINSUS-400x250.jpg 480w \" sizes=\"(max-width:479px) 479px, 100vw \"  width=\"400\" height=\"250\" \/><\/a><\/div>\n\t\t\t\t\t\t\t\t\t\t\t\t\t\t<h2 class=\"entry-title\">\n\t\t\t\t\t\t\t\t\t\t\t\t\t<a href=\"https:\/\/www.insuco.com\/en\/a-new-look-at-access-to-information-what-do-international-mineral-certifications-offer\/\">&#8220;A new look at access to information: What do international mineral certifications offer? &#8220;<\/a>\n\t\t\t\t\t\t\t\t\t\t\t<\/h2>\n\t\t\t\t\n\t\t\t\t\t<p class=\"post-meta\"><span class=\"published\">Jun 2022<\/span><\/p><div class=\"post-content\"><div class=\"post-content-inner\"><p>We continue adding to the objective of strengthening voluntary&#8230;<\/p>\n<\/div><\/div>\t\t\t\n\t\t\t<\/article>\n\t\t\t\t\n\t\t\t<article id=\"post-39364\" class=\"et_pb_post clearfix et_pb_blog_item_1_61 post-39364 post type-post status-publish format-standard has-post-thumbnail hentry category-news-from-insuco tag-anciens-articles-avec-builder-en\">\n\n\t\t\t\t<div class=\"et_pb_image_container\"><a href=\"https:\/\/www.insuco.com\/en\/the-second-season-is-here\/\" class=\"entry-featured-image-url\"><img loading=\"lazy\" decoding=\"async\" src=\"https:\/\/www.insuco.com\/wp-content\/uploads\/2022\/06\/temporada-2-ep-1-400x250.jpg\" alt=\"The second season is here!\" class=\"\" srcset=\"https:\/\/www.insuco.com\/wp-content\/uploads\/2022\/06\/temporada-2-ep-1.jpg 479w, https:\/\/www.insuco.com\/wp-content\/uploads\/2022\/06\/temporada-2-ep-1-400x250.jpg 480w \" sizes=\"(max-width:479px) 479px, 100vw \"  width=\"400\" height=\"250\" \/><\/a><\/div>\n\t\t\t\t\t\t\t\t\t\t\t\t\t\t<h2 class=\"entry-title\">\n\t\t\t\t\t\t\t\t\t\t\t\t\t<a href=\"https:\/\/www.insuco.com\/en\/the-second-season-is-here\/\">The second season is here!<\/a>\n\t\t\t\t\t\t\t\t\t\t\t<\/h2>\n\t\t\t\t\n\t\t\t\t\t<p class=\"post-meta\"><span class=\"published\">Jun 2022<\/span><\/p><div class=\"post-content\"><div class=\"post-content-inner\"><p>INSUCO, with the support of the Ford Foundation and in collaboration&#8230;<\/p>\n<\/div><\/div>\t\t\t\n\t\t\t<\/article>\n\t\t\t\t\n\t\t\t<article id=\"post-39336\" class=\"et_pb_post clearfix et_pb_blog_item_1_62 post-39336 post type-post status-publish format-standard has-post-thumbnail hentry category-news-from-insuco tag-anciens-articles-avec-builder-en\">\n\n\t\t\t\t<div class=\"et_pb_image_container\"><a href=\"https:\/\/www.insuco.com\/en\/maritime-spatial-planning\/\" class=\"entry-featured-image-url\"><img loading=\"lazy\" decoding=\"async\" src=\"https:\/\/www.insuco.com\/wp-content\/uploads\/2022\/06\/Carte_Menabe-400x250.png\" alt=\"Maritime Spatial Planning\" class=\"\" srcset=\"https:\/\/www.insuco.com\/wp-content\/uploads\/2022\/06\/Carte_Menabe.png 479w, https:\/\/www.insuco.com\/wp-content\/uploads\/2022\/06\/Carte_Menabe-400x250.png 480w \" sizes=\"(max-width:479px) 479px, 100vw \"  width=\"400\" height=\"250\" \/><\/a><\/div>\n\t\t\t\t\t\t\t\t\t\t\t\t\t\t<h2 class=\"entry-title\">\n\t\t\t\t\t\t\t\t\t\t\t\t\t<a href=\"https:\/\/www.insuco.com\/en\/maritime-spatial-planning\/\">Maritime Spatial Planning<\/a>\n\t\t\t\t\t\t\t\t\t\t\t<\/h2>\n\t\t\t\t\n\t\t\t\t\t<p class=\"post-meta\"><span class=\"published\">Jun 2022<\/span><\/p><div class=\"post-content\"><div class=\"post-content-inner\"><p>On more than 5000 km of coastline, Madagascar is now adopting&#8230;<\/p>\n<\/div><\/div>\t\t\t\n\t\t\t<\/article>\n\t\t\t\t\n\t\t\t<article id=\"post-38983\" class=\"et_pb_post clearfix et_pb_blog_item_1_63 post-38983 post type-post status-publish format-standard has-post-thumbnail hentry category-news-from-insuco tag-anciens-articles-avec-builder-en\">\n\n\t\t\t\t<div class=\"et_pb_image_container\"><a href=\"https:\/\/www.insuco.com\/en\/gender-equity\/\" class=\"entry-featured-image-url\"><img loading=\"lazy\" decoding=\"async\" src=\"https:\/\/www.insuco.com\/wp-content\/uploads\/2022\/06\/equite-genre-2-400x250.jpg\" alt=\"Gender equity\" class=\"\" srcset=\"https:\/\/www.insuco.com\/wp-content\/uploads\/2022\/06\/equite-genre-2.jpg 479w, https:\/\/www.insuco.com\/wp-content\/uploads\/2022\/06\/equite-genre-2-400x250.jpg 480w \" sizes=\"(max-width:479px) 479px, 100vw \"  width=\"400\" height=\"250\" \/><\/a><\/div>\n\t\t\t\t\t\t\t\t\t\t\t\t\t\t<h2 class=\"entry-title\">\n\t\t\t\t\t\t\t\t\t\t\t\t\t<a href=\"https:\/\/www.insuco.com\/en\/gender-equity\/\">Gender equity<\/a>\n\t\t\t\t\t\t\t\t\t\t\t<\/h2>\n\t\t\t\t\n\t\t\t\t\t<p class=\"post-meta\"><span class=\"published\">Jun 2022<\/span><\/p><div class=\"post-content\"><div class=\"post-content-inner\"><p>Gender equity must go beyond discourse: we rescue this phrase from&#8230;<\/p>\n<\/div><\/div>\t\t\t\n\t\t\t<\/article>\n\t\t\t\t\n\t\t\t<article id=\"post-38965\" class=\"et_pb_post clearfix et_pb_blog_item_1_64 post-38965 post type-post status-publish format-standard has-post-thumbnail hentry category-news-from-insuco tag-anciens-articles-avec-builder-en\">\n\n\t\t\t\t<div class=\"et_pb_image_container\"><a href=\"https:\/\/www.insuco.com\/en\/homage-to-orlando-jorge-mera\/\" class=\"entry-featured-image-url\"><img loading=\"lazy\" decoding=\"async\" src=\"https:\/\/www.insuco.com\/wp-content\/uploads\/2022\/06\/Condoleance-192x250.jpg\" alt=\"Homage to Orlando Jorge Mera\" class=\"\" srcset=\"https:\/\/www.insuco.com\/wp-content\/uploads\/2022\/06\/Condoleance.jpg 479w, https:\/\/www.insuco.com\/wp-content\/uploads\/2022\/06\/Condoleance-192x250.jpg 480w \" sizes=\"(max-width:479px) 479px, 100vw \"  width=\"400\" height=\"250\" \/><\/a><\/div>\n\t\t\t\t\t\t\t\t\t\t\t\t\t\t<h2 class=\"entry-title\">\n\t\t\t\t\t\t\t\t\t\t\t\t\t<a href=\"https:\/\/www.insuco.com\/en\/homage-to-orlando-jorge-mera\/\">Homage to Orlando Jorge Mera<\/a>\n\t\t\t\t\t\t\t\t\t\t\t<\/h2>\n\t\t\t\t\n\t\t\t\t\t<p class=\"post-meta\"><span class=\"published\">Jun 2022<\/span><\/p><div class=\"post-content\"><div class=\"post-content-inner\"><p>On behalf of the entire INSUCO family, we mourn the tragic death of&#8230;<\/p>\n<\/div><\/div>\t\t\t\n\t\t\t<\/article>\n\t\t\t\t\n\t\t\t<article id=\"post-38946\" class=\"et_pb_post clearfix et_pb_blog_item_1_65 post-38946 post type-post status-publish format-standard has-post-thumbnail hentry category-news-from-insuco tag-anciens-articles-avec-builder-en\">\n\n\t\t\t\t<div class=\"et_pb_image_container\"><a href=\"https:\/\/www.insuco.com\/en\/technical-collaboration-between-insuco-and-the-technical-secretariat-of-the-extractive-industries-transparency-initiative-eiti-ecuador-for-the-preparation-of-the-first-country-report\/\" class=\"entry-featured-image-url\"><img loading=\"lazy\" decoding=\"async\" src=\"https:\/\/www.insuco.com\/wp-content\/uploads\/2022\/06\/EITI-400x250.png\" alt=\"Technical collaboration between INSUCO and the Technical Secretariat of the Extractive Industries Transparency Initiative (EITI) Ecuador for the preparation of the first country report\" class=\"\" srcset=\"https:\/\/www.insuco.com\/wp-content\/uploads\/2022\/06\/EITI.png 479w, https:\/\/www.insuco.com\/wp-content\/uploads\/2022\/06\/EITI-400x250.png 480w \" sizes=\"(max-width:479px) 479px, 100vw \"  width=\"400\" height=\"250\" \/><\/a><\/div>\n\t\t\t\t\t\t\t\t\t\t\t\t\t\t<h2 class=\"entry-title\">\n\t\t\t\t\t\t\t\t\t\t\t\t\t<a href=\"https:\/\/www.insuco.com\/en\/technical-collaboration-between-insuco-and-the-technical-secretariat-of-the-extractive-industries-transparency-initiative-eiti-ecuador-for-the-preparation-of-the-first-country-report\/\">Technical collaboration between INSUCO and the Technical Secretariat of the Extractive Industries Transparency Initiative (EITI) Ecuador for the preparation of the first country report<\/a>\n\t\t\t\t\t\t\t\t\t\t\t<\/h2>\n\t\t\t\t\n\t\t\t\t\t<p class=\"post-meta\"><span class=\"published\">Jun 2022<\/span><\/p><div class=\"post-content\"><div class=\"post-content-inner\"><p>In the framework of the Extractive Industries Transparency Initiative, the&#8230;<\/p>\n<\/div><\/div>\t\t\t\n\t\t\t<\/article>\n\t\t\t\t\n\t\t\t<article id=\"post-38928\" class=\"et_pb_post clearfix et_pb_blog_item_1_66 post-38928 post type-post status-publish format-standard has-post-thumbnail hentry category-news-from-insuco tag-anciens-articles-avec-builder-en\">\n\n\t\t\t\t<div class=\"et_pb_image_container\"><a href=\"https:\/\/www.insuco.com\/en\/workshops-for-supias-women\/\" class=\"entry-featured-image-url\"><img loading=\"lazy\" decoding=\"async\" src=\"https:\/\/www.insuco.com\/wp-content\/uploads\/2022\/06\/BID-Genero-400x250.jpg\" alt=\"Workshops for Supia\u2019s women\" class=\"\" srcset=\"https:\/\/www.insuco.com\/wp-content\/uploads\/2022\/06\/BID-Genero.jpg 479w, https:\/\/www.insuco.com\/wp-content\/uploads\/2022\/06\/BID-Genero-400x250.jpg 480w \" sizes=\"(max-width:479px) 479px, 100vw \"  width=\"400\" height=\"250\" \/><\/a><\/div>\n\t\t\t\t\t\t\t\t\t\t\t\t\t\t<h2 class=\"entry-title\">\n\t\t\t\t\t\t\t\t\t\t\t\t\t<a href=\"https:\/\/www.insuco.com\/en\/workshops-for-supias-women\/\">Workshops for Supia\u2019s women<\/a>\n\t\t\t\t\t\t\t\t\t\t\t<\/h2>\n\t\t\t\t\n\t\t\t\t\t<p class=\"post-meta\"><span class=\"published\">Jun 2022<\/span><\/p><div class=\"post-content\"><div class=\"post-content-inner\"><p>The cycle of economic empowerment workshops carried out with women&#8230;<\/p>\n<\/div><\/div>\t\t\t\n\t\t\t<\/article>\n\t\t\t\t\n\t\t\t<article id=\"post-38909\" class=\"et_pb_post clearfix et_pb_blog_item_1_67 post-38909 post type-post status-publish format-standard has-post-thumbnail hentry category-news-from-insuco tag-anciens-articles-avec-builder-en\">\n\n\t\t\t\t<div class=\"et_pb_image_container\"><a href=\"https:\/\/www.insuco.com\/en\/cooperation-agreement-with-the-national-school-of-architecture-in-rabat\/\" class=\"entry-featured-image-url\"><img loading=\"lazy\" decoding=\"async\" src=\"https:\/\/www.insuco.com\/wp-content\/uploads\/2022\/06\/peter-rabat-400x250.jpg\" alt=\"Cooperation agreement with the National School of Architecture in Rabat\" class=\"\" srcset=\"https:\/\/www.insuco.com\/wp-content\/uploads\/2022\/06\/peter-rabat.jpg 479w, https:\/\/www.insuco.com\/wp-content\/uploads\/2022\/06\/peter-rabat-400x250.jpg 480w \" sizes=\"(max-width:479px) 479px, 100vw \"  width=\"400\" height=\"250\" \/><\/a><\/div>\n\t\t\t\t\t\t\t\t\t\t\t\t\t\t<h2 class=\"entry-title\">\n\t\t\t\t\t\t\t\t\t\t\t\t\t<a href=\"https:\/\/www.insuco.com\/en\/cooperation-agreement-with-the-national-school-of-architecture-in-rabat\/\">Cooperation agreement with the National School of Architecture in Rabat<\/a>\n\t\t\t\t\t\t\t\t\t\t\t<\/h2>\n\t\t\t\t\n\t\t\t\t\t<p class=\"post-meta\"><span class=\"published\">Jun 2022<\/span><\/p><div class=\"post-content\"><div class=\"post-content-inner\"><p>On May 31, INSUCO and the National School of Architecture in Rabat&#8230;<\/p>\n<\/div><\/div>\t\t\t\n\t\t\t<\/article>\n\t\t\t\t\n\t\t\t<article id=\"post-38885\" class=\"et_pb_post clearfix et_pb_blog_item_1_68 post-38885 post type-post status-publish format-standard has-post-thumbnail hentry category-news-from-insuco tag-anciens-articles-avec-builder-en\">\n\n\t\t\t\t<div class=\"et_pb_image_container\"><a href=\"https:\/\/www.insuco.com\/en\/insuco-begins-its-activities-from-canada\/\" class=\"entry-featured-image-url\"><img loading=\"lazy\" decoding=\"async\" src=\"https:\/\/www.insuco.com\/wp-content\/uploads\/2022\/06\/Diana-04-400x250.png\" alt=\"INSUCO begins its activities from Canada\" class=\"\" srcset=\"https:\/\/www.insuco.com\/wp-content\/uploads\/2022\/06\/Diana-04.png 479w, https:\/\/www.insuco.com\/wp-content\/uploads\/2022\/06\/Diana-04-400x250.png 480w \" sizes=\"(max-width:479px) 479px, 100vw \"  width=\"400\" height=\"250\" \/><\/a><\/div>\n\t\t\t\t\t\t\t\t\t\t\t\t\t\t<h2 class=\"entry-title\">\n\t\t\t\t\t\t\t\t\t\t\t\t\t<a href=\"https:\/\/www.insuco.com\/en\/insuco-begins-its-activities-from-canada\/\">INSUCO begins its activities from Canada<\/a>\n\t\t\t\t\t\t\t\t\t\t\t<\/h2>\n\t\t\t\t\n\t\t\t\t\t<p class=\"post-meta\"><span class=\"published\">May 2022<\/span><\/p><div class=\"post-content\"><div class=\"post-content-inner\"><p>INSUCO begins its activities from Canada with the arrival of Diana M\u00e9ndez del Aguila&#8230;<\/p>\n<\/div><\/div>\t\t\t\n\t\t\t<\/article>\n\t\t\t\t\n\t\t\t<article id=\"post-38865\" class=\"et_pb_post clearfix et_pb_blog_item_1_69 post-38865 post type-post status-publish format-standard has-post-thumbnail hentry category-news-from-insuco tag-anciens-articles-avec-builder-en\">\n\n\t\t\t\t<div class=\"et_pb_image_container\"><a href=\"https:\/\/www.insuco.com\/en\/environmental-and-social-impact-assessment-djibouti\/\" class=\"entry-featured-image-url\"><img loading=\"lazy\" decoding=\"async\" src=\"https:\/\/www.insuco.com\/wp-content\/uploads\/2022\/06\/Dji-1-400x250.jpg\" alt=\"Environmental and Social Impact Assessment Djibouti\" class=\"\" srcset=\"https:\/\/www.insuco.com\/wp-content\/uploads\/2022\/06\/Dji-1.jpg 479w, https:\/\/www.insuco.com\/wp-content\/uploads\/2022\/06\/Dji-1-400x250.jpg 480w \" sizes=\"(max-width:479px) 479px, 100vw \"  width=\"400\" height=\"250\" \/><\/a><\/div>\n\t\t\t\t\t\t\t\t\t\t\t\t\t\t<h2 class=\"entry-title\">\n\t\t\t\t\t\t\t\t\t\t\t\t\t<a href=\"https:\/\/www.insuco.com\/en\/environmental-and-social-impact-assessment-djibouti\/\">Environmental and Social Impact Assessment Djibouti<\/a>\n\t\t\t\t\t\t\t\t\t\t\t<\/h2>\n\t\t\t\t\n\t\t\t\t\t<p class=\"post-meta\"><span class=\"published\">May 2022<\/span><\/p><div class=\"post-content\"><div class=\"post-content-inner\"><p>The INSUCO Djibouti team conducted the update of the Environmental and&#8230;<\/p>\n<\/div><\/div>\t\t\t\n\t\t\t<\/article>\n\t\t\t\t\n\t\t\t<article id=\"post-38831\" class=\"et_pb_post clearfix et_pb_blog_item_1_70 post-38831 post type-post status-publish format-standard has-post-thumbnail hentry category-news-from-insuco tag-anciens-articles-avec-builder-en\">\n\n\t\t\t\t<div class=\"et_pb_image_container\"><a href=\"https:\/\/www.insuco.com\/en\/insuco-is-growing\/\" class=\"entry-featured-image-url\"><img loading=\"lazy\" decoding=\"async\" src=\"https:\/\/www.insuco.com\/wp-content\/uploads\/2022\/06\/Modele-presentation-nouvelle-recrue-04-400x250.png\" alt=\"Insuco is growing!\" class=\"\" srcset=\"https:\/\/www.insuco.com\/wp-content\/uploads\/2022\/06\/Modele-presentation-nouvelle-recrue-04.png 479w, https:\/\/www.insuco.com\/wp-content\/uploads\/2022\/06\/Modele-presentation-nouvelle-recrue-04-400x250.png 480w \" sizes=\"(max-width:479px) 479px, 100vw \"  width=\"400\" height=\"250\" \/><\/a><\/div>\n\t\t\t\t\t\t\t\t\t\t\t\t\t\t<h2 class=\"entry-title\">\n\t\t\t\t\t\t\t\t\t\t\t\t\t<a href=\"https:\/\/www.insuco.com\/en\/insuco-is-growing\/\">Insuco is growing!<\/a>\n\t\t\t\t\t\t\t\t\t\t\t<\/h2>\n\t\t\t\t\n\t\t\t\t\t<p class=\"post-meta\"><span class=\"published\">May 2022<\/span><\/p><div class=\"post-content\"><div class=\"post-content-inner\"><p>We would like to welcome Luc\u00eda \u00c1vila as our new Country Director at&#8230;<\/p>\n<\/div><\/div>\t\t\t\n\t\t\t<\/article>\n\t\t\t\t\n\t\t\t<article id=\"post-38848\" class=\"et_pb_post clearfix et_pb_blog_item_1_71 post-38848 post type-post status-publish format-standard has-post-thumbnail hentry category-news-from-insuco tag-anciens-articles-avec-builder-en\">\n\n\t\t\t\t<div class=\"et_pb_image_container\"><a href=\"https:\/\/www.insuco.com\/en\/human-rights-assessment-and-accompaniment-to-close-the-gaps-insuco-dp-world\/\" class=\"entry-featured-image-url\"><img loading=\"lazy\" decoding=\"async\" src=\"https:\/\/www.insuco.com\/wp-content\/uploads\/2022\/06\/Reunion-de-lanzamiento_DP-World-INSUCO-400x250.jpeg\" alt=\"Human rights assessment and accompaniment to close the gaps INSUCO &#8211; DP WORLD\" class=\"\" srcset=\"https:\/\/www.insuco.com\/wp-content\/uploads\/2022\/06\/Reunion-de-lanzamiento_DP-World-INSUCO.jpeg 479w, https:\/\/www.insuco.com\/wp-content\/uploads\/2022\/06\/Reunion-de-lanzamiento_DP-World-INSUCO-400x250.jpeg 480w \" sizes=\"(max-width:479px) 479px, 100vw \"  width=\"400\" height=\"250\" \/><\/a><\/div>\n\t\t\t\t\t\t\t\t\t\t\t\t\t\t<h2 class=\"entry-title\">\n\t\t\t\t\t\t\t\t\t\t\t\t\t<a href=\"https:\/\/www.insuco.com\/en\/human-rights-assessment-and-accompaniment-to-close-the-gaps-insuco-dp-world\/\">Human rights assessment and accompaniment to close the gaps INSUCO &#8211; DP WORLD<\/a>\n\t\t\t\t\t\t\t\t\t\t\t<\/h2>\n\t\t\t\t\n\t\t\t\t\t<p class=\"post-meta\"><span class=\"published\">May 2022<\/span><\/p><div class=\"post-content\"><div class=\"post-content-inner\"><p>Having concluded the Human Rights Audit for DP World in 2021, which&#8230;<\/p>\n<\/div><\/div>\t\t\t\n\t\t\t<\/article>\n\t\t\t\t\n\t\t\t<article id=\"post-38533\" class=\"et_pb_post clearfix et_pb_blog_item_1_72 post-38533 post type-post status-publish format-standard has-post-thumbnail hentry category-news-from-insuco tag-anciens-articles-avec-builder-en\">\n\n\t\t\t\t<div class=\"et_pb_image_container\"><a href=\"https:\/\/www.insuco.com\/en\/participatory-consultation-in-haiti\/\" class=\"entry-featured-image-url\"><img loading=\"lazy\" decoding=\"async\" src=\"https:\/\/www.insuco.com\/wp-content\/uploads\/2022\/05\/HAITI-400x250.jpg\" alt=\"Participatory consultation in Haiti\" class=\"\" srcset=\"https:\/\/www.insuco.com\/wp-content\/uploads\/2022\/05\/HAITI.jpg 479w, https:\/\/www.insuco.com\/wp-content\/uploads\/2022\/05\/HAITI-400x250.jpg 480w \" sizes=\"(max-width:479px) 479px, 100vw \"  width=\"400\" height=\"250\" \/><\/a><\/div>\n\t\t\t\t\t\t\t\t\t\t\t\t\t\t<h2 class=\"entry-title\">\n\t\t\t\t\t\t\t\t\t\t\t\t\t<a href=\"https:\/\/www.insuco.com\/en\/participatory-consultation-in-haiti\/\">Participatory consultation in Haiti<\/a>\n\t\t\t\t\t\t\t\t\t\t\t<\/h2>\n\t\t\t\t\n\t\t\t\t\t<p class=\"post-meta\"><span class=\"published\">May 2022<\/span><\/p><div class=\"post-content\"><div class=\"post-content-inner\"><p>Insuco Haiti is leading the participatory consultation activities for the project&#8230;<\/p>\n<\/div><\/div>\t\t\t\n\t\t\t<\/article>\n\t\t\t\t\n\t\t\t<article id=\"post-38561\" class=\"et_pb_post clearfix et_pb_blog_item_1_73 post-38561 post type-post status-publish format-standard has-post-thumbnail hentry category-news-from-insuco tag-anciens-articles-avec-builder-en\">\n\n\t\t\t\t<div class=\"et_pb_image_container\"><a href=\"https:\/\/www.insuco.com\/en\/podcast-enlace-territorial-episode-2\/\" class=\"entry-featured-image-url\"><img loading=\"lazy\" decoding=\"async\" src=\"https:\/\/www.insuco.com\/wp-content\/uploads\/2022\/05\/ep-2-400x250.jpg\" alt=\"Podcast Enlace Territorial : Episode 2\" class=\"\" srcset=\"https:\/\/www.insuco.com\/wp-content\/uploads\/2022\/05\/ep-2.jpg 479w, https:\/\/www.insuco.com\/wp-content\/uploads\/2022\/05\/ep-2-400x250.jpg 480w \" sizes=\"(max-width:479px) 479px, 100vw \"  width=\"400\" height=\"250\" \/><\/a><\/div>\n\t\t\t\t\t\t\t\t\t\t\t\t\t\t<h2 class=\"entry-title\">\n\t\t\t\t\t\t\t\t\t\t\t\t\t<a href=\"https:\/\/www.insuco.com\/en\/podcast-enlace-territorial-episode-2\/\">Podcast Enlace Territorial : Episode 2<\/a>\n\t\t\t\t\t\t\t\t\t\t\t<\/h2>\n\t\t\t\t\n\t\t\t\t\t<p class=\"post-meta\"><span class=\"published\">May 2022<\/span><\/p><div class=\"post-content\"><div class=\"post-content-inner\"><p>At INSUCO, with the support of the Ford Foundation and in collaboration&#8230;<\/p>\n<\/div><\/div>\t\t\t\n\t\t\t<\/article>\n\t\t\t\t\n\t\t\t<article id=\"post-38517\" class=\"et_pb_post clearfix et_pb_blog_item_1_74 post-38517 post type-post status-publish format-standard has-post-thumbnail hentry category-news-from-insuco tag-anciens-articles-avec-builder-en\">\n\n\t\t\t\t<div class=\"et_pb_image_container\"><a href=\"https:\/\/www.insuco.com\/en\/acp-sustainability-congress\/\" class=\"entry-featured-image-url\"><img loading=\"lazy\" decoding=\"async\" src=\"https:\/\/www.insuco.com\/wp-content\/uploads\/2022\/05\/julie-acp-400x250.jpg\" alt=\"ACP Sustainability Congress\" class=\"\" srcset=\"https:\/\/www.insuco.com\/wp-content\/uploads\/2022\/05\/julie-acp.jpg 479w, https:\/\/www.insuco.com\/wp-content\/uploads\/2022\/05\/julie-acp-400x250.jpg 480w \" sizes=\"(max-width:479px) 479px, 100vw \"  width=\"400\" height=\"250\" \/><\/a><\/div>\n\t\t\t\t\t\t\t\t\t\t\t\t\t\t<h2 class=\"entry-title\">\n\t\t\t\t\t\t\t\t\t\t\t\t\t<a href=\"https:\/\/www.insuco.com\/en\/acp-sustainability-congress\/\">ACP Sustainability Congress<\/a>\n\t\t\t\t\t\t\t\t\t\t\t<\/h2>\n\t\t\t\t\n\t\t\t\t\t<p class=\"post-meta\"><span class=\"published\">May 2022<\/span><\/p><div class=\"post-content\"><div class=\"post-content-inner\"><p>Julie Hern\u00e1ndez, country director of INSUCO Colombia, participated&#8230;<\/p>\n<\/div><\/div>\t\t\t\n\t\t\t<\/article>\n\t\t\t\t\n\t\t\t<article id=\"post-38501\" class=\"et_pb_post clearfix et_pb_blog_item_1_75 post-38501 post type-post status-publish format-standard has-post-thumbnail hentry category-news-from-insuco tag-anciens-articles-avec-builder-en\">\n\n\t\t\t\t<div class=\"et_pb_image_container\"><a href=\"https:\/\/www.insuco.com\/en\/workshops-on-gender-equity-in-supia\/\" class=\"entry-featured-image-url\"><img loading=\"lazy\" decoding=\"async\" src=\"https:\/\/www.insuco.com\/wp-content\/uploads\/2022\/05\/collective-400x250.png\" alt=\"Workshops on gender equity in Sup\u00eda\" class=\"\" srcset=\"https:\/\/www.insuco.com\/wp-content\/uploads\/2022\/05\/collective.png 479w, https:\/\/www.insuco.com\/wp-content\/uploads\/2022\/05\/collective-400x250.png 480w \" sizes=\"(max-width:479px) 479px, 100vw \"  width=\"400\" height=\"250\" \/><\/a><\/div>\n\t\t\t\t\t\t\t\t\t\t\t\t\t\t<h2 class=\"entry-title\">\n\t\t\t\t\t\t\t\t\t\t\t\t\t<a href=\"https:\/\/www.insuco.com\/en\/workshops-on-gender-equity-in-supia\/\">Workshops on gender equity in Sup\u00eda<\/a>\n\t\t\t\t\t\t\t\t\t\t\t<\/h2>\n\t\t\t\t\n\t\t\t\t\t<p class=\"post-meta\"><span class=\"published\">May 2022<\/span><\/p><div class=\"post-content\"><div class=\"post-content-inner\"><p>Women leaders in mining and energy territories are generators of&#8230;<\/p>\n<\/div><\/div>\t\t\t\n\t\t\t<\/article>\n\t\t\t\t\n\t\t\t<article id=\"post-38483\" class=\"et_pb_post clearfix et_pb_blog_item_1_76 post-38483 post type-post status-publish format-standard has-post-thumbnail hentry category-news-from-insuco tag-anciens-articles-avec-builder-en\">\n\n\t\t\t\t<div class=\"et_pb_image_container\"><a href=\"https:\/\/www.insuco.com\/en\/kala-tanta-project\/\" class=\"entry-featured-image-url\"><img loading=\"lazy\" decoding=\"async\" src=\"https:\/\/www.insuco.com\/wp-content\/uploads\/2022\/05\/VISITA-PANADERIa-400x250.png\" alt=\"Kala Tanta Project\" class=\"\" srcset=\"https:\/\/www.insuco.com\/wp-content\/uploads\/2022\/05\/VISITA-PANADERIa.png 479w, https:\/\/www.insuco.com\/wp-content\/uploads\/2022\/05\/VISITA-PANADERIa-400x250.png 480w \" sizes=\"(max-width:479px) 479px, 100vw \"  width=\"400\" height=\"250\" \/><\/a><\/div>\n\t\t\t\t\t\t\t\t\t\t\t\t\t\t<h2 class=\"entry-title\">\n\t\t\t\t\t\t\t\t\t\t\t\t\t<a href=\"https:\/\/www.insuco.com\/en\/kala-tanta-project\/\">Kala Tanta Project<\/a>\n\t\t\t\t\t\t\t\t\t\t\t<\/h2>\n\t\t\t\t\n\t\t\t\t\t<p class=\"post-meta\"><span class=\"published\">May 2022<\/span><\/p><div class=\"post-content\"><div class=\"post-content-inner\"><p>As part of the commitment to accompany processes of strengthening&#8230;<\/p>\n<\/div><\/div>\t\t\t\n\t\t\t<\/article>\n\t\t\t\t\n\t\t\t<article id=\"post-38467\" class=\"et_pb_post clearfix et_pb_blog_item_1_77 post-38467 post type-post status-publish format-standard has-post-thumbnail hentry category-news-from-insuco tag-anciens-articles-avec-builder-en\">\n\n\t\t\t\t<div class=\"et_pb_image_container\"><a href=\"https:\/\/www.insuco.com\/en\/insuco-in-morocco\/\" class=\"entry-featured-image-url\"><img loading=\"lazy\" decoding=\"async\" src=\"https:\/\/www.insuco.com\/wp-content\/uploads\/2022\/05\/Maroc-400x250.jpeg\" alt=\"INSUCO in Morocco\" class=\"\" srcset=\"https:\/\/www.insuco.com\/wp-content\/uploads\/2022\/05\/Maroc.jpeg 479w, https:\/\/www.insuco.com\/wp-content\/uploads\/2022\/05\/Maroc-400x250.jpeg 480w \" sizes=\"(max-width:479px) 479px, 100vw \"  width=\"400\" height=\"250\" \/><\/a><\/div>\n\t\t\t\t\t\t\t\t\t\t\t\t\t\t<h2 class=\"entry-title\">\n\t\t\t\t\t\t\t\t\t\t\t\t\t<a href=\"https:\/\/www.insuco.com\/en\/insuco-in-morocco\/\">INSUCO in Morocco<\/a>\n\t\t\t\t\t\t\t\t\t\t\t<\/h2>\n\t\t\t\t\n\t\t\t\t\t<p class=\"post-meta\"><span class=\"published\">May 2022<\/span><\/p><div class=\"post-content\"><div class=\"post-content-inner\"><p>In the perspective of developing INSUCO&#8217;s services in Morocco and&#8230;<\/p>\n<\/div><\/div>\t\t\t\n\t\t\t<\/article>\n\t\t\t\t\n\t\t\t<article id=\"post-38438\" class=\"et_pb_post clearfix et_pb_blog_item_1_78 post-38438 post type-post status-publish format-standard has-post-thumbnail hentry category-news-from-insuco tag-anciens-articles-avec-builder-en\">\n\n\t\t\t\t<div class=\"et_pb_image_container\"><a href=\"https:\/\/www.insuco.com\/en\/insuco-colombia-visits-the-department-of-cesar\/\" class=\"entry-featured-image-url\"><img loading=\"lazy\" decoding=\"async\" src=\"https:\/\/www.insuco.com\/wp-content\/uploads\/2022\/05\/cesar-400x250.jpg\" alt=\"Insuco Colombia visits the department of Cesar\" class=\"\" srcset=\"https:\/\/www.insuco.com\/wp-content\/uploads\/2022\/05\/cesar.jpg 479w, https:\/\/www.insuco.com\/wp-content\/uploads\/2022\/05\/cesar-400x250.jpg 480w \" sizes=\"(max-width:479px) 479px, 100vw \"  width=\"400\" height=\"250\" \/><\/a><\/div>\n\t\t\t\t\t\t\t\t\t\t\t\t\t\t<h2 class=\"entry-title\">\n\t\t\t\t\t\t\t\t\t\t\t\t\t<a href=\"https:\/\/www.insuco.com\/en\/insuco-colombia-visits-the-department-of-cesar\/\">Insuco Colombia visits the department of Cesar<\/a>\n\t\t\t\t\t\t\t\t\t\t\t<\/h2>\n\t\t\t\t\n\t\t\t\t\t<p class=\"post-meta\"><span class=\"published\">May 2022<\/span><\/p><div class=\"post-content\"><div class=\"post-content-inner\"><p>Julie Hern\u00e1ndez, Country Director at INSUCO Colombia, Guillen Calvo&#8230;<\/p>\n<\/div><\/div>\t\t\t\n\t\t\t<\/article>\n\t\t\t\t\n\t\t\t<article id=\"post-38409\" class=\"et_pb_post clearfix et_pb_blog_item_1_79 post-38409 post type-post status-publish format-standard has-post-thumbnail hentry category-news-from-insuco tag-anciens-articles-avec-builder-en\">\n\n\t\t\t\t<div class=\"et_pb_image_container\"><a href=\"https:\/\/www.insuco.com\/en\/podcast-enlace-territorial-episode-3\/\" class=\"entry-featured-image-url\"><img loading=\"lazy\" decoding=\"async\" src=\"https:\/\/www.insuco.com\/wp-content\/uploads\/2022\/05\/ep-400x250.jpg\" alt=\"Podcast Enlace Territorial : Episode 3\" class=\"\" srcset=\"https:\/\/www.insuco.com\/wp-content\/uploads\/2022\/05\/ep.jpg 479w, https:\/\/www.insuco.com\/wp-content\/uploads\/2022\/05\/ep-400x250.jpg 480w \" sizes=\"(max-width:479px) 479px, 100vw \"  width=\"400\" height=\"250\" \/><\/a><\/div>\n\t\t\t\t\t\t\t\t\t\t\t\t\t\t<h2 class=\"entry-title\">\n\t\t\t\t\t\t\t\t\t\t\t\t\t<a href=\"https:\/\/www.insuco.com\/en\/podcast-enlace-territorial-episode-3\/\">Podcast Enlace Territorial : Episode 3<\/a>\n\t\t\t\t\t\t\t\t\t\t\t<\/h2>\n\t\t\t\t\n\t\t\t\t\t<p class=\"post-meta\"><span class=\"published\">Apr 2022<\/span><\/p><div class=\"post-content\"><div class=\"post-content-inner\"><p>At INSUCO, with the support of the Ford Foundation and in collaboration with&#8230;<\/p>\n<\/div><\/div>\t\t\t\n\t\t\t<\/article>\n\t\t\t\t\n\t\t\t<article id=\"post-38381\" class=\"et_pb_post clearfix et_pb_blog_item_1_80 post-38381 post type-post status-publish format-standard has-post-thumbnail hentry category-news-from-insuco tag-anciens-articles-avec-builder-en\">\n\n\t\t\t\t<div class=\"et_pb_image_container\"><a href=\"https:\/\/www.insuco.com\/en\/podcast-enlace-territorial-episode-4-2\/\" class=\"entry-featured-image-url\"><img loading=\"lazy\" decoding=\"async\" src=\"https:\/\/www.insuco.com\/wp-content\/uploads\/2022\/05\/ep-4-2-400x250.jpg\" alt=\"Podcast Enlace Territorial : Episode 4\" class=\"\" srcset=\"https:\/\/www.insuco.com\/wp-content\/uploads\/2022\/05\/ep-4-2.jpg 479w, https:\/\/www.insuco.com\/wp-content\/uploads\/2022\/05\/ep-4-2-400x250.jpg 480w \" sizes=\"(max-width:479px) 479px, 100vw \"  width=\"400\" height=\"250\" \/><\/a><\/div>\n\t\t\t\t\t\t\t\t\t\t\t\t\t\t<h2 class=\"entry-title\">\n\t\t\t\t\t\t\t\t\t\t\t\t\t<a href=\"https:\/\/www.insuco.com\/en\/podcast-enlace-territorial-episode-4-2\/\">Podcast Enlace Territorial : Episode 4<\/a>\n\t\t\t\t\t\t\t\t\t\t\t<\/h2>\n\t\t\t\t\n\t\t\t\t\t<p class=\"post-meta\"><span class=\"published\">Apr 2022<\/span><\/p><div class=\"post-content\"><div class=\"post-content-inner\"><p>At INSUCO, with the support of the Ford Foundation and in collaboration with&#8230;<\/p>\n<\/div><\/div>\t\t\t\n\t\t\t<\/article>\n\t\t\t\t\n\t\t\t<article id=\"post-38195\" class=\"et_pb_post clearfix et_pb_blog_item_1_81 post-38195 post type-post status-publish format-standard has-post-thumbnail hentry category-news-from-insuco tag-anciens-articles-avec-builder-en\">\n\n\t\t\t\t<div class=\"et_pb_image_container\"><a href=\"https:\/\/www.insuco.com\/en\/article-memento-insuco-madagascar\/\" class=\"entry-featured-image-url\"><img loading=\"lazy\" decoding=\"async\" src=\"https:\/\/www.insuco.com\/wp-content\/uploads\/2022\/04\/Memento-514-87_page-0001-400x250.jpg\" alt=\"Article M\u00e9mento INSUCO\u00a0Madagascar\" class=\"\" srcset=\"https:\/\/www.insuco.com\/wp-content\/uploads\/2022\/04\/Memento-514-87_page-0001.jpg 479w, https:\/\/www.insuco.com\/wp-content\/uploads\/2022\/04\/Memento-514-87_page-0001-400x250.jpg 480w \" sizes=\"(max-width:479px) 479px, 100vw \"  width=\"400\" height=\"250\" \/><\/a><\/div>\n\t\t\t\t\t\t\t\t\t\t\t\t\t\t<h2 class=\"entry-title\">\n\t\t\t\t\t\t\t\t\t\t\t\t\t<a href=\"https:\/\/www.insuco.com\/en\/article-memento-insuco-madagascar\/\">Article M\u00e9mento INSUCO\u00a0Madagascar<\/a>\n\t\t\t\t\t\t\t\t\t\t\t<\/h2>\n\t\t\t\t\n\t\t\t\t\t<p class=\"post-meta\"><span class=\"published\">Apr 2022<\/span><\/p><div class=\"post-content\"><div class=\"post-content-inner\"><p>M\u00e9mento Magazine invited INSUCO Madagascar to present its vision&#8230;<\/p>\n<\/div><\/div>\t\t\t\n\t\t\t<\/article>\n\t\t\t\t\n\t\t\t<article id=\"post-38165\" class=\"et_pb_post clearfix et_pb_blog_item_1_82 post-38165 post type-post status-publish format-standard has-post-thumbnail hentry category-news-from-insuco tag-anciens-articles-avec-builder-en\">\n\n\t\t\t\t<div class=\"et_pb_image_container\"><a href=\"https:\/\/www.insuco.com\/en\/podcast-enlace-territorial-episode-4\/\" class=\"entry-featured-image-url\"><img loading=\"lazy\" decoding=\"async\" src=\"https:\/\/www.insuco.com\/wp-content\/uploads\/2022\/04\/ep-4-2-400x250.jpg\" alt=\"Podcast Enlace Territorial : Episode 4\" class=\"\" srcset=\"https:\/\/www.insuco.com\/wp-content\/uploads\/2022\/04\/ep-4-2.jpg 479w, https:\/\/www.insuco.com\/wp-content\/uploads\/2022\/04\/ep-4-2-400x250.jpg 480w \" sizes=\"(max-width:479px) 479px, 100vw \"  width=\"400\" height=\"250\" \/><\/a><\/div>\n\t\t\t\t\t\t\t\t\t\t\t\t\t\t<h2 class=\"entry-title\">\n\t\t\t\t\t\t\t\t\t\t\t\t\t<a href=\"https:\/\/www.insuco.com\/en\/podcast-enlace-territorial-episode-4\/\">Podcast Enlace Territorial : Episode 4<\/a>\n\t\t\t\t\t\t\t\t\t\t\t<\/h2>\n\t\t\t\t\n\t\t\t\t\t<p class=\"post-meta\"><span class=\"published\">Apr 2022<\/span><\/p><div class=\"post-content\"><div class=\"post-content-inner\"><p>At INSUCO, with the support of the Ford Foundation and in collaboration&#8230;<\/p>\n<\/div><\/div>\t\t\t\n\t\t\t<\/article>\n\t\t\t\t\n\t\t\t<article id=\"post-37752\" class=\"et_pb_post clearfix et_pb_blog_item_1_83 post-37752 post type-post status-publish format-standard has-post-thumbnail hentry category-news-from-insuco tag-anciens-articles-avec-builder-en\">\n\n\t\t\t\t<div class=\"et_pb_image_container\"><a href=\"https:\/\/www.insuco.com\/en\/enlace-territorial-podcast-episode-5\/\" class=\"entry-featured-image-url\"><img loading=\"lazy\" decoding=\"async\" src=\"https:\/\/www.insuco.com\/wp-content\/uploads\/2022\/04\/ep5-400x250.jpg\" alt=\"Enlace Territorial Podcast: Episode 5\" class=\"\" srcset=\"https:\/\/www.insuco.com\/wp-content\/uploads\/2022\/04\/ep5.jpg 479w, https:\/\/www.insuco.com\/wp-content\/uploads\/2022\/04\/ep5-400x250.jpg 480w \" sizes=\"(max-width:479px) 479px, 100vw \"  width=\"400\" height=\"250\" \/><\/a><\/div>\n\t\t\t\t\t\t\t\t\t\t\t\t\t\t<h2 class=\"entry-title\">\n\t\t\t\t\t\t\t\t\t\t\t\t\t<a href=\"https:\/\/www.insuco.com\/en\/enlace-territorial-podcast-episode-5\/\">Enlace Territorial Podcast: Episode 5<\/a>\n\t\t\t\t\t\t\t\t\t\t\t<\/h2>\n\t\t\t\t\n\t\t\t\t\t<p class=\"post-meta\"><span class=\"published\">Apr 2022<\/span><\/p><div class=\"post-content\"><div class=\"post-content-inner\"><p>At INSUCO, with the support of the Ford Foundation and in collaboration&#8230;<\/p>\n<\/div><\/div>\t\t\t\n\t\t\t<\/article>\n\t\t\t\t\n\t\t\t<article id=\"post-37389\" class=\"et_pb_post clearfix et_pb_blog_item_1_84 post-37389 post type-post status-publish format-standard has-post-thumbnail hentry category-news-from-insuco tag-anciens-articles-avec-builder-en\">\n\n\t\t\t\t<div class=\"et_pb_image_container\"><a href=\"https:\/\/www.insuco.com\/en\/insuco-ifsra-training-for-mines-paristechch\/\" class=\"entry-featured-image-url\"><img loading=\"lazy\" decoding=\"async\" src=\"https:\/\/www.insuco.com\/wp-content\/uploads\/2022\/04\/IFSRA-PARISTECH-1-400x250.png\" alt=\"Insuco (IFSRA) training for MINES ParisTech\" class=\"\" srcset=\"https:\/\/www.insuco.com\/wp-content\/uploads\/2022\/04\/IFSRA-PARISTECH-1.png 479w, https:\/\/www.insuco.com\/wp-content\/uploads\/2022\/04\/IFSRA-PARISTECH-1-400x250.png 480w \" sizes=\"(max-width:479px) 479px, 100vw \"  width=\"400\" height=\"250\" \/><\/a><\/div>\n\t\t\t\t\t\t\t\t\t\t\t\t\t\t<h2 class=\"entry-title\">\n\t\t\t\t\t\t\t\t\t\t\t\t\t<a href=\"https:\/\/www.insuco.com\/en\/insuco-ifsra-training-for-mines-paristechch\/\">Insuco (IFSRA) training for MINES ParisTech<\/a>\n\t\t\t\t\t\t\t\t\t\t\t<\/h2>\n\t\t\t\t\n\t\t\t\t\t<p class=\"post-meta\"><span class=\"published\">Apr 2022<\/span><\/p><div class=\"post-content\"><div class=\"post-content-inner\"><p>Through IFSRA-Institute for Social Research in Africa, INSUCO&#8230;<\/p>\n<\/div><\/div>\t\t\t\n\t\t\t<\/article>\n\t\t\t\t\n\t\t\t<article id=\"post-37724\" class=\"et_pb_post clearfix et_pb_blog_item_1_85 post-37724 post type-post status-publish format-standard has-post-thumbnail hentry category-news-from-insuco tag-anciens-articles-avec-builder-en\">\n\n\t\t\t\t<div class=\"et_pb_image_container\"><a href=\"https:\/\/www.insuco.com\/en\/regional-development-vision-of-cajamarca-2030-citizen-contributions\/\" class=\"entry-featured-image-url\"><img loading=\"lazy\" decoding=\"async\" src=\"https:\/\/www.insuco.com\/wp-content\/uploads\/2022\/04\/Foto-presentacion-LinkedIn-400x250.jpg\" alt=\"&#8220;Regional Development Vision of #Cajamarca 2030: Citizen Contributions&#8221;\" class=\"\" srcset=\"https:\/\/www.insuco.com\/wp-content\/uploads\/2022\/04\/Foto-presentacion-LinkedIn.jpg 479w, https:\/\/www.insuco.com\/wp-content\/uploads\/2022\/04\/Foto-presentacion-LinkedIn-400x250.jpg 480w \" sizes=\"(max-width:479px) 479px, 100vw \"  width=\"400\" height=\"250\" \/><\/a><\/div>\n\t\t\t\t\t\t\t\t\t\t\t\t\t\t<h2 class=\"entry-title\">\n\t\t\t\t\t\t\t\t\t\t\t\t\t<a href=\"https:\/\/www.insuco.com\/en\/regional-development-vision-of-cajamarca-2030-citizen-contributions\/\">&#8220;Regional Development Vision of #Cajamarca 2030: Citizen Contributions&#8221;<\/a>\n\t\t\t\t\t\t\t\t\t\t\t<\/h2>\n\t\t\t\t\n\t\t\t\t\t<p class=\"post-meta\"><span class=\"published\">Apr 2022<\/span><\/p><div class=\"post-content\"><div class=\"post-content-inner\"><p>On 5 April, INSUCO accompanied the Regional Government of Cajamarca&#8230;<\/p>\n<\/div><\/div>\t\t\t\n\t\t\t<\/article>\n\t\t\t\t\n\t\t\t<article id=\"post-37690\" class=\"et_pb_post clearfix et_pb_blog_item_1_86 post-37690 post type-post status-publish format-standard has-post-thumbnail hentry category-news-from-insuco tag-anciens-articles-avec-builder-en\">\n\n\t\t\t\t<div class=\"et_pb_image_container\"><a href=\"https:\/\/www.insuco.com\/en\/enlace-territorial-podcast-episode-5-2\/\" class=\"entry-featured-image-url\"><img loading=\"lazy\" decoding=\"async\" src=\"https:\/\/www.insuco.com\/wp-content\/uploads\/2022\/04\/ep-4-400x250.jpg\" alt=\"Enlace Territorial Podcast: Episode 5\" class=\"\" srcset=\"https:\/\/www.insuco.com\/wp-content\/uploads\/2022\/04\/ep-4.jpg 479w, https:\/\/www.insuco.com\/wp-content\/uploads\/2022\/04\/ep-4-400x250.jpg 480w \" sizes=\"(max-width:479px) 479px, 100vw \"  width=\"400\" height=\"250\" \/><\/a><\/div>\n\t\t\t\t\t\t\t\t\t\t\t\t\t\t<h2 class=\"entry-title\">\n\t\t\t\t\t\t\t\t\t\t\t\t\t<a href=\"https:\/\/www.insuco.com\/en\/enlace-territorial-podcast-episode-5-2\/\">Enlace Territorial Podcast: Episode 5<\/a>\n\t\t\t\t\t\t\t\t\t\t\t<\/h2>\n\t\t\t\t\n\t\t\t\t\t<p class=\"post-meta\"><span class=\"published\">Apr 2022<\/span><\/p><div class=\"post-content\"><div class=\"post-content-inner\"><p>At INSUCO, with the support of the Ford Foundation and in collaboration&#8230;<\/p>\n<\/div><\/div>\t\t\t\n\t\t\t<\/article>\n\t\t\t\t\n\t\t\t<article id=\"post-37658\" class=\"et_pb_post clearfix et_pb_blog_item_1_87 post-37658 post type-post status-publish format-standard has-post-thumbnail hentry category-news-from-insuco tag-anciens-articles-avec-builder-en\">\n\n\t\t\t\t<div class=\"et_pb_image_container\"><a href=\"https:\/\/www.insuco.com\/en\/enlace-territorial-podcast-episode-6-part-1-2\/\" class=\"entry-featured-image-url\"><img loading=\"lazy\" decoding=\"async\" src=\"https:\/\/www.insuco.com\/wp-content\/uploads\/2022\/04\/EP-3-Pod-cast-400x250.jpg\" alt=\"Enlace Territorial Podcast: Episode 6 part 1\" class=\"\" srcset=\"https:\/\/www.insuco.com\/wp-content\/uploads\/2022\/04\/EP-3-Pod-cast.jpg 479w, https:\/\/www.insuco.com\/wp-content\/uploads\/2022\/04\/EP-3-Pod-cast-400x250.jpg 480w \" sizes=\"(max-width:479px) 479px, 100vw \"  width=\"400\" height=\"250\" \/><\/a><\/div>\n\t\t\t\t\t\t\t\t\t\t\t\t\t\t<h2 class=\"entry-title\">\n\t\t\t\t\t\t\t\t\t\t\t\t\t<a href=\"https:\/\/www.insuco.com\/en\/enlace-territorial-podcast-episode-6-part-1-2\/\">Enlace Territorial Podcast: Episode 6 part 1<\/a>\n\t\t\t\t\t\t\t\t\t\t\t<\/h2>\n\t\t\t\t\n\t\t\t\t\t<p class=\"post-meta\"><span class=\"published\">Apr 2022<\/span><\/p><div class=\"post-content\"><div class=\"post-content-inner\"><p>At INSUCO, with the support of the Ford Foundation and in collaboration&#8230;<\/p>\n<\/div><\/div>\t\t\t\n\t\t\t<\/article>\n\t\t\t\t\n\t\t\t<article id=\"post-37627\" class=\"et_pb_post clearfix et_pb_blog_item_1_88 post-37627 post type-post status-publish format-standard has-post-thumbnail hentry category-news-from-insuco tag-anciens-articles-avec-builder-en\">\n\n\t\t\t\t<div class=\"et_pb_image_container\"><a href=\"https:\/\/www.insuco.com\/en\/workshop-building-gender-equality-and-equity-together\/\" class=\"entry-featured-image-url\"><img loading=\"lazy\" decoding=\"async\" src=\"https:\/\/www.insuco.com\/wp-content\/uploads\/2022\/04\/acaire-400x250.png\" alt=\"Workshop: Building gender equality and equity together\" class=\"\" srcset=\"https:\/\/www.insuco.com\/wp-content\/uploads\/2022\/04\/acaire.png 479w, https:\/\/www.insuco.com\/wp-content\/uploads\/2022\/04\/acaire-400x250.png 480w \" sizes=\"(max-width:479px) 479px, 100vw \"  width=\"400\" height=\"250\" \/><\/a><\/div>\n\t\t\t\t\t\t\t\t\t\t\t\t\t\t<h2 class=\"entry-title\">\n\t\t\t\t\t\t\t\t\t\t\t\t\t<a href=\"https:\/\/www.insuco.com\/en\/workshop-building-gender-equality-and-equity-together\/\">Workshop: Building gender equality and equity together<\/a>\n\t\t\t\t\t\t\t\t\t\t\t<\/h2>\n\t\t\t\t\n\t\t\t\t\t<p class=\"post-meta\"><span class=\"published\">Apr 2022<\/span><\/p><div class=\"post-content\"><div class=\"post-content-inner\"><p>The Thermal Districts Project, Acaire and CIDARE, invite you to participate&#8230;<\/p>\n<\/div><\/div>\t\t\t\n\t\t\t<\/article>\n\t\t\t\t\n\t\t\t<article id=\"post-37516\" class=\"et_pb_post clearfix et_pb_blog_item_1_89 post-37516 post type-post status-publish format-standard has-post-thumbnail hentry category-news-from-insuco tag-anciens-articles-avec-builder-en\">\n\n\t\t\t\t<div class=\"et_pb_image_container\"><a href=\"https:\/\/www.insuco.com\/en\/enlace-territorial-podcast-episode-6-part-1\/\" class=\"entry-featured-image-url\"><img loading=\"lazy\" decoding=\"async\" src=\"https:\/\/www.insuco.com\/wp-content\/uploads\/2022\/04\/ep-2-pod-Cast-400x250.jpg\" alt=\"Enlace Territorial Podcast: Episode 6 part 1\" class=\"\" srcset=\"https:\/\/www.insuco.com\/wp-content\/uploads\/2022\/04\/ep-2-pod-Cast.jpg 479w, https:\/\/www.insuco.com\/wp-content\/uploads\/2022\/04\/ep-2-pod-Cast-400x250.jpg 480w \" sizes=\"(max-width:479px) 479px, 100vw \"  width=\"400\" height=\"250\" \/><\/a><\/div>\n\t\t\t\t\t\t\t\t\t\t\t\t\t\t<h2 class=\"entry-title\">\n\t\t\t\t\t\t\t\t\t\t\t\t\t<a href=\"https:\/\/www.insuco.com\/en\/enlace-territorial-podcast-episode-6-part-1\/\">Enlace Territorial Podcast: Episode 6 part 1<\/a>\n\t\t\t\t\t\t\t\t\t\t\t<\/h2>\n\t\t\t\t\n\t\t\t\t\t<p class=\"post-meta\"><span class=\"published\">Mar 2022<\/span><\/p><div class=\"post-content\"><div class=\"post-content-inner\"><p>At INSUCO, with the support of the Ford Foundation and in collaboration&#8230;<\/p>\n<\/div><\/div>\t\t\t\n\t\t\t<\/article>\n\t\t\t\t\n\t\t\t<article id=\"post-37483\" class=\"et_pb_post clearfix et_pb_blog_item_1_90 post-37483 post type-post status-publish format-standard has-post-thumbnail hentry category-news-from-insuco tag-anciens-articles-avec-builder-en\">\n\n\t\t\t\t<div class=\"et_pb_image_container\"><a href=\"https:\/\/www.insuco.com\/en\/enlace-territorial-podcast-episode-6-part-2\/\" class=\"entry-featured-image-url\"><img loading=\"lazy\" decoding=\"async\" src=\"https:\/\/www.insuco.com\/wp-content\/uploads\/2022\/04\/EP-1-Pod-cast-400x250.jpg\" alt=\"Enlace Territorial Podcast: Episode 6 part 2\" class=\"\" srcset=\"https:\/\/www.insuco.com\/wp-content\/uploads\/2022\/04\/EP-1-Pod-cast.jpg 479w, https:\/\/www.insuco.com\/wp-content\/uploads\/2022\/04\/EP-1-Pod-cast-400x250.jpg 480w \" sizes=\"(max-width:479px) 479px, 100vw \"  width=\"400\" height=\"250\" \/><\/a><\/div>\n\t\t\t\t\t\t\t\t\t\t\t\t\t\t<h2 class=\"entry-title\">\n\t\t\t\t\t\t\t\t\t\t\t\t\t<a href=\"https:\/\/www.insuco.com\/en\/enlace-territorial-podcast-episode-6-part-2\/\">Enlace Territorial Podcast: Episode 6 part 2<\/a>\n\t\t\t\t\t\t\t\t\t\t\t<\/h2>\n\t\t\t\t\n\t\t\t\t\t<p class=\"post-meta\"><span class=\"published\">Mar 2022<\/span><\/p><div class=\"post-content\"><div class=\"post-content-inner\"><p>At INSUCO, with the support of the Ford Foundation and in collaboration&#8230;<\/p>\n<\/div><\/div>\t\t\t\n\t\t\t<\/article>\n\t\t\t\t\n\t\t\t<article id=\"post-37455\" class=\"et_pb_post clearfix et_pb_blog_item_1_91 post-37455 post type-post status-publish format-standard has-post-thumbnail hentry category-news-from-insuco tag-anciens-articles-avec-builder-en\">\n\n\t\t\t\t<div class=\"et_pb_image_container\"><a href=\"https:\/\/www.insuco.com\/en\/gad-los-encuentros-announces-results-of-the-working-tables\/\" class=\"entry-featured-image-url\"><img loading=\"lazy\" decoding=\"async\" src=\"https:\/\/www.insuco.com\/wp-content\/uploads\/2022\/04\/gad1-400x250.jpg\" alt=\"GAD Los Encuentros Announces Results of the Working Tables\" class=\"\" srcset=\"https:\/\/www.insuco.com\/wp-content\/uploads\/2022\/04\/gad1.jpg 479w, https:\/\/www.insuco.com\/wp-content\/uploads\/2022\/04\/gad1-400x250.jpg 480w \" sizes=\"(max-width:479px) 479px, 100vw \"  width=\"400\" height=\"250\" \/><\/a><\/div>\n\t\t\t\t\t\t\t\t\t\t\t\t\t\t<h2 class=\"entry-title\">\n\t\t\t\t\t\t\t\t\t\t\t\t\t<a href=\"https:\/\/www.insuco.com\/en\/gad-los-encuentros-announces-results-of-the-working-tables\/\">GAD Los Encuentros Announces Results of the Working Tables<\/a>\n\t\t\t\t\t\t\t\t\t\t\t<\/h2>\n\t\t\t\t\n\t\t\t\t\t<p class=\"post-meta\"><span class=\"published\">Mar 2022<\/span><\/p><div class=\"post-content\"><div class=\"post-content-inner\"><p>INSUCO has participated in designing and accompanying the multi-stakeholder&#8230;<\/p>\n<\/div><\/div>\t\t\t\n\t\t\t<\/article>\n\t\t\t\t\n\t\t\t<article id=\"post-37423\" class=\"et_pb_post clearfix et_pb_blog_item_1_92 post-37423 post type-post status-publish format-standard has-post-thumbnail hentry category-news-from-insuco tag-anciens-articles-avec-builder-en\">\n\n\t\t\t\t<div class=\"et_pb_image_container\"><a href=\"https:\/\/www.insuco.com\/en\/insuco-for-the-peace\/\" class=\"entry-featured-image-url\"><img loading=\"lazy\" decoding=\"async\" src=\"https:\/\/www.insuco.com\/wp-content\/uploads\/2022\/04\/Peace-1-400x250.png\" alt=\"Insuco for the peace\" class=\"\" srcset=\"https:\/\/www.insuco.com\/wp-content\/uploads\/2022\/04\/Peace-1.png 479w, https:\/\/www.insuco.com\/wp-content\/uploads\/2022\/04\/Peace-1-400x250.png 480w \" sizes=\"(max-width:479px) 479px, 100vw \"  width=\"400\" height=\"250\" \/><\/a><\/div>\n\t\t\t\t\t\t\t\t\t\t\t\t\t\t<h2 class=\"entry-title\">\n\t\t\t\t\t\t\t\t\t\t\t\t\t<a href=\"https:\/\/www.insuco.com\/en\/insuco-for-the-peace\/\">Insuco for the peace<\/a>\n\t\t\t\t\t\t\t\t\t\t\t<\/h2>\n\t\t\t\t\n\t\t\t\t\t<p class=\"post-meta\"><span class=\"published\">Mar 2022<\/span><\/p><div class=\"post-content\"><div class=\"post-content-inner\"><p>Insuco&#8217;s mission is to create links between stakeholders in a territory&#8230;<\/p>\n<\/div><\/div>\t\t\t\n\t\t\t<\/article>\n\t\t\t\t\n\t\t\t<article id=\"post-37597\" class=\"et_pb_post clearfix et_pb_blog_item_1_93 post-37597 post type-post status-publish format-standard has-post-thumbnail hentry category-news-from-insuco tag-anciens-articles-avec-builder-en\">\n\n\t\t\t\t<div class=\"et_pb_image_container\"><a href=\"https:\/\/www.insuco.com\/en\/cajamarcas-regional-development-vision-2030-citizen-contributions\/\" class=\"entry-featured-image-url\"><img loading=\"lazy\" decoding=\"async\" src=\"https:\/\/www.insuco.com\/wp-content\/uploads\/2022\/04\/Invitacion-al-Conversatorio-Virtual-VDRC-400x250.png\" alt=\"Cajamarca&#8217;s Regional Development Vision 2030 &#8211; Citizen Contributions\" class=\"\" srcset=\"https:\/\/www.insuco.com\/wp-content\/uploads\/2022\/04\/Invitacion-al-Conversatorio-Virtual-VDRC.png 479w, https:\/\/www.insuco.com\/wp-content\/uploads\/2022\/04\/Invitacion-al-Conversatorio-Virtual-VDRC-400x250.png 480w \" sizes=\"(max-width:479px) 479px, 100vw \"  width=\"400\" height=\"250\" \/><\/a><\/div>\n\t\t\t\t\t\t\t\t\t\t\t\t\t\t<h2 class=\"entry-title\">\n\t\t\t\t\t\t\t\t\t\t\t\t\t<a href=\"https:\/\/www.insuco.com\/en\/cajamarcas-regional-development-vision-2030-citizen-contributions\/\">Cajamarca&#8217;s Regional Development Vision 2030 &#8211; Citizen Contributions<\/a>\n\t\t\t\t\t\t\t\t\t\t\t<\/h2>\n\t\t\t\t\n\t\t\t\t\t<p class=\"post-meta\"><span class=\"published\">Mar 2022<\/span><\/p><div class=\"post-content\"><div class=\"post-content-inner\"><p>From Insuco we are pleased to support the Regional Government of Cajamarca&#8230;<\/p>\n<\/div><\/div>\t\t\t\n\t\t\t<\/article>\n\t\t\t\t\n\t\t\t<article id=\"post-37571\" class=\"et_pb_post clearfix et_pb_blog_item_1_94 post-37571 post type-post status-publish format-standard has-post-thumbnail hentry category-news-from-insuco tag-anciens-articles-avec-builder-en\">\n\n\t\t\t\t<div class=\"et_pb_image_container\"><a href=\"https:\/\/www.insuco.com\/en\/international-womens-rights-day\/\" class=\"entry-featured-image-url\"><img loading=\"lazy\" decoding=\"async\" src=\"https:\/\/www.insuco.com\/wp-content\/uploads\/2022\/04\/mujer-400x250.jpg\" alt=\"International Women&#8217;s Rights Day\" class=\"\" srcset=\"https:\/\/www.insuco.com\/wp-content\/uploads\/2022\/04\/mujer.jpg 479w, https:\/\/www.insuco.com\/wp-content\/uploads\/2022\/04\/mujer-400x250.jpg 480w \" sizes=\"(max-width:479px) 479px, 100vw \"  width=\"400\" height=\"250\" \/><\/a><\/div>\n\t\t\t\t\t\t\t\t\t\t\t\t\t\t<h2 class=\"entry-title\">\n\t\t\t\t\t\t\t\t\t\t\t\t\t<a href=\"https:\/\/www.insuco.com\/en\/international-womens-rights-day\/\">International Women&#8217;s Rights Day<\/a>\n\t\t\t\t\t\t\t\t\t\t\t<\/h2>\n\t\t\t\t\n\t\t\t\t\t<p class=\"post-meta\"><span class=\"published\">Mar 2022<\/span><\/p><div class=\"post-content\"><div class=\"post-content-inner\"><p>We would like to add our voice, on International Women&#8217;s Rights Day&#8230;<\/p>\n<\/div><\/div>\t\t\t\n\t\t\t<\/article>\n\t\t\t\t\n\t\t\t<article id=\"post-37545\" class=\"et_pb_post clearfix et_pb_blog_item_1_95 post-37545 post type-post status-publish format-standard has-post-thumbnail hentry category-news-from-insuco tag-anciens-articles-avec-builder-en\">\n\n\t\t\t\t<div class=\"et_pb_image_container\"><a href=\"https:\/\/www.insuco.com\/en\/fight-against-the-pandemic-madagascar\/\" class=\"entry-featured-image-url\"><img loading=\"lazy\" decoding=\"async\" src=\"https:\/\/www.insuco.com\/wp-content\/uploads\/2022\/04\/oim-mada-mar-394x250.jpg\" alt=\"Fight against the pandemic Madagascar\" class=\"\" srcset=\"https:\/\/www.insuco.com\/wp-content\/uploads\/2022\/04\/oim-mada-mar.jpg 479w, https:\/\/www.insuco.com\/wp-content\/uploads\/2022\/04\/oim-mada-mar-394x250.jpg 480w \" sizes=\"(max-width:479px) 479px, 100vw \"  width=\"400\" height=\"250\" \/><\/a><\/div>\n\t\t\t\t\t\t\t\t\t\t\t\t\t\t<h2 class=\"entry-title\">\n\t\t\t\t\t\t\t\t\t\t\t\t\t<a href=\"https:\/\/www.insuco.com\/en\/fight-against-the-pandemic-madagascar\/\">Fight against the pandemic Madagascar<\/a>\n\t\t\t\t\t\t\t\t\t\t\t<\/h2>\n\t\t\t\t\n\t\t\t\t\t<p class=\"post-meta\"><span class=\"published\">Mar 2022<\/span><\/p><div class=\"post-content\"><div class=\"post-content-inner\"><p>Since November 2021, through the CAP-MADAGASCAR project, UNDP&#8230;<\/p>\n<\/div><\/div>\t\t\t\n\t\t\t<\/article>\n\t\t\t\t\n\t\t\t<article id=\"post-37048\" class=\"et_pb_post clearfix et_pb_blog_item_1_96 post-37048 post type-post status-publish format-standard has-post-thumbnail hentry category-news-from-insuco tag-anciens-articles-avec-builder-en\">\n\n\t\t\t\t<div class=\"et_pb_image_container\"><a href=\"https:\/\/www.insuco.com\/en\/insuco-management-seminar-in-the-dominican-republic\/\" class=\"entry-featured-image-url\"><img loading=\"lazy\" decoding=\"async\" src=\"https:\/\/www.insuco.com\/wp-content\/uploads\/2022\/02\/rep-dom-seminaire-400x250.png\" alt=\"INSUCO Management Seminar in the Dominican Republic\" class=\"\" srcset=\"https:\/\/www.insuco.com\/wp-content\/uploads\/2022\/02\/rep-dom-seminaire.png 479w, https:\/\/www.insuco.com\/wp-content\/uploads\/2022\/02\/rep-dom-seminaire-400x250.png 480w \" sizes=\"(max-width:479px) 479px, 100vw \"  width=\"400\" height=\"250\" \/><\/a><\/div>\n\t\t\t\t\t\t\t\t\t\t\t\t\t\t<h2 class=\"entry-title\">\n\t\t\t\t\t\t\t\t\t\t\t\t\t<a href=\"https:\/\/www.insuco.com\/en\/insuco-management-seminar-in-the-dominican-republic\/\">INSUCO Management Seminar in the Dominican Republic<\/a>\n\t\t\t\t\t\t\t\t\t\t\t<\/h2>\n\t\t\t\t\n\t\t\t\t\t<p class=\"post-meta\"><span class=\"published\">Feb 2022<\/span><\/p><div class=\"post-content\"><div class=\"post-content-inner\"><p>We find ourselves in a context that involves more and more challenges and&#8230;<\/p>\n<\/div><\/div>\t\t\t\n\t\t\t<\/article>\n\t\t\t\t\n\t\t\t<article id=\"post-37019\" class=\"et_pb_post clearfix et_pb_blog_item_1_97 post-37019 post type-post status-publish format-standard has-post-thumbnail hentry category-news-from-insuco tag-anciens-articles-avec-builder-en\">\n\n\t\t\t\t<div class=\"et_pb_image_container\"><a href=\"https:\/\/www.insuco.com\/en\/meeting-in-paris-with-the-president-of-madagascar\/\" class=\"entry-featured-image-url\"><img loading=\"lazy\" decoding=\"async\" src=\"https:\/\/www.insuco.com\/wp-content\/uploads\/2022\/02\/mada-pres-pascal-400x250.jpg\" alt=\"Meeting in Paris with the President of Madagascar\" class=\"\" srcset=\"https:\/\/www.insuco.com\/wp-content\/uploads\/2022\/02\/mada-pres-pascal.jpg 479w, https:\/\/www.insuco.com\/wp-content\/uploads\/2022\/02\/mada-pres-pascal-400x250.jpg 480w \" sizes=\"(max-width:479px) 479px, 100vw \"  width=\"400\" height=\"250\" \/><\/a><\/div>\n\t\t\t\t\t\t\t\t\t\t\t\t\t\t<h2 class=\"entry-title\">\n\t\t\t\t\t\t\t\t\t\t\t\t\t<a href=\"https:\/\/www.insuco.com\/en\/meeting-in-paris-with-the-president-of-madagascar\/\">Meeting in Paris with the President of Madagascar<\/a>\n\t\t\t\t\t\t\t\t\t\t\t<\/h2>\n\t\t\t\t\n\t\t\t\t\t<p class=\"post-meta\"><span class=\"published\">Feb 2022<\/span><\/p><div class=\"post-content\"><div class=\"post-content-inner\"><p>On Friday 18th February, Pascal Rey, CEO of INSUCO met the President&#8230;<\/p>\n<\/div><\/div>\t\t\t\n\t\t\t<\/article>\n\t\t\t\t\n\t\t\t<article id=\"post-36991\" class=\"et_pb_post clearfix et_pb_blog_item_1_98 post-36991 post type-post status-publish format-standard has-post-thumbnail hentry category-news-from-insuco tag-anciens-articles-avec-builder-en\">\n\n\t\t\t\t<div class=\"et_pb_image_container\"><a href=\"https:\/\/www.insuco.com\/en\/episode-6-part-2-now-available\/\" class=\"entry-featured-image-url\"><img loading=\"lazy\" decoding=\"async\" src=\"https:\/\/www.insuco.com\/wp-content\/uploads\/2022\/02\/ep6p2-400x250.jpg\" alt=\"Episode 6, part 2, now available!\" class=\"\" srcset=\"https:\/\/www.insuco.com\/wp-content\/uploads\/2022\/02\/ep6p2.jpg 479w, https:\/\/www.insuco.com\/wp-content\/uploads\/2022\/02\/ep6p2-400x250.jpg 480w \" sizes=\"(max-width:479px) 479px, 100vw \"  width=\"400\" height=\"250\" \/><\/a><\/div>\n\t\t\t\t\t\t\t\t\t\t\t\t\t\t<h2 class=\"entry-title\">\n\t\t\t\t\t\t\t\t\t\t\t\t\t<a href=\"https:\/\/www.insuco.com\/en\/episode-6-part-2-now-available\/\">Episode 6, part 2, now available!<\/a>\n\t\t\t\t\t\t\t\t\t\t\t<\/h2>\n\t\t\t\t\n\t\t\t\t\t<p class=\"post-meta\"><span class=\"published\">Feb 2022<\/span><\/p><div class=\"post-content\"><div class=\"post-content-inner\"><p>INSUCO, with the support of the Ford Foundation and in collaboration with ICSI&#8230;<\/p>\n<\/div><\/div>\t\t\t\n\t\t\t<\/article>\n\t\t\t\t\n\t\t\t<article id=\"post-36963\" class=\"et_pb_post clearfix et_pb_blog_item_1_99 post-36963 post type-post status-publish format-standard has-post-thumbnail hentry category-news-from-insuco tag-anciens-articles-avec-builder-en\">\n\n\t\t\t\t<div class=\"et_pb_image_container\"><a href=\"https:\/\/www.insuco.com\/en\/third-edition-of-ecomof\/\" class=\"entry-featured-image-url\"><img loading=\"lazy\" decoding=\"async\" src=\"https:\/\/www.insuco.com\/wp-content\/uploads\/2022\/02\/pascal-Ecomof-400x250.jpg\" alt=\"Third edition of ECOMOF\" class=\"\" srcset=\"https:\/\/www.insuco.com\/wp-content\/uploads\/2022\/02\/pascal-Ecomof.jpg 479w, https:\/\/www.insuco.com\/wp-content\/uploads\/2022\/02\/pascal-Ecomof-400x250.jpg 480w \" sizes=\"(max-width:479px) 479px, 100vw \"  width=\"400\" height=\"250\" \/><\/a><\/div>\n\t\t\t\t\t\t\t\t\t\t\t\t\t\t<h2 class=\"entry-title\">\n\t\t\t\t\t\t\t\t\t\t\t\t\t<a href=\"https:\/\/www.insuco.com\/en\/third-edition-of-ecomof\/\">Third edition of ECOMOF<\/a>\n\t\t\t\t\t\t\t\t\t\t\t<\/h2>\n\t\t\t\t\n\t\t\t\t\t<p class=\"post-meta\"><span class=\"published\">Feb 2022<\/span><\/p><div class=\"post-content\"><div class=\"post-content-inner\"><p>We are honoured to have participated in the third edition of ECOMOF which&#8230;<\/p>\n<\/div><\/div>\t\t\t\n\t\t\t<\/article>\n\t\t\t\t\n\t\t\t<article id=\"post-36935\" class=\"et_pb_post clearfix et_pb_blog_item_1_100 post-36935 post type-post status-publish format-standard has-post-thumbnail hentry category-news-from-insuco tag-anciens-articles-avec-builder-en\">\n\n\t\t\t\t<div class=\"et_pb_image_container\"><a href=\"https:\/\/www.insuco.com\/en\/realization-of-an-environmental-and-social-impact-assessment-esia-of-the-algaculture-project-in-the-atsimo-andrefana-region\/\" class=\"entry-featured-image-url\"><img loading=\"lazy\" decoding=\"async\" src=\"https:\/\/www.insuco.com\/wp-content\/uploads\/2022\/02\/ocean-2-madaesc-400x250.jpg\" alt=\"Realization of an Environmental and Social Impact Assessment (ESIA) of the algaculture project in the Atsimo &#8211; Andrefana region\" class=\"\" srcset=\"https:\/\/www.insuco.com\/wp-content\/uploads\/2022\/02\/ocean-2-madaesc.jpg 479w, https:\/\/www.insuco.com\/wp-content\/uploads\/2022\/02\/ocean-2-madaesc-400x250.jpg 480w \" sizes=\"(max-width:479px) 479px, 100vw \"  width=\"400\" height=\"250\" \/><\/a><\/div>\n\t\t\t\t\t\t\t\t\t\t\t\t\t\t<h2 class=\"entry-title\">\n\t\t\t\t\t\t\t\t\t\t\t\t\t<a href=\"https:\/\/www.insuco.com\/en\/realization-of-an-environmental-and-social-impact-assessment-esia-of-the-algaculture-project-in-the-atsimo-andrefana-region\/\">Realization of an Environmental and Social Impact Assessment (ESIA) of the algaculture project in the Atsimo &#8211; Andrefana region<\/a>\n\t\t\t\t\t\t\t\t\t\t\t<\/h2>\n\t\t\t\t\n\t\t\t\t\t<p class=\"post-meta\"><span class=\"published\">Feb 2022<\/span><\/p><div class=\"post-content\"><div class=\"post-content-inner\"><p>Aquaculture is one of the solutions to overexploitation of natural resources&#8230;<\/p>\n<\/div><\/div>\t\t\t\n\t\t\t<\/article>\n\t\t\t\t\n\t\t\t<article id=\"post-36907\" class=\"et_pb_post clearfix et_pb_blog_item_1_101 post-36907 post type-post status-publish format-standard has-post-thumbnail hentry category-news-from-insuco tag-anciens-articles-avec-builder-en\">\n\n\t\t\t\t<div class=\"et_pb_image_container\"><a href=\"https:\/\/www.insuco.com\/en\/episode-6-part-1-now-available\/\" class=\"entry-featured-image-url\"><img loading=\"lazy\" decoding=\"async\" src=\"https:\/\/www.insuco.com\/wp-content\/uploads\/2022\/02\/Ep-6-400x250.jpg\" alt=\"Episode 6, part 1, now available!\" class=\"\" srcset=\"https:\/\/www.insuco.com\/wp-content\/uploads\/2022\/02\/Ep-6.jpg 479w, https:\/\/www.insuco.com\/wp-content\/uploads\/2022\/02\/Ep-6-400x250.jpg 480w \" sizes=\"(max-width:479px) 479px, 100vw \"  width=\"400\" height=\"250\" \/><\/a><\/div>\n\t\t\t\t\t\t\t\t\t\t\t\t\t\t<h2 class=\"entry-title\">\n\t\t\t\t\t\t\t\t\t\t\t\t\t<a href=\"https:\/\/www.insuco.com\/en\/episode-6-part-1-now-available\/\">Episode 6, part 1, now available!<\/a>\n\t\t\t\t\t\t\t\t\t\t\t<\/h2>\n\t\t\t\t\n\t\t\t\t\t<p class=\"post-meta\"><span class=\"published\">Feb 2022<\/span><\/p><div class=\"post-content\"><div class=\"post-content-inner\"><p>INSUCO, with the support of the Ford Foundation and in collaboration with ICSI&#8230;<\/p>\n<\/div><\/div>\t\t\t\n\t\t\t<\/article>\n\t\t\t\t\n\t\t\t<article id=\"post-36878\" class=\"et_pb_post clearfix et_pb_blog_item_1_102 post-36878 post type-post status-publish format-standard has-post-thumbnail hentry category-news-from-insuco tag-anciens-articles-avec-builder-en\">\n\n\t\t\t\t<div class=\"et_pb_image_container\"><a href=\"https:\/\/www.insuco.com\/en\/carbon-capture\/\" class=\"entry-featured-image-url\"><img loading=\"lazy\" decoding=\"async\" src=\"https:\/\/www.insuco.com\/wp-content\/uploads\/2022\/02\/Carbono-400x250.png\" alt=\"Carbon capture\" class=\"\" srcset=\"https:\/\/www.insuco.com\/wp-content\/uploads\/2022\/02\/Carbono.png 479w, https:\/\/www.insuco.com\/wp-content\/uploads\/2022\/02\/Carbono-400x250.png 480w \" sizes=\"(max-width:479px) 479px, 100vw \"  width=\"400\" height=\"250\" \/><\/a><\/div>\n\t\t\t\t\t\t\t\t\t\t\t\t\t\t<h2 class=\"entry-title\">\n\t\t\t\t\t\t\t\t\t\t\t\t\t<a href=\"https:\/\/www.insuco.com\/en\/carbon-capture\/\">Carbon capture<\/a>\n\t\t\t\t\t\t\t\t\t\t\t<\/h2>\n\t\t\t\t\n\t\t\t\t\t<p class=\"post-meta\"><span class=\"published\">Feb 2022<\/span><\/p><div class=\"post-content\"><div class=\"post-content-inner\"><p>To end the year 2021, in the month of December, Guill\u00e9n Calvo regional director&#8230;<\/p>\n<\/div><\/div>\t\t\t\n\t\t\t<\/article>\n\t\t\t\t\n\t\t\t<article id=\"post-36844\" class=\"et_pb_post clearfix et_pb_blog_item_1_103 post-36844 post type-post status-publish format-standard has-post-thumbnail hentry category-news-from-insuco tag-anciens-articles-avec-builder-en\">\n\n\t\t\t\t<div class=\"et_pb_image_container\"><a href=\"https:\/\/www.insuco.com\/en\/preparation-of-land-acquisition-and-resettlement-plan-in-compliance-with-international-standards-for-sewerage-project-in-guayaquil-emapag-afd\/\" class=\"entry-featured-image-url\"><img loading=\"lazy\" decoding=\"async\" src=\"https:\/\/www.insuco.com\/wp-content\/uploads\/2022\/02\/ec2-400x250.jpg\" alt=\"Preparation of land acquisition and resettlement plan in compliance with international standards for sewerage project in Guayaquil (EMAPAG-AFD)\" class=\"\" srcset=\"https:\/\/www.insuco.com\/wp-content\/uploads\/2022\/02\/ec2.jpg 479w, https:\/\/www.insuco.com\/wp-content\/uploads\/2022\/02\/ec2-400x250.jpg 480w \" sizes=\"(max-width:479px) 479px, 100vw \"  width=\"400\" height=\"250\" \/><\/a><\/div>\n\t\t\t\t\t\t\t\t\t\t\t\t\t\t<h2 class=\"entry-title\">\n\t\t\t\t\t\t\t\t\t\t\t\t\t<a href=\"https:\/\/www.insuco.com\/en\/preparation-of-land-acquisition-and-resettlement-plan-in-compliance-with-international-standards-for-sewerage-project-in-guayaquil-emapag-afd\/\">Preparation of land acquisition and resettlement plan in compliance with international standards for sewerage project in Guayaquil (EMAPAG-AFD)<\/a>\n\t\t\t\t\t\t\t\t\t\t\t<\/h2>\n\t\t\t\t\n\t\t\t\t\t<p class=\"post-meta\"><span class=\"published\">Feb 2022<\/span><\/p><div class=\"post-content\"><div class=\"post-content-inner\"><p>Within the framework of urban development in optimal conditions for&#8230;<\/p>\n<\/div><\/div>\t\t\t\n\t\t\t<\/article>\n\t\t\t\t\n\t\t\t<article id=\"post-36804\" class=\"et_pb_post clearfix et_pb_blog_item_1_104 post-36804 post type-post status-publish format-standard has-post-thumbnail hentry category-news-from-insuco tag-anciens-articles-avec-builder-en\">\n\n\t\t\t\t<div class=\"et_pb_image_container\"><a href=\"https:\/\/www.insuco.com\/en\/insuco-technical-assistant-to-the-project-reinventing-the-lake-city-of-ganvie\/\" class=\"entry-featured-image-url\"><img loading=\"lazy\" decoding=\"async\" src=\"https:\/\/www.insuco.com\/wp-content\/uploads\/2022\/02\/BeninBK-400x250.jpg\" alt=\"Insuco, technical assistant to the project &#8220;Reinventing the Lake City of Ganvi\u00e9&#8221;\" class=\"\" srcset=\"https:\/\/www.insuco.com\/wp-content\/uploads\/2022\/02\/BeninBK.jpg 479w, https:\/\/www.insuco.com\/wp-content\/uploads\/2022\/02\/BeninBK-400x250.jpg 480w \" sizes=\"(max-width:479px) 479px, 100vw \"  width=\"400\" height=\"250\" \/><\/a><\/div>\n\t\t\t\t\t\t\t\t\t\t\t\t\t\t<h2 class=\"entry-title\">\n\t\t\t\t\t\t\t\t\t\t\t\t\t<a href=\"https:\/\/www.insuco.com\/en\/insuco-technical-assistant-to-the-project-reinventing-the-lake-city-of-ganvie\/\">Insuco, technical assistant to the project &#8220;Reinventing the Lake City of Ganvi\u00e9&#8221;<\/a>\n\t\t\t\t\t\t\t\t\t\t\t<\/h2>\n\t\t\t\t\n\t\t\t\t\t<p class=\"post-meta\"><span class=\"published\">Feb 2022<\/span><\/p><div class=\"post-content\"><div class=\"post-content-inner\"><p>Insuco Burkina Faso and its Beninese partner IRC Consulting are starting&#8230;<\/p>\n<\/div><\/div>\t\t\t\n\t\t\t<\/article>\n\t\t\t\t\n\t\t\t<article id=\"post-35995\" class=\"et_pb_post clearfix et_pb_blog_item_1_105 post-35995 post type-post status-publish format-standard has-post-thumbnail hentry category-news-from-insuco tag-anciens-articles-avec-builder-en\">\n\n\t\t\t\t<div class=\"et_pb_image_container\"><a href=\"https:\/\/www.insuco.com\/en\/episode-5-now-available\/\" class=\"entry-featured-image-url\"><img loading=\"lazy\" decoding=\"async\" src=\"https:\/\/www.insuco.com\/wp-content\/uploads\/2022\/01\/ep5podcast-400x250.jpeg\" alt=\"Episode 5 now available!\" class=\"\" srcset=\"https:\/\/www.insuco.com\/wp-content\/uploads\/2022\/01\/ep5podcast.jpeg 479w, https:\/\/www.insuco.com\/wp-content\/uploads\/2022\/01\/ep5podcast-400x250.jpeg 480w \" sizes=\"(max-width:479px) 479px, 100vw \"  width=\"400\" height=\"250\" \/><\/a><\/div>\n\t\t\t\t\t\t\t\t\t\t\t\t\t\t<h2 class=\"entry-title\">\n\t\t\t\t\t\t\t\t\t\t\t\t\t<a href=\"https:\/\/www.insuco.com\/en\/episode-5-now-available\/\">Episode 5 now available!<\/a>\n\t\t\t\t\t\t\t\t\t\t\t<\/h2>\n\t\t\t\t\n\t\t\t\t\t<p class=\"post-meta\"><span class=\"published\">Jan 2022<\/span><\/p><div class=\"post-content\"><div class=\"post-content-inner\"><p>Insuco, with the support of the Ford Foundation and in collaboration with ICSI&#8230;<\/p>\n<\/div><\/div>\t\t\t\n\t\t\t<\/article>\n\t\t\t\t\n\t\t\t<article id=\"post-35977\" class=\"et_pb_post clearfix et_pb_blog_item_1_106 post-35977 post type-post status-publish format-standard has-post-thumbnail hentry category-news-from-insuco tag-anciens-articles-avec-builder-en\">\n\n\t\t\t\t<div class=\"et_pb_image_container\"><a href=\"https:\/\/www.insuco.com\/en\/final-evaluation-of-the-protana-project-for-fert\/\" class=\"entry-featured-image-url\"><img loading=\"lazy\" decoding=\"async\" src=\"https:\/\/www.insuco.com\/wp-content\/uploads\/2022\/01\/Focus_Presidents_des_unions_esc-400x250.jpg\" alt=\"Final evaluation of the ProTana project for Fert\" class=\"\" srcset=\"https:\/\/www.insuco.com\/wp-content\/uploads\/2022\/01\/Focus_Presidents_des_unions_esc.jpg 479w, https:\/\/www.insuco.com\/wp-content\/uploads\/2022\/01\/Focus_Presidents_des_unions_esc-400x250.jpg 480w \" sizes=\"(max-width:479px) 479px, 100vw \"  width=\"400\" height=\"250\" \/><\/a><\/div>\n\t\t\t\t\t\t\t\t\t\t\t\t\t\t<h2 class=\"entry-title\">\n\t\t\t\t\t\t\t\t\t\t\t\t\t<a href=\"https:\/\/www.insuco.com\/en\/final-evaluation-of-the-protana-project-for-fert\/\">Final evaluation of the ProTana project for Fert<\/a>\n\t\t\t\t\t\t\t\t\t\t\t<\/h2>\n\t\t\t\t\n\t\t\t\t\t<p class=\"post-meta\"><span class=\"published\">Jan 2022<\/span><\/p><div class=\"post-content\"><div class=\"post-content-inner\"><p>In 2013, a study by the Indian Ocean Commission indicated that&#8230;<\/p>\n<\/div><\/div>\t\t\t\n\t\t\t<\/article>\n\t\t\t\t\n\t\t\t<article id=\"post-35945\" class=\"et_pb_post clearfix et_pb_blog_item_1_107 post-35945 post type-post status-publish format-standard has-post-thumbnail hentry category-news-from-insuco tag-anciens-articles-avec-builder-en\">\n\n\t\t\t\t<div class=\"et_pb_image_container\"><a href=\"https:\/\/www.insuco.com\/en\/final-evaluation-of-the-citizen-participation-and-consultation-through-makon\/\" class=\"entry-featured-image-url\"><img loading=\"lazy\" decoding=\"async\" src=\"https:\/\/www.insuco.com\/wp-content\/uploads\/2022\/01\/illustration-Haiti-AfdEsc-400x250.png\" alt=\"Final evaluation of the &#8220;Citizen Participation and Consultation through Mak\u00f2n&#8221;\" class=\"\" srcset=\"https:\/\/www.insuco.com\/wp-content\/uploads\/2022\/01\/illustration-Haiti-AfdEsc.png 479w, https:\/\/www.insuco.com\/wp-content\/uploads\/2022\/01\/illustration-Haiti-AfdEsc-400x250.png 480w \" sizes=\"(max-width:479px) 479px, 100vw \"  width=\"400\" height=\"250\" \/><\/a><\/div>\n\t\t\t\t\t\t\t\t\t\t\t\t\t\t<h2 class=\"entry-title\">\n\t\t\t\t\t\t\t\t\t\t\t\t\t<a href=\"https:\/\/www.insuco.com\/en\/final-evaluation-of-the-citizen-participation-and-consultation-through-makon\/\">Final evaluation of the &#8220;Citizen Participation and Consultation through Mak\u00f2n&#8221;<\/a>\n\t\t\t\t\t\t\t\t\t\t\t<\/h2>\n\t\t\t\t\n\t\t\t\t\t<p class=\"post-meta\"><span class=\"published\">Jan 2022<\/span><\/p><div class=\"post-content\"><div class=\"post-content-inner\"><p>Insuco Haiti has carried out the final evaluation of the &#8220;Citizen Participation&#8230;<\/p>\n<\/div><\/div>\t\t\t\n\t\t\t<\/article>\n\t\t\t\t\n\t\t\t<article id=\"post-35786\" class=\"et_pb_post clearfix et_pb_blog_item_1_108 post-35786 post type-post status-publish format-standard has-post-thumbnail hentry category-news-from-insuco tag-anciens-articles-avec-builder-en\">\n\n\t\t\t\t<div class=\"et_pb_image_container\"><a href=\"https:\/\/www.insuco.com\/en\/best-wishes-for-2022\/\" class=\"entry-featured-image-url\"><img loading=\"lazy\" decoding=\"async\" src=\"https:\/\/www.insuco.com\/wp-content\/uploads\/2022\/01\/foto-fetes-de-fin-dannees-esc-400x250.png\" alt=\"Best wishes for 2022!\" class=\"\" srcset=\"https:\/\/www.insuco.com\/wp-content\/uploads\/2022\/01\/foto-fetes-de-fin-dannees-esc.png 479w, https:\/\/www.insuco.com\/wp-content\/uploads\/2022\/01\/foto-fetes-de-fin-dannees-esc-400x250.png 480w \" sizes=\"(max-width:479px) 479px, 100vw \"  width=\"400\" height=\"250\" \/><\/a><\/div>\n\t\t\t\t\t\t\t\t\t\t\t\t\t\t<h2 class=\"entry-title\">\n\t\t\t\t\t\t\t\t\t\t\t\t\t<a href=\"https:\/\/www.insuco.com\/en\/best-wishes-for-2022\/\">Best wishes for 2022!<\/a>\n\t\t\t\t\t\t\t\t\t\t\t<\/h2>\n\t\t\t\t\n\t\t\t\t\t<p class=\"post-meta\"><span class=\"published\">Jan 2022<\/span><\/p><div class=\"post-content\"><div class=\"post-content-inner\"><p>It is with great pleasure that all of the Insuco teams wish you happiness&#8230;<\/p>\n<\/div><\/div>\t\t\t\n\t\t\t<\/article>\n\t\t\t\t\n\t\t\t<article id=\"post-35761\" class=\"et_pb_post clearfix et_pb_blog_item_1_109 post-35761 post type-post status-publish format-standard has-post-thumbnail hentry category-news-from-insuco tag-anciens-articles-avec-builder-en\">\n\n\t\t\t\t<div class=\"et_pb_image_container\"><a href=\"https:\/\/www.insuco.com\/en\/evaluation-study-of-the-programme-dappui-a-la-creation-demplois-et-de-revenus-durables-pacerd\/\" class=\"entry-featured-image-url\"><img loading=\"lazy\" decoding=\"async\" src=\"https:\/\/www.insuco.com\/wp-content\/uploads\/2022\/01\/haiti-pacerd-1esc--400x250.jpg\" alt=\"Evaluation study of the Programme d&#8217;Appui \u00e0 la Cr\u00e9ation d&#8217;Emplois et de Revenus Durables (PACERD)\" class=\"\" srcset=\"https:\/\/www.insuco.com\/wp-content\/uploads\/2022\/01\/haiti-pacerd-1esc-.jpg 479w, https:\/\/www.insuco.com\/wp-content\/uploads\/2022\/01\/haiti-pacerd-1esc--400x250.jpg 480w \" sizes=\"(max-width:479px) 479px, 100vw \"  width=\"400\" height=\"250\" \/><\/a><\/div>\n\t\t\t\t\t\t\t\t\t\t\t\t\t\t<h2 class=\"entry-title\">\n\t\t\t\t\t\t\t\t\t\t\t\t\t<a href=\"https:\/\/www.insuco.com\/en\/evaluation-study-of-the-programme-dappui-a-la-creation-demplois-et-de-revenus-durables-pacerd\/\">Evaluation study of the Programme d&#8217;Appui \u00e0 la Cr\u00e9ation d&#8217;Emplois et de Revenus Durables (PACERD)<\/a>\n\t\t\t\t\t\t\t\t\t\t\t<\/h2>\n\t\t\t\t\n\t\t\t\t\t<p class=\"post-meta\"><span class=\"published\">Jan 2022<\/span><\/p><div class=\"post-content\"><div class=\"post-content-inner\"><p>Insuco Haiti is finalising an external evaluation study of the Programme&#8230;<\/p>\n<\/div><\/div>\t\t\t\n\t\t\t<\/article>\n\t\t\t\t\n\t\t\t<article id=\"post-35579\" class=\"et_pb_post clearfix et_pb_blog_item_1_110 post-35579 post type-post status-publish format-standard has-post-thumbnail hentry category-news-from-insuco tag-anciens-articles-avec-builder-en\">\n\n\t\t\t\t<div class=\"et_pb_image_container\"><a href=\"https:\/\/www.insuco.com\/en\/training-workshop-for-african-insucos-team-in-burkina-faso\/\" class=\"entry-featured-image-url\"><img loading=\"lazy\" decoding=\"async\" src=\"https:\/\/www.insuco.com\/wp-content\/uploads\/2021\/12\/formacion-afr-esc-400x250.jpg\" alt=\"Training workshop for African Insuco\u2019s Team in Burkina Faso\" class=\"\" srcset=\"https:\/\/www.insuco.com\/wp-content\/uploads\/2021\/12\/formacion-afr-esc.jpg 479w, https:\/\/www.insuco.com\/wp-content\/uploads\/2021\/12\/formacion-afr-esc-400x250.jpg 480w \" sizes=\"(max-width:479px) 479px, 100vw \"  width=\"400\" height=\"250\" \/><\/a><\/div>\n\t\t\t\t\t\t\t\t\t\t\t\t\t\t<h2 class=\"entry-title\">\n\t\t\t\t\t\t\t\t\t\t\t\t\t<a href=\"https:\/\/www.insuco.com\/en\/training-workshop-for-african-insucos-team-in-burkina-faso\/\">Training workshop for African Insuco\u2019s Team in Burkina Faso<\/a>\n\t\t\t\t\t\t\t\t\t\t\t<\/h2>\n\t\t\t\t\n\t\t\t\t\t<p class=\"post-meta\"><span class=\"published\">Dec 2021<\/span><\/p><div class=\"post-content\"><div class=\"post-content-inner\"><p>At the end of the year, the Insuco office in Burkina Faso welcomed&#8230;<\/p>\n<\/div><\/div>\t\t\t\n\t\t\t<\/article>\n\t\t\t\t\n\t\t\t<article id=\"post-35539\" class=\"et_pb_post clearfix et_pb_blog_item_1_111 post-35539 post type-post status-publish format-standard has-post-thumbnail hentry category-news-from-insuco tag-anciens-articles-avec-builder-en\">\n\n\t\t\t\t<div class=\"et_pb_image_container\"><a href=\"https:\/\/www.insuco.com\/en\/partnership-with-woman-in-mining-ecuador\/\" class=\"entry-featured-image-url\"><img loading=\"lazy\" decoding=\"async\" src=\"https:\/\/www.insuco.com\/wp-content\/uploads\/2021\/12\/wim-insuco-esc-400x250.jpg\" alt=\"Partnership with Woman in Mining Ecuador\" class=\"\" srcset=\"https:\/\/www.insuco.com\/wp-content\/uploads\/2021\/12\/wim-insuco-esc.jpg 479w, https:\/\/www.insuco.com\/wp-content\/uploads\/2021\/12\/wim-insuco-esc-400x250.jpg 480w \" sizes=\"(max-width:479px) 479px, 100vw \"  width=\"400\" height=\"250\" \/><\/a><\/div>\n\t\t\t\t\t\t\t\t\t\t\t\t\t\t<h2 class=\"entry-title\">\n\t\t\t\t\t\t\t\t\t\t\t\t\t<a href=\"https:\/\/www.insuco.com\/en\/partnership-with-woman-in-mining-ecuador\/\">Partnership with Woman in Mining Ecuador<\/a>\n\t\t\t\t\t\t\t\t\t\t\t<\/h2>\n\t\t\t\t\n\t\t\t\t\t<p class=\"post-meta\"><span class=\"published\">Dec 2021<\/span><\/p><div class=\"post-content\"><div class=\"post-content-inner\"><p>We are very pleased to announce that, since the last quarter of 2021&#8230;<\/p>\n<\/div><\/div>\t\t\t\n\t\t\t<\/article>\n\t\t\t\t\n\t\t\t<article id=\"post-35503\" class=\"et_pb_post clearfix et_pb_blog_item_1_112 post-35503 post type-post status-publish format-standard has-post-thumbnail hentry category-news-from-insuco tag-anciens-articles-avec-builder-en\">\n\n\t\t\t\t<div class=\"et_pb_image_container\"><a href=\"https:\/\/www.insuco.com\/en\/insuco-haiti-on-radio-vibration-in-trou-du-nord\/\" class=\"entry-featured-image-url\"><img loading=\"lazy\" decoding=\"async\" src=\"https:\/\/www.insuco.com\/wp-content\/uploads\/2021\/12\/Radio-400x250.png\" alt=\"Insuco Haiti on Radio Vibration in Trou du Nord\" class=\"\" srcset=\"https:\/\/www.insuco.com\/wp-content\/uploads\/2021\/12\/Radio.png 479w, https:\/\/www.insuco.com\/wp-content\/uploads\/2021\/12\/Radio-400x250.png 480w \" sizes=\"(max-width:479px) 479px, 100vw \"  width=\"400\" height=\"250\" \/><\/a><\/div>\n\t\t\t\t\t\t\t\t\t\t\t\t\t\t<h2 class=\"entry-title\">\n\t\t\t\t\t\t\t\t\t\t\t\t\t<a href=\"https:\/\/www.insuco.com\/en\/insuco-haiti-on-radio-vibration-in-trou-du-nord\/\">Insuco Haiti on Radio Vibration in Trou du Nord<\/a>\n\t\t\t\t\t\t\t\t\t\t\t<\/h2>\n\t\t\t\t\n\t\t\t\t\t<p class=\"post-meta\"><span class=\"published\">Dec 2021<\/span><\/p><div class=\"post-content\"><div class=\"post-content-inner\"><p>In the framework of the feasibility study for the &#8220;Poto Mitan&#8221; programme&#8230;<\/p>\n<\/div><\/div>\t\t\t\n\t\t\t<\/article>\n\t\t\t\t\n\t\t\t<article id=\"post-35433\" class=\"et_pb_post clearfix et_pb_blog_item_1_113 post-35433 post type-post status-publish format-standard has-post-thumbnail hentry category-news-from-insuco tag-anciens-articles-avec-builder-en\">\n\n\t\t\t\t<div class=\"et_pb_image_container\"><a href=\"https:\/\/www.insuco.com\/en\/strategic-collaboration-agreement-with-conacado\/\" class=\"entry-featured-image-url\"><img loading=\"lazy\" decoding=\"async\" src=\"https:\/\/www.insuco.com\/wp-content\/uploads\/2021\/12\/INSUCO-CONACADOesc-400x250.jpeg\" alt=\"Strategic collaboration agreement with CONACADO\" class=\"\" srcset=\"https:\/\/www.insuco.com\/wp-content\/uploads\/2021\/12\/INSUCO-CONACADOesc.jpeg 479w, https:\/\/www.insuco.com\/wp-content\/uploads\/2021\/12\/INSUCO-CONACADOesc-400x250.jpeg 480w \" sizes=\"(max-width:479px) 479px, 100vw \"  width=\"400\" height=\"250\" \/><\/a><\/div>\n\t\t\t\t\t\t\t\t\t\t\t\t\t\t<h2 class=\"entry-title\">\n\t\t\t\t\t\t\t\t\t\t\t\t\t<a href=\"https:\/\/www.insuco.com\/en\/strategic-collaboration-agreement-with-conacado\/\">Strategic collaboration agreement with CONACADO<\/a>\n\t\t\t\t\t\t\t\t\t\t\t<\/h2>\n\t\t\t\t\n\t\t\t\t\t<p class=\"post-meta\"><span class=\"published\">Dec 2021<\/span><\/p><div class=\"post-content\"><div class=\"post-content-inner\"><p>Accompanying the development of our activities in the Dominican&#8230;<\/p>\n<\/div><\/div>\t\t\t\n\t\t\t<\/article>\n\t\t\t\t\n\t\t\t<article id=\"post-35400\" class=\"et_pb_post clearfix et_pb_blog_item_1_114 post-35400 post type-post status-publish format-standard has-post-thumbnail hentry category-news-from-insuco tag-anciens-articles-avec-builder-en\">\n\n\t\t\t\t<div class=\"et_pb_image_container\"><a href=\"https:\/\/www.insuco.com\/en\/insuco-peru-conducts-human-rights-audit\/\" class=\"entry-featured-image-url\"><img loading=\"lazy\" decoding=\"async\" src=\"https:\/\/www.insuco.com\/wp-content\/uploads\/2021\/12\/dpperu-esc-400x250.png\" alt=\"Insuco Peru conducts human rights audit\" class=\"\" srcset=\"https:\/\/www.insuco.com\/wp-content\/uploads\/2021\/12\/dpperu-esc.png 479w, https:\/\/www.insuco.com\/wp-content\/uploads\/2021\/12\/dpperu-esc-400x250.png 480w \" sizes=\"(max-width:479px) 479px, 100vw \"  width=\"400\" height=\"250\" \/><\/a><\/div>\n\t\t\t\t\t\t\t\t\t\t\t\t\t\t<h2 class=\"entry-title\">\n\t\t\t\t\t\t\t\t\t\t\t\t\t<a href=\"https:\/\/www.insuco.com\/en\/insuco-peru-conducts-human-rights-audit\/\">Insuco Peru conducts human rights audit<\/a>\n\t\t\t\t\t\t\t\t\t\t\t<\/h2>\n\t\t\t\t\n\t\t\t\t\t<p class=\"post-meta\"><span class=\"published\">Dec 2021<\/span><\/p><div class=\"post-content\"><div class=\"post-content-inner\"><p>In recent months, INSUCO Peru has carried out a human rights&#8230;<\/p>\n<\/div><\/div>\t\t\t\n\t\t\t<\/article>\n\t\t\t\t\n\t\t\t<article id=\"post-35376\" class=\"et_pb_post clearfix et_pb_blog_item_1_115 post-35376 post type-post status-publish format-standard has-post-thumbnail hentry category-news-from-insuco tag-anciens-articles-avec-builder-en\">\n\n\t\t\t\t<div class=\"et_pb_image_container\"><a href=\"https:\/\/www.insuco.com\/en\/gis-capacity-building-at-insuco-guinea\/\" class=\"entry-featured-image-url\"><img loading=\"lazy\" decoding=\"async\" src=\"https:\/\/www.insuco.com\/wp-content\/uploads\/2021\/12\/esca-2-400x250.jpeg\" alt=\"GIS capacity building at Insuco Guinea\" class=\"\" srcset=\"https:\/\/www.insuco.com\/wp-content\/uploads\/2021\/12\/esca-2.jpeg 479w, https:\/\/www.insuco.com\/wp-content\/uploads\/2021\/12\/esca-2-400x250.jpeg 480w \" sizes=\"(max-width:479px) 479px, 100vw \"  width=\"400\" height=\"250\" \/><\/a><\/div>\n\t\t\t\t\t\t\t\t\t\t\t\t\t\t<h2 class=\"entry-title\">\n\t\t\t\t\t\t\t\t\t\t\t\t\t<a href=\"https:\/\/www.insuco.com\/en\/gis-capacity-building-at-insuco-guinea\/\">GIS capacity building at Insuco Guinea<\/a>\n\t\t\t\t\t\t\t\t\t\t\t<\/h2>\n\t\t\t\t\n\t\t\t\t\t<p class=\"post-meta\"><span class=\"published\">Dec 2021<\/span><\/p><div class=\"post-content\"><div class=\"post-content-inner\"><p>As part of our field surveys (inventories and socio-economic studies)&#8230;<\/p>\n<\/div><\/div>\t\t\t\n\t\t\t<\/article>\n\t\t\t\t\n\t\t\t<article id=\"post-35344\" class=\"et_pb_post clearfix et_pb_blog_item_1_116 post-35344 post type-post status-publish format-standard has-post-thumbnail hentry category-news-from-insuco tag-anciens-articles-avec-builder-en\">\n\n\t\t\t\t<div class=\"et_pb_image_container\"><a href=\"https:\/\/www.insuco.com\/en\/insuco-celebrates-france-week-in-santo-domingo\/\" class=\"entry-featured-image-url\"><img loading=\"lazy\" decoding=\"async\" src=\"https:\/\/www.insuco.com\/wp-content\/uploads\/2021\/12\/esca-400x250.jpeg\" alt=\"Insuco celebrates France week in Santo Domingo\" class=\"\" srcset=\"https:\/\/www.insuco.com\/wp-content\/uploads\/2021\/12\/esca.jpeg 479w, https:\/\/www.insuco.com\/wp-content\/uploads\/2021\/12\/esca-400x250.jpeg 480w \" sizes=\"(max-width:479px) 479px, 100vw \"  width=\"400\" height=\"250\" \/><\/a><\/div>\n\t\t\t\t\t\t\t\t\t\t\t\t\t\t<h2 class=\"entry-title\">\n\t\t\t\t\t\t\t\t\t\t\t\t\t<a href=\"https:\/\/www.insuco.com\/en\/insuco-celebrates-france-week-in-santo-domingo\/\">Insuco celebrates France week in Santo Domingo<\/a>\n\t\t\t\t\t\t\t\t\t\t\t<\/h2>\n\t\t\t\t\n\t\t\t\t\t<p class=\"post-meta\"><span class=\"published\">Dec 2021<\/span><\/p><div class=\"post-content\"><div class=\"post-content-inner\"><p>We are honoured to have participated in the celebration of the France&#8230;<\/p>\n<\/div><\/div>\t\t\t\n\t\t\t<\/article>\n\t\t\t\t\n\t\t\t<article id=\"post-35031\" class=\"et_pb_post clearfix et_pb_blog_item_1_117 post-35031 post type-post status-publish format-standard has-post-thumbnail hentry category-news-from-insuco tag-anciens-articles-avec-builder-en\">\n\n\t\t\t\t<div class=\"et_pb_image_container\"><a href=\"https:\/\/www.insuco.com\/en\/first-business-expo-congress-logistics-environment-oil-ecuamazonia-2021\/\" class=\"entry-featured-image-url\"><img loading=\"lazy\" decoding=\"async\" src=\"https:\/\/www.insuco.com\/wp-content\/uploads\/2021\/12\/ECUA-1-400x250.jpg\" alt=\"First business expo-congress: logistics, environment &#038; oil, ecuamazon\u00eda 2021\" class=\"\" srcset=\"https:\/\/www.insuco.com\/wp-content\/uploads\/2021\/12\/ECUA-1.jpg 479w, https:\/\/www.insuco.com\/wp-content\/uploads\/2021\/12\/ECUA-1-400x250.jpg 480w \" sizes=\"(max-width:479px) 479px, 100vw \"  width=\"400\" height=\"250\" \/><\/a><\/div>\n\t\t\t\t\t\t\t\t\t\t\t\t\t\t<h2 class=\"entry-title\">\n\t\t\t\t\t\t\t\t\t\t\t\t\t<a href=\"https:\/\/www.insuco.com\/en\/first-business-expo-congress-logistics-environment-oil-ecuamazonia-2021\/\">First business expo-congress: logistics, environment &#038; oil, ecuamazon\u00eda 2021<\/a>\n\t\t\t\t\t\t\t\t\t\t\t<\/h2>\n\t\t\t\t\n\t\t\t\t\t<p class=\"post-meta\"><span class=\"published\">Dec 2021<\/span><\/p><div class=\"post-content\"><div class=\"post-content-inner\"><p>The Chamber of Heavy Transport of Orellana, one of the main actors&#8230;<\/p>\n<\/div><\/div>\t\t\t\n\t\t\t<\/article>\n\t\t\t\t\n\t\t\t<article id=\"post-35000\" class=\"et_pb_post clearfix et_pb_blog_item_1_118 post-35000 post type-post status-publish format-standard has-post-thumbnail hentry category-news-from-insuco tag-anciens-articles-avec-builder-en\">\n\n\t\t\t\t<div class=\"et_pb_image_container\"><a href=\"https:\/\/www.insuco.com\/en\/step-2-role-playing-for-redd-in-burkina-action\/\" class=\"entry-featured-image-url\"><img loading=\"lazy\" decoding=\"async\" src=\"https:\/\/www.insuco.com\/wp-content\/uploads\/2021\/12\/esca-2-400x250.jpg\" alt=\"Step 2. Role-playing for REDD+ in Burkina: ACTION\" class=\"\" srcset=\"https:\/\/www.insuco.com\/wp-content\/uploads\/2021\/12\/esca-2.jpg 479w, https:\/\/www.insuco.com\/wp-content\/uploads\/2021\/12\/esca-2-400x250.jpg 480w \" sizes=\"(max-width:479px) 479px, 100vw \"  width=\"400\" height=\"250\" \/><\/a><\/div>\n\t\t\t\t\t\t\t\t\t\t\t\t\t\t<h2 class=\"entry-title\">\n\t\t\t\t\t\t\t\t\t\t\t\t\t<a href=\"https:\/\/www.insuco.com\/en\/step-2-role-playing-for-redd-in-burkina-action\/\">Step 2. Role-playing for REDD+ in Burkina: ACTION<\/a>\n\t\t\t\t\t\t\t\t\t\t\t<\/h2>\n\t\t\t\t\n\t\t\t\t\t<p class=\"post-meta\"><span class=\"published\">Dec 2021<\/span><\/p><div class=\"post-content\"><div class=\"post-content-inner\"><p>As part of its project for the Forest Investment Programme (PIF), the Insuco&#8230;<\/p>\n<\/div><\/div>\t\t\t\n\t\t\t<\/article>\n\t\t\t\t\n\t\t\t<article id=\"post-34928\" class=\"et_pb_post clearfix et_pb_blog_item_1_119 post-34928 post type-post status-publish format-standard has-post-thumbnail hentry category-news-from-insuco tag-anciens-articles-avec-builder-en\">\n\n\t\t\t\t<div class=\"et_pb_image_container\"><a href=\"https:\/\/www.insuco.com\/en\/choiseul-africa-business-forum\/\" class=\"entry-featured-image-url\"><img loading=\"lazy\" decoding=\"async\" src=\"https:\/\/www.insuco.com\/wp-content\/uploads\/2021\/11\/pascesc-400x250.jpg\" alt=\"Choiseul Africa Business Forum\" class=\"\" srcset=\"https:\/\/www.insuco.com\/wp-content\/uploads\/2021\/11\/pascesc.jpg 479w, https:\/\/www.insuco.com\/wp-content\/uploads\/2021\/11\/pascesc-400x250.jpg 480w \" sizes=\"(max-width:479px) 479px, 100vw \"  width=\"400\" height=\"250\" \/><\/a><\/div>\n\t\t\t\t\t\t\t\t\t\t\t\t\t\t<h2 class=\"entry-title\">\n\t\t\t\t\t\t\t\t\t\t\t\t\t<a href=\"https:\/\/www.insuco.com\/en\/choiseul-africa-business-forum\/\">Choiseul Africa Business Forum<\/a>\n\t\t\t\t\t\t\t\t\t\t\t<\/h2>\n\t\t\t\t\n\t\t\t\t\t<p class=\"post-meta\"><span class=\"published\">Nov 2021<\/span><\/p><div class=\"post-content\"><div class=\"post-content-inner\"><p>We are honored to have participated in the 2021 edition of the Choiseul&#8230;<\/p>\n<\/div><\/div>\t\t\t\n\t\t\t<\/article>\n\t\t\t\t\n\t\t\t<article id=\"post-34903\" class=\"et_pb_post clearfix et_pb_blog_item_1_120 post-34903 post type-post status-publish format-standard has-post-thumbnail hentry category-news-from-insuco tag-anciens-articles-avec-builder-en\">\n\n\t\t\t\t<div class=\"et_pb_image_container\"><a href=\"https:\/\/www.insuco.com\/en\/episode-4-now-available\/\" class=\"entry-featured-image-url\"><img loading=\"lazy\" decoding=\"async\" src=\"https:\/\/www.insuco.com\/wp-content\/uploads\/2021\/11\/ep-4-esc-400x250.jpg\" alt=\"Episode 4 now available!\" class=\"\" srcset=\"https:\/\/www.insuco.com\/wp-content\/uploads\/2021\/11\/ep-4-esc.jpg 479w, https:\/\/www.insuco.com\/wp-content\/uploads\/2021\/11\/ep-4-esc-400x250.jpg 480w \" sizes=\"(max-width:479px) 479px, 100vw \"  width=\"400\" height=\"250\" \/><\/a><\/div>\n\t\t\t\t\t\t\t\t\t\t\t\t\t\t<h2 class=\"entry-title\">\n\t\t\t\t\t\t\t\t\t\t\t\t\t<a href=\"https:\/\/www.insuco.com\/en\/episode-4-now-available\/\">Episode 4 now available!<\/a>\n\t\t\t\t\t\t\t\t\t\t\t<\/h2>\n\t\t\t\t\n\t\t\t\t\t<p class=\"post-meta\"><span class=\"published\">Nov 2021<\/span><\/p><div class=\"post-content\"><div class=\"post-content-inner\"><p>Insuco, with the support of the Ford Foundation and in collaboration with ICSI&#8230;<\/p>\n<\/div><\/div>\t\t\t\n\t\t\t<\/article>\n\t\t\t\t\n\t\t\t<article id=\"post-34872\" class=\"et_pb_post clearfix et_pb_blog_item_1_121 post-34872 post type-post status-publish format-standard has-post-thumbnail hentry category-news-from-insuco tag-anciens-articles-avec-builder-en\">\n\n\t\t\t\t<div class=\"et_pb_image_container\"><a href=\"https:\/\/www.insuco.com\/en\/multi-actor-dialogue-and-collective-action-for-territorial-transformation\/\" class=\"entry-featured-image-url\"><img loading=\"lazy\" decoding=\"async\" src=\"https:\/\/www.insuco.com\/wp-content\/uploads\/2021\/11\/guillen-esc-400x250.jpeg\" alt=\"&#8220;Multi-actor dialogue and collective action for territorial transformation&#8221;\" class=\"\" srcset=\"https:\/\/www.insuco.com\/wp-content\/uploads\/2021\/11\/guillen-esc.jpeg 479w, https:\/\/www.insuco.com\/wp-content\/uploads\/2021\/11\/guillen-esc-400x250.jpeg 480w \" sizes=\"(max-width:479px) 479px, 100vw \"  width=\"400\" height=\"250\" \/><\/a><\/div>\n\t\t\t\t\t\t\t\t\t\t\t\t\t\t<h2 class=\"entry-title\">\n\t\t\t\t\t\t\t\t\t\t\t\t\t<a href=\"https:\/\/www.insuco.com\/en\/multi-actor-dialogue-and-collective-action-for-territorial-transformation\/\">&#8220;Multi-actor dialogue and collective action for territorial transformation&#8221;<\/a>\n\t\t\t\t\t\t\t\t\t\t\t<\/h2>\n\t\t\t\t\n\t\t\t\t\t<p class=\"post-meta\"><span class=\"published\">Nov 2021<\/span><\/p><div class=\"post-content\"><div class=\"post-content-inner\"><p>Guillen Calvo, INSUCO&#8217;s General Director for Latin America and the Caribbean&#8230;<\/p>\n<\/div><\/div>\t\t\t\n\t\t\t<\/article>\n\t\t\t\t\n\t\t\t<article id=\"post-34835\" class=\"et_pb_post clearfix et_pb_blog_item_1_122 post-34835 post type-post status-publish format-standard has-post-thumbnail hentry category-news-from-insuco tag-anciens-articles-avec-builder-en\">\n\n\t\t\t\t<div class=\"et_pb_image_container\"><a href=\"https:\/\/www.insuco.com\/en\/gender-equality-guidelines-of-the-colombian-ministry-of-mines-and-energy-phase-ii\/\" class=\"entry-featured-image-url\"><img loading=\"lazy\" decoding=\"async\" src=\"https:\/\/www.insuco.com\/wp-content\/uploads\/2021\/11\/esc-1-infografia-400x250.jpg\" alt=\"Gender Equality Guidelines of the Colombian Ministry of Mines and Energy Phase II\" class=\"\" srcset=\"https:\/\/www.insuco.com\/wp-content\/uploads\/2021\/11\/esc-1-infografia.jpg 479w, https:\/\/www.insuco.com\/wp-content\/uploads\/2021\/11\/esc-1-infografia-400x250.jpg 480w \" sizes=\"(max-width:479px) 479px, 100vw \"  width=\"400\" height=\"250\" \/><\/a><\/div>\n\t\t\t\t\t\t\t\t\t\t\t\t\t\t<h2 class=\"entry-title\">\n\t\t\t\t\t\t\t\t\t\t\t\t\t<a href=\"https:\/\/www.insuco.com\/en\/gender-equality-guidelines-of-the-colombian-ministry-of-mines-and-energy-phase-ii\/\">Gender Equality Guidelines of the Colombian Ministry of Mines and Energy Phase II<\/a>\n\t\t\t\t\t\t\t\t\t\t\t<\/h2>\n\t\t\t\t\n\t\t\t\t\t<p class=\"post-meta\"><span class=\"published\">Nov 2021<\/span><\/p><div class=\"post-content\"><div class=\"post-content-inner\"><p>The mining and energy sector continues to mobilize in favor of gender equity&#8230;<\/p>\n<\/div><\/div>\t\t\t\n\t\t\t<\/article>\n\t\t\t\t\n\t\t\t<article id=\"post-34802\" class=\"et_pb_post clearfix et_pb_blog_item_1_123 post-34802 post type-post status-publish format-standard has-post-thumbnail hentry category-news-from-insuco tag-anciens-articles-avec-builder-en\">\n\n\t\t\t\t<div class=\"et_pb_image_container\"><a href=\"https:\/\/www.insuco.com\/en\/insuco-participated-in-the-9th-edition-of-the-mining-and-petroleum-days-of-mali-2021\/\" class=\"entry-featured-image-url\"><img loading=\"lazy\" decoding=\"async\" src=\"https:\/\/www.insuco.com\/wp-content\/uploads\/2021\/11\/esc-mali-400x250.jpg\" alt=\"Insuco participated in the 9th edition of the Mining and Petroleum Days of Mali 2021\" class=\"\" srcset=\"https:\/\/www.insuco.com\/wp-content\/uploads\/2021\/11\/esc-mali.jpg 479w, https:\/\/www.insuco.com\/wp-content\/uploads\/2021\/11\/esc-mali-400x250.jpg 480w \" sizes=\"(max-width:479px) 479px, 100vw \"  width=\"400\" height=\"250\" \/><\/a><\/div>\n\t\t\t\t\t\t\t\t\t\t\t\t\t\t<h2 class=\"entry-title\">\n\t\t\t\t\t\t\t\t\t\t\t\t\t<a href=\"https:\/\/www.insuco.com\/en\/insuco-participated-in-the-9th-edition-of-the-mining-and-petroleum-days-of-mali-2021\/\">Insuco participated in the 9th edition of the Mining and Petroleum Days of Mali 2021<\/a>\n\t\t\t\t\t\t\t\t\t\t\t<\/h2>\n\t\t\t\t\n\t\t\t\t\t<p class=\"post-meta\"><span class=\"published\">Nov 2021<\/span><\/p><div class=\"post-content\"><div class=\"post-content-inner\"><p>We are honored to have participated in the 9th edition of the Mining and Petroleum&#8230;<\/p>\n<\/div><\/div>\t\t\t\n\t\t\t<\/article>\n\t\t\t\t\n\t\t\t<article id=\"post-34690\" class=\"et_pb_post clearfix et_pb_blog_item_1_124 post-34690 post type-post status-publish format-standard has-post-thumbnail hentry category-news-from-insuco tag-anciens-articles-avec-builder-en\">\n\n\t\t\t\t<div class=\"et_pb_image_container\"><a href=\"https:\/\/www.insuco.com\/en\/colombia-gold-symposium-2021-cgs2021\/\" class=\"entry-featured-image-url\"><img loading=\"lazy\" decoding=\"async\" src=\"https:\/\/www.insuco.com\/wp-content\/uploads\/2021\/11\/pag-1-400x250.jpeg\" alt=\"Colombia Gold Symposium 2021 (CGS2021)\" class=\"\" srcset=\"https:\/\/www.insuco.com\/wp-content\/uploads\/2021\/11\/pag-1.jpeg 479w, https:\/\/www.insuco.com\/wp-content\/uploads\/2021\/11\/pag-1-400x250.jpeg 480w \" sizes=\"(max-width:479px) 479px, 100vw \"  width=\"400\" height=\"250\" \/><\/a><\/div>\n\t\t\t\t\t\t\t\t\t\t\t\t\t\t<h2 class=\"entry-title\">\n\t\t\t\t\t\t\t\t\t\t\t\t\t<a href=\"https:\/\/www.insuco.com\/en\/colombia-gold-symposium-2021-cgs2021\/\">Colombia Gold Symposium 2021 (CGS2021)<\/a>\n\t\t\t\t\t\t\t\t\t\t\t<\/h2>\n\t\t\t\t\n\t\t\t\t\t<p class=\"post-meta\"><span class=\"published\">Nov 2021<\/span><\/p><div class=\"post-content\"><div class=\"post-content-inner\"><p>Guill\u00e9n Calvo, Insuco&#8217;s General Director for Latin America and the Caribbean&#8230;<\/p>\n<\/div><\/div>\t\t\t\n\t\t\t<\/article>\n\t\t\t\t\n\t\t\t<article id=\"post-34640\" class=\"et_pb_post clearfix et_pb_blog_item_1_125 post-34640 post type-post status-publish format-standard has-post-thumbnail hentry category-news-from-insuco tag-anciens-articles-avec-builder-en\">\n\n\t\t\t\t<div class=\"et_pb_image_container\"><a href=\"https:\/\/www.insuco.com\/en\/social-survey-in-guinea-for-a-power-line-project\/\" class=\"entry-featured-image-url\"><img loading=\"lazy\" decoding=\"async\" src=\"https:\/\/www.insuco.com\/wp-content\/uploads\/2021\/11\/ESC-4-394x250.jpg\" alt=\"Social Survey in Guinea for a Power Line Project\" class=\"\" srcset=\"https:\/\/www.insuco.com\/wp-content\/uploads\/2021\/11\/ESC-4.jpg 479w, https:\/\/www.insuco.com\/wp-content\/uploads\/2021\/11\/ESC-4-394x250.jpg 480w \" sizes=\"(max-width:479px) 479px, 100vw \"  width=\"400\" height=\"250\" \/><\/a><\/div>\n\t\t\t\t\t\t\t\t\t\t\t\t\t\t<h2 class=\"entry-title\">\n\t\t\t\t\t\t\t\t\t\t\t\t\t<a href=\"https:\/\/www.insuco.com\/en\/social-survey-in-guinea-for-a-power-line-project\/\">Social Survey in Guinea for a Power Line Project<\/a>\n\t\t\t\t\t\t\t\t\t\t\t<\/h2>\n\t\t\t\t\n\t\t\t\t\t<p class=\"post-meta\"><span class=\"published\">Nov 2021<\/span><\/p><div class=\"post-content\"><div class=\"post-content-inner\"><p>Insuco conducts its social studies in accordance with national and international&#8230;<\/p>\n<\/div><\/div>\t\t\t\n\t\t\t<\/article>\n\t\t\t\t\n\t\t\t<article id=\"post-34564\" class=\"et_pb_post clearfix et_pb_blog_item_1_126 post-34564 post type-post status-publish format-standard has-post-thumbnail hentry category-news-from-insuco tag-anciens-articles-avec-builder-en\">\n\n\t\t\t\t<div class=\"et_pb_image_container\"><a href=\"https:\/\/www.insuco.com\/en\/environmental-and-social-impact-studies-in-benin\/\" class=\"entry-featured-image-url\"><img loading=\"lazy\" decoding=\"async\" src=\"https:\/\/www.insuco.com\/wp-content\/uploads\/2021\/11\/imagen-1-afdnbenin.jpg\" alt=\"Environmental and social impact studies in Benin\" class=\"\" srcset=\"https:\/\/www.insuco.com\/wp-content\/uploads\/2021\/11\/imagen-1-afdnbenin.jpg 479w, https:\/\/www.insuco.com\/wp-content\/uploads\/2021\/11\/imagen-1-afdnbenin.jpg 480w \" sizes=\"(max-width:479px) 479px, 100vw \"  width=\"400\" height=\"250\" \/><\/a><\/div>\n\t\t\t\t\t\t\t\t\t\t\t\t\t\t<h2 class=\"entry-title\">\n\t\t\t\t\t\t\t\t\t\t\t\t\t<a href=\"https:\/\/www.insuco.com\/en\/environmental-and-social-impact-studies-in-benin\/\">Environmental and social impact studies in Benin<\/a>\n\t\t\t\t\t\t\t\t\t\t\t<\/h2>\n\t\t\t\t\n\t\t\t\t\t<p class=\"post-meta\"><span class=\"published\">Nov 2021<\/span><\/p><div class=\"post-content\"><div class=\"post-content-inner\"><p>As Benin welcomes the 26 works of art returned by France, Insuco&#8230;<\/p>\n<\/div><\/div>\t\t\t\n\t\t\t<\/article>\n\t\t\t\t\n\t\t\t<article id=\"post-34594\" class=\"et_pb_post clearfix et_pb_blog_item_1_127 post-34594 post type-post status-publish format-standard has-post-thumbnail hentry category-news-from-insuco tag-anciens-articles-avec-builder-en\">\n\n\t\t\t\t<div class=\"et_pb_image_container\"><a href=\"https:\/\/www.insuco.com\/en\/episode-3-now-available\/\" class=\"entry-featured-image-url\"><img loading=\"lazy\" decoding=\"async\" src=\"https:\/\/www.insuco.com\/wp-content\/uploads\/2021\/11\/WhatsApp-Image-2021-11-12-at-12.00.24-PM-400x250.jpeg\" alt=\"Episode 3 now available!\u00a0\" class=\"\" srcset=\"https:\/\/www.insuco.com\/wp-content\/uploads\/2021\/11\/WhatsApp-Image-2021-11-12-at-12.00.24-PM.jpeg 479w, https:\/\/www.insuco.com\/wp-content\/uploads\/2021\/11\/WhatsApp-Image-2021-11-12-at-12.00.24-PM-400x250.jpeg 480w \" sizes=\"(max-width:479px) 479px, 100vw \"  width=\"400\" height=\"250\" \/><\/a><\/div>\n\t\t\t\t\t\t\t\t\t\t\t\t\t\t<h2 class=\"entry-title\">\n\t\t\t\t\t\t\t\t\t\t\t\t\t<a href=\"https:\/\/www.insuco.com\/en\/episode-3-now-available\/\">Episode 3 now available!\u00a0<\/a>\n\t\t\t\t\t\t\t\t\t\t\t<\/h2>\n\t\t\t\t\n\t\t\t\t\t<p class=\"post-meta\"><span class=\"published\">Nov 2021<\/span><\/p><div class=\"post-content\"><div class=\"post-content-inner\"><p>Insuco, with the support of the Ford Foundation and in collaboration with the #ICSI (Insuco&#8230;<\/p>\n<\/div><\/div>\t\t\t\n\t\t\t<\/article>\n\t\t\t\t\n\t\t\t<article id=\"post-34237\" class=\"et_pb_post clearfix et_pb_blog_item_1_128 post-34237 post type-post status-publish format-standard has-post-thumbnail hentry category-news-from-insuco tag-anciens-articles-avec-builder-en\">\n\n\t\t\t\t<div class=\"et_pb_image_container\"><a href=\"https:\/\/www.insuco.com\/en\/insuco-innovates-role-playing-games-for-redd\/\" class=\"entry-featured-image-url\"><img loading=\"lazy\" decoding=\"async\" src=\"https:\/\/www.insuco.com\/wp-content\/uploads\/2021\/11\/burkinaesc-400x250.jpg\" alt=\"Insuco innovates: role-playing games for REDD+\" class=\"\" srcset=\"https:\/\/www.insuco.com\/wp-content\/uploads\/2021\/11\/burkinaesc.jpg 479w, https:\/\/www.insuco.com\/wp-content\/uploads\/2021\/11\/burkinaesc-400x250.jpg 480w \" sizes=\"(max-width:479px) 479px, 100vw \"  width=\"400\" height=\"250\" \/><\/a><\/div>\n\t\t\t\t\t\t\t\t\t\t\t\t\t\t<h2 class=\"entry-title\">\n\t\t\t\t\t\t\t\t\t\t\t\t\t<a href=\"https:\/\/www.insuco.com\/en\/insuco-innovates-role-playing-games-for-redd\/\">Insuco innovates: role-playing games for REDD+<\/a>\n\t\t\t\t\t\t\t\t\t\t\t<\/h2>\n\t\t\t\t\n\t\t\t\t\t<p class=\"post-meta\"><span class=\"published\">Nov 2021<\/span><\/p><div class=\"post-content\"><div class=\"post-content-inner\"><p>As part of the Forest Investment Program (PIF) activities in Burkina Faso&#8230;<\/p>\n<\/div><\/div>\t\t\t\n\t\t\t<\/article>\n\t\t\t\t\n\t\t\t<article id=\"post-34163\" class=\"et_pb_post clearfix et_pb_blog_item_1_129 post-34163 post type-post status-publish format-standard has-post-thumbnail hentry category-news-from-insuco tag-anciens-articles-avec-builder-en\">\n\n\t\t\t\t<div class=\"et_pb_image_container\"><a href=\"https:\/\/www.insuco.com\/en\/condolences\/\" class=\"entry-featured-image-url\"><img loading=\"lazy\" decoding=\"async\" src=\"https:\/\/www.insuco.com\/wp-content\/uploads\/2021\/11\/NOTA-DE-PESAR_esc-400x250.jpg\" alt=\"Condolences\" class=\"\" srcset=\"https:\/\/www.insuco.com\/wp-content\/uploads\/2021\/11\/NOTA-DE-PESAR_esc.jpg 479w, https:\/\/www.insuco.com\/wp-content\/uploads\/2021\/11\/NOTA-DE-PESAR_esc-400x250.jpg 480w \" sizes=\"(max-width:479px) 479px, 100vw \"  width=\"400\" height=\"250\" \/><\/a><\/div>\n\t\t\t\t\t\t\t\t\t\t\t\t\t\t<h2 class=\"entry-title\">\n\t\t\t\t\t\t\t\t\t\t\t\t\t<a href=\"https:\/\/www.insuco.com\/en\/condolences\/\">Condolences<\/a>\n\t\t\t\t\t\t\t\t\t\t\t<\/h2>\n\t\t\t\t\n\t\t\t\t\t<p class=\"post-meta\"><span class=\"published\">Oct 2021<\/span><\/p><div class=\"post-content\"><div class=\"post-content-inner\"><p>The INSUCO team expresses its heartfelt condolences for the death of&#8230;<\/p>\n<\/div><\/div>\t\t\t\n\t\t\t<\/article>\n\t\t\t\t\n\t\t\t<article id=\"post-34210\" class=\"et_pb_post clearfix et_pb_blog_item_1_130 post-34210 post type-post status-publish format-standard has-post-thumbnail hentry category-news-from-insuco tag-anciens-articles-avec-builder-en\">\n\n\t\t\t\t<div class=\"et_pb_image_container\"><a href=\"https:\/\/www.insuco.com\/en\/episode-2-now-available\/\" class=\"entry-featured-image-url\"><img loading=\"lazy\" decoding=\"async\" src=\"https:\/\/www.insuco.com\/wp-content\/uploads\/2021\/11\/ep-2esc-400x250.jpg\" alt=\"Episode 2 now available!\" class=\"\" srcset=\"https:\/\/www.insuco.com\/wp-content\/uploads\/2021\/11\/ep-2esc.jpg 479w, https:\/\/www.insuco.com\/wp-content\/uploads\/2021\/11\/ep-2esc-400x250.jpg 480w \" sizes=\"(max-width:479px) 479px, 100vw \"  width=\"400\" height=\"250\" \/><\/a><\/div>\n\t\t\t\t\t\t\t\t\t\t\t\t\t\t<h2 class=\"entry-title\">\n\t\t\t\t\t\t\t\t\t\t\t\t\t<a href=\"https:\/\/www.insuco.com\/en\/episode-2-now-available\/\">Episode 2 now available!<\/a>\n\t\t\t\t\t\t\t\t\t\t\t<\/h2>\n\t\t\t\t\n\t\t\t\t\t<p class=\"post-meta\"><span class=\"published\">Oct 2021<\/span><\/p><div class=\"post-content\"><div class=\"post-content-inner\"><p>Insuco, with the support of the Ford Foundation and in collaboration with the ICSI&#8230;<\/p>\n<\/div><\/div>\t\t\t\n\t\t\t<\/article>\n\t\t\t\t\n\t\t\t<article id=\"post-34112\" class=\"et_pb_post clearfix et_pb_blog_item_1_131 post-34112 post type-post status-publish format-standard has-post-thumbnail hentry category-news-from-insuco tag-anciens-articles-avec-builder-en\">\n\n\t\t\t\t<div class=\"et_pb_image_container\"><a href=\"https:\/\/www.insuco.com\/en\/ifsras-first-doctorate\/\" class=\"entry-featured-image-url\"><img loading=\"lazy\" decoding=\"async\" src=\"https:\/\/www.insuco.com\/wp-content\/uploads\/2021\/10\/avis_soutenance_A.OUEDRAOGO_e-400x250.jpg\" alt=\"IFSRA&#8217;s first doctorate\" class=\"\" srcset=\"https:\/\/www.insuco.com\/wp-content\/uploads\/2021\/10\/avis_soutenance_A.OUEDRAOGO_e.jpg 479w, https:\/\/www.insuco.com\/wp-content\/uploads\/2021\/10\/avis_soutenance_A.OUEDRAOGO_e-400x250.jpg 480w \" sizes=\"(max-width:479px) 479px, 100vw \"  width=\"400\" height=\"250\" \/><\/a><\/div>\n\t\t\t\t\t\t\t\t\t\t\t\t\t\t<h2 class=\"entry-title\">\n\t\t\t\t\t\t\t\t\t\t\t\t\t<a href=\"https:\/\/www.insuco.com\/en\/ifsras-first-doctorate\/\">IFSRA&#8217;s first doctorate<\/a>\n\t\t\t\t\t\t\t\t\t\t\t<\/h2>\n\t\t\t\t\n\t\t\t\t\t<p class=\"post-meta\"><span class=\"published\">Oct 2021<\/span><\/p><div class=\"post-content\"><div class=\"post-content-inner\"><p>We are pleased to announce that Aliz\u00e9ta Ou\u00e9draogo has been awarded the degree&#8230;<\/p>\n<\/div><\/div>\t\t\t\n\t\t\t<\/article>\n\t\t\t\t\n\t\t\t<article id=\"post-34035\" class=\"et_pb_post clearfix et_pb_blog_item_1_132 post-34035 post type-post status-publish format-standard has-post-thumbnail hentry category-news-from-insuco tag-anciens-articles-avec-builder-en\">\n\n\t\t\t\t<div class=\"et_pb_image_container\"><a href=\"https:\/\/www.insuco.com\/en\/episode-1-now-available\/\" class=\"entry-featured-image-url\"><img loading=\"lazy\" decoding=\"async\" src=\"https:\/\/www.insuco.com\/wp-content\/uploads\/2021\/10\/Episode-1-podcast-esc-400x250.jpg\" alt=\"Episode 1 now available!\" class=\"\" srcset=\"https:\/\/www.insuco.com\/wp-content\/uploads\/2021\/10\/Episode-1-podcast-esc.jpg 479w, https:\/\/www.insuco.com\/wp-content\/uploads\/2021\/10\/Episode-1-podcast-esc-400x250.jpg 480w \" sizes=\"(max-width:479px) 479px, 100vw \"  width=\"400\" height=\"250\" \/><\/a><\/div>\n\t\t\t\t\t\t\t\t\t\t\t\t\t\t<h2 class=\"entry-title\">\n\t\t\t\t\t\t\t\t\t\t\t\t\t<a href=\"https:\/\/www.insuco.com\/en\/episode-1-now-available\/\">Episode 1 now available!<\/a>\n\t\t\t\t\t\t\t\t\t\t\t<\/h2>\n\t\t\t\t\n\t\t\t\t\t<p class=\"post-meta\"><span class=\"published\">Oct 2021<\/span><\/p><div class=\"post-content\"><div class=\"post-content-inner\"><p>Insuco, with the support of the Ford Foundation and in collaboration with ICSI&#8230;<\/p>\n<\/div><\/div>\t\t\t\n\t\t\t<\/article>\n\t\t\t\t\n\t\t\t<article id=\"post-33987\" class=\"et_pb_post clearfix et_pb_blog_item_1_133 post-33987 post type-post status-publish format-standard has-post-thumbnail hentry category-news-from-insuco tag-anciens-articles-avec-builder-en\">\n\n\t\t\t\t<div class=\"et_pb_image_container\"><a href=\"https:\/\/www.insuco.com\/en\/new-office-in-quito\/\" class=\"entry-featured-image-url\"><img loading=\"lazy\" decoding=\"async\" src=\"https:\/\/www.insuco.com\/wp-content\/uploads\/2021\/10\/ECUA-6-400x250.jpg\" alt=\"New office in Quito\" class=\"\" srcset=\"https:\/\/www.insuco.com\/wp-content\/uploads\/2021\/10\/ECUA-6.jpg 479w, https:\/\/www.insuco.com\/wp-content\/uploads\/2021\/10\/ECUA-6-400x250.jpg 480w \" sizes=\"(max-width:479px) 479px, 100vw \"  width=\"400\" height=\"250\" \/><\/a><\/div>\n\t\t\t\t\t\t\t\t\t\t\t\t\t\t<h2 class=\"entry-title\">\n\t\t\t\t\t\t\t\t\t\t\t\t\t<a href=\"https:\/\/www.insuco.com\/en\/new-office-in-quito\/\">New office in Quito<\/a>\n\t\t\t\t\t\t\t\t\t\t\t<\/h2>\n\t\t\t\t\n\t\t\t\t\t<p class=\"post-meta\"><span class=\"published\">Oct 2021<\/span><\/p><div class=\"post-content\"><div class=\"post-content-inner\"><p>INSUCO Ecuador opens its new office in Quito, located on the 12th floor of&#8230;<\/p>\n<\/div><\/div>\t\t\t\n\t\t\t<\/article>\n\t\t\t\t\n\t\t\t<article id=\"post-33953\" class=\"et_pb_post clearfix et_pb_blog_item_1_134 post-33953 post type-post status-publish format-standard has-post-thumbnail hentry category-news-from-insuco tag-anciens-articles-avec-builder-en\">\n\n\t\t\t\t<div class=\"et_pb_image_container\"><a href=\"https:\/\/www.insuco.com\/en\/baseline-study-between-maneah-and-linsan-in-guinea\/\" class=\"entry-featured-image-url\"><img loading=\"lazy\" decoding=\"async\" src=\"https:\/\/www.insuco.com\/wp-content\/uploads\/2021\/10\/fotopres-400x250.jpeg\" alt=\"Baseline Study between Maneah and Linsan in Guinea\" class=\"\" srcset=\"https:\/\/www.insuco.com\/wp-content\/uploads\/2021\/10\/fotopres.jpeg 479w, https:\/\/www.insuco.com\/wp-content\/uploads\/2021\/10\/fotopres-400x250.jpeg 480w \" sizes=\"(max-width:479px) 479px, 100vw \"  width=\"400\" height=\"250\" \/><\/a><\/div>\n\t\t\t\t\t\t\t\t\t\t\t\t\t\t<h2 class=\"entry-title\">\n\t\t\t\t\t\t\t\t\t\t\t\t\t<a href=\"https:\/\/www.insuco.com\/en\/baseline-study-between-maneah-and-linsan-in-guinea\/\">Baseline Study between Maneah and Linsan in Guinea<\/a>\n\t\t\t\t\t\t\t\t\t\t\t<\/h2>\n\t\t\t\t\n\t\t\t\t\t<p class=\"post-meta\"><span class=\"published\">Oct 2021<\/span><\/p><div class=\"post-content\"><div class=\"post-content-inner\"><p>Our teams in Conakry had the opportunity to participate in a field day with teams&#8230;<\/p>\n<\/div><\/div>\t\t\t\n\t\t\t<\/article>\n\t\t\t\t\n\t\t\t<article id=\"post-33903\" class=\"et_pb_post clearfix et_pb_blog_item_1_135 post-33903 post type-post status-publish format-standard has-post-thumbnail hentry category-news-from-insuco tag-anciens-articles-avec-builder-en\">\n\n\t\t\t\t<div class=\"et_pb_image_container\"><a href=\"https:\/\/www.insuco.com\/en\/technical-training-in-haiti\/\" class=\"entry-featured-image-url\"><img loading=\"lazy\" decoding=\"async\" src=\"https:\/\/www.insuco.com\/wp-content\/uploads\/2021\/10\/haiti-post-400x250.png\" alt=\"Technical Training in Haiti\" class=\"\" srcset=\"https:\/\/www.insuco.com\/wp-content\/uploads\/2021\/10\/haiti-post.png 479w, https:\/\/www.insuco.com\/wp-content\/uploads\/2021\/10\/haiti-post-400x250.png 480w \" sizes=\"(max-width:479px) 479px, 100vw \"  width=\"400\" height=\"250\" \/><\/a><\/div>\n\t\t\t\t\t\t\t\t\t\t\t\t\t\t<h2 class=\"entry-title\">\n\t\t\t\t\t\t\t\t\t\t\t\t\t<a href=\"https:\/\/www.insuco.com\/en\/technical-training-in-haiti\/\">Technical Training in Haiti<\/a>\n\t\t\t\t\t\t\t\t\t\t\t<\/h2>\n\t\t\t\t\n\t\t\t\t\t<p class=\"post-meta\"><span class=\"published\">Oct 2021<\/span><\/p><div class=\"post-content\"><div class=\"post-content-inner\"><p>Within the framework of the support program to the transport sector, and more&#8230;<\/p>\n<\/div><\/div>\t\t\t\n\t\t\t<\/article>\n\t\t\t\t\n\t\t\t<article id=\"post-33678\" class=\"et_pb_post clearfix et_pb_blog_item_1_136 post-33678 post type-post status-publish format-standard has-post-thumbnail hentry category-news-from-insuco tag-anciens-articles-avec-builder-en\">\n\n\t\t\t\t<div class=\"et_pb_image_container\"><a href=\"https:\/\/www.insuco.com\/en\/launch-of-the-podcast-enlace-territorial\/\" class=\"entry-featured-image-url\"><img loading=\"lazy\" decoding=\"async\" src=\"https:\/\/www.insuco.com\/wp-content\/uploads\/2021\/10\/Publi-lanzamiento-400x250.jpg\" alt=\"Launch of the podcast: &#8220;Enlace Territorial&#8221;\" class=\"\" srcset=\"https:\/\/www.insuco.com\/wp-content\/uploads\/2021\/10\/Publi-lanzamiento.jpg 479w, https:\/\/www.insuco.com\/wp-content\/uploads\/2021\/10\/Publi-lanzamiento-400x250.jpg 480w \" sizes=\"(max-width:479px) 479px, 100vw \"  width=\"400\" height=\"250\" \/><\/a><\/div>\n\t\t\t\t\t\t\t\t\t\t\t\t\t\t<h2 class=\"entry-title\">\n\t\t\t\t\t\t\t\t\t\t\t\t\t<a href=\"https:\/\/www.insuco.com\/en\/launch-of-the-podcast-enlace-territorial\/\">Launch of the podcast: &#8220;Enlace Territorial&#8221;<\/a>\n\t\t\t\t\t\t\t\t\t\t\t<\/h2>\n\t\t\t\t\n\t\t\t\t\t<p class=\"post-meta\"><span class=\"published\">Oct 2021<\/span><\/p><div class=\"post-content\"><div class=\"post-content-inner\"><p>The territories of Latin America and the Caribbean are undergoing constant&#8230;..<\/p>\n<\/div><\/div>\t\t\t\n\t\t\t<\/article>\n\t\t\t\t\n\t\t\t<article id=\"post-33709\" class=\"et_pb_post clearfix et_pb_blog_item_1_137 post-33709 post type-post status-publish format-standard has-post-thumbnail hentry category-news-from-insuco tag-anciens-articles-avec-builder-en\">\n\n\t\t\t\t<div class=\"et_pb_image_container\"><a href=\"https:\/\/www.insuco.com\/en\/exploratory-research-on-coastal-migration-in-madagascar\/\" class=\"entry-featured-image-url\"><img loading=\"lazy\" decoding=\"async\" src=\"https:\/\/www.insuco.com\/wp-content\/uploads\/2021\/10\/Nino-pez-400x250.jpg\" alt=\"Exploratory research on coastal migration in Madagascar\" class=\"\" srcset=\"https:\/\/www.insuco.com\/wp-content\/uploads\/2021\/10\/Nino-pez.jpg 479w, https:\/\/www.insuco.com\/wp-content\/uploads\/2021\/10\/Nino-pez-400x250.jpg 480w \" sizes=\"(max-width:479px) 479px, 100vw \"  width=\"400\" height=\"250\" \/><\/a><\/div>\n\t\t\t\t\t\t\t\t\t\t\t\t\t\t<h2 class=\"entry-title\">\n\t\t\t\t\t\t\t\t\t\t\t\t\t<a href=\"https:\/\/www.insuco.com\/en\/exploratory-research-on-coastal-migration-in-madagascar\/\">Exploratory research on coastal migration in Madagascar<\/a>\n\t\t\t\t\t\t\t\t\t\t\t<\/h2>\n\t\t\t\t\n\t\t\t\t\t<p class=\"post-meta\"><span class=\"published\">Oct 2021<\/span><\/p><div class=\"post-content\"><div class=\"post-content-inner\"><p>For island countries such as Madagascar, taking into account&#8230;<\/p>\n<\/div><\/div>\t\t\t\n\t\t\t<\/article>\n\t\t\t\t\n\t\t\t<article id=\"post-33617\" class=\"et_pb_post clearfix et_pb_blog_item_1_138 post-33617 post type-post status-publish format-standard has-post-thumbnail hentry category-news-from-insuco tag-anciens-articles-avec-builder-en\">\n\n\t\t\t\t<div class=\"et_pb_image_container\"><a href=\"https:\/\/www.insuco.com\/en\/a-new-collaborator-joins-us-in-madagascar\/\" class=\"entry-featured-image-url\"><img loading=\"lazy\" decoding=\"async\" src=\"https:\/\/www.insuco.com\/wp-content\/uploads\/2021\/10\/Foto-Linkedin-Publication-400x250.jpg\" alt=\"A new collaborator joins us in Madagascar\" class=\"\" srcset=\"https:\/\/www.insuco.com\/wp-content\/uploads\/2021\/10\/Foto-Linkedin-Publication-scaled.jpg 479w, https:\/\/www.insuco.com\/wp-content\/uploads\/2021\/10\/Foto-Linkedin-Publication-400x250.jpg 480w \" sizes=\"(max-width:479px) 479px, 100vw \"  width=\"400\" height=\"250\" \/><\/a><\/div>\n\t\t\t\t\t\t\t\t\t\t\t\t\t\t<h2 class=\"entry-title\">\n\t\t\t\t\t\t\t\t\t\t\t\t\t<a href=\"https:\/\/www.insuco.com\/en\/a-new-collaborator-joins-us-in-madagascar\/\">A new collaborator joins us in Madagascar<\/a>\n\t\t\t\t\t\t\t\t\t\t\t<\/h2>\n\t\t\t\t\n\t\t\t\t\t<p class=\"post-meta\"><span class=\"published\">Oct 2021<\/span><\/p><div class=\"post-content\"><div class=\"post-content-inner\"><p>Insuco in Madagascar is growing again! We would like to welcome our&#8230;<\/p>\n<\/div><\/div>\t\t\t\n\t\t\t<\/article>\n\t\t\t\t\n\t\t\t<article id=\"post-33798\" class=\"et_pb_post clearfix et_pb_blog_item_1_139 post-33798 post type-post status-publish format-standard has-post-thumbnail hentry category-news-from-insuco tag-anciens-articles-avec-builder-en\">\n\n\t\t\t\t<div class=\"et_pb_image_container\"><a href=\"https:\/\/www.insuco.com\/en\/launch-of-the-insuco-center-for-social-innovation-icsi\/\" class=\"entry-featured-image-url\"><img loading=\"lazy\" decoding=\"async\" src=\"https:\/\/www.insuco.com\/wp-content\/uploads\/2021\/10\/Webinar-4-1-400x250.jpg\" alt=\"Launch of the Insuco Center for Social Innovation (ICSI)\" class=\"\" srcset=\"https:\/\/www.insuco.com\/wp-content\/uploads\/2021\/10\/Webinar-4-1.jpg 479w, https:\/\/www.insuco.com\/wp-content\/uploads\/2021\/10\/Webinar-4-1-400x250.jpg 480w \" sizes=\"(max-width:479px) 479px, 100vw \"  width=\"400\" height=\"250\" \/><\/a><\/div>\n\t\t\t\t\t\t\t\t\t\t\t\t\t\t<h2 class=\"entry-title\">\n\t\t\t\t\t\t\t\t\t\t\t\t\t<a href=\"https:\/\/www.insuco.com\/en\/launch-of-the-insuco-center-for-social-innovation-icsi\/\">Launch of the Insuco Center for Social Innovation (ICSI)<\/a>\n\t\t\t\t\t\t\t\t\t\t\t<\/h2>\n\t\t\t\t\n\t\t\t\t\t<p class=\"post-meta\"><span class=\"published\">Sep 2021<\/span><\/p><div class=\"post-content\"><div class=\"post-content-inner\"><p>News On the occasion of the launch of the Insuco Center for Social Innovation (ICSI), INSUCO Latin America and the Caribbean invites you to participate in the Webinar: Cultural revolution in the mining-energy sector? Transforming realities through the inclusion of...<\/p>\n<\/div><\/div>\t\t\t\n\t\t\t<\/article>\n\t\t\t\t\n\t\t\t<article id=\"post-33448\" class=\"et_pb_post clearfix et_pb_blog_item_1_140 post-33448 post type-post status-publish format-standard has-post-thumbnail hentry category-news-from-insuco tag-anciens-articles-avec-builder-en\">\n\n\t\t\t\t<div class=\"et_pb_image_container\"><a href=\"https:\/\/www.insuco.com\/en\/insuco-conducted-inventories-for-the-development-of-a-resettlement-action-plan-rap-in-plaisance-alongside-national-road-1-in-haiti\/\" class=\"entry-featured-image-url\"><img loading=\"lazy\" decoding=\"async\" src=\"https:\/\/www.insuco.com\/wp-content\/uploads\/2021\/09\/Image2-web-400x250.jpg\" alt=\"Insuco conducted inventories for the development of a Resettlement Action Plan (RAP) in Plaisance alongside National Road 1 in Haiti\" class=\"\" srcset=\"https:\/\/www.insuco.com\/wp-content\/uploads\/2021\/09\/Image2-web.jpg 479w, https:\/\/www.insuco.com\/wp-content\/uploads\/2021\/09\/Image2-web-400x250.jpg 480w \" sizes=\"(max-width:479px) 479px, 100vw \"  width=\"400\" height=\"250\" \/><\/a><\/div>\n\t\t\t\t\t\t\t\t\t\t\t\t\t\t<h2 class=\"entry-title\">\n\t\t\t\t\t\t\t\t\t\t\t\t\t<a href=\"https:\/\/www.insuco.com\/en\/insuco-conducted-inventories-for-the-development-of-a-resettlement-action-plan-rap-in-plaisance-alongside-national-road-1-in-haiti\/\">Insuco conducted inventories for the development of a Resettlement Action Plan (RAP) in Plaisance alongside National Road 1 in Haiti<\/a>\n\t\t\t\t\t\t\t\t\t\t\t<\/h2>\n\t\t\t\t\n\t\t\t\t\t<p class=\"post-meta\"><span class=\"published\">Sep 2021<\/span><\/p><div class=\"post-content\"><div class=\"post-content-inner\"><p>Alice Delmon (Technical Director), Yumi Burger (Project Manager)&#8230;<\/p>\n<\/div><\/div>\t\t\t\n\t\t\t<\/article>\n\t\t\t\t\n\t\t\t<article id=\"post-33378\" class=\"et_pb_post clearfix et_pb_blog_item_1_141 post-33378 post type-post status-publish format-standard has-post-thumbnail hentry category-news-from-insuco tag-anciens-articles-avec-builder-en\">\n\n\t\t\t\t<div class=\"et_pb_image_container\"><a href=\"https:\/\/www.insuco.com\/en\/publication-employment-informality-and-womens-well-being-in-the-mining-and-energy-sector-in-times-of-pandemic\/\" class=\"entry-featured-image-url\"><img loading=\"lazy\" decoding=\"async\" src=\"https:\/\/www.insuco.com\/wp-content\/uploads\/2021\/09\/Couverture_web-3-400x250.jpg\" alt=\"Publication: Employment, informality, and women&#8217;s well-being in the mining and energy sector in times of pandemic\" class=\"\" srcset=\"https:\/\/www.insuco.com\/wp-content\/uploads\/2021\/09\/Couverture_web-3.jpg 479w, https:\/\/www.insuco.com\/wp-content\/uploads\/2021\/09\/Couverture_web-3-400x250.jpg 480w \" sizes=\"(max-width:479px) 479px, 100vw \"  width=\"400\" height=\"250\" \/><\/a><\/div>\n\t\t\t\t\t\t\t\t\t\t\t\t\t\t<h2 class=\"entry-title\">\n\t\t\t\t\t\t\t\t\t\t\t\t\t<a href=\"https:\/\/www.insuco.com\/en\/publication-employment-informality-and-womens-well-being-in-the-mining-and-energy-sector-in-times-of-pandemic\/\">Publication: Employment, informality, and women&#8217;s well-being in the mining and energy sector in times of pandemic<\/a>\n\t\t\t\t\t\t\t\t\t\t\t<\/h2>\n\t\t\t\t\n\t\t\t\t\t<p class=\"post-meta\"><span class=\"published\">Sep 2021<\/span><\/p><div class=\"post-content\"><div class=\"post-content-inner\"><p>We are pleased to announce the publication&#8230;<\/p>\n<\/div><\/div>\t\t\t\n\t\t\t<\/article>\n\t\t\t\t\n\t\t\t<article id=\"post-33334\" class=\"et_pb_post clearfix et_pb_blog_item_1_142 post-33334 post type-post status-publish format-standard has-post-thumbnail hentry category-news-from-insuco tag-anciens-articles-avec-builder-en\">\n\n\t\t\t\t<div class=\"et_pb_image_container\"><a href=\"https:\/\/www.insuco.com\/en\/technical-assistance-in-social-management-for-bhp-in-ecuador\/\" class=\"entry-featured-image-url\"><img loading=\"lazy\" decoding=\"async\" src=\"https:\/\/www.insuco.com\/wp-content\/uploads\/2021\/08\/BHP-4-400x250.jpg\" alt=\"Technical assistance in social management for BHP in Ecuador\" class=\"\" srcset=\"https:\/\/www.insuco.com\/wp-content\/uploads\/2021\/08\/BHP-4.jpg 479w, https:\/\/www.insuco.com\/wp-content\/uploads\/2021\/08\/BHP-4-400x250.jpg 480w \" sizes=\"(max-width:479px) 479px, 100vw \"  width=\"400\" height=\"250\" \/><\/a><\/div>\n\t\t\t\t\t\t\t\t\t\t\t\t\t\t<h2 class=\"entry-title\">\n\t\t\t\t\t\t\t\t\t\t\t\t\t<a href=\"https:\/\/www.insuco.com\/en\/technical-assistance-in-social-management-for-bhp-in-ecuador\/\">Technical assistance in social management for BHP in Ecuador<\/a>\n\t\t\t\t\t\t\t\t\t\t\t<\/h2>\n\t\t\t\t\n\t\t\t\t\t<p class=\"post-meta\"><span class=\"published\">Aug 2021<\/span><\/p><div class=\"post-content\"><div class=\"post-content-inner\"><p>Between November 2019 and June 2021, Insuco implemented&#8230;<\/p>\n<\/div><\/div>\t\t\t\n\t\t\t<\/article>\n\t\t\t\t\n\t\t\t<article id=\"post-33280\" class=\"et_pb_post clearfix et_pb_blog_item_1_143 post-33280 post type-post status-publish format-standard has-post-thumbnail hentry category-news-from-insuco tag-anciens-articles-avec-builder-en\">\n\n\t\t\t\t<div class=\"et_pb_image_container\"><a href=\"https:\/\/www.insuco.com\/en\/baseline-study-for-the-project-implemented-by-cesal-in-haiti\/\" class=\"entry-featured-image-url\"><img loading=\"lazy\" decoding=\"async\" src=\"https:\/\/www.insuco.com\/wp-content\/uploads\/2021\/08\/CESAL-web-400x250.jpg\" alt=\"Baseline study for the project implemented by CESAL in Haiti\" class=\"\" srcset=\"https:\/\/www.insuco.com\/wp-content\/uploads\/2021\/08\/CESAL-web.jpg 479w, https:\/\/www.insuco.com\/wp-content\/uploads\/2021\/08\/CESAL-web-400x250.jpg 480w \" sizes=\"(max-width:479px) 479px, 100vw \"  width=\"400\" height=\"250\" \/><\/a><\/div>\n\t\t\t\t\t\t\t\t\t\t\t\t\t\t<h2 class=\"entry-title\">\n\t\t\t\t\t\t\t\t\t\t\t\t\t<a href=\"https:\/\/www.insuco.com\/en\/baseline-study-for-the-project-implemented-by-cesal-in-haiti\/\">Baseline study for the project implemented by CESAL in Haiti<\/a>\n\t\t\t\t\t\t\t\t\t\t\t<\/h2>\n\t\t\t\t\n\t\t\t\t\t<p class=\"post-meta\"><span class=\"published\">Aug 2021<\/span><\/p><div class=\"post-content\"><div class=\"post-content-inner\"><p>From 02 to 06 August 2021, Jhon-Vanley Aladin&#8230;<\/p>\n<\/div><\/div>\t\t\t\n\t\t\t<\/article>\n\t\t\t\t\n\t\t\t<article id=\"post-33154\" class=\"et_pb_post clearfix et_pb_blog_item_1_144 post-33154 post type-post status-publish format-standard has-post-thumbnail hentry category-news-from-insuco tag-anciens-articles-avec-builder-en\">\n\n\t\t\t\t<div class=\"et_pb_image_container\"><a href=\"https:\/\/www.insuco.com\/en\/insuco-and-its-partners-conducted-an-environmental-and-social-strategic-assessment-of-transport-sector-reform-in-dominican-republic\/\" class=\"entry-featured-image-url\"><img loading=\"lazy\" decoding=\"async\" src=\"https:\/\/www.insuco.com\/wp-content\/uploads\/2020\/12\/Couv-400x250.jpeg\" alt=\"Insuco and its partners conducted an Environmental and Social Strategic Assessment of transport sector reform in Dominican Republic\" class=\"\" srcset=\"https:\/\/www.insuco.com\/wp-content\/uploads\/2020\/12\/Couv.jpeg 479w, https:\/\/www.insuco.com\/wp-content\/uploads\/2020\/12\/Couv-400x250.jpeg 480w \" sizes=\"(max-width:479px) 479px, 100vw \"  width=\"400\" height=\"250\" \/><\/a><\/div>\n\t\t\t\t\t\t\t\t\t\t\t\t\t\t<h2 class=\"entry-title\">\n\t\t\t\t\t\t\t\t\t\t\t\t\t<a href=\"https:\/\/www.insuco.com\/en\/insuco-and-its-partners-conducted-an-environmental-and-social-strategic-assessment-of-transport-sector-reform-in-dominican-republic\/\">Insuco and its partners conducted an Environmental and Social Strategic Assessment of transport sector reform in Dominican Republic<\/a>\n\t\t\t\t\t\t\t\t\t\t\t<\/h2>\n\t\t\t\t\n\t\t\t\t\t<p class=\"post-meta\"><span class=\"published\">Aug 2021<\/span><\/p><div class=\"post-content\"><div class=\"post-content-inner\"><p>The transport sector in Dominican Republic&#8230;<\/p>\n<\/div><\/div>\t\t\t\n\t\t\t<\/article>\n\t\t\t\t\n\t\t\t<article id=\"post-32940\" class=\"et_pb_post clearfix et_pb_blog_item_1_145 post-32940 post type-post status-publish format-standard has-post-thumbnail hentry category-news-from-insuco tag-anciens-articles-avec-builder-en\">\n\n\t\t\t\t<div class=\"et_pb_image_container\"><a href=\"https:\/\/www.insuco.com\/en\/we-celebrate-the-best-practices-of-mining-and-energy-companies-in-terms-of-gender-equality-in-colombia\/\" class=\"entry-featured-image-url\"><img loading=\"lazy\" decoding=\"async\" src=\"https:\/\/www.insuco.com\/wp-content\/uploads\/2021\/08\/Couverture1-400x250.jpg\" alt=\"We celebrate the best practices of mining and energy companies in terms of gender equality in Colombia\" class=\"\" srcset=\"https:\/\/www.insuco.com\/wp-content\/uploads\/2021\/08\/Couverture1.jpg 479w, https:\/\/www.insuco.com\/wp-content\/uploads\/2021\/08\/Couverture1-400x250.jpg 480w \" sizes=\"(max-width:479px) 479px, 100vw \"  width=\"400\" height=\"250\" \/><\/a><\/div>\n\t\t\t\t\t\t\t\t\t\t\t\t\t\t<h2 class=\"entry-title\">\n\t\t\t\t\t\t\t\t\t\t\t\t\t<a href=\"https:\/\/www.insuco.com\/en\/we-celebrate-the-best-practices-of-mining-and-energy-companies-in-terms-of-gender-equality-in-colombia\/\">We celebrate the best practices of mining and energy companies in terms of gender equality in Colombia<\/a>\n\t\t\t\t\t\t\t\t\t\t\t<\/h2>\n\t\t\t\t\n\t\t\t\t\t<p class=\"post-meta\"><span class=\"published\">Aug 2021<\/span><\/p><div class=\"post-content\"><div class=\"post-content-inner\"><p>We are pleased to announce the publication&#8230;<\/p>\n<\/div><\/div>\t\t\t\n\t\t\t<\/article>\n\t\t\t\t\n\t\t\t<article id=\"post-32864\" class=\"et_pb_post clearfix et_pb_blog_item_1_146 post-32864 post type-post status-publish format-standard has-post-thumbnail hentry category-news-from-insuco tag-anciens-articles-avec-builder-en\">\n\n\t\t\t\t<div class=\"et_pb_image_container\"><a href=\"https:\/\/www.insuco.com\/en\/insuco-participates-in-the-debate-around-ecological-transition-in-madagascar\/\" class=\"entry-featured-image-url\"><img loading=\"lazy\" decoding=\"async\" src=\"https:\/\/www.insuco.com\/wp-content\/uploads\/2021\/07\/Margaux-web-400x250.jpg\" alt=\"Insuco participates in the debate around ecological transition in Madagascar\" class=\"\" srcset=\"https:\/\/www.insuco.com\/wp-content\/uploads\/2021\/07\/Margaux-web.jpg 479w, https:\/\/www.insuco.com\/wp-content\/uploads\/2021\/07\/Margaux-web-400x250.jpg 480w \" sizes=\"(max-width:479px) 479px, 100vw \"  width=\"400\" height=\"250\" \/><\/a><\/div>\n\t\t\t\t\t\t\t\t\t\t\t\t\t\t<h2 class=\"entry-title\">\n\t\t\t\t\t\t\t\t\t\t\t\t\t<a href=\"https:\/\/www.insuco.com\/en\/insuco-participates-in-the-debate-around-ecological-transition-in-madagascar\/\">Insuco participates in the debate around ecological transition in Madagascar<\/a>\n\t\t\t\t\t\t\t\t\t\t\t<\/h2>\n\t\t\t\t\n\t\t\t\t\t<p class=\"post-meta\"><span class=\"published\">Jul 2021<\/span><\/p><div class=\"post-content\"><div class=\"post-content-inner\"><p>Margaux Nicot, Technical Director of Insuco Madagascar&#8230;<\/p>\n<\/div><\/div>\t\t\t\n\t\t\t<\/article>\n\t\t\t\t\n\t\t\t<article id=\"post-32822\" class=\"et_pb_post clearfix et_pb_blog_item_1_147 post-32822 post type-post status-publish format-standard has-post-thumbnail hentry category-news-from-insuco tag-anciens-articles-avec-builder-en\">\n\n\t\t\t\t<div class=\"et_pb_image_container\"><a href=\"https:\/\/www.insuco.com\/en\/our-new-offices-in-dominican-republic\/\" class=\"entry-featured-image-url\"><img loading=\"lazy\" decoding=\"async\" src=\"https:\/\/www.insuco.com\/wp-content\/uploads\/2021\/07\/Bureau-RD-1-wb-400x250.jpeg\" alt=\"Our new offices in Dominican Republic\" class=\"\" srcset=\"https:\/\/www.insuco.com\/wp-content\/uploads\/2021\/07\/Bureau-RD-1-wb.jpeg 479w, https:\/\/www.insuco.com\/wp-content\/uploads\/2021\/07\/Bureau-RD-1-wb-400x250.jpeg 480w \" sizes=\"(max-width:479px) 479px, 100vw \"  width=\"400\" height=\"250\" \/><\/a><\/div>\n\t\t\t\t\t\t\t\t\t\t\t\t\t\t<h2 class=\"entry-title\">\n\t\t\t\t\t\t\t\t\t\t\t\t\t<a href=\"https:\/\/www.insuco.com\/en\/our-new-offices-in-dominican-republic\/\">Our new offices in Dominican Republic<\/a>\n\t\t\t\t\t\t\t\t\t\t\t<\/h2>\n\t\t\t\t\n\t\t\t\t\t<p class=\"post-meta\"><span class=\"published\">Jul 2021<\/span><\/p><div class=\"post-content\"><div class=\"post-content-inner\"><p>Insuco Dominican Republic has now a new office&#8230;<\/p>\n<\/div><\/div>\t\t\t\n\t\t\t<\/article>\n\t\t\t\t\n\t\t\t<article id=\"post-32599\" class=\"et_pb_post clearfix et_pb_blog_item_1_148 post-32599 post type-post status-publish format-standard has-post-thumbnail hentry category-news-from-insuco tag-anciens-articles-avec-builder-en\">\n\n\t\t\t\t<div class=\"et_pb_image_container\"><a href=\"https:\/\/www.insuco.com\/en\/new-challenges-of-local-governance-in-times-of-uncertainty-and-complexity\/\" class=\"entry-featured-image-url\"><img loading=\"lazy\" decoding=\"async\" src=\"https:\/\/www.insuco.com\/wp-content\/uploads\/2021\/06\/IGU-web-400x250.jpg\" alt=\"New challenges of local governance in times of uncertainty and complexity\" class=\"\" srcset=\"https:\/\/www.insuco.com\/wp-content\/uploads\/2021\/06\/IGU-web.jpg 479w, https:\/\/www.insuco.com\/wp-content\/uploads\/2021\/06\/IGU-web-400x250.jpg 480w \" sizes=\"(max-width:479px) 479px, 100vw \"  width=\"400\" height=\"250\" \/><\/a><\/div>\n\t\t\t\t\t\t\t\t\t\t\t\t\t\t<h2 class=\"entry-title\">\n\t\t\t\t\t\t\t\t\t\t\t\t\t<a href=\"https:\/\/www.insuco.com\/en\/new-challenges-of-local-governance-in-times-of-uncertainty-and-complexity\/\">New challenges of local governance in times of uncertainty and complexity<\/a>\n\t\t\t\t\t\t\t\t\t\t\t<\/h2>\n\t\t\t\t\n\t\t\t\t\t<p class=\"post-meta\"><span class=\"published\">Jun 2021<\/span><\/p><div class=\"post-content\"><div class=\"post-content-inner\"><p>Pascal Rey, CEO of Insuco, and Margot Petitpierre, Country Director of Insuco in Guinea&#8230;<\/p>\n<\/div><\/div>\t\t\t\n\t\t\t<\/article>\n\t\t\t\t\n\t\t\t<article id=\"post-32555\" class=\"et_pb_post clearfix et_pb_blog_item_1_149 post-32555 post type-post status-publish format-standard has-post-thumbnail hentry category-news-from-insuco tag-anciens-articles-avec-builder-en\">\n\n\t\t\t\t<div class=\"et_pb_image_container\"><a href=\"https:\/\/www.insuco.com\/en\/insuco-participates-in-the-cinnamon-value-chain-development-on-the-east-coast-of-madagascar\/\" class=\"entry-featured-image-url\"><img loading=\"lazy\" decoding=\"async\" src=\"https:\/\/www.insuco.com\/wp-content\/uploads\/2021\/06\/CASEF1-site-381x250.jpg\" alt=\"Insuco participates in the cinnamon value chain development on the east coast of Madagascar\" class=\"\" srcset=\"https:\/\/www.insuco.com\/wp-content\/uploads\/2021\/06\/CASEF1-site.jpg 479w, https:\/\/www.insuco.com\/wp-content\/uploads\/2021\/06\/CASEF1-site-381x250.jpg 480w \" sizes=\"(max-width:479px) 479px, 100vw \"  width=\"400\" height=\"250\" \/><\/a><\/div>\n\t\t\t\t\t\t\t\t\t\t\t\t\t\t<h2 class=\"entry-title\">\n\t\t\t\t\t\t\t\t\t\t\t\t\t<a href=\"https:\/\/www.insuco.com\/en\/insuco-participates-in-the-cinnamon-value-chain-development-on-the-east-coast-of-madagascar\/\">Insuco participates in the cinnamon value chain development on the east coast of Madagascar<\/a>\n\t\t\t\t\t\t\t\t\t\t\t<\/h2>\n\t\t\t\t\n\t\t\t\t\t<p class=\"post-meta\"><span class=\"published\">Jun 2021<\/span><\/p><div class=\"post-content\"><div class=\"post-content-inner\"><p>Since 2018, the Insuco-Cirad-CTHT consortium&#8230;<\/p>\n<\/div><\/div>\t\t\t\n\t\t\t<\/article>\n\t\t\t\t\n\t\t\t<article id=\"post-32514\" class=\"et_pb_post clearfix et_pb_blog_item_1_150 post-32514 post type-post status-publish format-standard has-post-thumbnail hentry category-news-from-insuco tag-anciens-articles-avec-builder-en\">\n\n\t\t\t\t<div class=\"et_pb_image_container\"><a href=\"https:\/\/www.insuco.com\/en\/diagnosis-of-the-needs-of-microentrepreneurs-in-a-post-covid-context-in-peru\/\" class=\"entry-featured-image-url\"><img loading=\"lazy\" decoding=\"async\" src=\"https:\/\/www.insuco.com\/wp-content\/uploads\/2021\/03\/Care-1-400x250.jpg\" alt=\"Diagnosis of the needs of microentrepreneurs in a post-COVID context in Peru\" class=\"\" srcset=\"https:\/\/www.insuco.com\/wp-content\/uploads\/2021\/03\/Care-1.jpg 479w, https:\/\/www.insuco.com\/wp-content\/uploads\/2021\/03\/Care-1-400x250.jpg 480w \" sizes=\"(max-width:479px) 479px, 100vw \"  width=\"400\" height=\"250\" \/><\/a><\/div>\n\t\t\t\t\t\t\t\t\t\t\t\t\t\t<h2 class=\"entry-title\">\n\t\t\t\t\t\t\t\t\t\t\t\t\t<a href=\"https:\/\/www.insuco.com\/en\/diagnosis-of-the-needs-of-microentrepreneurs-in-a-post-covid-context-in-peru\/\">Diagnosis of the needs of microentrepreneurs in a post-COVID context in Peru<\/a>\n\t\t\t\t\t\t\t\t\t\t\t<\/h2>\n\t\t\t\t\n\t\t\t\t\t<p class=\"post-meta\"><span class=\"published\">Jun 2021<\/span><\/p><div class=\"post-content\"><div class=\"post-content-inner\"><p>In early 2021, Insuco Peru collaborated to the development&#8230;<\/p>\n<\/div><\/div>\t\t\t\n\t\t\t<\/article>\n\t\t\t\t\n\t\t\t<article id=\"post-32481\" class=\"et_pb_post clearfix et_pb_blog_item_1_151 post-32481 post type-post status-publish format-standard has-post-thumbnail hentry category-news-from-insuco tag-anciens-articles-avec-builder-en\">\n\n\t\t\t\t<div class=\"et_pb_image_container\"><a href=\"https:\/\/www.insuco.com\/en\/towards-integrated-waste-management-in-conakry\/\" class=\"entry-featured-image-url\"><img loading=\"lazy\" decoding=\"async\" src=\"https:\/\/www.insuco.com\/wp-content\/uploads\/2021\/06\/Conakry-400x250.jpg\" alt=\"Towards integrated waste management in Conakry!\" class=\"\" srcset=\"https:\/\/www.insuco.com\/wp-content\/uploads\/2021\/06\/Conakry.jpg 479w, https:\/\/www.insuco.com\/wp-content\/uploads\/2021\/06\/Conakry-400x250.jpg 480w \" sizes=\"(max-width:479px) 479px, 100vw \"  width=\"400\" height=\"250\" \/><\/a><\/div>\n\t\t\t\t\t\t\t\t\t\t\t\t\t\t<h2 class=\"entry-title\">\n\t\t\t\t\t\t\t\t\t\t\t\t\t<a href=\"https:\/\/www.insuco.com\/en\/towards-integrated-waste-management-in-conakry\/\">Towards integrated waste management in Conakry!<\/a>\n\t\t\t\t\t\t\t\t\t\t\t<\/h2>\n\t\t\t\t\n\t\t\t\t\t<p class=\"post-meta\"><span class=\"published\">Jun 2021<\/span><\/p><div class=\"post-content\"><div class=\"post-content-inner\"><p>Insuco participated in the Final Restitution Workshop of the Feasibility Study&#8230;<\/p>\n<\/div><\/div>\t\t\t\n\t\t\t<\/article>\n\t\t\t\t\n\t\t\t<article id=\"post-32426\" class=\"et_pb_post clearfix et_pb_blog_item_1_152 post-32426 post type-post status-publish format-standard has-post-thumbnail hentry category-news-from-insuco tag-anciens-articles-avec-builder-en\">\n\n\t\t\t\t<div class=\"et_pb_image_container\"><a href=\"https:\/\/www.insuco.com\/en\/territorial-dialogue-and-working-groups-at-los-encuentros-ecuador\/\" class=\"entry-featured-image-url\"><img loading=\"lazy\" decoding=\"async\" src=\"https:\/\/www.insuco.com\/wp-content\/uploads\/2021\/06\/Lundin3-400x250.jpg\" alt=\"Territorial Dialogue and Working Groups at Los Encuentros, Ecuador\" class=\"\" srcset=\"https:\/\/www.insuco.com\/wp-content\/uploads\/2021\/06\/Lundin3.jpg 479w, https:\/\/www.insuco.com\/wp-content\/uploads\/2021\/06\/Lundin3-400x250.jpg 480w \" sizes=\"(max-width:479px) 479px, 100vw \"  width=\"400\" height=\"250\" \/><\/a><\/div>\n\t\t\t\t\t\t\t\t\t\t\t\t\t\t<h2 class=\"entry-title\">\n\t\t\t\t\t\t\t\t\t\t\t\t\t<a href=\"https:\/\/www.insuco.com\/en\/territorial-dialogue-and-working-groups-at-los-encuentros-ecuador\/\">Territorial Dialogue and Working Groups at Los Encuentros, Ecuador<\/a>\n\t\t\t\t\t\t\t\t\t\t\t<\/h2>\n\t\t\t\t\n\t\t\t\t\t<p class=\"post-meta\"><span class=\"published\">Jun 2021<\/span><\/p><div class=\"post-content\"><div class=\"post-content-inner\"><p>Although the COVID-19 pandemic abruptly interrupted the activities&#8230;<\/p>\n<\/div><\/div>\t\t\t\n\t\t\t<\/article>\n\t\t\t\t\n\t\t\t<article id=\"post-32311\" class=\"et_pb_post clearfix et_pb_blog_item_1_153 post-32311 post type-post status-publish format-standard has-post-thumbnail hentry category-news-from-insuco tag-anciens-articles-avec-builder-en\">\n\n\t\t\t\t<div class=\"et_pb_image_container\"><a href=\"https:\/\/www.insuco.com\/en\/territorial-social-management-with-curimining-in-ecuador\/\" class=\"entry-featured-image-url\"><img loading=\"lazy\" decoding=\"async\" src=\"https:\/\/www.insuco.com\/wp-content\/uploads\/2021\/05\/Curimining-400x250.jpeg\" alt=\"Territorial social management with Curimining in Ecuador\" class=\"\" srcset=\"https:\/\/www.insuco.com\/wp-content\/uploads\/2021\/05\/Curimining.jpeg 479w, https:\/\/www.insuco.com\/wp-content\/uploads\/2021\/05\/Curimining-400x250.jpeg 480w \" sizes=\"(max-width:479px) 479px, 100vw \"  width=\"400\" height=\"250\" \/><\/a><\/div>\n\t\t\t\t\t\t\t\t\t\t\t\t\t\t<h2 class=\"entry-title\">\n\t\t\t\t\t\t\t\t\t\t\t\t\t<a href=\"https:\/\/www.insuco.com\/en\/territorial-social-management-with-curimining-in-ecuador\/\">Territorial social management with Curimining in Ecuador<\/a>\n\t\t\t\t\t\t\t\t\t\t\t<\/h2>\n\t\t\t\t\n\t\t\t\t\t<p class=\"post-meta\"><span class=\"published\">Jun 2021<\/span><\/p><div class=\"post-content\"><div class=\"post-content-inner\"><p>At the beginning of the year 2021, Insuco Ecuador&#8230;<\/p>\n<\/div><\/div>\t\t\t\n\t\t\t<\/article>\n\t\t\t\t\n\t\t\t<article id=\"post-31729\" class=\"et_pb_post clearfix et_pb_blog_item_1_154 post-31729 post type-post status-publish format-standard has-post-thumbnail hentry category-news-from-insuco tag-anciens-articles-avec-builder-en\">\n\n\t\t\t\t<div class=\"et_pb_image_container\"><a href=\"https:\/\/www.insuco.com\/en\/two-new-project-managers-join-us-in-madagascar\/\" class=\"entry-featured-image-url\"><img loading=\"lazy\" decoding=\"async\" src=\"https:\/\/www.insuco.com\/wp-content\/uploads\/2021\/05\/mada-400x250.jpeg\" alt=\"Two new Project Managers join us in Madagascar\" class=\"\" srcset=\"https:\/\/www.insuco.com\/wp-content\/uploads\/2021\/05\/mada.jpeg 479w, https:\/\/www.insuco.com\/wp-content\/uploads\/2021\/05\/mada-400x250.jpeg 480w \" sizes=\"(max-width:479px) 479px, 100vw \"  width=\"400\" height=\"250\" \/><\/a><\/div>\n\t\t\t\t\t\t\t\t\t\t\t\t\t\t<h2 class=\"entry-title\">\n\t\t\t\t\t\t\t\t\t\t\t\t\t<a href=\"https:\/\/www.insuco.com\/en\/two-new-project-managers-join-us-in-madagascar\/\">Two new Project Managers join us in Madagascar<\/a>\n\t\t\t\t\t\t\t\t\t\t\t<\/h2>\n\t\t\t\t\n\t\t\t\t\t<p class=\"post-meta\"><span class=\"published\">May 2021<\/span><\/p><div class=\"post-content\"><div class=\"post-content-inner\"><p>The Insuco Madagascar team is growing&#8230;<\/p>\n<\/div><\/div>\t\t\t\n\t\t\t<\/article>\n\t\t\t\t\n\t\t\t<article id=\"post-31665\" class=\"et_pb_post clearfix et_pb_blog_item_1_155 post-31665 post type-post status-publish format-standard has-post-thumbnail hentry category-news-from-insuco tag-anciens-articles-avec-builder-en\">\n\n\t\t\t\t<div class=\"et_pb_image_container\"><a href=\"https:\/\/www.insuco.com\/en\/the-gm-for-latin-america-and-the-caribbeans-mission-in-guatemala\/\" class=\"entry-featured-image-url\"><img loading=\"lazy\" decoding=\"async\" src=\"https:\/\/www.insuco.com\/wp-content\/uploads\/2021\/05\/Guatemala1-400x250.jpg\" alt=\"The GM for Latin America and the Caribbean\u2019s mission in Guatemala\" class=\"\" srcset=\"https:\/\/www.insuco.com\/wp-content\/uploads\/2021\/05\/Guatemala1.jpg 479w, https:\/\/www.insuco.com\/wp-content\/uploads\/2021\/05\/Guatemala1-400x250.jpg 480w \" sizes=\"(max-width:479px) 479px, 100vw \"  width=\"400\" height=\"250\" \/><\/a><\/div>\n\t\t\t\t\t\t\t\t\t\t\t\t\t\t<h2 class=\"entry-title\">\n\t\t\t\t\t\t\t\t\t\t\t\t\t<a href=\"https:\/\/www.insuco.com\/en\/the-gm-for-latin-america-and-the-caribbeans-mission-in-guatemala\/\">The GM for Latin America and the Caribbean\u2019s mission in Guatemala<\/a>\n\t\t\t\t\t\t\t\t\t\t\t<\/h2>\n\t\t\t\t\n\t\t\t\t\t<p class=\"post-meta\"><span class=\"published\">May 2021<\/span><\/p><div class=\"post-content\"><div class=\"post-content-inner\"><p>Guill\u00e9n Calvo, General Manager for Latin America and the Caribbean&#8230;<\/p>\n<\/div><\/div>\t\t\t\n\t\t\t<\/article>\n\t\t\t\t\n\t\t\t<article id=\"post-31646\" class=\"et_pb_post clearfix et_pb_blog_item_1_156 post-31646 post type-post status-publish format-standard has-post-thumbnail hentry category-news-from-insuco tag-anciens-articles-avec-builder-en\">\n\n\t\t\t\t<div class=\"et_pb_image_container\"><a href=\"https:\/\/www.insuco.com\/en\/launch-of-the-environmental-and-social-due-diligence-project-for-the-management-of-madidi-park-in-bolivia-in-partnership-with-cep-and-promoted-by-kfw\/\" class=\"entry-featured-image-url\"><img loading=\"lazy\" decoding=\"async\" src=\"https:\/\/www.insuco.com\/wp-content\/uploads\/2021\/05\/Madidi-400x250.jpg\" alt=\"Launch of the Environmental and Social Due Diligence project for the management of Madidi Park in Bolivia, in partnership with CEP and promoted by KfW\" class=\"\" srcset=\"https:\/\/www.insuco.com\/wp-content\/uploads\/2021\/05\/Madidi.jpg 479w, https:\/\/www.insuco.com\/wp-content\/uploads\/2021\/05\/Madidi-400x250.jpg 480w \" sizes=\"(max-width:479px) 479px, 100vw \"  width=\"400\" height=\"250\" \/><\/a><\/div>\n\t\t\t\t\t\t\t\t\t\t\t\t\t\t<h2 class=\"entry-title\">\n\t\t\t\t\t\t\t\t\t\t\t\t\t<a href=\"https:\/\/www.insuco.com\/en\/launch-of-the-environmental-and-social-due-diligence-project-for-the-management-of-madidi-park-in-bolivia-in-partnership-with-cep-and-promoted-by-kfw\/\">Launch of the Environmental and Social Due Diligence project for the management of Madidi Park in Bolivia, in partnership with CEP and promoted by KfW<\/a>\n\t\t\t\t\t\t\t\t\t\t\t<\/h2>\n\t\t\t\t\n\t\t\t\t\t<p class=\"post-meta\"><span class=\"published\">May 2021<\/span><\/p><div class=\"post-content\"><div class=\"post-content-inner\"><p>On March 15, 2021&#8230;<\/p>\n<\/div><\/div>\t\t\t\n\t\t\t<\/article>\n\t\t\t\t\n\t\t\t<article id=\"post-31364\" class=\"et_pb_post clearfix et_pb_blog_item_1_157 post-31364 post type-post status-publish format-standard has-post-thumbnail hentry category-news-from-insuco tag-anciens-articles-avec-builder-en\">\n\n\t\t\t\t<div class=\"et_pb_image_container\"><a href=\"https:\/\/www.insuco.com\/en\/insuco-haiti-completed-an-evaluation-study-for-pms-on-its-social-microfinance-program\/\" class=\"entry-featured-image-url\"><img loading=\"lazy\" decoding=\"async\" src=\"https:\/\/www.insuco.com\/wp-content\/uploads\/2021\/03\/PMS-396x250.jpg\" alt=\"Insuco Haiti completed an evaluation study for PMS on its social microfinance program\" class=\"\" srcset=\"https:\/\/www.insuco.com\/wp-content\/uploads\/2021\/03\/PMS.jpg 479w, https:\/\/www.insuco.com\/wp-content\/uploads\/2021\/03\/PMS-396x250.jpg 480w \" sizes=\"(max-width:479px) 479px, 100vw \"  width=\"400\" height=\"250\" \/><\/a><\/div>\n\t\t\t\t\t\t\t\t\t\t\t\t\t\t<h2 class=\"entry-title\">\n\t\t\t\t\t\t\t\t\t\t\t\t\t<a href=\"https:\/\/www.insuco.com\/en\/insuco-haiti-completed-an-evaluation-study-for-pms-on-its-social-microfinance-program\/\">Insuco Haiti completed an evaluation study for PMS on its social microfinance program<\/a>\n\t\t\t\t\t\t\t\t\t\t\t<\/h2>\n\t\t\t\t\n\t\t\t\t\t<p class=\"post-meta\"><span class=\"published\">Mar 2021<\/span><\/p><div class=\"post-content\"><div class=\"post-content-inner\"><p>Annamaria Serra, Country Director of Insuco Haiti&#8230;<\/p>\n<\/div><\/div>\t\t\t\n\t\t\t<\/article>\n\t\t\t\t\n\t\t\t<article id=\"post-31344\" class=\"et_pb_post clearfix et_pb_blog_item_1_158 post-31344 post type-post status-publish format-standard has-post-thumbnail hentry category-news-from-insuco tag-anciens-articles-avec-builder-en\">\n\n\t\t\t\t<div class=\"et_pb_image_container\"><a href=\"https:\/\/www.insuco.com\/en\/insucos-ceo-participates-in-the-second-seminar-on-the-governance-of-mining-projects\/\" class=\"entry-featured-image-url\"><img loading=\"lazy\" decoding=\"async\" src=\"https:\/\/www.insuco.com\/wp-content\/uploads\/2021\/03\/formation-risque-400x250.jpg\" alt=\"Insuco&#8217;s CEO participates in the second seminar on the governance of mining projects\" class=\"\" srcset=\"https:\/\/www.insuco.com\/wp-content\/uploads\/2021\/03\/formation-risque.jpg 479w, https:\/\/www.insuco.com\/wp-content\/uploads\/2021\/03\/formation-risque-400x250.jpg 480w \" sizes=\"(max-width:479px) 479px, 100vw \"  width=\"400\" height=\"250\" \/><\/a><\/div>\n\t\t\t\t\t\t\t\t\t\t\t\t\t\t<h2 class=\"entry-title\">\n\t\t\t\t\t\t\t\t\t\t\t\t\t<a href=\"https:\/\/www.insuco.com\/en\/insucos-ceo-participates-in-the-second-seminar-on-the-governance-of-mining-projects\/\">Insuco&#8217;s CEO participates in the second seminar on the governance of mining projects<\/a>\n\t\t\t\t\t\t\t\t\t\t\t<\/h2>\n\t\t\t\t\n\t\t\t\t\t<p class=\"post-meta\"><span class=\"published\">Mar 2021<\/span><\/p><div class=\"post-content\"><div class=\"post-content-inner\"><p>On Monday, March 29, 2021, Pascal Rey&#8230;<\/p>\n<\/div><\/div>\t\t\t\n\t\t\t<\/article>\n\t\t\t\t\n\t\t\t<article id=\"post-31226\" class=\"et_pb_post clearfix et_pb_blog_item_1_159 post-31226 post type-post status-publish format-standard has-post-thumbnail hentry category-news-from-insuco tag-anciens-articles-avec-builder-en\">\n\n\t\t\t\t<div class=\"et_pb_image_container\"><a href=\"https:\/\/www.insuco.com\/en\/publication-sectoral-gender-study-for-the-mining-energy-sector-in-colombia\/\" class=\"entry-featured-image-url\"><img loading=\"lazy\" decoding=\"async\" src=\"https:\/\/www.insuco.com\/wp-content\/uploads\/2021\/03\/BID_Genre-400x250.jpg\" alt=\"Publication: Sectoral Gender Study for the Mining-Energy Sector in Colombia\" class=\"\" srcset=\"https:\/\/www.insuco.com\/wp-content\/uploads\/2021\/03\/BID_Genre.jpg 479w, https:\/\/www.insuco.com\/wp-content\/uploads\/2021\/03\/BID_Genre-400x250.jpg 480w \" sizes=\"(max-width:479px) 479px, 100vw \"  width=\"400\" height=\"250\" \/><\/a><\/div>\n\t\t\t\t\t\t\t\t\t\t\t\t\t\t<h2 class=\"entry-title\">\n\t\t\t\t\t\t\t\t\t\t\t\t\t<a href=\"https:\/\/www.insuco.com\/en\/publication-sectoral-gender-study-for-the-mining-energy-sector-in-colombia\/\">Publication: Sectoral Gender Study for the Mining-Energy Sector in Colombia<\/a>\n\t\t\t\t\t\t\t\t\t\t\t<\/h2>\n\t\t\t\t\n\t\t\t\t\t<p class=\"post-meta\"><span class=\"published\">Mar 2021<\/span><\/p><div class=\"post-content\"><div class=\"post-content-inner\"><p>We are pleased to announce the publication&#8230;<\/p>\n<\/div><\/div>\t\t\t\n\t\t\t<\/article>\n\t\t\t\t\n\t\t\t<article id=\"post-31180\" class=\"et_pb_post clearfix et_pb_blog_item_1_160 post-31180 post type-post status-publish format-standard has-post-thumbnail hentry category-news-from-insuco tag-anciens-articles-avec-builder-en\">\n\n\t\t\t\t<div class=\"et_pb_image_container\"><a href=\"https:\/\/www.insuco.com\/en\/the-gm-for-latin-america-and-the-caribbean-visits-the-dominican-republic\/\" class=\"entry-featured-image-url\"><img loading=\"lazy\" decoding=\"async\" src=\"https:\/\/www.insuco.com\/wp-content\/uploads\/2021\/03\/Cotui-400x250.jpeg\" alt=\"The GM for Latin America and the Caribbean visits the Dominican Republic\" class=\"\" srcset=\"https:\/\/www.insuco.com\/wp-content\/uploads\/2021\/03\/Cotui.jpeg 479w, https:\/\/www.insuco.com\/wp-content\/uploads\/2021\/03\/Cotui-400x250.jpeg 480w \" sizes=\"(max-width:479px) 479px, 100vw \"  width=\"400\" height=\"250\" \/><\/a><\/div>\n\t\t\t\t\t\t\t\t\t\t\t\t\t\t<h2 class=\"entry-title\">\n\t\t\t\t\t\t\t\t\t\t\t\t\t<a href=\"https:\/\/www.insuco.com\/en\/the-gm-for-latin-america-and-the-caribbean-visits-the-dominican-republic\/\">The GM for Latin America and the Caribbean visits the Dominican Republic<\/a>\n\t\t\t\t\t\t\t\t\t\t\t<\/h2>\n\t\t\t\t\n\t\t\t\t\t<p class=\"post-meta\"><span class=\"published\">Mar 2021<\/span><\/p><div class=\"post-content\"><div class=\"post-content-inner\"><p>Guill\u00e9n Calvo, GM for Latin America and the Caribbean&#8230;<\/p>\n<\/div><\/div>\t\t\t\n\t\t\t<\/article>\n\t\t\t\t\n\t\t\t<article id=\"post-30759\" class=\"et_pb_post clearfix et_pb_blog_item_1_161 post-30759 post type-post status-publish format-standard has-post-thumbnail hentry category-news-from-insuco tag-anciens-articles-avec-builder-en\">\n\n\t\t\t\t<div class=\"et_pb_image_container\"><a href=\"https:\/\/www.insuco.com\/en\/we-celebrate-the-international-womens-day-8ofmarch\/\" class=\"entry-featured-image-url\"><img loading=\"lazy\" decoding=\"async\" src=\"https:\/\/www.insuco.com\/wp-content\/uploads\/2021\/03\/Julie-BID-G\u00e9nero-400x250.jpeg\" alt=\"We celebrate the International Women\u2019s Day #8ofMarch\" class=\"\" srcset=\"https:\/\/www.insuco.com\/wp-content\/uploads\/2021\/03\/Julie-BID-G\u00e9nero.jpeg 479w, https:\/\/www.insuco.com\/wp-content\/uploads\/2021\/03\/Julie-BID-G\u00e9nero-400x250.jpeg 480w \" sizes=\"(max-width:479px) 479px, 100vw \"  width=\"400\" height=\"250\" \/><\/a><\/div>\n\t\t\t\t\t\t\t\t\t\t\t\t\t\t<h2 class=\"entry-title\">\n\t\t\t\t\t\t\t\t\t\t\t\t\t<a href=\"https:\/\/www.insuco.com\/en\/we-celebrate-the-international-womens-day-8ofmarch\/\">We celebrate the International Women\u2019s Day #8ofMarch<\/a>\n\t\t\t\t\t\t\t\t\t\t\t<\/h2>\n\t\t\t\t\n\t\t\t\t\t<p class=\"post-meta\"><span class=\"published\">Mar 2021<\/span><\/p><div class=\"post-content\"><div class=\"post-content-inner\"><p>We began the celebrations&#8230;<\/p>\n<\/div><\/div>\t\t\t\n\t\t\t<\/article>\n\t\t\t\t\n\t\t\t<article id=\"post-30683\" class=\"et_pb_post clearfix et_pb_blog_item_1_162 post-30683 post type-post status-publish format-standard has-post-thumbnail hentry category-news-from-insuco tag-anciens-articles-avec-builder-en\">\n\n\t\t\t\t<div class=\"et_pb_image_container\"><a href=\"https:\/\/www.insuco.com\/en\/insuco-and-ulula-join-forces-to-tackle-together-the-challenges-of-social-management-in-times-of-covid-19\/\" class=\"entry-featured-image-url\"><img loading=\"lazy\" decoding=\"async\" src=\"https:\/\/www.insuco.com\/wp-content\/uploads\/2021\/02\/Image-400x250.jpeg\" alt=\"Insuco and Ulula join forces to tackle together the challenges of social management in times of COVID-19\" class=\"\" srcset=\"https:\/\/www.insuco.com\/wp-content\/uploads\/2021\/02\/Image.jpeg 479w, https:\/\/www.insuco.com\/wp-content\/uploads\/2021\/02\/Image-400x250.jpeg 480w \" sizes=\"(max-width:479px) 479px, 100vw \"  width=\"400\" height=\"250\" \/><\/a><\/div>\n\t\t\t\t\t\t\t\t\t\t\t\t\t\t<h2 class=\"entry-title\">\n\t\t\t\t\t\t\t\t\t\t\t\t\t<a href=\"https:\/\/www.insuco.com\/en\/insuco-and-ulula-join-forces-to-tackle-together-the-challenges-of-social-management-in-times-of-covid-19\/\">Insuco and Ulula join forces to tackle together the challenges of social management in times of COVID-19<\/a>\n\t\t\t\t\t\t\t\t\t\t\t<\/h2>\n\t\t\t\t\n\t\t\t\t\t<p class=\"post-meta\"><span class=\"published\">Feb 2021<\/span><\/p><div class=\"post-content\"><div class=\"post-content-inner\"><p>The current context&#8230;<\/p>\n<\/div><\/div>\t\t\t\n\t\t\t<\/article>\n\t\t\t\t\n\t\t\t<article id=\"post-30630\" class=\"et_pb_post clearfix et_pb_blog_item_1_163 post-30630 post type-post status-publish format-standard has-post-thumbnail hentry category-news-from-insuco tag-anciens-articles-avec-builder-en\">\n\n\t\t\t\t<div class=\"et_pb_image_container\"><a href=\"https:\/\/www.insuco.com\/en\/peter-hochet-participated-in-the-capacity-building-workshop-on-the-ifc-performance-standards-organized-by-the-rse-ped-network-watch-the-video\/\" class=\"entry-featured-image-url\"><img loading=\"lazy\" decoding=\"async\" src=\"https:\/\/www.insuco.com\/wp-content\/uploads\/2020\/12\/Invitation-\u00e9v\u00e8nement-Peter-400x250.jpg\" alt=\"Peter Hochet participated in the capacity building workshop on the IFC Performance Standards organized by the RSE &#038; PED network \u2013 watch the video!\" class=\"\" srcset=\"https:\/\/www.insuco.com\/wp-content\/uploads\/2020\/12\/Invitation-\u00e9v\u00e8nement-Peter.jpg 479w, https:\/\/www.insuco.com\/wp-content\/uploads\/2020\/12\/Invitation-\u00e9v\u00e8nement-Peter-400x250.jpg 480w \" sizes=\"(max-width:479px) 479px, 100vw \"  width=\"400\" height=\"250\" \/><\/a><\/div>\n\t\t\t\t\t\t\t\t\t\t\t\t\t\t<h2 class=\"entry-title\">\n\t\t\t\t\t\t\t\t\t\t\t\t\t<a href=\"https:\/\/www.insuco.com\/en\/peter-hochet-participated-in-the-capacity-building-workshop-on-the-ifc-performance-standards-organized-by-the-rse-ped-network-watch-the-video\/\">Peter Hochet participated in the capacity building workshop on the IFC Performance Standards organized by the RSE &#038; PED network \u2013 watch the video!<\/a>\n\t\t\t\t\t\t\t\t\t\t\t<\/h2>\n\t\t\t\t\n\t\t\t\t\t<p class=\"post-meta\"><span class=\"published\">Feb 2021<\/span><\/p><div class=\"post-content\"><div class=\"post-content-inner\"><p>The RSE &#038; PED network, with the support of Proparco&#8230;<\/p>\n<\/div><\/div>\t\t\t\n\t\t\t<\/article>\n\t\t\t\t\n\t\t\t<article id=\"post-30550\" class=\"et_pb_post clearfix et_pb_blog_item_1_164 post-30550 post type-post status-publish format-standard has-post-thumbnail hentry category-news-from-insuco tag-anciens-articles-avec-builder-en\">\n\n\t\t\t\t<div class=\"et_pb_image_container\"><a href=\"https:\/\/www.insuco.com\/en\/insuco-wishes-you-all-the-best-for-the-year-2021-and-celebrates-its-10th-anniversary\/\" class=\"entry-featured-image-url\"><img loading=\"lazy\" decoding=\"async\" src=\"https:\/\/www.insuco.com\/wp-content\/uploads\/2021\/01\/Meilleurs-voeux-10-ans-d\u00e9j\u00e0-400x250.jpg\" alt=\"Insuco wishes you all the best for the year 2021 and celebrates its 10th anniversary!\" class=\"\" srcset=\"https:\/\/www.insuco.com\/wp-content\/uploads\/2021\/01\/Meilleurs-voeux-10-ans-d\u00e9j\u00e0.jpg 479w, https:\/\/www.insuco.com\/wp-content\/uploads\/2021\/01\/Meilleurs-voeux-10-ans-d\u00e9j\u00e0-400x250.jpg 480w \" sizes=\"(max-width:479px) 479px, 100vw \"  width=\"400\" height=\"250\" \/><\/a><\/div>\n\t\t\t\t\t\t\t\t\t\t\t\t\t\t<h2 class=\"entry-title\">\n\t\t\t\t\t\t\t\t\t\t\t\t\t<a href=\"https:\/\/www.insuco.com\/en\/insuco-wishes-you-all-the-best-for-the-year-2021-and-celebrates-its-10th-anniversary\/\">Insuco wishes you all the best for the year 2021 and celebrates its 10th anniversary!<\/a>\n\t\t\t\t\t\t\t\t\t\t\t<\/h2>\n\t\t\t\t\n\t\t\t\t\t<p class=\"post-meta\"><span class=\"published\">Jan 2021<\/span><\/p><div class=\"post-content\"><div class=\"post-content-inner\"><p>It is with great pleasure&#8230;<\/p>\n<\/div><\/div>\t\t\t\n\t\t\t<\/article>\n\t\t\t\t\n\t\t\t<article id=\"post-30531\" class=\"et_pb_post clearfix et_pb_blog_item_1_165 post-30531 post type-post status-publish format-standard has-post-thumbnail hentry category-news-from-insuco tag-anciens-articles-avec-builder-en\">\n\n\t\t\t\t<div class=\"et_pb_image_container\"><a href=\"https:\/\/www.insuco.com\/en\/pascal-guillen-and-peter-gave-a-training-session-at-the-french-senate-on-the-environmental-and-social-issues-of-the-reform-of-the-french-mining-code\/\" class=\"entry-featured-image-url\"><img loading=\"lazy\" decoding=\"async\" src=\"https:\/\/www.insuco.com\/wp-content\/uploads\/2021\/01\/S\u00e9nat-400x250.jpeg\" alt=\"Pascal, Guill\u00e9n and Peter gave a training session at the French Senate on the environmental and social issues of the reform of the French Mining Code\" class=\"\" srcset=\"https:\/\/www.insuco.com\/wp-content\/uploads\/2021\/01\/S\u00e9nat.jpeg 479w, https:\/\/www.insuco.com\/wp-content\/uploads\/2021\/01\/S\u00e9nat-400x250.jpeg 480w \" sizes=\"(max-width:479px) 479px, 100vw \"  width=\"400\" height=\"250\" \/><\/a><\/div>\n\t\t\t\t\t\t\t\t\t\t\t\t\t\t<h2 class=\"entry-title\">\n\t\t\t\t\t\t\t\t\t\t\t\t\t<a href=\"https:\/\/www.insuco.com\/en\/pascal-guillen-and-peter-gave-a-training-session-at-the-french-senate-on-the-environmental-and-social-issues-of-the-reform-of-the-french-mining-code\/\">Pascal, Guill\u00e9n and Peter gave a training session at the French Senate on the environmental and social issues of the reform of the French Mining Code<\/a>\n\t\t\t\t\t\t\t\t\t\t\t<\/h2>\n\t\t\t\t\n\t\t\t\t\t<p class=\"post-meta\"><span class=\"published\">Jan 2021<\/span><\/p><div class=\"post-content\"><div class=\"post-content-inner\"><p>Pascal Rey, Guill\u00e9n Calvo and Peter Hochet&#8230;<\/p>\n<\/div><\/div>\t\t\t\n\t\t\t<\/article>\n\t\t\t\t\n\t\t\t<article id=\"post-30347\" class=\"et_pb_post clearfix et_pb_blog_item_1_166 post-30347 post type-post status-publish format-standard has-post-thumbnail hentry category-news-from-insuco category-on-the-front-page tag-anciens-articles-avec-builder-en\">\n\n\t\t\t\t<div class=\"et_pb_image_container\"><a href=\"https:\/\/www.insuco.com\/en\/intervention-of-virginie-ifsra-director-on-tv5-monde\/\" class=\"entry-featured-image-url\"><img loading=\"lazy\" decoding=\"async\" src=\"https:\/\/www.insuco.com\/wp-content\/uploads\/2021\/01\/Virginie-TV5-Monde-1-400x250.png\" alt=\"Intervention of Virginie, IFSRA Director, on TV5 Monde\" class=\"\" srcset=\"https:\/\/www.insuco.com\/wp-content\/uploads\/2021\/01\/Virginie-TV5-Monde-1.png 479w, https:\/\/www.insuco.com\/wp-content\/uploads\/2021\/01\/Virginie-TV5-Monde-1-400x250.png 480w \" sizes=\"(max-width:479px) 479px, 100vw \"  width=\"400\" height=\"250\" \/><\/a><\/div>\n\t\t\t\t\t\t\t\t\t\t\t\t\t\t<h2 class=\"entry-title\">\n\t\t\t\t\t\t\t\t\t\t\t\t\t<a href=\"https:\/\/www.insuco.com\/en\/intervention-of-virginie-ifsra-director-on-tv5-monde\/\">Intervention of Virginie, IFSRA Director, on TV5 Monde<\/a>\n\t\t\t\t\t\t\t\t\t\t\t<\/h2>\n\t\t\t\t\n\t\t\t\t\t<p class=\"post-meta\"><span class=\"published\">Jan 2021<\/span><\/p><div class=\"post-content\"><div class=\"post-content-inner\"><p>Wednesday, January 13th, 2021&#8230;<\/p>\n<\/div><\/div>\t\t\t\n\t\t\t<\/article>\n\t\t\t\t\n\t\t\t<article id=\"post-30281\" class=\"et_pb_post clearfix et_pb_blog_item_1_167 post-30281 post type-post status-publish format-standard has-post-thumbnail hentry category-news-from-insuco tag-anciens-articles-avec-builder-en\">\n\n\t\t\t\t<div class=\"et_pb_image_container\"><a href=\"https:\/\/www.insuco.com\/en\/insuco-guinea-participated-in-the-workshop-organized-by-the-guinean-chamber-of-mines\/\" class=\"entry-featured-image-url\"><img loading=\"lazy\" decoding=\"async\" src=\"https:\/\/www.insuco.com\/wp-content\/uploads\/2021\/01\/4-400x250.jpg\" alt=\"Insuco Guinea participated in the workshop organized by the Guinean Chamber of Mines\" class=\"\" srcset=\"https:\/\/www.insuco.com\/wp-content\/uploads\/2021\/01\/4.jpg 479w, https:\/\/www.insuco.com\/wp-content\/uploads\/2021\/01\/4-400x250.jpg 480w \" sizes=\"(max-width:479px) 479px, 100vw \"  width=\"400\" height=\"250\" \/><\/a><\/div>\n\t\t\t\t\t\t\t\t\t\t\t\t\t\t<h2 class=\"entry-title\">\n\t\t\t\t\t\t\t\t\t\t\t\t\t<a href=\"https:\/\/www.insuco.com\/en\/insuco-guinea-participated-in-the-workshop-organized-by-the-guinean-chamber-of-mines\/\">Insuco Guinea participated in the workshop organized by the Guinean Chamber of Mines<\/a>\n\t\t\t\t\t\t\t\t\t\t\t<\/h2>\n\t\t\t\t\n\t\t\t\t\t<p class=\"post-meta\"><span class=\"published\">Jan 2021<\/span><\/p><div class=\"post-content\"><div class=\"post-content-inner\"><p>Tuesday, January 12th, 2021&#8230;<\/p>\n<\/div><\/div>\t\t\t\n\t\t\t<\/article>\n\t\t\t\t\n\t\t\t<article id=\"post-30061\" class=\"et_pb_post clearfix et_pb_blog_item_1_168 post-30061 post type-post status-publish format-standard has-post-thumbnail hentry category-news-from-insuco tag-anciens-articles-avec-builder-en\">\n\n\t\t\t\t<div class=\"et_pb_image_container\"><a href=\"https:\/\/www.insuco.com\/en\/experiencias-significativas-2020-gender-equality-in-the-mining-and-energy-sector-in-colombia\/\" class=\"entry-featured-image-url\"><img loading=\"lazy\" decoding=\"async\" src=\"https:\/\/www.insuco.com\/wp-content\/uploads\/2020\/12\/Invitaci\u00f3n-Experiencias-Significativas-2020-400x250.jpg\" alt=\"Experiencias Significativas 2020 &#8211; Gender Equality in the Mining and Energy Sector in Colombia\" class=\"\" srcset=\"https:\/\/www.insuco.com\/wp-content\/uploads\/2020\/12\/Invitaci\u00f3n-Experiencias-Significativas-2020.jpg 479w, https:\/\/www.insuco.com\/wp-content\/uploads\/2020\/12\/Invitaci\u00f3n-Experiencias-Significativas-2020-400x250.jpg 480w \" sizes=\"(max-width:479px) 479px, 100vw \"  width=\"400\" height=\"250\" \/><\/a><\/div>\n\t\t\t\t\t\t\t\t\t\t\t\t\t\t<h2 class=\"entry-title\">\n\t\t\t\t\t\t\t\t\t\t\t\t\t<a href=\"https:\/\/www.insuco.com\/en\/experiencias-significativas-2020-gender-equality-in-the-mining-and-energy-sector-in-colombia\/\">Experiencias Significativas 2020 &#8211; Gender Equality in the Mining and Energy Sector in Colombia<\/a>\n\t\t\t\t\t\t\t\t\t\t\t<\/h2>\n\t\t\t\t\n\t\t\t\t\t<p class=\"post-meta\"><span class=\"published\">Dec 2020<\/span><\/p><div class=\"post-content\"><div class=\"post-content-inner\"><p>Within the framework of the event&#8230;<\/p>\n<\/div><\/div>\t\t\t\n\t\t\t<\/article>\n\t\t\t\t\n\t\t\t<article id=\"post-29954\" class=\"et_pb_post clearfix et_pb_blog_item_1_169 post-29954 post type-post status-publish format-standard has-post-thumbnail hentry category-news-from-insuco tag-anciens-articles-avec-builder-en\">\n\n\t\t\t\t<div class=\"et_pb_image_container\"><a href=\"https:\/\/www.insuco.com\/en\/opening-of-our-new-offices-in-dominican-republic\/\" class=\"entry-featured-image-url\"><img loading=\"lazy\" decoding=\"async\" src=\"https:\/\/www.insuco.com\/wp-content\/uploads\/2020\/11\/Bureaux_RepDom_Exterieur-400x250.jpg\" alt=\"Opening of our new offices in Dominican Republic!\" class=\"\" srcset=\"https:\/\/www.insuco.com\/wp-content\/uploads\/2020\/11\/Bureaux_RepDom_Exterieur.jpg 479w, https:\/\/www.insuco.com\/wp-content\/uploads\/2020\/11\/Bureaux_RepDom_Exterieur-400x250.jpg 480w \" sizes=\"(max-width:479px) 479px, 100vw \"  width=\"400\" height=\"250\" \/><\/a><\/div>\n\t\t\t\t\t\t\t\t\t\t\t\t\t\t<h2 class=\"entry-title\">\n\t\t\t\t\t\t\t\t\t\t\t\t\t<a href=\"https:\/\/www.insuco.com\/en\/opening-of-our-new-offices-in-dominican-republic\/\">Opening of our new offices in Dominican Republic!<\/a>\n\t\t\t\t\t\t\t\t\t\t\t<\/h2>\n\t\t\t\t\n\t\t\t\t\t<p class=\"post-meta\"><span class=\"published\">Dec 2020<\/span><\/p><div class=\"post-content\"><div class=\"post-content-inner\"><p>We are very pleased to announce&#8230;<\/p>\n<\/div><\/div>\t\t\t\n\t\t\t<\/article>\n\t\t\t\t\n\t\t\t<article id=\"post-29838\" class=\"et_pb_post clearfix et_pb_blog_item_1_170 post-29838 post type-post status-publish format-standard has-post-thumbnail hentry category-news-from-insuco tag-anciens-articles-avec-builder-en\">\n\n\t\t\t\t<div class=\"et_pb_image_container\"><a href=\"https:\/\/www.insuco.com\/en\/peter-hochet-participated-in-the-capacity-building-workshop-on-the-ifc-performance-standards-organized-by-the-rse-ped-network\/\" class=\"entry-featured-image-url\"><img loading=\"lazy\" decoding=\"async\" src=\"https:\/\/www.insuco.com\/wp-content\/uploads\/2020\/12\/WhatsApp-Image-2020-12-02-at-15.50.37-1-400x250.jpeg\" alt=\"Peter Hochet participated in the capacity building workshop on the IFC Performance Standards organized by the RSE &#038; PED network\" class=\"\" srcset=\"https:\/\/www.insuco.com\/wp-content\/uploads\/2020\/12\/WhatsApp-Image-2020-12-02-at-15.50.37-1.jpeg 479w, https:\/\/www.insuco.com\/wp-content\/uploads\/2020\/12\/WhatsApp-Image-2020-12-02-at-15.50.37-1-400x250.jpeg 480w \" sizes=\"(max-width:479px) 479px, 100vw \"  width=\"400\" height=\"250\" \/><\/a><\/div>\n\t\t\t\t\t\t\t\t\t\t\t\t\t\t<h2 class=\"entry-title\">\n\t\t\t\t\t\t\t\t\t\t\t\t\t<a href=\"https:\/\/www.insuco.com\/en\/peter-hochet-participated-in-the-capacity-building-workshop-on-the-ifc-performance-standards-organized-by-the-rse-ped-network\/\">Peter Hochet participated in the capacity building workshop on the IFC Performance Standards organized by the RSE &#038; PED network<\/a>\n\t\t\t\t\t\t\t\t\t\t\t<\/h2>\n\t\t\t\t\n\t\t\t\t\t<p class=\"post-meta\"><span class=\"published\">Dec 2020<\/span><\/p><div class=\"post-content\"><div class=\"post-content-inner\"><p>The RSE &#038; PED network, with the support of Proparco&#8230;<\/p>\n<\/div><\/div>\t\t\t\n\t\t\t<\/article>\n\t\t\t\t\n\t\t\t<article id=\"post-29737\" class=\"et_pb_post clearfix et_pb_blog_item_1_171 post-29737 post type-post status-publish format-standard has-post-thumbnail hentry category-news-from-insuco tag-anciens-articles-avec-builder-en\">\n\n\t\t\t\t<div class=\"et_pb_image_container\"><a href=\"https:\/\/www.insuco.com\/en\/training-on-gis-of-the-chamber-of-mines-of-guinea\/\" class=\"entry-featured-image-url\"><img loading=\"lazy\" decoding=\"async\" src=\"https:\/\/www.insuco.com\/wp-content\/uploads\/2020\/12\/2-1-400x250.jpg\" alt=\"Training on GIS of the Chamber of Mines of Guinea\" class=\"\" srcset=\"https:\/\/www.insuco.com\/wp-content\/uploads\/2020\/12\/2-1.jpg 479w, https:\/\/www.insuco.com\/wp-content\/uploads\/2020\/12\/2-1-400x250.jpg 480w \" sizes=\"(max-width:479px) 479px, 100vw \"  width=\"400\" height=\"250\" \/><\/a><\/div>\n\t\t\t\t\t\t\t\t\t\t\t\t\t\t<h2 class=\"entry-title\">\n\t\t\t\t\t\t\t\t\t\t\t\t\t<a href=\"https:\/\/www.insuco.com\/en\/training-on-gis-of-the-chamber-of-mines-of-guinea\/\">Training on GIS of the Chamber of Mines of Guinea<\/a>\n\t\t\t\t\t\t\t\t\t\t\t<\/h2>\n\t\t\t\t\n\t\t\t\t\t<p class=\"post-meta\"><span class=\"published\">Dec 2020<\/span><\/p><div class=\"post-content\"><div class=\"post-content-inner\"><p>Insuco Guinea&#8230;<\/p>\n<\/div><\/div>\t\t\t\n\t\t\t<\/article>\n\t\t\t\t\n\t\t\t<article id=\"post-29692\" class=\"et_pb_post clearfix et_pb_blog_item_1_172 post-29692 post type-post status-publish format-standard has-post-thumbnail hentry category-news-from-insuco tag-anciens-articles-avec-builder-en\">\n\n\t\t\t\t<div class=\"et_pb_image_container\"><a href=\"https:\/\/www.insuco.com\/en\/insuco-and-ifsra-participate-in-the-debate-around-the-challenges-of-natural-resources-management-in-madagascar\/\" class=\"entry-featured-image-url\"><img loading=\"lazy\" decoding=\"async\" src=\"https:\/\/www.insuco.com\/wp-content\/uploads\/2020\/12\/WhatsApp-Image-2020-12-03-at-08.04.50-400x250.jpeg\" alt=\"Insuco and IFSRA participate in the debate around the challenges of natural resources management in Madagascar\" class=\"\" srcset=\"https:\/\/www.insuco.com\/wp-content\/uploads\/2020\/12\/WhatsApp-Image-2020-12-03-at-08.04.50.jpeg 479w, https:\/\/www.insuco.com\/wp-content\/uploads\/2020\/12\/WhatsApp-Image-2020-12-03-at-08.04.50-400x250.jpeg 480w \" sizes=\"(max-width:479px) 479px, 100vw \"  width=\"400\" height=\"250\" \/><\/a><\/div>\n\t\t\t\t\t\t\t\t\t\t\t\t\t\t<h2 class=\"entry-title\">\n\t\t\t\t\t\t\t\t\t\t\t\t\t<a href=\"https:\/\/www.insuco.com\/en\/insuco-and-ifsra-participate-in-the-debate-around-the-challenges-of-natural-resources-management-in-madagascar\/\">Insuco and IFSRA participate in the debate around the challenges of natural resources management in Madagascar<\/a>\n\t\t\t\t\t\t\t\t\t\t\t<\/h2>\n\t\t\t\t\n\t\t\t\t\t<p class=\"post-meta\"><span class=\"published\">Dec 2020<\/span><\/p><div class=\"post-content\"><div class=\"post-content-inner\"><p>Adrian Levrel and Margaux Nicot&#8230;<\/p>\n<\/div><\/div>\t\t\t\n\t\t\t<\/article>\n\t\t\t\t\n\t\t\t<article id=\"post-29861\" class=\"et_pb_post clearfix et_pb_blog_item_1_173 post-29861 post type-post status-publish format-standard has-post-thumbnail hentry category-news-from-insuco tag-anciens-articles-avec-builder-en\">\n\n\t\t\t\t<div class=\"et_pb_image_container\"><a href=\"https:\/\/www.insuco.com\/en\/pascal-and-guillen-are-visiting-the-dominican-republic-and-haiti\/\" class=\"entry-featured-image-url\"><img loading=\"lazy\" decoding=\"async\" src=\"https:\/\/www.insuco.com\/wp-content\/uploads\/2020\/12\/Equipe-Ha\u00efti_Novembre-2020-400x250.jpeg\" alt=\"Pascal and Guill\u00e9n are visiting the Dominican Republic and Haiti\" class=\"\" srcset=\"https:\/\/www.insuco.com\/wp-content\/uploads\/2020\/12\/Equipe-Ha\u00efti_Novembre-2020.jpeg 479w, https:\/\/www.insuco.com\/wp-content\/uploads\/2020\/12\/Equipe-Ha\u00efti_Novembre-2020-400x250.jpeg 480w \" sizes=\"(max-width:479px) 479px, 100vw \"  width=\"400\" height=\"250\" \/><\/a><\/div>\n\t\t\t\t\t\t\t\t\t\t\t\t\t\t<h2 class=\"entry-title\">\n\t\t\t\t\t\t\t\t\t\t\t\t\t<a href=\"https:\/\/www.insuco.com\/en\/pascal-and-guillen-are-visiting-the-dominican-republic-and-haiti\/\">Pascal and Guill\u00e9n are visiting the Dominican Republic and Haiti<\/a>\n\t\t\t\t\t\t\t\t\t\t\t<\/h2>\n\t\t\t\t\n\t\t\t\t\t<p class=\"post-meta\"><span class=\"published\">Nov 2020<\/span><\/p><div class=\"post-content\"><div class=\"post-content-inner\"><p>After a few days in Dominican Republic &#8230;<\/p>\n<\/div><\/div>\t\t\t\n\t\t\t<\/article>\n\t\t\t\t\n\t\t\t<article id=\"post-29900\" class=\"et_pb_post clearfix et_pb_blog_item_1_174 post-29900 post type-post status-publish format-standard has-post-thumbnail hentry category-news-from-insuco tag-anciens-articles-avec-builder-en\">\n\n\t\t\t\t<div class=\"et_pb_image_container\"><a href=\"https:\/\/www.insuco.com\/en\/launch-of-the-advisory-committee-energia-que-transforma-in-partnership-with-the-colombian-ministry-of-mining-and-energy-and-idb\/\" class=\"entry-featured-image-url\"><img loading=\"lazy\" decoding=\"async\" src=\"https:\/\/www.insuco.com\/wp-content\/uploads\/2020\/12\/1-2-400x250.jpg\" alt=\"Launch of the Advisory Committee Energ\u00eda Que Transforma, in partnership with the Colombian Ministry of Mining and Energy and IDB\" class=\"\" srcset=\"https:\/\/www.insuco.com\/wp-content\/uploads\/2020\/12\/1-2.jpg 479w, https:\/\/www.insuco.com\/wp-content\/uploads\/2020\/12\/1-2-400x250.jpg 480w \" sizes=\"(max-width:479px) 479px, 100vw \"  width=\"400\" height=\"250\" \/><\/a><\/div>\n\t\t\t\t\t\t\t\t\t\t\t\t\t\t<h2 class=\"entry-title\">\n\t\t\t\t\t\t\t\t\t\t\t\t\t<a href=\"https:\/\/www.insuco.com\/en\/launch-of-the-advisory-committee-energia-que-transforma-in-partnership-with-the-colombian-ministry-of-mining-and-energy-and-idb\/\">Launch of the Advisory Committee Energ\u00eda Que Transforma, in partnership with the Colombian Ministry of Mining and Energy and IDB<\/a>\n\t\t\t\t\t\t\t\t\t\t\t<\/h2>\n\t\t\t\t\n\t\t\t\t\t<p class=\"post-meta\"><span class=\"published\">Nov 2020<\/span><\/p><div class=\"post-content\"><div class=\"post-content-inner\"><p>Last Thursday, November 26th&#8230;<\/p>\n<\/div><\/div>\t\t\t\n\t\t\t<\/article>\n\t\t\t\t\n\t\t\t<article id=\"post-29357\" class=\"et_pb_post clearfix et_pb_blog_item_1_175 post-29357 post type-post status-publish format-standard has-post-thumbnail hentry category-news-from-insuco tag-anciens-articles-avec-builder-en\">\n\n\t\t\t\t<div class=\"et_pb_image_container\"><a href=\"https:\/\/www.insuco.com\/en\/observatories-of-territorial-transformations-an-interview-with-the-project-director\/\" class=\"entry-featured-image-url\"><img loading=\"lazy\" decoding=\"async\" src=\"https:\/\/www.insuco.com\/wp-content\/uploads\/2020\/11\/Imagen-400x250.jpg\" alt=\"Observatories of Territorial Transformations: an interview with the Project Director\" class=\"\" srcset=\"https:\/\/www.insuco.com\/wp-content\/uploads\/2020\/11\/Imagen.jpg 479w, https:\/\/www.insuco.com\/wp-content\/uploads\/2020\/11\/Imagen-400x250.jpg 480w \" sizes=\"(max-width:479px) 479px, 100vw \"  width=\"400\" height=\"250\" \/><\/a><\/div>\n\t\t\t\t\t\t\t\t\t\t\t\t\t\t<h2 class=\"entry-title\">\n\t\t\t\t\t\t\t\t\t\t\t\t\t<a href=\"https:\/\/www.insuco.com\/en\/observatories-of-territorial-transformations-an-interview-with-the-project-director\/\">Observatories of Territorial Transformations: an interview with the Project Director<\/a>\n\t\t\t\t\t\t\t\t\t\t\t<\/h2>\n\t\t\t\t\n\t\t\t\t\t<p class=\"post-meta\"><span class=\"published\">Nov 2020<\/span><\/p><div class=\"post-content\"><div class=\"post-content-inner\"><p>The Observatories of Territorial Transformation (OTT) Project&#8230;<\/p>\n<\/div><\/div>\t\t\t\n\t\t\t<\/article>\n\t\t\t\t\n\t\t\t<article id=\"post-29054\" class=\"et_pb_post clearfix et_pb_blog_item_1_176 post-29054 post type-post status-publish format-standard has-post-thumbnail hentry category-news-from-insuco category-on-the-front-page tag-anciens-articles-avec-builder-en\">\n\n\t\t\t\t<div class=\"et_pb_image_container\"><a href=\"https:\/\/www.insuco.com\/en\/publication-study-of-the-impact-of-the-security-crisis-on-land-tenure-dynamics-in-the-lake-chad-region\/\" class=\"entry-featured-image-url\"><img loading=\"lazy\" decoding=\"async\" src=\"https:\/\/www.insuco.com\/wp-content\/uploads\/2020\/11\/Image-site-web-400x250.jpg\" alt=\"Publication: Study of the impact of the security crisis on land tenure dynamics in the Lake Chad region\" class=\"\" srcset=\"https:\/\/www.insuco.com\/wp-content\/uploads\/2020\/11\/Image-site-web.jpg 479w, https:\/\/www.insuco.com\/wp-content\/uploads\/2020\/11\/Image-site-web-400x250.jpg 480w \" sizes=\"(max-width:479px) 479px, 100vw \"  width=\"400\" height=\"250\" \/><\/a><\/div>\n\t\t\t\t\t\t\t\t\t\t\t\t\t\t<h2 class=\"entry-title\">\n\t\t\t\t\t\t\t\t\t\t\t\t\t<a href=\"https:\/\/www.insuco.com\/en\/publication-study-of-the-impact-of-the-security-crisis-on-land-tenure-dynamics-in-the-lake-chad-region\/\">Publication: Study of the impact of the security crisis on land tenure dynamics in the Lake Chad region<\/a>\n\t\t\t\t\t\t\t\t\t\t\t<\/h2>\n\t\t\t\t\n\t\t\t\t\t<p class=\"post-meta\"><span class=\"published\">Nov 2020<\/span><\/p><div class=\"post-content\"><div class=\"post-content-inner\"><p>We are pleased to announce the publication of the study&#8230;<\/p>\n<\/div><\/div>\t\t\t\n\t\t\t<\/article>\n\t\t\t\t\n\t\t\t<article id=\"post-28809\" class=\"et_pb_post clearfix et_pb_blog_item_1_177 post-28809 post type-post status-publish format-standard has-post-thumbnail hentry category-news-from-insuco tag-anciens-articles-avec-builder-en\">\n\n\t\t\t\t<div class=\"et_pb_image_container\"><a href=\"https:\/\/www.insuco.com\/en\/insuco-guinea-participated-in-the-restitution-of-the-environmental-and-social-strategic-assessment-of-the-occupation-by-mining-infrastructures-of-the-guinean-coastal-zone-in-conakry\/\" class=\"entry-featured-image-url\"><img loading=\"lazy\" decoding=\"async\" src=\"https:\/\/www.insuco.com\/wp-content\/uploads\/2020\/09\/119907327_3472401772821817_2792090767366032107_o-400x250.jpg\" alt=\"Insuco Guinea participated in the restitution of the Environmental and Social Strategic Assessment of the occupation by mining infrastructures of the Guinean coastal zone in Conakry\" class=\"\" srcset=\"https:\/\/www.insuco.com\/wp-content\/uploads\/2020\/09\/119907327_3472401772821817_2792090767366032107_o.jpg 479w, https:\/\/www.insuco.com\/wp-content\/uploads\/2020\/09\/119907327_3472401772821817_2792090767366032107_o-400x250.jpg 480w \" sizes=\"(max-width:479px) 479px, 100vw \"  width=\"400\" height=\"250\" \/><\/a><\/div>\n\t\t\t\t\t\t\t\t\t\t\t\t\t\t<h2 class=\"entry-title\">\n\t\t\t\t\t\t\t\t\t\t\t\t\t<a href=\"https:\/\/www.insuco.com\/en\/insuco-guinea-participated-in-the-restitution-of-the-environmental-and-social-strategic-assessment-of-the-occupation-by-mining-infrastructures-of-the-guinean-coastal-zone-in-conakry\/\">Insuco Guinea participated in the restitution of the Environmental and Social Strategic Assessment of the occupation by mining infrastructures of the Guinean coastal zone in Conakry<\/a>\n\t\t\t\t\t\t\t\t\t\t\t<\/h2>\n\t\t\t\t\n\t\t\t\t\t<p class=\"post-meta\"><span class=\"published\">Sep 2020<\/span><\/p><div class=\"post-content\"><div class=\"post-content-inner\"><p>Last 17th of September, Insuco Guinea&#8230;<\/p>\n<\/div><\/div>\t\t\t\n\t\t\t<\/article>\n\t\t\t\t\n\t\t\t<article id=\"post-28739\" class=\"et_pb_post clearfix et_pb_blog_item_1_178 post-28739 post type-post status-publish format-standard has-post-thumbnail hentry category-news-from-insuco tag-anciens-articles-avec-builder-en\">\n\n\t\t\t\t<div class=\"et_pb_image_container\"><a href=\"https:\/\/www.insuco.com\/en\/gender-equality-guidelines-of-the-colombian-ministry-of-mines-and-energy\/\" class=\"entry-featured-image-url\"><img loading=\"lazy\" decoding=\"async\" src=\"https:\/\/www.insuco.com\/wp-content\/uploads\/2020\/09\/Imagen1-400x250.jpg\" alt=\"Gender Equality Guidelines of the Colombian Ministry of Mines and Energy\" class=\"\" srcset=\"https:\/\/www.insuco.com\/wp-content\/uploads\/2020\/09\/Imagen1.jpg 479w, https:\/\/www.insuco.com\/wp-content\/uploads\/2020\/09\/Imagen1-400x250.jpg 480w \" sizes=\"(max-width:479px) 479px, 100vw \"  width=\"400\" height=\"250\" \/><\/a><\/div>\n\t\t\t\t\t\t\t\t\t\t\t\t\t\t<h2 class=\"entry-title\">\n\t\t\t\t\t\t\t\t\t\t\t\t\t<a href=\"https:\/\/www.insuco.com\/en\/gender-equality-guidelines-of-the-colombian-ministry-of-mines-and-energy\/\">Gender Equality Guidelines of the Colombian Ministry of Mines and Energy<\/a>\n\t\t\t\t\t\t\t\t\t\t\t<\/h2>\n\t\t\t\t\n\t\t\t\t\t<p class=\"post-meta\"><span class=\"published\">Sep 2020<\/span><\/p><div class=\"post-content\"><div class=\"post-content-inner\"><p>Wednesday, September 23, more than 80 companies and unions&#8230;<\/p>\n<\/div><\/div>\t\t\t\n\t\t\t<\/article>\n\t\t\t\t\n\t\t\t<article id=\"post-28591\" class=\"et_pb_post clearfix et_pb_blog_item_1_179 post-28591 post type-post status-publish format-standard has-post-thumbnail hentry category-news-from-insuco tag-anciens-articles-avec-builder-en\">\n\n\t\t\t\t<div class=\"et_pb_image_container\"><a href=\"https:\/\/www.insuco.com\/en\/observatories-of-territorial-transformations-new-website\/\" class=\"entry-featured-image-url\"><img loading=\"lazy\" decoding=\"async\" src=\"https:\/\/www.insuco.com\/wp-content\/uploads\/2020\/08\/OTTweb-400x250.png\" alt=\"Observatories of Territorial Transformations new website\" class=\"\" srcset=\"https:\/\/www.insuco.com\/wp-content\/uploads\/2020\/08\/OTTweb.png 479w, https:\/\/www.insuco.com\/wp-content\/uploads\/2020\/08\/OTTweb-400x250.png 480w \" sizes=\"(max-width:479px) 479px, 100vw \"  width=\"400\" height=\"250\" \/><\/a><\/div>\n\t\t\t\t\t\t\t\t\t\t\t\t\t\t<h2 class=\"entry-title\">\n\t\t\t\t\t\t\t\t\t\t\t\t\t<a href=\"https:\/\/www.insuco.com\/en\/observatories-of-territorial-transformations-new-website\/\">Observatories of Territorial Transformations new website<\/a>\n\t\t\t\t\t\t\t\t\t\t\t<\/h2>\n\t\t\t\t\n\t\t\t\t\t<p class=\"post-meta\"><span class=\"published\">Aug 2020<\/span><\/p><div class=\"post-content\"><div class=\"post-content-inner\"><p>The Observatories of Territorial Transformations&#8230;<\/p>\n<\/div><\/div>\t\t\t\n\t\t\t<\/article>\n\t\t\t\t\n\t\t\t<article id=\"post-28392\" class=\"et_pb_post clearfix et_pb_blog_item_1_180 post-28392 post type-post status-publish format-standard has-post-thumbnail hentry category-news-from-insuco tag-anciens-articles-avec-builder-en\">\n\n\t\t\t\t<div class=\"et_pb_image_container\"><a href=\"https:\/\/www.insuco.com\/en\/distanciados-no-aislados\/\" class=\"entry-featured-image-url\"><img loading=\"lazy\" decoding=\"async\" src=\"https:\/\/www.insuco.com\/wp-content\/uploads\/2020\/06\/Servicios-COVID-1-400x250.jpg\" alt=\"Distanciados, No Aislados\" class=\"\" srcset=\"https:\/\/www.insuco.com\/wp-content\/uploads\/2020\/06\/Servicios-COVID-1.jpg 479w, https:\/\/www.insuco.com\/wp-content\/uploads\/2020\/06\/Servicios-COVID-1-400x250.jpg 480w \" sizes=\"(max-width:479px) 479px, 100vw \"  width=\"400\" height=\"250\" \/><\/a><\/div>\n\t\t\t\t\t\t\t\t\t\t\t\t\t\t<h2 class=\"entry-title\">\n\t\t\t\t\t\t\t\t\t\t\t\t\t<a href=\"https:\/\/www.insuco.com\/en\/distanciados-no-aislados\/\">Distanciados, No Aislados<\/a>\n\t\t\t\t\t\t\t\t\t\t\t<\/h2>\n\t\t\t\t\n\t\t\t\t\t<p class=\"post-meta\"><span class=\"published\">Jun 2020<\/span><\/p><div class=\"post-content\"><div class=\"post-content-inner\"><p>We are pleased to announce the launch of our brand-new website&#8230;<\/p>\n<\/div><\/div>\t\t\t\n\t\t\t<\/article>\n\t\t\t\t\n\t\t\t<article id=\"post-27007\" class=\"et_pb_post clearfix et_pb_blog_item_1_181 post-27007 post type-post status-publish format-standard has-post-thumbnail hentry category-news-from-insuco tag-anciens-articles-avec-builder-en\">\n\n\t\t\t\t<div class=\"et_pb_image_container\"><a href=\"https:\/\/www.insuco.com\/en\/innovative-alliances-in-territories-in-times-of-covid-19\/\" class=\"entry-featured-image-url\"><img loading=\"lazy\" decoding=\"async\" src=\"https:\/\/www.insuco.com\/wp-content\/uploads\/2020\/05\/0001-400x250.jpg\" alt=\"Innovative alliances in territories in times of Covid-19\" class=\"\" srcset=\"https:\/\/www.insuco.com\/wp-content\/uploads\/2020\/05\/0001.jpg 479w, https:\/\/www.insuco.com\/wp-content\/uploads\/2020\/05\/0001-400x250.jpg 480w \" sizes=\"(max-width:479px) 479px, 100vw \"  width=\"400\" height=\"250\" \/><\/a><\/div>\n\t\t\t\t\t\t\t\t\t\t\t\t\t\t<h2 class=\"entry-title\">\n\t\t\t\t\t\t\t\t\t\t\t\t\t<a href=\"https:\/\/www.insuco.com\/en\/innovative-alliances-in-territories-in-times-of-covid-19\/\">Innovative alliances in territories in times of Covid-19<\/a>\n\t\t\t\t\t\t\t\t\t\t\t<\/h2>\n\t\t\t\t\n\t\t\t\t\t<p class=\"post-meta\"><span class=\"published\">May 2020<\/span><\/p><div class=\"post-content\"><div class=\"post-content-inner\"><p>On Thursday April 23rd 2020, Insuco, Jaime Arteaga &#038; Asociados and the Colombian Mining Association&#8230;<\/p>\n<\/div><\/div>\t\t\t\n\t\t\t<\/article>\n\t\t\t\t\n\t\t\t<article id=\"post-27119\" class=\"et_pb_post clearfix et_pb_blog_item_1_182 post-27119 post type-post status-publish format-standard has-post-thumbnail hentry category-news-from-insuco tag-anciens-articles-avec-builder-en\">\n\n\t\t\t\t<div class=\"et_pb_image_container\"><a href=\"https:\/\/www.insuco.com\/en\/the-challenges-of-territorial-dialogue-in-times-of-covid-19-how-to-address-them-through-another-approach-of-social-management\/\" class=\"entry-featured-image-url\"><img loading=\"lazy\" decoding=\"async\" src=\"https:\/\/www.insuco.com\/wp-content\/uploads\/2020\/04\/Ja-Insuco_Reflexiones-pdf.jpg\" alt=\"The challenges of territorial dialogue in times of Covid-19: how to address them through another approach of social management?\" class=\"\" srcset=\"https:\/\/www.insuco.com\/wp-content\/uploads\/2020\/04\/Ja-Insuco_Reflexiones-pdf.jpg 479w, https:\/\/www.insuco.com\/wp-content\/uploads\/2020\/04\/Ja-Insuco_Reflexiones-pdf.jpg 480w \" sizes=\"(max-width:479px) 479px, 100vw \"  width=\"400\" height=\"250\" \/><\/a><\/div>\n\t\t\t\t\t\t\t\t\t\t\t\t\t\t<h2 class=\"entry-title\">\n\t\t\t\t\t\t\t\t\t\t\t\t\t<a href=\"https:\/\/www.insuco.com\/en\/the-challenges-of-territorial-dialogue-in-times-of-covid-19-how-to-address-them-through-another-approach-of-social-management\/\">The challenges of territorial dialogue in times of Covid-19: how to address them through another approach of social management?<\/a>\n\t\t\t\t\t\t\t\t\t\t\t<\/h2>\n\t\t\t\t\n\t\t\t\t\t<p class=\"post-meta\"><span class=\"published\">Apr 2020<\/span><\/p><div class=\"post-content\"><div class=\"post-content-inner\"><p>On Friday April 3rd 2020, Insuco, Jaime Arteaga &#038; Asociados and the Colombian Mining Association&#8230;<\/p>\n<\/div><\/div>\t\t\t\n\t\t\t<\/article>\n\t\t\t\t\n\t\t\t<article id=\"post-26441\" class=\"et_pb_post clearfix et_pb_blog_item_1_183 post-26441 post type-post status-publish format-standard has-post-thumbnail hentry category-news-from-insuco tag-anciens-articles-avec-builder-en\">\n\n\t\t\t\t<div class=\"et_pb_image_container\"><a href=\"https:\/\/www.insuco.com\/en\/insuco-lac-teams-gathered-in-bogota-and-medellin-colombia\/\" class=\"entry-featured-image-url\"><img loading=\"lazy\" decoding=\"async\" src=\"https:\/\/www.insuco.com\/wp-content\/uploads\/2020\/02\/Grupo-Cocorna2-400x250.jpeg\" alt=\"Insuco LAC teams gathered in Bogota and Medellin, Colombia\" class=\"\" srcset=\"https:\/\/www.insuco.com\/wp-content\/uploads\/2020\/02\/Grupo-Cocorna2.jpeg 479w, https:\/\/www.insuco.com\/wp-content\/uploads\/2020\/02\/Grupo-Cocorna2-400x250.jpeg 480w \" sizes=\"(max-width:479px) 479px, 100vw \"  width=\"400\" height=\"250\" \/><\/a><\/div>\n\t\t\t\t\t\t\t\t\t\t\t\t\t\t<h2 class=\"entry-title\">\n\t\t\t\t\t\t\t\t\t\t\t\t\t<a href=\"https:\/\/www.insuco.com\/en\/insuco-lac-teams-gathered-in-bogota-and-medellin-colombia\/\">Insuco LAC teams gathered in Bogota and Medellin, Colombia<\/a>\n\t\t\t\t\t\t\t\t\t\t\t<\/h2>\n\t\t\t\t\n\t\t\t\t\t<p class=\"post-meta\"><span class=\"published\">Mar 2020<\/span><\/p><div class=\"post-content\"><div class=\"post-content-inner\"><p>The teams of our offices in the LAC region&#8230;<\/p>\n<\/div><\/div>\t\t\t\n\t\t\t<\/article>\n\t\t\t\t\n\t\t\t<article id=\"post-26137\" class=\"et_pb_post clearfix et_pb_blog_item_1_184 post-26137 post type-post status-publish format-standard has-post-thumbnail hentry category-news-from-insuco tag-anciens-articles-avec-builder-en\">\n\n\t\t\t\t<div class=\"et_pb_image_container\"><a href=\"https:\/\/www.insuco.com\/en\/publication-what-irrigated-agriculture-for-the-future\/\" class=\"entry-featured-image-url\"><img loading=\"lazy\" decoding=\"async\" src=\"https:\/\/www.insuco.com\/wp-content\/uploads\/2020\/02\/image-couverture-publication-agriculture-irriguee-fevrier-2020-cut-320x250.jpg\" alt=\"Publication: What irrigated agriculture for the future?\" class=\"\" srcset=\"https:\/\/www.insuco.com\/wp-content\/uploads\/2020\/02\/image-couverture-publication-agriculture-irriguee-fevrier-2020-cut.jpg 479w, https:\/\/www.insuco.com\/wp-content\/uploads\/2020\/02\/image-couverture-publication-agriculture-irriguee-fevrier-2020-cut-320x250.jpg 480w \" sizes=\"(max-width:479px) 479px, 100vw \"  width=\"400\" height=\"250\" \/><\/a><\/div>\n\t\t\t\t\t\t\t\t\t\t\t\t\t\t<h2 class=\"entry-title\">\n\t\t\t\t\t\t\t\t\t\t\t\t\t<a href=\"https:\/\/www.insuco.com\/en\/publication-what-irrigated-agriculture-for-the-future\/\">Publication: What irrigated agriculture for the future?<\/a>\n\t\t\t\t\t\t\t\t\t\t\t<\/h2>\n\t\t\t\t\n\t\t\t\t\t<p class=\"post-meta\"><span class=\"published\">Feb 2020<\/span><\/p><div class=\"post-content\"><div class=\"post-content-inner\"><p>We are pleased to announce the publication of the book&#8230;<\/p>\n<\/div><\/div>\t\t\t\n\t\t\t<\/article>\n\t\t\t\t\n\t\t\t<article id=\"post-25865\" class=\"et_pb_post clearfix et_pb_blog_item_1_185 post-25865 post type-post status-publish format-standard has-post-thumbnail hentry category-news-from-insuco category-on-the-front-page tag-anciens-articles-avec-builder-en\">\n\n\t\t\t\t<div class=\"et_pb_image_container\"><a href=\"https:\/\/www.insuco.com\/en\/launch-of-the-observatories-of-territorial-transformations\/\" class=\"entry-featured-image-url\"><img loading=\"lazy\" decoding=\"async\" src=\"https:\/\/www.insuco.com\/wp-content\/uploads\/2020\/02\/1-1-400x250.jpg\" alt=\"Launch of the Observatories of Territorial Transformations\" class=\"\" srcset=\"https:\/\/www.insuco.com\/wp-content\/uploads\/2020\/02\/1-1.jpg 479w, https:\/\/www.insuco.com\/wp-content\/uploads\/2020\/02\/1-1-400x250.jpg 480w \" sizes=\"(max-width:479px) 479px, 100vw \"  width=\"400\" height=\"250\" \/><\/a><\/div>\n\t\t\t\t\t\t\t\t\t\t\t\t\t\t<h2 class=\"entry-title\">\n\t\t\t\t\t\t\t\t\t\t\t\t\t<a href=\"https:\/\/www.insuco.com\/en\/launch-of-the-observatories-of-territorial-transformations\/\">Launch of the Observatories of Territorial Transformations<\/a>\n\t\t\t\t\t\t\t\t\t\t\t<\/h2>\n\t\t\t\t\n\t\t\t\t\t<p class=\"post-meta\"><span class=\"published\">Feb 2020<\/span><\/p><div class=\"post-content\"><div class=\"post-content-inner\"><p>With the participation of representatives of the mining-energy and construction sectors&#8230;<\/p>\n<\/div><\/div>\t\t\t\n\t\t\t<\/article>\n\t\t\t\t\n\t\t\t<article id=\"post-29928\" class=\"et_pb_post clearfix et_pb_blog_item_1_186 post-29928 post type-post status-publish format-standard has-post-thumbnail hentry category-news-from-insuco tag-anciens-articles-avec-builder-en\">\n\n\t\t\t\t<div class=\"et_pb_image_container\"><a href=\"https:\/\/www.insuco.com\/en\/opening-of-our-new-office-in-peru\/\" class=\"entry-featured-image-url\"><img loading=\"lazy\" decoding=\"async\" src=\"https:\/\/www.insuco.com\/wp-content\/uploads\/2020\/12\/1-3-400x250.jpg\" alt=\"Opening of our new office in Peru!\" class=\"\" srcset=\"https:\/\/www.insuco.com\/wp-content\/uploads\/2020\/12\/1-3.jpg 479w, https:\/\/www.insuco.com\/wp-content\/uploads\/2020\/12\/1-3-400x250.jpg 480w \" sizes=\"(max-width:479px) 479px, 100vw \"  width=\"400\" height=\"250\" \/><\/a><\/div>\n\t\t\t\t\t\t\t\t\t\t\t\t\t\t<h2 class=\"entry-title\">\n\t\t\t\t\t\t\t\t\t\t\t\t\t<a href=\"https:\/\/www.insuco.com\/en\/opening-of-our-new-office-in-peru\/\">Opening of our new office in Peru!<\/a>\n\t\t\t\t\t\t\t\t\t\t\t<\/h2>\n\t\t\t\t\n\t\t\t\t\t<p class=\"post-meta\"><span class=\"published\">Jan 2020<\/span><\/p><div class=\"post-content\"><div class=\"post-content-inner\"><p>We are very pleased to announce&#8230;<\/p>\n<\/div><\/div>\t\t\t\n\t\t\t<\/article>\n\t\t\t\t\n\t\t\t<article id=\"post-25253\" class=\"et_pb_post clearfix et_pb_blog_item_1_187 post-25253 post type-post status-publish format-standard has-post-thumbnail hentry category-on-the-front-page tag-anciens-articles-avec-builder-en\">\n\n\t\t\t\t<div class=\"et_pb_image_container\"><a href=\"https:\/\/www.insuco.com\/en\/pascal-rey-ceo-of-insuco-and-associate-researcher-at-ifsra-participated-in-the-third-edition-of-the-annual-conference-on-interculturality-organized-by-emsome-in-paris-france\/\" class=\"entry-featured-image-url\"><img loading=\"lazy\" decoding=\"async\" src=\"https:\/\/www.insuco.com\/wp-content\/uploads\/2019\/12\/2-web-400x250.jpg\" alt=\"Pascal Rey, CEO of Insuco and associate researcher at IFSRA, participated in the third edition of the annual conference on interculturality organized by EMSOME in Paris, France\" class=\"\" srcset=\"https:\/\/www.insuco.com\/wp-content\/uploads\/2019\/12\/2-web.jpg 479w, https:\/\/www.insuco.com\/wp-content\/uploads\/2019\/12\/2-web-400x250.jpg 480w \" sizes=\"(max-width:479px) 479px, 100vw \"  width=\"400\" height=\"250\" \/><\/a><\/div>\n\t\t\t\t\t\t\t\t\t\t\t\t\t\t<h2 class=\"entry-title\">\n\t\t\t\t\t\t\t\t\t\t\t\t\t<a href=\"https:\/\/www.insuco.com\/en\/pascal-rey-ceo-of-insuco-and-associate-researcher-at-ifsra-participated-in-the-third-edition-of-the-annual-conference-on-interculturality-organized-by-emsome-in-paris-france\/\">Pascal Rey, CEO of Insuco and associate researcher at IFSRA, participated in the third edition of the annual conference on interculturality organized by EMSOME in Paris, France<\/a>\n\t\t\t\t\t\t\t\t\t\t\t<\/h2>\n\t\t\t\t\n\t\t\t\t\t<p class=\"post-meta\"><span class=\"published\">Dec 2019<\/span><\/p><div class=\"post-content\"><div class=\"post-content-inner\"><p>Last 27th of November, Pascal Rey had the pleasure to participate in the third edition of the annual conference on interculturality, organized in Paris by EMSOME&#8230;<\/p>\n<\/div><\/div>\t\t\t\n\t\t\t<\/article>\n\t\t\t\t\n\t\t\t<article id=\"post-24507\" class=\"et_pb_post clearfix et_pb_blog_item_1_188 post-24507 post type-post status-publish format-standard has-post-thumbnail hentry category-news-from-insuco tag-anciens-articles-avec-builder-en\">\n\n\t\t\t\t<div class=\"et_pb_image_container\"><a href=\"https:\/\/www.insuco.com\/en\/insuco-presented-its-experience-regarding-social-compliance-and-project-management-to-the-madagascar-chamber-of-mines\/\" class=\"entry-featured-image-url\"><img loading=\"lazy\" decoding=\"async\" src=\"https:\/\/www.insuco.com\/wp-content\/uploads\/2019\/10\/1-400x250.jpeg\" alt=\"Insuco presented its experience regarding social compliance and project management to the Madagascar Chamber of Mines\" class=\"\" srcset=\"https:\/\/www.insuco.com\/wp-content\/uploads\/2019\/10\/1.jpeg 479w, https:\/\/www.insuco.com\/wp-content\/uploads\/2019\/10\/1-400x250.jpeg 480w \" sizes=\"(max-width:479px) 479px, 100vw \"  width=\"400\" height=\"250\" \/><\/a><\/div>\n\t\t\t\t\t\t\t\t\t\t\t\t\t\t<h2 class=\"entry-title\">\n\t\t\t\t\t\t\t\t\t\t\t\t\t<a href=\"https:\/\/www.insuco.com\/en\/insuco-presented-its-experience-regarding-social-compliance-and-project-management-to-the-madagascar-chamber-of-mines\/\">Insuco presented its experience regarding social compliance and project management to the Madagascar Chamber of Mines<\/a>\n\t\t\t\t\t\t\t\t\t\t\t<\/h2>\n\t\t\t\t\n\t\t\t\t\t<p class=\"post-meta\"><span class=\"published\">Oct 2019<\/span><\/p><div class=\"post-content\"><div class=\"post-content-inner\"><p>We were very happy to welcome members of the Madagascar Chamber of Mines &#8230;<\/p>\n<\/div><\/div>\t\t\t\n\t\t\t<\/article>\n\t\t\t\t\n\t\t\t<article id=\"post-24423\" class=\"et_pb_post clearfix et_pb_blog_item_1_189 post-24423 post type-post status-publish format-standard has-post-thumbnail hentry category-on-the-front-page tag-anciens-articles-avec-builder-en\">\n\n\t\t\t\t<div class=\"et_pb_image_container\"><a href=\"https:\/\/www.insuco.com\/en\/iinsuco-participated-in-the-sustainable-mining-2019-international-congress\/\" class=\"entry-featured-image-url\"><img loading=\"lazy\" decoding=\"async\" src=\"https:\/\/www.insuco.com\/wp-content\/uploads\/2019\/10\/sustainablemining1-400x250.jpg\" alt=\"Insuco participated in the Sustainable Mining 2019 International Congress\" class=\"\" srcset=\"https:\/\/www.insuco.com\/wp-content\/uploads\/2019\/10\/sustainablemining1.jpg 479w, https:\/\/www.insuco.com\/wp-content\/uploads\/2019\/10\/sustainablemining1-400x250.jpg 480w \" sizes=\"(max-width:479px) 479px, 100vw \"  width=\"400\" height=\"250\" \/><\/a><\/div>\n\t\t\t\t\t\t\t\t\t\t\t\t\t\t<h2 class=\"entry-title\">\n\t\t\t\t\t\t\t\t\t\t\t\t\t<a href=\"https:\/\/www.insuco.com\/en\/iinsuco-participated-in-the-sustainable-mining-2019-international-congress\/\">Insuco participated in the Sustainable Mining 2019 International Congress<\/a>\n\t\t\t\t\t\t\t\t\t\t\t<\/h2>\n\t\t\t\t\n\t\t\t\t\t<p class=\"post-meta\"><span class=\"published\">Oct 2019<\/span><\/p><div class=\"post-content\"><div class=\"post-content-inner\"><p>We were very pleased to participate in the Sustainable Mining 2019 International Congress &#8230;<\/p>\n<\/div><\/div>\t\t\t\n\t\t\t<\/article>\n\t\t\t\t\n\t\t\t<article id=\"post-24373\" class=\"et_pb_post clearfix et_pb_blog_item_1_190 post-24373 post type-post status-publish format-standard has-post-thumbnail hentry category-news-from-insuco tag-anciens-articles-avec-builder-en\">\n\n\t\t\t\t<div class=\"et_pb_image_container\"><a href=\"https:\/\/www.insuco.com\/en\/insuco-participated-in-the-22nd-session-of-the-international-annual-conference-organised-by-the-international-francophone-secretariat-for-environmental-assessment-sifee-in-cotonou-benin\/\" class=\"entry-featured-image-url\"><img loading=\"lazy\" decoding=\"async\" src=\"https:\/\/www.insuco.com\/wp-content\/uploads\/2019\/09\/photo1retouchesinternet-400x250.jpg\" alt=\"Insuco participated in the 22nd session of the international annual conference organised by the International Francophone Secretariat for Environmental Assessment (SIFEE) in Cotonou, Benin\" class=\"\" srcset=\"https:\/\/www.insuco.com\/wp-content\/uploads\/2019\/09\/photo1retouchesinternet.jpg 479w, https:\/\/www.insuco.com\/wp-content\/uploads\/2019\/09\/photo1retouchesinternet-400x250.jpg 480w \" sizes=\"(max-width:479px) 479px, 100vw \"  width=\"400\" height=\"250\" \/><\/a><\/div>\n\t\t\t\t\t\t\t\t\t\t\t\t\t\t<h2 class=\"entry-title\">\n\t\t\t\t\t\t\t\t\t\t\t\t\t<a href=\"https:\/\/www.insuco.com\/en\/insuco-participated-in-the-22nd-session-of-the-international-annual-conference-organised-by-the-international-francophone-secretariat-for-environmental-assessment-sifee-in-cotonou-benin\/\">Insuco participated in the 22nd session of the international annual conference organised by the International Francophone Secretariat for Environmental Assessment (SIFEE) in Cotonou, Benin<\/a>\n\t\t\t\t\t\t\t\t\t\t\t<\/h2>\n\t\t\t\t\n\t\t\t\t\t<p class=\"post-meta\"><span class=\"published\">Sep 2019<\/span><\/p><div class=\"post-content\"><div class=\"post-content-inner\"><p>The Insuco team had the great honor to be part of the 22nd international annual conference organized by the SIFEE&#8230;<\/p>\n<\/div><\/div>\t\t\t\n\t\t\t<\/article>\n\t\t\t\t\n\t\t\t<article id=\"post-24323\" class=\"et_pb_post clearfix et_pb_blog_item_1_191 post-24323 post type-post status-publish format-standard has-post-thumbnail hentry category-news-from-insuco tag-anciens-articles-avec-builder-en\">\n\n\t\t\t\t<div class=\"et_pb_image_container\"><a href=\"https:\/\/www.insuco.com\/en\/insuco-participated-in-the-2019-annual-conference-of-the-igu-commission-on-geography-of-governance-in-praia-cape-verde\/\" class=\"entry-featured-image-url\"><img loading=\"lazy\" decoding=\"async\" src=\"https:\/\/www.insuco.com\/wp-content\/uploads\/2019\/09\/photoweb-400x250.jpg\" alt=\"Insuco participated in the 2019 annual conference of the IGU Commission on Geography of Governance in Praia, Cape Verde\" class=\"\" srcset=\"https:\/\/www.insuco.com\/wp-content\/uploads\/2019\/09\/photoweb.jpg 479w, https:\/\/www.insuco.com\/wp-content\/uploads\/2019\/09\/photoweb-400x250.jpg 480w \" sizes=\"(max-width:479px) 479px, 100vw \"  width=\"400\" height=\"250\" \/><\/a><\/div>\n\t\t\t\t\t\t\t\t\t\t\t\t\t\t<h2 class=\"entry-title\">\n\t\t\t\t\t\t\t\t\t\t\t\t\t<a href=\"https:\/\/www.insuco.com\/en\/insuco-participated-in-the-2019-annual-conference-of-the-igu-commission-on-geography-of-governance-in-praia-cape-verde\/\">Insuco participated in the 2019 annual conference of the IGU Commission on Geography of Governance in Praia, Cape Verde<\/a>\n\t\t\t\t\t\t\t\t\t\t\t<\/h2>\n\t\t\t\t\n\t\t\t\t\t<p class=\"post-meta\"><span class=\"published\">Sep 2019<\/span><\/p><div class=\"post-content\"><div class=\"post-content-inner\"><p>We were honoured and very happy to participate in the 2019 annual conference of the IGU Commission on Geography of Governance&#8230;<\/p>\n<\/div><\/div>\t\t\t\n\t\t\t<\/article>\n\t\t\t\t\n\t\t\t<article id=\"post-22793\" class=\"et_pb_post clearfix et_pb_blog_item_1_192 post-22793 post type-post status-publish format-standard has-post-thumbnail hentry category-news-from-insuco tag-anciens-articles-avec-builder-en\">\n\n\t\t\t\t<div class=\"et_pb_image_container\"><a href=\"https:\/\/www.insuco.com\/en\/insuco-and-fao-djibouti-co-organised-a-workshop-to-present-a-study-focusing-on-the-djibouti-agricultural-sector\/\" class=\"entry-featured-image-url\"><img loading=\"lazy\" decoding=\"async\" src=\"https:\/\/www.insuco.com\/wp-content\/uploads\/2019\/08\/Insuco-FAO-Djibouti-3-400x250.jpg\" alt=\"Insuco and FAO Djibouti co-organised a workshop to present a study focusing on the Djibouti agricultural sector\" class=\"\" srcset=\"https:\/\/www.insuco.com\/wp-content\/uploads\/2019\/08\/Insuco-FAO-Djibouti-3.jpg 479w, https:\/\/www.insuco.com\/wp-content\/uploads\/2019\/08\/Insuco-FAO-Djibouti-3-400x250.jpg 480w \" sizes=\"(max-width:479px) 479px, 100vw \"  width=\"400\" height=\"250\" \/><\/a><\/div>\n\t\t\t\t\t\t\t\t\t\t\t\t\t\t<h2 class=\"entry-title\">\n\t\t\t\t\t\t\t\t\t\t\t\t\t<a href=\"https:\/\/www.insuco.com\/en\/insuco-and-fao-djibouti-co-organised-a-workshop-to-present-a-study-focusing-on-the-djibouti-agricultural-sector\/\">Insuco and FAO Djibouti co-organised a workshop to present a study focusing on the Djibouti agricultural sector<\/a>\n\t\t\t\t\t\t\t\t\t\t\t<\/h2>\n\t\t\t\t\n\t\t\t\t\t<p class=\"post-meta\"><span class=\"published\">Jul 2019<\/span><\/p><div class=\"post-content\"><div class=\"post-content-inner\"><p>We are pleased to have organised with the FAO Djibouti a conference to present the results of a study we implemented across the five regions of the country&#8230;<\/p>\n<\/div><\/div>\t\t\t\n\t\t\t<\/article>\n\t\t\t\t\n\t\t\t<article id=\"post-22758\" class=\"et_pb_post clearfix et_pb_blog_item_1_193 post-22758 post type-post status-publish format-standard has-post-thumbnail hentry category-news-from-insuco tag-anciens-articles-avec-builder-en\">\n\n\t\t\t\t<div class=\"et_pb_image_container\"><a href=\"https:\/\/www.insuco.com\/en\/insuco-participated-in-a-workshop-about-the-obtention-of-the-social-license-to-operate-for-large-investments-in-madagascar\/\" class=\"entry-featured-image-url\"><img loading=\"lazy\" decoding=\"async\" src=\"https:\/\/www.insuco.com\/wp-content\/uploads\/2019\/08\/1562241190301-400x250.jpeg\" alt=\"Insuco participated in a workshop about the obtention of the social license to operate for large investments in Madagascar\" class=\"\" srcset=\"https:\/\/www.insuco.com\/wp-content\/uploads\/2019\/08\/1562241190301.jpeg 479w, https:\/\/www.insuco.com\/wp-content\/uploads\/2019\/08\/1562241190301-400x250.jpeg 480w \" sizes=\"(max-width:479px) 479px, 100vw \"  width=\"400\" height=\"250\" \/><\/a><\/div>\n\t\t\t\t\t\t\t\t\t\t\t\t\t\t<h2 class=\"entry-title\">\n\t\t\t\t\t\t\t\t\t\t\t\t\t<a href=\"https:\/\/www.insuco.com\/en\/insuco-participated-in-a-workshop-about-the-obtention-of-the-social-license-to-operate-for-large-investments-in-madagascar\/\">Insuco participated in a workshop about the obtention of the social license to operate for large investments in Madagascar<\/a>\n\t\t\t\t\t\t\t\t\t\t\t<\/h2>\n\t\t\t\t\n\t\t\t\t\t<p class=\"post-meta\"><span class=\"published\">Jul 2019<\/span><\/p><div class=\"post-content\"><div class=\"post-content-inner\"><p>We were very happy to participate in the workshop \u201cSocial license to operate for large investments in Madagascar\u201d..<\/p>\n<\/div><\/div>\t\t\t\n\t\t\t<\/article>\n\t\t\t\t\n\t\t\t<article id=\"post-22730\" class=\"et_pb_post clearfix et_pb_blog_item_1_194 post-22730 post type-post status-publish format-standard has-post-thumbnail hentry category-news-from-insuco tag-anciens-articles-avec-builder-en\">\n\n\t\t\t\t<div class=\"et_pb_image_container\"><a href=\"https:\/\/www.insuco.com\/en\/insuco-organised-a-conference-about-guinea-social-organisation\/\" class=\"entry-featured-image-url\"><img loading=\"lazy\" decoding=\"async\" src=\"https:\/\/www.insuco.com\/wp-content\/uploads\/2019\/08\/Insuco-Guinea-CCFG-conference-02-400x250.jpg\" alt=\"Insuco organised a conference about Guinea social organisation\" class=\"\" srcset=\"https:\/\/www.insuco.com\/wp-content\/uploads\/2019\/08\/Insuco-Guinea-CCFG-conference-02.jpg 479w, https:\/\/www.insuco.com\/wp-content\/uploads\/2019\/08\/Insuco-Guinea-CCFG-conference-02-400x250.jpg 480w \" sizes=\"(max-width:479px) 479px, 100vw \"  width=\"400\" height=\"250\" \/><\/a><\/div>\n\t\t\t\t\t\t\t\t\t\t\t\t\t\t<h2 class=\"entry-title\">\n\t\t\t\t\t\t\t\t\t\t\t\t\t<a href=\"https:\/\/www.insuco.com\/en\/insuco-organised-a-conference-about-guinea-social-organisation\/\">Insuco organised a conference about Guinea social organisation<\/a>\n\t\t\t\t\t\t\t\t\t\t\t<\/h2>\n\t\t\t\t\n\t\t\t\t\t<p class=\"post-meta\"><span class=\"published\">Jun 2019<\/span><\/p><div class=\"post-content\"><div class=\"post-content-inner\"><p>We organised a conference on the 25th of June 2019 in Conakry, in collaboration with the French-Guinean Cultural Centre (CCFG)&#8230;<\/p>\n<\/div><\/div>\t\t\t\n\t\t\t<\/article>\n\t\t\t\t\n\t\t\t<article id=\"post-22671\" class=\"et_pb_post clearfix et_pb_blog_item_1_195 post-22671 post type-post status-publish format-standard has-post-thumbnail hentry category-news-from-insuco tag-anciens-articles-avec-builder-en\">\n\n\t\t\t\t<div class=\"et_pb_image_container\"><a href=\"https:\/\/www.insuco.com\/en\/insuco-participated-in-an-event-focusing-on-the-hotel-industry-and-sustainable-development-in-africa\/\" class=\"entry-featured-image-url\"><img loading=\"lazy\" decoding=\"async\" src=\"https:\/\/www.insuco.com\/wp-content\/uploads\/2019\/08\/Proparco-Hotelerie-Durable-01-400x250.jpg\" alt=\"Insuco participated in an event focusing on the hotel industry and sustainable development in Africa\" class=\"\" srcset=\"https:\/\/www.insuco.com\/wp-content\/uploads\/2019\/08\/Proparco-Hotelerie-Durable-01.jpg 479w, https:\/\/www.insuco.com\/wp-content\/uploads\/2019\/08\/Proparco-Hotelerie-Durable-01-400x250.jpg 480w \" sizes=\"(max-width:479px) 479px, 100vw \"  width=\"400\" height=\"250\" \/><\/a><\/div>\n\t\t\t\t\t\t\t\t\t\t\t\t\t\t<h2 class=\"entry-title\">\n\t\t\t\t\t\t\t\t\t\t\t\t\t<a href=\"https:\/\/www.insuco.com\/en\/insuco-participated-in-an-event-focusing-on-the-hotel-industry-and-sustainable-development-in-africa\/\">Insuco participated in an event focusing on the hotel industry and sustainable development in Africa<\/a>\n\t\t\t\t\t\t\t\t\t\t\t<\/h2>\n\t\t\t\t\n\t\t\t\t\t<p class=\"post-meta\"><span class=\"published\">Jun 2019<\/span><\/p><div class=\"post-content\"><div class=\"post-content-inner\"><p>We were very happy to participate in the event organised by Proparco about the hotel industry and sustainable development in Africa&#8230;<\/p>\n<\/div><\/div>\t\t\t\n\t\t\t<\/article>\n\t\t\t\t\n\t\t\t<article id=\"post-17126\" class=\"et_pb_post clearfix et_pb_blog_item_1_196 post-17126 post type-post status-publish format-standard has-post-thumbnail hentry category-news-from-insuco tag-anciens-articles-avec-builder-en\">\n\n\t\t\t\t<div class=\"et_pb_image_container\"><a href=\"https:\/\/www.insuco.com\/en\/insuco-facilitated-a-training-session-in-colombia-about-territorial-development\/\" class=\"entry-featured-image-url\"><img loading=\"lazy\" decoding=\"async\" src=\"https:\/\/www.insuco.com\/wp-content\/uploads\/2019\/05\/insuco-manizales-territorial-development-400x250.jpg\" alt=\"Insuco facilitated a training session in Colombia about territorial development\" class=\"\" srcset=\"https:\/\/www.insuco.com\/wp-content\/uploads\/2019\/05\/insuco-manizales-territorial-development.jpg 479w, https:\/\/www.insuco.com\/wp-content\/uploads\/2019\/05\/insuco-manizales-territorial-development-400x250.jpg 480w \" sizes=\"(max-width:479px) 479px, 100vw \"  width=\"400\" height=\"250\" \/><\/a><\/div>\n\t\t\t\t\t\t\t\t\t\t\t\t\t\t<h2 class=\"entry-title\">\n\t\t\t\t\t\t\t\t\t\t\t\t\t<a href=\"https:\/\/www.insuco.com\/en\/insuco-facilitated-a-training-session-in-colombia-about-territorial-development\/\">Insuco facilitated a training session in Colombia about territorial development<\/a>\n\t\t\t\t\t\t\t\t\t\t\t<\/h2>\n\t\t\t\t\n\t\t\t\t\t<p class=\"post-meta\"><span class=\"published\">May 2019<\/span><\/p><div class=\"post-content\"><div class=\"post-content-inner\"><p>Guill\u00e9n Calvo (Insuco General Manager for Latin America), was one of the speakers in the training organised by Vivo Cuenca Corporation&#8230;<\/p>\n<\/div><\/div>\t\t\t\n\t\t\t<\/article>\n\t\t\t\t\n\t\t\t<article id=\"post-17134\" class=\"et_pb_post clearfix et_pb_blog_item_1_197 post-17134 post type-post status-publish format-standard has-post-thumbnail hentry category-news-from-insuco tag-anciens-articles-avec-builder-en\">\n\n\t\t\t\t<div class=\"et_pb_image_container\"><a href=\"https:\/\/www.insuco.com\/en\/insuco-participated-in-the-national-mining-congress-in-colombia\/\" class=\"entry-featured-image-url\"><img loading=\"lazy\" decoding=\"async\" src=\"https:\/\/www.insuco.com\/wp-content\/uploads\/2019\/06\/201905_Insuco-Congreso-Mineria-01-400x250.jpg\" alt=\"Insuco participated in the National Mining Congress in Colombia\" class=\"\" srcset=\"https:\/\/www.insuco.com\/wp-content\/uploads\/2019\/06\/201905_Insuco-Congreso-Mineria-01.jpg 479w, https:\/\/www.insuco.com\/wp-content\/uploads\/2019\/06\/201905_Insuco-Congreso-Mineria-01-400x250.jpg 480w \" sizes=\"(max-width:479px) 479px, 100vw \"  width=\"400\" height=\"250\" \/><\/a><\/div>\n\t\t\t\t\t\t\t\t\t\t\t\t\t\t<h2 class=\"entry-title\">\n\t\t\t\t\t\t\t\t\t\t\t\t\t<a href=\"https:\/\/www.insuco.com\/en\/insuco-participated-in-the-national-mining-congress-in-colombia\/\">Insuco participated in the National Mining Congress in Colombia<\/a>\n\t\t\t\t\t\t\t\t\t\t\t<\/h2>\n\t\t\t\t\n\t\t\t\t\t<p class=\"post-meta\"><span class=\"published\">May 2019<\/span><\/p><div class=\"post-content\"><div class=\"post-content-inner\"><p>Guill\u00e9n Calvo (Insuco General Manager for Latin America) participated in the National Mining Congress, that was held from 09 to 10 May 2019&#8230;<\/p>\n<\/div><\/div>\t\t\t\n\t\t\t<\/article>\n\t\t\t\t\n\t\t\t<article id=\"post-17136\" class=\"et_pb_post clearfix et_pb_blog_item_1_198 post-17136 post type-post status-publish format-standard has-post-thumbnail hentry category-news-from-insuco tag-anciens-articles-avec-builder-en\">\n\n\t\t\t\t<div class=\"et_pb_image_container\"><a href=\"https:\/\/www.insuco.com\/en\/guillen-calvo-participated-in-the-graduation-ceremony-of-a-programme-to-strengthen-young-people-capacities-in-los-encuentros\/\" class=\"entry-featured-image-url\"><img loading=\"lazy\" decoding=\"async\" src=\"https:\/\/www.insuco.com\/wp-content\/uploads\/2019\/06\/201904_Insuco-Liderar-Ford-Young-Programme-400x250.jpg\" alt=\"Guill\u00e9n Calvo participated in the graduation ceremony of a programme to strengthen young people capacities in Los Encuentros\" class=\"\" srcset=\"https:\/\/www.insuco.com\/wp-content\/uploads\/2019\/06\/201904_Insuco-Liderar-Ford-Young-Programme.jpg 479w, https:\/\/www.insuco.com\/wp-content\/uploads\/2019\/06\/201904_Insuco-Liderar-Ford-Young-Programme-400x250.jpg 480w \" sizes=\"(max-width:479px) 479px, 100vw \"  width=\"400\" height=\"250\" \/><\/a><\/div>\n\t\t\t\t\t\t\t\t\t\t\t\t\t\t<h2 class=\"entry-title\">\n\t\t\t\t\t\t\t\t\t\t\t\t\t<a href=\"https:\/\/www.insuco.com\/en\/guillen-calvo-participated-in-the-graduation-ceremony-of-a-programme-to-strengthen-young-people-capacities-in-los-encuentros\/\">Guill\u00e9n Calvo participated in the graduation ceremony of a programme to strengthen young people capacities in Los Encuentros<\/a>\n\t\t\t\t\t\t\t\t\t\t\t<\/h2>\n\t\t\t\t\n\t\t\t\t\t<p class=\"post-meta\"><span class=\"published\">Apr 2019<\/span><\/p><div class=\"post-content\"><div class=\"post-content-inner\"><p>We are proud to have contributed to supporting the young people of Los Encuentros, Ecuador, together with Liderar, Ford Foundation and Lundin Gold&#8230;<\/p>\n<\/div><\/div>\t\t\t\n\t\t\t<\/article>\n\t\t\t\t\n\t\t\t<article id=\"post-17145\" class=\"et_pb_post clearfix et_pb_blog_item_1_199 post-17145 post type-post status-publish format-standard has-post-thumbnail hentry category-news-from-insuco\">\n\n\t\t\t\t<div class=\"et_pb_image_container\"><a href=\"https:\/\/www.insuco.com\/en\/insuco-participated-in-the-6th-guinea-mining-symposium\/\" class=\"entry-featured-image-url\"><img loading=\"lazy\" decoding=\"async\" src=\"https:\/\/www.insuco.com\/wp-content\/uploads\/2019\/06\/201904_Insuco-SMG-Guinee-03-400x250.jpg\" alt=\"Insuco participated in the 6th Guinea Mining Symposium\" class=\"\" srcset=\"https:\/\/www.insuco.com\/wp-content\/uploads\/2019\/06\/201904_Insuco-SMG-Guinee-03.jpg 479w, https:\/\/www.insuco.com\/wp-content\/uploads\/2019\/06\/201904_Insuco-SMG-Guinee-03-400x250.jpg 480w \" sizes=\"(max-width:479px) 479px, 100vw \"  width=\"400\" height=\"250\" \/><\/a><\/div>\n\t\t\t\t\t\t\t\t\t\t\t\t\t\t<h2 class=\"entry-title\">\n\t\t\t\t\t\t\t\t\t\t\t\t\t<a href=\"https:\/\/www.insuco.com\/en\/insuco-participated-in-the-6th-guinea-mining-symposium\/\">Insuco participated in the 6th Guinea Mining Symposium<\/a>\n\t\t\t\t\t\t\t\t\t\t\t<\/h2>\n\t\t\t\t\n\t\t\t\t\t<p class=\"post-meta\"><span class=\"published\">Apr 2019<\/span><\/p><div class=\"post-content\"><div class=\"post-content-inner\"><p>We are honoured to have participated in the 6th Guinea Mining Symposium, organised by the Ministry of Mines &#038; Geology and AME Trade&#8230;<\/p>\n<\/div><\/div>\t\t\t\n\t\t\t<\/article>\n\t\t\t\t\n\t\t\t<article id=\"post-17147\" class=\"et_pb_post clearfix et_pb_blog_item_1_200 post-17147 post type-post status-publish format-standard has-post-thumbnail hentry category-news-from-insuco\">\n\n\t\t\t\t<div class=\"et_pb_image_container\"><a href=\"https:\/\/www.insuco.com\/en\/insuco-colombia-co-organised-a-workshop-with-the-canadian-embassy-and-borealis\/\" class=\"entry-featured-image-url\"><img loading=\"lazy\" decoding=\"async\" src=\"https:\/\/www.insuco.com\/wp-content\/uploads\/2019\/06\/201903_insuco-PQR-business-conduct-01-400x250.jpg\" alt=\"Insuco Colombia co-organised a workshop with the Canadian Embassy and Bor\u00e9alis\" class=\"\" srcset=\"https:\/\/www.insuco.com\/wp-content\/uploads\/2019\/06\/201903_insuco-PQR-business-conduct-01.jpg 479w, https:\/\/www.insuco.com\/wp-content\/uploads\/2019\/06\/201903_insuco-PQR-business-conduct-01-400x250.jpg 480w \" sizes=\"(max-width:479px) 479px, 100vw \"  width=\"400\" height=\"250\" \/><\/a><\/div>\n\t\t\t\t\t\t\t\t\t\t\t\t\t\t<h2 class=\"entry-title\">\n\t\t\t\t\t\t\t\t\t\t\t\t\t<a href=\"https:\/\/www.insuco.com\/en\/insuco-colombia-co-organised-a-workshop-with-the-canadian-embassy-and-borealis\/\">Insuco Colombia co-organised a workshop with the Canadian Embassy and Bor\u00e9alis<\/a>\n\t\t\t\t\t\t\t\t\t\t\t<\/h2>\n\t\t\t\t\n\t\t\t\t\t<p class=\"post-meta\"><span class=\"published\">Mar 2019<\/span><\/p><div class=\"post-content\"><div class=\"post-content-inner\"><p>Our Colombian office co-organised on the 29th of March 2019 a workshop together with the Canadian Embassy and Bor\u00e9alis&#8230;<\/p>\n<\/div><\/div>\t\t\t\n\t\t\t<\/article>\n\t\t\t\t\n\t\t\t<article id=\"post-17152\" class=\"et_pb_post clearfix et_pb_blog_item_1_201 post-17152 post type-post status-publish format-standard has-post-thumbnail hentry category-news-from-insuco\">\n\n\t\t\t\t<div class=\"et_pb_image_container\"><a href=\"https:\/\/www.insuco.com\/en\/insuco-at-pdac-2019\/\" class=\"entry-featured-image-url\"><img loading=\"lazy\" decoding=\"async\" src=\"https:\/\/www.insuco.com\/wp-content\/uploads\/2019\/06\/201903_Insuco-PDAC-01-400x250.jpg\" alt=\"Insuco at PDAC 2019\" class=\"\" srcset=\"https:\/\/www.insuco.com\/wp-content\/uploads\/2019\/06\/201903_Insuco-PDAC-01.jpg 479w, https:\/\/www.insuco.com\/wp-content\/uploads\/2019\/06\/201903_Insuco-PDAC-01-400x250.jpg 480w \" sizes=\"(max-width:479px) 479px, 100vw \"  width=\"400\" height=\"250\" \/><\/a><\/div>\n\t\t\t\t\t\t\t\t\t\t\t\t\t\t<h2 class=\"entry-title\">\n\t\t\t\t\t\t\t\t\t\t\t\t\t<a href=\"https:\/\/www.insuco.com\/en\/insuco-at-pdac-2019\/\">Insuco at PDAC 2019<\/a>\n\t\t\t\t\t\t\t\t\t\t\t<\/h2>\n\t\t\t\t\n\t\t\t\t\t<p class=\"post-meta\"><span class=\"published\">Mar 2019<\/span><\/p><div class=\"post-content\"><div class=\"post-content-inner\"><p>Guill\u00e9n Calvo (Insuco General Manager for Latin America) represented Insuco at PDAC 2019, that was held&#8230;<\/p>\n<\/div><\/div>\t\t\t\n\t\t\t<\/article>\n\t\t\t\t\n\t\t\t<article id=\"post-17154\" class=\"et_pb_post clearfix et_pb_blog_item_1_202 post-17154 post type-post status-publish format-standard has-post-thumbnail hentry category-news-from-insuco tag-anciens-articles-avec-builder-en\">\n\n\t\t\t\t<div class=\"et_pb_image_container\"><a href=\"https:\/\/www.insuco.com\/en\/insuco-guinea-participated-in-a-public-debate-regarding-resettlement-processes\/\" class=\"entry-featured-image-url\"><img loading=\"lazy\" decoding=\"async\" src=\"https:\/\/www.insuco.com\/wp-content\/uploads\/2019\/06\/201902_Debat-public-Guinee-400x250.jpg\" alt=\"Insuco Guinea participated in a public debate regarding resettlement processes\" class=\"\" srcset=\"https:\/\/www.insuco.com\/wp-content\/uploads\/2019\/06\/201902_Debat-public-Guinee.jpg 479w, https:\/\/www.insuco.com\/wp-content\/uploads\/2019\/06\/201902_Debat-public-Guinee-400x250.jpg 480w \" sizes=\"(max-width:479px) 479px, 100vw \"  width=\"400\" height=\"250\" \/><\/a><\/div>\n\t\t\t\t\t\t\t\t\t\t\t\t\t\t<h2 class=\"entry-title\">\n\t\t\t\t\t\t\t\t\t\t\t\t\t<a href=\"https:\/\/www.insuco.com\/en\/insuco-guinea-participated-in-a-public-debate-regarding-resettlement-processes\/\">Insuco Guinea participated in a public debate regarding resettlement processes<\/a>\n\t\t\t\t\t\t\t\t\t\t\t<\/h2>\n\t\t\t\t\n\t\t\t\t\t<p class=\"post-meta\"><span class=\"published\">Feb 2019<\/span><\/p><div class=\"post-content\"><div class=\"post-content-inner\"><p>Insuco Guinea participated on the 07th of February 2019 in a public debate organised by the collective of civil society organisations&#8230;<\/p>\n<\/div><\/div>\t\t\t\n\t\t\t<\/article>\n\t\t\t\t\n\t\t\t<article id=\"post-17156\" class=\"et_pb_post clearfix et_pb_blog_item_1_203 post-17156 post type-post status-publish format-standard has-post-thumbnail hentry category-news-from-insuco tag-anciens-articles-avec-builder-en\">\n\n\t\t\t\t<div class=\"et_pb_image_container\"><a href=\"https:\/\/www.insuco.com\/en\/ifsra-co-organised-a-workshop-together-with-the-inss\/\" class=\"entry-featured-image-url\"><img loading=\"lazy\" decoding=\"async\" src=\"https:\/\/www.insuco.com\/wp-content\/uploads\/2019\/06\/201902_IFSRA-Insuco-Mining-INSS-400x250.jpg\" alt=\"IFSRA co-organised a workshop together with the INSS\" class=\"\" srcset=\"https:\/\/www.insuco.com\/wp-content\/uploads\/2019\/06\/201902_IFSRA-Insuco-Mining-INSS.jpg 479w, https:\/\/www.insuco.com\/wp-content\/uploads\/2019\/06\/201902_IFSRA-Insuco-Mining-INSS-400x250.jpg 480w \" sizes=\"(max-width:479px) 479px, 100vw \"  width=\"400\" height=\"250\" \/><\/a><\/div>\n\t\t\t\t\t\t\t\t\t\t\t\t\t\t<h2 class=\"entry-title\">\n\t\t\t\t\t\t\t\t\t\t\t\t\t<a href=\"https:\/\/www.insuco.com\/en\/ifsra-co-organised-a-workshop-together-with-the-inss\/\">IFSRA co-organised a workshop together with the INSS<\/a>\n\t\t\t\t\t\t\t\t\t\t\t<\/h2>\n\t\t\t\t\n\t\t\t\t\t<p class=\"post-meta\"><span class=\"published\">Feb 2019<\/span><\/p><div class=\"post-content\"><div class=\"post-content-inner\"><p>Our team from IFSRA (Institute For Social Research in Africa) co-organised on the 14th of February 2019 a workshop&#8230;<\/p>\n<\/div><\/div>\t\t\t\n\t\t\t<\/article>\n\t\t\t\t\n\t\t\t<article id=\"post-17167\" class=\"et_pb_post clearfix et_pb_blog_item_1_204 post-17167 post type-post status-publish format-standard has-post-thumbnail hentry category-news-from-insuco tag-anciens-articles-avec-builder-en\">\n\n\t\t\t\t<div class=\"et_pb_image_container\"><a href=\"https:\/\/www.insuco.com\/en\/the-teams-of-our-offices-in-africa-gathered-in-ouagadougou\/\" class=\"entry-featured-image-url\"><img loading=\"lazy\" decoding=\"async\" src=\"https:\/\/www.insuco.com\/wp-content\/uploads\/2019\/06\/201902_insuco-sustainability-seminar-africa-400x250.jpg\" alt=\"The teams of our offices in Africa gathered in Ouagadougou\" class=\"\" srcset=\"https:\/\/www.insuco.com\/wp-content\/uploads\/2019\/06\/201902_insuco-sustainability-seminar-africa.jpg 479w, https:\/\/www.insuco.com\/wp-content\/uploads\/2019\/06\/201902_insuco-sustainability-seminar-africa-400x250.jpg 480w \" sizes=\"(max-width:479px) 479px, 100vw \"  width=\"400\" height=\"250\" \/><\/a><\/div>\n\t\t\t\t\t\t\t\t\t\t\t\t\t\t<h2 class=\"entry-title\">\n\t\t\t\t\t\t\t\t\t\t\t\t\t<a href=\"https:\/\/www.insuco.com\/en\/the-teams-of-our-offices-in-africa-gathered-in-ouagadougou\/\">The teams of our offices in Africa gathered in Ouagadougou<\/a>\n\t\t\t\t\t\t\t\t\t\t\t<\/h2>\n\t\t\t\t\n\t\t\t\t\t<p class=\"post-meta\"><span class=\"published\">Feb 2019<\/span><\/p><div class=\"post-content\"><div class=\"post-content-inner\"><p>The teams of our different offices in Africa (Guinea, Burkina Faso, Djibouti, Madagascar) were brought together for a one-week working&#8230;<\/p>\n<\/div><\/div>\t\t\t\n\t\t\t<\/article>\n\t\t\t\t\n\t\t\t<article id=\"post-17169\" class=\"et_pb_post clearfix et_pb_blog_item_1_205 post-17169 post type-post status-publish format-standard has-post-thumbnail hentry category-news-from-insuco tag-anciens-articles-avec-builder-en\">\n\n\t\t\t\t<div class=\"et_pb_image_container\"><a href=\"https:\/\/www.insuco.com\/en\/insuco-latin-america-organised-a-workshop-about-territorial-dialogue\/\" class=\"entry-featured-image-url\"><img loading=\"lazy\" decoding=\"async\" src=\"https:\/\/www.insuco.com\/wp-content\/uploads\/2019\/06\/201811_Insuco-workshop-territorial-dialogue-1-400x250.jpg\" alt=\"Insuco Latin America organised a workshop about territorial dialogue\" class=\"\" srcset=\"https:\/\/www.insuco.com\/wp-content\/uploads\/2019\/06\/201811_Insuco-workshop-territorial-dialogue-1.jpg 479w, https:\/\/www.insuco.com\/wp-content\/uploads\/2019\/06\/201811_Insuco-workshop-territorial-dialogue-1-400x250.jpg 480w \" sizes=\"(max-width:479px) 479px, 100vw \"  width=\"400\" height=\"250\" \/><\/a><\/div>\n\t\t\t\t\t\t\t\t\t\t\t\t\t\t<h2 class=\"entry-title\">\n\t\t\t\t\t\t\t\t\t\t\t\t\t<a href=\"https:\/\/www.insuco.com\/en\/insuco-latin-america-organised-a-workshop-about-territorial-dialogue\/\">Insuco Latin America organised a workshop about territorial dialogue<\/a>\n\t\t\t\t\t\t\t\t\t\t\t<\/h2>\n\t\t\t\t\n\t\t\t\t\t<p class=\"post-meta\"><span class=\"published\">Nov 2018<\/span><\/p><div class=\"post-content\"><div class=\"post-content-inner\"><p>Our teams from Colombia and Ecuador co-organised on the 13th of November 2018 a workshop in Bogot\u00e1, to discuss challenges&#8230;<\/p>\n<\/div><\/div>\t\t\t\n\t\t\t<\/article>\n\t\t\t\t\n\t\t\t<article id=\"post-17176\" class=\"et_pb_post clearfix et_pb_blog_item_1_206 post-17176 post type-post status-publish format-standard has-post-thumbnail hentry category-news-from-insuco tag-anciens-articles-avec-builder-en\">\n\n\t\t\t\t<div class=\"et_pb_image_container\"><a href=\"https:\/\/www.insuco.com\/en\/insuco-colombia-participated-in-a-workshop-about-territorial-development-and-cultural-identity\/\" class=\"entry-featured-image-url\"><img loading=\"lazy\" decoding=\"async\" src=\"https:\/\/www.insuco.com\/wp-content\/uploads\/2019\/06\/201811_insuco-territorios-desarrollo-biocultural-400x250.jpg\" alt=\"Insuco Colombia participated in a workshop about territorial development and cultural identity\" class=\"\" srcset=\"https:\/\/www.insuco.com\/wp-content\/uploads\/2019\/06\/201811_insuco-territorios-desarrollo-biocultural.jpg 479w, https:\/\/www.insuco.com\/wp-content\/uploads\/2019\/06\/201811_insuco-territorios-desarrollo-biocultural-400x250.jpg 480w \" sizes=\"(max-width:479px) 479px, 100vw \"  width=\"400\" height=\"250\" \/><\/a><\/div>\n\t\t\t\t\t\t\t\t\t\t\t\t\t\t<h2 class=\"entry-title\">\n\t\t\t\t\t\t\t\t\t\t\t\t\t<a href=\"https:\/\/www.insuco.com\/en\/insuco-colombia-participated-in-a-workshop-about-territorial-development-and-cultural-identity\/\">Insuco Colombia participated in a workshop about territorial development and cultural identity<\/a>\n\t\t\t\t\t\t\t\t\t\t\t<\/h2>\n\t\t\t\t\n\t\t\t\t\t<p class=\"post-meta\"><span class=\"published\">Nov 2018<\/span><\/p><div class=\"post-content\"><div class=\"post-content-inner\"><p>Our Colombian team participated on the 16th of November 2018 in a workshop between Colombia and Bolivia, focusing on&#8230;<\/p>\n<\/div><\/div>\t\t\t\n\t\t\t<\/article>\n\t\t\t\t\n\t\t\t<article id=\"post-17178\" class=\"et_pb_post clearfix et_pb_blog_item_1_207 post-17178 post type-post status-publish format-standard has-post-thumbnail hentry category-news-from-insuco tag-anciens-articles-avec-builder-en\">\n\n\t\t\t\t<div class=\"et_pb_image_container\"><a href=\"https:\/\/www.insuco.com\/en\/haizea-arratibel-participated-in-the-symposium-sustainability-and-companies\/\" class=\"entry-featured-image-url\"><img loading=\"lazy\" decoding=\"async\" src=\"https:\/\/www.insuco.com\/wp-content\/uploads\/2019\/06\/201810_insuco-socioeconomico-responsabilidad-territorial-corporativa-400x250.jpg\" alt=\"Haizea Arratibel participated in the Symposium Sustainability and Companies\" class=\"\" srcset=\"https:\/\/www.insuco.com\/wp-content\/uploads\/2019\/06\/201810_insuco-socioeconomico-responsabilidad-territorial-corporativa.jpg 479w, https:\/\/www.insuco.com\/wp-content\/uploads\/2019\/06\/201810_insuco-socioeconomico-responsabilidad-territorial-corporativa-400x250.jpg 480w \" sizes=\"(max-width:479px) 479px, 100vw \"  width=\"400\" height=\"250\" \/><\/a><\/div>\n\t\t\t\t\t\t\t\t\t\t\t\t\t\t<h2 class=\"entry-title\">\n\t\t\t\t\t\t\t\t\t\t\t\t\t<a href=\"https:\/\/www.insuco.com\/en\/haizea-arratibel-participated-in-the-symposium-sustainability-and-companies\/\">Haizea Arratibel participated in the Symposium Sustainability and Companies<\/a>\n\t\t\t\t\t\t\t\t\t\t\t<\/h2>\n\t\t\t\t\n\t\t\t\t\t<p class=\"post-meta\"><span class=\"published\">Oct 2018<\/span><\/p><div class=\"post-content\"><div class=\"post-content-inner\"><p>Haizea Arratibel (Project Coordinator for Insuco Colombia) participated on the 11th of October 2018 in the Symposium Sustainability and Companies&#8230;<\/p>\n<\/div><\/div>\t\t\t\n\t\t\t<\/article>\n\t\t\t\t\n\t\t\t<article id=\"post-17180\" class=\"et_pb_post clearfix et_pb_blog_item_1_208 post-17180 post type-post status-publish format-standard has-post-thumbnail hentry category-news-from-insuco tag-anciens-articles-avec-builder-en\">\n\n\t\t\t\t<div class=\"et_pb_image_container\"><a href=\"https:\/\/www.insuco.com\/en\/pascal-rey-and-alizeta-ouedraogo-participated-in-the-conference-tramin2018\/\" class=\"entry-featured-image-url\"><img loading=\"lazy\" decoding=\"async\" src=\"https:\/\/www.insuco.com\/wp-content\/uploads\/2019\/06\/201810_insuco-mines-territoires-social-afrique-400x250.jpg\" alt=\"Pascal Rey and Aliz\u00e8ta Ouedraogo participated in the Conference TRAMIN2018\" class=\"\" srcset=\"https:\/\/www.insuco.com\/wp-content\/uploads\/2019\/06\/201810_insuco-mines-territoires-social-afrique.jpg 479w, https:\/\/www.insuco.com\/wp-content\/uploads\/2019\/06\/201810_insuco-mines-territoires-social-afrique-400x250.jpg 480w \" sizes=\"(max-width:479px) 479px, 100vw \"  width=\"400\" height=\"250\" \/><\/a><\/div>\n\t\t\t\t\t\t\t\t\t\t\t\t\t\t<h2 class=\"entry-title\">\n\t\t\t\t\t\t\t\t\t\t\t\t\t<a href=\"https:\/\/www.insuco.com\/en\/pascal-rey-and-alizeta-ouedraogo-participated-in-the-conference-tramin2018\/\">Pascal Rey and Aliz\u00e8ta Ouedraogo participated in the Conference TRAMIN2018<\/a>\n\t\t\t\t\t\t\t\t\t\t\t<\/h2>\n\t\t\t\t\n\t\t\t\t\t<p class=\"post-meta\"><span class=\"published\">Oct 2018<\/span><\/p><div class=\"post-content\"><div class=\"post-content-inner\"><p>Pascal Rey (CEO of Insuco) and Aliz\u00e8ta Ouedraogo (Project Assistant\/Socio-anthropologist for Insuco Burkina Faso)&#8230;<\/p>\n<\/div><\/div>\t\t\t\n\t\t\t<\/article>\n\t\t\t\t\n\t\t\t<article id=\"post-17191\" class=\"et_pb_post clearfix et_pb_blog_item_1_209 post-17191 post type-post status-publish format-standard has-post-thumbnail hentry category-news-from-insuco tag-anciens-articles-avec-builder-en\">\n\n\t\t\t\t<div class=\"et_pb_image_container\"><a href=\"https:\/\/www.insuco.com\/en\/insuco-colombia-organised-a-round-table-about-socioeconomic-data-management-for-high-impact-projects\/\" class=\"entry-featured-image-url\"><img loading=\"lazy\" decoding=\"async\" src=\"https:\/\/www.insuco.com\/wp-content\/uploads\/2019\/06\/201809_insuco-socioeconomic-data-social-management-400x250.jpg\" alt=\"Insuco Colombia organised a round table about socioeconomic data management for high impact projects\" class=\"\" srcset=\"https:\/\/www.insuco.com\/wp-content\/uploads\/2019\/06\/201809_insuco-socioeconomic-data-social-management.jpg 479w, https:\/\/www.insuco.com\/wp-content\/uploads\/2019\/06\/201809_insuco-socioeconomic-data-social-management-400x250.jpg 480w \" sizes=\"(max-width:479px) 479px, 100vw \"  width=\"400\" height=\"250\" \/><\/a><\/div>\n\t\t\t\t\t\t\t\t\t\t\t\t\t\t<h2 class=\"entry-title\">\n\t\t\t\t\t\t\t\t\t\t\t\t\t<a href=\"https:\/\/www.insuco.com\/en\/insuco-colombia-organised-a-round-table-about-socioeconomic-data-management-for-high-impact-projects\/\">Insuco Colombia organised a round table about socioeconomic data management for high impact projects<\/a>\n\t\t\t\t\t\t\t\t\t\t\t<\/h2>\n\t\t\t\t\n\t\t\t\t\t<p class=\"post-meta\"><span class=\"published\">Sep 2018<\/span><\/p><div class=\"post-content\"><div class=\"post-content-inner\"><p>Our team from Colombia organised a round table on the 11th of September 2018 in Bogot\u00e1, entitled \u201cbenefits and challenges in the management&#8230;<\/p>\n<\/div><\/div>\t\t\t\n\t\t\t<\/article>\n\t\t\t\t\n\t\t\t<article id=\"post-17193\" class=\"et_pb_post clearfix et_pb_blog_item_1_210 post-17193 post type-post status-publish format-standard has-post-thumbnail hentry category-news-from-insuco tag-anciens-articles-avec-builder-en\">\n\n\t\t\t\t<div class=\"et_pb_image_container\"><a href=\"https:\/\/www.insuco.com\/en\/guillen-calvo-participated-in-the-forum-origin-diversity-and-territories\/\" class=\"entry-featured-image-url\"><img loading=\"lazy\" decoding=\"async\" src=\"https:\/\/www.insuco.com\/wp-content\/uploads\/2019\/06\/201809_insuco-origen-diversidad-territorios-extraccion-400x250.jpg\" alt=\"Guill\u00e9n Calvo participated in the Forum Origin, Diversity and Territories\" class=\"\" srcset=\"https:\/\/www.insuco.com\/wp-content\/uploads\/2019\/06\/201809_insuco-origen-diversidad-territorios-extraccion.jpg 479w, https:\/\/www.insuco.com\/wp-content\/uploads\/2019\/06\/201809_insuco-origen-diversidad-territorios-extraccion-400x250.jpg 480w \" sizes=\"(max-width:479px) 479px, 100vw \"  width=\"400\" height=\"250\" \/><\/a><\/div>\n\t\t\t\t\t\t\t\t\t\t\t\t\t\t<h2 class=\"entry-title\">\n\t\t\t\t\t\t\t\t\t\t\t\t\t<a href=\"https:\/\/www.insuco.com\/en\/guillen-calvo-participated-in-the-forum-origin-diversity-and-territories\/\">Guill\u00e9n Calvo participated in the Forum Origin, Diversity and Territories<\/a>\n\t\t\t\t\t\t\t\t\t\t\t<\/h2>\n\t\t\t\t\n\t\t\t\t\t<p class=\"post-meta\"><span class=\"published\">Sep 2018<\/span><\/p><div class=\"post-content\"><div class=\"post-content-inner\"><p>Guill\u00e9n Calvo (Insuco General Manager for Latin America and President of the International NGO Diversity &#038; Development)&#8230;<\/p>\n<\/div><\/div>\t\t\t\n\t\t\t<\/article>\n\t\t\t\t\n\t\t\t<article id=\"post-17200\" class=\"et_pb_post clearfix et_pb_blog_item_1_211 post-17200 post type-post status-publish format-standard has-post-thumbnail hentry category-news-from-insuco tag-anciens-articles-avec-builder-en\">\n\n\t\t\t\t<div class=\"et_pb_image_container\"><a href=\"https:\/\/www.insuco.com\/en\/insuco-ecuador-co-organised-a-workshop-about-innovations-in-social-management\/\" class=\"entry-featured-image-url\"><img loading=\"lazy\" decoding=\"async\" src=\"https:\/\/www.insuco.com\/wp-content\/uploads\/2019\/06\/201808_insuco-social-management-innovations-extractive-400x250.jpg\" alt=\"Insuco Ecuador co-organised a workshop about innovations in social management\" class=\"\" srcset=\"https:\/\/www.insuco.com\/wp-content\/uploads\/2019\/06\/201808_insuco-social-management-innovations-extractive.jpg 479w, https:\/\/www.insuco.com\/wp-content\/uploads\/2019\/06\/201808_insuco-social-management-innovations-extractive-400x250.jpg 480w \" sizes=\"(max-width:479px) 479px, 100vw \"  width=\"400\" height=\"250\" \/><\/a><\/div>\n\t\t\t\t\t\t\t\t\t\t\t\t\t\t<h2 class=\"entry-title\">\n\t\t\t\t\t\t\t\t\t\t\t\t\t<a href=\"https:\/\/www.insuco.com\/en\/insuco-ecuador-co-organised-a-workshop-about-innovations-in-social-management\/\">Insuco Ecuador co-organised a workshop about innovations in social management<\/a>\n\t\t\t\t\t\t\t\t\t\t\t<\/h2>\n\t\t\t\t\n\t\t\t\t\t<p class=\"post-meta\"><span class=\"published\">Aug 2018<\/span><\/p><div class=\"post-content\"><div class=\"post-content-inner\"><p>Our team from Ecuador co-organised a workshop on the 29th of August 2018, together with the Canadian Embassy and Lundin Gold&#8230;<\/p>\n<\/div><\/div>\t\t\t\n\t\t\t<\/article>\n\t\t\t\t\n\t\t\t<article id=\"post-17202\" class=\"et_pb_post clearfix et_pb_blog_item_1_212 post-17202 post type-post status-publish format-standard has-post-thumbnail hentry category-news-from-insuco tag-anciens-articles-avec-builder-en\">\n\n\t\t\t\t<div class=\"et_pb_image_container\"><a href=\"https:\/\/www.insuco.com\/en\/alizeta-ouedraogo-participated-in-the-4th-meeting-of-young-researchers-in-african-studies\/\" class=\"entry-featured-image-url\"><img loading=\"lazy\" decoding=\"async\" src=\"https:\/\/www.insuco.com\/wp-content\/uploads\/2019\/06\/201807_insuco-gold-mining-gender-research-400x250.jpg\" alt=\"Aliz\u00e8ta Ouedraogo participated in the 4th meeting of Young Researchers in African Studies\" class=\"\" srcset=\"https:\/\/www.insuco.com\/wp-content\/uploads\/2019\/06\/201807_insuco-gold-mining-gender-research.jpg 479w, https:\/\/www.insuco.com\/wp-content\/uploads\/2019\/06\/201807_insuco-gold-mining-gender-research-400x250.jpg 480w \" sizes=\"(max-width:479px) 479px, 100vw \"  width=\"400\" height=\"250\" \/><\/a><\/div>\n\t\t\t\t\t\t\t\t\t\t\t\t\t\t<h2 class=\"entry-title\">\n\t\t\t\t\t\t\t\t\t\t\t\t\t<a href=\"https:\/\/www.insuco.com\/en\/alizeta-ouedraogo-participated-in-the-4th-meeting-of-young-researchers-in-african-studies\/\">Aliz\u00e8ta Ouedraogo participated in the 4th meeting of Young Researchers in African Studies<\/a>\n\t\t\t\t\t\t\t\t\t\t\t<\/h2>\n\t\t\t\t\n\t\t\t\t\t<p class=\"post-meta\"><span class=\"published\">Jul 2018<\/span><\/p><div class=\"post-content\"><div class=\"post-content-inner\"><p>From 09 to 12 July 2018, Aliz\u00e8ta Ouedraogo (Project Assistant\/Socio-anthropologist for Insuco Burkina Faso) participated in the 4th meeting&#8230;<\/p>\n<\/div><\/div>\t\t\t\n\t\t\t<\/article>\n\t\t\t\t\n\t\t\t<article id=\"post-17204\" class=\"et_pb_post clearfix et_pb_blog_item_1_213 post-17204 post type-post status-publish format-standard has-post-thumbnail hentry category-news-from-insuco tag-anciens-articles-avec-builder-en\">\n\n\t\t\t\t<div class=\"et_pb_image_container\"><a href=\"https:\/\/www.insuco.com\/en\/peter-hochet-co-animated-a-workshop-on-resettlement-best-practices\/\" class=\"entry-featured-image-url\"><img loading=\"lazy\" decoding=\"async\" src=\"https:\/\/www.insuco.com\/wp-content\/uploads\/2019\/06\/201807_insuco-resettlement-mining-practices-400x250.jpg\" alt=\"Peter Hochet co-animated a workshop on resettlement best practices\" class=\"\" srcset=\"https:\/\/www.insuco.com\/wp-content\/uploads\/2019\/06\/201807_insuco-resettlement-mining-practices.jpg 479w, https:\/\/www.insuco.com\/wp-content\/uploads\/2019\/06\/201807_insuco-resettlement-mining-practices-400x250.jpg 480w \" sizes=\"(max-width:479px) 479px, 100vw \"  width=\"400\" height=\"250\" \/><\/a><\/div>\n\t\t\t\t\t\t\t\t\t\t\t\t\t\t<h2 class=\"entry-title\">\n\t\t\t\t\t\t\t\t\t\t\t\t\t<a href=\"https:\/\/www.insuco.com\/en\/peter-hochet-co-animated-a-workshop-on-resettlement-best-practices\/\">Peter Hochet co-animated a workshop on resettlement best practices<\/a>\n\t\t\t\t\t\t\t\t\t\t\t<\/h2>\n\t\t\t\t\n\t\t\t\t\t<p class=\"post-meta\"><span class=\"published\">Jul 2018<\/span><\/p><div class=\"post-content\"><div class=\"post-content-inner\"><p>Peter Hochet (Insuco General Manager for Africa) co-animated from 09 to 11 July 2018 a workshop to capitalise on best practices&#8230;<\/p>\n<\/div><\/div>\t\t\t\n\t\t\t<\/article>\n\t\t\t\t\n\t\t\t<article id=\"post-17215\" class=\"et_pb_post clearfix et_pb_blog_item_1_214 post-17215 post type-post status-publish format-standard has-post-thumbnail hentry category-news-from-insuco tag-anciens-articles-avec-builder-en\">\n\n\t\t\t\t<div class=\"et_pb_image_container\"><a href=\"https:\/\/www.insuco.com\/en\/training-workshop-in-insuco-burkina-faso-regarding-participatory-mapping-methodologies\/\" class=\"entry-featured-image-url\"><img loading=\"lazy\" decoding=\"async\" src=\"https:\/\/www.insuco.com\/wp-content\/uploads\/2019\/06\/201807_insuco-participatory-mapping-innovations-400x250.jpg\" alt=\"Training workshop in Insuco Burkina Faso regarding participatory mapping methodologies\" class=\"\" srcset=\"https:\/\/www.insuco.com\/wp-content\/uploads\/2019\/06\/201807_insuco-participatory-mapping-innovations.jpg 479w, https:\/\/www.insuco.com\/wp-content\/uploads\/2019\/06\/201807_insuco-participatory-mapping-innovations-400x250.jpg 480w \" sizes=\"(max-width:479px) 479px, 100vw \"  width=\"400\" height=\"250\" \/><\/a><\/div>\n\t\t\t\t\t\t\t\t\t\t\t\t\t\t<h2 class=\"entry-title\">\n\t\t\t\t\t\t\t\t\t\t\t\t\t<a href=\"https:\/\/www.insuco.com\/en\/training-workshop-in-insuco-burkina-faso-regarding-participatory-mapping-methodologies\/\">Training workshop in Insuco Burkina Faso regarding participatory mapping methodologies<\/a>\n\t\t\t\t\t\t\t\t\t\t\t<\/h2>\n\t\t\t\t\n\t\t\t\t\t<p class=\"post-meta\"><span class=\"published\">Jul 2018<\/span><\/p><div class=\"post-content\"><div class=\"post-content-inner\"><p>A training workshop focusing on participatory mapping methodologies was organised on the 17th and 18th of July 2018&#8230;<\/p>\n<\/div><\/div>\t\t\t\n\t\t\t<\/article>\n\t\t\t\t\n\t\t\t<article id=\"post-17217\" class=\"et_pb_post clearfix et_pb_blog_item_1_215 post-17217 post type-post status-publish format-standard has-post-thumbnail hentry category-news-from-insuco tag-anciens-articles-avec-builder-en\">\n\n\t\t\t\t<div class=\"et_pb_image_container\"><a href=\"https:\/\/www.insuco.com\/en\/insuco-and-ifsra-workshop-for-a-joint-publication-regarding-social-safeguard-international-standards\/\" class=\"entry-featured-image-url\"><img loading=\"lazy\" decoding=\"async\" src=\"https:\/\/www.insuco.com\/wp-content\/uploads\/2019\/06\/201807_insuco-social-safeguards-norms-400x250.jpg\" alt=\"Insuco and IFSRA Workshop for a joint publication regarding social safeguard international standards\" class=\"\" srcset=\"https:\/\/www.insuco.com\/wp-content\/uploads\/2019\/06\/201807_insuco-social-safeguards-norms.jpg 479w, https:\/\/www.insuco.com\/wp-content\/uploads\/2019\/06\/201807_insuco-social-safeguards-norms-400x250.jpg 480w \" sizes=\"(max-width:479px) 479px, 100vw \"  width=\"400\" height=\"250\" \/><\/a><\/div>\n\t\t\t\t\t\t\t\t\t\t\t\t\t\t<h2 class=\"entry-title\">\n\t\t\t\t\t\t\t\t\t\t\t\t\t<a href=\"https:\/\/www.insuco.com\/en\/insuco-and-ifsra-workshop-for-a-joint-publication-regarding-social-safeguard-international-standards\/\">Insuco and IFSRA Workshop for a joint publication regarding social safeguard international standards<\/a>\n\t\t\t\t\t\t\t\t\t\t\t<\/h2>\n\t\t\t\t\n\t\t\t\t\t<p class=\"post-meta\"><span class=\"published\">Jul 2018<\/span><\/p><div class=\"post-content\"><div class=\"post-content-inner\"><p>On the 19th and 20th of July 2018, experts and researchers from Insuco and IFSRA (Institute For Social Research in Africa)&#8230;<\/p>\n<\/div><\/div>\t\t\t\n\t\t\t<\/article>\n\t\t\t\t\n\t\t\t<article id=\"post-17338\" class=\"et_pb_post clearfix et_pb_blog_item_1_216 post-17338 post type-post status-publish format-standard has-post-thumbnail hentry category-news-from-insuco tag-anciens-articles-avec-builder-en\">\n\n\t\t\t\t<div class=\"et_pb_image_container\"><a href=\"https:\/\/www.insuco.com\/en\/guillen-calvo-led-a-panel-discussion-about-the-role-of-the-private-sector-in-territorial-development-processes\/\" class=\"entry-featured-image-url\"><img loading=\"lazy\" decoding=\"async\" src=\"https:\/\/www.insuco.com\/wp-content\/uploads\/2019\/06\/201806_insuco-private-territorial-development-400x250.jpg\" alt=\"Guill\u00e9n Calvo led a panel discussion about the role of the private sector in territorial development processes\" class=\"\" srcset=\"https:\/\/www.insuco.com\/wp-content\/uploads\/2019\/06\/201806_insuco-private-territorial-development.jpg 479w, https:\/\/www.insuco.com\/wp-content\/uploads\/2019\/06\/201806_insuco-private-territorial-development-400x250.jpg 480w \" sizes=\"(max-width:479px) 479px, 100vw \"  width=\"400\" height=\"250\" \/><\/a><\/div>\n\t\t\t\t\t\t\t\t\t\t\t\t\t\t<h2 class=\"entry-title\">\n\t\t\t\t\t\t\t\t\t\t\t\t\t<a href=\"https:\/\/www.insuco.com\/en\/guillen-calvo-led-a-panel-discussion-about-the-role-of-the-private-sector-in-territorial-development-processes\/\">Guill\u00e9n Calvo led a panel discussion about the role of the private sector in territorial development processes<\/a>\n\t\t\t\t\t\t\t\t\t\t\t<\/h2>\n\t\t\t\t\n\t\t\t\t\t<p class=\"post-meta\"><span class=\"published\">Jun 2018<\/span><\/p><div class=\"post-content\"><div class=\"post-content-inner\"><p>Guill\u00e9n Calvo (Insuco General Manager for Latin America) led on the 1st of June 2018 a roundtable discussion about the role of the private sector&#8230;<\/p>\n<\/div><\/div>\t\t\t\n\t\t\t<\/article>\n\t\t\t\t\n\t\t\t<article id=\"post-17340\" class=\"et_pb_post clearfix et_pb_blog_item_1_217 post-17340 post type-post status-publish format-standard has-post-thumbnail hentry category-news-from-insuco tag-anciens-articles-avec-builder-en\">\n\n\t\t\t\t<div class=\"et_pb_image_container\"><a href=\"https:\/\/www.insuco.com\/en\/yeri-kambire-participated-in-the-international-workshop-of-unesco-chair-shared-development-challenges-generate-knowledge-understanding-and-action\/\" class=\"entry-featured-image-url\"><img loading=\"lazy\" decoding=\"async\" src=\"https:\/\/www.insuco.com\/wp-content\/uploads\/2019\/06\/201806_insuco-unesco-foncier-ressources-naturelles-400x250.jpg\" alt=\"Yeri Kambir\u00e9 participated in the International Workshop of UNESCO Chair &#8220;Shared Development Challenges: generate knowledge, understanding and action&#8221;\" class=\"\" srcset=\"https:\/\/www.insuco.com\/wp-content\/uploads\/2019\/06\/201806_insuco-unesco-foncier-ressources-naturelles.jpg 479w, https:\/\/www.insuco.com\/wp-content\/uploads\/2019\/06\/201806_insuco-unesco-foncier-ressources-naturelles-400x250.jpg 480w \" sizes=\"(max-width:479px) 479px, 100vw \"  width=\"400\" height=\"250\" \/><\/a><\/div>\n\t\t\t\t\t\t\t\t\t\t\t\t\t\t<h2 class=\"entry-title\">\n\t\t\t\t\t\t\t\t\t\t\t\t\t<a href=\"https:\/\/www.insuco.com\/en\/yeri-kambire-participated-in-the-international-workshop-of-unesco-chair-shared-development-challenges-generate-knowledge-understanding-and-action\/\">Yeri Kambir\u00e9 participated in the International Workshop of UNESCO Chair &#8220;Shared Development Challenges: generate knowledge, understanding and action&#8221;<\/a>\n\t\t\t\t\t\t\t\t\t\t\t<\/h2>\n\t\t\t\t\n\t\t\t\t\t<p class=\"post-meta\"><span class=\"published\">Jun 2018<\/span><\/p><div class=\"post-content\"><div class=\"post-content-inner\"><p>Yeri Kambir\u00e9 (Project Assistant for Insuco Burkina Faso) participated on the 04th of June 2018 in the International Workshop of UNESCO Chair&#8230;<\/p>\n<\/div><\/div>\t\t\t\n\t\t\t<\/article>\n\t\t\t\t\n\t\t\t<article id=\"post-17342\" class=\"et_pb_post clearfix et_pb_blog_item_1_218 post-17342 post type-post status-publish format-standard has-post-thumbnail hentry category-news-from-insuco tag-anciens-articles-avec-builder-en\">\n\n\t\t\t\t<div class=\"et_pb_image_container\"><a href=\"https:\/\/www.insuco.com\/en\/insuco-participated-and-led-the-evaluation-of-a-csr-joint-project-in-colombia\/\" class=\"entry-featured-image-url\"><img loading=\"lazy\" decoding=\"async\" src=\"https:\/\/www.insuco.com\/wp-content\/uploads\/2019\/06\/201806_insuco-csr-colombia-evaluation-400x250.jpg\" alt=\"Insuco participated and led the evaluation of a CSR joint project in Colombia\" class=\"\" srcset=\"https:\/\/www.insuco.com\/wp-content\/uploads\/2019\/06\/201806_insuco-csr-colombia-evaluation.jpg 479w, https:\/\/www.insuco.com\/wp-content\/uploads\/2019\/06\/201806_insuco-csr-colombia-evaluation-400x250.jpg 480w \" sizes=\"(max-width:479px) 479px, 100vw \"  width=\"400\" height=\"250\" \/><\/a><\/div>\n\t\t\t\t\t\t\t\t\t\t\t\t\t\t<h2 class=\"entry-title\">\n\t\t\t\t\t\t\t\t\t\t\t\t\t<a href=\"https:\/\/www.insuco.com\/en\/insuco-participated-and-led-the-evaluation-of-a-csr-joint-project-in-colombia\/\">Insuco participated and led the evaluation of a CSR joint project in Colombia<\/a>\n\t\t\t\t\t\t\t\t\t\t\t<\/h2>\n\t\t\t\t\n\t\t\t\t\t<p class=\"post-meta\"><span class=\"published\">Jun 2018<\/span><\/p><div class=\"post-content\"><div class=\"post-content-inner\"><p>Insuco is proud to have participated in a CSR joint initiative between the members of the French Colombian Chamber of Commerce and Industry&#8230;<\/p>\n<\/div><\/div>\t\t\t\n\t\t\t<\/article>\n\t\t\t\t\n\t\t\t<article id=\"post-17353\" class=\"et_pb_post clearfix et_pb_blog_item_1_219 post-17353 post type-post status-publish format-standard has-post-thumbnail hentry category-news-from-insuco tag-anciens-articles-avec-builder-en\">\n\n\t\t\t\t<div class=\"et_pb_image_container\"><a href=\"https:\/\/www.insuco.com\/en\/pascal-rey-participated-in-the-international-conference-on-sahel-and-west-africa-mining\/\" class=\"entry-featured-image-url\"><img loading=\"lazy\" decoding=\"async\" src=\"https:\/\/www.insuco.com\/wp-content\/uploads\/2019\/06\/201805_Londres-400x250.jpg\" alt=\"Pascal Rey participated in the International Conference on Sahel and West Africa Mining\" class=\"\" srcset=\"https:\/\/www.insuco.com\/wp-content\/uploads\/2019\/06\/201805_Londres.jpg 479w, https:\/\/www.insuco.com\/wp-content\/uploads\/2019\/06\/201805_Londres-400x250.jpg 480w \" sizes=\"(max-width:479px) 479px, 100vw \"  width=\"400\" height=\"250\" \/><\/a><\/div>\n\t\t\t\t\t\t\t\t\t\t\t\t\t\t<h2 class=\"entry-title\">\n\t\t\t\t\t\t\t\t\t\t\t\t\t<a href=\"https:\/\/www.insuco.com\/en\/pascal-rey-participated-in-the-international-conference-on-sahel-and-west-africa-mining\/\">Pascal Rey participated in the International Conference on Sahel and West Africa Mining<\/a>\n\t\t\t\t\t\t\t\t\t\t\t<\/h2>\n\t\t\t\t\n\t\t\t\t\t<p class=\"post-meta\"><span class=\"published\">May 2018<\/span><\/p><div class=\"post-content\"><div class=\"post-content-inner\"><p>Pascal Rey (CEO of Insuco) participated from 08 to 09 May 2018 in the International Conference on Mining and Minerals in the Western&#8230;<\/p>\n<\/div><\/div>\t\t\t\n\t\t\t<\/article>\n\t\t\t\t\n\t\t\t<article id=\"post-17355\" class=\"et_pb_post clearfix et_pb_blog_item_1_220 post-17355 post type-post status-publish format-standard has-post-thumbnail hentry category-news-from-insuco tag-anciens-articles-avec-builder-en\">\n\n\t\t\t\t<div class=\"et_pb_image_container\"><a href=\"https:\/\/www.insuco.com\/en\/insuco-organised-a-workshop-with-the-idb-about-data-management-in-the-context-of-large-infrastructure-projects\/\" class=\"entry-featured-image-url\"><img loading=\"lazy\" decoding=\"async\" src=\"https:\/\/www.insuco.com\/wp-content\/uploads\/2019\/06\/201805_Insuco-BID-IMS-Haiti-Infrastructures-400x250.jpg\" alt=\"Insuco organised a workshop with the IDB about data management in the context of large infrastructure projects\" class=\"\" srcset=\"https:\/\/www.insuco.com\/wp-content\/uploads\/2019\/06\/201805_Insuco-BID-IMS-Haiti-Infrastructures.jpg 479w, https:\/\/www.insuco.com\/wp-content\/uploads\/2019\/06\/201805_Insuco-BID-IMS-Haiti-Infrastructures-400x250.jpg 480w \" sizes=\"(max-width:479px) 479px, 100vw \"  width=\"400\" height=\"250\" \/><\/a><\/div>\n\t\t\t\t\t\t\t\t\t\t\t\t\t\t<h2 class=\"entry-title\">\n\t\t\t\t\t\t\t\t\t\t\t\t\t<a href=\"https:\/\/www.insuco.com\/en\/insuco-organised-a-workshop-with-the-idb-about-data-management-in-the-context-of-large-infrastructure-projects\/\">Insuco organised a workshop with the IDB about data management in the context of large infrastructure projects<\/a>\n\t\t\t\t\t\t\t\t\t\t\t<\/h2>\n\t\t\t\t\n\t\t\t\t\t<p class=\"post-meta\"><span class=\"published\">May 2018<\/span><\/p><div class=\"post-content\"><div class=\"post-content-inner\"><p>Insuco organised on the 16th of May 2018 a workshop with the Inter-American Development Bank (IDB) in Haiti, focused on innovative practices&#8230;<\/p>\n<\/div><\/div>\t\t\t\n\t\t\t<\/article>\n\t\t\t\t\n\t\t\t<article id=\"post-17362\" class=\"et_pb_post clearfix et_pb_blog_item_1_221 post-17362 post type-post status-publish format-standard has-post-thumbnail hentry category-news-from-insuco tag-anciens-articles-avec-builder-en\">\n\n\t\t\t\t<div class=\"et_pb_image_container\"><a href=\"https:\/\/www.insuco.com\/en\/guillen-calvo-and-jhuliana-macas-participated-in-ifc-sustainability-exchange\/\" class=\"entry-featured-image-url\"><img loading=\"lazy\" decoding=\"async\" src=\"https:\/\/www.insuco.com\/wp-content\/uploads\/2019\/06\/201805_IFC-Washington-400x250.jpg\" alt=\"Guill\u00e9n Calvo and Jhuliana Macas participated in IFC Sustainability Exchange\" class=\"\" srcset=\"https:\/\/www.insuco.com\/wp-content\/uploads\/2019\/06\/201805_IFC-Washington.jpg 479w, https:\/\/www.insuco.com\/wp-content\/uploads\/2019\/06\/201805_IFC-Washington-400x250.jpg 480w \" sizes=\"(max-width:479px) 479px, 100vw \"  width=\"400\" height=\"250\" \/><\/a><\/div>\n\t\t\t\t\t\t\t\t\t\t\t\t\t\t<h2 class=\"entry-title\">\n\t\t\t\t\t\t\t\t\t\t\t\t\t<a href=\"https:\/\/www.insuco.com\/en\/guillen-calvo-and-jhuliana-macas-participated-in-ifc-sustainability-exchange\/\">Guill\u00e9n Calvo and Jhuliana Macas participated in IFC Sustainability Exchange<\/a>\n\t\t\t\t\t\t\t\t\t\t\t<\/h2>\n\t\t\t\t\n\t\t\t\t\t<p class=\"post-meta\"><span class=\"published\">May 2018<\/span><\/p><div class=\"post-content\"><div class=\"post-content-inner\"><p>Guill\u00e9n Calvo (Insuco General Manager for Latin America) and Jhuliana Macas (local leader and Project Manager for Insuco Ecuador)&#8230;<\/p>\n<\/div><\/div>\t\t\t\n\t\t\t<\/article>\n\t\t\t\t\n\t\t\t<article id=\"post-17364\" class=\"et_pb_post clearfix et_pb_blog_item_1_222 post-17364 post type-post status-publish format-standard has-post-thumbnail hentry category-news-from-insuco tag-anciens-articles-avec-builder-en\">\n\n\t\t\t\t<div class=\"et_pb_image_container\"><a href=\"https:\/\/www.insuco.com\/en\/guillen-calvo-presented-the-approach-developed-for-fruta-del-norte-project-regarding-social-participation-and-corporate-territorial-responsibility\/\" class=\"entry-featured-image-url\"><img loading=\"lazy\" decoding=\"async\" src=\"https:\/\/www.insuco.com\/wp-content\/uploads\/2019\/06\/201804_Insuco-Lundin-Gold-Expominas-Ecuador-400x250.jpg\" alt=\"Guill\u00e9n Calvo presented the approach developed for Fruta del Norte project regarding Social Participation and Corporate Territorial Responsibility\" class=\"\" srcset=\"https:\/\/www.insuco.com\/wp-content\/uploads\/2019\/06\/201804_Insuco-Lundin-Gold-Expominas-Ecuador.jpg 479w, https:\/\/www.insuco.com\/wp-content\/uploads\/2019\/06\/201804_Insuco-Lundin-Gold-Expominas-Ecuador-400x250.jpg 480w \" sizes=\"(max-width:479px) 479px, 100vw \"  width=\"400\" height=\"250\" \/><\/a><\/div>\n\t\t\t\t\t\t\t\t\t\t\t\t\t\t<h2 class=\"entry-title\">\n\t\t\t\t\t\t\t\t\t\t\t\t\t<a href=\"https:\/\/www.insuco.com\/en\/guillen-calvo-presented-the-approach-developed-for-fruta-del-norte-project-regarding-social-participation-and-corporate-territorial-responsibility\/\">Guill\u00e9n Calvo presented the approach developed for Fruta del Norte project regarding Social Participation and Corporate Territorial Responsibility<\/a>\n\t\t\t\t\t\t\t\t\t\t\t<\/h2>\n\t\t\t\t\n\t\t\t\t\t<p class=\"post-meta\"><span class=\"published\">Apr 2018<\/span><\/p><div class=\"post-content\"><div class=\"post-content-inner\"><p>Guill\u00e9n Calvo (Insuco General Manager for Latin America) presented together with Winer Bravo (CSR and Community Affairs Manager&#8230;<\/p>\n<\/div><\/div>\t\t\t\n\t\t\t<\/article>\n\t\t\t\t\n\t\t\t<article id=\"post-17366\" class=\"et_pb_post clearfix et_pb_blog_item_1_223 post-17366 post type-post status-publish format-standard has-post-thumbnail hentry category-news-from-insuco tag-anciens-articles-avec-builder-en\">\n\n\t\t\t\t<div class=\"et_pb_image_container\"><a href=\"https:\/\/www.insuco.com\/en\/patricio-carvallo-participated-in-the-first-international-ecuador-mining-forum\/\" class=\"entry-featured-image-url\"><img loading=\"lazy\" decoding=\"async\" src=\"https:\/\/www.insuco.com\/wp-content\/uploads\/2019\/06\/201804_Insuco-Ecuador-Minero-Foro-Internacional-400x250.jpg\" alt=\"Patricio Carvallo participated in the first International Ecuador Mining Forum\" class=\"\" srcset=\"https:\/\/www.insuco.com\/wp-content\/uploads\/2019\/06\/201804_Insuco-Ecuador-Minero-Foro-Internacional.jpg 479w, https:\/\/www.insuco.com\/wp-content\/uploads\/2019\/06\/201804_Insuco-Ecuador-Minero-Foro-Internacional-400x250.jpg 480w \" sizes=\"(max-width:479px) 479px, 100vw \"  width=\"400\" height=\"250\" \/><\/a><\/div>\n\t\t\t\t\t\t\t\t\t\t\t\t\t\t<h2 class=\"entry-title\">\n\t\t\t\t\t\t\t\t\t\t\t\t\t<a href=\"https:\/\/www.insuco.com\/en\/patricio-carvallo-participated-in-the-first-international-ecuador-mining-forum\/\">Patricio Carvallo participated in the first International Ecuador Mining Forum<\/a>\n\t\t\t\t\t\t\t\t\t\t\t<\/h2>\n\t\t\t\t\n\t\t\t\t\t<p class=\"post-meta\"><span class=\"published\">Apr 2018<\/span><\/p><div class=\"post-content\"><div class=\"post-content-inner\"><p>Patricio Carvallo (Insuco Country Director for Ecuador) participated on the 04th of April 2018 in the first International Ecuador Mining Forum&#8230;<\/p>\n<\/div><\/div>\t\t\t\n\t\t\t<\/article>\n\t\t\t\t\n\t\t\t<article id=\"post-17377\" class=\"et_pb_post clearfix et_pb_blog_item_1_224 post-17377 post type-post status-publish format-standard has-post-thumbnail hentry category-news-from-insuco tag-anciens-articles-avec-builder-en\">\n\n\t\t\t\t<div class=\"et_pb_image_container\"><a href=\"https:\/\/www.insuco.com\/en\/development-and-monitoring-of-three-employment-centres-for-guinea-alumina-corporation-gac\/\" class=\"entry-featured-image-url\"><img loading=\"lazy\" decoding=\"async\" src=\"https:\/\/www.insuco.com\/wp-content\/uploads\/2019\/06\/201804_Insuco-GAC-Boke\u0301-Kamsar-400x250.jpg\" alt=\"Development and monitoring of three employment centres for Guinea Alumina Corporation (GAC)\" class=\"\" srcset=\"https:\/\/www.insuco.com\/wp-content\/uploads\/2019\/06\/201804_Insuco-GAC-Boke\u0301-Kamsar.jpg 479w, https:\/\/www.insuco.com\/wp-content\/uploads\/2019\/06\/201804_Insuco-GAC-Boke\u0301-Kamsar-400x250.jpg 480w \" sizes=\"(max-width:479px) 479px, 100vw \"  width=\"400\" height=\"250\" \/><\/a><\/div>\n\t\t\t\t\t\t\t\t\t\t\t\t\t\t<h2 class=\"entry-title\">\n\t\t\t\t\t\t\t\t\t\t\t\t\t<a href=\"https:\/\/www.insuco.com\/en\/development-and-monitoring-of-three-employment-centres-for-guinea-alumina-corporation-gac\/\">Development and monitoring of three employment centres for Guinea Alumina Corporation (GAC)<\/a>\n\t\t\t\t\t\t\t\t\t\t\t<\/h2>\n\t\t\t\t\n\t\t\t\t\t<p class=\"post-meta\"><span class=\"published\">Apr 2018<\/span><\/p><div class=\"post-content\"><div class=\"post-content-inner\"><p>In the context of the development of its extractive project in Bok\u00e9 area, EGA-GAC established three recruitment centres&#8230;<\/p>\n<\/div><\/div>\t\t\t\n\t\t\t<\/article>\n\t\t\t\t\n\t\t\t<article id=\"post-17379\" class=\"et_pb_post clearfix et_pb_blog_item_1_225 post-17379 post type-post status-publish format-standard has-post-thumbnail hentry category-news-from-insuco tag-anciens-articles-avec-builder-en\">\n\n\t\t\t\t<div class=\"et_pb_image_container\"><a href=\"https:\/\/www.insuco.com\/en\/caroline-amrom-participated-in-the-6th-mozambique-mining-oil-gas-and-energy-conference\/\" class=\"entry-featured-image-url\"><img loading=\"lazy\" decoding=\"async\" src=\"https:\/\/www.insuco.com\/wp-content\/uploads\/2019\/06\/201804_MMEC-Mining-Energy-Oil-Mozambique-400x250.jpg\" alt=\"Caroline Amrom participated in the 6th Mozambique Mining, Oil &#038; Gas and Energy Conference\" class=\"\" srcset=\"https:\/\/www.insuco.com\/wp-content\/uploads\/2019\/06\/201804_MMEC-Mining-Energy-Oil-Mozambique.jpg 479w, https:\/\/www.insuco.com\/wp-content\/uploads\/2019\/06\/201804_MMEC-Mining-Energy-Oil-Mozambique-400x250.jpg 480w \" sizes=\"(max-width:479px) 479px, 100vw \"  width=\"400\" height=\"250\" \/><\/a><\/div>\n\t\t\t\t\t\t\t\t\t\t\t\t\t\t<h2 class=\"entry-title\">\n\t\t\t\t\t\t\t\t\t\t\t\t\t<a href=\"https:\/\/www.insuco.com\/en\/caroline-amrom-participated-in-the-6th-mozambique-mining-oil-gas-and-energy-conference\/\">Caroline Amrom participated in the 6th Mozambique Mining, Oil &#038; Gas and Energy Conference<\/a>\n\t\t\t\t\t\t\t\t\t\t\t<\/h2>\n\t\t\t\t\n\t\t\t\t\t<p class=\"post-meta\"><span class=\"published\">Apr 2018<\/span><\/p><div class=\"post-content\"><div class=\"post-content-inner\"><p>Caroline Amrom (Insuco Country Director for Djibouti) participated from 25 to 26 April 2018 in the 6th MMEC&#8230;<\/p>\n<\/div><\/div>\t\t\t\n\t\t\t<\/article>\n\t\t\t\t\n\t\t\t<article id=\"post-17386\" class=\"et_pb_post clearfix et_pb_blog_item_1_226 post-17386 post type-post status-publish format-standard has-post-thumbnail hentry category-news-from-insuco tag-anciens-articles-avec-builder-en\">\n\n\t\t\t\t<div class=\"et_pb_image_container\"><a href=\"https:\/\/www.insuco.com\/en\/patricio-carvallo-participated-in-the-iii-world-summit-of-regions-on-food-security-and-sovereignty\/\" class=\"entry-featured-image-url\"><img loading=\"lazy\" decoding=\"async\" src=\"https:\/\/www.insuco.com\/wp-content\/uploads\/2019\/06\/201804_Insuco-Ecuador-Cumbre-Cero-Hambre-400x250.jpg\" alt=\"Patricio Carvallo participated in the III World Summit of Regions on Food Security and Sovereignty\" class=\"\" srcset=\"https:\/\/www.insuco.com\/wp-content\/uploads\/2019\/06\/201804_Insuco-Ecuador-Cumbre-Cero-Hambre.jpg 479w, https:\/\/www.insuco.com\/wp-content\/uploads\/2019\/06\/201804_Insuco-Ecuador-Cumbre-Cero-Hambre-400x250.jpg 480w \" sizes=\"(max-width:479px) 479px, 100vw \"  width=\"400\" height=\"250\" \/><\/a><\/div>\n\t\t\t\t\t\t\t\t\t\t\t\t\t\t<h2 class=\"entry-title\">\n\t\t\t\t\t\t\t\t\t\t\t\t\t<a href=\"https:\/\/www.insuco.com\/en\/patricio-carvallo-participated-in-the-iii-world-summit-of-regions-on-food-security-and-sovereignty\/\">Patricio Carvallo participated in the III World Summit of Regions on Food Security and Sovereignty<\/a>\n\t\t\t\t\t\t\t\t\t\t\t<\/h2>\n\t\t\t\t\n\t\t\t\t\t<p class=\"post-meta\"><span class=\"published\">Apr 2018<\/span><\/p><div class=\"post-content\"><div class=\"post-content-inner\"><p>Patricio Carvallo (Insuco Country Director for Ecuador) participated from 27 to 28 April 2018 in the III World Summit of Regions&#8230;<\/p>\n<\/div><\/div>\t\t\t\n\t\t\t<\/article>\n\t\t\t\t\n\t\t\t<article id=\"post-17388\" class=\"et_pb_post clearfix et_pb_blog_item_1_227 post-17388 post type-post status-publish format-standard has-post-thumbnail hentry category-news-from-insuco tag-anciens-articles-avec-builder-en\">\n\n\t\t\t\t<div class=\"et_pb_image_container\"><a href=\"https:\/\/www.insuco.com\/en\/guillen-calvo-participated-in-a-workshop-on-social-investment-and-csr\/\" class=\"entry-featured-image-url\"><img loading=\"lazy\" decoding=\"async\" src=\"https:\/\/www.insuco.com\/wp-content\/uploads\/2019\/06\/201803_Insuco-Inversion-Social-RSE-CSR-400x250.jpg\" alt=\"Guill\u00e9n Calvo participated in a workshop on Social Investment and CSR\" class=\"\" srcset=\"https:\/\/www.insuco.com\/wp-content\/uploads\/2019\/06\/201803_Insuco-Inversion-Social-RSE-CSR.jpg 479w, https:\/\/www.insuco.com\/wp-content\/uploads\/2019\/06\/201803_Insuco-Inversion-Social-RSE-CSR-400x250.jpg 480w \" sizes=\"(max-width:479px) 479px, 100vw \"  width=\"400\" height=\"250\" \/><\/a><\/div>\n\t\t\t\t\t\t\t\t\t\t\t\t\t\t<h2 class=\"entry-title\">\n\t\t\t\t\t\t\t\t\t\t\t\t\t<a href=\"https:\/\/www.insuco.com\/en\/guillen-calvo-participated-in-a-workshop-on-social-investment-and-csr\/\">Guill\u00e9n Calvo participated in a workshop on Social Investment and CSR<\/a>\n\t\t\t\t\t\t\t\t\t\t\t<\/h2>\n\t\t\t\t\n\t\t\t\t\t<p class=\"post-meta\"><span class=\"published\">Mar 2018<\/span><\/p><div class=\"post-content\"><div class=\"post-content-inner\"><p>Guill\u00e9n Calvo (Insuco General Manager for Latin America) participated on the 14th of March 2018 in a workshop organised by Gran Tierra Energy&#8230;<\/p>\n<\/div><\/div>\t\t\t\n\t\t\t<\/article>\n\t\t\t\t\n\t\t\t<article id=\"post-17390\" class=\"et_pb_post clearfix et_pb_blog_item_1_228 post-17390 post type-post status-publish format-standard has-post-thumbnail hentry category-news-from-insuco tag-anciens-articles-avec-builder-en\">\n\n\t\t\t\t<div class=\"et_pb_image_container\"><a href=\"https:\/\/www.insuco.com\/en\/marie-mazalto-presented-the-results-of-the-study-about-norms-and-practices-of-resettlement-in-guinea\/\" class=\"entry-featured-image-url\"><img loading=\"lazy\" decoding=\"async\" src=\"https:\/\/www.insuco.com\/wp-content\/uploads\/2019\/06\/201803_Insuco-GIZ-Reinstallation-Guinee-400x250.jpg\" alt=\"Marie Mazalto presented the results of the study about norms and practices of resettlement in Guinea\" class=\"\" srcset=\"https:\/\/www.insuco.com\/wp-content\/uploads\/2019\/06\/201803_Insuco-GIZ-Reinstallation-Guinee.jpg 479w, https:\/\/www.insuco.com\/wp-content\/uploads\/2019\/06\/201803_Insuco-GIZ-Reinstallation-Guinee-400x250.jpg 480w \" sizes=\"(max-width:479px) 479px, 100vw \"  width=\"400\" height=\"250\" \/><\/a><\/div>\n\t\t\t\t\t\t\t\t\t\t\t\t\t\t<h2 class=\"entry-title\">\n\t\t\t\t\t\t\t\t\t\t\t\t\t<a href=\"https:\/\/www.insuco.com\/en\/marie-mazalto-presented-the-results-of-the-study-about-norms-and-practices-of-resettlement-in-guinea\/\">Marie Mazalto presented the results of the study about norms and practices of resettlement in Guinea<\/a>\n\t\t\t\t\t\t\t\t\t\t\t<\/h2>\n\t\t\t\t\n\t\t\t\t\t<p class=\"post-meta\"><span class=\"published\">Mar 2018<\/span><\/p><div class=\"post-content\"><div class=\"post-content-inner\"><p>Following the realisation of a study about the \u201cNorms and practices of expropriation, compensation, relocation and resettlement of communities affected by mining projects in the bauxite region of Guinea\u201d&#8230;<\/p>\n<\/div><\/div>\t\t\t\n\t\t\t<\/article>\n\t\t\t\t\n\t\t\t<article id=\"post-17401\" class=\"et_pb_post clearfix et_pb_blog_item_1_229 post-17401 post type-post status-publish format-standard has-post-thumbnail hentry category-news-from-insuco tag-anciens-articles-avec-builder-en\">\n\n\t\t\t\t<div class=\"et_pb_image_container\"><a href=\"https:\/\/www.insuco.com\/en\/insuco-teams-gathered-in-ouagadougou-burkina-faso\/\" class=\"entry-featured-image-url\"><img loading=\"lazy\" decoding=\"async\" src=\"https:\/\/www.insuco.com\/wp-content\/uploads\/2019\/06\/201802_Insuco-global-teams-burkina-faso-400x250.jpg\" alt=\"Insuco teams gathered in Ouagadougou, Burkina Faso\" class=\"\" srcset=\"https:\/\/www.insuco.com\/wp-content\/uploads\/2019\/06\/201802_Insuco-global-teams-burkina-faso.jpg 479w, https:\/\/www.insuco.com\/wp-content\/uploads\/2019\/06\/201802_Insuco-global-teams-burkina-faso-400x250.jpg 480w \" sizes=\"(max-width:479px) 479px, 100vw \"  width=\"400\" height=\"250\" \/><\/a><\/div>\n\t\t\t\t\t\t\t\t\t\t\t\t\t\t<h2 class=\"entry-title\">\n\t\t\t\t\t\t\t\t\t\t\t\t\t<a href=\"https:\/\/www.insuco.com\/en\/insuco-teams-gathered-in-ouagadougou-burkina-faso\/\">Insuco teams gathered in Ouagadougou, Burkina Faso<\/a>\n\t\t\t\t\t\t\t\t\t\t\t<\/h2>\n\t\t\t\t\n\t\t\t\t\t<p class=\"post-meta\"><span class=\"published\">Feb 2018<\/span><\/p><div class=\"post-content\"><div class=\"post-content-inner\"><p>The teams of our different offices around the world (Guinea, Burkina Faso, Djibouti, Colombia, Ecuador, Haiti) gathered in Ouagadougou&#8230;<\/p>\n<\/div><\/div>\t\t\t\n\t\t\t<\/article>\n\t\t\t\t\n\t\t\t<article id=\"post-17403\" class=\"et_pb_post clearfix et_pb_blog_item_1_230 post-17403 post type-post status-publish format-standard has-post-thumbnail hentry category-news-from-insuco tag-anciens-articles-avec-builder-en\">\n\n\t\t\t\t<div class=\"et_pb_image_container\"><a href=\"https:\/\/www.insuco.com\/en\/laura-estrada-and-cristina-consuegra-presented-in-expoartesanias-the-guide-developed-to-assess-the-conditions-and-impacts-of-denominations-of-origin-in-colombia\/\" class=\"entry-featured-image-url\"><img loading=\"lazy\" decoding=\"async\" src=\"https:\/\/www.insuco.com\/wp-content\/uploads\/2019\/06\/201712_Insuco-Denominaciones-Origen-Colombia-400x250.jpg\" alt=\"Laura Estrada and Cristina Consuegra presented in Expoartesan\u00edas the Guide developed to assess the Conditions and Impacts of Denominations of Origin in Colombia\" class=\"\" srcset=\"https:\/\/www.insuco.com\/wp-content\/uploads\/2019\/06\/201712_Insuco-Denominaciones-Origen-Colombia.jpg 479w, https:\/\/www.insuco.com\/wp-content\/uploads\/2019\/06\/201712_Insuco-Denominaciones-Origen-Colombia-400x250.jpg 480w \" sizes=\"(max-width:479px) 479px, 100vw \"  width=\"400\" height=\"250\" \/><\/a><\/div>\n\t\t\t\t\t\t\t\t\t\t\t\t\t\t<h2 class=\"entry-title\">\n\t\t\t\t\t\t\t\t\t\t\t\t\t<a href=\"https:\/\/www.insuco.com\/en\/laura-estrada-and-cristina-consuegra-presented-in-expoartesanias-the-guide-developed-to-assess-the-conditions-and-impacts-of-denominations-of-origin-in-colombia\/\">Laura Estrada and Cristina Consuegra presented in Expoartesan\u00edas the Guide developed to assess the Conditions and Impacts of Denominations of Origin in Colombia<\/a>\n\t\t\t\t\t\t\t\t\t\t\t<\/h2>\n\t\t\t\t\n\t\t\t\t\t<p class=\"post-meta\"><span class=\"published\">Dec 2017<\/span><\/p><div class=\"post-content\"><div class=\"post-content-inner\"><p>Laura Estrada (Technical Director for Insuco Colombia) and Cristina Consuegra (Consultant for Insuco) presented on the 18th of December 2017&#8230;<\/p>\n<\/div><\/div>\t\t\t\n\t\t\t<\/article>\n\t\t\t\t\n\t\t\t<article id=\"post-17410\" class=\"et_pb_post clearfix et_pb_blog_item_1_231 post-17410 post type-post status-publish format-standard has-post-thumbnail hentry category-news-from-insuco tag-anciens-articles-avec-builder-en\">\n\n\t\t\t\t<div class=\"et_pb_image_container\"><a href=\"https:\/\/www.insuco.com\/en\/pascal-rey-and-guillen-calvo-participated-in-surimep-congress-in-paramaribo-suriname\/\" class=\"entry-featured-image-url\"><img loading=\"lazy\" decoding=\"async\" src=\"https:\/\/www.insuco.com\/wp-content\/uploads\/2019\/06\/201711_SURIMEP-Insuco-Mining-Energy-Petroleum-400x250.jpg\" alt=\"Pascal Rey and Guill\u00e9n Calvo participated in SURIMEP Congress in Paramaribo, Suriname\" class=\"\" srcset=\"https:\/\/www.insuco.com\/wp-content\/uploads\/2019\/06\/201711_SURIMEP-Insuco-Mining-Energy-Petroleum.jpg 479w, https:\/\/www.insuco.com\/wp-content\/uploads\/2019\/06\/201711_SURIMEP-Insuco-Mining-Energy-Petroleum-400x250.jpg 480w \" sizes=\"(max-width:479px) 479px, 100vw \"  width=\"400\" height=\"250\" \/><\/a><\/div>\n\t\t\t\t\t\t\t\t\t\t\t\t\t\t<h2 class=\"entry-title\">\n\t\t\t\t\t\t\t\t\t\t\t\t\t<a href=\"https:\/\/www.insuco.com\/en\/pascal-rey-and-guillen-calvo-participated-in-surimep-congress-in-paramaribo-suriname\/\">Pascal Rey and Guill\u00e9n Calvo participated in SURIMEP Congress in Paramaribo, Suriname<\/a>\n\t\t\t\t\t\t\t\t\t\t\t<\/h2>\n\t\t\t\t\n\t\t\t\t\t<p class=\"post-meta\"><span class=\"published\">Nov 2017<\/span><\/p><div class=\"post-content\"><div class=\"post-content-inner\"><p>Pascal Rey (CEO Insuco) and Guill\u00e9n Calvo (Insuco General Manager for Latin America) participated from 01 to 03 November 2017 in SURIMEP Congress&#8230;<\/p>\n<\/div><\/div>\t\t\t\n\t\t\t<\/article>\n\t\t\t\t\n\t\t\t<article id=\"post-17412\" class=\"et_pb_post clearfix et_pb_blog_item_1_232 post-17412 post type-post status-publish format-standard has-post-thumbnail hentry category-news-from-insuco tag-anciens-articles-avec-builder-en\">\n\n\t\t\t\t<div class=\"et_pb_image_container\"><a href=\"https:\/\/www.insuco.com\/en\/pascal-rey-led-a-presentation-about-interculturality-integration-within-military-action\/\" class=\"entry-featured-image-url\"><img loading=\"lazy\" decoding=\"async\" src=\"https:\/\/www.insuco.com\/wp-content\/uploads\/2019\/06\/201711_INSUCO-ENSOME-Interculturalite-Action-Militaire-400x250.jpg\" alt=\"Pascal Rey led a presentation about interculturality integration within military action\" class=\"\" srcset=\"https:\/\/www.insuco.com\/wp-content\/uploads\/2019\/06\/201711_INSUCO-ENSOME-Interculturalite-Action-Militaire.jpg 479w, https:\/\/www.insuco.com\/wp-content\/uploads\/2019\/06\/201711_INSUCO-ENSOME-Interculturalite-Action-Militaire-400x250.jpg 480w \" sizes=\"(max-width:479px) 479px, 100vw \"  width=\"400\" height=\"250\" \/><\/a><\/div>\n\t\t\t\t\t\t\t\t\t\t\t\t\t\t<h2 class=\"entry-title\">\n\t\t\t\t\t\t\t\t\t\t\t\t\t<a href=\"https:\/\/www.insuco.com\/en\/pascal-rey-led-a-presentation-about-interculturality-integration-within-military-action\/\">Pascal Rey led a presentation about interculturality integration within military action<\/a>\n\t\t\t\t\t\t\t\t\t\t\t<\/h2>\n\t\t\t\t\n\t\t\t\t\t<p class=\"post-meta\"><span class=\"published\">Nov 2017<\/span><\/p><div class=\"post-content\"><div class=\"post-content-inner\"><p>Pascal Rey (CEO Insuco) participated on the 23rd of November 2017 in Paris in an internal symposium of the ENSOME (Specialised Military Force for overseas territories and foreign countries)&#8230;<\/p>\n<\/div><\/div>\t\t\t\n\t\t\t<\/article>\n\t\t\t\t\n\t\t\t<article id=\"post-17414\" class=\"et_pb_post clearfix et_pb_blog_item_1_233 post-17414 post type-post status-publish format-standard has-post-thumbnail hentry category-news-from-insuco category-on-the-front-page tag-anciens-articles-avec-builder-en\">\n\n\t\t\t\t<div class=\"et_pb_image_container\"><a href=\"https:\/\/www.insuco.com\/en\/dany-la-noe-participated-in-the-6th-international-bauxite-alumina-symposium\/\" class=\"entry-featured-image-url\"><img loading=\"lazy\" decoding=\"async\" src=\"https:\/\/www.insuco.com\/wp-content\/uploads\/2019\/06\/Ibaas-logo5_d400-400x202.png\" alt=\"Dany La No\u00eb participated in the 6th International Bauxite-Alumina Symposium\" class=\"\" srcset=\"https:\/\/www.insuco.com\/wp-content\/uploads\/2019\/06\/Ibaas-logo5_d400.png 479w, https:\/\/www.insuco.com\/wp-content\/uploads\/2019\/06\/Ibaas-logo5_d400-400x202.png 480w \" sizes=\"(max-width:479px) 479px, 100vw \"  width=\"400\" height=\"250\" \/><\/a><\/div>\n\t\t\t\t\t\t\t\t\t\t\t\t\t\t<h2 class=\"entry-title\">\n\t\t\t\t\t\t\t\t\t\t\t\t\t<a href=\"https:\/\/www.insuco.com\/en\/dany-la-noe-participated-in-the-6th-international-bauxite-alumina-symposium\/\">Dany La No\u00eb participated in the 6th International Bauxite-Alumina Symposium<\/a>\n\t\t\t\t\t\t\t\t\t\t\t<\/h2>\n\t\t\t\t\n\t\t\t\t\t<p class=\"post-meta\"><span class=\"published\">Sep 2017<\/span><\/p><div class=\"post-content\"><div class=\"post-content-inner\"><p>Dany La No\u00eb (Insuco General Manager for Guinea) participated on the 22th of September 2017 in the 6th International Bauxite-Alumina symposium of IBAAS-CAMEN, organised in Conakry, Guinea.<\/p>\n<\/div><\/div>\t\t\t\n\t\t\t<\/article>\n\t\t\t\t\n\t\t\t<article id=\"post-17425\" class=\"et_pb_post clearfix et_pb_blog_item_1_234 post-17425 post type-post status-publish format-standard has-post-thumbnail hentry category-news-from-insuco tag-anciens-articles-avec-builder-en\">\n\n\t\t\t\t<div class=\"et_pb_image_container\"><a href=\"https:\/\/www.insuco.com\/en\/peter-hochet-participated-in-the-week-of-mining-activities-in-west-africa\/\" class=\"entry-featured-image-url\"><img loading=\"lazy\" decoding=\"async\" src=\"https:\/\/www.insuco.com\/wp-content\/uploads\/2019\/06\/LOGO-SAMAO-OK-FRANCAIS-e1475165022371-400x250.jpg\" alt=\"Peter Hochet participated in the Week of Mining Activities in West Africa\" class=\"\" srcset=\"https:\/\/www.insuco.com\/wp-content\/uploads\/2019\/06\/LOGO-SAMAO-OK-FRANCAIS-e1475165022371.jpg 479w, https:\/\/www.insuco.com\/wp-content\/uploads\/2019\/06\/LOGO-SAMAO-OK-FRANCAIS-e1475165022371-400x250.jpg 480w \" sizes=\"(max-width:479px) 479px, 100vw \"  width=\"400\" height=\"250\" \/><\/a><\/div>\n\t\t\t\t\t\t\t\t\t\t\t\t\t\t<h2 class=\"entry-title\">\n\t\t\t\t\t\t\t\t\t\t\t\t\t<a href=\"https:\/\/www.insuco.com\/en\/peter-hochet-participated-in-the-week-of-mining-activities-in-west-africa\/\">Peter Hochet participated in the Week of Mining Activities in West Africa<\/a>\n\t\t\t\t\t\t\t\t\t\t\t<\/h2>\n\t\t\t\t\n\t\t\t\t\t<p class=\"post-meta\"><span class=\"published\">Sep 2017<\/span><\/p><div class=\"post-content\"><div class=\"post-content-inner\"><p>Peter Hochet (Insuco General Manager for Burkina Faso) participated on the 28th and 29th of September 2017 in the Week of Mining Activities in West Africa, in Ouagadougou, Burkina Faso.<\/p>\n<\/div><\/div>\t\t\t\n\t\t\t<\/article>\n\t\t\t\t\n\t\t\t<article id=\"post-17427\" class=\"et_pb_post clearfix et_pb_blog_item_1_235 post-17427 post type-post status-publish format-standard has-post-thumbnail hentry category-news-from-insuco tag-anciens-articles-avec-builder-en\">\n\n\t\t\t\t<div class=\"et_pb_image_container\"><a href=\"https:\/\/www.insuco.com\/en\/peter-hochet-participated-in-a-workshop-about-terristories-method\/\" class=\"entry-featured-image-url\"><img loading=\"lazy\" decoding=\"async\" src=\"https:\/\/www.insuco.com\/wp-content\/uploads\/2019\/06\/no-image-400x250.jpg\" alt=\"Peter Hochet participated in a workshop about TerriStories\u00ae method\" class=\"\" srcset=\"https:\/\/www.insuco.com\/wp-content\/uploads\/2019\/06\/no-image.jpg 479w, https:\/\/www.insuco.com\/wp-content\/uploads\/2019\/06\/no-image-400x250.jpg 480w \" sizes=\"(max-width:479px) 479px, 100vw \"  width=\"400\" height=\"250\" \/><\/a><\/div>\n\t\t\t\t\t\t\t\t\t\t\t\t\t\t<h2 class=\"entry-title\">\n\t\t\t\t\t\t\t\t\t\t\t\t\t<a href=\"https:\/\/www.insuco.com\/en\/peter-hochet-participated-in-a-workshop-about-terristories-method\/\">Peter Hochet participated in a workshop about TerriStories\u00ae method<\/a>\n\t\t\t\t\t\t\t\t\t\t\t<\/h2>\n\t\t\t\t\n\t\t\t\t\t<p class=\"post-meta\"><span class=\"published\">Jul 2017<\/span><\/p><div class=\"post-content\"><div class=\"post-content-inner\"><p>From the 03rd to the 04th of July 2017, Peter Hochet (Insuco General Manager for Burkina Faso) participated in a methodological workshop focusing on the method&#8230;<\/p>\n<\/div><\/div>\t\t\t\n\t\t\t<\/article>\n\t\t\t\t\n\t\t\t<article id=\"post-17434\" class=\"et_pb_post clearfix et_pb_blog_item_1_236 post-17434 post type-post status-publish format-standard has-post-thumbnail hentry category-news-from-insuco tag-anciens-articles-avec-builder-en\">\n\n\t\t\t\t<div class=\"et_pb_image_container\"><a href=\"https:\/\/www.insuco.com\/en\/guillen-calvo-and-lauriane-remy-participated-in-the-annual-ifcs-sustainability-exchange-in-cartagena-de-indias-colombia\/\" class=\"entry-featured-image-url\"><img loading=\"lazy\" decoding=\"async\" src=\"https:\/\/www.insuco.com\/wp-content\/uploads\/2019\/06\/201706_ifc-sustainability-exchange-infrastructures-natural-resources-colombia-400x250.jpg\" alt=\"Guill\u00e9n Calvo and Lauriane Remy participated in the annual IFC\u2019s Sustainability Exchange in Cartagena de Indias, Colombia\" class=\"\" srcset=\"https:\/\/www.insuco.com\/wp-content\/uploads\/2019\/06\/201706_ifc-sustainability-exchange-infrastructures-natural-resources-colombia.jpg 479w, https:\/\/www.insuco.com\/wp-content\/uploads\/2019\/06\/201706_ifc-sustainability-exchange-infrastructures-natural-resources-colombia-400x250.jpg 480w \" sizes=\"(max-width:479px) 479px, 100vw \"  width=\"400\" height=\"250\" \/><\/a><\/div>\n\t\t\t\t\t\t\t\t\t\t\t\t\t\t<h2 class=\"entry-title\">\n\t\t\t\t\t\t\t\t\t\t\t\t\t<a href=\"https:\/\/www.insuco.com\/en\/guillen-calvo-and-lauriane-remy-participated-in-the-annual-ifcs-sustainability-exchange-in-cartagena-de-indias-colombia\/\">Guill\u00e9n Calvo and Lauriane Remy participated in the annual IFC\u2019s Sustainability Exchange in Cartagena de Indias, Colombia<\/a>\n\t\t\t\t\t\t\t\t\t\t\t<\/h2>\n\t\t\t\t\n\t\t\t\t\t<p class=\"post-meta\"><span class=\"published\">Jun 2017<\/span><\/p><div class=\"post-content\"><div class=\"post-content-inner\"><p>Guill\u00e9n Calvo (Insuco General Manager for Latin America) and Lauriane Remy (Project Coordinator) participated on the 7th and 8th of June 2017 in the annual IFC\u2019s Sustainability Exchange&#8230;<\/p>\n<\/div><\/div>\t\t\t\n\t\t\t<\/article>\n\t\t\t\t\n\t\t\t<article id=\"post-17436\" class=\"et_pb_post clearfix et_pb_blog_item_1_237 post-17436 post type-post status-publish format-standard has-post-thumbnail hentry category-news-from-insuco tag-anciens-articles-avec-builder-en\">\n\n\t\t\t\t<div class=\"et_pb_image_container\"><a href=\"https:\/\/www.insuco.com\/en\/guillen-calvo-led-a-presentation-in-bogota-about-territorial-approach-in-corporate-social-responsibility\/\" class=\"entry-featured-image-url\"><img loading=\"lazy\" decoding=\"async\" src=\"https:\/\/www.insuco.com\/wp-content\/uploads\/2019\/06\/201706_enfoque-territorial-RSE-colombia-400x250.jpg\" alt=\"Guill\u00e9n Calvo led a presentation in Bogot\u00e1 about territorial approach in Corporate Social Responsibility\" class=\"\" srcset=\"https:\/\/www.insuco.com\/wp-content\/uploads\/2019\/06\/201706_enfoque-territorial-RSE-colombia.jpg 479w, https:\/\/www.insuco.com\/wp-content\/uploads\/2019\/06\/201706_enfoque-territorial-RSE-colombia-400x250.jpg 480w \" sizes=\"(max-width:479px) 479px, 100vw \"  width=\"400\" height=\"250\" \/><\/a><\/div>\n\t\t\t\t\t\t\t\t\t\t\t\t\t\t<h2 class=\"entry-title\">\n\t\t\t\t\t\t\t\t\t\t\t\t\t<a href=\"https:\/\/www.insuco.com\/en\/guillen-calvo-led-a-presentation-in-bogota-about-territorial-approach-in-corporate-social-responsibility\/\">Guill\u00e9n Calvo led a presentation in Bogot\u00e1 about territorial approach in Corporate Social Responsibility<\/a>\n\t\t\t\t\t\t\t\t\t\t\t<\/h2>\n\t\t\t\t\n\t\t\t\t\t<p class=\"post-meta\"><span class=\"published\">Jun 2017<\/span><\/p><div class=\"post-content\"><div class=\"post-content-inner\"><p>Guill\u00e9n Calvo (Insuco General Manager for Latin America) participated in a conference on the 11th of June 2017 in the EAN University, Bogot\u00e1&#8230;<\/p>\n<\/div><\/div>\t\t\t\n\t\t\t<\/article>\n\t\t\t\t\n\t\t\t<article id=\"post-17438\" class=\"et_pb_post clearfix et_pb_blog_item_1_238 post-17438 post type-post status-publish format-standard has-post-thumbnail hentry category-news-from-insuco tag-anciens-articles-avec-builder-en\">\n\n\t\t\t\t<div class=\"et_pb_image_container\"><a href=\"https:\/\/www.insuco.com\/en\/insuco-opened-new-offices-in-ecuador\/\" class=\"entry-featured-image-url\"><img loading=\"lazy\" decoding=\"async\" src=\"https:\/\/www.insuco.com\/wp-content\/uploads\/2019\/06\/201706_inauguracion-oficinas-insuco-ecuador-400x250.jpg\" alt=\"Insuco opened new offices in Ecuador\" class=\"\" srcset=\"https:\/\/www.insuco.com\/wp-content\/uploads\/2019\/06\/201706_inauguracion-oficinas-insuco-ecuador.jpg 479w, https:\/\/www.insuco.com\/wp-content\/uploads\/2019\/06\/201706_inauguracion-oficinas-insuco-ecuador-400x250.jpg 480w \" sizes=\"(max-width:479px) 479px, 100vw \"  width=\"400\" height=\"250\" \/><\/a><\/div>\n\t\t\t\t\t\t\t\t\t\t\t\t\t\t<h2 class=\"entry-title\">\n\t\t\t\t\t\t\t\t\t\t\t\t\t<a href=\"https:\/\/www.insuco.com\/en\/insuco-opened-new-offices-in-ecuador\/\">Insuco opened new offices in Ecuador<\/a>\n\t\t\t\t\t\t\t\t\t\t\t<\/h2>\n\t\t\t\t\n\t\t\t\t\t<p class=\"post-meta\"><span class=\"published\">Jun 2017<\/span><\/p><div class=\"post-content\"><div class=\"post-content-inner\"><p>In the context of the ongoing collaboration between Insuco and Lundin Gold, and in particular the technical assistance for the social management of the Fruta Del Norte project&#8230;<\/p>\n<\/div><\/div>\t\t\t\n\t\t\t<\/article>\n\t\t\t\t\n\t\t\t<article id=\"post-17449\" class=\"et_pb_post clearfix et_pb_blog_item_1_239 post-17449 post type-post status-publish format-standard has-post-thumbnail hentry category-news-from-insuco tag-anciens-articles-avec-builder-en\">\n\n\t\t\t\t<div class=\"et_pb_image_container\"><a href=\"https:\/\/www.insuco.com\/en\/peter-hochet-led-a-presentation-about-irrigated-land-tenure-in-nogent-sur-marne-france\/\" class=\"entry-featured-image-url\"><img loading=\"lazy\" decoding=\"async\" src=\"https:\/\/www.insuco.com\/wp-content\/uploads\/2019\/06\/201705_Insuco-Foncier-Irrigue-Sahel-400x250.jpg\" alt=\"Peter Hochet led a presentation about irrigated land tenure in Nogent-sur-Marne, France\" class=\"\" srcset=\"https:\/\/www.insuco.com\/wp-content\/uploads\/2019\/06\/201705_Insuco-Foncier-Irrigue-Sahel.jpg 479w, https:\/\/www.insuco.com\/wp-content\/uploads\/2019\/06\/201705_Insuco-Foncier-Irrigue-Sahel-400x250.jpg 480w \" sizes=\"(max-width:479px) 479px, 100vw \"  width=\"400\" height=\"250\" \/><\/a><\/div>\n\t\t\t\t\t\t\t\t\t\t\t\t\t\t<h2 class=\"entry-title\">\n\t\t\t\t\t\t\t\t\t\t\t\t\t<a href=\"https:\/\/www.insuco.com\/en\/peter-hochet-led-a-presentation-about-irrigated-land-tenure-in-nogent-sur-marne-france\/\">Peter Hochet led a presentation about irrigated land tenure in Nogent-sur-Marne, France<\/a>\n\t\t\t\t\t\t\t\t\t\t\t<\/h2>\n\t\t\t\t\n\t\t\t\t\t<p class=\"post-meta\"><span class=\"published\">May 2017<\/span><\/p><div class=\"post-content\"><div class=\"post-content-inner\"><p>Peter Hochet (Insuco General Manager for Burkina Faso) participated in the workshop entitled \u201cLand rights issues and development models in the context of irrigated perimeters&#8221;&#8230;<\/p>\n<\/div><\/div>\t\t\t\n\t\t\t<\/article>\n\t\t\t\t\n\t\t\t<article id=\"post-17451\" class=\"et_pb_post clearfix et_pb_blog_item_1_240 post-17451 post type-post status-publish format-standard has-post-thumbnail hentry category-news-from-insuco tag-anciens-articles-avec-builder-en\">\n\n\t\t\t\t<div class=\"et_pb_image_container\"><a href=\"https:\/\/www.insuco.com\/en\/guillen-calvo-represented-insuco-in-the-event-corporate-social-responsibility-a-key-factor-for-competitiveness\/\" class=\"entry-featured-image-url\"><img loading=\"lazy\" decoding=\"async\" src=\"https:\/\/www.insuco.com\/wp-content\/uploads\/2019\/06\/201705_dialogo-rse-competitividad-bucaramanga-400x250.jpg\" alt=\"Guill\u00e9n Calvo represented Insuco in the event \u201cCorporate Social Responsibility, a key factor for competitiveness\u201d\" class=\"\" srcset=\"https:\/\/www.insuco.com\/wp-content\/uploads\/2019\/06\/201705_dialogo-rse-competitividad-bucaramanga.jpg 479w, https:\/\/www.insuco.com\/wp-content\/uploads\/2019\/06\/201705_dialogo-rse-competitividad-bucaramanga-400x250.jpg 480w \" sizes=\"(max-width:479px) 479px, 100vw \"  width=\"400\" height=\"250\" \/><\/a><\/div>\n\t\t\t\t\t\t\t\t\t\t\t\t\t\t<h2 class=\"entry-title\">\n\t\t\t\t\t\t\t\t\t\t\t\t\t<a href=\"https:\/\/www.insuco.com\/en\/guillen-calvo-represented-insuco-in-the-event-corporate-social-responsibility-a-key-factor-for-competitiveness\/\">Guill\u00e9n Calvo represented Insuco in the event \u201cCorporate Social Responsibility, a key factor for competitiveness\u201d<\/a>\n\t\t\t\t\t\t\t\t\t\t\t<\/h2>\n\t\t\t\t\n\t\t\t\t\t<p class=\"post-meta\"><span class=\"published\">May 2017<\/span><\/p><div class=\"post-content\"><div class=\"post-content-inner\"><p>On the 04th of May 2017, Guill\u00e9n Calvo (Insuco General Manager for Latin America) led a presentation within a dialogue entitled \u201cCorporate Social Responsibility (CSR)&#8230;<\/p>\n<\/div><\/div>\t\t\t\n\t\t\t<\/article>\n\t\t\t\t\n\t\t\t<article id=\"post-17458\" class=\"et_pb_post clearfix et_pb_blog_item_1_241 post-17458 post type-post status-publish format-standard has-post-thumbnail hentry category-news-from-insuco tag-anciens-articles-avec-builder-en\">\n\n\t\t\t\t<div class=\"et_pb_image_container\"><a href=\"https:\/\/www.insuco.com\/en\/pascal-rey-participated-in-the-italian-french-journee-detude-colloquium-of-philosophy-and-global-affairs\/\" class=\"entry-featured-image-url\"><img loading=\"lazy\" decoding=\"async\" src=\"https:\/\/www.insuco.com\/wp-content\/uploads\/2019\/06\/201705_justice-models-sustainability-catania-400x250.jpg\" alt=\"Pascal Rey participated in the Italian-French Journ\u00e9e d\u2019Etude \u201cColloquium of Philosophy and Global Affairs\u201d\" class=\"\" srcset=\"https:\/\/www.insuco.com\/wp-content\/uploads\/2019\/06\/201705_justice-models-sustainability-catania.jpg 479w, https:\/\/www.insuco.com\/wp-content\/uploads\/2019\/06\/201705_justice-models-sustainability-catania-400x250.jpg 480w \" sizes=\"(max-width:479px) 479px, 100vw \"  width=\"400\" height=\"250\" \/><\/a><\/div>\n\t\t\t\t\t\t\t\t\t\t\t\t\t\t<h2 class=\"entry-title\">\n\t\t\t\t\t\t\t\t\t\t\t\t\t<a href=\"https:\/\/www.insuco.com\/en\/pascal-rey-participated-in-the-italian-french-journee-detude-colloquium-of-philosophy-and-global-affairs\/\">Pascal Rey participated in the Italian-French Journ\u00e9e d\u2019Etude \u201cColloquium of Philosophy and Global Affairs\u201d<\/a>\n\t\t\t\t\t\t\t\t\t\t\t<\/h2>\n\t\t\t\t\n\t\t\t\t\t<p class=\"post-meta\"><span class=\"published\">May 2017<\/span><\/p><div class=\"post-content\"><div class=\"post-content-inner\"><p>Pascal Rey (CEO of Insuco and Co-Founder of the IFSRA), participated on the 05th of May in the Italian-French Journ\u00e9e d\u2019Etude \u201cColloquium of Philosophy and Global Affairs\u201d&#8230;<\/p>\n<\/div><\/div>\t\t\t\n\t\t\t<\/article>\n\t\t\t\t\n\t\t\t<article id=\"post-17460\" class=\"et_pb_post clearfix et_pb_blog_item_1_242 post-17460 post type-post status-publish format-standard has-post-thumbnail hentry category-news-from-insuco tag-anciens-articles-avec-builder-en\">\n\n\t\t\t\t<div class=\"et_pb_image_container\"><a href=\"https:\/\/www.insuco.com\/en\/pascal-rey-and-dany-la-noe-participated-in-the-guinea-mines-symposium-in-conakry\/\" class=\"entry-featured-image-url\"><img loading=\"lazy\" decoding=\"async\" src=\"https:\/\/www.insuco.com\/wp-content\/uploads\/2019\/06\/201705_symposium-mines-sustainable-social-mining-guinea-400x250.jpg\" alt=\"Pascal Rey and Dany La No\u00eb participated in the Guinea Mines Symposium in Conakry\" class=\"\" srcset=\"https:\/\/www.insuco.com\/wp-content\/uploads\/2019\/06\/201705_symposium-mines-sustainable-social-mining-guinea.jpg 479w, https:\/\/www.insuco.com\/wp-content\/uploads\/2019\/06\/201705_symposium-mines-sustainable-social-mining-guinea-400x250.jpg 480w \" sizes=\"(max-width:479px) 479px, 100vw \"  width=\"400\" height=\"250\" \/><\/a><\/div>\n\t\t\t\t\t\t\t\t\t\t\t\t\t\t<h2 class=\"entry-title\">\n\t\t\t\t\t\t\t\t\t\t\t\t\t<a href=\"https:\/\/www.insuco.com\/en\/pascal-rey-and-dany-la-noe-participated-in-the-guinea-mines-symposium-in-conakry\/\">Pascal Rey and Dany La No\u00eb participated in the Guinea Mines Symposium in Conakry<\/a>\n\t\t\t\t\t\t\t\t\t\t\t<\/h2>\n\t\t\t\t\n\t\t\t\t\t<p class=\"post-meta\"><span class=\"published\">May 2017<\/span><\/p><div class=\"post-content\"><div class=\"post-content-inner\"><p>From the 09th to the 11th of May 2017, Pascal Rey (CEO Insuco) and Dany La No\u00eb (Insuco General Manager for Guinea) participated in the Guinea Mines Symposium&#8230;<\/p>\n<\/div><\/div>\t\t\t\n\t\t\t<\/article>\n\t\t\t\t\n\t\t\t<article id=\"post-17462\" class=\"et_pb_post clearfix et_pb_blog_item_1_243 post-17462 post type-post status-publish format-standard has-post-thumbnail hentry category-news-from-insuco tag-anciens-articles-avec-builder-en\">\n\n\t\t\t\t<div class=\"et_pb_image_container\"><a href=\"https:\/\/www.insuco.com\/en\/guillen-calvo-led-a-roundtable-about-the-territorial-approach-in-corporate-social-responsibility-csr\/\" class=\"entry-featured-image-url\"><img loading=\"lazy\" decoding=\"async\" src=\"https:\/\/www.insuco.com\/wp-content\/uploads\/2019\/06\/201704_construyendo-pais-rse-francia-colombia-400x250.jpg\" alt=\"Guill\u00e9n Calvo led a roundtable about the territorial approach in Corporate Social Responsibility (CSR)\" class=\"\" srcset=\"https:\/\/www.insuco.com\/wp-content\/uploads\/2019\/06\/201704_construyendo-pais-rse-francia-colombia.jpg 479w, https:\/\/www.insuco.com\/wp-content\/uploads\/2019\/06\/201704_construyendo-pais-rse-francia-colombia-400x250.jpg 480w \" sizes=\"(max-width:479px) 479px, 100vw \"  width=\"400\" height=\"250\" \/><\/a><\/div>\n\t\t\t\t\t\t\t\t\t\t\t\t\t\t<h2 class=\"entry-title\">\n\t\t\t\t\t\t\t\t\t\t\t\t\t<a href=\"https:\/\/www.insuco.com\/en\/guillen-calvo-led-a-roundtable-about-the-territorial-approach-in-corporate-social-responsibility-csr\/\">Guill\u00e9n Calvo led a roundtable about the territorial approach in Corporate Social Responsibility (CSR)<\/a>\n\t\t\t\t\t\t\t\t\t\t\t<\/h2>\n\t\t\t\t\n\t\t\t\t\t<p class=\"post-meta\"><span class=\"published\">Apr 2017<\/span><\/p><div class=\"post-content\"><div class=\"post-content-inner\"><p>Guill\u00e9n Calvo (Insuco General Manager for Latin America) led a roundtable on the 26th and 27th of April 2017, respectively in Bogot\u00e1 and Medell\u00edn, in the context of the event \u201c\u00a1Contruyendo Pa\u00eds!&#8230;<\/p>\n<\/div><\/div>\t\t\t\n\t\t\t<\/article>\n\t\t\t\t\n\t\t\t<article id=\"post-17473\" class=\"et_pb_post clearfix et_pb_blog_item_1_244 post-17473 post type-post status-publish format-standard has-post-thumbnail hentry category-news-from-insuco tag-anciens-articles-avec-builder-en\">\n\n\t\t\t\t<div class=\"et_pb_image_container\"><a href=\"https:\/\/www.insuco.com\/en\/guillen-calvo-led-a-dialogue-about-achievements-insights-and-challenges-of-different-experiences-regarding-reconciliation-in-colombia\/\" class=\"entry-featured-image-url\"><img loading=\"lazy\" decoding=\"async\" src=\"https:\/\/www.insuco.com\/wp-content\/uploads\/2019\/06\/201704_dialogo-reconciliacion-bogota-filbo-400x250.jpg\" alt=\"Guill\u00e9n Calvo led a dialogue about achievements, insights and challenges of different experiences regarding reconciliation in Colombia\" class=\"\" srcset=\"https:\/\/www.insuco.com\/wp-content\/uploads\/2019\/06\/201704_dialogo-reconciliacion-bogota-filbo.jpg 479w, https:\/\/www.insuco.com\/wp-content\/uploads\/2019\/06\/201704_dialogo-reconciliacion-bogota-filbo-400x250.jpg 480w \" sizes=\"(max-width:479px) 479px, 100vw \"  width=\"400\" height=\"250\" \/><\/a><\/div>\n\t\t\t\t\t\t\t\t\t\t\t\t\t\t<h2 class=\"entry-title\">\n\t\t\t\t\t\t\t\t\t\t\t\t\t<a href=\"https:\/\/www.insuco.com\/en\/guillen-calvo-led-a-dialogue-about-achievements-insights-and-challenges-of-different-experiences-regarding-reconciliation-in-colombia\/\">Guill\u00e9n Calvo led a dialogue about achievements, insights and challenges of different experiences regarding reconciliation in Colombia<\/a>\n\t\t\t\t\t\t\t\t\t\t\t<\/h2>\n\t\t\t\t\n\t\t\t\t\t<p class=\"post-meta\"><span class=\"published\">Apr 2017<\/span><\/p><div class=\"post-content\"><div class=\"post-content-inner\"><p>In the context of the French Colombian year, Guill\u00e9n Calvo (Insuco General Manager for Latin America) led a dialogue on the 26th of April 2017 about successful experiences regarding&#8230;<\/p>\n<\/div><\/div>\t\t\t\n\t\t\t<\/article>\n\t\t\t\t\n\t\t\t<article id=\"post-17475\" class=\"et_pb_post clearfix et_pb_blog_item_1_245 post-17475 post type-post status-publish format-standard has-post-thumbnail hentry category-news-from-insuco tag-anciens-articles-avec-builder-en\">\n\n\t\t\t\t<div class=\"et_pb_image_container\"><a href=\"https:\/\/www.insuco.com\/en\/peter-hochet-led-a-presentation-about-securing-land-rights-and-participatory-processes-in-washington-dc\/\" class=\"entry-featured-image-url\"><img loading=\"lazy\" decoding=\"async\" src=\"https:\/\/www.insuco.com\/wp-content\/uploads\/2019\/06\/no-image-400x250.jpg\" alt=\"Peter Hochet led a presentation about securing land rights and participatory processes in Washington DC\" class=\"\" srcset=\"https:\/\/www.insuco.com\/wp-content\/uploads\/2019\/06\/no-image.jpg 479w, https:\/\/www.insuco.com\/wp-content\/uploads\/2019\/06\/no-image-400x250.jpg 480w \" sizes=\"(max-width:479px) 479px, 100vw \"  width=\"400\" height=\"250\" \/><\/a><\/div>\n\t\t\t\t\t\t\t\t\t\t\t\t\t\t<h2 class=\"entry-title\">\n\t\t\t\t\t\t\t\t\t\t\t\t\t<a href=\"https:\/\/www.insuco.com\/en\/peter-hochet-led-a-presentation-about-securing-land-rights-and-participatory-processes-in-washington-dc\/\">Peter Hochet led a presentation about securing land rights and participatory processes in Washington DC<\/a>\n\t\t\t\t\t\t\t\t\t\t\t<\/h2>\n\t\t\t\t\n\t\t\t\t\t<p class=\"post-meta\"><span class=\"published\">Mar 2017<\/span><\/p><div class=\"post-content\"><div class=\"post-content-inner\"><p>Peter Hochet (Insuco General Manager for Burkina Faso) participated in the Annual \u201cLand and Poverty Conference\u201d organised by the World Bank, that took place in Washington DC&#8230;<\/p>\n<\/div><\/div>\t\t\t\n\t\t\t<\/article>\n\t\t\t\t\n\t\t\t<article id=\"post-17482\" class=\"et_pb_post clearfix et_pb_blog_item_1_246 post-17482 post type-post status-publish format-standard has-post-thumbnail hentry category-news-from-insuco tag-anciens-articles-avec-builder-en\">\n\n\t\t\t\t<div class=\"et_pb_image_container\"><a href=\"https:\/\/www.insuco.com\/en\/the-world-bank-joined-the-approach-developed-by-insuco-and-the-cirad-in-the-context-of-the-forest-investment-program-in-burkina-faso\/\" class=\"entry-featured-image-url\"><img loading=\"lazy\" decoding=\"async\" src=\"https:\/\/www.insuco.com\/wp-content\/uploads\/2019\/06\/no-image-400x250.jpg\" alt=\"The World Bank joined the approach developed by Insuco and the CIRAD, in the context of the Forest Investment Program in Burkina Faso\" class=\"\" srcset=\"https:\/\/www.insuco.com\/wp-content\/uploads\/2019\/06\/no-image.jpg 479w, https:\/\/www.insuco.com\/wp-content\/uploads\/2019\/06\/no-image-400x250.jpg 480w \" sizes=\"(max-width:479px) 479px, 100vw \"  width=\"400\" height=\"250\" \/><\/a><\/div>\n\t\t\t\t\t\t\t\t\t\t\t\t\t\t<h2 class=\"entry-title\">\n\t\t\t\t\t\t\t\t\t\t\t\t\t<a href=\"https:\/\/www.insuco.com\/en\/the-world-bank-joined-the-approach-developed-by-insuco-and-the-cirad-in-the-context-of-the-forest-investment-program-in-burkina-faso\/\">The World Bank joined the approach developed by Insuco and the CIRAD, in the context of the Forest Investment Program in Burkina Faso<\/a>\n\t\t\t\t\t\t\t\t\t\t\t<\/h2>\n\t\t\t\t\n\t\t\t\t\t<p class=\"post-meta\"><span class=\"published\">Mar 2017<\/span><\/p><div class=\"post-content\"><div class=\"post-content-inner\"><p>In March 2017, the World Bank joined the approach developed by Insuco and the CIRAD (French Agricultural Research Centre for International Development), in the context of the Forest Investment Program (FIP)&#8230;<\/p>\n<\/div><\/div>\t\t\t\n\t\t\t<\/article>\n\t\t\t\t\n\t\t\t<article id=\"post-17484\" class=\"et_pb_post clearfix et_pb_blog_item_1_247 post-17484 post type-post status-publish format-standard has-post-thumbnail hentry category-news-from-insuco tag-anciens-articles-avec-builder-en\">\n\n\t\t\t\t<div class=\"et_pb_image_container\"><a href=\"https:\/\/www.insuco.com\/en\/guillen-calvo-gave-a-lecture-in-the-master-of-social-responsibility-and-sustainability-of-the-externado-university-colombia\/\" class=\"entry-featured-image-url\"><img loading=\"lazy\" decoding=\"async\" src=\"https:\/\/www.insuco.com\/wp-content\/uploads\/2019\/06\/no-image-400x250.jpg\" alt=\"Guill\u00e9n Calvo gave a lecture in the Master of Social Responsibility and Sustainability, of the Externado University, Colombia\" class=\"\" srcset=\"https:\/\/www.insuco.com\/wp-content\/uploads\/2019\/06\/no-image.jpg 479w, https:\/\/www.insuco.com\/wp-content\/uploads\/2019\/06\/no-image-400x250.jpg 480w \" sizes=\"(max-width:479px) 479px, 100vw \"  width=\"400\" height=\"250\" \/><\/a><\/div>\n\t\t\t\t\t\t\t\t\t\t\t\t\t\t<h2 class=\"entry-title\">\n\t\t\t\t\t\t\t\t\t\t\t\t\t<a href=\"https:\/\/www.insuco.com\/en\/guillen-calvo-gave-a-lecture-in-the-master-of-social-responsibility-and-sustainability-of-the-externado-university-colombia\/\">Guill\u00e9n Calvo gave a lecture in the Master of Social Responsibility and Sustainability, of the Externado University, Colombia<\/a>\n\t\t\t\t\t\t\t\t\t\t\t<\/h2>\n\t\t\t\t\n\t\t\t\t\t<p class=\"post-meta\"><span class=\"published\">Mar 2017<\/span><\/p><div class=\"post-content\"><div class=\"post-content-inner\"><p>Guill\u00e9n Calvo (Insuco General Manager for Latin America) gave four courses between March and June 2017 within the specialization unit \u201cSocial Management of Extractive projects\u201d&#8230;<\/p>\n<\/div><\/div>\t\t\t\n\t\t\t<\/article>\n\t\t\t\t\n\t\t\t<article id=\"post-17486\" class=\"et_pb_post clearfix et_pb_blog_item_1_248 post-17486 post type-post status-publish format-standard has-post-thumbnail hentry category-news-from-insuco tag-anciens-articles-avec-builder-en\">\n\n\t\t\t\t<div class=\"et_pb_image_container\"><a href=\"https:\/\/www.insuco.com\/en\/guillen-calvo-led-a-dialogue-about-the-private-sector-function-within-territorial-development-processes\/\" class=\"entry-featured-image-url\"><img loading=\"lazy\" decoding=\"async\" src=\"https:\/\/www.insuco.com\/wp-content\/uploads\/2019\/06\/201703_transparencia-por-colombia-desarrollo-territorial-privado-extractivo-400x250.jpg\" alt=\"Guill\u00e9n Calvo led a dialogue about the private sector function within territorial development processes\" class=\"\" srcset=\"https:\/\/www.insuco.com\/wp-content\/uploads\/2019\/06\/201703_transparencia-por-colombia-desarrollo-territorial-privado-extractivo.jpg 479w, https:\/\/www.insuco.com\/wp-content\/uploads\/2019\/06\/201703_transparencia-por-colombia-desarrollo-territorial-privado-extractivo-400x250.jpg 480w \" sizes=\"(max-width:479px) 479px, 100vw \"  width=\"400\" height=\"250\" \/><\/a><\/div>\n\t\t\t\t\t\t\t\t\t\t\t\t\t\t<h2 class=\"entry-title\">\n\t\t\t\t\t\t\t\t\t\t\t\t\t<a href=\"https:\/\/www.insuco.com\/en\/guillen-calvo-led-a-dialogue-about-the-private-sector-function-within-territorial-development-processes\/\">Guill\u00e9n Calvo led a dialogue about the private sector function within territorial development processes<\/a>\n\t\t\t\t\t\t\t\t\t\t\t<\/h2>\n\t\t\t\t\n\t\t\t\t\t<p class=\"post-meta\"><span class=\"published\">Mar 2017<\/span><\/p><div class=\"post-content\"><div class=\"post-content-inner\"><p>In the context of the French Colombian year, Insuco co-organised an event entitled \u201cTowards a new democratic dialogue? Progresses and challenges in France and Colombia&#8230;<\/p>\n<\/div><\/div>\t\t\t\n\t\t\t<\/article>\n\t\t\t\t\n\t\t\t<article id=\"post-17497\" class=\"et_pb_post clearfix et_pb_blog_item_1_249 post-17497 post type-post status-publish format-standard has-post-thumbnail hentry category-news-from-insuco tag-anciens-articles-avec-builder-en\">\n\n\t\t\t\t<div class=\"et_pb_image_container\"><a href=\"https:\/\/www.insuco.com\/en\/insuco-opened-a-new-office-in-djibouti\/\" class=\"entry-featured-image-url\"><img loading=\"lazy\" decoding=\"async\" src=\"https:\/\/www.insuco.com\/wp-content\/uploads\/2019\/06\/201702_insuco-bureaux-djibouti-400x250.jpg\" alt=\"Insuco opened a new office in Djibouti\" class=\"\" srcset=\"https:\/\/www.insuco.com\/wp-content\/uploads\/2019\/06\/201702_insuco-bureaux-djibouti.jpg 479w, https:\/\/www.insuco.com\/wp-content\/uploads\/2019\/06\/201702_insuco-bureaux-djibouti-400x250.jpg 480w \" sizes=\"(max-width:479px) 479px, 100vw \"  width=\"400\" height=\"250\" \/><\/a><\/div>\n\t\t\t\t\t\t\t\t\t\t\t\t\t\t<h2 class=\"entry-title\">\n\t\t\t\t\t\t\t\t\t\t\t\t\t<a href=\"https:\/\/www.insuco.com\/en\/insuco-opened-a-new-office-in-djibouti\/\">Insuco opened a new office in Djibouti<\/a>\n\t\t\t\t\t\t\t\t\t\t\t<\/h2>\n\t\t\t\t\n\t\t\t\t\t<p class=\"post-meta\"><span class=\"published\">Feb 2017<\/span><\/p><div class=\"post-content\"><div class=\"post-content-inner\"><p>After a first year with important activity in Djibouti for the United Nations, the government, funders and private entities, Insuco opened a new office in Djibouti&#8230;<\/p>\n<\/div><\/div>\t\t\t\n\t\t\t<\/article>\n\t\t\t\t\n\t\t\t<article id=\"post-17499\" class=\"et_pb_post clearfix et_pb_blog_item_1_250 post-17499 post type-post status-publish format-standard has-post-thumbnail hentry category-news-from-insuco tag-anciens-articles-avec-builder-en\">\n\n\t\t\t\t<div class=\"et_pb_image_container\"><a href=\"https:\/\/www.insuco.com\/en\/guillen-calvo-participated-in-the-first-regionalisation-congress-in-manizales-colombia\/\" class=\"entry-featured-image-url\"><img loading=\"lazy\" decoding=\"async\" src=\"https:\/\/www.insuco.com\/wp-content\/uploads\/2019\/06\/no-image-400x250.jpg\" alt=\"Guill\u00e9n Calvo participated in the first Regionalisation Congress in Manizales, Colombia\" class=\"\" srcset=\"https:\/\/www.insuco.com\/wp-content\/uploads\/2019\/06\/no-image.jpg 479w, https:\/\/www.insuco.com\/wp-content\/uploads\/2019\/06\/no-image-400x250.jpg 480w \" sizes=\"(max-width:479px) 479px, 100vw \"  width=\"400\" height=\"250\" \/><\/a><\/div>\n\t\t\t\t\t\t\t\t\t\t\t\t\t\t<h2 class=\"entry-title\">\n\t\t\t\t\t\t\t\t\t\t\t\t\t<a href=\"https:\/\/www.insuco.com\/en\/guillen-calvo-participated-in-the-first-regionalisation-congress-in-manizales-colombia\/\">Guill\u00e9n Calvo participated in the first Regionalisation Congress in Manizales, Colombia<\/a>\n\t\t\t\t\t\t\t\t\t\t\t<\/h2>\n\t\t\t\t\n\t\t\t\t\t<p class=\"post-meta\"><span class=\"published\">Oct 2016<\/span><\/p><div class=\"post-content\"><div class=\"post-content-inner\"><p>On the 06th of October 2016, Guill\u00e9n Calvo (Insuco General Manager for Latin America) participated in the First Regionalisation Congress organised with the Caldas University&#8230;<\/p>\n<\/div><\/div>\t\t\t\n\t\t\t<\/article>\n\t\t\t\t\n\t\t\t<article id=\"post-17506\" class=\"et_pb_post clearfix et_pb_blog_item_1_251 post-17506 post type-post status-publish format-standard has-post-thumbnail hentry category-news-from-insuco tag-anciens-articles-avec-builder-en\">\n\n\t\t\t\t<div class=\"et_pb_image_container\"><a href=\"https:\/\/www.insuco.com\/en\/article-by-pascal-rey-published-in-vienna-journal-of-african-studies-stichproben\/\" class=\"entry-featured-image-url\"><img loading=\"lazy\" decoding=\"async\" src=\"https:\/\/www.insuco.com\/wp-content\/uploads\/2019\/06\/no-image-400x250.jpg\" alt=\"Article by Pascal Rey published in Vienna Journal of African Studies Stichproben\" class=\"\" srcset=\"https:\/\/www.insuco.com\/wp-content\/uploads\/2019\/06\/no-image.jpg 479w, https:\/\/www.insuco.com\/wp-content\/uploads\/2019\/06\/no-image-400x250.jpg 480w \" sizes=\"(max-width:479px) 479px, 100vw \"  width=\"400\" height=\"250\" \/><\/a><\/div>\n\t\t\t\t\t\t\t\t\t\t\t\t\t\t<h2 class=\"entry-title\">\n\t\t\t\t\t\t\t\t\t\t\t\t\t<a href=\"https:\/\/www.insuco.com\/en\/article-by-pascal-rey-published-in-vienna-journal-of-african-studies-stichproben\/\">Article by Pascal Rey published in Vienna Journal of African Studies Stichproben<\/a>\n\t\t\t\t\t\t\t\t\t\t\t<\/h2>\n\t\t\t\t\n\t\t\t\t\t<p class=\"post-meta\"><span class=\"published\">Sep 2016<\/span><\/p><div class=\"post-content\"><div class=\"post-content-inner\"><p>Pascal Rey (Insuco CEO) has published an article on power history in Guinea and changes involved by the development of the mining sector in the Vienna Journal&#8230;<\/p>\n<\/div><\/div>\t\t\t\n\t\t\t<\/article>\n\t\t\t\t\n\t\t\t<article id=\"post-17508\" class=\"et_pb_post clearfix et_pb_blog_item_1_252 post-17508 post type-post status-publish format-standard has-post-thumbnail hentry category-news-from-insuco tag-anciens-articles-avec-builder-en\">\n\n\t\t\t\t<div class=\"et_pb_image_container\"><a href=\"https:\/\/www.insuco.com\/en\/peter-hochet-assisted-to-a-meeting-with-the-steering-group-of-the-fpa-project-in-burkina-faso\/\" class=\"entry-featured-image-url\"><img loading=\"lazy\" decoding=\"async\" src=\"https:\/\/www.insuco.com\/wp-content\/uploads\/2019\/06\/no-image-400x250.jpg\" alt=\"Peter Hochet assisted to a meeting with the steering group of the FPA Project in Burkina Faso\" class=\"\" srcset=\"https:\/\/www.insuco.com\/wp-content\/uploads\/2019\/06\/no-image.jpg 479w, https:\/\/www.insuco.com\/wp-content\/uploads\/2019\/06\/no-image-400x250.jpg 480w \" sizes=\"(max-width:479px) 479px, 100vw \"  width=\"400\" height=\"250\" \/><\/a><\/div>\n\t\t\t\t\t\t\t\t\t\t\t\t\t\t<h2 class=\"entry-title\">\n\t\t\t\t\t\t\t\t\t\t\t\t\t<a href=\"https:\/\/www.insuco.com\/en\/peter-hochet-assisted-to-a-meeting-with-the-steering-group-of-the-fpa-project-in-burkina-faso\/\">Peter Hochet assisted to a meeting with the steering group of the FPA Project in Burkina Faso<\/a>\n\t\t\t\t\t\t\t\t\t\t\t<\/h2>\n\t\t\t\t\n\t\t\t\t\t<p class=\"post-meta\"><span class=\"published\">Jun 2016<\/span><\/p><div class=\"post-content\"><div class=\"post-content-inner\"><p>June 24th 2016 Peter Hochet (General Manager Burkina Faso, INSUCO) assisted to a meeting with the steering committee of the FPA project that the Italian association&#8230;<\/p>\n<\/div><\/div>\t\t\t\n\t\t\t<\/article>\n\t\t\t\t\n\t\t\t<article id=\"post-17510\" class=\"et_pb_post clearfix et_pb_blog_item_1_253 post-17510 post type-post status-publish format-standard has-post-thumbnail hentry category-news-from-insuco tag-anciens-articles-avec-builder-en\">\n\n\t\t\t\t<div class=\"et_pb_image_container\"><a href=\"https:\/\/www.insuco.com\/en\/mathieu-fribault-took-part-in-the-association-of-critical-heritage-studies-bi-annual-conference\/\" class=\"entry-featured-image-url\"><img loading=\"lazy\" decoding=\"async\" src=\"https:\/\/www.insuco.com\/wp-content\/uploads\/2019\/06\/no-image-400x250.jpg\" alt=\"Mathieu Fribault took part in the Association of Critical Heritage Studies Bi-annual Conference\" class=\"\" srcset=\"https:\/\/www.insuco.com\/wp-content\/uploads\/2019\/06\/no-image.jpg 479w, https:\/\/www.insuco.com\/wp-content\/uploads\/2019\/06\/no-image-400x250.jpg 480w \" sizes=\"(max-width:479px) 479px, 100vw \"  width=\"400\" height=\"250\" \/><\/a><\/div>\n\t\t\t\t\t\t\t\t\t\t\t\t\t\t<h2 class=\"entry-title\">\n\t\t\t\t\t\t\t\t\t\t\t\t\t<a href=\"https:\/\/www.insuco.com\/en\/mathieu-fribault-took-part-in-the-association-of-critical-heritage-studies-bi-annual-conference\/\">Mathieu Fribault took part in the Association of Critical Heritage Studies Bi-annual Conference<\/a>\n\t\t\t\t\t\t\t\t\t\t\t<\/h2>\n\t\t\t\t\n\t\t\t\t\t<p class=\"post-meta\"><span class=\"published\">Jun 2016<\/span><\/p><div class=\"post-content\"><div class=\"post-content-inner\"><p>During the Bi-annual Conference of the Association of Critical Heritage Studies, that was held in Montreal from 3rd to 8th of June 2016, and that focused on the theme&#8230;<\/p>\n<\/div><\/div>\t\t\t\n\t\t\t<\/article>\n\t\t\t\t\n\t\t\t<article id=\"post-17521\" class=\"et_pb_post clearfix et_pb_blog_item_1_254 post-17521 post type-post status-publish format-standard has-post-thumbnail hentry category-news-from-insuco tag-anciens-articles-avec-builder-en\">\n\n\t\t\t\t<div class=\"et_pb_image_container\"><a href=\"https:\/\/www.insuco.com\/en\/pascal-rey-and-anais-weber-participated-in-landac-international-conference\/\" class=\"entry-featured-image-url\"><img loading=\"lazy\" decoding=\"async\" src=\"https:\/\/www.insuco.com\/wp-content\/uploads\/2019\/06\/201606_Insuco-Landac-Land-Acquisition-Urban-Planning-400x250.jpg\" alt=\"Pascal Rey and Ana\u00efs Weber participated in LANDac International Conference\" class=\"\" srcset=\"https:\/\/www.insuco.com\/wp-content\/uploads\/2019\/06\/201606_Insuco-Landac-Land-Acquisition-Urban-Planning.jpg 479w, https:\/\/www.insuco.com\/wp-content\/uploads\/2019\/06\/201606_Insuco-Landac-Land-Acquisition-Urban-Planning-400x250.jpg 480w \" sizes=\"(max-width:479px) 479px, 100vw \"  width=\"400\" height=\"250\" \/><\/a><\/div>\n\t\t\t\t\t\t\t\t\t\t\t\t\t\t<h2 class=\"entry-title\">\n\t\t\t\t\t\t\t\t\t\t\t\t\t<a href=\"https:\/\/www.insuco.com\/en\/pascal-rey-and-anais-weber-participated-in-landac-international-conference\/\">Pascal Rey and Ana\u00efs Weber participated in LANDac International Conference<\/a>\n\t\t\t\t\t\t\t\t\t\t\t<\/h2>\n\t\t\t\t\n\t\t\t\t\t<p class=\"post-meta\"><span class=\"published\">Jun 2016<\/span><\/p><div class=\"post-content\"><div class=\"post-content-inner\"><p>Pascal Rey (CEO Insuco) and Ana\u00efs Weber (Project Director) participated from the 30th of June to the 01st of July 2016 in LANDac International Conference in Ultrecht University&#8230;<\/p>\n<\/div><\/div>\t\t\t\n\t\t\t<\/article>\n\t\t\t\t\n\t\t\t<article id=\"post-17523\" class=\"et_pb_post clearfix et_pb_blog_item_1_255 post-17523 post type-post status-publish format-standard has-post-thumbnail hentry category-news-from-insuco tag-anciens-articles-avec-builder-en\">\n\n\t\t\t\t<div class=\"et_pb_image_container\"><a href=\"https:\/\/www.insuco.com\/en\/houcine-dahmane-and-mathilde-lhour-attended-to-the-ceremony-restitution-of-the-archaeological-items-discovered-by-luca-pollarolo-in-the-cbg-mining-project\/\" class=\"entry-featured-image-url\"><img loading=\"lazy\" decoding=\"async\" src=\"https:\/\/www.insuco.com\/wp-content\/uploads\/2019\/06\/IMG_20160511_105512-400x250.jpg\" alt=\"Houcine Dahmane and Mathilde L\u2019Hour attended to the ceremony restitution of the archaeological items discovered by Luca Pollarolo in the CBG mining project\" class=\"\" srcset=\"https:\/\/www.insuco.com\/wp-content\/uploads\/2019\/06\/IMG_20160511_105512.jpg 479w, https:\/\/www.insuco.com\/wp-content\/uploads\/2019\/06\/IMG_20160511_105512-400x250.jpg 480w \" sizes=\"(max-width:479px) 479px, 100vw \"  width=\"400\" height=\"250\" \/><\/a><\/div>\n\t\t\t\t\t\t\t\t\t\t\t\t\t\t<h2 class=\"entry-title\">\n\t\t\t\t\t\t\t\t\t\t\t\t\t<a href=\"https:\/\/www.insuco.com\/en\/houcine-dahmane-and-mathilde-lhour-attended-to-the-ceremony-restitution-of-the-archaeological-items-discovered-by-luca-pollarolo-in-the-cbg-mining-project\/\">Houcine Dahmane and Mathilde L\u2019Hour attended to the ceremony restitution of the archaeological items discovered by Luca Pollarolo in the CBG mining project<\/a>\n\t\t\t\t\t\t\t\t\t\t\t<\/h2>\n\t\t\t\t\n\t\t\t\t\t<p class=\"post-meta\"><span class=\"published\">May 2016<\/span><\/p><div class=\"post-content\"><div class=\"post-content-inner\"><p>May 11th, Houcine Dahmane (General Manager Africa INSUCO) and Mathilde L\u2019Hour (Technical Director) attended at Museum Sandervalia of Conakry to the restitution ceremony&#8230;<\/p>\n<\/div><\/div>\t\t\t\n\t\t\t<\/article>\n\t\t\t\t\n\t\t\t<article id=\"post-17530\" class=\"et_pb_post clearfix et_pb_blog_item_1_256 post-17530 post type-post status-publish format-standard has-post-thumbnail hentry category-news-from-insuco tag-anciens-articles-avec-builder-en\">\n\n\t\t\t\t<div class=\"et_pb_image_container\"><a href=\"https:\/\/www.insuco.com\/en\/luidi-arnaldi-di-balme-delivered-a-training-workshop-with-the-iisd\/\" class=\"entry-featured-image-url\"><img loading=\"lazy\" decoding=\"async\" src=\"https:\/\/www.insuco.com\/wp-content\/uploads\/2019\/06\/DSC_2869-400x250.jpg\" alt=\"Luidi Arnaldi di Balme delivered a training workshop with the IISD\" class=\"\" srcset=\"https:\/\/www.insuco.com\/wp-content\/uploads\/2019\/06\/DSC_2869.jpg 479w, https:\/\/www.insuco.com\/wp-content\/uploads\/2019\/06\/DSC_2869-400x250.jpg 480w \" sizes=\"(max-width:479px) 479px, 100vw \"  width=\"400\" height=\"250\" \/><\/a><\/div>\n\t\t\t\t\t\t\t\t\t\t\t\t\t\t<h2 class=\"entry-title\">\n\t\t\t\t\t\t\t\t\t\t\t\t\t<a href=\"https:\/\/www.insuco.com\/en\/luidi-arnaldi-di-balme-delivered-a-training-workshop-with-the-iisd\/\">Luidi Arnaldi di Balme delivered a training workshop with the IISD<\/a>\n\t\t\t\t\t\t\t\t\t\t\t<\/h2>\n\t\t\t\t\n\t\t\t\t\t<p class=\"post-meta\"><span class=\"published\">Apr 2016<\/span><\/p><div class=\"post-content\"><div class=\"post-content-inner\"><p>On the 14th and 15th of April 2016, Luigi Arnaldi di Balme delivered a training workshop in Ouagadougou with the International Institute for Sustainable Development (IISD)&#8230;<\/p>\n<\/div><\/div>\t\t\t\n\t\t\t<\/article>\n\t\t\t\t\n\t\t\t<article id=\"post-17532\" class=\"et_pb_post clearfix et_pb_blog_item_1_257 post-17532 post type-post status-publish format-standard has-post-thumbnail hentry category-news-from-insuco tag-anciens-articles-avec-builder-en\">\n\n\t\t\t\t<div class=\"et_pb_image_container\"><a href=\"https:\/\/www.insuco.com\/en\/peter-hochet-led-a-round-table-discussion-on-gold-panning-at-the-french-institute-in-ouagadougou\/\" class=\"entry-featured-image-url\"><img loading=\"lazy\" decoding=\"async\" src=\"https:\/\/www.insuco.com\/wp-content\/uploads\/2019\/06\/no-image-400x250.jpg\" alt=\"Peter Hochet led a round table discussion on gold panning at the French Institute in Ouagadougou\" class=\"\" srcset=\"https:\/\/www.insuco.com\/wp-content\/uploads\/2019\/06\/no-image.jpg 479w, https:\/\/www.insuco.com\/wp-content\/uploads\/2019\/06\/no-image-400x250.jpg 480w \" sizes=\"(max-width:479px) 479px, 100vw \"  width=\"400\" height=\"250\" \/><\/a><\/div>\n\t\t\t\t\t\t\t\t\t\t\t\t\t\t<h2 class=\"entry-title\">\n\t\t\t\t\t\t\t\t\t\t\t\t\t<a href=\"https:\/\/www.insuco.com\/en\/peter-hochet-led-a-round-table-discussion-on-gold-panning-at-the-french-institute-in-ouagadougou\/\">Peter Hochet led a round table discussion on gold panning at the French Institute in Ouagadougou<\/a>\n\t\t\t\t\t\t\t\t\t\t\t<\/h2>\n\t\t\t\t\n\t\t\t\t\t<p class=\"post-meta\"><span class=\"published\">Apr 2016<\/span><\/p><div class=\"post-content\"><div class=\"post-content-inner\"><p>On the 27th of April 2016, Peter Hochet, General Manager for Burkina Faso, led a \u201cMaquis des Sciences\u201d round table discussion at the French Institute in Ouagadougou&#8230;<\/p>\n<\/div><\/div>\t\t\t\n\t\t\t<\/article>\n\t\t\t\t\n\t\t\t<article id=\"post-17534\" class=\"et_pb_post clearfix et_pb_blog_item_1_258 post-17534 post type-post status-publish format-standard has-post-thumbnail hentry category-news-from-insuco tag-anciens-articles-avec-builder-en\">\n\n\t\t\t\t<div class=\"et_pb_image_container\"><a href=\"https:\/\/www.insuco.com\/en\/pascal-rey-and-damien-buchon-organised-a-csr-forum-in-djibouti\/\" class=\"entry-featured-image-url\"><img loading=\"lazy\" decoding=\"async\" src=\"https:\/\/www.insuco.com\/wp-content\/uploads\/2019\/06\/FullSizeRender3-400x250.jpg\" alt=\"Pascal Rey and Damien Buchon organised a CSR forum in Djibouti\" class=\"\" srcset=\"https:\/\/www.insuco.com\/wp-content\/uploads\/2019\/06\/FullSizeRender3.jpg 479w, https:\/\/www.insuco.com\/wp-content\/uploads\/2019\/06\/FullSizeRender3-400x250.jpg 480w \" sizes=\"(max-width:479px) 479px, 100vw \"  width=\"400\" height=\"250\" \/><\/a><\/div>\n\t\t\t\t\t\t\t\t\t\t\t\t\t\t<h2 class=\"entry-title\">\n\t\t\t\t\t\t\t\t\t\t\t\t\t<a href=\"https:\/\/www.insuco.com\/en\/pascal-rey-and-damien-buchon-organised-a-csr-forum-in-djibouti\/\">Pascal Rey and Damien Buchon organised a CSR forum in Djibouti<\/a>\n\t\t\t\t\t\t\t\t\t\t\t<\/h2>\n\t\t\t\t\n\t\t\t\t\t<p class=\"post-meta\"><span class=\"published\">Feb 2016<\/span><\/p><div class=\"post-content\"><div class=\"post-content-inner\"><p>In the second week of February 2016, Pascal Rey (INSUCO CEO) and Damien Buchon (INSUCO Project Manager) organised a two-day CSR forum, which was held at the Palais du Peuple in Djibouti.<\/p>\n<\/div><\/div>\t\t\t\n\t\t\t<\/article>\n\t\t\t\t\n\t\t\t<article id=\"post-17545\" class=\"et_pb_post clearfix et_pb_blog_item_1_259 post-17545 post type-post status-publish format-standard has-post-thumbnail hentry category-news-from-insuco tag-anciens-articles-avec-builder-en\">\n\n\t\t\t\t<div class=\"et_pb_image_container\"><a href=\"https:\/\/www.insuco.com\/en\/guillen-calvo-particpated-in-the-international-conference-sr-mining-2015-held-in-antofagasta-chile\/\" class=\"entry-featured-image-url\"><img loading=\"lazy\" decoding=\"async\" src=\"https:\/\/www.insuco.com\/wp-content\/uploads\/2019\/06\/guillen-400x250.jpg\" alt=\"Guill\u00e9n Calvo, particpated in the international conference SR Mining 2015 held in Antofagasta, Chile\" class=\"\" srcset=\"https:\/\/www.insuco.com\/wp-content\/uploads\/2019\/06\/guillen.jpg 479w, https:\/\/www.insuco.com\/wp-content\/uploads\/2019\/06\/guillen-400x250.jpg 480w \" sizes=\"(max-width:479px) 479px, 100vw \"  width=\"400\" height=\"250\" \/><\/a><\/div>\n\t\t\t\t\t\t\t\t\t\t\t\t\t\t<h2 class=\"entry-title\">\n\t\t\t\t\t\t\t\t\t\t\t\t\t<a href=\"https:\/\/www.insuco.com\/en\/guillen-calvo-particpated-in-the-international-conference-sr-mining-2015-held-in-antofagasta-chile\/\">Guill\u00e9n Calvo, particpated in the international conference SR Mining 2015 held in Antofagasta, Chile<\/a>\n\t\t\t\t\t\t\t\t\t\t\t<\/h2>\n\t\t\t\t\n\t\t\t\t\t<p class=\"post-meta\"><span class=\"published\">Nov 2015<\/span><\/p><div class=\"post-content\"><div class=\"post-content-inner\"><p>Guill\u00e9n Calvo, INSUCO director general for Latin America, participated in the third international conference of social responsibility in the mining sector (SRMining)&#8230;<\/p>\n<\/div><\/div>\t\t\t\n\t\t\t<\/article>\n\t\t\t\t\n\t\t\t<article id=\"post-17547\" class=\"et_pb_post clearfix et_pb_blog_item_1_260 post-17547 post type-post status-publish format-standard has-post-thumbnail hentry category-news-from-insuco tag-anciens-articles-avec-builder-en\">\n\n\t\t\t\t<div class=\"et_pb_image_container\"><a href=\"https:\/\/www.insuco.com\/en\/insuco-colombia-announced-a-new-partnership-with-borealis\/\" class=\"entry-featured-image-url\"><img loading=\"lazy\" decoding=\"async\" src=\"https:\/\/www.insuco.com\/wp-content\/uploads\/2019\/06\/breve8_0-400x250.jpg\" alt=\"Insuco Colombia announced a new partnership with Bor\u00e9alis\" class=\"\" srcset=\"https:\/\/www.insuco.com\/wp-content\/uploads\/2019\/06\/breve8_0.jpg 479w, https:\/\/www.insuco.com\/wp-content\/uploads\/2019\/06\/breve8_0-400x250.jpg 480w \" sizes=\"(max-width:479px) 479px, 100vw \"  width=\"400\" height=\"250\" \/><\/a><\/div>\n\t\t\t\t\t\t\t\t\t\t\t\t\t\t<h2 class=\"entry-title\">\n\t\t\t\t\t\t\t\t\t\t\t\t\t<a href=\"https:\/\/www.insuco.com\/en\/insuco-colombia-announced-a-new-partnership-with-borealis\/\">Insuco Colombia announced a new partnership with Bor\u00e9alis<\/a>\n\t\t\t\t\t\t\t\t\t\t\t<\/h2>\n\t\t\t\t\n\t\t\t\t\t<p class=\"post-meta\"><span class=\"published\">Jun 2015<\/span><\/p><div class=\"post-content\"><div class=\"post-content-inner\"><p>Insuco Colombia announced a new partnership with Bor\u00e9alis, a Canadian firm who offers industry-leading CSR technological services and software that help minimize&#8230;<\/p>\n<\/div><\/div>\t\t\t\n\t\t\t<\/article>\n\t\t\t\t\n\t\t\t<article id=\"post-17554\" class=\"et_pb_post clearfix et_pb_blog_item_1_261 post-17554 post type-post status-publish format-standard has-post-thumbnail hentry category-news-from-insuco tag-anciens-articles-avec-builder-en\">\n\n\t\t\t\t<div class=\"et_pb_image_container\"><a href=\"https:\/\/www.insuco.com\/en\/pascal-rey-made-a-presentation-in-conakry-on-land-tenure-in-the-context-of-the-dpdda-project-usaid\/\" class=\"entry-featured-image-url\"><img loading=\"lazy\" decoding=\"async\" src=\"https:\/\/www.insuco.com\/wp-content\/uploads\/2019\/06\/breve7-400x250.jpg\" alt=\"Pascal Rey made a presentation in Conakry on land tenure in the context of the DPDDA project (USAID)\" class=\"\" srcset=\"https:\/\/www.insuco.com\/wp-content\/uploads\/2019\/06\/breve7.jpg 479w, https:\/\/www.insuco.com\/wp-content\/uploads\/2019\/06\/breve7-400x250.jpg 480w \" sizes=\"(max-width:479px) 479px, 100vw \"  width=\"400\" height=\"250\" \/><\/a><\/div>\n\t\t\t\t\t\t\t\t\t\t\t\t\t\t<h2 class=\"entry-title\">\n\t\t\t\t\t\t\t\t\t\t\t\t\t<a href=\"https:\/\/www.insuco.com\/en\/pascal-rey-made-a-presentation-in-conakry-on-land-tenure-in-the-context-of-the-dpdda-project-usaid\/\">Pascal Rey made a presentation in Conakry on land tenure in the context of the DPDDA project (USAID)<\/a>\n\t\t\t\t\t\t\t\t\t\t\t<\/h2>\n\t\t\t\t\n\t\t\t\t\t<p class=\"post-meta\"><span class=\"published\">Jun 2015<\/span><\/p><div class=\"post-content\"><div class=\"post-content-inner\"><p>On 16 June Pascal Rey (MD INSUCO) gave a presentation in Conakry on the main principles of land tenure in Guinea in the context of the DPDDA project&#8230;<\/p>\n<\/div><\/div>\t\t\t\n\t\t\t<\/article>\n\t\t\t\t\n\t\t\t<article id=\"post-17556\" class=\"et_pb_post clearfix et_pb_blog_item_1_262 post-17556 post type-post status-publish format-standard has-post-thumbnail hentry category-news-from-insuco tag-anciens-articles-avec-builder-en\">\n\n\t\t\t\t<div class=\"et_pb_image_container\"><a href=\"https:\/\/www.insuco.com\/en\/insuco-participated-in-developing-a-practical-guide-on-mining-aimed-at-local-communities\/\" class=\"entry-featured-image-url\"><img loading=\"lazy\" decoding=\"async\" src=\"https:\/\/www.insuco.com\/wp-content\/uploads\/2019\/06\/bre\u0300ve6-400x250.jpg\" alt=\"INSUCO participated in developing a practical guide on mining aimed at local communities\" class=\"\" srcset=\"https:\/\/www.insuco.com\/wp-content\/uploads\/2019\/06\/bre\u0300ve6.jpg 479w, https:\/\/www.insuco.com\/wp-content\/uploads\/2019\/06\/bre\u0300ve6-400x250.jpg 480w \" sizes=\"(max-width:479px) 479px, 100vw \"  width=\"400\" height=\"250\" \/><\/a><\/div>\n\t\t\t\t\t\t\t\t\t\t\t\t\t\t<h2 class=\"entry-title\">\n\t\t\t\t\t\t\t\t\t\t\t\t\t<a href=\"https:\/\/www.insuco.com\/en\/insuco-participated-in-developing-a-practical-guide-on-mining-aimed-at-local-communities\/\">INSUCO participated in developing a practical guide on mining aimed at local communities<\/a>\n\t\t\t\t\t\t\t\t\t\t\t<\/h2>\n\t\t\t\t\n\t\t\t\t\t<p class=\"post-meta\"><span class=\"published\">Jun 2015<\/span><\/p><div class=\"post-content\"><div class=\"post-content-inner\"><p>Under the auspices of the American Bar Association (ABA ROLI), 10 INSUCO experts participated in writing a practical guide for civil society and local authorities to promote development&#8230;<\/p>\n<\/div><\/div>\t\t\t\n\t\t\t<\/article>\n\t\t\t\t\n\t\t\t<article id=\"post-17558\" class=\"et_pb_post clearfix et_pb_blog_item_1_263 post-17558 post type-post status-publish format-standard has-post-thumbnail hentry category-news-from-insuco tag-anciens-articles-avec-builder-en\">\n\n\t\t\t\t<div class=\"et_pb_image_container\"><a href=\"https:\/\/www.insuco.com\/en\/mathieu-fribault-participated-in-the-ebodakar-symposium-on-the-fight-against-the-ebola-virus\/\" class=\"entry-featured-image-url\"><img loading=\"lazy\" decoding=\"async\" src=\"https:\/\/www.insuco.com\/wp-content\/uploads\/2019\/06\/DSC_0499_02-381x250.jpg\" alt=\"Mathieu Fribault participated in the Ebodakar symposium on the fight against the Ebola Virus\" class=\"\" srcset=\"https:\/\/www.insuco.com\/wp-content\/uploads\/2019\/06\/DSC_0499_02.jpg 479w, https:\/\/www.insuco.com\/wp-content\/uploads\/2019\/06\/DSC_0499_02-381x250.jpg 480w \" sizes=\"(max-width:479px) 479px, 100vw \"  width=\"400\" height=\"250\" \/><\/a><\/div>\n\t\t\t\t\t\t\t\t\t\t\t\t\t\t<h2 class=\"entry-title\">\n\t\t\t\t\t\t\t\t\t\t\t\t\t<a href=\"https:\/\/www.insuco.com\/en\/mathieu-fribault-participated-in-the-ebodakar-symposium-on-the-fight-against-the-ebola-virus\/\">Mathieu Fribault participated in the Ebodakar symposium on the fight against the Ebola Virus<\/a>\n\t\t\t\t\t\t\t\t\t\t\t<\/h2>\n\t\t\t\t\n\t\t\t\t\t<p class=\"post-meta\"><span class=\"published\">May 2015<\/span><\/p><div class=\"post-content\"><div class=\"post-content-inner\"><p>Mathieu Fribault (Project Director) presented the study carried out by INSUCO on raising awareness about Ebola in Guinea, a project funded by the European Union&#8230;<\/p>\n<\/div><\/div>\t\t\t\n\t\t\t<\/article>\n\t\t\t\t\n\t\t\t<article id=\"post-17569\" class=\"et_pb_post clearfix et_pb_blog_item_1_264 post-17569 post type-post status-publish format-standard has-post-thumbnail hentry category-news-from-insuco tag-anciens-articles-avec-builder-en\">\n\n\t\t\t\t<div class=\"et_pb_image_container\"><a href=\"https:\/\/www.insuco.com\/en\/participation-of-peter-hochet-and-luigi-arnaldi-in-the-csr-forum-meeting-in-ouagadougou\/\" class=\"entry-featured-image-url\"><img loading=\"lazy\" decoding=\"async\" src=\"https:\/\/www.insuco.com\/wp-content\/uploads\/2019\/06\/Sans-titre-400x250.jpg\" alt=\"Participation of Peter Hochet and Luigi Arnaldi in the CSR Forum meeting in Ouagadougou\" class=\"\" srcset=\"https:\/\/www.insuco.com\/wp-content\/uploads\/2019\/06\/Sans-titre.jpg 479w, https:\/\/www.insuco.com\/wp-content\/uploads\/2019\/06\/Sans-titre-400x250.jpg 480w \" sizes=\"(max-width:479px) 479px, 100vw \"  width=\"400\" height=\"250\" \/><\/a><\/div>\n\t\t\t\t\t\t\t\t\t\t\t\t\t\t<h2 class=\"entry-title\">\n\t\t\t\t\t\t\t\t\t\t\t\t\t<a href=\"https:\/\/www.insuco.com\/en\/participation-of-peter-hochet-and-luigi-arnaldi-in-the-csr-forum-meeting-in-ouagadougou\/\">Participation of Peter Hochet and Luigi Arnaldi in the CSR Forum meeting in Ouagadougou<\/a>\n\t\t\t\t\t\t\t\t\t\t\t<\/h2>\n\t\t\t\t\n\t\t\t\t\t<p class=\"post-meta\"><span class=\"published\">May 2015<\/span><\/p><div class=\"post-content\"><div class=\"post-content-inner\"><p>On 26 May 2015, Peter Hochet (Project Director) and Luigi Arnaldi Di Balme (Project Director) coordinated a working session during the CSR Forum meeting in Ouagadougou&#8230;<\/p>\n<\/div><\/div>\t\t\t\n\t\t\t<\/article>\n\t\t\t\t\n\t\t\t<article id=\"post-17571\" class=\"et_pb_post clearfix et_pb_blog_item_1_265 post-17571 post type-post status-publish format-standard has-post-thumbnail hentry category-news-from-insuco tag-anciens-articles-avec-builder-en\">\n\n\t\t\t\t<div class=\"et_pb_image_container\"><a href=\"https:\/\/www.insuco.com\/en\/guillen-calvo-gave-a-lecture-in-the-social-responsability-and-sustainability-master-degree-of-the-externado-university-colombia\/\" class=\"entry-featured-image-url\"><img loading=\"lazy\" decoding=\"async\" src=\"https:\/\/www.insuco.com\/wp-content\/uploads\/2019\/06\/no-image-400x250.jpg\" alt=\"Guill\u00e9n Calvo gave a lecture in the Social Responsability and Sustainability Master Degree, of the Externado University, Colombia\" class=\"\" srcset=\"https:\/\/www.insuco.com\/wp-content\/uploads\/2019\/06\/no-image.jpg 479w, https:\/\/www.insuco.com\/wp-content\/uploads\/2019\/06\/no-image-400x250.jpg 480w \" sizes=\"(max-width:479px) 479px, 100vw \"  width=\"400\" height=\"250\" \/><\/a><\/div>\n\t\t\t\t\t\t\t\t\t\t\t\t\t\t<h2 class=\"entry-title\">\n\t\t\t\t\t\t\t\t\t\t\t\t\t<a href=\"https:\/\/www.insuco.com\/en\/guillen-calvo-gave-a-lecture-in-the-social-responsability-and-sustainability-master-degree-of-the-externado-university-colombia\/\">Guill\u00e9n Calvo gave a lecture in the Social Responsability and Sustainability Master Degree, of the Externado University, Colombia<\/a>\n\t\t\t\t\t\t\t\t\t\t\t<\/h2>\n\t\t\t\t\n\t\t\t\t\t<p class=\"post-meta\"><span class=\"published\">Apr 2015<\/span><\/p><div class=\"post-content\"><div class=\"post-content-inner\"><p>Guill\u00e9n Calvo (General Director for Latin America) has been invited to gave three courses between march and april 2015&#8230;<\/p>\n<\/div><\/div>\t\t\t\n\t\t\t<\/article>\n\t\t\t\t\n\t\t\t<article id=\"post-17578\" class=\"et_pb_post clearfix et_pb_blog_item_1_266 post-17578 post type-post status-publish format-standard has-post-thumbnail hentry category-news-from-insuco tag-anciens-articles-avec-builder-en\">\n\n\t\t\t\t<div class=\"et_pb_image_container\"><a href=\"https:\/\/www.insuco.com\/en\/pascal-rey-and-anais-weber-participated-in-the-international-symposium-in-lisbon\/\" class=\"entry-featured-image-url\"><img loading=\"lazy\" decoding=\"async\" src=\"https:\/\/www.insuco.com\/wp-content\/uploads\/2019\/06\/no-image-400x250.jpg\" alt=\"Pascal Rey and Ana\u00efs Weber participated in the International Symposium in Lisbon\" class=\"\" srcset=\"https:\/\/www.insuco.com\/wp-content\/uploads\/2019\/06\/no-image.jpg 479w, https:\/\/www.insuco.com\/wp-content\/uploads\/2019\/06\/no-image-400x250.jpg 480w \" sizes=\"(max-width:479px) 479px, 100vw \"  width=\"400\" height=\"250\" \/><\/a><\/div>\n\t\t\t\t\t\t\t\t\t\t\t\t\t\t<h2 class=\"entry-title\">\n\t\t\t\t\t\t\t\t\t\t\t\t\t<a href=\"https:\/\/www.insuco.com\/en\/pascal-rey-and-anais-weber-participated-in-the-international-symposium-in-lisbon\/\">Pascal Rey and Ana\u00efs Weber participated in the International Symposium in Lisbon<\/a>\n\t\t\t\t\t\t\t\t\t\t\t<\/h2>\n\t\t\t\t\n\t\t\t\t\t<p class=\"post-meta\"><span class=\"published\">Apr 2015<\/span><\/p><div class=\"post-content\"><div class=\"post-content-inner\"><p>On 9 and 10 April, Pascal Rey (MD INSUCO) and Ana\u00efs Weber (Project Director) participated in the Symposium on \u201cLocal Government and Urban Governance&#8230;<\/p>\n<\/div><\/div>\t\t\t\n\t\t\t<\/article>\n\t\t\t\t\n\t\t\t<article id=\"post-17580\" class=\"et_pb_post clearfix et_pb_blog_item_1_267 post-17580 post type-post status-publish format-standard has-post-thumbnail hentry category-news-from-insuco tag-anciens-articles-avec-builder-en\">\n\n\t\t\t\t<div class=\"et_pb_image_container\"><a href=\"https:\/\/www.insuco.com\/en\/pascal-rey-gave-a-lecture-on-csr-in-mining-sector\/\" class=\"entry-featured-image-url\"><img loading=\"lazy\" decoding=\"async\" src=\"https:\/\/www.insuco.com\/wp-content\/uploads\/2019\/06\/no-image-400x250.jpg\" alt=\"Pascal Rey gave a lecture on CSR in mining sector\" class=\"\" srcset=\"https:\/\/www.insuco.com\/wp-content\/uploads\/2019\/06\/no-image.jpg 479w, https:\/\/www.insuco.com\/wp-content\/uploads\/2019\/06\/no-image-400x250.jpg 480w \" sizes=\"(max-width:479px) 479px, 100vw \"  width=\"400\" height=\"250\" \/><\/a><\/div>\n\t\t\t\t\t\t\t\t\t\t\t\t\t\t<h2 class=\"entry-title\">\n\t\t\t\t\t\t\t\t\t\t\t\t\t<a href=\"https:\/\/www.insuco.com\/en\/pascal-rey-gave-a-lecture-on-csr-in-mining-sector\/\">Pascal Rey gave a lecture on CSR in mining sector<\/a>\n\t\t\t\t\t\t\t\t\t\t\t<\/h2>\n\t\t\t\t\n\t\t\t\t\t<p class=\"post-meta\"><span class=\"published\">Mar 2015<\/span><\/p><div class=\"post-content\"><div class=\"post-content-inner\"><p>During the second week of March 2015, Pascal Rey (MD INSUCO) gave a lecture on CSR in the mining sector in developing countries as part of the Master\u2019s in \u201cLocal Development\u201d&#8230;<\/p>\n<\/div><\/div>\t\t\t\n\t\t\t<\/article>\n\t\t\t\t\n\t\t\t<article id=\"post-17582\" class=\"et_pb_post clearfix et_pb_blog_item_1_268 post-17582 post type-post status-publish format-standard has-post-thumbnail hentry category-news-from-insuco tag-anciens-articles-avec-builder-en\">\n\n\t\t\t\t<div class=\"et_pb_image_container\"><a href=\"https:\/\/www.insuco.com\/en\/pascal-rey-and-mathieu-fribault-to-publish-a-chapter-in-a-collective-volume-on-the-history-of-the-mining-sector-and-cultural-heritage\/\" class=\"entry-featured-image-url\"><img loading=\"lazy\" decoding=\"async\" src=\"https:\/\/www.insuco.com\/wp-content\/uploads\/2019\/06\/no-image-400x250.jpg\" alt=\"Pascal Rey and Mathieu Fribault to publish a chapter in a collective volume on the history of the mining sector and cultural heritage\" class=\"\" srcset=\"https:\/\/www.insuco.com\/wp-content\/uploads\/2019\/06\/no-image.jpg 479w, https:\/\/www.insuco.com\/wp-content\/uploads\/2019\/06\/no-image-400x250.jpg 480w \" sizes=\"(max-width:479px) 479px, 100vw \"  width=\"400\" height=\"250\" \/><\/a><\/div>\n\t\t\t\t\t\t\t\t\t\t\t\t\t\t<h2 class=\"entry-title\">\n\t\t\t\t\t\t\t\t\t\t\t\t\t<a href=\"https:\/\/www.insuco.com\/en\/pascal-rey-and-mathieu-fribault-to-publish-a-chapter-in-a-collective-volume-on-the-history-of-the-mining-sector-and-cultural-heritage\/\">Pascal Rey and Mathieu Fribault to publish a chapter in a collective volume on the history of the mining sector and cultural heritage<\/a>\n\t\t\t\t\t\t\t\t\t\t\t<\/h2>\n\t\t\t\t\n\t\t\t\t\t<p class=\"post-meta\"><span class=\"published\">Nov 2014<\/span><\/p><div class=\"post-content\"><div class=\"post-content-inner\"><p>November 2014: Mathieu Fribault (Scientific Director at Insuco) and Pascal Rey (Managing Director at Insuco) are to publish a chapter in a collective volume on the history of the mining&#8230;<\/p>\n<\/div><\/div>\t\t\t\n\t\t\t<\/article>\n\t\t\t\t\n\t\t\t<article id=\"post-17593\" class=\"et_pb_post clearfix et_pb_blog_item_1_269 post-17593 post type-post status-publish format-standard has-post-thumbnail hentry category-news-from-insuco tag-anciens-articles-avec-builder-en\">\n\n\t\t\t\t<div class=\"et_pb_image_container\"><a href=\"https:\/\/www.insuco.com\/en\/article-by-luigi-arnaldi-di-balme-and-cristiano-lanzano-published-in-etude-recit\/\" class=\"entry-featured-image-url\"><img loading=\"lazy\" decoding=\"async\" src=\"https:\/\/www.insuco.com\/wp-content\/uploads\/2019\/06\/breve5-400x250.jpg\" alt=\"Article by Luigi Arnaldi di Balme and Cristiano Lanzano published in Etude RECIT\" class=\"\" srcset=\"https:\/\/www.insuco.com\/wp-content\/uploads\/2019\/06\/breve5.jpg 479w, https:\/\/www.insuco.com\/wp-content\/uploads\/2019\/06\/breve5-400x250.jpg 480w \" sizes=\"(max-width:479px) 479px, 100vw \"  width=\"400\" height=\"250\" \/><\/a><\/div>\n\t\t\t\t\t\t\t\t\t\t\t\t\t\t<h2 class=\"entry-title\">\n\t\t\t\t\t\t\t\t\t\t\t\t\t<a href=\"https:\/\/www.insuco.com\/en\/article-by-luigi-arnaldi-di-balme-and-cristiano-lanzano-published-in-etude-recit\/\">Article by Luigi Arnaldi di Balme and Cristiano Lanzano published in Etude RECIT<\/a>\n\t\t\t\t\t\t\t\t\t\t\t<\/h2>\n\t\t\t\t\n\t\t\t\t\t<p class=\"post-meta\"><span class=\"published\">Oct 2014<\/span><\/p><div class=\"post-content\"><div class=\"post-content-inner\"><p>October 2014: Luigi Arnaldi di Balme (Insuco Project Director) and Cristiano Lanzano (Consultant at Insuco) published an article in Etude RECIT&#8230;<\/p>\n<\/div><\/div>\t\t\t\n\t\t\t<\/article>\n\t\t\t\t\n\t\t\t<article id=\"post-17595\" class=\"et_pb_post clearfix et_pb_blog_item_1_270 post-17595 post type-post status-publish format-standard has-post-thumbnail hentry category-news-from-insuco tag-anciens-articles-avec-builder-en\">\n\n\t\t\t\t<div class=\"et_pb_image_container\"><a href=\"https:\/\/www.insuco.com\/en\/guillen-calvo-gave-a-lecture-on-csr-to-the-colombian-oil-agency\/\" class=\"entry-featured-image-url\"><img loading=\"lazy\" decoding=\"async\" src=\"https:\/\/www.insuco.com\/wp-content\/uploads\/2019\/06\/no-image-400x250.jpg\" alt=\"Guillen Calvo gave a lecture on CSR to the Colombian oil agency\" class=\"\" srcset=\"https:\/\/www.insuco.com\/wp-content\/uploads\/2019\/06\/no-image.jpg 479w, https:\/\/www.insuco.com\/wp-content\/uploads\/2019\/06\/no-image-400x250.jpg 480w \" sizes=\"(max-width:479px) 479px, 100vw \"  width=\"400\" height=\"250\" \/><\/a><\/div>\n\t\t\t\t\t\t\t\t\t\t\t\t\t\t<h2 class=\"entry-title\">\n\t\t\t\t\t\t\t\t\t\t\t\t\t<a href=\"https:\/\/www.insuco.com\/en\/guillen-calvo-gave-a-lecture-on-csr-to-the-colombian-oil-agency\/\">Guillen Calvo gave a lecture on CSR to the Colombian oil agency<\/a>\n\t\t\t\t\t\t\t\t\t\t\t<\/h2>\n\t\t\t\t\n\t\t\t\t\t<p class=\"post-meta\"><span class=\"published\">Oct 2014<\/span><\/p><div class=\"post-content\"><div class=\"post-content-inner\"><p>Guillen Calvo (Managing Director at Insuco Latin America) gave a lecture on social management in the oil industry to representatives of the oil sector&#8230;<\/p>\n<\/div><\/div>\t\t\t\n\t\t\t<\/article>\n\t\t\t\t\n\t\t\t<article id=\"post-17602\" class=\"et_pb_post clearfix et_pb_blog_item_1_271 post-17602 post type-post status-publish format-standard has-post-thumbnail hentry category-news-from-insuco tag-anciens-articles-avec-builder-en\">\n\n\t\t\t\t<div class=\"et_pb_image_container\"><a href=\"https:\/\/www.insuco.com\/en\/pascal-rey-invited-to-the-university-of-leiden\/\" class=\"entry-featured-image-url\"><img loading=\"lazy\" decoding=\"async\" src=\"https:\/\/www.insuco.com\/wp-content\/uploads\/2019\/06\/no-image-400x250.jpg\" alt=\"Pascal Rey invited to the University of Leiden\" class=\"\" srcset=\"https:\/\/www.insuco.com\/wp-content\/uploads\/2019\/06\/no-image.jpg 479w, https:\/\/www.insuco.com\/wp-content\/uploads\/2019\/06\/no-image-400x250.jpg 480w \" sizes=\"(max-width:479px) 479px, 100vw \"  width=\"400\" height=\"250\" \/><\/a><\/div>\n\t\t\t\t\t\t\t\t\t\t\t\t\t\t<h2 class=\"entry-title\">\n\t\t\t\t\t\t\t\t\t\t\t\t\t<a href=\"https:\/\/www.insuco.com\/en\/pascal-rey-invited-to-the-university-of-leiden\/\">Pascal Rey invited to the University of Leiden<\/a>\n\t\t\t\t\t\t\t\t\t\t\t<\/h2>\n\t\t\t\t\n\t\t\t\t\t<p class=\"post-meta\"><span class=\"published\">May 2014<\/span><\/p><div class=\"post-content\"><div class=\"post-content-inner\"><p>8 and 9 May 2014: Pascal Rey (Managing Director at Insuco) was invited to present his work at the conference entitled \u201cFrom Corporate Paternalism to Corporate Social Responsibility&#8230;<\/p>\n<\/div><\/div>\t\t\t\n\t\t\t<\/article>\n\t\t\t\t\n\t\t\t<article id=\"post-17604\" class=\"et_pb_post clearfix et_pb_blog_item_1_272 post-17604 post type-post status-publish format-standard has-post-thumbnail hentry category-news-from-insuco tag-anciens-articles-avec-builder-en\">\n\n\t\t\t\t<div class=\"et_pb_image_container\"><a href=\"https:\/\/www.insuco.com\/en\/article-by-luigi-arnaldi-di-balme-and-cristiano-lanzano-published-in-politique-africaine\/\" class=\"entry-featured-image-url\"><img loading=\"lazy\" decoding=\"async\" src=\"https:\/\/www.insuco.com\/wp-content\/uploads\/2019\/06\/bre\u0300ve2-400x250.jpg\" alt=\"Article by Luigi Arnaldi di Balme and Cristiano Lanzano published in Politique Africaine\" class=\"\" srcset=\"https:\/\/www.insuco.com\/wp-content\/uploads\/2019\/06\/bre\u0300ve2.jpg 479w, https:\/\/www.insuco.com\/wp-content\/uploads\/2019\/06\/bre\u0300ve2-400x250.jpg 480w \" sizes=\"(max-width:479px) 479px, 100vw \"  width=\"400\" height=\"250\" \/><\/a><\/div>\n\t\t\t\t\t\t\t\t\t\t\t\t\t\t<h2 class=\"entry-title\">\n\t\t\t\t\t\t\t\t\t\t\t\t\t<a href=\"https:\/\/www.insuco.com\/en\/article-by-luigi-arnaldi-di-balme-and-cristiano-lanzano-published-in-politique-africaine\/\">Article by Luigi Arnaldi di Balme and Cristiano Lanzano published in Politique Africaine<\/a>\n\t\t\t\t\t\t\t\t\t\t\t<\/h2>\n\t\t\t\t\n\t\t\t\t\t<p class=\"post-meta\"><span class=\"published\">Dec 2013<\/span><\/p><div class=\"post-content\"><div class=\"post-content-inner\"><p>December 2013: Luigi Arnaldi di Balme (Insuco Project Director) and Cristiano Lanzano (Consultant at Insuco) have published an article on artisanal gold mining&#8230;<\/p>\n<\/div><\/div>\t\t\t\n\t\t\t<\/article>\n\t\t\t\t\n\t\t\t<article id=\"post-17606\" class=\"et_pb_post clearfix et_pb_blog_item_1_273 post-17606 post type-post status-publish format-standard has-post-thumbnail hentry category-news-from-insuco tag-anciens-articles-avec-builder-en\">\n\n\t\t\t\t<div class=\"et_pb_image_container\"><a href=\"https:\/\/www.insuco.com\/en\/pascal-rey-was-invited-to-make-a-presentation-at-the-jmp-in-bamako\/\" class=\"entry-featured-image-url\"><img loading=\"lazy\" decoding=\"async\" src=\"https:\/\/www.insuco.com\/wp-content\/uploads\/2019\/06\/Bre\u0300ve1-400x250.jpg\" alt=\"Pascal Rey was invited to make a presentation at the JMP in Bamako\" class=\"\" srcset=\"https:\/\/www.insuco.com\/wp-content\/uploads\/2019\/06\/Bre\u0300ve1.jpg 479w, https:\/\/www.insuco.com\/wp-content\/uploads\/2019\/06\/Bre\u0300ve1-400x250.jpg 480w \" sizes=\"(max-width:479px) 479px, 100vw \"  width=\"400\" height=\"250\" \/><\/a><\/div>\n\t\t\t\t\t\t\t\t\t\t\t\t\t\t<h2 class=\"entry-title\">\n\t\t\t\t\t\t\t\t\t\t\t\t\t<a href=\"https:\/\/www.insuco.com\/en\/pascal-rey-was-invited-to-make-a-presentation-at-the-jmp-in-bamako\/\">Pascal Rey was invited to make a presentation at the JMP in Bamako<\/a>\n\t\t\t\t\t\t\t\t\t\t\t<\/h2>\n\t\t\t\t\n\t\t\t\t\t<p class=\"post-meta\"><span class=\"published\">Nov 2013<\/span><\/p><div class=\"post-content\"><div class=\"post-content-inner\"><p>11 to 15 November 2013: Pascal Rey (Managing Director at Insuco) was invited to make a presentation regarding the Malian mining sector at the Journ\u00e9es Mini\u00e8re et P\u00e9troli\u00e8res&#8230;<\/p>\n<\/div><\/div>\t\t\t\n\t\t\t<\/article>\n\t\t\t\t<\/div><div><div class=\"pagination clearfix\">\n\t<div class=\"alignleft\"><\/div>\n\t<div class=\"alignright\"><\/div>\n<\/div><\/div><\/div>\n\t\t\t\t\t<\/div>\n\t\t\t\t\t \n\t\t\t\t<\/div>\n\t\t\t<\/div>\n\t\t\t\t\n\t\t\t\t\n\t\t\t\t\n\t\t\t\t\n\t\t\t<\/div><\/p>\n","protected":false},"author":1,"featured_media":0,"parent":0,"menu_order":0,"comment_status":"closed","ping_status":"closed","template":"","meta":{"_acf_changed":false,"_et_pb_use_builder":"on","_et_pb_old_content":"","_et_gb_content_width":"","footnotes":""},"class_list":["post-17230","page","type-page","status-publish","hentry"],"acf":[],"yoast_head":"<!-- This site is optimized with the Yoast SEO plugin v26.0 - https:\/\/yoast.com\/wordpress\/plugins\/seo\/ -->\n<title>News - Insuco<\/title>\n<meta name=\"robots\" content=\"index, follow, max-snippet:-1, max-image-preview:large, max-video-preview:-1\" \/>\n<link rel=\"canonical\" href=\"https:\/\/www.insuco.com\/en\/news\/\" \/>\n<meta property=\"og:locale\" content=\"en_US\" \/>\n<meta property=\"og:type\" content=\"article\" \/>\n<meta property=\"og:title\" content=\"News - Insuco\" \/>\n<meta property=\"og:description\" content=\"News\" \/>\n<meta property=\"og:url\" content=\"https:\/\/www.insuco.com\/en\/news\/\" \/>\n<meta property=\"og:site_name\" content=\"Insuco\" \/>\n<meta property=\"article:modified_time\" content=\"2019-07-05T14:51:18+00:00\" \/>\n<meta name=\"twitter:card\" content=\"summary_large_image\" \/>\n<meta name=\"twitter:label1\" content=\"Est. reading time\" \/>\n\t<meta name=\"twitter:data1\" content=\"2 minutes\" \/>\n<script type=\"application\/ld+json\" class=\"yoast-schema-graph\">{\"@context\":\"https:\/\/schema.org\",\"@graph\":[{\"@type\":\"WebPage\",\"@id\":\"https:\/\/www.insuco.com\/en\/news\/\",\"url\":\"https:\/\/www.insuco.com\/en\/news\/\",\"name\":\"News - Insuco\",\"isPartOf\":{\"@id\":\"https:\/\/www.insuco.com\/en\/#website\"},\"datePublished\":\"2019-04-02T14:29:35+00:00\",\"dateModified\":\"2019-07-05T14:51:18+00:00\",\"breadcrumb\":{\"@id\":\"https:\/\/www.insuco.com\/en\/news\/#breadcrumb\"},\"inLanguage\":\"en-US\",\"potentialAction\":[{\"@type\":\"ReadAction\",\"target\":[\"https:\/\/www.insuco.com\/en\/news\/\"]}]},{\"@type\":\"BreadcrumbList\",\"@id\":\"https:\/\/www.insuco.com\/en\/news\/#breadcrumb\",\"itemListElement\":[{\"@type\":\"ListItem\",\"position\":1,\"name\":\"Accueil\",\"item\":\"https:\/\/www.insuco.com\/en\/\"},{\"@type\":\"ListItem\",\"position\":2,\"name\":\"News\"}]},{\"@type\":\"WebSite\",\"@id\":\"https:\/\/www.insuco.com\/en\/#website\",\"url\":\"https:\/\/www.insuco.com\/en\/\",\"name\":\"Insuco\",\"description\":\"Local understanding for sustainable solutions\",\"potentialAction\":[{\"@type\":\"SearchAction\",\"target\":{\"@type\":\"EntryPoint\",\"urlTemplate\":\"https:\/\/www.insuco.com\/en\/?s={search_term_string}\"},\"query-input\":{\"@type\":\"PropertyValueSpecification\",\"valueRequired\":true,\"valueName\":\"search_term_string\"}}],\"inLanguage\":\"en-US\"}]}<\/script>\n<!-- \/ Yoast SEO plugin. -->","yoast_head_json":{"title":"News - Insuco","robots":{"index":"index","follow":"follow","max-snippet":"max-snippet:-1","max-image-preview":"max-image-preview:large","max-video-preview":"max-video-preview:-1"},"canonical":"https:\/\/www.insuco.com\/en\/news\/","og_locale":"en_US","og_type":"article","og_title":"News - Insuco","og_description":"News","og_url":"https:\/\/www.insuco.com\/en\/news\/","og_site_name":"Insuco","article_modified_time":"2019-07-05T14:51:18+00:00","twitter_card":"summary_large_image","twitter_misc":{"Est. reading time":"2 minutes"},"schema":{"@context":"https:\/\/schema.org","@graph":[{"@type":"WebPage","@id":"https:\/\/www.insuco.com\/en\/news\/","url":"https:\/\/www.insuco.com\/en\/news\/","name":"News - Insuco","isPartOf":{"@id":"https:\/\/www.insuco.com\/en\/#website"},"datePublished":"2019-04-02T14:29:35+00:00","dateModified":"2019-07-05T14:51:18+00:00","breadcrumb":{"@id":"https:\/\/www.insuco.com\/en\/news\/#breadcrumb"},"inLanguage":"en-US","potentialAction":[{"@type":"ReadAction","target":["https:\/\/www.insuco.com\/en\/news\/"]}]},{"@type":"BreadcrumbList","@id":"https:\/\/www.insuco.com\/en\/news\/#breadcrumb","itemListElement":[{"@type":"ListItem","position":1,"name":"Accueil","item":"https:\/\/www.insuco.com\/en\/"},{"@type":"ListItem","position":2,"name":"News"}]},{"@type":"WebSite","@id":"https:\/\/www.insuco.com\/en\/#website","url":"https:\/\/www.insuco.com\/en\/","name":"Insuco","description":"Local understanding for sustainable solutions","potentialAction":[{"@type":"SearchAction","target":{"@type":"EntryPoint","urlTemplate":"https:\/\/www.insuco.com\/en\/?s={search_term_string}"},"query-input":{"@type":"PropertyValueSpecification","valueRequired":true,"valueName":"search_term_string"}}],"inLanguage":"en-US"}]}},"_links":{"self":[{"href":"https:\/\/www.insuco.com\/en\/wp-json\/wp\/v2\/pages\/17230","targetHints":{"allow":["GET"]}}],"collection":[{"href":"https:\/\/www.insuco.com\/en\/wp-json\/wp\/v2\/pages"}],"about":[{"href":"https:\/\/www.insuco.com\/en\/wp-json\/wp\/v2\/types\/page"}],"author":[{"embeddable":true,"href":"https:\/\/www.insuco.com\/en\/wp-json\/wp\/v2\/users\/1"}],"replies":[{"embeddable":true,"href":"https:\/\/www.insuco.com\/en\/wp-json\/wp\/v2\/comments?post=17230"}],"version-history":[{"count":3,"href":"https:\/\/www.insuco.com\/en\/wp-json\/wp\/v2\/pages\/17230\/revisions"}],"predecessor-version":[{"id":17238,"href":"https:\/\/www.insuco.com\/en\/wp-json\/wp\/v2\/pages\/17230\/revisions\/17238"}],"wp:attachment":[{"href":"https:\/\/www.insuco.com\/en\/wp-json\/wp\/v2\/media?parent=17230"}],"curies":[{"name":"wp","href":"https:\/\/api.w.org\/{rel}","templated":true}]}}